{"id":91,"date":"2016-03-20T12:10:08","date_gmt":"2016-03-20T11:10:08","guid":{"rendered":"http:\/\/zs.tuchow.pl\/?page_id=91"},"modified":"2024-08-27T08:59:29","modified_gmt":"2024-08-27T06:59:29","slug":"sklad-oddzialow","status":"publish","type":"page","link":"https:\/\/sp.tuchow.pl\/index.php\/dla-uczniow\/sklad-oddzialow\/","title":{"rendered":"Wychowawcy oddzia\u0142\u00f3w"},"content":{"rendered":"<p style=\"text-align: center;\"><strong>Wychowawcy oddzia\u0142\u00f3w<\/strong><\/p>\n<p style=\"text-align: center;\"><strong>Szko\u0142a Podstawowa im. Stanis\u0142awa Staszica w Tuchowie<\/strong><\/p>\n<p style=\"text-align: center;\"><strong>w roku szkolnym 2024\/2025<\/strong><\/p>\n<table width=\"89%\">\n<tbody>\n<tr>\n<td style=\"text-align: center;\" width=\"76\"><strong>Oddzia\u0142<\/strong><\/td>\n<td style=\"text-align: center;\" width=\"203\"><strong>Wychowawca<\/strong><\/td>\n<td style=\"text-align: center;\" width=\"262\"><strong>Wychowawca wspomagaj\u0105cy<\/strong><\/td>\n<\/tr>\n<tr>\n<td style=\"text-align: center; height: 5px;\" width=\"76\"><strong>1a<\/strong><\/td>\n<td width=\"203\">mgr Barbara Potok<\/td>\n<td width=\"262\">&nbsp;<\/td>\n<\/tr>\n<tr>\n<td style=\"text-align: center; height: 5px;\" width=\"76\"><strong>1b<\/strong><\/td>\n<td width=\"203\">mgr El\u017cbieta Fryzowska<\/td>\n<td width=\"262\">&nbsp;<\/td>\n<\/tr>\n<tr>\n<td style=\"text-align: center; height: 5px;\" width=\"76\"><strong>1c<\/strong><\/td>\n<td width=\"203\">mgr Ewa Kawa<\/td>\n<td width=\"262\"><\/td>\n<\/tr>\n<tr>\n<td style=\"text-align: center; height: 5px;\" width=\"76\"><strong>2a<\/strong><\/td>\n<td width=\"203\">mgr\u00a0Renata Prz\u0119czek<\/td>\n<td width=\"262\">&nbsp;<\/td>\n<\/tr>\n<tr>\n<td style=\"text-align: center; height: 5px;\" width=\"76\"><strong>2b<\/strong><\/td>\n<td width=\"203\">mgr Anna W\u00f3jcik<\/td>\n<td width=\"262\">&nbsp;<\/td>\n<\/tr>\n<tr>\n<td style=\"text-align: center; height: 5px;\" width=\"76\"><strong>2c<\/strong><\/td>\n<td width=\"203\">mgr Anna Jurek<\/td>\n<td width=\"262\">mgr Aneta Bandyk<\/td>\n<\/tr>\n<tr>\n<td style=\"text-align: center; height: 5px;\" width=\"76\"><strong>3a<\/strong><\/td>\n<td width=\"203\">mgr Jadwiga Mo\u017adzierz<\/td>\n<td width=\"262\">&nbsp;<\/td>\n<\/tr>\n<tr>\n<td style=\"text-align: center; height: 5px;\" width=\"76\"><strong>3b<\/strong><\/td>\n<td width=\"203\">mgr Marta Chru\u015bciel &#8211; Zo\u0144<\/td>\n<td width=\"262\"><\/td>\n<\/tr>\n<tr>\n<td style=\"text-align: center; height: 5px;\" width=\"76\"><strong>3c<\/strong><\/td>\n<td width=\"203\">mgr Beata Ogiela<\/td>\n<td width=\"262\">&nbsp;<\/td>\n<\/tr>\n<tr>\n<td style=\"text-align: center; height: 5px;\" width=\"76\"><strong>4a<\/strong><\/td>\n<td width=\"203\">mgr Dorota Pierz<\/td>\n<td width=\"262\">mgr Natalia Czachor<\/td>\n<\/tr>\n<tr>\n<td style=\"text-align: center; height: 5px;\" width=\"76\"><strong>4b<\/strong><\/td>\n<td width=\"203\">mgr Klaudia Sajdak<\/td>\n<td width=\"262\">mgr Joanna Jamr\u00f3g<\/td>\n<\/tr>\n<tr>\n<td style=\"text-align: center; height: 5px;\" width=\"76\"><strong>4c<\/strong><\/td>\n<td width=\"203\">mgr Anna Kwa\u015bny<\/td>\n<td width=\"262\">mgr Urszula Jackowicz<\/td>\n<\/tr>\n<tr>\n<td style=\"text-align: center; height: 5px;\" width=\"76\"><strong>5a<\/strong><\/td>\n<td width=\"203\">mgr Katarzyna Stelmach<\/td>\n<td width=\"262\">mgr Anna Janto\u0144<\/td>\n<\/tr>\n<tr>\n<td style=\"text-align: center; height: 5px;\" width=\"76\"><strong>5b<\/strong><\/td>\n<td width=\"203\">mgr Beata Gut \u2013 Lisak<\/td>\n<td width=\"262\">mgr Anna Stanuch &#8211; Madej<\/td>\n<\/tr>\n<tr>\n<td style=\"text-align: center; height: 5px;\" width=\"76\"><strong>5c<\/strong><\/td>\n<td width=\"203\">mgr Anna Ba\u0142ut<\/td>\n<td width=\"262\">mgr Agnieszka Mitoraj<\/td>\n<\/tr>\n<tr>\n<td style=\"text-align: center; height: 5px;\" width=\"76\"><strong>6a<\/strong><\/td>\n<td width=\"203\">mgr Magdalena Ho\u0144do<\/td>\n<td width=\"262\">mgr \u0141ukasz Jurek<\/td>\n<\/tr>\n<tr>\n<td style=\"text-align: center; height: 5px;\" width=\"76\"><strong>6b<\/strong><\/td>\n<td width=\"203\">mgr in\u017c. Piotr Pierzcha\u0142a<\/td>\n<td width=\"262\">mgr Krzysztof Gut<\/td>\n<\/tr>\n<tr>\n<td style=\"text-align: center; height: 5px;\" width=\"76\"><strong>6c<\/strong><\/td>\n<td width=\"203\">mgr Katarzyna Skrzyniarz<\/td>\n<td width=\"262\">mgr Bernadeta Baran<\/td>\n<\/tr>\n<tr>\n<td style=\"text-align: center; height: 5px;\" width=\"76\"><strong>6d<\/strong><\/td>\n<td width=\"203\">mgr Marta Mazurkiewicz<\/td>\n<td width=\"262\">mgr Magdalena Igielska-Bakuli\u0144ska<\/td>\n<\/tr>\n<tr>\n<td style=\"text-align: center; height: 5px;\" width=\"76\"><strong>7a<\/strong><\/td>\n<td width=\"203\">mgr Aneta Dynak<\/td>\n<td width=\"262\">mgr Agnieszka Por\u0119ba<\/td>\n<\/tr>\n<tr>\n<td style=\"text-align: center; height: 5px;\" width=\"76\"><strong>7b<\/strong><\/td>\n<td width=\"203\">mgr Renata G\u0105sior<\/td>\n<td width=\"262\">mgr Ryszard Wrona<\/td>\n<\/tr>\n<tr>\n<td style=\"text-align: center; height: 5px;\" width=\"76\"><strong>7c<\/strong><\/td>\n<td width=\"203\">mgr Alicja Szpak<\/td>\n<td width=\"262\">mgr Anna Szel\u0105g<\/td>\n<\/tr>\n<tr>\n<td style=\"text-align: center; height: 5px;\" width=\"76\"><strong>8a<\/strong><\/td>\n<td width=\"203\">mgr Justyna Jaworska &#8211; Lipka<\/td>\n<td width=\"262\">mgr Katarzyna Krupa<\/td>\n<\/tr>\n<tr>\n<td style=\"text-align: center; height: 5px;\" width=\"76\"><strong>8b<\/strong><\/td>\n<td width=\"203\">mgr Aneta Rzeszutko<\/td>\n<td width=\"262\">mgr Katarzyna Wojtanowska<\/td>\n<\/tr>\n<tr>\n<td style=\"text-align: center; height: 5px;\" width=\"76\"><strong>8c<\/strong><\/td>\n<td width=\"203\">mgr Dorota Surmacz<\/td>\n<td width=\"262\">mgr Maria My\u015bliwiec<\/td>\n<\/tr>\n<\/tbody>\n<\/table>\n","protected":false},"excerpt":{"rendered":"<p>Wychowawcy oddzia\u0142\u00f3w Szko\u0142a Podstawowa im. Stanis\u0142awa Staszica w Tuchowie w roku szkolnym 2024\/2025 Oddzia\u0142 Wychowawca Wychowawca wspomagaj\u0105cy 1a mgr Barbara<\/p>\n","protected":false},"author":4,"featured_media":0,"parent":47,"menu_order":0,"comment_status":"closed","ping_status":"closed","template":"","meta":{"advanced_seo_description":"","jetpack_seo_html_title":"","jetpack_seo_noindex":false,"ngg_post_thumbnail":0,"footnotes":""},"class_list":["post-91","page","type-page","status-publish","hentry"],"jetpack_sharing_enabled":true,"jetpack_shortlink":"https:\/\/wp.me\/PghmmV-1t","jetpack_likes_enabled":true,"jetpack-related-posts":[],"_links":{"self":[{"href":"https:\/\/sp.tuchow.pl\/index.php\/wp-json\/wp\/v2\/pages\/91","targetHints":{"allow":["GET"]}}],"collection":[{"href":"https:\/\/sp.tuchow.pl\/index.php\/wp-json\/wp\/v2\/pages"}],"about":[{"href":"https:\/\/sp.tuchow.pl\/index.php\/wp-json\/wp\/v2\/types\/page"}],"author":[{"embeddable":true,"href":"https:\/\/sp.tuchow.pl\/index.php\/wp-json\/wp\/v2\/users\/4"}],"replies":[{"embeddable":true,"href":"https:\/\/sp.tuchow.pl\/index.php\/wp-json\/wp\/v2\/comments?post=91"}],"version-history":[{"count":40,"href":"https:\/\/sp.tuchow.pl\/index.php\/wp-json\/wp\/v2\/pages\/91\/revisions"}],"predecessor-version":[{"id":11815,"href":"https:\/\/sp.tuchow.pl\/index.php\/wp-json\/wp\/v2\/pages\/91\/revisions\/11815"}],"up":[{"embeddable":true,"href":"https:\/\/sp.tuchow.pl\/index.php\/wp-json\/wp\/v2\/pages\/47"}],"wp:attachment":[{"href":"https:\/\/sp.tuchow.pl\/index.php\/wp-json\/wp\/v2\/media?parent=91"}],"curies":[{"name":"wp","href":"https:\/\/api.w.org\/{rel}","templated":true}]}}