{"id":47,"date":"2016-03-20T11:07:22","date_gmt":"2016-03-20T10:07:22","guid":{"rendered":"http:\/\/zs.tuchow.pl\/?page_id=47"},"modified":"2016-03-20T11:08:53","modified_gmt":"2016-03-20T10:08:53","slug":"dla-uczniow","status":"publish","type":"page","link":"https:\/\/sp.tuchow.pl\/index.php\/dla-uczniow\/","title":{"rendered":"Dla uczni\u00f3w"},"content":{"rendered":"<div class='pfpItem entry-content'><h2 class='entry-title'><a href='https:\/\/sp.tuchow.pl\/index.php\/2026\/04\/27\/kazdy-ma-w-sobie-talent-trzeba-tylko-odwazyc-sie-go-pokazac\/'>\u201eKa\u017cdy ma w sobie talent \u2013 trzeba tylko odwa\u017cy\u0107 si\u0119 go pokaza\u0107.\u201d<\/a><\/h2><p style=\"text-align: justify;\">Szkolna II edycja konkursu \u201eMam Talent\u201d, kt\u00f3ra odby\u0142a si\u0119 23 kwietnia 2026 roku, by\u0142a wyj\u0105tkowym wydarzeniem pe\u0142nym emocji, rado\u015bci i niezwyk\u0142ych pokaz\u00f3w umiej\u0119tno\u015bci uczni\u00f3w. Uczestnicy zaprezentowali bardzo wysoki poziom artystyczny, a ich wyst\u0119py spotka\u0142y si\u0119 z du\u017cym uznaniem publiczno\u015bci oraz jury.<\/p>\n<p style=\"text-align: justify;\">Na scenie mo\u017cna by\u0142o podziwia\u0107 r\u00f3\u017cnorodne...<a href='https:\/\/sp.tuchow.pl\/index.php\/2026\/04\/27\/kazdy-ma-w-sobie-talent-trzeba-tylko-odwazyc-sie-go-pokazac\/' class='pfpReadMore'>Read More &raquo;<\/a><div class='clear'><\/div><hr><\/div><div class='pfpItem entry-content'><h2 class='entry-title'><a href='https:\/\/sp.tuchow.pl\/index.php\/2026\/04\/27\/kto-czyta-wygrywa\/'>Kto czyta, wygrywa<\/a><\/h2><p>23 kwietnia czworo uczni\u00f3w naszej szko\u0142y wzi\u0119\u0142o udzia\u0142 w gali <strong>MA\u0141OPOLSKIEGO KONKURSU CZYTELNICZEGO \u201eCZYTAM, ZNAM, ROZUMIEM\u201d. &nbsp;<\/strong><strong>&nbsp;<\/strong><\/p>\n<p style=\"text-align: justify;\"><strong>Kinga Janu\u015b<\/strong> z 8 b, <strong>Micha\u0142 Ogiela<\/strong> z 7 c oraz <strong>Igor Szel\u0105g<\/strong> z 8c zostali laureatami, natomiast <strong>Karol Drobot<\/strong> z 8 c \u2013 finalist\u0105 konkursu.<\/p>\n<p style=\"text-align: justify;\">Uroczyste wr\u0119czenie dyplom\u00f3w i nagr\u00f3d...<a href='https:\/\/sp.tuchow.pl\/index.php\/2026\/04\/27\/kto-czyta-wygrywa\/' class='pfpReadMore'>Read More &raquo;<\/a><div class='clear'><\/div><hr><\/div><div class='pfpItem entry-content'><h2 class='entry-title'><a href='https:\/\/sp.tuchow.pl\/index.php\/2026\/04\/20\/12544\/'>Wizyta w S\u0105dzie Rejonowym w Brzesku<\/a><\/h2><p style=\"text-align: justify;\">W dniu 17 kwietnia 2026 roku uczniowie klas \u00f3smych oraz si\u00f3dmych wzi\u0119li udzia\u0142 w wycieczce do S\u0105du Rejonowego w Brzesku. Celem wyjazdu by\u0142o przybli\u017cenie m\u0142odzie\u017cy praktycznych aspekt\u00f3w funkcjonowania wymiaru sprawiedliwo\u015bci oraz poznanie specyfiki zawod\u00f3w prawniczych.<\/p>\n<p style=\"text-align: justify;\">Edukacyjn\u0105 \u015bcie\u017ck\u0119 rozpocz\u0119li\u015bmy od wizyty w s\u0105dowym archiwum. Tam mieli\u015bmy okazj\u0119 zobaczy\u0107...<a href='https:\/\/sp.tuchow.pl\/index.php\/2026\/04\/20\/12544\/' class='pfpReadMore'>Read More &raquo;<\/a><div class='clear'><\/div><hr><\/div><div class='pfpItem entry-content'><h2 class='entry-title'><a href='https:\/\/sp.tuchow.pl\/index.php\/2026\/04\/20\/viii-gminny-konkurs-piosenki-angielskiej-everybody-can-sing-2\/'>VIII Gminny Konkurs Piosenki Angielskiej \u201eEverybody can sing\u201d<\/a><\/h2><p style=\"text-align: justify;\">Szko\u0142a Podstawowa im. Stanis\u0142awa Staszica w Tuchowie zorganizowa\u0142a VIII Gminny Konkurs Piosenki Angielskiej \u201eEverybody can sing,\u201d kt\u00f3ry odby\u0142 si\u0119 16.04.2026r. w Domu Kultury w Tuchowie. Etap gminny poprzedzony by\u0142 eliminacjami do konkursu. Do etapu gminnego zg\u0142oszono 35 uczestnik\u00f3w z 9 szk\u00f3\u0142.<\/p>\n<p style=\"text-align: justify;\">Wyst\u0119py ocenia\u0142o niezale\u017cne jury w sk\u0142adzie:...<a href='https:\/\/sp.tuchow.pl\/index.php\/2026\/04\/20\/viii-gminny-konkurs-piosenki-angielskiej-everybody-can-sing-2\/' class='pfpReadMore'>Read More &raquo;<\/a><div class='clear'><\/div><hr><\/div><div class='pfpItem entry-content'><h2 class='entry-title'><a href='https:\/\/sp.tuchow.pl\/index.php\/2026\/04\/17\/sowo-gdzie-jestes-2\/'>Sowo, gdzie jeste\u015b?<\/a><\/h2><p><strong>Konkurs czytelniczo- geograficzno- przyrodniczy dla uczni\u00f3w<\/strong><\/p>\n<p><strong>I etap: dla klas IV- VIII<\/strong><\/p>\n<p><strong>II etap: dla klas V- VIII<\/strong><\/p>\n<p><strong>Zapraszamy do udzia\u0142u w konkursie dla spostrzegawczych amator\u00f3w podr\u00f3\u017cy, Tuchowa i wielbicieli geografii oraz przyrody<\/strong><\/p>\n<p><strong>Gdzie jest SOWA?<\/strong><\/p>\n<p>Nagrod\u0105&nbsp; za poprawne odpowiedzi b\u0119d\u0105 oceny z przyrody i geografii.<\/p>\n<p style=\"text-align: justify;\">Konkurs polega na odgadni\u0119ciu, gdzie jest Sowa: jakie...<a href='https:\/\/sp.tuchow.pl\/index.php\/2026\/04\/17\/sowo-gdzie-jestes-2\/' class='pfpReadMore'>Read More &raquo;<\/a><div class='clear'><\/div><hr><\/div><div class='pfpItem entry-content'><h2 class='entry-title'><a href='https:\/\/sp.tuchow.pl\/index.php\/2026\/04\/17\/na-basniowej-gorze-3\/'>Na Ba\u015bniowej G\u00f3rze<\/a><\/h2><p style=\"text-align: justify;\"><strong>Zadania na kwiecie\u0144 dla klas 4<\/strong><strong><br \/>\n<\/strong><br \/>\n1. <u>J\u0118ZYK POLSKI\/ANGIELSKI<\/u>: narysuj komiks na podstawie wybranej ba\u015bni (pami\u0119taj, by si\u0119 na nim podpisa\u0107). Ten komiks zr\u00f3b w wersji polskiej, jak i angielskiej. Pami\u0119taj o u\u017cyciu kr\u00f3tkich, prostych zda\u0144. Komiks w wersji angielskiej nie musi mie\u0107 takiej samej tre\u015bci jak...<a href='https:\/\/sp.tuchow.pl\/index.php\/2026\/04\/17\/na-basniowej-gorze-3\/' class='pfpReadMore'>Read More &raquo;<\/a><div class='clear'><\/div><hr><\/div><div class='pfpItem entry-content'><h2 class='entry-title'><a href='https:\/\/sp.tuchow.pl\/index.php\/2026\/04\/15\/pierwszoklasisci-na-tropie-lesnych-tajemnic\/'>Pierwszoklasi\u015bci na tropie le\u015bnych tajemnic<\/a><\/h2><p style=\"text-align: justify;\">14 kwietnia uczni\u00f3w klas pierwszych odwiedzili wyj\u0105tkowi go\u015bcie \u2013 le\u015bniczy pan Jakub Rutana oraz podle\u015bniczy pani Monika S\u0142ota z Nadle\u015bnictwa Gromnik.<\/p>\n<p style=\"text-align: justify;\">Podczas spotkania go\u015bcie opowiedzieli o swojej fascynuj\u0105cej pracy i przybli\u017cyli uczniom informacje o \u015bwiecie ro\u015blin i zwierz\u0105t le\u015bnych. Pierwszoklasi\u015bci dowiedzieli si\u0119, jakie tajemnice kryje le\u015bne runo...<a href='https:\/\/sp.tuchow.pl\/index.php\/2026\/04\/15\/pierwszoklasisci-na-tropie-lesnych-tajemnic\/' class='pfpReadMore'>Read More &raquo;<\/a><div class='clear'><\/div><hr><\/div><div class='pfpItem entry-content'><h2 class='entry-title'><a href='https:\/\/sp.tuchow.pl\/index.php\/2026\/04\/15\/staszic-inspiruje\/'>Staszic inspiruje<\/a><\/h2><p style=\"text-align: center;\">\u201eStaszic inspiruje\u201d<\/p>\n<p style=\"text-align: justify;\">W ramach projektu \u201eStaszic inspiruje\u201d przekazali\u015bmy Bibliotece Publicznej w Tuchowie zak\u0142adki do ksi\u0105\u017cek ozdobione pracami konkursowymi naszych uczni\u00f3w. W spos\u00f3b humorystyczny Stanis\u0142aw Staszic zach\u0119ca do czytania ksi\u0105\u017cek, w my\u015bl has\u0142a, \u201eMy\u015bl\u0119, nie scrolluj\u0119\u201d.&nbsp; Czytanie na pewno pobudza wyobra\u017ani\u0119, \u201eodkleja\u201d od telefon\u00f3w, daje mo\u017cliwo\u015b\u0107 prze\u017cywania niesamowitych...<a href='https:\/\/sp.tuchow.pl\/index.php\/2026\/04\/15\/staszic-inspiruje\/' class='pfpReadMore'>Read More &raquo;<\/a><div class='clear'><\/div><hr><\/div><div class='pfpItem entry-content'><h2 class='entry-title'><a href='https:\/\/sp.tuchow.pl\/index.php\/2026\/04\/15\/wyniki-szkolnych-eliminacji-konkursu-piosenki-angielskiej-everybody-can-sing\/'>Wyniki szkolnych eliminacji Konkursu Piosenki Angielskiej \u201eEverybody Can Sing\u201d<\/a><\/h2><img decoding=\"async\" class=\"an1\" draggable=\"false\" src=\"https:\/\/fonts.gstatic.com\/s\/e\/notoemoji\/17.0\/1f3a4\/32.png\" alt=\"\ud83c\udfa4\" data-emoji=\"\ud83c\udfa4\" aria-label=\"\ud83c\udfa4\"><p>&nbsp;<strong>Wyniki szkolnych eliminacji Konkursu Piosenki Angielskiej \u201eEverybody Can Sing\u201d<\/strong><\/p>\n<p style=\"text-align: justify;\">14 kwietnia nasza szko\u0142a wype\u0142ni\u0142a si\u0119 muzyk\u0105, emocjami i ogromn\u0105 dawk\u0105 talentu! Tego dnia odby\u0142y si\u0119 szkolne eliminacje do VIII Gminnego Konkursu Piosenki Angielskiej \u201eEverybody Can Sing\u201d. Uczniowie zaprezentowali swoje wokalne umiej\u0119tno\u015bci, zachwycaj\u0105c publiczno\u015b\u0107 i jury.<\/p>\n<p style=\"text-align: justify;\">Wyst\u0119py ocenia\u0142o jury...<a href='https:\/\/sp.tuchow.pl\/index.php\/2026\/04\/15\/wyniki-szkolnych-eliminacji-konkursu-piosenki-angielskiej-everybody-can-sing\/' class='pfpReadMore'>Read More &raquo;<\/a><div class='clear'><\/div><hr><\/div><div class='pfpItem entry-content'><h2 class='entry-title'><a href='https:\/\/sp.tuchow.pl\/index.php\/2026\/04\/14\/budowanie-relacji-w-zespolach-klasowych-rozwiazywanie-konfliktow\/'>Budowanie relacji w zespo\u0142ach klasowych \u2013 rozwi\u0105zywanie konflikt\u00f3w<\/a><\/h2><p style=\"text-align: justify;\">31 marca 2026 r. w naszej szkole odby\u0142y si\u0119 niezwykle warto\u015bciowe warsztaty profilaktyczne dla uczni\u00f3w klas si\u00f3dmych \u2013 temat bardzo wa\u017cny &#8211;&nbsp;<strong>Budowanie relacji w zespo\u0142ach klasowych \u2013 rozwi\u0105zywanie konflikt\u00f3w.<\/strong><\/p>\n<p style=\"text-align: justify;\">Wsp\u00f3\u0142czesna edukacja stawia przed uczniami i nauczycielami wiele wyzwa\u0144 \u2013 od budowania relacji po radzenie sobie z trudnymi...<a href='https:\/\/sp.tuchow.pl\/index.php\/2026\/04\/14\/budowanie-relacji-w-zespolach-klasowych-rozwiazywanie-konfliktow\/' class='pfpReadMore'>Read More &raquo;<\/a><div class='clear'><\/div><hr><\/div><div class='pfpItem entry-content'><h2 class='entry-title'><a href='https:\/\/sp.tuchow.pl\/index.php\/2026\/04\/07\/turniej-bezpieczenstwa-ruchu-drogowego\/'>Turniej Bezpiecze\u0144stwa Ruchu Drogowego<\/a><\/h2><div dir=\"auto\" style=\"text-align: justify;\">26 marca w Szkole Podstawowej w Zalasowej odby\u0142 si\u0119 mi\u0119dzyszkolny turniej z zakresu bezpiecze\u0144stwa ruchu drogowego. W wydarzeniu wzi\u0119li udzia\u0142 uczniowie rywalizuj\u0105cy w dw\u00f3ch kategoriach wiekowych: klas IV-VI oraz VII-VIII.<\/div>\n<div dir=\"auto\" style=\"text-align: justify;\">Turniej sk\u0142ada\u0142 si\u0119 z dw\u00f3ch cz\u0119\u015bci. W pierwszej uczestnicy rozwi\u0105zywali test teoretyczny sprawdzaj\u0105cy znajomo\u015b\u0107 zasad...<a href='https:\/\/sp.tuchow.pl\/index.php\/2026\/04\/07\/turniej-bezpieczenstwa-ruchu-drogowego\/' class='pfpReadMore'>Read More &raquo;<\/a><div class='clear'><\/div><hr><\/div><div class='pfpItem entry-content'><h2 class='entry-title'><a href='https:\/\/sp.tuchow.pl\/index.php\/2026\/03\/31\/szczesliwi-ktorzy-czynia-dobro\/'>Szcz\u0119\u015bliwi, kt\u00f3rzy czyni\u0105 dobro<\/a><\/h2><p><strong>\u201eSzcz\u0119\u015bliwi, kt\u00f3rzy czyni\u0105 dobro.\u201d<\/strong><\/p>\n<p><strong>Drodzy uczniowie, rodzice, nauczyciele, wsp\u00f3\u0142organizatorzy i partnerzy!<\/strong><\/p>\n<p style=\"text-align: justify;\">Z ca\u0142ego serca dzi\u0119kujemy wszystkim, kt\u00f3rzy wzi\u0119li udzia\u0142 w naszej akcji charytatywnej \u201ePodziel si\u0119 \u015awi\u0119tami\u201d \u2764<\/p>\n<p style=\"text-align: justify;\">Dzi\u0119ki Waszemu ogromnemu zaanga\u017cowaniu, otwartym sercom i hojno\u015bci uda\u0142o si\u0119 zebra\u0107 wiele \u015bwi\u0105tecznych artyku\u0142\u00f3w spo\u017cywczych, kt\u00f3re trafi\u0142y do senior\u00f3w oraz os\u00f3b potrzebuj\u0105cych...<a href='https:\/\/sp.tuchow.pl\/index.php\/2026\/03\/31\/szczesliwi-ktorzy-czynia-dobro\/' class='pfpReadMore'>Read More &raquo;<\/a><div class='clear'><\/div><hr><\/div><div class='pfpItem entry-content'><h2 class='entry-title'><a href='https:\/\/sp.tuchow.pl\/index.php\/2026\/03\/31\/wiosna-buch-ksiazka-w-ruch-zabawa-z-biblioteka-szkolna\/'>\u201eWiosna buch! Ksi\u0105\u017cka w ruch!\u201d \u2013 zabawa z bibliotek\u0105 szkoln\u0105<\/a><\/h2><p style=\"text-align: justify;\">W naszej szkole odby\u0142a si\u0119 wiosenna akcja czytelnicza pod has\u0142em <strong>\u201eWiosna buch! Ksi\u0105\u017cka w ruch!\u201d<\/strong>, skierowana do uczni\u00f3w klas 1\u20134. Jej celem by\u0142o zach\u0119cenie dzieci do cz\u0119stszego si\u0119gania po ksi\u0105\u017cki oraz rozwijanie kreatywno\u015bci i zainteresowa\u0144 czytelniczych.<\/p>\n<p style=\"text-align: justify;\">Zadaniem uczestnik\u00f3w by\u0142o wypo\u017cyczenie wybranej ksi\u0105\u017cki z biblioteki szkolnej, a nast\u0119pnie...<a href='https:\/\/sp.tuchow.pl\/index.php\/2026\/03\/31\/wiosna-buch-ksiazka-w-ruch-zabawa-z-biblioteka-szkolna\/' class='pfpReadMore'>Read More &raquo;<\/a><div class='clear'><\/div><hr><\/div><div class='pfpItem entry-content'><h2 class='entry-title'><a href='https:\/\/sp.tuchow.pl\/index.php\/2026\/03\/31\/wizyta-1a-w-bibliotece-publicznej-w-tuchowie\/'>Wizyta 1a w Bibliotece Publicznej w Tuchowie<\/a><\/h2><p style=\"text-align: justify;\">27 marca uczniowie klasy 1a wybrali si\u0119 na wyj\u0105tkow\u0105, wiosenn\u0105 wizyt\u0119 do Biblioteki Publicznej w Tuchowie, gdzie czeka\u0142y na nich niezwyk\u0142e przygody z bohaterami\u2026 \u017cabiego \u015bwiata. Podczas zaj\u0119\u0107 dzieci z ogromnym zainteresowaniem wys\u0142ucha\u0142y opowiadania o dw\u00f3ch \u017cabach, kt\u00f3re zabra\u0142o je w pe\u0142n\u0105 wyobra\u017ani podr\u00f3\u017c \u2013 a\u017c do odleg\u0142ej...<a href='https:\/\/sp.tuchow.pl\/index.php\/2026\/03\/31\/wizyta-1a-w-bibliotece-publicznej-w-tuchowie\/' class='pfpReadMore'>Read More &raquo;<\/a><div class='clear'><\/div><hr><\/div><div class='pfpItem entry-content'><h2 class='entry-title'><a href='https:\/\/sp.tuchow.pl\/index.php\/2026\/03\/27\/swiatowy-dzien-swiadomosci-autyzmu\/'>\u015awiatowy Dzie\u0144 \u015awiadomo\u015bci Autyzmu<\/a><\/h2><img loading=\"lazy\" decoding=\"async\" class=\"xz74otr x15mokao x1ga7v0g x16uus16 xbiv7yw\" src=\"https:\/\/static.xx.fbcdn.net\/images\/emoji.php\/v9\/tef\/1\/16\/1f535.png\" alt=\"\ud83d\udd35\" width=\"16\" height=\"16\"><p>Ju\u017c 30 marca w Szkole Podstawowej im. Stanis\u0142awa Staszica w Tuchowie obchodzimy \u015awiatowy Dzie\u0144 \u015awiadomo\u015bci Autyzmu (2 kwietnia). <span class=\"html-span xexx8yu xyri2b x18d9i69 x1c1uobl x1hl2dhg x16tdsg8 x1vvkbs x3nfvp2 x1j61x8r x1fcty0u xdj266r xat24cr xm2jcoa x1mpyi22 xxymvpz xlup9mm x1kky2od\"><\/span> Tego dnia ubieramy si\u0119 na niebiesko, aby okaza\u0107 solidarno\u015b\u0107 i wsparcie osobom w...<a href='https:\/\/sp.tuchow.pl\/index.php\/2026\/03\/27\/swiatowy-dzien-swiadomosci-autyzmu\/' class='pfpReadMore'>Read More &raquo;<\/a><div class='clear'><\/div><hr><\/div><div class='pfpItem entry-content'><h2 class='entry-title'><a href='https:\/\/sp.tuchow.pl\/index.php\/2026\/03\/26\/ortografia-bez-tajemnic-rozstrzygniecie-szkolnego-konkursu-ortograficznego\/'>Ortografia bez tajemnic \u2013 rozstrzygni\u0119cie Szkolnego Konkursu Ortograficznego.<\/a><\/h2><p style=\"text-align: justify;\">Z przyjemno\u015bci\u0105 informujemy, \u017ce w naszej szkole odby\u0142 si\u0119 Szkolny Konkurs Ortograficzny, kt\u00f3rego celem by\u0142o rozwijanie umiej\u0119tno\u015bci poprawnego pos\u0142ugiwania si\u0119 j\u0119zykiem polskim oraz promowanie dba\u0142o\u015bci o kultur\u0119 s\u0142owa. Wydarzenie zgromadzi\u0142o uczni\u00f3w, kt\u00f3rzy z zaanga\u017cowaniem i du\u017c\u0105 wiedz\u0105 zmierzyli si\u0119 z nie\u0142atwymi zasadami ortografii. Konkurs by\u0142 doskona\u0142\u0105 okazj\u0105 do...<a href='https:\/\/sp.tuchow.pl\/index.php\/2026\/03\/26\/ortografia-bez-tajemnic-rozstrzygniecie-szkolnego-konkursu-ortograficznego\/' class='pfpReadMore'>Read More &raquo;<\/a><div class='clear'><\/div><hr><\/div><div class='pfpItem entry-content'><h2 class='entry-title'><a href='https:\/\/sp.tuchow.pl\/index.php\/2026\/03\/24\/warsztaty-chemiczne-dla-klas-osmych\/'>Warsztaty chemiczne dla klas \u00f3smych<\/a><\/h2><p style=\"text-align: justify;\" data-start=\"44\" data-end=\"221\">24 marca uczniowie klas \u00f3smych naszej szko\u0142y uczestniczyli w warsztatach o tematyce <strong data-start=\"128\" data-end=\"162\">Technik Technologii Chemicznej<\/strong>, kt\u00f3re odby\u0142y si\u0119 w <span class=\"hover:entity-accent entity-underline inline cursor-pointer align-baseline\"><span class=\"whitespace-normal\">Zesp\u00f3\u0142 Szk\u00f3\u0142 Technicznych w Tarnowie-Mo\u015bcicach<\/span><\/span>.<\/p>\n<p style=\"text-align: justify;\" data-start=\"223\" data-end=\"572\">Zaj\u0119cia by\u0142y prowadzone w kameralnych, 12-osobowych grupach. Ka\u017cda z nich pracowa\u0142a...<a href='https:\/\/sp.tuchow.pl\/index.php\/2026\/03\/24\/warsztaty-chemiczne-dla-klas-osmych\/' class='pfpReadMore'>Read More &raquo;<\/a><div class='clear'><\/div><hr><\/div><div class='pfpItem entry-content'><h2 class='entry-title'><a href='https:\/\/sp.tuchow.pl\/index.php\/2026\/03\/23\/wycieczka-zawodoznawcza-klasa-7b\/'>Wycieczka zawodoznawcza \u2013 klasa 7B<\/a><\/h2><p style=\"text-align: justify;\">17 marca 2026 r. uczniowie klasy 7B wzi\u0119li udzia\u0142 w wycieczce zawodoznawczej, kt\u00f3rej celem by\u0142o poznanie specyfiki pracy w r\u00f3\u017cnych zawodach oraz instytucjach funkcjonuj\u0105cych w \u015brodowisku lokalnym.<\/p>\n<p style=\"text-align: justify;\">Podczas wyj\u015bcia uczniowie odwiedzili S\u0105d Rejonowy w Tarnowie X Wydzia\u0142 Zamiejscowy Cywilny z siedzib\u0105&nbsp;w Tuchowie, Urz\u0105d Miejski w Tuchowie oraz...<a href='https:\/\/sp.tuchow.pl\/index.php\/2026\/03\/23\/wycieczka-zawodoznawcza-klasa-7b\/' class='pfpReadMore'>Read More &raquo;<\/a><div class='clear'><\/div><hr><\/div><div class='pfpItem entry-content'><h2 class='entry-title'><a href='https:\/\/sp.tuchow.pl\/index.php\/2026\/03\/23\/a-kto-pamietal-dzisiaj-o-skarpetkach-nie-do-pary-bo-my-tak\/'>A kto pami\u0119ta\u0142 dzisiaj o skarpetkach nie do pary? Bo my tak\u2026.<\/a><\/h2><img loading=\"lazy\" decoding=\"async\" class=\"alignnone size-full\" src=\"https:\/\/scontent-waw2-1.xx.fbcdn.net\/v\/t39.30808-6\/655728997_1525467372916355_4997586373991899681_n.jpg?_nc_cat=104&amp;ccb=1-7&amp;_nc_sid=13d280&amp;_nc_ohc=6DbB1ROeV1sQ7kNvwHJYxYb&amp;_nc_oc=AdqJ920SKM46TLwNPuNH7UFM1WKv7RDilhx0NF3OZeB8r2ZXzO1R6Ml4L4jLeLsXvAg&amp;_nc_zt=23&amp;_nc_ht=scontent-waw2-1.xx&amp;_nc_gid=5HfsTKLRDT665sGO5Bfp7g&amp;_nc_ss=7a32e&amp;oh=00_Afyn3b5IPUgifCdbZyPhEDt6S9lf03tOreDls4n_xWvCWQ&amp;oe=69C76018\" width=\"2048\" height=\"1536\"><p style=\"text-align: justify;\">21 marca to wyj\u0105tkowa data w kalendarzu. \u015awi\u0119tujemy wtedy nie tylko Pierwszy Dzie\u0144 Wiosny, ale przede wszystkim <strong>\u015awiatowy Dzie\u0144 Zespo\u0142u Downa<\/strong>. <strong>To <\/strong>nie jest przypadkowa data. Nawi\u0105zuje ona do tego, \u017ce osoby z zespo\u0142em Downa posiadaj\u0105 dodatkowy trzeci chromosom w 21. parze uk\u0142adu genetycznego. Kolorowe skarpetki, najlepiej &#8222;nie...<a href='https:\/\/sp.tuchow.pl\/index.php\/2026\/03\/23\/a-kto-pamietal-dzisiaj-o-skarpetkach-nie-do-pary-bo-my-tak\/' class='pfpReadMore'>Read More &raquo;<\/a><div class='clear'><\/div><hr><\/div><div class='pfpItem entry-content'><h2 class='entry-title'><a href='https:\/\/sp.tuchow.pl\/index.php\/2026\/03\/23\/21-marca-swiatowy-dzien-osob-z-zespolem-downa\/'>21 marca-\u00a0\u015awiatowy Dzie\u0144 Os\u00f3b z Zespo\u0142em Downa<\/a><\/h2><p style=\"font-weight: 400; text-align: justify;\">Razem dla akceptacji \u2013 ka\u017cdy jest wa\u017cny&nbsp;23 marca w Szkole Podstawowej im. Stanis\u0142awa Staszica w Tuchowie \u015bwi\u0119towali\u015bmy Dzie\u0144 Solidarno\u015bci z Osobami z Zespo\u0142em Downa. By\u0142a to doskona\u0142a okazja, aby zatrzyma\u0107 si\u0119 na chwil\u0119 i porozmawia\u0107 o tym, jak wa\u017cne s\u0105 wzajemny szacunek, zrozumienie i \u017cyczliwo\u015b\u0107. Tego...<a href='https:\/\/sp.tuchow.pl\/index.php\/2026\/03\/23\/21-marca-swiatowy-dzien-osob-z-zespolem-downa\/' class='pfpReadMore'>Read More &raquo;<\/a><div class='clear'><\/div><hr><\/div><div class='pfpItem entry-content'><h2 class='entry-title'><a href='https:\/\/sp.tuchow.pl\/index.php\/2026\/03\/23\/dzien-bez-plecaka-kreatywnosc-uczniow-na-pelnych-obrotach\/'>Dzie\u0144 bez plecaka: kreatywno\u015b\u0107 uczni\u00f3w na pe\u0142nych obrotach!<\/a><\/h2><div class=\"xdj266r x14z9mp xat24cr x1lziwak x1vvkbs x126k92a\">\n<div dir=\"auto\" style=\"text-align: justify;\">Dzisiejszy korytarz wygl\u0105da\u0142 jak skrzy\u017cowanie Castoramy, gara\u017cu s\u0105siada i planu filmowego \u201eMad Maxa\u201d. Zgodnie z tradycj\u0105 og\u0142osili\u015bmy Dzie\u0144 bez plecaka, a poziom kreatywno\u015bci oficjalnie przebi\u0142 sufit!<\/div>\n<\/div>\n<div class=\"x14z9mp xat24cr x1lziwak x1vvkbs xtlvy1s x126k92a\" style=\"text-align: justify;\">\n<div dir=\"auto\">Ju\u017c od progu wita\u0142y nas \u201ewalizki\u201d zrobione...<a href='https:\/\/sp.tuchow.pl\/index.php\/2026\/03\/23\/dzien-bez-plecaka-kreatywnosc-uczniow-na-pelnych-obrotach\/' class='pfpReadMore'>Read More &raquo;<\/a><div class='clear'><\/div><hr><\/div><div class='pfpItem entry-content'><h2 class='entry-title'><a href='https:\/\/sp.tuchow.pl\/index.php\/2026\/03\/22\/tam-gdzie-konczy-sie-sila\/'>Tam, gdzie ko\u0144czy si\u0119 si\u0142a<\/a><\/h2><p style=\"text-align: justify;\">W pi\u0105tek, 20 marca 2026 r. w Bazylice Mniejszej w Tuchowie, po raz trzynasty odby\u0142a si\u0119 Inscenizowana Droga Krzy\u017cowa pod tytu\u0142em \u201eTam, gdzie ko\u0144czy si\u0119 si\u0142a\u201d. Wydarzenie to zosta\u0142o przygotowane przez uczni\u00f3w i nauczycieli Szko\u0142y Podstawowej im. Stanis\u0142awa Staszica w Tuchowie oraz zesp\u00f3\u0142 Pokolenia.<\/p>\n<p style=\"text-align: justify;\">Wieczorne nabo\u017ce\u0144stwo zgromadzi\u0142o...<a href='https:\/\/sp.tuchow.pl\/index.php\/2026\/03\/22\/tam-gdzie-konczy-sie-sila\/' class='pfpReadMore'>Read More &raquo;<\/a><div class='clear'><\/div><hr><\/div><div class='pfpItem entry-content'><h2 class='entry-title'><a href='https:\/\/sp.tuchow.pl\/index.php\/2026\/03\/19\/obchody-dnia-sw-patryk-w-szkole-podstawowej-w-tuchowie\/'>OBCHODY DNIA \u015aW. PATRYK W SZKOLE PODSTAWOWEJ W TUCHOWIE<\/a><\/h2><p style=\"text-align: justify;\">Z okazji Dnia \u015aw. Patryka uczniowie klas 1-3 wzi\u0119li udzia\u0142 w konkursie na najciekawsze zielone przebranie. Jury ocenia\u0142o pomys\u0142owo\u015b\u0107 oraz wk\u0142ad pracy w przygotowanie stroju.<\/p>\n<p>Jury wy\u0142oniono nast\u0119puj\u0105cych zwyci\u0119zc\u00f3w:<br \/>\n1 miejsce: Zuzanna Wi\u015bniowska kl. 1c<br \/>\n2 miejsce: Liliana Dulik kl. 3c<br \/>\n3 miejsce: Adam Wide\u0142 kl. 2c<\/p>\n<p>Wyr\u00f3\u017cnienie otrzymuje:<br \/>\nJulia...<a href='https:\/\/sp.tuchow.pl\/index.php\/2026\/03\/19\/obchody-dnia-sw-patryk-w-szkole-podstawowej-w-tuchowie\/' class='pfpReadMore'>Read More &raquo;<\/a><div class='clear'><\/div><hr><\/div><div class='pfpItem entry-content'><h2 class='entry-title'><a href='https:\/\/sp.tuchow.pl\/index.php\/2026\/03\/11\/mali-artysci-wielkie-emocje-szkolny-konkurs-recytatorski-klas-1-3\/'>\u201eMali arty\u015bci, wielkie emocje \u2013 Szkolny Konkurs Recytatorski klas 1\u20133\u201d<\/a><\/h2><p style=\"text-align: justify;\">W naszej szkole odby\u0142 si\u0119 Szkolny Konkurs Recytatorski dla uczni\u00f3w klas 1\u20133. Wydarzenie by\u0142o doskona\u0142\u0105 okazj\u0105 do zaprezentowania talent\u00f3w recytatorskich najm\u0142odszych uczni\u00f3w oraz rozwijania ich zainteresowa\u0144 literatur\u0105 dzieci\u0119c\u0105. W konkursie wzi\u0119li udzia\u0142 uczniowie, kt\u00f3rzy wcze\u015bniej zwyci\u0119\u017cyli w eliminacjach klasowych. Uczestnicy wykazali si\u0119 bardzo dobr\u0105 pami\u0119ci\u0105, wyrazisto\u015bci\u0105 recytacji oraz...<a href='https:\/\/sp.tuchow.pl\/index.php\/2026\/03\/11\/mali-artysci-wielkie-emocje-szkolny-konkurs-recytatorski-klas-1-3\/' class='pfpReadMore'>Read More &raquo;<\/a><div class='clear'><\/div><hr><\/div><div class='pfpItem entry-content'><h2 class='entry-title'><a href='https:\/\/sp.tuchow.pl\/index.php\/2026\/03\/11\/piatka-ze-staszicem-zaproszenie-do-zabawy\/'>Pi\u0105tka ze Staszicem  - zaproszenie do zabawy.<\/a><\/h2><p style=\"text-align: center;\"><strong>\u201ePi\u0105tka ze Staszicem\u201d<\/strong><\/p>\n<p style=\"text-align: center;\"><strong>&nbsp;<\/strong><strong>Zapraszamy uczni\u00f3w klas <\/strong><\/p>\n<p style=\"text-align: center;\"><strong>IV-VIII do zabawy pt. \u201cPi\u0105tka ze Staszicem\u201d.<\/strong><\/p>\n<p style=\"text-align: center;\"><span style=\"color: #ff0000;\"><strong>Instrukcja <\/strong><\/span><\/p>\n<ol>\n<li>Odszukaj i przeczytaj informacje na temat naszego patrona.<\/li>\n<li>Znajdziesz je na gazetkach:<\/li>\n<\/ol>\n<ul>\n<li>na II pi\u0119trze \u2013 obok Sali Kazimierzowskiej,<\/li>\n<li>na parterze obok biblioteki,<\/li>\n<li>w wej\u015bciu obok portierni.<\/li>\n<\/ul>\n<p>&nbsp; &nbsp; &nbsp;3. Postaraj si\u0119 zapami\u0119ta\u0107...<a href='https:\/\/sp.tuchow.pl\/index.php\/2026\/03\/11\/piatka-ze-staszicem-zaproszenie-do-zabawy\/' class='pfpReadMore'>Read More &raquo;<\/a><div class='clear'><\/div><hr><\/div><div class='pfpItem entry-content'><h2 class='entry-title'><a href='https:\/\/sp.tuchow.pl\/index.php\/2026\/03\/11\/12485\/'>Rajd Tropem Wilczym<\/a><\/h2><div style=\"text-align: justify;\">4 marca uczniowie z naszej szko\u0142y wzi\u0119li udzia\u0142 w VIII Rajdzie Tropem Wilczym upami\u0119tniaj\u0105cym \u017bo\u0142nierzy Wykl\u0119tych. Wyruszyli\u015bmy spod naszej szko\u0142y w grupie 16 os\u00f3b- uczni\u00f3w klas si\u00f3dmych&nbsp; &nbsp;i dw\u00f3ch opiekun\u00f3w. Po 2 godzinach dotarli\u015bmy pod wie\u017c\u0119 widokow\u0105 na Brzance. Miejsce szczeg\u00f3lne ,bowiem tu w sierpniu i na pocz\u0105tku...<a href='https:\/\/sp.tuchow.pl\/index.php\/2026\/03\/11\/12485\/' class='pfpReadMore'>Read More &raquo;<\/a><div class='clear'><\/div><hr><\/div><div class='pfpItem entry-content'><h2 class='entry-title'><a href='https:\/\/sp.tuchow.pl\/index.php\/2026\/03\/11\/na-basniowej-gorze-2\/'>\u201eNa Ba\u015bniowej G\u00f3rze\u201d<\/a><\/h2><p style=\"text-align: justify;\">Zapraszamy do udzia\u0142u w projekcie edukacyjnym \u201eNa Ba\u015bniowej G\u00f3rze\u201d. Jest on adresowany do <strong>uczni\u00f3w klas czwartych<\/strong> naszej szko\u0142y, a udzia\u0142 w nim jest <strong>DOBROWOLNY<\/strong>.<br \/>\nW ramach projektu uczniowie b\u0119d\u0105 otrzymywa\u0107 dodatkowe zadania do wykonania. <strong>Tematem przewodnim s\u0105 ba\u015bnie \u2013 te, poznawane w szkole, jak r\u00f3wnie\u017c te, z kt\u00f3rymi...<a href='https:\/\/sp.tuchow.pl\/index.php\/2026\/03\/11\/na-basniowej-gorze-2\/' class='pfpReadMore'>Read More &raquo;<\/a><div class='clear'><\/div><hr><\/div><div class='pfpItem entry-content'><h2 class='entry-title'><a href='https:\/\/sp.tuchow.pl\/index.php\/2026\/03\/09\/mam-talent-show-2026\/'>\u201eMam Talent \u2013 SHOW 2026\u201d<\/a><\/h2><img loading=\"lazy\" decoding=\"async\" class=\"aligncenter size-full\" src=\"https:\/\/scontent-waw2-2.xx.fbcdn.net\/v\/t39.30808-6\/649919653_1512669834196109_3034449542459160687_n.jpg?stp=dst-jpg_s720x720_tt6&amp;_nc_cat=102&amp;ccb=1-7&amp;_nc_sid=13d280&amp;_nc_ohc=v3BFlLBJRZgQ7kNvwHQnMYb&amp;_nc_oc=AdmvH1CDclPX7tE9IxAi7K6FqXPdB8oE1ht8qsQUOeen-SaV1IOUWvngXo_OwNJjmRIiHalN55_04L3VboOOo8nZ&amp;_nc_zt=23&amp;_nc_ht=scontent-waw2-2.xx&amp;_nc_gid=Wp0mhZGo8mBnuAvuoBHmQQ&amp;_nc_ss=8&amp;oh=00_AfxmFKdrdtQ-B2DXo03whlMmAH1S7LBrRTqoQ3ON30JH8A&amp;oe=69B460A8\" width=\"509\" height=\"720\"><p><strong>Regulamin Szkolnego Konkursu <\/strong><strong>\u201eMam Talent \u2013 SHOW 2026\u201d<\/strong><\/p>\n<p>Zapraszamy wszystkich uczni\u00f3w naszej szko\u0142y do udzia\u0142u w szkolnym konkursie&nbsp;<strong>\u201eMam Talent \u2013 SHOW 2026\u201d<\/strong>.<\/p>\n<p><strong>Organizatorzy<\/strong><\/p>\n<p>Konkurs organizuje&nbsp;<strong>Samorz\u0105d Uczniowski<\/strong>&nbsp;w ramach realizacji Szkolnego Programu Wychowawczo-Profilaktycznego.<\/p>\n<p><strong>Cele konkursu<\/strong><\/p>\n<p>\u2714 Popularyzacja dzia\u0142a\u0144 artystycznych<\/p>\n<p>\u2714 Rozwijanie kreatywno\u015bci uczni\u00f3w<\/p>\n<p>\u2714 Promowanie m\u0142odych talent\u00f3w<\/p>\n<p>\u2714 Wspieranie zainteresowa\u0144 uczni\u00f3w<\/p>\n<p>\u2714 Zach\u0119canie do aktywnego i tw\u00f3rczego sp\u0119dzania wolnego czasu<\/p>\n<p>\u2714 Wy\u0142onienie...<a href='https:\/\/sp.tuchow.pl\/index.php\/2026\/03\/09\/mam-talent-show-2026\/' class='pfpReadMore'>Read More &raquo;<\/a><div class='clear'><\/div><hr><\/div><div class='pfpItem entry-content'><h2 class='entry-title'><a href='https:\/\/sp.tuchow.pl\/index.php\/2026\/03\/05\/wyniki-szkolnego-konkursu-historyczno-plastycznego-stanislaw-staszic-portret-z-humorem\/'>Wyniki Szkolnego Konkursu Historyczno-Plastycznego Stanis\u0142aw Staszic - Portret Z Humorem<\/a><\/h2><p>Do konkursu zg\u0142oszono pi\u0119\u0107dziesi\u0105t pi\u0119knych, pomys\u0142owych prac. Ka\u017cda z nich by\u0142a wyj\u0105tkowa oraz przemy\u015blana. Uczestnicy konkursu wykazali si\u0119 kreatywno\u015bci\u0105&nbsp; i ogromnym zaanga\u017cowaniem. \u015awiadczy o tym ilo\u015b\u0107 przyznanych wyr\u00f3\u017cnie\u0144!<\/p>\n<p style=\"text-align: center;\"><strong>Klasy IV -VI<\/strong><\/p>\n<p><strong>I miejsce: Nikodem Folty\u0144ski klasa V a<\/strong><\/p>\n<p><strong>II miejsce: Jessica Benneyworth klasa IV b<\/strong><\/p>\n<p><strong>II miejsce: Emilia Kowalczyk klasa V b<\/strong>...<a href='https:\/\/sp.tuchow.pl\/index.php\/2026\/03\/05\/wyniki-szkolnego-konkursu-historyczno-plastycznego-stanislaw-staszic-portret-z-humorem\/' class='pfpReadMore'>Read More &raquo;<\/a><div class='clear'><\/div><hr><\/div><div class='pfpItem entry-content'><h2 class='entry-title'><a href='https:\/\/sp.tuchow.pl\/index.php\/2026\/03\/03\/zapraszamy-na-inscenizowana-droge-krzyzowa\/'>Zapraszamy na inscenizowan\u0105 Drog\u0119 Krzy\u017cow\u0105<\/a><\/h2><img loading=\"lazy\" decoding=\"async\" class=\"aligncenter size-full\" src=\"https:\/\/scontent-waw2-2.xx.fbcdn.net\/v\/t39.30808-6\/645081384_1507960194667073_966046469073717900_n.jpg?_nc_cat=106&amp;ccb=1-7&amp;_nc_sid=13d280&amp;_nc_ohc=cjMobTcdSiwQ7kNvwGQlc_s&amp;_nc_oc=AdldNYb7tldmnVKiK-cX1K-V9k_aOlYKvGb6NQBr-X_hHdi6xHZhhoSObMMoR9a8-iA&amp;_nc_zt=23&amp;_nc_ht=scontent-waw2-2.xx&amp;_nc_gid=1_CzJKk06pJpuVGnIgFZQQ&amp;_nc_ss=8&amp;oh=00_AfwCRJyjyNp6M2MFoEMgtVZGCRy_7HJ4y8z2bLkHyDRYBg&amp;oe=69AD0D6A\" width=\"1448\" height=\"2048\"><p>Zapraszamy 20 marca 2026 r.<\/p>\n<p><\/p>\n...<a href='https:\/\/sp.tuchow.pl\/index.php\/2026\/03\/03\/zapraszamy-na-inscenizowana-droge-krzyzowa\/' class='pfpReadMore'>Read More &raquo;<\/a><div class='clear'><\/div><hr><\/div><div class='pfpItem entry-content'><h2 class='entry-title'><a href='https:\/\/sp.tuchow.pl\/index.php\/2026\/03\/03\/viii-gminny-konkurs-piosenki-angielskiej-everybody-can-sing\/'>VIII Gminny Konkurs Piosenki Angielskiej \u201eEverybody can sing\u201d<\/a><\/h2><img loading=\"lazy\" decoding=\"async\" class=\"aligncenter size-full\" src=\"https:\/\/scontent-waw2-2.xx.fbcdn.net\/v\/t39.30808-6\/646328731_1507958541333905_8775678780628834291_n.jpg?_nc_cat=101&amp;ccb=1-7&amp;_nc_sid=13d280&amp;_nc_ohc=__aIrGIUDKsQ7kNvwE7veYO&amp;_nc_oc=AdnZd3IZCJO9N-ybWS1iEV71N0x05mWym-7iN0_Yqnqhag936F2iwEwb-s46TCPHDjY&amp;_nc_zt=23&amp;_nc_ht=scontent-waw2-2.xx&amp;_nc_gid=TCXl8jd0oFrLnvemaDjBfA&amp;_nc_ss=8&amp;oh=00_Afy12hbyocc1a82VkCZvUPsTL4Rpjm9qBwMS4L-MafwxBA&amp;oe=69AD201F\" width=\"2048\" height=\"1448\"><p class=\"Standard\" style=\"text-align: justify; text-justify: inter-ideograph;\">Serdecznie zapraszamy do udzia\u0142u w VIII Gminnym Konkursie Piosenki Angielskiej \u201eEverybody can sing,\u201d kt\u00f3rego organizatorem jest Szko\u0142a Podstawowa im. Stanis\u0142awa Staszica w Tuchowie. Konkurs jest organizowany w dw\u00f3ch kategoriach wiekowych: soli\u015bci z klas 1-4 oraz klas 5-8.<\/p>\n<p class=\"Textbody\"><strong>ETAP GMINNY odb\u0119dzie si\u0119 16.04.2026r. o godz. 9.00<\/strong>...<a href='https:\/\/sp.tuchow.pl\/index.php\/2026\/03\/03\/viii-gminny-konkurs-piosenki-angielskiej-everybody-can-sing\/' class='pfpReadMore'>Read More &raquo;<\/a><div class='clear'><\/div><hr><\/div><div class='pfpItem entry-content'><h2 class='entry-title'><a href='https:\/\/sp.tuchow.pl\/index.php\/2026\/03\/02\/podziel-sie-swietami-6\/'>Podziel si\u0119 \u015awi\u0119tami\u00a0<\/a><\/h2><img decoding=\"async\" class=\"an1\" draggable=\"false\" src=\"https:\/\/fonts.gstatic.com\/s\/e\/notoemoji\/17.0\/1f499\/32.png\" alt=\"\ud83d\udc99\" data-emoji=\"\ud83d\udc99\" aria-label=\"\ud83d\udc99\"><div dir=\"auto\">Zapraszamy do udzia\u0142u w akcji wsparcia potrzebuj\u0105cych senior\u00f3w oraz os\u00f3b z niepe\u0142nosprawno\u015bciami z gminy Tuch\u00f3w.<\/div>\n<div dir=\"auto\">Szczeg\u00f3\u0142y ju\u017c wkr\u00f3tce \u2013 b\u0105d\u017acie z nami!&nbsp;<\/div>\n<div dir=\"auto\"><\/div>\n...<a href='https:\/\/sp.tuchow.pl\/index.php\/2026\/03\/02\/podziel-sie-swietami-6\/' class='pfpReadMore'>Read More &raquo;<\/a><div class='clear'><\/div><hr><\/div><div class='pfpItem entry-content'><h2 class='entry-title'><a href='https:\/\/sp.tuchow.pl\/index.php\/2026\/03\/02\/obchody-dnia-sw-patryka-5\/'>OBCHODY DNIA \u015aW. PATRYKA<\/a><\/h2><img loading=\"lazy\" decoding=\"async\" class=\"aligncenter size-full\" src=\"https:\/\/scontent-waw2-2.xx.fbcdn.net\/v\/t39.30808-6\/645791076_1506852201444539_7760144469335015236_n.jpg?_nc_cat=105&amp;ccb=1-7&amp;_nc_sid=13d280&amp;_nc_ohc=iTV8LJueVuEQ7kNvwHgyB36&amp;_nc_oc=AdkZiNC7s-FtMBn3cxZr2XL0mFOtj3903kWg25idoJFBMwqxTT-ybkOIVWeY1I_g9Yk&amp;_nc_zt=23&amp;_nc_ht=scontent-waw2-2.xx&amp;_nc_gid=P4FaYFI1hPhKmcCG4TBzmw&amp;_nc_ss=8&amp;oh=00_AfwWBE3t4VGNhnGT5LLVi_4DDtNVq9WWHQykDs1F6nAVrA&amp;oe=69AB9C91\" width=\"2048\" height=\"1448\"><p style=\"text-align: justify;\">17 marca obchodzony jest Dzie\u0144 \u015awi\u0119tego Patryka, patrona Irlandii. Jedn\u0105 z tradycji tego dnia jest noszenie ubra\u0144 w kolorze zielonym, dlatego zapraszamy wszystkich uczni\u00f3w klas 1-3 do udzia\u0142u w konkursie na najciekawsze przebranie w kolorze zielonym.<\/p>\n<p style=\"text-align: justify;\"><u>Cele konkursu:<\/u><\/p>\n<ul style=\"text-align: justify;\">\n<li>Poznawanie kultury kraj\u00f3w angloj\u0119zycznych<\/li>\n<li>Wzbudzanie zainteresowania nauk\u0105 j\u0119zyka angielskiego<\/li>\n<li>Uatrakcyjnienie...<a href='https:\/\/sp.tuchow.pl\/index.php\/2026\/03\/02\/obchody-dnia-sw-patryka-5\/' class='pfpReadMore'>Read More &raquo;<\/a><div class='clear'><\/div><hr><\/div><div class='pfpItem entry-content'><h2 class='entry-title'><a href='https:\/\/sp.tuchow.pl\/index.php\/2026\/02\/24\/jak-kot-cukierek-buszowal-po-szkole-podstawowej-im-s-staszica-w-tuchowie\/'>Jak kot Cukierek \u201ebuszowa\u0142\u201d po Szkole Podstawowej im. S. Staszica w Tuchowie<\/a><\/h2><p><strong>Jak kot Cukierek \u201ebuszowa\u0142\u201d po Szkole Podstawowej im. S. Staszica w Tuchowie&nbsp;i og\u0142asza\u0142 koci\u0105 afer\u0119 wszech czas\u00f3w w\u015br\u00f3d uczni\u00f3w z edukacji wczesnoszkolnej.<\/strong><\/p>\n<p style=\"text-align: justify;\">&#8211; Zacz\u0119\u0142o si\u0119 to ju\u017c w grudniu 2025 roku. Wszyscy dostali\u015bmy kota na punkcie kota (oczywi\u015bcie Cukierka).Czytali\u015bmy seri\u0119 ksi\u0105\u017cek kompletnie mrucz\u0105c\u0105 i kusz\u0105c\u0105.<\/p>\n<p style=\"text-align: justify;\">&#8211; Robili\u015bmy koty...<a href='https:\/\/sp.tuchow.pl\/index.php\/2026\/02\/24\/jak-kot-cukierek-buszowal-po-szkole-podstawowej-im-s-staszica-w-tuchowie\/' class='pfpReadMore'>Read More &raquo;<\/a><div class='clear'><\/div><hr><\/div><div class='pfpItem entry-content'><h2 class='entry-title'><a href='https:\/\/sp.tuchow.pl\/index.php\/2026\/02\/17\/bal-karnawalowy-dla-nadziei-2\/'>Bal karnawa\u0142owy dla \u201e Nadziei\u201d<\/a><\/h2><p style=\"text-align: justify;\">31 stycznia w Szkole Podstawowej im. Stanis\u0142awa Staszica w Tuchowie po raz kolejny odby\u0142 si\u0119 wyj\u0105tkowy bal karnawa\u0142owy zorganizowany dla podopiecznych <span class=\"whitespace-normal\">stowarzyszenia \u201eNadzieja\u201d<\/span>. Wydarzenie by\u0142o pe\u0142ne rado\u015bci, wzrusze\u0144 i wsp\u00f3lnej zabawy, a szkolne sale na jeden dzie\u0144 zamieni\u0142y si\u0119 w kolorow\u0105, bajkow\u0105 przestrze\u0144.<\/p>\n<p style=\"text-align: justify;\">Na uczestnik\u00f3w czeka\u0142o...<a href='https:\/\/sp.tuchow.pl\/index.php\/2026\/02\/17\/bal-karnawalowy-dla-nadziei-2\/' class='pfpReadMore'>Read More &raquo;<\/a><div class='clear'><\/div><hr><\/div><div class='pfpItem entry-content'><h2 class='entry-title'><a href='https:\/\/sp.tuchow.pl\/index.php\/2026\/01\/29\/12453\/'><\/a><\/h2><img loading=\"lazy\" decoding=\"async\" class=\"alignnone size-full\" src=\"https:\/\/scontent-waw2-2.xx.fbcdn.net\/v\/t39.30808-6\/624098713_1476049327858160_6133581233993783453_n.jpg?_nc_cat=106&amp;ccb=1-7&amp;_nc_sid=127cfc&amp;_nc_ohc=ySbjBgoWSKwQ7kNvwG0CQeh&amp;_nc_oc=AdkXd2ww-4PX9RFJkBUi49XR3_bh_G0Ft2gNCCScMW_fEr1XfAZqiqGIx1F-gSFkQI63MV1GjI1opoJtH5D31V7o&amp;_nc_zt=23&amp;_nc_ht=scontent-waw2-2.xx&amp;_nc_gid=oi-2GtO9MQ-ZLABh8aHUyA&amp;oh=00_AfqD0kkBVhetZp94T_a5lFMlS1uc77wGu6A-LYpVvJnf2w&amp;oe=6980C3FA\" width=\"763\" height=\"743\"><p style=\"text-align: center;\"><span style=\"color: #ff6600;\"><strong>LUTY Z CUKIERKIEM \u2013 KSI\u0104\u017bKI Z PAZUREM!<\/strong><\/span><\/p>\n<p>&nbsp;<\/p>\n<p style=\"text-align: justify;\">Uwaga drugoklasi\u015bci!<\/p>\n<p style=\"text-align: justify;\">Zaraz po feriach \u2013 20 lutego (pi\u0105tek) w hali MOSiR odb\u0119dzie si\u0119 niesamowite spotkanie z kotem&nbsp; Cukierkiem. Aby wzi\u0105\u0107 udzia\u0142 w wydarzeniu, zaprezentowa\u0107 si\u0119 przed spo\u0142eczno\u015bci\u0105 szkoln\u0105 i uczestniczy\u0107:<\/p>\n<p style=\"text-align: center;\"><span style=\"color: #ff6600;\"><strong>w <\/strong><strong>kociej&nbsp; paradzie&nbsp;...<a href='https:\/\/sp.tuchow.pl\/index.php\/2026\/01\/29\/12453\/' class='pfpReadMore'>Read More &raquo;<\/a><div class='clear'><\/div><hr><\/div><div class='pfpItem entry-content'><h2 class='entry-title'><a href='https:\/\/sp.tuchow.pl\/index.php\/2026\/01\/29\/biologia-nie-musi-byc-nudna\/'>Biologia nie musi by\u0107 nudna!<\/a><\/h2><img decoding=\"async\" class=\"an1\" draggable=\"false\" src=\"https:\/\/fonts.gstatic.com\/s\/e\/notoemoji\/16.0\/1fac0\/32.png\" alt=\"\ud83e\udec0\" data-emoji=\"\ud83e\udec0\" aria-label=\"\ud83e\udec0\"><div dir=\"auto\">&nbsp;Biologia nie musi by\u0107 nudna!&nbsp;<\/div>\n<div dir=\"auto\">Na ostatnich lekcjiach biologii uczniowie klas si\u00f3dmych realizowali temat \u201eBudowa i funkcje serca\u201d w bardzo praktyczny spos\u00f3b. Dzi\u0119ki prawdziwym sercom \u015bwinek, kt\u00f3re wsp\u00f3lnie przecinali\u015bmy i ogl\u0105dali\u015bmy od wewn\u0105trz, mogli\u015bmy zobaczy\u0107 to, o czym zwykle czyta si\u0119 tylko w podr\u0119czniku.<\/div>\n<div dir=\"auto\">Takie do\u015bwiadczenia pozwalaj\u0105 lepiej zrozumie\u0107,...<a href='https:\/\/sp.tuchow.pl\/index.php\/2026\/01\/29\/biologia-nie-musi-byc-nudna\/' class='pfpReadMore'>Read More &raquo;<\/a><div class='clear'><\/div><hr><\/div><div class='pfpItem entry-content'><h2 class='entry-title'><a href='https:\/\/sp.tuchow.pl\/index.php\/2026\/01\/28\/zaproszenie-do-szkolnego-konkursu-historyczno-plastycznego\/'>Zaproszenie do SZKOLNEGO KONKURSU HISTORYCZNO-PLASTYCZNEGO<\/a><\/h2><img loading=\"lazy\" decoding=\"async\" class=\"aligncenter size-full\" src=\"https:\/\/scontent-waw2-2.xx.fbcdn.net\/v\/t39.30808-6\/623181271_1475131554616604_6186084825945108109_n.jpg?stp=dst-jpg_s720x720_tt6&amp;_nc_cat=101&amp;ccb=1-7&amp;_nc_sid=127cfc&amp;_nc_ohc=CcFuYQNBrq8Q7kNvwHFBlsJ&amp;_nc_oc=AdmthozyG-JE37YlEf7GZ9GOeGaUvkW96MDzn7XxfFgYvP-yu4MJeQ6H9prt79Es3WlMpwyNVDbSBkJ9d7qT4-OU&amp;_nc_zt=23&amp;_nc_ht=scontent-waw2-2.xx&amp;_nc_gid=i82AxyMGZUOZe59evL4C_g&amp;oh=00_AfpE2lLvEsqTWvaVDDQeNny_GlLRlNmFn90T1vVjZvF8SQ&amp;oe=697F99E6\" width=\"509\" height=\"720\"><p style=\"text-align: center;\"><strong>Stanis\u0142aw Staszic \u2013 Patron Roku 2026 <\/strong><\/p>\n<p style=\"text-align: center;\"><strong>&nbsp;<\/strong><\/p>\n<p style=\"text-align: center;\"><strong>Szkolny konkurs historyczno- plastyczny<\/strong><\/p>\n<p style=\"text-align: center;\"><strong>Stanis\u0142aw Staszic &#8211; portret z humorem<\/strong><\/p>\n<p style=\"text-align: center;\">&nbsp;<\/p>\n<p>W 200. rocznic\u0119 \u015bmierci naszego patrona Stanis\u0142awa Staszica, zapraszamy uczni\u00f3w klas IV-VIII do szkolnego konkursu plastyczno &#8211; historycznego na karykatur\u0119 naszego patrona.<\/p>\n<p><strong>Cele konkursu<\/strong><\/p>\n<ol>\n<li>Rozwijanie kreatywno\u015bci i wyobra\u017ani...<a href='https:\/\/sp.tuchow.pl\/index.php\/2026\/01\/28\/zaproszenie-do-szkolnego-konkursu-historyczno-plastycznego\/' class='pfpReadMore'>Read More &raquo;<\/a><div class='clear'><\/div><hr><\/div><div class='pfpItem entry-content'><h2 class='entry-title'><a href='https:\/\/sp.tuchow.pl\/index.php\/2026\/01\/19\/i-powiatowy-festiwal-piosenki-swiatecznej-podzielmy-sie-radoscia\/'>I Powiatowy Festiwal Piosenki \u015awi\u0105tecznej \u201ePodzielmy si\u0119 rado\u015bci\u0105\u201d<\/a><\/h2><p style=\"text-align: justify;\">16 stycznia 2026 roku w Szkole Podstawowej w \u0141\u0119towicach odby\u0142 si\u0119 I Powiatowy Festiwal Piosenki \u015awi\u0105tecznej \u201ePodzielmy si\u0119 rado\u015bci\u0105\u201d, kt\u00f3ry zgromadzi\u0142 utalentowanych wykonawc\u00f3w z ca\u0142ego powiatu tarnowskiego. Festiwal odby\u0142 si\u0119 pod Patronatem Honorowym Starosty Powiatu Tarnowskiego \u2013 Pana Jacka Hudymy, W\u00f3jt Gminy Wierzchos\u0142awice \u2013 Pani Ma\u0142gorzaty Moskal oraz...<a href='https:\/\/sp.tuchow.pl\/index.php\/2026\/01\/19\/i-powiatowy-festiwal-piosenki-swiatecznej-podzielmy-sie-radoscia\/' class='pfpReadMore'>Read More &raquo;<\/a><div class='clear'><\/div><hr><\/div><div class='pfpItem entry-content'><h2 class='entry-title'><a href='https:\/\/sp.tuchow.pl\/index.php\/2026\/01\/13\/jedno-dobre-serce-zwyciezy-zlo\/'>Jedno dobre serce... zwyci\u0119\u017cy z\u0142o!<\/a><\/h2><div style=\"text-align: justify;\">&nbsp; &nbsp; &nbsp; &nbsp; &nbsp; &nbsp; W tym roku Trzej&nbsp;Kr\u00f3lowie przybyli do krainy naszej codzienno\u015bci, gdzie nieustannie toczy si\u0119 walka dobra ze z\u0142em. Gdzie zatwardziali sercem niszcz\u0105 to, co dobre i pi\u0119kne&#8230; ludzk\u0105 mi\u0142o\u015b\u0107 do drugiego cz\u0142owieka. Przybyli tu, by przypomnie\u0107 nam, \u017ce dobro zawsze zwyci\u0119\u017ca, gdy chocia\u017c&nbsp;jedno...<a href='https:\/\/sp.tuchow.pl\/index.php\/2026\/01\/13\/jedno-dobre-serce-zwyciezy-zlo\/' class='pfpReadMore'>Read More &raquo;<\/a><div class='clear'><\/div><hr><\/div><div class='pfpItem entry-content'><h2 class='entry-title'><a href='https:\/\/sp.tuchow.pl\/index.php\/2026\/01\/05\/kiermasz-charytatywny-dla-stowarzyszenia-rodzicow-i-przyjaciol-osob-niepelnosprawnych-nadzieja\/'>Kiermasz charytatywny dla Stowarzyszenia Rodzic\u00f3w i Przyjaci\u00f3\u0142 Os\u00f3b Niepe\u0142nosprawnych \u201eNadzieja\u201d. \u00a0<\/a><\/h2><p style=\"text-align: right;\">&#8222;<strong>Prawdziw\u0105 si\u0142\u0105 cz\u0142owieka jest jego wra\u017cliwo\u015b\u0107<\/strong>&#8222;<\/p>\n<p style=\"text-align: right;\">Bruno Ferrero<\/p>\n<p>&nbsp;<\/p>\n<p style=\"text-align: justify;\">W dniach 16 &#8211; 17 grudnia po raz kolejny w naszej szkole odby\u0142 si\u0119 kiermasz charytatywny dla Stowarzyszenia Rodzic\u00f3w i Przyjaci\u00f3\u0142 Os\u00f3b Niepe\u0142nosprawnych \u201eNadzieja\u201d. &nbsp;<\/p>\n<p style=\"text-align: justify;\">Pi\u0119knie udekorowane stoiska zach\u0119ca\u0142y do zakup\u00f3w. Przy wsp\u00f3\u0142pracy ca\u0142ej spo\u0142eczno\u015bci szkolnej \u2013...<a href='https:\/\/sp.tuchow.pl\/index.php\/2026\/01\/05\/kiermasz-charytatywny-dla-stowarzyszenia-rodzicow-i-przyjaciol-osob-niepelnosprawnych-nadzieja\/' class='pfpReadMore'>Read More &raquo;<\/a><div class='clear'><\/div><hr><\/div><div class='pfpItem entry-content'><h2 class='entry-title'><a href='https:\/\/sp.tuchow.pl\/index.php\/2025\/12\/19\/mikolajkowy-prezent-dla-biblioteki-szkolnej\/'>Miko\u0142ajkowy prezent dla biblioteki szkolnej<\/a><\/h2><img decoding=\"async\" src=\"https:\/\/sp.tuchow.pl\/wp-content\/uploads\/2025\/12\/WhatsApp-Image-2025-12-19-at-07.38.57-150x150.jpeg\" \/><p style=\"text-align: justify;\">Biblioteka naszej szko\u0142y otrzyma\u0142a paczk\u0119 pe\u0142n\u0105 <a href=\"https:\/\/tantis.pl\/gry-planszowe-c1263\">gier planszowych<\/a>, zabawek oraz drobnych upomink\u00f3w. Przekazane gry z pewno\u015bci\u0105 urozmaic\u0105 codzienn\u0105 prac\u0119 biblioteki oraz b\u0119d\u0105 atrakcyjn\u0105 form\u0105 sp\u0119dzania czasu dla uczni\u00f3w podczas przerw i zaj\u0119\u0107 dodatkowych.<\/p>\n<p style=\"text-align: justify;\">Paczk\u0119 przygotowa\u0142a <a href=\"https:\/\/tantis.pl\/\"><strong>ksi\u0119garnia internetowa Tantis<\/strong><\/a>. Serdecznie dzi\u0119kujemy, za przekazanie tak bogatego zestawu....<a href='https:\/\/sp.tuchow.pl\/index.php\/2025\/12\/19\/mikolajkowy-prezent-dla-biblioteki-szkolnej\/' class='pfpReadMore'>Read More &raquo;<\/a><div class='clear'><\/div><hr><\/div><div class='pfpItem entry-content'><h2 class='entry-title'><a href='https:\/\/sp.tuchow.pl\/index.php\/2025\/12\/18\/sprawozdanie-z-charytatywnego-koncertu-bozonarodzeniowego-nadzieja-wsrod-swiatel-betlejem\/'>Sprawozdanie z Charytatywnego Koncertu Bo\u017conarodzeniowego \u201eNadzieja w\u015br\u00f3d \u015bwiate\u0142 Betlejem\u201d<\/a><\/h2><p><span style=\"font-weight: 400;\">Sprawozdanie z Charytatywnego Koncertu Bo\u017conarodzeniowego \u201eNadzieja w\u015br\u00f3d \u015bwiate\u0142 Betlejem\u201d<\/span><\/p>\n<p style=\"text-align: justify;\"><span style=\"font-weight: 400;\">W dniu 16 grudnia 2025 roku w Domu Kultury w Tuchowie odby\u0142 si\u0119 Charytatywny Koncert Bo\u017conarodzeniowy, przygotowany przez uczni\u00f3w oraz nauczycieli Szko\u0142y Podstawowej w Tuchowie.<\/span><\/p>\n<p style=\"text-align: justify;\"><span style=\"font-weight: 400;\">Historia koncert\u00f3w si\u0119ga 2016 roku. Pierwsze wydarzenie by\u0142o...<a href='https:\/\/sp.tuchow.pl\/index.php\/2025\/12\/18\/sprawozdanie-z-charytatywnego-koncertu-bozonarodzeniowego-nadzieja-wsrod-swiatel-betlejem\/' class='pfpReadMore'>Read More &raquo;<\/a><div class='clear'><\/div><hr><\/div><div class='pfpItem entry-content'><h2 class='entry-title'><a href='https:\/\/sp.tuchow.pl\/index.php\/2025\/12\/17\/wyjazd-edukacyjny-uczniow-klas-7a-7b-i-7d-do-krakowa\/'>Wyjazd edukacyjny uczni\u00f3w klas 7a, 7b i 7d do Krakowa<\/a><\/h2><p style=\"text-align: justify;\" data-start=\"222\" data-end=\"475\">Uczniowie klas 7a, 7b i 7d naszej szko\u0142y uczestniczyli w wyj\u0105tkowej wycieczce edukacyjnej do Krakowa, podczas kt\u00f3rej mieli okazj\u0119 pozna\u0107 zar\u00f3wno fascynuj\u0105c\u0105 histori\u0119 lotnictwa, jak i bogate dziedzictwo kulturowe jednego z najwa\u017cniejszych miast w Polsce.<\/p>\n<p style=\"text-align: justify;\" data-start=\"477\" data-end=\"1127\">Pierwszym punktem programu by\u0142a wizyta w <strong data-start=\"518\"...<a href='https:\/\/sp.tuchow.pl\/index.php\/2025\/12\/17\/wyjazd-edukacyjny-uczniow-klas-7a-7b-i-7d-do-krakowa\/' class='pfpReadMore'>Read More &raquo;<\/a><div class='clear'><\/div><hr><\/div><div class='pfpItem entry-content'><h2 class='entry-title'><a href='https:\/\/sp.tuchow.pl\/index.php\/2025\/12\/17\/zyczenia-swiateczne-od-fundacji-gdy-liczy-sie-czas\/'>\u017byczenia \u015awi\u0105teczne od Fundacji \"Gdy Liczy si\u0119 Czas\"<\/a><\/h2><img loading=\"lazy\" decoding=\"async\" class=\"aligncenter size-full\" src=\"https:\/\/scontent-muc2-1.xx.fbcdn.net\/v\/t39.30808-6\/601498467_1440695081393585_4713100151678047217_n.jpg?_nc_cat=105&amp;ccb=1-7&amp;_nc_sid=127cfc&amp;_nc_ohc=fr290rQ8EMoQ7kNvwGual2A&amp;_nc_oc=AdnGfu3MDTY5RYfhl3r5I5e7JhVM0dNHflkmTqfvCwPUN9QGPCKeG-2CukM_TYQz3UU&amp;_nc_zt=23&amp;_nc_ht=scontent-muc2-1.xx&amp;_nc_gid=70FIMkSVsd1l2D427OElMA&amp;oh=00_AfnRoWWaE5nFEbNuVBhcZVAaed9l_6nKmVkg8SM2aL_aDA&amp;oe=6948EC1B\" width=\"945\" height=\"630\"><p><strong>\u017byczenia \u015awi\u0105teczne od Fundacji <\/strong><strong>&nbsp;&#8222;Gdy Liczy si\u0119 Czas&#8221;<\/strong><\/p>\n<p>Kochani, dobrzy Anio\u0142owie Fundacji \u201eGdy Liczy si\u0119 Czas\u201d.<\/p>\n<p style=\"text-align: justify;\">&nbsp;Z okazji nadchodz\u0105cych \u015awi\u0105t Bo\u017cego Narodzenia oraz Nowego Roku przesy\u0142amy Wam najserdeczniejsze \u017cyczenia pe\u0142ne ciep\u0142a, rado\u015bci i zdrowia. Niech ten wyj\u0105tkowy czas b\u0119dzie pe\u0142en u\u015bmiechu, magicznych chwil w gronie najbli\u017cszych oraz odrobiny spokoju i...<a href='https:\/\/sp.tuchow.pl\/index.php\/2025\/12\/17\/zyczenia-swiateczne-od-fundacji-gdy-liczy-sie-czas\/' class='pfpReadMore'>Read More &raquo;<\/a><div class='clear'><\/div><hr><\/div><div class='pfpItem entry-content'><h2 class='entry-title'><a href='https:\/\/sp.tuchow.pl\/index.php\/2025\/12\/17\/xiii-gminny-konkurs-swiatecznej-piosenki-obcojezycznej-2\/'>XIII Gminny Konkurs \u015awi\u0105tecznej Piosenki Obcoj\u0119zycznej<\/a><\/h2><p>\ud83c\udf84\ud83c\udfb6&nbsp;<strong>XIII Gminny Konkurs \u015awi\u0105tecznej Piosenki Obcoj\u0119zycznej&nbsp;<\/strong>&nbsp;\ud83c\udfb6\ud83c\udf84<\/p>\n<p>16 grudnia odby\u0142 si\u0119 XIII Gminny Konkurs \u015awi\u0105tecznej Piosenki Obcoj\u0119zycznej, kt\u00f3rego organizatorem by\u0142a&nbsp;nasza szko\u0142a oraz Do Kultury w Tuchowie. Patronat nad konkursem obj\u0119\u0142a Burmistrz Tuchowa Magdalena Marsza\u0142ek.<\/p>\n<p>Wydarzenie zgromadzi\u0142o 71 utalentowanych uczni\u00f3w z terenu gminy, kt\u00f3rzy zaprezentowali \u015bwi\u0105teczne piosenki w j\u0119zyku angielskim i niemieckim.<\/p>\n<p>Wyst\u0119py oceniane by\u0142y...<a href='https:\/\/sp.tuchow.pl\/index.php\/2025\/12\/17\/xiii-gminny-konkurs-swiatecznej-piosenki-obcojezycznej-2\/' class='pfpReadMore'>Read More &raquo;<\/a><div class='clear'><\/div><hr><\/div><div class='pfpItem entry-content'><h2 class='entry-title'><a href='https:\/\/sp.tuchow.pl\/index.php\/2025\/12\/17\/podziekowanie-za-udzial-w-zbiorce-mikolajkowej\/'>Podzi\u0119kowanie za udzia\u0142 w zbi\u00f3rce miko\u0142ajkowej<\/a><\/h2><img decoding=\"async\" class=\"an1\" draggable=\"false\" src=\"https:\/\/fonts.gstatic.com\/s\/e\/notoemoji\/16.0\/1f385\/32.png\" alt=\"\ud83c\udf85\" data-emoji=\"\ud83c\udf85\" aria-label=\"\ud83c\udf85\"><div>&nbsp;<b>Podzi\u0119kowanie za udzia\u0142 w zbi\u00f3rce miko\u0142ajkowej<\/b>&nbsp;<\/div>\n<p style=\"text-align: justify;\">Z ca\u0142ego serca pragniemy podzi\u0119kowa\u0107 wszystkim, kt\u00f3rzy w\u0142\u0105czyli si\u0119 w organizacj\u0119 i udzia\u0142 w&nbsp;<b>zbi\u00f3rce miko\u0142ajkowej<\/b>&nbsp;\u2013 Uczniom, Rodzicom, Nauczycielom oraz Pracownikom naszej szko\u0142y. Wasze ogromne zaanga\u017cowanie, wra\u017cliwo\u015b\u0107 i ch\u0119\u0107 niesienia pomocy po raz kolejny pokaza\u0142y, jak wielk\u0105 si\u0142\u0119 ma szkolna wsp\u00f3lnota.<\/p>\n<div style=\"text-align: justify;\">Dzi\u0119kujemy uczniom...<a href='https:\/\/sp.tuchow.pl\/index.php\/2025\/12\/17\/podziekowanie-za-udzial-w-zbiorce-mikolajkowej\/' class='pfpReadMore'>Read More &raquo;<\/a><div class='clear'><\/div><hr><\/div><div class='pfpItem entry-content'><h2 class='entry-title'><a href='https:\/\/sp.tuchow.pl\/index.php\/2025\/12\/16\/wycieczka-klas-osmych-do-muzeum-armii-krajowej-im-gen-emila-fieldorfa-nila-w-krakowie-4\/'>Wycieczka klas \u00f3smych do Muzeum Armii Krajowej im. gen. Emila Fieldorfa \u201eNila\u201d w Krakowie<\/a><\/h2><p style=\"text-align: justify;\">W grudniu uczniowie klas \u00f3smych uczestniczyli w wycieczce historycznej do Muzeum Armii Krajowej im. gen. Emila Fieldorfa \u201eNila\u201d w Krakowie. Wzi\u0119li udzia\u0142 w zaj\u0119ciach pt. \u201eZosta\u0144 asem wywiadu\u201d. W cz\u0119\u015bci warsztatowej poznali histori\u0119 cz\u0142onk\u00f3w Polskiego Pa\u0144stwa Podziemnego \u2013 Micha\u0142a Karaszewicza Tokarzewskiego,&nbsp; Honoraty Skarbek czy Kazimierza Leskiego. Nast\u0119pnie m\u0142odzie\u017c...<a href='https:\/\/sp.tuchow.pl\/index.php\/2025\/12\/16\/wycieczka-klas-osmych-do-muzeum-armii-krajowej-im-gen-emila-fieldorfa-nila-w-krakowie-4\/' class='pfpReadMore'>Read More &raquo;<\/a><div class='clear'><\/div><hr><\/div><div class='pfpItem entry-content'><h2 class='entry-title'><a href='https:\/\/sp.tuchow.pl\/index.php\/2025\/12\/15\/luty-z-cukierkiem-ksiazki-z-pazurem\/'>LUTY Z CUKIERKIEM \u2013 KSI\u0104\u017bKI Z PAZUREM!<\/a><\/h2><img loading=\"lazy\" decoding=\"async\" class=\"aligncenter size-full\" src=\"https:\/\/scontent-vie1-1.xx.fbcdn.net\/v\/t39.30808-6\/600263865_1439071154889311_4315963113731583419_n.jpg?_nc_cat=110&amp;ccb=1-7&amp;_nc_sid=127cfc&amp;_nc_ohc=EVKoYPlMiPIQ7kNvwFtrsgm&amp;_nc_oc=Adlv3HQql0SKU8ICWheXKdlN8BDiX3OdU6EirtOjcVcdGkj32n9RAsYHopjPah7dWnE&amp;_nc_zt=23&amp;_nc_ht=scontent-vie1-1.xx&amp;_nc_gid=QwIduQNb4zi_iJ5TVgtg3A&amp;oh=00_Afmgc5PM7FqfrHQvhJ5DL3PGvDLbvLKHCcMm5kFVzU7Phg&amp;oe=69461FC1\" width=\"582\" height=\"727\"><p><span style=\"color: #ff0000;\">LUTY Z CUKIERKIEM \u2013 KSI\u0104\u017bKI Z PAZUREM!<\/span><\/p>\n<p style=\"text-align: justify;\">W lutym klasy drugie naszej szko\u0142y wezm\u0105 udzia\u0142 w akcji \u201eKsi\u0105\u017cki z pazurem\u201d organizowanej przez Wydawnictwo \u017bwakowskie. Celem akcji jest promocja czytelnictwa i pozytywnych wzorc\u00f3w zachowa\u0144, oparta na przygodach Kota Cukierka z serii ksi\u0105\u017cek Waldemara Cichonia. Zach\u0119camy uczni\u00f3w klas drugich...<a href='https:\/\/sp.tuchow.pl\/index.php\/2025\/12\/15\/luty-z-cukierkiem-ksiazki-z-pazurem\/' class='pfpReadMore'>Read More &raquo;<\/a><div class='clear'><\/div><hr><\/div><div class='pfpItem entry-content'><h2 class='entry-title'><a href='https:\/\/sp.tuchow.pl\/index.php\/2025\/12\/10\/kiermasz-bozonarodzeniowy-3\/'>Kiermasz bo\u017conarodzeniowy<\/a><\/h2><h4 style=\"text-align: center;\">Drodzy Rodzice!!!<\/h4>\n<h4 style=\"text-align: center;\"><strong>17 i 18 grudnia 2025r. tj. \u015broda, czwartek<\/strong> odb\u0119dzie si\u0119 kiermasz, w czasie kt\u00f3rego b\u0119d\u0105 sprzedawane w\u0142asnor\u0119cznie wykonane ozdoby bo\u017conarodzeniowe, kartki , stroiki , s\u0142odycze, pierniczki, malowanki, ksi\u0105\u017ceczki o tematyce \u015bwi\u0105tecznej.<br \/>\nChcieliby\u015bmy Pa\u0144stwa zach\u0119ci\u0107, a jednocze\u015bnie gor\u0105co poprosi\u0107, aby w\u0142\u0105czyli si\u0119 Pa\u0144stwo w czynny udzia\u0142...<a href='https:\/\/sp.tuchow.pl\/index.php\/2025\/12\/10\/kiermasz-bozonarodzeniowy-3\/' class='pfpReadMore'>Read More &raquo;<\/a><div class='clear'><\/div><hr><\/div><div class='pfpItem entry-content'><h2 class='entry-title'><a href='https:\/\/sp.tuchow.pl\/index.php\/2025\/12\/09\/wycieka-klas-szostych-do-tynca-i-krakowa\/'>Wycieka klas sz\u00f3stych do Ty\u0144ca i Krakowa<\/a><\/h2><p style=\"text-align: justify;\">9 grudnia uczniowie klasy 6 a oraz 6 b wraz z opiekunami pojechali na miko\u0142ajkow\u0105 wycieczk\u0119 do Krakowa. Na miejscu czeka\u0142y na nich niezwyk\u0142e atrakcje. &nbsp;W Opactwie Benedyktyn\u00f3w w Ty\u0144cu, wzi\u0119li udzia\u0142 w warsztatach pt. \u201e W \u015bredniowiecznym skryptorium\u201d.&nbsp; Przede wszystkim podczas zwiedzania wybranych pomieszcze\u0144 klasztornych zaznajomili si\u0119...<a href='https:\/\/sp.tuchow.pl\/index.php\/2025\/12\/09\/wycieka-klas-szostych-do-tynca-i-krakowa\/' class='pfpReadMore'>Read More &raquo;<\/a><div class='clear'><\/div><hr><\/div><div class='pfpItem entry-content'><h2 class='entry-title'><a href='https:\/\/sp.tuchow.pl\/index.php\/2025\/12\/07\/w-teatrze\/'>W teatrze \u2026<\/a><\/h2><p style=\"text-align: justify;\"><strong>W listopadzie uczniowie klasy 6a i 8b uczestniczyli w wyjazdach do Tarnowa, gdzie w auli Akademii Tarnowskiej obejrzeli przedstawienia w wykonaniu Narodowego Teatru Edukacji z Wroc\u0142awia. <\/strong><\/p>\n<p style=\"text-align: justify;\">W recenzji spektaklu ,,Samotni w t\u0142umie\u2019\u2019 czytamy: <em>Lawinowy rozw\u00f3j techniki i coraz szybsze tempo \u017cycia zmuszaj\u0105 nas do ucieczki w...<a href='https:\/\/sp.tuchow.pl\/index.php\/2025\/12\/07\/w-teatrze\/' class='pfpReadMore'>Read More &raquo;<\/a><div class='clear'><\/div><hr><\/div><div class='pfpItem entry-content'><h2 class='entry-title'><a href='https:\/\/sp.tuchow.pl\/index.php\/2025\/11\/27\/zbiorka-mikolajkowa-2025\/'>ZBI\u00d3RKA MIKO\u0141AJKOWA 2025<\/a><\/h2><img loading=\"lazy\" decoding=\"async\" class=\"aligncenter size-full\" src=\"https:\/\/scontent-muc2-1.xx.fbcdn.net\/v\/t39.30808-6\/589946719_1424318366364590_6134343776479998559_n.jpg?_nc_cat=100&amp;ccb=1-7&amp;_nc_sid=127cfc&amp;_nc_ohc=3IdPXTqpGVYQ7kNvwFeTRG7&amp;_nc_oc=Adn83J6NOdPteWBVPez0s7IWOrk_YsAdrJ7aBREzXLP7UlSZUKrI_PAPb8xq0rIxN8o&amp;_nc_zt=23&amp;_nc_ht=scontent-muc2-1.xx&amp;_nc_gid=7p1kTYHrhGxYwWpbp25Vng&amp;oh=00_AfjBJHEb6JUoSn_adTQD-anXzWaHIv9GLOpz7c0sJeW3ow&amp;oe=692E4C01\" width=\"1449\" height=\"2048\"><p style=\"text-align: justify;\">Zwracamy si\u0119 z pro\u015bb\u0105 o w\u0142\u0105czenie si\u0119 w Zbi\u00f3rk\u0119 Miko\u0142ajkow\u0105 dla Ma\u0142opolskiego Hospicjum dla Dzieci oraz Domu Samotnej Matki w Tarnowie. W tym wyj\u0105tkowym, \u015bwi\u0105tecznym czasie pami\u0119tajmy o chorych i bezdomnych dzieciach, kt\u00f3re przez ca\u0142y rok z nadziej\u0105 czekaj\u0105 na wizyt\u0119 Miko\u0142aja.<\/p>\n<p style=\"text-align: justify;\">Aby ka\u017cde z nich mog\u0142o...<a href='https:\/\/sp.tuchow.pl\/index.php\/2025\/11\/27\/zbiorka-mikolajkowa-2025\/' class='pfpReadMore'>Read More &raquo;<\/a><div class='clear'><\/div><hr><\/div><div class='pfpItem entry-content'><h2 class='entry-title'><a href='https:\/\/sp.tuchow.pl\/index.php\/2025\/11\/26\/szkolny-konkurs-swiatecznej-piosenki-obcojezycznej-3\/'>Szkolny Konkurs \u015awi\u0105tecznej Piosenki Obcoj\u0119zycznej<\/a><\/h2><img decoding=\"async\" class=\"an1\" draggable=\"false\" src=\"https:\/\/fonts.gstatic.com\/s\/e\/notoemoji\/16.0\/1f384\/32.png\" alt=\"\ud83c\udf84\" data-emoji=\"\ud83c\udf84\" aria-label=\"\ud83c\udf84\"><h4 style=\"text-align: center;\">Drodzy uczniowie,<\/h4>\n<h4 style=\"text-align: center;\">&nbsp;zapraszamy do wzi\u0119cia udzia\u0142u<b>&nbsp;<\/b>w&nbsp;<span style=\"color: #339966;\"><b>Szkolnym Konkursie \u015awi\u0105tecznej Piosenki Obcoj\u0119zycznej!<\/b><\/span>&nbsp;<\/h4>\n<h4 style=\"text-align: center;\">Je\u015bli lubisz \u015bpiewa\u0107 i chcesz poczu\u0107 \u015bwi\u0105teczny klimat \u2014 do\u0142\u0105cz do konkursu!<\/h4>\n<h4 style=\"text-align: center;\">Najlepsze 3 osoby z ka\u017cdej kategorii awansuj\u0105 do Gminnego Konkursu \u015awi\u0105tecznej Piosenki Obcoj\u0119zycznej.<\/h4>\n<h4 style=\"text-align: center;\">&nbsp;<\/h4>\n<h4 style=\"text-align: center;\">Zg\u0142oszenia u nauczycieli j\u0119zyka angielskiego...<a href='https:\/\/sp.tuchow.pl\/index.php\/2025\/11\/26\/szkolny-konkurs-swiatecznej-piosenki-obcojezycznej-3\/' class='pfpReadMore'>Read More &raquo;<\/a><div class='clear'><\/div><hr><\/div><div class='pfpItem entry-content'><h2 class='entry-title'><a href='https:\/\/sp.tuchow.pl\/index.php\/2025\/11\/26\/swiatowy-dzien-tabliczki-mnozenia-3\/'>\u015awiatowy Dzie\u0144 Tabliczki Mno\u017cenia<\/a><\/h2><p style=\"text-align: justify;\">W dniach 20\u201321 listopada w naszej szkole obchodzili\u015bmy \u015awiatowy Dzie\u0144 Tabliczki Mno\u017cenia. Do zmaga\u0144 z \u201ekr\u00f3low\u0105 nauk\u201d m\u0142odzie\u017c z klasy 8a &nbsp;zach\u0119ci\u0142a mieszka\u0144c\u00f3w miasta. Spo\u0142eczno\u015b\u0107 tuchowska ch\u0119tnie rozwi\u0105zywa\u0142a&nbsp; matematyczne \u0142amig\u0142\u00f3wki, a spotkanie z m\u0142odzie\u017c\u0105 by\u0142o okazj\u0105 do dialogu mi\u0119dzypokoleniowego. W tych dniach r\u00f3wnie\u017c okolice Miejskiej Biblioteki Publicznej w...<a href='https:\/\/sp.tuchow.pl\/index.php\/2025\/11\/26\/swiatowy-dzien-tabliczki-mnozenia-3\/' class='pfpReadMore'>Read More &raquo;<\/a><div class='clear'><\/div><hr><\/div><div class='pfpItem entry-content'><h2 class='entry-title'><a href='https:\/\/sp.tuchow.pl\/index.php\/2025\/11\/26\/andrzejkowe-wrozby-literackie\/'>Andrzejkowe wr\u00f3\u017cby literackie<\/a><\/h2><h4 style=\"text-align: center;\"><strong>Biblioteka szkolna zaprasza uczni\u00f3w <\/strong><\/h4>\n<h4 style=\"text-align: center;\"><strong>na <span style=\"color: #ff0000;\">Andrzejkowe wr\u00f3\u017cby literackie <\/span><\/strong><\/h4>\n<h4 style=\"text-align: center;\"><strong>w dniach 27 i 28 listopada 2025roku.<\/strong><\/h4>\n<h4 style=\"text-align: center;\"><strong>Nale\u017cy przyj\u015b\u0107 do biblioteki, wypo\u017cyczy\u0107 ksi\u0105\u017ck\u0119, wylosowa\u0107 wr\u00f3\u017cb\u0119. <\/strong><\/h4>\n<h4 style=\"text-align: center;\"><strong>Wr\u00f3\u017cb\u0119 mo\u017cna pi\u0119knie przepisa\u0107 do zeszytu j\u0119zyka polskiego, za co b\u0119dzie mo\u017cna otrzyma\u0107 plusika &nbsp;\ud83d\ude42 <\/strong><strong>.<\/strong><\/h4>\n...<a href='https:\/\/sp.tuchow.pl\/index.php\/2025\/11\/26\/andrzejkowe-wrozby-literackie\/' class='pfpReadMore'>Read More &raquo;<\/a><div class='clear'><\/div><hr><\/div><div class='pfpItem entry-content'><h2 class='entry-title'><a href='https:\/\/sp.tuchow.pl\/index.php\/2025\/11\/24\/tam-gdzie-bajki-ozywaja\/'>\u201eTam, gdzie bajki o\u017cywaj\u0105\u201d<\/a><\/h2><p style=\"text-align: justify;\">Klasy 1a i 1b sp\u0119dzi\u0142y wyj\u0105tkowy czas w Europejskim Centrum Bajki w Pacanowie, gdzie przenios\u0142y si\u0119 do magicznego \u015bwiata bohater\u00f3w z ulubionych opowie\u015bci. Uczniowie zwiedzali bajkowe krainy, brali udzia\u0142 w interaktywnych zabawach i odkrywali kolejne tajemnice ba\u015bniowego labiryntu. Du\u017co rado\u015bci sprawi\u0142o spotkanie z Kozio\u0142kiem Mato\u0142kiem, kt\u00f3ry poprowadzi\u0142 dzieci...<a href='https:\/\/sp.tuchow.pl\/index.php\/2025\/11\/24\/tam-gdzie-bajki-ozywaja\/' class='pfpReadMore'>Read More &raquo;<\/a><div class='clear'><\/div><hr><\/div><div class='pfpItem entry-content'><h2 class='entry-title'><a href='https:\/\/sp.tuchow.pl\/index.php\/2025\/11\/24\/pasowanie-na-czytelnikow\/'>Pasowanie na czytelnik\u00f3w.<\/a><\/h2><p>W naszej szkole sta\u0142o si\u0119 co\u015b naprawd\u0119 wyj\u0105tkowego!<\/p>\n<p>Uczniowie klas pierwszych zostali uroczy\u015bcie \u2013 i bardzo odwa\u017cnie \u2013 pasowani na czytelnik\u00f3w. Od 21 listopada 2025 mog\u0105 oficjalnie wypo\u017cycza\u0107 ksi\u0105\u017cki, podziwia\u0107 ich zapach, przewraca\u0107 kartki z pr\u0119dko\u015bci\u0105 \u015bwiat\u0142a i odkrywa\u0107 \u015bwiaty, w kt\u00f3rych nawet nauczyciele czasem si\u0119 gubi\u0105.<\/p>\n<p>Pierwszaki zda\u0142y wszystkie \u201eegzaminy ksi\u0105\u017ckowe\u201d:<\/p>\n<p>\u2013...<a href='https:\/\/sp.tuchow.pl\/index.php\/2025\/11\/24\/pasowanie-na-czytelnikow\/' class='pfpReadMore'>Read More &raquo;<\/a><div class='clear'><\/div><hr><\/div><div class='pfpItem entry-content'><h2 class='entry-title'><a href='https:\/\/sp.tuchow.pl\/index.php\/2025\/11\/24\/i-kiermasz-ksiazek\/'>I Kiermasz ksi\u0105\u017cek<\/a><\/h2><h3 style=\"text-align: center;\">Biblioteka szkolna i Rada Rodzic\u00f3w zapraszaj\u0105<\/h3>\n<h3 style=\"text-align: center;\">uczni\u00f3w na<\/h3>\n<h3 style=\"text-align: center;\">I Kiermasz ksi\u0105\u017cek, kt\u00f3ry odb\u0119dzie si\u0119<\/h3>\n<h3 style=\"text-align: center;\"><span style=\"color: #ff0000;\">3 i 4 grudnia 2025 roku<\/span><br \/>\nw czytelni biblioteki szkolnej<br \/>\nw godzinach od <span style=\"color: #ff0000;\">9.00- 11.30.<\/span><\/h3>\n<h3 style=\"text-align: center;\">Ka\u017cdy mo\u017ce znale\u017a\u0107 co\u015b dla siebie!<\/h3>\n<h3 style=\"text-align: center;\">Ksi\u0105\u017ceczki o tematyce \u015bwi\u0105tecznej,...<a href='https:\/\/sp.tuchow.pl\/index.php\/2025\/11\/24\/i-kiermasz-ksiazek\/' class='pfpReadMore'>Read More &raquo;<\/a><div class='clear'><\/div><hr><\/div><div class='pfpItem entry-content'><h2 class='entry-title'><a href='https:\/\/sp.tuchow.pl\/index.php\/2025\/11\/22\/szkolenie-proobronne-z-udzialem-wojsk-obrony-terytorialnej-w-naszej-szkole\/'>Szkolenie proobronne z udzia\u0142em Wojsk Obrony Terytorialnej w naszej szkole<\/a><\/h2><p style=\"text-align: justify;\" data-start=\"42\" data-end=\"320\">W naszej szkole odby\u0142o si\u0119 specjalistyczne szkolenie proobronne przeprowadzone przez \u017co\u0142nierzy Wojsk Obrony Terytorialnej. W zaj\u0119ciach uczestniczyli uczniowie klas \u00f3smych, kt\u00f3rzy mieli okazj\u0119 zdoby\u0107 praktyczn\u0105 i teoretyczn\u0105 wiedz\u0119 z zakresu bezpiecze\u0144stwa i obronno\u015bci.<\/p>\n<p style=\"text-align: justify;\" data-start=\"322\" data-end=\"615\">G\u0142\u00f3wnym celem programu by\u0142o podniesienie \u015bwiadomo\u015bci m\u0142odzie\u017cy w obszarze bezpiecze\u0144stwa,...<a href='https:\/\/sp.tuchow.pl\/index.php\/2025\/11\/22\/szkolenie-proobronne-z-udzialem-wojsk-obrony-terytorialnej-w-naszej-szkole\/' class='pfpReadMore'>Read More &raquo;<\/a><div class='clear'><\/div><hr><\/div><div class='pfpItem entry-content'><h2 class='entry-title'><a href='https:\/\/sp.tuchow.pl\/index.php\/2025\/11\/19\/swiatowy-dzien-tabliczki-mnozenia-2\/'>\u015awiatowy Dzie\u0144 Tabliczki Mno\u017cenia\u00a0<\/a><\/h2><img loading=\"lazy\" decoding=\"async\" class=\"alignnone size-full\" src=\"https:\/\/scontent-waw2-1.xx.fbcdn.net\/v\/t39.30808-6\/584808716_1417269453736148_491336664521155770_n.jpg?_nc_cat=111&amp;ccb=1-7&amp;_nc_sid=127cfc&amp;_nc_ohc=CkYa6nrW-UYQ7kNvwElQn9I&amp;_nc_oc=AdmaO9pLKKlGKiLN8Lw652JMcTT0Jv_Xofm0sv9VqqyfYjZ9VlEx6zaCaGY37IhCpnZOHfdylDyexUGN9MfYS5Oo&amp;_nc_zt=23&amp;_nc_ht=scontent-waw2-1.xx&amp;_nc_gid=_HW2qTV2ncqVOX5hYmq6SA&amp;oh=00_AfivCcfFbqnEXgRQZLJT5E-LQistZri8eivNeLWsDSPDRA&amp;oe=6923777B\" width=\"1080\" height=\"1025\"><p dir=\"ltr\" style=\"text-align: justify;\">21 listopada w naszej szkole obchodzimy \u015awiatowy Dzie\u0144 Tabliczki Mno\u017cenia.<\/p>\n<p dir=\"ltr\" style=\"text-align: justify;\">W tym dniu uczniowie b\u0119d\u0105 mogli zmierzy\u0107 si\u0119 z \u0142amig\u0142\u00f3wkami matematycznymi. W sali 16, podczas przerw, ka\u017cdy uczestnik wylosuje dla siebie jedno zadanie. Czas na rozwi\u0105zanie \u0142amig\u0142\u00f3wki to 5 min. Dok\u0142adny regulamin&nbsp;zabawy b\u0119dzie wywieszony przed...<a href='https:\/\/sp.tuchow.pl\/index.php\/2025\/11\/19\/swiatowy-dzien-tabliczki-mnozenia-2\/' class='pfpReadMore'>Read More &raquo;<\/a><div class='clear'><\/div><hr><\/div><div class='pfpItem entry-content'><h2 class='entry-title'><a href='https:\/\/sp.tuchow.pl\/index.php\/2025\/11\/18\/od-kwiatka-do-swieczki-magiczna-podroz-pszczelego-wosku-relacja-ze-spotkania-z-panem-marianem-zychem\/'>Od kwiatka do \u015bwieczki \u2013 magiczna podr\u00f3\u017c pszczelego wosku. \u00a0Relacja ze spotkania z Panem Marianem Zychem.<\/a><\/h2><p style=\"text-align: justify;\">Dyrektor naszej szko\u0142y \u2013 Pan J\u00f3zef Wzorek-&nbsp; we wsp\u00f3\u0142pracy z Ko\u0142em Pszczelarzy w Tuchowie zaprosi\u0142 do klasy 5A specjalnego go\u015bcia \u2013 pana Mariana Zycha, kt\u00f3ry na co dzie\u0144 zajmuje si\u0119 hodowl\u0105 pszcz\u00f3\u0142 i produkcj\u0105 miodu. Ju\u017c od pierwszych minut s\u0142uchali\u015bmy jego opowie\u015bci z ogromnym zaciekawieniem. Pan pszczelarz pokaza\u0142...<a href='https:\/\/sp.tuchow.pl\/index.php\/2025\/11\/18\/od-kwiatka-do-swieczki-magiczna-podroz-pszczelego-wosku-relacja-ze-spotkania-z-panem-marianem-zychem\/' class='pfpReadMore'>Read More &raquo;<\/a><div class='clear'><\/div><hr><\/div><div class='pfpItem entry-content'><h2 class='entry-title'><a href='https:\/\/sp.tuchow.pl\/index.php\/2025\/11\/16\/obchody-narodowego-swieta-niepodleglosci-w-szkole-podstawowej-im-st-staszica-w-tuchowie\/'>\u00a0Obchody Narodowego \u015awi\u0119ta Niepodleg\u0142o\u015bci w Szkole Podstawowej im. St. Staszica w Tuchowie.<\/a><\/h2><p style=\"text-align: justify;\">12 listopada odby\u0142a si\u0119 wyj\u0105tkowa akademia z okazji Narodowego \u015awi\u0119ta Niepodleg\u0142o\u015bci. By\u0142a ona inna od dotychczasowych. W tym roku uczniowie wraz z nauczycielami przygotowali spektakl inspirowany dramatem Stanis\u0142awa Wyspia\u0144skiego <em>\u201eWesele\u201d<\/em>. Pomys\u0142 nawi\u0105zywa\u0142 do symboliki utworu, kt\u00f3ry od lat stanowi jedno z najwa\u017cniejszych dzie\u0142 ukazuj\u0105cych polskie marzenia o wolno\u015bci,...<a href='https:\/\/sp.tuchow.pl\/index.php\/2025\/11\/16\/obchody-narodowego-swieta-niepodleglosci-w-szkole-podstawowej-im-st-staszica-w-tuchowie\/' class='pfpReadMore'>Read More &raquo;<\/a><div class='clear'><\/div><hr><\/div><div class='pfpItem entry-content'><h2 class='entry-title'><a href='https:\/\/sp.tuchow.pl\/index.php\/2025\/11\/14\/xiii-gminny-konkurs-swiatecznej-piosenki-obcojezycznej\/'>XIII Gminny Konkurs \u015awi\u0105tecznej Piosenki Obcoj\u0119zycznej<\/a><\/h2><p style=\"font-weight: 400;\">Szanowni Pa\u0144stwo,<\/p>\n<p style=\"font-weight: 400; text-align: justify;\">ju\u017c po raz trzynasty mamy zaszczyt zaprosi\u0107 uczni\u00f3w oraz nauczycieli do wzi\u0119cia udzia\u0142u w Gminnym Konkursie \u015awi\u0105tecznej Piosenki Obcoj\u0119zycznej, kt\u00f3ry odb\u0119dzie si\u0119&nbsp;<strong>16 grudnia 2025<\/strong>&nbsp;r. w tuchowskim Domu Kultury&nbsp;<strong>o godzinie 9:00<\/strong>.<\/p>\n<p style=\"font-weight: 400; text-align: justify;\">W za\u0142\u0105czeniu przesy\u0142amy regulamin, kart\u0119 zg\u0142oszenia oraz zgod\u0119 na przetwarzanie...<a href='https:\/\/sp.tuchow.pl\/index.php\/2025\/11\/14\/xiii-gminny-konkurs-swiatecznej-piosenki-obcojezycznej\/' class='pfpReadMore'>Read More &raquo;<\/a><div class='clear'><\/div><hr><\/div><div class='pfpItem entry-content'><h2 class='entry-title'><a href='https:\/\/sp.tuchow.pl\/index.php\/2025\/11\/13\/slubowanie-uczniow-klas-pierwszych\/'>\u015alubowanie Uczni\u00f3w Klas Pierwszych<\/a><\/h2><p style=\"text-align: justify;\">30 pa\u017adziernika 2025 roku odby\u0142a si\u0119 uroczysto\u015b\u0107 \u015alubowania Uczni\u00f3w Klas Pierwszych.&nbsp; &nbsp;To wyj\u0105tkowe wydarzenie, podczas kt\u00f3rego najm\u0142odsi uczniowie zostali oficjalnie przyj\u0119ci do spo\u0142eczno\u015bci szkolnej. W tym roku pierwszoklasi\u015bci zabrali nas w niezwyk\u0142\u0105 podr\u00f3\u017c po krainie j\u0119zyka polskiego, matematyki, muzyki, wychowania fizycznego, przyrody i bezpiecze\u0144stwa. Swoim wyst\u0119pem pokazali, \u017ce...<a href='https:\/\/sp.tuchow.pl\/index.php\/2025\/11\/13\/slubowanie-uczniow-klas-pierwszych\/' class='pfpReadMore'>Read More &raquo;<\/a><div class='clear'><\/div><hr><\/div><div class='pfpItem entry-content'><h2 class='entry-title'><a href='https:\/\/sp.tuchow.pl\/index.php\/2025\/11\/12\/od-oleandrow-do-lowczowka\/'>\u201eOd Oleandr\u00f3w do \u0141owcz\u00f3wka\u201d<\/a><\/h2><p style=\"font-weight: 400; text-align: justify;\">4 listopada 2025 roku odby\u0142a si\u0119 XX edycja Konkursu Historycznego \u201eOd Oleandr\u00f3w do \u0141owcz\u00f3wka\u201d, organizowanego przez Centrum&nbsp; Kszta\u0142cenia Zawodowego i Ustawicznego w Tuchowie. Celem konkursu by\u0142o uczczenie Narodowego \u015awi\u0119ta Niepodleg\u0142o\u015bci oraz przybli\u017cenie tematyki I wojny \u015bwiatowej i &nbsp;bitwy pod \u0141owcz\u00f3wkiem. Konkurs odbywa si\u0119 w dw\u00f3ch kategoriach-...<a href='https:\/\/sp.tuchow.pl\/index.php\/2025\/11\/12\/od-oleandrow-do-lowczowka\/' class='pfpReadMore'>Read More &raquo;<\/a><div class='clear'><\/div><hr><\/div><div class='pfpItem entry-content'><h2 class='entry-title'><a href='https:\/\/sp.tuchow.pl\/index.php\/2025\/11\/05\/mlegitymacja-junior\/'>mLegitymacja Junior<\/a><\/h2><p style=\"text-align: justify;\">Od 15 wrze\u015bnia 2025 r. w polskich szko\u0142ach zacz\u0119\u0142a obowi\u0105zywa\u0107 nowa wersja mLegitymacja Junior \u2013 cyfrowa wersja legitymacji szkolnej, kt\u00f3ra jest dost\u0119pna w aplikacji mobilnej mObywatel. Jest to nowoczesne i wygodne rozwi\u0105zanie, kt\u00f3re zast\u0105pi tradycyjne legitymacje papierowe.<\/p>\n<p style=\"text-align: justify;\"><strong>Co to jest mLegitymacja Junior?<\/strong><\/p>\n<p style=\"text-align: justify;\">mLegitymacja Junior to cyfrowa...<a href='https:\/\/sp.tuchow.pl\/index.php\/2025\/11\/05\/mlegitymacja-junior\/' class='pfpReadMore'>Read More &raquo;<\/a><div class='clear'><\/div><hr><\/div><div class='pfpItem entry-content'><h2 class='entry-title'><a href='https:\/\/sp.tuchow.pl\/index.php\/2025\/11\/03\/pomoc-dla-bezdomnych-zwierzat-6\/'>\u201ePomoc dla bezdomnych zwierz\u0105t\u201d\u00a0<\/a><\/h2><img loading=\"lazy\" decoding=\"async\" class=\"aligncenter size-full\" src=\"https:\/\/scontent-waw2-1.xx.fbcdn.net\/v\/t39.30808-6\/574617243_1402304951899265_1727114981652055476_n.jpg?stp=dst-jpg_p526x296_tt6&amp;_nc_cat=110&amp;ccb=1-7&amp;_nc_sid=127cfc&amp;_nc_ohc=axuqCmOiTpoQ7kNvwFn2pe4&amp;_nc_oc=Adk1LoVuIssEAuA-qTzlExtRKJf0cn_l2rzZbnR-uXzD-9YMtoeWmaykZreeelDhsruKYWAjNBEIwt4pc4fLzuF9&amp;_nc_zt=23&amp;_nc_ht=scontent-waw2-1.xx&amp;_nc_gid=LVsFbDbNTZdxIWLhkcawbQ&amp;oh=00_AfjThVZ2INvySDQqVYrRbgUjui89Tht9TOVD_fVwByYJxw&amp;oe=690E5CF4\" width=\"526\" height=\"951\"><p>Drodzy Uczniowie, Nauczyciele i Rodzice!<\/p>\n<p>Zapraszamy do udzia\u0142u w corocznej akcji \u201ePomoc dla bezdomnych zwierz\u0105t\u201d, kt\u00f3rej celem jest wsparcie azyl\u00f3w, dom\u00f3w tymczasowych i schroniska. Akcj\u0119 organizujemy we wsp\u00f3\u0142pracy z Towarzystwem Opieki nad Zwierz\u0119tami Odzia\u0142 w Skrzyszowie.<\/p>\n<p>Zima zbli\u017ca si\u0119 wielkimi krokami, a wiele czworonog\u00f3w potrzebuje naszej pomocy i ciep\u0142a.<\/p>\n<p><strong>Zbieramy:<\/strong><\/p>\n<p><strong>karm\u0119 dla ps\u00f3w i...<a href='https:\/\/sp.tuchow.pl\/index.php\/2025\/11\/03\/pomoc-dla-bezdomnych-zwierzat-6\/' class='pfpReadMore'>Read More &raquo;<\/a><div class='clear'><\/div><hr><\/div><div class='pfpItem entry-content'><h2 class='entry-title'><a href='https:\/\/sp.tuchow.pl\/index.php\/2025\/10\/30\/klasa-3a-z-wizyta-u-aborygenow\/'>Klasa 3a z wizyt\u0105 u Aborygen\u00f3w<\/a><\/h2><p>Mamy to! Wszystko zacz\u0119\u0142o si\u0119 w ubieg\u0142ym roku szkolnym. Poszli\u015bmy do Biblioteki Publicznej na bardzo ciekawe warsztaty. Biblioteka pi\u0119kna, nowa, z bardzo bogatym ksi\u0119gozbiorem, wi\u0119c po warsztatach wszystkie dzieci postanowi\u0142y wybra\u0107 sobie i po\u017cyczy\u0107 ksi\u0105\u017cki. Zaj\u0119cia trwa\u0142y 4 godziny, bo dzieci po wypo\u017cyczeniu ksi\u0105\u017cek rozsiad\u0142y si\u0119 w r\u00f3\u017cnych miejscach sali...<a href='https:\/\/sp.tuchow.pl\/index.php\/2025\/10\/30\/klasa-3a-z-wizyta-u-aborygenow\/' class='pfpReadMore'>Read More &raquo;<\/a><div class='clear'><\/div><hr><\/div><div class='pfpItem entry-content'><h2 class='entry-title'><a href='https:\/\/sp.tuchow.pl\/index.php\/2025\/10\/29\/vii-niepodleglosciowa-noc-w-muzeum-w-tuchowie\/'>VII Niepodleg\u0142o\u015bciowa Noc w Muzeum w Tuchowie<\/a><\/h2><img loading=\"lazy\" decoding=\"async\" class=\"aligncenter size-full\" src=\"https:\/\/scontent-waw2-1.xx.fbcdn.net\/v\/t39.30808-6\/571144908_1397531272376633_1845393684069802284_n.jpg?_nc_cat=109&amp;ccb=1-7&amp;_nc_sid=127cfc&amp;_nc_ohc=rJjtPudZujAQ7kNvwGIUUcc&amp;_nc_oc=AdkjVDQSBYqWbiVRgK-SnqvWJxB8BR03Mar3N1atOCCMlecJzbDbWRpT5kD4fwuNUC1rqfgLj9i3ctgZD6LRDYoU&amp;_nc_zt=23&amp;_nc_ht=scontent-waw2-1.xx&amp;_nc_gid=6qHqInE6zzNemHLEzr1x0g&amp;oh=00_AfcVbw7vYYl0OSotez8cm6thQdXpVrW6e2pUSqGqZrnMgg&amp;oe=69077186\" width=\"1448\" height=\"2048\"><p style=\"text-align: justify;\" data-start=\"480\" data-end=\"789\">Zapraszamy na wyj\u0105tkowe wydarzenie \u2013 <strong data-start=\"517\" data-end=\"555\">VII Niepodleg\u0142o\u015bciow\u0105 Noc w Muzeum<\/strong>, kt\u00f3ra odb\u0119dzie si\u0119 <strong data-start=\"576\" data-end=\"612\">7 listopada 2025 roku w Tuchowie<\/strong> w godz. <strong data-start=\"621\" data-end=\"636\">17.00\u201321.00<\/strong>. To niezwyk\u0142a okazja, by w wyj\u0105tkowej atmosferze muzealnych wn\u0119trz uczci\u0107 <strong data-start=\"711\" data-end=\"736\">\u015awi\u0119to Niepodleg\u0142o\u015bci<\/strong> i zanurzy\u0107 si\u0119 w...<a href='https:\/\/sp.tuchow.pl\/index.php\/2025\/10\/29\/vii-niepodleglosciowa-noc-w-muzeum-w-tuchowie\/' class='pfpReadMore'>Read More &raquo;<\/a><div class='clear'><\/div><hr><\/div><div class='pfpItem entry-content'><h2 class='entry-title'><a href='https:\/\/sp.tuchow.pl\/index.php\/2025\/10\/27\/pumpkins-day-wyniki-konkursu-2\/'>\u201ePUMPKIN\u2019S DAY \u2013 wyniki konkursu<\/a><\/h2><p>Z okazji Dnia Dyni (Pumpkin\u2019s Day) zosta\u0142 zorganizowany konkurs dla klas 1-3 na naj\u0142adniejsz\u0105 prac\u0119 z dyni. Do konkursu zg\u0142oszono ponad 70 prac! Jury mia\u0142o niezwykle trudne zadanie, ka\u017cda dynia by\u0142a jedyna w swoim rodzaju \u2013 dlatego postanowiono nie przyznawa\u0107 miejsc. Jury podzieli\u0142o prace na trzy kategorie: domek, posta\u0107 oraz...<a href='https:\/\/sp.tuchow.pl\/index.php\/2025\/10\/27\/pumpkins-day-wyniki-konkursu-2\/' class='pfpReadMore'>Read More &raquo;<\/a><div class='clear'><\/div><hr><\/div><div class='pfpItem entry-content'><h2 class='entry-title'><a href='https:\/\/sp.tuchow.pl\/index.php\/2025\/10\/19\/bohateron-wlacz-historie-kobiety-bohaterki\/'>BohaterON \u2013 w\u0142\u0105cz histori\u0119  Kobiety \u2013 Bohaterki<\/a><\/h2><p style=\"text-align: justify;\">Pe\u017cetki, sanitariuszki, kurierki oraz &nbsp;wiele innych wa\u017cnych funkcji pe\u0142ni\u0142y kobiety podczas powstania warszawskiego. Tegoroczna akcja <em>BohaterOn \u2013 w\u0142\u0105cz histori\u0119<\/em> zosta\u0142a po\u015bwi\u0119cona w\u0142a\u015bnie kobietom &#8211;&nbsp; bohaterkom, kt\u00f3re podczas powstania stanowi\u0142y oko\u0142o 20 procent uczestnik\u00f3w zrywu niepodleg\u0142o\u015bciowego. Wiele z nich zasili\u0142o szeregi Armii Krajowej, spora cz\u0119\u015b\u0107 organizowa\u0142a akcje sabota\u017cowe, przenosi\u0142a...<a href='https:\/\/sp.tuchow.pl\/index.php\/2025\/10\/19\/bohateron-wlacz-historie-kobiety-bohaterki\/' class='pfpReadMore'>Read More &raquo;<\/a><div class='clear'><\/div><hr><\/div><div class='pfpItem entry-content'><h2 class='entry-title'><a href='https:\/\/sp.tuchow.pl\/index.php\/2025\/10\/19\/wyjazd-klas-osmych-do-oswiecimia\/'>Wyjazd klas \u00f3smych do O\u015bwi\u0119cimia<\/a><\/h2><p style=\"text-align: justify;\">7 pa\u017adziernika 2025 roku klasy \u00f3sme wraz z opiekunami odwiedzi\u0142y Miejsce Pami\u0119ci i Muzeum Auschwitz \u2013 Birkenau. Uczniowie wys\u0142uchali przejmuj\u0105cych historii wi\u0119\u017ani\u00f3w, poznali ich osobiste dramaty, zobaczyli, w jakich nieludzkich warunkach \u017cyli. Pod \u015acian\u0105 \u015amierci tradycyjnie zapalili\u015bmy znicze, aby odda\u0107 ho\u0142d ofiarom hitlerowskiego okrucie\u0144stwa.&nbsp; Ogromne wra\u017cenie na m\u0142odzie\u017cy...<a href='https:\/\/sp.tuchow.pl\/index.php\/2025\/10\/19\/wyjazd-klas-osmych-do-oswiecimia\/' class='pfpReadMore'>Read More &raquo;<\/a><div class='clear'><\/div><hr><\/div><div class='pfpItem entry-content'><h2 class='entry-title'><a href='https:\/\/sp.tuchow.pl\/index.php\/2025\/10\/13\/podsumowanie-projektu-z-okazji-dnia-glosnego-czytania\/'>Podsumowanie projektu z okazji Dnia G\u0142o\u015bnego Czytania<\/a><\/h2><p style=\"text-align: justify;\">Z okazji Dnia G\u0142o\u015bnego Czytania uczniowie klas I\u2013III wzi\u0119li udzia\u0142 w wyj\u0105tkowym projekcie czytelniczo\u2013artystycznym, kt\u00f3rego celem by\u0142o rozwijanie mi\u0142o\u015bci do ksi\u0105\u017cek, wyobra\u017ani oraz tw\u00f3rczego dzia\u0142ania.<\/p>\n<p style=\"text-align: justify;\">Klasy pierwsze przygotowa\u0142y wspania\u0142e ilustracje do opowiadania \u201eMoja ty biedna Par\u00f3weczka\u201d. Dzieci z ogromnym zaanga\u017cowaniem przenios\u0142y na papier emocje i przygody bohater\u00f3w,...<a href='https:\/\/sp.tuchow.pl\/index.php\/2025\/10\/13\/podsumowanie-projektu-z-okazji-dnia-glosnego-czytania\/' class='pfpReadMore'>Read More &raquo;<\/a><div class='clear'><\/div><hr><\/div><div class='pfpItem entry-content'><h2 class='entry-title'><a href='https:\/\/sp.tuchow.pl\/index.php\/2025\/10\/07\/pumpkins-day-2\/'>\u201ePUMPKIN\u2019S DAY\u201d<\/a><\/h2><img loading=\"lazy\" decoding=\"async\" class=\"aligncenter size-full\" src=\"https:\/\/scontent-vie1-1.xx.fbcdn.net\/v\/t39.30808-6\/558108797_1376857437777350_3869622642522064447_n.jpg?_nc_cat=102&amp;ccb=1-7&amp;_nc_sid=127cfc&amp;_nc_ohc=1XVlEO1HujsQ7kNvwHwPVCR&amp;_nc_oc=AdnAloPbZc7yoJ67pQN5sRCSOiaHIkLfEue5Vxc2ch7x14-QCIwIjYHgyi9_zIO_lw4&amp;_nc_zt=23&amp;_nc_ht=scontent-vie1-1.xx&amp;_nc_gid=ozlwheGp7WimbST8pPW5Vw&amp;oh=00_Afdb9NA3okTWjZDTMQdE4M2lNAxUYNekrzPLQoIiu7Q04g&amp;oe=68EB4B6A\" width=\"1920\" height=\"1080\"><p class=\"Standard\" style=\"line-height: 150%;\">26. pa\u017adziernika obchodzony jest Dzie\u0144 Dyni (Pumpkin\u2019s Day). Z tej okazji zapraszamy wszystkich uczni\u00f3w klas 1-3 do udzia\u0142u w konkursie na naj\u0142adniejsz\u0105 prac\u0119 wykonan\u0105 z dyni.<\/p>\n<p class=\"Standard\" style=\"text-align: center; line-height: 150%;\" align=\"center\"><b><span style=\"font-size: 14.0pt; line-height: 150%;\">Regulamin konkursu na naj\u0142adniejsz\u0105 dyni\u0119<\/span><\/b><\/p>\n<p class=\"Standard\" style=\"line-height: 150%;\"><b>1. Organizatorem konkursu jest Szko\u0142a...<a href='https:\/\/sp.tuchow.pl\/index.php\/2025\/10\/07\/pumpkins-day-2\/' class='pfpReadMore'>Read More &raquo;<\/a><div class='clear'><\/div><hr><\/div><div class='pfpItem entry-content'><h2 class='entry-title'><a href='https:\/\/sp.tuchow.pl\/index.php\/2025\/09\/24\/sesja-fotograficzna-w-naszej-szkole\/'>Sesja fotograficzna w naszej szkole!<\/a><\/h2><img loading=\"lazy\" decoding=\"async\" class=\"aligncenter size-full\" src=\"https:\/\/scontent-vie1-1.xx.fbcdn.net\/v\/t39.30808-6\/554324719_1363961605733600_1281068113186821760_n.jpg?_nc_cat=104&amp;ccb=1-7&amp;_nc_sid=127cfc&amp;_nc_ohc=T6hDwkyxbncQ7kNvwE5I5lM&amp;_nc_oc=AdlqLKO2qaVUhTvatCcXvUlcCNAnm_ffZ1msD1_Ur1CxcYv4m7InriJQXYkLYAXNbxM&amp;_nc_zt=23&amp;_nc_ht=scontent-vie1-1.xx&amp;_nc_gid=m__Yra_nfWU52EX1Q55Ucg&amp;oh=00_AfaszDbjvuRKTAhs0EsdkO71pP7xgR-KahAJrVSuwTlW7Q&amp;oe=68D9A899\" width=\"1398\" height=\"2048\"><p data-start=\"0\" data-end=\"47\">\ud83d\udcf8 <strong data-start=\"3\" data-end=\"43\">Sesja fotograficzna w naszej szkole!<\/strong> \u2728<\/p>\n<p data-start=\"49\" data-end=\"167\">Informujemy, \u017ce w dniach <strong data-start=\"74\" data-end=\"94\">02\u201303.10.2025 r.<\/strong> odb\u0119dzie si\u0119 sesja fotograficzna dla wszystkich uczni\u00f3w naszej szko\u0142y.<\/p>\n<p data-start=\"169\" data-end=\"253\">\ud83d\udcc5 <strong data-start=\"172\" data-end=\"183\">Termin:<\/strong> 02\u201303.10.2025 r.<br data-start=\"200\" data-end=\"203\">\ud83c\udfeb <strong data-start=\"206\" data-end=\"218\">Miejsce:<\/strong> sala nr 2<br data-start=\"228\" data-end=\"231\">\ud83d\udcf7 <strong data-start=\"234\" data-end=\"251\">Zakres zdj\u0119\u0107:<\/strong><\/p>\n<ul...<a href='https:\/\/sp.tuchow.pl\/index.php\/2025\/09\/24\/sesja-fotograficzna-w-naszej-szkole\/' class='pfpReadMore'>Read More &raquo;<\/a><div class='clear'><\/div><hr><\/div><div class='pfpItem entry-content'><h2 class='entry-title'><a href='https:\/\/sp.tuchow.pl\/index.php\/2025\/09\/24\/wdzieczni-za-wsparcie-pomoc-dla-dzieci-z-ladka-zdroju-po-ubieglorocznej-powodzi\/'>Wdzi\u0119czni za wsparcie \u2013 pomoc dla dzieci z L\u0105dka-Zdroju po ubieg\u0142orocznej powodzi<\/a><\/h2><p>Szanowni Pa\u0144stwo,<\/p>\n<p>bardzo dzi\u0119kujemy za wsparcie i ogromne zaanga\u017cowanie w nasz\u0105 zbi\u00f3rk\u0119 przybor\u00f3w szkolnych dla dzieci z okolic L\u0105dka-Zdroju &#8211; miejsc dotkni\u0119tych ubieg\u0142oroczn\u0105 powodzi\u0105. Ilo\u015b\u0107 zebranych materia\u0142\u00f3w przeros\u0142a nasze naj\u015bmielsze oczekiwania, za co jeste\u015bmy niezmiernie wdzi\u0119czni. Wszystkie zebrane akcesoria zosta\u0142y posegregowane i w ostatni weekend przewiezione do siedziby Fundacji Inicjatyw Lokalnych...<a href='https:\/\/sp.tuchow.pl\/index.php\/2025\/09\/24\/wdzieczni-za-wsparcie-pomoc-dla-dzieci-z-ladka-zdroju-po-ubieglorocznej-powodzi\/' class='pfpReadMore'>Read More &raquo;<\/a><div class='clear'><\/div><hr><\/div><div class='pfpItem entry-content'><h2 class='entry-title'><a href='https:\/\/sp.tuchow.pl\/index.php\/2025\/09\/16\/narodowe-czytanie-poezji-jana-kochanowskiego-na-rynku-w-tuchowie\/'>Narodowe Czytanie poezji Jana Kochanowskiego na Rynku w Tuchowie<\/a><\/h2><img loading=\"lazy\" decoding=\"async\" class=\"aligncenter size-full\" src=\"https:\/\/scontent-vie1-1.xx.fbcdn.net\/v\/t39.30808-6\/547646763_1356714936458267_1909999634938715156_n.jpg?_nc_cat=109&amp;ccb=1-7&amp;_nc_sid=127cfc&amp;_nc_ohc=CC9M2d-iAgsQ7kNvwGEb9pm&amp;_nc_oc=AdnWMkjANNq_0rFt9U_PNmzRxt7Wb_EQAx1fgGxRk7IOganErkNFcUHiqPYYVjzWaWA&amp;_nc_zt=23&amp;_nc_ht=scontent-vie1-1.xx&amp;_nc_gid=2Pblkk_BGfu_7xkuujPH8g&amp;oh=00_Afa_A9PgTsXH5frdr8E8FuQbKw36UHBhCO07v_uly88-SA&amp;oe=68CF996A\" width=\"1131\" height=\"1600\"><p style=\"text-align: justify;\">Serdecznie zapraszamy wszystkich mieszka\u0144c\u00f3w Tuchowa i okolic do udzia\u0142u w wyj\u0105tkowym wydarzeniu literackim \u2013 Narodowym Czytaniu poezji Jana Kochanowskiego. Spotkanie odb\u0119dzie si\u0119 w sobot\u0119, 20 wrze\u015bnia bie\u017c\u0105cego roku, od godziny 9:00 na Rynku w Tuchowie.<\/p>\n<p style=\"text-align: justify;\">Podczas wydarzenia wsp\u00f3lnie odkryjemy pi\u0119kno i ponadczasowy charakter tw\u00f3rczo\u015bci Jana Kochanowskiego \u2013...<a href='https:\/\/sp.tuchow.pl\/index.php\/2025\/09\/16\/narodowe-czytanie-poezji-jana-kochanowskiego-na-rynku-w-tuchowie\/' class='pfpReadMore'>Read More &raquo;<\/a><div class='clear'><\/div><hr><\/div><div class='pfpItem entry-content'><h2 class='entry-title'><a href='https:\/\/sp.tuchow.pl\/index.php\/2025\/09\/15\/zaproszenie-do-dyktanda-niepodleglosciowego-po-polsku-o-historii\/'>Zaproszenie do Dyktanda Niepodleg\u0142o\u015bciowego \"Po polsku o historii\".<\/a><\/h2><img loading=\"lazy\" decoding=\"async\" class=\"aligncenter size-full\" src=\"https:\/\/scontent-vie1-1.xx.fbcdn.net\/v\/t39.30808-6\/548106357_1355772933219134_7483165869063998644_n.jpg?_nc_cat=102&amp;ccb=1-7&amp;_nc_sid=127cfc&amp;_nc_ohc=T49nYOxgZjEQ7kNvwGZHlvd&amp;_nc_oc=AdnAJYNJGfqdCadjgCI9OstwFfVijvaZxbq1IJBvPcfc90-FYyyMcLHczhX-ejvfScg&amp;_nc_zt=23&amp;_nc_ht=scontent-vie1-1.xx&amp;_nc_gid=fT7tz2zEB88SEFXRhEMM0Q&amp;oh=00_Afb2jUOYDX2_Epi_SmpM7T6J4rssPQagUDcWV1HyLM-1hw&amp;oe=68CE3B7B\" width=\"1448\" height=\"2048\"><p><\/p>\n...<a href='https:\/\/sp.tuchow.pl\/index.php\/2025\/09\/15\/zaproszenie-do-dyktanda-niepodleglosciowego-po-polsku-o-historii\/' class='pfpReadMore'>Read More &raquo;<\/a><div class='clear'><\/div><hr><\/div><div class='pfpItem entry-content'><h2 class='entry-title'><a href='https:\/\/sp.tuchow.pl\/index.php\/2025\/09\/05\/stypendium-i-zasilek-szkolny-nabor-wnioskow\/'>Stypendium i zasi\u0142ek szkolny \u2013 nab\u00f3r wniosk\u00f3w<\/a><\/h2><p data-start=\"186\" data-end=\"397\">Uczniowie szk\u00f3\u0142 oraz s\u0142uchacze kolegi\u00f3w pracownik\u00f3w s\u0142u\u017cb spo\u0142ecznych mog\u0105 ubiega\u0107 si\u0119 o <strong data-start=\"275\" data-end=\"297\">stypendium szkolne<\/strong> lub <strong data-start=\"302\" data-end=\"321\">zasi\u0142ek szkolny<\/strong>. Pomoc przys\u0142uguje osobom znajduj\u0105cym si\u0119 w trudnej sytuacji materialnej.<\/p>\n<p data-start=\"399\" data-end=\"435\">\ud83d\udcc5 <strong data-start=\"402\" data-end=\"433\">Terminy sk\u0142adania wniosk\u00f3w:<\/strong><\/p>\n<ul data-start=\"436\" data-end=\"622\">\n<li data-start=\"436\" data-end=\"485\">\n<p data-start=\"438\" data-end=\"485\">uczniowie szk\u00f3\u0142 \u2013 do <strong data-start=\"459\"...<a href='https:\/\/sp.tuchow.pl\/index.php\/2025\/09\/05\/stypendium-i-zasilek-szkolny-nabor-wnioskow\/' class='pfpReadMore'>Read More &raquo;<\/a><div class='clear'><\/div><hr><\/div><div class='pfpItem entry-content'><h2 class='entry-title'><a href='https:\/\/sp.tuchow.pl\/index.php\/2025\/08\/31\/nasza-szkola-dolacza-do-akcji-szkoly-pelne-talentow-z-lidl-polska\/'>Nasza szko\u0142a do\u0142\u0105cza do akcji \u201eSzko\u0142y Pe\u0142ne Talent\u00f3w\u201d z Lidl Polska!<\/a><\/h2><img loading=\"lazy\" decoding=\"async\" class=\"aligncenter size-full\" src=\"https:\/\/scontent-vie1-1.xx.fbcdn.net\/v\/t39.30808-6\/540261618_1342384617891299_7208540727795117341_n.jpg?stp=dst-jpg_s720x720_tt6&amp;_nc_cat=103&amp;ccb=1-7&amp;_nc_sid=127cfc&amp;_nc_ohc=eJl4yu0dioQQ7kNvwF-HIUm&amp;_nc_oc=AdnStI5ovWqAyj_fQxLqozH4E1sEb-cdLTXWjLoCqx1s8i3CW3smjzWTwf24hXHTzP4&amp;_nc_zt=23&amp;_nc_ht=scontent-vie1-1.xx&amp;_nc_gid=to75PIJxuUY3Vj1qjP2Rog&amp;oh=00_AfX46o8d-zrkZtuq_8y2Oajj4oH5sg-HooQthS9OKuVC9Q&amp;oe=68BA5CD2\" width=\"509\" height=\"720\"><p>Szanowni Pa\u0144stwo,<br \/>\nuprzejmie informujemy, \u017ce od 1 wrze\u015bnia 2025 roku nasza szko\u0142a bierze udzia\u0142 w og\u00f3lnopolskiej akcji \u201eSzko\u0142y Pe\u0142ne Talent\u00f3w\u201d (Talenciaki)&nbsp;organizowanej przez Lidl Polska.<br \/>\n<strong>&nbsp;Na czym to polega?<\/strong><br \/>\nPodczas zakup\u00f3w w sklepach Lidl mo\u017cna otrzyma\u0107 specjalne kupony \u2013 Talenciaki. Zebrane przez Pa\u0144stwa i przekazane naszej szkole punkty wymienimy p\u00f3\u017aniej na...<a href='https:\/\/sp.tuchow.pl\/index.php\/2025\/08\/31\/nasza-szkola-dolacza-do-akcji-szkoly-pelne-talentow-z-lidl-polska\/' class='pfpReadMore'>Read More &raquo;<\/a><div class='clear'><\/div><hr><\/div><div class='pfpItem entry-content'><h2 class='entry-title'><a href='https:\/\/sp.tuchow.pl\/index.php\/2025\/08\/29\/uroczyste-rozpoczecie-roku-szkolnego-2025-2026\/'>Uroczyste rozpocz\u0119cie roku szkolnego 2025\/2026<\/a><\/h2><p>Rozpocz\u0119cie roku szkolnego dla <strong>klas V &#8211; VIII<\/strong> odb\u0119dzie si\u0119 1 wrze\u015bnia 2025 r. o godzinie 9:00 w hali MOSiR. Msza \u015bwi\u0119ta dla uczni\u00f3w z tych oddzia\u0142\u00f3w b\u0119dzie odprawiona w Bazylice Mniejszej o godz. 8:00. Po Mszy \u015awi\u0119tej uczniowie udaj\u0105 si\u0119 do hali MOSiR pod opiek\u0105 wychowawc\u00f3w i wychowawc\u00f3w wspomagaj\u0105cych.<\/p>\n<p>Msza...<a href='https:\/\/sp.tuchow.pl\/index.php\/2025\/08\/29\/uroczyste-rozpoczecie-roku-szkolnego-2025-2026\/' class='pfpReadMore'>Read More &raquo;<\/a><div class='clear'><\/div><hr><\/div><div class='pfpItem entry-content'><h2 class='entry-title'><a href='https:\/\/sp.tuchow.pl\/index.php\/2025\/08\/18\/zapisy-do-stolowki-szkolnej-2025-2026\/'>Zapisy do sto\u0142\u00f3wki szkolnej 2025\/2026<\/a><\/h2><p><i>Szanowni&nbsp; Rodzice,<\/i><\/p>\n<p>Informujemy, \u017ce rozpoczynamy zapisy do sto\u0142\u00f3wki szkolnej na nowy rok szkolny 2025\/2026. Prosimy o z\u0142o\u017cenie karty zg\u0142oszeniowej do sekretariatu szko\u0142y lub do pani intendentki w terminie do 27 sierpnia 2025 r.<i><\/i><\/p>\n<p>Przypominamy, \u017ce na ka\u017cdy rok szkolny nale\u017cy z\u0142o\u017cy\u0107 now\u0105 kart\u0119 zg\u0142oszeniow\u0105.<\/p>\n<p><a href=\"https:\/\/sp.tuchow.pl\/pliki\/rekrutacja\/stolowka.pdf\">KARTA ZG\u0141OSZENIA DZIECKA DO STO\u0141\u00d3WKI SZKOLNEJ<\/a><\/p>\n...<a href='https:\/\/sp.tuchow.pl\/index.php\/2025\/08\/18\/zapisy-do-stolowki-szkolnej-2025-2026\/' class='pfpReadMore'>Read More &raquo;<\/a><div class='clear'><\/div><hr><\/div><div class='pfpItem entry-content'><h2 class='entry-title'><a href='https:\/\/sp.tuchow.pl\/index.php\/2025\/08\/18\/zapisy-do-swietlicy-szkolnej-2025-2026\/'>Zapisy do \u015bwietlicy szkolnej 2025\/2026<\/a><\/h2><p><i>Szanowni&nbsp; Rodzice,<\/i><\/p>\n<p>Informujemy, \u017ce rozpoczynamy zapisy do \u015bwietlicy szkolnej na nowy rok szkolny 2025\/2026. Prosimy o z\u0142o\u017cenie karty zg\u0142oszeniowej do sekretariatu szko\u0142y lub do \u015bwietlicy&nbsp;szkolnej.<i><\/i><\/p>\n<p>Przypominamy, \u017ce na ka\u017cdy rok szkolny nale\u017cy z\u0142o\u017cy\u0107 now\u0105 kart\u0119 zg\u0142oszeniow\u0105.<\/p>\n<p><a href=\"https:\/\/sp.tuchow.pl\/pliki\/rekrutacja\/swietlica.pdf\">KARTA ZG\u0141OSZENIA DZIECKA DO \u015aWIETLICY<\/a><\/p>\n...<a href='https:\/\/sp.tuchow.pl\/index.php\/2025\/08\/18\/zapisy-do-swietlicy-szkolnej-2025-2026\/' class='pfpReadMore'>Read More &raquo;<\/a><div class='clear'><\/div><hr><\/div><div class='pfpItem entry-content'><h2 class='entry-title'><a href='https:\/\/sp.tuchow.pl\/index.php\/2025\/07\/03\/%f0%9f%8e%93%f0%9f%93%84-odbior-zaswiadczen-z-egzaminu-osmoklasisty-wazne-informacje-%f0%9f%8e%89\/'>\ud83c\udf93\ud83d\udcc4 Odbi\u00f3r za\u015bwiadcze\u0144 z egzaminu \u00f3smoklasisty \u2014 wa\u017cne informacje! \ud83c\udf89<\/a><\/h2><p data-start=\"130\" data-end=\"296\">Zapraszamy tegorocznych absolwent\u00f3w po odbi\u00f3r <strong data-start=\"176\" data-end=\"238\">za\u015bwiadcze\u0144 o szczeg\u00f3\u0142owych wynikach egzaminu \u00f3smoklasisty<\/strong> \ud83d\udcdd&nbsp; <strong data-start=\"246\" data-end=\"265\">04 lipca 2025 r.<\/strong> w godzinach <strong data-start=\"278\" data-end=\"293\">11:30\u201313:00<\/strong>.<\/p>\n<p data-start=\"298\" data-end=\"394\">\u2705 Odbi\u00f3r za\u015bwiadcze\u0144 przez osoby trzecie jest mo\u017cliwy na podstawie <strong data-start=\"365\" data-end=\"391\">pisemnego upowa\u017cnienia<\/strong>.<\/p>\n<p data-start=\"396\" data-end=\"554\">\ud83d\udcde Je\u015bli nie mo\u017cecie odebra\u0107 za\u015bwiadczenia w...<a href='https:\/\/sp.tuchow.pl\/index.php\/2025\/07\/03\/%f0%9f%8e%93%f0%9f%93%84-odbior-zaswiadczen-z-egzaminu-osmoklasisty-wazne-informacje-%f0%9f%8e%89\/' class='pfpReadMore'>Read More &raquo;<\/a><div class='clear'><\/div><hr><\/div><div class='pfpItem entry-content'><h2 class='entry-title'><a href='https:\/\/sp.tuchow.pl\/index.php\/2025\/06\/26\/okiem-orla-zmien-perspektywe-czyli-o-sukcesie-uczniow-w-konkursie-z-jezyka-polskiego\/'>-\u00a0 Okiem or\u0142a\u2026 Zmie\u0144 perspektyw\u0119!, czyli o sukcesie uczni\u00f3w w konkursie z j\u0119zyka polskiego<\/a><\/h2><img loading=\"lazy\" decoding=\"async\" class=\"alignnone size-full\" src=\"https:\/\/scontent-ham3-1.xx.fbcdn.net\/v\/t39.30808-6\/512669468_1283036490492779_8965857531212018443_n.jpg?stp=cp6_dst-jpg_tt6&amp;_nc_cat=111&amp;ccb=1-7&amp;_nc_sid=127cfc&amp;_nc_ohc=KoXHYVbADk0Q7kNvwE93LoJ&amp;_nc_oc=Adl35lVFJa7El3G7L2gBL0hlbTM-jxGFmI9N-TD6a4pspeu3LR-6wnBZLArafkkY7II&amp;_nc_zt=23&amp;_nc_ht=scontent-ham3-1.xx&amp;_nc_gid=4hdxXDPa3iInKVGP9swPvQ&amp;oh=00_AfNUawFcfSxECztCYYs1GHWMIEmoBxxIJYvcTem3bwdXGA&amp;oe=6862A493\" width=\"2048\" height=\"1536\"><p style=\"text-align: right;\"><em>Hej za mn\u0105 w Tatry! W ziemi\u0119 czar\u00f3w,<br \/>\nNa strome szczyty g\u00f3r.<br \/>\nOkiem rozbijem dal obszar\u00f3w,<br \/>\nCzo\u0142ami si\u0119gniem chmur.<br \/>\n(W Tatry&nbsp; <\/em>W\u0142adys\u0142aw Ludwik Anczyc<em>)<\/em><\/p>\n<p><strong>W roku szkolnym 2024\/2025 uczniowie naszej szko\u0142y wzi\u0119li udzia\u0142 w XX edycji Ma\u0142opolskiego Konkursu Literackiego ,,Na tatrza\u0144skim szlaku.<\/strong><\/p>\n<p style=\"text-align: justify;\">W tym roku uczniowie mieli do...<a href='https:\/\/sp.tuchow.pl\/index.php\/2025\/06\/26\/okiem-orla-zmien-perspektywe-czyli-o-sukcesie-uczniow-w-konkursie-z-jezyka-polskiego\/' class='pfpReadMore'>Read More &raquo;<\/a><div class='clear'><\/div><hr><\/div><div class='pfpItem entry-content'><h2 class='entry-title'><a href='https:\/\/sp.tuchow.pl\/index.php\/2025\/06\/26\/spotkanie-z-historia\/'>Spotkanie z \u201ehistori\u0105\u201d<\/a><\/h2><div class=\"xdj266r x14z9mp xat24cr x1lziwak x1vvkbs x126k92a\">\n<div dir=\"auto\" style=\"text-align: justify;\">W dniu 25.06.2025r. wolontariusze ze Szko\u0142y Podstawowej im. Stanis\u0142awa Staszica w Tuchowie wraz z podopiecznymi Domu Pogodnej Jesieni(DPJ) zorganizowali wyj\u0105tkowe wyj\u015bcie. Najpierw spotkali si\u0119 z pani\u0105 Lidi\u0105 \u015aliw\u0105 na Skwerze Ulatowskich, nast\u0119pnie przeszli do szko\u0142y CKZiU,do sali po\u015bwi\u0119conej bohaterom bitwy pod...<a href='https:\/\/sp.tuchow.pl\/index.php\/2025\/06\/26\/spotkanie-z-historia\/' class='pfpReadMore'>Read More &raquo;<\/a><div class='clear'><\/div><hr><\/div><div class='pfpItem entry-content'><h2 class='entry-title'><a href='https:\/\/sp.tuchow.pl\/index.php\/2025\/06\/25\/termin-skladania-wnioskow-o-stypendium-burmistrza-tuchowa-do-31-lipca-2025r\/'>Termin sk\u0142adania wniosk\u00f3w o \u201eStypendium Burmistrza Tuchowa\u201d\u00a0\u00a0do 31 lipca 2025r.<\/a><\/h2><p style=\"text-align: justify;\">Uczniowie szk\u00f3\u0142 podstawowych ucz\u0119szczaj\u0105cy do klas&nbsp;<strong>IV-VIII<\/strong>&nbsp;mog\u0105 ubiega\u0107 si\u0119 o \u201eStypendium Burmistrza Tuchowa\u201d w ramach \u201eProgramu wspierania edukacji uzdolnionych dzieci i m\u0142odzie\u017cy mieszkaj\u0105cych oraz pobieraj\u0105cych nauk\u0119 w szko\u0142ach &nbsp;na ternie gminy Tuch\u00f3w\u201d.<\/p>\n<p style=\"text-align: justify;\"><strong>Miejsce sk\u0142adania wniosk\u00f3w:<\/strong><br \/>\nWnioski o przyznanie stypendium nale\u017cy sk\u0142ada\u0107 w Gminnej Administracji O\u015bwiaty w Tuchowie&nbsp; ul....<a href='https:\/\/sp.tuchow.pl\/index.php\/2025\/06\/25\/termin-skladania-wnioskow-o-stypendium-burmistrza-tuchowa-do-31-lipca-2025r\/' class='pfpReadMore'>Read More &raquo;<\/a><div class='clear'><\/div><hr><\/div><div class='pfpItem entry-content'><h2 class='entry-title'><a href='https:\/\/sp.tuchow.pl\/index.php\/2025\/06\/16\/wziac-nogi-za-pas-czyli-o-szkolnym-konkursie-wiedzy-i-umiejetnosci-z-gramatyki-jezyka-polskiego\/'>Wzi\u0105\u0107 nogi za pas, czyli o Szkolnym Konkursie Wiedzy i Umiej\u0119tno\u015bci z Gramatyki J\u0119zyka Polskiego<\/a><\/h2><img loading=\"lazy\" decoding=\"async\" class=\"aligncenter size-full\" src=\"https:\/\/scontent-ham3-1.xx.fbcdn.net\/v\/t39.30808-6\/508689654_1274932457969849_7722827821310113398_n.jpg?stp=dst-jpg_s720x720_tt6&amp;_nc_cat=101&amp;ccb=1-7&amp;_nc_sid=127cfc&amp;_nc_ohc=7fgw_bJ04I0Q7kNvwHFhyA_&amp;_nc_oc=AdlDnMMcuoVtoHHXXNqCf91kbP9gVyRaPFDJ4ysq4F5KAQBYxCZFCHVIjQlE2MtQEKM&amp;_nc_zt=23&amp;_nc_ht=scontent-ham3-1.xx&amp;_nc_gid=g9ppF8JRGbWFWHUIOQwBeg&amp;oh=00_AfOk5GJU6Zt4eaG2CLw9iDedZwsQSFsWETtM50_4Ao0Kmw&amp;oe=68561601\" width=\"720\" height=\"540\"><p><strong>5 czerwca 2025 roku odby\u0142 si\u0119 szkolny konkurs z gramatyki j\u0119zyka polskiego.<\/strong><\/p>\n<p><strong>W tym roku wzi\u0119\u0142a w nim udzia\u0142 liczna reprezentacja klas V-VIII, co nas wyj\u0105tkowo cieszy.<\/strong><\/p>\n<p><strong>&nbsp;<\/strong><\/p>\n<p>W kategorii klas V-VI udzia\u0142 wzi\u0119\u0142o 10 dzieci, a w kategorii klas VII-VIII \u2013 23 uczni\u00f3w.<\/p>\n<p>I nikt z uczestnik\u00f3w nie wzi\u0105\u0142 n\u00f3g za pas, wr\u0119cz...<a href='https:\/\/sp.tuchow.pl\/index.php\/2025\/06\/16\/wziac-nogi-za-pas-czyli-o-szkolnym-konkursie-wiedzy-i-umiejetnosci-z-gramatyki-jezyka-polskiego\/' class='pfpReadMore'>Read More &raquo;<\/a><div class='clear'><\/div><hr><\/div><div class='pfpItem entry-content'><h2 class='entry-title'><a href='https:\/\/sp.tuchow.pl\/index.php\/2025\/06\/13\/jezykowe-zmagania-w-konkursie-skillful-in-english\/'>J\u0119zykowe zmagania w konkursie \u201cSkillful in English\u201d<\/a><\/h2><p style=\"text-align: justify;\"><span style=\"font-weight: 400;\">W rozgrywanym niedawno konkursie j\u0119zyka angielskiego \u201cSkillful in English\u201d uczniowie klas IV &#8211; VIII sprawdzali swoje umiej\u0119tno\u015bci j\u0119zykowe oraz wiedz\u0119 o Zjednoczonym Kr\u00f3lestwie Wielkiej Brytanii i Irlandii P\u00f3\u0142nocnej. Najwy\u017csze miejsca w poszczeg\u00f3lnych kategoriach konkursu zaj\u0119li:<\/span><\/p>\n<p><strong>KLASY IV<\/strong><br \/>\nMiejsce I &#8211; Aleksander Krzemi\u0144ski (kl. 4a)<\/p>\n<p>Miejsce II &#8211; Jakub...<a href='https:\/\/sp.tuchow.pl\/index.php\/2025\/06\/13\/jezykowe-zmagania-w-konkursie-skillful-in-english\/' class='pfpReadMore'>Read More &raquo;<\/a><div class='clear'><\/div><hr><\/div><div class='pfpItem entry-content'><h2 class='entry-title'><a href='https:\/\/sp.tuchow.pl\/index.php\/2025\/06\/10\/wyjazd-grupy-naszych-uczniow-do-grecji\/'>Wyjazd grupy naszych uczni\u00f3w do Grecji<\/a><\/h2><p style=\"text-align: justify;\"><span style=\"font-weight: 400;\">Uczniowie naszej szko\u0142y odwiedzili partnersk\u0105 szko\u0142\u0119 w greckim mie\u015bcie Chalandrii w terminie 18 &#8211; 24 maja. Na t\u0119 grupow\u0105 mobilno\u015b\u0107 uczni\u00f3w wyjecha\u0142o 12 uczestnik\u00f3w projektu z klas \u00f3smych i 2 opiekun\u00f3w.&nbsp;<\/span><\/p>\n<p style=\"text-align: justify;\"><span style=\"font-weight: 400;\">Podczas wyjazd\u00f3w uczniowie poznawali kultur\u0119 i histori\u0119 partnerskich kraj\u00f3w, zawi\u0105zywali nowe przyja\u017anie...<a href='https:\/\/sp.tuchow.pl\/index.php\/2025\/06\/10\/wyjazd-grupy-naszych-uczniow-do-grecji\/' class='pfpReadMore'>Read More &raquo;<\/a><div class='clear'><\/div><hr><\/div><div class='pfpItem entry-content'><h2 class='entry-title'><a href='https:\/\/sp.tuchow.pl\/index.php\/2025\/06\/10\/z-erasmusem-w-grecji\/'>Z ERASMUSEM W GRECJI<\/a><\/h2><p style=\"text-align: justify;\"><span style=\"font-weight: 400;\">W pierwszym projekcie w ramach Akredytacji Erasmusa, finansowanym przez Uni\u0119 Europejsk\u0105, nasza szko\u0142a wsp\u00f3\u0142pracuje z greck\u0105 szko\u0142\u0105 8\u03bf \u0393\u03c5\u03bc\u03bd\u03ac\u03c3\u03b9\u03bf \u03a7\u03b1\u03bb\u03b1\u03bd\u03b4\u03c1\u03af\u03bf\u03c5 (8th Junior High School in Chalandri) realizuj\u0105c dzia\u0142ania pod has\u0142em: &#8222;SustAInability in our diet? IT works!&#8221; Dope\u0142nieniem kilkumi\u0119si\u0119cznej wsp\u00f3\u0142pracy wirtualnej by\u0142y wyjazdy uczestnik\u00f3w projekty do partnerskich...<a href='https:\/\/sp.tuchow.pl\/index.php\/2025\/06\/10\/z-erasmusem-w-grecji\/' class='pfpReadMore'>Read More &raquo;<\/a><div class='clear'><\/div><hr><\/div><div class='pfpItem entry-content'><h2 class='entry-title'><a href='https:\/\/sp.tuchow.pl\/index.php\/2025\/06\/09\/wspolny-dom-czyli-piatoklasisci-o-ojczyznie\/'>Wsp\u00f3lny dom, czyli pi\u0105toklasi\u015bci o Ojczy\u017anie<\/a><\/h2><p style=\"text-align: justify;\"><strong>W roku szkolnym 2024\/2025 uczniowie klasy 5 a realizowali projekt przedmiotowy,,A to Polska w\u0142a\u015bnie!\u2019\u2019. <\/strong><\/p>\n<p style=\"text-align: justify;\">Pisa\u0142am ju\u017c o udziale dzieci w uroczystej akademii z okazji \u015awi\u0119ta Niepodleg\u0142o\u015bci i o szkolnych konkursach: literackim i plastycznym.<\/p>\n<p style=\"text-align: justify;\">Natomiast w klasie dzieci czynnie uczestniczy\u0142y w lekcjach, kt\u00f3rych temat brzmia\u0142: Polscy...<a href='https:\/\/sp.tuchow.pl\/index.php\/2025\/06\/09\/wspolny-dom-czyli-piatoklasisci-o-ojczyznie\/' class='pfpReadMore'>Read More &raquo;<\/a><div class='clear'><\/div><hr><\/div><div class='pfpItem entry-content'><h2 class='entry-title'><a href='https:\/\/sp.tuchow.pl\/index.php\/2025\/06\/05\/najwiekszy-skarb-czyli-o-sukcesie-literackim-i-plastycznym-uczniow-szkoly-podstawowej-w-tuchowie\/'>,,Najwi\u0119kszy skarb\u2019\u2019, czyli o sukcesie literackim i plastycznym uczni\u00f3w Szko\u0142y Podstawowej w Tuchowie<\/a><\/h2><p style=\"text-align: justify;\"><strong>30 maja 2025 roku w Muzeum Krakowa w Sali Miedzianej przy Rynku odby\u0142a si\u0119 pi\u0119kna uroczysto\u015b\u0107 wr\u0119czenia dyplom\u00f3w i nagr\u00f3d laureatom XX edycji Ma\u0142opolskiego Konkursu Literackiego i Plastycznego. W tym roku has\u0142o konkursu brzmia\u0142o: ,,M\u00f3j skarb\u2019\u2019 <\/strong><\/p>\n<p style=\"text-align: justify;\">Organizatorem konkursu od dwudziestu lat jest Szko\u0142a Podstawowa Nr 101...<a href='https:\/\/sp.tuchow.pl\/index.php\/2025\/06\/05\/najwiekszy-skarb-czyli-o-sukcesie-literackim-i-plastycznym-uczniow-szkoly-podstawowej-w-tuchowie\/' class='pfpReadMore'>Read More &raquo;<\/a><div class='clear'><\/div><hr><\/div><div class='pfpItem entry-content'><h2 class='entry-title'><a href='https:\/\/sp.tuchow.pl\/index.php\/2025\/06\/04\/mitologia-bez-tajemnic-emocje-przebrania-i-zacieta-rywalizacja\/'>Mitologia bez tajemnic \u2013 emocje, przebrania i zaci\u0119ta rywalizacja!<\/a><\/h2><p style=\"text-align: justify;\">W naszej szkole 4 czerwca 2025 roku odby\u0142 si\u0119 niezwyk\u0142y konkurs dla uczni\u00f3w klas pi\u0105tych \u2013 <strong>\u201eMitologia bez tajemnic<\/strong>\u201d. By\u0142o wszystko: zawzi\u0119ta rywalizacja, trudne teksty, opisy, rozpoznawanie postaci, anagramy i ca\u0142a masa wiedzy!<\/p>\n<p style=\"text-align: justify;\">Uczestnicy zmierzyli si\u0119 z r\u00f3\u017cnorodnymi zadaniami, kt\u00f3re sprawdza\u0142y nie tylko znajomo\u015b\u0107 mit\u00f3w, ale te\u017c...<a href='https:\/\/sp.tuchow.pl\/index.php\/2025\/06\/04\/mitologia-bez-tajemnic-emocje-przebrania-i-zacieta-rywalizacja\/' class='pfpReadMore'>Read More &raquo;<\/a><div class='clear'><\/div><hr><\/div><div class='pfpItem entry-content'><h2 class='entry-title'><a href='https:\/\/sp.tuchow.pl\/index.php\/2025\/06\/04\/logo-pikniku-szkolnego-wybrane\/'>Logo Pikniku Szkolnego wybrane!!!<\/a><\/h2><p>Serdecznie dzi\u0119kujemy wszystkim, kt\u00f3rzy wzi\u0119li udzia\u0142 w konkursie na Logo Pikniku Szkolnego.<\/p>\n<p>Gratulujemy zwyci\u0119zcom!<\/p>\n<p><strong>I miejsce : Emilia Kowalczyk 4b<br \/>\n<\/strong>II miejsce: Wojciech Igielski 7c<strong><br \/>\n<\/strong>III miejsce: Wojciech Sajdak 3a<\/p>\n<p>Dyplomy za udzia\u0142 otrzymali:<\/p>\n<ol>\n<li>Hanna Per\u0142owska 2a<\/li>\n<li>Bart\u0142omiej Lisiak 3a<\/li>\n<li>Nikodem Zdu\u0144 2b<\/li>\n<li>Zuzanna Wantuch 4a<\/li>\n<li>Oliwia Sajdak 4c<\/li>\n<li>Liliana Michalik 2c<\/li>\n<li>Igor Sta\u0144czyk 2a<\/li>\n<li>Liliana Zdu\u0144 1c<\/li>\n<li>Amelia Szablowska 8a<\/li>\n<li>Emilia Potok...<a href='https:\/\/sp.tuchow.pl\/index.php\/2025\/06\/04\/logo-pikniku-szkolnego-wybrane\/' class='pfpReadMore'>Read More &raquo;<\/a><div class='clear'><\/div><hr><\/div><div class='pfpItem entry-content'><h2 class='entry-title'><a href='https:\/\/sp.tuchow.pl\/index.php\/2025\/06\/03\/zolnierska-lekcja-zycia-spotkanie-edukacyjne-z-wojskowym\/'>\u017bo\u0142nierska lekcja \u017cycia \u2013 spotkanie edukacyjne z wojskowym<\/a><\/h2><p style=\"text-align: justify;\">Klasa 7b wzi\u0119\u0142a udzia\u0142 w programie edukacyjno-obronnym \u201eEdukacja z wojskiem\u201d, kt\u00f3rego celem by\u0142o popularyzowanie wiedzy z obszaru zarz\u0105dzania bezpiecze\u0144stwem, obrony cywilnej, cyberbezpiecze\u0144stwa, ratownictwa medycznego, systemu alarmowania, \u0142\u0105czno\u015bci oraz zachowa\u0144 w sytuacjach kryzysowych<\/p>\n<p style=\"text-align: center;\">***<\/p>\n<p style=\"text-align: justify;\">W czwartek, 29 maja w naszej klasie odby\u0142y si\u0119 zaj\u0119cia edukacyjne z udzia\u0142em...<a href='https:\/\/sp.tuchow.pl\/index.php\/2025\/06\/03\/zolnierska-lekcja-zycia-spotkanie-edukacyjne-z-wojskowym\/' class='pfpReadMore'>Read More &raquo;<\/a><div class='clear'><\/div><hr><\/div><div class='pfpItem entry-content'><h2 class='entry-title'><a href='https:\/\/sp.tuchow.pl\/index.php\/2025\/06\/02\/osiagniecia-naszych-uczniow-w-miedzyszkolnych-konkursach-z-jezyka-angielskiego\/'>OSI\u0104GNI\u0118CIA NASZYCH UCZNI\u00d3W W MI\u0118DZYSZKOLNYCH KONKURSACH Z J\u0118ZYKA ANGIELSKIEGO<\/a><\/h2><p style=\"text-align: justify;\"><span style=\"font-weight: 400;\">W ostatnim czasie odbywa\u0142y si\u0119 dwa fina\u0142y mi\u0119dzyszkolnych konkurs\u00f3w z j\u0119zyka angielskiego, w kt\u00f3rych swoj\u0105 reprezentacj\u0119 mia\u0142a te\u017c nasza szko\u0142a: Pierwszym konkursem by\u0142 Wojew\u00f3dzki Konkurs J\u0119zyka Angielskiego \u201cImprove Your English\u201d organizowany przez III Liceum Og\u00f3lnokszta\u0142c\u0105ce w Tarnowie <\/span><span style=\"font-weight: 400;\">przy wsp\u00f3\u0142pracy z Wydzia\u0142em Humanistycznym Akademii Tarnowskiej....<a href='https:\/\/sp.tuchow.pl\/index.php\/2025\/06\/02\/osiagniecia-naszych-uczniow-w-miedzyszkolnych-konkursach-z-jezyka-angielskiego\/' class='pfpReadMore'>Read More &raquo;<\/a><div class='clear'><\/div><hr><\/div><div class='pfpItem entry-content'><h2 class='entry-title'><a href='https:\/\/sp.tuchow.pl\/index.php\/2025\/05\/30\/uwaga-uczniowie-wyjezdzajacy-do-czarnogory-zwrot-podrecznikow-5-czerwca\/'>Uwaga uczniowie wyje\u017cd\u017caj\u0105cy do Czarnog\u00f3ry \u2013 zwrot podr\u0119cznik\u00f3w 5 czerwca!<\/a><\/h2><p>Uczniowie wyje\u017cd\u017caj\u0105cy do Czarnog\u00f3ry maj\u0105 obowi\u0105zek odda\u0107 podr\u0119czniki szkolne oraz ksi\u0105\u017cki do biblioteki w dniu<strong>&nbsp;5 czerwca 2025<\/strong> r. <strong>(czwartek)<\/strong>.&nbsp;<\/p>\n<p>Kolejno\u015b\u0107 podr\u0119cznik\u00f3w b\u0119dzie wywieszona na drzwiach biblioteki.<\/p>\n<p>Zapraszam od&nbsp;<strong>7.30- 14.30<\/strong><\/p>\n<p>Uczniowie&nbsp;<strong>klas III&nbsp;<\/strong>wyje\u017cd\u017caj\u0105cy do Czarnog\u00f3ry oddaj\u0105 podr\u0119czniki u swoich wychowawc\u00f3w.<\/p>\n...<a href='https:\/\/sp.tuchow.pl\/index.php\/2025\/05\/30\/uwaga-uczniowie-wyjezdzajacy-do-czarnogory-zwrot-podrecznikow-5-czerwca\/' class='pfpReadMore'>Read More &raquo;<\/a><div class='clear'><\/div><hr><\/div><div class='pfpItem entry-content'><h2 class='entry-title'><a href='https:\/\/sp.tuchow.pl\/index.php\/2025\/05\/27\/i-pieszy-rajd-pod-lowczowek\/'>I pieszy rajd pod \u0141owcz\u00f3wek<\/a><\/h2><p style=\"text-align: justify;\">Rankiem 27 maja uczniowie klas si\u00f3dmych pod opiek\u0105 nauczycieli pieszo wyruszyli&nbsp; pod \u0141owcz\u00f3wek.&nbsp; Aby dotrze\u0107 na miejsce, m\u0142odzie\u017c musia\u0142a pokona\u0107 dystans 7 kilometr\u00f3w. Uczestnicy rajdu dzielnie przemierzyli tras\u0119, a po przybyciu&nbsp; na miejsce&nbsp; spotka\u0142 ich zas\u0142u\u017cony odpoczynek. W\u015br\u00f3d wycieczkowej atmosfery \u2013 rozm\u00f3w, jedzenia upieczonej kie\u0142baski &#8211; nie zabrak\u0142o...<a href='https:\/\/sp.tuchow.pl\/index.php\/2025\/05\/27\/i-pieszy-rajd-pod-lowczowek\/' class='pfpReadMore'>Read More &raquo;<\/a><div class='clear'><\/div><hr><\/div><div class='pfpItem entry-content'><h2 class='entry-title'><a href='https:\/\/sp.tuchow.pl\/index.php\/2025\/05\/27\/warsztaty-herbaciane-z-okazji-dnia-mamy\/'>Warsztaty herbaciane z okazji Dnia Mamy<\/a><\/h2><p style=\"text-align: justify;\">W maju uczniowie naszej szko\u0142y wzi\u0119li udzia\u0142 w aromatycznych warsztatach, kt\u00f3re dotyczy\u0142y historii herbaty. M\u0142odzie\u017c wys\u0142ucha\u0142a legendy o chi\u0144skim cesarzu nazywanym \u201eBoskim Rolnikiem\u201d, &nbsp;kt\u00f3remu podobno zawdzi\u0119czamy ten nap\u00f3j.&nbsp; Uczestnicy warsztat\u00f3w poznali proces produkcji herbaty, kt\u00f3ry odgrywa kluczow\u0105 rol\u0119 nie tylko ze wzgl\u0119du na kolor naparu, ale r\u00f3wnie\u017c &nbsp;jego...<a href='https:\/\/sp.tuchow.pl\/index.php\/2025\/05\/27\/warsztaty-herbaciane-z-okazji-dnia-mamy\/' class='pfpReadMore'>Read More &raquo;<\/a><div class='clear'><\/div><hr><\/div><div class='pfpItem entry-content'><h2 class='entry-title'><a href='https:\/\/sp.tuchow.pl\/index.php\/2025\/05\/26\/talentow-ci-u-nas-dostatek\/'>Talent\u00f3w ci u nas dostatek\u2026<\/a><\/h2><p style=\"text-align: justify;\"><strong>24 maja 2025 roku po raz dziewi\u0105ty w Tuchowie odby\u0142 si\u0119 Piknik Szkolny. <\/strong><\/p>\n<p style=\"text-align: justify;\"><strong>&nbsp;,,Akademia Tw\u00f3rczego Rozwoju\u2019\u2019- to has\u0142o tegorocznego pikniku, <\/strong><strong>kt\u00f3ry po raz kolejny zago\u015bci\u0142 na scenie tuchowskiego amfiteatru.<\/strong><\/p>\n<p style=\"text-align: justify;\"><strong>&nbsp;<\/strong><\/p>\n<p style=\"text-align: justify;\">W tym roku pogoda nas nie rozpieszcza\u0142a, ale i tak spo\u0142eczno\u015b\u0107 szkolna stan\u0119\u0142a na...<a href='https:\/\/sp.tuchow.pl\/index.php\/2025\/05\/26\/talentow-ci-u-nas-dostatek\/' class='pfpReadMore'>Read More &raquo;<\/a><div class='clear'><\/div><hr><\/div><div class='pfpItem entry-content'><h2 class='entry-title'><a href='https:\/\/sp.tuchow.pl\/index.php\/2025\/05\/26\/12227\/'>\u015awiatowym Dniem bez Tytoniu<\/a><\/h2><p>W zwi\u0105zku ze zbli\u017caj\u0105cym si\u0119 \u015awiatowym Dniem bez Tytoniu, przypadaj\u0105cym na dzie\u0144 31 maja 2025 r., uprzejmie informuj\u0119 o rozpocz\u0119ciu og\u00f3lnopolskiej kampanii edukacyjno-informacyjnej \u201eE-papierosy to manipulacja!\u201d, koordynowanej przez G\u0142\u00f3wny Inspektorat Sanitarny.<br \/>\nCelem kampanii jest zwi\u0119kszenie \u015bwiadomo\u015bci zagro\u017ce\u0144 zdrowotnych wynikaj\u0105cych z u\u017cywania e-papieros\u00f3w przez dzieci i m\u0142odzie\u017c, obalenie mit\u00f3w dotycz\u0105cych ich...<a href='https:\/\/sp.tuchow.pl\/index.php\/2025\/05\/26\/12227\/' class='pfpReadMore'>Read More &raquo;<\/a><div class='clear'><\/div><hr><\/div><div class='pfpItem entry-content'><h2 class='entry-title'><a href='https:\/\/sp.tuchow.pl\/index.php\/2025\/05\/26\/szkolny-konkurs-wiedzy-i-umiejetnosci-z-gramatyki-jezyka-polskiego\/'>SZKOLNY KONKURS WIEDZY I UMIEJ\u0118TNO\u015aCI Z GRAMATYKI J\u0118ZYKA POLSKIEGO<\/a><\/h2><p><strong>&nbsp;<\/strong>I Organizator: mgr Renata G\u0105sior<\/p>\n<p>Szko\u0142a Podstawowa im. Stanis\u0142awa Staszica<\/p>\n<p>Jana Paw\u0142a II 6, 33 -170 Tuch\u00f3w<\/p>\n<p><strong>II. Cele konkursu:<\/strong><\/p>\n<ol>\n<li>Rozpowszechnienie i popularyzacja wiedzy na temat gramatyki j\u0119zyka polskiego.<\/li>\n<li>Kszta\u0142cenie umiej\u0119tno\u015bci wyzyskania wiedzy w praktyce.<\/li>\n<li>Powi\u0119kszanie zasobu czynnego i biernego s\u0142ownictwa uczni\u00f3w.<\/li>\n<li>Rozwijanie sprawno\u015bci pos\u0142ugiwania si\u0119 wyrazami.<\/li>\n<li>Ukazanie aktywno\u015bci intelektualnej jako \u017ar\u00f3d\u0142a osobistej satysfakcji.<\/li>\n<li>Promowanie dzieci o wybitnych zdolno\u015bciach...<a href='https:\/\/sp.tuchow.pl\/index.php\/2025\/05\/26\/szkolny-konkurs-wiedzy-i-umiejetnosci-z-gramatyki-jezyka-polskiego\/' class='pfpReadMore'>Read More &raquo;<\/a><div class='clear'><\/div><hr><\/div><div class='pfpItem entry-content'><h2 class='entry-title'><a href='https:\/\/sp.tuchow.pl\/index.php\/2025\/05\/26\/w-odwiedziny-do-stolicy-polski-nasze-wrazenia\/'>W odwiedziny do stolicy Polski. Nasze wra\u017cenia.<\/a><\/h2><p style=\"text-align: justify;\">Wycieczka do Warszawy by\u0142a niesamowit\u0105 przygod\u0105, kt\u00f3rej na pewno d\u0142ugo nie zapomn\u0119. Ju\u017c od samego przyjazdu czu\u0142em, \u017ce b\u0119dzie ciekawie. Zacz\u0119li\u015bmy od zwiedzania Grobu Nieznanego \u017bo\u0142nierza \u2013 miejsca bardzo powa\u017cnego i wa\u017cnego dla historii Polski. P\u00f3\u017aniej udali\u015bmy si\u0119 do Muzeum Powstania Warszawskiego, kt\u00f3re zrobi\u0142o na mnie ogromne wra\u017cenie....<a href='https:\/\/sp.tuchow.pl\/index.php\/2025\/05\/26\/w-odwiedziny-do-stolicy-polski-nasze-wrazenia\/' class='pfpReadMore'>Read More &raquo;<\/a><div class='clear'><\/div><hr><\/div><div class='pfpItem entry-content'><h2 class='entry-title'><a href='https:\/\/sp.tuchow.pl\/index.php\/2025\/05\/25\/wyniki-szkolnego-konkursu-ortograficznego-klas-ii-iii\/'>Wyniki Szkolnego Konkursu Ortograficznego klas II-III<\/a><\/h2><img loading=\"lazy\" decoding=\"async\" class=\"aligncenter size-full\" src=\"https:\/\/scontent-ham3-1.xx.fbcdn.net\/v\/t39.30808-6\/501040011_1256165613179867_7359025473052128961_n.jpg?_nc_cat=108&amp;ccb=1-7&amp;_nc_sid=127cfc&amp;_nc_ohc=DKE4tG-C6WQQ7kNvwHEzbGD&amp;_nc_oc=Adl7AdRBt-rEDwZu-gBEbt6GaScJZqVKcdlDI0on0soFII3mmACEtptbzZ8cAxrITsg&amp;_nc_zt=23&amp;_nc_ht=scontent-ham3-1.xx&amp;_nc_gid=luuo8mZ2V-XaDyDniMMtKg&amp;oh=00_AfKdTi-Hpee2ETuSO9gW530bRABLwzzQIYryIy3joAFeuw&amp;oe=68393CE4\" width=\"2048\" height=\"1536\"><p>Wyniki Szkolnego Konkursu Ortograficznego klas II-III<\/p>\n<p>23 maja odby\u0142 si\u0119 \u201eSzkolny Konkurs Ortograficzny dla uczni\u00f3w klas II-III\u201d.<br \/>\nWzi\u0119\u0142o w nim udzia\u0142 12 uczni\u00f3w, kt\u00f3rzy wcze\u015bniej zostali wy\u0142onieni w etapach klasowych.<\/p>\n<p>Laureaci konkursu:<br \/>\nI miejsce Karol Ogiela \u2013 klasa 3a<br \/>\nII miejsce \u2013Amelia Mikos \u2013 klasa 3a<br \/>\nIII miejsce \u2013 Gabriela P\u0142achno \u2013...<a href='https:\/\/sp.tuchow.pl\/index.php\/2025\/05\/25\/wyniki-szkolnego-konkursu-ortograficznego-klas-ii-iii\/' class='pfpReadMore'>Read More &raquo;<\/a><div class='clear'><\/div><hr><\/div><div class='pfpItem entry-content'><h2 class='entry-title'><a href='https:\/\/sp.tuchow.pl\/index.php\/2025\/05\/25\/wyniki-szkolnego-konkursu-historycznego-mistrz-historii-2024-2025\/'>Wyniki Szkolnego Konkursu Historycznego \u201eMistrz Historii 2024\/2025\u201d<\/a><\/h2><p>Wyniki Szkolnego Konkursu Historycznego \u201eMistrz Historii 2024\/2025\u201d<\/p>\n<p>Mi\u0142o nam poinformowa\u0107, \u017ce <strong>Mistrzem Historii<\/strong> roku szkolnego 2024\/2025 zosta\u0142<br \/>\n<strong>Karol Szczerba ucze\u0144 klasy 8b<\/strong>,<br \/>\nkt\u00f3ry uzyska\u0142 54 na 59 mo\u017cliwych punkt\u00f3w.<br \/>\nWysokie wyniki uzyskali r\u00f3wnie\u017c:<br \/>\nEliza Mendel klasa 8 a &#8211; 46 punkt\u00f3w<br \/>\nHubert Krawczyk klasa 8 b- 45 punkt\u00f3w<\/p>\n<p>Serdecznie gratulujemy !<\/p>\n...<a href='https:\/\/sp.tuchow.pl\/index.php\/2025\/05\/25\/wyniki-szkolnego-konkursu-historycznego-mistrz-historii-2024-2025\/' class='pfpReadMore'>Read More &raquo;<\/a><div class='clear'><\/div><hr><\/div><div class='pfpItem entry-content'><h2 class='entry-title'><a href='https:\/\/sp.tuchow.pl\/index.php\/2025\/05\/16\/sukces-matematyczny-hanny-wasik\/'>Sukces matematyczny Hanny W\u0105sik<\/a><\/h2><img loading=\"lazy\" decoding=\"async\" class=\"aligncenter size-full\" src=\"https:\/\/scontent-waw2-1.xx.fbcdn.net\/v\/t39.30808-6\/499180846_1248483627281399_8907250696393227281_n.jpg?stp=cp6_dst-jpg_tt6&amp;_nc_cat=109&amp;ccb=1-7&amp;_nc_sid=127cfc&amp;_nc_ohc=6lnz4OiVHj4Q7kNvwFrgeeB&amp;_nc_oc=AdlFZjpqvyBWSMuySGM0RVK9lZEkowqWpRnYLrC6Oa5rGDfUcc5ia0KgGdaIJEa_7tkZRPOvY6zbFfVANdJ_dkAe&amp;_nc_zt=23&amp;_nc_ht=scontent-waw2-1.xx&amp;_nc_gid=lBzrMvop8guoKCWGj65G3w&amp;oh=00_AfJEttyhgAoHJ8byd9kr69HWyK08k_Go8bw43ft7FtS5tQ&amp;oe=682CE7E6\" width=\"1536\" height=\"2048\"><p>25 kwietnia 2025r.&nbsp; W III Liceum Og\u00f3lnokszta\u0142c\u0105cym im. Adama Mickiewicza w Tarnowie mia\u0142o miejsce rozdanie nagr\u00f3d dla laureat\u00f3w i finalist\u00f3w konkursu matematycznego \u201e Nie tylko dla or\u0142\u00f3w\u201d. Mi\u0142o nam zakomunikowa\u0107, \u017ce uczennica naszej szko\u0142y Hanna W\u0105sik zdoby\u0142a tytu\u0142 laureata zajmuj\u0105c pierwsze miejsce w tym konkursie. Gratulujemy uczennicy i \u017cyczymy dalszych...<a href='https:\/\/sp.tuchow.pl\/index.php\/2025\/05\/16\/sukces-matematyczny-hanny-wasik\/' class='pfpReadMore'>Read More &raquo;<\/a><div class='clear'><\/div><hr><\/div><div class='pfpItem entry-content'><h2 class='entry-title'><a href='https:\/\/sp.tuchow.pl\/index.php\/2025\/05\/08\/konkurs-na-logo-pikniku-szkolnego\/'>Konkurs na Logo Pikniku Szkolnego<\/a><\/h2><img loading=\"lazy\" decoding=\"async\" class=\"aligncenter size-full\" src=\"https:\/\/scontent-ber1-1.xx.fbcdn.net\/v\/t39.30808-6\/495368656_1242662097863552_4033704371886505169_n.jpg?_nc_cat=101&amp;ccb=1-7&amp;_nc_sid=127cfc&amp;_nc_ohc=eTw0pm1Ww84Q7kNvwF45Xi8&amp;_nc_oc=AdlRhWysT5Io9KafO6poBSQbbl9ywmhRGmKjJwPiydBg98BICDG6iYlxjpK_pJAbo6A&amp;_nc_zt=23&amp;_nc_ht=scontent-ber1-1.xx&amp;_nc_gid=hWUD8CXFs8T7oarsZMh3jQ&amp;oh=00_AfJADmJHrs-vWkvQuHZhas-lftyoaJmtLCZt7lXnIR8Qzw&amp;oe=6822C5E6\" width=\"1448\" height=\"2048\"><p>Zach\u0119camy do wzi\u0119cia udzia\u0142u w konkursie na Logo Pikniku Szkolnego.<\/p>\n<p>Poni\u017cej zosta\u0142 zamieszczony regulamin konkursu i karta zg\u0142oszeniowa:<\/p>\n<p><strong><a href=\"https:\/\/sp.tuchow.pl\/pobierz\/konkursy\/logo_piknik.pdf\">Regulamin konkursu<\/a><\/strong><\/p>\n<p><\/p>\n...<a href='https:\/\/sp.tuchow.pl\/index.php\/2025\/05\/08\/konkurs-na-logo-pikniku-szkolnego\/' class='pfpReadMore'>Read More &raquo;<\/a><div class='clear'><\/div><hr><\/div><div class='pfpItem entry-content'><h2 class='entry-title'><a href='https:\/\/sp.tuchow.pl\/index.php\/2025\/05\/04\/opowiesc-o-ludziach-ktorzy-potrafia-pieknie-umierac-i-pieknie-zyc\/'>Opowie\u015b\u0107 o ludziach, kt\u00f3rzy potrafi\u0105 pi\u0119knie umiera\u0107 i pi\u0119knie \u017cy\u0107<\/a><\/h2><p style=\"text-align: justify;\">14 kwietnia 2025 roku klasa VII b i dw\u00f3ch uczni\u00f3w z klasy VII c obejrzeli w Tarnowie na scenie kina Marzenie przedstawienie oparte na powie\u015bci Aleksandra Kami\u0144skiego ,,Kamienie na szaniec\u2019\u2019. Spektakl wystawi\u0142 Narodowy Teatr Edukacji z Wroc\u0142awia.<\/p>\n<p style=\"text-align: center;\">***<\/p>\n<p style=\"text-align: justify;\">Nasza klasa mia\u0142a okazj\u0119 uczestniczy\u0107 w wyj\u0105tkowym wydarzeniu...<a href='https:\/\/sp.tuchow.pl\/index.php\/2025\/05\/04\/opowiesc-o-ludziach-ktorzy-potrafia-pieknie-umierac-i-pieknie-zyc\/' class='pfpReadMore'>Read More &raquo;<\/a><div class='clear'><\/div><hr><\/div><div class='pfpItem entry-content'><h2 class='entry-title'><a href='https:\/\/sp.tuchow.pl\/index.php\/2025\/05\/04\/akademia-z-okazji-rocznicy-uchwalenia-konstytucji-3maja\/'>Akademia z okazji rocznicy uchwalenia Konstytucji 3Maja<\/a><\/h2><p>3 maja 1791roku \u2013 c\u00f3\u017c to za data? Dla setek m\u0142odych ludzi to jedna z wielu nic nie znacz\u0105cych uroczysto\u015bci. Dzi\u015b \u017cyj\u0105c w zawrotnym tempie, negujemy wszelkie warto\u015bci, nudz\u0105 nas uroczysto\u015bci, apele, rocznice, \u015bwi\u0119ta. Ale czy tak musi by\u0107? Przecie\u017c nar\u00f3d, kt\u00f3ry nie zna swojej przesz\u0142o\u015bci, umiera i nie buduje...<a href='https:\/\/sp.tuchow.pl\/index.php\/2025\/05\/04\/akademia-z-okazji-rocznicy-uchwalenia-konstytucji-3maja\/' class='pfpReadMore'>Read More &raquo;<\/a><div class='clear'><\/div><hr><\/div><div class='pfpItem entry-content'><h2 class='entry-title'><a href='https:\/\/sp.tuchow.pl\/index.php\/2025\/04\/30\/zapraszamy-na-ix-piknik-szkolny\/'>Zapraszamy na IX Piknik Szkolny.<\/a><\/h2><img loading=\"lazy\" decoding=\"async\" class=\"alignnone size-full\" src=\"https:\/\/scontent-ber1-1.xx.fbcdn.net\/v\/t39.30808-6\/495051785_1235525105243918_1443507124687195430_n.jpg?_nc_cat=102&amp;ccb=1-7&amp;_nc_sid=127cfc&amp;_nc_ohc=AYrCTcIU6RAQ7kNvwHt9d8W&amp;_nc_oc=Adn-xHAUFllBR9go4g4CY8tyftLSwsB4iV9fpntRvY6Kk1k8CAgPJp7yP95S2hHwZn4&amp;_nc_zt=23&amp;_nc_ht=scontent-ber1-1.xx&amp;_nc_gid=dRhSkiNZSXoh8X22X9ev9Q&amp;oh=00_AfGXtcgZDB4yFUBgjVnJw_UfeuYygkkeWtv3v8pQB_-SCQ&amp;oe=681792D2\" width=\"1448\" height=\"2048\"><p><\/p>\n...<a href='https:\/\/sp.tuchow.pl\/index.php\/2025\/04\/30\/zapraszamy-na-ix-piknik-szkolny\/' class='pfpReadMore'>Read More &raquo;<\/a><div class='clear'><\/div><hr><\/div><div class='pfpItem entry-content'><h2 class='entry-title'><a href='https:\/\/sp.tuchow.pl\/index.php\/2025\/04\/28\/mlodziezowa-droga-krzyzowa-w-tuchowie-sprawa-jezusa-poruszyla-serca-mieszkancow\/'>M\u0142odzie\u017cowa Droga Krzy\u017cowa w Tuchowie- \u201eSprawa Jezusa\u201d poruszy\u0142a serca mieszka\u0144c\u00f3w.<\/a><\/h2><p>W dwa pi\u0105tkowe wieczory pierwszy raz 21 marca w Bazylice Mniejszej w Tuchowie \u2013 drugi 11 kwietnia 2025r. w ko\u015bciele parafialnym \u015awi\u0119tego Jakuba Aposto\u0142a w Tuchowie odby\u0142o si\u0119 niezwyk\u0142e wydarzenie- M\u0142odzie\u017cowa Droga Krzy\u017cowa przygotowana przez uczni\u00f3w i absolwent\u00f3w Szko\u0142y Podstawowej im. Stanis\u0142awa Staszica w Tuchowie. Tegoroczne rozwa\u017cania mia\u0142y form\u0119 inscenizacji...<a href='https:\/\/sp.tuchow.pl\/index.php\/2025\/04\/28\/mlodziezowa-droga-krzyzowa-w-tuchowie-sprawa-jezusa-poruszyla-serca-mieszkancow\/' class='pfpReadMore'>Read More &raquo;<\/a><div class='clear'><\/div><hr><\/div><div class='pfpItem entry-content'><h2 class='entry-title'><a href='https:\/\/sp.tuchow.pl\/index.php\/2025\/04\/24\/czytaja-znaja-i-rozumieja-czyli-o-sukcesie-uczniow-w-konkursie-z-jezyka-polskiego\/'>,,Czytaj\u0105, znaj\u0105 i rozumiej\u0105, czyli o sukcesie uczni\u00f3w w konkursie z j\u0119zyka polskiego<\/a><\/h2><p style=\"text-align: justify;\"><strong>15 kwietnia 2025 roku odby\u0142o si\u0119 w auli Akademii Tarnowskiej uroczyste podsumowanie VII edycji Ma\u0142opolskiego Konkursu Czytelniczego ,,Czytam, znam, rozumiem\u2019\u2019 pod patronatem Ma\u0142opolskiego Kuratora O\u015bwiaty. <\/strong><\/p>\n<p style=\"text-align: justify;\"><strong>&nbsp;<\/strong><\/p>\n<p style=\"text-align: justify;\"><strong>Mi\u0142o nam poinformowa\u0107, i\u017c laureatami konkursu zostali: Eliza Mendel z kl. VIII a i Karol Szczerba z kl. VIII...<a href='https:\/\/sp.tuchow.pl\/index.php\/2025\/04\/24\/czytaja-znaja-i-rozumieja-czyli-o-sukcesie-uczniow-w-konkursie-z-jezyka-polskiego\/' class='pfpReadMore'>Read More &raquo;<\/a><div class='clear'><\/div><hr><\/div><div class='pfpItem entry-content'><h2 class='entry-title'><a href='https:\/\/sp.tuchow.pl\/index.php\/2025\/04\/23\/akcja-zonkile-2025-2\/'>AKCJA \u017bONKILE 2025<\/a><\/h2><p style=\"text-align: justify;\">Nasza szko\u0142a po raz kolejny wzi\u0119\u0142a udzia\u0142 w akcji spo\u0142eczno-edukacyjnej \u201e\u017bonikle\u201d. Upami\u0119tnia ona wybuch powstania w getcie warszawskim.&nbsp;<br \/>\n19 kwietnia obchodzili\u015bmy&nbsp; 82. rocznic\u0119 tego wydarzenia. Has\u0142o akcji \u201e\u0141\u0105czy nas pami\u0119\u0107\u201d to okazja, aby porozmawia\u0107 o warto\u015bciach, solidarno\u015bci, wyborach.<\/p>\n<p style=\"text-align: justify;\">Uczniowie klas IV-VIII wykonali zak\u0142adki do ksi\u0105\u017cek, kt\u00f3rych motywem...<a href='https:\/\/sp.tuchow.pl\/index.php\/2025\/04\/23\/akcja-zonkile-2025-2\/' class='pfpReadMore'>Read More &raquo;<\/a><div class='clear'><\/div><hr><\/div><div class='pfpItem entry-content'><h2 class='entry-title'><a href='https:\/\/sp.tuchow.pl\/index.php\/2025\/04\/17\/tylko-zycie-ma-przyszlosc\/'>,,Tylko \u017cycie ma przysz\u0142o\u015b\u0107\u2019\u2019<\/a><\/h2><p><strong>,,Tylko \u017cycie ma przysz\u0142o\u015b\u0107\u2019\u2019<\/strong><\/p>\n<p style=\"text-align: justify;\"><strong>W roku szkolnym 2024\/2025 po raz pierwszy nasza szko\u0142a do\u0142\u0105czy\u0142a do innych plac\u00f3wek o\u015bwiatowych, kt\u00f3re wzi\u0119\u0142y udzia\u0142 w XXI Og\u00f3lnopolskim Konkursie dla M\u0142odzie\u017cy ,,Pom\u00f3\u017c ocali\u0107 \u017cycie bezbronnemu\u2019\u2019 im. b\u0142. ks. Jerzego Popie\u0142uszki. <\/strong><\/p>\n<p style=\"text-align: justify;\">Jego organizatorem jest Polskie Stowarzyszenie Obro\u0144c\u00f3w \u017bycia Cz\u0142owieka.<\/p>\n<p style=\"text-align: justify;\"><strong>Julian Gawrya\u0142,...<a href='https:\/\/sp.tuchow.pl\/index.php\/2025\/04\/17\/tylko-zycie-ma-przyszlosc\/' class='pfpReadMore'>Read More &raquo;<\/a><div class='clear'><\/div><hr><\/div><div class='pfpItem entry-content'><h2 class='entry-title'><a href='https:\/\/sp.tuchow.pl\/index.php\/2025\/04\/16\/podziel-sie-swietami-podziekowanie\/'>\u201ePodziel si\u0119 \u015bwi\u0119tami\u201d - podzi\u0119kowanie<\/a><\/h2><p style=\"text-align: center;\"><strong>Podzi\u0119kowanie<\/strong><\/p>\n<p style=\"text-align: center;\"><strong>\u201e Pomagaj\u0105c innym wspinasz si\u0119 na wy\u017cszy poziom cz\u0142owiecze\u0144stwa.\u201d<\/strong><\/p>\n<p style=\"text-align: center;\"><strong>&nbsp;<\/strong><strong>Booker T. Washington<\/strong><\/p>\n<p><strong>&nbsp;<\/strong><\/p>\n<p style=\"text-align: justify;\">Drodzy Rodzice i Uczniowie Szko\u0142y Podstawowej im. Stanis\u0142awa Staszica w Tuchowie z serca dzi\u0119kujemy Wam za Wasze ogromne zaanga\u017cowanie i otwarte serca w akcji \u201ePodziel si\u0119 \u015bwi\u0119tami\u201d. To dzi\u0119ki Waszej hojno\u015bci uda\u0142o...<a href='https:\/\/sp.tuchow.pl\/index.php\/2025\/04\/16\/podziel-sie-swietami-podziekowanie\/' class='pfpReadMore'>Read More &raquo;<\/a><div class='clear'><\/div><hr><\/div><div class='pfpItem entry-content'><h2 class='entry-title'><a href='https:\/\/sp.tuchow.pl\/index.php\/2025\/04\/14\/gminny-konkurs-wiedzy-o-tuchowie-szlakiem-po-tuchowie-i-okolicach-3\/'>Gminny Konkurs Wiedzy o Tuchowie \u201eSzlakiem po Tuchowie i okolicach\u201d<\/a><\/h2><p style=\"text-align: justify;\">10 kwietnia 2025 roku w Domu Kultury w Tuchowie odby\u0142 si\u0119 Gminny Konkurs Wiedzy o Tuchowie \u201eSzlakiem po Tuchowie<br \/>\ni okolicach\u201d. Jego V edycja &nbsp;po\u015bwi\u0119cona zosta\u0142a I oraz II wojnie \u015bwiatowej w Tuchowie i okolicach. Organizatorem konkursu by\u0142a Szko\u0142a Podstawowa w Tuchowie oraz Dom Kultury w Tuchowie. Wydarzenie...<a href='https:\/\/sp.tuchow.pl\/index.php\/2025\/04\/14\/gminny-konkurs-wiedzy-o-tuchowie-szlakiem-po-tuchowie-i-okolicach-3\/' class='pfpReadMore'>Read More &raquo;<\/a><div class='clear'><\/div><hr><\/div><div class='pfpItem entry-content'><h2 class='entry-title'><a href='https:\/\/sp.tuchow.pl\/index.php\/2025\/04\/09\/podsumowanie-zabawy-z-biblioteka-wiosna-buch-ksiazka-w-ruch\/'>Podsumowanie zabawy z bibliotek\u0105 Wiosna buch! Ksi\u0105\u017cka w ruch!<\/a><\/h2><p style=\"text-align: justify;\">Przez dwa tygodnie uczniowie klas 1\u20134 mieli okazj\u0119 wzi\u0105\u0107 udzia\u0142 w wyj\u0105tkowej zabawie z bibliotek\u0105 Wiosna \u2013 Buch!Ksi\u0105\u017cka w Ruch&#8221;. Wydarzenie to, zorganizowane przy wsp\u00f3\u0142udziale Rady Rodzic\u00f3w, bibliotekarzy oraz pedagoga, przyci\u0105gn\u0119\u0142o dzieci, oferuj\u0105c im mn\u00f3stwo rado\u015bci oraz ciekawe, inspiruj\u0105ce zadania. G\u0142\u00f3wnym celem imprezy by\u0142o promowanie czytelnictwa oraz rozwijanie...<a href='https:\/\/sp.tuchow.pl\/index.php\/2025\/04\/09\/podsumowanie-zabawy-z-biblioteka-wiosna-buch-ksiazka-w-ruch\/' class='pfpReadMore'>Read More &raquo;<\/a><div class='clear'><\/div><hr><\/div><div class='pfpItem entry-content'><h2 class='entry-title'><a href='https:\/\/sp.tuchow.pl\/index.php\/2025\/04\/08\/sprawa-jezusa-3\/'>Sprawa Jezusa<\/a><\/h2><img loading=\"lazy\" decoding=\"async\" class=\"alignnone size-full\" src=\"https:\/\/scontent-ham3-1.xx.fbcdn.net\/v\/t39.30808-6\/489282124_1215518433911252_8018278382183007274_n.jpg?_nc_cat=107&amp;ccb=1-7&amp;_nc_sid=127cfc&amp;_nc_ohc=KPe4RN8RhmoQ7kNvwF3gD19&amp;_nc_oc=AdkPAAd0g2XsjETvjU4y-BvgC9SiunUdLEDuYn-DWuvFH720_nurk2TeCKTEYq1Eu2E&amp;_nc_zt=23&amp;_nc_ht=scontent-ham3-1.xx&amp;_nc_gid=2DftFNa8JmVQsDH_XwekSg&amp;oh=00_AfEMsB6M8fN7I2z_2PEUd-7OKoDD0u6593urAUqQo-qReg&amp;oe=67FB695F\" width=\"1448\" height=\"2048\"><p>Szko\u0142a Podstawowa w Tuchowie oraz Zesp\u00f3\u0142 Pokolenia zapraszaj\u0105 na Inscenizowan\u0105 Drog\u0119 Krzy\u017cow\u0105<\/p>\n<p><\/p>\n...<a href='https:\/\/sp.tuchow.pl\/index.php\/2025\/04\/08\/sprawa-jezusa-3\/' class='pfpReadMore'>Read More &raquo;<\/a><div class='clear'><\/div><hr><\/div><div class='pfpItem entry-content'><h2 class='entry-title'><a href='https:\/\/sp.tuchow.pl\/index.php\/2025\/04\/07\/12161\/'>\u201eSzlakiem po Tuchowie i okolicach\u201d Edycja V<\/a><\/h2><p>SZKO\u0141A PODSTAWOWA im. Stanis\u0142awa Staszica DOM KULTURY w Tuchowie zapraszaj\u0105 do udzia\u0142u w KONKURSIE WIEDZY \u201eSzlakiem po Tuchowie i okolicach\u201d Edycja V.<\/p>\n<p><strong><a href=\"https:\/\/sp.tuchow.pl\/pobierz\/kon_szlakiem_V.pdf\">Regulamin konkursu<\/a><\/strong><\/p>\n<p>&nbsp;<\/p>\n...<a href='https:\/\/sp.tuchow.pl\/index.php\/2025\/04\/07\/12161\/' class='pfpReadMore'>Read More &raquo;<\/a><div class='clear'><\/div><hr><\/div><div class='pfpItem entry-content'><h2 class='entry-title'><a href='https:\/\/sp.tuchow.pl\/index.php\/2025\/04\/07\/korespondencja-pani-burmistrz-tuchowa-dotyczaca-mozliwosci-pozostawienia-dwoch-lekcji-religii-w-planie-zajec-szkolnych\/'>Korespondencja Pani Burmistrz Tuchowa dotycz\u0105c\u0105 mo\u017cliwo\u015bci pozostawienia dw\u00f3ch lekcji religii w planie zaj\u0119\u0107 szkolnych.<\/a><\/h2><p>Korespondencja Pani Burmistrz dotycz\u0105ca mo\u017cliwo\u015bci pozostawienia dw\u00f3ch lekcji religii w planie zaj\u0119\u0107 szkolnych.<\/p>\n<p><strong><a href=\"https:\/\/sp.tuchow.pl\/pobierz\/pismo_kuratorium.pdf\">Pismo do Kuratorium O\u015bwiaty<\/a><\/strong><\/p>\n<p><strong><a href=\"http:\/\/\tsp.tuchow.pl\/pobierz\/pismo_szkola_parafia_rodzice.pdf\">Pismo do Dyrektora i Rodzic\u00f3w<\/a><\/strong><\/p>\n...<a href='https:\/\/sp.tuchow.pl\/index.php\/2025\/04\/07\/korespondencja-pani-burmistrz-tuchowa-dotyczaca-mozliwosci-pozostawienia-dwoch-lekcji-religii-w-planie-zajec-szkolnych\/' class='pfpReadMore'>Read More &raquo;<\/a><div class='clear'><\/div><hr><\/div><div class='pfpItem entry-content'><h2 class='entry-title'><a href='https:\/\/sp.tuchow.pl\/index.php\/2025\/04\/04\/zarzadzenie-dyrektora-szkoly\/'>Zarz\u0105dzenie Dyrektora Szko\u0142y<\/a><\/h2><p>Poni\u017cej przedstawiamy Zarz\u0105dzenie Dyrektora Szko\u0142y w sprawie bezpiecznego pobytu w szkole.<\/p>\n<p><strong><a href=\"https:\/\/sp.tuchow.pl\/pobierz\/zarzadzenie_25.pdf\">Zarz\u0105dzenie Dyrektora Szko\u0142y<\/a><\/strong><\/p>\n...<a href='https:\/\/sp.tuchow.pl\/index.php\/2025\/04\/04\/zarzadzenie-dyrektora-szkoly\/' class='pfpReadMore'>Read More &raquo;<\/a><div class='clear'><\/div><hr><\/div><div class='pfpItem entry-content'><h2 class='entry-title'><a href='https:\/\/sp.tuchow.pl\/index.php\/2025\/04\/03\/moj-wiosenny-ogrodek-prace-konkursowe-uczniow-klas-i-iii\/'>\"M\u00f3j wiosenny ogr\u00f3dek\" Prace konkursowe uczni\u00f3w klas I - III<\/a><\/h2><p>&#8222;M\u00f3j wiosenny ogr\u00f3dek&#8221;<\/p>\n<p>Prace konkursowe uczni\u00f3w klas I &#8211; III<\/p>\n<p><a href=\"https:\/\/www.facebook.com\/share\/v\/19RnbQEUQG\/\">Fotorelacja<\/a><\/p>\n...<a href='https:\/\/sp.tuchow.pl\/index.php\/2025\/04\/03\/moj-wiosenny-ogrodek-prace-konkursowe-uczniow-klas-i-iii\/' class='pfpReadMore'>Read More &raquo;<\/a><div class='clear'><\/div><hr><\/div><div class='pfpItem entry-content'><h2 class='entry-title'><a href='https:\/\/sp.tuchow.pl\/index.php\/2025\/04\/03\/obchody-swiatowego-dnia-swiadomosci-autyzmu\/'>Obchody \u015awiatowego Dnia \u015awiadomo\u015bci Autyzmu<\/a><\/h2><p>Jeste\u015bmy na niebiesko! Obchody \u015awiatowego Dnia \u015awiadomo\u015bci Autyzmu.<\/p>\n<p><a href=\"https:\/\/www.facebook.com\/watch\/?v=1190711239358422\">Relacja filmowa<\/a><\/p>\n...<a href='https:\/\/sp.tuchow.pl\/index.php\/2025\/04\/03\/obchody-swiatowego-dnia-swiadomosci-autyzmu\/' class='pfpReadMore'>Read More &raquo;<\/a><div class='clear'><\/div><hr><\/div><div class='pfpItem entry-content'><h2 class='entry-title'><a href='https:\/\/sp.tuchow.pl\/index.php\/2025\/04\/03\/posprzataj-z-nami-malopolske-3\/'>Posprz\u0105taj z nami Ma\u0142opolsk\u0119<\/a><\/h2><p>W dniu 3 kwietnia uczniowie klasy 4c ze Szko\u0142y Podstawowej w Tuchowie wzi\u0119li udzia\u0142 w akcji: Posprz\u0105taj z nami Ma\u0142opolsk\u0119. Naszym dzia\u0142aniom na Ska\u0142ce towarzyszy\u0142a pi\u0119kna s\u0142oneczna pogoda i wiosenne okoliczno\u015bci przyrody.<\/p>\n<p><a href=\"https:\/\/www.facebook.com\/photo\/?fbid=1210229114440184&amp;set=pcb.1210235121106250\">Galeria zdj\u0119\u0107<\/a><\/p>\n...<a href='https:\/\/sp.tuchow.pl\/index.php\/2025\/04\/03\/posprzataj-z-nami-malopolske-3\/' class='pfpReadMore'>Read More &raquo;<\/a><div class='clear'><\/div><hr><\/div><div class='pfpItem entry-content'><h2 class='entry-title'><a href='https:\/\/sp.tuchow.pl\/index.php\/2025\/04\/03\/vi-powiatowy-festiwal-piosenki-angielskiej\/'>VI Powiatowy Festiwal Piosenki Angielskiej<\/a><\/h2><img loading=\"lazy\" decoding=\"async\" class=\"aligncenter size-full\" src=\"https:\/\/scontent-ham3-1.xx.fbcdn.net\/v\/t39.30808-6\/487504222_1210553811074381_7918745705273931340_n.jpg?_nc_cat=100&amp;ccb=1-7&amp;_nc_sid=127cfc&amp;_nc_ohc=1RQ_IpXknDkQ7kNvwER6IUU&amp;_nc_oc=Adn9xbwj48BHShwqqEJuoWpUDf3nI90NuGqbM3cQH8AOJ3CtvALlA-tTK55WpalJCSU&amp;_nc_zt=23&amp;_nc_ht=scontent-ham3-1.xx&amp;_nc_gid=iD-I2UX1wIaqyO8QHC9LPA&amp;oh=00_AYE5DWoRsLc2chtHb9u7hdRfUhSP13XXaUKvJWv-hz765w&amp;oe=67F4ACC1\" width=\"895\" height=\"503\"><p style=\"text-align: justify;\">Na Powiatowym Festiwalu Piosenki Angielskiej w Woli Rz\u0119dzi\u0144skiej wyst\u0119powa\u0142o 43 uczestnik\u00f3w z 21 szk\u00f3\u0142 z terenu gminy Tarn\u00f3w oraz powiatu tarnowskiego. Nasz\u0105 szko\u0142\u0119 reprezentowa\u0142y 3 niezwykle utalentowane dziewczyny:<\/p>\n<p style=\"text-align: justify;\">Aleksandra Lebryk kl. 8B, Karolina Wi\u0119cek kl. 6B i Alicja Gawron z kl. 6A.<\/p>\n<p style=\"text-align: justify;\">Jury podkre\u015bla\u0142o, \u017ce festiwal...<a href='https:\/\/sp.tuchow.pl\/index.php\/2025\/04\/03\/vi-powiatowy-festiwal-piosenki-angielskiej\/' class='pfpReadMore'>Read More &raquo;<\/a><div class='clear'><\/div><hr><\/div><div class='pfpItem entry-content'><h2 class='entry-title'><a href='https:\/\/sp.tuchow.pl\/index.php\/2025\/04\/02\/vii-gminny-konkurs-piosenki-angielskiej-everybody-can-sing-2\/'>VII Gminny Konkurs Piosenki Angielskiej \u201eEverybody can sing\u201d<\/a><\/h2><p style=\"text-align: justify;\">Szko\u0142a Podstawowa im. Stanis\u0142awa Staszica w Tuchowie zorganizowa\u0142a VII Gminny Konkurs Piosenki Angielskiej \u201eEverybody can sing,\u201d kt\u00f3ry odby\u0142 si\u0119 31.03.2025r. w Domu Kultury w Tuchowie. Etap gminny poprzedzony by\u0142 eliminacjami do konkursu. Do etapu gminnego zg\u0142oszono 30 uczestnik\u00f3w z 7 szk\u00f3\u0142.<\/p>\n<p style=\"text-align: justify;\">Wyst\u0119py ocenia\u0142o niezale\u017cne jury w sk\u0142adzie:...<a href='https:\/\/sp.tuchow.pl\/index.php\/2025\/04\/02\/vii-gminny-konkurs-piosenki-angielskiej-everybody-can-sing-2\/' class='pfpReadMore'>Read More &raquo;<\/a><div class='clear'><\/div><hr><\/div><div class='pfpItem entry-content'><h2 class='entry-title'><a href='https:\/\/sp.tuchow.pl\/index.php\/2025\/03\/31\/podziel-sie-swietami-5\/'>Podziel si\u0119 \u015awi\u0119tami<\/a><\/h2><img loading=\"lazy\" decoding=\"async\" class=\"alignnone size-full\" src=\"https:\/\/scontent-ber1-1.xx.fbcdn.net\/v\/t39.30808-6\/488506989_1207422811387481_4296962672646893273_n.jpg?_nc_cat=106&amp;ccb=1-7&amp;_nc_sid=127cfc&amp;_nc_ohc=xuJ3LiUzQ2EQ7kNvgGvQfWz&amp;_nc_oc=AdkU_zMEEGtkg1chkP3FhpAR2vlyv9JsXFwM8DJV01VRr9ofdulHQH8qqXcqxdmEqmI&amp;_nc_zt=23&amp;_nc_ht=scontent-ber1-1.xx&amp;_nc_gid=Jxs3MQj3m--9K_0AN3rSQA&amp;oh=00_AYHrBlpE8Gj0BMTtxRHAzvISxW6Gh1eDJEVOveGbN979jg&amp;oe=67F0C4A9\" width=\"1600\" height=\"1131\"><p>Zapraszamy do udzia\u0142u w corocznej akcji \u015bwi\u0105tecznej.<\/p>\n<p><\/p>\n...<a href='https:\/\/sp.tuchow.pl\/index.php\/2025\/03\/31\/podziel-sie-swietami-5\/' class='pfpReadMore'>Read More &raquo;<\/a><div class='clear'><\/div><hr><\/div><div class='pfpItem entry-content'><h2 class='entry-title'><a href='https:\/\/sp.tuchow.pl\/index.php\/2025\/03\/31\/czytelnicy-wylosowani-do-upominkow-za-pierwszy-tydzien-zabawy-z-biblioteka-szkolna\/'>Czytelnicy wylosowani do upomink\u00f3w za pierwszy tydzie\u0144 zabawy z bibliotek\u0105 szkoln\u0105<\/a><\/h2><p><span style=\"color: #339966;\"><strong>Wiosna buch! Ksi\u0105\u017cka w ruch<\/strong>!<\/span><\/p>\n<ol>\n<li><strong>Zuzanna Cup 1d<\/strong><\/li>\n<li><strong>Jeremi Janisz 1b<\/strong><\/li>\n<li><strong>Albert Starzyk 1c<\/strong><\/li>\n<li><strong>Wojciech Stec 1b<\/strong><\/li>\n<li><strong>Karol Ogiela 3a<\/strong><\/li>\n<li><strong>Dagmara Augustyn 1a<\/strong><\/li>\n<li><strong>Lena Gawron 1a<\/strong><\/li>\n<li><strong>Karolina Kujda 1a<\/strong><\/li>\n<li><strong>Barbara Stec 1b<\/strong><\/li>\n<li><strong>Liliana Zdu\u0144 1c<\/strong><\/li>\n<li><strong>Zuzanna Krupa 1b<\/strong><\/li>\n<li><strong>Antonina \u0141\u0105tka 1a<\/strong><\/li>\n<li><strong>Zosia Ptaszkowska 1c<\/strong><\/li>\n<li><strong>Julia Kiero\u0144ska 1a<\/strong><\/li>\n<li><strong>Gabriela P\u0142achno 2b<\/strong><\/li>\n<li><strong>Wiktoria Habry\u0142o 1a<\/strong><\/li>\n<\/ol>\n...<a href='https:\/\/sp.tuchow.pl\/index.php\/2025\/03\/31\/czytelnicy-wylosowani-do-upominkow-za-pierwszy-tydzien-zabawy-z-biblioteka-szkolna\/' class='pfpReadMore'>Read More &raquo;<\/a><div class='clear'><\/div><hr><\/div><div class='pfpItem entry-content'><h2 class='entry-title'><a href='https:\/\/sp.tuchow.pl\/index.php\/2025\/03\/31\/sowo-gdzie-jestes\/'>Sowo, gdzie jeste\u015b?<\/a><\/h2><p><strong>Konkurs biblioteczno- geograficzny dla uczni\u00f3w<\/strong><\/p>\n<p><span style=\"color: #ff0000;\"><strong>I etap: dla klas IV- VIII <\/strong><\/span><\/p>\n<p><span style=\"color: #ff0000;\"><strong>II etap: dla klas V- VIII <\/strong><\/span><\/p>\n<p><strong>Zapraszamy do udzia\u0142u w konkursie dla spostrzegawczych amator\u00f3w podr\u00f3\u017cy, Tuchowa i wielbicieli geografii. <\/strong><\/p>\n<p><span style=\"color: #ff0000;\"><strong>Gdzie jest SOWA? W kt\u00f3rym zak\u0105tku Tuchowa, Polski, \u015bwiata?<\/strong><\/span><\/p>\n<p>Nagrod\u0105&nbsp; za poprawne odpowiedzi b\u0119d\u0105 oceny z...<a href='https:\/\/sp.tuchow.pl\/index.php\/2025\/03\/31\/sowo-gdzie-jestes\/' class='pfpReadMore'>Read More &raquo;<\/a><div class='clear'><\/div><hr><\/div><div class='pfpItem entry-content'><h2 class='entry-title'><a href='https:\/\/sp.tuchow.pl\/index.php\/2025\/03\/30\/szlakiem-zalipianskiego-folkloru\/'>\u201eSzlakiem zalipia\u0144skiego folkloru\u201d<\/a><\/h2><p style=\"text-align: justify;\">Klasy 3a i 3c wzi\u0119\u0142y udzia\u0142 w pe\u0142nej wra\u017ce\u0144 i artystycznych inspiracji wycieczce do Zalipia, malowniczej wioski s\u0142yn\u0105cej mi\u0119dzy innymi z tradycji malowania dom\u00f3w w kwiatowe wzory. Uczniowie odwiedzili miejscowy ko\u015bci\u00f3\u0142, gdzie podziwiali pi\u0119kne kompozycje kwiatowe namalowane na \u015bcianach oraz ornaty zdobione lokalnym haftem. Nast\u0119pnie udali si\u0119 do...<a href='https:\/\/sp.tuchow.pl\/index.php\/2025\/03\/30\/szlakiem-zalipianskiego-folkloru\/' class='pfpReadMore'>Read More &raquo;<\/a><div class='clear'><\/div><hr><\/div><div class='pfpItem entry-content'><h2 class='entry-title'><a href='https:\/\/sp.tuchow.pl\/index.php\/2025\/03\/30\/sprawa-jezusa-2\/'>\"Sprawa Jezusa\"<\/a><\/h2><div style=\"text-align: justify;\">Dwunasty ju\u017c raz, uczniowie i nauczycie naszej szko\u0142y wraz z zespo\u0142em Pokolenia przygotowali i przedstawili Inscenizowana Drog\u0119 Krzy\u017cow\u0105. 21 marca w Bazylice Mniejszej w Tuchowie, wierni mieli okazj\u0119, kolejny ju\u017c raz, prze\u017cy\u0107 wraz z Jezusem drog\u0119 na Golgot\u0119.<\/div>\n<div style=\"text-align: justify;\">Z ca\u0142ego serca dzi\u0119kujemy uczniom naszej szko\u0142y za ogromne...<a href='https:\/\/sp.tuchow.pl\/index.php\/2025\/03\/30\/sprawa-jezusa-2\/' class='pfpReadMore'>Read More &raquo;<\/a><div class='clear'><\/div><hr><\/div><div class='pfpItem entry-content'><h2 class='entry-title'><a href='https:\/\/sp.tuchow.pl\/index.php\/2025\/03\/27\/wyniki-szkolnego-etapu-konkursu-piosenki-angielskiej-everybody-can-sing-4\/'>Wyniki szkolnego etapu Konkursu Piosenki Angielskiej \u201eEverybody can sing\u201d<\/a><\/h2><p>27.03.2025r. odby\u0142y si\u0119 eliminacje do VII Gminnego Konkursu Piosenki Angielskiej \u201eEverybody can sing\u201d.<\/p>\n<p>Jury w sk\u0142adzie: p. Alicja P\u0142achno, p. Wies\u0142aw Cie\u015bla, p. Katarzyna Stelmach i p. Aneta Rzeszutko wy\u0142oni\u0142o zwyci\u0119zc\u00f3w w dw\u00f3ch grupach wiekowych.<\/p>\n<p><strong><u>Laureaci klas 1-4:<\/u><\/strong><\/p>\n<p><u>1 miejsce: Maria Wieliczko<\/u><\/p>\n<p><u>2 miejsce: Milena Trzaskowska<\/u><\/p>\n<p><u>3 miejsce: \u0141ucja Mikos<\/u><\/p>\n<p><u>4 miejsce: Filip Skruch<\/u><\/p>\n<p><u>Wyr\u00f3\u017cnienie:<\/u><\/p>\n<p><u>Maja Gawron<\/u><\/p>\n<p><u>Emila Potok<\/u><\/p>\n<p><u>&nbsp;<\/u><\/p>\n<p><strong><u>Laureaci...<a href='https:\/\/sp.tuchow.pl\/index.php\/2025\/03\/27\/wyniki-szkolnego-etapu-konkursu-piosenki-angielskiej-everybody-can-sing-4\/' class='pfpReadMore'>Read More &raquo;<\/a><div class='clear'><\/div><hr><\/div><div class='pfpItem entry-content'><h2 class='entry-title'><a href='https:\/\/sp.tuchow.pl\/index.php\/2025\/03\/26\/akcja-zonkile-2025\/'>AKCJA \u017bONKILE 2025<\/a><\/h2><p style=\"text-align: center;\">AKCJA \u017bONKILE 2025<\/p>\n<p style=\"text-align: center;\">W SZKOLE PODSTAWOWEJ W TUCHOWIE<\/p>\n<p style=\"text-align: center;\">82. ROCZNICA POWSTANIA W GETCIE WARSZAWSKIM<\/p>\n<p>&nbsp;<\/p>\n<ul>\n<li>Wykonaj zak\u0142adk\u0119 do ksi\u0105\u017cki dowoln\u0105 technik\u0105.<\/li>\n<li>Na zak\u0142adce powinien si\u0119 znale\u017a\u0107 \u017conkil.<\/li>\n<li>Nie podpisuj pracy.<\/li>\n<li>Do 4 kwietnia oddaj prac\u0119 Nauczycielowi historii.<\/li>\n<li>Zach\u0119camy do odwiedzenia biblioteki publicznej w Tuchowie.<\/li>\n<li>Wypo\u017cycz ciekaw\u0105 ksi\u0105\u017ck\u0119, kt\u00f3rej ozdob\u0105 b\u0119dzie zak\u0142adka wykonana przez...<a href='https:\/\/sp.tuchow.pl\/index.php\/2025\/03\/26\/akcja-zonkile-2025\/' class='pfpReadMore'>Read More &raquo;<\/a><div class='clear'><\/div><hr><\/div><div class='pfpItem entry-content'><h2 class='entry-title'><a href='https:\/\/sp.tuchow.pl\/index.php\/2025\/03\/23\/wiosenne-recytacje-klas-i-iii-w-szkole-podstawowej-im-stanislawa-staszica-w-tuchowie\/'>\u201eWIOSENNE RECYTACJE\u201d klas I-III w Szkole Podstawowej im. Stanis\u0142awa Staszica w Tuchowie\u201d<\/a><\/h2><p style=\"text-align: justify;\">W dniu 20 marca w naszej szkole odby\u0142 si\u0119 konkurs recytatorski dla uczni\u00f3w klas I-III.&nbsp; Wzi\u0119\u0142o w nim udzia\u0142 19 uczni\u00f3w, kt\u00f3rzy wcze\u015bniej zostali wy\u0142onieni w etapach klasowych, a ich wyst\u0119py by\u0142y wynikiem d\u0142ugotrwa\u0142ej pracy.<br \/>\nW trakcie recytatorskich zmaga\u0144 dzieci z wielk\u0105 wra\u017cliwo\u015bci\u0105 i zaanga\u017cowaniem zaprezentowa\u0142y wiersze o...<a href='https:\/\/sp.tuchow.pl\/index.php\/2025\/03\/23\/wiosenne-recytacje-klas-i-iii-w-szkole-podstawowej-im-stanislawa-staszica-w-tuchowie\/' class='pfpReadMore'>Read More &raquo;<\/a><div class='clear'><\/div><hr><\/div><div class='pfpItem entry-content'><h2 class='entry-title'><a href='https:\/\/sp.tuchow.pl\/index.php\/2025\/03\/19\/obchody-dnia-sw-patryka-w-szkole-podstawowej-w-tuchowie-5\/'>OBCHODY DNIA \u015aW. PATRYKA W SZKOLE PODSTAWOWEJ W TUCHOWIE<\/a><\/h2><p>Z okazji Dnia \u015aw. Patryka uczniowie klas 1-3 wzi\u0119li udzia\u0142 w konkursie na najciekawsze zielone przebranie. Jury ocenia\u0142o pomys\u0142owo\u015b\u0107 oraz wk\u0142ad pracy w przygotowanie stroju.<\/p>\n<p>Po d\u0142ugich obradach wy\u0142oniono nast\u0119puj\u0105cych zwyci\u0119zc\u00f3w:<\/p>\n<p><strong>1 miejsce: Adam Wide\u0142 <\/strong>kl. 1c<\/p>\n<p><strong>2 miejsce: Aleksandra Szczerba <\/strong>kl. 2a<\/p>\n<p><strong>3 miejsce: Amelia Cup <\/strong>kl.3a<\/p>\n<p><strong>&nbsp;<\/strong><\/p>\n<p>Wyr\u00f3\u017cnienie otrzymuje:<\/p>\n<p>Mi\u0142osz Doktor<\/p>\n<p>Jessica Benneyworth<\/p>\n<p>Igor Sta\u0144czyk<\/p>\n<p>&nbsp;<\/p>\n<p>Wszyscy uczniowie bior\u0105cy...<a href='https:\/\/sp.tuchow.pl\/index.php\/2025\/03\/19\/obchody-dnia-sw-patryka-w-szkole-podstawowej-w-tuchowie-5\/' class='pfpReadMore'>Read More &raquo;<\/a><div class='clear'><\/div><hr><\/div><div class='pfpItem entry-content'><h2 class='entry-title'><a href='https:\/\/sp.tuchow.pl\/index.php\/2025\/03\/15\/wiosna-buch-ksiazka-w-ruch-7\/'>Wiosna buch! Ksi\u0105\u017cka w ruch!<\/a><\/h2><p><strong>Kochani czytelnicy!<\/strong><\/p>\n<p style=\"text-align: justify;\">Od <strong>21 marca 2025<\/strong> roku w pierwszy dzie\u0144 wiosny ruszamy z akcj\u0105 czytelnicz\u0105, w kt\u00f3rej po\u017cyczaj\u0105c ksi\u0105\u017ck\u0119 mo\u017cna wylosowa\u0107 zadanie do wykonania. Losy z imieniem, nazwiskiem i klas\u0105 oraz wykonanym zadaniem nale\u017cy wrzuci\u0107 do skrzynki w bibliotece szkolnej.<\/p>\n<p style=\"text-align: justify;\">Akcja trwa 2 tygodnie do 4 kwietnia. Raz...<a href='https:\/\/sp.tuchow.pl\/index.php\/2025\/03\/15\/wiosna-buch-ksiazka-w-ruch-7\/' class='pfpReadMore'>Read More &raquo;<\/a><div class='clear'><\/div><hr><\/div><div class='pfpItem entry-content'><h2 class='entry-title'><a href='https:\/\/sp.tuchow.pl\/index.php\/2025\/03\/14\/sprawa-jezusa\/'>Sprawa Jezusa<\/a><\/h2><img loading=\"lazy\" decoding=\"async\" class=\"alignnone size-full\" src=\"https:\/\/scontent-ham3-1.xx.fbcdn.net\/v\/t39.30808-6\/480942298_1191811979615231_7598640753338061318_n.jpg?_nc_cat=100&amp;ccb=1-7&amp;_nc_sid=127cfc&amp;_nc_ohc=OoWpQc58bC0Q7kNvgF8J-oN&amp;_nc_oc=AdhP_TdNVm0JZpa-k4Pq3cYDEvdOvX_SZp9iVk5GpyxpVe9aVO33yn9RRnIW6iTx-hI&amp;_nc_zt=23&amp;_nc_ht=scontent-ham3-1.xx&amp;_nc_gid=A-AxGwTp38L0Zqp1scv7wSb&amp;oh=00_AYE0y5p4-TTmkIYiS91fksgCG5egNeHo32a2eLwYOzOqpQ&amp;oe=67D9B6C8\" width=\"1448\" height=\"2048\"><p>Szko\u0142a Podstawowa w Tuchowie oraz Zesp\u00f3\u0142 Pokolenia zapraszaj\u0105 na Inscenizowan\u0105 Drog\u0119 Krzy\u017cow\u0105.<\/p>\n<p><\/p>\n...<a href='https:\/\/sp.tuchow.pl\/index.php\/2025\/03\/14\/sprawa-jezusa\/' class='pfpReadMore'>Read More &raquo;<\/a><div class='clear'><\/div><hr><\/div><div class='pfpItem entry-content'><h2 class='entry-title'><a href='https:\/\/sp.tuchow.pl\/index.php\/2025\/03\/12\/vii-pieszy-rajd-tropem-wilczym-pamieci-zolnierzy-wykletych\/'>VII Pieszy Rajd Tropem Wilczym Pami\u0119ci \u017bo\u0142nierzy Wykl\u0119tych<\/a><\/h2><p>4 marca 2025 r reprezentacja naszej szko\u0142y wzi\u0119\u0142a udzia\u0142 w VII Pieszym Rajdzie Tropem Wilczym Pami\u0119ci \u017bo\u0142nierzy Wykl\u0119tych organizowanym przez SP w Siedliskach. Celem tegorocznego rajdu by\u0142 cmentarz wojenny nr 159 w Mesznej Opackiej. Tu odby\u0142y si\u0119 uroczysto\u015bci plenerowe, w czasie kt\u00f3rych wys\u0142uchali\u015bmy ciekawej prelekcji p. Cezarego Pa\u0142ki z IPN-u...<a href='https:\/\/sp.tuchow.pl\/index.php\/2025\/03\/12\/vii-pieszy-rajd-tropem-wilczym-pamieci-zolnierzy-wykletych\/' class='pfpReadMore'>Read More &raquo;<\/a><div class='clear'><\/div><hr><\/div><div class='pfpItem entry-content'><h2 class='entry-title'><a href='https:\/\/sp.tuchow.pl\/index.php\/2025\/03\/11\/zbiorka-charytatywna-2\/'>Zbi\u00f3rka charytatywna<\/a><\/h2><img loading=\"lazy\" decoding=\"async\" class=\"alignnone size-full\" src=\"https:\/\/scontent-ham3-1.xx.fbcdn.net\/v\/t39.30808-6\/483485225_1189596139836815_5703443961134625419_n.jpg?_nc_cat=110&amp;ccb=1-7&amp;_nc_sid=127cfc&amp;_nc_ohc=aRcwGW8V7S0Q7kNvgE9X427&amp;_nc_oc=AdjoBQ_dZXYxSIUuQZ3IApEvyP4Hq-HLArF3oU-VTMFcEJgmHzOZlYCN-gTms-MSKDI&amp;_nc_zt=23&amp;_nc_ht=scontent-ham3-1.xx&amp;_nc_gid=AMpPRar4HX5Wk4Q99kgsrKz&amp;oh=00_AYHRYhhdx1m0FNZcn83-jGCjyFAaDSccuV__2NSyoreCIA&amp;oe=67D679DE\" width=\"940\" height=\"788\"><p><\/p>\n...<a href='https:\/\/sp.tuchow.pl\/index.php\/2025\/03\/11\/zbiorka-charytatywna-2\/' class='pfpReadMore'>Read More &raquo;<\/a><div class='clear'><\/div><hr><\/div><div class='pfpItem entry-content'><h2 class='entry-title'><a href='https:\/\/sp.tuchow.pl\/index.php\/2025\/03\/10\/wycieczka-klas-osmych-do-muzeum-armii-krajowej-im-gen-emila-fieldorfa-nila-w-krakowie-3\/'>Wycieczka klas \u00f3smych do Muzeum Armii Krajowej im. gen. Emila Fieldorfa \u201eNila\u201d w Krakowie<\/a><\/h2><p style=\"text-align: justify;\">W pi\u0119kny, s\u0142oneczny poranek 25.02 uczniowie klas \u00f3smych uczestniczyli w wycieczce historycznej do Muzeum Armii Krajowej im. gen. Emila Fieldorfa \u201eNila\u201d w Krakowie. M\u0142odzie\u017c wzi\u0119\u0142a udzia\u0142 w warsztatach pt. \u201eZosta\u0144 asem wywiadu\u201d. Uczniowie poznali wiele ciekawych postaci, takich jak Krystyna Skarbek czy Kazimierz Leski. Z ciekawo\u015bci\u0105 ogl\u0105dali eksponaty...<a href='https:\/\/sp.tuchow.pl\/index.php\/2025\/03\/10\/wycieczka-klas-osmych-do-muzeum-armii-krajowej-im-gen-emila-fieldorfa-nila-w-krakowie-3\/' class='pfpReadMore'>Read More &raquo;<\/a><div class='clear'><\/div><hr><\/div><div class='pfpItem entry-content'><h2 class='entry-title'><a href='https:\/\/sp.tuchow.pl\/index.php\/2025\/03\/10\/wizyta-w-izbie-pamieci-ckziu\/'>Wizyta w Izbie Pami\u0119ci CKZiU<\/a><\/h2><p style=\"text-align: justify;\">Tradycj\u0105 klas si\u00f3dmych sta\u0142y si\u0119 coroczne odwiedziny Izby Pami\u0119ci Bohater\u00f3w i Bitwy pod \u0141owcz\u00f3wkiem w Centrum Kszta\u0142cenia Zawodowego i Ustawicznego w Tuchowie. Wzruszaj\u0105ca, pe\u0142na ciekawych epizod\u00f3w historia Legion\u00f3w Polskich J\u00f3zefa Pi\u0142sudskiego w batalii pod \u0141owcz\u00f3wkiem poruszy\u0142a m\u0142odzie\u017c. Prowadz\u0105ca zaj\u0119cia Pani Lilianna Lipka przybli\u017cy\u0142a uczniom sylwetki \u017co\u0142nierzy, niejednokrotnie za...<a href='https:\/\/sp.tuchow.pl\/index.php\/2025\/03\/10\/wizyta-w-izbie-pamieci-ckziu\/' class='pfpReadMore'>Read More &raquo;<\/a><div class='clear'><\/div><hr><\/div><div class='pfpItem entry-content'><h2 class='entry-title'><a href='https:\/\/sp.tuchow.pl\/index.php\/2025\/03\/10\/wyniki-zabawy-z-biblioteka-randka-w-ciemno-z-ksiazka\/'>Wyniki zabawy z bibliotek\u0105 \u201eRandka w ciemno z ksi\u0105\u017ck\u0105\u201d<\/a><\/h2><p style=\"text-align: justify;\">Spo\u015br\u00f3d kartek, na kt\u00f3rych znalaz\u0142y si\u0119 ciekawe opinie o przeczytanych ksi\u0105\u017ckach wylosowano nast\u0119puj\u0105ce osoby:<br \/>\n1. Emilia Potok kl. 4b<br \/>\n2. Aniela Gut kl. 5b<br \/>\n3. Jakub Wide\u0142 6c<br \/>\n4. Maciej Kita kl. 6a<br \/>\n5. Laura Wr\u00f3bel kl. 4a<br \/>\n6. Franciszek R\u0105pa\u0142a kl. 4b<br \/>\n7. Micha\u0142 Kita kl. 4a<br...<a href='https:\/\/sp.tuchow.pl\/index.php\/2025\/03\/10\/wyniki-zabawy-z-biblioteka-randka-w-ciemno-z-ksiazka\/' class='pfpReadMore'>Read More &raquo;<\/a><div class='clear'><\/div><hr><\/div><div class='pfpItem entry-content'><h2 class='entry-title'><a href='https:\/\/sp.tuchow.pl\/index.php\/2025\/03\/03\/pancake-day\/'>Pancake Day<\/a><\/h2><p class=\"Standard\" style=\"text-align: justify;\">4 marca przypada w Wielkiej Brytanii Pancake Day czyli dzie\u0144 nale\u015bnika, kt\u00f3ry jest odpowiednikiem naszego T\u0142ustego Czwartku. Z tej okazji uczniowie klasy 5c przygotowywali nale\u015bniki ze s\u0142odkimi dodatkami. Tak prosto jednak nie by\u0142o. Oczekuj\u0105c na upieczenie si\u0119 nale\u015bnik\u00f3w zmierzyli si\u0119 z zadaniami z j\u0119zyka angielskiego i z...<a href='https:\/\/sp.tuchow.pl\/index.php\/2025\/03\/03\/pancake-day\/' class='pfpReadMore'>Read More &raquo;<\/a><div class='clear'><\/div><hr><\/div><div class='pfpItem entry-content'><h2 class='entry-title'><a href='https:\/\/sp.tuchow.pl\/index.php\/2025\/03\/03\/kaletnictwo-tajniki-rzemiosla-artystycznego-warsztaty-artystyczne-w-klasie-5-b\/'>Kaletnictwo \u2013 tajniki rzemios\u0142a artystycznego Warsztaty artystyczne w klasie 5 b<\/a><\/h2><p style=\"text-align: justify;\">20.02.2025 w pracowni technicznej odby\u0142y si\u0119 warsztaty pt. \u201eKaletnictwo \u2013 tajniki rzemios\u0142a artystycznego\u201d. W zaj\u0119ciach uczestniczyli uczniowie klasy 5b. Prowadz\u0105ca warsztaty \u2013 pani Katarzyna Maniak &#8211; w bardzo przyst\u0119pny spos\u00f3b przedstawi\u0142a zasady dzia\u0142ania maszyny domowej oraz przemys\u0142owej. Uczniowie mogli zobaczy\u0107, jak wygl\u0105daj\u0105 takie maszyny \u2013 odgadywali ich nazwy...<a href='https:\/\/sp.tuchow.pl\/index.php\/2025\/03\/03\/kaletnictwo-tajniki-rzemiosla-artystycznego-warsztaty-artystyczne-w-klasie-5-b\/' class='pfpReadMore'>Read More &raquo;<\/a><div class='clear'><\/div><hr><\/div><div class='pfpItem entry-content'><h2 class='entry-title'><a href='https:\/\/sp.tuchow.pl\/index.php\/2025\/03\/01\/obchody-dnia-sw-patryka-4\/'>OBCHODY DNIA \u015aW. PATRYKA<\/a><\/h2><img loading=\"lazy\" decoding=\"async\" class=\"alignnone size-full\" src=\"https:\/\/scontent-ham3-1.xx.fbcdn.net\/v\/t39.30808-6\/481140358_1180737694055993_5692431420241890197_n.jpg?_nc_cat=103&amp;ccb=1-7&amp;_nc_sid=127cfc&amp;_nc_ohc=60U6E5OmdVIQ7kNvgFDAEGL&amp;_nc_oc=AdjtSdbG8SVWmjCsTqxZRcpUfjwlBCjqpKmArHmya0PXEfghsPa1ZWflfLsggM_werc&amp;_nc_zt=23&amp;_nc_ht=scontent-ham3-1.xx&amp;_nc_gid=ASJbHNYEBEoaGAvk8HQhVnk&amp;oh=00_AYD-aOXXl9PpIWvoT6QbUEGsqIZKVt8d9Ela7j5SAjCntw&amp;oe=67C8B14F\" width=\"2048\" height=\"1448\"><p style=\"text-align: justify;\">17 marca obchodzony jest Dzie\u0144 \u015awi\u0119tego Patryka, patrona Irlandii. Jedn\u0105 z tradycji tego dnia jest noszenie ubra\u0144 w kolorze zielonym, dlatego zapraszamy wszystkich uczni\u00f3w klas 1-3 do udzia\u0142u w konkursie na najciekawsze przebranie w kolorze zielonym.<\/p>\n<p style=\"text-align: justify;\"><u>Cele konkursu:<\/u><\/p>\n<ul style=\"text-align: justify;\">\n<li>Poznawanie kultury kraj\u00f3w angloj\u0119zycznych<\/li>\n<li>Wzbudzanie zainteresowania nauk\u0105 j\u0119zyka angielskiego<\/li>\n<li>Uatrakcyjnienie...<a href='https:\/\/sp.tuchow.pl\/index.php\/2025\/03\/01\/obchody-dnia-sw-patryka-4\/' class='pfpReadMore'>Read More &raquo;<\/a><div class='clear'><\/div><hr><\/div><div class='pfpItem entry-content'><h2 class='entry-title'><a href='https:\/\/sp.tuchow.pl\/index.php\/2025\/02\/19\/vii-gminny-konkurs-piosenki-angielskiej-everybody-can-sing\/'>VII Gminny Konkurs Piosenki Angielskiej \u201eEverybody can sing\u201d<\/a><\/h2><p class=\"Standard\" style=\"text-align: justify; text-justify: inter-ideograph;\">Serdecznie zapraszamy do udzia\u0142u w VII Gminnym Konkursie Piosenki Angielskiej \u201eEverybody can sing,\u201d kt\u00f3rego organizatorem jest Szko\u0142a Podstawowa im. Stanis\u0142awa Staszica w Tuchowie. Konkurs jest organizowany w dw\u00f3ch kategoriach wiekowych: uczniowie klas 1-4 oraz klas 5-8.<\/p>\n<p class=\"Textbody\">Eliminacje dla uczni\u00f3w naszej szko\u0142y odb\u0119d\u0105 si\u0119 27.03.2025r. 8...<a href='https:\/\/sp.tuchow.pl\/index.php\/2025\/02\/19\/vii-gminny-konkurs-piosenki-angielskiej-everybody-can-sing\/' class='pfpReadMore'>Read More &raquo;<\/a><div class='clear'><\/div><hr><\/div><div class='pfpItem entry-content'><h2 class='entry-title'><a href='https:\/\/sp.tuchow.pl\/index.php\/2025\/02\/13\/do-zaczytania-jeden-krok-czyli-randka-w-ciemnio-z-ksiazka\/'>Do zaczytania jeden krok czyli Randka w ciemnio z ksi\u0105\u017ck\u0105\"<\/a><\/h2><p style=\"text-align: justify;\">Z okazji zbil\u017caj\u0105cych si\u0119 walentynek przygotowa\u0142y\u015bmy dla uczni\u00f3w akcj\u0119&nbsp;<strong>&#8222;Do zaczytania jeden krok czyli Randka w ciemnio z ksi\u0105\u017ck\u0105&#8221;<\/strong><\/p>\n<p style=\"text-align: justify;\">Idea naszej akcji jest bardzo prosta: zamiast wybiera\u0107 ksi\u0105\u017ck\u0119 na podstawie ok\u0142adki , tytu\u0142u lub autora, podejmujemy wyzwanie i wypo\u017cyczamy&nbsp;<strong>14 lutego (pi\u0105tek)&nbsp;<\/strong>ksi\u0105\u017ck\u0119 zupe\u0142nie w &#8222;ciemno&#8221;. Uczestnicy akcji maj\u0105 przed...<a href='https:\/\/sp.tuchow.pl\/index.php\/2025\/02\/13\/do-zaczytania-jeden-krok-czyli-randka-w-ciemnio-z-ksiazka\/' class='pfpReadMore'>Read More &raquo;<\/a><div class='clear'><\/div><hr><\/div><div class='pfpItem entry-content'><h2 class='entry-title'><a href='https:\/\/sp.tuchow.pl\/index.php\/2025\/02\/11\/bal-karnawalowy-dla-nadziei\/'>Bal karnawa\u0142owy dla \u201e Nadziei\u201d<\/a><\/h2><p style=\"text-align: justify;\">8 lutego po raz kolejny odby\u0142 si\u0119 bal karnawa\u0142owy dla podopiecznych Stowarzyszenia \u201e Nadzieja\u201d , zorganizowany przez Szko\u0142\u0119 Podstawow\u0105 im. Stanis\u0142awa Staszica w Tuchowie. Na pocz\u0105tku Dyrektor mgr J\u00f3zef Wzorek przywita\u0142 mi\u0142ych go\u015bci i rozpocz\u0105\u0142 imprez\u0119. Podopieczni Stowarzyszenia bawili si\u0119 doskonale . Du\u017ca w tym zas\u0142uga fantastycznej muzyki...<a href='https:\/\/sp.tuchow.pl\/index.php\/2025\/02\/11\/bal-karnawalowy-dla-nadziei\/' class='pfpReadMore'>Read More &raquo;<\/a><div class='clear'><\/div><hr><\/div><div class='pfpItem entry-content'><h2 class='entry-title'><a href='https:\/\/sp.tuchow.pl\/index.php\/2025\/02\/03\/w-magicznym-swiecie-wierszy-ksiedza-jana-twardowskiego\/'>,,W magicznym \u015bwiecie wierszy ksi\u0119dza Jana Twardowskiego\u2019\u2019<\/a><\/h2><p style=\"text-align: justify;\">&nbsp;<\/p>\n<p style=\"text-align: justify;\">1 czerwca 2005 roku ks. Jan Twardowski powiedzia\u0142: <strong>,,Tak jak wierszami m\u00f3wi\u0119 o Bogu i szukam przyjaci\u00f3\u0142, tak i s\u0142owami, jakie wyros\u0142y wprost z Ewangelii, dziel\u0119 si\u0119 z bliskimi wiar\u0105, nadziej\u0105 i mi\u0142o\u015bci\u0105. Nie przychodz\u0119 nikogo nawraca\u0107, ale chc\u0119 wyjawi\u0107 sw\u00f3j sekret, \u017ce ja, ksi\u0105dz, wierz\u0119...<a href='https:\/\/sp.tuchow.pl\/index.php\/2025\/02\/03\/w-magicznym-swiecie-wierszy-ksiedza-jana-twardowskiego\/' class='pfpReadMore'>Read More &raquo;<\/a><div class='clear'><\/div><hr><\/div><div class='pfpItem entry-content'><h2 class='entry-title'><a href='https:\/\/sp.tuchow.pl\/index.php\/2025\/01\/07\/zbiorka-charytatywna\/'>Zbi\u00f3rka charytatywna<\/a><\/h2><img decoding=\"async\" src=\"https:\/\/scontent-vie1-1.xx.fbcdn.net\/v\/t39.30808-6\/472912915_1138734538256309_924948071766142446_n.jpg?_nc_cat=106&amp;ccb=1-7&amp;_nc_sid=127cfc&amp;_nc_ohc=wVEaWCV88JwQ7kNvgEMICvR&amp;_nc_zt=23&amp;_nc_ht=scontent-vie1-1.xx&amp;_nc_gid=AFEDTQQMF2MGkx-EfbVduL3&amp;oh=00_AYBbL1pdB76synxv0eZCMe8JNSNuawQnp0iDxBe50Me7zQ&amp;oe=67830E6D\"><p><\/p>\n...<a href='https:\/\/sp.tuchow.pl\/index.php\/2025\/01\/07\/zbiorka-charytatywna\/' class='pfpReadMore'>Read More &raquo;<\/a><div class='clear'><\/div><hr><\/div><div class='pfpItem entry-content'><h2 class='entry-title'><a href='https:\/\/sp.tuchow.pl\/index.php\/2024\/12\/27\/zaproszenie-na-charytatywny-koncert-organizowany-na-rzecz-stowarzyszenia-rodzicow-i-przyjaciol-osob-niepelnosprawnych-nadzieja-w-tuchowie\/'>Zaproszenie na charytatywny koncert organizowany na rzecz Stowarzyszenia Rodzic\u00f3w i Przyjaci\u00f3\u0142 Os\u00f3b Niepe\u0142nosprawnych \u201eNadzieja\u201d w Tuchowie<\/a><\/h2><p>Uczniowie i nauczyciele Szko\u0142y Podstawowej im. Stanis\u0142awa Staszica w Tuchowie serdecznie zapraszaj\u0105 wszystkich rodzic\u00f3w oraz mieszka\u0144c\u00f3w Tuchowa i okolic na Charytatywny Koncert dla Stowarzyszenia Rodzic\u00f3w i Przyjaci\u00f3\u0142 Os\u00f3b Niepe\u0142nosprawnych \u201cNadzieja\u201d w Tuchowie.<\/p>\n<p>Koncert&nbsp;&nbsp;odb\u0119dzie si\u0119<strong>&nbsp;9 stycznia 2025 r. (czwartek)<\/strong>&nbsp;o godzinie&nbsp;<strong>16:30<\/strong>&nbsp;w Domu Kultury w Tuchowie.<\/p>\n...<a href='https:\/\/sp.tuchow.pl\/index.php\/2024\/12\/27\/zaproszenie-na-charytatywny-koncert-organizowany-na-rzecz-stowarzyszenia-rodzicow-i-przyjaciol-osob-niepelnosprawnych-nadzieja-w-tuchowie\/' class='pfpReadMore'>Read More &raquo;<\/a><div class='clear'><\/div><hr><\/div><div class='pfpItem entry-content'><h2 class='entry-title'><a href='https:\/\/sp.tuchow.pl\/index.php\/2024\/12\/27\/podsumowanie-iv-edycji-charytatywnej-akcji-dzien-i-bieg-w-pizamach\/'>Podsumowanie IV edycji charytatywnej akcji Dzie\u0144 i Bieg w Pi\u017camach<\/a><\/h2><p style=\"text-align: justify;\"><strong>Drodzy Uczestnicy i Uczestniczki IV edycji charytatywnej akcji Dzie\u0144 i Bieg w Pi\u017camach,<\/strong><\/p>\n<p style=\"text-align: justify;\">Z ca\u0142ego serca dzi\u0119kujemy Wam za wsparcie i zaanga\u017cowanie! Jeste\u015bcie naszymi prawdziwymi Anio\u0142ami w Pi\u017camach&nbsp;\u2764\ufe0f&nbsp;Wasza obecno\u015b\u0107 i energia sprawiaj\u0105, \u017ce mo\u017cemy wsp\u00f3lnie tworzy\u0107 co\u015b wyj\u0105tkowego.<\/p>\n<p style=\"text-align: justify;\">Mamy nadziej\u0119, \u017ce to nie nasze ostatnie spotkanie,...<a href='https:\/\/sp.tuchow.pl\/index.php\/2024\/12\/27\/podsumowanie-iv-edycji-charytatywnej-akcji-dzien-i-bieg-w-pizamach\/' class='pfpReadMore'>Read More &raquo;<\/a><div class='clear'><\/div><hr><\/div><div class='pfpItem entry-content'><h2 class='entry-title'><a href='https:\/\/sp.tuchow.pl\/index.php\/2024\/12\/17\/zakup-i-dostawa-artykulow-zywnosciowych-na-potrzeby-stolowki-szkolnej-w-szkole-podstawowej-im-stanislawa-staszica-w-tuchowie-3\/'>\u201eZakup i dostawa artyku\u0142\u00f3w \u017cywno\u015bciowych na potrzeby sto\u0142\u00f3wki szkolnej w Szkole Podstawowej im. Stanis\u0142awa Staszica w Tuchowie\u201d<\/a><\/h2><p>Poni\u017cej przedstawiamy o wyborze najkorzystniejszej oferty dla zadnia pn.: \u201eZakup i dostawa artyku\u0142\u00f3w \u017cywno\u015bciowych na potrzeby sto\u0142\u00f3wki szkolnej w Szkole Podstawowej im. Stanis\u0142awa Staszica w Tuchowie\u201d<\/p>\n<p><a href=\"https:\/\/sp.tuchow.pl\/pliki\/zamowienia_publiczne\/zywnosc\/info_wybor.pdf\">Informacja o wyborze najkorzystniejszej oferty<\/a><\/p>\n...<a href='https:\/\/sp.tuchow.pl\/index.php\/2024\/12\/17\/zakup-i-dostawa-artykulow-zywnosciowych-na-potrzeby-stolowki-szkolnej-w-szkole-podstawowej-im-stanislawa-staszica-w-tuchowie-3\/' class='pfpReadMore'>Read More &raquo;<\/a><div class='clear'><\/div><hr><\/div><div class='pfpItem entry-content'><h2 class='entry-title'><a href='https:\/\/sp.tuchow.pl\/index.php\/2024\/12\/16\/xii-gminny-konkurs-swiatecznej-piosenki-obcojezycznej-2\/'>XII Gminny Konkurs \u015awi\u0105tecznej Piosenki Obcoj\u0119zycznej<\/a><\/h2><img loading=\"lazy\" decoding=\"async\" class=\"aligncenter size-full\" src=\"http:\/\/scontent-vie1-1.xx.fbcdn.net\/v\/t39.30808-6\/470198650_1122023306594099_6837152619910395592_n.jpg?_nc_cat=109&amp;ccb=1-7&amp;_nc_sid=127cfc&amp;_nc_ohc=2GceqBJRl3oQ7kNvgHLOkiV&amp;_nc_zt=23&amp;_nc_ht=scontent-vie1-1.xx&amp;_nc_gid=ASN0gq6LGsjMUFFK_KSgYOs&amp;oh=00_AYBx-5N68QcaTxB0b9tgj-zXvvWHN6zD8vr6oJLrTkuCZA&amp;oe=67664DF3\" width=\"2048\" height=\"1152\"><p style=\"text-align: justify;\"><span style=\"font-weight: 300;\">13 grudnia w Domu Kultury w Tuchowie odby\u0142 si\u0119, ju\u017c po raz dwunasty, Gminny Konkurs \u015awi\u0105tecznej Piosenki Obcoj\u0119zycznej. Konkurs pod patronatem Burmistrza Tuchowa organizowany by\u0142 przez Szko\u0142\u0119 Podstawow\u0105 im. Stanis\u0142awa Staszica w Tuchowie, przy wsparciu Gminnej Komisji Rozwi\u0105zywania Problem\u00f3w Alkoholowych w Tuchowie, a tak\u017ce Rady Osiedlowej...<a href='https:\/\/sp.tuchow.pl\/index.php\/2024\/12\/16\/xii-gminny-konkurs-swiatecznej-piosenki-obcojezycznej-2\/' class='pfpReadMore'>Read More &raquo;<\/a><div class='clear'><\/div><hr><\/div><div class='pfpItem entry-content'><h2 class='entry-title'><a href='https:\/\/sp.tuchow.pl\/index.php\/2024\/12\/09\/we-wish-you-a-merry-christmas-czyli-szkolny-konkurs-swiatecznej-piosenki-obcojezycznej-2\/'>We wish you a Merry Christmas czyli Szkolny Konkurs \u015awi\u0105tecznej Piosenki Obcoj\u0119zycznej<\/a><\/h2><p style=\"text-align: justify;\">&nbsp;&nbsp;&nbsp;&nbsp;&nbsp;&nbsp;&nbsp;&nbsp;&nbsp;&nbsp;&nbsp; W dniu 09.12.2024 w naszej szkole, ju\u017c po raz 12, odby\u0142 si\u0119 szkolny etap konkursu \u015awi\u0105tecznej Piosenki Obcoj\u0119zycznej, kt\u00f3ry by\u0142 zarazem etapem kwalifikuj\u0105cym do konkursu &nbsp;gminnego Uczennice i uczniowie naszej szko\u0142y, \u015bpiewaj\u0105c wybrane przez siebie utwory, mieli szans\u0119 zaprezentowa\u0107 si\u0119 od strony artystycznej.<\/p>\n<p style=\"text-align: justify;\">Konkurs sk\u0142ada\u0142 si\u0119...<a href='https:\/\/sp.tuchow.pl\/index.php\/2024\/12\/09\/we-wish-you-a-merry-christmas-czyli-szkolny-konkurs-swiatecznej-piosenki-obcojezycznej-2\/' class='pfpReadMore'>Read More &raquo;<\/a><div class='clear'><\/div><hr><\/div><div class='pfpItem entry-content'><h2 class='entry-title'><a href='https:\/\/sp.tuchow.pl\/index.php\/2024\/12\/09\/dajemy-radosc-potrzebujacym-dzieciom-akcja-mikolajkowa\/'>\u201eDajemy rado\u015b\u0107 potrzebuj\u0105cym dzieciom \u2013 akcja Miko\u0142ajkowa\u201d<\/a><\/h2><p style=\"text-align: justify;\">Pragniemy z ca\u0142ego serca podzi\u0119kowa\u0107 Wam drodzy uczniowie i rodzice za zaanga\u017cowanie i udzia\u0142 w zbi\u00f3rce dar\u00f3w dla podopiecznych Ma\u0142opolskiego Hospicjum dla Dzieci. Wasza pomoc jest dowodem na to, \u017ce m\u0142odzi ludzie maj\u0105 w sobie ogromne pok\u0142ady dobra, empatii i wra\u017cliwo\u015bci na potrzeby innych.<\/p>\n<p style=\"text-align: justify;\">Dzi\u0119ki Waszej ofiarno\u015bci...<a href='https:\/\/sp.tuchow.pl\/index.php\/2024\/12\/09\/dajemy-radosc-potrzebujacym-dzieciom-akcja-mikolajkowa\/' class='pfpReadMore'>Read More &raquo;<\/a><div class='clear'><\/div><hr><\/div><div class='pfpItem entry-content'><h2 class='entry-title'><a href='https:\/\/sp.tuchow.pl\/index.php\/2024\/12\/09\/pomoc-dla-bezdomnych-zwierzat-2024\/'>\u201ePomoc dla bezdomnych zwierz\u0105t 2024\u201d<\/a><\/h2><p>Kolejny ju\u017c raz Szko\u0142a Podstawowa w Tuchowie&nbsp; zorganizowa\u0142a zbi\u00f3rk\u0119 \u201edar\u00f3w\u201d dla zwierz\u0105t, kt\u00f3re nie&nbsp; maj\u0105 ciep\u0142ego domu, pe\u0142nej miski i mi\u0142o\u015bci cz\u0142owieka.<\/p>\n<p>Dzi\u0119ki Waszej, drodzy uczniowie i rodzice, hojno\u015bci zebrali\u015bmy :23 ko\u0142dry,44 koce, 78 po\u015bcieli, 40 poduszek, 38 r\u0119cznik\u00f3w,&nbsp; 241 kg suchej karmy dla ps\u00f3w, 57 kg mokrej karmy dla ps\u00f3w,...<a href='https:\/\/sp.tuchow.pl\/index.php\/2024\/12\/09\/pomoc-dla-bezdomnych-zwierzat-2024\/' class='pfpReadMore'>Read More &raquo;<\/a><div class='clear'><\/div><hr><\/div><div class='pfpItem entry-content'><h2 class='entry-title'><a href='https:\/\/sp.tuchow.pl\/index.php\/2024\/12\/05\/xii-gminny-konkurs-swiatecznej-piosenki-obcojezycznej\/'>XII Gminny Konkurs \u015awi\u0105tecznej Piosenki Obcoj\u0119zycznej<\/a><\/h2><img loading=\"lazy\" decoding=\"async\" class=\"aligncenter size-full\" src=\"http:\/\/scontent-vie1-1.xx.fbcdn.net\/v\/t39.30808-6\/469341175_1113681974094899_5625149730809439202_n.jpg?stp=dst-jpg_s720x720&amp;_nc_cat=105&amp;ccb=1-7&amp;_nc_sid=127cfc&amp;_nc_ohc=aCI4wraulXIQ7kNvgFqMK7K&amp;_nc_zt=23&amp;_nc_ht=scontent-vie1-1.xx&amp;_nc_gid=AHkH0FJpM1VFFxFw6lTGoMk&amp;oh=00_AYB-oSktFuePZL84OonWZgsbpokH-pJyezcGBUq_hKXAiA&amp;oe=6757F18E\" width=\"509\" height=\"720\"><div class=\"gmail_quote\">Szanowni Pa\u0144stwo,<\/div>\n<div class=\"gmail_quote\" style=\"text-align: justify;\">\n<p>Ju\u017c po raz dwunasty mamy zaszczyt zaprosi\u0107 Pa\u0144stwa do wzi\u0119cia udzia\u0142u w <strong>Gminnym Konkursie \u015awi\u0105tecznej&nbsp;Piosenki&nbsp;<wbr>Obcoj\u0119zycznej,<\/strong> kt\u00f3ry zostanie rozstrzygni\u0119ty 13 grudnia 2024 r. o godzinie 9:00 w sali widowiskowej tuchowskiego Domu Kultury.W za\u0142\u0105czeniu przesy\u0142amy regulamin, kart\u0119 zg\u0142oszenia oraz zgod\u0119 na przetwarzanie danych osobowych. Dokumenty s\u0105 dost\u0119pne...<a href='https:\/\/sp.tuchow.pl\/index.php\/2024\/12\/05\/xii-gminny-konkurs-swiatecznej-piosenki-obcojezycznej\/' class='pfpReadMore'>Read More &raquo;<\/a><div class='clear'><\/div><hr><\/div><div class='pfpItem entry-content'><h2 class='entry-title'><a href='https:\/\/sp.tuchow.pl\/index.php\/2024\/12\/03\/swiateczna-akcja-charytatywna\/'>\u015awi\u0105teczna Akcja Charytatywna<\/a><\/h2><p style=\"text-align: center;\"><strong>Drodzy Rodzice!!!<\/strong><\/p>\n<p style=\"text-align: center;\">\n<strong><u>18 i 19 grudnia 2024r. tj. \u015broda, czwartek<\/u><\/strong> odb\u0119dzie si\u0119 \u015bwi\u0105teczna akcja charytatywna.<\/p>\n<p style=\"text-align: center;\">W ramach akcji zaplanowano:<\/p>\n<p style=\"text-align: center;\"><strong>1<\/strong>.Kiermasz,w czasie kt\u00f3rego b\u0119d\u0105 sprzedawane w\u0142asnor\u0119cznie wykonane ozdoby bo\u017conarodzeniowe, kartki , stroiki , s\u0142odycze, pierniczki, malowanki, ksi\u0105\u017ceczki o tematyce \u015bwi\u0105tecznej.<\/p>\n<ol style=\"text-align: center;\" start=\"2\">\n<li><strong>2<\/strong>. Koncert kol\u0119d i...<a href='https:\/\/sp.tuchow.pl\/index.php\/2024\/12\/03\/swiateczna-akcja-charytatywna\/' class='pfpReadMore'>Read More &raquo;<\/a><div class='clear'><\/div><hr><\/div><div class='pfpItem entry-content'><h2 class='entry-title'><a href='https:\/\/sp.tuchow.pl\/index.php\/2024\/12\/02\/sukces-w-dyktandzie-niepodleglosciowym\/'>Sukces w Dyktandzie Niepodleg\u0142o\u015bciowym<\/a><\/h2><img loading=\"lazy\" decoding=\"async\" class=\"aligncenter size-full\" src=\"http:\/\/scontent-vie1-1.xx.fbcdn.net\/v\/t39.30808-6\/468831133_1108741427922287_1175559832436172806_n.jpg?_nc_cat=106&amp;ccb=1-7&amp;_nc_sid=833d8c&amp;_nc_ohc=jSK6mibeztkQ7kNvgHYYm1b&amp;_nc_zt=23&amp;_nc_ht=scontent-vie1-1.xx&amp;_nc_gid=AD5VHwGj8n8I7ZrZccTJemF&amp;oh=00_AYA_M61mCIffhM7jE87B_Rsd6i1PA5zqZVIrmK_4QYDSjA&amp;oe=6753A5AE\" width=\"1200\" height=\"1600\"><p style=\"text-align: justify;\">Mi\u0142o nam poinformowa\u0107, \u017ce <strong>Karol Szczerba<\/strong> ucze\u0144 klasy 8 b zosta\u0142 laureatem Dyktanda Niepodleg\u0142o\u015bciowego \u201ePo polsku o historii\u201d zajmuj\u0105c <strong>II miejsce<\/strong>. Karol ko\u0144czy przygod\u0119 z konkursem na poziomie szko\u0142y podstawowej. &nbsp;\u017byczymy Karolowi kolejnych sukces\u00f3w w dyktandzie w szkole \u015bredniej.<\/p>\n<p style=\"text-align: right;\">Gratulujemy<\/p>\n<p><\/p>\n...<a href='https:\/\/sp.tuchow.pl\/index.php\/2024\/12\/02\/sukces-w-dyktandzie-niepodleglosciowym\/' class='pfpReadMore'>Read More &raquo;<\/a><div class='clear'><\/div><hr><\/div><div class='pfpItem entry-content'><h2 class='entry-title'><a href='https:\/\/sp.tuchow.pl\/index.php\/2024\/12\/01\/xii-szkolny-konkurs-recytatorski-i-plastyczny-poswiecony-tworczosci-ks-j-twardowskiego\/'>XII Szkolny Konkurs Recytatorski i Plastyczny po\u015bwi\u0119cony tw\u00f3rczo\u015bci ks. J. Twardowskiego<\/a><\/h2><p style=\"text-align: center;\"><strong>XII SZKOLNY KONKURS RECYTATORSKI<\/strong><\/p>\n<p style=\"text-align: center;\"><strong>&nbsp;PO\u015aWI\u0118CONY TW\u00d3RCZO\u015aCI<\/strong><\/p>\n<p style=\"text-align: center;\"><strong>KSI\u0118DZA JANA TWARDOWSKIEGO<\/strong><\/p>\n<p style=\"text-align: center;\"><strong>&nbsp;<\/strong><\/p>\n<p><strong>I.<\/strong> Organizator: mgr Renata G\u0105sior (nauczyciel j\u0119zyka polskiego)<\/p>\n<p><strong>II. Cele konkursu<\/strong>:<\/p>\n<p>&#8211; Popularyzacja w\u015br\u00f3d uczni\u00f3w klas III &#8211; VI utwor\u00f3w ksi\u0119dza Jana Twardowskiego<\/p>\n<p>&nbsp;&#8211; Odwo\u0142ywanie si\u0119 do nieprzemijaj\u0105cych warto\u015bci poezji ksi\u0119dza Jana Twardowskiego w duchu szacunku wzgl\u0119dem siebie nawzajem...<a href='https:\/\/sp.tuchow.pl\/index.php\/2024\/12\/01\/xii-szkolny-konkurs-recytatorski-i-plastyczny-poswiecony-tworczosci-ks-j-twardowskiego\/' class='pfpReadMore'>Read More &raquo;<\/a><div class='clear'><\/div><hr><\/div><div class='pfpItem entry-content'><h2 class='entry-title'><a href='https:\/\/sp.tuchow.pl\/index.php\/2024\/12\/01\/bo-kto-nie-byl-ni-razu-czlowiekiem-temu-czlowiek-nic-nie-pomoze\/'>,,Bo kto nie by\u0142 ni razu cz\u0142owiekiem, Temu cz\u0142owiek nic nie pomo\u017ce\u2019\u2019.<\/a><\/h2><p style=\"text-align: justify;\">W dniu 12 listopada 2024 r. uczniowie klasy VII b obejrzeli przedstawienie ,,Dziady cz\u0119\u015b\u0107 II\u2019\u2019. Na spektakl zaprosi\u0142 Narodowy Teatr Edukacji im. Adama Mickiewicza z Wroc\u0142awia.<\/p>\n<p style=\"text-align: justify;\">Dziady to uroczysto\u015b\u0107 zwi\u0105zana z kultem zmar\u0142ych przodk\u00f3w. Zgromadzony w kaplicy na cmentarzu lud pod przewodnictwem Gu\u015blarza stara si\u0119 przyj\u015b\u0107 z...<a href='https:\/\/sp.tuchow.pl\/index.php\/2024\/12\/01\/bo-kto-nie-byl-ni-razu-czlowiekiem-temu-czlowiek-nic-nie-pomoze\/' class='pfpReadMore'>Read More &raquo;<\/a><div class='clear'><\/div><hr><\/div><div class='pfpItem entry-content'><h2 class='entry-title'><a href='https:\/\/sp.tuchow.pl\/index.php\/2024\/11\/29\/12005\/'>Pierwszoklasi\u015bci w bibliotece szkolnej<\/a><\/h2><p style=\"text-align: justify;\">Z ogromn\u0105 przyjemno\u015bci\u0105 w naszej szkolnej bibliotece go\u015bci\u0142y\u015bmy uczni\u00f3w klas pierwszych, kt\u00f3rzy po raz pierwszy mogli wypo\u017cyczy\u0107 ksi\u0105\u017ck\u0119. Ka\u017cda klasa przesz\u0142a kr\u00f3tkie szkolenie, zwiedzi\u0142a pomieszczenia biblioteki szkolnej&nbsp; i otrzyma\u0142a upominki zach\u0119caj\u0105ce do czytania ksi\u0105\u017cek. Dzi\u0119kujemy Radzie Rodzic\u00f3w za wsparcie finansowe. Ka\u017cdy ucze\u0144 dosta\u0142 list dla rodzic\u00f3w\/ opiekun\u00f3w, aby...<a href='https:\/\/sp.tuchow.pl\/index.php\/2024\/11\/29\/12005\/' class='pfpReadMore'>Read More &raquo;<\/a><div class='clear'><\/div><hr><\/div><div class='pfpItem entry-content'><h2 class='entry-title'><a href='https:\/\/sp.tuchow.pl\/index.php\/2024\/11\/28\/i-stalo-sie-czwartoklasisto\/'>I sta\u0142o si\u0119 czwartoklasisto!<\/a><\/h2><p style=\"text-align: justify;\">W przepi\u0119kny spos\u00f3b do swoich otrz\u0119sin przygotowali si\u0119 uczniowie i wychowawczynie klas czwartych. 26 listopada 2024 roku podczas otrz\u0119sin klas czwartych, czyli Andrzejek na weso\u0142o uczniowie wykonali 3 specjalne zadania.<\/p>\n<p style=\"text-align: justify;\">&nbsp;Wspaniale zaprezentowali projekt czytelniczy Zach\u0119camy do czytania, w interesuj\u0105cy spos\u00f3b opowiadaj\u0105c nam o przeczytanych ksi\u0105\u017ckach z r\u00f3\u017cnych...<a href='https:\/\/sp.tuchow.pl\/index.php\/2024\/11\/28\/i-stalo-sie-czwartoklasisto\/' class='pfpReadMore'>Read More &raquo;<\/a><div class='clear'><\/div><hr><\/div><div class='pfpItem entry-content'><h2 class='entry-title'><a href='https:\/\/sp.tuchow.pl\/index.php\/2024\/11\/25\/zakup-i-dostawa-artykulow-zywnosciowych-na-potrzeby-stolowki-szkolnej-w-szkole-podstawowej-im-stanislawa-staszica-w-tuchowie-2\/'>\"Zakup i dostawa artyku\u0142\u00f3w \u017cywno\u015bciowych na potrzeby sto\u0142\u00f3wki szkolnej w Szkole Podstawowej im. Stanis\u0142awa Staszica w Tuchowie\"<\/a><\/h2><div>Post\u0119powanie o udzielenie zam\u00f3wienia publicznego prowadzonego w trybie podstawowym pn. &#8222;Zakup i dostawa artyku\u0142\u00f3w \u017cywno\u015bciowych na potrzeby sto\u0142\u00f3wki szkolnej w Szkole Podstawowej im. Stanis\u0142awa Staszica w Tuchowie&#8221;.<\/div>\n<div>\n<p>Data publikacji: 2024-11-25<\/p>\n<p>Rodzaj zam\u00f3wienia:&nbsp;Dostawa<\/p>\n<p>Tryb zam\u00f3wienia:&nbsp;tryb podstawowy na podstawie art. 275 pkt 1 Ustawy<\/p>\n<p>Sk\u0142adanie ofert w post\u0119powaniu odbywa si\u0119 za po\u015brednictwem platformy e-zam\u00f3wienia, link do...<a href='https:\/\/sp.tuchow.pl\/index.php\/2024\/11\/25\/zakup-i-dostawa-artykulow-zywnosciowych-na-potrzeby-stolowki-szkolnej-w-szkole-podstawowej-im-stanislawa-staszica-w-tuchowie-2\/' class='pfpReadMore'>Read More &raquo;<\/a><div class='clear'><\/div><hr><\/div><div class='pfpItem entry-content'><h2 class='entry-title'><a href='https:\/\/sp.tuchow.pl\/index.php\/2024\/11\/24\/szkolny-konkurs-swiatecznej-piosenki-obcojezycznej-2\/'>Szkolny Konkurs \u015awi\u0105tecznej Piosenki Obcoj\u0119zycznej<\/a><\/h2><img loading=\"lazy\" decoding=\"async\" class=\"aligncenter size-full\" src=\"http:\/\/scontent-vie1-1.xx.fbcdn.net\/v\/t39.30808-6\/468326103_1105056494957447_1030925306341691584_n.jpg?_nc_cat=111&amp;ccb=1-7&amp;_nc_sid=127cfc&amp;_nc_ohc=mvQdm5h9WBMQ7kNvgHd5D-C&amp;_nc_zt=23&amp;_nc_ht=scontent-vie1-1.xx&amp;_nc_gid=AMisZU_nRrJawr9DKTF_ZR2&amp;oh=00_AYDaA9uFl0XAFGis3VRuW7Hv8IDzJVFr5cZ9MXIz6LMy6w&amp;oe=67494DEF\" width=\"1448\" height=\"2048\"><div>Zapraszamy do udzia\u0142u w Szkolnym Konkursie \u015awi\u0105tecznej Piosenki Obcoj\u0119zycznej w dniu 9 grudnia 2024 r.<\/div>\n<div>Konkurs to zarazem eliminacje do XII Gminnego Konkursu \u015awi\u0105tecznej Piosenki Obcoj\u0119zycznej, kt\u00f3ry odb\u0119dzie si\u0119 13 grudnia 2024r.<\/div>\n<div>&nbsp;<\/div>\n<div><\/div>\n...<a href='https:\/\/sp.tuchow.pl\/index.php\/2024\/11\/24\/szkolny-konkurs-swiatecznej-piosenki-obcojezycznej-2\/' class='pfpReadMore'>Read More &raquo;<\/a><div class='clear'><\/div><hr><\/div><div class='pfpItem entry-content'><h2 class='entry-title'><a href='https:\/\/sp.tuchow.pl\/index.php\/2024\/11\/24\/21-listopada-dzien-zyczliwosci\/'>21 listopada- Dzie\u0144 \u017byczliwo\u015bci<\/a><\/h2><p style=\"text-align: justify;\">21 listopada w naszej szkole obchodzili\u015bmy Dzie\u0144 \u017byczliwo\u015bci. Z tej okazji uczniowie przygotowali plakat zwi\u0105zany z tematem \u017cyczliwo\u015bci i wylosowali karteczki z mi\u0142ymi s\u0142owami. Nie zabrak\u0142o r\u00f3wnie\u017c s\u0142odyczy, kt\u00f3re sprawi\u0142y, \u017ce ten wyj\u0105tkowy dzie\u0144 by\u0142 jeszcze przyjemniejszy. Ka\u017cdy ucze\u0144, kt\u00f3ry odwiedzi\u0142 w tym dniu bibliotek\u0119 szkoln\u0105 otrzyma\u0142 pi\u0119kn\u0105,...<a href='https:\/\/sp.tuchow.pl\/index.php\/2024\/11\/24\/21-listopada-dzien-zyczliwosci\/' class='pfpReadMore'>Read More &raquo;<\/a><div class='clear'><\/div><hr><\/div><div class='pfpItem entry-content'><h2 class='entry-title'><a href='https:\/\/sp.tuchow.pl\/index.php\/2024\/11\/20\/dzien-zyczliwosci\/'>Dzie\u0144 \u017byczliwo\u015bci<\/a><\/h2><p style=\"text-align: justify;\">21 listopada obchodzimy Dzie\u0144 \u017byczliwo\u015bci, z tej okazji w naszej szkole organizujemy akcj\u0119 dla uczni\u00f3w.<\/p>\n<p style=\"text-align: justify;\">Obok biblioteki szkolnej, podczas 4 przerw b\u0119d\u0105 stali wolontariusze z pude\u0142kiem dobrych my\u015bli i koszykiem cukierk\u00f3w. Zach\u0119camy wszystkich zar\u00f3wno uczni\u00f3w jak i nauczycieli do wylosowania karteczki z mi\u0142ymi s\u0142owami, niech ten dzie\u0144...<a href='https:\/\/sp.tuchow.pl\/index.php\/2024\/11\/20\/dzien-zyczliwosci\/' class='pfpReadMore'>Read More &raquo;<\/a><div class='clear'><\/div><hr><\/div><div class='pfpItem entry-content'><h2 class='entry-title'><a href='https:\/\/sp.tuchow.pl\/index.php\/2024\/11\/20\/zbiorka-mikolajkowa\/'>Zbi\u00f3rka Miko\u0142ajkowa<\/a><\/h2><img loading=\"lazy\" decoding=\"async\" class=\"aligncenter size-full\" src=\"http:\/\/scontent-vie1-1.xx.fbcdn.net\/v\/t39.30808-6\/467644388_1101871475275949_1585789102529214659_n.jpg?_nc_cat=100&amp;ccb=1-7&amp;_nc_sid=127cfc&amp;_nc_ohc=5yS5gtRxLrwQ7kNvgHmE063&amp;_nc_zt=23&amp;_nc_ht=scontent-vie1-1.xx&amp;_nc_gid=AZc1bimQwPKCSaziULAcIkT&amp;oh=00_AYCIF92ETRXfRJwOjD25JJB3oCvRgtSz5Cl-ro4XsTn7cw&amp;oe=6743E801\" width=\"1448\" height=\"2048\"><p>Szanowni Pa\u0144stwo,<\/p>\n<p style=\"text-align: justify;\">kolejny ju\u017c raz zapraszamy do wzi\u0119cia udzia\u0142u w akcji, kt\u00f3ra wspiera nieuleczalnie chore dzieci b\u0119d\u0105ce pod opiek\u0105 Ma\u0142opolskiego Hospicjum dla Dzieci. Hospicjum opiekuje si\u0119 nieuleczalnie chorymi dzie\u0107mi i ich rodzinami. Prowadzi&nbsp;<a href=\"http:\/\/m.in\/\" target=\"_blank\" rel=\"noopener\" data-saferedirecturl=\"http:\/\/www.google.com\/url?q=http:\/\/m.in\/&amp;source=gmail&amp;ust=1732209628670000&amp;usg=AOvVaw2YKLbk5-8togVbqMDtOgKC\">m.in<\/a>. hospicjum domowe, Centrum Opieki Wyr\u0119czaj\u0105ce i hospicjum perinatalne.&nbsp;<\/p>\n<p style=\"text-align: justify;\">Potrzeby tych rodzin...<a href='https:\/\/sp.tuchow.pl\/index.php\/2024\/11\/20\/zbiorka-mikolajkowa\/' class='pfpReadMore'>Read More &raquo;<\/a><div class='clear'><\/div><hr><\/div><div class='pfpItem entry-content'><h2 class='entry-title'><a href='https:\/\/sp.tuchow.pl\/index.php\/2024\/11\/19\/uczniowie-z-klasy-6c-na-wycieczce-w-pasazu-odkryc-w-tarnowie\/'>Uczniowie z klasy 6c na wycieczce w Pasa\u017cu Odkry\u0107 w Tarnowie<\/a><\/h2><p style=\"text-align: justify;\">14.11.2024r. uczniowie klasy 6 c byli na wycieczce w Pasa\u017cu Odkry\u0107 &nbsp;w Tarnowie. W Centrum Nauki i Techniki jest kilka pracowni, my tym razem odwiedzili\u015bmy dwie z nich \u2013 astronomiczn\u0105 z planetarium oraz ma\u0142ej in\u017cynierii .<\/p>\n<p style=\"text-align: justify;\">Poznali\u015bmy troch\u0119 zagadnie\u0144 z astronomii, zobaczyli\u015bmy, jak wygl\u0105daj\u0105 gwiazdozbiory oraz dowiedzieli\u015bmy...<a href='https:\/\/sp.tuchow.pl\/index.php\/2024\/11\/19\/uczniowie-z-klasy-6c-na-wycieczce-w-pasazu-odkryc-w-tarnowie\/' class='pfpReadMore'>Read More &raquo;<\/a><div class='clear'><\/div><hr><\/div><div class='pfpItem entry-content'><h2 class='entry-title'><a href='https:\/\/sp.tuchow.pl\/index.php\/2024\/11\/14\/z-aniolami-dobra-w-naszej-szkole\/'>Z Anio\u0142ami Dobra w naszej szkole!<\/a><\/h2><img loading=\"lazy\" decoding=\"async\" class=\"aligncenter size-full\" src=\"http:\/\/scontent-vie1-1.xx.fbcdn.net\/v\/t39.30808-6\/466602380_1097013449095085_2380555546865610607_n.jpg?_nc_cat=108&amp;ccb=1-7&amp;_nc_sid=127cfc&amp;_nc_ohc=0K3lzDvh-IcQ7kNvgEiG4o7&amp;_nc_zt=23&amp;_nc_ht=scontent-vie1-1.xx&amp;_nc_gid=AlG3NzNskxKAtNcH4bXtdwT&amp;oh=00_AYAlUB4mzUP6lSzdQr7ZJspEA0dEMBZiziHC_r3eJI3tlg&amp;oe=673BD898\" width=\"1448\" height=\"2048\"><p style=\"text-align: justify;\"><strong>2 grudnia 2024r. (poniedzia\u0142ek)<\/strong> odb\u0119dzie si\u0119 w naszej szkole <strong>DZIE\u0143 ANIO\u0141A. <\/strong>Symbolem tego dnia&nbsp; jest posta\u0107 Anio\u0142a Dobra w kapciach, kt\u00f3ry nawi\u0105zuje do akcji Fundacji \u201eGdy Liczy si\u0119 Czas \u2013 Wylosuj Anio\u0142a\u201d w Lublinie. Dlaczego w kapciach? Bo w ten spos\u00f3b b\u0119dziemy si\u0119 solidaryzowa\u0107 i \u0142\u0105czy\u0107 z dzie\u0107mi...<a href='https:\/\/sp.tuchow.pl\/index.php\/2024\/11\/14\/z-aniolami-dobra-w-naszej-szkole\/' class='pfpReadMore'>Read More &raquo;<\/a><div class='clear'><\/div><hr><\/div><div class='pfpItem entry-content'><h2 class='entry-title'><a href='https:\/\/sp.tuchow.pl\/index.php\/2024\/11\/14\/vi-niepodleglosciowa-noc-w-muzeum\/'>VI Niepodleg\u0142o\u015bciowa noc w Muzeum<\/a><\/h2><p style=\"text-align: justify;\">Kolejny ju\u017c raz mieli\u015bmy przyjemno\u015b\u0107 koordynowa\u0107 i wsp\u00f3\u0142organizowa\u0107 Niepodleg\u0142o\u015bciow\u0105 Noc w Muzeum. 8 listopada 2024 r. do&nbsp; Muzeum Miejskiego&nbsp; w Tuchowie przybyli liczni go\u015bcie, aby uczestniczy\u0107 w tym wydarzeniu. Ca\u0142y wiecz\u00f3r sp\u0119dzi\u0142a z nami Burmistrz Tuchowa Magdalena Marsza\u0142ek oraz Przewodnicz\u0105cy Rady Miejskiej w Tuchowie Jerzy Odroniec, za co...<a href='https:\/\/sp.tuchow.pl\/index.php\/2024\/11\/14\/vi-niepodleglosciowa-noc-w-muzeum\/' class='pfpReadMore'>Read More &raquo;<\/a><div class='clear'><\/div><hr><\/div><div class='pfpItem entry-content'><h2 class='entry-title'><a href='https:\/\/sp.tuchow.pl\/index.php\/2024\/11\/13\/xix-konkurs-wiedzy-historycznej-od-oleandrow-do-lowczowka\/'>XIX Konkurs Wiedzy Historycznej \u201eOd Oleandr\u00f3w do \u0141owcz\u00f3wka\u201d<\/a><\/h2><p style=\"font-weight: 400; text-align: justify;\">7 listopada 2024 roku odby\u0142 si\u0119 XIX Konkurs Wiedzy Historycznej \u201eOd Oleandr\u00f3w do \u0141owcz\u00f3wka\u201d, organizowany przez Oddzia\u0142 PTTK &#8222;Ziemi Tarnowskiej&#8221; oraz CKZiU w Tuchowie. Celem konkursu by\u0142o uczczenie Narodowego \u015awi\u0119ta Niepodleg\u0142o\u015bci oraz przybli\u017cenie tematyki I wojny \u015bwiatowej i bitwy pod \u0141owcz\u00f3wkiem. W tym roku konkurs cieszy\u0142...<a href='https:\/\/sp.tuchow.pl\/index.php\/2024\/11\/13\/xix-konkurs-wiedzy-historycznej-od-oleandrow-do-lowczowka\/' class='pfpReadMore'>Read More &raquo;<\/a><div class='clear'><\/div><hr><\/div><div class='pfpItem entry-content'><h2 class='entry-title'><a href='https:\/\/sp.tuchow.pl\/index.php\/2024\/11\/12\/nikt-o-nagrode-z-nich-nie-pytal-czyli-o-uroczystosciach-w-lowczowku\/'>,,Nikt o nagrod\u0119 z nich nie pyta\u0142\u2019\u2019, czyli o uroczysto\u015bciach w \u0141owcz\u00f3wku<\/a><\/h2><p style=\"text-align: justify;\"><strong>10 listopada 2024 roku m\u0142odzie\u017c i nauczyciele Szko\u0142y Podstawowej im. Stanis\u0142awa Staszica uczestniczyli w XXV Zlocie Niepodleg\u0142o\u015bciowym w \u0141owcz\u00f3wku.<\/strong><\/p>\n<p style=\"text-align: justify;\">Inicjatorem Zlot\u00f3w Niepodleg\u0142o\u015bciowych jest wieloletni pose\u0142 Ziemi Tarnowskiej Micha\u0142 Wojtkiewicz, mieszkaniec Tuchowa.<\/p>\n<p style=\"text-align: justify;\">Zebrali\u015bmy si\u0119, aby odda\u0107 ho\u0142d tym, kt\u00f3rzy ,,stan\u0119li w karnym szeregu\u2019\u2019 i z\u0142o\u017cyli dar z...<a href='https:\/\/sp.tuchow.pl\/index.php\/2024\/11\/12\/nikt-o-nagrode-z-nich-nie-pytal-czyli-o-uroczystosciach-w-lowczowku\/' class='pfpReadMore'>Read More &raquo;<\/a><div class='clear'><\/div><hr><\/div><div class='pfpItem entry-content'><h2 class='entry-title'><a href='https:\/\/sp.tuchow.pl\/index.php\/2024\/11\/12\/a-to-polska-wlasnie-czyli-o-swietowaniu-w-naszej-szkole\/'>,,A to Polska w\u0142a\u015bnie!\u2019\u2019, czyli o \u015bwi\u0119towaniu w naszej szkole<\/a><\/h2><p style=\"text-align: justify;\"><strong>W dniu 8 listopada 2024 roku w Domu Kultury w Tuchowie spo\u0142eczno\u015b\u0107 Szko\u0142y Podstawowej im. Stanis\u0142awa Staszica godnie uczci\u0142a zbli\u017caj\u0105ce si\u0119 \u015awi\u0119to Odzyskania Niepodleg\u0142o\u015bci, uczestnicz\u0105c w uroczystej akademii. <\/strong><\/p>\n<p style=\"text-align: justify;\">Nasz\u0105 akademi\u0119 zaszczycili go\u015bcie: pan Jerzy Odroniec-przewodnicz\u0105cy Rady Miejskiej w Tuchowie oraz radni naszej gminy: panowie Aleksander Kajmowicz...<a href='https:\/\/sp.tuchow.pl\/index.php\/2024\/11\/12\/a-to-polska-wlasnie-czyli-o-swietowaniu-w-naszej-szkole\/' class='pfpReadMore'>Read More &raquo;<\/a><div class='clear'><\/div><hr><\/div><div class='pfpItem entry-content'><h2 class='entry-title'><a href='https:\/\/sp.tuchow.pl\/index.php\/2024\/11\/08\/szkola-do-hymnu-2024\/'>\u201eSzko\u0142a do hymnu\u201d 2024<\/a><\/h2><p style=\"text-align: justify;\">Po raz kolejny uczniowie i nauczyciele, w ostatni dzie\u0144 roboczy przed Narodowym \u015awi\u0119tem Niepodleg\u0142o\u015bci o symbolicznej&nbsp;<strong>godzinie 11:11<\/strong>&nbsp;za\u015bpiewali \u201eMazurka D\u0105browskiego\u201d.<\/p>\n<p style=\"text-align: justify;\">W tym roku by\u0142 to&nbsp;<strong>pi\u0105tek, 08 listopada<\/strong>. W ten spos\u00f3b w\u0142\u0105czyli\u015bmy si\u0119 we wsp\u00f3lne \u015bwi\u0119towanie kolejnej rocznicy odzyskania przez Polsk\u0119 niepodleg\u0142o\u015bci.<\/p>\n<p><a href=\"http:\/\/www.facebook.com\/photo\/?fbid=1092224026240694&amp;set=pcb.1092224506240646\">Galeria zdj\u0119\u0107<\/a><\/p>\n...<a href='https:\/\/sp.tuchow.pl\/index.php\/2024\/11\/08\/szkola-do-hymnu-2024\/' class='pfpReadMore'>Read More &raquo;<\/a><div class='clear'><\/div><hr><\/div><div class='pfpItem entry-content'><h2 class='entry-title'><a href='https:\/\/sp.tuchow.pl\/index.php\/2024\/11\/07\/proces-bez-winy\/'>Proces bez winy\u2026<\/a><\/h2><p style=\"text-align: justify;\">W s\u0142oneczny i mro\u017any dzie\u0144 6 listopada 2024 roku mieli\u015bmy ogromn\u0105 przyjemno\u015b\u0107 obejrze\u0107 wyj\u0105tkowe widowisko. W Sali Koncertowej Stodo\u0142a &nbsp;oby\u0142 si\u0119 spektakl pt. \u2018 Witos, proces bez winy\u2019. By\u0142 to spektakl teatralny przygotowany w 150. rocznic\u0119 urodzin Wincentego Witosa. Przeznaczony dla uczni\u00f3w klas 6-8 szk\u00f3\u0142 podstawowych i uczni\u00f3w...<a href='https:\/\/sp.tuchow.pl\/index.php\/2024\/11\/07\/proces-bez-winy\/' class='pfpReadMore'>Read More &raquo;<\/a><div class='clear'><\/div><hr><\/div><div class='pfpItem entry-content'><h2 class='entry-title'><a href='https:\/\/sp.tuchow.pl\/index.php\/2024\/11\/04\/moja-ojczyzna-czyli-rozstrzygniecie-szkolnych-konkursow\/'>,,Moja Ojczyzna\u2019\u2019, czyli rozstrzygni\u0119cie szkolnych konkurs\u00f3w<\/a><\/h2><p style=\"text-align: right;\"><em>Tu ro\u015bnie kwiat, gdzie tylko promie\u0144 s\u0142o\u0144ca padnie,<\/em><em><br \/>\ntutaj skoczna wiewi\u00f3rka szele\u015bci na so\u015bnie.<br \/>\nLecz co znaczy \u2013 Tutaj? Czy kto\u015b z&nbsp;was odgadnie,<br \/>\nw&nbsp;jakim to wszystko kraju \u015bwieci, pachnie, ro\u015bnie?<\/em><\/p>\n<p style=\"text-align: right;\"><em><strong>Jerzy Ficowski ,,Tutaj\u2019\u2019<\/strong><\/em><\/p>\n<p>&nbsp;<\/p>\n<p><strong>W powszechnym rozumieniu Ojczyzna oznacza miejsce, gdzie cz\u0142owiek przychodzi na \u015bwiat i czuje si\u0119 zwi\u0105zany...<a href='https:\/\/sp.tuchow.pl\/index.php\/2024\/11\/04\/moja-ojczyzna-czyli-rozstrzygniecie-szkolnych-konkursow\/' class='pfpReadMore'>Read More &raquo;<\/a><div class='clear'><\/div><hr><\/div><div class='pfpItem entry-content'><h2 class='entry-title'><a href='https:\/\/sp.tuchow.pl\/index.php\/2024\/11\/04\/niepodleglosciowa-noc-w-muzeum-2\/'>Niepodleg\u0142o\u015bciowa Noc w Muzeum<\/a><\/h2><img loading=\"lazy\" decoding=\"async\" class=\"alignnone size-full\" src=\"http:\/\/scontent-vie1-1.xx.fbcdn.net\/v\/t39.30808-6\/465573007_1089255596537537_8561917453021919925_n.jpg?_nc_cat=105&amp;ccb=1-7&amp;_nc_sid=127cfc&amp;_nc_ohc=QqhB5XpN_8oQ7kNvgFgqJL6&amp;_nc_zt=23&amp;_nc_ht=scontent-vie1-1.xx&amp;_nc_gid=Adk9j6Q6a5PdO1mhzt9SWFQ&amp;oh=00_AYB0XNQsgSWhTEh2iV5VISrPCgrHBbJ33XkRPUfn_Dzn1g&amp;oe=672EC418\" width=\"1131\" height=\"1600\"><div>Po raz sz\u00f3sty zapraszamy Pa\u0144stwa do udzia\u0142u w&#8221; Niepodleg\u0142o\u015bciowej Nocy w Muzeum&#8221;.<\/div>\n<div>&nbsp;<\/div>\n<div>W pi\u0105tek 8 listopada od godziny 17.00-21.00 w muzeach w &#8222;Sokole&#8217; i podziemiach Domu Kultury b\u0119dzie si\u0119 du\u017co dzia\u0142o:<\/div>\n<div>&nbsp;<\/div>\n<div>&#8222;Sok\u00f3\u0142&#8221;:<\/div>\n<div>* muzyka na \u017cywo w wykonaniu Jowity Grzebie\u0144 i Wiktora Kamykowskiego,<\/div>\n<div>* zwiedzanie muzeum z Kustoszem<\/div>\n<div>* Gazeciarze&nbsp;<\/div>\n<div>&nbsp;<\/div>\n<div>Podziemia domu Kultury:<\/div>\n<div>* recital Pauliny Kloch...<a href='https:\/\/sp.tuchow.pl\/index.php\/2024\/11\/04\/niepodleglosciowa-noc-w-muzeum-2\/' class='pfpReadMore'>Read More &raquo;<\/a><div class='clear'><\/div><hr><\/div><div class='pfpItem entry-content'><h2 class='entry-title'><a href='https:\/\/sp.tuchow.pl\/index.php\/2024\/10\/28\/lista-uczniow-zakwalifikowanych-do-udzialu-w-grupowej-mobilnosci-uczniow-w-projekcie-1-akredytacji-erasmusa\/'>Lista uczni\u00f3w zakwalifikowanych do udzia\u0142u w grupowej mobilno\u015bci uczni\u00f3w w projekcie 1 Akredytacji Erasmusa<\/a><\/h2><p>Oto ostateczna lista uczni\u00f3w zakwalifikowanych do udzia\u0142u w grupowej mobilno\u015bci uczni\u00f3w w projekcie 1 Akredytacji Erasmusa.<\/p>\n<blockquote class=\"wp-embedded-content\" data-secret=\"WLQsRPt1aB\"><p><a href=\"https:\/\/sp.tuchow.pl\/index.php\/rekrutacja-2\/\">Rekrutacja -&gt; Projekt 1<\/a><\/p><\/blockquote>\n<p><iframe loading=\"lazy\" class=\"wp-embedded-content\" sandbox=\"allow-scripts\" security=\"restricted\" style=\"position: absolute; visibility: hidden;\" title=\"&#8222;Rekrutacja -&gt; Projekt 1&#8221; &#8212; Szko\u0142a Podstawowa w Tuchowie\" src=\"https:\/\/sp.tuchow.pl\/index.php\/rekrutacja-2\/embed\/#?secret=KOmoe8SjOH#?secret=WLQsRPt1aB\" data-secret=\"WLQsRPt1aB\" width=\"600\" height=\"338\" frameborder=\"0\" marginwidth=\"0\" marginheight=\"0\" scrolling=\"no\"><\/iframe><\/p>\n<p>Gratulujemy i dzi\u0119kujemy bardzo...<a href='https:\/\/sp.tuchow.pl\/index.php\/2024\/10\/28\/lista-uczniow-zakwalifikowanych-do-udzialu-w-grupowej-mobilnosci-uczniow-w-projekcie-1-akredytacji-erasmusa\/' class='pfpReadMore'>Read More &raquo;<\/a><div class='clear'><\/div><hr><\/div><div class='pfpItem entry-content'><h2 class='entry-title'><a href='https:\/\/sp.tuchow.pl\/index.php\/2024\/10\/25\/powiedz-mi-co-czytasz-a-powiem-ci-kim-jestes\/'>Powiedz mi, co czytasz, a powiem ci, kim jeste\u015b.<\/a><\/h2><p style=\"text-align: justify;\">To polskie przys\u0142owie warto wspomnie\u0107 przy okazji kolejnego ju\u017c wyjazdu uczni\u00f3w Szko\u0142y Podstawowej im. St. Staszica w Tuchowie na Targi Ksi\u0105\u017cek do Krakowa. 24 pa\u017adziernika 2024 roku grupa 39 uczni\u00f3w z opiekunami mia\u0142a niew\u0105tpliw\u0105 przyjemno\u015b\u0107 uczestniczy\u0107 w tym w\u0142a\u015bnie wydarzeniu. Ju\u017c w kolejce do wej\u015bcia do hali wystawowej...<a href='https:\/\/sp.tuchow.pl\/index.php\/2024\/10\/25\/powiedz-mi-co-czytasz-a-powiem-ci-kim-jestes\/' class='pfpReadMore'>Read More &raquo;<\/a><div class='clear'><\/div><hr><\/div><div class='pfpItem entry-content'><h2 class='entry-title'><a href='https:\/\/sp.tuchow.pl\/index.php\/2024\/10\/23\/wyniki-rekrutacji-realizowanych-w-projekcie-1-w-akredytacji-erasmusa-2\/'>Wyniki rekrutacji realizowanych w Projekcie 1 w akredytacji Erasmusa<\/a><\/h2><p style=\"text-align: justify;\">Przedstawiamy dzisiaj list\u0119 uczni\u00f3w zakwalifikowanych do udzia\u0142u w grupowej mobilno\u015bci uczni\u00f3w w projekcie 1 Akredytacji Erasmusa, a tak\u017ce ostateczn\u0105 list\u0119 nauczycieli zakwalifikowanych do udzia\u0142u w kursach i szkoleniach.<\/p>\n<p><strong>Bardzo dzi\u0119kujemy wszystkim kandydatom za udzia\u0142 w rekrutacji.<\/strong><\/p>\n<blockquote class=\"wp-embedded-content\" data-secret=\"WLQsRPt1aB\"><p><a href=\"https:\/\/sp.tuchow.pl\/index.php\/rekrutacja-2\/\">Rekrutacja -&gt; Projekt 1<\/a><\/p><\/blockquote>\n<p><iframe loading=\"lazy\" class=\"wp-embedded-content\" sandbox=\"allow-scripts\" security=\"restricted\" style=\"position: absolute; visibility:...<a href='https:\/\/sp.tuchow.pl\/index.php\/2024\/10\/23\/wyniki-rekrutacji-realizowanych-w-projekcie-1-w-akredytacji-erasmusa-2\/' class='pfpReadMore'>Read More &raquo;<\/a><div class='clear'><\/div><hr><\/div><div class='pfpItem entry-content'><h2 class='entry-title'><a href='https:\/\/sp.tuchow.pl\/index.php\/2024\/10\/21\/wycieczka-klasy-3a-do-pasazu-odkryc\/'>Wycieczka klasy 3a do Pasa\u017cu Odkry\u0107<\/a><\/h2><p style=\"text-align: justify;\">Uczniowie klasy 3a odbyli wizyt\u0119 w tarnowskim Centrum Nauki i Techniki \u2013 Pasa\u017cu Odkry\u0107, gdzie na kolejnych etapach wystawy wra\u017cenia wizualne przeplataj\u0105 si\u0119 z&nbsp;wci\u0105gaj\u0105c\u0105 narracj\u0105 przewodnika. Dzieci mia\u0142y do swojej dyspozycji pi\u0119\u0107 przestrzeni, z&nbsp;kt\u00f3rych ka\u017cda zach\u0119ca do szerszego spojrzenia na \u015bwiat oraz zadawania wszelkich pyta\u0144. Ta pe\u0142na do\u015bwiadcze\u0144...<a href='https:\/\/sp.tuchow.pl\/index.php\/2024\/10\/21\/wycieczka-klasy-3a-do-pasazu-odkryc\/' class='pfpReadMore'>Read More &raquo;<\/a><div class='clear'><\/div><hr><\/div><div class='pfpItem entry-content'><h2 class='entry-title'><a href='https:\/\/sp.tuchow.pl\/index.php\/2024\/10\/18\/pomoc-dla-bezdomnych-zwierzat-5\/'>\"Pomoc dla bezdomnych zwierz\u0105t\"<\/a><\/h2><img loading=\"lazy\" decoding=\"async\" class=\"aligncenter size-full\" src=\"http:\/\/scontent-vie1-1.xx.fbcdn.net\/v\/t39.30808-6\/463771576_1075637154566048_5196802646670688913_n.jpg?_nc_cat=101&amp;ccb=1-7&amp;_nc_sid=127cfc&amp;_nc_ohc=4ATNGRe0--IQ7kNvgFRPOmO&amp;_nc_zt=23&amp;_nc_ht=scontent-vie1-1.xx&amp;_nc_gid=AkJ0rI05Vs0wO8Qe4dTlgEk&amp;oh=00_AYBF6ordSIdnsqktKe9Q6C-1d35i6dtbDyEiTrLlvTyg0Q&amp;oe=67187B91\" width=\"1131\" height=\"1600\"><p style=\"text-align: justify;\">Kolejny ju\u017c raz, Szko\u0142a Podstawowa w Tuchowie oraz Tarnowskie Towarzystwo Opieki nad Zwierz\u0119tami, zapraszaj\u0105 do udzia\u0142u w akcji &#8222;Pomoc dla bezdomnych zwierz\u0105t&#8221;.&nbsp;<\/p>\n<div dir=\"auto\">Od poniedzia\u0142ku, 21 pa\u017adziernika do 12 listopada 2024 r. zbieramy: ko\u0142dry, koce, r\u0119czniki, poduszki oraz karm\u0119 dla zwierz\u0105t, kt\u00f3re wrzucamy do pud\u0142a wystawionego przed g\u0142\u00f3wnym wej\u015bciem...<a href='https:\/\/sp.tuchow.pl\/index.php\/2024\/10\/18\/pomoc-dla-bezdomnych-zwierzat-5\/' class='pfpReadMore'>Read More &raquo;<\/a><div class='clear'><\/div><hr><\/div><div class='pfpItem entry-content'><h2 class='entry-title'><a href='https:\/\/sp.tuchow.pl\/index.php\/2024\/10\/17\/nabor-wnioskow-stypendialnych-malopolski-program-wspierania-uczniow\/'>Nab\u00f3r wniosk\u00f3w stypendialnych \u201eMa\u0142opolski program wspierania uczni\u00f3w\u201d<\/a><\/h2><p style=\"font-weight: 400; text-align: justify;\"><strong>Rozpocz\u0105\u0142 si\u0119 nab\u00f3r wniosk\u00f3w w programie wsparcia stypendialnego \u201eMa\u0142opolski program wspierania uczni\u00f3w\u201d wsp\u00f3\u0142finansowanego ze \u015brodk\u00f3w Unii Europejskiej, Europejskiego Funduszu Spo\u0142ecznego Plus, Priorytetu FEMP.06 Fundusze europejskie dla rynku pracy, edukacji i w\u0142\u0105czenia spo\u0142ecznego w ramach Programu Funduszy Europejskich dla Ma\u0142opolski 2021-2027.<\/strong><\/p>\n<p style=\"font-weight: 400; text-align: justify;\"><strong>Adresatami programu s\u0105...<a href='https:\/\/sp.tuchow.pl\/index.php\/2024\/10\/17\/nabor-wnioskow-stypendialnych-malopolski-program-wspierania-uczniow\/' class='pfpReadMore'>Read More &raquo;<\/a><div class='clear'><\/div><hr><\/div><div class='pfpItem entry-content'><h2 class='entry-title'><a href='https:\/\/sp.tuchow.pl\/index.php\/2024\/10\/17\/wielka-jest-rola-nauczyciela-od-jego-pracy-zalezy-przyszlosc-mlodego-pokolenia\/'>\u201eWielka jest rola nauczyciela. Od jego pracy zale\u017cy przysz\u0142o\u015b\u0107 m\u0142odego pokolenia\u201d<\/a><\/h2><p style=\"text-align: justify;\">&nbsp;W dniu 14 pa\u017adziernika w Szkole Podstawowej im. Stanis\u0142awa Staszica w Tuchowie odby\u0142a si\u0119 akademia z okazji Dnia Edukacji Narodowej. Jest to \u015bwi\u0119to nauczycieli, wychowawc\u00f3w i pedagog\u00f3w, obchodzone w rocznic\u0119 powo\u0142ania w 1773 r. Komisji Edukacji Narodowej \u2013 pierwszego w Europie ministerstwa o\u015bwiaty \u2013 kt\u00f3ra zaj\u0119\u0142a si\u0119 reformowaniem...<a href='https:\/\/sp.tuchow.pl\/index.php\/2024\/10\/17\/wielka-jest-rola-nauczyciela-od-jego-pracy-zalezy-przyszlosc-mlodego-pokolenia\/' class='pfpReadMore'>Read More &raquo;<\/a><div class='clear'><\/div><hr><\/div><div class='pfpItem entry-content'><h2 class='entry-title'><a href='https:\/\/sp.tuchow.pl\/index.php\/2024\/10\/17\/trawestacja-wojny-trojanskiej\/'>Trawestacja wojny troja\u0144skiej<\/a><\/h2><p style=\"text-align: justify;\">W celu przypomnienia tre\u015bci mitologii swoim kolegom uczniowie klasy 6c przygotowali kr\u00f3tki spektakl pt. \u201eTrawestacja wojny troja\u0144skiej\u201d. Przedstawienie w zabawny spos\u00f3b ukazuje relacje bog\u00f3w na Olimpie, ich ma\u0142e grzeszki, k\u0142\u00f3tnie najbardziej wp\u0142ywowych bogi\u0144 o to, kt\u00f3ra z nich jest najpi\u0119kniejsza, a przede wszystkim przyczyny wybuchu wojny troja\u0144skiej. Przypomniano...<a href='https:\/\/sp.tuchow.pl\/index.php\/2024\/10\/17\/trawestacja-wojny-trojanskiej\/' class='pfpReadMore'>Read More &raquo;<\/a><div class='clear'><\/div><hr><\/div><div class='pfpItem entry-content'><h2 class='entry-title'><a href='https:\/\/sp.tuchow.pl\/index.php\/2024\/10\/16\/wyniki-rekrutacji-realizowanych-w-projekcie-1-w-akredytacji-erasmusa\/'>Wyniki rekrutacji realizowanych w Projekcie 1 w akredytacji Erasmusa<\/a><\/h2><div>Przedstawiamy list\u0119 uczni\u00f3w kandyduj\u0105cych do udzia\u0142u w grupowej mobilno\u015bci uczni\u00f3w w projekcie Erasmus+, kt\u00f3rzy zostali zakwalifikowani do II etapu rekrutacji oraz list\u0119 nauczycieli zakwalifikowanych do udzia\u0142u w kursach i szkoleniach.<\/div>\n<div>&nbsp;<\/div>\n<div><span style=\"color: #ff0000;\"><strong>II ETAP REKRUTACJI DLA UCZNI\u00d3W ODB\u0118DZIE SI\u0118 W PONIEDZIA\u0141EK 21 PA\u0179DZIERNIKA 2024r. O GODZ. 14.15 W SALI 23 W...<a href='https:\/\/sp.tuchow.pl\/index.php\/2024\/10\/16\/wyniki-rekrutacji-realizowanych-w-projekcie-1-w-akredytacji-erasmusa\/' class='pfpReadMore'>Read More &raquo;<\/a><div class='clear'><\/div><hr><\/div><div class='pfpItem entry-content'><h2 class='entry-title'><a href='https:\/\/sp.tuchow.pl\/index.php\/2024\/10\/11\/ogolnopolskie-mistrzostwa-szkol-i-przedszkoli-w-szachach\/'>Og\u00f3lnopolskie Mistrzostwa Szk\u00f3\u0142 i Przedszkoli w Szachach<\/a><\/h2><img loading=\"lazy\" decoding=\"async\" class=\"alignnone size-full\" src=\"http:\/\/scontent-vie1-1.xx.fbcdn.net\/v\/t39.30808-6\/462690534_1069588151837615_2469565559309739713_n.jpg?_nc_cat=106&amp;ccb=1-7&amp;_nc_sid=127cfc&amp;_nc_ohc=2snN4nC5oDIQ7kNvgE4zCSU&amp;_nc_ht=scontent-vie1-1.xx&amp;_nc_gid=Aez1W-8RrmSdUZ-dDA0tO0e&amp;oh=00_AYCEagvk1XonqN9tbhdGgFG7V4FzZAzAb93dpjy_waVVaA&amp;oe=670EFCFD\" width=\"2040\" height=\"1536\"><p style=\"text-align: justify;\">We wtorek 8 pa\u017adziernika w Katowicach odby\u0142y si\u0119 Og\u00f3lnopolskie Mistrzostwa Szk\u00f3\u0142 i Przedszkoli w Szachach. W legendarnym Spodku rywalizowa\u0142o blisko <strong>1200 <\/strong>szachist\u00f3w z ca\u0142ej Polski. W\u015br\u00f3d nich byli r\u00f3wnie\u017c uczniowie naszej szko\u0142y: Micha\u0142 Rzeszutko kl. 1d, Karol Ogiela kl. 3a,&nbsp; Aleksander Krupa kl. 3a, Jan Bakuli\u0144ski kl. 4a,...<a href='https:\/\/sp.tuchow.pl\/index.php\/2024\/10\/11\/ogolnopolskie-mistrzostwa-szkol-i-przedszkoli-w-szachach\/' class='pfpReadMore'>Read More &raquo;<\/a><div class='clear'><\/div><hr><\/div><div class='pfpItem entry-content'><h2 class='entry-title'><a href='https:\/\/sp.tuchow.pl\/index.php\/2024\/10\/07\/wycieczka-klas-1c-i-3b-do-fortu-wapiti-w-zalasowej\/'>Wycieczka klas 1c i 3b do Fortu Wapiti w Zalasowej.<\/a><\/h2><p style=\"text-align: justify;\">W dniu 1.10.2024r.uczniowie klas 1c i 3b wzi\u0119li udzia\u0142 w integracyjnej wycieczce do Fortu Wapiti&nbsp; w Zalasowej. Wsp\u00f3lnie sp\u0119dzony czas by\u0142 wype\u0142niony wieloma zaplanowanymi atrakcjami. Pan Darek \u2013w\u0142a\u015bciciel wioski india\u0144skiej opowiedzia\u0142 o \u017cyciu Indian i ich kulturze, zaprezentowa\u0142 XIX wieczn\u0105 bro\u0144, stroje, instrumenty muzyczne, pokaza\u0142 sprz\u0119ty u\u017cytku domowego....<a href='https:\/\/sp.tuchow.pl\/index.php\/2024\/10\/07\/wycieczka-klas-1c-i-3b-do-fortu-wapiti-w-zalasowej\/' class='pfpReadMore'>Read More &raquo;<\/a><div class='clear'><\/div><hr><\/div><div class='pfpItem entry-content'><h2 class='entry-title'><a href='https:\/\/sp.tuchow.pl\/index.php\/2024\/10\/03\/rekrutacja-uczestnikow-projektu-1-w-akredytacji-erasmusa\/'>Rekrutacja uczestnik\u00f3w Projektu 1 w Akredytacji Erasmusa<\/a><\/h2><img decoding=\"async\" src=\"https:\/\/sp.tuchow.pl\/wp-content\/uploads\/2024\/10\/PL-Wspolfinansowane-przez-Unie-Europejska_POS-150x150.jpg\" \/><p style=\"text-align: justify;\">Rozpoczynamy rekrutacj\u0119 uczestnik\u00f3w Projektu 1 w Akredytacji Erasmusa. Do udzia\u0142u w projekcie zapraszamy uczni\u00f3w klas VIII oraz nauczycieli i pracownik\u00f3w szko\u0142y. Proces ma wy\u0142oni\u0107 grup\u0119 10 uczestnik\u00f3w grupowej mobilno\u015bci uczni\u00f3w oraz 4 uczestnik\u00f3w kursu j\u0119zykowego za granic\u0105 (kurs j\u0119zykowy). Projekt jest wsp\u00f3\u0142finansowany przez Uni\u0119 Europejsk\u0105.<\/p>\n<p style=\"text-align: justify;\">Na stronie...<a href='https:\/\/sp.tuchow.pl\/index.php\/2024\/10\/03\/rekrutacja-uczestnikow-projektu-1-w-akredytacji-erasmusa\/' class='pfpReadMore'>Read More &raquo;<\/a><div class='clear'><\/div><hr><\/div><div class='pfpItem entry-content'><h2 class='entry-title'><a href='https:\/\/sp.tuchow.pl\/index.php\/2024\/10\/03\/swiatowy-dzien-zwierzat\/'>\u015awiatowy Dzie\u0144 Zwierz\u0105t<\/a><\/h2><p>4 pa\u017adziernika jest \u015awiatowym Dniem Zwierz\u0105t. Uczniowie klas czwartych prezentuj\u0105 swoich (i nie tylko) pupili. Jest to pierwsze dzia\u0142anie w ramach ca\u0142orocznego, ju\u017c cyklicznego projektu: &#8222;Przyrodnik w dzia\u0142aniu&#8221;.<\/p>\n<p><a href=\"http:\/\/www.facebook.com\/photo\/?fbid=1063031452493285&amp;set=pcb.1063035899159507\">Galeria zdj\u0119\u0107<\/a><\/p>\n...<a href='https:\/\/sp.tuchow.pl\/index.php\/2024\/10\/03\/swiatowy-dzien-zwierzat\/' class='pfpReadMore'>Read More &raquo;<\/a><div class='clear'><\/div><hr><\/div><div class='pfpItem entry-content'><h2 class='entry-title'><a href='https:\/\/sp.tuchow.pl\/index.php\/2024\/10\/03\/male-i-duze-letnie-podroze-czyli-wspomnienia-z-wakacji\/'>MA\u0141E I DU\u017bE LETNIE PODR\u00d3\u017bE czyli wspomnienia z wakacji.<\/a><\/h2><img loading=\"lazy\" decoding=\"async\" class=\"xz74otr\" src=\"http:\/\/static.xx.fbcdn.net\/images\/emoji.php\/v9\/tfd\/2\/16\/26f5.png\" alt=\"\u26f5\ufe0f\" width=\"16\" height=\"16\"><div dir=\"auto\">Wakacje lubi ka\u017cdy, wi\u0119c mam nadziej\u0119, \u017ce praca nad projektem by\u0142a wspominaniem mi\u0142ych chwil.<\/div>\n<div dir=\"auto\">Gratuluj\u0119 pomys\u0142owo\u015bci w wykonaniu plakat\u00f3w <span class=\"html-span xexx8yu x4uap5 x18d9i69 xkhd6sd x1hl2dhg x16tdsg8 x1vvkbs x3nfvp2 x1j61x8r x1fcty0u xdj266r xat24cr xgzva0m xhhsvwb xxymvpz xlup9mm x1kky2od\"><\/span><span class=\"html-span xexx8yu x4uap5 x18d9i69 xkhd6sd x1hl2dhg x16tdsg8 x1vvkbs x3nfvp2 x1j61x8r x1fcty0u...<a href='https:\/\/sp.tuchow.pl\/index.php\/2024\/10\/03\/male-i-duze-letnie-podroze-czyli-wspomnienia-z-wakacji\/' class='pfpReadMore'>Read More &raquo;<\/a><div class='clear'><\/div><hr><\/div><div class='pfpItem entry-content'><h2 class='entry-title'><a href='https:\/\/sp.tuchow.pl\/index.php\/2024\/10\/01\/nasza-szkola-z-akredytacja-erasmusa\/'>NASZA SZKO\u0141A Z AKREDYTACJ\u0104 ERASMUSA<\/a><\/h2><img loading=\"lazy\" decoding=\"async\" class=\"alignnone size-full\" src=\"http:\/\/scontent-vie1-1.xx.fbcdn.net\/v\/t39.30808-6\/461686039_1061419079321189_7008269184115273033_n.jpg?stp=dst-jpg_p552x414&amp;_nc_cat=108&amp;ccb=1-7&amp;_nc_sid=127cfc&amp;_nc_ohc=ESD1c8dpg3gQ7kNvgFlfwuG&amp;_nc_ht=scontent-vie1-1.xx&amp;_nc_gid=AVNQ_qv-pRj0RLcL2PRJJl5&amp;oh=00_AYAezMEZQTbyUSXqqCPowUXbsbu1p15beugKQD6J-HZx7A&amp;oe=67020435\" width=\"586\" height=\"414\"><div class=\"xdj266r x11i5rnm xat24cr x1mh8g0r x1vvkbs x126k92a\">\n<div dir=\"auto\" style=\"text-align: justify;\">Z rado\u015bci\u0105 informujemy, \u017ce nasza szko\u0142a rozpoczyna w tym roku kolejne dzia\u0142ania w dziedzinie projekt\u00f3w mi\u0119dzynarodowych, tym razem w Akredytacji Erasmusa. Przyznanie Akredytacji Erasmusa gwarantuje mo\u017cliwo\u015b\u0107 realizacji mobilno\u015bci zagranicznych w ramach dzia\u0142a\u0144 maj\u0105cych na celu rozw\u00f3j szko\u0142y. Wniosek o Akredytacj\u0119 z\u0142o\u017cony...<a href='https:\/\/sp.tuchow.pl\/index.php\/2024\/10\/01\/nasza-szkola-z-akredytacja-erasmusa\/' class='pfpReadMore'>Read More &raquo;<\/a><div class='clear'><\/div><hr><\/div><div class='pfpItem entry-content'><h2 class='entry-title'><a href='https:\/\/sp.tuchow.pl\/index.php\/2024\/10\/01\/tajemnice-kuchni-starozytnych-egipcjan\/'>Tajemnice kuchni staro\u017cytnych Egipcjan<\/a><\/h2><p style=\"text-align: justify;\">Na kolejnej kulinarnej lekcji historii uczniowie, tym razem w&nbsp; klasach pi\u0105tych, poznali tajniki kuchni staro\u017cytnych Egipcjan. Zaj\u0119cia zacz\u0119li\u015bmy od odgadni\u0119cia przez m\u0142odzie\u017c zaszyfrowanych hase\u0142 dotycz\u0105cych warzyw i owoc\u00f3w oraz dodatk\u00f3w, z kt\u00f3rych Egipcjanie komponowali dania. Ich podstaw\u0105 by\u0142y daktyle, mi\u00f3d oraz orzechy, kt\u00f3re jak dowiedzia\u0142y si\u0119 dzieci, s\u0105...<a href='https:\/\/sp.tuchow.pl\/index.php\/2024\/10\/01\/tajemnice-kuchni-starozytnych-egipcjan\/' class='pfpReadMore'>Read More &raquo;<\/a><div class='clear'><\/div><hr><\/div><div class='pfpItem entry-content'><h2 class='entry-title'><a href='https:\/\/sp.tuchow.pl\/index.php\/2024\/10\/01\/szkolne-kolo-teatralne-zaprasza\/'>Szkolne Ko\u0142o Teatralne zaprasza!<\/a><\/h2><img loading=\"lazy\" decoding=\"async\" class=\"alignnone size-full\" src=\"http:\/\/scontent-vie1-1.xx.fbcdn.net\/v\/t39.30808-6\/461840087_1061411712655259_201109802976870378_n.jpg?stp=dst-jpg_s640x640&amp;_nc_cat=101&amp;ccb=1-7&amp;_nc_sid=127cfc&amp;_nc_ohc=9bGMlDOzE_0Q7kNvgHURMza&amp;_nc_ht=scontent-vie1-1.xx&amp;_nc_gid=AV3bJzEmiPr51ItaS5O63SM&amp;oh=00_AYDsUfshHWQ0RPUFY1FGG7b1RTbl6o9uKifgimxs8Il5CA&amp;oe=6702180E\" width=\"640\" height=\"530\"><p>Do\u015bwiadczenie teatru pozytywnie wp\u0142ywa na rozw\u00f3j cz\u0142owieka, rozwija empati\u0119, poszerza horyzonty, uczy samodyscypliny i wielu kluczowych kompetencji.<\/p>\n<p>Zapraszamy do udzia\u0142u w spotkaniach Szkolnego Ko\u0142a Teatralnego.<\/p>\n<p>Zapisy przyjmuj\u0105 panie: Katarzyna Wojtanowska, Agnieszka Mitoraj i Klaudia Sajdak.<\/p>\n<p>Przypominamy nasz \u201eTajemniczy ogr\u00f3d\u201d.<\/p>\n<p><a href=\"http:\/\/drive.google.com\/file\/d\/1NeD089DB7-gfKFF0bMINTz_gB8ukvYc5\/view?usp=sharing\">http:\/\/drive.google.com\/file\/d\/1NeD089DB7-gfKFF0bMINTz_gB8ukvYc5\/view?usp=sharing<\/a><\/p>\n<p><\/p>\n...<a href='https:\/\/sp.tuchow.pl\/index.php\/2024\/10\/01\/szkolne-kolo-teatralne-zaprasza\/' class='pfpReadMore'>Read More &raquo;<\/a><div class='clear'><\/div><hr><\/div><div class='pfpItem entry-content'><h2 class='entry-title'><a href='https:\/\/sp.tuchow.pl\/index.php\/2024\/10\/01\/czytajcie-dzieciom-na-glos\/'>Czytajcie dzieciom na g\u0142os!<\/a><\/h2><p style=\"text-align: justify;\">Og\u00f3lnopolski Dzie\u0144 G\u0142o\u015bnego Czytania obchodzony jest&nbsp;29 wrze\u015bnia. Zosta\u0142 on og\u0142oszony przez Polsk\u0105 Izb\u0119 Ksi\u0105\u017cki w 2001 r. Data nie jest przypadkowa, poniewa\u017c tego dnia urodzi\u0142a si\u0119 autorka ksi\u0105\u017cek dla dzieci i m\u0142odzie\u017cy \u2013 Janina Porazi\u0144ska.<\/p>\n<p style=\"text-align: justify;\">&nbsp;W naszej szkole ju\u017c po raz trzeci uda\u0142o nam si\u0119 zorganizowa\u0107 Dzie\u0144...<a href='https:\/\/sp.tuchow.pl\/index.php\/2024\/10\/01\/czytajcie-dzieciom-na-glos\/' class='pfpReadMore'>Read More &raquo;<\/a><div class='clear'><\/div><hr><\/div><div class='pfpItem entry-content'><h2 class='entry-title'><a href='https:\/\/sp.tuchow.pl\/index.php\/2024\/10\/01\/blisko-aktywnie-z-biblioteka\/'>Blisko \u201eAktywnie z bibliotek\u0105\u201d<\/a><\/h2><p style=\"text-align: justify;\">W ramach partnerstwa w projekcie Biblioteki Publicznej w Tuchowie uczniowie naszej szko\u0142y mieli okazj\u0119 wzi\u0105\u0107 udzia\u0142 w warsztatach <em>\u201eSekrety lasu. Szumi\u0105cy bohater\u201d.<\/em> Uczniowie klasy 5a skupili si\u0119 na nieocenionej roli jak\u0105 odgrywaj\u0105 dla nas ro\u015bliny, szczeg\u00f3lnie w walce z ociepleniem klimatu, ochron\u0105 bior\u00f3\u017cnorodno\u015bci, zanieczyszczeniem powietrza. Pi\u0105toklasi\u015bci poznawali mieszka\u0144c\u00f3w...<a href='https:\/\/sp.tuchow.pl\/index.php\/2024\/10\/01\/blisko-aktywnie-z-biblioteka\/' class='pfpReadMore'>Read More &raquo;<\/a><div class='clear'><\/div><hr><\/div><div class='pfpItem entry-content'><h2 class='entry-title'><a href='https:\/\/sp.tuchow.pl\/index.php\/2024\/09\/26\/kanapka-inspirowana-dzielami-wielkich-mistrzow\/'>Kanapka inspirowana dzie\u0142ami wielkich mistrz\u00f3w<\/a><\/h2><p style=\"text-align: justify;\">Przy okazji omawiania w klasie 6 a nowych poj\u0119\u0107 zwi\u0105zanych z renesansem, ch\u0119tni uczniowie mieli za zadanie wykona\u0107 kanapk\u0119 inspirowan\u0105 wybranym dzie\u0142em renesansowego mistrza. Wyb\u00f3r m\u0142odzie\u017cy w wi\u0119kszo\u015bci pad\u0142 na dzie\u0142a Leonarda da Vinci. Pojawi\u0142y si\u0119 zdrowe kanapki z Mona Lis\u0105, czy serowo-keczupowy \u201eCz\u0142owiek witruwia\u0144ski\u201d. Wykonanie renesansowej kanapki...<a href='https:\/\/sp.tuchow.pl\/index.php\/2024\/09\/26\/kanapka-inspirowana-dzielami-wielkich-mistrzow\/' class='pfpReadMore'>Read More &raquo;<\/a><div class='clear'><\/div><hr><\/div><div class='pfpItem entry-content'><h2 class='entry-title'><a href='https:\/\/sp.tuchow.pl\/index.php\/2024\/09\/26\/podroze-z-erasmus\/'>Podr\u00f3\u017ce z Erasmus+<\/a><\/h2><img decoding=\"async\" src=\"https:\/\/sp.tuchow.pl\/wp-content\/uploads\/2024\/09\/PL-V-Wspolfinansowane-przez-Unie-Europejska_POS-150x150.jpg\" \/><p style=\"text-align: justify;\">Nasza szko\u0142a zako\u0144czy\u0142a niedawno ostatni etap projektu Erasmus+ \u201cZielone \u015bwiat\u0142o dla uczenia w podr\u00f3\u017cy\u201d (nr 2022-1-PL01-KA122-SCH-000071665). Podsumowane zosta\u0142y trwaj\u0105ce 18 miesi\u0119cy dzia\u0142ania, od 30 grudnia 2022r. Projekt wsp\u00f3\u0142finansowany by\u0142 ze \u015brodk\u00f3w Unii Europejskiej, a kwota dofinansowania wynios\u0142a 36 600 euro.<\/p>\n<p style=\"text-align: justify;\">Projekt ten nie by\u0142 pierwszym realizowanym przez...<a href='https:\/\/sp.tuchow.pl\/index.php\/2024\/09\/26\/podroze-z-erasmus\/' class='pfpReadMore'>Read More &raquo;<\/a><div class='clear'><\/div><hr><\/div><div class='pfpItem entry-content'><h2 class='entry-title'><a href='https:\/\/sp.tuchow.pl\/index.php\/2024\/09\/25\/pierwsza-szkolna-wycieczka-1a-pod-znakiem-bezpieczenstwa\/'>Pierwsza szkolna wycieczka 1a pod znakiem bezpiecze\u0144stwa<\/a><\/h2><div class=\"xdj266r x11i5rnm xat24cr x1mh8g0r x1vvkbs x126k92a\">\n<div dir=\"auto\" style=\"text-align: justify;\">Klasa 1a odwiedzi\u0142a dzisiaj rodzim\u0105 tuchowsk\u0105 firm\u0119 WIMED. Na pocz\u0105tek zapoznali\u015bmy si\u0119 z jej histori\u0105 oraz rozmawiali\u015bmy o bezpiecze\u0144stwie w ruchu drogowym z naszymi przemi\u0142ymi przewodniczkami, pani\u0105 Karolin\u0105 i pani\u0105 Ani\u0105. Na koniec mogli\u015bmy zobaczy\u0107 wszystkie etapy produkcji znak\u00f3w w innowacyjnej...<a href='https:\/\/sp.tuchow.pl\/index.php\/2024\/09\/25\/pierwsza-szkolna-wycieczka-1a-pod-znakiem-bezpieczenstwa\/' class='pfpReadMore'>Read More &raquo;<\/a><div class='clear'><\/div><hr><\/div><div class='pfpItem entry-content'><h2 class='entry-title'><a href='https:\/\/sp.tuchow.pl\/index.php\/2024\/09\/25\/wycieczka-do-centrum-dziedzictw-szkla-w-krosnie\/'>Wycieczka do Centrum Dziedzictwa Szk\u0142a w Kro\u015bnie<\/a><\/h2><p style=\"text-align: justify;\">24 wrze\u015bnia klasy pi\u0105te wzi\u0119\u0142y udzia\u0142 w wycieczce do Centrum Dziedzictwa Szk\u0142a w Kro\u015bnie. Po zwiedzaniu nowoczesnego, pi\u0119knego kompleksu, gdzie uczniowie mogli pozna\u0107 proces wytopu szk\u0142a i zobaczy\u0107 prawdziwe arcydzie\u0142a kro\u015bnie\u0144skich hutnik\u00f3w, odwiedzili\u015bmy Pijalni\u0119 Czekolady w Korczynie. Tam czeka\u0142a na nas prawdziwa uczta dla zmys\u0142\u00f3w. Po zapoznaniu si\u0119...<a href='https:\/\/sp.tuchow.pl\/index.php\/2024\/09\/25\/wycieczka-do-centrum-dziedzictw-szkla-w-krosnie\/' class='pfpReadMore'>Read More &raquo;<\/a><div class='clear'><\/div><hr><\/div><div class='pfpItem entry-content'><h2 class='entry-title'><a href='https:\/\/sp.tuchow.pl\/index.php\/2024\/09\/24\/my-malopolanie-2024-czyli-honorowym-wyroznieniu-dla-wojciecha-mazurkiewicza\/'>\u201eMy, Ma\u0142opolanie 2024\u201d, czyli honorowym wyr\u00f3\u017cnieniu dla Wojciecha Mazurkiewicza.<\/a><\/h2><img loading=\"lazy\" decoding=\"async\" class=\"alignnone size-full\" src=\"http:\/\/scontent-waw2-2.xx.fbcdn.net\/v\/t39.30808-6\/461240422_1055192026610561_5254486494222552880_n.jpg?_nc_cat=100&amp;ccb=1-7&amp;_nc_sid=127cfc&amp;_nc_ohc=Ysefer_Ah2QQ7kNvgEN3w02&amp;_nc_ht=scontent-waw2-2.xx&amp;_nc_gid=Ag0Wao1g_5GjaQVmje0-fTU&amp;oh=00_AYANCj9CWSHEpi-pPIbq3Ho8ZZetDRGYkAnu_QcAvVivKw&amp;oe=66F85907\" width=\"1363\" height=\"2048\"><p><span style=\"white-space-collapse: preserve;\">46. Ma\u0142opolski Festiwal Orkiestr D\u0119tych ECHO TROMBITY swoim zasi\u0119giem obejmuje ca\u0142e wojew\u00f3dztwo ma\u0142opolskie i organizowany jest w dw\u00f3ch etapach: I \u2013 eliminacje powiatowe, II \u2013 fina\u0142.<\/span><br \/>\n<span style=\"white-space-collapse: preserve;\">W tym roku eliminacje powiatowe do Festiwalu odby\u0142y si\u0119 mi\u0119dzy 5 maja a 9 czerwca w 8 miejscowo\u015bciach Ma\u0142opolski.<\/span><br \/>\n<span...<a href='https:\/\/sp.tuchow.pl\/index.php\/2024\/09\/24\/my-malopolanie-2024-czyli-honorowym-wyroznieniu-dla-wojciecha-mazurkiewicza\/' class='pfpReadMore'>Read More &raquo;<\/a><div class='clear'><\/div><hr><\/div><div class='pfpItem entry-content'><h2 class='entry-title'><a href='https:\/\/sp.tuchow.pl\/index.php\/2024\/09\/23\/fraszka-sie-tu-chowa\/'>\u201eFraszka si\u0119 Tu-chowa\u201d<\/a><\/h2><img loading=\"lazy\" decoding=\"async\" class=\"aligncenter size-full\" src=\"http:\/\/scontent-vie1-1.xx.fbcdn.net\/v\/t39.30808-6\/461183643_1054769953319435_5326228402565994459_n.jpg?_nc_cat=105&amp;ccb=1-7&amp;_nc_sid=127cfc&amp;_nc_ohc=YQIsdHh3wg4Q7kNvgFL2lNA&amp;_nc_ht=scontent-vie1-1.xx&amp;_nc_gid=AiFGnHtAN6YpRmfqXL8Yef6&amp;oh=00_AYCD5Ky_kFRYM0KZvKEdlvh6lMaxHaqEGUr4Wz_y8Zj7qw&amp;oe=66F799D6\" width=\"724\" height=\"1024\"><p style=\"text-align: justify;\">Dom Kultury w Tuchowie oraz&nbsp;Towarzystwo Mi\u0142o\u015bnik\u00f3w Tuchowa&nbsp;serdecznie zapraszaj\u0105 na uroczyst\u0105 gal\u0119 X Konkursu Literackiego o statuetk\u0119 SOWY TUCH\u00d3WKI 2024 pt. \u201eFraszka si\u0119 Tu-chowa\u201d, pod patronatem Burmistrza Tuchowa Magdaleny Marsza\u0142ek, kt\u00f3ry odb\u0119dzie si\u0119 28 wrze\u015bnia (sobota) 2024 r. godz. 15.00 w Domu Kultury w Tuchowie.<\/p>\n<p><\/p>\n...<a href='https:\/\/sp.tuchow.pl\/index.php\/2024\/09\/23\/fraszka-sie-tu-chowa\/' class='pfpReadMore'>Read More &raquo;<\/a><div class='clear'><\/div><hr><\/div><div class='pfpItem entry-content'><h2 class='entry-title'><a href='https:\/\/sp.tuchow.pl\/index.php\/2024\/09\/18\/zapraszamy-do-wspolnego-czytania-na-tuchowskim-rynku\/'>Zapraszamy do wsp\u00f3lnego czytania na tuchowskim rynku.<\/a><\/h2><img loading=\"lazy\" decoding=\"async\" class=\"aligncenter size-full\" src=\"http:\/\/scontent-vie1-1.xx.fbcdn.net\/v\/t39.30808-6\/460441333_1050519980411099_1061940009628667991_n.jpg?_nc_cat=102&amp;ccb=1-7&amp;_nc_sid=127cfc&amp;_nc_ohc=r5cKzdNkhTcQ7kNvgHT1M-e&amp;_nc_ht=scontent-vie1-1.xx&amp;_nc_gid=AHbbUF05_zU3zvSKuo3BVOY&amp;oh=00_AYAMbSsSV0SxbEAETuvStAz8LCmNLmri1OIS3CmdrWvv9g&amp;oe=66F0C0A0\" width=\"1448\" height=\"2048\"><p>Zapraszamy do wsp\u00f3lnego czytania na tuchowskim rynku.<\/p>\n<p><\/p>\n...<a href='https:\/\/sp.tuchow.pl\/index.php\/2024\/09\/18\/zapraszamy-do-wspolnego-czytania-na-tuchowskim-rynku\/' class='pfpReadMore'>Read More &raquo;<\/a><div class='clear'><\/div><hr><\/div><div class='pfpItem entry-content'><h2 class='entry-title'><a href='https:\/\/sp.tuchow.pl\/index.php\/2024\/09\/17\/podroz-o-zapachu-kadzidla\/'>Podr\u00f3\u017c o zapachu kadzid\u0142a\u2026<\/a><\/h2><p style=\"text-align: justify;\">By\u0142e\u015b w poniedzia\u0142ek 16 wrze\u015bnia w Bibliotece Publicznej w Tuchowie? Nie?! Oj to wiele Ci\u0119 omin\u0119\u0142o. W czarno- bia\u0142ej sali konferencyjnej naszej nowoczesnej biblioteki w Tuchowie mia\u0142y\u015bmy mo\u017cliwo\u015b\u0107 podr\u00f3\u017cowania z niezwykle ciekawym cz\u0142owiekiem po pozornie pustynnym i nieciekawym Omanie.<\/p>\n<p style=\"text-align: justify;\">A kt\u00f3\u017c to jest ten cz\u0142owiek? Z wykszta\u0142cenia...<a href='https:\/\/sp.tuchow.pl\/index.php\/2024\/09\/17\/podroz-o-zapachu-kadzidla\/' class='pfpReadMore'>Read More &raquo;<\/a><div class='clear'><\/div><hr><\/div><div class='pfpItem entry-content'><h2 class='entry-title'><a href='https:\/\/sp.tuchow.pl\/index.php\/2024\/09\/17\/w-kuchni-majow-inkow-i-aztekow\/'>W kuchni Maj\u00f3w, Ink\u00f3w i Aztek\u00f3w.<\/a><\/h2><p style=\"text-align: justify;\">W ramach innowacji programowej pt. \u201eHistoryczne menu. O gustach kulinarnych naszych przodk\u00f3w\u201d, realizowanej na lekcjach historii, uczniowie klasy 6 a wykonali nap\u00f3j czekoladowy Maj\u00f3w. Rozpoznawali przyprawy sprowadzane z Indii oraz Nowego \u015awiata &#8211; Ameryki, w\u0105chaj\u0105c<br \/>\ni smakuj\u0105c przygotowane dodatki do potraw. Na ko\u0144cu w grupach wykonali pyszny nap\u00f3j,...<a href='https:\/\/sp.tuchow.pl\/index.php\/2024\/09\/17\/w-kuchni-majow-inkow-i-aztekow\/' class='pfpReadMore'>Read More &raquo;<\/a><div class='clear'><\/div><hr><\/div><div class='pfpItem entry-content'><h2 class='entry-title'><a href='https:\/\/sp.tuchow.pl\/index.php\/2024\/09\/16\/nasza-szkola-bierze-udzial-w-akcji-szkoly-pelne-talentow\/'>Nasza szko\u0142a bierze udzia\u0142 w akcji SZKO\u0141Y pe\u0142ne TALENT\u00d3W !<\/a><\/h2><img loading=\"lazy\" decoding=\"async\" class=\"alignnone size-full\" src=\"http:\/\/scontent-vie1-1.xx.fbcdn.net\/v\/t39.30808-6\/460216950_1048859287243835_4334075040573612345_n.jpg?_nc_cat=103&amp;ccb=1-7&amp;_nc_sid=127cfc&amp;_nc_ohc=7qPpvtLZo8YQ7kNvgG18I_3&amp;_nc_ht=scontent-vie1-1.xx&amp;oh=00_AYAGDQjImQN4qr15j6ZG8iBR3ndd8Prdzwe6rdl3aSWR-Q&amp;oe=66EE1423\" width=\"901\" height=\"1249\"><p>Szanowni,<\/p>\n<p>jak co roku nasza szko\u0142a bierze udzia\u0142 w akcji SZKO\u0141Y pe\u0142ne TALENT\u00d3W !<\/p>\n<p>Robi\u0105c zakupy w LIDLU za min. 50 z\u0142. w tym przynajmniej 1 warzywo lub 1 owoc, przy kasie odbieracie papierowy kupon, kt\u00f3ry mo\u017cecie przekaza\u0107 w\u0142a\u015bnie naszej szkole.<\/p>\n<p>Dzi\u0119ki temu mo\u017cecie wesprze\u0107 nasz\u0105 szko\u0142\u0119 w pozyskiwaniu nowych pomocy edukacyjnych i...<a href='https:\/\/sp.tuchow.pl\/index.php\/2024\/09\/16\/nasza-szkola-bierze-udzial-w-akcji-szkoly-pelne-talentow\/' class='pfpReadMore'>Read More &raquo;<\/a><div class='clear'><\/div><hr><\/div><div class='pfpItem entry-content'><h2 class='entry-title'><a href='https:\/\/sp.tuchow.pl\/index.php\/2024\/09\/15\/szkolny-konkurs-plastyczny-moja-ojczyzna\/'>SZKOLNY KONKURS PLASTYCZNY ,,MOJA OJCZYZNA\u201d<\/a><\/h2><p style=\"text-align: right;\"><em>Tutaj g\u0142aszcz\u0105 powietrze skrzyde\u0142ka jask\u00f3\u0142ek,<br \/>\ntutaj ob\u0142ok jak bocian na topoli siada.<br \/>\nTu maki czerwieniej\u0105 \u2013 zb\u00f3\u017c serduszka czu\u0142e \u2013<br \/>\ni&nbsp;na \u0142\u0105ce si\u0119 pas\u0105 z\u0142otych jaskr\u00f3w stada.<\/em><\/p>\n<p style=\"text-align: right;\"><strong><em>Jerzy Ficowski ,,Tutaj\u2019\u2019<\/em><\/strong><\/p>\n<p>&nbsp;<\/p>\n<p>I. Organizator: Szko\u0142a Podstawowa im. Stanis\u0142awa Staszica w Tuchowie.<\/p>\n<p><strong>II. Cele konkursu:<\/strong><\/p>\n<p><strong>&nbsp;<\/strong>&#8211; Budzenie dumy z pi\u0119kna polskiego krajobrazu;<\/p>\n<p>&#8211; Poszanowanie...<a href='https:\/\/sp.tuchow.pl\/index.php\/2024\/09\/15\/szkolny-konkurs-plastyczny-moja-ojczyzna\/' class='pfpReadMore'>Read More &raquo;<\/a><div class='clear'><\/div><hr><\/div><div class='pfpItem entry-content'><h2 class='entry-title'><a href='https:\/\/sp.tuchow.pl\/index.php\/2024\/09\/15\/szkolny-konkurs-literacki-list-do-ojczyzny\/'>SZKOLNY KONKURS LITERACKI\u00a0,,LIST DO OJCZYZNY\u2019\u2019<\/a><\/h2><p style=\"text-align: right;\"><em>Tu ro\u015bnie kwiat, gdzie tylko promie\u0144 s\u0142o\u0144ca padnie,<br \/>\ntutaj skoczna wiewi\u00f3rka szele\u015bci na so\u015bnie.<br \/>\nLecz co znaczy \u2013 Tutaj? Czy kto\u015b z&nbsp;was odgadnie,<br \/>\nw&nbsp;jakim to wszystko kraju \u015bwieci, pachnie, ro\u015bnie?<\/em><\/p>\n<p style=\"text-align: right;\"><strong><em>Jerzy Ficowski ,,Tutaj\u2019\u2019<\/em><\/strong><\/p>\n<p><strong>&nbsp;<\/strong><\/p>\n<p>I. Organizator: Szko\u0142a Podstawowa im. Stanis\u0142awa Staszica w Tuchowie.<\/p>\n<p><strong>II. Cele konkursu<\/strong>:<\/p>\n<p>&#8211; Rozwijanie wiedzy na temat...<a href='https:\/\/sp.tuchow.pl\/index.php\/2024\/09\/15\/szkolny-konkurs-literacki-list-do-ojczyzny\/' class='pfpReadMore'>Read More &raquo;<\/a><div class='clear'><\/div><hr><\/div><div class='pfpItem entry-content'><h2 class='entry-title'><a href='https:\/\/sp.tuchow.pl\/index.php\/2024\/09\/11\/pozegnanie-lata-z-podopiecznymi-domu-pogodnej-jesieni-w-tuchowie\/'>\u201ePo\u017cegnanie lata\u201d z podopiecznymi Domu Pogodnej Jesieni w Tuchowie.<\/a><\/h2><p style=\"text-align: justify;\">11 wrze\u015bnia grupa wolontariuszy ze Szko\u0142y Podstawowej w Tuchowie uda\u0142a si\u0119 wraz z opiekunami do DPJ, aby pom\u00f3c podopiecznym podczas spaceru do Doliny Bia\u0142ej, gdzie odby\u0142o si\u0119 \u201e po\u017cegnanie lata\u201d. Na miejscu spotkali\u015bmy si\u0119 z mi\u0142ym przyj\u0119ciem. Uczestnicy dzielili si\u0119 wra\u017ceniami z podr\u00f3\u017cy i opowiadali z czym kojarzy...<a href='https:\/\/sp.tuchow.pl\/index.php\/2024\/09\/11\/pozegnanie-lata-z-podopiecznymi-domu-pogodnej-jesieni-w-tuchowie\/' class='pfpReadMore'>Read More &raquo;<\/a><div class='clear'><\/div><hr><\/div><div class='pfpItem entry-content'><h2 class='entry-title'><a href='https:\/\/sp.tuchow.pl\/index.php\/2024\/09\/11\/aktywnie-z-biblioteka\/'>Aktywnie z bibliotek\u0105\u2026<\/a><\/h2><p style=\"text-align: justify;\">Dnia 10. 09.2024 uczniowie klas VI Szko\u0142y Podstawowej im. Stanis\u0142awa Staszica wzi\u0119li udzia\u0142 w jednym z wielu wydarze\u0144 zaplanowanych przy Bibliotek\u0105 Publiczn\u0105 w Tuchowie w ramach projektu \u201eAktywnie z bibliotek\u0105\u201d. Jako partnerzy projektu uczestniczyli\u015bmy w spotkaniu z autork\u0105 bestseller\u00f3w dla dzieci i m\u0142odzie\u017cy, laureatk\u0105 nagrody Ksi\u0105\u017cka Roku 2014&nbsp;...<a href='https:\/\/sp.tuchow.pl\/index.php\/2024\/09\/11\/aktywnie-z-biblioteka\/' class='pfpReadMore'>Read More &raquo;<\/a><div class='clear'><\/div><hr><\/div><div class='pfpItem entry-content'><h2 class='entry-title'><a href='https:\/\/sp.tuchow.pl\/index.php\/2024\/09\/09\/zaproszenie-do-xii-ogolnopolskiego-dyktanda-niepodleglosciowego-po-polsku-o-historii\/'>Zaproszenie do XII Og\u00f3lnopolskiego Dyktanda Niepodleg\u0142o\u015bciowego \u201ePo polsku o historii\u201d<\/a><\/h2><img loading=\"lazy\" decoding=\"async\" class=\"aligncenter size-full\" src=\"http:\/\/scontent-vie1-1.xx.fbcdn.net\/v\/t39.30808-6\/459145859_1043547287775035_5549500892780014722_n.jpg?_nc_cat=109&amp;ccb=1-7&amp;_nc_sid=127cfc&amp;_nc_ohc=CGCuMLtRMjkQ7kNvgHfh77q&amp;_nc_ht=scontent-vie1-1.xx&amp;_nc_gid=AZvwDKcrO_S2R0cBnRfw14I&amp;oh=00_AYDGV5Lt9q6RbhII4wtyL_NjmUUyYODvnLNBMO9H22Oj8g&amp;oe=66E52118\" width=\"1448\" height=\"2048\"><p style=\"text-align: justify;\">Nasza szko\u0142a po raz si\u00f3dmy we\u017amie udzia\u0142 w tej pi\u0119knej \u017cywej lekcji historii. Celem konkursu jest zaanga\u017cowanie m\u0142odzie\u017cy w piel\u0119gnowanie narodowej tradycji i historii, w tym kultury j\u0119zyka polskiego. To okazja do przypomnienia o wa\u017cnych wydarzeniach i postaciach, kt\u00f3re budowa\u0142y nasza Ojczyzn\u0119. Udzia\u0142 w konkursie jest r\u00f3wnie\u017c przejawem...<a href='https:\/\/sp.tuchow.pl\/index.php\/2024\/09\/09\/zaproszenie-do-xii-ogolnopolskiego-dyktanda-niepodleglosciowego-po-polsku-o-historii\/' class='pfpReadMore'>Read More &raquo;<\/a><div class='clear'><\/div><hr><\/div><div class='pfpItem entry-content'><h2 class='entry-title'><a href='https:\/\/sp.tuchow.pl\/index.php\/2024\/08\/30\/uroczyste-rozpoczecie-roku-szkolnego-2024-2025\/'>Uroczyste rozpocz\u0119cie roku szkolnego 2024\/2025<\/a><\/h2><p>Rozpocz\u0119cie roku szkolnego 2024\/2025 dla<strong> klas V &#8211; VIII<\/strong> odb\u0119dzie si\u0119 2 wrze\u015bnia 2024 r. o godzinie 9:00 w hali MOSiR. Msza \u015bwi\u0119ta dla uczni\u00f3w z tych oddzia\u0142\u00f3w b\u0119dzie odprawiona w Bazylice Mniejszej o godz. 8:00. Po Mszy \u015awi\u0119tej uczniowie udaj\u0105 si\u0119 do hali MOSiR pod opiek\u0105 wychowawc\u00f3w i wychowawc\u00f3w...<a href='https:\/\/sp.tuchow.pl\/index.php\/2024\/08\/30\/uroczyste-rozpoczecie-roku-szkolnego-2024-2025\/' class='pfpReadMore'>Read More &raquo;<\/a><div class='clear'><\/div><hr><\/div><div class='pfpItem entry-content'><h2 class='entry-title'><a href='https:\/\/sp.tuchow.pl\/index.php\/2024\/08\/29\/aktualizacja-kont-rodzica-i-ucznia-w-dzienniku-vulcan\/'>Aktualizacja kont Rodzica i Ucznia w Dzienniku Vulcan<\/a><\/h2><p style=\"text-align: justify;\">W zwi\u0105zku ze zmianami w Dzienniku, ka\u017cdy Rodzic i Ucze\u0144 b\u0119dzie musia\u0142 samodzielnie \u2013 bez udzia\u0142u Szko\u0142y &#8211; zaktualizowa\u0107 swoje konto w Dzienniku.<\/p>\n<p>Poni\u017cej znajduje si\u0119 instrukcja jak takie konto zaktualizowa\u0107.<\/p>\n<p><strong>Krok 1:<\/strong><br \/>\nUcze\u0144 i Rodzic loguj\u0105 si\u0119 do Dziennika VULCAN.<\/p>\n<p><strong>Krok 2:<\/strong><br \/>\nUcze\u0144 i Rodzic podaj\u0105 4 ostatnie cyfry numeru...<a href='https:\/\/sp.tuchow.pl\/index.php\/2024\/08\/29\/aktualizacja-kont-rodzica-i-ucznia-w-dzienniku-vulcan\/' class='pfpReadMore'>Read More &raquo;<\/a><div class='clear'><\/div><hr><\/div><div class='pfpItem entry-content'><h2 class='entry-title'><a href='https:\/\/sp.tuchow.pl\/index.php\/2024\/07\/05\/11808\/'>\u201eStypendium Burmistrza Tuchowa\u201d<\/a><\/h2><p><strong>Termin sk\u0142adania wniosk\u00f3w o \u201eStypendium Burmistrza Tuchowa\u201d<\/strong>\u00a0<strong>\u00a0do 31 lipca 2024r.<\/strong><\/p>\n<p style=\"text-align: justify;\">Uczniowie szk\u00f3\u0142 podstawowych ucz\u0119szczaj\u0105cy do klas\u00a0<strong>IV-VIII<\/strong>\u00a0mog\u0105 ubiega\u0107 si\u0119 o \u201eStypendium Burmistrza Tuchowa\u201d w ramach \u201eProgramu wspierania edukacji uzdolnionych dzieci i m\u0142odzie\u017cy mieszkaj\u0105cych oraz pobieraj\u0105cych nauk\u0119 w szko\u0142ach \u00a0na ternie gminy Tuch\u00f3w\u201d.<\/p>\n<p style=\"text-align: justify;\"><strong>Miejsce sk\u0142adania wniosk\u00f3w:<\/strong><br \/>\nWnioski o przyznanie stypendium...<a href='https:\/\/sp.tuchow.pl\/index.php\/2024\/07\/05\/11808\/' class='pfpReadMore'>Read More &raquo;<\/a><div class='clear'><\/div><hr><\/div><div class='pfpItem entry-content'><h2 class='entry-title'><a href='https:\/\/sp.tuchow.pl\/index.php\/2024\/07\/02\/odbior-zaswiadczen-o-szczegolowych-wynikach-egzaminu-osmoklasisty\/'>Odbi\u00f3r za\u015bwiadcze\u0144 o szczeg\u00f3\u0142owych wynikach egzaminu \u00f3smoklasisty<\/a><\/h2><p style=\"text-align: justify;\">Zapraszamy tegorocznych absolwent\u00f3w po odbi\u00f3r za\u015bwiadcze\u0144 o szczeg\u00f3\u0142owych wynikach egzaminu \u00f3smoklasisty 3 lipca 2024 r. od godziny 8:00:<\/p>\n<p>&#8211; klasa 8a w sali nr 6,<br \/>\n&#8211; klasa 8b w sali nr 2.<\/p>\n<p>Odbi\u00f3r za\u015bwiadcze\u0144 przez osoby trzecie jest mo\u017cliwy na podstawie pisemnego upowa\u017cnienie do odbioru dokumentu.<\/p>\n<p>Je\u015bli odbi\u00f3r za\u015bwiadcze\u0144 nie jest...<a href='https:\/\/sp.tuchow.pl\/index.php\/2024\/07\/02\/odbior-zaswiadczen-o-szczegolowych-wynikach-egzaminu-osmoklasisty\/' class='pfpReadMore'>Read More &raquo;<\/a><div class='clear'><\/div><hr><\/div><div class='pfpItem entry-content'><h2 class='entry-title'><a href='https:\/\/sp.tuchow.pl\/index.php\/2024\/06\/22\/dzien-patrona\/'>Dzie\u0144 Patrona<\/a><\/h2><p style=\"text-align: justify;\">18 czerwca w naszej szkole odby\u0142 si\u0119 Dzie\u0144 Patrona. Akademi\u0119 z tej okazji przygotowali tradycyjnie uczniowie klas czwartych. W roli prowadz\u0105cej uroczysto\u015b\u0107 wyst\u0105pi\u0142a przewodnicz\u0105ca szko\u0142y \u2013 Angelika K\u0119dzior. Uczniowie klas si\u00f3dmych oraz \u00f3smych dumnie prezentowali sztandar naszej szko\u0142y.\u00a0 Czwartoklasi\u015bci napisali listy do patrona, w kt\u00f3rych opisywali swoje osi\u0105gni\u0119cia...<a href='https:\/\/sp.tuchow.pl\/index.php\/2024\/06\/22\/dzien-patrona\/' class='pfpReadMore'>Read More &raquo;<\/a><div class='clear'><\/div><hr><\/div><div class='pfpItem entry-content'><h2 class='entry-title'><a href='https:\/\/sp.tuchow.pl\/index.php\/2024\/06\/17\/zakonczenie-roku-szkolnego-2023-2024\/'>Zako\u0144czenie roku szkolnego 2023\/2024<\/a><\/h2><p style=\"text-align: justify;\">21 czerwca 2024 roku\u00a0odb\u0119dzie si\u0119 uroczyste zako\u0144czenie roku szkolnego 2023\/2024.<\/p>\n<p style=\"text-align: justify;\">Uczniowie klas V &#8211; VIII\u00a0przychodz\u0105 do Bazyliki NNMP na Msz\u0119 \u015bwi\u0119t\u0105 na godz.\u00a08:00,\u00a0a potem pod opiek\u0105 wychowawc\u00f3w i nauczycieli\u00a0udaj\u0105 si\u0119 do\u00a0hali MOSiR.<\/p>\n<p style=\"text-align: justify;\">Uczniowie klas I \u2013 IV\u00a0przychodz\u0105 do ko\u015bcio\u0142a \u015aw. Jakuba na Msz\u0119 \u015bwi\u0119t\u0105 na godz.\u00a09:45,...<a href='https:\/\/sp.tuchow.pl\/index.php\/2024\/06\/17\/zakonczenie-roku-szkolnego-2023-2024\/' class='pfpReadMore'>Read More &raquo;<\/a><div class='clear'><\/div><hr><\/div><div class='pfpItem entry-content'><h2 class='entry-title'><a href='https:\/\/sp.tuchow.pl\/index.php\/2024\/06\/17\/harmonogram-pracy-szkoly\/'>Harmonogram pracy szko\u0142y<\/a><\/h2><p><strong>18 czerwca 2024 r. (wtorek) \u015awi\u0119to Patrona<\/strong><\/p>\n<p>18 czerwca 2024 r. (wtorek) b\u0119dziemy obchodzi\u0107 \u015awi\u0119to Patrona Szko\u0142y. W tym dniu uczniowie ucz\u0105 si\u0119 wg swojego planu lekcji.<\/p>\n<p>Uroczyste akademie odb\u0119d\u0105 si\u0119 w Domu Kultury<\/p>\n<p>Dla\u00a0klas I \u2013 IV o godz. 9:00,<\/p>\n<p>Dla\u00a0klas V &#8211; VIII o godz. 10:30<\/p>\n<p>Uczniowie\u00a0wychodz\u0105 do Domu Kultury na akademi\u0119 pod...<a href='https:\/\/sp.tuchow.pl\/index.php\/2024\/06\/17\/harmonogram-pracy-szkoly\/' class='pfpReadMore'>Read More &raquo;<\/a><div class='clear'><\/div><hr><\/div><div class='pfpItem entry-content'><h2 class='entry-title'><a href='https:\/\/sp.tuchow.pl\/index.php\/2024\/06\/17\/prosba-do-uczniow-o-zwrot-zaleglych-ksiazek\/'>Pro\u015bba do Uczni\u00f3w o zwrot zaleg\u0142ych ksi\u0105\u017cek<\/a><\/h2><p>Drogi Czytelniku,<\/p>\n<p>Je\u015bli zapomnia\u0142e\u015b lub nie mog\u0142e\u015b z r\u00f3\u017cnych wzgl\u0119d\u00f3w zwr\u00f3ci\u0107 w terminie wypo\u017cyczonych ksi\u0105\u017cek, koniecznie zr\u00f3b to teraz. Bez \u017cadnych konsekwencji.<\/p>\n<p>Biblioteka b\u0119dzie czynna codziennie &#8211; r\u00f3wnie\u017c w \u015brod\u0119!!!<\/p>\n...<a href='https:\/\/sp.tuchow.pl\/index.php\/2024\/06\/17\/prosba-do-uczniow-o-zwrot-zaleglych-ksiazek\/' class='pfpReadMore'>Read More &raquo;<\/a><div class='clear'><\/div><hr><\/div><div class='pfpItem entry-content'><h2 class='entry-title'><a href='https:\/\/sp.tuchow.pl\/index.php\/2024\/06\/17\/tajemniczy-ogrod\/'>\u201eTajemniczy ogr\u00f3d\u201d<\/a><\/h2><p style=\"text-align: justify;\">13 czerwca w Domu Kultury\u00a0 odby\u0142o si\u0119 przedstawienie przygotowane przez uczni\u00f3w Szko\u0142y podstawowej im. Stanis\u0142awa Staszica w Tuchowie nale\u017c\u0105cych do ko\u0142a teatralnego. Spektakl na motywach powie\u015bci F. H.Burnetta pt. \u201e Tajemniczy ogr\u00f3d\u201d zosta\u0142 przygotowany przez nauczycielki SP Tuch\u00f3w : Klaudi\u0119 Sajdak, Agnieszk\u0119 Mitoraj i Katarzyn\u0119 Wojtanowsk\u0105.<\/p>\n<p style=\"text-align: justify;\">Dziesi\u0119cioletnia...<a href='https:\/\/sp.tuchow.pl\/index.php\/2024\/06\/17\/tajemniczy-ogrod\/' class='pfpReadMore'>Read More &raquo;<\/a><div class='clear'><\/div><hr><\/div><div class='pfpItem entry-content'><h2 class='entry-title'><a href='https:\/\/sp.tuchow.pl\/index.php\/2024\/06\/17\/podrozowac-to-zyc-czyli-o-sukcesie-literackim-kingi-janus-z-klasy-vi-b-szkoly-podstawowej-im-stanislawa-staszica-w-tuchowie\/'>,,Podr\u00f3\u017cowa\u0107 to \u017cy\u0107\u2019\u2019, czyli o sukcesie literackim Kingi Janu\u015b z klasy VI b Szko\u0142y Podstawowej im. Stanis\u0142awa Staszica w Tuchowie<\/a><\/h2><p style=\"text-align: justify;\"><strong>Dnia 14 czerwca 2024 roku mia\u0142am ogromn\u0105 przyjemno\u015b\u0107 po raz kolejny uczestniczy\u0107 w pi\u0119knej uroczysto\u015bci podsumowania ju\u017c XIX edycji Ma\u0142opolskiego Konkursu Literackiego i Plastycznego oraz odebra\u0107 w imieniu nieobecnej laureatki Kingi Janu\u015b, uczennicy klasy VI b \u2013 dyplom oraz nagrod\u0119. <\/strong><\/p>\n<p style=\"text-align: justify;\">Tegoroczna edycja odbywa\u0142a si\u0119 pod has\u0142em...<a href='https:\/\/sp.tuchow.pl\/index.php\/2024\/06\/17\/podrozowac-to-zyc-czyli-o-sukcesie-literackim-kingi-janus-z-klasy-vi-b-szkoly-podstawowej-im-stanislawa-staszica-w-tuchowie\/' class='pfpReadMore'>Read More &raquo;<\/a><div class='clear'><\/div><hr><\/div><div class='pfpItem entry-content'><h2 class='entry-title'><a href='https:\/\/sp.tuchow.pl\/index.php\/2024\/06\/13\/strzec-jak-zrenicy-oka-o-trudnym-konkursie-z-gramatyki\/'>Strzec jak \u017arenicy oka. O trudnym konkursie z gramatyki<\/a><\/h2><p style=\"text-align: justify;\"><strong>Dnia 6 czerwca 2024 roku odby\u0142 si\u0119 Szkolny Konkurs Wiedzy i Umiej\u0119tno\u015bci z Gramatyki J\u0119zyka Polskiego. <\/strong><\/p>\n<p style=\"text-align: justify;\">Konkurs zosta\u0142 podzielony na dwie kategorie wiekowe: klasy IV-VI i klasy VII-VIII.<\/p>\n<p style=\"text-align: justify;\"><strong>\u00a0<\/strong>Z klas V-VI zg\u0142osi\u0142o si\u0119 do konkursu 15 uczni\u00f3w, natomiast z klas VII-VII \u2013 10 ochotnik\u00f3w. Wszyscy...<a href='https:\/\/sp.tuchow.pl\/index.php\/2024\/06\/13\/strzec-jak-zrenicy-oka-o-trudnym-konkursie-z-gramatyki\/' class='pfpReadMore'>Read More &raquo;<\/a><div class='clear'><\/div><hr><\/div><div class='pfpItem entry-content'><h2 class='entry-title'><a href='https:\/\/sp.tuchow.pl\/index.php\/2024\/06\/11\/radosc-niesc-z-potrzeby-serca\/'>,, Rado\u015b\u0107 nie\u015b\u0107 \u2013 z potrzeby serca.\u201d<\/a><\/h2><p style=\"text-align: justify;\">\u00a0\u00a0\u00a0\u00a0\u00a06.06.2024r. w sali widowiskowej Domu Kultury w Tuchowie zosta\u0142 zaprezentowany spektakl pt,,Kr\u00f3lowa \u015aniegu\u201d Hansa Christiana Andersena w oparciu o scenariusz p. Aleksandry Armatys. Przedstawienie mia\u0142o cel charytatywny i powsta\u0142o z potrzeby niesienia pomocy chorej Emilce. Uczniowie klasy 1a, 2b i 3c stan\u0119li na wysoko\u015bci zadania i pokazali sw\u00f3j...<a href='https:\/\/sp.tuchow.pl\/index.php\/2024\/06\/11\/radosc-niesc-z-potrzeby-serca\/' class='pfpReadMore'>Read More &raquo;<\/a><div class='clear'><\/div><hr><\/div><div class='pfpItem entry-content'><h2 class='entry-title'><a href='https:\/\/sp.tuchow.pl\/index.php\/2024\/06\/10\/miedzyszkolny-konkurs-recytatorski-poezji-ks-jana-twardowskiego-milosc-za-nic\/'>MI\u0118DZYSZKOLNY KONKURS RECYTATORSKI POEZJI KS. JANA TWARDOWSKIEGO \u201e MI\u0141O\u015a\u0106 ZA NIC\u201d<\/a><\/h2><p style=\"text-align: justify;\">\u00a0\u00a0\u00a0\u00a0 4 czerwca w Szkole Podstawowej im. Jana Paw\u0142a II w Olszynach odby\u0142 si\u0119 Mi\u0119dzyszkolny Konkurs Recytatorski Poezji Ks. Jana Twardowskiego \u201e Mi\u0142o\u015b\u0107 za nic\u201d. Nasz\u0105 szko\u0142\u0119 reprezentowa\u0142 ucze\u0144 klasy 7b Karol Szczerba, recytuj\u0105c wiersz pt.\u00a0 \u201e\u015apieszmy si\u0119 kocha\u0107 ludzi\u201d. Konkurs przebiega\u0142 w mi\u0142ej atmosferze. Wszystkie dzieci bior\u0105ce...<a href='https:\/\/sp.tuchow.pl\/index.php\/2024\/06\/10\/miedzyszkolny-konkurs-recytatorski-poezji-ks-jana-twardowskiego-milosc-za-nic\/' class='pfpReadMore'>Read More &raquo;<\/a><div class='clear'><\/div><hr><\/div><div class='pfpItem entry-content'><h2 class='entry-title'><a href='https:\/\/sp.tuchow.pl\/index.php\/2024\/06\/06\/o-morze-nieskonczone-ciemne-ciche-morze\/'>O morze, niesko\u0144czone, ciemne, ciche morze!<\/a><\/h2><p style=\"text-align: center;\"><strong><em>O morze, niesko\u0144czone, ciemne, ciche morze!<\/em><\/strong><\/p>\n<p style=\"text-align: center;\"><em>Kazimierz Przerwa \u2013Tetmajer<\/em><\/p>\n<p style=\"text-align: justify;\"><strong>W dniach 27 maja do 2 czerwca 2024 roku kilkudziesi\u0119ciu uczni\u00f3w Szko\u0142y Podstawowej w Tuchowie wyjecha\u0142o na wielodniow\u0105 wycieczk\u0119 nad morze do Dar\u0142\u00f3wka.<\/strong><\/p>\n<p style=\"text-align: justify;\">Podr\u00f3\u017c rozpocz\u0119li\u015bmy o drugiej w nocy, by za dwana\u015bcie godzin dojecha\u0107 do celu....<a href='https:\/\/sp.tuchow.pl\/index.php\/2024\/06\/06\/o-morze-nieskonczone-ciemne-ciche-morze\/' class='pfpReadMore'>Read More &raquo;<\/a><div class='clear'><\/div><hr><\/div><div class='pfpItem entry-content'><h2 class='entry-title'><a href='https:\/\/sp.tuchow.pl\/index.php\/2024\/06\/05\/mitologia-bez-tajemnic\/'>MITOLOGIA BEZ TAJEMNIC<\/a><\/h2><img loading=\"lazy\" decoding=\"async\" class=\"aligncenter size-full\" src=\"http:\/\/scontent-vie1-1.xx.fbcdn.net\/v\/t39.30808-6\/445011121_973718571424574_343134552828510934_n.jpg?stp=cp6_dst-jpg&amp;_nc_cat=105&amp;ccb=1-7&amp;_nc_sid=5f2048&amp;_nc_ohc=dJtxtOyyPk4Q7kNvgF0qnbk&amp;_nc_ht=scontent-vie1-1.xx&amp;oh=00_AYCAV6Sm0Qsu8G71zLVPmx5gJQrT04Wep6iIRw6UDiSRZA&amp;oe=666643F4\" width=\"768\" height=\"1024\" \/><p style=\"text-align: justify;\">Uczniowie klas 5 Szko\u0142y Podstawowej im. Stanis\u0142awa Staszica w Tuchowie 5 czerwca 2024 roku zmagali si\u0119 z konkurencjami w szkolnym konkursie mitologicznym. Dru\u017cyny sk\u0142ada\u0142y si\u0119 z 6 os\u00f3b i dzielnie wykonywa\u0142y wiele trudnych zada\u0144. Zebrana publiczno\u015b\u0107 przez ca\u0142y czas trwania konkursu mia\u0142a mo\u017cliwo\u015b\u0107 zdobycia dla swoich dru\u017cyn dodatkowych...<a href='https:\/\/sp.tuchow.pl\/index.php\/2024\/06\/05\/mitologia-bez-tajemnic\/' class='pfpReadMore'>Read More &raquo;<\/a><div class='clear'><\/div><hr><\/div><div class='pfpItem entry-content'><h2 class='entry-title'><a href='https:\/\/sp.tuchow.pl\/index.php\/2024\/06\/05\/wycieczka-4a-i-5c-do-krakowa\/'>Wycieczka 4a i 5c do Krakowa<\/a><\/h2><p style=\"text-align: justify;\">Wycieczka 4a i 5c do Krakowa: Bulwary Wi\u015blane &#8211; Wzg\u00f3rze Wawelskie &#8211; Dziedziniec Arkadowy &#8211; Katedra Wawelska &#8211; Dzwon Zygmunta &#8211; Groby Kr\u00f3lewskie &#8211; Smocza Jama &#8211; Kanonicza &#8211; Plac \u015aw. Marii Magdaleny &#8211; Grodzka &#8211; Rynek &#8211; Floria\u0144ska &#8211; Barbakan &#8211; Pomnik Grunwaldzki<\/p>\n<p><a href=\"http:\/\/www.facebook.com\/photo\/?fbid=973183718144726&amp;set=pcb.973189454810819\">Galeria zdj\u0119\u0107<\/a><\/p>\n...<a href='https:\/\/sp.tuchow.pl\/index.php\/2024\/06\/05\/wycieczka-4a-i-5c-do-krakowa\/' class='pfpReadMore'>Read More &raquo;<\/a><div class='clear'><\/div><hr><\/div><div class='pfpItem entry-content'><h2 class='entry-title'><a href='https:\/\/sp.tuchow.pl\/index.php\/2024\/06\/03\/podroze-z-erasmus-slowacja\/'>Podr\u00f3\u017ce z Erasmus+ - S\u0142owacja<\/a><\/h2><p style=\"text-align: justify;\"><span style=\"font-weight: 400;\">Kolejna grupa uczni\u00f3w zako\u0144czy\u0142a w\u0142a\u015bnie sze\u015bciodniow\u0105 przygod\u0119 w projekcie Erasmus+ \u201cZielone \u015bwiat\u0142o dla uczenia w podr\u00f3\u017cy\u201d, wsp\u00f3\u0142finansowanym przez Uni\u0119 Europejsk\u0105.\u00a0<\/span><\/p>\n<p style=\"text-align: justify;\"><span style=\"font-weight: 400;\">6 uczni\u00f3w pod opiek\u0105 2 nauczycieli wyruszy\u0142o do S\u0142owacji, aby wsp\u00f3\u0142pracowa\u0107 z r\u00f3wie\u015bnikami ze szk\u00f3\u0142 partnerskich (Escola Jaime Balmes w Hiszpanii i S\u00fakromn\u00e1...<a href='https:\/\/sp.tuchow.pl\/index.php\/2024\/06\/03\/podroze-z-erasmus-slowacja\/' class='pfpReadMore'>Read More &raquo;<\/a><div class='clear'><\/div><hr><\/div><div class='pfpItem entry-content'><h2 class='entry-title'><a href='https:\/\/sp.tuchow.pl\/index.php\/2024\/05\/28\/xi-konkurs-z-jezyka-angielskiego\/'>XI konkurs z j\u0119zyka angielskiego<\/a><\/h2><img loading=\"lazy\" decoding=\"async\" class=\"aligncenter size-full\" src=\"http:\/\/scontent-vie1-1.xx.fbcdn.net\/v\/t39.30808-6\/446944033_968087735320991_5000780585452183614_n.jpg?_nc_cat=106&amp;ccb=1-7&amp;_nc_sid=5f2048&amp;_nc_ohc=KHSU5kSwqJkQ7kNvgHka0a8&amp;_nc_ht=scontent-vie1-1.xx&amp;oh=00_AYALN4lyD1QWHFzcWAeCi0gFjVYOIDe545Cf7wdVdHCbmQ&amp;oe=665BA46D\" width=\"2048\" height=\"1542\" \/><p style=\"text-align: justify;\">27 maja 2024 r. uczennice naszej szko\u0142y wzi\u0119\u0142y udzia\u0142 w XI mi\u0119dzypowiatowym konkursie z j\u0119zyka angielskiego &#8221; Let&#8217;s crack a few books&#8221;.<br \/>\nZadania by\u0142y bardzo wymagaj\u0105ce. Udzia\u0142 w takich konkursach jest sprawdzianem umiej\u0119tno\u015bci j\u0119zykowych.<\/p>\n<p>Gratulujemy sukcesu naszym uczennicom.<br \/>\nI miejsce zdoby\u0142a Gabriela Para<br \/>\nIII miejsce Amelia Szab\u0142owska<\/p>\n<p>Wszystkim uczestnikom dzi\u0119kujemy...<a href='https:\/\/sp.tuchow.pl\/index.php\/2024\/05\/28\/xi-konkurs-z-jezyka-angielskiego\/' class='pfpReadMore'>Read More &raquo;<\/a><div class='clear'><\/div><hr><\/div><div class='pfpItem entry-content'><h2 class='entry-title'><a href='https:\/\/sp.tuchow.pl\/index.php\/2024\/05\/27\/klasa-2a-z-wizyta-w-pracowni-artysty-pana-marka-surmacza\/'>\u201eKlasa 2a z wizyt\u0105 w pracowni artysty Pana Marka Surmacza\u201d<\/a><\/h2><img loading=\"lazy\" decoding=\"async\" class=\"aligncenter size-full\" src=\"http:\/\/scontent-vie1-1.xx.fbcdn.net\/v\/t39.30808-6\/445412868_967472928715805_6956117886373379013_n.jpg?stp=cp6_dst-jpg&amp;_nc_cat=101&amp;ccb=1-7&amp;_nc_sid=5f2048&amp;_nc_ohc=89WdL4H31XcQ7kNvgF6_Y7c&amp;_nc_ht=scontent-vie1-1.xx&amp;oh=00_AYBoOtsivP9j7UeUthOzMuZp3sofFx41izua-_BtpHPz-g&amp;oe=665A9CA1\" width=\"2000\" height=\"1500\" \/><p style=\"text-align: justify;\">W pi\u0105tkowe przedpo\u0142udnie klasa 2a odwiedzi\u0142a pracowni\u0119 Pana Marka Surmacza &#8211; tuchowskiego artysty, malarza, kt\u00f3ry od lat prezentuje swoje dzie\u0142a na wystawach indywidualnych i zbiorowych w kraju i za granic\u0105.<\/p>\n<p style=\"text-align: justify;\">Pan Surmacz, kt\u00f3ry na co dzie\u0144 pracuje r\u00f3wnie\u017c jako nauczyciel plastyki, przygotowa\u0142 dla naszych uczni\u00f3w zaj\u0119cia, kt\u00f3rych...<a href='https:\/\/sp.tuchow.pl\/index.php\/2024\/05\/27\/klasa-2a-z-wizyta-w-pracowni-artysty-pana-marka-surmacza\/' class='pfpReadMore'>Read More &raquo;<\/a><div class='clear'><\/div><hr><\/div><div class='pfpItem entry-content'><h2 class='entry-title'><a href='https:\/\/sp.tuchow.pl\/index.php\/2024\/05\/27\/harmonogram-oddawania-podrecznikow-w-roku-szkolnym-2023-2024\/'>Harmonogram oddawania podr\u0119cznik\u00f3w w roku szkolnym 2023\/2024<\/a><\/h2><p>Poni\u017cej przedstawiamy harmonogram oddawania podr\u0119cznik\u00f3w:<\/p>\n<p>&nbsp;<\/p>\n<p><strong>6 czerwca<\/strong><\/p>\n<p>1)\u00a0Oddaj\u0105 klasy 7 ( podr\u0119czniki do klasy 8 otrzymaj\u0105 we wrze\u015bniu)<\/p>\n<p>2)\u00a0Oddaj\u0105 klasy 6 (odbieraj\u0105 do klasy 7)<\/p>\n<p>3)\u00a0Klasy 5 odbieraj\u0105 podr\u0119czniki do klasy 6<\/p>\n<p><strong>7 czerwca<\/strong><\/p>\n<p>1)\u00a0Oddaj\u0105 klasy 4 ( podr\u0119czniki do klasy 5 otrzymaj\u0105 we wrze\u015bniu)<\/p>\n<p>2)\u00a0Klasy 3 odbieraj\u0105 podr\u0119czniki do klasy 4<\/p>\n<p>3)\u00a0Oddaj\u0105 klasy 8<\/p>\n<p><strong>10-12 czerwca<\/strong><\/p>\n<p>Zwrot podr\u0119cznik\u00f3w w...<a href='https:\/\/sp.tuchow.pl\/index.php\/2024\/05\/27\/harmonogram-oddawania-podrecznikow-w-roku-szkolnym-2023-2024\/' class='pfpReadMore'>Read More &raquo;<\/a><div class='clear'><\/div><hr><\/div><div class='pfpItem entry-content'><h2 class='entry-title'><a href='https:\/\/sp.tuchow.pl\/index.php\/2024\/05\/26\/erasmus-z-wizyta-w-tuchowie\/'>Erasmus+ - z wizyt\u0105 w Tuchowie<\/a><\/h2><p style=\"text-align: justify;\"><span style=\"font-weight: 400;\">W ostatnim tygodniu do naszej szko\u0142y przybyli go\u015bcie z partnerskich szk\u00f3\u0142 w projekcie Erasmus+ \u201cZielone \u015bwiat\u0142o dla uczenia w podr\u00f3\u017cy\u201d. Grupy uczni\u00f3w z Hiszpanii, Rumunii i S\u0142owacji wraz z opiekunami sp\u0119dzili z naszymi uczestnikami kilka dni. Podczas pobytu uczniowie mieli okazj\u0119 bli\u017cej si\u0119 pozna\u0107, \u0107wicz\u0105c przy...<a href='https:\/\/sp.tuchow.pl\/index.php\/2024\/05\/26\/erasmus-z-wizyta-w-tuchowie\/' class='pfpReadMore'>Read More &raquo;<\/a><div class='clear'><\/div><hr><\/div><div class='pfpItem entry-content'><h2 class='entry-title'><a href='https:\/\/sp.tuchow.pl\/index.php\/2024\/05\/26\/witajcie-w-akademii-pana-kleksa-czyli-o-szkolnym-konkursie-czytelniczym-w-klasach-czwartych\/'>,,Witajcie w Akademii pana Kleksa\u2019\u2019, czyli o szkolnym konkursie czytelniczym w klasach czwartych<\/a><\/h2><p><strong>,,Witajcie w\u00a0 Akademii pana Kleksa\u2019\u2019 to szkolny konkurs, kt\u00f3ry od lat odbywa si\u0119 w naszej szkole.<\/strong><\/p>\n<p style=\"text-align: justify;\">Prowadz\u0105c\u0105 i pomys\u0142odawc\u0105 tego wydarzenia jest nauczycielka j\u0119zyka polskiego Renata G\u0105sior. W tym roku, 24 maja w sali nr 14, odbywa\u0142y si\u0119 wyczerpuj\u0105ce zawodnik\u00f3w, jak i jury, konkurencje i zadania konkursowe. By\u0142o ich...<a href='https:\/\/sp.tuchow.pl\/index.php\/2024\/05\/26\/witajcie-w-akademii-pana-kleksa-czyli-o-szkolnym-konkursie-czytelniczym-w-klasach-czwartych\/' class='pfpReadMore'>Read More &raquo;<\/a><div class='clear'><\/div><hr><\/div><div class='pfpItem entry-content'><h2 class='entry-title'><a href='https:\/\/sp.tuchow.pl\/index.php\/2024\/05\/26\/piekno-malopolski-slowem-opisane-czyli-o-sukcesie-literackim-ucznia-szkoly-podstawowej-w-tuchowie\/'>,,Pi\u0119kno Ma\u0142opolski \u2013 s\u0142owem opisane\u2019\u2019, czyli o sukcesie literackim ucznia Szko\u0142y Podstawowej w Tuchowie<\/a><\/h2><p><strong>\u00a0\u00a0\u00a0\u00a0\u00a0\u00a0\u00a0\u00a0\u00a0\u00a0\u00a0 Z wielk\u0105 przyjemno\u015bci\u0105 informuj\u0119, i\u017c Antoni R\u00f3\u017cycki, ucze\u0144 naszej szko\u0142y z klasy VIII a, zosta\u0142 laureatem IV edycji Konkursu Literackiego ,,Pi\u0119kno Ma\u0142opolski-s\u0142owem opisane\u2019\u2019. <\/strong><\/p>\n<p>Konkurs obj\u0105\u0142 Honorowym Patronatem\u00a0 <em>Witold Koz\u0142owski- Marsza\u0142ek Wojew\u00f3dztwa Ma\u0142opolskiego. Konkurs zosta\u0142 skierowany do dzieci, m\u0142odzie\u017cy i os\u00f3b doros\u0142ych. <\/em><\/p>\n<p><em>Regulamin konkursu m\u00f3wi: <\/em><em>W Ma\u0142opolsce \u2013 jednym z...<a href='https:\/\/sp.tuchow.pl\/index.php\/2024\/05\/26\/piekno-malopolski-slowem-opisane-czyli-o-sukcesie-literackim-ucznia-szkoly-podstawowej-w-tuchowie\/' class='pfpReadMore'>Read More &raquo;<\/a><div class='clear'><\/div><hr><\/div><div class='pfpItem entry-content'><h2 class='entry-title'><a href='https:\/\/sp.tuchow.pl\/index.php\/2024\/05\/22\/wycieczka-klasy-4c\/'>Wycieczka klasy 4c<\/a><\/h2><div style=\"text-align: justify;\">21 maja uczniowie klasy 4c odbyli wycieczk\u0119 do Tarnowa. W Muzeum Ziemi Tarnowskiej mieli okazj\u0119 uczestniczy\u0107 w warsztatach &#8222;Dawne \u017cycie w Neolicie&#8221; i w\u0142asnor\u0119cznie wykona\u0107 bransoletk\u0119 technik\u0105 makramy. Potem przysz\u0142a pora na szale\u0144stwa w sali zabaw Kids&#8217; Xtreme.<\/div>\n<div><a href=\"http:\/\/www.facebook.com\/photo\/?fbid=964047519058346&amp;set=pcb.964048085724956\">Galeria zdj\u0119\u0107<\/a><\/div>\n...<a href='https:\/\/sp.tuchow.pl\/index.php\/2024\/05\/22\/wycieczka-klasy-4c\/' class='pfpReadMore'>Read More &raquo;<\/a><div class='clear'><\/div><hr><\/div><div class='pfpItem entry-content'><h2 class='entry-title'><a href='https:\/\/sp.tuchow.pl\/index.php\/2024\/05\/21\/urodzeni-pod-szczesliwa-gwiazda-czyli-viii-piknik-szkolny\/'>,,Urodzeni pod szcz\u0119\u015bliw\u0105 gwiazd\u0105\u2019\u2019, czyli VIII Piknik Szkolny<\/a><\/h2><p>&nbsp;<\/p>\n<p style=\"text-align: center;\"><em>Czy gwiazdy \u015bwiec\u0105 tylko po to, aby ka\u017cdy m\u00f3g\u0142 znale\u017a\u0107 swoj\u0105?<\/em><\/p>\n<p style=\"text-align: center;\">Antoine de Saint-Exup\u00e9ry<\/p>\n<p>&nbsp;<\/p>\n<p style=\"text-align: justify;\"><strong>Ju\u017c po raz \u00f3smy w Szkole Podstawowej w Tuchowie odby\u0142 si\u0119 Piknik Szkolny. <\/strong><\/p>\n<p style=\"text-align: justify;\"><strong>,,Urodzeni pod szcz\u0119\u015bliw\u0105 gwiazd\u0105\u2019\u2019- tak brzmia\u0142o has\u0142o tegorocznego pikniku, kt\u00f3rego pomys\u0142odawc\u0105 by\u0142a Justyna Jaworska\u2013Lipka. Jak co roku...<a href='https:\/\/sp.tuchow.pl\/index.php\/2024\/05\/21\/urodzeni-pod-szczesliwa-gwiazda-czyli-viii-piknik-szkolny\/' class='pfpReadMore'>Read More &raquo;<\/a><div class='clear'><\/div><hr><\/div><div class='pfpItem entry-content'><h2 class='entry-title'><a href='https:\/\/sp.tuchow.pl\/index.php\/2024\/05\/21\/co-czytasz-wybierz-sam\/'>Co czytasz?\u00a0 Wybierz sam!<\/a><\/h2><img loading=\"lazy\" decoding=\"async\" class=\"aligncenter size-full\" src=\"http:\/\/scontent-vie1-1.xx.fbcdn.net\/v\/t39.30808-6\/442502999_963303425799422_8433291378370669800_n.jpg?stp=dst-jpg_s720x720&amp;_nc_cat=110&amp;ccb=1-7&amp;_nc_sid=5f2048&amp;_nc_ohc=86Dos2WH5CAQ7kNvgEgIN94&amp;_nc_ht=scontent-vie1-1.xx&amp;oh=00_AYDd8QJMZcrU7ZgTLD0uxIAgKb3y_nUkAbKPBQgy8JD5nA&amp;oe=6652D4BD\" width=\"501\" height=\"720\" \/><p style=\"text-align: justify;\">Nasza Szko\u0142a bierze udzia\u0142 w akcji Og\u00f3lnopolskie Wybory Ksi\u0105\u017cek. To uczniowie wybieraj\u0105, co chc\u0105 czyta\u0107. W pi\u0105tek <strong>24 maja 2024<\/strong> roku na I pi\u0119trze przed gabinetem pedagog\u00f3w stanie stolik, za kt\u00f3rym zasi\u0105dzie komisja wyborcza sk\u0142adaj\u0105ca si\u0119 z przedstawicieli Samorz\u0105du Uczniowskiego. Od godziny 8.00 do 12.00 ka\u017cdy ch\u0119tny b\u0119dzie...<a href='https:\/\/sp.tuchow.pl\/index.php\/2024\/05\/21\/co-czytasz-wybierz-sam\/' class='pfpReadMore'>Read More &raquo;<\/a><div class='clear'><\/div><hr><\/div><div class='pfpItem entry-content'><h2 class='entry-title'><a href='https:\/\/sp.tuchow.pl\/index.php\/2024\/05\/19\/wycieczka-do-sandomierza-miasta-na-siedmiu-wzgorzach\/'>Wycieczka do Sandomierza \u2013 miasta na siedmiu wzg\u00f3rzach<\/a><\/h2><p>W dniu 14 maja 2024 roku uczniowie klasy 6 b pojechali na wycieczk\u0119 do Sandomierza.<\/p>\n<p style=\"text-align: justify;\">Dopisa\u0142a pogoda i humory dzieci. O dziesi\u0105tej rano zameldowali\u015bmy si\u0119 w ,,mie\u015bcie ojca Mateusza\u2019\u2019. Bardzo mi\u0142a pani przewodnik pokaza\u0142a nam najwa\u017cniejsze zabytki.<\/p>\n<p style=\"text-align: justify;\">Miasto nazywane jest cz\u0119sto Ma\u0142ym Rzymem, bo podobnie jak stolica W\u0142och...<a href='https:\/\/sp.tuchow.pl\/index.php\/2024\/05\/19\/wycieczka-do-sandomierza-miasta-na-siedmiu-wzgorzach\/' class='pfpReadMore'>Read More &raquo;<\/a><div class='clear'><\/div><hr><\/div><div class='pfpItem entry-content'><h2 class='entry-title'><a href='https:\/\/sp.tuchow.pl\/index.php\/2024\/05\/19\/wyniki-konkursu-geograficznego\/'>Wyniki konkursu geograficznego<\/a><\/h2><img loading=\"lazy\" decoding=\"async\" class=\"xz74otr\" src=\"http:\/\/static.xx.fbcdn.net\/images\/emoji.php\/v9\/tc4\/1\/16\/1f1e8_1f1f1.png\" alt=\"\ud83c\udde8\ud83c\uddf1\" width=\"16\" height=\"16\" \/><div class=\"xdj266r x11i5rnm xat24cr x1mh8g0r x1vvkbs x126k92a\">\n<div dir=\"auto\">Wyniki konkursu geograficznego <span class=\"html-span xexx8yu x4uap5 x18d9i69 xkhd6sd x1hl2dhg x16tdsg8 x1vvkbs x3nfvp2 x1j61x8r x1fcty0u xdj266r xhhsvwb xat24cr xgzva0m xxymvpz xlup9mm x1kky2od\"><\/span> <span class=\"html-span xexx8yu x4uap5 x18d9i69 xkhd6sd x1hl2dhg x16tdsg8 x1vvkbs x3nfvp2 x1j61x8r x1fcty0u xdj266r xhhsvwb xat24cr xgzva0m xxymvpz xlup9mm x1kky2od\"><\/span> <span class=\"html-span...<a href='https:\/\/sp.tuchow.pl\/index.php\/2024\/05\/19\/wyniki-konkursu-geograficznego\/' class='pfpReadMore'>Read More &raquo;<\/a><div class='clear'><\/div><hr><\/div><div class='pfpItem entry-content'><h2 class='entry-title'><a href='https:\/\/sp.tuchow.pl\/index.php\/2024\/05\/15\/wyniki-konkursu-plastycznego-moj-wyjatkowy-przyjaciel-i-ja\/'>Wyniki konkursu plastycznego \u201eM\u00f3j wyj\u0105tkowy przyjaciel i ja\u201d<\/a><\/h2><p style=\"text-align: justify;\">W konkursie plastycznym pt. \u201e M\u00f3j wyj\u0105tkowy przyjaciel i ja\u201d, zorganizowanym w naszej szko\u0142y wzi\u0119\u0142o udzia\u0142 14 uczni\u00f3w, kt\u00f3rzy wykonali wspania\u0142e prace.<\/p>\n<p style=\"text-align: justify;\">Powo\u0142ane jury konkursowe, po burzliwych naradach podj\u0119\u0142o jednoznaczn\u0105 decyzj\u0119 i postanowi\u0142o przyzna\u0107 nast\u0119puj\u0105ce miejsca naszym wspania\u0142ym artystom:<\/p>\n<p>&nbsp;<\/p>\n<p><strong>Miejsce I :<\/strong> Zofia Toto\u015b, klasa 3b<\/p>\n<p><strong>Miejsce II:<\/strong> Amelia...<a href='https:\/\/sp.tuchow.pl\/index.php\/2024\/05\/15\/wyniki-konkursu-plastycznego-moj-wyjatkowy-przyjaciel-i-ja\/' class='pfpReadMore'>Read More &raquo;<\/a><div class='clear'><\/div><hr><\/div><div class='pfpItem entry-content'><h2 class='entry-title'><a href='https:\/\/sp.tuchow.pl\/index.php\/2024\/05\/15\/2-kwietnia-zostal-ustanowiony-jako-swiatowy-dzien-swiadomosci-autyzmu\/'>2 kwietnia zosta\u0142 ustanowiony jako \u015awiatowy Dzie\u0144 \u015awiadomo\u015bci Autyzmu.<\/a><\/h2><p style=\"text-align: justify;\"><strong>Jako spo\u0142eczno\u015b\u0107 Szko\u0142y Podstawowej im. Stanis\u0142awa Staszica w Tuchowie w\u0142\u0105czyli\u015bmy si\u0119 w akcj\u0119 zwi\u0105zan\u0105 z obchodami tego dnia.<\/strong><\/p>\n<p style=\"text-align: justify;\">Symbolami zwi\u0105zanymi z Dniem \u015awiadomo\u015bci Autyzmu s\u0105 niebieskie puzzle, kolorowy znak niesko\u0144czono\u015bci, globus, motyl oraz kolor niebieski.<\/p>\n<p style=\"text-align: justify;\">W naszej szkole ca\u0142y kwiecie\u0144 by\u0142 zwi\u0105zany z r\u00f3\u017cnymi akcjami po\u015bwi\u0119conymi...<a href='https:\/\/sp.tuchow.pl\/index.php\/2024\/05\/15\/2-kwietnia-zostal-ustanowiony-jako-swiatowy-dzien-swiadomosci-autyzmu\/' class='pfpReadMore'>Read More &raquo;<\/a><div class='clear'><\/div><hr><\/div><div class='pfpItem entry-content'><h2 class='entry-title'><a href='https:\/\/sp.tuchow.pl\/index.php\/2024\/05\/11\/zapraszamy-na-viii-piknik-szkolny-urodzeni-pod-szczesliwa-gwiazda\/'>Zapraszamy na VIII Piknik Szkolny - \"Urodzeni pod szcz\u0119\u015bliw\u0105 gwiazd\u0105\"<\/a><\/h2><img loading=\"lazy\" decoding=\"async\" class=\"aligncenter size-full\" src=\"http:\/\/scontent-vie1-1.xx.fbcdn.net\/v\/t39.30808-6\/442412355_955442446585520_8735339149464930314_n.jpg?_nc_cat=106&amp;ccb=1-7&amp;_nc_sid=5f2048&amp;_nc_ohc=db1fClLTM3EQ7kNvgHwj4tv&amp;_nc_ht=scontent-vie1-1.xx&amp;oh=00_AYAG1NJT1JPn9n9dFJMsJNCxRM03bs9ZO1v4ZCCe_tMIjw&amp;oe=664500C8\" width=\"1448\" height=\"2048\" \/><p>Serdecznie zapraszamy do udzia\u0142u w VIII Pikniku Szkolnym Uczni\u00f3w, Rodzic\u00f3w i wszystkich tych, kt\u00f3rzy w sobotnie popo\u0142udnie (18 maja) chc\u0105 poczu\u0107 si\u0119 jak &#8222;GWIAZDY&#8221;.<\/p>\n<p>Wi\u0119cej szczeg\u00f3\u0142\u00f3w na plakacie.<\/p>\n<p><\/p>\n...<a href='https:\/\/sp.tuchow.pl\/index.php\/2024\/05\/11\/zapraszamy-na-viii-piknik-szkolny-urodzeni-pod-szczesliwa-gwiazda\/' class='pfpReadMore'>Read More &raquo;<\/a><div class='clear'><\/div><hr><\/div><div class='pfpItem entry-content'><h2 class='entry-title'><a href='https:\/\/sp.tuchow.pl\/index.php\/2024\/05\/10\/szkolny-ogrodek-warzywny\/'>Szkolny ogr\u00f3dek warzywny<\/a><\/h2><p style=\"text-align: justify;\">Koniec kwietnia to czas, kiedy rozpoczynamy prace w przydomowych ogr\u00f3dkach, by pocz\u0105tkiem lata cieszy\u0107 si\u0119 w\u0142asnymi plonami.<\/p>\n<p style=\"text-align: justify;\">\u00a0\u00a0\u00a0\u00a0\u00a0\u00a0\u00a0\u00a0\u00a0\u00a0\u00a0 Obserwuj\u0105c potencja\u0142 i zami\u0142owanie, kt\u00f3re odkryli w sobie uczniowie naszej szko\u0142y, przygotowali\u015bmy projekt za\u0142o\u017cenia szkolnej grz\u0105dki, kt\u00f3ry zrealizowali\u015bmy dzi\u0119ki dzia\u0142aniom pana dyrektora, pomocy GKRPA w Tuchowie oraz zaanga\u017cowaniu rodzic\u00f3w.<\/p>\n<p...<a href='https:\/\/sp.tuchow.pl\/index.php\/2024\/05\/10\/szkolny-ogrodek-warzywny\/' class='pfpReadMore'>Read More &raquo;<\/a><div class='clear'><\/div><hr><\/div><div class='pfpItem entry-content'><h2 class='entry-title'><a href='https:\/\/sp.tuchow.pl\/index.php\/2024\/05\/10\/polska-pachnie-bzami-obchody-rocznicy-uchwalenia-konstytucji-3-maja\/'>\u201ePolska pachnie bzami\u201d- obchody rocznicy uchwalenia Konstytucji 3 maja<\/a><\/h2><p style=\"text-align: justify;\">Ostatniego dnia kwietnia uczniowie naszej szko\u0142y wraz z nauczycielami<br \/>\ni wychowawcami wzi\u0119li udzia\u0142 w uroczystej akademii z okazji rocznicy uchwalenia Konstytucji 3 maja.<\/p>\n<p style=\"text-align: justify;\">Przygotowany program artystyczny \u0142\u0105czy\u0142 w sobie elementy znanych tekst\u00f3w poetyckich, wyra\u017caj\u0105cych mi\u0142o\u015b\u0107 do ojczyzny i wezwania do podj\u0119cia dzia\u0142a\u0144 na jej rzecz, z nieznanymi...<a href='https:\/\/sp.tuchow.pl\/index.php\/2024\/05\/10\/polska-pachnie-bzami-obchody-rocznicy-uchwalenia-konstytucji-3-maja\/' class='pfpReadMore'>Read More &raquo;<\/a><div class='clear'><\/div><hr><\/div><div class='pfpItem entry-content'><h2 class='entry-title'><a href='https:\/\/sp.tuchow.pl\/index.php\/2024\/04\/30\/spotkanie-z-podroznikiem-z-trzask-pl\/'>Spotkanie z podr\u00f3\u017cnikiem  z trzask.pl<\/a><\/h2><img loading=\"lazy\" decoding=\"async\" class=\"alignnone size-full\" src=\"http:\/\/scontent-vie1-1.xx.fbcdn.net\/v\/t39.30808-6\/440871955_947025024093929_8361857662336766284_n.jpg?_nc_cat=107&amp;ccb=1-7&amp;_nc_sid=5f2048&amp;_nc_ohc=nrJU0TfX0HwQ7kNvgGh59dG&amp;_nc_ht=scontent-vie1-1.xx&amp;oh=00_AfAQpxTS2ZkFvJkVumzXSnuZBSDeAvyN2hI3SFrwXIsGRw&amp;oe=6636C625\" width=\"2048\" height=\"1536\" \/><div dir=\"auto\" style=\"text-align: justify;\">17 kwietnia w Domu Kultury odby\u0142o si\u0119 spotkanie z podr\u00f3\u017cnikiem, w tym roku us\u0142yszeli\u015bmy opowie\u015b\u0107 o wyprawie do zachodniej cz\u0119\u015bci Stan\u00f3w Zjednoczonych Ameryki P\u00f3\u0142nocnej: Newady, Arizony, Utah i Kalifornii.<\/div>\n<div dir=\"auto\" style=\"text-align: justify;\"><\/div>\n<div dir=\"auto\" style=\"text-align: justify;\">Pan Grzegorz jak zwykle nawi\u0105za\u0142 dobry kontakt ze s\u0142uchaczami opowiadaj\u0105c o: Las Vegas...<a href='https:\/\/sp.tuchow.pl\/index.php\/2024\/04\/30\/spotkanie-z-podroznikiem-z-trzask-pl\/' class='pfpReadMore'>Read More &raquo;<\/a><div class='clear'><\/div><hr><\/div><div class='pfpItem entry-content'><h2 class='entry-title'><a href='https:\/\/sp.tuchow.pl\/index.php\/2024\/04\/30\/dzien-ziemi\/'>Dzie\u0144 Ziemi<\/a><\/h2><img loading=\"lazy\" decoding=\"async\" class=\"aligncenter size-full\" src=\"http:\/\/scontent-vie1-1.xx.fbcdn.net\/v\/t39.30808-6\/440873980_947044357425329_455045369235984690_n.jpg?_nc_cat=100&amp;ccb=1-7&amp;_nc_sid=5f2048&amp;_nc_ohc=czmgLtXBBUMAb7DFBvZ&amp;_nc_ht=scontent-vie1-1.xx&amp;oh=00_AfDaXIHmenLE89kefsR3x0Tho1Nxc9BArhTsnoC7bd65Lw&amp;oe=6636D2CA\" width=\"1125\" height=\"2000\" \/><div dir=\"auto\" style=\"text-align: justify;\">Od 22 kwietnia przez ca\u0142y tydzie\u0144 \u015bwi\u0119towali\u015bmy w naszej szkole Mi\u0119dzynarodowy Dzie\u0144 Ziemi (Dzie\u0144 Matki Ziemi).<\/div>\n<div dir=\"auto\"><\/div>\n<div dir=\"auto\" style=\"text-align: justify;\">Uczniowie klas pi\u0105tych, sz\u00f3stych i si\u00f3dmych na lekcjach geografii i biologii rozwi\u0105zywali ekologiczne krzy\u017c\u00f3wki oraz wykonywali plakaty, na kt\u00f3rych wypisywali dzia\u0142ania dobre dla naszej planety i has\u0142a zach\u0119caj\u0105ce...<a href='https:\/\/sp.tuchow.pl\/index.php\/2024\/04\/30\/dzien-ziemi\/' class='pfpReadMore'>Read More &raquo;<\/a><div class='clear'><\/div><hr><\/div><div class='pfpItem entry-content'><h2 class='entry-title'><a href='https:\/\/sp.tuchow.pl\/index.php\/2024\/04\/30\/czytam-znam-rozumiem-czyli-o-sukcesie-uczniow-szkoly-podstawowej-w-tuchowie\/'>,,Czytam, znam, rozumiem\u2019\u2019, czyli o sukcesie uczni\u00f3w Szko\u0142y Podstawowej w Tuchowie<\/a><\/h2><img loading=\"lazy\" decoding=\"async\" class=\"aligncenter size-full\" src=\"http:\/\/scontent-vie1-1.xx.fbcdn.net\/v\/t39.30808-6\/440753146_947305634065868_2616781344448326851_n.jpg?_nc_cat=105&amp;ccb=1-7&amp;_nc_sid=5f2048&amp;_nc_ohc=5rUMNi2nYQUQ7kNvgEgz2kQ&amp;_nc_ht=scontent-vie1-1.xx&amp;oh=00_AfBOtI6s7QDXluYbE2bpM8l8KcP6qpYgfA59pIJB9nnTMw&amp;oe=66363FA2\" width=\"2048\" height=\"1532\" \/><p style=\"text-align: justify;\"><strong>Za nami ju\u017c VI edycja Ma\u0142opolskiego Konkursu Czytelniczego ,,Czytam, znam, rozumiem\u2019\u2019 pod patronatem Ma\u0142opolskiego Kuratora O\u015bwiaty.<\/strong><\/p>\n<p style=\"text-align: justify;\"><strong>Z rado\u015bci\u0105 i dum\u0105 informujemy, i\u017c tytu\u0142 laureata zdobyli uczniowie Szko\u0142y Podstawowej im. Stanis\u0142awa Staszica w Tuchowie: <\/strong><\/p>\n<p><strong>Eliza Mendel z klasy 7a i Mateusz Adamczyk z klasy 8 a. <\/strong><\/p>\n<p style=\"text-align:...<a href='https:\/\/sp.tuchow.pl\/index.php\/2024\/04\/30\/czytam-znam-rozumiem-czyli-o-sukcesie-uczniow-szkoly-podstawowej-w-tuchowie\/' class='pfpReadMore'>Read More &raquo;<\/a><div class='clear'><\/div><hr><\/div><div class='pfpItem entry-content'><h2 class='entry-title'><a href='https:\/\/sp.tuchow.pl\/index.php\/2024\/04\/30\/ponowne-spotkanie-ze-sztuka-czyli-o-wyjazdach-uczniow-do-teatrow-w-krakowie\/'>Ponowne spotkanie ze sztuk\u0105, czyli o wyjazdach uczni\u00f3w do teatr\u00f3w w Krakowie<\/a><\/h2><img loading=\"lazy\" decoding=\"async\" class=\"aligncenter size-full\" src=\"http:\/\/scontent-vie1-1.xx.fbcdn.net\/v\/t39.30808-6\/438861659_947302450732853_3640872330418301556_n.jpg?_nc_cat=104&amp;ccb=1-7&amp;_nc_sid=5f2048&amp;_nc_ohc=i-ffckKWnc4Q7kNvgGcRCsW&amp;_nc_ht=scontent-vie1-1.xx&amp;oh=00_AfDgZrlpxvc_BtE41Iar4HIJcs-mYuMU4U3J011PUSP_Bg&amp;oe=66365251\" width=\"1620\" height=\"1080\" \/><p style=\"text-align: justify;\">\u00a0\u00a0\u00a0\u00a0\u00a0\u00a0\u00a0\u00a0\u00a0\u00a0\u00a0 <strong>Jeszcze nie opad\u0142y emocje i wra\u017cenia po wyje\u017adzie do Teatru im. L. Solskiego na przedstawienie ,,Ania z Zielonego Wzg\u00f3rza\u2019\u2019, a ju\u017c pojawi\u0142y si\u0119 kolejne. <\/strong><\/p>\n<p style=\"text-align: justify;\">18 marca 2024 roku uczniowie klasy 8 a obejrzeli w Nowohuckim Centrum Kultury w Krakowie przedstawienie ,,Zemsta\u2019\u2019 Aleksandra Fredry. Ta klasyczna...<a href='https:\/\/sp.tuchow.pl\/index.php\/2024\/04\/30\/ponowne-spotkanie-ze-sztuka-czyli-o-wyjazdach-uczniow-do-teatrow-w-krakowie\/' class='pfpReadMore'>Read More &raquo;<\/a><div class='clear'><\/div><hr><\/div><div class='pfpItem entry-content'><h2 class='entry-title'><a href='https:\/\/sp.tuchow.pl\/index.php\/2024\/04\/29\/wyniki-konkursu-literackiego-na-wiersz-o-bibliotece-ksiazce-czytaniu\/'>Wyniki konkursu literackiego na wiersz o bibliotece, ksi\u0105\u017cce, czytaniu.<\/a><\/h2><img loading=\"lazy\" decoding=\"async\" class=\"aligncenter size-full\" src=\"http:\/\/scontent-vie1-1.xx.fbcdn.net\/v\/t39.30808-6\/438094647_946839514112480_169720300339957760_n.jpg?stp=cp6_dst-jpg_s600x600&amp;_nc_cat=107&amp;ccb=1-7&amp;_nc_sid=5f2048&amp;_nc_ohc=-nvTHVnBoP0Ab6ykn8I&amp;_nc_ht=scontent-vie1-1.xx&amp;oh=00_AfBPMfI7oBTh92LZGM7r030ey1K-WA_X8l18kd9g-ubZzA&amp;oe=663584AF\" width=\"450\" height=\"600\" \/><p style=\"text-align: justify;\">W poniedzia\u0142ek 29 kwietnia 2024r.\u00a0 po raz pierwszy odby\u0142 si\u0119 Konkurs literacki na wiersz o bibliotece, ksi\u0105\u017cce, czytaniu.<\/p>\n<p style=\"text-align: justify;\">Celem konkursu by\u0142o rozwijanie i propagowanie tw\u00f3rczo\u015bci literackiej oraz rozwijanie kreatywno\u015bci dzieci i m\u0142odzie\u017cy poprzez pokazanie ich w\u0142asnej tw\u00f3rczo\u015bci. W konkursie wzi\u0119\u0142o udzia\u0142 29 uczni\u00f3w z klas od 1-7.<\/p>\n<p>Oto...<a href='https:\/\/sp.tuchow.pl\/index.php\/2024\/04\/29\/wyniki-konkursu-literackiego-na-wiersz-o-bibliotece-ksiazce-czytaniu\/' class='pfpReadMore'>Read More &raquo;<\/a><div class='clear'><\/div><hr><\/div><div class='pfpItem entry-content'><h2 class='entry-title'><a href='https:\/\/sp.tuchow.pl\/index.php\/2024\/04\/27\/wizyta-klas-7a-i-7b-w-izbie-pamieci-bohaterow-bitwy-pod-lowczowkiem\/'>Wizyta klas 7a i 7b w Izbie Pami\u0119ci Bohater\u00f3w Bitwy pod \u0141owcz\u00f3wkiem<\/a><\/h2><img loading=\"lazy\" decoding=\"async\" class=\"aligncenter size-full\" src=\"http:\/\/scontent-vie1-1.xx.fbcdn.net\/v\/t39.30808-6\/440424597_945456757584089_9052713143255827365_n.jpg?_nc_cat=109&amp;ccb=1-7&amp;_nc_sid=5f2048&amp;_nc_ohc=A0HnVVsjuRoQ7kNvgGlPHGY&amp;_nc_ht=scontent-vie1-1.xx&amp;oh=00_AfBIV9YPgSIlCWbYWbiwpI_FlGuJW8z8nFbPbJQgKwE4Fg&amp;oe=6632CF6E\" width=\"828\" height=\"621\" \/><p style=\"text-align: justify;\">Wizyta klas 7a i 7b w Izbie Pami\u0119ci Bohater\u00f3w Bitwy pod \u0141owcz\u00f3wkiem, mia\u0142a okre\u015blony cel- utrwali\u0107 wiadomo\u015bci o I wojnie \u015bwiatowej, pog\u0142\u0119bi\u0107 wiedz\u0119 na temat bitwy pod \u0141owcz\u00f3wkiem, najwi\u0119kszej bitwy na froncie wschodnim w pocz\u0105tkach I wojny \u015bwiatowej oraz pozna\u0107 bohater\u00f3w bitwy. Uczestnicy bitwy- legioni\u015bci\u00a0 byli niezwykli. W...<a href='https:\/\/sp.tuchow.pl\/index.php\/2024\/04\/27\/wizyta-klas-7a-i-7b-w-izbie-pamieci-bohaterow-bitwy-pod-lowczowkiem\/' class='pfpReadMore'>Read More &raquo;<\/a><div class='clear'><\/div><hr><\/div><div class='pfpItem entry-content'><h2 class='entry-title'><a href='https:\/\/sp.tuchow.pl\/index.php\/2024\/04\/27\/vi-gminny-konkurs-piosenki-angielskiej-everybody-can-sing-2\/'>VI Gminny Konkurs Piosenki Angielskiej \u201eEverybody can sing\u201d<\/a><\/h2><p style=\"text-align: justify;\">Szko\u0142a Podstawowa im. Stanis\u0142awa Staszica w Tuchowie zorganizowa\u0142a VI Gminny Konkurs Piosenki Angielskiej \u201eEverybody can sing,\u201d kt\u00f3ry odby\u0142 si\u0119 16.04.2024r. w Domu Kultury w Tuchowie. Etap gminny poprzedzony by\u0142 eliminacjami do konkursu. Do etapu gminnego zg\u0142oszono 25 uczestnik\u00f3w z 7 szk\u00f3\u0142.<\/p>\n<p style=\"text-align: justify;\">Wyst\u0119py ocenia\u0142o niezale\u017cne jury w sk\u0142adzie:...<a href='https:\/\/sp.tuchow.pl\/index.php\/2024\/04\/27\/vi-gminny-konkurs-piosenki-angielskiej-everybody-can-sing-2\/' class='pfpReadMore'>Read More &raquo;<\/a><div class='clear'><\/div><hr><\/div><div class='pfpItem entry-content'><h2 class='entry-title'><a href='https:\/\/sp.tuchow.pl\/index.php\/2024\/04\/26\/wyjazd-uczniow-do-rumunii-w-projekcie-erasmus-2\/'>Wyjazd uczni\u00f3w do Rumunii w projekcie Erasmus+<\/a><\/h2><img loading=\"lazy\" decoding=\"async\" class=\"aligncenter size-full\" src=\"http:\/\/scontent-vie1-1.xx.fbcdn.net\/v\/t39.30808-6\/438852070_944943567635408_2667752335046419432_n.jpg?_nc_cat=106&amp;ccb=1-7&amp;_nc_sid=5f2048&amp;_nc_ohc=D1t6lWKevecAb6wSHbU&amp;_nc_ht=scontent-vie1-1.xx&amp;oh=00_AfCrrjIiYYR795zECdbu4XQa7ERGlzjBuOkDj42FE7UhrA&amp;oe=6631D78E\" width=\"1600\" height=\"1200\" \/><div class=\"xdj266r x11i5rnm xat24cr x1mh8g0r x1vvkbs x126k92a\">\n<div dir=\"auto\">\u015aroda<\/div>\n<\/div>\n<div class=\"x11i5rnm xat24cr x1mh8g0r x1vvkbs xtlvy1s x126k92a\">\n<div dir=\"auto\">Ten pi\u0119knie zapowiadaj\u0105cy si\u0119 dzie\u0144 zacz\u0119li\u015bmy od pysznego \u015bniadania. P\u00f3\u017aniej, o wczesnej porze udali\u015bmy si\u0119 w dalek\u0105 podr\u00f3\u017c do Zamku Bran w Transylwanii. Tam zwiedzili\u015bmy wiele wystaw i komnat s\u0142ynnego hrabiego Blada Teresa, kt\u00f3rego uwa\u017ca si\u0119...<a href='https:\/\/sp.tuchow.pl\/index.php\/2024\/04\/26\/wyjazd-uczniow-do-rumunii-w-projekcie-erasmus-2\/' class='pfpReadMore'>Read More &raquo;<\/a><div class='clear'><\/div><hr><\/div><div class='pfpItem entry-content'><h2 class='entry-title'><a href='https:\/\/sp.tuchow.pl\/index.php\/2024\/04\/26\/wyjazd-uczniow-do-rumunii-w-projekcie-erasmus\/'>Wyjazd uczni\u00f3w do Rumunii w projekcie Erasmus+<\/a><\/h2><img loading=\"lazy\" decoding=\"async\" class=\"alignnone size-full\" src=\"http:\/\/scontent-vie1-1.xx.fbcdn.net\/v\/t39.30808-6\/437590059_942823697847395_2185608839116608793_n.jpg?_nc_cat=111&amp;ccb=1-7&amp;_nc_sid=5f2048&amp;_nc_ohc=o9Vfs0upNtQAb7p1LDa&amp;_nc_ht=scontent-vie1-1.xx&amp;oh=00_AfCUSDwDLww44oC1jpr_hWYIAUZWZsJCfn9kB9qangiYBQ&amp;oe=6631CD89\" width=\"1600\" height=\"1200\" \/><div class=\"xdj266r x11i5rnm xat24cr x1mh8g0r x1vvkbs x126k92a\">\n<div dir=\"auto\" style=\"text-align: justify;\">W minion\u0105 niedziel\u0119 rozpocz\u0119\u0142a si\u0119 pierwsza z trzech mobilno\u015bci uczni\u00f3w w projekcie Erasmus+ \u201cZielone \u015awiat\u0142o dla uczenia w podr\u00f3\u017cy\u201d, wsp\u00f3\u0142finansowanego ze \u015brodk\u00f3w Unii Europejskiej. 6 uczni\u00f3w: Patrycja, Marysia, Ala, Karolina, Kornelia i Wojtek razem z 2 opiekun\u00f3w wyruszy\u0142o do partnerskiej szko\u0142y...<a href='https:\/\/sp.tuchow.pl\/index.php\/2024\/04\/26\/wyjazd-uczniow-do-rumunii-w-projekcie-erasmus\/' class='pfpReadMore'>Read More &raquo;<\/a><div class='clear'><\/div><hr><\/div><div class='pfpItem entry-content'><h2 class='entry-title'><a href='https:\/\/sp.tuchow.pl\/index.php\/2024\/04\/20\/wycieczka-do-centrum-dziedzictwa-szkla-w-krosnie\/'>WYCIECZKA DO CENTRUM DZIEDZICTWA SZK\u0141A W KRO\u015aNIE.<\/a><\/h2><p style=\"text-align: justify;\">16.04.2024r. klasy 2bi 3c zwiedzi\u0142y Centrum Dziedzictwa Szk\u0142a w Kro\u015bnie. Dzieci zapozna\u0142y si\u0119 z ciekaw\u0105 histori\u0105 huty, zobaczy\u0142y jak powstaj\u0105 szklane przedmioty dekoracyjne i artystyczne. Uczestniczy\u0142y w warsztatach malowania na szkle, obejrza\u0142y sta\u0142e ekspozycje wyrob\u00f3w szklanych- szk\u0142a u\u017cytkowego, artystycznego, oraz dekoracyjnego. Mia\u0142y r\u00f3wnie\u017c okazj\u0119 obejrze\u0107 i zrobi\u0107 zdj\u0119cia...<a href='https:\/\/sp.tuchow.pl\/index.php\/2024\/04\/20\/wycieczka-do-centrum-dziedzictwa-szkla-w-krosnie\/' class='pfpReadMore'>Read More &raquo;<\/a><div class='clear'><\/div><hr><\/div><div class='pfpItem entry-content'><h2 class='entry-title'><a href='https:\/\/sp.tuchow.pl\/index.php\/2024\/04\/15\/wiosna-buch-ksiazka-w-ruch-6\/'>Wiosna buch! Ksi\u0105\u017cka w ruch!<\/a><\/h2><img loading=\"lazy\" decoding=\"async\" class=\"alignnone size-full\" src=\"http:\/\/scontent-waw2-1.xx.fbcdn.net\/v\/t39.30808-6\/436338630_936968931766205_6383503909201612265_n.jpg?_nc_cat=108&amp;ccb=1-7&amp;_nc_sid=5f2048&amp;_nc_ohc=ieezY3nFqooAb4kqjiE&amp;_nc_ht=scontent-waw2-1.xx&amp;oh=00_AfC_ES1RXS0fVr_GN5YDXirjlW0ReDxGtaJgq8Znin_q5A&amp;oe=6622CD7B\" width=\"1600\" height=\"720\" \/><p style=\"text-align: justify;\">Pierwszy tydzie\u0144 zabawy z bibliotek\u0105 szkoln\u0105 za nami!\u00a0 63 uczni\u00f3w z klas I-IV podj\u0119\u0142o wyzwanie czytania ksi\u0105\u017cek oraz wykonywania zada\u0144. Pi\u0119knie dzi\u0119kujemy wszystkim, kt\u00f3rzy wykonywali wspania\u0142e pacynki bohater\u00f3w ksi\u0105\u017cek, kaligraficznie przepisywali zdania i tytu\u0142y ksi\u0105\u017cek, pokonywali trem\u0119 i czytali na g\u0142os fragmenty wypo\u017cyczonych ksi\u0105\u017cek, przebierali si\u0119 za bohater\u00f3w...<a href='https:\/\/sp.tuchow.pl\/index.php\/2024\/04\/15\/wiosna-buch-ksiazka-w-ruch-6\/' class='pfpReadMore'>Read More &raquo;<\/a><div class='clear'><\/div><hr><\/div><div class='pfpItem entry-content'><h2 class='entry-title'><a href='https:\/\/sp.tuchow.pl\/index.php\/2024\/04\/15\/wyniki-szkolnego-etapu-konkursu-piosenki-angielskiej-everybody-can-sing-3\/'>Wyniki szkolnego etapu Konkursu Piosenki Angielskiej \u201eEverybody can sing\u201d<\/a><\/h2><p style=\"text-align: justify;\">12.04.2024r. odby\u0142y si\u0119 eliminacje do VI Gminnego Konkursu Piosenki Angielskiej \u201eEverybody can sing\u201d.<br \/>\nJury w sk\u0142adzie: p. Wies\u0142aw Cie\u015bla, p. Beata Gut-Lisak, p. Katarzyna Stelmach i p. Aneta Rzeszutko wy\u0142oni\u0142o zwyci\u0119zc\u00f3w w dw\u00f3ch grupach wiekowych.<\/p>\n<p><strong>Laureaci klas 1-4:<\/strong><br \/>\n1 miejsce: Maria Wieliczko kl. 2b<br \/>\n2 miejsce: Jan Stanis\u0142awczyk kl....<a href='https:\/\/sp.tuchow.pl\/index.php\/2024\/04\/15\/wyniki-szkolnego-etapu-konkursu-piosenki-angielskiej-everybody-can-sing-3\/' class='pfpReadMore'>Read More &raquo;<\/a><div class='clear'><\/div><hr><\/div><div class='pfpItem entry-content'><h2 class='entry-title'><a href='https:\/\/sp.tuchow.pl\/index.php\/2024\/04\/09\/moj-wyjatkowy-przyjaciel-i-ja\/'>\u201eM\u00f3j wyj\u0105tkowy Przyjaciel i ja\u201d<\/a><\/h2><p>W ramach projektu &#8221; Ka\u017cdy inny &#8211; wszyscy r\u00f3wni &#8221; zapraszamy do udzia\u0142u w konkursie plastycznym pt. &#8221; M\u00f3j wyj\u0105tkowy przyjaciel i ja&#8221; dla wszystkich uczni\u00f3w naszej szko\u0142y. <em>\u00a0<\/em><\/p>\n<p><em>Przez s\u0142owo\u00a0<\/em><strong><em><u>wyj\u0105tkowy<\/u><\/em><\/strong><em>\u00a0rozumiemy osob\u0119, przyjaciela z niepe\u0142nosprawno\u015bci\u0105.<\/em><\/p>\n<p>Praca konkursowa powinna by\u0107 wykonana w\u00a0<em>formie plakatu lub rysunku\u00a0<\/em>prezentuj\u0105cego sp\u0119dzanie czasu z niepe\u0142nosprawnym koleg\u0105 lub kole\u017cank\u0105.<\/p>\n<h1 style=\"text-align:...<a href='https:\/\/sp.tuchow.pl\/index.php\/2024\/04\/09\/moj-wyjatkowy-przyjaciel-i-ja\/' class='pfpReadMore'>Read More &raquo;<\/a><div class='clear'><\/div><hr><\/div><div class='pfpItem entry-content'><h2 class='entry-title'><a href='https:\/\/sp.tuchow.pl\/index.php\/2024\/04\/04\/konkurs-literacki-pn-wiersz-o-bibliotece-ksiazce-czytelnictwie\/'>KONKURS LITERACKI PN. \u201eWIERSZ O BIBLIOTECE, KSI\u0104\u017bCE, CZYTELNICTWIE\u201d<\/a><\/h2><p>Zach\u0119camy do udzia\u0142u w KONKURSIE LITERACKIM PN. \u201eWIERSZ O BIBLIOTECE, KSI\u0104\u017bCE, CZYTELNICTWIE\u201d<\/p>\n<p><strong>Regulamin konkursu<\/strong><\/p>\n<p><strong>I. Organizator: <\/strong><\/p>\n<p>Biblioteka szkolna we wsp\u00f3\u0142pracy wychowawc\u0105 \u00a0kl. 5b<\/p>\n<p><strong>II. Cele :<\/strong><\/p>\n<p>Konkurs ma na celu: rozwijanie i propagowanie tw\u00f3rczo\u015bci literackiej dzieci i m\u0142odzie\u017cy,<\/p>\n<p>Rozwijanie kreatywno\u015bci dzieci i m\u0142odzie\u017cy poprzez pokazanie w\u0142asnej tw\u00f3rczo\u015bci.<\/p>\n<p><strong>III. Przedmiot konkursu:<\/strong><\/p>\n<p style=\"text-align: justify;\">* Konkurs polega na zredagowaniu...<a href='https:\/\/sp.tuchow.pl\/index.php\/2024\/04\/04\/konkurs-literacki-pn-wiersz-o-bibliotece-ksiazce-czytelnictwie\/' class='pfpReadMore'>Read More &raquo;<\/a><div class='clear'><\/div><hr><\/div><div class='pfpItem entry-content'><h2 class='entry-title'><a href='https:\/\/sp.tuchow.pl\/index.php\/2024\/04\/04\/wiosna-buch-ksiazka-w-ruch-5\/'>\"WIOSNA BUCH! KSI\u0104\u017bKA W RUCH!\"<\/a><\/h2><img loading=\"lazy\" decoding=\"async\" class=\"aligncenter size-full\" src=\"http:\/\/scontent-vie1-1.xx.fbcdn.net\/v\/t39.30808-6\/434601870_929750515821380_5178642657097032092_n.jpg?_nc_cat=105&amp;ccb=1-7&amp;_nc_sid=5f2048&amp;_nc_ohc=-E4iDL0NgRwAb4hM_iA&amp;_nc_ht=scontent-vie1-1.xx&amp;oh=00_AfBZTxQC1Bor6rqJ9iUawNnvT6hu4mVCDNLq7iTcSwLi5A&amp;oe=6614D095\" width=\"1600\" height=\"720\" \/><p>Jak co roku biblioteka szkolna wraz z samorz\u0105dem uczniowskim zapraszaj\u0105 uczni\u00f3w klas 1-4 do zabawy &#8222;WIOSNA BUCH! KSI\u0104\u017bKA W RUCH!&#8221;.<\/p>\n<p>Akcja trwa od 4 do 19 kwietnia br. i polega na wypo\u017cyczeniu ksi\u0105\u017cki oraz wylosowaniu i wykonaniu jednego zadania dziennie.<\/p>\n<p>Uczniowie bior\u0105cy udzia\u0142 w zabawie mog\u0105 liczy\u0107 na drobne nagrody &#8211; losowanie...<a href='https:\/\/sp.tuchow.pl\/index.php\/2024\/04\/04\/wiosna-buch-ksiazka-w-ruch-5\/' class='pfpReadMore'>Read More &raquo;<\/a><div class='clear'><\/div><hr><\/div><div class='pfpItem entry-content'><h2 class='entry-title'><a href='https:\/\/sp.tuchow.pl\/index.php\/2024\/04\/04\/final-matematycznego-konkursu-1-z-10\/'>FINA\u0141 MATEMATYCZNEGO KONKURSU \u201e1 z 10\u201d<\/a><\/h2><img loading=\"lazy\" decoding=\"async\" class=\"aligncenter size-full\" src=\"http:\/\/scontent-vie1-1.xx.fbcdn.net\/v\/t39.30808-6\/435724769_929747835821648_950925852564265268_n.jpg?_nc_cat=111&amp;ccb=1-7&amp;_nc_sid=5f2048&amp;_nc_ohc=iqjq33j6TTQAb62MOSP&amp;_nc_ht=scontent-vie1-1.xx&amp;oh=00_AfCQHdcv3LzA-xzEpNoY2oFs4ls0zsajt1sT6tsclNNp9Q&amp;oe=6614A785\" width=\"1600\" height=\"719\" \/><p style=\"margin: 0cm; margin-bottom: .0001pt; text-align: justify; text-indent: 35.4pt;\">Szkolny konkurs \u201e1 z 10\u201d przyni\u00f3s\u0142 wiele emocji i napi\u0119cia w\u015br\u00f3d uczni\u00f3w z klas 5.<\/p>\n<p style=\"margin: 0cm; margin-bottom: .0001pt; text-align: justify;\">Po przeprowadzeniu kwalifikacji wy\u0142oniono dwunastu uczni\u00f3w, kt\u00f3rzy wzi\u0119li udzia\u0142 w finale konkursu.<\/p>\n<p style=\"margin: 0cm; margin-bottom: .0001pt; text-align: justify; text-indent: 35.4pt;\">27 marca 2024...<a href='https:\/\/sp.tuchow.pl\/index.php\/2024\/04\/04\/final-matematycznego-konkursu-1-z-10\/' class='pfpReadMore'>Read More &raquo;<\/a><div class='clear'><\/div><hr><\/div><div class='pfpItem entry-content'><h2 class='entry-title'><a href='https:\/\/sp.tuchow.pl\/index.php\/2024\/04\/04\/swiatowy-dzien-jezyka-angielskiego-2\/'>\u015awiatowy Dzie\u0144 J\u0119zyka Angielskiego<\/a><\/h2><img loading=\"lazy\" decoding=\"async\" class=\"aligncenter size-full\" src=\"http:\/\/scontent-vie1-1.xx.fbcdn.net\/v\/t39.30808-6\/434773914_929745349155230_8165092501867642514_n.jpg?_nc_cat=108&amp;ccb=1-7&amp;_nc_sid=5f2048&amp;_nc_ohc=suadfqOOBMYAb6oHNoH&amp;_nc_ht=scontent-vie1-1.xx&amp;oh=00_AfDcukk4iaLc3_e4Lq1tYMyUxydYpeEtZYLL4IbOAPtv_A&amp;oe=6614C50C\" width=\"1920\" height=\"1080\" \/><p style=\"text-align: justify;\">W dniu 23 kwietnia, kt\u00f3ry uznawany jest za dzie\u0144 narodzin i \u015bmierci Williama Shakespear&#8217;a, obchodzony jest Dzie\u0144 J\u0119zyka Angielskiego. Z tej okazji zapraszamy uczni\u00f3w klas 4 \u2013 8 do udzia\u0142u w konkursie na plakat\u00a0 promuj\u0105cy nauk\u0119 j\u0119zyka angielskiego.<\/p>\n<p>&nbsp;<\/p>\n<p><strong>Regulamin konkursu:<\/strong><\/p>\n<p><u>Organizator:<\/u><\/p>\n<p>Szko\u0142a Podstawowa im. Stanis\u0142awa Staszica w Tuchowie.<\/p>\n<p><u>Cele konkursu:<\/u><\/p>\n<p>&#8211; Wzbudzanie zainteresowania...<a href='https:\/\/sp.tuchow.pl\/index.php\/2024\/04\/04\/swiatowy-dzien-jezyka-angielskiego-2\/' class='pfpReadMore'>Read More &raquo;<\/a><div class='clear'><\/div><hr><\/div><div class='pfpItem entry-content'><h2 class='entry-title'><a href='https:\/\/sp.tuchow.pl\/index.php\/2024\/04\/04\/konkurs-klas-i-iii-z-cyklu-wiosenne-recytacje\/'>Konkurs klas I-III z cyklu \u201eWiosenne recytacje\u2026\u201d<\/a><\/h2><img loading=\"lazy\" decoding=\"async\" class=\"aligncenter size-full\" src=\"http:\/\/scontent-vie1-1.xx.fbcdn.net\/v\/t39.30808-6\/434499888_929124115884020_655986348497806281_n.jpg?stp=cp6_dst-jpg&amp;_nc_cat=104&amp;ccb=1-7&amp;_nc_sid=5f2048&amp;_nc_ohc=JUUSivFnZx0Ab44qlkI&amp;_nc_ht=scontent-vie1-1.xx&amp;oh=00_AfDHqmXg6jTM7zQYQtbrecXn7MjLk4-xpsWSmw-L--cddg&amp;oe=6614DBCC\" width=\"2048\" height=\"1536\" \/><div class=\"xdj266r x11i5rnm xat24cr x1mh8g0r x1vvkbs x126k92a\">\n<div dir=\"auto\">Jak co roku w naszej szkole odby\u0142 si\u0119 Szkolny Konkurs Recytatorski dla uczni\u00f3w klas 1-3.<\/div>\n<\/div>\n<div class=\"x11i5rnm xat24cr x1mh8g0r x1vvkbs xtlvy1s x126k92a\">\n<div dir=\"auto\"><\/div>\n<div dir=\"auto\">Celem konkursu by\u0142o ukazanie pi\u0119kna poezji i rozwijanie zainteresowa\u0144 poezj\u0105 dzieci\u0119c\u0105, rozwijanie zdolno\u015bci recytatorskich, bogacenie j\u0119zyka ojczystego oraz uczenie rywalizacji w...<a href='https:\/\/sp.tuchow.pl\/index.php\/2024\/04\/04\/konkurs-klas-i-iii-z-cyklu-wiosenne-recytacje\/' class='pfpReadMore'>Read More &raquo;<\/a><div class='clear'><\/div><hr><\/div><div class='pfpItem entry-content'><h2 class='entry-title'><a href='https:\/\/sp.tuchow.pl\/index.php\/2024\/03\/28\/podziel-sie-swietami-4\/'>Podziel si\u0119 \u015awi\u0119tami<\/a><\/h2><img loading=\"lazy\" decoding=\"async\" class=\"aligncenter size-full\" src=\"http:\/\/scontent-vie1-1.xx.fbcdn.net\/v\/t39.30808-6\/434369354_924469836349448_6834922520110640676_n.jpg?_nc_cat=110&amp;ccb=1-7&amp;_nc_sid=5f2048&amp;_nc_ohc=Gtko1u9CjtwAX8-DKL1&amp;_nc_ht=scontent-vie1-1.xx&amp;oh=00_AfDPqsFQ1r3WhqWjqHyZm8RUqhLOK2Udi-p27sPNfsN45A&amp;oe=66097862\" width=\"2048\" height=\"1542\" \/><p style=\"text-align: center;\"><strong>\u201eMiar\u0105 twojego cz\u0142owiecze\u0144stwa jest wielko\u015b\u0107 twojej troski o drugiego cz\u0142owieka\u201d<\/strong><\/p>\n<p style=\"text-align: center;\"><em>(Albert Schweitzer<\/em>)<\/p>\n<p style=\"text-align: justify;\">\u00a0 \u00a0\u00a0\u00a0\u00a0\u00a0\u00a0\u00a0\u00a0\u00a0 \u00a0\u00a0Maj\u0105c na uwadze powy\u017csze s\u0142owa, w Szkole Podstawowej im. Stanis\u0142awa Staszica w Tuchowie, kolejny ju\u017c raz zorganizowali\u015bmy zbi\u00f3rk\u0119 dar\u00f3w dla samotnych, chorych senior\u00f3w oraz potrzebuj\u0105cych niepe\u0142nosprawnych z Gminy Tuch\u00f3w. Do akcji \u201ePodziel...<a href='https:\/\/sp.tuchow.pl\/index.php\/2024\/03\/28\/podziel-sie-swietami-4\/' class='pfpReadMore'>Read More &raquo;<\/a><div class='clear'><\/div><hr><\/div><div class='pfpItem entry-content'><h2 class='entry-title'><a href='https:\/\/sp.tuchow.pl\/index.php\/2024\/03\/28\/zywioly-w-tuchowie\/'>\u201e\u017bywio\u0142y\u201d w Tuchowie<\/a><\/h2><img loading=\"lazy\" decoding=\"async\" class=\"aligncenter size-full\" src=\"http:\/\/scontent-vie1-1.xx.fbcdn.net\/v\/t39.30808-6\/434150556_924467673016331_530694729329545694_n.jpg?_nc_cat=110&amp;ccb=1-7&amp;_nc_sid=5f2048&amp;_nc_ohc=vapZaOmUHIEAX-VmyhJ&amp;_nc_ht=scontent-vie1-1.xx&amp;oh=00_AfDxFr8Co3qYEVkEP3QbKlMXx2MixtNdzXkOM71FafyLkQ&amp;oe=660933D8\" width=\"2048\" height=\"1536\" \/><p style=\"text-align: justify;\">Uczniowie Szko\u0142y Podstawowej im. Stanis\u0142awa Staszica w Tuchowie 22 marca 2024 roku, na zaproszenie dyrektora Domu Kultury w Tuchowie, zaprezentowali kr\u00f3tki wyst\u0119p artystyczny. Wyst\u0119p dedykowany by\u0142 naszej planecie Ziemi z okazji akcji Posprz\u0105taj z nami Ma\u0142opolsk\u0119!<\/p>\n<p style=\"text-align: justify;\">Ta wspania\u0142a inicjatywa, kt\u00f3ra skupia lokalne spo\u0142eczno\u015bci wok\u00f3\u0142 idei zachowania \u015brodowiska...<a href='https:\/\/sp.tuchow.pl\/index.php\/2024\/03\/28\/zywioly-w-tuchowie\/' class='pfpReadMore'>Read More &raquo;<\/a><div class='clear'><\/div><hr><\/div><div class='pfpItem entry-content'><h2 class='entry-title'><a href='https:\/\/sp.tuchow.pl\/index.php\/2024\/03\/27\/listy-do-boga\/'>\u201eListy do Boga\u201d<\/a><\/h2><p>Tuch\u00f3w, marzec 2024 r.<\/p>\n<p>\u201eListy do Boga\u201d<\/p>\n<p style=\"text-align: justify;\">Po raz jedenasty, uczniowie szko\u0142y podstawowej im. Stanis\u0142awa Staszica w Tuchowie wraz z opiekunami, przygotowali inscenizowan\u0105 Drog\u0119 Krzy\u017cow\u0105. W tym roku tematem przewodnim by\u0142a korespondencja tuchowianki z Panem Bogiem. Dziewczyna pisa\u0142a listy, kt\u00f3re listonosz zanosi\u0142 Panu Jezusowi siedz\u0105cemu pod krzy\u017cem. W listach rozwa\u017ca\u0142a...<a href='https:\/\/sp.tuchow.pl\/index.php\/2024\/03\/27\/listy-do-boga\/' class='pfpReadMore'>Read More &raquo;<\/a><div class='clear'><\/div><hr><\/div><div class='pfpItem entry-content'><h2 class='entry-title'><a href='https:\/\/sp.tuchow.pl\/index.php\/2024\/03\/26\/z-zyczeniami-w-dpj-w-tuchowie\/'>Z \u017cyczeniami w DPJ w Tuchowie<\/a><\/h2><img loading=\"lazy\" decoding=\"async\" class=\"aligncenter size-full\" src=\"http:\/\/scontent-vie1-1.xx.fbcdn.net\/v\/t39.30808-6\/434183241_923305586465873_491200418048686787_n.jpg?_nc_cat=109&amp;ccb=1-7&amp;_nc_sid=5f2048&amp;_nc_ohc=u61QxZVg7YoAX_0apfC&amp;_nc_ht=scontent-vie1-1.xx&amp;oh=00_AfC_9PoO7cjJZvEsNw-hWVSBgkdoy-_Ne8ayP1yxRDrOpg&amp;oe=660870A7\" width=\"2048\" height=\"1350\" \/><p style=\"text-align: justify;\">W poniedzia\u0142kowe popo\u0142udnie \u2013 25.03.2024 roku \u2013 grupa wolontariuszy wraz z opiekunami uda\u0142a si\u0119 do Domu Pogodnej Jesieni w Tuchowie. Po przybyciu zostali serdecznie przywitani przez personel oraz mieszka\u0144c\u00f3w. Wolontariusze przynie\u015bli ze sob\u0105 drobne upominki oraz w\u0142asnor\u0119cznie wykonane kartki z \u017cyczeniami z okazji \u015awi\u0105t Wielkanocnych. To by\u0142o wyj\u0105tkowe...<a href='https:\/\/sp.tuchow.pl\/index.php\/2024\/03\/26\/z-zyczeniami-w-dpj-w-tuchowie\/' class='pfpReadMore'>Read More &raquo;<\/a><div class='clear'><\/div><hr><\/div><div class='pfpItem entry-content'><h2 class='entry-title'><a href='https:\/\/sp.tuchow.pl\/index.php\/2024\/03\/22\/11670\/'>\"Posprz\u0105taj z nami Ma\u0142opolsk\u0119\"<\/a><\/h2><img loading=\"lazy\" decoding=\"async\" class=\"aligncenter size-full\" src=\"http:\/\/scontent-vie1-1.xx.fbcdn.net\/v\/t39.30808-6\/431477648_920501846746247_962435348783652228_n.jpg?_nc_cat=108&amp;ccb=1-7&amp;_nc_sid=5f2048&amp;_nc_ohc=Lh53i7A5GosAX9bl9Xe&amp;_nc_ht=scontent-vie1-1.xx&amp;oh=00_AfBCAAyLw9Z2CsPJT_qICkg5LjTDUJKnmBXmpToBP__7kg&amp;oe=6601DFE3\" width=\"2048\" height=\"1155\" \/><div dir=\"auto\" style=\"text-align: justify;\">22 marca uczniowie klas si\u00f3dmych wzi\u0119li udzia\u0142 w akcji: Posprz\u0105taj z nami Ma\u0142opolsk\u0119. Przygoda rozpocz\u0119\u0142a si\u0119 na tuchowskim rynku. Po obejrzeniu wyst\u0119p\u00f3w uczniowie z sukcesami uczestniczyli w ekologicznych quizach (o czym \u015bwiadcz\u0105 liczne nagrody rzeczowe). Nast\u0119pnie po przej\u015bciu na Ska\u0142k\u0119 m\u0142odzie\u017c otrzyma\u0142a r\u0119kawice i worki pomocne w...<a href='https:\/\/sp.tuchow.pl\/index.php\/2024\/03\/22\/11670\/' class='pfpReadMore'>Read More &raquo;<\/a><div class='clear'><\/div><hr><\/div><div class='pfpItem entry-content'><h2 class='entry-title'><a href='https:\/\/sp.tuchow.pl\/index.php\/2024\/03\/22\/zachecamy-do-udzialu-w-konkursie-pn-szlakiem-po-tuchowie-i-okolicach-edycja-iv\/'>Zach\u0119camy do udzia\u0142u w konkursie pn: \u201eSzlakiem po Tuchowie i okolicach\u201d Edycja IV.<\/a><\/h2><img loading=\"lazy\" decoding=\"async\" class=\"aligncenter size-full\" src=\"http:\/\/scontent-vie1-1.xx.fbcdn.net\/v\/t39.30808-6\/433777723_920519473411151_1055098040490123027_n.jpg?_nc_cat=105&amp;ccb=1-7&amp;_nc_sid=5f2048&amp;_nc_ohc=D1ra6Utqki4AX_UerM2&amp;_nc_ht=scontent-vie1-1.xx&amp;oh=00_AfCfgDv5L_Je7JWGSlFdkIauboea_zXDOK2iDAZhvwmwcQ&amp;oe=6602CF37\" width=\"2048\" height=\"1448\" \/><p><\/p>\n<p><\/p>\n...<a href='https:\/\/sp.tuchow.pl\/index.php\/2024\/03\/22\/zachecamy-do-udzialu-w-konkursie-pn-szlakiem-po-tuchowie-i-okolicach-edycja-iv\/' class='pfpReadMore'>Read More &raquo;<\/a><div class='clear'><\/div><hr><\/div><div class='pfpItem entry-content'><h2 class='entry-title'><a href='https:\/\/sp.tuchow.pl\/index.php\/2024\/03\/21\/obchody-dnia-sw-patryka-w-szkole-podstawowej-w-tuchowie-4\/'>OBCHODY DNIA \u015aW. PATRYKA W SZKOLE PODSTAWOWEJ W TUCHOWIE<\/a><\/h2><p>Z okazji Dnia \u015aw. Patryka uczniowie klas 1-3 wzi\u0119li udzia\u0142 w konkursie na najciekawsze zielone przebranie. Jury ocenia\u0142o pomys\u0142owo\u015b\u0107 oraz wk\u0142ad pracy w przygotowanie stroju.<\/p>\n<p>Po d\u0142ugich obradach wy\u0142oniono nast\u0119puj\u0105cych zwyci\u0119zc\u00f3w:<\/p>\n<p><strong>1 miejsce: Alicja Adamczyk<\/strong><\/p>\n<p><strong>2 miejsce: Lena Nowi\u0144ska<\/strong><\/p>\n<p><strong>3 miejsce: Natalia Misiak, Jessica Benneyworth<\/strong><\/p>\n<p><strong>\u00a0<\/strong><\/p>\n<p>Wyr\u00f3\u017cnienie otrzymuje:<\/p>\n<p>Hanna Per\u0142owska<\/p>\n<p>Zofia Starzyk<\/p>\n<p>Laura \u0141\u0105tka<\/p>\n<p>Hanna \u015alaga<\/p>\n<p>Zuzanna Janto\u0144<\/p>\n<p>Amelia Cup<\/p>\n<p>Bart\u0142omiej Lisiak<\/p>\n<p>Amelia Mikos<\/p>\n<p>Wiktor...<a href='https:\/\/sp.tuchow.pl\/index.php\/2024\/03\/21\/obchody-dnia-sw-patryka-w-szkole-podstawowej-w-tuchowie-4\/' class='pfpReadMore'>Read More &raquo;<\/a><div class='clear'><\/div><hr><\/div><div class='pfpItem entry-content'><h2 class='entry-title'><a href='https:\/\/sp.tuchow.pl\/index.php\/2024\/03\/20\/listy-do-boga-zapraszamy-do-udzialu-w-mlodziezowej-drodze-krzyzowej-w-kosciele-sw-jakuba-st-apostola\/'>\"Listy do Boga\" Zapraszamy do udzia\u0142u w M\u0142odzie\u017cowej Drodze Krzy\u017cowej w ko\u015bciele \u015bw. Jakuba St. Aposto\u0142a<\/a><\/h2><img loading=\"lazy\" decoding=\"async\" class=\"aligncenter size-full\" src=\"http:\/\/scontent-vie1-1.xx.fbcdn.net\/v\/t39.30808-6\/434050435_919349803528118_1438866769841963923_n.jpg?_nc_cat=106&amp;ccb=1-7&amp;_nc_sid=5f2048&amp;_nc_ohc=49D04wWWi9AAX-GKCR-&amp;_nc_ht=scontent-vie1-1.xx&amp;oh=00_AfDX46NhkFfdGsxxYJz9xYwPDk91PWijeseekmr43GZfaA&amp;oe=6600679F\" width=\"1241\" height=\"1755\" \/><p><\/p>\n...<a href='https:\/\/sp.tuchow.pl\/index.php\/2024\/03\/20\/listy-do-boga-zapraszamy-do-udzialu-w-mlodziezowej-drodze-krzyzowej-w-kosciele-sw-jakuba-st-apostola\/' class='pfpReadMore'>Read More &raquo;<\/a><div class='clear'><\/div><hr><\/div><div class='pfpItem entry-content'><h2 class='entry-title'><a href='https:\/\/sp.tuchow.pl\/index.php\/2024\/03\/20\/powitanie-wiosny-przez-uczniow-1c-w-dpj-w-tuchowie\/'>\"Powitanie wiosny\" przez uczni\u00f3w 1c w DPJ w Tuchowie<\/a><\/h2><img loading=\"lazy\" decoding=\"async\" class=\"xz74otr\" src=\"http:\/\/static.xx.fbcdn.net\/images\/emoji.php\/v9\/t4c\/1\/16\/1f642.png\" alt=\"\ud83d\ude42\" width=\"16\" height=\"16\" \/><div class=\"xdj266r x11i5rnm xat24cr x1mh8g0r x1vvkbs x126k92a\">\n<div dir=\"auto\" style=\"text-align: justify;\">W s\u0142oneczny, \u015brodowy poranek (20.03.2024r.) mali wolontariusze z klasy 1c wyruszyli do Domu Pogodnej Jesieni w Tuchowie, by wraz z mieszka\u0144cami przywita\u0107 wiosn\u0119.<\/div>\n<\/div>\n<div class=\"x11i5rnm xat24cr x1mh8g0r x1vvkbs xtlvy1s x126k92a\" style=\"text-align: justify;\">\n<div dir=\"auto\">Uczniowie przygotowali kr\u00f3tki program artystyczny \u201ePowitanie wiosny\u201d, a w nim:...<a href='https:\/\/sp.tuchow.pl\/index.php\/2024\/03\/20\/powitanie-wiosny-przez-uczniow-1c-w-dpj-w-tuchowie\/' class='pfpReadMore'>Read More &raquo;<\/a><div class='clear'><\/div><hr><\/div><div class='pfpItem entry-content'><h2 class='entry-title'><a href='https:\/\/sp.tuchow.pl\/index.php\/2024\/03\/15\/zachecamy-do-udzialu-w-akcji-podziel-sie-swietami\/'>Zach\u0119camy do udzia\u0142u w akcji \"Podziel si\u0119 \u015awi\u0119tami\".<\/a><\/h2><img loading=\"lazy\" decoding=\"async\" class=\"aligncenter size-full\" src=\"http:\/\/scontent-vie1-1.xx.fbcdn.net\/v\/t39.30808-6\/432743976_915857503877348_2754493528151979397_n.jpg?_nc_cat=106&amp;ccb=1-7&amp;_nc_sid=5f2048&amp;_nc_ohc=TD-Jv1Xu-KkAX8w7rqO&amp;_nc_ht=scontent-vie1-1.xx&amp;oh=00_AfCaNj_MXP3d0NPxK7SVKV3DdpCcow7CmUSKKWPTax6IXA&amp;oe=65F88E8B\" width=\"1754\" height=\"1240\" \/><p>Wi\u0119cej szczeg\u00f3\u0142\u00f3w na plakacie.<\/p>\n<p><\/p>\n...<a href='https:\/\/sp.tuchow.pl\/index.php\/2024\/03\/15\/zachecamy-do-udzialu-w-akcji-podziel-sie-swietami\/' class='pfpReadMore'>Read More &raquo;<\/a><div class='clear'><\/div><hr><\/div><div class='pfpItem entry-content'><h2 class='entry-title'><a href='https:\/\/sp.tuchow.pl\/index.php\/2024\/03\/15\/konkurs-trzymaj-forme-2\/'>Konkurs \"Trzymaj Form\u0119!\"<\/a><\/h2><div class=\"xdj266r x11i5rnm xat24cr x1mh8g0r x1vvkbs x126k92a\">\n<div dir=\"auto\">15 marca odby\u0142 si\u0119 w naszej szkole konkurs organizowany przez G\u0142\u00f3wny Inspektorat Sanitarny, Polsk\u0105 Federacj\u0119 Producent\u00f3w \u017bywno\u015bci Zwi\u0105zek Pracodawc\u00f3w oraz Wojew\u00f3dzkie Stacje Sanitarno-Epidemiologiczne jako inicjatywa towarzysz\u0105ca Og\u00f3lnopolskiemu Programowi Edukacyjnemu &#8222;Trzymaj Form\u0119!&#8221;<\/div>\n<\/div>\n<div class=\"x11i5rnm xat24cr x1mh8g0r x1vvkbs xtlvy1s x126k92a\">\n<div dir=\"auto\">Konkurs adresowany jest do uczni\u00f3w klas...<a href='https:\/\/sp.tuchow.pl\/index.php\/2024\/03\/15\/konkurs-trzymaj-forme-2\/' class='pfpReadMore'>Read More &raquo;<\/a><div class='clear'><\/div><hr><\/div><div class='pfpItem entry-content'><h2 class='entry-title'><a href='https:\/\/sp.tuchow.pl\/index.php\/2024\/03\/14\/polfinal-debat-oksfordzkich\/'>P\u00f3\u0142fina\u0142 debat oksfordzkich<\/a><\/h2><p style=\"text-align: justify;\">14 marca w Domu Kultury w Tuchowie odby\u0142 si\u0119 p\u00f3\u0142fina\u0142 debat oksfordzkich. Nasza szko\u0142a reprezentowana by\u0142a przez Angelik\u0119 K\u0119dzior, Antoniego R\u00f3\u017cyckiego, Karolin\u0119 Dusz\u0119 oraz Zosi\u0119 Osik\u0119. Zadaniem dru\u017cyny by\u0142a obrona tezy: \u201eW szkole podstawowej powinien obowi\u0105zywa\u0107 zakaz u\u017cywania telefon\u00f3w kom\u00f3rkowych\u201d. Do roli opozycji (czyli naszych przeciwnik\u00f3w w dyskusji)...<a href='https:\/\/sp.tuchow.pl\/index.php\/2024\/03\/14\/polfinal-debat-oksfordzkich\/' class='pfpReadMore'>Read More &raquo;<\/a><div class='clear'><\/div><hr><\/div><div class='pfpItem entry-content'><h2 class='entry-title'><a href='https:\/\/sp.tuchow.pl\/index.php\/2024\/03\/11\/listy-do-boga-zapraszamy-do-udzialu-w-mlodziezowej-drodze-krzyzowej\/'>\"Listy do Boga\" Zapraszamy do udzia\u0142u w M\u0142odzie\u017cowej Drodze Krzy\u017cowej<\/a><\/h2><img loading=\"lazy\" decoding=\"async\" class=\"aligncenter size-full\" src=\"http:\/\/scontent-vie1-1.xx.fbcdn.net\/v\/t39.30808-6\/432411544_913108914152207_335061960721456467_n.jpg?_nc_cat=111&amp;ccb=1-7&amp;_nc_sid=5f2048&amp;_nc_ohc=cPI7KnL6cr0AX_yeIJq&amp;_nc_ht=scontent-vie1-1.xx&amp;oh=00_AfDbsK04GHbB8G7Iv_DsbGBLUxetTxLIWRbOmzhcvBENvA&amp;oe=65F43F7F\" width=\"1241\" height=\"1755\" \/><p><\/p>\n...<a href='https:\/\/sp.tuchow.pl\/index.php\/2024\/03\/11\/listy-do-boga-zapraszamy-do-udzialu-w-mlodziezowej-drodze-krzyzowej\/' class='pfpReadMore'>Read More &raquo;<\/a><div class='clear'><\/div><hr><\/div><div class='pfpItem entry-content'><h2 class='entry-title'><a href='https:\/\/sp.tuchow.pl\/index.php\/2024\/03\/10\/pamietamy-o-zolnierzach-wykletych\/'>Pami\u0119tamy o \u017bo\u0142nierzach Wykl\u0119tych<\/a><\/h2><p style=\"text-align: justify;\">5 marca 2024r, jak co roku , nasza szko\u0142a wzi\u0119\u0142a udzia\u0142 w Rajdzie Tropem Wilczym organizowanym przez SP w Siedliskach. Uroczysto\u015bci rozpocz\u0119\u0142y si\u0119 od rywalizacji 3 osobowych dru\u017cyn ze szk\u00f3\u0142 bior\u0105cych udzia\u0142 w Rajdzie. Zadanie polega\u0142o na pokonaniu toru przeszk\u00f3d oraz na rozwi\u0105zaniu quizu o \u017bo\u0142nierzach Wykl\u0119tych. Nasza...<a href='https:\/\/sp.tuchow.pl\/index.php\/2024\/03\/10\/pamietamy-o-zolnierzach-wykletych\/' class='pfpReadMore'>Read More &raquo;<\/a><div class='clear'><\/div><hr><\/div><div class='pfpItem entry-content'><h2 class='entry-title'><a href='https:\/\/sp.tuchow.pl\/index.php\/2024\/03\/10\/dzien-kobiet-w-3b\/'>Dzie\u0144 Kobiet w 3b.<\/a><\/h2><p style=\"text-align: justify;\">Skoro jest to \u015bwi\u0119to pa\u0144, kobiet, dziewczynek,\u00a0 to w takim razie one powinny by\u0107 tego dnia\u00a0 najwa\u017cniejsze i na pierwszym miejscu, a ch\u0142opcy musz\u0105 poczeka\u0107 na swoje \u201cpi\u0119\u0107 minut\u201d. I tak te\u017c si\u0119 sta\u0142o.<\/p>\n<p style=\"text-align: justify;\">8 marca\u00a0 odby\u0142y si\u0119 Wybory Miss Klasy 3 B.\u00a0 Szacowne JURY\u00a0stanowili ch\u0142opcy z...<a href='https:\/\/sp.tuchow.pl\/index.php\/2024\/03\/10\/dzien-kobiet-w-3b\/' class='pfpReadMore'>Read More &raquo;<\/a><div class='clear'><\/div><hr><\/div><div class='pfpItem entry-content'><h2 class='entry-title'><a href='https:\/\/sp.tuchow.pl\/index.php\/2024\/03\/07\/zaproszenie-do-udzialu-w-akcji-zonkile\/'>Zaproszenie do udzia\u0142u w akcji \u201e\u017bonkile\u201d<\/a><\/h2><img loading=\"lazy\" decoding=\"async\" class=\"alignnone size-full\" src=\"http:\/\/scontent-vie1-1.xx.fbcdn.net\/v\/t39.30808-6\/429671447_910436611086104_5928939823216614381_n.jpg?_nc_cat=106&amp;ccb=1-7&amp;_nc_sid=5f2048&amp;_nc_ohc=RlFQMChNFQgAX81JKCp&amp;_nc_ht=scontent-vie1-1.xx&amp;oh=00_AfAqD1RDc4URFixIs3ggPX7Z-U2mE9SlsggQgFoWvGQbXA&amp;oe=65EF71A8\" width=\"2048\" height=\"1536\" \/><p style=\"text-indent: 35.4pt; text-align: justify;\">19 kwietnia obchodzimy 81. rocznic\u0119 wybuchu powstania w getcie warszawskim. Nasza szko\u0142a po raz pi\u0105ty we\u017amie udzia\u0142 w akcji spo\u0142eczno-edukacyjnej \u201c\u017bonkile\u201d organizowanej przez Muzeum Historii \u017byd\u00f3w Polskich Polin.<\/p>\n<p style=\"text-align: center; text-indent: 35.4pt;\" align=\"center\">Zapraszamy uczni\u00f3w klas<br \/>\nIV -VIII do wzi\u0119cia udzia\u0142u w akcji ,,\u017bonkile\u201d.<\/p>\n<p style=\"text-align: justify; text-indent:...<a href='https:\/\/sp.tuchow.pl\/index.php\/2024\/03\/07\/zaproszenie-do-udzialu-w-akcji-zonkile\/' class='pfpReadMore'>Read More &raquo;<\/a><div class='clear'><\/div><hr><\/div><div class='pfpItem entry-content'><h2 class='entry-title'><a href='https:\/\/sp.tuchow.pl\/index.php\/2024\/03\/06\/vi-gminny-konkurs-piosenki-angielskiej-everybody-can-sing\/'>VI Gminny Konkurs Piosenki Angielskiej \u201eEverybody can sing\u201d<\/a><\/h2><img loading=\"lazy\" decoding=\"async\" class=\"aligncenter size-full\" src=\"http:\/\/scontent-vie1-1.xx.fbcdn.net\/v\/t39.30808-6\/429782783_909858444477254_6565525493886930135_n.jpg?_nc_cat=108&amp;ccb=1-7&amp;_nc_sid=5f2048&amp;_nc_ohc=6uLG_X7W7hkAX84lJ3f&amp;_nc_ht=scontent-vie1-1.xx&amp;oh=00_AfCT-oYn6eJ0J892-H91ahQyq9awizeNHVs9Hok49jPFwQ&amp;oe=65EDFC90\" width=\"2000\" height=\"1414\" \/><p class=\"Standard\" style=\"text-align: justify; text-justify: inter-ideograph;\">Serdecznie zapraszamy do udzia\u0142u w VI Gminnym Konkursie Piosenki Angielskiej \u201eEverybody can sing,\u201d kt\u00f3rego organizatorem jest Szko\u0142a Podstawowa im. Stanis\u0142awa Staszica w Tuchowie. Konkurs jest organizowany w dw\u00f3ch kategoriach wiekowych: uczniowie klas 1-4 oraz klas 5-8.<\/p>\n<p class=\"Textbody\" style=\"text-align: justify;\">Eliminacje dla uczni\u00f3w naszej szko\u0142y odb\u0119d\u0105 si\u0119...<a href='https:\/\/sp.tuchow.pl\/index.php\/2024\/03\/06\/vi-gminny-konkurs-piosenki-angielskiej-everybody-can-sing\/' class='pfpReadMore'>Read More &raquo;<\/a><div class='clear'><\/div><hr><\/div><div class='pfpItem entry-content'><h2 class='entry-title'><a href='https:\/\/sp.tuchow.pl\/index.php\/2024\/02\/29\/obchody-dnia-sw-patryka-3\/'>OBCHODY DNIA \u015aW. PATRYKA<\/a><\/h2><img loading=\"lazy\" decoding=\"async\" class=\"aligncenter size-full\" src=\"http:\/\/scontent-vie1-1.xx.fbcdn.net\/v\/t39.30808-6\/429682878_905782004884898_9173473239226897244_n.jpg?_nc_cat=110&amp;ccb=1-7&amp;_nc_sid=3635dc&amp;_nc_ohc=QwOvpLlFL_UAX8qxOJ4&amp;_nc_oc=AQmpp1KAEuKH1znSGKO3bosQzjCtRAKtidAQtYcCu8qyJHVsAOVNq762Mr9xxUD8lWQ&amp;_nc_ht=scontent-vie1-1.xx&amp;oh=00_AfCiyG_PUCUcmdes-aaA7GFubRr61bA85KAAPXZeMU-J4Q&amp;oe=65E4D1F0\" width=\"2000\" height=\"1414\" \/><p style=\"text-align: justify;\">17 marca obchodzony jest Dzie\u0144 \u015awi\u0119tego Patryka, patrona Irlandii. Jedn\u0105 z tradycji tego dnia jest noszenie ubra\u0144 w kolorze zielonym, dlatego zapraszamy wszystkich uczni\u00f3w klas 1-3 do udzia\u0142u w konkursie na najciekawsze przebranie w kolorze zielonym.<\/p>\n<p><u>Cele konkursu:<\/u><\/p>\n<ul>\n<li>Poznawanie kultury kraj\u00f3w angloj\u0119zycznych<\/li>\n<li>Wzbudzanie zainteresowania nauk\u0105 j\u0119zyka angielskiego<\/li>\n<li>Uatrakcyjnienie procesu uczenia si\u0119<\/li>\n<\/ul>\n<p style=\"text-align:...<a href='https:\/\/sp.tuchow.pl\/index.php\/2024\/02\/29\/obchody-dnia-sw-patryka-3\/' class='pfpReadMore'>Read More &raquo;<\/a><div class='clear'><\/div><hr><\/div><div class='pfpItem entry-content'><h2 class='entry-title'><a href='https:\/\/sp.tuchow.pl\/index.php\/2024\/02\/26\/miejsce-gdzie-rodzi-sie-magia-nadzieja-i-milosc-czyli-w-tajemniczym-ogrodzie\/'>,,Miejsce, gdzie rodzi si\u0119 magia, nadzieja i mi\u0142o\u015b\u0107\u2019\u2019, czyli w tajemniczym ogrodzie<\/a><\/h2><img loading=\"lazy\" decoding=\"async\" class=\"alignnone size-full\" src=\"http:\/\/scontent-vie1-1.xx.fbcdn.net\/v\/t39.30808-6\/430097707_903936991736066_5766312772493099886_n.jpg?_nc_cat=103&amp;ccb=1-7&amp;_nc_sid=3635dc&amp;_nc_ohc=eIP3ABHwd5oAX-KJ36F&amp;_nc_ht=scontent-vie1-1.xx&amp;oh=00_AfCttXOF5Uoco9mu7A2YbprnD6bOll2KEOJBRyHSur9xEg&amp;oe=65E0D7A9\" width=\"3160\" height=\"1327\" \/><p style=\"text-align: justify;\"><strong>Lekcje j\u0119zyka polskiego wcale nie musz\u0105 by\u0107 nudne, wr\u0119cz przeciwnie! <\/strong><\/p>\n<p style=\"text-align: justify;\">W klasie pi\u0105tej uczniowie od zawsze, gdy omawiamy lektur\u0119 F. E. Burnett ,,Tajemniczy ogr\u00f3d\u2019\u2019, maluj\u0105 tryptyk:<\/p>\n<p style=\"text-align: justify;\">I. Ogr\u00f3d w chwili odkrycia go przez Mary.<\/p>\n<p style=\"text-align: justify;\">II. Wiosna w zaczarowanej krainie.<\/p>\n<p style=\"text-align: justify;\">III. Ogr\u00f3d w pe\u0142ni...<a href='https:\/\/sp.tuchow.pl\/index.php\/2024\/02\/26\/miejsce-gdzie-rodzi-sie-magia-nadzieja-i-milosc-czyli-w-tajemniczym-ogrodzie\/' class='pfpReadMore'>Read More &raquo;<\/a><div class='clear'><\/div><hr><\/div><div class='pfpItem entry-content'><h2 class='entry-title'><a href='https:\/\/sp.tuchow.pl\/index.php\/2024\/02\/26\/miedzyszkolny-konkurs-jezykaangielskiego-picture-reading\/'>MI\u0118DZYSZKOLNY KONKURS J\u0118ZYKA ANGIELSKIEGO \u201ePICTURE READING\u201d<\/a><\/h2><p style=\"text-align: justify;\">Zapraszamy uczni\u00f3w klas 4-8 do udzia\u0142u w mi\u0119dzyszkolnym konkursie j\u0119zyka angielskiego.<br \/>\n&#8211; Uczestnik konkursu powinien napisa\u0107 (r\u0119cznie) opowiadanie w j\u0119zyku angielskim, liczba s\u0142\u00f3w od 80 do<br \/>\n150.<br \/>\n&#8211; W tek\u015bcie Uczestnik powinien zast\u0105pi\u0107 od 10 do 15 s\u0142\u00f3w obrazkiem (nale\u017cy narysowa\u0107 dany obrazek).<br \/>\n&#8211; Temat opowiadania jest dowolny.<br...<a href='https:\/\/sp.tuchow.pl\/index.php\/2024\/02\/26\/miedzyszkolny-konkurs-jezykaangielskiego-picture-reading\/' class='pfpReadMore'>Read More &raquo;<\/a><div class='clear'><\/div><hr><\/div><div class='pfpItem entry-content'><h2 class='entry-title'><a href='https:\/\/sp.tuchow.pl\/index.php\/2024\/02\/25\/rekrutacja-do-klas-i-na-rok-szkolny-2024-2025\/'>Rekrutacja do klas I na rok szkolny 2024\/2025<\/a><\/h2><p style=\"text-align: justify;\">Dyrektor Szko\u0142y Podstawowej im. Stanis\u0142awa Staszica w Tuchowie informuje, \u017ce zapisy do klasy pierwszej przyjmowane b\u0119d\u0105 <strong>od 26 lutego 2024 r. do 29 marca 2024 r.<\/strong><\/p>\n<p style=\"text-align: justify;\">Zg\u0142oszenia dla uczni\u00f3w z obwodu szko\u0142y (tj. Tuch\u00f3w, Meszna Opacka)\u00a0 oraz wnioski dla kandydat\u00f3w spoza obwodu nale\u017cy pobra\u0107 w sekretariacie szko\u0142y...<a href='https:\/\/sp.tuchow.pl\/index.php\/2024\/02\/25\/rekrutacja-do-klas-i-na-rok-szkolny-2024-2025\/' class='pfpReadMore'>Read More &raquo;<\/a><div class='clear'><\/div><hr><\/div><div class='pfpItem entry-content'><h2 class='entry-title'><a href='https:\/\/sp.tuchow.pl\/index.php\/2024\/02\/08\/wzrastamy-poprzez-pomoc-innym-reaktywacja-wolontariatu-w-szkole-podstawowej-w-tuchowie\/'>\u201eWzrastamy poprzez pomoc innym\u201d- Reaktywacja wolontariatu w Szkole Podstawowej w Tuchowie.<\/a><\/h2><p style=\"font-weight: 400; text-align: justify;\">Pocz\u0105tkiem lutego grupa si\u00f3dmoklasist\u00f3w ze Szko\u0142y podstawowej im. St. Staszica\u00a0w Tuchowie odwiedzi\u0142a mieszka\u0144c\u00f3w Domu Pogodnej Jesieni, prowadzonego\u00a0\u00a0przez Zgromadzenie Si\u00f3str \u015aw. J\u00f3zefa w Tuchowie.\u00a0\u00a0Celem spotkania by\u0142o zapoznanie si\u0119<br \/>\nz zasadami dzia\u0142alno\u015bci domu oraz mi\u0119dzypokoleniowa integracja. Wolontariusze zabrali ze sob\u0105 cz\u0119\u015b\u0107 upomink\u00f3w, zebranych podczas akcji \u201eZimowa herbatka dla...<a href='https:\/\/sp.tuchow.pl\/index.php\/2024\/02\/08\/wzrastamy-poprzez-pomoc-innym-reaktywacja-wolontariatu-w-szkole-podstawowej-w-tuchowie\/' class='pfpReadMore'>Read More &raquo;<\/a><div class='clear'><\/div><hr><\/div><div class='pfpItem entry-content'><h2 class='entry-title'><a href='https:\/\/sp.tuchow.pl\/index.php\/2024\/02\/08\/podsumowanie-akcji-charytatywnej-zimowa-herbatka-dla-babci-i-dziadka\/'>Podsumowanie akcji charytatywnej \u201e Zimowa herbatka dla Babci i Dziadka\u201d<\/a><\/h2><img loading=\"lazy\" decoding=\"async\" class=\"alignnone size-full\" src=\"http:\/\/scontent-vie1-1.xx.fbcdn.net\/v\/t39.30808-6\/426612911_891580336305065_4805006622400579422_n.jpg?_nc_cat=104&amp;ccb=1-7&amp;_nc_sid=3635dc&amp;_nc_ohc=rqdfE_b5dskAX8Wx22u&amp;_nc_ht=scontent-vie1-1.xx&amp;oh=00_AfDDXSSO8qAPfX_rA4GBBNqJhAqpp1D1BMgWPbYB6ymsoQ&amp;oe=65C979A0\" width=\"3012\" height=\"1391\" \/><p><strong>\u201eMiar\u0105 twojego cz\u0142owiecze\u0144stwa jest wielko\u015b\u0107 twojej troski o drugiego cz\u0142owieka\u201d<\/strong><\/p>\n<p>&nbsp;<\/p>\n<p>26 stycznia zako\u0144czy\u0142a si\u0119 w naszej szkole akcja charytatywna \u201e Zimowa herbatka dla Babci i Dziadka\u201d. Dzi\u0119ki ogromnym sercom uczni\u00f3w i ich rodzic\u00f3w uda\u0142o nam si\u0119 zebra\u0107 :<\/p>\n<p>kawa rozpuszczalna- 10 sztuk<\/p>\n<p>cappuccino\u00a0\u00a0\u00a0\u00a0\u00a0\u00a0\u00a0\u00a0\u00a0\u00a0\u00a0\u00a0\u00a0\u00a0 &#8211; 18 sztuk<\/p>\n<p>kawa\u00a0\u00a0\u00a0\u00a0\u00a0\u00a0\u00a0\u00a0\u00a0\u00a0\u00a0\u00a0\u00a0\u00a0\u00a0\u00a0\u00a0\u00a0\u00a0\u00a0\u00a0\u00a0\u00a0\u00a0 &#8211;\u00a0 75 sztuk<\/p>\n<p>herbata zio\u0142owa\u00a0\u00a0\u00a0\u00a0 &#8211;\u00a0 50 sztuk<\/p>\n<p>herbata...<a href='https:\/\/sp.tuchow.pl\/index.php\/2024\/02\/08\/podsumowanie-akcji-charytatywnej-zimowa-herbatka-dla-babci-i-dziadka\/' class='pfpReadMore'>Read More &raquo;<\/a><div class='clear'><\/div><hr><\/div><div class='pfpItem entry-content'><h2 class='entry-title'><a href='https:\/\/sp.tuchow.pl\/index.php\/2024\/02\/06\/dom-w-ktorym-jest-ania-nie-moze-byc-smutny-czyli-o-wyjezdzie-do-teatru-im-ludwika-solskiego-w-tarnowie\/'>,,Dom, w kt\u00f3rym jest Ania, nie mo\u017ce by\u0107 smutny\u2019\u2019, czyli o wyje\u017adzie do Teatru im. Ludwika Solskiego w Tarnowie<\/a><\/h2><p style=\"text-align: justify;\"><strong>1 lutego 2024 roku uczniowie klasy VI b\u00a0 Szko\u0142y Podstawowej w Tuchowie obejrzeli\u00a0 niezwyk\u0142y spektakl muzyczny \u201eAnia z Zielonego Wzg\u00f3rza\u201d, oparty na motywach powie\u015bci kanadyjskiej pisarki Lucy Maud Montgomery.<\/strong><\/p>\n<p style=\"text-align: justify;\"><strong>\u00a0<\/strong><\/p>\n<p style=\"text-align: justify;\">W ci\u0105gu trzyaktowego spektaklu muzycznego poznajemy perypetie Ani Shirley, rudow\u0142osej dziewczynki z sieroci\u0144ca, kt\u00f3ra maj\u0105c jedena\u015bcie...<a href='https:\/\/sp.tuchow.pl\/index.php\/2024\/02\/06\/dom-w-ktorym-jest-ania-nie-moze-byc-smutny-czyli-o-wyjezdzie-do-teatru-im-ludwika-solskiego-w-tarnowie\/' class='pfpReadMore'>Read More &raquo;<\/a><div class='clear'><\/div><hr><\/div><div class='pfpItem entry-content'><h2 class='entry-title'><a href='https:\/\/sp.tuchow.pl\/index.php\/2024\/01\/30\/spotkanie-z-przyjaciolmi-ze-stowarzyszenia-osob-niepelnosprawnych-nadzieja-w-tuchowie-2\/'>Spotkanie z Przyjaci\u00f3\u0142mi ze Stowarzyszenia Os\u00f3b Niepe\u0142nosprawnych \u201dNadzieja\u201d w Tuchowie.<\/a><\/h2><p><em>&#8222;Ludzie to anio\u0142y z jednym skrzyd\u0142em, dlatego aby si\u0119 wznie\u015b\u0107, musimy trzyma\u0107 si\u0119 razem&#8221;<\/em> &#8211; Maria Konopnicka<\/p>\n<p>Tradycj\u0105 naszej szko\u0142y sta\u0142y si\u0119 organizowane co roku spotkania z Przyjaci\u00f3\u0142mi ze Stowarzyszenia Os\u00f3b Niepe\u0142nosprawnych \u201dNadzieja\u201d w Tuchowie.<\/p>\n<p>27 stycznia 2024 roku odby\u0142a si\u0119 kolejna zabawa karnawa\u0142owa.<br \/>\nAtmosfera spotkania by\u0142a niezwykle przyjazna. Wszyscy uczestnicy bawili...<a href='https:\/\/sp.tuchow.pl\/index.php\/2024\/01\/30\/spotkanie-z-przyjaciolmi-ze-stowarzyszenia-osob-niepelnosprawnych-nadzieja-w-tuchowie-2\/' class='pfpReadMore'>Read More &raquo;<\/a><div class='clear'><\/div><hr><\/div><div class='pfpItem entry-content'><h2 class='entry-title'><a href='https:\/\/sp.tuchow.pl\/index.php\/2024\/01\/25\/szlakiem-tuchowskich-artystow\/'>Szlakiem tuchowskich artyst\u00f3w. Warsztaty mozaiki klasy IIa<\/a><\/h2><p>&#8222;Mozaika to bardzo wdzi\u0119czna technika malarska, kt\u00f3ra nigdy si\u0119 nie nudzi&#8221; &#8211; przekonuje Lubosz Karwat, artysta, kt\u00f3rego prace mo\u017cna podziwia\u0107 na wystawach w Polsce i za granic\u0105, w tym w tureckim ZEUGMA &#8211; najwi\u0119kszym muzeum mozaiki na \u015bwiecie. Pan Karwat prowadzi warsztaty z zakresu mozaiki artystycznej w Poznaniu, Krakowie, Wroc\u0142awiu,...<a href='https:\/\/sp.tuchow.pl\/index.php\/2024\/01\/25\/szlakiem-tuchowskich-artystow\/' class='pfpReadMore'>Read More &raquo;<\/a><div class='clear'><\/div><hr><\/div><div class='pfpItem entry-content'><h2 class='entry-title'><a href='https:\/\/sp.tuchow.pl\/index.php\/2024\/01\/24\/xi-szkolny-konkurs-recytatorsko-plastyczny-poswiecony-tworczosci-ksiedza-jana-twardowskiego\/'>XI Szkolny Konkurs Recytatorsko- Plastyczny po\u015bwi\u0119cony tw\u00f3rczo\u015bci ksi\u0119dza Jana Twardowskiego<\/a><\/h2><p style=\"text-align: center;\"><strong>\u201eWierzy\u0107 to znaczy ufa\u0107, kiedy cud\u00f3w nie ma\u2019\u2019<\/strong><\/p>\n<p style=\"text-align: center;\">Ksi\u0105dz Jan Twardowski<\/p>\n<p style=\"text-align: justify;\"><strong>Za nami ju\u017c XI Szkolny Konkurs Recytatorsko- Plastyczny po\u015bwi\u0119cony tw\u00f3rczo\u015bci ksi\u0119dza Jana Twardowskiego. 18 stycznia 2024 roku w 18. rocznic\u0119 \u015bmierci poety w Szkole Podstawowej im. Stanis\u0142awa Staszica recytatorzy zaprezentowali bogaty repertuar jego\u00a0 tw\u00f3rczo\u015bci. <\/strong><\/p>\n<p...<a href='https:\/\/sp.tuchow.pl\/index.php\/2024\/01\/24\/xi-szkolny-konkurs-recytatorsko-plastyczny-poswiecony-tworczosci-ksiedza-jana-twardowskiego\/' class='pfpReadMore'>Read More &raquo;<\/a><div class='clear'><\/div><hr><\/div><div class='pfpItem entry-content'><h2 class='entry-title'><a href='https:\/\/sp.tuchow.pl\/index.php\/2024\/01\/17\/argument-na-warsztacie-czyli-o-trudnej-sztuce-przekonywania-w-debatach-oksfordzkich\/'>Argument na warsztacie, czyli o trudnej sztuce przekonywania w debatach oksfordzkich<\/a><\/h2><p style=\"text-align: justify;\">Argumentacja oraz sztuka przekonywania to temat drugiego spotkania, kt\u00f3re odby\u0142o si\u0119 16 stycznia 2024 r. w ramach programu \u201eDebaty oksfordzkie\u201d. M\u0142odzie\u017c naszej szko\u0142y pozna\u0142a tym razem tajniki skutecznego przekonywania za pomoc\u0105 rzeczowej argumentacji, a s\u0105 to, jak wiadomo, jedne z najwa\u017cniejszych umiej\u0119tno\u015bci, a zarazem \u00a0narz\u0119dzi prowadzenia konstruktywnej dyskusji.<\/p>\n<p...<a href='https:\/\/sp.tuchow.pl\/index.php\/2024\/01\/17\/argument-na-warsztacie-czyli-o-trudnej-sztuce-przekonywania-w-debatach-oksfordzkich\/' class='pfpReadMore'>Read More &raquo;<\/a><div class='clear'><\/div><hr><\/div><div class='pfpItem entry-content'><h2 class='entry-title'><a href='https:\/\/sp.tuchow.pl\/index.php\/2024\/01\/09\/zimowa-herbatka-dla-babci-i-dziadka\/'>Zimowa herbatka dla Babci i Dziadka<\/a><\/h2><img loading=\"lazy\" decoding=\"async\" class=\"aligncenter size-full\" src=\"http:\/\/scontent-vie1-1.xx.fbcdn.net\/v\/t39.30808-6\/418723724_870310035098762_3487800362602146844_n.jpg?_nc_cat=103&amp;ccb=1-7&amp;_nc_sid=3635dc&amp;_nc_ohc=dlQYa7ITtFcAX-hC_Lt&amp;_nc_ht=scontent-vie1-1.xx&amp;oh=00_AfCHlhr9UxHdGmI4sLrNbbJ0mtzHqRe8X2_0aL80t4a4nQ&amp;oe=65A25456\" width=\"1747\" height=\"1241\" \/><div dir=\"auto\" style=\"text-align: justify;\">Zapraszamy ch\u0119tnych uczni\u00f3w do udzia\u0142u w zbi\u00f3rce r\u00f3\u017cnego rodzaju herbat i kaw, kt\u00f3re zostan\u0105 przekazane Seniorom z Domu Opieki Spo\u0142ecznej w Karwodrzy.<\/div>\n<div dir=\"auto\" style=\"text-align: justify;\">Zbi\u00f3rka potrwa do 26 stycznia. Herbat\u0119 i kaw\u0119 prosimy przynosi\u0107 do biblioteki szkolnej.<\/div>\n<div dir=\"auto\"><\/div>\n...<a href='https:\/\/sp.tuchow.pl\/index.php\/2024\/01\/09\/zimowa-herbatka-dla-babci-i-dziadka\/' class='pfpReadMore'>Read More &raquo;<\/a><div class='clear'><\/div><hr><\/div><div class='pfpItem entry-content'><h2 class='entry-title'><a href='https:\/\/sp.tuchow.pl\/index.php\/2024\/01\/08\/pierwsze-spotkanie-w-ramach-programu-debaty-oksfordzkie-mlodziezowy-dialog-w-malej-ojczyznie-za-nami\/'>Pierwsze spotkanie w ramach programu Debaty Oksfordzkie. M\u0142odzie\u017cowy dialog w Ma\u0142ej Ojczy\u017anie za nami.<\/a><\/h2><p><strong>Pierwsze spotkanie w ramach programu Debaty Oksfordzkie. M\u0142odzie\u017cowy dialog w Ma\u0142ej Ojczy\u017anie za nami.<\/strong><\/p>\n<p style=\"text-align: justify;\">8 stycznia 2024 r. uczniowie klas \u00f3smych oraz si\u00f3dmych wzi\u0119li udzia\u0142 w dwugodzinnym spotkaniu w Domu Kultury, kt\u00f3re po\u015bwi\u0119cone by\u0142o tajnikom debaty oksfordzkiej. M\u0142odzie\u017c pozna\u0142a specyfik\u0119 tej metody prowadzenia dyskusji, kt\u00f3r\u0105 w przyst\u0119pny spos\u00f3b przedstawi\u0142...<a href='https:\/\/sp.tuchow.pl\/index.php\/2024\/01\/08\/pierwsze-spotkanie-w-ramach-programu-debaty-oksfordzkie-mlodziezowy-dialog-w-malej-ojczyznie-za-nami\/' class='pfpReadMore'>Read More &raquo;<\/a><div class='clear'><\/div><hr><\/div><div class='pfpItem entry-content'><h2 class='entry-title'><a href='https:\/\/sp.tuchow.pl\/index.php\/2024\/01\/06\/z-wizyta-w-barcelonie\/'>Z wizyt\u0105 w Barcelonie<\/a><\/h2><img loading=\"lazy\" decoding=\"async\" class=\"alignnone size-full\" src=\"http:\/\/scontent-vie1-1.xx.fbcdn.net\/v\/t39.30808-6\/417567175_868003545329411_3504656536131539721_n.jpg?_nc_cat=107&amp;ccb=1-7&amp;_nc_sid=3635dc&amp;_nc_ohc=2pKBAofgYWYAX89Kpqk&amp;_nc_ht=scontent-vie1-1.xx&amp;oh=00_AfAvIjXxJ26KbNkZqccsTV6T58PS0vcaEJC8snAS9E_wPQ&amp;oe=659E69C6\" width=\"1600\" height=\"1196\" \/><p style=\"text-align: justify;\">Dwie nauczycielki Szko\u0142y Podstawowej im. Stanis\u0142awa Staszica w Tuchowie odby\u0142y sze\u015bciodniowy kurs w samym sercu Hiszpanii, czyli pi\u0119knej Barcelonie. Kurs zosta\u0142 zrealizowany w ramach projektu Erasmus+ \u201cZielone \u015bwiat\u0142o dla uczenia w podr\u00f3\u017cy\u201d, wsp\u00f3\u0142finansowanego przez Uni\u0119 Europejsk\u0105. Podczas\u00a0 kursu zorganizowanego przez Europass Teacher Academy p.n. \u201dA happy lesson: valuable...<a href='https:\/\/sp.tuchow.pl\/index.php\/2024\/01\/06\/z-wizyta-w-barcelonie\/' class='pfpReadMore'>Read More &raquo;<\/a><div class='clear'><\/div><hr><\/div><div class='pfpItem entry-content'><h2 class='entry-title'><a href='https:\/\/sp.tuchow.pl\/index.php\/2024\/01\/02\/grudniowe-pomaganie-w-szkole-podstawowej-w-tuchowie\/'>Grudniowe pomaganie w Szkole Podstawowej w Tuchowie<\/a><\/h2><img loading=\"lazy\" decoding=\"async\" class=\"alignnone size-full\" src=\"http:\/\/scontent-vie1-1.xx.fbcdn.net\/v\/t39.30808-6\/414919937_865632792233153_6277110363660224623_n.jpg?_nc_cat=111&amp;ccb=1-7&amp;_nc_sid=3635dc&amp;_nc_ohc=QFd6G0BcpGcAX90wUK_&amp;_nc_ht=scontent-vie1-1.xx&amp;oh=00_AfCfRngdv0QqGdKESw6X92hG6zBbHC-UXKn8wQl8d35aTg&amp;oe=659A39B7\" width=\"2048\" height=\"1161\" \/><p style=\"text-align: justify;\">Grudzie\u0144 to miesi\u0105c kiedy nasze\u00a0 my\u015bli kr\u0105\u017c\u0105\u00a0 wok\u00f3\u0142 \u015bwi\u0105t. Zdobimy, choink\u0119, przygotowujemy \u015bwi\u0105teczne jedzenie, kupujemy prezenty, sp\u0119dzamy czas w gronie rodziny. Jest to r\u00f3wnie\u017c moment, kiedy chcemy pomaga\u0107 potrzebuj\u0105cym.<\/p>\n<p style=\"text-align: justify;\">Maj\u0105c wi\u0119c na uwadze potrzeby podopiecznych Ma\u0142opolskiego Hospicjum Domowego dla Dzieci oraz mieszkanek Domu Samotnej Matki w Tarnowie...<a href='https:\/\/sp.tuchow.pl\/index.php\/2024\/01\/02\/grudniowe-pomaganie-w-szkole-podstawowej-w-tuchowie\/' class='pfpReadMore'>Read More &raquo;<\/a><div class='clear'><\/div><hr><\/div><div class='pfpItem entry-content'><h2 class='entry-title'><a href='https:\/\/sp.tuchow.pl\/index.php\/2024\/01\/02\/happening-bozonarodzeniowy-22-grudnia-2023-r\/'>HAPPENING BO\u017bONARODZENIOWY 22 grudnia 2023 r.<\/a><\/h2><p style=\"text-align: justify;\">Tradycj\u0105 naszej szko\u0142y sta\u0142 si\u0119 Happening Bo\u017conarodzeniowy organizowany corocznie przez uczni\u00f3w i nauczycieli. Zasada jest prosta, przygotowujemy kartki z \u017cyczeniami, przebieramy si\u0119 w stroje: anio\u0142\u00f3w oraz \u00a0diab\u0142\u00f3w i zaopatrzeni w koszyki z cukierkami ruszamy na tuchowski rynek aby \u017cyczy\u0107 przechodniom pi\u0119knych \u015awi\u0105t oraz wszystkiego co najlepsze w Nowym...<a href='https:\/\/sp.tuchow.pl\/index.php\/2024\/01\/02\/happening-bozonarodzeniowy-22-grudnia-2023-r\/' class='pfpReadMore'>Read More &raquo;<\/a><div class='clear'><\/div><hr><\/div><div class='pfpItem entry-content'><h2 class='entry-title'><a href='https:\/\/sp.tuchow.pl\/index.php\/2023\/12\/20\/konkurs-pn-projekt-maskotki-szkoly-rozstrzygniety\/'>Konkurs pn: \"Projekt maskotki szko\u0142y\" rozstrzygni\u0119ty<\/a><\/h2><div class=\"xdj266r x11i5rnm xat24cr x1mh8g0r x1vvkbs x126k92a\">\n<div dir=\"auto\">W dniu 19.12.2023 r. w Szkole Podstawowej im. Stanis\u0142awa Staszica w Tuchowie odby\u0142o si\u0119 spotkanie jury zaproszonego do wy\u0142onienia zwyci\u0119zc\u00f3w w szkolnym konkursie \u201eProjekt maskotki szko\u0142y\u201d.<\/div>\n<\/div>\n<div class=\"x11i5rnm xat24cr x1mh8g0r x1vvkbs xtlvy1s x126k92a\">\n<div dir=\"auto\">Jury w sk\u0142adzie: Wies\u0142awa Hudyka, Lubosz Karwat oraz Stanis\u0142aw Maniak wy\u0142onili...<a href='https:\/\/sp.tuchow.pl\/index.php\/2023\/12\/20\/konkurs-pn-projekt-maskotki-szkoly-rozstrzygniety\/' class='pfpReadMore'>Read More &raquo;<\/a><div class='clear'><\/div><hr><\/div><div class='pfpItem entry-content'><h2 class='entry-title'><a href='https:\/\/sp.tuchow.pl\/index.php\/2023\/12\/18\/wigilia-szkolna-i-jaselka-22-grudnia-2023-r\/'>Wigilia szkolna i jase\u0142ka - 22 grudnia 2023 r.<\/a><\/h2><div class=\"subHeader\">\n<div class=\"name\"><strong>22 grudnia 2023 r.<\/strong>\u00a0(pi\u0105tek) jest ostatnim dniem nauki przed \u015bwi\u0119tami. W tym dniu\u00a0<u>nie ma lekcji.<\/u>\u00a0Zaj\u0119cia odbywaj\u0105 si\u0119 wg nast\u0119puj\u0105cego harmonogramu:<\/div>\n<\/div>\n<div class=\"content\">\n<p><strong><u>Klasy I \u2013 IV<\/u><\/strong><\/p>\n<p><strong>8:00 &#8211; 10:00<\/strong>\u00a0Wigilie klasowe z wychowawcami i wychowawcami wspomagaj\u0105cymi, a o godz.\u00a0<strong><u>10:00<\/u><\/strong>\u00a0jase\u0142ka w hali sportowej MOSiR.<\/p>\n<p><strong><u>Klasy V \u2013 VIII<\/u><\/strong><\/p>\n<p><strong>9:30 \u2013 11:30<\/strong>\u00a0Wigilie klasowe z wychowawcami i...<a href='https:\/\/sp.tuchow.pl\/index.php\/2023\/12\/18\/wigilia-szkolna-i-jaselka-22-grudnia-2023-r\/' class='pfpReadMore'>Read More &raquo;<\/a><div class='clear'><\/div><hr><\/div><div class='pfpItem entry-content'><h2 class='entry-title'><a href='https:\/\/sp.tuchow.pl\/index.php\/2023\/12\/18\/piernikowy-dzien-klasy-3b-w-sadeckim-bartniku\/'>\u201ePIERNIKOWY\u00a0DZIE\u0143\u201d KLASY\u00a03B W S\u0104DECKIM BARTNIKU.<\/a><\/h2><p style=\"text-align: justify;\">By\u0142o pachn\u0105co, weso\u0142o, g\u0142o\u015bno\u00a0 i smacznie w piernikowej chacie. Czule i mi\u0142o w stajence u zwierz\u0105t. Wzruszaj\u0105co w szopce. \u015awi\u0105tecznie i pysznie przy obiedzie wigilijnym. Bogato w sklepiku z miodami. Po prostu: cud mi\u00f3d!!! Teraz ju\u017c mo\u017cemy \u015bwi\u0119towa\u0107.<\/p>\n<p style=\"text-align: right;\"><em>El\u017cbieta Fryzowska<\/em><\/p>\n<p><a href=\"http:\/\/www.facebook.com\/photo\/?fbid=856309873165445&amp;set=pcb.856310606498705\">Galeria zdj\u0119\u0107<\/a><\/p>\n...<a href='https:\/\/sp.tuchow.pl\/index.php\/2023\/12\/18\/piernikowy-dzien-klasy-3b-w-sadeckim-bartniku\/' class='pfpReadMore'>Read More &raquo;<\/a><div class='clear'><\/div><hr><\/div><div class='pfpItem entry-content'><h2 class='entry-title'><a href='https:\/\/sp.tuchow.pl\/index.php\/2023\/12\/17\/konkursy-poswiecone-tworczosci-ksiedza-jana-twardowskiego\/'>Konkursy po\u015bwi\u0119cone tw\u00f3rczo\u015bci ksi\u0119dza Jana Twardowskiego<\/a><\/h2><p style=\"text-align: center;\"><span style=\"color: #3366ff;\"><strong>XI SZKOLNY KONKURS RECYTATORSKI<\/strong><\/span><\/p>\n<p style=\"text-align: center;\"><span style=\"color: #3366ff;\"><strong>\u00a0PO\u015aWI\u0118CONY TW\u00d3RCZO\u015aCI<\/strong><\/span><\/p>\n<p style=\"text-align: center;\"><span style=\"color: #3366ff;\"><strong>KSI\u0118DZA JANA TWARDOWSKIEGO<\/strong><\/span><\/p>\n<p><strong>\u00a0I. <\/strong>Organizator: mgr Renata G\u0105sior (nauczyciel j\u0119zyka polskiego)<\/p>\n<p><strong>II. Cele konkursu<\/strong>:<\/p>\n<p>&#8211; Popularyzacja w\u015br\u00f3d uczni\u00f3w klas III &#8211; VI utwor\u00f3w ksi\u0119dza Jana Twardowskiego<\/p>\n<p>&#8211; Odwo\u0142ywanie si\u0119 do nieprzemijaj\u0105cych warto\u015bci poezji ksi\u0119dza Jana Twardowskiego w duchu...<a href='https:\/\/sp.tuchow.pl\/index.php\/2023\/12\/17\/konkursy-poswiecone-tworczosci-ksiedza-jana-twardowskiego\/' class='pfpReadMore'>Read More &raquo;<\/a><div class='clear'><\/div><hr><\/div><div class='pfpItem entry-content'><h2 class='entry-title'><a href='https:\/\/sp.tuchow.pl\/index.php\/2023\/12\/15\/xi-gminny-konkurs-swiatecznej-piosenki-obcojezycznej-2\/'>XI Gminny Konkurs \u015awi\u0105tecznej Piosenki Obcoj\u0119zycznej<\/a><\/h2><p style=\"text-align: justify;\">15 grudnia 2023 r. w Domu kultury w Tuchowie odby\u0142 si\u0119 XI Gminny Konkurs \u015awi\u0105tecznej Piosenki Obcoj\u0119zycznej, kt\u00f3ry swoim patronatem obj\u0119\u0142a Burmistrz Tuchowa Magdalena Marsza\u0142ek. W konkursie wzi\u0119\u0142o udzia\u0142 39 wykonawc\u00f3w z dziewi\u0119ciu szk\u00f3\u0142 Gminy Tuch\u00f3w. Wyst\u0119py podzielono na trzy kategorie, klasy 1-3, klasy 4-6 oraz klasy 7-8....<a href='https:\/\/sp.tuchow.pl\/index.php\/2023\/12\/15\/xi-gminny-konkurs-swiatecznej-piosenki-obcojezycznej-2\/' class='pfpReadMore'>Read More &raquo;<\/a><div class='clear'><\/div><hr><\/div><div class='pfpItem entry-content'><h2 class='entry-title'><a href='https:\/\/sp.tuchow.pl\/index.php\/2023\/12\/14\/we-wish-you-a-merry-christmas-czyli-szkolny-konkurs-swiatecznej-piosenki-obcojezycznej\/'>We wish you a Merry Christmas czyli Szkolny Konkurs \u015awi\u0105tecznej Piosenki Obcoj\u0119zycznej<\/a><\/h2><p style=\"text-align: justify;\">11.12.2023 w naszej szkole, ju\u017c po raz 11, odby\u0142 si\u0119 szkolny etap konkursu \u015awi\u0105tecznej Piosenki Obcoj\u0119zycznej, kt\u00f3ry by\u0142 zarazem etapem kwalifikuj\u0105cym do konkursu \u00a0gminnego. Uczennice i uczniowie naszej szko\u0142y, \u015bpiewaj\u0105c wybrane przez siebie utwory, mieli szans\u0119 zaprezentowa\u0107 si\u0119 od strony artystycznej.<\/p>\n<p style=\"text-align: justify;\">Konkurs sk\u0142ada\u0142 si\u0119 z trzech etap\u00f3w,...<a href='https:\/\/sp.tuchow.pl\/index.php\/2023\/12\/14\/we-wish-you-a-merry-christmas-czyli-szkolny-konkurs-swiatecznej-piosenki-obcojezycznej\/' class='pfpReadMore'>Read More &raquo;<\/a><div class='clear'><\/div><hr><\/div><div class='pfpItem entry-content'><h2 class='entry-title'><a href='https:\/\/sp.tuchow.pl\/index.php\/2023\/12\/14\/lekcja-historii-w-muzeum-archeologicznym\/'>Lekcja historii w Muzeum Archeologicznym<\/a><\/h2><p>&nbsp;<\/p>\n<p>7 grudnia uczniowie klas 5c i 5d zwiedzili wystaw\u0119 \u201eEgipski design\u201d w Muzeum Archeologicznym w Krakowie. W pierwszej cz\u0119\u015bci wizyty uczniowie poznali kultur\u0119 i sztuk\u0119 staro\u017cytnego Egiptu. Zobaczyli niezwyk\u0142e znaleziska archeologiczne m.in. mumie ludzkie i zwierz\u0119ce oraz przedmioty codziennego u\u017cytku, kt\u00f3re znalaz\u0142y si\u0119 w eksplorowanych grobowcach. Wspania\u0142a kolekcja zabytk\u00f3w egiptologicznych\u00a0...<a href='https:\/\/sp.tuchow.pl\/index.php\/2023\/12\/14\/lekcja-historii-w-muzeum-archeologicznym\/' class='pfpReadMore'>Read More &raquo;<\/a><div class='clear'><\/div><hr><\/div><div class='pfpItem entry-content'><h2 class='entry-title'><a href='https:\/\/sp.tuchow.pl\/index.php\/2023\/12\/13\/iii-powiatowy-konkurs-recytatorski-poezji-tadeusza-nowaka\/'>III Powiatowy Konkurs Recytatorski Poezji Tadeusza Nowaka<\/a><\/h2><img loading=\"lazy\" decoding=\"async\" class=\"aligncenter size-full\" src=\"http:\/\/scontent-vie1-1.xx.fbcdn.net\/v\/t39.30808-6\/411186357_852163280246771_643477073430501397_n.jpg?_nc_cat=110&amp;ccb=1-7&amp;_nc_sid=3635dc&amp;_nc_ohc=0JbtmgD0usoAX_9uWdP&amp;_nc_ht=scontent-vie1-1.xx&amp;oh=00_AfDZEwPfCvMM6w1qI2mgtC-TTQ1iwSWmRJeTPRnoQs-BZw&amp;oe=657F8087\" width=\"2000\" height=\"1500\" \/><p style=\"text-align: justify;\" align=\"justify\">12 grudnia odby\u0142a si\u0119 uroczysta gala w ramach III Powiatowego Konkursu Recytatorskiego Poezji Tadeusza Nowaka, organizowana przez Gminne Centrum Kultury w Wietrzychowicach, W\u00f3jta Gminy Wietrzychowice oraz Tarnowsk\u0105 Organizacj\u0119 Turystyczn\u0105.<\/p>\n<p style=\"text-align: justify;\" align=\"justify\">Nasz\u0105 gmin\u0119 reprezentowa\u0142y w tym roku uczennice Szko\u0142y Podstawowej im. St. Staszica w Tuchowie:<b>\u00a0Karolina Wi\u0119cek, Kornelia...<a href='https:\/\/sp.tuchow.pl\/index.php\/2023\/12\/13\/iii-powiatowy-konkurs-recytatorski-poezji-tadeusza-nowaka\/' class='pfpReadMore'>Read More &raquo;<\/a><div class='clear'><\/div><hr><\/div><div class='pfpItem entry-content'><h2 class='entry-title'><a href='https:\/\/sp.tuchow.pl\/index.php\/2023\/12\/13\/terapia-inaczej-najlepsi-kucharze-to-mezczyzni\/'>Terapia inaczej - Najlepsi kucharze to m\u0119\u017cczy\u017ani!<\/a><\/h2><p style=\"text-align: justify;\">Wykonuj\u0105c zadanie z kalendarza adwentowego znajduj\u0105cego si\u0119 w bibliotece szkolnej: <em>Upiecz pierniczki \u015bwi\u0105teczne<\/em> zabra\u0142am ucznia do Sali kulinarnej na zaj\u0119cia. Upiekli\u015bmy \u015bwi\u0105teczne pierniczki. By\u0142 to spontaniczny pomys\u0142, kt\u00f3ry zaowocowa\u0142 smacznymi ciasteczkami. Ucze\u0144 samodzielnie wyrabia\u0142 i wa\u0142kowa\u0142 ciasto, ch\u0119tnie i z du\u017cym zaanga\u017cowaniem wykrawa\u0142 \u015bwi\u0105teczne gwiazdki, choinki, anio\u0142ki i...<a href='https:\/\/sp.tuchow.pl\/index.php\/2023\/12\/13\/terapia-inaczej-najlepsi-kucharze-to-mezczyzni\/' class='pfpReadMore'>Read More &raquo;<\/a><div class='clear'><\/div><hr><\/div><div class='pfpItem entry-content'><h2 class='entry-title'><a href='https:\/\/sp.tuchow.pl\/index.php\/2023\/12\/12\/xi-ogolnopolskie-dyktando-niepodleglosciowe-po-polsku-o-historii\/'>XI\u00a0 OG\u00d3LNOPOLSKIE DYKTANDO NIEPODLEGLO\u015aCIOWE \u201e PO POLSKU O HISTORII\u201d<\/a><\/h2><img loading=\"lazy\" decoding=\"async\" class=\"aligncenter size-full\" src=\"http:\/\/scontent-vie1-1.xx.fbcdn.net\/v\/t39.30808-6\/409152205_851489503647482_5970217640110934261_n.jpg?_nc_cat=101&amp;ccb=1-7&amp;_nc_sid=3635dc&amp;_nc_ohc=5qS1RGZi_20AX9tTrFQ&amp;_nc_ht=scontent-vie1-1.xx&amp;oh=00_AfCdi-HobE84lAaNmt_IU6fzaLg39nPrR-ljW2Vid8j8dA&amp;oe=657E0744\" width=\"1496\" height=\"1496\" \/><p style=\"text-align: justify;\">27 wrze\u015bnia 2023 roku odby\u0142 si\u0119 szkolny etap XI Og\u00f3lnopolskiego Dyktanda Niepodleg\u0142o\u015bciowego \u201e Po polsku o historii\u201d. Dzi\u0119ki konkursowi uczniowie naszej szko\u0142y mogli pog\u0142\u0119bi\u0107 wiedz\u0119 historyczn\u0105, rozwin\u0105\u0107 swoje zainteresowania, a przede wszystkim sprawdzi\u0107 swoje umiej\u0119tno\u015bci ortograficzne. Musieli poradzi\u0107 sobie m.in. z pisaniem skr\u00f3t\u00f3w, skr\u00f3towc\u00f3w , pisowni\u0105 nazwisk i...<a href='https:\/\/sp.tuchow.pl\/index.php\/2023\/12\/12\/xi-ogolnopolskie-dyktando-niepodleglosciowe-po-polsku-o-historii\/' class='pfpReadMore'>Read More &raquo;<\/a><div class='clear'><\/div><hr><\/div><div class='pfpItem entry-content'><h2 class='entry-title'><a href='https:\/\/sp.tuchow.pl\/index.php\/2023\/12\/11\/pasowanie-na-czytelnika-biblioteki-szkolnej\/'>Pasowanie na czytelnika biblioteki szkolnej<\/a><\/h2><p style=\"text-align: justify;\">W \u015brod\u0119 6 grudnia 2023 roku biblioteka szkolna mia\u0142a zaszczyt przyj\u0105\u0107 do grona czytelnik\u00f3w nowych uczni\u00f3w z klas pierwszych. By\u0142 to szczeg\u00f3lny dzie\u0144 zar\u00f3wno dla bibliotekarek jak i dla pierwszoklasist\u00f3w. Przygotowa\u0142y\u015bmy dla nowych cz\u0142onk\u00f3w biblioteki zak\u0142adki do ksi\u0105\u017cek, drobne prezenty oraz -od Instytutu Ksi\u0105\u017cki- zestaw Wyprawka dla pierwszoklasisty,...<a href='https:\/\/sp.tuchow.pl\/index.php\/2023\/12\/11\/pasowanie-na-czytelnika-biblioteki-szkolnej\/' class='pfpReadMore'>Read More &raquo;<\/a><div class='clear'><\/div><hr><\/div><div class='pfpItem entry-content'><h2 class='entry-title'><a href='https:\/\/sp.tuchow.pl\/index.php\/2023\/12\/06\/xi-gminny-konkurs-swiatecznej-piosenki-obcojezycznej\/'>XI Gminny Konkurs \u015awi\u0105tecznej Piosenki Obcoj\u0119zycznej<\/a><\/h2><img loading=\"lazy\" decoding=\"async\" class=\"aligncenter size-full\" src=\"http:\/\/scontent-vie1-1.xx.fbcdn.net\/v\/t39.30808-6\/409033208_847689300694169_2305731163756518287_n.jpg?_nc_cat=101&amp;ccb=1-7&amp;_nc_sid=3635dc&amp;_nc_ohc=Q1107RzHmPAAX_B_Deu&amp;_nc_ht=scontent-vie1-1.xx&amp;oh=00_AfBIda780qK5VjSV76pjRTYgdvJgYDW86xftlnc6yyGGUQ&amp;oe=6576913D\" width=\"1448\" height=\"2048\" \/><p style=\"text-align: justify;\">Ju\u017c po raz jedenasty mamy zaszczyt zaprosi\u0107 uczni\u00f3w oraz nauczycieli do wzi\u0119cia udzia\u0142u w Gminnym Konkursie \u015awi\u0105tecznej Piosenki Obcoj\u0119zycznej, kt\u00f3ry odb\u0119dzie si\u0119 <strong>15 grudnia 2023r.<\/strong> w tuchowskim Domu Kultury o <strong>godzinie 09:00.<\/strong><\/p>\n<p style=\"text-align: justify;\">Poni\u017cej zosta\u0142 zamieszczony regulamin, karta zg\u0142oszenia oraz zgoda na przetwarzanie danych osobowych.<\/p>\n<p><strong><a href=\"https:\/\/sp.tuchow.pl\/pobierz\/piosenka_ang_bozonar\/Regulamin.pdf\">REGULAMIN XI Gminnego...<a href='https:\/\/sp.tuchow.pl\/index.php\/2023\/12\/06\/xi-gminny-konkurs-swiatecznej-piosenki-obcojezycznej\/' class='pfpReadMore'>Read More &raquo;<\/a><div class='clear'><\/div><hr><\/div><div class='pfpItem entry-content'><h2 class='entry-title'><a href='https:\/\/sp.tuchow.pl\/index.php\/2023\/12\/06\/wycieczka-klasy-3b\/'>Wycieczka klasy 3b<\/a><\/h2><p>\u015awi\u0105teczne warsztaty bombkowe w Fabryce Baniek &#8222;Szklana Gwiazda&#8221; w Brzesku. Takie ma\u0142e palce z 3b wyczarowa\u0142y takie pi\u0119kne cude\u0144ka.<\/p>\n<p><a href=\"http:\/\/www.facebook.com\/photo\/?fbid=847687454027687&amp;set=pcb.847688464027586\">Galeria zdj\u0119\u0107<\/a><\/p>\n...<a href='https:\/\/sp.tuchow.pl\/index.php\/2023\/12\/06\/wycieczka-klasy-3b\/' class='pfpReadMore'>Read More &raquo;<\/a><div class='clear'><\/div><hr><\/div><div class='pfpItem entry-content'><h2 class='entry-title'><a href='https:\/\/sp.tuchow.pl\/index.php\/2023\/12\/03\/otrzesiny-klas-4-czyli-andrzejki-na-wesolo\/'>Otrz\u0119siny klas 4, czyli andrzejki na weso\u0142o!<\/a><\/h2><p style=\"text-align: justify;\">W lekko mro\u017any acz s\u0142oneczny dzie\u0144 30 listopada 2023 roku klasy 4 uroczy\u015bcie wst\u0105pi\u0142y w szeregi uczni\u00f3w klas starszych. To wydarzenie mia\u0142o na celu sprawdzi\u0107 wiedz\u0119 uczni\u00f3w o szkole, najbli\u017cszym otoczeniu, mie\u015bcie, w kt\u00f3rym mieszkamy i zapa\u015b\u0107 w pami\u0119ci jako mi\u0142o sp\u0119dzony czas. Jednak\u017ce nie zawsze tak by\u0142o....<a href='https:\/\/sp.tuchow.pl\/index.php\/2023\/12\/03\/otrzesiny-klas-4-czyli-andrzejki-na-wesolo\/' class='pfpReadMore'>Read More &raquo;<\/a><div class='clear'><\/div><hr><\/div><div class='pfpItem entry-content'><h2 class='entry-title'><a href='https:\/\/sp.tuchow.pl\/index.php\/2023\/12\/01\/zbiorka-mikolajkowa-dla-malopolskiego-hospicjum-dla-dzieci-oraz-domu-samotnej-matki-w-tarnowie\/'>Zbi\u00f3rka Miko\u0142ajkowa dla Ma\u0142opolskiego Hospicjum dla Dzieci oraz Domu Samotnej Matki w Tarnowie<\/a><\/h2><img loading=\"lazy\" decoding=\"async\" class=\"aligncenter size-full\" src=\"http:\/\/scontent-vie1-1.xx.fbcdn.net\/v\/t39.30808-6\/407391014_844023451060754_5225671535387763653_n.jpg?_nc_cat=108&amp;ccb=1-7&amp;_nc_sid=3635dc&amp;_nc_ohc=yAlaxdg7DDUAX-XLPZr&amp;_nc_ht=scontent-vie1-1.xx&amp;oh=00_AfCDIaT2zQrLWYslnLRh7GnwpmPR1QX2WANem_UxC2uukQ&amp;oe=656DAFB6\" width=\"1449\" height=\"2048\" \/><p style=\"text-align: justify;\">Zwracamy si\u0119 z pro\u015bb\u0105 o w\u0142\u0105czenie si\u0119 w Zbi\u00f3rk\u0119 Miko\u0142ajkow\u0105 dla <strong><em>Ma\u0142opolskiego Hospicjum dla Dzieci oraz Domu Samotnej Matki w Tarnowie<\/em><\/strong><strong>.<\/strong> W tych trudnych czasach nie mo\u017cemy zapomina\u0107 o podopiecznych, kt\u00f3rzy ca\u0142y rok czekaj\u0105 na Miko\u0142aja. Aby wszystkie dzieciaki otrzyma\u0142y wymarzone prezenty potrzebujemy Waszego wsparcia, dlatego\u00a0 prosimy o...<a href='https:\/\/sp.tuchow.pl\/index.php\/2023\/12\/01\/zbiorka-mikolajkowa-dla-malopolskiego-hospicjum-dla-dzieci-oraz-domu-samotnej-matki-w-tarnowie\/' class='pfpReadMore'>Read More &raquo;<\/a><div class='clear'><\/div><hr><\/div><div class='pfpItem entry-content'><h2 class='entry-title'><a href='https:\/\/sp.tuchow.pl\/index.php\/2023\/11\/28\/szkolny-konkurs-swiatecznej-piosenki-obcojezycznej\/'>Szkolny Konkurs \u015awi\u0105tecznej Piosenki Obcoj\u0119zycznej<\/a><\/h2><img loading=\"lazy\" decoding=\"async\" class=\"aligncenter size-full\" src=\"http:\/\/scontent-vie1-1.xx.fbcdn.net\/v\/t39.30808-6\/406419121_842319614564471_2699830570903439750_n.jpg?_nc_cat=105&amp;ccb=1-7&amp;_nc_sid=5f2048&amp;_nc_ohc=00arPWfjMA4AX_Eckcd&amp;_nc_ht=scontent-vie1-1.xx&amp;oh=00_AfBIEkVBdJxbCuBmB-pE-2r1TdOTAC0QtE9D32X7lJZWWA&amp;oe=656A2959\" width=\"1448\" height=\"2048\" \/><div>Zapraszamy do udzia\u0142u w Szkolnym Konkursie \u015awi\u0105tecznej Piosenki Obcoj\u0119zycznej, kt\u00f3ry odb\u0119dzie si\u0119 <strong>11 grudnia 2023 r w sali nr 14.<\/strong><\/div>\n<div>Uczniowie klas 1-2 &#8211; 2 godzina lekcyjna.<\/div>\n<div>Uczniowie klas 4-6 &#8211; 3 godzina lekcyjna.<\/div>\n<div>Uczniowie klas 7-8 &#8211; 3 godzina lekcyjna.<\/div>\n<div>Zg\u0142oszenia u nauczycieli j\u0119zyk\u00f3w obcych do 9.12.2023 r.<\/div>\n<div>Zapraszamy!<\/div>\n<div><\/div>\n<div><\/div>\n...<a href='https:\/\/sp.tuchow.pl\/index.php\/2023\/11\/28\/szkolny-konkurs-swiatecznej-piosenki-obcojezycznej\/' class='pfpReadMore'>Read More &raquo;<\/a><div class='clear'><\/div><hr><\/div><div class='pfpItem entry-content'><h2 class='entry-title'><a href='https:\/\/sp.tuchow.pl\/index.php\/2023\/11\/27\/pilka-pilce-nierowna-czyli-matematyka-na-sportowo\/'>Pi\u0142ka pi\u0142ce nier\u00f3wna \u2014 czyli matematyka na sportowo.\u00a0<\/a><\/h2><p style=\"text-align: justify;\">To by\u0142a wyj\u0105tkowa lekcja matematyki w klasie 4a. Na zaj\u0119ciach pojawi\u0142y si\u0119 sportowe pomoce naukowe: pi\u0142ka siatkowa, koszykowa, halowa pi\u0142ka no\u017cna, pi\u0142ka do unihokeja, tenisa ziemnego i sto\u0142owego oraz pi\u0142ka lekarska.<\/p>\n<p style=\"text-align: justify;\">Uczniowie pracowali w grupach z wielkim zaanga\u017cowaniem i rado\u015bci\u0105. Ich pierwszym zadaniem by\u0142o oszacowanie masy pi\u0142ki...<a href='https:\/\/sp.tuchow.pl\/index.php\/2023\/11\/27\/pilka-pilce-nierowna-czyli-matematyka-na-sportowo\/' class='pfpReadMore'>Read More &raquo;<\/a><div class='clear'><\/div><hr><\/div><div class='pfpItem entry-content'><h2 class='entry-title'><a href='https:\/\/sp.tuchow.pl\/index.php\/2023\/11\/26\/akcja-pomoc-dla-bezdomnych-zwierzat-2023-zostala-zakonczona\/'>Akcja \u201e Pomoc dla bezdomnych zwierz\u0105t 2023\u201d zosta\u0142a zako\u0144czona<\/a><\/h2><p style=\"text-align: justify;\">\u00a0Maj\u0105c na uwadze dobro bezdomnych zwierz\u0105t, Szko\u0142a Podstawowa w Tuchowie\u00a0 ju\u017c kolejny raz zorganizowa\u0142a zbi\u00f3rk\u0119 \u201eprezent\u00f3w\u201d dla zwierz\u0105t, kt\u00f3re niestety nie\u00a0 maj\u0105 ciep\u0142ego domu,, pe\u0142nej miski a szczeg\u00f3lnie brakuje im i mi\u0142o\u015bci cz\u0142owieka.<\/p>\n<p style=\"text-align: justify;\">Dzi\u0119ki Waszej, drodzy uczniowie i rodzice, hojno\u015bci i empatii zebrali\u015bmy :31 ko\u0142der,62 koce, 138...<a href='https:\/\/sp.tuchow.pl\/index.php\/2023\/11\/26\/akcja-pomoc-dla-bezdomnych-zwierzat-2023-zostala-zakonczona\/' class='pfpReadMore'>Read More &raquo;<\/a><div class='clear'><\/div><hr><\/div><div class='pfpItem entry-content'><h2 class='entry-title'><a href='https:\/\/sp.tuchow.pl\/index.php\/2023\/11\/23\/swiatowy-dzien-tabliczki-mnozenia\/'>\u015awiatowy Dzie\u0144 Tabliczki Mno\u017cenia<\/a><\/h2><img loading=\"lazy\" decoding=\"async\" class=\"xz74otr\" src=\"http:\/\/static.xx.fbcdn.net\/images\/emoji.php\/v9\/tfb\/1\/16\/263a.png\" alt=\"\u263a\" width=\"16\" height=\"16\" \/><div class=\"xdj266r x11i5rnm xat24cr x1mh8g0r x1vvkbs x126k92a\">\n<div dir=\"auto\" style=\"text-align: justify;\">17.11 2023 r. obchodzili\u015bmy \u015awiatowy Dzie\u0144 Tabliczki Mno\u017cenia. W tym dniu Szko\u0142a Podstawowa im. St. Staszica w Tuchowie pod kierunkiem mgr Anety Dynak zorganizowa\u0142a akcj\u0119 pod has\u0142em \u201eM\u0142odzi sprawdzaj\u0105 czy starsi tabliczk\u0119 mno\u017cenia znaj\u0105!\u201d. Akcja mia\u0142a na celu zach\u0119ci\u0107 wszystkich do...<a href='https:\/\/sp.tuchow.pl\/index.php\/2023\/11\/23\/swiatowy-dzien-tabliczki-mnozenia\/' class='pfpReadMore'>Read More &raquo;<\/a><div class='clear'><\/div><hr><\/div><div class='pfpItem entry-content'><h2 class='entry-title'><a href='https:\/\/sp.tuchow.pl\/index.php\/2023\/11\/19\/zapraszamy-do-udzialu-w-konkursach\/'>Zapraszamy do udzia\u0142u w konkursach<\/a><\/h2><img decoding=\"async\" src=\"https:\/\/sp.tuchow.pl\/wp-content\/uploads\/2023\/11\/1-150x150.jpg\" \/><div>Zapraszamy uczni\u00f3w naszej szko\u0142y oraz ich rodziny do udzia\u0142u w konkursach:<\/div>\n<div><strong>&#8222;Projekt maskotki promuj\u0105cej szko\u0142\u0119&#8221;<\/strong> &#8211; termin zg\u0142aszania prac 15.12.2023 r.<\/div>\n<div><strong>&#8222;Film promuj\u0105cy szko\u0142\u0119&#8221;<\/strong>&#8211; termin zg\u0142aszania prac 24.01.2024 r.<\/div>\n<div>Szczeg\u00f3\u0142y znajduj\u0105 si\u0119 w regulaminach:<\/div>\n<div><strong><a href=\"https:\/\/sp.tuchow.pl\/pobierz\/konkursy\/konkurs_film_promocyjny.pdf\">Regulamin konkursu na film promuj\u0105cy szko\u0142\u0119<\/a><\/strong><\/div>\n<div><strong><a href=\"https:\/\/sp.tuchow.pl\/pobierz\/konkursy\/konkurs_maskotka.pdf\">Regulamin konkursu na maskotk\u0119 szko\u0142y<\/a><\/strong><\/div>\n<div>W konkursach przewidziane s\u0105 ciekawe nagrody.<\/div>\n<div>Wyka\u017ccie si\u0119 kreatywno\u015bci\u0105.<\/div>\n<div><\/div>\n...<a href='https:\/\/sp.tuchow.pl\/index.php\/2023\/11\/19\/zapraszamy-do-udzialu-w-konkursach\/' class='pfpReadMore'>Read More &raquo;<\/a><div class='clear'><\/div><hr><\/div><div class='pfpItem entry-content'><h2 class='entry-title'><a href='https:\/\/sp.tuchow.pl\/index.php\/2023\/11\/19\/11526\/'>Realizacja projektu \"Kreatywna matematyka\"<\/a><\/h2><div dir=\"auto\" style=\"text-align: justify;\">Rok szkolny dla klasy 6a zapowiada si\u0119 bardzo atrakcyjnie. Uczniowie wyra\u017caj\u0105c ch\u0119\u0107 udzia\u0142u w og\u00f3lnopolskim projekcie edukacyjnym &#8222;Kreatywna matematyka&#8221;, uczestnicz\u0105 w realizacji poszczeg\u00f3lnych modu\u0142\u00f3w zadaniowych.<\/div>\n<div dir=\"auto\" style=\"text-align: justify;\">Pierwszy z nich zosta\u0142 zrealizowany na \u015bwie\u017cym powietrzu, w\u015br\u00f3d pi\u0119knych kolor\u00f3w jesieni. Pierwsze zadanie polega\u0142o na wykonaniu jesiennych mandali.<\/div>\n<div dir=\"auto\">Fotorelacja...<a href='https:\/\/sp.tuchow.pl\/index.php\/2023\/11\/19\/11526\/' class='pfpReadMore'>Read More &raquo;<\/a><div class='clear'><\/div><hr><\/div><div class='pfpItem entry-content'><h2 class='entry-title'><a href='https:\/\/sp.tuchow.pl\/index.php\/2023\/11\/17\/ostateczna-lista-zakwalifikowanych-opiekunow-grupowej-mobilnosci-uczniow-w-projekcie-zielone-swiatlo-dla-uczenia-w-podrozy\/'>Ostateczna lista zakwalifikowanych opiekun\u00f3w grupowej mobilno\u015bci uczni\u00f3w w projekcie \u201eZielone \u015bwiat\u0142o dla uczenia w podr\u00f3\u017cy\u201d.<\/a><\/h2><p>Poni\u017cej przedstawiamy ostateczn\u0105 list\u0119 zakwalifikowanych opiekun\u00f3w grupowej mobilno\u015bci uczni\u00f3w w projekcie \u201eZielone \u015bwiat\u0142o dla uczenia w podr\u00f3\u017cy\u201d.<\/p>\n<p><a href=\"https:\/\/sp.tuchow.pl\/pobierz\/erasmus\/Ost_naucz.pdf\" target=\"_blank\" rel=\"noopener noreferrer nofollow\">Click to access Ost_naucz.pdf<\/a><\/p>\n...<a href='https:\/\/sp.tuchow.pl\/index.php\/2023\/11\/17\/ostateczna-lista-zakwalifikowanych-opiekunow-grupowej-mobilnosci-uczniow-w-projekcie-zielone-swiatlo-dla-uczenia-w-podrozy\/' class='pfpReadMore'>Read More &raquo;<\/a><div class='clear'><\/div><hr><\/div><div class='pfpItem entry-content'><h2 class='entry-title'><a href='https:\/\/sp.tuchow.pl\/index.php\/2023\/11\/17\/podsumowanie-projektu-edukacyjnego-opowiesci-mistrza-jana\/'>Podsumowanie projektu edukacyjnego Opowie\u015bci mistrza Jana<\/a><\/h2><p style=\"text-align: justify;\">14.11.2023 roku w \u015bwietlicy szkolnej odby\u0142o si\u0119 podsumowanie realizowanego od wrze\u015bnia\u00a0 projektu edukacyjnego \u201eOpowie\u015bci mistrza Jana\u201d. By\u0142 on zwi\u0105zany z obchodzonym obecnie Rokiem Jana Matejki. W czasie trwania projektu przygotowane zosta\u0142y dla uczni\u00f3w r\u00f3\u017cne wydarzenia i aktywno\u015bci \u2013 konkurs, zwiedzanie miejsc zwi\u0105zanych z artyst\u0105 w Krakowie, filmy edukacyjne....<a href='https:\/\/sp.tuchow.pl\/index.php\/2023\/11\/17\/podsumowanie-projektu-edukacyjnego-opowiesci-mistrza-jana\/' class='pfpReadMore'>Read More &raquo;<\/a><div class='clear'><\/div><hr><\/div><div class='pfpItem entry-content'><h2 class='entry-title'><a href='https:\/\/sp.tuchow.pl\/index.php\/2023\/11\/14\/szlakiem-bohatera-trzech-narodow\/'>\u201eSzlakiem Bohatera trzech narod\u00f3w\u201d<\/a><\/h2><p style=\"text-align: justify;\">\u201eOjczulek\u201d Bem &#8211; tak pieszczotliwie m\u00f3wili o gen. J\u00f3zefie Bemie W\u0119grzy. Kochali Go i szanowali, uznawali za Swojego Wielkiego Bohatera. I tak jest do dzi\u015b.<\/p>\n<p style=\"text-align: justify;\">Do Tarnowa, miejsca urodzenia gen. J\u00f3zefa Bema przyje\u017cd\u017caj\u0105 liczne wycieczki z W\u0119gier. Podziwiaj\u0105 Go i oddaj\u0105 mu ho\u0142d. Genera\u0142 Bem to wyj\u0105tkowa...<a href='https:\/\/sp.tuchow.pl\/index.php\/2023\/11\/14\/szlakiem-bohatera-trzech-narodow\/' class='pfpReadMore'>Read More &raquo;<\/a><div class='clear'><\/div><hr><\/div><div class='pfpItem entry-content'><h2 class='entry-title'><a href='https:\/\/sp.tuchow.pl\/index.php\/2023\/11\/14\/xiii-swiatowy-dzien-tabliczki-mnozenia\/'>XIII \u015awiatowy Dzie\u0144 Tabliczki Mno\u017cenia<\/a><\/h2><img loading=\"lazy\" decoding=\"async\" class=\"aligncenter size-full\" src=\"http:\/\/scontent-vie1-1.xx.fbcdn.net\/v\/t39.30808-6\/401559063_833442558785510_584749317477883104_n.jpg?_nc_cat=110&amp;ccb=1-7&amp;_nc_sid=5f2048&amp;_nc_ohc=VzSiIZf3yiwAX-t7dae&amp;_nc_ht=scontent-vie1-1.xx&amp;oh=00_AfBEVw523ih9NVJNcngMvB6h1WZLRl3fekZMbbMpJsV8gg&amp;oe=65593A6C\" width=\"1448\" height=\"2048\" \/><p><\/p>\n...<a href='https:\/\/sp.tuchow.pl\/index.php\/2023\/11\/14\/xiii-swiatowy-dzien-tabliczki-mnozenia\/' class='pfpReadMore'>Read More &raquo;<\/a><div class='clear'><\/div><hr><\/div><div class='pfpItem entry-content'><h2 class='entry-title'><a href='https:\/\/sp.tuchow.pl\/index.php\/2023\/11\/13\/lista-rankingowa-zakwalifikowanych-opiekunow-grupowej-mobilnosci-uczniow-w-projekcie-zielone-swiatlo-dla-uczenia-w-podrozy\/'>Lista rankingowa zakwalifikowanych opiekun\u00f3w grupowej mobilno\u015bci uczni\u00f3w w projekcie \u201eZielone \u015bwiat\u0142o dla uczenia w podr\u00f3\u017cy\u201d.<\/a><\/h2><p>Poni\u017cej przedstawiamy list\u0119 rankingow\u0105 zakwalifikowanych opiekun\u00f3w grupowej mobilno\u015bci uczni\u00f3w w projekcie \u201eZielone \u015bwiat\u0142o dla uczenia w podr\u00f3\u017cy\u201d.<\/p>\n<p><a href=\"https:\/\/sp.tuchow.pl\/pobierz\/erasmus\/Lista_rankingowa_nauczyciele.pdf\" target=\"_blank\" rel=\"noopener noreferrer nofollow\">Click to access Lista_rankingowa_nauczyciele.pdf<\/a><\/p>\n...<a href='https:\/\/sp.tuchow.pl\/index.php\/2023\/11\/13\/lista-rankingowa-zakwalifikowanych-opiekunow-grupowej-mobilnosci-uczniow-w-projekcie-zielone-swiatlo-dla-uczenia-w-podrozy\/' class='pfpReadMore'>Read More &raquo;<\/a><div class='clear'><\/div><hr><\/div><div class='pfpItem entry-content'><h2 class='entry-title'><a href='https:\/\/sp.tuchow.pl\/index.php\/2023\/11\/12\/11-listopada-droga-do-wolnosci\/'>11 listopada \u2013 droga do wolno\u015bci<\/a><\/h2><img decoding=\"async\" src=\"https:\/\/sp.tuchow.pl\/wp-content\/uploads\/2023\/11\/IMG_0270-150x150.jpg\" \/><p style=\"text-align: justify;\">10 listopada w naszej szkole \u015bwi\u0119towali\u015bmy 105 rocznic\u0119 odzyskania przez Polsk\u0119 Niepodleg\u0142o\u015bci. Z tej okazji uczniowie wraz z nauczycielami przygotowali akademi\u0119 w Domu Kultury.<br \/>\nFabu\u0142a przedstawienia pt. \u201ePisk Bia\u0142ego Or\u0142a\u201d zosta\u0142a osnuta wok\u00f3\u0142 historii wiejskiej rodziny, mocno naznaczonej patriotyzmem, kt\u00f3ra w czasie I Wojny \u015awiatowej prze\u017cywa wojenn\u0105 traum\u0119...<a href='https:\/\/sp.tuchow.pl\/index.php\/2023\/11\/12\/11-listopada-droga-do-wolnosci\/' class='pfpReadMore'>Read More &raquo;<\/a><div class='clear'><\/div><hr><\/div><div class='pfpItem entry-content'><h2 class='entry-title'><a href='https:\/\/sp.tuchow.pl\/index.php\/2023\/11\/11\/105-lat-odzyskanej-niepodleglosci\/'>105 LAT ODZYSKANEJ NIEPODLEG\u0141O\u015aCI<\/a><\/h2><img decoding=\"async\" src=\"https:\/\/sp.tuchow.pl\/wp-content\/uploads\/2023\/11\/IMG_1343-150x150.jpg\" \/><p>Obchody 105-tej rocznicy odzyskania Niepodleg\u0142o\u015bci<\/p>\n<p><a href=\"http:\/\/www.facebook.com\/photo\/?fbid=831602265636206&amp;set=pcb.831602995636133\">Galeria zdj\u0119\u0107<\/a><\/p>\n<p><\/p>\n...<a href='https:\/\/sp.tuchow.pl\/index.php\/2023\/11\/11\/105-lat-odzyskanej-niepodleglosci\/' class='pfpReadMore'>Read More &raquo;<\/a><div class='clear'><\/div><hr><\/div><div class='pfpItem entry-content'><h2 class='entry-title'><a href='https:\/\/sp.tuchow.pl\/index.php\/2023\/11\/11\/v-niepodleglosciowa-noc-w-muzeum-2\/'>V Niepodleg\u0142o\u015bciowa Noc w Muzeum<\/a><\/h2><p style=\"text-align: justify;\">Relacja filmowa z V Niepodleg\u0142o\u015bciowej Nocy w Muzeum. Organizowanej przez Szko\u0142\u0119 Podstawow\u0105 w Tuchowie, Muzeum Miejskie w Tuchowie, Dom Kultury w Tuchowie, Towarzystwo Mi\u0142o\u015bnik\u00f3w Tuchowa, CKZiU w Tuchowie. Dzi\u0119kujemy za tak liczne przybycie i mile sp\u0119dzony czas.<\/p>\n<p><a href=\"http:\/\/fb.watch\/ofmG5qmJW4\/\">Relacja filmowa<\/a><\/p>\n<p><a href=\"http:\/\/www.facebook.com\/photo\/?fbid=833495912113508&amp;set=pcb.833497005446732\">Galeria zdj\u0119\u0107<\/a><\/p>\n...<a href='https:\/\/sp.tuchow.pl\/index.php\/2023\/11\/11\/v-niepodleglosciowa-noc-w-muzeum-2\/' class='pfpReadMore'>Read More &raquo;<\/a><div class='clear'><\/div><hr><\/div><div class='pfpItem entry-content'><h2 class='entry-title'><a href='https:\/\/sp.tuchow.pl\/index.php\/2023\/11\/11\/happening-niepodleglosciowy-2\/'>Happening Niepodleg\u0142o\u015bciowy<\/a><\/h2><p style=\"text-align: justify;\">Jak co roku 10 listopada uczniowie klas \u00f3smych, na tuchowskim rynku, spotkali si\u0119 z mieszka\u0144cami miasta podczas Happeningu, aby zaprosi\u0107 ich na V Niepodleg\u0142o\u015bciow\u0105 Noc w Muzeum.<\/p>\n<p>&nbsp;<\/p>\n...<a href='https:\/\/sp.tuchow.pl\/index.php\/2023\/11\/11\/happening-niepodleglosciowy-2\/' class='pfpReadMore'>Read More &raquo;<\/a><div class='clear'><\/div><hr><\/div><div class='pfpItem entry-content'><h2 class='entry-title'><a href='https:\/\/sp.tuchow.pl\/index.php\/2023\/11\/11\/festiwal-viva-polonia-w-kasnej-dolnej-2\/'>Festiwal Viva Polonia w Ka\u015bnej Dolnej<\/a><\/h2><img decoding=\"async\" src=\"https:\/\/sp.tuchow.pl\/wp-content\/uploads\/2023\/11\/1699687603379-150x150.jpg\" \/><p style=\"text-align: justify;\">Uczniowie klasy 8 a Szko\u0142y Podstawowej im. Stanis\u0142awa Staszica w Tuchowie kolejny ju\u017c raz uczestniczyli w Festiwalu Viva Polonia &#8211; ku pokrzepieniu serc w K\u0105\u015bnej Dolnej. W tym roku obejrzeli spektakl &#8222;Zemsta&#8221;, kt\u00f3ry by\u0142 prawdziw\u0105 uczt\u0105 dla ducha. Bardzo dzi\u0119kujemy aktorom za wyj\u0105tkowy czas.<\/p>\n<p><a href=\"http:\/\/www.facebook.com\/photo\/?fbid=831355415660891&amp;set=pcb.831355525660880\">Galeria zdj\u0119\u0107<\/a><\/p>\n<p><\/p>\n...<a href='https:\/\/sp.tuchow.pl\/index.php\/2023\/11\/11\/festiwal-viva-polonia-w-kasnej-dolnej-2\/' class='pfpReadMore'>Read More &raquo;<\/a><div class='clear'><\/div><hr><\/div><div class='pfpItem entry-content'><h2 class='entry-title'><a href='https:\/\/sp.tuchow.pl\/index.php\/2023\/11\/11\/zajecia-doradztwa-zawodowego-klasy-8-b\/'>Zaj\u0119cia doradztwa zawodowego klasy 8 b<\/a><\/h2><img decoding=\"async\" src=\"https:\/\/sp.tuchow.pl\/wp-content\/uploads\/2023\/11\/1699688180648-150x150.jpg\" \/><p style=\"text-align: justify;\">Zaj\u0119cia doradztwa zawodowego klasy 8 b w szkolnej pracowni gastronomicznej. By\u0142a to jedna z lekcji zawodoznawczych, podczas kt\u00f3rej okaza\u0142o si\u0119, \u017ce najstarsi uczniowie \u015bwietnie radz\u0105 sobie w kuchni. Przygotowane przez nich\u00a0 kanapki i przek\u0105ski wygl\u0105da\u0142y i smakowa\u0142y wyj\u0105tkowo.<\/p>\n<p><a href=\"http:\/\/www.facebook.com\/photo\/?fbid=831354162327683&amp;set=pcb.831354532327646\">Galeria zdj\u0119\u0107<\/a><\/p>\n<p><\/p>\n<p>&nbsp;<\/p>\n...<a href='https:\/\/sp.tuchow.pl\/index.php\/2023\/11\/11\/zajecia-doradztwa-zawodowego-klasy-8-b\/' class='pfpReadMore'>Read More &raquo;<\/a><div class='clear'><\/div><hr><\/div><div class='pfpItem entry-content'><h2 class='entry-title'><a href='https:\/\/sp.tuchow.pl\/index.php\/2023\/11\/10\/11485\/'>Wycieczka klasy 7c do Krakowa<\/a><\/h2><p style=\"text-align: justify;\">8.11.2023 r klasa 7c wraz z opiekunami wybra\u0142a si\u0119 na wycieczk\u0119 do Krakowa. Uczniowie wzi\u0119li udzia\u0142 w bezp\u0142atnej lekcji muzealnej na temat: \u201eWawel. Rezydencja w\u0142adc\u00f3w Polski.\u201d M\u0142odzie\u017c podziwia\u0142a pi\u0119kne kr\u00f3lewskie komnaty, wys\u0142ucha\u0142a ciekawych historii o wawelskich g\u0142owach, czyli renesansowych rze\u017abach zdobi\u0105cych strop jednej z sal. Pani przewodnik podkre\u015bli\u0142a...<a href='https:\/\/sp.tuchow.pl\/index.php\/2023\/11\/10\/11485\/' class='pfpReadMore'>Read More &raquo;<\/a><div class='clear'><\/div><hr><\/div><div class='pfpItem entry-content'><h2 class='entry-title'><a href='https:\/\/sp.tuchow.pl\/index.php\/2023\/11\/10\/11481\/'>Klocki lego na lekcji historii<\/a><\/h2><p style=\"text-align: justify;\">Uczniowie z klasy 6 b i 6 c po zapoznaniu si\u0119 z tematem o folwarkach szlacheckich, przyst\u0105pili do budowy w\u0142asnych gospodarstw szlacheckich. Podzieleni na grupy, wykonali pomys\u0142owe konstrukcje, w kt\u00f3rych znalaz\u0142y si\u0119 nie tylko dwory, spichlerze, ale tak\u017ce szlachcice oraz pracuj\u0105cy w polu ch\u0142opi. Wida\u0107 by\u0142o, \u017ce niekt\u00f3re...<a href='https:\/\/sp.tuchow.pl\/index.php\/2023\/11\/10\/11481\/' class='pfpReadMore'>Read More &raquo;<\/a><div class='clear'><\/div><hr><\/div><div class='pfpItem entry-content'><h2 class='entry-title'><a href='https:\/\/sp.tuchow.pl\/index.php\/2023\/11\/08\/od-orleanow-do-lowczowka\/'>\u201eOd Oleandr\u00f3w do \u0141owcz\u00f3wka\u201d<\/a><\/h2><img loading=\"lazy\" decoding=\"async\" class=\"aligncenter size-full\" src=\"http:\/\/scontent-vie1-1.xx.fbcdn.net\/v\/t39.30808-6\/399962966_829635295832903_1087535020877982463_n.jpg?_nc_cat=111&amp;ccb=1-7&amp;_nc_sid=5f2048&amp;_nc_ohc=NBLWlRE6FdQAX-rYAqU&amp;_nc_ht=scontent-vie1-1.xx&amp;oh=00_AfBYoLLkA5frvkAFn3AJqebQZBZb4UqUIkeg0ACV-2ygnA&amp;oe=654FF4FB\" width=\"1536\" height=\"2048\" \/><div class=\"xdj266r x11i5rnm xat24cr x1mh8g0r x1vvkbs x126k92a\">\n<div dir=\"auto\" style=\"text-align: justify;\">7 pa\u017adziernika 2023r. odby\u0142a si\u0119 18. edycja Konkursu Historycznego \u201eOd Oleandr\u00f3w do \u0141owcz\u00f3wka\u201d, organizowanego przez CKZiU w Tuchowie. Celem konkursu by\u0142o uczczenie Narodowego \u015awi\u0119ta Niepodleg\u0142o\u015bci oraz przybli\u017cenie tematyki I wojny \u015bwiatowej i bitwy pod \u0141owcz\u00f3wkiem. Nasz\u0105 szko\u0142\u0119 reprezentowali uczniowie kl. 6a-...<a href='https:\/\/sp.tuchow.pl\/index.php\/2023\/11\/08\/od-orleanow-do-lowczowka\/' class='pfpReadMore'>Read More &raquo;<\/a><div class='clear'><\/div><hr><\/div><div class='pfpItem entry-content'><h2 class='entry-title'><a href='https:\/\/sp.tuchow.pl\/index.php\/2023\/11\/08\/klasa-8b-w-urzedzie-miejskim-w-tuchowie\/'>Klasa 8b w Urz\u0119dzie Miejskim w Tuchowie<\/a><\/h2><img loading=\"lazy\" decoding=\"async\" class=\"aligncenter size-full\" src=\"http:\/\/scontent-vie1-1.xx.fbcdn.net\/v\/t39.30808-6\/399925814_829632122499887_8876189998050326707_n.jpg?_nc_cat=110&amp;ccb=1-7&amp;_nc_sid=5f2048&amp;_nc_ohc=qg6Ri-9Ath4AX8HXTXh&amp;_nc_ht=scontent-vie1-1.xx&amp;oh=00_AfCnhxBE2-ObmwreGwO9Pwmr0DpvDoCmjlRBaZVTojZJCA&amp;oe=65518E6B\" width=\"3012\" height=\"1391\" \/><p style=\"text-align: justify;\">24 pa\u017adziernika klasa 8b wybra\u0142a si\u0119 do Urz\u0119du Gminy, by tam pog\u0142\u0119bi\u0107 wiedz\u0119 zwi\u0105zan\u0105 z samorz\u0105dem terytorialnym, a szczeg\u00f3lnie samorz\u0105dem gminnym. To on zajmuje si\u0119 sprawami o znaczeniu lokalnym- zaspokaja potrzeby mieszka\u0144c\u00f3w, rozwi\u0105zuje ich codzienne problemy. Swoje zadania realizuje przy pomocy pracownik\u00f3w Urz\u0119du Gminy z Pani\u0105 Burmistrz na...<a href='https:\/\/sp.tuchow.pl\/index.php\/2023\/11\/08\/klasa-8b-w-urzedzie-miejskim-w-tuchowie\/' class='pfpReadMore'>Read More &raquo;<\/a><div class='clear'><\/div><hr><\/div><div class='pfpItem entry-content'><h2 class='entry-title'><a href='https:\/\/sp.tuchow.pl\/index.php\/2023\/11\/06\/v-niepodleglosciowa-noc-w-muzeum\/'>V Niepodleg\u0142o\u015bciowa Noc w Muzeum<\/a><\/h2><img loading=\"lazy\" decoding=\"async\" class=\"aligncenter size-full\" src=\"http:\/\/scontent-vie1-1.xx.fbcdn.net\/v\/t39.30808-6\/399898455_828519049277861_6620289681524305176_n.jpg?stp=dst-jpg_s720x720&amp;_nc_cat=106&amp;ccb=1-7&amp;_nc_sid=5f2048&amp;_nc_ohc=POH9grm9O_UAX-J-t0X&amp;_nc_ht=scontent-vie1-1.xx&amp;oh=00_AfCclrSy971VL8tru22uH41SwOIJW-BOKZqsK_Mfh8db5A&amp;oe=654DD8D7\" width=\"509\" height=\"720\" \/><p>Zapraszamy 10 listopada od godziny 17-stej do Muzeum Miejskiego w Tuchowie &#8211; Sok\u00f3\u0142 i podziemia Domu Kultury.<\/p>\n<p><\/p>\n...<a href='https:\/\/sp.tuchow.pl\/index.php\/2023\/11\/06\/v-niepodleglosciowa-noc-w-muzeum\/' class='pfpReadMore'>Read More &raquo;<\/a><div class='clear'><\/div><hr><\/div><div class='pfpItem entry-content'><h2 class='entry-title'><a href='https:\/\/sp.tuchow.pl\/index.php\/2023\/11\/05\/xxiv-zlot-niepodleglosciowy-lowczowek-2023\/'>XXIV Zlot Niepodleg\u0142o\u015bciowy \"\u0141owcz\u00f3wek 2023\"<\/a><\/h2><img loading=\"lazy\" decoding=\"async\" class=\"alignnone size-full\" src=\"http:\/\/scontent-vie1-1.xx.fbcdn.net\/v\/t39.30808-6\/399899620_827994232663676_2835565460806247662_n.jpg?_nc_cat=111&amp;ccb=1-7&amp;_nc_sid=5f2048&amp;_nc_ohc=_w0qwWxsFoQAX_yoYEG&amp;_nc_oc=AQnzhGtzogVxDair-JpQA8hvLsa7wWlrcyUyHfn6mcycbMjLaibQ7u7Z8zSnwXuK6a8&amp;_nc_ht=scontent-vie1-1.xx&amp;oh=00_AfA-ZpR9b2-8uK44swnyUZqU5epOzmzANLKLq5gAxNWXgQ&amp;oe=654DC27A\" width=\"1536\" height=\"2048\" \/><p style=\"text-align: justify;\">W niedziel\u0119 5 listopada 2023 roku uczniowie Szko\u0142y Podstawowej im. Stanis\u0142awa Staszica w Tuchowie wraz z nauczycielami wzi\u0119li udzia\u0142 w XXIV Og\u00f3lnopolskim Zlocie Niepodleg\u0142o\u015bciowym w \u0141owcz\u00f3wku. Tegoroczny Zlot obchodzony by\u0142, by upami\u0119tni\u0107 105. rocznic\u0119 odzyskania przez Polsk\u0119 niepodleg\u0142o\u015bci oraz 109. rocznic\u0119 Bitwy pod \u0141owcz\u00f3wkiem.<br \/>\nUroczysto\u015bci na cmentarzu wojennym...<a href='https:\/\/sp.tuchow.pl\/index.php\/2023\/11\/05\/xxiv-zlot-niepodleglosciowy-lowczowek-2023\/' class='pfpReadMore'>Read More &raquo;<\/a><div class='clear'><\/div><hr><\/div><div class='pfpItem entry-content'><h2 class='entry-title'><a href='https:\/\/sp.tuchow.pl\/index.php\/2023\/11\/04\/wyjazd-integracyjny-klas-6a-i-6c-do-tarnowa-5-10-23\/'>Wyjazd integracyjny klas 6a i 6c do Tarnowa 5.10.23<\/a><\/h2><img loading=\"lazy\" decoding=\"async\" class=\"aligncenter size-full\" src=\"http:\/\/scontent-vie1-1.xx.fbcdn.net\/v\/t39.30808-6\/398839907_826381079491658_2626408169424578578_n.jpg?_nc_cat=103&amp;ccb=1-7&amp;_nc_sid=5f2048&amp;_nc_ohc=y8d0_6beOCMAX-HA5eb&amp;_nc_ht=scontent-vie1-1.xx&amp;oh=00_AfDxzAqi1mXGi6WS7_Tvj_0627BzEbUdu4uQFvOGgF6wzA&amp;oe=654BC564\" width=\"1734\" height=\"780\" \/><div dir=\"auto\"><\/div>\n<div dir=\"auto\">Wycieczk\u0119 rozpocz\u0119li\u015bmy od spaceru \u015acie\u017ckami przyrodniczo-dydaktycznymi z przystankami przy najciekawszych gatunkach ro\u015blin w ogrodzie jordanowskim w Tarnowie.<\/div>\n<div dir=\"auto\">Podczas spaceru uczniowie odwiedzili mauzoleum genera\u0142a<\/div>\n<div dir=\"auto\">J\u00f3zefa Bema. Na zako\u0144czenie spaceru ma\u0142y relaks na placu zabaw.<\/div>\n<div dir=\"auto\">Reszt\u0119 pozytywnej energii uczniowie wykorzystali podczas zabawy we Flyparku w Tarnowie.<\/div>\n<div dir=\"auto\"><a href=\"http:\/\/www.facebook.com\/photo\/?fbid=826381086158324&amp;set=pcb.826383832824716\">Galeria zdj\u0119\u0107<\/a><\/div>\n<div dir=\"auto\"><\/div>\n...<a href='https:\/\/sp.tuchow.pl\/index.php\/2023\/11\/04\/wyjazd-integracyjny-klas-6a-i-6c-do-tarnowa-5-10-23\/' class='pfpReadMore'>Read More &raquo;<\/a><div class='clear'><\/div><hr><\/div><div class='pfpItem entry-content'><h2 class='entry-title'><a href='https:\/\/sp.tuchow.pl\/index.php\/2023\/11\/04\/smaki-europy-na-zajeciach-kulinarnych-w-6-a\/'>Smaki Europy na zaj\u0119ciach kulinarnych w 6 a<\/a><\/h2><img loading=\"lazy\" decoding=\"async\" class=\"aligncenter size-full\" src=\"http:\/\/scontent-vie1-1.xx.fbcdn.net\/v\/t39.30808-6\/398153151_826711639458602_4303332617901194277_n.jpg?_nc_cat=101&amp;ccb=1-7&amp;_nc_sid=5f2048&amp;_nc_ohc=um3ck3K9z1wAX8eJSpA&amp;_nc_ht=scontent-vie1-1.xx&amp;oh=00_AfAefixmnCn1RO2UhqdLquEOy0dWb8ZlBC-aXXsLSpaYmQ&amp;oe=654AA6FF\" width=\"2048\" height=\"921\" \/><div class=\"xdj266r x11i5rnm xat24cr x1mh8g0r x1vvkbs x126k92a\">\n<div dir=\"auto\" style=\"text-align: justify;\">Pizza, spaghetti, nale\u015bniki, makarony, tosty, to tylko niekt\u00f3re smako\u0142yki, kt\u00f3re przygotowali uczniowie klasy 6 a na zaj\u0119ciach kulinarnych. Wsp\u00f3lne gotowanie to okazja do odkrywania przyjemnej tw\u00f3rczo\u015bci. Uczniowie tworzyli w\u0142asne kompozycje potraw i dekorowali je wed\u0142ug w\u0142asnego pomys\u0142u. Zabawy i rado\u015bci przy...<a href='https:\/\/sp.tuchow.pl\/index.php\/2023\/11\/04\/smaki-europy-na-zajeciach-kulinarnych-w-6-a\/' class='pfpReadMore'>Read More &raquo;<\/a><div class='clear'><\/div><hr><\/div><div class='pfpItem entry-content'><h2 class='entry-title'><a href='https:\/\/sp.tuchow.pl\/index.php\/2023\/10\/31\/pomoc-dla-bezdomnych-zwierzat-4\/'>\"Pomoc dla bezdomnych zwierz\u0105t\"<\/a><\/h2><img loading=\"lazy\" decoding=\"async\" class=\"aligncenter size-full\" src=\"http:\/\/scontent-vie1-1.xx.fbcdn.net\/v\/t39.30808-6\/396709446_824771919652574_9207345263406402154_n.jpg?_nc_cat=104&amp;ccb=1-7&amp;_nc_sid=5f2048&amp;_nc_ohc=QkTej2BuwnYAX_TsXP-&amp;_nc_ht=scontent-vie1-1.xx&amp;oh=00_AfCoBpJDbopX6esP4bRXzllmi-W4nM1lSM1iCCBg_H4oxg&amp;oe=6545E21A\" width=\"1532\" height=\"2048\" \/><p>Jak co roku, wraz z Towarzystwem Opieki nad Zwierz\u0119tami w Tarnowie, zapraszamy do udzia\u0142u w akcji &#8222;Pomoc dla bezdomnych zwierz\u0105t&#8221;.<\/p>\n<div dir=\"auto\">Zbieramy u\u017cywane, niepotrzebne ko\u0142dry, koce, r\u0119czniki, po\u015bciele, kurtki oraz karm\u0119 dla ps\u00f3w i kot\u00f3w.<\/div>\n<div dir=\"auto\">Dary zostan\u0105 przekazane do schronisk, dom\u00f3w tymczasowych i azyli.<\/div>\n<div dir=\"auto\">Akcja trwa od 6.11.- 20.11.2023 r.<\/div>\n<div dir=\"auto\">Rzeczy...<a href='https:\/\/sp.tuchow.pl\/index.php\/2023\/10\/31\/pomoc-dla-bezdomnych-zwierzat-4\/' class='pfpReadMore'>Read More &raquo;<\/a><div class='clear'><\/div><hr><\/div><div class='pfpItem entry-content'><h2 class='entry-title'><a href='https:\/\/sp.tuchow.pl\/index.php\/2023\/10\/30\/wycieczka-klasy-5d\/'>Wycieczka klasy 5d<\/a><\/h2><img loading=\"lazy\" decoding=\"async\" class=\"aligncenter size-full\" src=\"http:\/\/scontent-vie1-1.xx.fbcdn.net\/v\/t39.30808-6\/396697571_824191943043905_4152583061241967735_n.jpg?_nc_cat=110&amp;ccb=1-7&amp;_nc_sid=5f2048&amp;_nc_ohc=zwjqvhnLz9AAX9og4Fs&amp;_nc_ht=scontent-vie1-1.xx&amp;oh=00_AfAI6EPI4_6O50HdpH3QM5GkMVDOzX_7Mrl775DhAff36w&amp;oe=6545C6C6\" width=\"2048\" height=\"1536\" \/><p style=\"text-align: justify;\">W dniach 26 \u2013 27 pa\u017adziernika 2023 r. go\u015bcili\u015bmy w\u00a0Domu Wczas\u00f3w Dzieci\u0119cych w\u00a0Jod\u0142\u00f3wce Tuchowskiej.<\/p>\n<p style=\"text-align: justify;\">Podczas pobytu czeka\u0142o na nas wiele atrakcji, mi\u0119dzy innymi: ognisko, zaj\u0119cia cyrkowe i\u00a0mydlarskie. Jednym z g\u0142\u00f3wnych punkt\u00f3w programu by\u0142a piesza wycieczka na Brzank\u0119. Mimo niesprzyjaj\u0105cych warunk\u00f3w atmosferycznych uda\u0142o nam si\u0119 zdoby\u0107 szczyt.<\/p>\n<p style=\"text-align:...<a href='https:\/\/sp.tuchow.pl\/index.php\/2023\/10\/30\/wycieczka-klasy-5d\/' class='pfpReadMore'>Read More &raquo;<\/a><div class='clear'><\/div><hr><\/div><div class='pfpItem entry-content'><h2 class='entry-title'><a href='https:\/\/sp.tuchow.pl\/index.php\/2023\/10\/27\/sprzatanie-cmentarzy-2\/'>Sprz\u0105tanie cmentarzy<\/a><\/h2><img loading=\"lazy\" decoding=\"async\" class=\"aligncenter size-full\" src=\"http:\/\/scontent-vie1-1.xx.fbcdn.net\/v\/t39.30808-6\/396698622_822144763248623_8077796967620232677_n.jpg?_nc_cat=108&amp;ccb=1-7&amp;_nc_sid=5f2048&amp;_nc_ohc=ruJ8uR0ZqNEAX80Cr8R&amp;_nc_ht=scontent-vie1-1.xx&amp;oh=00_AfDcNPj0a6OYQpukS9Uk7EnbuZahx9We_1lsW7j6BzQG5g&amp;oe=6541AEC9\" width=\"1024\" height=\"768\" \/><div dir=\"auto\">\n<div dir=\"auto\">\n<div dir=\"auto\">W pi\u0105tek 27 pa\u017adziernika 2023 r. uczniowie klas \u00f3smych oraz cz\u0142onkowie M\u0142odzie\u017cowej Rady Gminy z opiekunami posprz\u0105tali cmentarze wojskowe oraz Stary Cmentarz w Tuchowie. Akcja ta ma na celu uczczenie pami\u0119ci \u017co\u0142nierzy poleg\u0142ych za nasz\u0105 wolno\u015b\u0107, jest lekcj\u0105 \u017cywego patriotyzmu i historii naszego miasta.<\/div>\n<div dir=\"auto\">Dzi\u0119kujemy uczniom, m\u0142odzie\u017cy,...<a href='https:\/\/sp.tuchow.pl\/index.php\/2023\/10\/27\/sprzatanie-cmentarzy-2\/' class='pfpReadMore'>Read More &raquo;<\/a><div class='clear'><\/div><hr><\/div><div class='pfpItem entry-content'><h2 class='entry-title'><a href='https:\/\/sp.tuchow.pl\/index.php\/2023\/10\/27\/sprzatanie-cmentarzy-klasy-7\/'>Sprz\u0105tanie cmentarzy - klasy 7<\/a><\/h2><img loading=\"lazy\" decoding=\"async\" class=\"aligncenter size-full\" src=\"http:\/\/scontent-vie1-1.xx.fbcdn.net\/v\/t39.30808-6\/396710010_822590479870718_2670027539269978648_n.jpg?_nc_cat=110&amp;ccb=1-7&amp;_nc_sid=5f2048&amp;_nc_ohc=aEh6V46KC74AX-znsyI&amp;_nc_ht=scontent-vie1-1.xx&amp;oh=00_AfDW6XMrE4-rBMJVEYIy8Ozkdj7l0OsjqZj5-pvrmF6DTA&amp;oe=6541EB06\" width=\"1600\" height=\"720\" \/><div dir=\"auto\">20 pa\u017adziernika 2023 r. uczniowie klas 7 Szko\u0142y Podstawowej im . S. Staszica w Tuchowie rozpocz\u0119li akcj\u0119 sprz\u0105tania cmentarzy wojskowych oraz Starego Cmentarza w Tuchowie. Jest to dla nich lekcja patriotyzmu, historii lokalnej oraz pr\u00f3by si\u0142 podczas prac fizycznych. Dzi\u0119kujemy wszystkim za zaanga\u017cowanie a Jerzemu Odro\u0144cowi za s\u0142odki pocz\u0119stunek.<\/div>\n<div...<a href='https:\/\/sp.tuchow.pl\/index.php\/2023\/10\/27\/sprzatanie-cmentarzy-klasy-7\/' class='pfpReadMore'>Read More &raquo;<\/a><div class='clear'><\/div><hr><\/div><div class='pfpItem entry-content'><h2 class='entry-title'><a href='https:\/\/sp.tuchow.pl\/index.php\/2023\/10\/19\/wycieczka-kl-7b-i-7c-do-nowego-wisnicza\/'>Wycieczka kl. 7b i 7c do Nowego Wi\u015bnicza<\/a><\/h2><img loading=\"lazy\" decoding=\"async\" class=\"aligncenter size-full\" src=\"http:\/\/scontent-vie1-1.xx.fbcdn.net\/v\/t39.30808-6\/394217736_817044300425336_7360779218246250713_n.jpg?_nc_cat=102&amp;ccb=1-7&amp;_nc_sid=5f2048&amp;_nc_ohc=Av04Iff4LJcAX-sEYuM&amp;_nc_ht=scontent-vie1-1.xx&amp;oh=00_AfBLQUPMgXLckYSygb5QK_wzcvD-fME54YCQTklWfC81Bw&amp;oe=6535E59A\" width=\"2048\" height=\"1542\" \/><p style=\"text-align: justify;\">18.10.2023 r uczniowie klas 7b i 7c pojechali do Nowego Wi\u015bnicza, gdzie mogli\u00a0 zwiedza\u0107 jeden z najwi\u0119kszych zamk\u00f3w w Polsce oraz wzi\u0105\u0107 udzia\u0142 w ciekawych warsztatach alchemicznych.<\/p>\n<p style=\"text-align: justify;\">Niew\u0105tpliw\u0105 atrakcj\u0105 by\u0142 Bastion VR &#8211;\u00a0 gdzie uczniowie wybrali si\u0119 w podr\u00f3\u017c po wi\u015bnickim zamku w scenerii XVII wieku w...<a href='https:\/\/sp.tuchow.pl\/index.php\/2023\/10\/19\/wycieczka-kl-7b-i-7c-do-nowego-wisnicza\/' class='pfpReadMore'>Read More &raquo;<\/a><div class='clear'><\/div><hr><\/div><div class='pfpItem entry-content'><h2 class='entry-title'><a href='https:\/\/sp.tuchow.pl\/index.php\/2023\/10\/19\/gra-terenowa-klas-osmych\/'>Gra terenowa klas \u00f3smych<\/a><\/h2><img loading=\"lazy\" decoding=\"async\" class=\"aligncenter size-full\" src=\"http:\/\/scontent-vie1-1.xx.fbcdn.net\/v\/t39.30808-6\/394292098_817039597092473_6268339012145485679_n.jpg?stp=cp6_dst-jpg&amp;_nc_cat=103&amp;ccb=1-7&amp;_nc_sid=5f2048&amp;_nc_ohc=Mn5ZZUX6NEMAX9FhS75&amp;_nc_ht=scontent-vie1-1.xx&amp;oh=00_AfDbDod0lQEbPTYdvrCwoQpVQNltJF91BBfCD3qV1uVtBA&amp;oe=6537495F\" width=\"2048\" height=\"1536\" \/><p style=\"text-align: justify;\">M\u0142odzie\u017c klas \u00f3smych, pomimo ch\u0142odnej pa\u017adziernikowej aury, ch\u0119tnie wzi\u0119\u0142a udzia\u0142 w grze terenowej \u201eTacy jak my. Historia \u017byd\u00f3w w okupowanym Tuchowie 1939-1945\u201d. Przechodz\u0105c kolejno do wskazanych przez nauczyciela miejsc w Tuchowie, uczniowie dowiedzieli si\u0119, jak wygl\u0105da\u0142a okupacja hitlerowska w naszym mie\u015bcie, gdzie i kiedy istnia\u0142y tuchowskie getto oraz...<a href='https:\/\/sp.tuchow.pl\/index.php\/2023\/10\/19\/gra-terenowa-klas-osmych\/' class='pfpReadMore'>Read More &raquo;<\/a><div class='clear'><\/div><hr><\/div><div class='pfpItem entry-content'><h2 class='entry-title'><a href='https:\/\/sp.tuchow.pl\/index.php\/2023\/10\/19\/palacyk-michla-w-wykonaniu-uczniow-klasy-4-b\/'>Pa\u0142acyk Michla w wykonaniu uczni\u00f3w klasy 4 b<\/a><\/h2><img loading=\"lazy\" decoding=\"async\" class=\"aligncenter size-full\" src=\"http:\/\/scontent-vie1-1.xx.fbcdn.net\/v\/t39.30808-6\/394258392_817038363759263_3280432522644747457_n.jpg?_nc_cat=108&amp;ccb=1-7&amp;_nc_sid=5f2048&amp;_nc_ohc=QfFJXlXPTTAAX_4BVIs&amp;_nc_ht=scontent-vie1-1.xx&amp;oh=00_AfDPdmvPDBkbPDFAtBYBGcjWV_s4bW2Ww5CH9N5ZuSmXRA&amp;oe=65377C76\" width=\"1414\" height=\"2000\" \/><p style=\"text-align: justify;\"><em>Nasza szko\u0142a po raz kolejny wzi\u0119\u0142a udzia\u0142 w akcji BohaterOn &#8211; w\u0142\u0105cz histori\u0119 . W tym roku wys\u0142ali\u015bmy film, na kt\u00f3rym klasa 4 b wykona\u0142a utw\u00f3r \u201cPa\u0142acyk Michla\u201d. Dzieci podzi\u0119kowa\u0142y i pozdrowi\u0142y kombatant\u00f3w Powstania Warszawskiego. <\/em><\/p>\n<p><strong><em>Zach\u0119camy do obejrzenia i polubienia wyst\u0119pu naszych uczni\u00f3w.<\/em><\/strong><\/p>\n<p><em>Wystarczy:<\/em><\/p>\n<ul>\n<li><em>wej\u015b\u0107 na stron\u0119 <strong>http:\/\/wpis.dumnizpowstancow.pl\/<\/strong><\/em><\/li>\n<li><em>wybra\u0107 zak\u0142adk\u0119 <strong>MAPA<\/strong><\/em><\/li>\n<li><em>w...<a href='https:\/\/sp.tuchow.pl\/index.php\/2023\/10\/19\/palacyk-michla-w-wykonaniu-uczniow-klasy-4-b\/' class='pfpReadMore'>Read More &raquo;<\/a><div class='clear'><\/div><hr><\/div><div class='pfpItem entry-content'><h2 class='entry-title'><a href='https:\/\/sp.tuchow.pl\/index.php\/2023\/10\/11\/uczniowie-klas-osmych-w-muzeum-pamieci-auschwitz-birkenau\/'>Uczniowie klas \u00f3smych w Muzeum Pami\u0119ci Auschwitz \u2013 Birkenau<\/a><\/h2><img loading=\"lazy\" decoding=\"async\" class=\"aligncenter size-full\" src=\"http:\/\/scontent-vie1-1.xx.fbcdn.net\/v\/t39.30808-6\/391612889_811269194336180_4765908176187399293_n.jpg?_nc_cat=110&amp;ccb=1-7&amp;_nc_sid=813123&amp;_nc_ohc=AQnZkddSirgAX8aYk4O&amp;_nc_ht=scontent-vie1-1.xx&amp;oh=00_AfCIWvN3N2T7cKQIp0JV0woWSvLWxiV_k7kCMhljsMH1kg&amp;oe=652C227F\" width=\"2976\" height=\"1408\" \/><p style=\"text-align: justify;\"><strong>We wrze\u015bniu uczniowie klas \u00f3smych wraz z wychowawcami oraz nauczycielami odwiedzili Muzeum i Miejsce Pami\u0119ci Auschwitz \u2013 Birkenau. M\u0142odzie\u017c, po kilkugodzinnym oprowadzaniu przez przewodnika oraz wys\u0142uchaniu\u00a0 wzruszaj\u0105cych historii, przywioz\u0142a ze sob\u0105 wiele wa\u017cnych i dojrza\u0142ych refleksji.<\/strong><\/p>\n<p><em>\u201eOdwiedzenie Muzeum i Miejsca Pami\u0119ci Auschwitz \u2013 Birkenau by\u0142o jednym z najbardziej poruszaj\u0105cych...<a href='https:\/\/sp.tuchow.pl\/index.php\/2023\/10\/11\/uczniowie-klas-osmych-w-muzeum-pamieci-auschwitz-birkenau\/' class='pfpReadMore'>Read More &raquo;<\/a><div class='clear'><\/div><hr><\/div><div class='pfpItem entry-content'><h2 class='entry-title'><a href='https:\/\/sp.tuchow.pl\/index.php\/2023\/10\/10\/pieszo-do-lasu-tuchowskiego\/'>Pieszo do Lasu Tuchowskiego<\/a><\/h2><img loading=\"lazy\" decoding=\"async\" class=\"aligncenter size-full\" src=\"http:\/\/scontent-vie1-1.xx.fbcdn.net\/v\/t39.30808-6\/391626702_810765827719850_3835582859921891468_n.jpg?_nc_cat=102&amp;ccb=1-7&amp;_nc_sid=813123&amp;_nc_ohc=bS8DnVa4q38AX_YYTIa&amp;_nc_ht=scontent-vie1-1.xx&amp;oh=00_AfB6190A-t5lOuln8BOhJDa_9BgM5Cx9Ki9Weg6q61nUYw&amp;oe=652B50FD\" width=\"2048\" height=\"1152\" \/><p style=\"text-align: justify;\">28 wrze\u015bnia 2023 roku, po raz trzeci klasa VI b pow\u0119drowa\u0142a do Lasu Tuchowskiego.<\/p>\n<p style=\"text-align: justify;\">Za opis wycieczki wystarczy kr\u00f3tkie wspomnienie Amelii Broniszewskiej:<\/p>\n<p style=\"text-align: justify;\"><em>Dzisiejsza wycieczka by\u0142a wspania\u0142a pod wzgl\u0119dem pogody oraz naszej klasowej atmosfery. Kie\u0142baski pieczone z ogniska by\u0142y przepyszne. A humory wszystkim nam dopisywa\u0142y!!!<\/em><\/p>\n<p style=\"text-align: justify;\">Dzi\u0119kuj\u0119...<a href='https:\/\/sp.tuchow.pl\/index.php\/2023\/10\/10\/pieszo-do-lasu-tuchowskiego\/' class='pfpReadMore'>Read More &raquo;<\/a><div class='clear'><\/div><hr><\/div><div class='pfpItem entry-content'><h2 class='entry-title'><a href='https:\/\/sp.tuchow.pl\/index.php\/2023\/10\/10\/wojenko-wojenko-rozbrzmiewala-piesn-zolnierska-nad-grobami-poleglych-na-cmentarzu-nr-164-w-tuchowie\/'>Wojenko, wojenko \u2026 \u2013 rozbrzmiewa\u0142a pie\u015b\u0144 \u017co\u0142nierska nad grobami poleg\u0142ych na cmentarzu nr 164 w Tuchowie.<\/a><\/h2><img loading=\"lazy\" decoding=\"async\" class=\"aligncenter size-full\" src=\"http:\/\/scontent-vie1-1.xx.fbcdn.net\/v\/t39.30808-6\/386099735_810763951053371_8302899456346102820_n.jpg?_nc_cat=103&amp;ccb=1-7&amp;_nc_sid=813123&amp;_nc_ohc=gNDh-lx0LzAAX_2EufA&amp;_nc_ht=scontent-vie1-1.xx&amp;oh=00_AfDoppoXFapXA47ZI-8lWum0RsYkQb914pR-Fb9OtW6RzQ&amp;oe=652A1917\" width=\"2048\" height=\"1200\" \/><p style=\"text-align: justify;\">Uczniowie klasy 7 c na pocz\u0105tku pa\u017adziernika wzi\u0119li udzia\u0142 w przygotowanej przez nauczycieli matematyki, historii oraz plastyki lekcji w terenie. Zaj\u0119cia w pi\u0119knej scenerii Tuchowskiego Lasu obejmowa\u0142y wiedz\u0119 z przedmiot\u00f3w : matematyki \u2013 geometryczne mno\u017cenie, plastyki &#8211; wykonanie zdj\u0119cia pt. \u201eDetal wkomponowany w pejza\u017c\u201d, historii \u2013 \u015blady I...<a href='https:\/\/sp.tuchow.pl\/index.php\/2023\/10\/10\/wojenko-wojenko-rozbrzmiewala-piesn-zolnierska-nad-grobami-poleglych-na-cmentarzu-nr-164-w-tuchowie\/' class='pfpReadMore'>Read More &raquo;<\/a><div class='clear'><\/div><hr><\/div><div class='pfpItem entry-content'><h2 class='entry-title'><a href='https:\/\/sp.tuchow.pl\/index.php\/2023\/10\/10\/szkola-podstawowa-w-tuchowie-przystapila-do-wyzwania-wskocz-w-pizame-i-pomoz-wikusi\/'>Szko\u0142a Podstawowa w Tuchowie przyst\u0105pi\u0142a do Wyzwania \u201eWskocz w pi\u017cam\u0119 i pom\u00f3\u017c Wikusi\u201d<\/a><\/h2><img loading=\"lazy\" decoding=\"async\" class=\"aligncenter size-full\" src=\"http:\/\/scontent-vie1-1.xx.fbcdn.net\/v\/t39.30808-6\/387835592_810549427741490_2003561918932480299_n.jpg?stp=cp6_dst-jpg&amp;_nc_cat=111&amp;ccb=1-7&amp;_nc_sid=813123&amp;_nc_ohc=EHIiDg-H7FIAX-IAamJ&amp;_nc_ht=scontent-vie1-1.xx&amp;oh=00_AfBxz3tcTlA_lK1svbznYzYsR6bnAHjWRM08so2x0AMrVg&amp;oe=652A2BC1\" width=\"1170\" height=\"876\" \/><p style=\"text-align: center;\"><strong>\u201eSztuka dawania podarunku polega na tym, aby ofiarowa\u0107 co\u015b, czego nie mo\u017cna kupi\u0107 w \u017cadnym sklepie&#8221;<\/strong><\/p>\n<p style=\"text-align: center;\"><strong>\u00a0(A.A. Milne,\u00a0<em>Kubu\u015b Puchatek<\/em>)<\/strong><\/p>\n<p style=\"text-align: center;\"><strong>PODZIEKOWANIE<\/strong><\/p>\n<p><strong>\u00a0<\/strong><\/p>\n<p style=\"text-align: justify;\">Szko\u0142a Podstawowa w Tuchowie przyst\u0105pi\u0142a do\u00a0<strong><u>W<\/u><\/strong><em><strong><u>yzwania<\/u><\/strong><\/em><strong>\u00a0\u201eWskocz w pi\u017cam\u0119 i pom\u00f3\u017c Wikusi\u201d\u00a0<\/strong>w ramach zbi\u00f3rki publicznej pod nazw\u0105\u00a0<em><strong>\u201eZbi\u00f3rka \u015brodk\u00f3w na leczenie i rehabilitacj\u0119 dla Wikusi\u201d\u00a0<\/strong><\/em>zg\u0142oszonej w MSWiA...<a href='https:\/\/sp.tuchow.pl\/index.php\/2023\/10\/10\/szkola-podstawowa-w-tuchowie-przystapila-do-wyzwania-wskocz-w-pizame-i-pomoz-wikusi\/' class='pfpReadMore'>Read More &raquo;<\/a><div class='clear'><\/div><hr><\/div><div class='pfpItem entry-content'><h2 class='entry-title'><a href='https:\/\/sp.tuchow.pl\/index.php\/2023\/10\/06\/kryminalne-wycieczki-w-przeszlosc\/'>Kryminalne wycieczki w przesz\u0142o\u015b\u0107<\/a><\/h2><p style=\"text-align: justify;\">\u00a0\u00a0\u00a0\u00a0\u00a0\u00a0\u00a0\u00a0\u00a0\u00a0\u00a0\u00a0 Biblioteka szkolna zaprasza wszystkich uczni\u00f3w klas 5 i 6 do udzia\u0142u w II edycji \u00a0projektu czytelniczego \u00a0<span style=\"color: #ff0000;\"><strong>\u201eKryminalne wycieczki w przesz\u0142o\u015b\u0107\u201d. <\/strong><\/span><\/p>\n<p style=\"text-align: justify;\">\u00a0\u00a0\u00a0\u00a0\u00a0\u00a0\u00a0\u00a0\u00a0\u00a0\u00a0\u00a0 Projekt polega na wypo\u017cyczeniu ksi\u0105\u017cki z serii <strong>Ale to historia\u2026 i A to historia- Krymina\u0142ki historyczno- fantastyczne,<\/strong> wype\u0142nieniu testu oraz wykonaniu pracy...<a href='https:\/\/sp.tuchow.pl\/index.php\/2023\/10\/06\/kryminalne-wycieczki-w-przeszlosc\/' class='pfpReadMore'>Read More &raquo;<\/a><div class='clear'><\/div><hr><\/div><div class='pfpItem entry-content'><h2 class='entry-title'><a href='https:\/\/sp.tuchow.pl\/index.php\/2023\/10\/04\/wskocz-w-pizame-i-pomoz-wikusi\/'>\"Wskocz w pi\u017cam\u0119 i pom\u00f3\u017c Wikusi\"<\/a><\/h2><img loading=\"lazy\" decoding=\"async\" class=\"aligncenter size-full\" src=\"http:\/\/scontent-vie1-1.xx.fbcdn.net\/v\/t39.30808-6\/385054410_806557584807341_7833822925845438943_n.jpg?_nc_cat=102&amp;ccb=1-7&amp;_nc_sid=49d041&amp;_nc_ohc=aucB9M_iinUAX8YH-2D&amp;_nc_ht=scontent-vie1-1.xx&amp;oh=00_AfBIhZ-_cSLmRJbKLu5akSrZZq6ANsDYi0f2VD00L-CG2g&amp;oe=6523331F\" width=\"507\" height=\"900\" \/><p style=\"text-align: justify;\">Szko\u0142a Podstawowa w Tuchowie przyst\u0105pi\u0142a do\u00a0<strong><u>W<\/u><em><u>yzwania<\/u><\/em>\u00a0&#8222;Wskocz w pi\u017cam\u0119 i pom\u00f3\u017c Wikusi&#8221;\u00a0<\/strong>w ramach zbi\u00f3rki publicznej pod nazw\u0105\u00a0<strong><em>&#8222;Zbi\u00f3rka \u015brodk\u00f3w na leczenie i rehabilitacj\u0119 dla Wikusi&#8221;\u00a0<\/em><\/strong>zg\u0142oszonej w MSWiA o numerze 2023\/1206\/KS.<\/p>\n<p style=\"text-align: justify;\">Challenge wraz ze zbi\u00f3rk\u0105 dobrowolnych datk\u00f3w do puszki odb\u0119dzie si\u0119 w naszej szkole w dniu 06.10.2023 r.(pi\u0105tek), w tym...<a href='https:\/\/sp.tuchow.pl\/index.php\/2023\/10\/04\/wskocz-w-pizame-i-pomoz-wikusi\/' class='pfpReadMore'>Read More &raquo;<\/a><div class='clear'><\/div><hr><\/div><div class='pfpItem entry-content'><h2 class='entry-title'><a href='https:\/\/sp.tuchow.pl\/index.php\/2023\/10\/03\/dzien-glosnego-czytania-2\/'>DZIE\u0143 G\u0141O\u015aNEGO CZYTANIA<\/a><\/h2><img loading=\"lazy\" decoding=\"async\" class=\"aligncenter size-full\" src=\"http:\/\/scontent-vie1-1.xx.fbcdn.net\/v\/t39.30808-6\/385780978_805898744873225_652865088388788611_n.jpg?_nc_cat=103&amp;ccb=1-7&amp;_nc_sid=813123&amp;_nc_ohc=rMx-4DW1CFsAX8y-QTc&amp;_nc_ht=scontent-vie1-1.xx&amp;oh=00_AfCxHavp9DDRq6Oy098gubuMOAgibhmqmtOFACCk32UXRg&amp;oe=65216A75\" width=\"1170\" height=\"1560\" \/><p><strong>W 2023 roku obchody\u00a0<em>Og\u00f3lnopolskiego Dnia G\u0142o\u015bnego Czytania<\/em>\u00a0przypad\u0142y 29 wrze\u015bnia.<\/strong><\/p>\n<p style=\"text-align: justify;\"><strong>Og\u00f3lnopolski Dzie\u0144 G\u0142o\u015bnego Czytania to jedno z\u00a0tych wydarze\u0144, kt\u00f3re jest zar\u00f3wno przyjemne jak i\u00a0po\u017cyteczne. W tym roku do lektury wybra\u0142y\u015bmy ksi\u0105\u017ck\u0119 <span style=\"color: #3366ff;\">Paw\u0142a Waku\u0142y \u201e<em>O kocie malarzu, krowie biegaczce i prosiaku tancerzu.<\/em><\/span><\/strong><span style=\"color: #3366ff;\"><em>\u201e<\/em><\/span><br \/>\nCelem \u015bwi\u0119ta jest propagowanie czytelnictwa...<a href='https:\/\/sp.tuchow.pl\/index.php\/2023\/10\/03\/dzien-glosnego-czytania-2\/' class='pfpReadMore'>Read More &raquo;<\/a><div class='clear'><\/div><hr><\/div><div class='pfpItem entry-content'><h2 class='entry-title'><a href='https:\/\/sp.tuchow.pl\/index.php\/2023\/09\/29\/narodowe-czytanie-w-tuchowie-2\/'>Narodowe Czytanie w Tuchowie<\/a><\/h2><img loading=\"lazy\" decoding=\"async\" class=\"aligncenter size-full\" src=\"http:\/\/scontent-vie1-1.xx.fbcdn.net\/v\/t39.30808-6\/381950154_798965908899842_7914688805612366679_n.jpg?_nc_cat=106&amp;ccb=1-7&amp;_nc_sid=5614bc&amp;_nc_ohc=JQZibGLHwGQAX9tJ4nT&amp;_nc_ht=scontent-vie1-1.xx&amp;oh=00_AfCXXHKSrf2kBn7kd-q0aGHVY_fnyd1Jw-aHDuBqGXJswA&amp;oe=651BA1B8\" width=\"2016\" height=\"908\" \/><p style=\"text-align: justify;\">W sobot\u0119 23 wrze\u015bnia 2023 roku na tuchowskim rynku uczniowie i nauczyciele Szko\u0142y Podstawowej im. Stanis\u0142awa Staszica oraz cz\u0142onkowie Towarzystwa Mi\u0142o\u015bnik\u00f3w Tuchowa wraz z mieszka\u0144cami Tuchowa do\u0142\u0105czyli do Og\u00f3lnopolskiej akcji Narodowego Czytania. W tym roku prezydent wybra\u0142 ksi\u0105\u017ck\u0119 Elizy Orzeszkowej \u201eNad Niemnem\u201d. W rol\u0119 bohater\u00f3w wcielili si\u0119 mi\u0119dzy...<a href='https:\/\/sp.tuchow.pl\/index.php\/2023\/09\/29\/narodowe-czytanie-w-tuchowie-2\/' class='pfpReadMore'>Read More &raquo;<\/a><div class='clear'><\/div><hr><\/div><div class='pfpItem entry-content'><h2 class='entry-title'><a href='https:\/\/sp.tuchow.pl\/index.php\/2023\/09\/29\/dodatkowe-dni-wolne-od-zajec-dydaktyczno-wychowawczych\/'>Dodatkowe dni wolne od zaj\u0119\u0107 dydaktyczno-wychowawczych<\/a><\/h2><p style=\"text-align: justify;\">Dyrektor Szko\u0142y Podstawowej im. St. Staszica w Tuchowie, po zasi\u0119gni\u0119ciu opinii rady pedagogicznej, rady rodzic\u00f3w i samorz\u0105du uczniowskiego ustala nast\u0119puj\u0105ce dni wolne od zaj\u0119\u0107 dydaktyczno &#8211; wychowawczych dla uczni\u00f3w:<\/p>\n<ul style=\"text-align: justify;\">\n<li>Dzie\u0144 02, 03 listopada 2023 r. (czwartek, pi\u0105tek)<\/li>\n<li>Dzie\u0144 02 stycznia 2024 r. (wtorek)<\/li>\n<li>Dzie\u0144 14 maja 2024 r. (wtorek)...<a href='https:\/\/sp.tuchow.pl\/index.php\/2023\/09\/29\/dodatkowe-dni-wolne-od-zajec-dydaktyczno-wychowawczych\/' class='pfpReadMore'>Read More &raquo;<\/a><div class='clear'><\/div><hr><\/div><div class='pfpItem entry-content'><h2 class='entry-title'><a href='https:\/\/sp.tuchow.pl\/index.php\/2023\/09\/28\/wycieczka-klas-3a-5a-i-5b-do-ojcowskiego-parku-narodowego\/'>Wycieczka klas 3a, 5a i 5b do Ojcowskiego Parku Narodowego<\/a><\/h2><img loading=\"lazy\" decoding=\"async\" class=\"aligncenter size-full\" src=\"http:\/\/scontent-vie1-1.xx.fbcdn.net\/v\/t39.30808-6\/380896329_802772368519196_7241137829796664105_n.jpg?_nc_cat=110&amp;ccb=1-7&amp;_nc_sid=813123&amp;_nc_ohc=GdiuChGkfAIAX-7qIQ2&amp;_nc_ht=scontent-vie1-1.xx&amp;oh=00_AfB4gBsItH7t0eHEUl8cTCAD6ltjK8-vk-z_0Vhp8g9obw&amp;oe=651AB9BF\" width=\"1024\" height=\"768\" \/><p style=\"text-align: justify;\">Klasy 3a, 5a i 5b odwiedzi\u0142y dzisiaj jedn\u0105 z atrakcji Ma\u0142opolski: Ojcowski Park Narodowy. Przy pi\u0119knej, s\u0142onecznej pogodzie uczniowie zobaczyli jego najbardziej znane miejsca: iglice skalne: Maczug\u0119 Herkulesa oraz Ig\u0142\u0119 Deotymy, Zamek w Pieskowej Skale i Bram\u0119 Krakowsk\u0105. Zwiedzili\u015bmy te\u017c pi\u0119kne jaskinie: Nietoperzow\u0105 i Jaskini\u0119 \u0141okietka. Uczniowie wr\u00f3cili...<a href='https:\/\/sp.tuchow.pl\/index.php\/2023\/09\/28\/wycieczka-klas-3a-5a-i-5b-do-ojcowskiego-parku-narodowego\/' class='pfpReadMore'>Read More &raquo;<\/a><div class='clear'><\/div><hr><\/div><div class='pfpItem entry-content'><h2 class='entry-title'><a href='https:\/\/sp.tuchow.pl\/index.php\/2023\/09\/27\/wyniki-wyborow-do-samorzadu-uczniowskiego\/'>Wyniki wybor\u00f3w do Samorz\u0105du Uczniowskiego<\/a><\/h2><img loading=\"lazy\" decoding=\"async\" class=\"aligncenter size-full\" src=\"http:\/\/scontent-waw1-1.xx.fbcdn.net\/v\/t39.30808-6\/382239109_803055075157592_210318017200105170_n.jpg?stp=cp6_dst-jpg&amp;_nc_cat=102&amp;ccb=1-7&amp;_nc_sid=49d041&amp;_nc_ohc=sBwUdJ-mlv8AX8QQvOx&amp;_nc_ht=scontent-waw1-1.xx&amp;oh=00_AfAEuiSZUQM4KiCvZdZWza3jWcad2un2-YlRmnF8htBgdw&amp;oe=651C01BB\" width=\"1536\" height=\"2048\" \/><p>Wyniki wybor\u00f3w do Samorz\u0105du Uczniowskiego<\/p>\n<p><strong>Przewodnicz\u0105ca Angelika K\u0119dzior<\/strong><br \/>\n<strong>Zast\u0119pca Wiktoria Gogola<\/strong><br \/>\n<strong>Sekretarz Franciszek Dziadowiec<\/strong><\/p>\n<p><\/p>\n<p>&nbsp;<\/p>\n...<a href='https:\/\/sp.tuchow.pl\/index.php\/2023\/09\/27\/wyniki-wyborow-do-samorzadu-uczniowskiego\/' class='pfpReadMore'>Read More &raquo;<\/a><div class='clear'><\/div><hr><\/div><div class='pfpItem entry-content'><h2 class='entry-title'><a href='https:\/\/sp.tuchow.pl\/index.php\/2023\/09\/26\/polny-kwiatek-na-wietrze-sie-klania-zagladamy-do-wypracowan-dzieci\/'>,,Polny kwiatek na wietrze si\u0119 k\u0142ania\u2019\u2019.  Zagl\u0105damy do wypracowa\u0144 dzieci\u2026<\/a><\/h2><p style=\"text-align: justify;\"><strong>Jednym z zada\u0144 na sprawdzianie o \u015brodkach poetyckich w klasie 4 a by\u0142o opisanie w kilku zdaniach wybranej pory roku z zastosowaniem: epitetu, uosobienia, przeno\u015bni, por\u00f3wnania i onomatopei. Dzieci nie wiedzia\u0142y o zadaniu nic wcze\u015bniej. <\/strong><\/p>\n<p style=\"text-align: justify;\">Zapraszam do lektury:<\/p>\n<p style=\"text-align: justify;\">Por\u0105 roku, kt\u00f3r\u0105 opisz\u0119, b\u0119dzie wiosna.<\/p>\n<p style=\"text-align:...<a href='https:\/\/sp.tuchow.pl\/index.php\/2023\/09\/26\/polny-kwiatek-na-wietrze-sie-klania-zagladamy-do-wypracowan-dzieci\/' class='pfpReadMore'>Read More &raquo;<\/a><div class='clear'><\/div><hr><\/div><div class='pfpItem entry-content'><h2 class='entry-title'><a href='https:\/\/sp.tuchow.pl\/index.php\/2023\/09\/25\/nasza-szkola-bierze-udzial-w-akcji-szkoly-pelne-talentow-lidl\/'>Nasza szko\u0142a bierze udzia\u0142 w akcji \u201eSzko\u0142y Pe\u0142ne Talent\u00f3w\u201d LiDL<\/a><\/h2><img loading=\"lazy\" decoding=\"async\" class=\"aligncenter size-full\" src=\"http:\/\/scontent-vie1-1.xx.fbcdn.net\/v\/t39.30808-6\/383958653_800624148734018_5955571279477094125_n.jpg?_nc_cat=109&amp;ccb=1-7&amp;_nc_sid=49d041&amp;_nc_ohc=ir5dd7Ux6y4AX9kGy54&amp;_nc_ht=scontent-vie1-1.xx&amp;oh=00_AfD9mYZ6ni7RY8XgFGnBNL8gveno7iRaXOWaRQQctJouPA&amp;oe=65174121\" width=\"900\" height=\"1200\" \/><div dir=\"auto\" style=\"text-align: justify;\">Po raz drugi nasza szko\u0142a bierze udzia\u0142 w programie \u201eTalenciaki\u201d Lidla. Zebrane \u201eTalenciaki\u201d mo\u017cna wrzuca\u0107 do skrzynki w szkole lub wprowadza\u0107 kupony samodzielnie pod profilem naszej szko\u0142y:<\/div>\n<div dir=\"auto\" style=\"text-align: justify;\"><a class=\"x1i10hfl xjbqb8w x6umtig x1b1mbwd xaqea5y xav7gou x9f619 x1ypdohk xt0psk2 xe8uvvx xdj266r x11i5rnm xat24cr x1mh8g0r xexx8yu x4uap5 x18d9i69...<a href='https:\/\/sp.tuchow.pl\/index.php\/2023\/09\/25\/nasza-szkola-bierze-udzial-w-akcji-szkoly-pelne-talentow-lidl\/' class='pfpReadMore'>Read More &raquo;<\/a><div class='clear'><\/div><hr><\/div><div class='pfpItem entry-content'><h2 class='entry-title'><a href='https:\/\/sp.tuchow.pl\/index.php\/2023\/09\/25\/wycieczka-do-frankowki-malej\/'>Wycieczka do Frank\u00f3wki Ma\u0142ej<\/a><\/h2><img loading=\"lazy\" decoding=\"async\" class=\"aligncenter size-full\" src=\"http:\/\/scontent-vie1-1.xx.fbcdn.net\/v\/t39.30808-6\/382234005_800616988734734_1099925268728814316_n.jpg?_nc_cat=101&amp;ccb=1-7&amp;_nc_sid=813123&amp;_nc_ohc=2RMyPjBDBLAAX_kuX8p&amp;_nc_ht=scontent-vie1-1.xx&amp;oh=00_AfAzBH5yMmDXxs5qaPMlFxmRAEc0T7V2XcZPLXhYCTz45A&amp;oe=6516E35E\" width=\"3049\" height=\"1374\" \/><p style=\"text-align: justify;\">19 wrze\u015bnia klasy czwarte wraz z opiekunami wzi\u0119\u0142y udzia\u0142 w wycieczce do O\u015brodka Edukacyjnego Frank\u00f3wka Ma\u0142a w Cichawce. Pomimo deszczowej pogody mieli\u015bmy dobre humory.\u00a0 Po dotarciu na miejsce uczniowie zostali podzieleni na trzy grupy. Podczas warsztat\u00f3w kulinarnych dzieci pozna\u0142y histori\u0119 przypraw korzennych oraz wykona\u0142y babeczki wed\u0142ug w\u0142asnego pomys\u0142u....<a href='https:\/\/sp.tuchow.pl\/index.php\/2023\/09\/25\/wycieczka-do-frankowki-malej\/' class='pfpReadMore'>Read More &raquo;<\/a><div class='clear'><\/div><hr><\/div><div class='pfpItem entry-content'><h2 class='entry-title'><a href='https:\/\/sp.tuchow.pl\/index.php\/2023\/09\/20\/zaproszenie-do-szkolnego-konkursu-historyczno-matematycznego-historia-mistrza-jana-w-liczbach-zapisana\/'>Zaproszenie do szkolnego konkursu historyczno \u2013matematycznego \u201eHistoria mistrza Jana w liczbach zapisana\u201d.<\/a><\/h2><img loading=\"lazy\" decoding=\"async\" class=\"aligncenter size-full\" src=\"http:\/\/scontent-vie1-1.xx.fbcdn.net\/v\/t39.30808-6\/380428419_797165689079864_5656256118540913007_n.jpg?_nc_cat=109&amp;ccb=1-7&amp;_nc_sid=49d041&amp;_nc_ohc=SeI2A_JiF7AAX-ORwmr&amp;_nc_ht=scontent-vie1-1.xx&amp;oh=00_AfACZdTbjV3EvGWVllJsrywOvJyTtGbeUCqYUzAZNoP8zw&amp;oe=6510430D\" width=\"1448\" height=\"2048\" \/><p style=\"text-align: justify;\">W 130. rocznic\u0119 \u015bmierci naszego wybitnego malarza &#8211; JANA MATEJKI zapraszamy uczni\u00f3w klas V-VIII do szkolnego konkursu historyczno-matematycznego \u201cHistoria mistrza Jana w liczbach zapisana\u201d.<\/p>\n<p><strong>Cele konkursu:<\/strong><\/p>\n<ul>\n<li>Upami\u0119tnienie 130. rocznicy \u015bmierci wybitnego artysty &#8211; Jana Matejki.<\/li>\n<li>Rozw\u00f3j zainteresowa\u0144 matematycznych uczni\u00f3w.<\/li>\n<li>Kszta\u0142towanie umiej\u0119tno\u015bci logicznego my\u015blenia.<\/li>\n<li>Stwarzanie mo\u017cliwo\u015bci sprzyjaj\u0105cej osi\u0105gni\u0119cie sukcesu przez uczni\u00f3w zdolnych.<\/li>\n<li>Uwra\u017cliwienie na pi\u0119kno,...<a href='https:\/\/sp.tuchow.pl\/index.php\/2023\/09\/20\/zaproszenie-do-szkolnego-konkursu-historyczno-matematycznego-historia-mistrza-jana-w-liczbach-zapisana\/' class='pfpReadMore'>Read More &raquo;<\/a><div class='clear'><\/div><hr><\/div><div class='pfpItem entry-content'><h2 class='entry-title'><a href='https:\/\/sp.tuchow.pl\/index.php\/2023\/09\/17\/narodowe-czytanie\/'>Narodowe Czytanie<\/a><\/h2><img loading=\"lazy\" decoding=\"async\" class=\"aligncenter size-full\" src=\"http:\/\/scontent-vie1-1.xx.fbcdn.net\/v\/t39.30808-6\/378139319_795191492610617_2501929597140601957_n.jpg?_nc_cat=103&amp;ccb=1-7&amp;_nc_sid=49d041&amp;_nc_ohc=xYkQhkZkZvMAX9KCZbz&amp;_nc_ht=scontent-vie1-1.xx&amp;oh=00_AfDX5FMsc5JapiHYTw4AAZSLZJemvqQkQut7kNfSI9AzwQ&amp;oe=650C8E3D\" width=\"1449\" height=\"2048\" \/><p><\/p>\n...<a href='https:\/\/sp.tuchow.pl\/index.php\/2023\/09\/17\/narodowe-czytanie\/' class='pfpReadMore'>Read More &raquo;<\/a><div class='clear'><\/div><hr><\/div><div class='pfpItem entry-content'><h2 class='entry-title'><a href='https:\/\/sp.tuchow.pl\/index.php\/2023\/09\/11\/swiatowy-dzien-pierwszej-pomocy\/'>\u015awiatowy Dzie\u0144 Pierwszej Pomocy<\/a><\/h2><img loading=\"lazy\" decoding=\"async\" class=\"aligncenter size-full\" src=\"http:\/\/scontent-vie1-1.xx.fbcdn.net\/v\/t39.30808-6\/376289058_790857989710634_2707245483906227733_n.jpg?stp=cp6_dst-jpg&amp;_nc_cat=101&amp;ccb=1-7&amp;_nc_sid=813123&amp;_nc_ohc=CiRg5VrucBEAX-BYcRy&amp;_nc_ht=scontent-vie1-1.xx&amp;oh=00_AfB2To7MQKO1bkJBFtdRameNTElJLbAmAMqMgOu8XY1K5A&amp;oe=6503EB3E\" width=\"1536\" height=\"2048\" \/><p style=\"text-align: justify;\">W sobot\u0119 9 wrze\u015bnia obchodzili\u015bmy \u015awiatowy Dzie\u0144 Pierwszej Pomocy dlatego w naszej szkole zosta\u0142o zorganizowane spotkanie z ratownikiem Panem Bartoszem Krup\u0105, na kt\u00f3rym uczniowie mieli okazj\u0119 dowiedzie\u0107 si\u0119 jak skutecznie udzieli\u0107 pomocy osobie poszkodowanej oraz po\u0107wiczy\u0107 u\u0142o\u017cenie w pozycji bocznej bezpiecznej.<\/p>\n<p><\/p>\n...<a href='https:\/\/sp.tuchow.pl\/index.php\/2023\/09\/11\/swiatowy-dzien-pierwszej-pomocy\/' class='pfpReadMore'>Read More &raquo;<\/a><div class='clear'><\/div><hr><\/div><div class='pfpItem entry-content'><h2 class='entry-title'><a href='https:\/\/sp.tuchow.pl\/index.php\/2023\/09\/09\/start-projektu-edukacyjno-spolecznego-kazdy-inny-wszyscy-rowni\/'>Start projektu edukacyjno-spo\u0142ecznego\u00a0\u201eKa\u017cdy inny \u2013 wszyscy r\u00f3wni\u201d<\/a><\/h2><img loading=\"lazy\" decoding=\"async\" class=\"aligncenter size-full\" src=\"http:\/\/scontent-vie1-1.xx.fbcdn.net\/v\/t39.30808-6\/376857861_789266329869800_8727279892033833101_n.jpg?_nc_cat=108&amp;ccb=1-7&amp;_nc_sid=49d041&amp;_nc_ohc=A11tpPcLTk8AX_qqNhS&amp;_nc_ht=scontent-vie1-1.xx&amp;oh=00_AfAn4SY-oSV4rDaKM1I8Poi5MblRd31tzB2fYelu0hERIQ&amp;oe=65013249\" width=\"1448\" height=\"2000\" \/><div style=\"text-align: justify;\"><span dir=\"auto\">W roku szkolnym 2023\/2024 nasza szko\u0142a b\u0119dzie realizowa\u0107 og\u00f3lnopolski projekt edukacyjno-spo\u0142eczny\u00a0\u201eKa\u017cdy inny \u2013 wszyscy r\u00f3wni\u201d.\u00a0Celem projektu jest uwra\u017cliwianie spo\u0142eczno\u015bci szkolnej na obecno\u015b\u0107 i potrzeby os\u00f3b ze specjalnymi potrzebami edukacyjnymi.<\/span><\/div>\n<div><span dir=\"auto\">\u00a0<\/span><\/div>\n<div><\/div>\n<div>\n<p>Koordynatorzy projektu:<\/p>\n<p>Magdalena Igielska- Bakuli\u0144ska, Katarzyna Wojtanowska, Klaudia Sajdak<\/p>\n<\/div>\n...<a href='https:\/\/sp.tuchow.pl\/index.php\/2023\/09\/09\/start-projektu-edukacyjno-spolecznego-kazdy-inny-wszyscy-rowni\/' class='pfpReadMore'>Read More &raquo;<\/a><div class='clear'><\/div><hr><\/div><div class='pfpItem entry-content'><h2 class='entry-title'><a href='https:\/\/sp.tuchow.pl\/index.php\/2023\/09\/07\/xi-edycja-dyktanda-niepodleglosciowego-po-polsku-o-historii\/'>XI edycja\u00a0 Dyktanda Niepodleg\u0142o\u015bciowego \u201ePo polsku o historii\u201d<\/a><\/h2><img loading=\"lazy\" decoding=\"async\" class=\"aligncenter size-full\" src=\"http:\/\/scontent-vie1-1.xx.fbcdn.net\/v\/t39.30808-6\/380285969_796435139152919_5487301001059923376_n.jpg?_nc_cat=105&amp;ccb=1-7&amp;_nc_sid=49d041&amp;_nc_ohc=jwACvEA8iMwAX_ryl7S&amp;_nc_ht=scontent-vie1-1.xx&amp;oh=00_AfBeq-fXVB1PwrOiWYlVl7WNRmTa69Q6jbTzyHV34exEKg&amp;oe=650F252B\" width=\"1448\" height=\"2048\" \/><p style=\"text-align: center;\">Zapraszamy uczni\u00f3w klas V-VIII<\/p>\n<p style=\"text-align: center;\">do wzi\u0119cia udzia\u0142u w<\/p>\n<p style=\"text-align: center;\"><strong><em>XI edycji\u00a0 Dyktanda Niepodleg\u0142o\u015bciowego \u201ePo polsku o historii\u201d<\/em><\/strong><\/p>\n<p>Nasza szko\u0142a po raz sz\u00f3sty we\u017amie udzia\u0142 w Og\u00f3lnopolskim Dyktandzie Niepodleg\u0142o\u015bciowym. Celem konkursu jest zaanga\u017cowanie m\u0142odzie\u017cy w piel\u0119gnowaniu narodowej tradycji i historii, w tym kultury j\u0119zyka polskiego.<\/p>\n<p><span style=\"color: #ff0000;\">Sprawd\u017a si\u0119 i...<a href='https:\/\/sp.tuchow.pl\/index.php\/2023\/09\/07\/xi-edycja-dyktanda-niepodleglosciowego-po-polsku-o-historii\/' class='pfpReadMore'>Read More &raquo;<\/a><div class='clear'><\/div><hr><\/div><div class='pfpItem entry-content'><h2 class='entry-title'><a href='https:\/\/sp.tuchow.pl\/index.php\/2023\/08\/31\/uroczyste-rozpoczecie-roku-szkolnego-2023-2024\/'>Uroczyste rozpocz\u0119cie roku szkolnego 2023\/2024<\/a><\/h2><p>Rozpocz\u0119cie roku szkolnego 2023\/2024 odb\u0119dzie si\u0119 <strong>04 wrze\u015bnia 2023 r.<\/strong> Msza \u015bwi\u0119ta dla uczni\u00f3w i rodzic\u00f3w <strong>klas V &#8211; VIII<\/strong> odprawiona b\u0119dzie <strong>w Bazylice Mniejszej o <\/strong><strong>godz. 08:00<\/strong>.<\/p>\n<p>Po niej uczniowie pod opiek\u0105 wychowawc\u00f3w i wychowawc\u00f3w wspomagaj\u0105cych przechodz\u0105 do hali MOSiR.<\/p>\n<p>Msza \u015awi\u0119ta dla uczni\u00f3w i rodzic\u00f3w <strong>klas I &#8211; IV<\/strong> odb\u0119dzie...<a href='https:\/\/sp.tuchow.pl\/index.php\/2023\/08\/31\/uroczyste-rozpoczecie-roku-szkolnego-2023-2024\/' class='pfpReadMore'>Read More &raquo;<\/a><div class='clear'><\/div><hr><\/div><div class='pfpItem entry-content'><h2 class='entry-title'><a href='https:\/\/sp.tuchow.pl\/index.php\/2023\/08\/31\/wyprawka-pierwszoklasisty\/'>Wyprawka pierwszoklasisty<\/a><\/h2><img decoding=\"async\" src=\"https:\/\/sp.tuchow.pl\/wp-content\/uploads\/2023\/08\/368327599_783243990472034_6272721808951742854_n-150x150.jpg\" \/><p>Zapraszamy rodzic\u00f3w do zapoznania si\u0119 z wyprawk\u0105 szkoln\u0105 pierwszoklasisty obowi\u0105zuj\u0105c\u0105 w roku szkolnym 2023\/2024.<\/p>\n<p><\/p>\n...<a href='https:\/\/sp.tuchow.pl\/index.php\/2023\/08\/31\/wyprawka-pierwszoklasisty\/' class='pfpReadMore'>Read More &raquo;<\/a><div class='clear'><\/div><hr><\/div><div class='pfpItem entry-content'><h2 class='entry-title'><a href='https:\/\/sp.tuchow.pl\/index.php\/2023\/07\/20\/nauczyciele-na-kursie-smart-teachers-play-more-outdoors-realizowany-w-ramach-projektu-zielone-swiatlo-dla-uczenia-w-podrozy-w-programie-erasmus\/'>Nauczyciele na kursie \u201cSmart Teachers Play More Outdoors\u201d, realizowany w ramach projektu \u201eZielone \u015bwiat\u0142o dla uczenia w podr\u00f3\u017cy\u201d w programie Erasmus+<\/a><\/h2><div dir=\"auto\" style=\"text-align: justify;\">Pi\u0119cioro nauczycieli z naszej szko\u0142y zako\u0144czy\u0142o w\u0142a\u015bnie siedmiodniowy kurs w Islandii, realizowany w ramach projektu Erasmus+ \u201cZielone \u015bwiat\u0142o dla uczenia w podr\u00f3\u017cy&#8221;, wsp\u00f3\u0142finansowanego przez Uni\u0119 Europejsk\u0105. Na kursie \u201cSmart Teachers Play More Outdoors\u201d organizacji Smart Teachers Play More nauczyciele zapoznawali si\u0119 z innowacyjnymi metodami nauczania, kt\u00f3rych podstaw\u0105...<a href='https:\/\/sp.tuchow.pl\/index.php\/2023\/07\/20\/nauczyciele-na-kursie-smart-teachers-play-more-outdoors-realizowany-w-ramach-projektu-zielone-swiatlo-dla-uczenia-w-podrozy-w-programie-erasmus\/' class='pfpReadMore'>Read More &raquo;<\/a><div class='clear'><\/div><hr><\/div><div class='pfpItem entry-content'><h2 class='entry-title'><a href='https:\/\/sp.tuchow.pl\/index.php\/2023\/07\/06\/wykaz-podrecznikow-do-religii\/'>Wykaz podr\u0119cznik\u00f3w do religii<\/a><\/h2><p style=\"text-align: justify;\"><strong>Wykaz nowych podr\u0119cznik\u00f3w Wydawnictwa Jedno\u015b\u0107 na rok szkolny 2023\/2024 do program\u00f3w nauczania religii opartych na Podstawie programowej katechezy Ko\u015bcio\u0142a katolickiego w Polsce z dnia 8 czerwca 2018 roku<\/strong><\/p>\n<p><strong>Klasa 1 szko\u0142a podstawowa &#8211; &#8222;Poznaj\u0119 Bo\u017cy \u015bwiat&#8221;<\/strong><br \/>\nAutorzy ks. dr K. Mielnicki, E. Kondrak, J. Snopek<br \/>\nProgram \u201eZaproszeni na uczt\u0119...<a href='https:\/\/sp.tuchow.pl\/index.php\/2023\/07\/06\/wykaz-podrecznikow-do-religii\/' class='pfpReadMore'>Read More &raquo;<\/a><div class='clear'><\/div><hr><\/div><div class='pfpItem entry-content'><h2 class='entry-title'><a href='https:\/\/sp.tuchow.pl\/index.php\/2023\/06\/28\/odbior-zaswiadczen-o-wynikach-egzaminu-osmoklasisty-3\/'>Odbi\u00f3r za\u015bwiadcze\u0144 o wynikach egzaminu \u00f3smoklasisty<\/a><\/h2><p>Dyrektor Szko\u0142y Podstawowej im. Stanis\u0142awa Staszica w Tuchowie informuje, i\u017c odbi\u00f3r za\u015bwiadcze\u0144 zawieraj\u0105cych szczeg\u00f3\u0142owe wyniki egzaminu \u00f3smoklasisty odb\u0119dzie si\u0119&nbsp;<strong>06 lipca o godz. 09:00<\/strong>.<\/p>\n<p>&nbsp;<\/p>\n<p>Za\u015bwiadczenia absolwenci odbieraj\u0105 osobi\u015bcie, potwierdzaj\u0105c odbi\u00f3r w\u0142asnor\u0119cznym podpisem.<\/p>\n...<a href='https:\/\/sp.tuchow.pl\/index.php\/2023\/06\/28\/odbior-zaswiadczen-o-wynikach-egzaminu-osmoklasisty-3\/' class='pfpReadMore'>Read More &raquo;<\/a><div class='clear'><\/div><hr><\/div><div class='pfpItem entry-content'><h2 class='entry-title'><a href='https:\/\/sp.tuchow.pl\/index.php\/2023\/06\/27\/projekt-na-basniowej-gorze-3\/'>Projekt \u201eNa Ba\u015bniowej G\u00f3rze\u201d<\/a><\/h2><p style=\"text-align: justify;\">W II okresie bie\u017c\u0105cego roku szkolnego zaprosi\u0142y\u015bmy uczni\u00f3w klas IV do udzia\u0142u w projekcie edukacyjnym \u201eNa Ba\u015bniowej G\u00f3rze\u201d.<\/p>\n<p style=\"text-align: justify;\">W ramach projektu uczniowie od stycznia do maja mieli mo\u017cliwo\u015b\u0107 wykonywania r\u00f3\u017cnorodnych, dodatkowych zada\u0144. Tematem przewodnim by\u0142y ba\u015bnie \u2013 te, poznawane w szkole, jak r\u00f3wnie\u017c te, z kt\u00f3rymi uczniowie...<a href='https:\/\/sp.tuchow.pl\/index.php\/2023\/06\/27\/projekt-na-basniowej-gorze-3\/' class='pfpReadMore'>Read More &raquo;<\/a><div class='clear'><\/div><hr><\/div><div class='pfpItem entry-content'><h2 class='entry-title'><a href='https:\/\/sp.tuchow.pl\/index.php\/2023\/06\/27\/projekt-czytelniczy-kryminale-wycieczki-w-przeszlosc\/'>Projekt czytelniczy Kryminale wycieczki w przesz\u0142o\u015b\u0107.<\/a><\/h2><p style=\"text-align: justify;\">W bie\u017c\u0105cym roku szkolnym uczniowie klas V i VI mogli wzi\u0105\u0107 udzia\u0142 w projekcie czytelniczym \u201eKryminalne wycieczki w przesz\u0142o\u015b\u0107\u201d organizowanym przez bibliotek\u0119 szkoln\u0105 i polonist\u00f3w. Mia\u0142 on na celu popularyzowanie czytelnictwa w\u015br\u00f3d dzieci, a w szczeg\u00f3lno\u015bci zach\u0119cenie do czytania ksi\u0105\u017cek z w\u0105tkiem historycznym. Ka\u017cda z pozycji wzbogaca\u0142a wiedz\u0119...<a href='https:\/\/sp.tuchow.pl\/index.php\/2023\/06\/27\/projekt-czytelniczy-kryminale-wycieczki-w-przeszlosc\/' class='pfpReadMore'>Read More &raquo;<\/a><div class='clear'><\/div><hr><\/div><div class='pfpItem entry-content'><h2 class='entry-title'><a href='https:\/\/sp.tuchow.pl\/index.php\/2023\/06\/23\/zakonczenie-roku-szkolnego-20222023\/'>Zako\u0144czenie roku szkolnego 2022\/2023<\/a><\/h2><p><strong>23 czerwca 2023 roku odb\u0119dzie si\u0119 uroczyste zako\u0144czenie roku szkolnego 2022\/2023.<\/strong><\/p>\n<p><strong>Uczniowie klas V &#8211; VIII przychodz\u0105 do Bazyliki NNMP na Msz\u0119 \u015bwi\u0119t\u0105 na godz. 8.00<\/strong>, a potem pod opiek\u0105 wychowawc\u00f3w i nauczycieli&nbsp;udaj\u0105 si\u0119 do&nbsp;hali MOSiR .&nbsp;<\/p>\n<p><strong>Uczniowie klas I \u2013 IV przychodz\u0105 do ko\u015bcio\u0142a \u015aw. Jakuba na Msz\u0119 \u015bwi\u0119t\u0105 na godz....<a href='https:\/\/sp.tuchow.pl\/index.php\/2023\/06\/23\/zakonczenie-roku-szkolnego-20222023\/' class='pfpReadMore'>Read More &raquo;<\/a><div class='clear'><\/div><hr><\/div><div class='pfpItem entry-content'><h2 class='entry-title'><a href='https:\/\/sp.tuchow.pl\/index.php\/2023\/06\/23\/podsumowanie-miedzynarodowego-konkursu-kangur-matematyczny-2023\/'>PODSUMOWANIE MI\u0118DZYNARODOWEGO KONKURSU \u201eKANGUR MATEMATYCZNY\" 2023<\/a><\/h2><p style=\"text-align: justify;\">21 czerwca 2023 r. na Uniwersytecie Jagiello\u0144skim w budynku Wydzia\u0142u Matematyki i&nbsp;Informatyki w Krakowie odby\u0142o si\u0119 uroczyste podsumowanie XXXII edycji Mi\u0119dzynarodowego Konkursu \u201eKangur Matematyczny\u201d, podczas kt\u00f3rego wr\u0119czono dyplomy i&nbsp;nagrody. W uroczysto\u015bci bra\u0142 udzia\u0142 ucze\u0144 naszej szko\u0142y <strong>Damian<\/strong> <strong>Wiejacki <\/strong>z klasy 8c, kt\u00f3ry zdoby\u0142 bardzo dobry wynik w konkursie.<\/p>\n<p...<a href='https:\/\/sp.tuchow.pl\/index.php\/2023\/06\/23\/podsumowanie-miedzynarodowego-konkursu-kangur-matematyczny-2023\/' class='pfpReadMore'>Read More &raquo;<\/a><div class='clear'><\/div><hr><\/div><div class='pfpItem entry-content'><h2 class='entry-title'><a href='https:\/\/sp.tuchow.pl\/index.php\/2023\/06\/22\/swieto-patrona-szkoly\/'>\u015awi\u0119to Patrona Szko\u0142y<\/a><\/h2><p style=\"text-align: justify;\"><span style=\"font-weight: 400;\">20 czerwca obchodzili\u015bmy \u015awi\u0119to Patrona Szko\u0142y &#8211; Stanis\u0142awa Staszica. W akademii przygotowanej przez uczni\u00f3w klas czwartych i ich wychowawc\u00f3w przypomnieli\u015bmy sobie posta\u0107 naszego patrona i jego dzia\u0142alno\u015b\u0107. Zobaczyli\u015bmy wyniki sondy przeprowadzonej w lokalnej spo\u0142eczno\u015bci na temat znajomo\u015bci Stanis\u0142awa Staszica. W kr\u00f3tkim przedstawieniu, przypomnieli\u015bmy te\u017c sobie najwa\u017cniejsze...<a href='https:\/\/sp.tuchow.pl\/index.php\/2023\/06\/22\/swieto-patrona-szkoly\/' class='pfpReadMore'>Read More &raquo;<\/a><div class='clear'><\/div><hr><\/div><div class='pfpItem entry-content'><h2 class='entry-title'><a href='https:\/\/sp.tuchow.pl\/index.php\/2023\/06\/22\/dobrze-widzi-sie-tylko-sercem-czyli-maly-ksiaze-w-wykonaniu-uczniow-naszej-szkoly\/'>\u201eDobrze widzi si\u0119 tylko sercem\u201d, czyli \u201eMa\u0142y Ksi\u0105\u017c\u0119\u201d w wykonaniu uczni\u00f3w naszej szko\u0142y.<\/a><\/h2><p style=\"text-align: justify;\">&nbsp;&nbsp;&nbsp;&nbsp;&nbsp;&nbsp;&nbsp;&nbsp; W my\u015bl \u0142aci\u0144skiej sentencji: \u201eFinis coronat opus\u201d, przyst\u0105pili\u015bmy w dniu 5 czerwca do wystawienia spektaklu pt. \u201eMa\u0142y Ksi\u0105\u017c\u0119\u201d, nad kt\u00f3rym pracowali\u015bmy przez ca\u0142e drugie p\u00f3\u0142rocze mijaj\u0105cego roku szkolnego.<\/p>\n<p style=\"text-align: justify;\">&nbsp;&nbsp;&nbsp;&nbsp;&nbsp;&nbsp;&nbsp;&nbsp; Wielkie emocje towarzyszy\u0142y uczniom tu\u017c przed rozpocz\u0119ciem przedstawienia, a w jego trakcie jeszcze przybra\u0142y na sile. By\u0142y...<a href='https:\/\/sp.tuchow.pl\/index.php\/2023\/06\/22\/dobrze-widzi-sie-tylko-sercem-czyli-maly-ksiaze-w-wykonaniu-uczniow-naszej-szkoly\/' class='pfpReadMore'>Read More &raquo;<\/a><div class='clear'><\/div><hr><\/div><div class='pfpItem entry-content'><h2 class='entry-title'><a href='https:\/\/sp.tuchow.pl\/index.php\/2023\/06\/19\/stypendium-burmistrza-tuchowa-5\/'>Stypendium Burmistrza Tuchowa<\/a><\/h2><p><strong>Termin sk\u0142adania wniosk\u00f3w o \u201eStypendium Burmistrza Tuchowa\u201d<\/strong><strong>&nbsp;do 10 lipca 2023r.<\/strong><\/p>\n<p>Uczniowie szk\u00f3\u0142 podstawowych ucz\u0119szczaj\u0105cy do klas <strong>IV-VIII<\/strong> mog\u0105 ubiega\u0107 si\u0119 o \u201eStypendium Burmistrza Tuchowa\u201d w ramach \u201eProgramu wspierania edukacji uzdolnionych dzieci i m\u0142odzie\u017cy z terenu gminy Tuch\u00f3w\u201d.<\/p>\n<p>Wnioski o przyznanie stypendium nale\u017cy sk\u0142ada\u0107 w Gminnej Administracji O\u015bwiaty w Tuchowie&nbsp; ul. Jana Paw\u0142a...<a href='https:\/\/sp.tuchow.pl\/index.php\/2023\/06\/19\/stypendium-burmistrza-tuchowa-5\/' class='pfpReadMore'>Read More &raquo;<\/a><div class='clear'><\/div><hr><\/div><div class='pfpItem entry-content'><h2 class='entry-title'><a href='https:\/\/sp.tuchow.pl\/index.php\/2023\/06\/19\/dzien-dziecka-w-klasie-5b\/'>Dzie\u0144 dziecka w klasie 5B<\/a><\/h2><p>Dnia 2 czerwca klasa 5B wybra\u0142a si\u0119 na integracyjne ognisko w &#8222;Dolinie Bia\u0142ej&#8221;. Uczniowie aktywnie sp\u0119dzili czas korzystaj\u0105c z atrakcji obiektu, graj\u0105c w siatk\u00f3wk\u0119, koszyk\u00f3wk\u0119, je\u017cd\u017c\u0105c konno oraz zajadaj\u0105c grillowan\u0105 kie\u0142bas\u0119.<\/p>\n<p><strong><a href=\"http:\/\/www.facebook.com\/photo\/?fbid=736275838502183&amp;set=pcb.736276771835423\">Fotorelacja<\/a><\/strong><\/p>\n...<a href='https:\/\/sp.tuchow.pl\/index.php\/2023\/06\/19\/dzien-dziecka-w-klasie-5b\/' class='pfpReadMore'>Read More &raquo;<\/a><div class='clear'><\/div><hr><\/div><div class='pfpItem entry-content'><h2 class='entry-title'><a href='https:\/\/sp.tuchow.pl\/index.php\/2023\/06\/19\/uczennica-klasy-8d-emilia-michalek-drugi-rok-z-rzedu-finalistka-malopolskiego-konkursu-jezyka-angielskiego\/'>Uczennica klasy 8D Emilia Micha\u0142ek drugi rok z rz\u0119du finalistk\u0105 Ma\u0142opolskiego Konkursu J\u0119zyka Angielskiego<\/a><\/h2><p style=\"text-align: justify;\">Z rado\u015bci\u0105 informujemy, \u017ce uczennica naszej szko\u0142y Emilia Micha\u0142ek w roku szkolnym 2022\/2023 zosta\u0142a finalistk\u0105 Ma\u0142opolskiego Konkursu J\u0119zyka Angielskiego. Uczennica w etapie wojew\u00f3dzkim musia\u0142a wykaza\u0107 si\u0119 wiedz\u0105 na bardzo wysokim poziomie- C1 oraz znajomo\u015bci\u0105 wybranych zagadnie\u0144 kulturoznawczych oraz lektury.<\/p>\n<p style=\"text-align: justify;\">Gratulujemy i \u017cyczymy dalszych sukces\u00f3w!<\/p>\n...<a href='https:\/\/sp.tuchow.pl\/index.php\/2023\/06\/19\/uczennica-klasy-8d-emilia-michalek-drugi-rok-z-rzedu-finalistka-malopolskiego-konkursu-jezyka-angielskiego\/' class='pfpReadMore'>Read More &raquo;<\/a><div class='clear'><\/div><hr><\/div><div class='pfpItem entry-content'><h2 class='entry-title'><a href='https:\/\/sp.tuchow.pl\/index.php\/2023\/06\/15\/biblioteka\/'>Biblioteka<\/a><\/h2><p>Panie bibliotekarki prosz\u0105 wszystkich uczni\u00f3w o zwrot ksi\u0105\u017cek do biblioteki szkolnej.<\/p>\n<p><strong>Biblioteka czynna od 7:30 do 14:00.<\/strong><\/p>\n...<a href='https:\/\/sp.tuchow.pl\/index.php\/2023\/06\/15\/biblioteka\/' class='pfpReadMore'>Read More &raquo;<\/a><div class='clear'><\/div><hr><\/div><div class='pfpItem entry-content'><h2 class='entry-title'><a href='https:\/\/sp.tuchow.pl\/index.php\/2023\/06\/15\/egzamin-na-karte-rowerowa\/'>Egzamin na kart\u0119 rowerow\u0105<\/a><\/h2><p>14 czerwca odby\u0142 si\u0119 naszej szkole egzamin na kart\u0119 rowerow\u0105.&nbsp;<\/p>\n<p><strong><a href=\"http:\/\/www.facebook.com\/photo\/?fbid=733140572149043&amp;set=pcb.733142675482166\">Fotorelacja<\/a><\/strong><\/p>\n...<a href='https:\/\/sp.tuchow.pl\/index.php\/2023\/06\/15\/egzamin-na-karte-rowerowa\/' class='pfpReadMore'>Read More &raquo;<\/a><div class='clear'><\/div><hr><\/div><div class='pfpItem entry-content'><h2 class='entry-title'><a href='https:\/\/sp.tuchow.pl\/index.php\/2023\/06\/15\/sukcesy-uczniow\/'>Sukcesy uczni\u00f3w!<\/a><\/h2><p style=\"text-align: justify;\">XVIII edycji Ma\u0142opolskiego Konkursu Literacko \u2013 Plastycznego, organizowanego przez Szko\u0142\u0119 Podstawow\u0105 nr 101 w Krakowie przy\u015bwieca\u0142y s\u0142owa patrona tej\u017ce szko\u0142y Hansa Christiana Andersena z ba\u015bni \u201eImbryk\u201d. Autor pisa\u0142: \u201eTo prawdziwe b\u0142ogos\u0142awie\u0144stwo zapomnie\u0107 przez innych o sobie\u201d.<\/p>\n<p style=\"text-align: justify;\">Zadaniem uczni\u00f3w by\u0142o powiedzenie w swych pracach o tym, \u017ce troska...<a href='https:\/\/sp.tuchow.pl\/index.php\/2023\/06\/15\/sukcesy-uczniow\/' class='pfpReadMore'>Read More &raquo;<\/a><div class='clear'><\/div><hr><\/div><div class='pfpItem entry-content'><h2 class='entry-title'><a href='https:\/\/sp.tuchow.pl\/index.php\/2023\/06\/14\/bieg-po-zdrowie-program-antytytoniowej-edukacji-zdrowotnej\/'>,,Bieg po zdrowie\u201d - Program Antytytoniowej Edukacji Zdrowotnej<\/a><\/h2><img loading=\"lazy\" decoding=\"async\" class=\"aligncenter size-full\" src=\"http:\/\/scontent-vie1-1.xx.fbcdn.net\/v\/t39.30808-6\/354229726_732845242178576_4115166401524133908_n.jpg?stp=cp6_dst-jpg&amp;_nc_cat=110&amp;ccb=1-7&amp;_nc_sid=0debeb&amp;_nc_ohc=BGkU6tGKWWAAX9SZ4vN&amp;_nc_ht=scontent-vie1-1.xx&amp;oh=00_AfBAirTFluUzfvW_Ok5hruV6_TyzFnAikOJHCY6zZvGA8g&amp;oe=648F6667\" width=\"1536\" height=\"2048\"><p style=\"text-align: justify;\">W roku szkolnym 2022\/2023 uczniowie klas czwarte Szko\u0142y Podstawowej im. Stanis\u0142awa Staszica w Tuchowie przyst\u0105pili do kolejnej edycji programu \u201eBieg po zdrowie\u201d.<br \/>\nProgram ten po\u015bwi\u0119cony jest antytytoniowej edukacji zdrowotnej, kt\u00f3ry opracowany zosta\u0142 w G\u0142\u00f3wnym Inspektoracie Sanitarnym.<br \/>\nNadrz\u0119dnym celem tego programu jest zwi\u0119kszanie wiedzy i umiej\u0119tno\u015bci uczni\u00f3w na temat...<a href='https:\/\/sp.tuchow.pl\/index.php\/2023\/06\/14\/bieg-po-zdrowie-program-antytytoniowej-edukacji-zdrowotnej\/' class='pfpReadMore'>Read More &raquo;<\/a><div class='clear'><\/div><hr><\/div><div class='pfpItem entry-content'><h2 class='entry-title'><a href='https:\/\/sp.tuchow.pl\/index.php\/2023\/06\/13\/sukces-alicji-rapaly-z-klasy-8d-w-malopolskim-konkursie-biologicznym\/'>Sukces Alicji R\u0105pa\u0142y z klasy 8d w Ma\u0142opolskim Konkursie Biologicznym<\/a><\/h2><p style=\"text-align: justify;\">W roku szkolnym 2022\/2023 uczniowie naszej szko\u0142y uczestniczyli w licznych konkursach przedmiotowych organizowanych przez Kuratorium O\u015bwiaty w Krakowie.<\/p>\n<p style=\"text-align: justify;\">Mi\u0142o nam jest poinformowa\u0107 \u017ce uczennica naszej szko\u0142y <strong>Alicja R\u0105pa\u0142a<\/strong> z klasy 8d zdoby\u0142a tytu\u0142 Finalisty Ma\u0142opolskiego Konkursu Biologicznego w roku szkolnym 2022-2023.<\/p>\n<p style=\"text-align: justify;\">Alicja od dawna interesuje si\u0119...<a href='https:\/\/sp.tuchow.pl\/index.php\/2023\/06\/13\/sukces-alicji-rapaly-z-klasy-8d-w-malopolskim-konkursie-biologicznym\/' class='pfpReadMore'>Read More &raquo;<\/a><div class='clear'><\/div><hr><\/div><div class='pfpItem entry-content'><h2 class='entry-title'><a href='https:\/\/sp.tuchow.pl\/index.php\/2023\/06\/11\/pamieci-powstancom-styczniowym-w-160-rocznice-wybuchu-powstania\/'>Pami\u0119ci Powsta\u0144com Styczniowym w 160. rocznic\u0119 wybuchu powstania.<\/a><\/h2><img loading=\"lazy\" decoding=\"async\" class=\"aligncenter size-full\" src=\"http:\/\/scontent-vie1-1.xx.fbcdn.net\/v\/t39.30808-6\/353011137_730674782395622_6154248362170950677_n.jpg?_nc_cat=111&amp;ccb=1-7&amp;_nc_sid=0debeb&amp;_nc_ohc=Cv4OaKGsj0gAX-mve28&amp;_nc_ht=scontent-vie1-1.xx&amp;oh=00_AfBH1ixtMRmeeI1KAer9IGrjNa0hZzGRiek2TSNg84ONWw&amp;oe=648A0E24\" width=\"2048\" height=\"1538\"><p style=\"text-align: justify;\">30 maja klasa 5a uczestniczy\u0142a w warsztatach historycznych w Muzeum Historii Tarnowa i Regionu. Temat prelekcji brzmia\u0142: \u201eNiedo\u015bcigniony idea\u0142 zapa\u0142u- tradycje powsta\u0144cze\u201d.<\/p>\n<p style=\"text-align: justify;\">Uczniowie dowiedzieli si\u0119 wielu ciekawych informacji na temat udzia\u0142u mieszka\u0144c\u00f3w regionu&nbsp;&nbsp;w Powstaniu Styczniowym, o udzielaniu r\u00f3\u017cnorakiej pomocy powsta\u0144com, o udziale kobiet czy nawet dzieci w...<a href='https:\/\/sp.tuchow.pl\/index.php\/2023\/06\/11\/pamieci-powstancom-styczniowym-w-160-rocznice-wybuchu-powstania\/' class='pfpReadMore'>Read More &raquo;<\/a><div class='clear'><\/div><hr><\/div><div class='pfpItem entry-content'><h2 class='entry-title'><a href='https:\/\/sp.tuchow.pl\/index.php\/2023\/06\/06\/wszystkie-dzieci-zbieraja-elektrosmieci-podsumowanie-akcji\/'>\u201eWszystkie dzieci zbieraj\u0105 elektro\u015bmieci\u201d - podsumowanie akcji<\/a><\/h2><p>Podzi\u0119kowanie<\/p>\n<p style=\"text-align: justify;\">22 maja 2023r.&nbsp;w naszej szkole odby\u0142a si\u0119 zbi\u00f3rka zu\u017cytych sprz\u0119t\u00f3w elektrycznych i elektronicznych&nbsp;w ramach &nbsp;projektu \u201eWszystkie dzieci zbieraj\u0105 elektro\u015bmieci\u201d. &nbsp;Dzi\u0119kuj\u0119 wszystkim uczniom, rodzicom, nauczycielom, rodzinom i przyjacio\u0142om naszej szko\u0142y, kt\u00f3rzy zaanga\u017cowali si\u0119 w akcj\u0119 tego dnia przynosz\u0105c lub przywo\u017c\u0105c sprz\u0119t do szko\u0142y.<\/p>\n<p style=\"text-align: justify;\">W sumie zebrali\u015bmy&nbsp;&nbsp;<strong>3573 kg&nbsp;<\/strong>zu\u017cytego sprz\u0119tu...<a href='https:\/\/sp.tuchow.pl\/index.php\/2023\/06\/06\/wszystkie-dzieci-zbieraja-elektrosmieci-podsumowanie-akcji\/' class='pfpReadMore'>Read More &raquo;<\/a><div class='clear'><\/div><hr><\/div><div class='pfpItem entry-content'><h2 class='entry-title'><a href='https:\/\/sp.tuchow.pl\/index.php\/2023\/06\/06\/muzycznych-podrozy-w-projekcie-erasmus-ciag-dalszy-tym-razem-w-hiszpanii\/'>MUZYCZNYCH\u00a0 PODR\u00d3\u017bY W PROJEKCIE ERASMUS+ CI\u0104G DALSZY - TYM RAZEM W HISZPANII<\/a><\/h2><p><span style=\"font-weight: 300;\">Grupa 5 uczni\u00f3w i 2 opiekun\u00f3w wr\u00f3ci\u0142a niedawno z ostatniego wyjazdu w projekcie Erasmus+ \u201cPrimary School Musical\u201d. Tym razem uczestnik\u00f3w projektu go\u015bci\u0142 hiszpa\u0144ski region Katalonia, a dok\u0142adnie ma\u0142e miasto Sant Marti Sarroca. Tamtejsza szko\u0142a podstawowa Escola Jaume Balmes jest jednym z trzech partner\u00f3w tego projektu. Opr\u00f3cz naszej reprezentacji,...<a href='https:\/\/sp.tuchow.pl\/index.php\/2023\/06\/06\/muzycznych-podrozy-w-projekcie-erasmus-ciag-dalszy-tym-razem-w-hiszpanii\/' class='pfpReadMore'>Read More &raquo;<\/a><div class='clear'><\/div><hr><\/div><div class='pfpItem entry-content'><h2 class='entry-title'><a href='https:\/\/sp.tuchow.pl\/index.php\/2023\/06\/06\/w-krainie-smoka-grynbosa\/'>\u201eW krainie smoka Grynbosa\u201d<\/a><\/h2><img loading=\"lazy\" decoding=\"async\" class=\"aligncenter size-full\" src=\"http:\/\/scontent-vie1-1.xx.fbcdn.net\/v\/t39.30808-6\/352241051_782503713583152_7314436517727760751_n.jpg?_nc_cat=105&amp;ccb=1-7&amp;_nc_sid=730e14&amp;_nc_ohc=JNfeL076SC0AX91tr6a&amp;_nc_ht=scontent-vie1-1.xx&amp;oh=00_AfCZACFC1C0XU3aCuXLKwvFYOTbBT7sI_7sudxD-Icij6g&amp;oe=6484EE87\" width=\"2048\" height=\"1536\"><p>1 czerwca zamek \u201eStara Ba\u015b\u0144\u201d w Grybowie zaprosi\u0142 wszystkich \u015bmia\u0142k\u00f3w&nbsp; i poszukiwaczy skarb\u00f3w z klasy 2b na niezwyk\u0142\u0105 przygod\u0119 <strong>\u201eW krainie smoka Grynbosa\u201d.<\/strong><\/p>\n<p>Jedn\u0105 z wielu atrakcji grodu Stara Ba\u015b\u0144 jest rodzina smoka Grynbosa. Dow\u00f3dc\u0105 jej stra\u017cy jest smok Straszomir, kt\u00f3ry pe\u0142ni nieprzerwan\u0105 wart\u0119 przy g\u0142\u00f3wnej bramie. Spryt, kamufla\u017c i przebieg\u0142o\u015b\u0107...<a href='https:\/\/sp.tuchow.pl\/index.php\/2023\/06\/06\/w-krainie-smoka-grynbosa\/' class='pfpReadMore'>Read More &raquo;<\/a><div class='clear'><\/div><hr><\/div><div class='pfpItem entry-content'><h2 class='entry-title'><a href='https:\/\/sp.tuchow.pl\/index.php\/2023\/06\/03\/wyniki-ii-ogolnopolskiego-konkursu-geograficznego-mapplab\/'>WYNIKI II Og\u00f3lnopolskiego Konkursu Geograficznego MappLab<\/a><\/h2><img loading=\"lazy\" decoding=\"async\" src=\"http:\/\/static.xx.fbcdn.net\/images\/emoji.php\/v9\/t94\/1\/16\/1f49a.png\" alt=\"?\" width=\"16\" height=\"16\"><div dir=\"auto\" style=\"text-align: justify;\">W tym roku ocenili\u015bmy ponad 300 prac konkursowych na poziomie szk\u00f3\u0142 podstawowych i ponadpodstawowych, w ramach 5 kategorii. Prace by\u0142y niepowtarzalne, przyjmowa\u0142y przer\u00f3\u017cne formy i dotyka\u0142y interesuj\u0105cych temat\u00f3w.<\/div>\n<div dir=\"auto\" style=\"text-align: justify;\">Wy\u0142onili\u015bmy 13 Laureat\u00f3w oraz wyr\u00f3\u017cnili\u015bmy 11 prac! Serdecznie gratulujemy ka\u017cdemu uczestnikowi i dzi\u0119kujemy za wsp\u00f3ln\u0105 przygod\u0119! <span...<a href='https:\/\/sp.tuchow.pl\/index.php\/2023\/06\/03\/wyniki-ii-ogolnopolskiego-konkursu-geograficznego-mapplab\/' class='pfpReadMore'>Read More &raquo;<\/a><div class='clear'><\/div><hr><\/div><div class='pfpItem entry-content'><h2 class='entry-title'><a href='https:\/\/sp.tuchow.pl\/index.php\/2023\/06\/03\/witajcie-w-akademii-pana-kleksa-czyli-o-konkursie-czytelniczym-dla-klas-czwartych\/'>,,Witajcie w Akademii pana Kleksa\u2019\u2019, czyli o konkursie czytelniczym dla klas czwartych<\/a><\/h2><img loading=\"lazy\" decoding=\"async\" class=\"aligncenter size-full\" src=\"http:\/\/scontent-vie1-1.xx.fbcdn.net\/v\/t39.30808-6\/350959587_1012409153105354_7544700507218188526_n.jpg?_nc_cat=104&amp;ccb=1-7&amp;_nc_sid=730e14&amp;_nc_ohc=hMtV2LPkyI4AX-8qVx-&amp;_nc_ht=scontent-vie1-1.xx&amp;oh=00_AfBf6GsE-39qnYdJ7g10Uqz-QE5osQFgjspOrOEFEMVZVA&amp;oe=647FE1FF\" width=\"2048\" height=\"1838\"><p style=\"text-align: justify;\"><strong>Konkursy z lektur szkolnych s\u0105 nieroz\u0142\u0105cznym elementem edukacji w naszej szkole. Rozbudzaj\u0105 zainteresowania czytelnicze, promuj\u0105 pozytywne wzorce zachowa\u0144, buduj\u0105 pozytywny stosunek do \u015bwiata i wiar\u0119 w siebie.<\/strong><\/p>\n<p style=\"text-align: justify;\">Zw\u0142aszcza w klasach 4 mia\u0142y\u015bmy okazj\u0119 dnia 1 czerwca 2023 roku, w cudowny dzie\u0144 \u015bwi\u0119ta wszystkich dzieci, zaobserwowa\u0107 te w\u0142a\u015bnie...<a href='https:\/\/sp.tuchow.pl\/index.php\/2023\/06\/03\/witajcie-w-akademii-pana-kleksa-czyli-o-konkursie-czytelniczym-dla-klas-czwartych\/' class='pfpReadMore'>Read More &raquo;<\/a><div class='clear'><\/div><hr><\/div><div class='pfpItem entry-content'><h2 class='entry-title'><a href='https:\/\/sp.tuchow.pl\/index.php\/2023\/06\/03\/mitologiczne-widokowki-czyli-o-projekcie-przedmiotowym-w-klasie-5-b\/'>Mitologiczne widok\u00f3wki, czyli o projekcie przedmiotowym w klasie 5 b<\/a><\/h2><img loading=\"lazy\" decoding=\"async\" class=\"aligncenter size-full\" src=\"http:\/\/scontent-vie1-1.xx.fbcdn.net\/v\/t39.30808-6\/350130460_5817691721668369_1538599928048575413_n.jpg?_nc_cat=100&amp;ccb=1-7&amp;_nc_sid=730e14&amp;_nc_ohc=j36tjgMNGVMAX901dqX&amp;_nc_ht=scontent-vie1-1.xx&amp;oh=00_AfCDrIyHdUoBB8LX2LMY-1_O1s-3DayhSHPg1SCr2Jp0-Q&amp;oe=647EF25C\" width=\"3270\" height=\"1281\"><p><strong>Dnia 31 maja 2023 roku mia\u0142a miejsce prezentacja projektu przedmiotowego ,,Mitologiczne widok\u00f3wki\u2019\u2019. Zadanie przygotowali uczniowie klasy 5 b.<\/strong><\/p>\n<p style=\"text-align: justify;\">Na obejrzenie i udzia\u0142 w projekcie zaprosili\u015bmy klas\u0119 5 a i 5 c. Odwiedzili nas te\u017c uczniowie klasy 6 a i 8 c. Przybyli zaproszeni: dyrektorzy szko\u0142y: mgr J\u00f3zef Wzorek i...<a href='https:\/\/sp.tuchow.pl\/index.php\/2023\/06\/03\/mitologiczne-widokowki-czyli-o-projekcie-przedmiotowym-w-klasie-5-b\/' class='pfpReadMore'>Read More &raquo;<\/a><div class='clear'><\/div><hr><\/div><div class='pfpItem entry-content'><h2 class='entry-title'><a href='https:\/\/sp.tuchow.pl\/index.php\/2023\/06\/03\/w-kopalni-soli-w-wieliczce\/'>W Kopalni Soli w Wieliczce<\/a><\/h2><p><strong>Dnia 9 maja 2023 roku uczniowie klasy 5 b odwiedzili Kopalni\u0119 Soli w Wieliczce. <\/strong><\/p>\n<p style=\"text-align: justify;\">Zabytkowa kopalnia soli zosta\u0142a wpisana w 1978 roku na pierwsz\u0105 og\u0142oszon\u0105 przez UNESCO List\u0119 \u015awiatowego Dziedzictwa Kultury i Przyrody. Z rozleg\u0142ego labiryntu oko\u0142o 300 km podziemnych chodnik\u00f3w udost\u0119pniono odcinek d\u0142ugo\u015bci 3 km znajduj\u0105cy si\u0119...<a href='https:\/\/sp.tuchow.pl\/index.php\/2023\/06\/03\/w-kopalni-soli-w-wieliczce\/' class='pfpReadMore'>Read More &raquo;<\/a><div class='clear'><\/div><hr><\/div><div class='pfpItem entry-content'><h2 class='entry-title'><a href='https:\/\/sp.tuchow.pl\/index.php\/2023\/06\/03\/to-prawdziwe-blogoslawienstwo-zapomniec-przez-innych-o-sobie-czyli-o-sukcesie-literackim-uczniow-szkoly-podstawowej-im-stanislawa-staszica-w-tuchowie\/'>,,To prawdziwe b\u0142ogos\u0142awie\u0144stwo zapomnie\u0107 przez innych o sobie\u201d,\u00a0czyli o sukcesie literackim uczni\u00f3w Szko\u0142y Podstawowej im. Stanis\u0142awa Staszica\u00a0w Tuchowie<\/a><\/h2><img loading=\"lazy\" decoding=\"async\" class=\"aligncenter size-full\" src=\"http:\/\/scontent-vie1-1.xx.fbcdn.net\/v\/t39.30808-6\/350099012_633289708673847_3397457427189603108_n.jpg?stp=dst-jpg_s720x720&amp;_nc_cat=105&amp;ccb=1-7&amp;_nc_sid=730e14&amp;_nc_ohc=XdnO666cBT0AX_HgP3S&amp;_nc_ht=scontent-vie1-1.xx&amp;oh=00_AfBDtoktQG8nJm_ulAdAUIoW5cFv_f0QqReBI7R92-REcA&amp;oe=648013F0\" width=\"502\" height=\"720\"><p style=\"text-align: justify;\">Po raz kolejno mi\u0142o mi poinformowa\u0107, i\u017c uczniowie naszej szko\u0142y zostali laureatami XIII edycji Ma\u0142opolskiego Konkursu Literackiego i Plastycznego. Konkurs jest organizowany przez Szko\u0142\u0119 Podstawow\u0105 Nr 101 im. Hansa Christiana Andersena w Krakowie i obj\u0119ty patronatem Ma\u0142opolskiego Kuratora O\u015bwiaty.<\/p>\n<p style=\"text-align: justify;\">W tym roku tematem konkursu by\u0142o has\u0142o: ,,<strong>To...<a href='https:\/\/sp.tuchow.pl\/index.php\/2023\/06\/03\/to-prawdziwe-blogoslawienstwo-zapomniec-przez-innych-o-sobie-czyli-o-sukcesie-literackim-uczniow-szkoly-podstawowej-im-stanislawa-staszica-w-tuchowie\/' class='pfpReadMore'>Read More &raquo;<\/a><div class='clear'><\/div><hr><\/div><div class='pfpItem entry-content'><h2 class='entry-title'><a href='https:\/\/sp.tuchow.pl\/index.php\/2023\/06\/02\/11086\/'>Dzie\u0144 dziecka w \u015bwietlicy szkolnej<\/a><\/h2><img loading=\"lazy\" decoding=\"async\" class=\"aligncenter size-full\" src=\"http:\/\/scontent-vie1-1.xx.fbcdn.net\/v\/t39.30808-6\/349866515_796562898810599_8438397145142832925_n.jpg?_nc_cat=103&amp;ccb=1-7&amp;_nc_sid=730e14&amp;_nc_ohc=1igwTVxihg0AX89_Dlj&amp;_nc_ht=scontent-vie1-1.xx&amp;oh=00_AfD-Rhza5I5jDOlgSQi6QxZzMHQuevAiB1LfVeHA8o6AiQ&amp;oe=647EBF5F\" width=\"2048\" height=\"1637\"><p style=\"text-align: center;\">&#8222;Trzeba dzieciom da\u0107 serce, pi\u0119kno<br \/>\ni u\u015bmiech, aby nauczy\u0142y si\u0119 kocha\u0107 ludzi<br \/>\ni wszystko, co je otacza&#8221;<br \/>\n(Maria Kownacka)<\/p>\n<p>&nbsp;<\/p>\n<p style=\"text-align: justify;\">1 czerwca to wyj\u0105tkowa data &#8211; Dzie\u0144 Dziecka.<br \/>\nWychowawcy \u015bwietlicy szkolnej oraz \u015bwietlicy opieku\u0144czo-wychowawczej zorganizowali wczoraj wspania\u0142\u0105 zabaw\u0119 dla dzieci. Zabawy ruchowo-taneczne i tematyczne, wsp\u00f3lne \u015bpiewanie oraz s\u0142odki...<a href='https:\/\/sp.tuchow.pl\/index.php\/2023\/06\/02\/11086\/' class='pfpReadMore'>Read More &raquo;<\/a><div class='clear'><\/div><hr><\/div><div class='pfpItem entry-content'><h2 class='entry-title'><a href='https:\/\/sp.tuchow.pl\/index.php\/2023\/05\/31\/wyniki-szkolnego-konkursu-piosenki-dla-klas-1-3\/'>Wyniki \u201eSzkolnego Konkursu Piosenki dla klas 1-3\u201d<\/a><\/h2><img loading=\"lazy\" decoding=\"async\" class=\"aligncenter size-full\" src=\"http:\/\/scontent-vie1-1.xx.fbcdn.net\/v\/t39.30808-6\/350358145_3490141341201625_2543167563856244563_n.jpg?_nc_cat=109&amp;ccb=1-7&amp;_nc_sid=730e14&amp;_nc_ohc=_cPuqYG7-BoAX95NfNH&amp;_nc_ht=scontent-vie1-1.xx&amp;oh=00_AfCq6sRn-7iaUD9ungHm987HdMW9R1eHFTn7qaSOAbK57w&amp;oe=647C3CB4\" width=\"1600\" height=\"757\"><p style=\"text-align: justify;\">Konkurs piosenki to doskona\u0142a okazja dla uczni\u00f3w do rozwijania swoich zdolno\u015bci muzycznych i zaprezentowania ich przed publiczno\u015bci\u0105.&nbsp; W przegl\u0105dzie wzi\u0119li udzia\u0142 soli\u015bci oraz zespo\u0142y wokalne z klas 1-3. &nbsp;Uczestnicy oceniani byli przez trzyosobowe jury: Pani\u0105 dyrektor Alicj\u0119 P\u0142achno, Pana Stanis\u0142awa Maniaka oraz ucznia klasy sz\u00f3stej Antoniego Stanis\u0142awczyka.<\/p>\n<p><strong>WYNIKI KONKURSU:<\/strong><\/p>\n<p><strong><u>Kategoria...<a href='https:\/\/sp.tuchow.pl\/index.php\/2023\/05\/31\/wyniki-szkolnego-konkursu-piosenki-dla-klas-1-3\/' class='pfpReadMore'>Read More &raquo;<\/a><div class='clear'><\/div><hr><\/div><div class='pfpItem entry-content'><h2 class='entry-title'><a href='https:\/\/sp.tuchow.pl\/index.php\/2023\/05\/31\/oczy-czy-oka-o-trudnym-konkursie-z-gramatyki\/'>Oczy czy oka? O trudnym konkursie z gramatyki<\/a><\/h2><img loading=\"lazy\" decoding=\"async\" class=\"aligncenter size-full\" src=\"http:\/\/scontent-vie1-1.xx.fbcdn.net\/v\/t39.30808-6\/350140867_277596168040953_8327196533645849701_n.jpg?_nc_cat=107&amp;ccb=1-7&amp;_nc_sid=730e14&amp;_nc_ohc=ubyBkhAQo00AX8T_BOf&amp;_nc_ht=scontent-vie1-1.xx&amp;oh=00_AfC3we_RTDFJLA05srMYTDq5X0peQgfvX5HB39-yjuCExg&amp;oe=647BE2D5\" width=\"2048\" height=\"1152\"><p><strong>Dnia 29 maja 2023 roku odby\u0142 si\u0119 Szkolny Konkurs Wiedzy i Umiej\u0119tno\u015bci z Gramatyki J\u0119zyka Polskiego. <\/strong><\/p>\n<p>Konkurs zosta\u0142 podzielony na dwie kategorie wiekowe: klasy IV-VI i klasy VII-VIII.<\/p>\n<p><strong>&nbsp;<\/strong>W ka\u017cdej z dw\u00f3ch kategorii udzia\u0142 zg\u0142osi\u0142o po 14 uczni\u00f3w. Wszyscy uczestnicy konkursu zas\u0142uguj\u0105 na pochwa\u0142\u0119 za odwag\u0119, wiedz\u0119 i umiej\u0119tno\u015bci!<\/p>\n<p>Dzieci rozwi\u0105zywa\u0142y zadania...<a href='https:\/\/sp.tuchow.pl\/index.php\/2023\/05\/31\/oczy-czy-oka-o-trudnym-konkursie-z-gramatyki\/' class='pfpReadMore'>Read More &raquo;<\/a><div class='clear'><\/div><hr><\/div><div class='pfpItem entry-content'><h2 class='entry-title'><a href='https:\/\/sp.tuchow.pl\/index.php\/2023\/05\/28\/zmagania-z-idiomami\/'>Zmagania z idiomami<\/a><\/h2><img loading=\"lazy\" decoding=\"async\" class=\"aligncenter size-full\" src=\"http:\/\/scontent-vie1-1.xx.fbcdn.net\/v\/t39.30808-6\/349690378_988092439033274_4201396782506491386_n.jpg?stp=dst-jpg_s600x600&amp;_nc_cat=108&amp;ccb=1-7&amp;_nc_sid=730e14&amp;_nc_ohc=T5EnB-af7hIAX9je6hx&amp;_nc_ht=scontent-vie1-1.xx&amp;oh=00_AfAFzCX_LpfZT0aUFCPlLNgCpGZ_xPVNrhQCTQbDkXVBTA&amp;oe=64797815\" width=\"600\" height=\"450\"><p style=\"text-align: justify;\">26 maja, tu\u017c po wyzwaniach na egzaminie \u00f3smoklasisty, dwoje naszych uczni\u00f3w z klas 8: Emilia Micha\u0142ek i Damian Wiejacki wzi\u0119\u0142o udzia\u0142 w zmaganiach j\u0119zykowych \u2013 finale X Mi\u0119dzypowiatowego Konkursu J\u0119zyka Angielskiego dla uczni\u00f3w szk\u00f3\u0142 podstawowych \u00bbLet\u2019s crack a few books\u00ab. Konkurs organizowany by\u0142 przez II Liceum Og\u00f3lnokszta\u0142c\u0105ce w...<a href='https:\/\/sp.tuchow.pl\/index.php\/2023\/05\/28\/zmagania-z-idiomami\/' class='pfpReadMore'>Read More &raquo;<\/a><div class='clear'><\/div><hr><\/div><div class='pfpItem entry-content'><h2 class='entry-title'><a href='https:\/\/sp.tuchow.pl\/index.php\/2023\/05\/28\/goscie-goscie\/'>Go\u015bcie, go\u015bcie\u2026<\/a><\/h2><img loading=\"lazy\" decoding=\"async\" class=\"aligncenter size-full\" src=\"http:\/\/scontent-vie1-1.xx.fbcdn.net\/v\/t39.30808-6\/349127155_3382601825389891_6575302625794706580_n.jpg?stp=cp6_dst-jpg&amp;_nc_cat=108&amp;ccb=1-7&amp;_nc_sid=730e14&amp;_nc_ohc=LZXh7dhI6AYAX_YufL-&amp;_nc_ht=scontent-vie1-1.xx&amp;oh=00_AfDfrpc1TxgHgTLvWpqDR4Atuux78Nef-Eji0dmxFHVo6A&amp;oe=6478EC43\" width=\"2048\" height=\"1536\"><p style=\"text-align: justify;\">W dniach 14 \u2013 20 maja br. W naszej szkole mo\u017cna by\u0142o cz\u0119\u015bciej us\u0142ysze\u0107 j\u0119zykhiszpa\u0144ski i portugalski.<\/p>\n<p style=\"text-align: justify;\">&nbsp;Wszystko to w zwi\u0105zku z wizyt\u0105 grup uczni\u00f3w i opiekun\u00f3w ze szk\u00f3\u0142 partnerskich w projekcie Erasmus+ \u201ePrimary School Musical\u201d. Nasza szko\u0142a jest w tym projekcie instytucj\u0105 przyjmuj\u0105c\u0105, ale w odpowiedzi...<a href='https:\/\/sp.tuchow.pl\/index.php\/2023\/05\/28\/goscie-goscie\/' class='pfpReadMore'>Read More &raquo;<\/a><div class='clear'><\/div><hr><\/div><div class='pfpItem entry-content'><h2 class='entry-title'><a href='https:\/\/sp.tuchow.pl\/index.php\/2023\/05\/25\/wycieczka-klasy-1a-i-1c-do-krakowskiego-zoo\/'>Wycieczka klasy 1a i 1c do krakowskiego ZOO.<\/a><\/h2><img loading=\"lazy\" decoding=\"async\" class=\"aligncenter size-full\" src=\"http:\/\/scontent-vie1-1.xx.fbcdn.net\/v\/t39.30808-6\/348911687_1190412024990589_7207310562481306863_n.jpg?_nc_cat=110&amp;ccb=1-7&amp;_nc_sid=730e14&amp;_nc_ohc=cZ9cZQKnasgAX8zBvdt&amp;_nc_oc=AQmY2tps3W-CZeoBMpC7yIb1f4HBXOCO8LywowZAKSQPB9YYNRO7mf3L3_GJELKrj54&amp;_nc_ht=scontent-vie1-1.xx&amp;oh=00_AfDowpMxA-r1RAseEMGYbKNtBtfQnvJE9yOLEpG9jKiq6w&amp;oe=6474A392\" width=\"1734\" height=\"1302\"><p>Celem wycieczki by\u0142a obserwacja i&nbsp;czerpanie pozytywnych wra\u017ce\u0144 w&nbsp;kontakcie z&nbsp;przyrod\u0105, zainteresowanie r\u00f3\u017cnorodno\u015bci\u0105 gatunk\u00f3w \u015bwiata zwierz\u0105t oraz&nbsp;kszta\u0142towanie \u015bwiadomo\u015bci ekologicznej. Podczas spaceru po&nbsp;alejach ZOO towarzyszy\u0142y nam panie przewodniczki, kt\u00f3re ciekawie opowiada\u0142y o egzotycznych zwierz\u0119tach. Wyjazd do ZOO dostarczy\u0142 nam wiele wra\u017ce\u0144, po\u0142\u0105czy\u0142 w sobie elementy nauki, rozrywki i przygody.<\/p>\n<p style=\"text-align: right;\"><em>J.Mo\u017adzierz, B. Ogiela<\/em><\/p>\n<p><strong><a...<a href='https:\/\/sp.tuchow.pl\/index.php\/2023\/05\/25\/wycieczka-klasy-1a-i-1c-do-krakowskiego-zoo\/' class='pfpReadMore'>Read More &raquo;<\/a><div class='clear'><\/div><hr><\/div><div class='pfpItem entry-content'><h2 class='entry-title'><a href='https:\/\/sp.tuchow.pl\/index.php\/2023\/05\/23\/wycieczka-klas-6b-i-6c-do-sandomierza\/'>Wycieczka klas 6b i 6c do Sandomierza<\/a><\/h2><img loading=\"lazy\" decoding=\"async\" class=\"alignnone size-full\" src=\"http:\/\/scontent-vie1-1.xx.fbcdn.net\/v\/t39.30808-6\/348584768_1284554812491358_8254022327304693891_n.jpg?_nc_cat=101&amp;ccb=1-7&amp;_nc_sid=730e14&amp;_nc_ohc=qDgMidAK3kgAX__2vcS&amp;_nc_ht=scontent-vie1-1.xx&amp;oh=00_AfCfwnps6ARik9MfBd529F-2zpk5jKL18zF5yt-urmHE7w&amp;oe=6471274B\" width=\"2048\" height=\"1542\"><p style=\"text-align: justify;\">Na uczni\u00f3w klas 6b i 6c czeka\u0142o wiele atrakcji turystycznych w Sandomierzu: trasa podziemna, zbrojownia, taras widokowy na Bramie Opatowskiej oraz Stare Miasto, dziedziniec zamkowy, Rynek, zabytkowe kamieniczki, maszerowanie po wzg\u00f3rzu staromiejskim, przej\u015bcie uchem igielnym, do tego spacer obok Collegium Gostomianum i Domu D\u0142ugosza, sandomierskie w\u0105wozy oraz rejs...<a href='https:\/\/sp.tuchow.pl\/index.php\/2023\/05\/23\/wycieczka-klas-6b-i-6c-do-sandomierza\/' class='pfpReadMore'>Read More &raquo;<\/a><div class='clear'><\/div><hr><\/div><div class='pfpItem entry-content'><h2 class='entry-title'><a href='https:\/\/sp.tuchow.pl\/index.php\/2023\/05\/21\/aktywnie-i-bezpiecznie-vii-piknik-szkolny-w-szkole-ruch-i-bezpieczenstwo-pod-takim-haslem-20-maja-2023r-odbyl-sie-vii-piknik-szkolny\/'>AKTYWNIE I BEZPIECZNIE- VII PIKNIK SZKOLNY\u201e W szkole ruch i bezpiecze\u0144stwo\u201d- pod takim has\u0142em 20 maja 2023r. odby\u0142 si\u0119 VII Piknik Szkolny.<\/a><\/h2><img loading=\"lazy\" decoding=\"async\" class=\"alignnone size-full\" src=\"http:\/\/scontent-vie1-1.xx.fbcdn.net\/v\/t39.30808-6\/348958901_267721039036315_7356715934775126030_n.jpg?_nc_cat=108&amp;ccb=1-7&amp;_nc_sid=0debeb&amp;_nc_ohc=LKb_RhaKiHMAX8pmW79&amp;_nc_ht=scontent-vie1-1.xx&amp;oh=00_AfBfD-jPwa3OUO-wQpdjmZhhVemXM0yxRZAo09SEzyFz0A&amp;oe=6471F062\" width=\"2048\" height=\"1368\"><p style=\"text-align: justify;\">Niezwykle licznie zgromadzili\u015bmy si\u0119 w tuchowskim amfiteatrze, aby wzi\u0105\u0107 udzia\u0142w VII Pikniku Szkolnym, organizowanym przez Szko\u0142\u0119 Podstawow\u0105 im. St. Staszica w Tuchowie. Pomys\u0142odawc\u0105 cyklicznej imprezy, kt\u00f3ra od kilku lat gromadzi uczni\u00f3w, nauczycieli i sympatyk\u00f3w, jest pan dyrektor J\u00f3zef Wzorek. S\u0142oneczna pogoda i mi\u0142a atmosfera sprzyja\u0142y uczestnikom tegorocznej zabawy,...<a href='https:\/\/sp.tuchow.pl\/index.php\/2023\/05\/21\/aktywnie-i-bezpiecznie-vii-piknik-szkolny-w-szkole-ruch-i-bezpieczenstwo-pod-takim-haslem-20-maja-2023r-odbyl-sie-vii-piknik-szkolny\/' class='pfpReadMore'>Read More &raquo;<\/a><div class='clear'><\/div><hr><\/div><div class='pfpItem entry-content'><h2 class='entry-title'><a href='https:\/\/sp.tuchow.pl\/index.php\/2023\/05\/20\/wszystkie-dzieci-zbieraja-elektrosmieci\/'>\u201cWszystkie dzieci zbieraj\u0105 elektro\u015bmieci\u201d<\/a><\/h2><img decoding=\"async\" src=\"https:\/\/sp.tuchow.pl\/wp-content\/uploads\/2023\/05\/elektro\u015bmieci-baner-150x150.jpg\" \/><div class=\"xdj266r x11i5rnm xat24cr x1mh8g0r x1vvkbs x126k92a\">\n<div dir=\"auto\">Nasza szko\u0142a przyst\u0105pi\u0142a do projektu <strong><em>\u201cWszystkie dzieci zbieraj\u0105 elektro\u015bmieci\u201d<\/em><\/strong>. Celem akcji jest podniesienie \u015bwiadomo\u015bci ekologicznej w\u015br\u00f3d dzieci i m\u0142odzie\u017cy, oraz zwr\u00f3cenie uwagi na prawid\u0142owe zagospodarowanie odpadami.<\/div>\n<\/div>\n<div class=\"x11i5rnm xat24cr x1mh8g0r x1vvkbs xtlvy1s x126k92a\">\n<div dir=\"auto\"><strong>Termin Akcji: 22 maja 2023r.<\/strong><\/div>\n<div dir=\"auto\"><strong>Miejsce Akcji: Parking przy Szkole Podstawowej...<a href='https:\/\/sp.tuchow.pl\/index.php\/2023\/05\/20\/wszystkie-dzieci-zbieraja-elektrosmieci\/' class='pfpReadMore'>Read More &raquo;<\/a><div class='clear'><\/div><hr><\/div><div class='pfpItem entry-content'><h2 class='entry-title'><a href='https:\/\/sp.tuchow.pl\/index.php\/2023\/05\/18\/wycieczka-klas-4c-i-4d-do-zamku-w-debnie\/'>Wycieczka klas 4c i 4d do Zamku w D\u0119bnie<\/a><\/h2><p style=\"text-align: justify;\">18 maja klasy 4c i 4d pod opiek\u0105 wychowawc\u00f3w i nauczycieli uczestniczy\u0142y w wycieczce na zamek w D\u0119bnie. Pomimo deszczowej pogody humory dopisywa\u0142y. Damy dworu odta\u0144czy\u0142y z wdzi\u0119kiem sw\u00f3j taniec a rycerze po pasowaniu stoczyli kilka pojedynk\u00f3w. Ponad pi\u0119\u0107setletnia historia zamku zrobi\u0142a na nas du\u017ce wra\u017cenie.<\/p>\n<p><strong><a href=\"http:\/\/www.facebook.com\/photo\/?fbid=713613707435063&amp;set=pcb.713620060767761\">Fotorelacja<\/a><\/strong><\/p>\n...<a href='https:\/\/sp.tuchow.pl\/index.php\/2023\/05\/18\/wycieczka-klas-4c-i-4d-do-zamku-w-debnie\/' class='pfpReadMore'>Read More &raquo;<\/a><div class='clear'><\/div><hr><\/div><div class='pfpItem entry-content'><h2 class='entry-title'><a href='https:\/\/sp.tuchow.pl\/index.php\/2023\/05\/17\/organizacja-pracy-szkoly-w-dniach-egzaminow-osmoklasisty\/'>Organizacja pracy szko\u0142y w dniach egzamin\u00f3w \u00f3smoklasisty<\/a><\/h2><p>W dniach <strong>23, 24 i 25 maja 2023 roku<\/strong> klasy <strong>\u00f3sme<\/strong> pisz\u0105 egzaminy <strong>zewn\u0119trzne<\/strong>, a klasy si\u00f3dme pisz\u0105 pr\u00f3bne egzaminy.<\/p>\n<p>Dla uczni\u00f3w <strong>klas I \u2013 VI<\/strong> s\u0105 to <strong>dni wolne od zaj\u0119\u0107 dydaktycznych.<\/strong><\/p>\n<p>Sto\u0142\u00f3wka nieczynna.<\/p>\n<p>\u015awietlica czynna w godzinach 6:30 \u2013 16:00<\/p>\n<p>Uczniowie klas \u00f3smych w tych dniach przychodz\u0105 do szko\u0142y w galowym stroju...<a href='https:\/\/sp.tuchow.pl\/index.php\/2023\/05\/17\/organizacja-pracy-szkoly-w-dniach-egzaminow-osmoklasisty\/' class='pfpReadMore'>Read More &raquo;<\/a><div class='clear'><\/div><hr><\/div><div class='pfpItem entry-content'><h2 class='entry-title'><a href='https:\/\/sp.tuchow.pl\/index.php\/2023\/05\/13\/ostatni-dzien-na-euroweek\/'>Ostatni dzie\u0144 na Euroweek<\/a><\/h2><div class=\"xdj266r x11i5rnm xat24cr x1mh8g0r x1vvkbs x126k92a\">\n<div dir=\"auto\" style=\"text-align: justify;\">Dzisiaj ko\u0144czy si\u0119 nasza pierwsza (i mamy nadziej\u0119 nie ostatnia) przygoda z Euroweek. Rano po \u015bniadaniu opu\u015bcili\u015bmy Mi\u0119dzyg\u00f3rze, gdzie przez ostatnie 4 dni brali\u015bmy udzia\u0142 w warsztatach. W drodze do domu poczuli\u015bmy gor\u0105czk\u0119 z\u0142ota w kopalni w Z\u0142otym Stoku. Tam czeka\u0142o...<a href='https:\/\/sp.tuchow.pl\/index.php\/2023\/05\/13\/ostatni-dzien-na-euroweek\/' class='pfpReadMore'>Read More &raquo;<\/a><div class='clear'><\/div><hr><\/div><div class='pfpItem entry-content'><h2 class='entry-title'><a href='https:\/\/sp.tuchow.pl\/index.php\/2023\/05\/12\/euroweek-4-dzien\/'>Euroweek- 4 dzie\u0144<\/a><\/h2><div dir=\"auto\" style=\"text-align: justify;\">Za nami ostatni dzie\u0144 w Miedzyg\u00f3rzu, ale nie koniec podr\u00f3\u017cniczych wra\u017ce\u0144. Po tradycyjnie energicznej rozgrzewce, uczniowie realizowali kolejne kreatywne zadania. Potem dowiedzieli si\u0119 wiele ciekawych informacji o Italii. Po po\u0142udniu udali\u015bmy si\u0119 na spacer do zabytkowego ko\u015bci\u00f3\u0142ka na wzg\u00f3rzu, kt\u00f3ry ju\u017c wcze\u015bniej podziwiali\u015bmy z okien naszego o\u015brodka....<a href='https:\/\/sp.tuchow.pl\/index.php\/2023\/05\/12\/euroweek-4-dzien\/' class='pfpReadMore'>Read More &raquo;<\/a><div class='clear'><\/div><hr><\/div><div class='pfpItem entry-content'><h2 class='entry-title'><a href='https:\/\/sp.tuchow.pl\/index.php\/2023\/05\/12\/szkolny-konkurs-geograficzny\/'>Szkolny konkurs geograficzny<\/a><\/h2><img loading=\"lazy\" decoding=\"async\" class=\"aligncenter size-full\" src=\"http:\/\/scontent-fra3-1.xx.fbcdn.net\/v\/t39.30808-6\/346664007_131218123286597_7408137027706318123_n.jpg?_nc_cat=101&amp;ccb=1-7&amp;_nc_sid=730e14&amp;_nc_ohc=-pOrzh-R7QYAX9V3r-T&amp;_nc_oc=AQn2mA16s03ePkJYEBPHrdwaJe8mxPmVNF12ZXDXtsEYTRDfv8wLni4H-FacYkzV-m8&amp;_nc_ht=scontent-fra3-1.xx&amp;oh=00_AfD1jCNCl_hrnWqAbYZcSGc_PLj0ul1gnUEKDh8cWnBbWQ&amp;oe=64632BFE\" width=\"2048\" height=\"1536\"><div class=\"xdj266r x11i5rnm xat24cr x1mh8g0r x1vvkbs x126k92a\">\n<div dir=\"auto\">10 maja 2023 roku odby\u0142 si\u0119 w naszej szkole konkurs geograficzny. Wzi\u0119\u0142o w nim udzia\u0142 61 uczni\u00f3w z klas 5-8 (zapisanych 72). Zadanie uczni\u00f3w polega\u0142o na rozpoznaniu 15 flag pa\u0144stw \u015bwiata i dopasowaniu do nich nazwy stolicy oraz kontynentu. Test nie nale\u017ca\u0142 do...<a href='https:\/\/sp.tuchow.pl\/index.php\/2023\/05\/12\/szkolny-konkurs-geograficzny\/' class='pfpReadMore'>Read More &raquo;<\/a><div class='clear'><\/div><hr><\/div><div class='pfpItem entry-content'><h2 class='entry-title'><a href='https:\/\/sp.tuchow.pl\/index.php\/2023\/05\/12\/euroweek-3-dzien\/'>Euroweek -3 dzie\u0144<\/a><\/h2><div dir=\"auto\" style=\"text-align: justify;\">Kolejny dzie\u0144 pobytu na Euroweek up\u0142yn\u0105\u0142 r\u00f3wnie intensywnie jak poprzednie. Uczniowie dzie\u0144 rozpocz\u0119li taneczn\u0105 rozgrzewk\u0105, a p\u00f3\u017aniej przyst\u0105pili do zespo\u0142owych gier i kreatywnych zada\u0144 w j\u0119zyku angielskim. Popo\u0142udnie up\u0142yn\u0119\u0142o na zwiedzaniu pi\u0119knych le\u015bnych teren\u00f3w w okolicy oraz na niezwykle ciekawej, wirtualnej podr\u00f3\u017cy na Filipiny. Wiecz\u00f3r uczniowie zako\u0144czyli...<a href='https:\/\/sp.tuchow.pl\/index.php\/2023\/05\/12\/euroweek-3-dzien\/' class='pfpReadMore'>Read More &raquo;<\/a><div class='clear'><\/div><hr><\/div><div class='pfpItem entry-content'><h2 class='entry-title'><a href='https:\/\/sp.tuchow.pl\/index.php\/2023\/05\/11\/11115\/'><\/a><\/h2><p><a href=\"http:\/\/sptuchow20-my.sharepoint.com\/personal\/piotr_pierzchala_sptuchow20_onmicrosoft_com\/_layouts\/15\/embed.aspx?UniqueId=c4039e2a-f14d-44f2-97bc-eb0b19738fa7%20width=640%20height=360%20frameborder=0%20scrolling=no%20allowfullscreen%20title=IMG_20230530_100736.jpg\">http:\/\/sptuchow20-my.sharepoint.com\/personal\/piotr_pierzchala_sptuchow20_onmicrosoft_com\/_layouts\/15\/embed.aspx?UniqueId=c4039e2a-f14d-44f2-97bc-eb0b19738fa7&#8243; width=&#8221;640&#8243; height=&#8221;360&#8243; frameborder=&#8221;0&#8243; scrolling=&#8221;no&#8221; allowfullscreen title=&#8221;IMG_20230530_100736.jpg<\/a><\/p>\n<p>&nbsp;<\/p>\n<p><a href=\"http:\/\/sptuchow20-my.sharepoint.com\/:i:\/g\/personal\/piotr_pierzchala_sptuchow20_onmicrosoft_com\/ESqeA8RN8fJEl7zrCxlzj6cBYklsGjZJL-ZdvsR_tGHcJQ?e=r0aw6q\">http:\/\/sptuchow20-my.sharepoint.com\/:i:\/g\/personal\/piotr_pierzchala_sptuchow20_onmicrosoft_com\/ESqeA8RN8fJEl7zrCxlzj6cBYklsGjZJL-ZdvsR_tGHcJQ?e=r0aw6q<\/a><\/p>\n...<a href='https:\/\/sp.tuchow.pl\/index.php\/2023\/05\/11\/11115\/' class='pfpReadMore'>Read More &raquo;<\/a><div class='clear'><\/div><hr><\/div><div class='pfpItem entry-content'><h2 class='entry-title'><a href='https:\/\/sp.tuchow.pl\/index.php\/2023\/05\/10\/euroweek-2-dzien\/'>Euroweek- 2 dzie\u0144<\/a><\/h2><div dir=\"auto\" style=\"text-align: justify;\">Dzisiaj po energicznej rozgrzewce, uczniowie przyst\u0105pili do zaj\u0119\u0107 projektowych, w kt\u00f3rych musieli wykaza\u0107 si\u0119 wsp\u00f3\u0142prac\u0105 w grupie, kreatywno\u015bci\u0105, s\u0142ownictwem i komunikacj\u0105 w j\u0119zyku angielskim. Po kilku pomy\u015blnie zako\u0144czonych zadaniach, mogli\u015bmy pozwiedza\u0107 malownicz\u0105 g\u00f3rsk\u0105 okolic\u0119 zwan\u0105 &#8222;Ma\u0142\u0105 Szwajcari\u0105&#8221;. G\u0142\u00f3wn\u0105 atrakcj\u0105 popo\u0142udniowego spaceru by\u0142 rezerwat z wodospadem Wilczki. Nasz...<a href='https:\/\/sp.tuchow.pl\/index.php\/2023\/05\/10\/euroweek-2-dzien\/' class='pfpReadMore'>Read More &raquo;<\/a><div class='clear'><\/div><hr><\/div><div class='pfpItem entry-content'><h2 class='entry-title'><a href='https:\/\/sp.tuchow.pl\/index.php\/2023\/05\/10\/mistrz-ortografii\/'>\u201eMISTRZ ORTOGRAFII\u201d<\/a><\/h2><img loading=\"lazy\" decoding=\"async\" class=\"aligncenter size-full\" src=\"http:\/\/scontent-fra5-2.xx.fbcdn.net\/v\/t39.30808-6\/345477558_788175976243999_1281613579947223406_n.jpg?_nc_cat=106&amp;ccb=1-7&amp;_nc_sid=730e14&amp;_nc_ohc=EUIAz8ClbeIAX8GM9Rp&amp;_nc_ht=scontent-fra5-2.xx&amp;oh=00_AfAe91VTx1W5aMJOTnAD7yjYhHYo6U80HfDhUkhdm8ZQpA&amp;oe=6461875C\" width=\"1600\" height=\"1139\"><p style=\"text-align: justify;\">W ubieg\u0142ym tygodniu w naszej szkole odby\u0142 si\u0119 konkurs ortograficzny dla uczni\u00f3w klas drugich i trzecich pod has\u0142em \u201eMistrz Ortografii\u201d.<br \/>\nKonkurs mia\u0142 na celu sprawdzenie opanowania zasad ortograficznych,&nbsp; pos\u0142ugiwania si\u0119 nimi w praktyce, kszta\u0142towanie czujno\u015bci ortograficznej i wyrabiania nawyku poprawnego pisania.<br \/>\nUczestnicy konkursu wykonywali r\u00f3\u017cnorodne zadania oraz pisali...<a href='https:\/\/sp.tuchow.pl\/index.php\/2023\/05\/10\/mistrz-ortografii\/' class='pfpReadMore'>Read More &raquo;<\/a><div class='clear'><\/div><hr><\/div><div class='pfpItem entry-content'><h2 class='entry-title'><a href='https:\/\/sp.tuchow.pl\/index.php\/2023\/05\/09\/rozpoczynamy-przygode-z-euroweek\/'>Rozpoczynamy przygod\u0119 z Euroweek<\/a><\/h2><img loading=\"lazy\" decoding=\"async\" class=\"aligncenter size-full\" src=\"http:\/\/scontent-fra3-1.xx.fbcdn.net\/v\/t39.30808-6\/345581634_1304668747125088_3120640311198260619_n.jpg?_nc_cat=101&amp;ccb=1-7&amp;_nc_sid=8bfeb9&amp;_nc_ohc=4VvDj3MvpnQAX944pmK&amp;_nc_ht=scontent-fra3-1.xx&amp;oh=00_AfBqgndXpkHA-2AIzKguYoxUsG9pTlvWTIL3IOn0Vyza2g&amp;oe=646048BF\" width=\"1352\" height=\"640\"><p style=\"text-align: justify;\">Dzisiaj grupa uczni\u00f3w z klas II, III i IV wyruszy\u0142a w podr\u00f3\u017c na Dolny \u015al\u0105sk, na warsztaty Euroweek. Po drodze odwiedzili\u015bmy Wa\u0142brzych, gdzie uczniowie poznali bajkowe oblicze Zamku Ksi\u0105\u017c. Po po\u0142udniu dotarli\u015bmy do Mi\u0119dzyg\u00f3rza. Tam uczniowie sp\u0119dz\u0105 najbli\u017csze dni rozwijaj\u0105c swoje umiej\u0119tno\u015bci z j\u0119zyka angielskiego na zaj\u0119ciach z...<a href='https:\/\/sp.tuchow.pl\/index.php\/2023\/05\/09\/rozpoczynamy-przygode-z-euroweek\/' class='pfpReadMore'>Read More &raquo;<\/a><div class='clear'><\/div><hr><\/div><div class='pfpItem entry-content'><h2 class='entry-title'><a href='https:\/\/sp.tuchow.pl\/index.php\/2023\/05\/08\/zapraszamy-na-vii-piknik-szkolny\/'>Zapraszamy na VII Piknik Szkolny<\/a><\/h2><img loading=\"lazy\" decoding=\"async\" class=\"aligncenter size-full\" src=\"http:\/\/scontent-vie1-1.xx.fbcdn.net\/v\/t39.30808-6\/344558954_250134617505749_9158027376811741732_n.jpg?_nc_cat=101&amp;ccb=1-7&amp;_nc_sid=730e14&amp;_nc_ohc=oI0zqTzYF-YAX9PNBJU&amp;_nc_ht=scontent-vie1-1.xx&amp;oh=00_AfA5gtsR0gczrbOGP-SLzO2sJVz-bBzVrkIbEmk-BceUQg&amp;oe=64690EF2\" width=\"1448\" height=\"2048\"><p><\/p>\n...<a href='https:\/\/sp.tuchow.pl\/index.php\/2023\/05\/08\/zapraszamy-na-vii-piknik-szkolny\/' class='pfpReadMore'>Read More &raquo;<\/a><div class='clear'><\/div><hr><\/div><div class='pfpItem entry-content'><h2 class='entry-title'><a href='https:\/\/sp.tuchow.pl\/index.php\/2023\/05\/03\/sukces-uczennicy-klasy-8d-emilii-michalek-w-konkursie-improve-your-english\/'>Sukces uczennicy klasy 8d - Emilii Micha\u0142ek w konkursie \u201eImprove your English\u201d<\/a><\/h2><img loading=\"lazy\" decoding=\"async\" class=\"aligncenter size-full\" src=\"http:\/\/scontent-vie1-1.xx.fbcdn.net\/v\/t39.30808-6\/344102399_638661921637343_7841709417414199585_n.jpg?_nc_cat=107&amp;ccb=1-7&amp;_nc_sid=730e14&amp;_nc_ohc=MwM1Xq8DIdcAX9qCrOu&amp;_nc_ht=scontent-vie1-1.xx&amp;oh=00_AfB9qDV4Zw0iWxev7c6JrygROKcKVjfb9idh9Pp-Y3kooA&amp;oe=64572C27\" width=\"1445\" height=\"2048\"><p style=\"text-align: justify;\">Dnia 21 kwietnia 2023 roku odby\u0142o si\u0119 podsumowanie konkursu \u201eImprove your English\u201d organizowanego przez III Liceum Og\u00f3lnokszta\u0142c\u0105ce w Tarnowie.<\/p>\n<p style=\"text-align: justify;\">Uczniowie przyst\u0105pili do etapu szkolnego, kt\u00f3ry zawiera\u0142 zadania na poziomie intermediate B1 i upper intermediate B2. Zdobycie 70% punkt\u00f3w zapewnia\u0142o udzia\u0142 w etapie mi\u0119dzyszkolnym, w kt\u00f3rym uczniowie rozwi\u0105zywali...<a href='https:\/\/sp.tuchow.pl\/index.php\/2023\/05\/03\/sukces-uczennicy-klasy-8d-emilii-michalek-w-konkursie-improve-your-english\/' class='pfpReadMore'>Read More &raquo;<\/a><div class='clear'><\/div><hr><\/div><div class='pfpItem entry-content'><h2 class='entry-title'><a href='https:\/\/sp.tuchow.pl\/index.php\/2023\/04\/28\/i-miejsce-w-zawodach-rejonowych-dziewczat-w-pilce-recznej\/'>I MIEJSCE W ZAWODACH REJONOWYCH DZIEWCZ\u0104T W PI\u0141CE R\u0118CZNEJ!!!<\/a><\/h2><img loading=\"lazy\" decoding=\"async\" class=\"aligncenter size-full\" src=\"http:\/\/scontent-vie1-1.xx.fbcdn.net\/v\/t39.30808-6\/342358098_137264982652298_1111963523322787675_n.jpg?_nc_cat=106&amp;ccb=1-7&amp;_nc_sid=8bfeb9&amp;_nc_ohc=0ONHEO5sRRwAX8AL8up&amp;_nc_ht=scontent-vie1-1.xx&amp;oh=00_AfCaYxsSFVWwsIjvgptLVSbxNwtjLAUS8kIvqGEOx1OdSQ&amp;oe=6450A16C\" width=\"2048\" height=\"1536\"><div class=\"xdj266r x11i5rnm xat24cr x1mh8g0r x1vvkbs x126k92a\">\n<div dir=\"auto\">I MIEJSCE W ZAWODACH REJONOWYCH DZIEWCZ\u0104T W PI\u0141CE RECZNEJ!!!<\/div>\n<\/div>\n<div class=\"x11i5rnm xat24cr x1mh8g0r x1vvkbs xtlvy1s x126k92a\">\n<div dir=\"auto\">TUCH\u00d3W &#8211; Tarn\u00f3w 9:8<\/div>\n<div dir=\"auto\">TUCH\u00d3W &#8211; D\u0105browa Tarnowska 10:1<\/div>\n<div dir=\"auto\">TUCH\u00d3W &#8211; Brzesko 9:1<\/div>\n<\/div>\n<div dir=\"auto\">&nbsp;<\/div>\n<div dir=\"auto\">\n<p><strong>Sk\u0142ad dru\u017cyny:<\/strong><\/p>\n<p>Anna Bakuli\u0144ska<\/p>\n<p>Nelly Giera\u0142t<\/p>\n<p>Natalia Janas<\/p>\n<p>Honorata \u0141\u0105tka<\/p>\n<p>Natalia Pi\u0105tek<\/p>\n<p>Emilia Sta\u0144czyk<\/p>\n<p>Nikola Wantuch<\/p>\n<p>Paulina Wojtanowska<\/p>\n<p>Lena Zg\u00f3rska<\/p>\n<p>Anna Zo\u0144<\/p>\n<\/div>\n<div class=\"x11i5rnm xat24cr...<a href='https:\/\/sp.tuchow.pl\/index.php\/2023\/04\/28\/i-miejsce-w-zawodach-rejonowych-dziewczat-w-pilce-recznej\/' class='pfpReadMore'>Read More &raquo;<\/a><div class='clear'><\/div><hr><\/div><div class='pfpItem entry-content'><h2 class='entry-title'><a href='https:\/\/sp.tuchow.pl\/index.php\/2023\/04\/28\/wycieczka-klasy-5a-i-5c-do-korczyny-i-krosna\/'>Wycieczka klasy 5a i 5c do Korczyny i Krosna<\/a><\/h2><img loading=\"lazy\" decoding=\"async\" class=\"aligncenter size-full\" src=\"http:\/\/scontent-vie1-1.xx.fbcdn.net\/v\/t39.30808-6\/343112403_627367298841679_7136287944894652916_n.jpg?_nc_cat=109&amp;ccb=1-7&amp;_nc_sid=730e14&amp;_nc_ohc=YHao-VQBrxAAX-oWoG5&amp;_nc_ht=scontent-vie1-1.xx&amp;oh=00_AfCHtE-wxyxhabntOfsjZOkvURDttkvLZGv8WIHJk7zJkA&amp;oe=64512781\" width=\"2048\" height=\"1538\"><p style=\"text-align: justify;\">W dniu 18 kwietnia uczniowie klas 5a i 5c uczestniczyli w wycieczce do Korczyny i Krosna. Pierwszym punktem wycieczki by\u0142a Pijalnia Czekolady w Korczynie, gdzie dzieci uczestniczy\u0142y w warsztatach i degustacji produkt\u00f3w wytworzonych w Pijalni Czekolady. Ka\u017cdy m\u00f3g\u0142 skosztowa\u0107 r\u00f3\u017cnych czekolad, pralin i trufli. Prowadz\u0105ca warsztaty interesuj\u0105co przedstawi\u0142a...<a href='https:\/\/sp.tuchow.pl\/index.php\/2023\/04\/28\/wycieczka-klasy-5a-i-5c-do-korczyny-i-krosna\/' class='pfpReadMore'>Read More &raquo;<\/a><div class='clear'><\/div><hr><\/div><div class='pfpItem entry-content'><h2 class='entry-title'><a href='https:\/\/sp.tuchow.pl\/index.php\/2023\/04\/27\/maj-rocznica-pieknych-mysli\/'>,,Maj \u2013 rocznica pi\u0119knych my\u015bli\u2019\u2019<\/a><\/h2><img loading=\"lazy\" decoding=\"async\" class=\"aligncenter size-full\" src=\"http:\/\/scontent-vie1-1.xx.fbcdn.net\/v\/t39.30808-6\/343474491_538592215017979_7484173786123313355_n.jpg?_nc_cat=108&amp;ccb=1-7&amp;_nc_sid=730e14&amp;_nc_ohc=1MjP-57WKqkAX9tGleX&amp;_nc_ht=scontent-vie1-1.xx&amp;oh=00_AfCNAt5MO9y1-j5ahKQ4utUYbM79wRWc1YLqAPtIaB69gA&amp;oe=6450738F\" width=\"3064\" height=\"1367\"><p><strong>27 kwietnia 2023 roku uczniowie, nauczyciele i dyrekcja Szko\u0142y Podstawowej im. Stanis\u0142awa Staszica uczcili 232. rocznic\u0119 uchwalenia Konstytucji 3 Maja. <\/strong><\/p>\n<p style=\"text-align: justify;\">W Domu Kultury w Tuchowie odby\u0142a si\u0119 uroczysta akademia. Po od\u015bpiewaniu hymnu pa\u0144stwowego na pocz\u0105tku wys\u0142uchali\u015bmy poloneza <em>Po\u017cegnanie ojczyzny<\/em> M. Ogi\u0144skiego. W skupieniu zagra\u0142a t\u0119 melodi\u0119 na flecie...<a href='https:\/\/sp.tuchow.pl\/index.php\/2023\/04\/27\/maj-rocznica-pieknych-mysli\/' class='pfpReadMore'>Read More &raquo;<\/a><div class='clear'><\/div><hr><\/div><div class='pfpItem entry-content'><h2 class='entry-title'><a href='https:\/\/sp.tuchow.pl\/index.php\/2023\/04\/27\/i-szkolny-konkurs-z-geografii-politycznej\/'>I szkolny konkurs z geografii politycznej<\/a><\/h2><img loading=\"lazy\" decoding=\"async\" class=\"aligncenter size-full\" src=\"http:\/\/scontent-vie1-1.xx.fbcdn.net\/v\/t39.30808-6\/343435784_204619145688900_1916706280519443239_n.jpg?_nc_cat=108&amp;ccb=1-7&amp;_nc_sid=730e14&amp;_nc_ohc=89ap2Kkfq5YAX98HPLT&amp;_nc_ht=scontent-vie1-1.xx&amp;oh=00_AfCeFG5ce0EuBmULwkZk4TSPUNaLgjaV0AD8h9uFAbdBrA&amp;oe=644EFE90\" width=\"1489\" height=\"2048\"><p><\/p>\n...<a href='https:\/\/sp.tuchow.pl\/index.php\/2023\/04\/27\/i-szkolny-konkurs-z-geografii-politycznej\/' class='pfpReadMore'>Read More &raquo;<\/a><div class='clear'><\/div><hr><\/div><div class='pfpItem entry-content'><h2 class='entry-title'><a href='https:\/\/sp.tuchow.pl\/index.php\/2023\/04\/26\/mistrz-historii-20222023\/'>\u201eMistrz Historii 2022\/2023\u201d<\/a><\/h2><img loading=\"lazy\" decoding=\"async\" class=\"aligncenter size-full\" src=\"http:\/\/scontent-vie1-1.xx.fbcdn.net\/v\/t39.30808-6\/343370034_175334088784889_766877255639638297_n.jpg?_nc_cat=107&amp;ccb=1-7&amp;_nc_sid=730e14&amp;_nc_ohc=NuUAGHniomwAX-E9Haw&amp;_nc_ht=scontent-vie1-1.xx&amp;oh=00_AfA-NHYSwz3jspZIFXiPLvXXzxzrGgnEhLWO15ZYqa4B-Q&amp;oe=644EDE57\" width=\"2048\" height=\"1536\"><p style=\"text-align: justify;\">25 kwietnia po raz drugi w naszej szkole odby\u0142 si\u0119 Szkolny Konkurs Wiedzy \u201eMistrz Historii 2022\/2023\u201d. Do rywalizacji zg\u0142osi\u0142o si\u0119 17 uczni\u00f3w z klas \u00f3smych. Dla uczestnik\u00f3w zosta\u0142 przygotowany test obejmuj\u0105cy 26 zada\u0144, kt\u00f3re weryfikowa\u0142y wiedz\u0119 i umiej\u0119tno\u015bci uczni\u00f3w z pi\u0119ciu lat edukacji historycznej. Uczniowie pracowali z map\u0105,...<a href='https:\/\/sp.tuchow.pl\/index.php\/2023\/04\/26\/mistrz-historii-20222023\/' class='pfpReadMore'>Read More &raquo;<\/a><div class='clear'><\/div><hr><\/div><div class='pfpItem entry-content'><h2 class='entry-title'><a href='https:\/\/sp.tuchow.pl\/index.php\/2023\/04\/26\/swiatowy-dzien-jezyka-angielskiego\/'>\u015awiatowy Dzie\u0144 J\u0119zyka Angielskiego<\/a><\/h2><p style=\"text-align: justify;\">23 kwietnia obchodzili\u015bmy \u015awiatowy Dzie\u0144 J\u0119zyka Angielskiego. Z tej okazji zosta\u0142 zorganizowany konkurs dla uczni\u00f3w klas 4-8. Uczniowie przygotowali reklam\u0119 zach\u0119caj\u0105c\u0105 do nauki j\u0119zyka angielskiego. Jury ocenia\u0142o pomys\u0142owo\u015b\u0107, poprawno\u015b\u0107 j\u0119zykow\u0105 oraz wk\u0142ad pracy w\u0142o\u017cony w przygotowanie reklamy.<\/p>\n<p><strong>Wyniki konkursu:<\/strong><\/p>\n<p><strong>Miejsce 1: Nikola Wojtanowska, Milena Biga i Oliwia Bandyk z kl....<a href='https:\/\/sp.tuchow.pl\/index.php\/2023\/04\/26\/swiatowy-dzien-jezyka-angielskiego\/' class='pfpReadMore'>Read More &raquo;<\/a><div class='clear'><\/div><hr><\/div><div class='pfpItem entry-content'><h2 class='entry-title'><a href='https:\/\/sp.tuchow.pl\/index.php\/2023\/04\/25\/muzyczna-podroz-do-portugalii\/'>MUZYCZNA PODR\u00d3\u017b DO PORTUGALII<\/a><\/h2><img loading=\"lazy\" decoding=\"async\" class=\"aligncenter size-full\" src=\"http:\/\/scontent-vie1-1.xx.fbcdn.net\/v\/t39.30808-6\/343044214_782685396718898_8080792727360836179_n.jpg?_nc_cat=104&amp;ccb=1-7&amp;_nc_sid=730e14&amp;_nc_ohc=4w2SQ8-IppEAX8VlUeK&amp;_nc_ht=scontent-vie1-1.xx&amp;oh=00_AfAnHkSx5LFYs96ZCIK7nO73Pqx_NLuJXnSpn4qi4uYypA&amp;oe=644DA533\" width=\"3051\" height=\"1374\"><p><span style=\"font-weight: 300;\">Od 16 do 20 kwietnia grupa 5 uczni\u00f3w z klasy 6a wraz z 2 opiekunami uczestniczy\u0142a w wyje\u017adzie do Portugalii do szko\u0142y EB1 Igreja Cristelo &#8211; Agrupamento de Escolas de Barcelos w Portugalii w ramach wsp\u00f3\u0142pracy mi\u0119dzynarodowej w projekcie Erasmus+ \u201cPrimary School Musical\u201d. Inicjatorem projektu jest hiszpa\u0144ska szko\u0142a...<a href='https:\/\/sp.tuchow.pl\/index.php\/2023\/04\/25\/muzyczna-podroz-do-portugalii\/' class='pfpReadMore'>Read More &raquo;<\/a><div class='clear'><\/div><hr><\/div><div class='pfpItem entry-content'><h2 class='entry-title'><a href='https:\/\/sp.tuchow.pl\/index.php\/2023\/04\/25\/podsumowanie-projektu-trzymaj-forme-pod-tytulem-sezonowe-i-lokalne-jedzenie-daje-wielkie-korzysci-dla-zdrowia-ekologii-i-lokalnej-gospodarki\/'>Podsumowanie projektu \"Trzymaj form\u0119!\" pod tytu\u0142em: \"Sezonowe i lokalne jedzenie daje wielkie korzy\u015bci dla zdrowia, ekologii i lokalnej gospodarki\".<\/a><\/h2><img loading=\"lazy\" decoding=\"async\" class=\"aligncenter size-full\" src=\"http:\/\/scontent-vie1-1.xx.fbcdn.net\/v\/t39.30808-6\/342818969_1815619272153022_8246453164346471806_n.jpg?_nc_cat=106&amp;ccb=1-7&amp;_nc_sid=730e14&amp;_nc_ohc=esfoRUUEyHkAX83mTD8&amp;_nc_ht=scontent-vie1-1.xx&amp;oh=00_AfDsfTjKB4jcoxmDff-w5mAwZ_nZnohfdQD_8MAFAYb0Lg&amp;oe=644C7F9F\" width=\"1599\" height=\"1200\"><div dir=\"auto\">24 kwietnia w ramach obchod\u00f3w Mi\u0119dzynarodowego Dnia Ziemi odby\u0142o si\u0119 podsumowanie projektu &#8222;Trzymaj form\u0119!&#8221; pod tytu\u0142em: &#8222;Sezonowe i lokalne jedzenie daje wielkie korzy\u015bci dla zdrowia, ekologii i lokalnej gospodarki&#8221;.<\/div>\n<div dir=\"auto\">Po kilku zabawach integracyjnych uczniowie klas pi\u0105tych, sz\u00f3stych i si\u00f3dmych obejrzeli film o Dniu Ziemi. Nast\u0119pnie w bardzo ciekawy spos\u00f3b...<a href='https:\/\/sp.tuchow.pl\/index.php\/2023\/04\/25\/podsumowanie-projektu-trzymaj-forme-pod-tytulem-sezonowe-i-lokalne-jedzenie-daje-wielkie-korzysci-dla-zdrowia-ekologii-i-lokalnej-gospodarki\/' class='pfpReadMore'>Read More &raquo;<\/a><div class='clear'><\/div><hr><\/div><div class='pfpItem entry-content'><h2 class='entry-title'><a href='https:\/\/sp.tuchow.pl\/index.php\/2023\/04\/24\/gminny-konkurs-wiedzy-o-tuchowie-szlakiem-po-tuchowie-i-okolicach-2\/'>Gminny Konkurs Wiedzy o Tuchowie \u201eSzlakiem po Tuchowie i okolicach\u201d<\/a><\/h2><img loading=\"lazy\" decoding=\"async\" class=\"aligncenter size-full\" src=\"http:\/\/scontent-vie1-1.xx.fbcdn.net\/v\/t39.30808-6\/343324425_975896763604821_1252989476610412495_n.jpg?_nc_cat=111&amp;ccb=1-7&amp;_nc_sid=730e14&amp;_nc_ohc=ya-6JQlilBoAX_D_V0d&amp;_nc_ht=scontent-vie1-1.xx&amp;oh=00_AfBLszByJUaMaUmwE4-cYKgyCSxcmdXWzZqb_xUGbDUlaw&amp;oe=644AB183\" width=\"2048\" height=\"1536\"><p style=\"text-align: justify;\">21 kwietnia 2023 roku w Domu Kultury w Tuchowie odby\u0142 si\u0119 Gminny Konkurs Wiedzy o Tuchowie \u201eSzlakiem po Tuchowie i okolicach\u201d. Edycja III zosta\u0142a po\u015bwi\u0119cona czasom nowo\u017cytnym do 1795 roku. Organizatorem konkursu by\u0142a Szko\u0142a Podstawowa w Tuchowie oraz Dom Kultury w Tuchowie. Wydarzenie zosta\u0142o obj\u0119te honorowym patronatem Burmistrz...<a href='https:\/\/sp.tuchow.pl\/index.php\/2023\/04\/24\/gminny-konkurs-wiedzy-o-tuchowie-szlakiem-po-tuchowie-i-okolicach-2\/' class='pfpReadMore'>Read More &raquo;<\/a><div class='clear'><\/div><hr><\/div><div class='pfpItem entry-content'><h2 class='entry-title'><a href='https:\/\/sp.tuchow.pl\/index.php\/2023\/04\/23\/czytaja-znaja-i-rozumieja-czyli-o-sukcesie-uczniow-klas-osmych\/'>Czytaj\u0105, znaj\u0105 i rozumiej\u0105, czyli o sukcesie uczni\u00f3w klas \u00f3smych<\/a><\/h2><img loading=\"lazy\" decoding=\"async\" class=\"aligncenter size-full\" src=\"http:\/\/scontent-vie1-1.xx.fbcdn.net\/v\/t39.30808-6\/342223174_914808266237988_1035393705368946575_n.jpg?_nc_cat=102&amp;ccb=1-7&amp;_nc_sid=730e14&amp;_nc_ohc=m-AprD1F8cgAX9B6PjL&amp;_nc_ht=scontent-vie1-1.xx&amp;oh=00_AfAVWj62Phk0OVzQM60xQrzW1qHBBWd5CFUiQhjs0pFQnQ&amp;oe=644B3EEF\" width=\"1537\" height=\"2048\"><p style=\"text-align: justify;\">Dnia 19 kwietnia 2023 roku odby\u0142o si\u0119 uroczyste podsumowanie V edycji Ma\u0142opolskiego Konkursu Czytelniczego ,,Czytam, znam, rozumiem\u2019\u2019.<\/p>\n<p style=\"text-align: justify;\">Z rado\u015bci\u0105 i dum\u0105 informujemy, i\u017c uczniowie Szko\u0142y Podstawowej im. Stanis\u0142awa Staszica w Tuchowie po raz kolejny osi\u0105gn\u0119li sukces.<\/p>\n<p style=\"text-align: justify;\"><strong>Laureatami Konkursu zostali: Alicja R\u0105pa\u0142a z kl. 8 d &nbsp;i...<a href='https:\/\/sp.tuchow.pl\/index.php\/2023\/04\/23\/czytaja-znaja-i-rozumieja-czyli-o-sukcesie-uczniow-klas-osmych\/' class='pfpReadMore'>Read More &raquo;<\/a><div class='clear'><\/div><hr><\/div><div class='pfpItem entry-content'><h2 class='entry-title'><a href='https:\/\/sp.tuchow.pl\/index.php\/2023\/04\/20\/v-gminny-konkurs-piosenki-angielskiej-everybody-can-sing-2\/'>V Gminny Konkurs Piosenki Angielskiej \u201eEverybody can sing\u201d<\/a><\/h2><p style=\"text-align: justify;\">Szko\u0142a Podstawowa im. Stanis\u0142awa Staszica w Tuchowie zorganizowa\u0142a V Gminny Konkurs Piosenki Angielskiej \u201eEverybody can sing,\u201d kt\u00f3ry odby\u0142 si\u0119 19.04.2023r. w Domu Kultury w Tuchowie. Etap gminny poprzedzony by\u0142 eliminacjami do konkursu. Do etapu gminnego zg\u0142oszono 26 uczestnik\u00f3w z 10 szk\u00f3\u0142. Poziom by\u0142 bardzo wysoki i wyr\u00f3wnany.<\/p>\n<p style=\"text-align:...<a href='https:\/\/sp.tuchow.pl\/index.php\/2023\/04\/20\/v-gminny-konkurs-piosenki-angielskiej-everybody-can-sing-2\/' class='pfpReadMore'>Read More &raquo;<\/a><div class='clear'><\/div><hr><\/div><div class='pfpItem entry-content'><h2 class='entry-title'><a href='https:\/\/sp.tuchow.pl\/index.php\/2023\/04\/19\/osiemdziesiat-lat-temu-wybuchlo-powstanie-w-getcie-warszawskim\/'>Osiemdziesi\u0105t lat temu wybuch\u0142o powstanie w getcie warszawskim.<\/a><\/h2><img loading=\"lazy\" decoding=\"async\" class=\"aligncenter size-full\" src=\"http:\/\/scontent-vie1-1.xx.fbcdn.net\/v\/t39.30808-6\/341784236_207996171953653_418129172449947859_n.jpg?_nc_cat=100&amp;ccb=1-7&amp;_nc_sid=730e14&amp;_nc_ohc=w3LJXxGcmOUAX9_ONb-&amp;_nc_ht=scontent-vie1-1.xx&amp;oh=00_AfBOIfE0I-FLVQoUdc851dX67DMhs0DBlXuRM2La1i5OZA&amp;oe=6445A52A\" width=\"2048\" height=\"1536\"><p style=\"text-align: justify;\">Akcja \u017bonkile od 11 lat jest organizowana przez&nbsp; Muzeum Historii \u017byd\u00f3w Polskich POLIN. Od kilku lat&nbsp; Szko\u0142a Podstawowa w Tuchowie do\u0142\u0105cza si\u0119 do obchod\u00f3w rocznicy wybuchu najwi\u0119kszego zrywu \u017byd\u00f3w podczas II wojny \u015bwiatowej \u2013 powstania w getcie warszawskim. Akcji od pocz\u0105tku towarzyszy has\u0142o&nbsp;<strong>&#8222;\u0141\u0105czy nas pami\u0119\u0107&#8221;<\/strong>. Pami\u0119\u0107 o wydarzeniach...<a href='https:\/\/sp.tuchow.pl\/index.php\/2023\/04\/19\/osiemdziesiat-lat-temu-wybuchlo-powstanie-w-getcie-warszawskim\/' class='pfpReadMore'>Read More &raquo;<\/a><div class='clear'><\/div><hr><\/div><div class='pfpItem entry-content'><h2 class='entry-title'><a href='https:\/\/sp.tuchow.pl\/index.php\/2023\/04\/19\/na-basniowej-gorze-zadania-projektowe-na-kwiecien-i-maj\/'>\"Na ba\u015bniowej g\u00f3rze\" - zadania projektowe na kwiecie\u0144 i maj<\/a><\/h2><p><strong>Kwiecie\u0144:<\/strong><\/p>\n<ol>\n<li style=\"text-align: justify;\"><strong><u>J\u0118ZYK POLSKI<\/u>:&nbsp;<\/strong><strong>Poszukaj w domu niepotrzebnego pude\u0142ka po butach oraz skarpetek, kt\u00f3re pogubi\u0142y swoje pary&nbsp;\ud83d\ude42 <\/strong><strong>&nbsp;Z pude\u0142ka i dost\u0119pnych w domu materia\u0142\u00f3w przygotuj scen\u0119 teatrzyku. Ze skarpetek wykonaj pacynki przedstawiaj\u0105ce bohater\u00f3w wybranej ba\u015bni. Umie\u015b\u0107 pacynki w teatrzyku przedstawiaj\u0105c wybran\u0105 scen\u0119 z ba\u015bni, np. Czerwony Kapturek spotyka wilka w lesie....<a href='https:\/\/sp.tuchow.pl\/index.php\/2023\/04\/19\/na-basniowej-gorze-zadania-projektowe-na-kwiecien-i-maj\/' class='pfpReadMore'>Read More &raquo;<\/a><div class='clear'><\/div><hr><\/div><div class='pfpItem entry-content'><h2 class='entry-title'><a href='https:\/\/sp.tuchow.pl\/index.php\/2023\/04\/14\/zaproszenie-do-akcji-zonkile-2\/'>Zaproszenie do akcji \u201e\u017bonkile\u201d<\/a><\/h2><img loading=\"lazy\" decoding=\"async\" class=\"aligncenter size-full\" src=\"http:\/\/scontent-vie1-1.xx.fbcdn.net\/v\/t39.30808-6\/341224036_716674286919389_6596251088423334523_n.jpg?_nc_cat=102&amp;ccb=1-7&amp;_nc_sid=730e14&amp;_nc_ohc=JzR80maRBGEAX-shFR_&amp;_nc_ht=scontent-vie1-1.xx&amp;oh=00_AfCVeEuE0GZVnK2ldkY83gb-2Ef_m95seY4MFng8SjO2uQ&amp;oe=643E02B9\" width=\"2048\" height=\"1536\"><p style=\"text-align: justify;\">19 kwietnia 2023 roku obchodzi\u0107 b\u0119dziemy 80. rocznic\u0119 wybuchu powstania w getcie warszawskim. Nasza szko\u0142a po raz czwarty we\u017amie udzia\u0142 w akcji zorganizowanej przez Muzeum Historii \u017byd\u00f3w Polskich POLIN \u201e\u017bonkile\u201d. \u017b\u00f3\u0142ty \u017conkil jest symbolem zbiorowej pami\u0119ci, a has\u0142o akcji <strong>&#8222;\u0141\u0105czy nas pami\u0119\u0107&#8221;&nbsp;<\/strong>podkre\u015bla si\u0142\u0119 solidaryzmu, potrzeb\u0119 pami\u0119ci o przesz\u0142o\u015bci,...<a href='https:\/\/sp.tuchow.pl\/index.php\/2023\/04\/14\/zaproszenie-do-akcji-zonkile-2\/' class='pfpReadMore'>Read More &raquo;<\/a><div class='clear'><\/div><hr><\/div><div class='pfpItem entry-content'><h2 class='entry-title'><a href='https:\/\/sp.tuchow.pl\/index.php\/2023\/04\/14\/wyniki-szkolnego-etapu-konkursu-piosenki-angielskiej-everybody-can-sing-2\/'>Wyniki szkolnego etapu Konkursu Piosenki Angielskiej \u201eEverybody can sing\u201d<\/a><\/h2><p>14.04.2023r. odby\u0142y si\u0119 eliminacje do V Gminnego Konkursu Piosenki Angielskiej \u201eEverybody can sing\u201d.<\/p>\n<p>Jury w sk\u0142adzie: p. Beata Gut-Lisak, p. Katarzyna Stelmach i p. Aneta Rzeszutko wy\u0142oni\u0142o zwyci\u0119zc\u00f3w z ka\u017cdej grupy wiekowej.<\/p>\n<p>&nbsp;<\/p>\n<p><u>Laureaci klas 1-4:<\/u><\/p>\n<p><strong><u>1 miejsce: Alicja Gawron kl. 4a<\/u><\/strong><\/p>\n<p><strong><u>2 miejsce: Karolina Wi\u0119cek kl. 4b<\/u><\/strong><\/p>\n<p><strong><u>3 miejsce: Julia Mastalska kl. 4c<\/u><\/strong><\/p>\n<p>&nbsp;<\/p>\n<p><u>Laureaci klas 5-8:<\/u><\/p>\n<p><strong><u>1...<a href='https:\/\/sp.tuchow.pl\/index.php\/2023\/04\/14\/wyniki-szkolnego-etapu-konkursu-piosenki-angielskiej-everybody-can-sing-2\/' class='pfpReadMore'>Read More &raquo;<\/a><div class='clear'><\/div><hr><\/div><div class='pfpItem entry-content'><h2 class='entry-title'><a href='https:\/\/sp.tuchow.pl\/index.php\/2023\/04\/11\/mistrz-historii\/'>Mistrz Historii<\/a><\/h2><img loading=\"lazy\" decoding=\"async\" class=\"aligncenter size-full\" src=\"http:\/\/scontent-vie1-1.xx.fbcdn.net\/v\/t39.30808-6\/340921578_1428290717935549_3840001086520926394_n.jpg?_nc_cat=109&amp;ccb=1-7&amp;_nc_sid=730e14&amp;_nc_ohc=D13b95ab7j4AX_o5TFh&amp;_nc_ht=scontent-vie1-1.xx&amp;oh=00_AfBF8f0dOLvM3YIX7PsTq6ZT5rBCtI8hqKpWgPqHvvbpTA&amp;oe=643ABA22\" width=\"1448\" height=\"2048\"><p>Zapraszamy do udzia\u0142u uczni\u00f3w klas \u00f3smych. Wi\u0119cej szczeg\u00f3\u0142\u00f3w na plakacie.<\/p>\n<p><\/p>\n...<a href='https:\/\/sp.tuchow.pl\/index.php\/2023\/04\/11\/mistrz-historii\/' class='pfpReadMore'>Read More &raquo;<\/a><div class='clear'><\/div><hr><\/div><div class='pfpItem entry-content'><h2 class='entry-title'><a href='https:\/\/sp.tuchow.pl\/index.php\/2023\/04\/05\/podziel-sie-swietami-3\/'>Podziel si\u0119 \u015bwi\u0119tami!\u00a0<\/a><\/h2><img loading=\"lazy\" decoding=\"async\" class=\"aligncenter size-full\" src=\"http:\/\/scontent-muc2-1.xx.fbcdn.net\/v\/t39.30808-6\/339914877_1167249780614333_3300543635029839121_n.jpg?_nc_cat=100&amp;ccb=1-7&amp;_nc_sid=730e14&amp;_nc_ohc=ItfBxbfafnkAX-2f4KV&amp;_nc_ht=scontent-muc2-1.xx&amp;oh=00_AfDobp2iUI91QyxZSSUHM41gNraf7gTPavRvyBXvbmjGOQ&amp;oe=64319CA8\" width=\"1600\" height=\"1200\"><p style=\"text-align: justify;\">Charytatywna akcja dzieci, m\u0142odzie\u017cy, rodzic\u00f3w, opiekun\u00f3w oraz nauczycieli i przyjaci\u00f3\u0142 naszej szko\u0142y zako\u0144czy\u0142a si\u0119 wielkim sukcesem.<\/p>\n<p style=\"text-align: justify;\">Nasze dzia\u0142ania maj\u0105 na celu niesienie pomocy osobom starszym, samotnym, potrzebuj\u0105cym, w spos\u00f3b bezinteresowny, dobroczynny, filantropijny. W akcji Podziel si\u0119 \u015bwi\u0119tami zbierali\u015bmy \u015bwi\u0105teczne artyku\u0142y spo\u017cywcze. Produkty mo\u017cna by\u0142o dostarcza\u0107 do 3...<a href='https:\/\/sp.tuchow.pl\/index.php\/2023\/04\/05\/podziel-sie-swietami-3\/' class='pfpReadMore'>Read More &raquo;<\/a><div class='clear'><\/div><hr><\/div><div class='pfpItem entry-content'><h2 class='entry-title'><a href='https:\/\/sp.tuchow.pl\/index.php\/2023\/04\/04\/swiatowy-dzien-jezyka-angielskiego-konkurs\/'>\u015aWIATOWY DZIE\u0143 J\u0118ZYKA ANGIELSKIEGO\u00a0 - KONKURS<\/a><\/h2><img loading=\"lazy\" decoding=\"async\" class=\"aligncenter size-full\" src=\"http:\/\/scontent-vie1-1.xx.fbcdn.net\/v\/t39.30808-6\/339326019_932534874697718_836803020234640158_n.jpg?_nc_cat=103&amp;ccb=1-7&amp;_nc_sid=730e14&amp;_nc_ohc=KtJ1SdWfzsgAX8AQqBM&amp;_nc_ht=scontent-vie1-1.xx&amp;oh=00_AfC1cBZvHF-lAh8U5jkIQX0K28VgKsvrq5tcNoRq1fTMcg&amp;oe=64317618\" width=\"1920\" height=\"1080\"><p style=\"text-align: justify;\">J\u0119zyk angielski jest jednym z sze\u015bciu oficjalnych j\u0119zyk\u00f3w ONZ. Bywa okre\u015blany jako pierwszy uniwersalny nowo\u017cytny j\u0119zyk ludzko\u015bci, kt\u00f3ry ma sw\u00f3j w\u0142asny dzie\u0144 23 kwietnia (dzie\u0144 narodzin i \u015bmierci Williama Shakespear&#8217;a). Z tej okazji, zapraszamy uczni\u00f3w klas 4-8 do udzia\u0142u w konkursie.<\/p>\n<p style=\"text-align: justify;\">Celem konkursu jest wzbudzanie zainteresowania nauk\u0105...<a href='https:\/\/sp.tuchow.pl\/index.php\/2023\/04\/04\/swiatowy-dzien-jezyka-angielskiego-konkurs\/' class='pfpReadMore'>Read More &raquo;<\/a><div class='clear'><\/div><hr><\/div><div class='pfpItem entry-content'><h2 class='entry-title'><a href='https:\/\/sp.tuchow.pl\/index.php\/2023\/04\/03\/2-kwietnia-jest-swiatowym-dniem-swiadomosci-autyzmu\/'>2 kwietnia jest \u015awiatowym Dniem \u015awiadomo\u015bci Autyzmu.<\/a><\/h2><img loading=\"lazy\" decoding=\"async\" class=\"aligncenter size-full\" src=\"http:\/\/scontent-vie1-1.xx.fbcdn.net\/v\/t39.30808-6\/339407729_3459636940953941_6809599479409401138_n.jpg?_nc_cat=105&amp;ccb=1-7&amp;_nc_sid=730e14&amp;_nc_ohc=ksTlK2IuqusAX-s6Bz1&amp;_nc_ht=scontent-vie1-1.xx&amp;oh=00_AfD0B9G1NB1Vj2i_NSSG2K00r52OMact5-iz3GQoJ2KpHw&amp;oe=64306D5C\" width=\"2048\" height=\"1536\"><p>Tego dnia mocniej wybrzmiewaj\u0105 bardzo wa\u017cne s\u0142owa: empatia, zrozumienie, szacunek, wsparcie, akceptacja. Jako spo\u0142eczno\u015b\u0107 szkolna w\u0142\u0105czamy si\u0119 w akcj\u0119, kt\u00f3rej celem jest budowanie wra\u017cliwo\u015bci spo\u0142ecznej i propagowanie wiedzy na temat autyzmu.<\/p>\n<p>Nie jeste\u015bmy oboj\u0119tni, rozumiemy i wspieramy, dlatego te\u017c w tym roku, po raz kolejny, ubrali\u015bmy si\u0119 na niebiesko, rozmawiali\u015bmy o...<a href='https:\/\/sp.tuchow.pl\/index.php\/2023\/04\/03\/2-kwietnia-jest-swiatowym-dniem-swiadomosci-autyzmu\/' class='pfpReadMore'>Read More &raquo;<\/a><div class='clear'><\/div><hr><\/div><div class='pfpItem entry-content'><h2 class='entry-title'><a href='https:\/\/sp.tuchow.pl\/index.php\/2023\/04\/02\/wiosenne-recytacje\/'>\u201eWiosenne recytacje\u2026\u201d<\/a><\/h2><img loading=\"lazy\" decoding=\"async\" class=\"aligncenter size-full\" src=\"http:\/\/scontent-vie1-1.xx.fbcdn.net\/v\/t39.30808-6\/339625786_544588031153494_2919702389251633100_n.jpg?_nc_cat=109&amp;ccb=1-7&amp;_nc_sid=730e14&amp;_nc_ohc=0vST5jLoDn0AX-ywrI3&amp;_nc_ht=scontent-vie1-1.xx&amp;oh=00_AfCOnFiboOPO7OZ5pGeDYyJ_ps2BOmWwOTkxSrL_pp3VYw&amp;oe=642F3A9C\" width=\"1600\" height=\"757\"><p><u>31 marca w naszej szkole odby\u0142 si\u0119 <strong>Szkolny Konkursu Recytatorski dla uczni\u00f3w klas 1-3<\/strong>.&nbsp;&nbsp; <\/u><\/p>\n<p style=\"text-align: justify;\">Celem konkursu by\u0142o przybli\u017cenie dzieciom tw\u00f3rczo\u015bci polskich poet\u00f3w, popularyzacja literatury dzieci\u0119cej oraz rozwijanie talent\u00f3w recytatorskich.&nbsp; Ka\u017cdy recytator by\u0142 oceniany pod k\u0105tem doboru repertuaru, interpretacji utworu, pami\u0119ciowego opanowania tekstu oraz artystycznego wra\u017cenia. Wszyscy uczestnicy byli...<a href='https:\/\/sp.tuchow.pl\/index.php\/2023\/04\/02\/wiosenne-recytacje\/' class='pfpReadMore'>Read More &raquo;<\/a><div class='clear'><\/div><hr><\/div><div class='pfpItem entry-content'><h2 class='entry-title'><a href='https:\/\/sp.tuchow.pl\/index.php\/2023\/04\/01\/to-znak-ze-wielkanoc-blisko\/'>To znak, \u017ce Wielkanoc blisko!<\/a><\/h2><img loading=\"lazy\" decoding=\"async\" class=\"aligncenter size-full\" src=\"http:\/\/scontent-vie1-1.xx.fbcdn.net\/v\/t39.30808-6\/339095430_945225703578352_3460884086026454322_n.jpg?_nc_cat=109&amp;ccb=1-7&amp;_nc_sid=730e14&amp;_nc_ohc=BRSQFqFbmHIAX918zRH&amp;_nc_ht=scontent-vie1-1.xx&amp;oh=00_AfD6r4eyrAq4ktUZQdyY8VJK7ckXEIXOnDlVDoVR6GpD4A&amp;oe=642C7333\" width=\"2048\" height=\"1942\"><p style=\"text-align: justify;\">Setkami bajecznych pisanek udekorowano wczoraj drzewa na tuchowskim Rynku.<\/p>\n<p>Pisanki, kt\u00f3re wykona\u0142y r\u00f3wnie\u017c dzieci z naszej szko\u0142y, zdobi\u0105 teraz drzewa przed ratuszem.<br \/>\nSerdecznie dzi\u0119kujemy wszystkim za zaanga\u017cowanie w wykonanie pi\u0119knych, kreatywnych ozd\u00f3b wielkanocnych, a uczniom klasy 6c za udekorowanie nimi Rynku.<\/p>\n<p><strong><a href=\"http:\/\/www.facebook.com\/photo\/?fbid=681576307305470&amp;set=pcb.681576320638802\">Fotorelacja<\/a><\/strong><\/p>\n<p><\/p>\n<p>&nbsp;<\/p>\n...<a href='https:\/\/sp.tuchow.pl\/index.php\/2023\/04\/01\/to-znak-ze-wielkanoc-blisko\/' class='pfpReadMore'>Read More &raquo;<\/a><div class='clear'><\/div><hr><\/div><div class='pfpItem entry-content'><h2 class='entry-title'><a href='https:\/\/sp.tuchow.pl\/index.php\/2023\/03\/31\/wiosna-buch-ksiazka-w-ruch-4\/'>Wiosna buch! Ksi\u0105\u017cka w ruch!<\/a><\/h2><p>W zabawie z bibliotek\u0105 szkoln\u0105 w trzecim i ostatnim tygodniu wylosowano do odebrania upomink\u00f3w nast\u0119puj\u0105cych czytelnik\u00f3w:<\/p>\n<ol>\n<li>Alicja Wi\u015bniowska 4a<\/li>\n<li>Wiktoria Stawicka 3a<\/li>\n<li>Daniel Jezierski 3c<\/li>\n<li>Jerzy Kras 1c<\/li>\n<li>Kornelia Sarad 3a<\/li>\n<li>Karol Ogiela 1a<\/li>\n<li>Amelia mikos 1a<\/li>\n<li>Mi\u0142osz Kita 1c<\/li>\n<li>Magdalena Ogiela 1c<\/li>\n<li>Bart\u0142omiej Lisiak 1a<\/li>\n<li>Monika Gogola 4d<\/li>\n<li>Zosia Ryndak 1a<\/li>\n<li>Klaudia Piotrowska 1b<\/li>\n<li>Malwina Czuba 3a<\/li>\n<li>Filip Bator 3b<\/li>\n<li>Julia Baran 4b<\/li>\n<li>Lena Nowi\u0144ska 1b<\/li>\n<li>Oliwia...<a href='https:\/\/sp.tuchow.pl\/index.php\/2023\/03\/31\/wiosna-buch-ksiazka-w-ruch-4\/' class='pfpReadMore'>Read More &raquo;<\/a><div class='clear'><\/div><hr><\/div><div class='pfpItem entry-content'><h2 class='entry-title'><a href='https:\/\/sp.tuchow.pl\/index.php\/2023\/03\/30\/poezjo-moja-poezjo-czyli-o-niezwyklym-konkursie-recytatorskim-i-plastycznym\/'>,,Poezjo, moja poezjo\u2019\u2019, czyli o niezwyk\u0142ym konkursie recytatorskim i plastycznym<\/a><\/h2><img loading=\"lazy\" decoding=\"async\" class=\"aligncenter size-full\" src=\"http:\/\/scontent-vie1-1.xx.fbcdn.net\/v\/t39.30808-6\/338921453_746437767085736_8182690605062966892_n.jpg?_nc_cat=110&amp;ccb=1-7&amp;_nc_sid=730e14&amp;_nc_ohc=LkpYWJ6gpggAX-i6neR&amp;_nc_ht=scontent-vie1-1.xx&amp;oh=00_AfAZErKsbNTjKEZcaNFaQwySid_-mlfkxEcRww3LGyMt8w&amp;oe=642B0901\" width=\"1536\" height=\"2048\"><p style=\"text-align: justify;\">29 marca 2023 roku uczniowie naszej szko\u0142y wzi\u0119li udzia\u0142 w Gminnym Konkursie Recytatorskim Poezji J\u00f3zefy Frysztakowej.<\/p>\n<p style=\"text-align: justify;\">Jego organizatorami by\u0142y: Szko\u0142a Podstawowa im. hetmana Jana Tarnowskiego w Tarnowcu, Centrum Kultury&nbsp; i Bibliotek Gminy Tarn\u00f3w.<\/p>\n<p style=\"text-align: justify;\">Wiersze ,,u\u015bmiechni\u0119tej poetki z Tarnowca\u2019\u2019 i drugi wybrany wiersz innego autora recytowali uczniowie...<a href='https:\/\/sp.tuchow.pl\/index.php\/2023\/03\/30\/poezjo-moja-poezjo-czyli-o-niezwyklym-konkursie-recytatorskim-i-plastycznym\/' class='pfpReadMore'>Read More &raquo;<\/a><div class='clear'><\/div><hr><\/div><div class='pfpItem entry-content'><h2 class='entry-title'><a href='https:\/\/sp.tuchow.pl\/index.php\/2023\/03\/30\/lektura-szkolna-na-scenie-teatralnej\/'>Lektura szkolna na scenie teatralnej<\/a><\/h2><p>W szkolnym 2022\/2023 uczniowie naszej szko\u0142y uczestniczyli w nast\u0119puj\u0105cych wydarzeniach kulturalnych:<\/p>\n<p>Narodowy Teatr Edukacji z Wroc\u0142awia przygotowa\u0142 spektakl na podstawie \u201eBalladyny\u201d Juliusza S\u0142owackiego. Uczniowie Szko\u0142y Podstawowej im. Stanis\u0142awa Staszica mieli niebywa\u0142\u0105 okazj\u0119 obejrze\u0107 to wspania\u0142e przedstawienie 25 stycznia 2023 roku na scenie kina \u201eMarzenie\u201d w Tarnowie. Dlaczego prawie dwie\u015bcie lat od...<a href='https:\/\/sp.tuchow.pl\/index.php\/2023\/03\/30\/lektura-szkolna-na-scenie-teatralnej\/' class='pfpReadMore'>Read More &raquo;<\/a><div class='clear'><\/div><hr><\/div><div class='pfpItem entry-content'><h2 class='entry-title'><a href='https:\/\/sp.tuchow.pl\/index.php\/2023\/03\/26\/mlodziezowa-droga-krzyzowa-w-kosciele-sw-jakuba\/'>M\u0142odzie\u017cowa Droga Krzy\u017cowa w ko\u015bciele \u015bw. Jakuba Aposto\u0142a<\/a><\/h2><img loading=\"lazy\" decoding=\"async\" class=\"aligncenter size-full\" src=\"http:\/\/scontent-vie1-1.xx.fbcdn.net\/v\/t39.30808-6\/337258781_2239996546172889_1104261743579073697_n.jpg?_nc_cat=105&amp;ccb=1-7&amp;_nc_sid=730e14&amp;_nc_ohc=vHk-8M7xS8cAX_WBo6H&amp;_nc_ht=scontent-vie1-1.xx&amp;oh=00_AfBTxL2vK8P6626HnaLZ1tfaG3I7_mrwIvMUqoy1KkBHfA&amp;oe=64255CCE\" width=\"1448\" height=\"2048\"><p>Zapraszamy do udzia\u0142u w M\u0142odzie\u017cowej Drodze Krzy\u017cowej.<\/p>\n<p><\/p>\n...<a href='https:\/\/sp.tuchow.pl\/index.php\/2023\/03\/26\/mlodziezowa-droga-krzyzowa-w-kosciele-sw-jakuba\/' class='pfpReadMore'>Read More &raquo;<\/a><div class='clear'><\/div><hr><\/div><div class='pfpItem entry-content'><h2 class='entry-title'><a href='https:\/\/sp.tuchow.pl\/index.php\/2023\/03\/26\/wiosna-buch-ksiazka-w-ruch-3\/'>Wiosna buch! Ksi\u0105\u017cka w ruch!<\/a><\/h2><img loading=\"lazy\" decoding=\"async\" class=\"aligncenter size-full\" src=\"http:\/\/scontent-vie1-1.xx.fbcdn.net\/v\/t39.30808-6\/337287980_6882071795152711_3139931525777202847_n.jpg?stp=cp6_dst-jpg&amp;_nc_cat=102&amp;ccb=1-7&amp;_nc_sid=730e14&amp;_nc_ohc=hCDEsLQL3_gAX80WeYa&amp;_nc_ht=scontent-vie1-1.xx&amp;oh=00_AfBBdhdoQ8fhodF4k_tDfEl9M4xda30Ydkj8blWfjBbdpg&amp;oe=64251190\" width=\"1536\" height=\"2048\"><div>\n<div class=\"\" dir=\"auto\">\n<div id=\"jsc_c_6t\" class=\"x1iorvi4 x1pi30zi x1swvt13 xjkvuk6\" data-ad-comet-preview=\"message\" data-ad-preview=\"message\">\n<div class=\"x78zum5 xdt5ytf xz62fqu x16ldp7u\">\n<div class=\"xu06os2 x1ok221b\">\n<div class=\"x11i5rnm xat24cr x1mh8g0r x1vvkbs xdj266r x126k92a\">\n<div dir=\"auto\">W zabawie z bibliotek\u0105 szkoln\u0105 w drugim tygodniu wylosowano do odebrania upomink\u00f3w nast\u0119puj\u0105cych czytelnik\u00f3w, poniewa\u017c zabawa cieszy si\u0119 du\u017cym zainteresowaniem, postanowiono zwi\u0119kszy\u0107 liczb\u0119 zwyci\u0119zc\u00f3w z 10 do 15...<a href='https:\/\/sp.tuchow.pl\/index.php\/2023\/03\/26\/wiosna-buch-ksiazka-w-ruch-3\/' class='pfpReadMore'>Read More &raquo;<\/a><div class='clear'><\/div><hr><\/div><div class='pfpItem entry-content'><h2 class='entry-title'><a href='https:\/\/sp.tuchow.pl\/index.php\/2023\/03\/22\/10932\/'>KONKURS WIEDZY\u00a0\u201eSzlakiem po Tuchowie i okolicach\u201d\u00a0\u00a0Edycja III. Czasy nowo\u017cytne do 1795 roku.<\/a><\/h2><p>SZKO\u0141A PODSTAWOWA im. Stanis\u0142awa Staszica w Tuchowie i&nbsp;DOM KULTURY w Tuchowie&nbsp;zapraszaj\u0105 do udzia\u0142u&nbsp;w&nbsp;<strong>KONKURSIE WIEDZY&nbsp;\u201eSzlakiem po Tuchowie i okolicach\u201d<\/strong>&nbsp;&nbsp;Edycja III. Czasy nowo\u017cytne do 1795 roku.<\/p>\n<p>Wi\u0119cej szczeg\u00f3\u0142\u00f3w w regulaminie.&nbsp;<\/p>\n<p><em>Serdecznie zapraszamy!!!<\/em><\/p>\n<p><strong><a href=\"https:\/\/sp.tuchow.pl\/pobierz\/konkursy\/regulamin_k_o_tuchowie.pdf\">Regulamin konkursu<\/a><\/strong><\/p>\n...<a href='https:\/\/sp.tuchow.pl\/index.php\/2023\/03\/22\/10932\/' class='pfpReadMore'>Read More &raquo;<\/a><div class='clear'><\/div><hr><\/div><div class='pfpItem entry-content'><h2 class='entry-title'><a href='https:\/\/sp.tuchow.pl\/index.php\/2023\/03\/21\/posprzataj-z-nami-malopolske-2\/'>Posprz\u0105taj z nami Ma\u0142opolsk\u0119<\/a><\/h2><img loading=\"lazy\" decoding=\"async\" class=\"aligncenter size-full\" src=\"http:\/\/scontent-vie1-1.xx.fbcdn.net\/v\/t39.30808-6\/337044893_2132064913850489_6844514000282674376_n.jpg?stp=cp6_dst-jpg_s600x600&amp;_nc_cat=106&amp;ccb=1-7&amp;_nc_sid=730e14&amp;_nc_ohc=SmouvOvriI4AX_Seoes&amp;_nc_ht=scontent-vie1-1.xx&amp;oh=00_AfAl1g3-4pQ9qvgVptH3OHe35OslVq9nGaYvBEnmITHWew&amp;oe=641E0C54\" width=\"450\" height=\"600\"><p>Dzisiaj pomimo niesprzyjaj\u0105cych warunk\u00f3w atmosferycznych, uczniowie naszej szko\u0142y dzielnie walczyli ze \u015bmieciami, w\u0142\u0105czaj\u0105c si\u0119 tym samym w akcj\u0119 prowadzon\u0105 przez Urz\u0105d Marsza\u0142kowski Wojew\u00f3dztwa Ma\u0142opolskiego &#8211; Posprz\u0105taj z nami Ma\u0142opolsk\u0119.<br \/>\nSerdecznie dzi\u0119kujemy wszystkim zaanga\u017cowanym.<\/p>\n<p><\/p>\n...<a href='https:\/\/sp.tuchow.pl\/index.php\/2023\/03\/21\/posprzataj-z-nami-malopolske-2\/' class='pfpReadMore'>Read More &raquo;<\/a><div class='clear'><\/div><hr><\/div><div class='pfpItem entry-content'><h2 class='entry-title'><a href='https:\/\/sp.tuchow.pl\/index.php\/2023\/03\/21\/obchody-dnia-sw-patryka-w-szkole-podstawowej-w-tuchowie-3\/'>OBCHODY DNIA \u015aW. PATRYKA W SZKOLE PODSTAWOWEJ W TUCHOWIE<\/a><\/h2><p>Dzie\u0144 17 marca zosta\u0142 ca\u0142kowicie zdominowany przez kolor zielony. Z okazji Dnia \u015aw. Patryka uczniowie klas 1-3 wzi\u0119li udzia\u0142 w konkursie na najciekawsze przebranie.<\/p>\n<p>Jury po d\u0142ugich obradach wy\u0142oni\u0142o nast\u0119puj\u0105cych zwyci\u0119zc\u00f3w:<\/p>\n<p><strong>1 miejsce: Nikodem Folty\u0144ski kl. 2a<\/strong><\/p>\n<p>2 miejsce: Konstanty Krzemie\u0144 kl. 2a<\/p>\n<p>3 miejsce: Lena Nowi\u0144ska kl. 1b<\/p>\n<p>Wyr\u00f3\u017cnienia:<\/p>\n<p>Amelia Cup kl.1a<\/p>\n<p>Zuzanna Wantuch kl. 2a<\/p>\n<p>Jakub...<a href='https:\/\/sp.tuchow.pl\/index.php\/2023\/03\/21\/obchody-dnia-sw-patryka-w-szkole-podstawowej-w-tuchowie-3\/' class='pfpReadMore'>Read More &raquo;<\/a><div class='clear'><\/div><hr><\/div><div class='pfpItem entry-content'><h2 class='entry-title'><a href='https:\/\/sp.tuchow.pl\/index.php\/2023\/03\/21\/spotkanie-z-podroznikiem-z-grupy-trzask-pl\/'>Spotkanie z Podr\u00f3\u017cnikiem z grupy trzask.pl<\/a><\/h2><img loading=\"lazy\" decoding=\"async\" class=\"aligncenter size-full\" src=\"http:\/\/scontent-vie1-1.xx.fbcdn.net\/v\/t39.30808-6\/336700818_637343698200914_6625084110735220497_n.jpg?_nc_cat=106&amp;ccb=1-7&amp;_nc_sid=730e14&amp;_nc_ohc=1GDZf8Xbz-cAX9Bg9wX&amp;_nc_ht=scontent-vie1-1.xx&amp;oh=00_AfBlFX_pTkxTU98Y86J4Je8v7lReHNaMv1cCmvOrQFlFDA&amp;oe=641FA5D8\" width=\"1920\" height=\"1080\"><div dir=\"auto\">16 marca uczniowie naszej szko\u0142y uczestniczyli w spotkaniu z Podr\u00f3\u017cnikiem z trzask.pl<\/div>\n<div dir=\"auto\">W pokazie o Kenii:<\/div>\n<div dir=\"auto\">&#8211; Nairobi<\/div>\n<div dir=\"auto\">&#8211; Mombasa<\/div>\n<div dir=\"auto\">&#8211; s\u0142ynne: Hakuna Matata w j\u0119zyku suahili<\/div>\n<div dir=\"auto\">&#8211; safari w Parku Narodowym Masaj Mara<\/div>\n<div dir=\"auto\">&#8211; fotograficzne polowanie &#8222;na wielk\u0105 pi\u0105tk\u0119&#8221;<\/div>\n<div dir=\"auto\">&#8211; wizyta w wiosce Masaj\u00f3w<\/div>\n<div dir=\"auto\">&#8211; no i \u017celki&#8230;<\/div>\n<div...<a href='https:\/\/sp.tuchow.pl\/index.php\/2023\/03\/21\/spotkanie-z-podroznikiem-z-grupy-trzask-pl\/' class='pfpReadMore'>Read More &raquo;<\/a><div class='clear'><\/div><hr><\/div><div class='pfpItem entry-content'><h2 class='entry-title'><a href='https:\/\/sp.tuchow.pl\/index.php\/2023\/03\/20\/wycieczka-klas-6b-i-6c-do-wieliczki\/'>Wycieczka klas 6B i 6C do Wieliczki<\/a><\/h2><img loading=\"lazy\" decoding=\"async\" class=\"aligncenter size-full\" src=\"http:\/\/scontent-vie1-1.xx.fbcdn.net\/v\/t39.30808-6\/337261718_900711801180732_6029406742548595371_n.jpg?_nc_cat=101&amp;ccb=1-7&amp;_nc_sid=730e14&amp;_nc_ohc=hld5zqmYRpYAX-EWuaA&amp;_nc_ht=scontent-vie1-1.xx&amp;oh=00_AfBBgWkXSyf5E4MA4G9a8rqmWQk33jIrc3ix8NfkyeR6XA&amp;oe=641E3A13\" width=\"2048\" height=\"1536\"><p style=\"text-align: justify;\">8 marca 2023 r. wraz z moj\u0105 klas\u0105 oraz z klas\u0105 VI b wybrali\u015bmy si\u0119 na wycieczk\u0119 do Wieliczki. Jej celem by\u0142o zwiedzenie zabytkowej Kopalni Soli &#8222;Wieliczka&#8221;. Wyruszyli\u015bmy spod szko\u0142y oko\u0142o godziny 8.00.<\/p>\n<p>Podr\u00f3\u017c up\u0142yn\u0119\u0142a nam szybko i oko\u0142o godziny 9.30 dotarli\u015bmy na miejsce. Pogoda nam dopisa\u0142a, nie odczuwali\u015bmy...<a href='https:\/\/sp.tuchow.pl\/index.php\/2023\/03\/20\/wycieczka-klas-6b-i-6c-do-wieliczki\/' class='pfpReadMore'>Read More &raquo;<\/a><div class='clear'><\/div><hr><\/div><div class='pfpItem entry-content'><h2 class='entry-title'><a href='https:\/\/sp.tuchow.pl\/index.php\/2023\/03\/19\/podziel-sie-swietami-2\/'>\"Podziel si\u0119 \u015bwi\u0119tami\"<\/a><\/h2><img loading=\"lazy\" decoding=\"async\" class=\"aligncenter size-full\" src=\"http:\/\/scontent-vie1-1.xx.fbcdn.net\/v\/t39.30808-6\/336886361_540250271329833_2859434478492768581_n.jpg?_nc_cat=110&amp;ccb=1-7&amp;_nc_sid=730e14&amp;_nc_ohc=4Jd6WhDFn1UAX-KdMKm&amp;_nc_ht=scontent-vie1-1.xx&amp;oh=00_AfAU5XNoWgosqa5byGehCnY_osBjrib1ic_EPMETPeiXUg&amp;oe=64286501\" width=\"2048\" height=\"1448\"><p>Zapraszamy do udzia\u0142u w corocznej akcji &#8222;Podziel si\u0119 \u015bwi\u0119tami&#8221;- pomoc dla senior\u00f3w w trudnej sytuacji oraz potrzebuj\u0105cych niepe\u0142nosprawnych z naszej gminy.<\/p>\n<p><a href=\"http:\/\/scontent-vie1-1.xx.fbcdn.net\/v\/t39.30808-6\/336886361_540250271329833_2859434478492768581_n.jpg?_nc_cat=110&amp;ccb=1-7&amp;_nc_sid=730e14&amp;_nc_ohc=4Jd6WhDFn1UAX-KdMKm&amp;_nc_ht=scontent-vie1-1.xx&amp;oh=00_AfAU5XNoWgosqa5byGehCnY_osBjrib1ic_EPMETPeiXUg&amp;oe=64286501\"><\/a><\/p>\n...<a href='https:\/\/sp.tuchow.pl\/index.php\/2023\/03\/19\/podziel-sie-swietami-2\/' class='pfpReadMore'>Read More &raquo;<\/a><div class='clear'><\/div><hr><\/div><div class='pfpItem entry-content'><h2 class='entry-title'><a href='https:\/\/sp.tuchow.pl\/index.php\/2023\/03\/19\/wiosna-buch-ksiazka-w-ruch-2\/'>Wiosna buch! Ksi\u0105\u017cka w ruch!<\/a><\/h2><p>W zabawie z biblioteka szkoln\u0105 w pierwszym tygodniu wylosowano do odebrania upomink\u00f3w nast\u0119puj\u0105cych czytelnik\u00f3w:<\/p>\n<ol>\n<li>Krystynka \u015awiderska kl. 1A<\/li>\n<li>Mi\u0142osz Kita kl. 1B<\/li>\n<li>Wiktoria Starzyk kl. 1C<\/li>\n<li>Micha\u0142 Kara\u015b kl. 3B<\/li>\n<li>Diana S\u0142owik k.3b<\/li>\n<li>Emilia Zdu\u0144 kl. 3b<\/li>\n<li>Marcin Smosna kl.3C<\/li>\n<li>Kamil Ho\u0142da kl. 5A<\/li>\n<li>Dafne Andolfi kl. 5A<\/li>\n<li>Kacper Mikos kl. 5A<\/li>\n<\/ol>\n<p>Dzi\u0119kujemy za g\u0142o\u015bne czytanie fragment\u00f3w ksi\u0105\u017cek, wywiad kto, co...<a href='https:\/\/sp.tuchow.pl\/index.php\/2023\/03\/19\/wiosna-buch-ksiazka-w-ruch-2\/' class='pfpReadMore'>Read More &raquo;<\/a><div class='clear'><\/div><hr><\/div><div class='pfpItem entry-content'><h2 class='entry-title'><a href='https:\/\/sp.tuchow.pl\/index.php\/2023\/03\/15\/v-gminny-konkurs-piosenki-angielskiej-everybody-can-sing\/'>V Gminny Konkurs Piosenki Angielskiej \u201eEverybody can sing\u201d<\/a><\/h2><img loading=\"lazy\" decoding=\"async\" class=\"aligncenter size-full\" src=\"http:\/\/scontent-vie1-1.xx.fbcdn.net\/v\/t39.30808-6\/335237094_244583011339404_4689758679474725346_n.jpg?_nc_cat=104&amp;ccb=1-7&amp;_nc_sid=730e14&amp;_nc_ohc=gdnYrwVj4goAX-94Z7g&amp;_nc_ht=scontent-vie1-1.xx&amp;oh=00_AfAyvCk61HU6SvzFo4o5wcEyk2smq_ikDo-z2PFsLY6Ydw&amp;oe=64171423\" width=\"570\" height=\"403\"><p class=\"Standard\" style=\"text-align: justify;\">Serdecznie zapraszamy do udzia\u0142u w V Gminnym Konkursie Piosenki Angielskiej \u201eEverybody can sing,\u201d kt\u00f3rego organizatorem jest Szko\u0142a Podstawowa im. Stanis\u0142awa Staszica w Tuchowie. Konkurs jest organizowany w dw\u00f3ch kategoriach wiekowych: uczniowie klas 1-4 oraz klas 5-8.<\/p>\n<p class=\"Textbody\" style=\"text-align: justify;\">Etap szkolny odb\u0119dzie si\u0119 14.04.2023r. 8 najlepszych uczestnik\u00f3w (po...<a href='https:\/\/sp.tuchow.pl\/index.php\/2023\/03\/15\/v-gminny-konkurs-piosenki-angielskiej-everybody-can-sing\/' class='pfpReadMore'>Read More &raquo;<\/a><div class='clear'><\/div><hr><\/div><div class='pfpItem entry-content'><h2 class='entry-title'><a href='https:\/\/sp.tuchow.pl\/index.php\/2023\/03\/13\/zabawa-z-biblioteka-szkolna-wiosna-buch-ksiazki-w-ruch\/'>Zabawa z bibliotek\u0105 szkoln\u0105! Wiosna buch! Ksi\u0105\u017cki w ruch!<\/a><\/h2><p style=\"text-align: justify;\">Zapraszamy uczni\u00f3w klas I-III oraz klas IV i V do zabawy z bibliotek\u0105, polegaj\u0105cej na wypo\u017cyczeniu ksi\u0105\u017cki i wylosowaniu zadania. Losy z zadaniami mo\u017cna wybiera\u0107 raz w danym dniu. Od poniedzia\u0142ku do pi\u0105tku mo\u017cna maksymalnie wykona\u0107 5 zada\u0144. Po ka\u017cdym tygodniu b\u0119d\u0105 losowane drobne upominki dla 10 os\u00f3b,...<a href='https:\/\/sp.tuchow.pl\/index.php\/2023\/03\/13\/zabawa-z-biblioteka-szkolna-wiosna-buch-ksiazki-w-ruch\/' class='pfpReadMore'>Read More &raquo;<\/a><div class='clear'><\/div><hr><\/div><div class='pfpItem entry-content'><h2 class='entry-title'><a href='https:\/\/sp.tuchow.pl\/index.php\/2023\/03\/08\/pamieci-zolnierzy-wykletych-3\/'>Pami\u0119ci \u017bo\u0142nierzy Wykl\u0119tych<\/a><\/h2><img loading=\"lazy\" decoding=\"async\" class=\"aligncenter size-full\" src=\"http:\/\/scontent-vie1-1.xx.fbcdn.net\/v\/t39.30808-6\/334277258_218389327414190_5346242863892523074_n.jpg?_nc_cat=100&amp;ccb=1-7&amp;_nc_sid=730e14&amp;_nc_ohc=zptzHW_f4cYAX-49Ax0&amp;_nc_ht=scontent-vie1-1.xx&amp;oh=00_AfAaLhjxCoA8lP-ivFBg2tIwx8118MfwY4y4_l7NU7fvPw&amp;oe=640D4582\" width=\"1365\" height=\"2048\"><p>&nbsp;<\/p>\n<p style=\"text-align: justify;\">3 marca 2023r. dru\u017cyna z naszej szko\u0142y wzi\u0119\u0142a udzia\u0142 w V Pieszym Rajdzie Tropem Wilczym Pami\u0119ci \u017bo\u0142nierzy Wykl\u0119tych. Nasz\u0105 szko\u0142\u0119 reprezentowa\u0142a spora grupa uczni\u00f3w : Anna Styrkowiec, Emilia Micha\u0142ek , Patrycja Igielska,&nbsp; Lena Starzyk, Julia Wojtanowska, Magdalena \u015awiderska, Julia Ciszek, Szymon Borczyk, Mateusz Adamczyk, Borys R\u00f3\u017cycki, Filip Rempa\u0142a,...<a href='https:\/\/sp.tuchow.pl\/index.php\/2023\/03\/08\/pamieci-zolnierzy-wykletych-3\/' class='pfpReadMore'>Read More &raquo;<\/a><div class='clear'><\/div><hr><\/div><div class='pfpItem entry-content'><h2 class='entry-title'><a href='https:\/\/sp.tuchow.pl\/index.php\/2023\/03\/08\/obchody-dnia-sw-patryka-2\/'>OBCHODY DNIA \u015aW. PATRYKA<\/a><\/h2><img loading=\"lazy\" decoding=\"async\" class=\"aligncenter size-full\" src=\"http:\/\/scontent-vie1-1.xx.fbcdn.net\/v\/t39.30808-6\/331371059_1595266367616504_381768102176221323_n.jpg?_nc_cat=105&amp;ccb=1-7&amp;_nc_sid=730e14&amp;_nc_ohc=vhSwyLCu8tMAX-CxVy0&amp;_nc_ht=scontent-vie1-1.xx&amp;oh=00_AfDQkQ-u2UXJGb5AFV6jG-5gs_rMBO_vWJP74cJh9rzxXg&amp;oe=640DB1DC\" width=\"1920\" height=\"1080\"><p>17 marca obchodzony jest Dzie\u0144 \u015awi\u0119tego Patryka, patrona Irlandii. Jedn\u0105 z tradycji tego dnia jest noszenie ubra\u0144 w kolorze zielonym, dlatego zapraszamy wszystkich uczni\u00f3w klas 1-3 do udzia\u0142u w konkursie na najciekawsze przebranie w kolorze zielonym.<\/p>\n<p>Cele konkursu:<\/p>\n<p>\u00b7 Poznawanie kultury kraj\u00f3w angloj\u0119zycznych<\/p>\n<p>\u00b7 Wzbudzanie zainteresowania nauk\u0105 j\u0119zyka angielskiego<\/p>\n<p>\u00b7 Uatrakcyjnienie procesu uczenia si\u0119<\/p>\n<p>Prezentacja...<a href='https:\/\/sp.tuchow.pl\/index.php\/2023\/03\/08\/obchody-dnia-sw-patryka-2\/' class='pfpReadMore'>Read More &raquo;<\/a><div class='clear'><\/div><hr><\/div><div class='pfpItem entry-content'><h2 class='entry-title'><a href='https:\/\/sp.tuchow.pl\/index.php\/2023\/03\/03\/wyniki-szkolnego-konkursu-historyczno-geograficznego-w-obserwatorium-mikolaja-kopernika\/'>Wyniki Szkolnego Konkursu Historyczno-Geograficznego \u201eW obserwatorium Miko\u0142aja Kopernika\u201d.<\/a><\/h2><img loading=\"lazy\" decoding=\"async\" class=\"aligncenter size-full\" src=\"http:\/\/scontent-vie1-1.xx.fbcdn.net\/v\/t39.30808-6\/329362962_893060395297725_6286865393769536280_n.jpg?_nc_cat=110&amp;ccb=1-7&amp;_nc_sid=730e14&amp;_nc_ohc=OssboFAbkx8AX_pTC3G&amp;_nc_ht=scontent-vie1-1.xx&amp;oh=00_AfAN2GdLyxc1FB1YYmF9dLCe217l2IJmSjF5GFj6-1lRUw&amp;oe=640672FE\" width=\"2000\" height=\"1600\"><div class=\"x11i5rnm xat24cr x1mh8g0r x1vvkbs xdj266r x126k92a\">\n<div dir=\"auto\" style=\"text-align: justify;\">24 lutego w naszej szkole 49 uczni\u00f3w klas VI-VIII przyst\u0105pi\u0142o do testu wiedzy o Miko\u0142aju Koperniku. Test sk\u0142ada\u0142 si\u0119 z 9 pyta\u0144, za kt\u00f3re mo\u017cna by\u0142o zdoby\u0107 63 punkty. Zgodnie z regulaminem za uzyskanie 40 \u2013 49 punkt\u00f3w z testu, uczestnik...<a href='https:\/\/sp.tuchow.pl\/index.php\/2023\/03\/03\/wyniki-szkolnego-konkursu-historyczno-geograficznego-w-obserwatorium-mikolaja-kopernika\/' class='pfpReadMore'>Read More &raquo;<\/a><div class='clear'><\/div><hr><\/div><div class='pfpItem entry-content'><h2 class='entry-title'><a href='https:\/\/sp.tuchow.pl\/index.php\/2023\/03\/01\/mlodziezowa-droga-krzyzowa-4\/'>M\u0142odzie\u017cowa Droga Krzy\u017cowa<\/a><\/h2><img loading=\"lazy\" decoding=\"async\" class=\"aligncenter size-full\" src=\"http:\/\/scontent-waw1-1.xx.fbcdn.net\/v\/t39.30808-6\/334111639_977932996914315_4501755910644828126_n.jpg?_nc_cat=109&amp;ccb=1-7&amp;_nc_sid=730e14&amp;_nc_ohc=S4U1W1zbVsgAX9gEctt&amp;_nc_ht=scontent-waw1-1.xx&amp;oh=00_AfBX2LBqC7IZqTqb0rqfM5k3uPJXDzCz4KNIquAgSh2Sjw&amp;oe=6409D207\" width=\"1448\" height=\"2048\"><p>Zapraszamy do udzia\u0142u w M\u0142odzie\u017cowej Drodze Krzy\u017cowej.<\/p>\n<p><\/p>\n...<a href='https:\/\/sp.tuchow.pl\/index.php\/2023\/03\/01\/mlodziezowa-droga-krzyzowa-4\/' class='pfpReadMore'>Read More &raquo;<\/a><div class='clear'><\/div><hr><\/div><div class='pfpItem entry-content'><h2 class='entry-title'><a href='https:\/\/sp.tuchow.pl\/index.php\/2023\/02\/27\/ostateczna-lista-uczestnikow-grupowej-mobilnosci-uczniow-w-projekcie-zielone-swiatlo-dla-uczenia-w-podrozy-w-programie-erasmus\/'>Ostateczna lista uczestnik\u00f3w grupowej mobilno\u015bci uczni\u00f3w w projekcie \"Zielone \u015bwiat\u0142o dla uczenia w podr\u00f3\u017cy\" w programie Erasmus+<\/a><\/h2><p style=\"text-align: justify;\">Przedstawiamy ostateczn\u0105 list\u0119 uczestnik\u00f3w grupowej mobilno\u015bci uczni\u00f3w w projekcie &#8222;Zielone \u015bwiat\u0142o dla uczenia w podr\u00f3\u017cy&#8221; w programie Erasmus+. Gratulujemy zakwalifikowanym uczestnikom. Wkr\u00f3tce rozpoczniemy pierwsze projektowe dzia\u0142ania we wsp\u00f3\u0142pracy z r\u00f3wie\u015bnikami z Hiszpanii, Rumunii i S\u0142owacji.. Zapraszamy do nich nie tylko zakwalifikowanych 18 uczestnik\u00f3w, ale tak\u017ce ch\u0119tnych uczni\u00f3w z...<a href='https:\/\/sp.tuchow.pl\/index.php\/2023\/02\/27\/ostateczna-lista-uczestnikow-grupowej-mobilnosci-uczniow-w-projekcie-zielone-swiatlo-dla-uczenia-w-podrozy-w-programie-erasmus\/' class='pfpReadMore'>Read More &raquo;<\/a><div class='clear'><\/div><hr><\/div><div class='pfpItem entry-content'><h2 class='entry-title'><a href='https:\/\/sp.tuchow.pl\/index.php\/2023\/02\/23\/rekrutacja-do-klas-i-szkoly-podstawowej-im-stanislawa-staszica-w-tuchowie-rok-szkolny-20232024\/'>Rekrutacja do klas I Szko\u0142y Podstawowej im. Stanis\u0142awa Staszica w Tuchowie rok szkolny 2023\/2024<\/a><\/h2><p>Dyrektor Szko\u0142y Podstawowej im. Stanis\u0142awa Staszica w Tuchowie informuje, \u017ce zapisy do klasy pierwszej przyjmowane b\u0119d\u0105 <strong>od 27 lutego 2023 r. do 31 marca 2023 r.<\/strong><\/p>\n<p>Zg\u0142oszenia dla uczni\u00f3w z obwodu szko\u0142y oraz wnioski dla kandydat\u00f3w spoza obwodu nale\u017cy pobra\u0107 w sekretariacie szko\u0142y&nbsp;&nbsp;lub&nbsp;ze&nbsp;strony internetowej i&nbsp;z\u0142o\u017cy\u0107 w sekretariacie szko\u0142y<br \/>\nw godzinach od...<a href='https:\/\/sp.tuchow.pl\/index.php\/2023\/02\/23\/rekrutacja-do-klas-i-szkoly-podstawowej-im-stanislawa-staszica-w-tuchowie-rok-szkolny-20232024\/' class='pfpReadMore'>Read More &raquo;<\/a><div class='clear'><\/div><hr><\/div><div class='pfpItem entry-content'><h2 class='entry-title'><a href='https:\/\/sp.tuchow.pl\/index.php\/2023\/02\/21\/dla-osmoklasistow-terminy-przeprowadzania-postepowania-rekrutacyjnego-i-postepowania-uzupelniajacego-a-takze-terminy-skladania-dokumentow-do-klas-i-publicznych-szkol-ponadpodstawowych\/'>Dla \u00f3smoklasist\u00f3w ->Terminy przeprowadzania post\u0119powania rekrutacyjnego i post\u0119powania uzupe\u0142niaj\u0105cego, a tak\u017ce terminy sk\u0142adania dokument\u00f3w do klas I publicznych szk\u00f3\u0142 ponadpodstawowych<\/a><\/h2><p>Terminy przeprowadzania post\u0119powania rekrutacyjnego i post\u0119powania uzupe\u0142niaj\u0105cego, a tak\u017ce terminy sk\u0142adania dokument\u00f3w do klas I publicznych szk\u00f3\u0142 ponadpodstawowych, tj.: liceum og\u00f3lnokszta\u0142c\u0105cego, technikum, bran\u017cowej szko\u0142y I stopnia i klasy wst\u0119pnej, o kt\u00f3rej mowa w art. 25 ust. 3 ustawy &#8211; Prawo o\u015bwiatowe na terenie wojew\u00f3dztwa ma\u0142opolskiego na rok szkolny 2023\/2024.<\/p>\n<p><strong><a href=\"http:\/\/kuratorium.krakow.pl\/wp-content\/uploads\/2023\/01\/zalacznik-nr-1-do-zarzadzenia-nr-5-23-rekrutacja.pdf\">Terminarz...<a href='https:\/\/sp.tuchow.pl\/index.php\/2023\/02\/21\/dla-osmoklasistow-terminy-przeprowadzania-postepowania-rekrutacyjnego-i-postepowania-uzupelniajacego-a-takze-terminy-skladania-dokumentow-do-klas-i-publicznych-szkol-ponadpodstawowych\/' class='pfpReadMore'>Read More &raquo;<\/a><div class='clear'><\/div><hr><\/div><div class='pfpItem entry-content'><h2 class='entry-title'><a href='https:\/\/sp.tuchow.pl\/index.php\/2023\/02\/20\/lista-rankingowa-zakwalifikowanych-uczestnikow-grupowej-mobilnosci-uczniow-w-projekcie-zielone-swiatlo-dla-uczenia-w-podrozy-w-programie-erasmus-oraz-lista-rezerwowa-uczestnikow\/'>LISTA RANKINGOWA ZAKWALIFIKOWANYCH UCZESTNIK\u00d3W GRUPOWEJ MOBILNO\u015aCI UCZNI\u00d3W  W PROJEKCIE \u201eZIELONE \u015aWIAT\u0141O DLA UCZENIA W PODR\u00d3\u017bY\u201d W PROGRAMIE ERASMUS+ oraz LISTA REZERWOWA UCZESTNIK\u00d3W<\/a><\/h2><p style=\"text-align: justify;\">Og\u0142aszamy &nbsp;list\u0119 rankingow\u0105 zakwalifikowanych uczestnik\u00f3w grupowej mobilno\u015bci uczni\u00f3w w projekcie \u201eZIELONE \u015aWIAT\u0141O DLA UCZENIA W PODR\u00d3\u017bY\u201d w programie ERASMUS+ oraz lista rezerwowa uczestnik\u00f3w.<\/p>\n<p><a href=\"https:\/\/sp.tuchow.pl\/pobierz\/erasmus\/uczniowie%20zakwalifikowani.pdf\">LISTA RANKINGOWA ZAKWALIFIKOWANYCH UCZESTNIK\u00d3W GRUPOWEJ MOBILNO\u015aCI UCZNI\u00d3W W PROJEKCIE \u201eZIELONE \u015aWIAT\u0141O DLA UCZENIA W PODR\u00d3\u017bY\u201d W PROGRAMIE ERASMUS+ oraz LISTA REZERWOWA UCZESTNIK\u00d3W<\/a><\/p>\n...<a href='https:\/\/sp.tuchow.pl\/index.php\/2023\/02\/20\/lista-rankingowa-zakwalifikowanych-uczestnikow-grupowej-mobilnosci-uczniow-w-projekcie-zielone-swiatlo-dla-uczenia-w-podrozy-w-programie-erasmus-oraz-lista-rezerwowa-uczestnikow\/' class='pfpReadMore'>Read More &raquo;<\/a><div class='clear'><\/div><hr><\/div><div class='pfpItem entry-content'><h2 class='entry-title'><a href='https:\/\/sp.tuchow.pl\/index.php\/2023\/02\/14\/dwudniowe-igrzyska-sportowe\/'>Dwudniowe Igrzyska Sportowe<\/a><\/h2><p>W dniach 7 i 9 lutego 2023 roku na hali MOSiR w Tuchowie odby\u0142y si\u0119 dwudniowe igrzyska sportowe.<br \/>\nPierwszego dnia mia\u0142 miejsce turniej tenisa sto\u0142owego, w kt\u00f3rym rywalizowali uczniowie z 13 \u015bwietlic szkolnych.<br \/>\nNasi zawodnicy wypadli nast\u0119puj\u0105co:<br \/>\nw I kategorii wiekowej dziewcz\u0105t-<br \/>\nI miejsce zaj\u0119\u0142a Kamila Kielawa,<br \/>\na w I...<a href='https:\/\/sp.tuchow.pl\/index.php\/2023\/02\/14\/dwudniowe-igrzyska-sportowe\/' class='pfpReadMore'>Read More &raquo;<\/a><div class='clear'><\/div><hr><\/div><div class='pfpItem entry-content'><h2 class='entry-title'><a href='https:\/\/sp.tuchow.pl\/index.php\/2023\/02\/12\/10873\/'>Nauczyciele na kursie szkoleniowym \"Integrating ICT and new technologies into teaching and education\", realizowany w ramach projektu \"Zielone \u015bwiat\u0142o dla uczenia w podr\u00f3\u017cy\" w programie Erasmus+<\/a><\/h2><p style=\"text-align: justify;\">Tygodniowy kurs szkoleniowy &#8222;Integrating ICT and new technologies into teaching and education&#8221;, realizowany w ramach projektu &#8222;Zielone \u015bwiat\u0142o dla uczenia w podr\u00f3\u017cy&#8221; w programie Erasmus+ wsp\u00f3\u0142finansowany przez Uni\u0119 Europejsk\u0105, w kt\u00f3rym uczestniczyli nauczyciele z Norwegii, \u0141otwy, Francji, Luksemburga, oraz dwie nauczycielki naszej szko\u0142y.<br \/>\nPodstawowym celem tego szkolenia by\u0142o...<a href='https:\/\/sp.tuchow.pl\/index.php\/2023\/02\/12\/10873\/' class='pfpReadMore'>Read More &raquo;<\/a><div class='clear'><\/div><hr><\/div><div class='pfpItem entry-content'><h2 class='entry-title'><a href='https:\/\/sp.tuchow.pl\/index.php\/2023\/02\/12\/spotkanie-z-przyjaciolmi-ze-stowarzyszenia-osob-niepelnosprawnych-nadzieja-w-tuchowie\/'>Spotkanie z Przyjaci\u00f3\u0142mi\u00a0ze Stowarzyszenia Os\u00f3b Niepe\u0142nosprawnych \u201dNadzieja\u201d w Tuchowie.<\/a><\/h2><img loading=\"lazy\" decoding=\"async\" class=\"aligncenter size-full\" src=\"http:\/\/scontent-vie1-1.xx.fbcdn.net\/v\/t39.30808-6\/330975720_3499229050402266_3625241749376461255_n.jpg?_nc_cat=101&amp;ccb=1-7&amp;_nc_sid=730e14&amp;_nc_ohc=iO_HRPp-7EUAX8kRz6a&amp;_nc_ht=scontent-vie1-1.xx&amp;oh=00_AfAUe71w9TluxmzQ3Vyel02gXOcMKyo_ZeprZfzyh_MUxQ&amp;oe=63EDA073\" width=\"1448\" height=\"2048\"><div style=\"text-align: center;\"><em>\u201e\u015awiat niepe\u0142nosprawnych jest do\u015bwiadczeniem, \u017ce \u017cycie jest du\u017c\u0105 warto\u015bci\u0105.&nbsp;<\/em><\/div>\n<div style=\"text-align: center;\"><em>\u015awiat ka\u017cdego z nich jest inny, lecz zawsze pe\u0142en marze\u0144\u201d. <\/em><\/div>\n<div>&nbsp;<\/div>\n<div>Pozw\u00f3lmy spe\u0142nia\u0107 marzenia.<\/div>\n<div>Tradycj\u0105 naszej szko\u0142y sta\u0142y si\u0119 organizowane co roku spotkania z Przyjaci\u00f3\u0142mi&nbsp;ze Stowarzyszenia Os\u00f3b Niepe\u0142nosprawnych \u201dNadzieja\u201d w Tuchowie. &nbsp;28 stycznia 2023 roku odby\u0142a si\u0119 kolejna zabawa karnawa\u0142owa....<a href='https:\/\/sp.tuchow.pl\/index.php\/2023\/02\/12\/spotkanie-z-przyjaciolmi-ze-stowarzyszenia-osob-niepelnosprawnych-nadzieja-w-tuchowie\/' class='pfpReadMore'>Read More &raquo;<\/a><div class='clear'><\/div><hr><\/div><div class='pfpItem entry-content'><h2 class='entry-title'><a href='https:\/\/sp.tuchow.pl\/index.php\/2023\/02\/10\/wyniki-pierwszego-etapu-rekrutacji-w-projekcie-zielone-swiatlo-dla-uczenia-w-podrozy-w-programie-erasmus\/'>WYNIKI PIERWSZEGO ETAPU REKRUTACJI W PROJEKCIE \"ZIELONE \u015aWIAT\u0141O DLA UCZENIA W PODR\u00d3\u017bY\" W PROGRAMIE ERASMUS+<\/a><\/h2><div style=\"text-align: justify;\">Na stronie internetowej szko\u0142y w zak\u0142adce &#8222;Rekrutacja Erasmus+&#8221; projektu &#8222;Eco-green light for learning in travel&#8221; zamieszczone zosta\u0142y&nbsp;<a href=\"https:\/\/sp.tuchow.pl\/pobierz\/erasmus\/wyniki%201%20etap%20dz.pdf\">wyniki pierwszego etapu rekrutacji<\/a> uczni\u00f3w kandydat\u00f3w na uczestnik\u00f3w grupowej mobilno\u015bci uczni\u00f3w w tym projekcie. Uczni\u00f3w, kt\u00f3rzy spe\u0142nili wymagania formalne i zostali zakwalifikowani do II etapu rekrutacji, zapraszamy na spotkanie rekrutacyjne, kt\u00f3re...<a href='https:\/\/sp.tuchow.pl\/index.php\/2023\/02\/10\/wyniki-pierwszego-etapu-rekrutacji-w-projekcie-zielone-swiatlo-dla-uczenia-w-podrozy-w-programie-erasmus\/' class='pfpReadMore'>Read More &raquo;<\/a><div class='clear'><\/div><hr><\/div><div class='pfpItem entry-content'><h2 class='entry-title'><a href='https:\/\/sp.tuchow.pl\/index.php\/2023\/01\/25\/w-obserwatorium-mikolaja-kopernika-szkolny-konkurs-historyczno-geograficzny\/'>\u201eW obserwatorium Miko\u0142aja Kopernika\u201d - szkolny konkurs historyczno-geograficzny<\/a><\/h2><img loading=\"lazy\" decoding=\"async\" class=\"aligncenter size-full\" src=\"http:\/\/scontent-vie1-1.xx.fbcdn.net\/v\/t39.30808-6\/327701352_744247510135035_1416607660932390580_n.jpg?stp=dst-jpg_s720x720&amp;_nc_cat=106&amp;ccb=1-7&amp;_nc_sid=730e14&amp;_nc_ohc=E-T8R3NKdGQAX-j5liS&amp;_nc_ht=scontent-vie1-1.xx&amp;oh=00_AfCt3PRDAZ_YDPPSl7A3GLMJhBVxv1ahSjmuC744YBbklA&amp;oe=63D82E5D\" width=\"509\" height=\"720\"><p>W 2023 roku obchodzimy 550. rocznic\u0119 urodzin oraz 480. rocznic\u0119 \u015bmierci s\u0142ynnego polskiego astronoma &#8211; Miko\u0142aja Kopernika.<\/p>\n<p>Cele konkursu:<\/p>\n<ol>\n<li>Uczczenie 550. rocznicy urodzin i 480. rocznicy \u015bmierci Miko\u0142aja Kopernika.<\/li>\n<li>Rozwijanie zainteresowa\u0144 uczni\u00f3w astronomi\u0105, histori\u0105 oraz geografi\u0105.<\/li>\n<li>Motywowanie uczni\u00f3w do aktywno\u015bci pozalekcyjnej.<\/li>\n<li>Rozwijanie tw\u00f3rczych kompetencji literackich.<\/li>\n<li>Przybli\u017cenie sylwetki wybitnych postaci zwi\u0105zanych z histori\u0105 Polski.<\/li>\n<li>Rozw\u00f3j kreatywno\u015bci, umiej\u0119tno\u015bci artystycznych...<a href='https:\/\/sp.tuchow.pl\/index.php\/2023\/01\/25\/w-obserwatorium-mikolaja-kopernika-szkolny-konkurs-historyczno-geograficzny\/' class='pfpReadMore'>Read More &raquo;<\/a><div class='clear'><\/div><hr><\/div><div class='pfpItem entry-content'><h2 class='entry-title'><a href='https:\/\/sp.tuchow.pl\/index.php\/2023\/01\/22\/order-usmiechu-dla-poezji\/'>Order u\u015bmiechu dla poezji!<\/a><\/h2><img loading=\"lazy\" decoding=\"async\" class=\"aligncenter size-full\" src=\"http:\/\/scontent-prg1-1.xx.fbcdn.net\/v\/t39.30808-6\/327068826_575357127792784_4686851244350427874_n.jpg?_nc_cat=102&amp;ccb=1-7&amp;_nc_sid=730e14&amp;_nc_ohc=yhMBSS39NokAX8b7f4Y&amp;_nc_ht=scontent-prg1-1.xx&amp;oh=00_AfB6DrwBjMoCRHlqYVmAfPnA7Uwci6DzWu2UXzSBU01tPw&amp;oe=63D30E0D\" width=\"605\" height=\"454\"><p><strong>Ju\u017c po raz 10. w naszej szkole odby\u0142 si\u0119 konkurs plastyczno \u2013recytatorski poezji ksi\u0119dza Jana Twardowskiego.<\/strong> Pomys\u0142odawc\u0105 imprezy i wytrwa\u0142ym or\u0119downikiem uroczych, pe\u0142nych m\u0105dro\u015bci \u017cyciowych wierszy jest Renata G\u0105sior, nauczycielka j\u0119zyka polskiego w Szkole Podstawowej im. Stanis\u0142awa Staszica w Tuchowie.<\/p>\n<p>Ksi\u0105dz Jan Twardowski &nbsp;ur.&nbsp;<a href=\"http:\/\/pl.wikipedia.org\/wiki\/1_czerwca\">1 czerwca<\/a>&nbsp;<a href=\"http:\/\/pl.wikipedia.org\/wiki\/1915\">1915<\/a>&nbsp;w&nbsp;<a href=\"http:\/\/pl.wikipedia.org\/wiki\/Warszawa\">Warszawie<\/a>, zm.&nbsp;<a href=\"http:\/\/pl.wikipedia.org\/wiki\/18_stycznia\">18 stycznia<\/a>&nbsp;<a...<a href='https:\/\/sp.tuchow.pl\/index.php\/2023\/01\/22\/order-usmiechu-dla-poezji\/' class='pfpReadMore'>Read More &raquo;<\/a><div class='clear'><\/div><hr><\/div><div class='pfpItem entry-content'><h2 class='entry-title'><a href='https:\/\/sp.tuchow.pl\/index.php\/2023\/01\/22\/zyczenia-czwartoklasistow\/'>,,\u017byczenia\u2019\u2019 czwartoklasist\u00f3w<\/a><\/h2><p>W tym roku odby\u0142 si\u0119 X jubileuszowy Szkolny Konkurs Recytatorsko-Plastyczny po\u015bwi\u0119cony tw\u00f3rczo\u015bci ks. Jana Twardowskiego.<\/p>\n<p>Na lekcjach j. polskiego uczniowie poznawali tw\u00f3rczo\u015b\u0107 poety. Na podstawie wiersza ,,\u017byczenia\u2019\u2019 dzieci u\u0142o\u017cy\u0142y trzy swoje. Prace oceni\u0142a pani Katarzyna Krupa. Najciekawsze zosta\u0142y nagrodzone.<\/p>\n<p style=\"text-align: center;\">***<\/p>\n<p style=\"text-align: center;\"><strong><em>\u017byczenia<\/em><\/strong><\/p>\n<p style=\"text-align: center;\"><em>\u017byczymy stra\u017cakom ma\u0142o po\u017car\u00f3w, stabilnej drabiny, niedziurawego...<a href='https:\/\/sp.tuchow.pl\/index.php\/2023\/01\/22\/zyczenia-czwartoklasistow\/' class='pfpReadMore'>Read More &raquo;<\/a><div class='clear'><\/div><hr><\/div><div class='pfpItem entry-content'><h2 class='entry-title'><a href='https:\/\/sp.tuchow.pl\/index.php\/2023\/01\/22\/w-podrozy-po-polsce-z-bohaterem-lektury\/'>\u201e W podr\u00f3\u017cy po Polsce z bohaterem lektury\u201d<\/a><\/h2><img loading=\"lazy\" decoding=\"async\" class=\"aligncenter size-full\" src=\"http:\/\/scontent-prg1-1.xx.fbcdn.net\/v\/t39.30808-6\/327089813_569330275058654_6022213885916794538_n.jpg?_nc_cat=107&amp;ccb=1-7&amp;_nc_sid=730e14&amp;_nc_ohc=x8N0yk2gYpcAX87vUch&amp;_nc_ht=scontent-prg1-1.xx&amp;oh=00_AfDg5R-83-XsXVUAPpiKlawdnL7-y9Rxhbm-1ZtlQg-noA&amp;oe=63D24877\" width=\"1302\" height=\"1734\"><p style=\"text-align: justify;\">Jakie zabytki znajduj\u0105 si\u0119 w Olsztynie? Co \u0142\u0105czy Miko\u0142aja Kopernika z tym miastem? Na te i wiele innych pyta\u0144 <strong>uczniowie klasy I a<\/strong> znaj\u0105 ju\u017c odpowiedzi. Poznali je razem z Walusiem &#8211; bohaterem ksi\u0105\u017cki pt. &#8222;Pilot i ja&#8221; autorstwa Adama Bahdaja. To w\u0142a\u015bnie ta lektura towarzyszy\u0142a klasie podczas...<a href='https:\/\/sp.tuchow.pl\/index.php\/2023\/01\/22\/w-podrozy-po-polsce-z-bohaterem-lektury\/' class='pfpReadMore'>Read More &raquo;<\/a><div class='clear'><\/div><hr><\/div><div class='pfpItem entry-content'><h2 class='entry-title'><a href='https:\/\/sp.tuchow.pl\/index.php\/2023\/01\/20\/10850\/'>Wyniki rekrutacji na kursy i szkolenia w ramach projektu \"Zielone \u015bwiat\u0142o dla uczenia w podr\u00f3\u017cy\" w programie Erasmus+<\/a><\/h2><div>Og\u0142aszamy <a href=\"https:\/\/sp.tuchow.pl\/pobierz\/erasmus\/lista%20kursy.pdf\">list\u0119 nauczycieli i pracownik\u00f3w szko\u0142y<\/a>, kt\u00f3rzy zostali zakwalifikowani na kursy i szkolenia w ramach projektu &#8222;Zielone \u015bwiat\u0142o dla uczenia w podr\u00f3\u017cy&#8221; w programie Erasmus+, wsp\u00f3\u0142finansowanym przez Uni\u0119 Europejsk\u0105.<\/div>\n<div>&nbsp;<\/div>\n<div>Uczniowie klas IV i V ch\u0119tni do udzia\u0142u w tym projekcie mog\u0105 dostarcza\u0107 swoje zg\u0142oszenia do sekretariatu szko\u0142y do przysz\u0142ego <strong>pi\u0105tku...<a href='https:\/\/sp.tuchow.pl\/index.php\/2023\/01\/20\/10850\/' class='pfpReadMore'>Read More &raquo;<\/a><div class='clear'><\/div><hr><\/div><div class='pfpItem entry-content'><h2 class='entry-title'><a href='https:\/\/sp.tuchow.pl\/index.php\/2023\/01\/17\/kalendarium-projektow-czytelniczych-z-wykorzystaniem-ksiazek-zakupionych-w-ramach-nprcz-2022-2023\/'>Kalendarium projekt\u00f3w czytelniczych z wykorzystaniem ksi\u0105\u017cek zakupionych w ramach NPRCz 2022-2023<\/a><\/h2><ol>\n<li>Projekt czytelniczy RYSUJEMY WYRAZY- 21 klasa . 4c data: 13.10.20022r. Moje \u017cycie jako\u2026<\/li>\n<li>Wystawa prac uczni\u00f3w na korytarzu szkolnym, gazetkach \u015bciennych, w bibliotece i czytelni szkolnej.<\/li>\n<li>Klasa 4ab \u2013 data: 13.10.2022- wystawa prac<\/li>\n<li>M\u0105dra Mysz przedstawia zawody. 24.10.2022<\/li>\n<li>Wa\u017cne sprawy na przysz\u0142o\u015b\u0107- wybieram zaw\u00f3d klasa 8a\/c ch\u0142opcy<\/li>\n<li>7 listopada pasowanie na czytelnika, projekt ilustracja do...<a href='https:\/\/sp.tuchow.pl\/index.php\/2023\/01\/17\/kalendarium-projektow-czytelniczych-z-wykorzystaniem-ksiazek-zakupionych-w-ramach-nprcz-2022-2023\/' class='pfpReadMore'>Read More &raquo;<\/a><div class='clear'><\/div><hr><\/div><div class='pfpItem entry-content'><h2 class='entry-title'><a href='https:\/\/sp.tuchow.pl\/index.php\/2023\/01\/16\/startujemy-z-rekrutacja-do-projektu-zielone-swiatlo-dla-uczenia-w-podrozy-w-programie-erasmus\/'>Startujemy z rekrutacj\u0105 do projektu \"Zielone \u015bwiat\u0142o dla uczenia w podr\u00f3\u017cy\" w programie Erasmus+.<\/a><\/h2><div style=\"text-align: justify;\">Dzisiaj rozpoczyna si\u0119 rekrutacja do projektu 'Zielone \u015bwiat\u0142o dla uczenia w podr\u00f3\u017cy&#8221; w programie Erasmus+. Serdecznie zapraszamy do zg\u0142aszania si\u0119 zar\u00f3wno uczni\u00f3w (z klas IV i V), kt\u00f3rzy chc\u0105 pracowa\u0107 w projekcie oraz wzi\u0105\u0107 udzia\u0142 w grupowej mobilno\u015bci uczni\u00f3w, jak i nauczycieli i pracownik\u00f3w, kt\u00f3rzy chc\u0105 uczestniczy\u0107 w...<a href='https:\/\/sp.tuchow.pl\/index.php\/2023\/01\/16\/startujemy-z-rekrutacja-do-projektu-zielone-swiatlo-dla-uczenia-w-podrozy-w-programie-erasmus\/' class='pfpReadMore'>Read More &raquo;<\/a><div class='clear'><\/div><hr><\/div><div class='pfpItem entry-content'><h2 class='entry-title'><a href='https:\/\/sp.tuchow.pl\/index.php\/2023\/01\/09\/podroze-male-i-duze-jak-spelnic-marzenie-niejednej-dziewczyny-by-zostac-stewardessa\/'>\u201ePodr\u00f3\u017ce ma\u0142e i du\u017ce \u2013 jak spe\u0142ni\u0107 marzenie niejednej dziewczyny, by zosta\u0107 stewardess\u0105\u201d.<\/a><\/h2><img loading=\"lazy\" decoding=\"async\" class=\"aligncenter size-full\" src=\"http:\/\/scontent-prg1-1.xx.fbcdn.net\/v\/t39.30808-6\/324850996_883112266066607_2750116585299163637_n.jpg?_nc_cat=106&amp;ccb=1-7&amp;_nc_sid=730e14&amp;_nc_ohc=3wZynabCpvwAX_Y-vmP&amp;_nc_ht=scontent-prg1-1.xx&amp;oh=00_AfCJLTKSikPQ-Hw1i9bJOTHKWBWL9rWmvbTBY8EFb4og9g&amp;oe=63C1B423\" width=\"1734\" height=\"1302\"><p>W ramach realizacji <strong>mi\u0119dzynarodowego projektu czytelniczego \u201eCzytam z klas\u0105\u201d<\/strong> w klasie Ia pojawi\u0142 si\u0119 wyj\u0105tkowy go\u015b\u0107. Pani Gabriela Kwa\u015bny, absolwentka naszej szko\u0142y, zabra\u0142a uczni\u00f3w w podniebn\u0105 podr\u00f3\u017c, opowiadaj\u0105c o kulisach pracy stewardesy. Pani Gabrysia zaprezentowa\u0142a nam jak wygl\u0105da str\u00f3j stewardesy, jakich \u015bci\u015ble okre\u015blonych zasad wygl\u0105du musi przestrzega\u0107 i opowiedzia\u0142a, jak...<a href='https:\/\/sp.tuchow.pl\/index.php\/2023\/01\/09\/podroze-male-i-duze-jak-spelnic-marzenie-niejednej-dziewczyny-by-zostac-stewardessa\/' class='pfpReadMore'>Read More &raquo;<\/a><div class='clear'><\/div><hr><\/div><div class='pfpItem entry-content'><h2 class='entry-title'><a href='https:\/\/sp.tuchow.pl\/index.php\/2023\/01\/08\/podrozowanie-przez-czytanie\/'>PODR\u00d3\u017bOWANIE PRZEZ CZYTANIE<\/a><\/h2><img loading=\"lazy\" decoding=\"async\" class=\"aligncenter size-full\" src=\"http:\/\/scontent-vie1-1.xx.fbcdn.net\/v\/t39.30808-6\/324555341_1885512811783766_8847882609693236833_n.jpg?_nc_cat=106&amp;ccb=1-7&amp;_nc_sid=730e14&amp;_nc_ohc=nD9tKqMmNVIAX9H5LZg&amp;_nc_ht=scontent-vie1-1.xx&amp;oh=00_AfCYzPMZAcud5yLQzW0kCos4TQlT27Mqr98vLZxkIKUsIQ&amp;oe=63BFF3BC\" width=\"2048\" height=\"1152\"><p style=\"text-align: center;\"><strong>MI\u0118DZYNARODWY PROJEKT EDUKACYJNY WSPIERAJ\u0104CY ROZW\u00d3J CZYTELNICTWA W ROKU SZKOLNYM 2022\/2023 <\/strong><\/p>\n<p style=\"text-align: center;\"><strong>CZYTAM Z KLAS\u0104 <\/strong><\/p>\n<p style=\"text-align: center;\"><strong>lekturki spod chmurki <\/strong><\/p>\n<p style=\"text-align: center;\"><strong>Edycja IV<\/strong><\/p>\n<p style=\"text-align: center;\"><strong>PODR\u00d3\u017bOWANIE PRZEZ CZYTANIE<\/strong><\/p>\n<p style=\"text-align: justify;\">Uczniowie z klasy 3 a Szko\u0142y Podstawowej im. Stanis\u0142awa Staszica w Tuchowie przyst\u0105pili w tym roku do Mi\u0119dzynarodowego Projektu...<a href='https:\/\/sp.tuchow.pl\/index.php\/2023\/01\/08\/podrozowanie-przez-czytanie\/' class='pfpReadMore'>Read More &raquo;<\/a><div class='clear'><\/div><hr><\/div><div class='pfpItem entry-content'><h2 class='entry-title'><a href='https:\/\/sp.tuchow.pl\/index.php\/2023\/01\/05\/xiii-dzieciece-igrzyska-sportowe-dla-dzieci-uczeszczajacych-do-swietlic-opiekunczo-wychowawczych-gminy-tuchow\/'>XIII DZIECI\u0118CE IGRZYSKA SPORTOWE DLA DZIECI UCZ\u0118SZCZAJ\u0104CYCH DO \u015aWIETLIC OPIEKU\u0143CZO-WYCHOWAWCZYCH GMINY TUCH\u00d3W .<\/a><\/h2><img loading=\"lazy\" decoding=\"async\" class=\"aligncenter size-full\" src=\"http:\/\/scontent-prg1-1.xx.fbcdn.net\/v\/t39.30808-6\/324114379_712899253838205_4623512883302902738_n.jpg?_nc_cat=110&amp;ccb=1-7&amp;_nc_sid=730e14&amp;_nc_ohc=6unzlWcfzFwAX_Y1mAj&amp;_nc_ht=scontent-prg1-1.xx&amp;oh=00_AfCAMR0XVOCo7B2B9_KrBYbdNyAoYE_VZzzHvwuUW8neUg&amp;oe=63BB25A2\" width=\"1448\" height=\"2048\"><p><strong>DYSCYPLINY:<\/strong><\/p>\n<p><strong>1 TENIS STO\u0141OWY -gry indywidualne<\/strong><br \/>\n<strong>2 HALOWA PI\u0141KA NO\u017bNA<\/strong><\/p>\n<p><strong>REGULAMIN<\/strong><br \/>\n<strong>T.ST-07.02.2023.(wtorek) godz.14.00 Hala MOSiR<\/strong><br \/>\nUczestnicy &#8211; Kat. I Dziewcz\u0119ta klasy VIII,VII,VI<br \/>\nCh\u0142opcy klasy VIII,VII,VI<br \/>\nKat II Dziewcz\u0119ta V kl. i m\u0142odsze<br \/>\nCh\u0142opcy V kl. i m\u0142odsi<br \/>\nZg\u0142oszenia- ka\u017cdej \u015bwietlicy po 3 dz. 3 ch\u0142. w ka\u017cdej kategorii (12 dzieci), do dnia...<a href='https:\/\/sp.tuchow.pl\/index.php\/2023\/01\/05\/xiii-dzieciece-igrzyska-sportowe-dla-dzieci-uczeszczajacych-do-swietlic-opiekunczo-wychowawczych-gminy-tuchow\/' class='pfpReadMore'>Read More &raquo;<\/a><div class='clear'><\/div><hr><\/div><div class='pfpItem entry-content'><h2 class='entry-title'><a href='https:\/\/sp.tuchow.pl\/index.php\/2022\/12\/31\/przygode-z-erasmusem-czas-zaczac\/'>Przygod\u0119 z Erasmusem+ czas zacz\u0105\u0107\u2026<\/a><\/h2><img decoding=\"async\" src=\"https:\/\/sp.tuchow.pl\/wp-content\/uploads\/2022\/12\/PL-Wsp\u00f3\u0142finansowane-przez-Uni\u0119-Europejsk\u0105_PANTONE-mniejsze-150x143.jpg\" \/><p style=\"text-align: justify;\"><span style=\"font-weight: 400;\">Nasza szko\u0142a rozpocz\u0119\u0142a w\u0142a\u015bnie realizacj\u0119 kolejnego projektu mi\u0119dzynarodowego, tym razem w programie Erasmus +. Projekt naszej szko\u0142y o numerze <\/span><b>2022-1-PL01-KA122-SCH-000071665 <\/b><span style=\"font-weight: 400;\">otrzyma\u0142 dofinansowanie w wysoko\u015bci 36 600 euro i obejmuje dzia\u0142ania roz\u0142o\u017cone na 18 miesi\u0119cy. S\u0105 to: grupowa mobilno\u015b\u0107 uczni\u00f3w, a tak\u017ce kursy i szkolenia...<a href='https:\/\/sp.tuchow.pl\/index.php\/2022\/12\/31\/przygode-z-erasmusem-czas-zaczac\/' class='pfpReadMore'>Read More &raquo;<\/a><div class='clear'><\/div><hr><\/div><div class='pfpItem entry-content'><h2 class='entry-title'><a href='https:\/\/sp.tuchow.pl\/index.php\/2022\/12\/30\/kartka-dla-seniora\/'>Kartka dla seniora<\/a><\/h2><p style=\"text-align: justify;\">Doceniaj\u0105c rol\u0119 rodziny w tym \u015bwi\u0105tecznym czasie, pami\u0119taj\u0105c o osobach samotnych, chorych uczniowie Szko\u0142y Podstawowej im. Stanis\u0142awa Staszica w Tuchowie w\u0142asnor\u0119cznie wykonali kartki bo\u017conarodzeniowe z \u017cyczeniami \u015bwi\u0105tecznymi. Takie dzia\u0142anie uwra\u017cliwia m\u0142odych ludzi, pokazuje im, \u017ce czas szybko p\u0142ynie, \u017ce pami\u0119\u0107, opieka i szacunek nale\u017cy si\u0119 ka\u017cdemu cz\u0142owiekowi. Taki...<a href='https:\/\/sp.tuchow.pl\/index.php\/2022\/12\/30\/kartka-dla-seniora\/' class='pfpReadMore'>Read More &raquo;<\/a><div class='clear'><\/div><hr><\/div><div class='pfpItem entry-content'><h2 class='entry-title'><a href='https:\/\/sp.tuchow.pl\/index.php\/2022\/12\/30\/happening-bozonarodzeniowy-2\/'>Happening Bo\u017conarodzeniowy<\/a><\/h2><p>W ostatni dzie\u0144 nauki szkolnej 22 grudnia 2022 r. uczniowie przebrani za diab\u0142y, anio\u0142y, miko\u0142ajki wraz z opiekunami wyruszyli na tuchowski rynek, aby z\u0142o\u017cy\u0107 mieszka\u0144com Tuchowa \u017cyczenia \u015bwi\u0105teczne. Zaopatrzeni w cukierki, \u017cyczyli przechodniom zdrowia, rado\u015bci na \u015awi\u0119ta Bo\u017cego Narodzenia oraz wszystkiego, co najlepsze w Nowym Roku. Ten zwyk\u0142y, mi\u0142y gest...<a href='https:\/\/sp.tuchow.pl\/index.php\/2022\/12\/30\/happening-bozonarodzeniowy-2\/' class='pfpReadMore'>Read More &raquo;<\/a><div class='clear'><\/div><hr><\/div><div class='pfpItem entry-content'><h2 class='entry-title'><a href='https:\/\/sp.tuchow.pl\/index.php\/2022\/12\/30\/talenciaki-dla-naszej-szkoly\/'>\u201eTalenciaki\u201d dla naszej szko\u0142y<\/a><\/h2><img loading=\"lazy\" decoding=\"async\" class=\"aligncenter size-full\" src=\"http:\/\/scontent-waw1-1.xx.fbcdn.net\/v\/t39.30808-6\/323920145_1022006062524169_5962806626896625293_n.jpg?_nc_cat=103&amp;ccb=1-7&amp;_nc_sid=730e14&amp;_nc_ohc=2lwROfKwfmAAX89XBok&amp;_nc_ht=scontent-waw1-1.xx&amp;oh=00_AfBX9PR5aPX-SoVzlO5WpDstu6NdVlRSkxP3OX4S8-HK8A&amp;oe=63B7491C\" width=\"2048\" height=\"1532\"><p>Dzi\u0119kujemy rodzicom, uczniom Szko\u0142y Podstawowej im. Stanis\u0142awa Staszica w Tuchowie za zaanga\u017cowanie w akcj\u0119 Talenciaki organizowan\u0105 przez Lidl. Zebrali\u015bmy wsp\u00f3lnie 344 talenciaki, niestety nasza szko\u0142a nie zosta\u0142a wylosowana, ale otrzymali\u015bmy gry planszowe, z kt\u00f3rych b\u0119d\u0105 korzysta\u0142y Wasze dzieci w poniedzia\u0142ki i czwartki w czytelni szkolnej podczas spotka\u0144 pt. <em>Zaczytane czwartki<\/em>...<a href='https:\/\/sp.tuchow.pl\/index.php\/2022\/12\/30\/talenciaki-dla-naszej-szkoly\/' class='pfpReadMore'>Read More &raquo;<\/a><div class='clear'><\/div><hr><\/div><div class='pfpItem entry-content'><h2 class='entry-title'><a href='https:\/\/sp.tuchow.pl\/index.php\/2022\/12\/30\/pomoc-dla-bezdomnych-zwierzat-3\/'>Pomoc dla bezdomnych zwierz\u0105t<\/a><\/h2><p>&nbsp;&nbsp;&nbsp; Jak co roku uczniowie Szko\u0142y Podstawowej im. Stanis\u0142awa Staszica w Tuchowie wzi\u0119li udzia\u0142 w akcji \u201ePomoc dla bezdomnych zwierz\u0105t\u201d. Do udzia\u0142u w akcji zaprosili\u015bmy r\u00f3wnie\u017c uczni\u00f3w Szko\u0142y Podstawowej w Siedliskach. Wsp\u00f3lnie zebrali\u015bmy 23 ko\u0142dry, 47 koc\u00f3w,&nbsp; 39 poduszek, 274 kg suchej karmy dla ps\u00f3w, 72 kg suchej karmy dla...<a href='https:\/\/sp.tuchow.pl\/index.php\/2022\/12\/30\/pomoc-dla-bezdomnych-zwierzat-3\/' class='pfpReadMore'>Read More &raquo;<\/a><div class='clear'><\/div><hr><\/div><div class='pfpItem entry-content'><h2 class='entry-title'><a href='https:\/\/sp.tuchow.pl\/index.php\/2022\/12\/22\/charytatywny-koncert-koled-i-pastoralek-w-wykonaniu-uczniow-klas-i-iii\/'>Charytatywny Koncert Kol\u0119d i Pastora\u0142ek w wykonaniu uczni\u00f3w klas I-III<\/a><\/h2><img loading=\"lazy\" decoding=\"async\" class=\"aligncenter size-full\" src=\"http:\/\/scontent-waw1-1.xx.fbcdn.net\/v\/t39.30808-6\/321276551_742157046753626_9178857544649412804_n.jpg?_nc_cat=106&amp;ccb=1-7&amp;_nc_sid=730e14&amp;_nc_ohc=FyJV55HtbnEAX8JY7UL&amp;_nc_ht=scontent-waw1-1.xx&amp;oh=00_AfCYPq4kUAh0L5vsfJZkIYpPvTu5FrtmO4n5jrgI7znkDw&amp;oe=63AA1033\" width=\"1564\" height=\"910\"><p><strong>Tradycj\u0105 naszej szko\u0142y sta\u0142y si\u0119 Charytatywne Koncerty Kol\u0119d i Pastora\u0142ek w wykonaniu uczni\u00f3w klas I-III.<\/strong><\/p>\n<p style=\"text-align: justify;\"><strong>21 grudnia <\/strong>podczas koncertu zosta\u0142a przeprowadzona zbi\u00f3rka wolnych datk\u00f3w z przeznaczeniem na pomoc <strong>dla przedszkolaka z Siedlisk.<\/strong><\/p>\n<p style=\"text-align: justify;\">Ka\u017cda klasa, &nbsp;bior\u0105ca udzia\u0142 w koncercie, przygotowa\u0142a znan\u0105 kol\u0119d\u0119 lub pastora\u0142k\u0119. Prezentowany przez uczestnik\u00f3w repertuar by\u0142...<a href='https:\/\/sp.tuchow.pl\/index.php\/2022\/12\/22\/charytatywny-koncert-koled-i-pastoralek-w-wykonaniu-uczniow-klas-i-iii\/' class='pfpReadMore'>Read More &raquo;<\/a><div class='clear'><\/div><hr><\/div><div class='pfpItem entry-content'><h2 class='entry-title'><a href='https:\/\/sp.tuchow.pl\/index.php\/2022\/12\/21\/zakup-i-dostawa-artykulow-zywnosciowych-na-potrzeby-stolowki-szkolnej-w-szkole-podstawowej-im-stanislawa-staszica-w-tuchowie\/'>AKTUALIZACJA-> Zakup i dostawa artyku\u0142\u00f3w \u017cywno\u015bciowych na potrzeby sto\u0142\u00f3wki szkolnej w Szkole Podstawowej im. Stanis\u0142awa Staszica w Tuchowie<\/a><\/h2><p><span style=\"color: #ff0000;\"><strong>Aktualizacja<\/strong><\/span><\/p>\n<p><span style=\"color: #ff0000;\"><strong><a href=\"https:\/\/sp.tuchow.pl\/pliki\/zamowienia_publiczne\/zywnosc\/uniewaznienie.pdf\">Informacja o uniewa\u017cnieniu post\u0119powania cz. 3<\/a><\/strong><\/span><\/p>\n<p><span style=\"color: #ff0000;\"><strong><a href=\"https:\/\/sp.tuchow.pl\/pliki\/zamowienia_publiczne\/zywnosc\/wybor.pdf\">Informacja o wyborze najkorzystniejszej oferty<\/a><\/strong><\/span><\/p>\n<p>Post\u0119powanie o udzielenie zam\u00f3wienia publicznego prowadzonego w trybie podstawowym pn. &#8222;Zakup i dostawa artyku\u0142\u00f3w \u017cywno\u015bciowych na potrzeby sto\u0142\u00f3wki szkolnej w Szkole Podstawowej im. Stanis\u0142awa Staszica w Tuchowie&#8221;.<\/p>\n<p>Data publikacji: 2022-12-21<\/p>\n<p>Rodzaj zam\u00f3wienia:&nbsp;Dostawa<\/p>\n<p>Tryb zam\u00f3wienia:&nbsp;tryb podstawowy na...<a href='https:\/\/sp.tuchow.pl\/index.php\/2022\/12\/21\/zakup-i-dostawa-artykulow-zywnosciowych-na-potrzeby-stolowki-szkolnej-w-szkole-podstawowej-im-stanislawa-staszica-w-tuchowie\/' class='pfpReadMore'>Read More &raquo;<\/a><div class='clear'><\/div><hr><\/div><div class='pfpItem entry-content'><h2 class='entry-title'><a href='https:\/\/sp.tuchow.pl\/index.php\/2022\/12\/20\/wesolych-swiat-w-miedzynarodowej-odslonie\/'>\u201cWeso\u0142ych \u015awi\u0105t\u201d w mi\u0119dzynarodowej ods\u0142onie<\/a><\/h2><img decoding=\"async\" class=\"an1\" src=\"http:\/\/fonts.gstatic.com\/s\/e\/notoemoji\/15.0\/1f1f5_1f1f1\/32.png\" alt=\"??\" data-emoji=\"??\" aria-label=\"??\"><div class=\"aju\">&nbsp;<\/div>\n<div class=\"gs\">\n<div class=\"gE iv gt\">&nbsp;<\/div>\n<div id=\":ol\">\u201cWeso\u0142ych \u015awi\u0105t\u201d (w mi\u0119dzynarodowej ods\u0142onie)&nbsp;&nbsp;&nbsp;<span style=\"color: #000000; font-family: Arial;\">&nbsp;<\/span><\/div>\n<div class=\"\">\n<div id=\":on\" class=\"ii gt\">\n<div id=\":om\" class=\"a3s aiL \">\n<div dir=\"ltr\">\n<p dir=\"ltr\" style=\"text-align: justify;\">\u017byczenia na nadchodz\u0105cy czas Bo\u017cego Narodzenia i Nowy Rok pop\u0142yn\u0119\u0142y z naszej szko\u0142y r\u00f3wnie\u017c za granic\u0119. Nasi uczniowie wymienili \u015bwi\u0105teczne pozdrowienia z grupami uczni\u00f3w...<a href='https:\/\/sp.tuchow.pl\/index.php\/2022\/12\/20\/wesolych-swiat-w-miedzynarodowej-odslonie\/' class='pfpReadMore'>Read More &raquo;<\/a><div class='clear'><\/div><hr><\/div><div class='pfpItem entry-content'><h2 class='entry-title'><a href='https:\/\/sp.tuchow.pl\/index.php\/2022\/12\/20\/projekt-edukacyjny-na-basniowej-gorze\/'>Projekt edukacyjny \u201eNa Ba\u015bniowej G\u00f3rze\u201d<\/a><\/h2><p style=\"text-align: justify;\">Zapraszamy do udzia\u0142u w projekcie edukacyjnym <strong>\u201eNa Ba\u015bniowej G\u00f3rze\u201d.<\/strong> Jest on adresowany do&nbsp;<strong>uczni\u00f3w klas czwartych<\/strong>&nbsp;naszej szko\u0142y, a udzia\u0142 w nim jest&nbsp;<strong>DOBROWOLNY<\/strong>.<\/p>\n<p style=\"text-align: justify;\">W ramach projektu uczniowie b\u0119d\u0105 otrzymywa\u0107 dodatkowe zadania do wykonania.&nbsp;<strong>Tematem przewodnim s\u0105 ba\u015bnie \u2013 te, poznawane w szkole, jak r\u00f3wnie\u017c te, z kt\u00f3rymi uczniowie sami si\u0119...<a href='https:\/\/sp.tuchow.pl\/index.php\/2022\/12\/20\/projekt-edukacyjny-na-basniowej-gorze\/' class='pfpReadMore'>Read More &raquo;<\/a><div class='clear'><\/div><hr><\/div><div class='pfpItem entry-content'><h2 class='entry-title'><a href='https:\/\/sp.tuchow.pl\/index.php\/2022\/12\/20\/x-gminny-konkurs-swiatecznej-piosenki-obcojezycznej\/'>X Gminny Konkurs \u015awi\u0105tecznej Piosenki Obcoj\u0119zycznej<\/a><\/h2><img loading=\"lazy\" decoding=\"async\" class=\"aligncenter size-full\" src=\"http:\/\/scontent-vie1-1.xx.fbcdn.net\/v\/t39.30808-6\/320757435_483521787023911_3492763999220247263_n.jpg?_nc_cat=107&amp;ccb=1-7&amp;_nc_sid=730e14&amp;_nc_ohc=aJNaE5a2xKAAX968P06&amp;_nc_ht=scontent-vie1-1.xx&amp;oh=00_AfA6_sDgHxKl1isqWZdUjFSNKy-RqIr-_FbEbI29eHvRHQ&amp;oe=63A673C3\" width=\"2048\" height=\"1365\"><p style=\"text-align: justify;\">W pi\u0105tek 16 grudnia 2022 r. w Domu Kultury w Tuchowie odby\u0142 si\u0119 X Gminny Konkurs \u015awi\u0105tecznej Piosenki Obcoj\u0119zycznej, kt\u00f3rego organizatorem jest Szko\u0142a Podstawowa w Tuchowie. Wsp\u00f3\u0142organizatorzy to M\u0142odzie\u017cowa Rada Gminy w Tuchowie, Gminna Komisja Rozwi\u0105zywania Problem\u00f3w Alkoholowych w Tuchowie oraz Dom Kultury w Tuchowie. Do udzia\u0142u w...<a href='https:\/\/sp.tuchow.pl\/index.php\/2022\/12\/20\/x-gminny-konkurs-swiatecznej-piosenki-obcojezycznej\/' class='pfpReadMore'>Read More &raquo;<\/a><div class='clear'><\/div><hr><\/div><div class='pfpItem entry-content'><h2 class='entry-title'><a href='https:\/\/sp.tuchow.pl\/index.php\/2022\/12\/20\/zajecia-rewalidacyjne-co-to-za-zajecia-i-dla-kogo-sa-organizowane\/'>Zaj\u0119cia rewalidacyjne: co to za zaj\u0119cia i dla kogo s\u0105 organizowane?<\/a><\/h2><img loading=\"lazy\" decoding=\"async\" class=\"aligncenter size-full\" src=\"http:\/\/scontent-vie1-1.xx.fbcdn.net\/v\/t39.30808-6\/319281130_1564470590660604_5596486140803769486_n.jpg?_nc_cat=106&amp;ccb=1-7&amp;_nc_sid=8bfeb9&amp;_nc_ohc=RJKXGdTbTdsAX-2O_de&amp;_nc_ht=scontent-vie1-1.xx&amp;oh=00_AfB_pcwV_Rncufnh71NScZTnj0oCXIsGBv9FVoPLo8iQ9Q&amp;oe=63A5C93C\" width=\"2048\" height=\"2048\"><p style=\"text-align: justify;\">Zaj\u0119cia rewalidacyjne to osobne zaj\u0119cia dla uczni\u00f3w, kt\u00f3rzy posiadaj\u0105 orzeczenie o potrzebie kszta\u0142cenia specjalnego.<\/p>\n<p style=\"text-align: justify;\">Samo poj\u0119cie rewalidacja pochodzi z j\u0119zyka \u0142aci\u0144skiego (revalidus) i oznacza \u201ezn\u00f3w mocny\u201d. Odnosi si\u0119 wi\u0119c do dzia\u0142ania zmierzaj\u0105cego do wzmocnienia potencja\u0142u ucznia, by m\u00f3c wesprze\u0107 te obszary, kt\u00f3re s\u0105 s\u0142absze, zmniejszone przez pewn\u0105...<a href='https:\/\/sp.tuchow.pl\/index.php\/2022\/12\/20\/zajecia-rewalidacyjne-co-to-za-zajecia-i-dla-kogo-sa-organizowane\/' class='pfpReadMore'>Read More &raquo;<\/a><div class='clear'><\/div><hr><\/div><div class='pfpItem entry-content'><h2 class='entry-title'><a href='https:\/\/sp.tuchow.pl\/index.php\/2022\/12\/19\/nie-zmarnuj-swojego-zycia\/'>Nie Zmarnuj Swojego \u017bycia!<\/a><\/h2><img loading=\"lazy\" decoding=\"async\" class=\"aligncenter size-full\" src=\"http:\/\/scontent-waw1-1.xx.fbcdn.net\/v\/t39.30808-6\/320755944_914176483083086_5071869264113430620_n.jpg?stp=cp6_dst-jpg&amp;_nc_cat=109&amp;ccb=1-7&amp;_nc_sid=730e14&amp;_nc_ohc=d8TxBDFEy6YAX_Agvno&amp;_nc_ht=scontent-waw1-1.xx&amp;oh=00_AfD1_lwvFJmc2aJKCBiNQAa-bcCV9RUMe1XiYcicyx1uNQ&amp;oe=63A54F6D\" width=\"1536\" height=\"2048\"><p style=\"text-align: justify;\">Dw\u00f3ch raper\u00f3w &#8211;&nbsp;&#8222;B\u0119siu&#8221; (\u0141ukasz B\u0119\u015b) i Dj Yonas (Jonatan Blank) &#8211; tworzy formacj\u0119 RYMcerze. Ze swoim projektem&nbsp;&#8222;Nie Zmarnuj Swojego \u017bycia&#8221; chc\u0105 dotrze\u0107 do jak najwi\u0119kszej rzeszy m\u0142odzie\u017cy \u2013 19 grudnia 2022 r. byli r\u00f3wnie\u017c w Szkole Podstawowej w Tuchowie, gdzie spotkali si\u0119 z uczniami klas si\u00f3dmych i \u00f3smych.<\/p>\n<p...<a href='https:\/\/sp.tuchow.pl\/index.php\/2022\/12\/19\/nie-zmarnuj-swojego-zycia\/' class='pfpReadMore'>Read More &raquo;<\/a><div class='clear'><\/div><hr><\/div><div class='pfpItem entry-content'><h2 class='entry-title'><a href='https:\/\/sp.tuchow.pl\/index.php\/2022\/12\/18\/wycieczka-klas-osmych-do-muzeum-armii-krajowej-im-gen-emila-fieldorfa-nila-w-krakowie-2\/'>Wycieczka klas \u00f3smych do Muzeum Armii Krajowej im. gen. Emila Fieldorfa \u201eNila\u201d w Krakowie<\/a><\/h2><img loading=\"lazy\" decoding=\"async\" class=\"aligncenter size-full\" src=\"http:\/\/scontent-waw1-1.xx.fbcdn.net\/v\/t39.30808-6\/320784277_687429819457928_1101149539858962743_n.jpg?_nc_cat=102&amp;ccb=1-7&amp;_nc_sid=730e14&amp;_nc_ohc=T9je4EkPb-oAX_IvQ4f&amp;_nc_ht=scontent-waw1-1.xx&amp;oh=00_AfAQBYwdgU6AlsxI72TFW5ERC3fKK9_LQnrVYKtriRc7ag&amp;oe=63A4ECF1\" width=\"2048\" height=\"1536\"><p style=\"text-align: justify;\">9 grudnia uczniowie klas \u00f3smych wraz z opiekunami uczestniczyli w wycieczce historycznej do Muzeum Armii Krajowej im. gen. Emila Fieldorfa \u201eNila\u201d w Krakowie. M\u0142odzie\u017c wzi\u0119\u0142a udzia\u0142 w warsztatach pt. \u201eZosta\u0144 asem wywiadu\u201d. Podczas zwiedzania ekspozycji muzealnej uczniowie zobaczyli wiele ciekawych eksponat\u00f3w zwi\u0105zanych z \u017cyciem codziennym podczas okupacji niemieckiej....<a href='https:\/\/sp.tuchow.pl\/index.php\/2022\/12\/18\/wycieczka-klas-osmych-do-muzeum-armii-krajowej-im-gen-emila-fieldorfa-nila-w-krakowie-2\/' class='pfpReadMore'>Read More &raquo;<\/a><div class='clear'><\/div><hr><\/div><div class='pfpItem entry-content'><h2 class='entry-title'><a href='https:\/\/sp.tuchow.pl\/index.php\/2022\/12\/16\/owocne-wypozyczanie\/'>Owocne wypo\u017cyczanie!<\/a><\/h2><p>19 grudnia zapraszamy uczni\u00f3w klas 8 do obejrzenia wystawy ksi\u0105\u017cek na temat zdrowego od\u017cywiania si\u0119 i zasad higieny. W tych dw\u00f3ch dniach bierzecie udzia\u0142 w projekcie czytelniczo- zdrowotnym. Co trzeba zrobi\u0107?<\/p>\n<ol>\n<li>Przyj\u015b\u0107 obejrze\u0107 wystaw\u0119.<\/li>\n<li>Zapami\u0119ta\u0107 przynajmniej 3 tytu\u0142y ksi\u0105\u017cek, kt\u00f3re znalaz\u0142y si\u0119 na wystawie.<\/li>\n<li>Wypo\u017cyczy\u0107 ksi\u0105\u017ck\u0119 z niespodziank\u0105 na lekcje biologii.<\/li>\n<\/ol>\n<p style=\"text-align: right;\"><em>Zapraszamy<\/em><\/p>\n<p...<a href='https:\/\/sp.tuchow.pl\/index.php\/2022\/12\/16\/owocne-wypozyczanie\/' class='pfpReadMore'>Read More &raquo;<\/a><div class='clear'><\/div><hr><\/div><div class='pfpItem entry-content'><h2 class='entry-title'><a href='https:\/\/sp.tuchow.pl\/index.php\/2022\/12\/15\/miedzyszkolna-wymiana-kartek-swiatecznych\/'>Mi\u0119dzyszkolna wymiana kartek \u015bwi\u0105tecznych<\/a><\/h2><p style=\"text-align: justify;\">Z okazji zbli\u017caj\u0105cych si\u0119 \u015awi\u0105t Bo\u017cego Narodzenia, uczniowie klas 2a, 2b, 2c i 3c wzi\u0119li udzia\u0142 w mi\u0119dzyszkolnej wymianie kartek \u015bwi\u0105tecznych. Uczniowie w\u0142asnor\u0119cznie wykonali kartki dowoln\u0105 metod\u0105 oraz napisali \u017cyczenia w j\u0119zyku angielskim. Zosta\u0142y one wys\u0142ane do Szko\u0142y Podstawowej nr 11 im. Janusza Korczaka w Miko\u0142owie w wojew\u00f3dztwie...<a href='https:\/\/sp.tuchow.pl\/index.php\/2022\/12\/15\/miedzyszkolna-wymiana-kartek-swiatecznych\/' class='pfpReadMore'>Read More &raquo;<\/a><div class='clear'><\/div><hr><\/div><div class='pfpItem entry-content'><h2 class='entry-title'><a href='https:\/\/sp.tuchow.pl\/index.php\/2022\/12\/12\/10744\/'>X Szkolny Konkurs Recytatorski i Plastyczny po\u015bwi\u0119cony tw\u00f3rczo\u015bci ks. Jana Twardowskiego<\/a><\/h2><p style=\"text-align: center;\"><strong>X SZKOLNY KONKURS RECYTATORSKI<\/strong><\/p>\n<p style=\"text-align: center;\"><strong>&nbsp;PO\u015aWI\u0118CONY TW\u00d3RCZO\u015aCI<\/strong><\/p>\n<p style=\"text-align: center;\"><strong>KSI\u0118DZA JANA TWARDOWSKIEGO<\/strong><\/p>\n<p style=\"text-align: justify;\"><strong>&nbsp;I.&nbsp;<\/strong>Organizator: mgr Renata G\u0105sior ( nauczyciel j\u0119zyka polskiego )<\/p>\n<p style=\"text-align: justify;\"><strong>II. Cele konkursu<\/strong>:<\/p>\n<p style=\"text-align: justify;\">&#8211; Popularyzacja w\u015br\u00f3d uczni\u00f3w klas III &#8211; VI utwor\u00f3w ksi\u0119dza Jana Twardowskiego<\/p>\n<p style=\"text-align: justify;\">-Odwo\u0142ywanie si\u0119 do nieprzemijaj\u0105cych warto\u015bci poezji ksi\u0119dza Jana Twardowskiego...<a href='https:\/\/sp.tuchow.pl\/index.php\/2022\/12\/12\/10744\/' class='pfpReadMore'>Read More &raquo;<\/a><div class='clear'><\/div><hr><\/div><div class='pfpItem entry-content'><h2 class='entry-title'><a href='https:\/\/sp.tuchow.pl\/index.php\/2022\/12\/12\/eliminacje-do-x-gminnego-konkursu-swiatecznej-piosenki-obcojezycznej\/'>Eliminacje do X Gminnego Konkursu \u015awi\u0105tecznej Piosenki Obcoj\u0119zycznej<\/a><\/h2><img loading=\"lazy\" decoding=\"async\" class=\"alignnone size-full\" src=\"http:\/\/scontent-waw1-1.xx.fbcdn.net\/v\/t39.30808-6\/319299605_595265635936538_7246142360950893445_n.jpg?_nc_cat=106&amp;ccb=1-7&amp;_nc_sid=730e14&amp;_nc_ohc=_Lti7QmTCdAAX8K-uKH&amp;_nc_ht=scontent-waw1-1.xx&amp;oh=00_AfCSdsTNCZ_kk_t780RgII7oo34sHtXJlnt6J9fn1mMDXg&amp;oe=639D5BA7\" width=\"2048\" height=\"1536\"><div dir=\"auto\" style=\"text-align: justify;\">Dzisiaj 12 grudnia, odby\u0142y si\u0119 eliminacje do X Gminnego Konkursu \u015awi\u0105tecznej Piosenki Obcoj\u0119zycznej, kt\u00f3ry odb\u0119dzie si\u0119 w najbli\u017cszy pi\u0105tek 16 grudnia 2022 r. Dzi\u0119kujemy i gratulujemy wszystkim uczestnikom za udzia\u0142, macie wielki talent. Wyb\u00f3r by\u0142 bardzo trudny, ale jury musia\u0142o podj\u0105\u0107 decyzj\u0119. Do udzia\u0142u w konkursie zapraszamy:<\/div>\n<div...<a href='https:\/\/sp.tuchow.pl\/index.php\/2022\/12\/12\/eliminacje-do-x-gminnego-konkursu-swiatecznej-piosenki-obcojezycznej\/' class='pfpReadMore'>Read More &raquo;<\/a><div class='clear'><\/div><hr><\/div><div class='pfpItem entry-content'><h2 class='entry-title'><a href='https:\/\/sp.tuchow.pl\/index.php\/2022\/12\/08\/kryminalna-wycieczka-w-przeszlosc-konkurs-dla-klas-5-i-6\/'>Kryminalna wycieczka w przesz\u0142o\u015b\u0107 - konkurs dla klas 5 i 6<\/a><\/h2><p style=\"text-align: center;\">Zapraszamy uczni\u00f3w klas 5 i 6 do udzia\u0142u w projekcie czytelniczym<\/p>\n<p style=\"text-align: center;\"><em><strong>Kryminalna wycieczka w przesz\u0142o\u015b\u0107<\/strong><\/em><\/p>\n<p style=\"text-align: justify;\">Projekt polega na wypo\u017cyczeniu i przeczytaniu ksi\u0105\u017cek z serii <strong><em>Ale historia\u2026 i A to historia &#8211; Krymina\u0142ki historyczno-fantastyczne,<\/em><\/strong> wype\u0142nieniu testu oraz wykonaniu pracy plastyczno- technicznej. Zadania wykonujecie w domu. Za ka\u017cd\u0105...<a href='https:\/\/sp.tuchow.pl\/index.php\/2022\/12\/08\/kryminalna-wycieczka-w-przeszlosc-konkurs-dla-klas-5-i-6\/' class='pfpReadMore'>Read More &raquo;<\/a><div class='clear'><\/div><hr><\/div><div class='pfpItem entry-content'><h2 class='entry-title'><a href='https:\/\/sp.tuchow.pl\/index.php\/2022\/12\/07\/mikolajki-w-ic\/'>Miko\u0142ajki w Ic\u00a0<\/a><\/h2><img loading=\"lazy\" decoding=\"async\" class=\"aligncenter size-full\" src=\"http:\/\/scontent-waw1-1.xx.fbcdn.net\/v\/t39.30808-6\/318631080_590483613081407_8168126711591906414_n.jpg?_nc_cat=108&amp;ccb=1-7&amp;_nc_sid=730e14&amp;_nc_ohc=kl1k-uXE6lcAX99EefE&amp;_nc_ht=scontent-waw1-1.xx&amp;oh=00_AfCCJB2jWO0oiQWElzmxoieRusUW3DMkC3Lwt9vFT-1iHw&amp;oe=63966CE2\" width=\"2048\" height=\"1293\"><div style=\"text-align: justify;\">6 grudnia to wyj\u0105tkowy dzie\u0144 dla wszystkich dzieci. Dzi\u0119ki wielkiemu sercu i zaanga\u017cowaniu pa\u0144stwa Joanny i Mateusza Salw\u00f3w, uczniowie z kl. Ic wraz z opiekunami mogli \u015bwi\u0119towa\u0107 miko\u0142ajki w szczeg\u00f3lnej, rodzinnej atmosferze.&nbsp;<\/div>\n<div style=\"text-align: justify;\">&nbsp;<\/div>\n<div style=\"text-align: justify;\">Zostali\u015bmy zaproszeni do budynku MOSiR w Tuchowie, gdzie czeka\u0142y na nas przer\u00f3\u017cne zadania...<a href='https:\/\/sp.tuchow.pl\/index.php\/2022\/12\/07\/mikolajki-w-ic\/' class='pfpReadMore'>Read More &raquo;<\/a><div class='clear'><\/div><hr><\/div><div class='pfpItem entry-content'><h2 class='entry-title'><a href='https:\/\/sp.tuchow.pl\/index.php\/2022\/12\/07\/podsumowanie-akcji-pomaganie-jest-cool\/'>Podsumowanie akcji \u201dPomaganie jest cool\u201d<\/a><\/h2><img loading=\"lazy\" decoding=\"async\" class=\"aligncenter size-full\" src=\"http:\/\/scontent-waw1-1.xx.fbcdn.net\/v\/t39.30808-6\/318622560_590480646415037_2802213289424365953_n.jpg?_nc_cat=103&amp;ccb=1-7&amp;_nc_sid=730e14&amp;_nc_ohc=TPBdrQc-ZGYAX86e7Ec&amp;_nc_oc=AQl50gRmU7DdsO9_ZDG0Wsv-3uxiTJxsWkYKaJph1x9T0F99gHRE0-ijljnbtoJ2uB0&amp;tn=7edCdB8DceaxOxAI&amp;_nc_ht=scontent-waw1-1.xx&amp;oh=00_AfBFdk3bVtHx2sJgitntZaoNhIgzIisnJ1gRkk3sy7A03A&amp;oe=63962723\" width=\"1448\" height=\"2048\"><p>&nbsp;W dniach 21-25 listopada w naszej szkole zosta\u0142a przeprowadzona akcja charytatywna pt. \u201dPomaganie jest cool\u201d. W tym roku zbierali\u015bmy puzzle, s\u0142odycze oraz gry dla podopiecznych z tarnowskich dom\u00f3w dziecka. Dzi\u0119ki zaanga\u017cowaniu dzieci, rodzic\u00f3w oraz nauczycieli uda\u0142o nam si\u0119 przygotowa\u0107 prezenty, kt\u00f3re zostan\u0105 wr\u0119czone dzieciom 6 grudnia. Udzia\u0142 w akcji to...<a href='https:\/\/sp.tuchow.pl\/index.php\/2022\/12\/07\/podsumowanie-akcji-pomaganie-jest-cool\/' class='pfpReadMore'>Read More &raquo;<\/a><div class='clear'><\/div><hr><\/div><div class='pfpItem entry-content'><h2 class='entry-title'><a href='https:\/\/sp.tuchow.pl\/index.php\/2022\/12\/01\/3-grudnia-miedzynarodowy-dzien-osob-z-niepelnosprawnoscia\/'>3 grudnia Mi\u0119dzynarodowy Dzie\u0144 Os\u00f3b z Niepe\u0142nosprawno\u015bci\u0105<\/a><\/h2><p style=\"text-align: justify;\">3 grudnia obchodzimy&nbsp; Mi\u0119dzynarodowy Dzie\u0144 Os\u00f3b z Niepe\u0142nosprawno\u015bci\u0105 ustanowiony przez ONZ.<br \/>\nTego dnia na ca\u0142ym \u015bwiecie odbywaj\u0105 si\u0119 uroczysto\u015bci, kt\u00f3rych celem jest promowanie praw os\u00f3b niepe\u0142nosprawnych i dzia\u0142a\u0144 na rzecz pe\u0142nej realizacji tych praw.<br \/>\nZach\u0119camy do zg\u0142\u0119bienia tematu.<\/p>\n<p><a href=\"http:\/\/www.canva.com\/design\/DAFTbl7rCv0\/UynGmPUV796kRAMnDq7ARg\/view?utm_content=DAFTbl7rCv0&amp;utm_campaign=designshare&amp;utm_medium=link&amp;utm_source=publishsharelink\">http:\/\/www.canva.com\/design\/DAFTbl7rCv0\/UynGmPUV796kRAMnDq7ARg\/view?utm_content=DAFTbl7rCv0&amp;utm_campaign=designshare&amp;utm_medium=link&amp;utm_source=publishsharelink<br \/>\n<\/a><br \/>\nStowarzyszenie &#8221; Wszystkie dzieci nasze s\u0105&#8221; zrzeszaj\u0105ce osoby...<a href='https:\/\/sp.tuchow.pl\/index.php\/2022\/12\/01\/3-grudnia-miedzynarodowy-dzien-osob-z-niepelnosprawnoscia\/' class='pfpReadMore'>Read More &raquo;<\/a><div class='clear'><\/div><hr><\/div><div class='pfpItem entry-content'><h2 class='entry-title'><a href='https:\/\/sp.tuchow.pl\/index.php\/2022\/11\/30\/muzyczny-kalendarz-adwentowy-3\/'>Muzyczny Kalendarz Adwentowy<\/a><\/h2><img loading=\"lazy\" decoding=\"async\" class=\"aligncenter size-full\" src=\"http:\/\/scontent-waw1-1.xx.fbcdn.net\/v\/t39.30808-6\/317383881_584188903710878_2623699923865573176_n.jpg?_nc_cat=101&amp;ccb=1-7&amp;_nc_sid=730e14&amp;_nc_ohc=Ic_Ue4EXqWAAX9amXzE&amp;tn=7edCdB8DceaxOxAI&amp;_nc_ht=scontent-waw1-1.xx&amp;oh=00_AfC_oAMKfwjyvMDMBUHtVacznCDXpA94MOHaEZdnlnE9RQ&amp;oe=638D44AA\" width=\"800\" height=\"600\"><p>Wkr\u00f3tce Bo\u017ce Narodzenie. Zapraszam wszystkich uczni\u00f3w klas 1-3 do zabawy, kt\u00f3ra wprowadzi nas w \u015bwi\u0105teczny klimat i umili oczekiwanie na ten wspania\u0142y czas. Codziennie kliknij w jedn\u0105 cyfr\u0119 i wys\u0142uchaj przygotowan\u0105 na ten dzie\u0144 piosenk\u0119 \u015bwi\u0105teczn\u0105 w j\u0119zyku angielskim. W ostatni dzie\u0144, czeka na Ciebie niespodzianka!<\/p>\n<p style=\"text-align: right;\">Aneta Rzeszutko<\/p>\n<p style=\"text-align:...<a href='https:\/\/sp.tuchow.pl\/index.php\/2022\/11\/30\/muzyczny-kalendarz-adwentowy-3\/' class='pfpReadMore'>Read More &raquo;<\/a><div class='clear'><\/div><hr><\/div><div class='pfpItem entry-content'><h2 class='entry-title'><a href='https:\/\/sp.tuchow.pl\/index.php\/2022\/11\/28\/ogolnopolska-grywalizacja-online-gdzie-jest-mikolaj\/'>Og\u00f3lnopolska grywalizacja online \u201eGdzie jest Miko\u0142aj?\u201d<\/a><\/h2><img loading=\"lazy\" decoding=\"async\" class=\"aligncenter size-full\" src=\"http:\/\/scontent-waw1-1.xx.fbcdn.net\/v\/t39.30808-6\/317257599_582630090533426_7229065167332354068_n.jpg?_nc_cat=109&amp;ccb=1-7&amp;_nc_sid=730e14&amp;_nc_ohc=xZghmMgujYUAX9y9Y8T&amp;tn=7edCdB8DceaxOxAI&amp;_nc_ht=scontent-waw1-1.xx&amp;oh=00_AfBODb39aQHsAG_6bu1TY_Mv6djIsXdPYaIEIU8_tRKp9g&amp;oe=638973F3\" width=\"2048\" height=\"1448\"><p style=\"text-align: justify;\">Zbli\u017caj\u0105 si\u0119 \u015bwi\u0119ta, a wraz z nimi najwi\u0119ksza og\u00f3lnopolska grywalizacja online \u201eGdzie jest Miko\u0142aj?\u201d adresowana do uczni\u00f3w szk\u00f3\u0142 podstawowych (klasy 6 &#8211; 8). Przez 10 dni (11-20 grudnia) organizatorzy publikuj\u0105 o sta\u0142ej porze (oko\u0142o 19.00) jedno interaktywne zadanie. Uczniowie rozwi\u0105zuj\u0105 je, a nast\u0119pnie przesy\u0142aj\u0105, przy pomocy przygotowanego formularza...<a href='https:\/\/sp.tuchow.pl\/index.php\/2022\/11\/28\/ogolnopolska-grywalizacja-online-gdzie-jest-mikolaj\/' class='pfpReadMore'>Read More &raquo;<\/a><div class='clear'><\/div><hr><\/div><div class='pfpItem entry-content'><h2 class='entry-title'><a href='https:\/\/sp.tuchow.pl\/index.php\/2022\/11\/28\/szkolne-eliminacje-do-x-gminnego-konkursu-swiatecznej-piosenki-obcojezycznej\/'>Szkolne eliminacje do X Gminnego Konkursu \u015awi\u0105tecznej Piosenki Obcoj\u0119zycznej<\/a><\/h2><img loading=\"lazy\" decoding=\"async\" class=\"aligncenter size-full\" src=\"http:\/\/scontent-waw1-1.xx.fbcdn.net\/v\/t39.30808-6\/317264131_582626813867087_3588230752429838552_n.jpg?stp=dst-jpg_s720x720&amp;_nc_cat=108&amp;ccb=1-7&amp;_nc_sid=730e14&amp;_nc_ohc=Vcd7-rY5mKEAX9XEggm&amp;_nc_oc=AQk_Ld3NfC_ZaX7xnnV8id37CgijHBM4OSWfNqwP4tbzmkPRECnSS8WhIRkwmFp8lWc&amp;_nc_ht=scontent-waw1-1.xx&amp;oh=00_AfCfpKsbigKBNKGZncIzsY4KwyCkHhJVp8aTM_HrxB6pMQ&amp;oe=638AA817\" width=\"509\" height=\"720\"><p><\/p>\n...<a href='https:\/\/sp.tuchow.pl\/index.php\/2022\/11\/28\/szkolne-eliminacje-do-x-gminnego-konkursu-swiatecznej-piosenki-obcojezycznej\/' class='pfpReadMore'>Read More &raquo;<\/a><div class='clear'><\/div><hr><\/div><div class='pfpItem entry-content'><h2 class='entry-title'><a href='https:\/\/sp.tuchow.pl\/index.php\/2022\/11\/27\/wycieczka-klas-4a-i-4b-do-collegium-maius-w-krakowie\/'>Wycieczka klas 4a i 4b do Collegium Maius w Krakowie<\/a><\/h2><img loading=\"lazy\" decoding=\"async\" class=\"alignnone size-full\" src=\"http:\/\/scontent-prg1-1.xx.fbcdn.net\/v\/t39.30808-6\/317375095_581637037299398_5783386879523310474_n.jpg?stp=cp6_dst-jpg_s600x600&amp;_nc_cat=105&amp;ccb=1-7&amp;_nc_sid=730e14&amp;_nc_ohc=mr55SNPNBXkAX8bQqOP&amp;_nc_ht=scontent-prg1-1.xx&amp;oh=00_AfDJvgMY1ss670NId-FoEV9HU3pdLCEnGEOSOZ5AJD1VlA&amp;oe=63887212\" width=\"600\" height=\"450\"><p>25 listopada uczniowie klas 4a i 4b wzi\u0119li udzia\u0142 w wycieczce do Muzeum Uniwersytetu Jagiello\u0144skiego&nbsp;Collegium Maius w Krakowie. Podczas gry na ekspozycji muzealnej &#8222;Poszukiwacze skarb\u00f3w&#8221; poznali pocz\u0105tki uczelni i jej za\u0142o\u017cycieli. Drugie zaj\u0119cia, w kt\u00f3rych wzi\u0119li udzia\u0142, to &#8222;Matematyka d\u017awi\u0119k\u00f3w&#8221; czyli popularyzowanie&nbsp;matematyki i fizyki oraz ukazanie, \u017ce&nbsp;nauki \u015bcis\u0142e&nbsp;towarzysz\u0105 nam we...<a href='https:\/\/sp.tuchow.pl\/index.php\/2022\/11\/27\/wycieczka-klas-4a-i-4b-do-collegium-maius-w-krakowie\/' class='pfpReadMore'>Read More &raquo;<\/a><div class='clear'><\/div><hr><\/div><div class='pfpItem entry-content'><h2 class='entry-title'><a href='https:\/\/sp.tuchow.pl\/index.php\/2022\/11\/25\/uroczystych-andrzejkach-na-wesolo-czyli-otrzesiny-klas-4\/'>Uroczyste Andrzejki na weso\u0142o, czyli otrz\u0119siny klas 4<\/a><\/h2><img loading=\"lazy\" decoding=\"async\" class=\"aligncenter size-full\" src=\"http:\/\/scontent-vie1-1.xx.fbcdn.net\/v\/t39.30808-6\/316828720_580088674120901_7082652742819825079_n.jpg?stp=dst-jpg_s417x417&amp;_nc_cat=108&amp;ccb=1-7&amp;_nc_sid=0debeb&amp;_nc_ohc=gaOhz2dOfuYAX9Q1UlK&amp;_nc_ht=scontent-vie1-1.xx&amp;oh=00_AfCt9g_wVAcgXJacw_b0Jw9n-KaLTZZi_FCNusQw7Ptp6Q&amp;oe=6385284B\" width=\"417\" height=\"278\"><p>24 listopada w Szkole Podstawowej w Tuchowie odby\u0142y si\u0119 po raz kolejny otrz\u0119siny uczni\u00f3w klas czwartych. W tym roku przygotowa\u0142y je Katarzyna Krupa i Justyna Jaworska \u2013 Lipka, a pomaga\u0142 samorz\u0105d szkolny wraz z opiekunem Beat\u0105 Kielaw\u0105.<\/p>\n<p><\/p>\n<p><a href=\"http:\/\/www.facebook.com\/photo\/?fbid=580088687454233&amp;set=a.580094800786955\">Fotorelacja<\/a><\/p>\n...<a href='https:\/\/sp.tuchow.pl\/index.php\/2022\/11\/25\/uroczystych-andrzejkach-na-wesolo-czyli-otrzesiny-klas-4\/' class='pfpReadMore'>Read More &raquo;<\/a><div class='clear'><\/div><hr><\/div><div class='pfpItem entry-content'><h2 class='entry-title'><a href='https:\/\/sp.tuchow.pl\/index.php\/2022\/11\/23\/nasza-szkola-uczestniczy-w-projekcie-profilaktyka-na-miare\/'>Nasza szko\u0142a uczestniczy w projekcie \u201eProfilaktyka na miar\u0119\u201d<\/a><\/h2><img decoding=\"async\" src=\"https:\/\/sp.tuchow.pl\/wp-content\/uploads\/2022\/11\/profilaktyka-na-miar\u0119-Baner-150x150.jpg\" \/><p>Mi\u0142o nam poinformowa\u0107, \u017ce Nasza szko\u0142a uczestniczy w projekcie &#8222;Profilaktyka na miar\u0119&#8221;.<\/p>\n<p style=\"text-align: justify;\">Projekt \u201eProfilaktyka na miar\u0119\u201d to dzia\u0142anie wspieraj\u0105ce szko\u0142y i plac\u00f3wki w obszarze wychowania i psychoprofilaktyki. Dotyczy realizacji szkolnej diagnozy i ewaluacji oraz przek\u0142adania wynik\u00f3w bada\u0144 na rekomendacje i tre\u015bci do programu wychowawczo-profilaktycznego.<br \/>\nCelem projektu jest tak\u017ce pilota\u017c...<a href='https:\/\/sp.tuchow.pl\/index.php\/2022\/11\/23\/nasza-szkola-uczestniczy-w-projekcie-profilaktyka-na-miare\/' class='pfpReadMore'>Read More &raquo;<\/a><div class='clear'><\/div><hr><\/div><div class='pfpItem entry-content'><h2 class='entry-title'><a href='https:\/\/sp.tuchow.pl\/index.php\/2022\/11\/21\/konkurs-trzymaj-forme\/'>Konkurs \"Trzymaj Form\u0119!\"<\/a><\/h2><img loading=\"lazy\" decoding=\"async\" class=\"size-full aligncenter\" src=\"http:\/\/scontent-vie1-1.xx.fbcdn.net\/v\/t39.30808-6\/316409387_575582961238139_3988924298373487284_n.jpg?_nc_cat=108&amp;ccb=1-7&amp;_nc_sid=730e14&amp;_nc_ohc=hifE2pqQ8ecAX8uENKV&amp;_nc_ht=scontent-vie1-1.xx&amp;oh=00_AfCHYVISi7Z2sUjjG08hz6V6vlL0QvQ7iBRmjCZPVbSWbA&amp;oe=637F8833\" width=\"960\" height=\"720\"><div dir=\"auto\">Zapraszamy do udzia\u0142u w konkursie wiedzy o zdrowym stylu \u017cycia Trzymaj Form\u0119!, kt\u00f3ry adresowany jest do uczni\u00f3w klas VI, VII i VIII szk\u00f3\u0142 podstawowych zainteresowanych zdobyciem i pog\u0142\u0119bianiem wiedzy z zakresu zdrowego stylu \u017cycia w szczeg\u00f3lno\u015bci uwzgl\u0119dniaj\u0105cej tematyk\u0119 zbilansowanej diety i aktywno\u015bci fizycznej.<\/div>\n<div dir=\"auto\">Wi\u0119cej informacji u nauczycieli biologii i...<a href='https:\/\/sp.tuchow.pl\/index.php\/2022\/11\/21\/konkurs-trzymaj-forme\/' class='pfpReadMore'>Read More &raquo;<\/a><div class='clear'><\/div><hr><\/div><div class='pfpItem entry-content'><h2 class='entry-title'><a href='https:\/\/sp.tuchow.pl\/index.php\/2022\/11\/21\/wyniki-konkursu-niepodlegly-tuchow\/'>Wyniki konkursu \u201eNiepodleg\u0142y Tuch\u00f3w\u201d<\/a><\/h2><img loading=\"lazy\" decoding=\"async\" class=\"aligncenter size-full\" src=\"http:\/\/scontent-vie1-1.xx.fbcdn.net\/v\/t39.30808-6\/316237124_576618511134584_5978634903568420177_n.jpg?_nc_cat=106&amp;ccb=1-7&amp;_nc_sid=730e14&amp;_nc_ohc=UYrLPIew0YMAX_nUUFR&amp;_nc_ht=scontent-vie1-1.xx&amp;oh=00_AfCx2d1tdPM0JRoP888lHw-KXKEHXGQNb2WThC7TqLgFOA&amp;oe=63801B91\" width=\"1532\" height=\"2048\"><p>Podczas <strong>\u201eIV Niepodleg\u0142o\u015bciowej Nocy w Muzeum\u201d<\/strong> rozstrzygni\u0119to konkurs na plakat. Odwiedzaj\u0105cy muzeum g\u0142osowali na najpi\u0119kniejsz\u0105 prac\u0119. Oddano 399 g\u0142os\u00f3w\/ Oto wyniki:<\/p>\n<p>I miejsce MAJA SKURUCH z klasy 4 b, miejsca drugie zaj\u0119li ANGELIKA K\u0118DZIOR z klasy 7a i WIKTOR KWA\u015aNY z klasy 4c. Wyr\u00f3\u017cnienie otrzyma\u0142a OLIWIA CZUBA z klasy 2 b.<\/p>\n<p>Gratulujemy...<a href='https:\/\/sp.tuchow.pl\/index.php\/2022\/11\/21\/wyniki-konkursu-niepodlegly-tuchow\/' class='pfpReadMore'>Read More &raquo;<\/a><div class='clear'><\/div><hr><\/div><div class='pfpItem entry-content'><h2 class='entry-title'><a href='https:\/\/sp.tuchow.pl\/index.php\/2022\/11\/20\/za-nami-podroze-i-odkrycia-w-projekcie-ponadnarodowa-mobilnosc-uczniow\/'>Za nami podr\u00f3\u017ce i odkrycia w projekcie Ponadnarodowa Mobilno\u015b\u0107 Uczni\u00f3w<\/a><\/h2><img loading=\"lazy\" decoding=\"async\" class=\"aligncenter size-full\" src=\"http:\/\/scontent-vie1-1.xx.fbcdn.net\/v\/t39.30808-6\/316405506_576024581193977_2403063243589760609_n.jpg?_nc_cat=109&amp;ccb=1-7&amp;_nc_sid=730e14&amp;_nc_ohc=em8tB0Nsp1kAX__W6s6&amp;tn=7edCdB8DceaxOxAI&amp;_nc_ht=scontent-vie1-1.xx&amp;oh=00_AfCyVqhpPrB3ym5FkBWoacl-ALc4Go9dsLqL6Yt5UaQ2qg&amp;oe=637F5491\" width=\"2951\" height=\"1421\"><p style=\"text-align: justify;\"><span style=\"font-weight: 400;\">Szko\u0142a Podstawowa im. Stanis\u0142awa Staszica w Tuchowie zako\u0144czy\u0142a realizacj\u0119 przedsi\u0119wzi\u0119cia \u201cTravel &amp; discover &#8211; podr\u00f3\u017cuj i odkrywaj\u201d. <\/span><span style=\"font-weight: 400;\">To ju\u017c druga ods\u0142ona projektu Ponadnarodowa Mobilno\u015b\u0107 Uczni\u00f3w wsp\u00f3\u0142finansowanego z Europejskiego Funduszu Spo\u0142ecznego w Programie Operacyjnym Wiedza Edukacja Rozw\u00f3j, kt\u00f3ry realizowa\u0142a nasza szko\u0142a.&nbsp;<\/span><\/p>\n<p style=\"text-align: justify;\"><span style=\"font-weight: 400;\">G\u0142\u00f3wnym...<a href='https:\/\/sp.tuchow.pl\/index.php\/2022\/11\/20\/za-nami-podroze-i-odkrycia-w-projekcie-ponadnarodowa-mobilnosc-uczniow\/' class='pfpReadMore'>Read More &raquo;<\/a><div class='clear'><\/div><hr><\/div><div class='pfpItem entry-content'><h2 class='entry-title'><a href='https:\/\/sp.tuchow.pl\/index.php\/2022\/11\/19\/karol-szczerba-na-podium\/'>Karol Szczerba na podium<\/a><\/h2><img loading=\"lazy\" decoding=\"async\" class=\"alignnone size-full\" src=\"http:\/\/scontent-vie1-1.xx.fbcdn.net\/v\/t39.30808-6\/316100717_574957894633979_541050657651159532_n.jpg?_nc_cat=101&amp;ccb=1-7&amp;_nc_sid=730e14&amp;_nc_ohc=t7mz1CQJbxYAX9bQ-ZY&amp;_nc_ht=scontent-vie1-1.xx&amp;oh=00_AfChmHxAlOdyND-2DVby6XtO27V2jPRD-0VeLRYjt6uHaw&amp;oe=637E3A44\" width=\"1536\" height=\"2048\"><p>26 pa\u017adziernika 2022 r. dw\u00f3ch uczni\u00f3w naszej szko\u0142y wzi\u0119\u0142o udzia\u0142 w Wojew\u00f3dzkim X Dyktandzie&nbsp; Niepodleg\u0142o\u015bciowym \u201ePo polsku o historii\u201d. Mi\u0142o nam poinformowa\u0107, \u017ce <strong>Karol Szczerba<\/strong> ucze\u0144 klasy VI b zosta\u0142 laureatem konkurs w kategorii klas IV-VI zajmuj\u0105c <strong>II miejsce<\/strong>.<\/p>\n<p>Serdecznie gratulujemy i \u017cyczymy dalszych sukces\u00f3w!<\/p>\n<p><\/p>\n...<a href='https:\/\/sp.tuchow.pl\/index.php\/2022\/11\/19\/karol-szczerba-na-podium\/' class='pfpReadMore'>Read More &raquo;<\/a><div class='clear'><\/div><hr><\/div><div class='pfpItem entry-content'><h2 class='entry-title'><a href='https:\/\/sp.tuchow.pl\/index.php\/2022\/11\/18\/pasowanie-na-czytelnikow-uczniow-klas-1\/'>PASOWANIE NA CZYTELNIK\u00d3W UCZNI\u00d3W KLAS 1<\/a><\/h2><img loading=\"lazy\" decoding=\"async\" class=\"alignnone size-full\" src=\"http:\/\/scontent-waw1-1.xx.fbcdn.net\/v\/t39.30808-6\/316199724_573992844730484_2672603797046549249_n.jpg?_nc_cat=103&amp;ccb=1-7&amp;_nc_sid=730e14&amp;_nc_ohc=dwxCFE3mj1cAX8Yg82v&amp;_nc_ht=scontent-waw1-1.xx&amp;oh=00_AfAwoe4hvmQndCCaBQ5ujml66B8vzP97qz_-xLAjD_L52g&amp;oe=637D8D80\" width=\"2048\" height=\"1536\"><p style=\"text-align: justify;\">Uroczystym dniem dla szkolnej biblioteki by\u0142 7 listopada 2022 roku.&nbsp; Wtedy to do grona czytelnik\u00f3w naszej biblioteki do\u0142\u0105czyli pierwszoklasi\u015bci, kt\u00f3rzy musieli wykaza\u0107 si\u0119 znajomo\u015bci\u0105 alfabetu, pisaniem oraz czytaniem. Uczniowie zwiedzili tajemnicze zakamarki biblioteki, dowiedzieli si\u0119 jakie s\u0105 korzy\u015bci z czytania, poznali regulamin wypo\u017cyczania ksi\u0105\u017cek. Ka\u017cdy ucze\u0144 w tym...<a href='https:\/\/sp.tuchow.pl\/index.php\/2022\/11\/18\/pasowanie-na-czytelnikow-uczniow-klas-1\/' class='pfpReadMore'>Read More &raquo;<\/a><div class='clear'><\/div><hr><\/div><div class='pfpItem entry-content'><h2 class='entry-title'><a href='https:\/\/sp.tuchow.pl\/index.php\/2022\/11\/17\/gminny-konkurs-swiatecznej-piosenki-obcojezycznej\/'>X Gminny Konkurs \u015awi\u0105tecznej Piosenki Obcoj\u0119zycznej<\/a><\/h2><img loading=\"lazy\" decoding=\"async\" class=\"aligncenter size-full\" src=\"http:\/\/scontent-vie1-1.xx.fbcdn.net\/v\/t39.30808-6\/316308160_574955084634260_8991936471994271754_n.jpg?_nc_cat=101&amp;ccb=1-7&amp;_nc_sid=730e14&amp;_nc_ohc=gorrHhgzNT4AX9Z61in&amp;_nc_ht=scontent-vie1-1.xx&amp;oh=00_AfD1Y6laz9qLGHWqv1hC5ZTK-IcbtgDCbO6XXniU8bPRhw&amp;oe=637E169C\" width=\"1448\" height=\"2048\"><p style=\"text-align: justify;\">Ju\u017c po raz dziesi\u0105ty mamy zaszczyt zaprosi\u0107 Pa\u0144stwa do wzi\u0119cia udzia\u0142u w Gminnym Konkursie \u015awi\u0105tecznej Piosenki Obcoj\u0119zycznej, kt\u00f3ry zostanie rozstrzygni\u0119ty 16 grudnia 2022 r. o godzinie 9:00 w Sali widowiskowej tuchowskiego Domu Kultury.<\/p>\n<p><strong>DO POBRANIA<\/strong><\/p>\n<p><a href=\"https:\/\/sp.tuchow.pl\/pobierz\/konkurs%20obcojezyczny\/karta%20zgloszenia.docx\">Karta zg\u0142oszenia ucznia<\/a><\/p>\n<p><a href=\"https:\/\/sp.tuchow.pl\/pobierz\/konkurs%20obcojezyczny\/REGULAMIN.odt\">Regulamin konkursu<\/a><\/p>\n<p><a href=\"https:\/\/sp.tuchow.pl\/pobierz\/konkurs%20obcojezyczny\/zgoda_RODO.docx\">Zgoda na przetwarzanie danych osobowych oraz zezwolenie na rozpowszechnianie...<a href='https:\/\/sp.tuchow.pl\/index.php\/2022\/11\/17\/gminny-konkurs-swiatecznej-piosenki-obcojezycznej\/' class='pfpReadMore'>Read More &raquo;<\/a><div class='clear'><\/div><hr><\/div><div class='pfpItem entry-content'><h2 class='entry-title'><a href='https:\/\/sp.tuchow.pl\/index.php\/2022\/11\/16\/10694\/'>Zaproszenie do II edycji akcji charytatywnej \u201ePomaganie jest cool\u201d.<\/a><\/h2><img loading=\"lazy\" decoding=\"async\" class=\"aligncenter size-full\" src=\"http:\/\/scontent-waw1-1.xx.fbcdn.net\/v\/t39.30808-6\/316037932_572167358246366_2389689895480940611_n.jpg?_nc_cat=102&amp;ccb=1-7&amp;_nc_sid=730e14&amp;_nc_ohc=qGMmRyCg444AX_qMTNS&amp;_nc_ht=scontent-waw1-1.xx&amp;oh=00_AfCod8QQ_hEuKLNqE2OHzygH5OIrTarZRAZEJ74hY0BNUQ&amp;oe=637974D2\" width=\"1448\" height=\"2048\"><p>W ubieg\u0142ym roku szkolnym Tuchowskie Miko\u0142aje wywo\u0142a\u0142y u\u015bmiech i wzruszenie na bu\u017akach ma\u0142ych Pacjent\u00f3w Uniwersyteckiego Szpitala Dzieci\u0119cego w Krakowie. W tym roku chcemy sprawi\u0107 rado\u015b\u0107 dzieciom z tarnowskich dom\u00f3w dziecka, w kt\u00f3rych obecnie przebywa oko\u0142o 60 podopiecznych w wieku od 2 do 17 roku \u017cycia.<\/p>\n<p>Aby da\u0107 Im namiastk\u0119 rado\u015bci przygotujmy...<a href='https:\/\/sp.tuchow.pl\/index.php\/2022\/11\/16\/10694\/' class='pfpReadMore'>Read More &raquo;<\/a><div class='clear'><\/div><hr><\/div><div class='pfpItem entry-content'><h2 class='entry-title'><a href='https:\/\/sp.tuchow.pl\/index.php\/2022\/11\/16\/wycieczka-klasy-4c-i-4d-do-tarnowa\/'>Wycieczka klasy 4c i 4d do Tarnowa<\/a><\/h2><img loading=\"lazy\" decoding=\"async\" class=\"aligncenter size-full\" src=\"http:\/\/scontent-waw1-1.xx.fbcdn.net\/v\/t39.30808-6\/315833571_572156828247419_6052619468325961914_n.jpg?_nc_cat=100&amp;ccb=1-7&amp;_nc_sid=730e14&amp;_nc_ohc=ghiajyGcA3YAX9iRvbA&amp;_nc_ht=scontent-waw1-1.xx&amp;oh=00_AfCxb0FAkRYa4bAJn3cQ_nYLBpe1yKR3VZP8QPvowowUeA&amp;oe=637A7443\" width=\"1533\" height=\"2048\"><p style=\"text-align: justify;\">Dnia 20 pa\u017adziernika o godz. 8:30 zebrali\u015bmy si\u0119 przed budynkiem szko\u0142y aby wyruszy\u0107 na wycieczk\u0119 do Tarnowa. W wycieczce bra\u0142y udzia\u0142 klasy 4d oraz 4c.&nbsp;Na pocz\u0105tku pojechali\u015bmy do Regionalnego Centrum Edukacji o Pami\u0119ci, gdzie odby\u0142y si\u0119 warsztaty pt. ,,Polak ma\u0142y i \u2026 du\u017cy\u2019\u2019. Podoba\u0142a mi si\u0119 pierwsza cz\u0119\u015b\u0107...<a href='https:\/\/sp.tuchow.pl\/index.php\/2022\/11\/16\/wycieczka-klasy-4c-i-4d-do-tarnowa\/' class='pfpReadMore'>Read More &raquo;<\/a><div class='clear'><\/div><hr><\/div><div class='pfpItem entry-content'><h2 class='entry-title'><a href='https:\/\/sp.tuchow.pl\/index.php\/2022\/11\/15\/tu-gdzie-rzeki-bialej-wije-sie-piekna-wstega-czyli-tuchow-w-wierszach\/'>,,Tu, gdzie rzeki Bia\u0142ej wije si\u0119 pi\u0119kna wst\u0119ga\u2019\u2019, czyli Tuch\u00f3w w wierszach<\/a><\/h2><p><strong>Na lekcji j\u0119zyka polskiego przed \u015awi\u0119tem Niepodleg\u0142o\u015bci czytali\u015bmy i omawiali\u015bmy w klasach czwartych utw\u00f3r Jerzego Ficowskiego ,,Tutaj\u2019\u2019. <\/strong><\/p>\n<p><strong>Na wz\u00f3r wiersza dzieci u\u0142o\u017cy\u0142y przepi\u0119kne w swej prostocie wiersze o Tuchowie\u2026<\/strong><\/p>\n<p><strong>Aby mi\u0142owa\u0107 swoj\u0105 wielk\u0105 Ojczyzn\u0119, najpierw trzeba pozna\u0107 i pokocha\u0107 t\u0119 ma\u0142\u0105 w\u0142asn\u0105 ojczyzn\u0119\u2026 <\/strong><\/p>\n<p><strong>&nbsp;<\/strong><\/p>\n<p>&nbsp;<\/p>\n<p><em>Patrycja Augustyn<\/em><\/p>\n<p>Tutaj zielone wzg\u00f3rze, gdzie w ka\u017cdy poranek<br...<a href='https:\/\/sp.tuchow.pl\/index.php\/2022\/11\/15\/tu-gdzie-rzeki-bialej-wije-sie-piekna-wstega-czyli-tuchow-w-wierszach\/' class='pfpReadMore'>Read More &raquo;<\/a><div class='clear'><\/div><hr><\/div><div class='pfpItem entry-content'><h2 class='entry-title'><a href='https:\/\/sp.tuchow.pl\/index.php\/2022\/11\/15\/dyskoteka-andrzejkowa\/'>Dyskoteka andrzejkowa<\/a><\/h2><p>Samorz\u0105d Uczniowski zaprasza na zabaw\u0119 andrzejkow\u0105, kt\u00f3ra odb\u0119dzie si\u0119 24 listopada (czwartek) zgodnie z harmonogramem:<\/p>\n<ul>\n<li>klasy 4-6 w godzinach od 15:00 &#8211; 17:00<\/li>\n<li>klasy 7-8 w godzinach od 17:00 &#8211; 19:00<\/li>\n<\/ul>\n<p>Wst\u0119p 3 z\u0142.<\/p>\n<p>Aby uczestniczy\u0107 w zabawie wymagana jest pisemna zgoda rodzic\u00f3w. Zgody mo\u017cna otrzyma\u0107 od uczni\u00f3w z SU lub opiekuna &#8211; Pani...<a href='https:\/\/sp.tuchow.pl\/index.php\/2022\/11\/15\/dyskoteka-andrzejkowa\/' class='pfpReadMore'>Read More &raquo;<\/a><div class='clear'><\/div><hr><\/div><div class='pfpItem entry-content'><h2 class='entry-title'><a href='https:\/\/sp.tuchow.pl\/index.php\/2022\/11\/15\/mobilne-centrum-edukacyjne-w-tuchowie\/'>Mobilne Centrum Edukacyjne w SP w Tuchowie<\/a><\/h2><img loading=\"lazy\" decoding=\"async\" class=\"aligncenter size-full\" src=\"http:\/\/scontent-prg1-1.xx.fbcdn.net\/v\/t39.30808-6\/315640403_571100138353088_5150037248075628733_n.jpg?_nc_cat=111&amp;ccb=1-7&amp;_nc_sid=730e14&amp;_nc_ohc=HHfmqh95kgsAX-zxIlA&amp;_nc_oc=AQmtO9ODFa3q8-k4BJgenG7B50Zf0YKDuQ5rpou_tdd_LRSBh2d8gfDpGhwNYgTKu8c&amp;_nc_ht=scontent-prg1-1.xx&amp;oh=00_AfB5S-YMC5ogr_IDx6D2neLzPDMkYq7SPqyHuWbQK2YFNw&amp;oe=6378E7B5\" width=\"2048\" height=\"1365\"><p>Charakterystyczna ci\u0119\u017car\u00f3wka MCE wr\u00f3ci\u0142a w tym roku na tras\u0119 po pandemicznej przerwie. W dniach 08-10 listopada uczniowie klas 5-8 mogli uczestniczy\u0107&nbsp; w warsztatach i zaj\u0119ciach prezentuj\u0105cych m.in. nowinki technologiczne &#8211; gdzie mo\u017cna by\u0142o zanurzy\u0107&nbsp;si\u0119 w \u015bwiecie wirtualnej nauki, odkry\u0107 tajniki robotyki lub nauczy\u0107 si\u0119 podstaw programowania. Multimedialna klasopracownia \u201eiLAB\u201d, wirtualna...<a href='https:\/\/sp.tuchow.pl\/index.php\/2022\/11\/15\/mobilne-centrum-edukacyjne-w-tuchowie\/' class='pfpReadMore'>Read More &raquo;<\/a><div class='clear'><\/div><hr><\/div><div class='pfpItem entry-content'><h2 class='entry-title'><a href='https:\/\/sp.tuchow.pl\/index.php\/2022\/11\/14\/szkola-do-hymnu\/'>Szko\u0142a do hymnu<\/a><\/h2><img loading=\"lazy\" decoding=\"async\" class=\"alignnone size-full\" src=\"http:\/\/scontent-prg1-1.xx.fbcdn.net\/v\/t39.30808-6\/315091176_570481265081642_1546634397238707237_n.jpg?_nc_cat=106&amp;ccb=1-7&amp;_nc_sid=730e14&amp;_nc_ohc=tU8BRMwBXlEAX_EqlHn&amp;_nc_ht=scontent-prg1-1.xx&amp;oh=00_AfBNVRxpD4lshNssagdkQy5XkKQ_1Td_0GtYroEIC80AwA&amp;oe=6377BB6B\" width=\"2896\" height=\"1448\"><p>Zach\u0119camy do obejrzenia fotorelacji z wydarzenia.<\/p>\n<p><a href=\"http:\/\/www.facebook.com\/photo\/?fbid=570481275081641&amp;set=pcb.570481641748271\">Fotorelacja<\/a><\/p>\n<p><\/p>\n...<a href='https:\/\/sp.tuchow.pl\/index.php\/2022\/11\/14\/szkola-do-hymnu\/' class='pfpReadMore'>Read More &raquo;<\/a><div class='clear'><\/div><hr><\/div><div class='pfpItem entry-content'><h2 class='entry-title'><a href='https:\/\/sp.tuchow.pl\/index.php\/2022\/11\/14\/uczniowie-w-mobilnym-centrum-edukacyjnym\/'>Uczniowie w Mobilnym Centrum Edukacyjnym<\/a><\/h2><p>W dniu 10 XI klasa 5 A odwiedzi\u0142a Mobilne Centrum Edukacyjne &#8211; ci\u0119\u017car\u00f3wk\u0119 pe\u0142n\u0105 interaktywnych urz\u0105dze\u0144. Podczas warsztat\u00f3w uczniowie poznali r\u00f3\u017cnorodno\u015b\u0107 urz\u0105dze\u0144: multimedialn\u0105 pracowni\u0119, wirtualn\u0105 rzeczywisto\u015b\u0107, gry 3D oraz roboty. Uczestnicy byli bardzo zaanga\u017cowani podczas \u0107wicze\u0144.<\/p>\n<p><a href=\"http:\/\/www.facebook.com\/photo\/?fbid=570473755082393&amp;set=pcb.570474215082347\">Fotorelacja<\/a><\/p>\n...<a href='https:\/\/sp.tuchow.pl\/index.php\/2022\/11\/14\/uczniowie-w-mobilnym-centrum-edukacyjnym\/' class='pfpReadMore'>Read More &raquo;<\/a><div class='clear'><\/div><hr><\/div><div class='pfpItem entry-content'><h2 class='entry-title'><a href='https:\/\/sp.tuchow.pl\/index.php\/2022\/11\/09\/niepodleglosciowa-wycieczka-klasy-7a\/'>Niepodleg\u0142o\u015bciowa wycieczka klasy 7a<\/a><\/h2><img loading=\"lazy\" decoding=\"async\" class=\"alignnone size-full\" src=\"http:\/\/scontent-waw1-1.xx.fbcdn.net\/v\/t39.30808-6\/314371503_566168268846275_4476418345183886159_n.jpg?_nc_cat=105&amp;ccb=1-7&amp;_nc_sid=730e14&amp;_nc_ohc=gHi1MnvPSTYAX9hkcKo&amp;tn=7edCdB8DceaxOxAI&amp;_nc_ht=scontent-waw1-1.xx&amp;oh=00_AfA87wsrZAfkVoI8EAibBkVEhP0t4AwEk-Cp28eRJ_9ESA&amp;oe=63710DE4\" width=\"2048\" height=\"1532\"><p style=\"text-align: justify;\">W dniu 9 listopada 2022r. &nbsp;klasa 7a wyruszy\u0142a na wycieczk\u0119 do Dworku Paderewskiego w K\u0105\u015bnej Dolnej oraz do Muzeum &#8222;Grociarnia&#8221; w Jastrz\u0119bi.<\/p>\n<p style=\"text-align: justify;\">Dzie\u0144 rozpocz\u0119li\u015bmy od zwiedzania Muzeum Etnograficznego, kt\u00f3re okaza\u0142o si\u0119 by\u0107 wyj\u0105tkowo ciekawe. Zobaczyli\u015bmy tam przedmioty codziennego u\u017cytku, kt\u00f3re s\u0142u\u017cy\u0142y naszym przodkom. Mieli\u015bmy okazj\u0119 wej\u015b\u0107 do...<a href='https:\/\/sp.tuchow.pl\/index.php\/2022\/11\/09\/niepodleglosciowa-wycieczka-klasy-7a\/' class='pfpReadMore'>Read More &raquo;<\/a><div class='clear'><\/div><hr><\/div><div class='pfpItem entry-content'><h2 class='entry-title'><a href='https:\/\/sp.tuchow.pl\/index.php\/2022\/11\/09\/wyniki-szkolnego-konkursu-historycznego-rozkoduj-egipskie-hieroglify\/'>Wyniki Szkolnego Konkursu Historycznego \u201eRozkoduj egipskie hieroglify\u201d<\/a><\/h2><img loading=\"lazy\" decoding=\"async\" class=\"alignnone size-full\" src=\"http:\/\/scontent-waw1-1.xx.fbcdn.net\/v\/t39.30808-6\/314334623_566157815513987_6578249121984472696_n.jpg?_nc_cat=111&amp;ccb=1-7&amp;_nc_sid=730e14&amp;_nc_ohc=CP2nNjk7hzAAX9OE8j6&amp;_nc_ht=scontent-waw1-1.xx&amp;oh=00_AfDCdyDPFxylt17fDD9qqnrbm8le8puvLD7czxe8ijrGqw&amp;oe=6371864B\" width=\"2048\" height=\"1365\"><p style=\"text-align: justify;\">4 listopada odby\u0142 si\u0119 Szkolny Konkurs Historyczny \u201eRozkoduj egipskie hieroglify\u201d. Do konkursu przyst\u0105pi\u0142o czterdziestu jeden uczni\u00f3w z klas 4-6. Uczestnicy mieli do wykonania dwa zadania. Pierwsza trudno\u015b\u0107 polega\u0142a na rozszyfrowaniu kilkunastu hase\u0142 zwi\u0105zanych z kultur\u0105 staro\u017cytnego Egiptu. Jak si\u0119 okaza\u0142o, nie by\u0142y to wcale \u0142atwe zadanie, tym bardziej,...<a href='https:\/\/sp.tuchow.pl\/index.php\/2022\/11\/09\/wyniki-szkolnego-konkursu-historycznego-rozkoduj-egipskie-hieroglify\/' class='pfpReadMore'>Read More &raquo;<\/a><div class='clear'><\/div><hr><\/div><div class='pfpItem entry-content'><h2 class='entry-title'><a href='https:\/\/sp.tuchow.pl\/index.php\/2022\/11\/08\/podziel-sie-odrobina-ciepla-z-psem-i-kotem\/'>PODZIEL SI\u0118 ODROBIN\u0104 CIEP\u0141A z PSEM i KOTEM<\/a><\/h2><img loading=\"lazy\" decoding=\"async\" class=\"aligncenter size-full\" src=\"http:\/\/scontent-waw1-1.xx.fbcdn.net\/v\/t39.30808-6\/314328179_565967945532974_6857556386659359180_n.jpg?_nc_cat=104&amp;ccb=1-7&amp;_nc_sid=730e14&amp;_nc_ohc=mbu5UB48-rUAX8lEWLi&amp;_nc_ht=scontent-waw1-1.xx&amp;oh=00_AfBS5nANa13rDwnQL-Tjku_rqrX9ScERVIbFUYy4W_KQ_A&amp;oe=6370A15D\" width=\"2048\" height=\"1479\"><p style=\"text-align: justify;\">Szko\u0142a Podstawowa w Tuchowie zwraca si\u0119 z pro\u015bb\u0105 o pomoc dla bezdomnych zwierz\u0105t. Wraz z Towarzystwem Opieki nad Zwierz\u0119tami oddzia\u0142 w Tarnowie organizujemy zbi\u00f3rk\u0119 u\u017cywanych koc\u00f3w, ko\u0142der oraz karmy. Od 09 listopada 2022 r. przy wej\u015bciu do szko\u0142y wystawione b\u0119dzie pud\u0142o w kt\u00f3rym mo\u017cna zostawia\u0107 przyniesione rzeczy. B\u0119d\u0105...<a href='https:\/\/sp.tuchow.pl\/index.php\/2022\/11\/08\/podziel-sie-odrobina-ciepla-z-psem-i-kotem\/' class='pfpReadMore'>Read More &raquo;<\/a><div class='clear'><\/div><hr><\/div><div class='pfpItem entry-content'><h2 class='entry-title'><a href='https:\/\/sp.tuchow.pl\/index.php\/2022\/11\/06\/xxiii-ogolnopolski-zlot-niepodleglosciowy-lowczowek-2022\/'>XXIII Og\u00f3lnopolski Zlot Niepodleg\u0142o\u015bciowy \u0141owcz\u00f3wek 2022<\/a><\/h2><img loading=\"lazy\" decoding=\"async\" class=\"alignnone size-full\" src=\"http:\/\/scontent-waw1-1.xx.fbcdn.net\/v\/t39.30808-6\/314349592_563375115792257_5697362620201053988_n.jpg?_nc_cat=104&amp;ccb=1-7&amp;_nc_sid=8bfeb9&amp;_nc_ohc=zdoZwtgVp3QAX95_R-v&amp;_nc_ht=scontent-waw1-1.xx&amp;oh=00_AfAJRV3nQiwUNkAamVTysGgecmrKafZb6wDLeUGBS2rG3Q&amp;oe=636DAD43\" width=\"540\" height=\"960\"><div class=\"xdj266r x11i5rnm xat24cr x1mh8g0r x1vvkbs x126k92a\">\n<div dir=\"auto\" style=\"text-align: justify;\">\n<p>6 listopada 2022 roku grupa uczni\u00f3w Szko\u0142y Podstawowej w Tuchowie wraz z Panem Dyrektorem i nauczycielkami uczestniczy\u0142a w XXIII Zlocie Niepodleg\u0142o\u015bciowym w \u0141owcz\u00f3wku.<\/p>\n<p>Po uroczystej Mszy \u015awi\u0119tej ceremoni\u0119 oficjaln\u0105 rozpocz\u0119to odegraniem \u201eMazurka D\u0105browskiego\u201d, po kt\u00f3rym uczestnicy wys\u0142uchali okoliczno\u015bciowych przem\u00f3wie\u0144. Apel Pami\u0119ci z...<a href='https:\/\/sp.tuchow.pl\/index.php\/2022\/11\/06\/xxiii-ogolnopolski-zlot-niepodleglosciowy-lowczowek-2022\/' class='pfpReadMore'>Read More &raquo;<\/a><div class='clear'><\/div><hr><\/div><div class='pfpItem entry-content'><h2 class='entry-title'><a href='https:\/\/sp.tuchow.pl\/index.php\/2022\/11\/04\/iv-niepodleglosciowa-noc-w-muzeum\/'>IV Niepodleg\u0142o\u015bciowa Noc w Muzeum<\/a><\/h2><img loading=\"lazy\" decoding=\"async\" class=\"x1ey2m1c xds687c x5yr21d x10l6tqk x17qophe x13vifvy xh8yej3 xl1xv1r aligncenter\" src=\"http:\/\/scontent-waw1-1.xx.fbcdn.net\/v\/t39.30808-6\/312624367_561896365940132_2597251649674466915_n.jpg?stp=dst-jpg_s720x720&amp;_nc_cat=109&amp;ccb=1-7&amp;_nc_sid=730e14&amp;_nc_ohc=hSthG4I9tBcAX9ygQaY&amp;_nc_ht=scontent-waw1-1.xx&amp;oh=00_AfB0XpN_LKFlSDFNwzBCFpybCb7to544P7dUhNmU83P4Mg&amp;oe=636A21A5\" alt=\"Mo\u017ce by\u0107 zdj\u0119ciem przedstawiaj\u0105cym tekst \u201eNOC W MUZEUM TUCH\u00d3W 10 listopada 2022 17.00-21.00 \u201eSok\u00f3\u0142&quot; oraz podziemia Domu Kultury @ 18.30 Koncert,, \u201ePiosenki wiecznie m\u0142ode&quot; zrepertuaruHanki Ordon\u00f3wnej: Alicja tanis\u0142awczyk-Ka wat, Rafa\u0142 Pawlak, Bogdan Ko\u0142odz ejczyk ury) 19.00 Nocny spacer po Tuchowie,, Soko\u0142a do Izby Pami\u0119ci w CKZiU&quot; (zbi\u00f3rka przed, \u201eSoko\u0142em&quot; Kawiarenka -szkolnych wspomnie\u0144 czar \u09e8 Zagadkowo na weso\u0142o oraz warsztaty dla dzieci ORGANIZATORZY: Muzyka na \u017cywo MKULTTUCHOWIE iejskie SZKO\u0141APODSTAWOWA\u201d\" width=\"659\" height=\"932\"><div>\n<div class=\"\" dir=\"auto\">\n<div id=\"jsc_c_9b\" class=\"x1iorvi4 x1pi30zi x1l90r2v x1swvt13\" data-ad-comet-preview=\"message\" data-ad-preview=\"message\">\n<div class=\"x78zum5 xdt5ytf xz62fqu x16ldp7u\">\n<div class=\"xu06os2 x1ok221b\">\n<div class=\"xdj266r x11i5rnm xat24cr x1mh8g0r x1vvkbs x126k92a\">\n<div dir=\"auto\">Zach\u0119camy do udzia\u0142u w IV Niepodleg\u0142o\u015bciowej Nocy w Muzeum. Wi\u0119cej szczeg\u00f3\u0142\u00f3w na plakacie.<\/div>\n<div dir=\"auto\">&nbsp;<\/div>\n<\/div>\n<\/div>\n<\/div>\n<\/div>\n<\/div>\n<div id=\"jsc_c_9c\" class=\"x1n2onr6\">\n<div class=\"x1n2onr6\">\n<div class=\"x6s0dn4 x1jx94hy x78zum5 xdt5ytf x6ikm8r x10wlt62 x1n2onr6 xh8yej3\">\n<div>\n<div class=\"xqtp20y x6ikm8r x10wlt62...<a href='https:\/\/sp.tuchow.pl\/index.php\/2022\/11\/04\/iv-niepodleglosciowa-noc-w-muzeum\/' class='pfpReadMore'>Read More &raquo;<\/a><div class='clear'><\/div><hr><\/div><div class='pfpItem entry-content'><h2 class='entry-title'><a href='https:\/\/sp.tuchow.pl\/index.php\/2022\/11\/01\/gra-terenowa-tacy-jak-my-historia-zydow-w-okupowanym-tuchowie-1939-1945\/'>Gra terenowa Tacy jak my. Historia \u017byd\u00f3w w okupowanym Tuchowie 1939-1945<\/a><\/h2><img loading=\"lazy\" decoding=\"async\" class=\"aligncenter size-full\" src=\"http:\/\/scontent-prg1-1.xx.fbcdn.net\/v\/t39.30808-6\/312347176_558919672904468_8715839966483205572_n.jpg?_nc_cat=105&amp;ccb=1-7&amp;_nc_sid=730e14&amp;_nc_ohc=H7ty6pKrDz0AX-x-EjN&amp;_nc_ht=scontent-prg1-1.xx&amp;oh=00_AfDQntmF1pqSwz0h3JtqOrUSoiOd1HrLzyGyiNRTLPCCQg&amp;oe=6365DD6A\" width=\"2048\" height=\"1536\"><p style=\"text-align: justify;\">Po raz kolejny m\u0142odzie\u017c wzi\u0119\u0142a udzia\u0142 w grze terenowej \u201eTacy ja my. Historia \u017byd\u00f3w w okupowanym Tuchowie 1939-1945\u201d. Gra jest elementem wielkoletniej innowacji programowej przygotowanej dla uczni\u00f3w klas \u00f3smych o sytuacji \u017byd\u00f3w w czasie okupacji niemieckiej.<br \/>\n27 pa\u017adziernika o godzinie 10.30 czteroosobowe dru\u017cyny rozpocz\u0119\u0142y rywalizacj\u0119. Dla uczestnik\u00f3w przygotowano...<a href='https:\/\/sp.tuchow.pl\/index.php\/2022\/11\/01\/gra-terenowa-tacy-jak-my-historia-zydow-w-okupowanym-tuchowie-1939-1945\/' class='pfpReadMore'>Read More &raquo;<\/a><div class='clear'><\/div><hr><\/div><div class='pfpItem entry-content'><h2 class='entry-title'><a href='https:\/\/sp.tuchow.pl\/index.php\/2022\/11\/01\/udzial-w-wystawie-historia-w-swiadectwie-szkolnym-zatrzymana\/'>Udzia\u0142 w wystawie Historia w \u015bwiadectwie szkolnym zatrzymana<\/a><\/h2><img loading=\"lazy\" decoding=\"async\" class=\"aligncenter size-full\" src=\"http:\/\/scontent-prg1-1.xx.fbcdn.net\/v\/t39.30808-6\/312355580_558914216238347_8982845118755573161_n.jpg?_nc_cat=105&amp;ccb=1-7&amp;_nc_sid=730e14&amp;_nc_ohc=u6aL8j4ars0AX-ja8wG&amp;_nc_ht=scontent-prg1-1.xx&amp;oh=00_AfDup1JY65nZzHDrmCqg6zc_2QMFsg-kc5_FyGRD0GI-EA&amp;oe=63663F87\" width=\"2048\" height=\"1536\"><p style=\"text-align: justify;\">W dniach 25-26&nbsp; pa\u017adziernika klasy si\u00f3dme oraz \u00f3sme wraz z opiekunami mia\u0142y okazj\u0119 wzi\u0105\u0107 udzia\u0142 w wystawie przygotowanej przez Centrum Kszta\u0142cenia Zawodowego i Ustawicznego w Tuchowie \u201eHistoria w \u015bwiadectwach szkolnych zatrzymana\u2026\u201d. Podczas oko\u0142o dwugodzinnej wizyty uczniowie poznali histori\u0119 tuchowskiej szko\u0142y podstawowej od XIX wieku do czas\u00f3w okupacji hitlerowskiej....<a href='https:\/\/sp.tuchow.pl\/index.php\/2022\/11\/01\/udzial-w-wystawie-historia-w-swiadectwie-szkolnym-zatrzymana\/' class='pfpReadMore'>Read More &raquo;<\/a><div class='clear'><\/div><hr><\/div><div class='pfpItem entry-content'><h2 class='entry-title'><a href='https:\/\/sp.tuchow.pl\/index.php\/2022\/11\/01\/pamietamy-o-naszych-przodkach-czesc-ii\/'>\"Pami\u0119tamy o naszych przodkach cz\u0119\u015b\u0107 II\"<\/a><\/h2><img loading=\"lazy\" decoding=\"async\" class=\"aligncenter size-full\" src=\"http:\/\/scontent-prg1-1.xx.fbcdn.net\/v\/t39.30808-6\/312623166_558851742911261_4130853340249000923_n.jpg?_nc_cat=110&amp;ccb=1-7&amp;_nc_sid=730e14&amp;_nc_ohc=GthiTUkUE60AX9jbH4c&amp;_nc_ht=scontent-prg1-1.xx&amp;oh=00_AfAU1-pYAJrRNCjtAcs0-9dujsxclU1L4oasYWIWjiHf3A&amp;oe=636575E2\" width=\"1200\" height=\"1600\"><div><strong>#szko\u0142apami\u0119ta &#8222;Pami\u0119tamy o naszych przodkach cz\u0119\u015b\u0107 II&#8221;<\/strong><\/div>\n<div style=\"text-align: justify;\">W pi\u0105tek 28 pa\u017adziernika uczniowie naszej szko\u0142y wraz z cz\u0142onkami&nbsp; Towarzystwa Mi\u0142o\u015bnik\u00f3w Tuchowa oraz M\u0142odzie\u017cowej Rady Gminy po raz drugi tej jesieni , sprz\u0105tali cmentarze wojenne oraz Stary Cmentarz w Tuchowie.<\/div>\n<div style=\"text-align: justify;\">W promieniach jesiennego s\u0142o\u0144ca pracowali\u015bmy w pocie czo\u0142a. Uczniowie pytali...<a href='https:\/\/sp.tuchow.pl\/index.php\/2022\/11\/01\/pamietamy-o-naszych-przodkach-czesc-ii\/' class='pfpReadMore'>Read More &raquo;<\/a><div class='clear'><\/div><hr><\/div><div class='pfpItem entry-content'><h2 class='entry-title'><a href='https:\/\/sp.tuchow.pl\/index.php\/2022\/10\/31\/czytajac-rozwijasz-skrzydla-wyobrazni\/'>Czytaj\u0105c rozwijasz skrzyd\u0142a wyobra\u017ani!<\/a><\/h2><p style=\"text-align: justify;\">25 Targi Ksi\u0105\u017cki w Krakowie to cudowne wydarzenie! M\u00f3wimy, \u017ce m\u0142odzie\u017c nie czyta, \u017ce nie chce bra\u0107 ksi\u0105\u017cki do r\u0119ki. Mo\u017ce to i prawda, ale nie dotyczy wszystkich.<\/p>\n<p style=\"text-align: justify;\">45 uczni\u00f3w ze Szko\u0142y Podstawowej im. Stanis\u0142awa Staszica udowodni\u0142o, \u017ce lubi ksi\u0105\u017cki. 27 pa\u017adziernika2022 roku w s\u0142oneczny jesienny ranek...<a href='https:\/\/sp.tuchow.pl\/index.php\/2022\/10\/31\/czytajac-rozwijasz-skrzydla-wyobrazni\/' class='pfpReadMore'>Read More &raquo;<\/a><div class='clear'><\/div><hr><\/div><div class='pfpItem entry-content'><h2 class='entry-title'><a href='https:\/\/sp.tuchow.pl\/index.php\/2022\/10\/31\/biblioteka-szkolna-czytanie-rozwija-skrzydla-wyobrazni\/'>Biblioteka szkolna \u2013 czytanie rozwija skrzyd\u0142a wyobra\u017ani!<\/a><\/h2><img loading=\"lazy\" decoding=\"async\" class=\"alignnone size-full\" src=\"http:\/\/scontent-vie1-1.xx.fbcdn.net\/v\/t39.30808-6\/312191203_557946729668429_5445889763406945529_n.jpg?_nc_cat=106&amp;ccb=1-7&amp;_nc_sid=730e14&amp;_nc_ohc=QgxLE4Cf-e8AX_Dgo0v&amp;_nc_ht=scontent-vie1-1.xx&amp;oh=00_AfA0X82wLGMqhvlpNqylFVufs2c9yql1nyW84iVt2jcTYQ&amp;oe=6364A29C\" width=\"1200\" height=\"1600\"><p style=\"text-align: justify;\">W tym roku (w maju 2022) nasza szko\u0142a pozyska\u0142a fundusze z Narodowego Programu Rozwoju Czytelnictwa, dzi\u0119ki czemu do biblioteki szkolnej zosta\u0142y zakupione nowe ksi\u0105\u017cki. W tym roku szkolnym 2022-2023&nbsp; czeka was wiele projekt\u00f3w czytelniczych, ka\u017cda z&nbsp; klas b\u0119dzie mia\u0142a swoj\u0105 przygod\u0119 z ksi\u0105\u017ckami. Jeszcze we wrze\u015bniu uda\u0142o nam...<a href='https:\/\/sp.tuchow.pl\/index.php\/2022\/10\/31\/biblioteka-szkolna-czytanie-rozwija-skrzydla-wyobrazni\/' class='pfpReadMore'>Read More &raquo;<\/a><div class='clear'><\/div><hr><\/div><div class='pfpItem entry-content'><h2 class='entry-title'><a href='https:\/\/sp.tuchow.pl\/index.php\/2022\/10\/26\/pumpkins-day-wyniki-konkursu\/'>\u201ePUMPKIN\u2019S DAY \u2013 wyniki\u00a0konkursu<\/a><\/h2><div class=\"xdj266r x11i5rnm xat24cr x1mh8g0r x1vvkbs\">\n<div dir=\"auto\">Z okazji Dnia Dyni (Pumpkin\u2019s Day) zosta\u0142 zorganizowany konkurs dla klas 1-3 na naj\u0142adniejsz\u0105 prac\u0119 z dyni. Do konkursu zg\u0142oszono 63 prace. Wszystkie dynie by\u0142y pi\u0119kne i pomys\u0142owe, dlatego jury mia\u0142o bardzo trudne zadanie, aby wybra\u0107 zwyci\u0119zc\u00f3w.<\/div>\n<div dir=\"auto\">&nbsp;<\/div>\n<\/div>\n<div class=\"x11i5rnm xat24cr x1mh8g0r x1vvkbs xtlvy1s\">\n<div dir=\"auto\">Po...<a href='https:\/\/sp.tuchow.pl\/index.php\/2022\/10\/26\/pumpkins-day-wyniki-konkursu\/' class='pfpReadMore'>Read More &raquo;<\/a><div class='clear'><\/div><hr><\/div><div class='pfpItem entry-content'><h2 class='entry-title'><a href='https:\/\/sp.tuchow.pl\/index.php\/2022\/10\/23\/pamietamy-o-naszych-przodkach-3\/'>Pami\u0119tamy o naszych przodkach<\/a><\/h2><img loading=\"lazy\" decoding=\"async\" class=\"aligncenter size-full\" src=\"http:\/\/scontent-prg1-1.xx.fbcdn.net\/v\/t39.30808-6\/312202495_550609883735447_8084881004863531953_n.jpg?_nc_cat=103&amp;ccb=1-7&amp;_nc_sid=730e14&amp;_nc_ohc=T-8crgulKRoAX-FIzid&amp;_nc_ht=scontent-prg1-1.xx&amp;oh=00_AT-Sw0k1yJocsy6XnrMZOp4O9gwIok1mGALM8Z8hQlseNg&amp;oe=6359791D\" width=\"1600\" height=\"1196\"><p style=\"text-align: justify;\">Jak co roku ch\u0119tni uczniowie klas \u00f3smych Szko\u0142y Podstawowej im. Stanis\u0142awa Staszica w Tuchowie wraz z cz\u0142onkami M\u0142odzie\u017cowej Rady Gminy sprz\u0105tali cmentarze wojenne oraz Stary Cmentarz w Tuchowie. Pogoda nam dopisa\u0142a, ch\u0119ci i humory r\u00f3wnie\u017c, dlatego m\u0142odzi ludzie z przyjemno\u015bci\u0105 uporz\u0105dkowali miejsca pami\u0119ci tych, kt\u00f3rym jeste\u015bmy to winni....<a href='https:\/\/sp.tuchow.pl\/index.php\/2022\/10\/23\/pamietamy-o-naszych-przodkach-3\/' class='pfpReadMore'>Read More &raquo;<\/a><div class='clear'><\/div><hr><\/div><div class='pfpItem entry-content'><h2 class='entry-title'><a href='https:\/\/sp.tuchow.pl\/index.php\/2022\/10\/23\/wycieczka-klas-piatych-do-muzeum-archeologicznego-w-krakowie\/'>Wycieczka klas pi\u0105tych do Muzeum Archeologicznego w Krakowie<\/a><\/h2><img loading=\"lazy\" decoding=\"async\" class=\"alignnone size-full\" src=\"http:\/\/scontent-prg1-1.xx.fbcdn.net\/v\/t39.30808-6\/311742082_550601297069639_6593481300732962178_n.jpg?_nc_cat=107&amp;ccb=1-7&amp;_nc_sid=730e14&amp;_nc_ohc=QPrGlgbq_IYAX-xTNKP&amp;_nc_ht=scontent-prg1-1.xx&amp;oh=00_AT-l6ZBIG5DtLA6GuoJCAxmsBcibgoqCqpy8AV_VrK0SpQ&amp;oe=635A61E9\" width=\"1600\" height=\"1201\"><p style=\"text-align: justify;\">W pa\u017adzierniku klasy pi\u0105te odwiedzi\u0142y Muzeum Archeologiczne w Krakowie. Podczas zaj\u0119\u0107 na ekspozycji muzealnej dzieci mia\u0142y okazj\u0119 zobaczy\u0107 pi\u0119kne zabytki staro\u017cytnego Egiptu, w\u015br\u00f3d kt\u00f3rych spore emocje wzbudzi\u0142y mumie pa\u0144stwa faraon\u00f3w. Ciekawymi eksponatami by\u0142y r\u00f3wnie\u017c zmumifikowane zwierz\u0119ta, kt\u00f3re zajmowa\u0142y szczeg\u00f3ln\u0105 rol\u0119<br \/>\nw kulturze egipskiej. Po cz\u0119\u015bci teoretycznej uczniowie wzi\u0119li...<a href='https:\/\/sp.tuchow.pl\/index.php\/2022\/10\/23\/wycieczka-klas-piatych-do-muzeum-archeologicznego-w-krakowie\/' class='pfpReadMore'>Read More &raquo;<\/a><div class='clear'><\/div><hr><\/div><div class='pfpItem entry-content'><h2 class='entry-title'><a href='https:\/\/sp.tuchow.pl\/index.php\/2022\/10\/23\/szkolny-konkurs-matematyczny-tabliczki-mnozenia\/'>Szkolny konkurs matematyczny tabliczki mno\u017cenia<\/a><\/h2><p>W dniu 12 pa\u017adziernika 2022 r. odby\u0142 si\u0119 szkolny konkurs matematyczny tabliczki mno\u017cenia. Udzia\u0142 wzi\u0119\u0142o 79 uczni\u00f3w z klas 4-8.<\/p>\n<p>Uczniowie, kt\u00f3rzy otrzymali najwi\u0119ksz\u0105 ilo\u015b\u0107 punkt\u00f3w, wygrywaj\u0105 puchary \u201emistrza\u201d i \u201ewicemistrza\u201d&nbsp;tabliczki mno\u017cenia.<\/p>\n<p>Zadanie polega\u0142o na odnalezieniu w ci\u0105gu 5 min. w \u201e<u>wykre\u015blance<\/u>\u201d&nbsp;jak najwi\u0119cej dzia\u0142a\u0144 tabliczki mno\u017cenia. Za ka\u017cde dzia\u0142anie ucze\u0144 otrzymywa\u0142 1...<a href='https:\/\/sp.tuchow.pl\/index.php\/2022\/10\/23\/szkolny-konkurs-matematyczny-tabliczki-mnozenia\/' class='pfpReadMore'>Read More &raquo;<\/a><div class='clear'><\/div><hr><\/div><div class='pfpItem entry-content'><h2 class='entry-title'><a href='https:\/\/sp.tuchow.pl\/index.php\/2022\/10\/20\/zapraszamy-klasy-iv-vi-do-udzialu-w-konkursie-rozkoduj-egipskie-hieroglify\/'>Zapraszamy klasy IV-VI do udzia\u0142u w konkursie \"Rozkoduj egipskie hieroglify\".<\/a><\/h2><img loading=\"lazy\" decoding=\"async\" class=\"alignnone size-full\" src=\"http:\/\/scontent-prg1-1.xx.fbcdn.net\/v\/t39.30808-6\/312316655_548126463983789_645121762664051796_n.jpg?_nc_cat=106&amp;ccb=1-7&amp;_nc_sid=730e14&amp;_nc_ohc=_AoduouZDW4AX_QjCZt&amp;_nc_ht=scontent-prg1-1.xx&amp;oh=00_AT8NOfDUmf3Q1xVOPkJ3VgvvIalxh8Mxpe-mdp64P_PNZQ&amp;oe=6356DA9C\" width=\"1536\" height=\"2048\"><p>&nbsp;<\/p>\n<p style=\"text-align: justify;\">2022 rok jest dat\u0105 rocznic wielu odkry\u0107 archeologicznych. 27 wrze\u015bnia 1822 roku Jean-Fran\u00e7ois Champollion poinformowa\u0142 o odczytaniu hieroglif\u00f3w egipskich znajduj\u0105cych si\u0119 na kamieniu z Rosetty Sto lat p\u00f3\u017aniej, 4 listopada 1922 roku brytyjski archeolog Howard Carter dokona\u0142 epokowego odkrycia &#8211; grobowca faraona Tutenchamona.<\/p>\n<p style=\"text-align: justify;\">Kultura staro\u017cytnego Egiptu pozostaje...<a href='https:\/\/sp.tuchow.pl\/index.php\/2022\/10\/20\/zapraszamy-klasy-iv-vi-do-udzialu-w-konkursie-rozkoduj-egipskie-hieroglify\/' class='pfpReadMore'>Read More &raquo;<\/a><div class='clear'><\/div><hr><\/div><div class='pfpItem entry-content'><h2 class='entry-title'><a href='https:\/\/sp.tuchow.pl\/index.php\/2022\/10\/17\/pociag-do-oswiaty\/'>Poci\u0105g do\u2026 o\u015bwiaty<\/a><\/h2><img loading=\"lazy\" decoding=\"async\" class=\"aligncenter size-full\" src=\"http:\/\/scontent-vie1-1.xx.fbcdn.net\/v\/t39.30808-6\/312422061_557938243002611_3854790506466488048_n.jpg?_nc_cat=105&amp;ccb=1-7&amp;_nc_sid=730e14&amp;_nc_ohc=WtX7jLrSqfgAX-dX_zm&amp;_nc_ht=scontent-vie1-1.xx&amp;oh=00_AfAZ408qgbrEUkw3B4RowxYSDyWI4_UnvzNRjD4PZeiyAA&amp;oe=6363CA0E\" width=\"2048\" height=\"1365\"><p style=\"text-align: center;\"><strong>\u201eNajpi\u0119kniejsz\u0105 rzecz\u0105, jakiej mo\u017cemy do\u015bwiadczy\u0107 jest oczarowanie tajemnic\u0105. Jest to uczucie, kt\u00f3re stoi u kolebki prawdziwej sztuki i prawdziwej nauki. Ten, kto go nie zna i nie potrafi si\u0119 dziwi\u0107, nie potrafi doznawa\u0107 zachwytu, jest martwy, niczym zdmuchni\u0119ta \u015bwieczka.\u201d<\/strong><\/p>\n<p style=\"text-align: center;\"><strong>Alberta Einsteina.<\/strong><\/p>\n<p>&nbsp;<\/p>\n<p style=\"text-align: justify;\">Pragniemy, aby proces kszta\u0142cenia i...<a href='https:\/\/sp.tuchow.pl\/index.php\/2022\/10\/17\/pociag-do-oswiaty\/' class='pfpReadMore'>Read More &raquo;<\/a><div class='clear'><\/div><hr><\/div><div class='pfpItem entry-content'><h2 class='entry-title'><a href='https:\/\/sp.tuchow.pl\/index.php\/2022\/10\/12\/harmonogram-pracy-szkoly-14-pazdziernika-piatek\/'>Harmonogram pracy szko\u0142y 14 pa\u017adziernika \/pi\u0105tek\/<\/a><\/h2><blockquote><p><strong>14 pa\u017adziernika<\/strong>&nbsp;<strong>2022 r<\/strong>.(pi\u0105tek) w naszej szkole b\u0119dziemy \u015bwi\u0119towa\u0107 Dzie\u0144 KEN. W tym dniu nie ma zaj\u0119\u0107 dydaktycznych.<\/p><\/blockquote>\n<blockquote><p>&nbsp;Uczniowie naszej szko\u0142y pod opiek\u0105 wychowawc\u00f3w i nauczycieli bior\u0105 udzia\u0142 w uroczystej akademii w Hali MOSiR&nbsp;wg harmonogramu:<\/p><\/blockquote>\n<blockquote><p>\u00b7&nbsp;&nbsp;&nbsp;&nbsp;&nbsp;&nbsp;&nbsp;&nbsp;Klasy&nbsp;<strong>I &#8211; IV&nbsp;<\/strong>o godz.<u>&nbsp;<\/u><strong><u>9 : 30<\/u><\/strong>&nbsp;.<\/p><\/blockquote>\n<blockquote><p>\u00b7&nbsp;&nbsp;&nbsp;&nbsp;&nbsp;&nbsp;&nbsp;&nbsp;Klasy&nbsp;<strong>V \u2013 VIII<\/strong>&nbsp;<strong>o godz.&nbsp;<u>11 : 00<\/u><\/strong><\/p><\/blockquote>\n<blockquote><p>Po akademii uczniowie wracaj\u0105 do domu.<\/p><\/blockquote>\n<blockquote><p><strong><em><u>Obowi\u0105zuje str\u00f3j galowy!!<\/u><\/em><\/strong><\/p><\/blockquote>\n<blockquote><p><strong>\u015awietlica<\/strong>&nbsp;czynna:&nbsp;<strong>6...<a href='https:\/\/sp.tuchow.pl\/index.php\/2022\/10\/12\/harmonogram-pracy-szkoly-14-pazdziernika-piatek\/' class='pfpReadMore'>Read More &raquo;<\/a><div class='clear'><\/div><hr><\/div><div class='pfpItem entry-content'><h2 class='entry-title'><a href='https:\/\/sp.tuchow.pl\/index.php\/2022\/10\/11\/pumpkins-day\/'>\u201ePUMPKIN\u201dS DAY\u201d<\/a><\/h2><img loading=\"lazy\" decoding=\"async\" class=\"alignnone size-full\" src=\"http:\/\/scontent-vie1-1.xx.fbcdn.net\/v\/t39.30808-6\/311433521_539885721474530_2958205520566398690_n.jpg?_nc_cat=104&amp;ccb=1-7&amp;_nc_sid=730e14&amp;_nc_ohc=x8YOmMeBYcYAX9wdfT2&amp;_nc_ht=scontent-vie1-1.xx&amp;oh=00_AT8kP-DxXMu0pMlPqIqZBhujb-QXEDLU_T9iTQjEwM-LbQ&amp;oe=6349BEFD\" width=\"2048\" height=\"1448\"><p style=\"text-align: justify;\">26. pa\u017adziernika obchodzony jest Dzie\u0144 Dyni (Pumpkin\u2019s Day). Z tej okazji zapraszamy wszystkich uczni\u00f3w klas 1-3 do udzia\u0142u w konkursie na naj\u0142adniejsz\u0105 prac\u0119 wykonan\u0105 z dyni. Prace nale\u017cy sk\u0142ada\u0107 do 24.10.2022 r. w salach lekcyjnych.<\/p>\n<p style=\"text-align: justify;\">WSZYSTKIM UCZESTNIKOM \u017bYCZYMY TW\u00d3RCZYCH POMYS\u0141\u00d3W ORAZ RADO\u015aCI Z TWORZENIA<\/p>\n<p style=\"text-align: right;\"><em>Koordynatorzy konkursu:<\/em><\/p>\n<p...<a href='https:\/\/sp.tuchow.pl\/index.php\/2022\/10\/11\/pumpkins-day\/' class='pfpReadMore'>Read More &raquo;<\/a><div class='clear'><\/div><hr><\/div><div class='pfpItem entry-content'><h2 class='entry-title'><a href='https:\/\/sp.tuchow.pl\/index.php\/2022\/10\/10\/10618\/'>Wyjazd do Auschwitz<\/a><\/h2><p style=\"text-align: justify;\">We wrze\u015bniu uczniowie klas \u00f3smych wraz z opiekunami mieli okazj\u0119 zwiedzi\u0107 Miejsce Pami\u0119ci Auschwitz-Birkenau. M\u0142odzie\u017c pozna\u0142a histori\u0119 za\u0142o\u017cenia oraz zasady funkcjonowania obozu. Z powag\u0105 i zadum\u0105 przechodzili\u015bmy przez kolejne bloki, miejsca strace\u0144 wi\u0119\u017ani\u00f3w, komor\u0119 gazow\u0105 oraz baraki. W ciszy zapalili\u015bmy znicze pod \u201e\u015acian\u0105 \u015amierci\u201d. Z niedowierzeniem m\u0142odzie\u017c ogl\u0105da\u0142a...<a href='https:\/\/sp.tuchow.pl\/index.php\/2022\/10\/10\/10618\/' class='pfpReadMore'>Read More &raquo;<\/a><div class='clear'><\/div><hr><\/div><div class='pfpItem entry-content'><h2 class='entry-title'><a href='https:\/\/sp.tuchow.pl\/index.php\/2022\/10\/09\/nasza-szkola-przystapila-do-projektu-mlegitymacja\/'>mLegitymacja szkolna<\/a><\/h2><p style=\"text-align: justify;\">Nasza szko\u0142a przyst\u0105pi\u0142a do projektu mLegitymacja \u2013 wsp\u00f3lnej inicjatywy Ministerstwa Edukacji i Nauki oraz Ministerstwa Cyfryzacji. mLegitymacja to legitymacja szkolna w telefonie b\u0119d\u0105ca cz\u0119\u015bci\u0105 aplikacji mObywatel.<\/p>\n<p style=\"text-align: justify;\">Mobiln\u0105 legitymacj\u0119 mo\u017ce otrzyma\u0107 ka\u017cdy ucze\u0144, kt\u00f3remu wcze\u015bniej wydano tradycyjn\u0105 wersj\u0119 papierow\u0105 dokumentu.<\/p>\n<p style=\"text-align: justify;\">W tym mobilnym dokumencie zapisane s\u0105 wszystkie...<a href='https:\/\/sp.tuchow.pl\/index.php\/2022\/10\/09\/nasza-szkola-przystapila-do-projektu-mlegitymacja\/' class='pfpReadMore'>Read More &raquo;<\/a><div class='clear'><\/div><hr><\/div><div class='pfpItem entry-content'><h2 class='entry-title'><a href='https:\/\/sp.tuchow.pl\/index.php\/2022\/10\/08\/ze-staniatek-z-pucharem\/'>Ze Stani\u0105tek z pucharem!<\/a><\/h2><img loading=\"lazy\" decoding=\"async\" class=\"alignnone size-full\" src=\"http:\/\/scontent-waw1-1.xx.fbcdn.net\/v\/t39.30808-6\/310932282_537927085003727_254011715785826954_n.jpg?_nc_cat=109&amp;ccb=1-7&amp;_nc_sid=730e14&amp;_nc_ohc=8TiEYHA0ipMAX_fiHsq&amp;tn=0yjKY1v1cgfusL1M&amp;_nc_ht=scontent-waw1-1.xx&amp;oh=00_AT84Hp0n5Km8_uvNORGJ6IPAEoKdXP8OsbUPC44ommeshA&amp;oe=6348E93D\" width=\"1296\" height=\"1734\"><p>W pi\u0105tek 23 wrze\u015bnia w Stani\u0105tkach odby\u0142 si\u0119 turniej szachowy w ramach projektu \u201eSzachy \u2013 ruch w stron\u0119 intelektu\u201d. Nasz\u0105 szko\u0142\u0119 reprezentowa\u0142o dw\u00f3ch m\u0142odych szachist\u00f3w \u2013 <u>Aleksander Krupa i Karol Ogiela z klasy 1a.<\/u><\/p>\n<p>W grupie m\u0142odszej gra\u0142o 21 dzieci, zwyci\u0119\u017cy\u0142 Karol Ogiela, kt\u00f3ry zdoby\u0142 komplet punkt\u00f3w! Nie by\u0142o drugiej takiej...<a href='https:\/\/sp.tuchow.pl\/index.php\/2022\/10\/08\/ze-staniatek-z-pucharem\/' class='pfpReadMore'>Read More &raquo;<\/a><div class='clear'><\/div><hr><\/div><div class='pfpItem entry-content'><h2 class='entry-title'><a href='https:\/\/sp.tuchow.pl\/index.php\/2022\/10\/07\/welcome-home\/'>Welcome home<\/a><\/h2><img loading=\"lazy\" decoding=\"async\" src=\"http:\/\/static.xx.fbcdn.net\/images\/emoji.php\/v9\/t5\/1\/16\/1f382.png\" alt=\"?\" width=\"16\" height=\"16\"><div class=\"xdj266r x11i5rnm xat24cr x1mh8g0r x1vvkbs x126k92a\">\n<div dir=\"auto\">&#8222;Welcome home&#8221;<\/div>\n<div dir=\"auto\" style=\"text-align: justify;\">Po 12 dniach mobilno\u015bci sp\u0119dzonych w portugalskim mie\u015bcie Barcelos, nadszed\u0142 czas na powr\u00f3t do Polski.<\/div>\n<div dir=\"auto\" style=\"text-align: justify;\">Zanim wyruszyli\u015bmy na lotnisko, uczcili\u015bmy jeszcze jednego z naszych portugalskich opiekun\u00f3w, pana Francisco, kt\u00f3ry dzi\u015b \u015bwi\u0119towa\u0142 urodziny<span class=\"x3nfvp2 x1j61x8r x1fcty0u xdj266r xhhsvwb...<a href='https:\/\/sp.tuchow.pl\/index.php\/2022\/10\/07\/welcome-home\/' class='pfpReadMore'>Read More &raquo;<\/a><div class='clear'><\/div><hr><\/div><div class='pfpItem entry-content'><h2 class='entry-title'><a href='https:\/\/sp.tuchow.pl\/index.php\/2022\/10\/06\/jedenasty-dzien-pobytu-w-portugalii\/'>Jedenasty dzie\u0144 pobytu w Portugalii<\/a><\/h2><div dir=\"auto\" style=\"text-align: justify;\">Jedenasty dzie\u0144 pobytu w Portugalii up\u0142yn\u0105\u0142 nam g\u0142\u00f3wnie na ko\u0144cowych pracach projektowych i na podsumowaniu naszych dzia\u0142a\u0144 w projekcie \u201cTravel &amp; discover &#8211; podr\u00f3\u017cuj i odkrywaj\u201d.<\/div>\n<div dir=\"auto\" style=\"text-align: justify;\">Po \u015bniadaniu rozwi\u0105zywali\u015bmy quiz sprawdzaj\u0105cy nasze skojarzenia z Portugali\u0105 oraz to, ile dowiedzieli\u015bmy si\u0119 na temat odkry\u0107 portugalskich odkrywc\u00f3w....<a href='https:\/\/sp.tuchow.pl\/index.php\/2022\/10\/06\/jedenasty-dzien-pobytu-w-portugalii\/' class='pfpReadMore'>Read More &raquo;<\/a><div class='clear'><\/div><hr><\/div><div class='pfpItem entry-content'><h2 class='entry-title'><a href='https:\/\/sp.tuchow.pl\/index.php\/2022\/10\/05\/dziesiaty-dzien-pobytu-w-portugalii\/'>Dziesi\u0105ty dzie\u0144 pobytu w Portugalii<\/a><\/h2><div dir=\"auto\">Dzisiaj min\u0105\u0142 10 dzie\u0144 pobytu w Portugalii. Po \u015bniadaniu ko\u0144czyli\u015bmy nasze projektowe zadania, mi\u0119dzy innymi prac\u0119 nad przewodnikiem po Portugalii &#8222;Discover Portugal&#8221; poczt\u00f3wk\u0119 z Portugalii, oraz map\u0119 &#8222;Must See map&#8221; z miejscami z Polski, kt\u00f3re polecamy do zwiedzenia. Po lunchu ko\u0144czyli\u015bmy zadania, a potem pojechali\u015bmy po raz ostatni na...<a href='https:\/\/sp.tuchow.pl\/index.php\/2022\/10\/05\/dziesiaty-dzien-pobytu-w-portugalii\/' class='pfpReadMore'>Read More &raquo;<\/a><div class='clear'><\/div><hr><\/div><div class='pfpItem entry-content'><h2 class='entry-title'><a href='https:\/\/sp.tuchow.pl\/index.php\/2022\/10\/03\/osmy-dzien-pobytu-w-portugalii\/'>\u00d3smy dzie\u0144 pobytu w Portugalii<\/a><\/h2><div dir=\"auto\" style=\"text-align: justify;\">Dzisiaj zako\u0144czyli\u015bmy sw\u00f3j \u00f3smy dzie\u0144 pobytu w Portugalii. Rano po \u015bniadaniu pojechali\u015bmy do szko\u0142y, w kt\u00f3rej prezentowali\u015bmy nasze prace i prezentacje oraz rozdali\u015bmy wcze\u015bniej przygotowane prezenty. Mimo bariery j\u0119zykowej, uczniowie bardzo uwa\u017cnie s\u0142uchali r\u00f3\u017cnych informacji na temat naszej szko\u0142y,Tuchowa i Polski. Potem sprawdzili\u015bmy portugalskich uczni\u00f3w z tych...<a href='https:\/\/sp.tuchow.pl\/index.php\/2022\/10\/03\/osmy-dzien-pobytu-w-portugalii\/' class='pfpReadMore'>Read More &raquo;<\/a><div class='clear'><\/div><hr><\/div><div class='pfpItem entry-content'><h2 class='entry-title'><a href='https:\/\/sp.tuchow.pl\/index.php\/2022\/10\/02\/siodmy-dzien-pobytu-w-portugalii\/'>Si\u00f3dmy dzie\u0144 pobytu w Portugalii<\/a><\/h2><div class=\"m8h3af8h l7ghb35v kjdc1dyq kmwttqpk gh25dzvf n3t5jt4f\">\n<div dir=\"auto\" style=\"text-align: justify;\">Si\u00f3dmy dzie\u0144 mobilno\u015bci zacz\u0119li\u015bmy jak zwykle od \u015bniadania &#8211; tym razem nie musieli\u015bmy wsta\u0107 tak wcze\u015bnie, jak w ostatnich dniach, poniewa\u017c nie mieli\u015bmy napi\u0119tego grafiku jak innymi dniami. Dzisiejszy dzie\u0144 przeznaczyli\u015bmy na aktywny wypoczynek i zwiedzanie kolejnych miejsc w Portugalii.<\/div>\n<\/div>\n<div class=\"l7ghb35v...<a href='https:\/\/sp.tuchow.pl\/index.php\/2022\/10\/02\/siodmy-dzien-pobytu-w-portugalii\/' class='pfpReadMore'>Read More &raquo;<\/a><div class='clear'><\/div><hr><\/div><div class='pfpItem entry-content'><h2 class='entry-title'><a href='https:\/\/sp.tuchow.pl\/index.php\/2022\/10\/01\/szosty-dzien-pobytu-w-portugalii\/'>Sz\u00f3sty dzie\u0144 pobytu w Portugalii<\/a><\/h2><div class=\"m8h3af8h l7ghb35v kjdc1dyq kmwttqpk gh25dzvf n3t5jt4f\">\n<div dir=\"auto\" style=\"text-align: justify;\">Sz\u00f3stego dnia wyjazdu po dobrym \u015bniadaniu wybrali\u015bmy si\u0119 na pla\u017c\u0119 w miejscowo\u015bci Moledo. Po spacerze w pi\u0119knych okoliczno\u015bciach przyrody, przywitali\u015bmy si\u0119 z oceanem, zrobili\u015bmy zdj\u0119cia, a potem zjedli\u015bmy smaczny lunch. Podczas posi\u0142ku, niekt\u00f3rzy z nas pr\u00f3bowali ma\u0142\u017cy, porozmawiali\u015bmy te\u017c z pani\u0105...<a href='https:\/\/sp.tuchow.pl\/index.php\/2022\/10\/01\/szosty-dzien-pobytu-w-portugalii\/' class='pfpReadMore'>Read More &raquo;<\/a><div class='clear'><\/div><hr><\/div><div class='pfpItem entry-content'><h2 class='entry-title'><a href='https:\/\/sp.tuchow.pl\/index.php\/2022\/09\/30\/10591\/'>Pi\u0105ty dzie\u0144 pobytu w  Portugalii<\/a><\/h2><div dir=\"auto\" style=\"text-align: justify;\">Pi\u0105tego dnia naszego pobytu w Portugalii rankiem przywita\u0142a nas s\u0142oneczna pogoda. Dzisiejszy dzie\u0144 zacz\u0119li\u015bmy od \u015bniadania, a nast\u0119pnie wybrali\u015bmy si\u0119 w podr\u00f3\u017c do Viana do Castelo. W tym mie\u015bcie poszli\u015bmy zobaczy\u0107 panoram\u0119 miasta i bazylik\u0119 Santa Luzia na wzg\u00f3rzu. Po ogl\u0105dni\u0119ciu panoramy i bazyliki, udali\u015bmy si\u0119 na...<a href='https:\/\/sp.tuchow.pl\/index.php\/2022\/09\/30\/10591\/' class='pfpReadMore'>Read More &raquo;<\/a><div class='clear'><\/div><hr><\/div><div class='pfpItem entry-content'><h2 class='entry-title'><a href='https:\/\/sp.tuchow.pl\/index.php\/2022\/09\/29\/czwarty-dzien-pobytu-w-portugalii\/'>Czwarty dzie\u0144 pobytu w Portugalii<\/a><\/h2><div class=\"m8h3af8h l7ghb35v kjdc1dyq kmwttqpk gh25dzvf n3t5jt4f\">\n<div dir=\"auto\" style=\"text-align: justify;\">Czwartego dnia pobytu w Portugalii, mimo deszczowego poranka udali\u015bmy si\u0119 do Ten\u00f5es, w kt\u00f3rym podziwiali\u015bmy \u015bwi\u0105tyni\u0119 Bom Jesus do Monte. Przy sanktuarium wykonali\u015bmy zdj\u0119cia. Kolejn\u0105 atrakcj\u0105 w Ten\u00f5es by\u0142o przej\u015bcie 700 schod\u00f3w podczas drogi powrotnej do autobusu.<\/div>\n<\/div>\n<div class=\"l7ghb35v kjdc1dyq kmwttqpk gh25dzvf...<a href='https:\/\/sp.tuchow.pl\/index.php\/2022\/09\/29\/czwarty-dzien-pobytu-w-portugalii\/' class='pfpReadMore'>Read More &raquo;<\/a><div class='clear'><\/div><hr><\/div><div class='pfpItem entry-content'><h2 class='entry-title'><a href='https:\/\/sp.tuchow.pl\/index.php\/2022\/09\/28\/wycieczka-do-port\/'>Wycieczka do Porto<\/a><\/h2><p style=\"text-align: justify;\">Za nami trzeci dzie\u0144 pobytu w Portugalii. Dzisiaj odwiedzili\u015bmy miasto Porto. Po przyje\u017adzie udali\u015bmy si\u0119 na rejs \u0142\u00f3dk\u0105 po rzece Douro. Dzi\u0119ki temu mogli\u015bmy podziwia\u0107 panoram\u0119 miasta. Po rejsie wykonali\u015bmy kilka zdj\u0119\u0107 i poszli\u015bmy do pobliskiej restauracji na obiad, kt\u00f3ry bardzo nam smakowa\u0142.<br \/>\nNast\u0119pnie udali\u015bmy si\u0119 na kr\u00f3tki...<a href='https:\/\/sp.tuchow.pl\/index.php\/2022\/09\/28\/wycieczka-do-port\/' class='pfpReadMore'>Read More &raquo;<\/a><div class='clear'><\/div><hr><\/div><div class='pfpItem entry-content'><h2 class='entry-title'><a href='https:\/\/sp.tuchow.pl\/index.php\/2022\/09\/27\/szkola-partnerska-i-miasto-barcelos\/'>Szko\u0142a partnerska i miasto Barcelos<\/a><\/h2><p style=\"text-align: justify;\">Za nami drugi dzie\u0144 pobytu w portugalskim mie\u015bcie Barcelos, a jednocze\u015bnie pierwszy dzie\u0144 zaj\u0119\u0107 merytorycznych przedsi\u0119wzi\u0119cia &#8222;Travel &amp; discover &#8211; podr\u00f3\u017cuj i odkrywaj&#8221; w ramach projektu Ponadnarodowa Mobilno\u015b\u0107 Uczni\u00f3w. Dzisiaj nasza grupa projektowa zapozna\u0142a si\u0119 ze szko\u0142\u0105 partnersk\u0105 Agrupamento de Escolas de Barcelos. Nasi uczniowie mieli te\u017c okazj\u0119...<a href='https:\/\/sp.tuchow.pl\/index.php\/2022\/09\/27\/szkola-partnerska-i-miasto-barcelos\/' class='pfpReadMore'>Read More &raquo;<\/a><div class='clear'><\/div><hr><\/div><div class='pfpItem entry-content'><h2 class='entry-title'><a href='https:\/\/sp.tuchow.pl\/index.php\/2022\/09\/26\/gotowi-do-lotu\/'>Gotowi do lotu<\/a><\/h2><img loading=\"lazy\" decoding=\"async\" class=\"aligncenter size-full\" src=\"http:\/\/scontent.fopo3-2.fna.fbcdn.net\/v\/t39.30808-6\/307751402_524976639632105_3448700409153243896_n.jpg?_nc_cat=100&amp;ccb=1-7&amp;_nc_sid=8bfeb9&amp;_nc_ohc=c4d-vWWtADcAX_ZXyd9&amp;_nc_ht=scontent.fopo3-2.fna&amp;oh=00_AT9AYAVKMtavvWSvf-cuWv_QmViWnVpAbPBHsdTBT45rxg&amp;oe=63393B54\" width=\"1499\" height=\"2048\"><p style=\"text-align: justify;\">W ramach projektu \u201ePonadnarodowa Mobilno\u015b\u0107 Uczni\u00f3w\u201d wsp\u00f3\u0142finansowanego ze \u015brodk\u00f3w Europejskiego Funduszu Spo\u0142ecznego rozpoczynamy nasz pobyt w Barcelos. Po ca\u0142ym dniu podr\u00f3\u017cy, dotarli\u015bmy do miejsca zakwaterowania oraz zapoznali\u015bmy si\u0119 z okolic\u0105, gdzie \u0107wiczyli\u015bmy umiej\u0119tno\u015bci komunikacji w j\u0119zyku angielskim i portugalskim.<\/p>\n<p><\/p>\n<p><a href=\"http:\/\/www.facebook.com\/photo\/?fbid=524976489632120&amp;set=pcb.524976596298776\">Fotorelacja<\/a><\/p>\n...<a href='https:\/\/sp.tuchow.pl\/index.php\/2022\/09\/26\/gotowi-do-lotu\/' class='pfpReadMore'>Read More &raquo;<\/a><div class='clear'><\/div><hr><\/div><div class='pfpItem entry-content'><h2 class='entry-title'><a href='https:\/\/sp.tuchow.pl\/index.php\/2022\/09\/25\/ponadnarodowa-mobilnosc-uczniow-przygotowania-do-podrozy\/'>Ponadnarodowa mobilno\u015b\u0107 uczni\u00f3w \u2013 przygotowania do podr\u00f3\u017cy<\/a><\/h2><p>Dzia\u0142ania przygotowuj\u0105ce, jak i ca\u0142y projekt jest wsp\u00f3\u0142finansowany z Europejskiego Funduszu Spo\u0142ecznego w Programie Operacyjnym Wiedza Edukacja Rozw\u00f3j.<\/p>\n<p style=\"text-align: justify;\">Zako\u0144czy\u0142 si\u0119 w\u0142a\u015bnie etap dzia\u0142a\u0144 przygotowuj\u0105cych w przedsi\u0119wzi\u0119ciu \u201cTravel &amp; discover &#8211; podr\u00f3\u017cuj i odkrywaj\u201d 2021-1-PMU-4421 w ramach projektu \u201ePonadnarodowa mobilno\u015b\u0107 uczni\u00f3w\u201d.<\/p>\n<p style=\"text-align: justify;\">Zaj\u0119cia przygotowawcze by\u0142y realizowane od po\u0142owy maja. Obejmowa\u0142y...<a href='https:\/\/sp.tuchow.pl\/index.php\/2022\/09\/25\/ponadnarodowa-mobilnosc-uczniow-przygotowania-do-podrozy\/' class='pfpReadMore'>Read More &raquo;<\/a><div class='clear'><\/div><hr><\/div><div class='pfpItem entry-content'><h2 class='entry-title'><a href='https:\/\/sp.tuchow.pl\/index.php\/2022\/09\/22\/kto-jesli-nie-ty-kto-jesli-nie-my-kto-jesli-nie-ja-pomagac-innym-ma\/'>Kto je\u015bli nie ty, kto je\u015bli nie my.\u00a0Kto je\u015bli nie ja, pomaga\u0107 innym ma?<\/a><\/h2><img loading=\"lazy\" decoding=\"async\" class=\"alignnone size-full\" src=\"http:\/\/scontent-waw1-1.xx.fbcdn.net\/v\/t39.30808-6\/308200080_521733999956369_3246296013427337136_n.jpg?_nc_cat=106&amp;ccb=1-7&amp;_nc_sid=730e14&amp;_nc_ohc=WTN65bhS4ukAX_IKZPc&amp;tn=7edCdB8DceaxOxAI&amp;_nc_ht=scontent-waw1-1.xx&amp;oh=00_AT-FpnXrw5uZmFZoYC2I48Vhh_ZAJqmVtC-fbkSCl8lBjg&amp;oe=63314E8B\" width=\"1600\" height=\"757\"><p>&nbsp;<\/p>\n<p>22 wrze\u015bnia 2022 roku&nbsp; za\u0142o\u017cyli\u015bmy pi\u017cam\u0119, przyszli\u015bmy&nbsp; do szko\u0142y, obudzili\u015bmy w sobie Anio\u0142a i okazali\u015bmy &nbsp;wsparcie dzieciom z oddzia\u0142u Dzieci\u0119cej Onkologii i Hematologii w Lublinie, pod skrzyd\u0142ami fundacji \u201eGdy Liczy si\u0119 Czas\u201d z siedzib\u0105 w Lublinie , ul. Nowy \u015awiat 30a\/6.<\/p>\n<p>S\u0142owa podzi\u0119kowania kierujemy:<\/p>\n<p>&nbsp;&#8211; do dyrektora naszej szko\u0142y,&nbsp; kt\u00f3ry zezwoli\u0142 na...<a href='https:\/\/sp.tuchow.pl\/index.php\/2022\/09\/22\/kto-jesli-nie-ty-kto-jesli-nie-my-kto-jesli-nie-ja-pomagac-innym-ma\/' class='pfpReadMore'>Read More &raquo;<\/a><div class='clear'><\/div><hr><\/div><div class='pfpItem entry-content'><h2 class='entry-title'><a href='https:\/\/sp.tuchow.pl\/index.php\/2022\/09\/20\/narodowe-czytanie-w-tuchowie\/'>Narodowe Czytanie w Tuchowie.<\/a><\/h2><img loading=\"lazy\" decoding=\"async\" class=\"aligncenter size-full\" src=\"http:\/\/scontent-waw1-1.xx.fbcdn.net\/v\/t39.30808-6\/307907612_520020603461042_2311002118215922618_n.jpg?_nc_cat=103&amp;ccb=1-7&amp;_nc_sid=730e14&amp;_nc_ohc=e5MjZsE6AisAX8dnPHn&amp;_nc_ht=scontent-waw1-1.xx&amp;oh=00_AT8_YqvYoB0kpCrPfPZ4WOiyw0NgG_o2QPcOhpa-EH0_oQ&amp;oe=632F24A9\" width=\"1600\" height=\"1196\"><p style=\"text-align: justify;\">Kolejny raz uda\u0142o nam si\u0119 w pi\u0119kny sobotni poranek zorganizowa\u0107 publiczne czytanie wybranej na 2022 rok ksi\u0105\u017cki. By\u0142y to \u201eBallady i romanse\u201d Adama Mickiewicza. Narodowe Czytanie jest polsk\u0105 akcj\u0105 spo\u0142eczn\u0105 propaguj\u0105c\u0105 znajomo\u015b\u0107 literatury narodowej, w kt\u00f3rej obszerne fragmenty dzie\u0142 odczytywane s\u0105 publicznie, r\u00f3wnie\u017c w \u015brodkach masowego przekazu. Akcja...<a href='https:\/\/sp.tuchow.pl\/index.php\/2022\/09\/20\/narodowe-czytanie-w-tuchowie\/' class='pfpReadMore'>Read More &raquo;<\/a><div class='clear'><\/div><hr><\/div><div class='pfpItem entry-content'><h2 class='entry-title'><a href='https:\/\/sp.tuchow.pl\/index.php\/2022\/09\/17\/ii-ogolnopolski-charytatywny-dzien-pizamy-w-szkole\/'>II Og\u00f3lnopolski Charytatywny Dzie\u0144 Pi\u017camy w Szkole<\/a><\/h2><img loading=\"lazy\" decoding=\"async\" class=\"aligncenter size-full\" src=\"http:\/\/scontent-waw1-1.xx.fbcdn.net\/v\/t39.30808-6\/307103255_517254227071013_3600699190002686655_n.jpg?_nc_cat=100&amp;ccb=1-7&amp;_nc_sid=730e14&amp;_nc_ohc=ZhU6XC-jz1wAX9Lo608&amp;_nc_ht=scontent-waw1-1.xx&amp;oh=00_AT9HqP6jXVoVxFl27dVZZbWhYWCXRmoJAvlE-8xJN2AbqA&amp;oe=632ABB73\" width=\"1536\" height=\"2048\"><p style=\"text-align: center;\"><strong>Fundacja \u201eGdy liczy si\u0119 czas\u201d&nbsp;<\/strong><strong>zaprasza na&nbsp;<\/strong><strong>II Og\u00f3lnopolski Charytatywny Dzie\u0144 Pi\u017camy w Szkole!<\/strong><\/p>\n<p style=\"text-align: center;\"><strong>Obud\u017a w Sobie Anio\u0142a 2022\/2023&nbsp;<\/strong><strong>na rzecz Onkochorych Dzieci<\/strong><\/p>\n<p style=\"text-align: justify;\">22 wrze\u015bnia 2022r.(czwartek) w naszej szkole zostanie zorganizowana Og\u00f3lnopolska Akcja Charytatywna na rzecz dzieci chorych onkologicznie ,,Dzie\u0144 Pi\u017camy \u2013 obud\u017a w sobie Anio\u0142a\u201d. Pomys\u0142odawc\u0105 jest Fundacja...<a href='https:\/\/sp.tuchow.pl\/index.php\/2022\/09\/17\/ii-ogolnopolski-charytatywny-dzien-pizamy-w-szkole\/' class='pfpReadMore'>Read More &raquo;<\/a><div class='clear'><\/div><hr><\/div><div class='pfpItem entry-content'><h2 class='entry-title'><a href='https:\/\/sp.tuchow.pl\/index.php\/2022\/09\/13\/zapraszamy-klasy-iv-viii-do-udzialu-w-ogolnopolskiej-akcji-bohateron-wlacz-historie\/'>Zapraszamy klasy IV-VIII do udzia\u0142u w og\u00f3lnopolskiej akcji BohaterON-w\u0142\u0105cz histori\u0119!<\/a><\/h2><img loading=\"lazy\" decoding=\"async\" class=\"alignnone size-full\" src=\"http:\/\/scontent-waw1-1.xx.fbcdn.net\/v\/t39.30808-6\/306619083_514459820683787_5511052641651341320_n.jpg?_nc_cat=102&amp;ccb=1-7&amp;_nc_sid=730e14&amp;_nc_ohc=_1HlTwH3x6cAX_s2CFf&amp;tn=7edCdB8DceaxOxAI&amp;_nc_ht=scontent-waw1-1.xx&amp;oh=00_AT-nUIaXS_r5WOtNoNuA4nCiwsn9rhuhQuBskg1qVQR8Yg&amp;oe=63263F6F\" width=\"1448\" height=\"2048\"><p>BohaterON \u2013 w\u0142\u0105cz histori\u0119! to og\u00f3lnopolska akcja maj\u0105ca na celu upami\u0119tnienie i uhonorowanie uczestnik\u00f3w Powstania Warszawskiego! Armia Krajowa, warszawiacy, ochotnicy, w tym r\u00f3wnie\u017c dzieci i m\u0142odzie\u017c walczyli z Niemcami, aby wyzwoli\u0107 stolic\u0119 z r\u0105k okupanta. To 63 dni heroicznej ale i niezwykle dramatycznej walki. Projekt BohaterON ma za celu krzewi\u0107...<a href='https:\/\/sp.tuchow.pl\/index.php\/2022\/09\/13\/zapraszamy-klasy-iv-viii-do-udzialu-w-ogolnopolskiej-akcji-bohateron-wlacz-historie\/' class='pfpReadMore'>Read More &raquo;<\/a><div class='clear'><\/div><hr><\/div><div class='pfpItem entry-content'><h2 class='entry-title'><a href='https:\/\/sp.tuchow.pl\/index.php\/2022\/09\/07\/x-ogolnopolskie-dyktando-niepodleglosciowe-po-polsku-o-historii\/'>X Og\u00f3lnopolskie Dyktando Niepodleg\u0142o\u015bciowe  \u201ePo polsku o historii\"<\/a><\/h2><p><a href=\"http:\/\/www.facebook.com\/photo\/?fbid=509215354541567&amp;set=a.504888074974295\">http:\/\/www.facebook.com\/photo\/?fbid=509215354541567&amp;set=a.504888074974295<\/a><\/p>\n...<a href='https:\/\/sp.tuchow.pl\/index.php\/2022\/09\/07\/x-ogolnopolskie-dyktando-niepodleglosciowe-po-polsku-o-historii\/' class='pfpReadMore'>Read More &raquo;<\/a><div class='clear'><\/div><hr><\/div><div class='pfpItem entry-content'><h2 class='entry-title'><a href='https:\/\/sp.tuchow.pl\/index.php\/2022\/09\/07\/wybory-przewodniczacego-su-oraz-jego-zastepcy\/'>WYBORY PRZEWODNICZ\u0104CEGO SU ORAZ JEGO ZAST\u0118PCY<\/a><\/h2><p style=\"text-align: justify;\">1.&nbsp;&nbsp;&nbsp;&nbsp;&nbsp;&nbsp;<strong>Przewodnicz\u0105cego SU<\/strong>&nbsp;oraz jego&nbsp;<strong>zast\u0119pc\u0119<\/strong>&nbsp;wybiera og\u00f3\u0142 uczni\u00f3w w g\u0142osowaniu powszechnym, tajnym i bezpo\u015brednim.<\/p>\n<p style=\"text-align: justify;\">2.&nbsp;&nbsp;&nbsp;&nbsp;&nbsp;&nbsp;Do g\u0142osowania uprawnieni s\u0105 wszyscy uczniowie klas IV \u2013 VIII.<\/p>\n<p style=\"text-align: justify;\">3.&nbsp;&nbsp;&nbsp;&nbsp;&nbsp;&nbsp;<strong>Kandydat\u00f3w na przewodnicz\u0105cego SU<\/strong>( w liczbie 1 \u2013 2) maj\u0105 prawo zg\u0142asza\u0107 samorz\u0105dy klasowe&nbsp;<strong>klas VII \u2013 VIII.<\/strong><\/p>\n<p style=\"text-align: justify;\">4.&nbsp;&nbsp;&nbsp;&nbsp;&nbsp;&nbsp;<strong>Zg\u0142oszenia<\/strong>&nbsp;dokonywane s\u0105&nbsp;<strong>pisemnie<\/strong>&nbsp;na wniosku pobranym od opiekuna SU.&nbsp;<strong>Zg\u0142oszenie...<a href='https:\/\/sp.tuchow.pl\/index.php\/2022\/09\/07\/wybory-przewodniczacego-su-oraz-jego-zastepcy\/' class='pfpReadMore'>Read More &raquo;<\/a><div class='clear'><\/div><hr><\/div><div class='pfpItem entry-content'><h2 class='entry-title'><a href='https:\/\/sp.tuchow.pl\/index.php\/2022\/09\/05\/pomoc-materialna-dla-uczniow-o-charakterze-socjalnym-20222023\/'>Pomoc materialna dla uczni\u00f3w o charakterze socjalnym 2022\/2023<\/a><\/h2><p style=\"text-align: justify;\"><strong>Stypendium szkolne<\/strong> mo\u017ce otrzyma\u0107 ucze\u0144 znajduj\u0105c si\u0119 w trudnej sytuacji materialnej, wynikaj\u0105cej z niskich dochod\u00f3w na osob\u0119 w rodzinie, w szczeg\u00f3lno\u015bci gdy w rodzinie wyst\u0119puje: bezrobocie, niepe\u0142nosprawno\u015b\u0107, ci\u0119\u017cka lub d\u0142ugotrwa\u0142a choroba, wielodzietno\u015b\u0107, brak umiej\u0119tno\u015bci wype\u0142niania funkcji opieku\u0144czo-wychowawczych, alkoholizm lub narkomania, a tak\u017ce rodzina jest niepe\u0142na lub wyst\u0105pi\u0142o zdarzenie...<a href='https:\/\/sp.tuchow.pl\/index.php\/2022\/09\/05\/pomoc-materialna-dla-uczniow-o-charakterze-socjalnym-20222023\/' class='pfpReadMore'>Read More &raquo;<\/a><div class='clear'><\/div><hr><\/div><div class='pfpItem entry-content'><h2 class='entry-title'><a href='https:\/\/sp.tuchow.pl\/index.php\/2022\/08\/30\/uroczyste-rozpoczecie-roku-szkolnego-20222023\/'>Uroczyste rozpocz\u0119cie roku szkolnego 2022\/2023<\/a><\/h2><p><strong>01 wrze\u015bnia 2021 r. (czwartek) odb\u0119dzie si\u0119 uroczyste rozpocz\u0119cie&nbsp;roku szkolnego 2022\/2023.&nbsp;<\/strong><\/p>\n<ul>\n<li>Uczniowie klas I \u2013 IV przychodz\u0105 do ko\u015bcio\u0142a \u015bw. Jakuba na Msz\u0119 \u015bw. na godz. 09:00, a potem pod opiek\u0105 wychowawc\u00f3w i nauczycieli udaj\u0105 si\u0119 do hali MOSiR;<\/li>\n<li>Uczniowie klas V \u2013 VIII przychodz\u0105 do Bazyliki Mniejszej NNMP&nbsp;na Msz\u0119 \u015bw. na...<a href='https:\/\/sp.tuchow.pl\/index.php\/2022\/08\/30\/uroczyste-rozpoczecie-roku-szkolnego-20222023\/' class='pfpReadMore'>Read More &raquo;<\/a><div class='clear'><\/div><hr><\/div><div class='pfpItem entry-content'><h2 class='entry-title'><a href='https:\/\/sp.tuchow.pl\/index.php\/2022\/08\/30\/10535\/'>Uroczysto\u015b\u0107 upami\u0119tniaj\u0105ca 83. rocznic\u0119 wybuchu II wojny \u015bwiatowej<\/a><\/h2><p>Burmistrz Tuchowa, Proboszcz Parafii pw. \u015bw. Jakuba St. Aposto\u0142a,&nbsp;Dom Kultury w Tuchowie, Szko\u0142a Muzyczna I stopnia w Tuchowie oraz nauczyciele szk\u00f3\u0142 z gminy Tuch\u00f3w zapraszaj\u0105 1 wrze\u015bnia 2022 r. na uroczysto\u015b\u0107 upami\u0119tniaj\u0105c\u0105 83. rocznic\u0119 wybuchu II wojny \u015bwiatowej.<\/p>\n<p>Uroczysto\u015b\u0107 rozpocznie si\u0119 Msz\u0105 \u015bw. o&nbsp;godz. 16.00 w ko\u015bciele \u015bw. Jakuba,&nbsp; po niej...<a href='https:\/\/sp.tuchow.pl\/index.php\/2022\/08\/30\/10535\/' class='pfpReadMore'>Read More &raquo;<\/a><div class='clear'><\/div><hr><\/div><div class='pfpItem entry-content'><h2 class='entry-title'><a href='https:\/\/sp.tuchow.pl\/index.php\/2022\/08\/19\/travel-discover-podrozuj-i-odkrywaj-kolejne-dzialania-przygotowujace\/'>\"Travel & discover - podr\u00f3\u017cuj i odkrywaj\" \u2013 kolejne dzia\u0142ania przygotowuj\u0105ce<\/a><\/h2><p>Informujemy, \u017ce do rodzic\u00f3w uczestnik\u00f3w przedsi\u0119wzi\u0119cia &#8222;Travel &amp; discover &#8211; podr\u00f3\u017cuj i odkrywaj\u201d zosta\u0142a wys\u0142ana wiadomo\u015b\u0107 za pomoc\u0105 poczty elektronicznej e-dziennika dotycz\u0105ca harmonogramu przygotowa\u0144.<\/p>\n<p>Prosimy o zapoznanie si\u0119 z ni\u0105.<\/p>\n<p>&nbsp;<\/p>\n<p style=\"text-align: right;\">Pozdrawiamy,<\/p>\n<p style=\"text-align: right;\"><em>Zesp\u00f3\u0142 ds. realizacji projektu Ponadnarodowa mobilno\u015b\u0107 uczni\u00f3w<\/em><\/p>\n...<a href='https:\/\/sp.tuchow.pl\/index.php\/2022\/08\/19\/travel-discover-podrozuj-i-odkrywaj-kolejne-dzialania-przygotowujace\/' class='pfpReadMore'>Read More &raquo;<\/a><div class='clear'><\/div><hr><\/div><div class='pfpItem entry-content'><h2 class='entry-title'><a href='https:\/\/sp.tuchow.pl\/index.php\/2022\/08\/04\/z-wizyta-w-portugali-czyli-przygotowania-do-podrozy\/'>Z wizyt\u0105 w Portugali\u2026 czyli przygotowania do podr\u00f3\u017cy<\/a><\/h2><p style=\"text-align: justify;\">Przed wrze\u015bniow\u0105 mobilno\u015bci\u0105 z uczniami w ramach projektu \u201ePonadnarodowa Mobilno\u015b\u0107 Uczni\u00f3w\u201d wsp\u00f3\u0142finansowanym z Europejskiego Funduszu Spo\u0142ecznego, dwoje nauczycieli naszej szko\u0142y odby\u0142o kr\u00f3tk\u0105 wizyt\u0119 przygotowawcz\u0105 w Barcelos w instytucji partnerskiej &#8211; szkole Agrupamento de Escolas de Barcelos. Tam spotkali\u015bmy si\u0119 z panem Fernando Carvalho, kt\u00f3ry jest koordynatorem projekt\u00f3w europejskich...<a href='https:\/\/sp.tuchow.pl\/index.php\/2022\/08\/04\/z-wizyta-w-portugali-czyli-przygotowania-do-podrozy\/' class='pfpReadMore'>Read More &raquo;<\/a><div class='clear'><\/div><hr><\/div><div class='pfpItem entry-content'><h2 class='entry-title'><a href='https:\/\/sp.tuchow.pl\/index.php\/2022\/07\/04\/odbior-zaswiadczen-o-wynikach-egzaminu-osmoklasisty-2\/'>Odbi\u00f3r za\u015bwiadcze\u0144 o wynikach egzaminu \u00f3smoklasisty<\/a><\/h2><p style=\"text-align: justify;\">Dyrektor Szko\u0142y Podstawowej im. Stanis\u0142awa Staszica w Tuchowie informuje, i\u017c odbi\u00f3r za\u015bwiadcze\u0144 zawieraj\u0105cych szczeg\u00f3\u0142owe wyniki egzaminu \u00f3smoklasisty b\u0119dzie mo\u017cliwy <strong>w pi\u0105tek 08 lipca<\/strong> w sekretariacie szko\u0142y.<\/p>\n<p style=\"text-align: justify;\">Harmonogram odbioru za\u015bwiadcze\u0144:<\/p>\n<p><strong>Klasa 8A<\/strong> \u2013 w&nbsp;godzinach od&nbsp;08.30 do&nbsp;09.00<\/p>\n<p><strong>Klasa 8B<\/strong> \u2013 w&nbsp;godzinach od&nbsp;09.00 do&nbsp;09.30<\/p>\n<p><strong>Klasa 8C<\/strong> \u2013 w godzinach od 09.30 do 10.00<\/p>\n<p><strong>Klasa...<a href='https:\/\/sp.tuchow.pl\/index.php\/2022\/07\/04\/odbior-zaswiadczen-o-wynikach-egzaminu-osmoklasisty-2\/' class='pfpReadMore'>Read More &raquo;<\/a><div class='clear'><\/div><hr><\/div><div class='pfpItem entry-content'><h2 class='entry-title'><a href='https:\/\/sp.tuchow.pl\/index.php\/2022\/06\/23\/byc-narodowi-uzytecznym-czyli-swieto-patrona-szkoly\/'>,,By\u0107 narodowi u\u017cytecznym\u2019\u2019, czyli \u015awi\u0119to Patrona Szko\u0142y<\/a><\/h2><p><strong>22 czerwca 2002 roku w Domu Kultury odby\u0142o si\u0119 \u015awi\u0119to Patrona Szko\u0142y Podstawowej w Tuchowie. <\/strong><\/p>\n<p style=\"text-align: justify;\">Podczas akademii uczniowie klas czwartych zaprezentowali w formie inscenizacji \u017cycie i tw\u00f3rczo\u015b\u0107 Stanis\u0142awa Staszica.<\/p>\n<p style=\"text-align: justify;\">Nasz patron urodzi\u0142 si\u0119 6 listopada 1755 r. w Pile, w epoce o\u015bwiecenia, w wieku, kt\u00f3ry ,,rozumem si\u0119...<a href='https:\/\/sp.tuchow.pl\/index.php\/2022\/06\/23\/byc-narodowi-uzytecznym-czyli-swieto-patrona-szkoly\/' class='pfpReadMore'>Read More &raquo;<\/a><div class='clear'><\/div><hr><\/div><div class='pfpItem entry-content'><h2 class='entry-title'><a href='https:\/\/sp.tuchow.pl\/index.php\/2022\/06\/23\/sukces-damiana-z-klasy-7-c-w-miedzynarodowym-konkursie-kangur-matematyczny\/'>SUKCES DAMIANA Z KLASY 7 C W MI\u0118DZYNARODOWYM KONKURSIE \u201eKANGUR MATEMATYCZNY\"<\/a><\/h2><p>22 czerwca 2022 r. na Uniwersytecie Jagiello\u0144skim w budynku Wydzia\u0142u Matematyki i&nbsp;Informatyki w Krakowie odby\u0142o si\u0119 uroczyste podsumowanie XXXI edycji Mi\u0119dzynarodowego Konkursu \u201eKangur Matematyczny\u201d, podczas kt\u00f3rego wr\u0119czono dyplomy i&nbsp;nagrody.<\/p>\n<p>&nbsp;W uroczysto\u015bci bra\u0142 udzia\u0142 ucze\u0144 naszej szko\u0142y <strong>Damian<\/strong> <strong>Wiejacki<\/strong>, kt\u00f3ry zdoby\u0142 bardzo dobry wynik w konkursie.<\/p>\n<p>Serdecznie gratulujemy i \u017cyczymy dalszych sukces\u00f3w!!!<\/p>\n<p style=\"text-align:...<a href='https:\/\/sp.tuchow.pl\/index.php\/2022\/06\/23\/sukces-damiana-z-klasy-7-c-w-miedzynarodowym-konkursie-kangur-matematyczny\/' class='pfpReadMore'>Read More &raquo;<\/a><div class='clear'><\/div><hr><\/div><div class='pfpItem entry-content'><h2 class='entry-title'><a href='https:\/\/sp.tuchow.pl\/index.php\/2022\/06\/21\/zakonczenie-roku-szkolnego-20212022\/'>Zako\u0144czenie roku szkolnego 2021\/2022<\/a><\/h2><p>24 czerwca 2022 roku (pi\u0105tek) odb\u0119dzie si\u0119 uroczyste zako\u0144czenie roku szkolnego 2021\/2022.<\/p>\n<p>Uczniowie klas V &#8211; VIII przychodz\u0105 do Bazyliki NNMP na Msz\u0119 \u015bwi\u0119t\u0105 na godz. 8:00 , a potem pod opiek\u0105 wychowawc\u00f3w i nauczycieli udaj\u0105 si\u0119 do hali MOSiR .<\/p>\n<p>Uczniowie szko\u0142y podstawowej klasy I \u2013 IV przychodz\u0105 do ko\u015bcio\u0142a \u015aw....<a href='https:\/\/sp.tuchow.pl\/index.php\/2022\/06\/21\/zakonczenie-roku-szkolnego-20212022\/' class='pfpReadMore'>Read More &raquo;<\/a><div class='clear'><\/div><hr><\/div><div class='pfpItem entry-content'><h2 class='entry-title'><a href='https:\/\/sp.tuchow.pl\/index.php\/2022\/06\/21\/geniallna-ekipa-z-5b-w-energylandii\/'>\u201eGeniallna\u201d ekipa z 5b w Energylandii!<\/a><\/h2><p>3.czerwca w Instytucie Informatyki AGH w Krakowie odby\u0142o si\u0119 uroczyste podsumowanie projektu \u201eGeniallne miejsca\u201d oraz wr\u0119czenie nagr\u00f3d. Za zaj\u0119cie 1 miejsca w Ma\u0142opolsce, nasi uczniowie otrzymali voucher do Energylandii!<\/p>\n<p>Ponadto, 15.czerwca zostali\u015bmy zaproszeni do Radia RDN Ma\u0142opolska na wywiad oraz mieli\u015bmy mo\u017cliwo\u015b\u0107 zwiedzenia studia (link do wywiadu: http:\/\/www.rdn.pl\/news\/piatoklasisci-z-tuchowa-najlepsi-w-malopolsce<\/p>\n<p>20.czerwca nasza dru\u017cyna pojecha\u0142a...<a href='https:\/\/sp.tuchow.pl\/index.php\/2022\/06\/21\/geniallna-ekipa-z-5b-w-energylandii\/' class='pfpReadMore'>Read More &raquo;<\/a><div class='clear'><\/div><hr><\/div><div class='pfpItem entry-content'><h2 class='entry-title'><a href='https:\/\/sp.tuchow.pl\/index.php\/2022\/06\/20\/sukces-damiana-wiejackiego\/'>Sukces Damiana Wiejackiego<\/a><\/h2><p>Ucze\u0144 naszej szko\u0142y Damian Wiejacki z klasy 7c zaj\u0105\u0142 III miejsce w konkursie \u201ePatrzer\u201d &#8211; przygoda zaczyna si\u0119 tu\u017c za progiem. Organizatorem konkursu by\u0142 tarnowski Go\u015b\u0107 Niedzielny.&nbsp;<\/p>\n<div class=\"fb-post\" data-href=\"http:\/\/www.facebook.com\/sptuchow\/photos\/pcb.3291622837773884\/3291622364440598\/\" data-width=\"552\" style=\"background-color: #fff; display: inline-block;\"><\/div>\n...<a href='https:\/\/sp.tuchow.pl\/index.php\/2022\/06\/20\/sukces-damiana-wiejackiego\/' class='pfpReadMore'>Read More &raquo;<\/a><div class='clear'><\/div><hr><\/div><div class='pfpItem entry-content'><h2 class='entry-title'><a href='https:\/\/sp.tuchow.pl\/index.php\/2022\/06\/20\/w-ksiazkach-madrosc-i-przygoda-klasa-3a-ukonczyla-trzyletni-projekt-edukacyjny\/'>\u201eW ksi\u0105\u017ckach m\u0105dro\u015b\u0107 i przygoda! \u2013 klasa 3a uko\u0144czy\u0142a trzyletni projekt edukacyjny\u201d<\/a><\/h2><p style=\"text-align: justify;\">Uczniowie klasy III a zako\u0144czyli trzyletni\u0105 przygod\u0119, jak\u0105 by\u0142 udzia\u0142 w mi\u0119dzynarodowym projekcie edukacyjnym CZYTAM Z KLAS\u0104 &#8211; LEKTURKI SPOD CHMURKI.<\/p>\n<p style=\"text-align: justify;\">Projekt sk\u0142ada\u0142 si\u0119 z trzech edycji, po\u015bwi\u0119conych r\u00f3\u017cnym zagadnieniom.<\/p>\n<p style=\"text-align: justify;\">Na pocz\u0105tku edukacji wczesnoszkolnej dzieci przyst\u0105pi\u0142y do pierwszej edycji pod has\u0142em &#8222;Lekturki spod chmurki&#8221;, kt\u00f3ra rozbudzi\u0142a...<a href='https:\/\/sp.tuchow.pl\/index.php\/2022\/06\/20\/w-ksiazkach-madrosc-i-przygoda-klasa-3a-ukonczyla-trzyletni-projekt-edukacyjny\/' class='pfpReadMore'>Read More &raquo;<\/a><div class='clear'><\/div><hr><\/div><div class='pfpItem entry-content'><h2 class='entry-title'><a href='https:\/\/sp.tuchow.pl\/index.php\/2022\/06\/19\/stypendium-burmistrza-tuchowa-4\/'>\u201eStypendium Burmistrza Tuchowa\u201d<\/a><\/h2><p><strong>Termin sk\u0142adania wniosk\u00f3w o \u201eStypendium Burmistrza Tuchowa\u201d<\/strong><strong>&nbsp;do 10 lipca 2022r.<\/strong><\/p>\n<p><strong>&nbsp;<\/strong>Uczniowie szk\u00f3\u0142 podstawowych ucz\u0119szczaj\u0105cy do klas <strong>IV-VIII<\/strong> mog\u0105 ubiega\u0107 si\u0119 o \u201eStypendium Burmistrza Tuchowa\u201d w ramach \u201eProgramu wspierania edukacji uzdolnionych dzieci i m\u0142odzie\u017cy z terenu gminy Tuch\u00f3w\u201d.<\/p>\n<p>Wnioski o przyznanie stypendium nale\u017cy sk\u0142ada\u0107 w Gminnej Administracji O\u015bwiaty w Tuchowie&nbsp; ul. Jana Paw\u0142a...<a href='https:\/\/sp.tuchow.pl\/index.php\/2022\/06\/19\/stypendium-burmistrza-tuchowa-4\/' class='pfpReadMore'>Read More &raquo;<\/a><div class='clear'><\/div><hr><\/div><div class='pfpItem entry-content'><h2 class='entry-title'><a href='https:\/\/sp.tuchow.pl\/index.php\/2022\/06\/15\/nie-taki-idiom-straszny-rowniez-naszym-uczniom\/'>Nie taki idiom straszny\u2026 r\u00f3wnie\u017c naszym uczniom<\/a><\/h2><p dir=\"ltr\" style=\"text-align: justify;\">Kto wie, \u017ce je\u015bli ma si\u0119 (dos\u0142ownie) \u201cs\u0142odkiego z\u0119ba\u201d (have a sweet tooth), to jest si\u0119 \u0142asuchem, a (dos\u0142ownie) \u201cmie\u0107 policzek\u201d (have the cheek) oznacza \u201cmie\u0107 tupet\u201d? Tego typu wiedz\u0105 i znajomo\u015bci\u0105 j\u0119zyka angielskiego musieli si\u0119 wykaza\u0107 finali\u015bci IX Mi\u0119dzypowiatowego Konkursu J\u0119zyka Angielskiego dla uczni\u00f3w szk\u00f3\u0142 podstawowych...<a href='https:\/\/sp.tuchow.pl\/index.php\/2022\/06\/15\/nie-taki-idiom-straszny-rowniez-naszym-uczniom\/' class='pfpReadMore'>Read More &raquo;<\/a><div class='clear'><\/div><hr><\/div><div class='pfpItem entry-content'><h2 class='entry-title'><a href='https:\/\/sp.tuchow.pl\/index.php\/2022\/06\/15\/and-the-winner-is\/'>And the winner is\u2026.<\/a><\/h2><img loading=\"lazy\" decoding=\"async\" class=\"CToWUd aligncenter\" src=\"http:\/\/lh5.googleusercontent.com\/m74AfM8pQuJDluAnazvEx1tpibkPoxk4Y-rwfQ5bfSnpY1TlG3093ezFJ2xqBeOy1UJRwK89OeNXR2i_lfmcjShu2AZElK6dbR88cWGSFxxoh9gNMwHdAgBbRYe_JQW43GsyfAN5LdZeQbTwOA\" width=\"99\" height=\"66\"><p dir=\"ltr\"><\/p>\n<p>&nbsp;<\/p>\n<p dir=\"ltr\">Przed ko\u0144cem roku szkolnego uczniowie naszej szko\u0142y mieli okazj\u0119 zaprezentowa\u0107 swoje umiej\u0119tno\u015bci z j\u0119zyka angielskiego w szkolnej olimpiadzie \u201cSkillful in English\u201d. Uczestnicy zmagali si\u0119 z testem j\u0119zykowym, a w drugiej cz\u0119\u015bci dzielili si\u0119 swoj\u0105 wiedz\u0105 na temat brytyjskiej geografii i kultury. Uczniowie rywalizowali w kilku kategoriach: klas III,...<a href='https:\/\/sp.tuchow.pl\/index.php\/2022\/06\/15\/and-the-winner-is\/' class='pfpReadMore'>Read More &raquo;<\/a><div class='clear'><\/div><hr><\/div><div class='pfpItem entry-content'><h2 class='entry-title'><a href='https:\/\/sp.tuchow.pl\/index.php\/2022\/06\/13\/niezwykle-historie-niezwyklych-przedmiotow-czyli-o-sukcesie-literackim-aleksandra-szelaga-ucznia-klasy-8-b-szkoly-podstawowej-im-stanislawa-staszica-w-tuchowie\/'>Niezwyk\u0142e historie niezwyk\u0142ych przedmiot\u00f3w, czyli o sukcesie literackim\u00a0Aleksandra Szel\u0105ga, ucznia klasy 8 b\u00a0Szko\u0142y Podstawowej im. Stanis\u0142awa Staszica w Tuchowie<\/a><\/h2><p style=\"text-align: center;\"><em>Z rzeczywisto\u015bci rodzi si\u0119 najdziwniejsza ba\u015b\u0144\u2026<\/em><\/p>\n<p style=\"text-align: center;\"><em>Hans Christina Andersen<\/em><\/p>\n<p style=\"text-align: justify;\"><strong>2 czerwca 2022 roku w Muzeum Historycznym Miasta Krakowa odby\u0142a si\u0119 uroczysto\u015b\u0107 podsumowania XVII edycji Ma\u0142opolskiego Konkursu Literackiego. <\/strong><\/p>\n<p style=\"text-align: justify;\"><strong>Mi\u0142o mi poinformowa\u0107, \u017ce ucze\u0144 naszej szko\u0142y Aleksander Szel\u0105g z klasy 8 b zosta\u0142 laureatem konkursu i...<a href='https:\/\/sp.tuchow.pl\/index.php\/2022\/06\/13\/niezwykle-historie-niezwyklych-przedmiotow-czyli-o-sukcesie-literackim-aleksandra-szelaga-ucznia-klasy-8-b-szkoly-podstawowej-im-stanislawa-staszica-w-tuchowie\/' class='pfpReadMore'>Read More &raquo;<\/a><div class='clear'><\/div><hr><\/div><div class='pfpItem entry-content'><h2 class='entry-title'><a href='https:\/\/sp.tuchow.pl\/index.php\/2022\/06\/12\/dzien-pierwszej-pomocy\/'>Dzie\u0144 Pierwszej Pomocy<\/a><\/h2><p style=\"text-align: justify;\">9 czerwca uczniowie klas I- III wzi\u0119li udzia\u0142 w zaj\u0119ciach po\u015bwi\u0119conych pierwszej pomocy.<br \/>\nPierwsza cz\u0119\u015b\u0107 zaj\u0119\u0107 odby\u0142a si\u0119 w remizie Ochotniczej Stra\u017cy Po\u017carnej w Tuchowie. Druhowie przygotowali dla naszych najm\u0142odszych sporo atrakcji. Podczas zwiedzania sali pami\u0119ci uczniowie dowiedzieli si\u0119 kiedy i dlaczego powsta\u0142a jednostka&nbsp; w naszym mie\u015bcie,&nbsp; stra\u017cacy...<a href='https:\/\/sp.tuchow.pl\/index.php\/2022\/06\/12\/dzien-pierwszej-pomocy\/' class='pfpReadMore'>Read More &raquo;<\/a><div class='clear'><\/div><hr><\/div><div class='pfpItem entry-content'><h2 class='entry-title'><a href='https:\/\/sp.tuchow.pl\/index.php\/2022\/06\/10\/harmonogram-zwrotu-i-wypozyczania-podrecznikow-2\/'>Harmonogram zwrotu i wypo\u017cyczania podr\u0119cznik\u00f3w<\/a><\/h2><h3 style=\"text-align: center;\"><span style=\"color: #ff6600;\"><strong>Klasy I \u2013 III <\/strong><\/span><\/h3>\n<table width=\"1069\">\n<tbody>\n<tr>\n<td rowspan=\"2\" width=\"64\"><strong>&nbsp;<\/strong><\/p>\n<p><strong>klasy<\/strong><\/td>\n<td style=\"text-align: center;\" colspan=\"4\" width=\"529\"><strong>&nbsp;<\/strong><\/p>\n<p><strong>ZWROT<\/strong><\/p>\n<p><strong>&nbsp;<\/strong><\/td>\n<td style=\"text-align: center;\" colspan=\"3\" width=\"476\"><strong>&nbsp;<\/strong><\/p>\n<p><strong>WYPO\u017bYCZENIE<\/strong><\/p>\n<p><strong>Na rok szkolny 2022\/2023<\/strong><\/td>\n<\/tr>\n<tr>\n<td style=\"text-align: center;\" width=\"85\"><strong>data<\/strong><\/td>\n<td width=\"132\"><strong>godz.<\/strong><\/td>\n<td width=\"104\"><strong>miejsce<\/strong><\/td>\n<td width=\"208\"><strong>osoba<\/strong><\/p>\n<p><strong>odpowiedzialna<\/strong><\/td>\n<td width=\"161\"><strong>data<\/strong><\/td>\n<td width=\"142\"><strong>godz.<\/strong><\/td>\n<td style=\"text-align: center;\" width=\"173\"><strong>miejsce<\/strong><\/td>\n<\/tr>\n<tr>\n<td width=\"64\"><strong>&nbsp;<\/strong><\/p>\n<p><strong>I<\/strong><\/p>\n<p><strong>&nbsp;<\/strong><\/td>\n<td width=\"85\"><strong>&nbsp;<\/strong><\/p>\n<p><strong>do 15.06<\/strong><\/td>\n<td width=\"132\"><strong>&nbsp;<\/strong><\/td>\n<td width=\"104\"><strong>&nbsp;<\/strong><\/p>\n<p><strong>sala lekcyjna<\/strong><\/p>\n<p><strong>&nbsp;<\/strong><\/td>\n<td width=\"208\"><strong>&nbsp;<\/strong><strong>wychowawca<\/strong><\/td>\n<td width=\"161\"><strong>&nbsp;<\/strong><\/p>\n<p><strong>wrzesie\u0144<\/strong><\/td>\n<td width=\"142\"><strong>&nbsp;<\/strong><\/p>\n<p><strong>&#8211;<\/strong><\/td>\n<td width=\"173\"><strong>&nbsp;<\/strong><\/p>\n<p><strong>&#8211;<\/strong><\/td>\n<\/tr>\n<tr>\n<td width=\"64\"><strong>&nbsp;<\/strong><\/p>\n<p><strong>II<\/strong><\/td>\n<td width=\"85\"><strong>&nbsp;<\/strong><\/p>\n<p><strong>do 15.06<\/strong><\/td>\n<td width=\"132\"><strong>&nbsp;<\/strong><\/td>\n<td width=\"104\"><strong>&nbsp;<\/strong><\/p>\n<p><strong>sala lekcyjna<\/strong><\/p>\n<p><strong>&nbsp;<\/strong><\/td>\n<td...<a href='https:\/\/sp.tuchow.pl\/index.php\/2022\/06\/10\/harmonogram-zwrotu-i-wypozyczania-podrecznikow-2\/' class='pfpReadMore'>Read More &raquo;<\/a><div class='clear'><\/div><hr><\/div><div class='pfpItem entry-content'><h2 class='entry-title'><a href='https:\/\/sp.tuchow.pl\/index.php\/2022\/06\/10\/z-czarownica-za-pan-brat\/'>\u201eZ Czarownic\u0105 za pan brat\u201d.<\/a><\/h2><p>6 czerwca pojechali\u015bmy na wycieczk\u0119 do Ci\u0119\u017ckowic. Kto\u015b by powiedzia\u0142: do Ci\u0119\u017ckowic, tak blisko!!! A w\u0142a\u015bnie tak, do Ci\u0119\u017ckowic. G\u0142\u00f3wnym motywem wycieczki by\u0142 \u015bwiat ba\u015bni i legend Skamienia\u0142ego Miasta. Przez rezerwat prowadzi\u0142 nas rycerz Cieszko, kt\u00f3ry za pomoc\u0105 element\u00f3w animacji i gier terenowych zach\u0119ca\u0142 nas do aktywnego udzia\u0142u w wycieczce....<a href='https:\/\/sp.tuchow.pl\/index.php\/2022\/06\/10\/z-czarownica-za-pan-brat\/' class='pfpReadMore'>Read More &raquo;<\/a><div class='clear'><\/div><hr><\/div><div class='pfpItem entry-content'><h2 class='entry-title'><a href='https:\/\/sp.tuchow.pl\/index.php\/2022\/06\/04\/dzien-dziecka-w-swietlicy-szkolnej\/'>Dzie\u0144 Dziecka w \u015bwietlicy szkolnej<\/a><\/h2><p style=\"text-align: justify;\"><span style=\"color: #000000;\"><span style=\"font-family: 'PT Sans', sans-serif;\">01.06.2022r. w \u015bwietlicy szkolnej uroczy\u015bcie obchodzony by\u0142 Mi\u0119dzynarodowy Dzie\u0144 Dziecka. Przez ca\u0142y dzie\u0144 uczniowie<\/span><\/span><span style=\"color: #000000;\"><span style=\"font-family: Lato, 'Helvetica Neue', Helvetica, Arial, sans-serif;\">&nbsp;mieli mo\u017cliwo\u015b\u0107 uczestniczenia w licznych konkursach, quizach, zabawach ruchowych, ta\u0144cach. Kolejny Dzie\u0144 Dziecka ju\u017c za rok, a my tymczasem \u017cyczymy...<a href='https:\/\/sp.tuchow.pl\/index.php\/2022\/06\/04\/dzien-dziecka-w-swietlicy-szkolnej\/' class='pfpReadMore'>Read More &raquo;<\/a><div class='clear'><\/div><hr><\/div><div class='pfpItem entry-content'><h2 class='entry-title'><a href='https:\/\/sp.tuchow.pl\/index.php\/2022\/06\/04\/fotorelacja-z-wycieczki-klas-7a-7c-4-a-do-frankowki-malej\/'>Fotorelacja z wycieczki klas 7a, 7c, 4 a do Frank\u00f3wki Ma\u0142ej<\/a><\/h2><div class=\"fb-post\" data-href=\"http:\/\/www.facebook.com\/sptuchow\/photos\/pcb.3279232775679557\/3279231689012999\/\" data-width=\"552\" style=\"background-color: #fff; display: inline-block;\"><\/div>\n...<a href='https:\/\/sp.tuchow.pl\/index.php\/2022\/06\/04\/fotorelacja-z-wycieczki-klas-7a-7c-4-a-do-frankowki-malej\/' class='pfpReadMore'>Read More &raquo;<\/a><div class='clear'><\/div><hr><\/div><div class='pfpItem entry-content'><h2 class='entry-title'><a href='https:\/\/sp.tuchow.pl\/index.php\/2022\/05\/26\/podsumowanie-projektu-czytelniczego-reading-is-magic-2\/'>PODSUMOWANIE PROJEKTU CZYTELNICZEGO \u201eREADING IS MAGIC\u201d<\/a><\/h2><p>Przez ca\u0142y rok szkolny uczniowie klas drugich uczestniczyli w projekcie czytelniczym \u201eReading is magic\u201d, kt\u00f3ry mia\u0142 na celu zach\u0119ci\u0107 dzieci do czytania w j\u0119zyku angielskim oraz zwi\u0119kszy\u0107 motywacj\u0119 do nauki j\u0119zyka.<\/p>\n<p>Ch\u0119tni uczniowie wzi\u0119li dodatkowo udzia\u0142 w konkursie, kt\u00f3ry polega\u0142 na rozwi\u0105zaniu 5 test\u00f3w sprawdzaj\u0105cych s\u0142ownictwo i zrozumienie przeczytanych ksi\u0105\u017cek.<\/p>\n<p>W konkursie...<a href='https:\/\/sp.tuchow.pl\/index.php\/2022\/05\/26\/podsumowanie-projektu-czytelniczego-reading-is-magic-2\/' class='pfpReadMore'>Read More &raquo;<\/a><div class='clear'><\/div><hr><\/div><div class='pfpItem entry-content'><h2 class='entry-title'><a href='https:\/\/sp.tuchow.pl\/index.php\/2022\/05\/25\/wyniki-szkolnego-konkursu-ortograficznego-dla-klas-ii-iii-2\/'>Wyniki Szkolnego Konkursu Ortograficznego dla klas II-III.<\/a><\/h2><p>17 maja odby\u0142 si\u0119 Szkolny Konkurs Ortograficzny dla klas drugich i trzecich.<\/p>\n<p>Celem konkursu by\u0142o podniesienie kompetencji ortograficznych uczni\u00f3w, stwarzanie uczniom mo\u017cliwo\u015bci prezentowania swoich umiej\u0119tno\u015bci i uzdolnie\u0144, upowszechnianie pi\u0119kna j\u0119zyka polskiego oraz integrowanie \u015brodowiska uczniowskiego.<\/p>\n<p>Ka\u017cd\u0105 klas\u0119 reprezentowa\u0142o dwie osoby, a ortograficzne zmagania zako\u0144czy\u0142y si\u0119 zwyci\u0119stwem nast\u0119puj\u0105cych uczni\u00f3w:<\/p>\n<p><span style=\"color: #ff0000;\">I miejsce \u2013...<a href='https:\/\/sp.tuchow.pl\/index.php\/2022\/05\/25\/wyniki-szkolnego-konkursu-ortograficznego-dla-klas-ii-iii-2\/' class='pfpReadMore'>Read More &raquo;<\/a><div class='clear'><\/div><hr><\/div><div class='pfpItem entry-content'><h2 class='entry-title'><a href='https:\/\/sp.tuchow.pl\/index.php\/2022\/05\/25\/zaproszenie-na-xxvi-tuchowska-majowke-dla-matki\/'>Zaproszenie na XXVI Tuchowsk\u0105 Maj\u00f3wk\u0119 dla Matki<\/a><\/h2><div class=\"fb-post\" data-href=\"http:\/\/www.facebook.com\/sptuchow\/photos\/a.1798034137132769\/3271268333142668\/\" data-width=\"552\" style=\"background-color: #fff; display: inline-block;\"><\/div>\n...<a href='https:\/\/sp.tuchow.pl\/index.php\/2022\/05\/25\/zaproszenie-na-xxvi-tuchowska-majowke-dla-matki\/' class='pfpReadMore'>Read More &raquo;<\/a><div class='clear'><\/div><hr><\/div><div class='pfpItem entry-content'><h2 class='entry-title'><a href='https:\/\/sp.tuchow.pl\/index.php\/2022\/05\/25\/w-kregu-nauki-i-zabawy-czyli-vi-piknik-szkolny\/'>W kr\u0119gu nauki i zabawy, czyli VI Piknik Szkolny<\/a><\/h2><p><strong>21 maja 2022 odby\u0142 si\u0119 VI Piknik Szkolny pt. ,,B\u0105d\u017a jak Sk\u0142odowska, czyli nasze szkolne naukowo\u2019\u2019. <\/strong><\/p>\n<p>Po dwuletniej przerwie licznie zgromadzili\u015bmy si\u0119 w amfiteatrze miejskim. Nikomu nie przeszkadza\u0142a wietrzna pogoda.<\/p>\n<p>Dyrektor Szko\u0142y Podstawowej w Tuchowie J\u00f3zef Wzorek powita\u0142 uczestnik\u00f3w pikniku z burmistrz Magdalen\u0105 Marsza\u0142ek i radnym Jerzym Odro\u0144cem na czele. Nast\u0119pnie...<a href='https:\/\/sp.tuchow.pl\/index.php\/2022\/05\/25\/w-kregu-nauki-i-zabawy-czyli-vi-piknik-szkolny\/' class='pfpReadMore'>Read More &raquo;<\/a><div class='clear'><\/div><hr><\/div><div class='pfpItem entry-content'><h2 class='entry-title'><a href='https:\/\/sp.tuchow.pl\/index.php\/2022\/05\/25\/w-muzeum-dobranocek-i-nie-tylko\/'>W Muzeum Dobranocek i nie tylko\u2026<\/a><\/h2><p style=\"text-align: justify;\"><strong>19 maja 2022 roku klasy 4 b i 4 c uczestniczy\u0142y w autokarowej wycieczce do \u0141a\u0144cuta i Rzeszowa.<\/strong><\/p>\n<p style=\"text-align: justify;\">Pi\u0119kna pogoda postawi\u0142a \u015bpioch\u00f3w na nogi i o sz\u00f3stej rano wyjechali\u015bmy z Tuchowa.<\/p>\n<p style=\"text-align: justify;\">Pierwszym celem podr\u00f3\u017cy by\u0142o zwiedzanie <strong>zamku w \u0141a\u0144cucie<\/strong>. Do zamku przeszli\u015bmy przez rozleg\u0142y park. Zachowany...<a href='https:\/\/sp.tuchow.pl\/index.php\/2022\/05\/25\/w-muzeum-dobranocek-i-nie-tylko\/' class='pfpReadMore'>Read More &raquo;<\/a><div class='clear'><\/div><hr><\/div><div class='pfpItem entry-content'><h2 class='entry-title'><a href='https:\/\/sp.tuchow.pl\/index.php\/2022\/05\/23\/co-by-bylo-gdyby-nie-bylo-prl-u\/'>Co by by\u0142o gdyby, nie by\u0142o PRL-u?<\/a><\/h2><p style=\"text-align: justify;\">Projekt \u201eCo by by\u0142o gdyby, nie by\u0142o PRL-u?\u201d zosta\u0142 zrealizowany na lekcjach historii w klasach \u00f3smych. Jego celem by\u0142o przybli\u017cenie m\u0142odzie\u017cy wybranych aspekt\u00f3w \u017cycia codziennego minionej epoki.&nbsp; Zgromadzili\u015bmy sporo pami\u0105tek z epoki.&nbsp; Uczniowie odkryli je w domowych lamusach lub zosta\u0142y udost\u0119pnione dzi\u0119ki uprzejmo\u015bci pracownik\u00f3w szko\u0142y. By\u0142y to m.in.&nbsp;...<a href='https:\/\/sp.tuchow.pl\/index.php\/2022\/05\/23\/co-by-bylo-gdyby-nie-bylo-prl-u\/' class='pfpReadMore'>Read More &raquo;<\/a><div class='clear'><\/div><hr><\/div><div class='pfpItem entry-content'><h2 class='entry-title'><a href='https:\/\/sp.tuchow.pl\/index.php\/2022\/05\/23\/zaproszenie-na-piknik-z-okazji-dnia-dziecka\/'>Zaproszenie na Piknik z okazji Dnia Dziecka<\/a><\/h2><div class=\"fb-post\" data-href=\"http:\/\/www.facebook.com\/sptuchow\/photos\/pcb.3270092403260261\/3270091003260401\/\" data-width=\"552\" style=\"background-color: #fff; display: inline-block;\"><\/div>\n<div class=\"fb-post\" data-href=\"http:\/\/www.facebook.com\/sptuchow\/photos\/pcb.3270092403260261\/3270091016593733\" data-width=\"552\" style=\"background-color: #fff; display: inline-block;\"><\/div>\n...<a href='https:\/\/sp.tuchow.pl\/index.php\/2022\/05\/23\/zaproszenie-na-piknik-z-okazji-dnia-dziecka\/' class='pfpReadMore'>Read More &raquo;<\/a><div class='clear'><\/div><hr><\/div><div class='pfpItem entry-content'><h2 class='entry-title'><a href='https:\/\/sp.tuchow.pl\/index.php\/2022\/05\/18\/wyniki-konkursu-kangur-matematyczny-2022\/'>Wyniki konkursu Kangur Matematyczny 2022<\/a><\/h2><p>Mi\u0142o mi poinformowa\u0107, \u017ce w XXXI edycji Mi\u0119dzynarodowego Konkursu Kangur sukcesy odnie\u015bli uczniowie naszej szko\u0142y.<\/p>\n<p>Wynik bardzo dobry uzyska\u0142 <strong>Damian<\/strong> <strong>Wiejacki<\/strong> z klasy VII c.<\/p>\n<p>Wyr\u00f3\u017cnienia otrzymali:<\/p>\n<p><strong>Micha\u0142<\/strong> <strong>Kara\u015b<\/strong> z klasy II b<\/p>\n<p><strong>Oliwier<\/strong> <strong>Trzeciak<\/strong> z klasy IV a<\/p>\n<p><strong>Kamil<\/strong> <strong>Kuta<\/strong> z klasy IV b<\/p>\n<p><strong>Piotr<\/strong> <strong>Sta\u0144czyk<\/strong> z klasy VIII c<\/p>\n<p>Wszystkim Uczniom, szczeg\u00f3lnie tym najm\u0142odszym serdecznie...<a href='https:\/\/sp.tuchow.pl\/index.php\/2022\/05\/18\/wyniki-konkursu-kangur-matematyczny-2022\/' class='pfpReadMore'>Read More &raquo;<\/a><div class='clear'><\/div><hr><\/div><div class='pfpItem entry-content'><h2 class='entry-title'><a href='https:\/\/sp.tuchow.pl\/index.php\/2022\/05\/16\/zapraszamy-na-vi-piknik-szkolny\/'>Zapraszamy na VI Piknik Szkolny<\/a><\/h2><div class=\"fb-post\" data-href=\"http:\/\/www.facebook.com\/sptuchow\/photos\/a.1798034137132769\/3265677730368395\/\" data-width=\"552\" style=\"background-color: #fff; display: inline-block;\"><\/div>\n...<a href='https:\/\/sp.tuchow.pl\/index.php\/2022\/05\/16\/zapraszamy-na-vi-piknik-szkolny\/' class='pfpReadMore'>Read More &raquo;<\/a><div class='clear'><\/div><hr><\/div><div class='pfpItem entry-content'><h2 class='entry-title'><a href='https:\/\/sp.tuchow.pl\/index.php\/2022\/05\/13\/ostateczne-wyniki-rekrutacji-do-projektu-ponadnarodowa-mobilnosc-uczniow\/'>OSTATECZNE WYNIKI REKRUTACJI DO PROJEKTU PONADNARODOWA MOBILNO\u015a\u0106 UCZNI\u00d3W<\/a><\/h2><p style=\"text-align: justify;\">Po zako\u0144czonym etapie rekrutacji do przedsi\u0119wzi\u0119cia&nbsp;\u201eTravel &amp; Discover \u2013 podr\u00f3\u017cuj i odkrywaj\u201d,&nbsp;realizowanego w ramach projektu \u201ePonadnarodowa mobilno\u015b\u0107 uczni\u00f3w\u201d, wsp\u00f3\u0142finansowanego z Europejskiego Funduszu Spo\u0142ecznego, og\u0142aszamy Ostateczn\u0105 list\u0119 rankingow\u0105, zawieraj\u0105c\u0105 list\u0119 zakwalifikowanych uczestnik\u00f3w oraz list\u0119 rezerwow\u0105. Teraz uczestnik\u00f3w czeka kolejny etap &#8211; dzia\u0142ania przygotowuj\u0105ce, o kt\u00f3rych wkr\u00f3tce szczeg\u00f3\u0142owo poinformujemy.<\/p>\n<p><a href=\"https:\/\/sp.tuchow.pl\/pobierz\/power2\/Ostateczna%20lista%20rankingowa%20uczestnikow.pdf\">https:\/\/sp.tuchow.pl\/pobierz\/power2\/Ostateczna%20lista%20rankingowa%20uczestnikow.pdf<\/a><\/p>\n...<a href='https:\/\/sp.tuchow.pl\/index.php\/2022\/05\/13\/ostateczne-wyniki-rekrutacji-do-projektu-ponadnarodowa-mobilnosc-uczniow\/' class='pfpReadMore'>Read More &raquo;<\/a><div class='clear'><\/div><hr><\/div><div class='pfpItem entry-content'><h2 class='entry-title'><a href='https:\/\/sp.tuchow.pl\/index.php\/2022\/05\/13\/projekt-o-tuchowie-numerem-1-w-malopolsce\/'>Projekt o Tuchowie numerem 1 w Ma\u0142opolsce!<\/a><\/h2><p style=\"text-align: justify;\">Projekt <strong>\u201eGeniallne miejsca\u201d<\/strong> o Tuchowie zakwalifikowa\u0142 si\u0119 do drugiego etapu og\u00f3lnopolskiego konkursu na najciekawsz\u0105 gr\u0119 o miejscowo\u015bci, w kt\u00f3rej znajduje si\u0119 plac\u00f3wka uczni\u00f3w.<\/p>\n<p style=\"text-align: justify;\">Jury wy\u0142oni\u0142o zwyci\u0119zc\u00f3w poszczeg\u00f3lnych wojew\u00f3dztw. 11.05.2022r, podczas Gali \u015awiatowego Dnia Spo\u0142ecze\u0144stwa Informacyjnego w Warszawie, zosta\u0142y og\u0142oszone wyniki. Mi\u0142o nam poinformowa\u0107, \u017ce nasza praca zaj\u0119\u0142a...<a href='https:\/\/sp.tuchow.pl\/index.php\/2022\/05\/13\/projekt-o-tuchowie-numerem-1-w-malopolsce\/' class='pfpReadMore'>Read More &raquo;<\/a><div class='clear'><\/div><hr><\/div><div class='pfpItem entry-content'><h2 class='entry-title'><a href='https:\/\/sp.tuchow.pl\/index.php\/2022\/05\/10\/wyniki-rekrutacji-do-projektu-ponadnarodowa-mobilnosc-uczniow-nabor-iv\/'>WYNIKI REKRUTACJI DO PROJEKTU PONADNARODOWA MOBILNO\u015a\u0106 UCZNI\u00d3W Nab\u00f3r IV<\/a><\/h2><p><span style=\"font-weight: 400;\">Przedstawiamy <a href=\"https:\/\/sp.tuchow.pl\/pobierz\/power2\/Lista%20rankingowa%20uczestnikow.pdf\">List\u0119 zakwalifikowanych uczestnik\u00f3w<\/a><\/span><b>,<\/b><span style=\"font-weight: 400;\"> kt\u00f3rzy b\u0119d\u0105 realizowa\u0107 przedsi\u0119wzi\u0119cie \u201cTravel &amp; Discover &#8211; podr\u00f3\u017cuj i odkrywaj\u201d w projekcie \u201cPonadnarodowa mobilno\u015b\u0107 uczni\u00f3w\u201d, wsp\u00f3\u0142finansowane ze \u015brodk\u00f3w Europejskiego Funduszu Spo\u0142ecznego w Programie Operacyjnym Wiedza Edukacja Rozw\u00f3j.<\/span><\/p>\n<p><span style=\"font-weight: 400;\">Jak pokazuje punktacja przedstawiona na Li\u015bcie, poziom w rekrutacji by\u0142 bardzo wyr\u00f3wnany.<\/span><\/p>\n<p><span...<a href='https:\/\/sp.tuchow.pl\/index.php\/2022\/05\/10\/wyniki-rekrutacji-do-projektu-ponadnarodowa-mobilnosc-uczniow-nabor-iv\/' class='pfpReadMore'>Read More &raquo;<\/a><div class='clear'><\/div><hr><\/div><div class='pfpItem entry-content'><h2 class='entry-title'><a href='https:\/\/sp.tuchow.pl\/index.php\/2022\/05\/06\/mistrz-historii-roku-szkolnego-20212022\/'>Mistrz Historii roku szkolnego 2021\/2022<\/a><\/h2><p>22 kwietnia po raz pierwszy w naszej szkole odby\u0142 si\u0119 Konkurs Wiedzy \u201eMistrz Historii 2021\/2022\u201d. Do rywalizacji zg\u0142osi\u0142o si\u0119 29 uczni\u00f3w z klas \u00f3smych. Dla uczestnik\u00f3w zosta\u0142 przygotowany test, kt\u00f3ry zweryfikowa\u0142 wiedz\u0119 i umiej\u0119tno\u015bci obejmuj\u0105ce pi\u0119\u0107 lat edukacji historycznej. Uczniowie wykonali r\u00f3\u017cne zadania &#8211; interpretowali teksty \u017ar\u00f3d\u0142owe, analizowali mapy, rozpoznawali...<a href='https:\/\/sp.tuchow.pl\/index.php\/2022\/05\/06\/mistrz-historii-roku-szkolnego-20212022\/' class='pfpReadMore'>Read More &raquo;<\/a><div class='clear'><\/div><hr><\/div><div class='pfpItem entry-content'><h2 class='entry-title'><a href='https:\/\/sp.tuchow.pl\/index.php\/2022\/05\/05\/wyprawa-do-omanu-i-zjednoczonych-emiratow-arabskich-z-grupa-trzask-pl\/'>Wyprawa do Omanu i Zjednoczonych Emirat\u00f3w Arabskich z grup\u0105 Trzask.pl<\/a><\/h2><p>5 maja 2022 r. po raz kolejny go\u015bcili\u015bmy w naszej szkole podr\u00f3\u017cnika z grupy TRZASK, pana Grzegorza Chachur\u0119. Mieli\u015bmy okazj\u0119 pos\u0142ucha\u0107 relacji z wyprawy do Omanu oraz Zjednoczonych Emirat\u00f3w Arabskich. Podziwiali\u015bmy pi\u0119kne krajobrazy Bliskiego Wschodu, poznawali\u015bmy obyczaje, kultur\u0119 i religi\u0119 tamtejszej ludno\u015bci. Z zapartym tchem ogl\u0105dali\u015bmy zdj\u0119cia przedstawiaj\u0105ce niesamowite miejsca....<a href='https:\/\/sp.tuchow.pl\/index.php\/2022\/05\/05\/wyprawa-do-omanu-i-zjednoczonych-emiratow-arabskich-z-grupa-trzask-pl\/' class='pfpReadMore'>Read More &raquo;<\/a><div class='clear'><\/div><hr><\/div><div class='pfpItem entry-content'><h2 class='entry-title'><a href='https:\/\/sp.tuchow.pl\/index.php\/2022\/05\/05\/wycieczka-kl-5b-i-5c-27-04-2022\/'>Wycieczka kl. 5b i 5c 27.04.2022<\/a><\/h2><p>1. Lekcja muzealna&nbsp; &#8211; \u201eDawne \u017cycie w neolicie\u201d w Muzeum Historii Tarnowa i Regionu &#8211; Zaj\u0119cia zwi\u0105zane z archeologi\u0105 ziem polskich. Podczas lekcji ka\u017cdy uczestnik wykona\u0142 bransoletk\u0119 w technice makramy.<br \/>\n2. Zabawa integracyjna w parku trampolin &#8222;Fly Park&#8221; w Tarnowie<\/p>\n<div class=\"fb-post\" data-href=\"http:\/\/www.facebook.com\/sptuchow\/photos\/pcb.3256038864665615\/3256037977999037\/\" data-width=\"552\" style=\"background-color: #fff; display: inline-block;\"><\/div>\n...<a href='https:\/\/sp.tuchow.pl\/index.php\/2022\/05\/05\/wycieczka-kl-5b-i-5c-27-04-2022\/' class='pfpReadMore'>Read More &raquo;<\/a><div class='clear'><\/div><hr><\/div><div class='pfpItem entry-content'><h2 class='entry-title'><a href='https:\/\/sp.tuchow.pl\/index.php\/2022\/05\/05\/uczennice-klas-trzecich-laureatkami-gminnego-konkursu-recytatorskiego-przyjaciele-dzieci-wierszem-do-nich-pisza\/'>Uczennice klas trzecich laureatkami Gminnego Konkursu Recytatorskiego \u201ePrzyjaciele dzieci wierszem do nich pisz\u0105\u201d!<\/a><\/h2><p>28 kwietnia 2022 r. w Domu Kultury w Tuchowie odby\u0142 si\u0119 Gminny Konkurs Recytatorski \u201ePrzyjaciele dzieci wierszem do nich pisz\u0105\u201d. Nasz\u0105 szko\u0142\u0119 reprezentowa\u0142y dwie uczennice z klas trzecich, kt\u00f3re zwyci\u0119\u017cy\u0142y w szkolnych eliminacjach.<\/p>\n<p>Mi\u0142o nam poinformowa\u0107, \u017ce obydwie dziewczynki zdoby\u0142y zaszczytne miejsca w kategorii wiekowej UCZNIOWIE KL. I-III<\/p>\n<p><strong>I miejsce \u2013 Oliwia...<a href='https:\/\/sp.tuchow.pl\/index.php\/2022\/05\/05\/uczennice-klas-trzecich-laureatkami-gminnego-konkursu-recytatorskiego-przyjaciele-dzieci-wierszem-do-nich-pisza\/' class='pfpReadMore'>Read More &raquo;<\/a><div class='clear'><\/div><hr><\/div><div class='pfpItem entry-content'><h2 class='entry-title'><a href='https:\/\/sp.tuchow.pl\/index.php\/2022\/05\/04\/narodowe-swieto-konstytucji\/'>Narodowe \u015awi\u0119to Konstytucji<\/a><\/h2><p style=\"text-align: justify;\">3 maja to szczeg\u00f3lny dzie\u0144 dla wszystkich Polak\u00f3w. To data jednego z najwa\u017cniejszych \u015bwi\u0105t pa\u0144stwowych. Upami\u0119tniamy wydarzenia, kt\u00f3re mia\u0142y miejsce 231 lat temu.&nbsp; Patrioci z kr\u00f3lem Polski Stanis\u0142awem Augustem Poniatowskim, maj\u0105c w sercu dobro upadaj\u0105cej Ojczyzny, podj\u0119li trud ratowania pa\u0144stwa.<\/p>\n<p style=\"text-align: justify;\">29 kwietnia w naszej szkole odby\u0142a si\u0119...<a href='https:\/\/sp.tuchow.pl\/index.php\/2022\/05\/04\/narodowe-swieto-konstytucji\/' class='pfpReadMore'>Read More &raquo;<\/a><div class='clear'><\/div><hr><\/div><div class='pfpItem entry-content'><h2 class='entry-title'><a href='https:\/\/sp.tuchow.pl\/index.php\/2022\/05\/02\/rekrutacja-opiekunow-mobilnosci-2\/'>Rekrutacja opiekun\u00f3w mobilno\u015bci<\/a><\/h2><p style=\"text-align: justify;\">Informujemy, \u017ce w wyniku rekrutacji do projektu&nbsp;<strong>Ponadnarodowa mobilno\u015b\u0107 uczni\u00f3w<\/strong>&nbsp;w ramach<strong>&nbsp;Programu Operacyjnego Wiedza Edukacja Rozw\u00f3j<\/strong>, wsp\u00f3\u0142finansowanego ze \u015brodk\u00f3w&nbsp;<strong>Europejskiego Funduszu Spo\u0142ecznego<\/strong>&nbsp;wy\u0142oniono opiekun\u00f3w mobilno\u015bci.&nbsp;<\/p>\n<p style=\"text-align: justify;\">W zak\u0142adce&nbsp;<strong>REKRUTACJA Nab\u00f3r IV&nbsp;<\/strong>zamieszczony zosta\u0142 szczeg\u00f3\u0142owy wykaz zakwalifikowanych nauczycieli oraz lista rezerwowa.<\/p>\n...<a href='https:\/\/sp.tuchow.pl\/index.php\/2022\/05\/02\/rekrutacja-opiekunow-mobilnosci-2\/' class='pfpReadMore'>Read More &raquo;<\/a><div class='clear'><\/div><hr><\/div><div class='pfpItem entry-content'><h2 class='entry-title'><a href='https:\/\/sp.tuchow.pl\/index.php\/2022\/04\/28\/iv-gminny-konkurs-piosenki-angielskiej-everybody-can-sing-2\/'>IV Gminny Konkurs Piosenki Angielskiej \u201eEverybody can sing\u201d<\/a><\/h2><p style=\"text-align: justify;\">Szko\u0142a Podstawowa im. Stanis\u0142awa Staszica w Tuchowie zorganizowa\u0142a IV Gminny Konkurs Piosenki Angielskiej \u201eEverybody can sing\u201d. Etap gminny poprzedzony by\u0142 eliminacjami do konkursu. Do etapu gminnego przesz\u0142o 21 uczestnik\u00f3w z 8 szk\u00f3\u0142. Poziom by\u0142 bardzo wysoki i wyr\u00f3wnany.&nbsp;<\/p>\n<p style=\"text-align: justify;\">Wyst\u0119py ocenia\u0142o niezale\u017cne jury w sk\u0142adzie: pani Anna Archamowicz\u2013...<a href='https:\/\/sp.tuchow.pl\/index.php\/2022\/04\/28\/iv-gminny-konkurs-piosenki-angielskiej-everybody-can-sing-2\/' class='pfpReadMore'>Read More &raquo;<\/a><div class='clear'><\/div><hr><\/div><div class='pfpItem entry-content'><h2 class='entry-title'><a href='https:\/\/sp.tuchow.pl\/index.php\/2022\/04\/27\/podroze-i-odkrycia-czas-zaczac\/'>Podr\u00f3\u017ce i odkrycia czas zacz\u0105\u0107\u2026<\/a><\/h2><p style=\"text-align: justify;\"><span style=\"font-weight: 400;\">Nasza szko\u0142a rozpoczyna dzisiaj realizacj\u0119 6-miesi\u0119cznego przedsi\u0119wzi\u0119cia \u201cTravel &amp; Discover &#8211; podr\u00f3\u017cuj i odkrywaj\u201d. To ju\u017c drugi raz, kiedy nasi uczniowie b\u0119d\u0105 mogli uczestniczy\u0107 w projekcie \u201cPonadnarodowa mobilno\u015b\u0107 uczni\u00f3w\u201d. Jego g\u0142\u00f3wnym za\u0142o\u017ceniem jest zagraniczny wyjazd do partnerskiej szko\u0142y, aby tam uczniowie we wsp\u00f3\u0142pracy z r\u00f3wie\u015bnikami zrealizowali...<a href='https:\/\/sp.tuchow.pl\/index.php\/2022\/04\/27\/podroze-i-odkrycia-czas-zaczac\/' class='pfpReadMore'>Read More &raquo;<\/a><div class='clear'><\/div><hr><\/div><div class='pfpItem entry-content'><h2 class='entry-title'><a href='https:\/\/sp.tuchow.pl\/index.php\/2022\/04\/25\/posprzataj-z-nami-malopolske\/'>\u201ePosprz\u0105taj z nami Ma\u0142opolsk\u0119!<\/a><\/h2><p><span style=\"font-weight: 400;\">22 kwietnia nasza szko\u0142a przy\u0142\u0105czy\u0142a si\u0119 do akcji \u201ePosprz\u0105taj z nami Ma\u0142opolsk\u0119!\u201d. W dzia\u0142aniach uczestniczy\u0142a m\u0142odzie\u017c klas \u00f3smych. <\/span><span style=\"font-weight: 400;\">Sprz\u0105tanie okolicy sk\u0142ania nas do refleksji nad przysz\u0142o\u015bci\u0105 naszej planety, buduje poczucie wsp\u00f3lnej odpowiedzialno\u015bci za otaczaj\u0105c\u0105 nas przyrod\u0119. Akcja mia\u0142a za zadanie u\u015bwiadomi\u0107 nam, jakie s\u0105 efekty niszczenia...<a href='https:\/\/sp.tuchow.pl\/index.php\/2022\/04\/25\/posprzataj-z-nami-malopolske\/' class='pfpReadMore'>Read More &raquo;<\/a><div class='clear'><\/div><hr><\/div><div class='pfpItem entry-content'><h2 class='entry-title'><a href='https:\/\/sp.tuchow.pl\/index.php\/2022\/04\/25\/etap-szkolny-konkursu-piosenki-angielskiej-everybody-can-sing\/'>Etap Szkolny Konkursu Piosenki Angielskiej \"Everybody can sing\"<\/a><\/h2><p style=\"text-align: justify;\">22 kwietnia po raz czwarty w naszej szkole odby\u0142 si\u0119 szkolny etap konkursu &#8222;Everybody can sing&#8221;. Do konkursu przyst\u0105pi\u0142o 18 uczestnik\u00f3w, kt\u00f3rzy rywalizowali w dw\u00f3ch kategoriach wiekowych. Komisja wy\u0142oni\u0142a sze\u015bciu laureat\u00f3w, kt\u00f3rzy 25 kwietnia b\u0119d\u0105 reprezentowa\u0107 nasz\u0105 szkol\u0119 na IV Gminnym Konkursie Piosenki Angielskiej.<\/p>\n<p><strong>Kategoria klas I-IV<\/strong><br \/>\nI miejsce-...<a href='https:\/\/sp.tuchow.pl\/index.php\/2022\/04\/25\/etap-szkolny-konkursu-piosenki-angielskiej-everybody-can-sing\/' class='pfpReadMore'>Read More &raquo;<\/a><div class='clear'><\/div><hr><\/div><div class='pfpItem entry-content'><h2 class='entry-title'><a href='https:\/\/sp.tuchow.pl\/index.php\/2022\/04\/21\/podsumowanie-akcji-zonkile-2\/'>Podsumowanie akcji \u017bonkile<\/a><\/h2><p><strong>&nbsp;<\/strong><\/p>\n<p style=\"text-align: right;\"><em>\u201eMusimy uczy\u0107 (&#8230;), \u017ce z\u0142o jest z\u0142em,<\/em><\/p>\n<p style=\"text-align: right;\"><em>&nbsp;\u017ce nienawi\u015b\u0107 jest z\u0142em i \u017ce mi\u0142o\u015b\u0107 jest obowi\u0105zkiem\u201d.<\/em><\/p>\n<p style=\"text-align: right;\">&nbsp;<\/p>\n<p style=\"text-align: right;\"><em>Marek Edelman<\/em><\/p>\n<p><strong><em>&nbsp;<\/em><\/strong><\/p>\n<p style=\"text-align: justify;\">20 kwietnia w naszej szkole obchodzili\u015bmy 79. rocznic\u0119 wybuchu powstania w getcie warszawskim. Tegoroczna edycja odby\u0142a si\u0119 pod has\u0142em MI\u0141O\u015a\u0106. Marek Edelman, jeden z przyw\u00f3dc\u00f3w...<a href='https:\/\/sp.tuchow.pl\/index.php\/2022\/04\/21\/podsumowanie-akcji-zonkile-2\/' class='pfpReadMore'>Read More &raquo;<\/a><div class='clear'><\/div><hr><\/div><div class='pfpItem entry-content'><h2 class='entry-title'><a href='https:\/\/sp.tuchow.pl\/index.php\/2022\/04\/15\/sukces-uczniow-w-iv-edycji-malopolskiego-konkursu-czytelniczego-czytam-znam-rozumiem-dla-uczniow-klas-vii-i-viii-szkol-podstawowych-w-roku-szkolnym-20212022\/'>SUKCES uczni\u00f3w w IV edycji MA\u0141OPOLSKIEGO KONKURSU CZYTELNICZEGO\u00a0Czytam, znam, rozumiem\u00a0dla uczni\u00f3w klas VII i VIII szk\u00f3\u0142 podstawowych w roku szkolnym 2021\/2022<\/a><\/h2><p style=\"text-align: center;\"><strong>,,Kto czyta ksi\u0105\u017cki, \u017cyje podw\u00f3jnie\u2019\u2019<\/strong><\/p>\n<p style=\"text-align: center;\"><strong>(Umberto Eco)<\/strong><\/p>\n<p style=\"text-align: center;\"><strong>&nbsp;<\/strong><\/p>\n<p><strong>Za nami ju\u017c IV edycja MA\u0141OPOLSKIEGO KONKURSU CZYTELNICZEGO&nbsp;<em>Czytam, znam, rozumiem&nbsp;<\/em>dla uczni\u00f3w klas VII i VIII szk\u00f3\u0142 podstawowych w roku szkolnym 2021\/2022.<\/strong><\/p>\n<p><strong>&nbsp;<\/strong><\/p>\n<p style=\"text-align: justify;\">Konkurs jest organizowany przez Towarzystwo Literackie im. Adama Mickiewicza Oddzia\u0142 w&nbsp;Tarnowie oraz instytucje wsp\u00f3\u0142pracuj\u0105ce: III Liceum Og\u00f3lnokszta\u0142c\u0105ce...<a href='https:\/\/sp.tuchow.pl\/index.php\/2022\/04\/15\/sukces-uczniow-w-iv-edycji-malopolskiego-konkursu-czytelniczego-czytam-znam-rozumiem-dla-uczniow-klas-vii-i-viii-szkol-podstawowych-w-roku-szkolnym-20212022\/' class='pfpReadMore'>Read More &raquo;<\/a><div class='clear'><\/div><hr><\/div><div class='pfpItem entry-content'><h2 class='entry-title'><a href='https:\/\/sp.tuchow.pl\/index.php\/2022\/04\/15\/kartki-swiateczne-dla-domu-pogodnej-jesieni-w-tuchowie\/'>Kartki \u015bwi\u0105teczne dla Domu Pogodnej Jesieni w Tuchowie<\/a><\/h2><p>\u015awietliczaki wraz z Paniami w\u0142asnor\u0119cznie przygotowa\u0142y kartki \u015bwi\u0105teczne dla mieszka\u0144c\u00f3w Domu Pogodnej Jesieni w Tuchowie oraz pi\u0119kne pisanki, kt\u00f3rymi wzbogaci\u0142y II Tuchowski Kiermasz Wielkanocny.<\/p>\n<div>\n<div class=\"fb-post\" data-href=\"http:\/\/www.facebook.com\/sptuchow\/photos\/pcb.3240940889508746\/3240940356175466\/\" data-width=\"552\" style=\"background-color: #fff; display: inline-block;\"><\/div>\n<\/div>\n...<a href='https:\/\/sp.tuchow.pl\/index.php\/2022\/04\/15\/kartki-swiateczne-dla-domu-pogodnej-jesieni-w-tuchowie\/' class='pfpReadMore'>Read More &raquo;<\/a><div class='clear'><\/div><hr><\/div><div class='pfpItem entry-content'><h2 class='entry-title'><a href='https:\/\/sp.tuchow.pl\/index.php\/2022\/04\/14\/swiateczne-paczki-rozwiezione-czyli-akcja-podziel-sie-swietami-zakonczona\/'>\u015awi\u0105teczne paczki rozwiezione, \u00a0czyli akcja \u201ePodziel si\u0119 \u015awi\u0119tami\u201d zako\u0144czona!<\/a><\/h2><p style=\"text-align: justify;\">Obdarowali\u015bmy 28 potrzebuj\u0105cych, samotnych i cz\u0119sto chorych senior\u00f3w z Gminy Tuch\u00f3w. Przekazali\u015bmy r\u00f3wnie\u017c pomoc rzeczow\u0105 cz\u0142onkom Stowarzyszenia Os\u00f3b niepe\u0142nosprawnych \u201eNadzieja\u201d w Tuchowie. W paczkach znalaz\u0142y si\u0119 r\u00f3\u017cnorodne&nbsp; produkty spo\u017cywcze, kt\u00f3re przynie\u015bli uczniowie b\u0105d\u017a otrzymali\u015bmy od lokalnych przedsi\u0119biorc\u00f3w.<\/p>\n<p style=\"text-align: justify;\">Organizatorzy: Szko\u0142a Podstawowa w Tuchowie, M\u0142odzie\u017cowa Rada Gminy Tuch\u00f3w, Towarzystwo...<a href='https:\/\/sp.tuchow.pl\/index.php\/2022\/04\/14\/swiateczne-paczki-rozwiezione-czyli-akcja-podziel-sie-swietami-zakonczona\/' class='pfpReadMore'>Read More &raquo;<\/a><div class='clear'><\/div><hr><\/div><div class='pfpItem entry-content'><h2 class='entry-title'><a href='https:\/\/sp.tuchow.pl\/index.php\/2022\/04\/13\/fotorelacja-z-akcji-badz-niebieski-z-okazji-swiatowego-dnia-swiadomosci-autyzmu\/'>Fotorelacja z akcji \"B\u0105d\u017a niebieski\" z okazji \u015awiatowego Dnia \u015awiadomo\u015bci Autyzmu<\/a><\/h2><p>Zapraszamy do obejrzenia fotorelacji z akcji &#8222;B\u0105d\u017a niebieski&#8221; z okazji \u015awiatowego Dnia \u015awiadomo\u015bci Autyzmu.<\/p>\n<p>Link:<br \/>\n<a title=\"http:\/\/drive.google.com\/file\/d\/10qzjzM_TZ_YDVXWS8nIcTad1G5LRUoE1\/view?usp=drivesdk\" href=\"http:\/\/drive.google.com\/file\/d\/10qzjzM_TZ_YDVXWS8nIcTad1G5LRUoE1\/view?usp=drivesdk\" target=\"_blank\" rel=\"noopener\">http:\/\/drive.google.com\/file\/d\/10qzjzM_TZ_YDVXWS8nIcTad1G5LRUoE1\/view?usp=drivesdk<\/a><\/p>\n<p style=\"text-align: right;\"><em>Patrycja Piekarz<\/em><\/p>\n...<a href='https:\/\/sp.tuchow.pl\/index.php\/2022\/04\/13\/fotorelacja-z-akcji-badz-niebieski-z-okazji-swiatowego-dnia-swiadomosci-autyzmu\/' class='pfpReadMore'>Read More &raquo;<\/a><div class='clear'><\/div><hr><\/div><div class='pfpItem entry-content'><h2 class='entry-title'><a href='https:\/\/sp.tuchow.pl\/index.php\/2022\/04\/12\/tuchow-geniallnym-miejscem\/'>Tuch\u00f3w \u201eGeniallnym miejscem\u201d<\/a><\/h2><p>Uczniowie klasy 5b wraz z wychowawc\u0105 wzi\u0119li udzia\u0142 w og\u00f3lnopolskim projekcie \u201eGeniallne miejsca.\u201d Projekt polega\u0142 na przygotowaniu prezentacji w postaci gry lub escape-roomu (w aplikacji genially) na temat miejscowo\u015bci, gdzie znajduje si\u0119 plac\u00f3wka uczni\u00f3w.<\/p>\n<p>Nasza praca o Tuchowie przesz\u0142a pomy\u015blnie weryfikacj\u0119 i Tuch\u00f3w znalaz\u0142 si\u0119 na og\u00f3lnopolskiej mapie Geniallnych miejsc (link...<a href='https:\/\/sp.tuchow.pl\/index.php\/2022\/04\/12\/tuchow-geniallnym-miejscem\/' class='pfpReadMore'>Read More &raquo;<\/a><div class='clear'><\/div><hr><\/div><div class='pfpItem entry-content'><h2 class='entry-title'><a href='https:\/\/sp.tuchow.pl\/index.php\/2022\/04\/11\/wesolych-swiat\/'>WESO\u0141YCH \u015aWI\u0104T\u2026<\/a><\/h2><p style=\"text-align: justify;\">Wielkanocne zaj\u0105czki z klasy 1b \u017cycz\u0105 wszystkim WESO\u0141YCH \u015aWI\u0104T.&nbsp; Szczeg\u00f3lne&nbsp; \u017cyczenia zosta\u0142y skierowane do zacnych senior\u00f3w z<strong> DOMU POGODNEJ JESIENI W TUCHOWIE<\/strong>,&nbsp; do kt\u00f3rych pojecha\u0142o \u015bwi\u0105teczne pude\u0142ko wype\u0142nione&nbsp;&nbsp; pi\u0119knymi pisankami.&nbsp; Ale najwa\u017cniejsza jest pami\u0119\u0107, \u017cyczliwo\u015b\u0107&nbsp; i czynienie dobra dla drugiego cz\u0142owieka. Mamy nadziej\u0119, \u017ce prezencik wywo\u0142a u\u015bmiech na...<a href='https:\/\/sp.tuchow.pl\/index.php\/2022\/04\/11\/wesolych-swiat\/' class='pfpReadMore'>Read More &raquo;<\/a><div class='clear'><\/div><hr><\/div><div class='pfpItem entry-content'><h2 class='entry-title'><a href='https:\/\/sp.tuchow.pl\/index.php\/2022\/04\/11\/solidarni-z-ukraina-3\/'>Solidarni z Ukrain\u0105<\/a><\/h2><div class=\"fb-post\" data-href=\"http:\/\/www.facebook.com\/sptuchow\/photos\/a.1798034137132769\/3238101509792684\/\" data-width=\"552\" style=\"background-color: #fff; display: inline-block;\"><\/div>\n...<a href='https:\/\/sp.tuchow.pl\/index.php\/2022\/04\/11\/solidarni-z-ukraina-3\/' class='pfpReadMore'>Read More &raquo;<\/a><div class='clear'><\/div><hr><\/div><div class='pfpItem entry-content'><h2 class='entry-title'><a href='https:\/\/sp.tuchow.pl\/index.php\/2022\/04\/11\/szkolny-konkurs-recytatorski-dla-klas-1-3\/'>Szkolny Konkurs Recytatorski dla klas 1-3<\/a><\/h2><p><u>8 kwietnia po raz kolejny w naszej szkole odby\u0142 si\u0119<strong> \u201eSzkolny Konkurs Recytatorski dla klas 1-3\u201d.&nbsp;<\/strong><\/u><\/p>\n<p>Do konkursu przyst\u0105pi\u0142o 20 uczni\u00f3w. Uczniowie recytowali dowolnie wybrane wiersze. Celem konkursu by\u0142o ukazanie pi\u0119kna poezji, rozbudzenie zainteresowa\u0144 poezj\u0105 dla dzieci, rozwijanie zdolno\u015bci recytatorskich, szerzenie kultury s\u0142owa poetyckiego oraz uczenie rywalizacji w przyjemnej atmosferze.<br \/>\n<strong>Komisja...<a href='https:\/\/sp.tuchow.pl\/index.php\/2022\/04\/11\/szkolny-konkurs-recytatorski-dla-klas-1-3\/' class='pfpReadMore'>Read More &raquo;<\/a><div class='clear'><\/div><hr><\/div><div class='pfpItem entry-content'><h2 class='entry-title'><a href='https:\/\/sp.tuchow.pl\/index.php\/2022\/04\/11\/akcja-zonkile-2\/'>AKCJA \u017bONKILE<\/a><\/h2><p>Zapraszamy uczni\u00f3w klas IV-VIII do wzi\u0119cia udzia\u0142u w akcji \u201e\u017bonkile\u201d. Ma ona na celu upami\u0119tnienie heroicznej walki \u017byd\u00f3w walcz\u0105cych z rasistowsk\u0105 polityk\u0105 III Rzeszy. Powstanie, kt\u00f3re wybuch\u0142o w getcie warszawskim 19 kwietnia 1943 roku by\u0142o najwi\u0119kszym zbrojnym zrywem \u017byd\u00f3w podczas II wojny \u015bwiatowej. Symbolem walki &nbsp;jest <strong><span style=\"color: #ffcc00;\">\u017b\u00d3\u0141TY \u017bONKIL...<a href='https:\/\/sp.tuchow.pl\/index.php\/2022\/04\/11\/akcja-zonkile-2\/' class='pfpReadMore'>Read More &raquo;<\/a><div class='clear'><\/div><hr><\/div><div class='pfpItem entry-content'><h2 class='entry-title'><a href='https:\/\/sp.tuchow.pl\/index.php\/2022\/04\/08\/ogolnopolski-konkurs-orzel-edukacji-wczesnoszkolnej\/'>Og\u00f3lnopolski Konkurs \u201eOrze\u0142\u00a0Edukacji Wczesnoszkolnej\"<\/a><\/h2><p>Z rado\u015bci\u0105 informujemy, \u017ce znane s\u0105 ju\u017c&nbsp;wyniki <strong>Og\u00f3lnopolskiego Konkursu \u201eOrze\u0142&nbsp;Edukacji Wczesnoszkolnej\u201d<\/strong>. Uczestnicy tegorocznej edycji wykazali si\u0119 du\u017c\u0105 wiedz\u0105, uzyskuj\u0105c bardzo wysokie&nbsp;wyniki. Z tego powodu pragniemy z\u0142o\u017cy\u0107 gratulacje wszystkim uczniom, kt\u00f3rzy postanowili wzi\u0105\u0107 udzia\u0142 w konkursie, wykazuj\u0105c zaanga\u017cowanie w nauk\u0119 i ambicj\u0119.<\/p>\n<p><strong><u>Mamy zaszczyt poinformowa\u0107, \u017ce w\u015br\u00f3d laureat\u00f3w znale\u017ali si\u0119 uczniowie z...<a href='https:\/\/sp.tuchow.pl\/index.php\/2022\/04\/08\/ogolnopolski-konkurs-orzel-edukacji-wczesnoszkolnej\/' class='pfpReadMore'>Read More &raquo;<\/a><div class='clear'><\/div><hr><\/div><div class='pfpItem entry-content'><h2 class='entry-title'><a href='https:\/\/sp.tuchow.pl\/index.php\/2022\/04\/05\/zapraszamy-do-udzialu-w-akcji-2\/'>Zapraszamy do udzia\u0142u w akcji!<\/a><\/h2><div class=\"kvgmc6g5 cxmmr5t8 oygrvhab hcukyx3x c1et5uql ii04i59q\">\n<div dir=\"auto\" style=\"text-align: justify;\">Kolejny raz organizujemy wielkanocn\u0105 akcj\u0119 &#8222;Podziel si\u0119 \u015awi\u0119tami&#8221;, skierowan\u0105 do Seniora z Gminy Tuch\u00f3w, samotnych, chorych, w trudnej sytuacji finansowe oraz dla podopiecznych, niepe\u0142nosprawnych Stowarzyszenia &#8222;Nadzieja&#8221;.<\/div>\n<\/div>\n<div class=\"cxmmr5t8 oygrvhab hcukyx3x c1et5uql o9v6fnle ii04i59q\">\n<div dir=\"auto\" style=\"text-align: justify;\">Oczywi\u015bcie akcja skierowana jest dla CH\u0118TNYCH uczni\u00f3w.<\/div>\n<div...<a href='https:\/\/sp.tuchow.pl\/index.php\/2022\/04\/05\/zapraszamy-do-udzialu-w-akcji-2\/' class='pfpReadMore'>Read More &raquo;<\/a><div class='clear'><\/div><hr><\/div><div class='pfpItem entry-content'><h2 class='entry-title'><a href='https:\/\/sp.tuchow.pl\/index.php\/2022\/04\/04\/wiosna-buch-ksiazka-w-ruch-ii-edycja\/'>Wiosna Buch! Ksi\u0105\u017cka w ruch! \u2013 II Edycja<\/a><\/h2><p style=\"text-align: justify;\">Samorz\u0105d szkolny oraz bibliotekarki zapraszaj\u0105 uczni\u00f3w klas I- IV do zabawy z bibliotek\u0105 szkoln\u0105. Od dzisiaj tj. 4 kwietnia 2022 roku do ko\u0144ca miesi\u0105ca b\u0119dziecie mogli wylosowa\u0107 zadanie raz dziennie, wykona\u0107 je i wrzuci\u0107 sw\u00f3j los do specjalnej skrzynki. Raz w tygodniu odb\u0119dzie si\u0119 losowanie 10 uczni\u00f3w, kt\u00f3rzy...<a href='https:\/\/sp.tuchow.pl\/index.php\/2022\/04\/04\/wiosna-buch-ksiazka-w-ruch-ii-edycja\/' class='pfpReadMore'>Read More &raquo;<\/a><div class='clear'><\/div><hr><\/div><div class='pfpItem entry-content'><h2 class='entry-title'><a href='https:\/\/sp.tuchow.pl\/index.php\/2022\/04\/03\/warsztaty-w-izbie-pamieci-ckziu\/'>Warsztaty w Izbie Pami\u0119ci CKZiU<\/a><\/h2><p style=\"text-align: justify;\"><span style=\"font-weight: 400;\">W marcu uczniowie klas si\u00f3dmych wzi\u0119li udzia\u0142 w warsztatach historycznych zorganizowanych przez Centrum Kszta\u0142cenia Zawodowego i Ustawicznego w Tuchowie. Tematyka warsztat\u00f3w dotyczy\u0142a wydarze\u0144 oraz bohater\u00f3w bitwy pod \u0141owcz\u00f3wkiem. Podczas dwugodzinnego spotkania pani Liliana Lipka w ciekawy spos\u00f3b przedstawi\u0142a m\u0142odzie\u017cy histori\u0119 Legion\u00f3w Polskich J\u00f3zefa Pi\u0142sudskiego. Bra\u0142y one...<a href='https:\/\/sp.tuchow.pl\/index.php\/2022\/04\/03\/warsztaty-w-izbie-pamieci-ckziu\/' class='pfpReadMore'>Read More &raquo;<\/a><div class='clear'><\/div><hr><\/div><div class='pfpItem entry-content'><h2 class='entry-title'><a href='https:\/\/sp.tuchow.pl\/index.php\/2022\/04\/01\/zapraszamy-do-udzialu-w-akcji\/'>Zapraszamy do udzia\u0142u w akcji!<\/a><\/h2><div class=\"\" data-block=\"true\" data-editor=\"c6ab6\" data-offset-key=\"b9lv7-0-0\">\n<div class=\"_1mf _1mj\" style=\"text-align: justify;\" data-offset-key=\"b9lv7-0-0\">Kolejny raz organizujemy wielkanocn\u0105 akcj\u0119 &#8222;Podziel si\u0119 \u015awi\u0119tami&#8221;, skierowan\u0105 do Seniora z Gminy Tuch\u00f3w, samotnych, chorych, w trudnej sytuacji finansowe oraz dla podopiecznych, niepe\u0142nosprawnych Stowarzyszenia &#8222;Nadzieja&#8221;.<\/div>\n<\/div>\n<div class=\"\" style=\"text-align: justify;\" data-block=\"true\" data-editor=\"c6ab6\" data-offset-key=\"1vaf9-0-0\">\n<div class=\"_1mf _1mj\" data-offset-key=\"1vaf9-0-0\"><span data-offset-key=\"1vaf9-0-0\">Oczywi\u015bcie akcja skierowana jest dla CH\u0118TNYCH...<a href='https:\/\/sp.tuchow.pl\/index.php\/2022\/04\/01\/zapraszamy-do-udzialu-w-akcji\/' class='pfpReadMore'>Read More &raquo;<\/a><div class='clear'><\/div><hr><\/div><div class='pfpItem entry-content'><h2 class='entry-title'><a href='https:\/\/sp.tuchow.pl\/index.php\/2022\/03\/29\/iv-szkolny-konkurs-recytatorski-im-k-karwata-rozstrzygniety\/'>IV\u00a0 Szkolny Konkurs Recytatorski im. K. Karwata - rozstrzygni\u0119ty<\/a><\/h2><p style=\"text-align: justify;\"><strong>&nbsp;<\/strong>W dniu 29 marca 2022 r. odby\u0142 si\u0119 w naszej szkole <strong>IV Szkolny Konkurs Recytatorski im. Kazimierza Karwata<\/strong>. Po raz kolejny mogli\u015bmy go\u015bci\u0107 na konkursie pani\u0105 Zofi\u0119 Karwat i pani\u0105 Mi\u0142os\u0142aw\u0119 Strzelczyk, najbli\u017csz\u0105 rodzin\u0119 zmar\u0142ego 8 lat temu patrona konkursu. Recytacji naszych uczni\u00f3w wys\u0142ucha\u0142 tak\u017ce p. dyrektor J\u00f3zef...<a href='https:\/\/sp.tuchow.pl\/index.php\/2022\/03\/29\/iv-szkolny-konkurs-recytatorski-im-k-karwata-rozstrzygniety\/' class='pfpReadMore'>Read More &raquo;<\/a><div class='clear'><\/div><hr><\/div><div class='pfpItem entry-content'><h2 class='entry-title'><a href='https:\/\/sp.tuchow.pl\/index.php\/2022\/03\/28\/z-power-em-wracamy-do-portugalii\/'>Z POWER EM WRACAMY DO PORTUGALII\u00a0<\/a><\/h2><p style=\"text-align: justify;\"><span style=\"font-weight: 400;\">Z rado\u015bci\u0105 informujemy, \u017ce nasza szko\u0142a po raz drugi b\u0119dzie mog\u0142a wzi\u0105\u0107 udzia\u0142 w projekcie<strong> \u201cPonadnarodowa Mobilno\u015b\u0107 Uczni\u00f3w\u201d<\/strong>, wsp\u00f3\u0142finansowanym z Europejskiego Funduszu Spo\u0142ecznego w ramach Programu Operacyjnego Wiedza Edukacja Rozw\u00f3j. Wniosek naszej szko\u0142y,<\/span><span style=\"font-weight: 400;\"> kt\u00f3rego tytu\u0142 brzmi: <\/span><span style=\"font-weight: 400;\"><strong>\u201cTravel &amp; Discover &#8211; podr\u00f3\u017cuj i...<a href='https:\/\/sp.tuchow.pl\/index.php\/2022\/03\/28\/z-power-em-wracamy-do-portugalii\/' class='pfpReadMore'>Read More &raquo;<\/a><div class='clear'><\/div><hr><\/div><div class='pfpItem entry-content'><h2 class='entry-title'><a href='https:\/\/sp.tuchow.pl\/index.php\/2022\/03\/25\/swiatowy-dzien-swiadomosci-autyzmu-badz-niebieski-2\/'>\u015awiatowy Dzie\u0144 \u015awiadomo\u015bci Autyzmu \u201e B\u0105d\u017a niebieski\u201d<\/a><\/h2><p>R\u00f3\u017cni lecz r\u00f3wnie wa\u017cni\u2026<\/p>\n<p>W tym roku nasza szko\u0142a po raz kolejny bierze udzia\u0142 w kampanii spo\u0142ecznej&nbsp; <span style=\"color: #00ccff;\">\u201ePolska Na Niebiesko. \u2018\u2019<\/span><\/p>\n<p><strong>2 kwietnia obchodzimy \u015awiatowy Dzie\u0144 \u015awiadomo\u015bci Autyzmu<\/strong>, kt\u00f3ry zosta\u0142 ustanowiony w roku 2007 przez Zgromadzenie Og\u00f3lne ONZ w celu podnoszenia&nbsp; \u015bwiadomo\u015bci spo\u0142ecznej i propagowania wiedzy na temat tego zaburzenia.<\/p>\n<p>&nbsp;\u201eCa\u0142a...<a href='https:\/\/sp.tuchow.pl\/index.php\/2022\/03\/25\/swiatowy-dzien-swiadomosci-autyzmu-badz-niebieski-2\/' class='pfpReadMore'>Read More &raquo;<\/a><div class='clear'><\/div><hr><\/div><div class='pfpItem entry-content'><h2 class='entry-title'><a href='https:\/\/sp.tuchow.pl\/index.php\/2022\/03\/25\/iv-gminny-konkurs-piosenki-angielskiej-everybody-can-sing\/'>IV Gminny Konkurs Piosenki Angielskiej \"Everybody can sing\"<\/a><\/h2><p style=\"text-align: justify;\">Zapraszamy do udzia\u0142u w Gminnym Konkursie Piosenki Angielskiej &#8222;Everybody can sing,&#8221; kt\u00f3rego organizatorem jest Szko\u0142a Podstawowa im. Stanis\u0142awa Staszica w Tuchowie. Konkurs jest organizowany w dw\u00f3ch kategoriach wiekowych: uczniowie klas 1-4 oraz klas 5-8.<\/p>\n<p>Etap szkolny odb\u0119dzie si\u0119 22.04.2022r. 6 najlepszych uczestnik\u00f3w (po 3 z ka\u017cdej grupy wiekowej) zakwalifikuje...<a href='https:\/\/sp.tuchow.pl\/index.php\/2022\/03\/25\/iv-gminny-konkurs-piosenki-angielskiej-everybody-can-sing\/' class='pfpReadMore'>Read More &raquo;<\/a><div class='clear'><\/div><hr><\/div><div class='pfpItem entry-content'><h2 class='entry-title'><a href='https:\/\/sp.tuchow.pl\/index.php\/2022\/03\/21\/zyj-z-calych-sil\/'>\u201e\u017byj z ca\u0142ych si\u0142\u2026\u201d<\/a><\/h2><p style=\"text-align: justify;\">&nbsp;&nbsp;&nbsp;&nbsp;&nbsp;&nbsp;&nbsp;&nbsp;&nbsp;&nbsp; \u201e\u017byj z ca\u0142ych si\u0142\u2026\u201d to przes\u0142anie wyp\u0142ywaj\u0105ce z tre\u015bci wydarzenia jakie mia\u0142o miejsce 18 marca w Bazylice w Tuchowie. Doroczna, dziewi\u0105ta inscenizacja Drogi Krzy\u017cowej (w 2020 roku ze wzgl\u0105du na panuj\u0105c\u0105 pandemie nie uda\u0142o si\u0119 jej zorganizowa\u0107) zosta\u0142a przygotowana przez uczni\u00f3w i by\u0142ych absolwent\u00f3w Szko\u0142y Podstawowej im....<a href='https:\/\/sp.tuchow.pl\/index.php\/2022\/03\/21\/zyj-z-calych-sil\/' class='pfpReadMore'>Read More &raquo;<\/a><div class='clear'><\/div><hr><\/div><div class='pfpItem entry-content'><h2 class='entry-title'><a href='https:\/\/sp.tuchow.pl\/index.php\/2022\/03\/21\/wiosenne-podchody-w-1b\/'>Wiosenne podchody w 1b.<\/a><\/h2><p style=\"text-align: justify;\">21 marca dzieci z klasy 1b na wezwanie Pani Wiosny stawi\u0142y si\u0119 punktualnie o godzinie 8.00, by uwolni\u0107 j\u0105 z Lodowej Krainy z r\u0105k mro\u017anej Zimy. Dzieci wzi\u0119\u0142y udzia\u0142 w wiosennych podchodach na terenie szko\u0142y i musia\u0142y odszuka\u0107 wszystkie oznaki wiosny, kt\u00f3re Pani Wiosna ukry\u0142a w r\u00f3\u017cnych miejscach...<a href='https:\/\/sp.tuchow.pl\/index.php\/2022\/03\/21\/wiosenne-podchody-w-1b\/' class='pfpReadMore'>Read More &raquo;<\/a><div class='clear'><\/div><hr><\/div><div class='pfpItem entry-content'><h2 class='entry-title'><a href='https:\/\/sp.tuchow.pl\/index.php\/2022\/03\/18\/obchody-dnia-sw-patryka-w-szkole-podstawowej-w-tuchowie-2\/'>OBCHODY DNIA \u015aW. PATRYKA W SZKOLE PODSTAWOWEJ W TUCHOWIE<\/a><\/h2><p>Dzie\u0144 17 marca zosta\u0142 ca\u0142kowicie zdominowany przez kolor zielony. Z okazji Dnia \u015aw. Patryka uczniowie wzi\u0119li udzia\u0142 w konkursie na najciekawsze przebranie.<\/p>\n<p>Jury po d\u0142ugich obradach wy\u0142oni\u0142o nast\u0119puj\u0105cych zwyci\u0119zc\u00f3w:<\/p>\n<p><strong>1 miejsce: Wiktoria Steindel kl.2a, Zofia Toto\u015b kl. 1b, Wiktoria Okaz kl.2b<\/strong><\/p>\n<p><strong>2 miejsce: Rita Bryl kl.3c, Jakub Wide\u0142 kl.3c, Nikodem Folty\u0144ski kl. 1a<\/strong><\/p>\n<p><strong>3...<a href='https:\/\/sp.tuchow.pl\/index.php\/2022\/03\/18\/obchody-dnia-sw-patryka-w-szkole-podstawowej-w-tuchowie-2\/' class='pfpReadMore'>Read More &raquo;<\/a><div class='clear'><\/div><hr><\/div><div class='pfpItem entry-content'><h2 class='entry-title'><a href='https:\/\/sp.tuchow.pl\/index.php\/2022\/03\/17\/spotkanie-organizacyjne-dla-rodzicow-uczniow-przyszlych-klas-pierwszych\/'>Spotkanie organizacyjne dla rodzic\u00f3w uczni\u00f3w przysz\u0142ych klas pierwszych<\/a><\/h2><div class=\"ns4p8fja j83agx80 cbu4d94t a6sixzi8 bkfpd7mw d2edcug0 kb5gq1qc nred35xi jy3qco62 dflh9lhu\" role=\"none\">\n<div class=\"pfnyh3mw ciadx1gn mudddibn aovydwv3 j83agx80\">Dyrektor Szko\u0142y Podstawowej im. St. Staszica w Tuchowie zaprasza na spotkanie organizacyjne rodzic\u00f3w przysz\u0142ych klas pierwszych &#8211; w szczeg\u00f3lno\u015bci tych, kt\u00f3rzy kandyduj\u0105 do klasy <span data-offset-key=\"9modb-0-0\"> pierwszej sportowej o profilu og\u00f3lnorozwojowym.<\/span><\/div>\n<div class=\"pfnyh3mw ciadx1gn mudddibn...<a href='https:\/\/sp.tuchow.pl\/index.php\/2022\/03\/17\/spotkanie-organizacyjne-dla-rodzicow-uczniow-przyszlych-klas-pierwszych\/' class='pfpReadMore'>Read More &raquo;<\/a><div class='clear'><\/div><hr><\/div><div class='pfpItem entry-content'><h2 class='entry-title'><a href='https:\/\/sp.tuchow.pl\/index.php\/2022\/03\/16\/wyniki-szkolnego-konkursu-historyczno-plastycznego-rysunkowa-historia\/'>WYNIKI SZKOLNEGO KONKURSU HISTORYCZNO-PLASTYCZNEGO \u201eRYSUNKOWA HISTORIA\u201d<\/a><\/h2><p style=\"text-align: justify;\">Do 4 marca uczniowie mogli zg\u0142asza\u0107 prace do konkurs na najciekawsz\u0105 notatk\u0119 rysunkow\u0105 z historii. Zg\u0142oszono 25 prac. Notatki graficzne s\u0105 pomys\u0142em uczni\u00f3w na u\u0142atwienie nauki w zapami\u0119tywaniu dat, wydarze\u0144, zagadnie\u0144 z historii. Zadanie nie by\u0142o \u0142atwe, wymaga\u0142o doboru odpowiednich tre\u015bci, rozplanowania element\u00f3w notatki na kartce (kompozycji), opracowania...<a href='https:\/\/sp.tuchow.pl\/index.php\/2022\/03\/16\/wyniki-szkolnego-konkursu-historyczno-plastycznego-rysunkowa-historia\/' class='pfpReadMore'>Read More &raquo;<\/a><div class='clear'><\/div><hr><\/div><div class='pfpItem entry-content'><h2 class='entry-title'><a href='https:\/\/sp.tuchow.pl\/index.php\/2022\/03\/14\/list-ministra-edukacji-i-nauki\/'>List Ministra Edukacji i Nauki<\/a><\/h2><p style=\"text-align: right;\"><em>Warszawa, 11 marca 2022 roku<\/em><\/p>\n<p><em>Szanowni Pa\u0144stwo Dyrektorzy, Nauczyciele, Pracownicy O\u015bwiaty, <\/em><\/p>\n<p><em>Przedstawiciele Samorz\u0105d\u00f3w, <\/em><\/p>\n<p><em>Szanowni Rodzice, <\/em><\/p>\n<p><em>Drodzy Uczniowie,<\/em><\/p>\n<p><em>&nbsp;<\/em><\/p>\n<p style=\"text-align: justify;\">od kilkunastu dni za nasz\u0105 wschodni\u0105 granic\u0105 trwaj\u0105 dzia\u0142ania wojenne prowadzone przez Rosj\u0119 przeciwko narodowi ukrai\u0144skiemu. Wydarzenia te w ogromnym stopniu wp\u0142yn\u0119\u0142y tak\u017ce na sytuacj\u0119 w naszym kraju. Od pocz\u0105tku wojny...<a href='https:\/\/sp.tuchow.pl\/index.php\/2022\/03\/14\/list-ministra-edukacji-i-nauki\/' class='pfpReadMore'>Read More &raquo;<\/a><div class='clear'><\/div><hr><\/div><div class='pfpItem entry-content'><h2 class='entry-title'><a href='https:\/\/sp.tuchow.pl\/index.php\/2022\/03\/09\/mlodziezowa-droga-krzyzowa-3\/'>M\u0141ODZIE\u017bOWA \u00a0DROGA \u00a0KRZY\u017bOWA<\/a><\/h2><p><strong>Szko\u0142a Podstawowa w Tuchowie oraz Zesp\u00f3\u0142 Pokolenia&nbsp;<\/strong><strong>&nbsp;zapraszaj\u0105 na Drog\u0119 Krzy\u017cow\u0105<\/strong><\/p>\n<p><strong>Bazylika Mniejsza w Tuchowie<\/strong><\/p>\n<p><strong>18 marca 2022 r. <\/strong><strong>&nbsp;po wieczornej Mszy \u015awi\u0119tej<\/strong><\/p>\n<div class=\"fb-post\" data-href=\"http:\/\/www.facebook.com\/sptuchow\/photos\/a.1798034137132769\/3214115575524611\/\" data-width=\"552\" style=\"background-color: #fff; display: inline-block;\"><\/div>\n<p>&nbsp;<\/p>\n...<a href='https:\/\/sp.tuchow.pl\/index.php\/2022\/03\/09\/mlodziezowa-droga-krzyzowa-3\/' class='pfpReadMore'>Read More &raquo;<\/a><div class='clear'><\/div><hr><\/div><div class='pfpItem entry-content'><h2 class='entry-title'><a href='https:\/\/sp.tuchow.pl\/index.php\/2022\/03\/09\/solidarni-z-ukraina-2\/'>\"Solidarni z Ukrain\u0105\"<\/a><\/h2><p>Dzieciaki na \u015bwietlicy wykaza\u0142y si\u0119 empati\u0105 oraz wra\u017cliwo\u015bci\u0105 na sytuacj\u0119, jakiej znale\u017ali si\u0119 nasi s\u0105siedzi. Uczniowie chc\u0105c wyrazi\u0107 wsparcie dla narodu dotkni\u0119tego wojn\u0105 wykonali plakaty: ,,Solidarni z Ukrain\u0105\u201d. Okazali, \u017ce ca\u0142ym sercem s\u0105 z Ukrain\u0105 i s\u0105 z ni\u0105 solidarni.<\/p>\n<div class=\"fb-post\" data-href=\"http:\/\/www.facebook.com\/sptuchow\/photos\/pcb.3213976518871850\/3213976112205224\/\" data-width=\"552\" style=\"background-color: #fff; display: inline-block;\"><\/div>\n...<a href='https:\/\/sp.tuchow.pl\/index.php\/2022\/03\/09\/solidarni-z-ukraina-2\/' class='pfpReadMore'>Read More &raquo;<\/a><div class='clear'><\/div><hr><\/div><div class='pfpItem entry-content'><h2 class='entry-title'><a href='https:\/\/sp.tuchow.pl\/index.php\/2022\/03\/09\/pamieci-zolnierzy-wykletych-2\/'>Pami\u0119ci \u017bo\u0142nierzy Wykl\u0119tych<\/a><\/h2><p style=\"text-align: justify;\">4 marca 2022r. dru\u017cyna z naszej szko\u0142y wzi\u0119\u0142a udzia\u0142 w IV Pieszym Rajdzie Tropem Wilczym Pami\u0119ci \u017bo\u0142nierzy Wykl\u0119tych. Nasz\u0105 Szko\u0142\u0119 prezentowali: Anna Styrkowiec, Emilia Micha\u0142ek, Lena Starzyk, Julia Osika, Miros\u0142aw Sus, Bartosz Gawron, Samuel Ma\u0142opolski, Jan Szary i Hubert Kajmowicz. Opiekunami by\u0142y&nbsp; Bernadeta Baran i Natalia Czachor.<\/p>\n<p style=\"text-align:...<a href='https:\/\/sp.tuchow.pl\/index.php\/2022\/03\/09\/pamieci-zolnierzy-wykletych-2\/' class='pfpReadMore'>Read More &raquo;<\/a><div class='clear'><\/div><hr><\/div><div class='pfpItem entry-content'><h2 class='entry-title'><a href='https:\/\/sp.tuchow.pl\/index.php\/2022\/03\/08\/innowacja-pedagogiczna-reading-is-your-power-w-klasie-4b\/'>Innowacja pedagogiczna \"Reading is your power\" w klasie 4B<\/a><\/h2><p style=\"text-align: justify;\">&nbsp;&nbsp;&nbsp;&nbsp;&nbsp;&nbsp;&nbsp;&nbsp; W ramach innowacji pedagogicznej uczniowie czytaj\u0105 ksi\u0105\u017cki w j\u0119zyku angielskim dopasowane do swojego poziomu, ucz\u0105 si\u0119 nowego s\u0142ownictwa oraz wykonuj\u0105 ciekawe \u0107wiczenia.<\/p>\n<p style=\"text-align: justify;\">&nbsp;&nbsp;&nbsp;&nbsp;&nbsp;&nbsp;&nbsp;&nbsp; Pierwsza przeczytana ksi\u0105\u017cka nosi\u0142a tytu\u0142 &#8222;Marcel goes to Hollywood&#8221;, a podsumowaniem omawiania lektury by\u0142y w\u0142asnor\u0119cznie wykonane lapbooki (teczki tematyczne), kt\u00f3re uczniowie tworzyli w...<a href='https:\/\/sp.tuchow.pl\/index.php\/2022\/03\/08\/innowacja-pedagogiczna-reading-is-your-power-w-klasie-4b\/' class='pfpReadMore'>Read More &raquo;<\/a><div class='clear'><\/div><hr><\/div><div class='pfpItem entry-content'><h2 class='entry-title'><a href='https:\/\/sp.tuchow.pl\/index.php\/2022\/03\/06\/obchody-dnia-sw-patryka\/'>OBCHODY DNIA \u015aW. PATRYKA<\/a><\/h2><p>&nbsp;<\/p>\n<p>17 marca obchodzony jest Dzie\u0144 \u015awi\u0119tego Patryka, patrona Irlandii. Jedn\u0105 z tradycji tego dnia jest noszenie ubra\u0144 w kolorze zielonym, dlatego zapraszamy wszystkich uczni\u00f3w klas 1-4 do udzia\u0142u w konkursie na najciekawsze przebranie w kolorze zielonym.<\/p>\n<p>Cele konkursu:<\/p>\n<p>\u00b7 Poznawanie kultury kraj\u00f3w angloj\u0119zycznych<\/p>\n<p>\u00b7 Wzbudzanie zainteresowania nauk\u0105 j\u0119zyka angielskiego<\/p>\n<p>\u00b7 Uatrakcyjnienie procesu uczenia si\u0119<\/p>\n<p>Prezentacja...<a href='https:\/\/sp.tuchow.pl\/index.php\/2022\/03\/06\/obchody-dnia-sw-patryka\/' class='pfpReadMore'>Read More &raquo;<\/a><div class='clear'><\/div><hr><\/div><div class='pfpItem entry-content'><h2 class='entry-title'><a href='https:\/\/sp.tuchow.pl\/index.php\/2022\/03\/03\/karnawalowy-bal-maskowy-w-swietlicy-szkolnej\/'>\"KARNAWA\u0141OWY BAL MASKOWY\" w \u015bwietlicy szkolnej<\/a><\/h2><p style=\"text-align: justify;\">23 lutego w naszej \u015bwietlicy odby\u0142 si\u0119 &#8222;KARNAWA\u0141OWY BAL MASKOWY&#8221;.&nbsp;Na ten dzie\u0144 nasza sala zmieni\u0142a si\u0119 nie do poznania, pi\u0119knie udekorowana balonami, serpentynami z bibu\u0142y.&nbsp;Dzieciaki we w\u0142asnor\u0119cznie wykonanych maskach \u015bwietnie bawi\u0142y si\u0119 podczas zabaw muzyczno- ruchowych oraz przy uk\u0142adach tanecznych do utwor\u00f3w m.in. &#8222;Chocolate&#8221;, &#8222;Makarena&#8221;. Odby\u0142 si\u0119 r\u00f3wnie\u017c...<a href='https:\/\/sp.tuchow.pl\/index.php\/2022\/03\/03\/karnawalowy-bal-maskowy-w-swietlicy-szkolnej\/' class='pfpReadMore'>Read More &raquo;<\/a><div class='clear'><\/div><hr><\/div><div class='pfpItem entry-content'><h2 class='entry-title'><a href='https:\/\/sp.tuchow.pl\/index.php\/2022\/02\/28\/rekrutacja-do-klas-i-szkoly-podstawowej-im-stanislawa-staszica-w-tuchowie-rok-szkolny-20222023\/'>Rekrutacja do klas I Szko\u0142y Podstawowej im. Stanis\u0142awa Staszica w Tuchowie rok szkolny 2022\/2023<\/a><\/h2><p>Dyrektor Szko\u0142y Podstawowej im. Stanis\u0142awa Staszica w Tuchowie informuje, \u017ce zapisy do klasy pierwszej przyjmowane b\u0119d\u0105&nbsp;<strong>od 01 marca 2022 r. do 31 marca 2022 r.<\/strong><\/p>\n<p>Zg\u0142oszenia dla uczni\u00f3w z obwodu szko\u0142y oraz wnioski dla kandydat\u00f3w spoza obwodu nale\u017cy pobra\u0107 w sekretariacie szko\u0142y&nbsp;&nbsp;lub&nbsp;ze&nbsp;strony internetowej i&nbsp;z\u0142o\u017cy\u0107 w sekretariacie szko\u0142y<br \/>\nw godzinach od 8<sup>00<\/sup>&nbsp;do...<a href='https:\/\/sp.tuchow.pl\/index.php\/2022\/02\/28\/rekrutacja-do-klas-i-szkoly-podstawowej-im-stanislawa-staszica-w-tuchowie-rok-szkolny-20222023\/' class='pfpReadMore'>Read More &raquo;<\/a><div class='clear'><\/div><hr><\/div><div class='pfpItem entry-content'><h2 class='entry-title'><a href='https:\/\/sp.tuchow.pl\/index.php\/2022\/02\/26\/solidarni-z-ukraina\/'>Solidarni z Ukrain\u0105<\/a><\/h2><img loading=\"lazy\" decoding=\"async\" src=\"http:\/\/static.xx.fbcdn.net\/images\/emoji.php\/v9\/te0\/1\/16\/1f1f5_1f1f1.png\" alt=\"??\" width=\"16\" height=\"16\"><div class=\"kvgmc6g5 cxmmr5t8 oygrvhab hcukyx3x c1et5uql ii04i59q\">\n<div dir=\"auto\"><span class=\"pq6dq46d tbxw36s4 knj5qynh kvgmc6g5 ditlmg2l oygrvhab nvdbi5me sf5mxxl7 gl3lb2sf hhz5lgdu\"><\/span> Solidarni z Ukrain\u0105 <span class=\"pq6dq46d tbxw36s4 knj5qynh kvgmc6g5 ditlmg2l oygrvhab nvdbi5me sf5mxxl7 gl3lb2sf hhz5lgdu\"><\/span><\/div>\n<div dir=\"auto\">Wszyscy wiemy co dzieje si\u0119 za nasz\u0105 wschodni\u0105 granic\u0105, co spotka\u0142o naszych s\u0105siad\u00f3w.<\/div>\n<div dir=\"auto\">Ju\u017c teraz dzi\u0119kujemy mieszka\u0144com Tuchowa,...<a href='https:\/\/sp.tuchow.pl\/index.php\/2022\/02\/26\/solidarni-z-ukraina\/' class='pfpReadMore'>Read More &raquo;<\/a><div class='clear'><\/div><hr><\/div><div class='pfpItem entry-content'><h2 class='entry-title'><a href='https:\/\/sp.tuchow.pl\/index.php\/2022\/02\/23\/iv-szkolny-konkurs-recytatorski-im-kazimierza-karwata\/'>IV Szkolny Konkurs Recytatorski im. Kazimierza Karwata<\/a><\/h2><p style=\"text-align: center;\"><strong>REGULAMIN<\/strong><\/p>\n<p style=\"text-align: center;\"><strong>IV SZKOLNEGO KONKURSU RECYTATORSKIEGO<\/strong><\/p>\n<p style=\"text-align: center;\"><strong>im. Kazimierza Karwata<\/strong><\/p>\n<p><strong>&nbsp;<\/strong><strong>&nbsp;<\/strong><\/p>\n<p>Organizatorem konkursu jest Szko\u0142a Podstawowa&nbsp; w Tuchowie<\/p>\n<p>&nbsp;koordynatorzy: Katarzyna Krupa i Anna Stanuch-Madej<\/p>\n<p><strong>Czytamy poezj\u0119 po to,&nbsp; <em>\u201e(\u2026) \u2013aby si\u0119 wzruszy\u0107, zachwyci\u0107, wzbogaci\u0107 sw\u0105 wiedz\u0119 i osobowo\u015b\u0107.\u201d K. Karwat<\/em><\/strong><\/p>\n<ol>\n<li><strong>Cele konkursu<\/strong><\/li>\n<\/ol>\n<ul>\n<li>rozbudzanie wra\u017cliwo\u015bci na pi\u0119kno poezji oraz upowszechnianie kultury \u017cywego s\u0142owa,<\/li>\n<li>kszta\u0142towanie j\u0119zyka, wyobra\u017ani...<a href='https:\/\/sp.tuchow.pl\/index.php\/2022\/02\/23\/iv-szkolny-konkurs-recytatorski-im-kazimierza-karwata\/' class='pfpReadMore'>Read More &raquo;<\/a><div class='clear'><\/div><hr><\/div><div class='pfpItem entry-content'><h2 class='entry-title'><a href='https:\/\/sp.tuchow.pl\/index.php\/2022\/02\/21\/rozumiem\/'>ROZUMIEM<\/a><\/h2><p style=\"text-align: justify;\">23 lutego 2022 r. przypada Og\u00f3lnopolski Dzie\u0144 Walki z Depresj\u0105. Nasza szko\u0142a w\u0142\u0105czy\u0142a si\u0119 do akcji organizowanej przez Dom Kultury w Tuchowie. Zapraszamy wi\u0119c uczni\u00f3w naszej szko\u0142y do napisania listu do osoby chorej na depresj\u0119. Odr\u0119cznie napisane listy, w\u0142o\u017cone do kolorowej kopert przynosimy do szko\u0142y od 23 lutego...<a href='https:\/\/sp.tuchow.pl\/index.php\/2022\/02\/21\/rozumiem\/' class='pfpReadMore'>Read More &raquo;<\/a><div class='clear'><\/div><hr><\/div><div class='pfpItem entry-content'><h2 class='entry-title'><a href='https:\/\/sp.tuchow.pl\/index.php\/2022\/02\/20\/po-raz-21-w-lutym-2022-roku-obchodzimy-miedzynarodowy-dzien-jezyka-ojczystego\/'>Po raz 21. w lutym 2022 roku obchodzimy Mi\u0119dzynarodowy Dzie\u0144 J\u0119zyka Ojczystego<\/a><\/h2><p style=\"text-align: justify;\">Mi\u0119dzynarodowy Dzie\u0144 J\u0119zyka Ojczystego (Mi\u0119dzynarodowy Dzie\u0144 Dziedzictwa J\u0119zykowego) \u2013 coroczne&nbsp;\u015bwi\u0119to&nbsp;obchodzone&nbsp;21 lutego, kt\u00f3re zosta\u0142o ustanowione przez&nbsp;UNESCO&nbsp;17 listopada&nbsp;1999&nbsp;roku.<\/p>\n<p style=\"text-align: justify;\">Jego data upami\u0119tnia wydarzenia w&nbsp;Bangladeszu, gdzie w 1952 roku pi\u0119ciu student\u00f3w&nbsp;uniwersytetu w Dhace&nbsp;zgin\u0119\u0142o podczas demonstracji, w kt\u00f3rej domagano si\u0119 nadania&nbsp;j\u0119zykowi bengalskiemu&nbsp;statusu&nbsp;j\u0119zyka urz\u0119dowego.<\/p>\n<p style=\"text-align: justify;\">Wed\u0142ug ONZ co najmniej 40% spo\u015br\u00f3d j\u0119zyk\u00f3w u\u017cywanych...<a href='https:\/\/sp.tuchow.pl\/index.php\/2022\/02\/20\/po-raz-21-w-lutym-2022-roku-obchodzimy-miedzynarodowy-dzien-jezyka-ojczystego\/' class='pfpReadMore'>Read More &raquo;<\/a><div class='clear'><\/div><hr><\/div><div class='pfpItem entry-content'><h2 class='entry-title'><a href='https:\/\/sp.tuchow.pl\/index.php\/2022\/02\/18\/10262\/'>Nowy plan lekcji<\/a><\/h2><p>Od 21 lutego (poniedzia\u0142ek) b\u0119dzie obowi\u0105zywa\u0142 nowy&nbsp;<a href=\"https:\/\/sp.tuchow.pl\/plan\/\">PLAN ZAJ\u0118\u0106<\/a><\/p>\n<p>Przypominamy jednocze\u015bnie, \u017ce&nbsp;obowi\u0105zuje nowy rozk\u0142ad rozpoczynania i ko\u0144czenia zaj\u0119\u0107 szkolnych:<\/p>\n<table class=\" aligncenter\" style=\"height: 291px; width: 191px;\">\n<tbody>\n<tr style=\"height: 54px;\">\n<td style=\"width: 43.2656px; height: 54px;\">Lekcja<\/td>\n<td style=\"width: 114.766px; height: 54px;\">Czas trwania<\/td>\n<\/tr>\n<tr style=\"height: 22px;\">\n<td style=\"width: 43.2656px; height: 22px;\">1.<\/td>\n<td style=\"width: 114.766px; height: 22px;\">08:00&nbsp;\u2013 08:45<\/td>\n<\/tr>\n<tr style=\"height: 22px;\">\n<td style=\"width: 43.2656px;...<a href='https:\/\/sp.tuchow.pl\/index.php\/2022\/02\/18\/10262\/' class='pfpReadMore'>Read More &raquo;<\/a><div class='clear'><\/div><hr><\/div><div class='pfpItem entry-content'><h2 class='entry-title'><a href='https:\/\/sp.tuchow.pl\/index.php\/2022\/02\/17\/dowoz-uczniow-do-szkoly-od-21-lutego-2022r\/'>Dow\u00f3z uczni\u00f3w do szko\u0142y od 21 lutego 2022r.<\/a><\/h2><p>Od 21 lutego 2022 r obowi\u0105zuje nast\u0119puj\u0105cy harmonogram dowoz\u00f3w i odwoz\u00f3w:<\/p>\n<p>Wo\u0142owa: przyw\u00f3z 7:20 &#8211; odw\u00f3z 14:15<br \/>\nKielanowice: przyw\u00f3z 7:35 &#8211; odw\u00f3z 14:30<\/p>\n...<a href='https:\/\/sp.tuchow.pl\/index.php\/2022\/02\/17\/dowoz-uczniow-do-szkoly-od-21-lutego-2022r\/' class='pfpReadMore'>Read More &raquo;<\/a><div class='clear'><\/div><hr><\/div><div class='pfpItem entry-content'><h2 class='entry-title'><a href='https:\/\/sp.tuchow.pl\/index.php\/2022\/02\/16\/rozstrzygniecie-konkursu-happy-valentines-day\/'>Rozstrzygni\u0119cie konkursu Happy Valentine's Day<\/a><\/h2><p style=\"text-align: justify;\">Do 14 lutego uczniowie klas 1-4 naszej szko\u0142y mogli bra\u0107 udzia\u0142 w konkursie na przygotowanie najpi\u0119kniejszej kartki walentynkowej z wierszykiem w j\u0119zyku angielskim. Konkurs cieszy\u0142 si\u0119 ogromn\u0105 popularno\u015bci\u0105. Do jury wp\u0142yn\u0119\u0142o ponad 50 prac, a wszystkie dostarczone kartki by\u0142y bardzo pomys\u0142owe, przez co wyb\u00f3r laureat\u00f3w okaza\u0142 si\u0119 dla...<a href='https:\/\/sp.tuchow.pl\/index.php\/2022\/02\/16\/rozstrzygniecie-konkursu-happy-valentines-day\/' class='pfpReadMore'>Read More &raquo;<\/a><div class='clear'><\/div><hr><\/div><div class='pfpItem entry-content'><h2 class='entry-title'><a href='https:\/\/sp.tuchow.pl\/index.php\/2022\/02\/15\/walentynki-z-ksiazka-2\/'>WALENTYNKI\u00a0 Z KSIA\u017bK\u0104!<\/a><\/h2><p style=\"text-align: justify;\">Z okazji Walentynek biblioteka szkolna z Samorz\u0105dem Szko\u0142y i n-l j\u0119zyka angielskiego przygotowali dla uczni\u00f3w randk\u0119 z ksi\u0105\u017ck\u0105. Ka\u017cdy kto odwiedzi\u0142 bibliotek\u0119 i wypo\u017cyczy\u0142 w tym specjalnym dniu jak\u0105\u015b pozycj\u0119, m\u00f3g\u0142 sobie wybra\u0107 serduszko oraz pocz\u0119stowa\u0107 si\u0119 s\u0142odko\u015bciami. Serduszka przygotowane&nbsp; przez przedstawicieli samorz\u0105du szkolnego i opiekuna mia\u0142y te\u017c...<a href='https:\/\/sp.tuchow.pl\/index.php\/2022\/02\/15\/walentynki-z-ksiazka-2\/' class='pfpReadMore'>Read More &raquo;<\/a><div class='clear'><\/div><hr><\/div><div class='pfpItem entry-content'><h2 class='entry-title'><a href='https:\/\/sp.tuchow.pl\/index.php\/2022\/02\/11\/autostopem-z-krakowa-przez-rosje-do-mongolii-i-dalej-do-pekinu\/'>\u201eAutostopem z Krakowa przez Rosj\u0119 do Mongolii i dalej do Pekinu\u201d<\/a><\/h2><p style=\"text-align: justify;\">Tuchowianin, absolwent naszej szko\u0142y Karol Gut, pasjonat podr\u00f3\u017cy, fotografii i astronomii, zabra\u0142 klas\u0119 3a w wirtualn\u0105 podr\u00f3\u017c, \u015bladami swojej autostopowej wyprawy. Niekt\u00f3re z przedstawionych przez podr\u00f3\u017cnika miejsc mo\u017cna zobaczy\u0107 w turystycznych przewodnikach. Opr\u00f3cz nich, nasz go\u015b\u0107 pokaza\u0142 nam r\u00f3wnie\u017c miejsca na og\u00f3\u0142 nieodwiedzane przez turyst\u00f3w. Na zdj\u0119ciach uczniowie...<a href='https:\/\/sp.tuchow.pl\/index.php\/2022\/02\/11\/autostopem-z-krakowa-przez-rosje-do-mongolii-i-dalej-do-pekinu\/' class='pfpReadMore'>Read More &raquo;<\/a><div class='clear'><\/div><hr><\/div><div class='pfpItem entry-content'><h2 class='entry-title'><a href='https:\/\/sp.tuchow.pl\/index.php\/2022\/02\/09\/zarzadzenie-nr-2720212022-dyrektora-szkoly-podstawowej-im-st-staszica-w-tuchowie\/'>Zarz\u0105dzenie nr 27\/2021\/2022 Dyrektora Szko\u0142y Podstawowej im. St. Staszica w Tuchowie\u00a0<\/a><\/h2><p style=\"text-align: center;\"><b>Zarz\u0105dzenie nr 27\/2021\/2022<\/b><\/p>\n<p style=\"text-align: center;\"><b>z dnia 08 lutego 2022 r.<\/b><\/p>\n<p style=\"text-align: center;\"><b>Dyrektor Szko\u0142y Podstawowej im. St. Staszica w Tuchowie&nbsp;<\/b><\/p>\n<p style=\"text-align: center;\"><b>w sprawie: <\/b><b><i>wprowadzenie nauczania zdalnego w klasie 3b.<\/i><\/b><\/p>\n<p style=\"text-align: justify;\"><span style=\"font-weight: 400;\">Na podstawie: \u00a7 18 ust. 2 pkt. 2 Rozporz\u0105dzenia Ministra Edukacji Narodowej i Sportu z dnia 31...<a href='https:\/\/sp.tuchow.pl\/index.php\/2022\/02\/09\/zarzadzenie-nr-2720212022-dyrektora-szkoly-podstawowej-im-st-staszica-w-tuchowie\/' class='pfpReadMore'>Read More &raquo;<\/a><div class='clear'><\/div><hr><\/div><div class='pfpItem entry-content'><h2 class='entry-title'><a href='https:\/\/sp.tuchow.pl\/index.php\/2022\/02\/07\/23-lutego-dzien-walki-z-depresja\/'>23 lutego DZIE\u0143 WALKI Z DEPRESJ\u0104<\/a><\/h2><div class=\"fb-post\" data-href=\"http:\/\/www.facebook.com\/sptuchow\/photos\/pcb.3191630164439819\/3191629311106571\/\" data-width=\"552\" style=\"background-color: #fff; display: inline-block;\"><\/div>\n...<a href='https:\/\/sp.tuchow.pl\/index.php\/2022\/02\/07\/23-lutego-dzien-walki-z-depresja\/' class='pfpReadMore'>Read More &raquo;<\/a><div class='clear'><\/div><hr><\/div><div class='pfpItem entry-content'><h2 class='entry-title'><a href='https:\/\/sp.tuchow.pl\/index.php\/2022\/02\/01\/konkurs-plastyczny-happy-valentines-day\/'>Konkurs plastyczny \"Happy Valentine's Day\"<\/a><\/h2><p>Regulamin Konkursu &#8222;Happy Valentine&#8217;s Day\u201d<\/p>\n<p><u>Tematyka konkursu<\/u><\/p>\n<p style=\"text-align: justify;\">W dniu 14 lutego przypada coroczne \u015bwi\u0119to zakochanych. Nazwa pochodzi od \u015bw. Walentego, a zwyczajem w tym dniu jest wysy\u0142anie list\u00f3w zawieraj\u0105cych wyznania mi\u0142osne (cz\u0119sto pisane wierszem). Z tej okazji zosta\u0142 zorganizowany konkurs plastyczny <strong>&#8222;Happy Valentine&#8217;s Day&#8221;<\/strong> polegaj\u0105cy na wykonaniu najpi\u0119kniejszej kartki walentynkowej...<a href='https:\/\/sp.tuchow.pl\/index.php\/2022\/02\/01\/konkurs-plastyczny-happy-valentines-day\/' class='pfpReadMore'>Read More &raquo;<\/a><div class='clear'><\/div><hr><\/div><div class='pfpItem entry-content'><h2 class='entry-title'><a href='https:\/\/sp.tuchow.pl\/index.php\/2022\/01\/31\/kangur-matematyczny-2022\/'>KANGUR MATEMATYCZNY 2022<\/a><\/h2><p><strong>Drodzy Uczniowie !<\/strong><\/p>\n<p>Zapraszamy do udzia\u0142u w kolejnej, ju\u017c XXXI edycji Mi\u0119dzynarodowego Konkursu Matematycznego \u201eKangur 2022\u201d.<\/p>\n<h3><strong>W konkursie mog\u0105 wzi\u0105\u0107 udzia\u0142 wszyscy uczniowie klas od II do VIII, kt\u00f3rzy chc\u0105 rozwija\u0107 swoje umiej\u0119tno\u015bci logicznego my\u015blenia.<\/strong><\/h3>\n<p>Konkurs ma charakter jednorazowego testu. Na jego rozwi\u0105zanie przeznaczone jest 75 minut. Uczniowie przyst\u0105pi\u0105 do test\u00f3w konkursowych w&nbsp;czterech...<a href='https:\/\/sp.tuchow.pl\/index.php\/2022\/01\/31\/kangur-matematyczny-2022\/' class='pfpReadMore'>Read More &raquo;<\/a><div class='clear'><\/div><hr><\/div><div class='pfpItem entry-content'><h2 class='entry-title'><a href='https:\/\/sp.tuchow.pl\/index.php\/2022\/01\/31\/szkolny-konkurs-historyczno-plastyczny-rysunkowa-historia\/'>SZKOLNY KONKURS HISTORYCZNO-PLASTYCZNY\u00a0\u201eRYSUNKOWA HISTORIA\u201d<\/a><\/h2><p><strong>My\u015blenie wizualne zyskuje coraz wi\u0119ksz\u0105 popularno\u015b\u0107, jako jedna ze skutecznych metod przyswajania wiedzy.<\/strong> <strong>To po\u0142\u0105czenie obrazu i tekstu &#8211; liter, linii, symboli, kszta\u0142t\u00f3w, wyraz\u00f3w-kluczy, z kt\u00f3rych tworzymy ciekawy zapis poznawanych tre\u015bci.<\/strong><\/p>\n<p><strong>Zapraszamy uczni\u00f3w klas IV-VIII do konkursu na najciekawsz\u0105 notatk\u0119 rysunkow\u0105 z historii!<\/strong><\/p>\n<p><strong>&nbsp;I.&nbsp;<\/strong><strong>Cel konkursu<\/strong><\/p>\n<ul>\n<li>Kszta\u0142cenie wyobra\u017ani oraz umiej\u0119tno\u015bci wizualizacji tre\u015bci.<\/li>\n<li>Rozw\u00f3j kreatywno\u015bci, samodzielno\u015bci...<a href='https:\/\/sp.tuchow.pl\/index.php\/2022\/01\/31\/szkolny-konkurs-historyczno-plastyczny-rysunkowa-historia\/' class='pfpReadMore'>Read More &raquo;<\/a><div class='clear'><\/div><hr><\/div><div class='pfpItem entry-content'><h2 class='entry-title'><a href='https:\/\/sp.tuchow.pl\/index.php\/2022\/01\/28\/ogloszenie\/'>Og\u0142oszenie<\/a><\/h2><p>Zgodnie z ROZPORZ\u0104DZENIE MINISTRA EDUKACJI I NAUKI z dnia 26 stycznia 2022 r. w sprawie czasowego ograniczenia funkcjonowania jednostek systemu o\u015bwiaty w zwi\u0105zku z zapobieganiem, przeciwdzia\u0142aniem i zwalczaniem COVID-19.<\/p>\n<p>W Szkole Podstawowej im. St. Staszica w Tuchowie uczniowie <strong>klas I- IV od 31 stycznia 2022 r do 27 lutego 2022 r...<a href='https:\/\/sp.tuchow.pl\/index.php\/2022\/01\/28\/ogloszenie\/' class='pfpReadMore'>Read More &raquo;<\/a><div class='clear'><\/div><hr><\/div><div class='pfpItem entry-content'><h2 class='entry-title'><a href='https:\/\/sp.tuchow.pl\/index.php\/2022\/01\/25\/zarzadzenie-dyrektora-szkoly-podstawowej-im-stanislawa-staszica-w-tuchowie\/'>Zarz\u0105dzenie Dyrektora Szko\u0142y Podstawowej im. Stanis\u0142awa Staszica  w Tuchowie\u00a0<\/a><\/h2><p style=\"text-align: center;\"><b>Zarz\u0105dzenie nr 25\/2021\/2022<\/b><\/p>\n<p style=\"text-align: center;\"><b>z dnia 25 stycznia 2022 r.<\/b><b><br \/>\n<\/b><b>Dyrektora Szko\u0142y Podstawowej im. Stanis\u0142awa Staszica<\/b><\/p>\n<p style=\"text-align: center;\"><b>w Tuchowie&nbsp;<\/b><\/p>\n<p style=\"text-align: center;\"><b>w sprawie organizacji pracy szko\u0142y.<\/b><\/p>\n<p>&nbsp;<\/p>\n<p><span style=\"font-weight: 400;\">Na podstawie: <\/span><span style=\"font-weight: 400;\"><br \/>\n<\/span><span style=\"font-weight: 400;\">Art. 68 ustawy z dnia 14 grudnia 2016 r. &#8211; Prawo o\u015bwiatowe (Dz. U. z...<a href='https:\/\/sp.tuchow.pl\/index.php\/2022\/01\/25\/zarzadzenie-dyrektora-szkoly-podstawowej-im-stanislawa-staszica-w-tuchowie\/' class='pfpReadMore'>Read More &raquo;<\/a><div class='clear'><\/div><hr><\/div><div class='pfpItem entry-content'><h2 class='entry-title'><a href='https:\/\/sp.tuchow.pl\/index.php\/2022\/01\/25\/dobre-rady-dla-mlodszych-czyli-dzien-babci-i-dziadka-z-seniorami-z-domu-pogodnej-jesieni-w-tuchowie\/'>??\"Dobre rady dla m\u0142odszych\" czyli Dzie\u0144 Babci i Dziadka z Seniorami z Domu Pogodnej Jesieni w Tuchowie ??<\/a><\/h2><p style=\"text-align: justify;\">Starsi ludzie s\u0105 skarbnic\u0105 wiedzy. Cz\u0119sto przekazuj\u0105 nam cenne wskaz\u00f3wki, kt\u00f3re zaczerpn\u0119li z w\u0142asnego \u017cycia. Uczniowie klasy 3 c poprosili mieszka\u0144c\u00f3w DPJ w Tuchowie, aby napisali kilka dobrych, \u017cyciowych rad, wskaz\u00f3wek kt\u00f3rymi chcieliby podzieli\u0107 si\u0119 z m\u0142odszym pokoleniem.<\/p>\n<p>Seniorzy podeszli do zadania z zapa\u0142em i przekazali swoje pomys\u0142y terapeutce,...<a href='https:\/\/sp.tuchow.pl\/index.php\/2022\/01\/25\/dobre-rady-dla-mlodszych-czyli-dzien-babci-i-dziadka-z-seniorami-z-domu-pogodnej-jesieni-w-tuchowie\/' class='pfpReadMore'>Read More &raquo;<\/a><div class='clear'><\/div><hr><\/div><div class='pfpItem entry-content'><h2 class='entry-title'><a href='https:\/\/sp.tuchow.pl\/index.php\/2022\/01\/13\/muzyka-dla-duszy-ix-szkolny-konkurs-recytatorski-ksiedza-jana-twardowskiego-za-nami\/'>Muzyka dla duszy\u2026  IX Szkolny Konkurs Recytatorski ksi\u0119dza Jana Twardowskiego za nami!<\/a><\/h2><p style=\"text-align: justify;\">Ksi\u0105dz Jan Twardowski- kap\u0142an i najpopularniejszy polski poeta religijny. W jego tw\u00f3rczo\u015bci kap\u0142a\u0144stwo zosta\u0142o pozbawione rys\u00f3w wznios\u0142ego pos\u0142annictwa, ukazane jest jako pokorna pos\u0142uga dla wiernych. Zdystansowanie si\u0119 do samego siebie przybiera cz\u0119sto form\u0119 ciep\u0142ej autoironii, cho\u0107by w wierszu ,,O maluchach\u2019\u2019:<\/p>\n<p><em>Tylko maluchom nie nudzi\u0142o si\u0119 w czasie kazania<br \/>\nstale...<a href='https:\/\/sp.tuchow.pl\/index.php\/2022\/01\/13\/muzyka-dla-duszy-ix-szkolny-konkurs-recytatorski-ksiedza-jana-twardowskiego-za-nami\/' class='pfpReadMore'>Read More &raquo;<\/a><div class='clear'><\/div><hr><\/div><div class='pfpItem entry-content'><h2 class='entry-title'><a href='https:\/\/sp.tuchow.pl\/index.php\/2022\/01\/11\/gora-skarpet-dla-potrzebujacych\/'>G\u00d3RA SKARPET dla potrzebuj\u0105cych<\/a><\/h2><p style=\"text-align: justify;\">\u015awi\u0119ta to czas sp\u0119dzany z rodzin\u0105 przy suto zastawionym stole. Czas prezent\u00f3w, rado\u015bci i mi\u0142o\u015bci. Niestety nie wszyscy mog\u0105 cieszy\u0107 si\u0119 ciep\u0142em domu i rodziny, gdy\u017c po prostu tego domu nie maj\u0105. Tu\u0142aj\u0105 si\u0119 od miasta do miasta, prosz\u0105 o jedzenie, \u015bpi\u0105 w przytu\u0142kach czy w parkach. Uczniowie...<a href='https:\/\/sp.tuchow.pl\/index.php\/2022\/01\/11\/gora-skarpet-dla-potrzebujacych\/' class='pfpReadMore'>Read More &raquo;<\/a><div class='clear'><\/div><hr><\/div><div class='pfpItem entry-content'><h2 class='entry-title'><a href='https:\/\/sp.tuchow.pl\/index.php\/2022\/01\/11\/happening-bozonarodzeniowy-grudzien-2021\/'>HAPPENING BO\u017bONARODZENIOWY grudzie\u0144\u00a0 2021<\/a><\/h2><p style=\"text-align: justify;\">Tradycj\u0105 Szko\u0142y Podstawowej im. Stanis\u0142awa Staszica w Tuchowie sta\u0142 si\u0119 Happening Bo\u017conarodzeniowy organizowany corocznie przez naszych uczni\u00f3w i nauczycieli. Zasada jest prosta, przygotowujemy kartki z \u017cyczeniami, przebieramy si\u0119 w \u015bwi\u0105teczne stroje: anio\u0142y, diab\u0142y, miko\u0142aje i zaopatrzeni w koszyki z cukierkami ruszamy na tuchowski rynek, aby \u017cyczy\u0107 przechodniom pi\u0119knych...<a href='https:\/\/sp.tuchow.pl\/index.php\/2022\/01\/11\/happening-bozonarodzeniowy-grudzien-2021\/' class='pfpReadMore'>Read More &raquo;<\/a><div class='clear'><\/div><hr><\/div><div class='pfpItem entry-content'><h2 class='entry-title'><a href='https:\/\/sp.tuchow.pl\/index.php\/2022\/01\/05\/grafficiarz-z-klasztoru\/'>Grafficiarz z klasztoru \u2026<\/a><\/h2><p>Cz\u0119sto nie interesujemy si\u0119 tym, co lubi\u0105 robi\u0107 inni. Potykamy si\u0119 o cudze talenty i udajemy, \u017ce nas to nie obchodzi. Nie wszystkim musi si\u0119 podoba\u0107 to, co robimy; to, co lubimy; to, co tworzymy, byleby nie godzi\u0142o w godno\u015b\u0107 drugiego cz\u0142owieka.<\/p>\n<p style=\"text-align: right;\"><em><strong>\u201eTalent jest jak kawa\u0142ek szlachetnego, ale surowego...<a href='https:\/\/sp.tuchow.pl\/index.php\/2022\/01\/05\/grafficiarz-z-klasztoru\/' class='pfpReadMore'>Read More &raquo;<\/a><div class='clear'><\/div><hr><\/div><div class='pfpItem entry-content'><h2 class='entry-title'><a href='https:\/\/sp.tuchow.pl\/index.php\/2021\/12\/19\/10204\/'>Pomoc dla bezdomnych zwierz\u0105t 2021\/2022<\/a><\/h2><p style=\"text-align: justify;\">Maj\u0105c na uwadze dobro bezdomnych zwierz\u0105t, Szko\u0142a Podstawowa w Tuchowie wraz z&nbsp; Towarzystwem Opieki nad Zwierz\u0119tami oddzia\u0142 w Tarnowie, ju\u017c kolejny raz zorganizowa\u0142a zbi\u00f3rk\u0119 koc\u00f3w, ko\u0142der oraz karmy.&nbsp; Przez ca\u0142y listopad uczniowie przynosili do szko\u0142y \u201eprezenty\u201d dla piesk\u00f3w i kot\u00f3w, kt\u00f3re wszyscy kochamy, a kt\u00f3re nie zawsze maj\u0105...<a href='https:\/\/sp.tuchow.pl\/index.php\/2021\/12\/19\/10204\/' class='pfpReadMore'>Read More &raquo;<\/a><div class='clear'><\/div><hr><\/div><div class='pfpItem entry-content'><h2 class='entry-title'><a href='https:\/\/sp.tuchow.pl\/index.php\/2021\/12\/19\/melaniusz-skarb-tuchowa-quest-w-tuchowie\/'>Melaniusz skarb Tuchowa \u2013 quest w Tuchowie<\/a><\/h2><p><strong>QUEST to edukacyjna gra terenowa, kt\u00f3ra \u0142\u0105czy w sobie elementy zabawy i nauki, poszukiwa\u0144 skarbu i rado\u015bci odkrywania!<\/strong><\/p>\n<p style=\"text-align: justify;\"><strong>QUESTY \u2013 Wyprawy Odkrywc\u00f3w<\/strong>&nbsp;z ang.&nbsp;<em>quest<\/em>&nbsp;\u2013 zadanie, zagadka, to gry terenowe polegaj\u0105ce na poszukiwaniu skarb\u00f3w. Nie wymagaj\u0105 one obs\u0142ugi ani znakowania w terenie, dlatego, w odr\u00f3\u017cnieniu od podchod\u00f3w lub gier miejskich, mo\u017cna...<a href='https:\/\/sp.tuchow.pl\/index.php\/2021\/12\/19\/melaniusz-skarb-tuchowa-quest-w-tuchowie\/' class='pfpReadMore'>Read More &raquo;<\/a><div class='clear'><\/div><hr><\/div><div class='pfpItem entry-content'><h2 class='entry-title'><a href='https:\/\/sp.tuchow.pl\/index.php\/2021\/12\/19\/ix-gminny-konkurs-swiatecznej-piosenki-obcojezycznej-2\/'>IX Gminny Konkurs \u015awi\u0105tecznej Piosenki Obcoj\u0119zycznej<\/a><\/h2><p style=\"text-align: justify;\">W pi\u0105tek 17 grudnia 2021 r. w Domu Kultury w Tuchowie &nbsp;odby\u0142 si\u0119 <strong>IX Gminny Konkurs \u015awi\u0105tecznej Piosenki Obcoj\u0119zycznej<\/strong>, kt\u00f3rego organizatorem jest Szko\u0142a Podstawowa w Tuchowie. Wsp\u00f3\u0142organizatorzy to M\u0142odzie\u017cowa Rada Gminy w Tuchowie, Gminna Komisja Rozwi\u0105zywania Problem\u00f3w Alkoholowych w Tuchowie oraz Dom Kultury w Tuchowie.&nbsp; Do udzia\u0142u w...<a href='https:\/\/sp.tuchow.pl\/index.php\/2021\/12\/19\/ix-gminny-konkurs-swiatecznej-piosenki-obcojezycznej-2\/' class='pfpReadMore'>Read More &raquo;<\/a><div class='clear'><\/div><hr><\/div><div class='pfpItem entry-content'><h2 class='entry-title'><a href='https:\/\/sp.tuchow.pl\/index.php\/2021\/12\/18\/10189\/'>Wyniku konkursu na \u201eRodzinn\u0105 szopk\u0119 bo\u017conarodzeniow\u0105\u201d<\/a><\/h2><p style=\"text-align: justify;\">W konkursie wzi\u0119\u0142o udzia\u0142 29 uczni\u00f3w wraz z rodzinami. Wykonano 28 przepi\u0119knych, oryginalnych, niepowtarzalnych szopek. Prace rodzin mo\u017cna by\u0142o ogl\u0105da\u0107 od 24 listopada do 17 grudnia 2021 roku w \u015bwietlicy szkolnej na specjalnie przygotowanej \u015bwi\u0105tecznej wystawie. Dnia 17 grudnia jury przyzna\u0142o nast\u0119puj\u0105ce miejsca:<\/p>\n<p><strong>I miejsce Emilia Kowalczyk z kl....<a href='https:\/\/sp.tuchow.pl\/index.php\/2021\/12\/18\/10189\/' class='pfpReadMore'>Read More &raquo;<\/a><div class='clear'><\/div><hr><\/div><div class='pfpItem entry-content'><h2 class='entry-title'><a href='https:\/\/sp.tuchow.pl\/index.php\/2021\/12\/18\/podsumowanie-akcji-rodacy-bohaterom\/'>Podsumowanie akcji Rodacy Bohaterom<\/a><\/h2><p style=\"text-align: justify;\">Paczk\u0119 \u017cywno\u015bciow\u0105 dla polskich kombatant\u00f3w na kresach przygotowa\u0142y nast\u0119puj\u0105ce klasy: <strong>2a- 3 paczki, 2c, 3b, 3c, 3d,4a, 4c, 5a, 5b, 5c,6a, 6b, 7b, 7c, 8a, 8b, 8c.<\/strong><\/p>\n<p style=\"text-align: justify;\">Serdecznie dzi\u0119kuj\u0119 za wra\u017cliwo\u015b\u0107, zrozumienie i budowanie w dzieciach empatii Rodzicom, Wychowawcom i Nauczycielom. Dzi\u0119kuj\u0119 uczniom wymienionych oddzia\u0142\u00f3w za gotowo\u015b\u0107...<a href='https:\/\/sp.tuchow.pl\/index.php\/2021\/12\/18\/podsumowanie-akcji-rodacy-bohaterom\/' class='pfpReadMore'>Read More &raquo;<\/a><div class='clear'><\/div><hr><\/div><div class='pfpItem entry-content'><h2 class='entry-title'><a href='https:\/\/sp.tuchow.pl\/index.php\/2021\/12\/16\/slubowanie-pierwszoklasistow-na-czytelnikow\/'>\u015alubowanie pierwszoklasist\u00f3w na czytelnik\u00f3w<\/a><\/h2><p style=\"text-align: justify;\">Jak co roku w bibliotece szkolnej&nbsp; odby\u0142o si\u0119 uroczyste \u015blubowanie pierwszoklasist\u00f3w na czytelnik\u00f3w naszej biblioteki. Po szczeg\u00f3\u0142owym om\u00f3wieniu Regulaminu biblioteki, zasad wypo\u017cyczania, oddawania i szanowania ksi\u0105\u017cek, uczniowie powt\u00f3rzyli tekst \u015blubowania i zostali uroczy\u015bcie pasowani na czytelnik\u00f3w.<\/p>\n<p style=\"text-align: justify;\">Naszym pragnieniem jest, aby zach\u0119ci\u0107 najm\u0142odszych do cz\u0119stego si\u0119gania po ksi\u0105\u017ck\u0119,...<a href='https:\/\/sp.tuchow.pl\/index.php\/2021\/12\/16\/slubowanie-pierwszoklasistow-na-czytelnikow\/' class='pfpReadMore'>Read More &raquo;<\/a><div class='clear'><\/div><hr><\/div><div class='pfpItem entry-content'><h2 class='entry-title'><a href='https:\/\/sp.tuchow.pl\/index.php\/2021\/12\/15\/zarzadzenia-dyrektora-szkoly-2\/'>Zarz\u0105dzenia Dyrektora Szko\u0142y<\/a><\/h2><p style=\"text-align: center;\"><strong>Zarz\u0105dzenie nr 19\/2021\/2022<\/strong><br \/>\n<strong>z dnia 09 grudnia 2021 r.<\/strong><br \/>\n<strong>Dyrektor Szko\u0142y Podstawowej im. St. Staszica w Tuchowie<\/strong><br \/>\n<strong>w sprawie: wprowadzenie modelu kszta\u0142cenia hybrydowego<\/strong><\/p>\n<p style=\"text-align: justify;\">Na podstawie: \u00a7 18 ust. 2 pkt. 2 Rozporz\u0105dzenia Ministra Edukacji Narodowej i Sportu z dnia 31 grudnia 2002 r. w sprawie bezpiecze\u0144stwa i...<a href='https:\/\/sp.tuchow.pl\/index.php\/2021\/12\/15\/zarzadzenia-dyrektora-szkoly-2\/' class='pfpReadMore'>Read More &raquo;<\/a><div class='clear'><\/div><hr><\/div><div class='pfpItem entry-content'><h2 class='entry-title'><a href='https:\/\/sp.tuchow.pl\/index.php\/2021\/12\/14\/talenty-recytatorskie\/'>Talenty recytatorskie!<\/a><\/h2><p style=\"text-align: justify;\">13 grudnia 2021 roku w Wietrzychowicach odby\u0142 si\u0119 I Powiatowy Konkurs Recytatorski Tadeusza Nowaka. Troje naszych uczni\u00f3w mia\u0142o mo\u017cliwo\u015b\u0107 wzi\u0119cia udzia\u0142u w tym wydarzeniu.&nbsp; Byli to: <strong>Alicja R\u0105pa\u0142a<\/strong> z klasy 7d, kt\u00f3ra prezentowa\u0142a wiersz <em>Portret,<\/em> <strong>Jakub Madejski<\/strong> z klasy 8b wyrecytowa\u0142 utw\u00f3r <em>Psalm polny<\/em> oraz <strong>Igor \u0141\u0105tka<\/strong> z...<a href='https:\/\/sp.tuchow.pl\/index.php\/2021\/12\/14\/talenty-recytatorskie\/' class='pfpReadMore'>Read More &raquo;<\/a><div class='clear'><\/div><hr><\/div><div class='pfpItem entry-content'><h2 class='entry-title'><a href='https:\/\/sp.tuchow.pl\/index.php\/2021\/12\/13\/ostrzezenie-inspekcji-handlowej-w-krakowie-przed-szczegolnie-niebezpieczna-zabawka\/'>Ostrze\u017cenie Inspekcji Handlowej w Krakowie przed szczeg\u00f3lnie niebezpieczn\u0105 \u201ezabawk\u0105\u201d!<\/a><\/h2><img decoding=\"async\" src=\"https:\/\/sp.tuchow.pl\/wp-content\/uploads\/2021\/12\/Ostrze\u017cenie-kulki-magnetyczne-150x150.jpg\" \/><p style=\"text-align: justify;\">Kulki magnetyczne to \u201ezabawka\u201d ciekawa i kolorowa, a jednocze\u015bnie mog\u0105ca stwarza\u0107 \u015bmiertelne zagro\u017cenie.<\/p>\n<p style=\"text-align: justify;\">Naturalnym mechanizmem poznawczym ma\u0142ych dzieci jest wk\u0142adanie przedmiot\u00f3w, w tym kulek magnetycznych, do ust. Starsze z kolei, mog\u0105 bawi\u0107 si\u0119 pr\u00f3buj\u0105c przyci\u0105gn\u0105\u0107 je do siebie np. na p\u0142atkach uszu, czy te\u017c wargach. St\u0105d ju\u017c...<a href='https:\/\/sp.tuchow.pl\/index.php\/2021\/12\/13\/ostrzezenie-inspekcji-handlowej-w-krakowie-przed-szczegolnie-niebezpieczna-zabawka\/' class='pfpReadMore'>Read More &raquo;<\/a><div class='clear'><\/div><hr><\/div><div class='pfpItem entry-content'><h2 class='entry-title'><a href='https:\/\/sp.tuchow.pl\/index.php\/2021\/12\/13\/wycieczka-klas-osmych-do-muzeum-armii-krajowej-im-gen-emila-fieldorfa-nila-w-krakowie\/'>Wycieczka klas \u00f3smych do Muzeum Armii Krajowej im. gen. Emila Fieldorfa \u201eNila\u201d w Krakowie<\/a><\/h2><p style=\"text-align: justify;\">W listopadzie i grudniu uczniowie klas \u00f3smych uczestniczyli w wycieczce historycznej do Muzeum Armii Krajowej im. gen. Emila Fieldorfa \u201eNila\u201d w Krakowie. M\u0142odzie\u017c wzi\u0119\u0142a udzia\u0142 w warsztatach pt. \u201eZosta\u0144 asem wywiadu\u201d. Pobyt w muzeum podzielony by\u0142 na trzy cz\u0119\u015bci. Pierwszym etapem wycieczki by\u0142o zwiedzenie ekspozycji muzealnej. Pani przewodnik...<a href='https:\/\/sp.tuchow.pl\/index.php\/2021\/12\/13\/wycieczka-klas-osmych-do-muzeum-armii-krajowej-im-gen-emila-fieldorfa-nila-w-krakowie\/' class='pfpReadMore'>Read More &raquo;<\/a><div class='clear'><\/div><hr><\/div><div class='pfpItem entry-content'><h2 class='entry-title'><a href='https:\/\/sp.tuchow.pl\/index.php\/2021\/12\/13\/podsumowanie-ii-edycji-akcji-charytatywnej-i-ty-mozesz-zostac-sw-mikolajem\/'>Podsumowanie II edycji akcji charytatywnej \u201eI Ty mo\u017cesz zosta\u0107 \u015bw. Miko\u0142ajem\u201d<\/a><\/h2><p style=\"text-align: justify;\">Akcja charytatywna &nbsp;\u201eI Ty mo\u017cesz zosta\u0107 \u015bw. Miko\u0142ajem\u201d, w kt\u00f3rej w tym roku prosili\u015bmy o przys\u0142owiow\u0105 z\u0142ot\u00f3wk\u0119 na zakup specjalistycznego w\u00f3zka, a tak\u017ce rehabilitacj\u0119 ma\u0142ej Michalinki podopiecznej &nbsp;Stowarzyszenia \u201eWszystkie Dzieci Nasze S\u0105\u201d z Olszyn zosta\u0142a zako\u0144czona.<\/p>\n<p style=\"text-align: justify;\">Dzi\u0119ki hojno\u015bci uczni\u00f3w naszej szko\u0142y, ich rodzic\u00f3w oraz nauczycieli uda\u0142o nam...<a href='https:\/\/sp.tuchow.pl\/index.php\/2021\/12\/13\/podsumowanie-ii-edycji-akcji-charytatywnej-i-ty-mozesz-zostac-sw-mikolajem\/' class='pfpReadMore'>Read More &raquo;<\/a><div class='clear'><\/div><hr><\/div><div class='pfpItem entry-content'><h2 class='entry-title'><a href='https:\/\/sp.tuchow.pl\/index.php\/2021\/12\/09\/podejmij-wyzwanie-i-zbierz-swiateczna-gore-skarpet\/'>PODEJMIJ WYZWANIE I ZBIERZ \u015aWI\u0104TECZN\u0104 G\u00d3R\u0118 SKARPET<\/a><\/h2><p style=\"text-align: justify;\">Zapraszamy do wzi\u0119cia udzia\u0142u w akcji &#8222;<strong>PODEJMIJ WYZWANIE I ZBIERZ \u015aWI\u0104TECZN\u0104 G\u00d3R\u0118 SKARPET<\/strong>&#8222;.<\/p>\n<p style=\"text-align: justify;\">W dniach 13-16 grudnia ch\u0119tni uczniowie przynosz\u0105 nowe skarpety m\u0119skie ( najlepiej ciep\u0142e ), kt\u00f3re przeka\u017cemy do Centrum Dzie\u0142a Pomocy \u015bw. Ojca Pio w Krakowie, kt\u00f3re wpiera osoby bezdomne.<\/p>\n<p style=\"text-align: justify;\">Klasa, kt\u00f3ra zbierze najwi\u0119cej...<a href='https:\/\/sp.tuchow.pl\/index.php\/2021\/12\/09\/podejmij-wyzwanie-i-zbierz-swiateczna-gore-skarpet\/' class='pfpReadMore'>Read More &raquo;<\/a><div class='clear'><\/div><hr><\/div><div class='pfpItem entry-content'><h2 class='entry-title'><a href='https:\/\/sp.tuchow.pl\/index.php\/2021\/12\/09\/zmiana-terminow-rodzinna-szopka-bozonarodzeniowa\/'>Zmiana termin\u00f3w Rodzinna Szopka Bo\u017conarodzeniowa<\/a><\/h2><p style=\"text-align: justify;\">Informujemy, \u017ce z powodu zarz\u0105dzenia o nauce zdalnej od 20.12.2021 roku prosimy o dostarczenie szopek na konkurs do dnia 16 grudnia 2021 roku tj. do czwartku do \u015bwietlicy szkolnej. Rozstrzygni\u0119cie konkursu nast\u0105pi&nbsp; w pi\u0105tek 17 grudnia 2021roku. Nagrody zostan\u0105 wr\u0119czone dzieciom zaraz po og\u0142oszeniu wynik\u00f3w. Szopki b\u0119dzie mo\u017cna...<a href='https:\/\/sp.tuchow.pl\/index.php\/2021\/12\/09\/zmiana-terminow-rodzinna-szopka-bozonarodzeniowa\/' class='pfpReadMore'>Read More &raquo;<\/a><div class='clear'><\/div><hr><\/div><div class='pfpItem entry-content'><h2 class='entry-title'><a href='https:\/\/sp.tuchow.pl\/index.php\/2021\/12\/09\/beania-czyli-otrzesiny-w-klasie-czwartej\/'>,,Beania, czyli otrz\u0119siny\u2019\u2019 w klasie czwartej<\/a><\/h2><p style=\"text-align: justify;\">25 listopada 2021 roku w Domu Kultury odby\u0142a si\u0119 uroczysto\u015b\u0107 <strong><em>Beani, czyli otrz\u0119sin, <\/em><\/strong>przygotowana oraz prowadzona przez Renat\u0119 Szel\u0105g, nauczyciela bibliotekarza naszej szko\u0142y, z wykszta\u0142cenia i zami\u0142owania r\u00f3wnie\u017c historyka. Pani Renacie pomagali przedstawiciele samorz\u0105du uczniowskiego. Na uroczysto\u015bci obecni byli: dyrektor szko\u0142y J\u00f3zef Wzorek i wicedyrektor Wanda Siwek.<\/p>\n<p style=\"text-align:...<a href='https:\/\/sp.tuchow.pl\/index.php\/2021\/12\/09\/beania-czyli-otrzesiny-w-klasie-czwartej\/' class='pfpReadMore'>Read More &raquo;<\/a><div class='clear'><\/div><hr><\/div><div class='pfpItem entry-content'><h2 class='entry-title'><a href='https:\/\/sp.tuchow.pl\/index.php\/2021\/12\/05\/slowo-o-przemocy-w-rodzinie-dla-osob-poszukujacych-pomocy\/'>S\u0142owo o przemocy w rodzinie dla os\u00f3b poszukuj\u0105cych pomocy..<\/a><\/h2><img decoding=\"async\" src=\"https:\/\/sp.tuchow.pl\/wp-content\/uploads\/2021\/12\/stop-przemocy-150x150.jpg\" \/><p style=\"text-align: justify;\">Przemoc w rodzinie narusza podstawowe prawa cz\u0142owieka, w tym prawo do \u017cycia i zdrowia oraz poszanowania godno\u015bci osobistej. Przemoc w rodzinie nale\u017cy rozumie\u0107 jako jednorazowe albo powtarzaj\u0105ce si\u0119 umy\u015blne dzia\u0142ania lub zaniechanie naruszaj\u0105ce prawa lub dobra osobiste os\u00f3b najbli\u017cszych, w szczeg\u00f3lno\u015bci nara\u017caj\u0105ce te osoby na niebezpiecze\u0144stwo utraty \u017cycia,...<a href='https:\/\/sp.tuchow.pl\/index.php\/2021\/12\/05\/slowo-o-przemocy-w-rodzinie-dla-osob-poszukujacych-pomocy\/' class='pfpReadMore'>Read More &raquo;<\/a><div class='clear'><\/div><hr><\/div><div class='pfpItem entry-content'><h2 class='entry-title'><a href='https:\/\/sp.tuchow.pl\/index.php\/2021\/12\/05\/poznaje-sie-tylko-to-co-sie-oswoi-czyli-o-spektaklu-maly-ksiaze\/'>,,Poznaje si\u0119 tylko to, co si\u0119 oswoi\u2019\u2019, czyli o spektaklu ,,Ma\u0142y Ksi\u0105\u017c\u0119\u2019\u2019<\/a><\/h2><p style=\"text-align: justify;\">25 listopada 2021 roku uczniowie klasy 8a i 8b oraz 6a (11 os\u00f3b) obejrzeli spektakl ,,Ma\u0142y Ksi\u0105\u017c\u0119\u2019\u2019. W kinie ,,Marzenie\u2019\u2019 w Tarnowie sztuk\u0119 wystawi\u0142 Narodowy Teatr Edukacji im. Adama Mickiewicza z Wroc\u0142awia.<\/p>\n<p style=\"text-align: justify;\">,,Ma\u0142y Ksi\u0105\u017c\u0119\u2019\u2019 to powiastka filozoficzna o znaczeniu uczu\u0107 przyja\u017ani i mi\u0142o\u015bci, \u017cyczliwo\u015bci oraz odpowiedzialno\u015bci w...<a href='https:\/\/sp.tuchow.pl\/index.php\/2021\/12\/05\/poznaje-sie-tylko-to-co-sie-oswoi-czyli-o-spektaklu-maly-ksiaze\/' class='pfpReadMore'>Read More &raquo;<\/a><div class='clear'><\/div><hr><\/div><div class='pfpItem entry-content'><h2 class='entry-title'><a href='https:\/\/sp.tuchow.pl\/index.php\/2021\/12\/03\/otwarcie-sali-kazimierzowskiej-w-szkole-podstawowej-im-stanislawa-staszica-w-tuchowie\/'>Otwarcie Sali Kazimierzowskiej w Szkole Podstawowej im. Stanis\u0142awa Staszica w Tuchowie<\/a><\/h2><p><span style=\"font-weight: 400;\">27 listopada 2021 r. w Szkole Podstawowej w Tuchowie mia\u0142a miejsce niecodzienna uroczysto\u015b\u0107. W obecno\u015bci zaproszonych go\u015bci Burmistrz Tuchowa Magdalena Marsza\u0142ek i Dyrektor Szko\u0142y J\u00f3zef Wzorek dokonali uroczystego otwarcia sali po\u015bwi\u0119conej Kazimierzowi Wielkiemu, kt\u00f3ry poprzez akt lokacyjny miasta z 2 listopada 1340 r. jest zwi\u0105zany z Tuchowem oraz...<a href='https:\/\/sp.tuchow.pl\/index.php\/2021\/12\/03\/otwarcie-sali-kazimierzowskiej-w-szkole-podstawowej-im-stanislawa-staszica-w-tuchowie\/' class='pfpReadMore'>Read More &raquo;<\/a><div class='clear'><\/div><hr><\/div><div class='pfpItem entry-content'><h2 class='entry-title'><a href='https:\/\/sp.tuchow.pl\/index.php\/2021\/12\/01\/ix-gminny-konkurs-swiatecznej-piosenki-obcojezycznej\/'>IX Gminny Konkurs \u015awi\u0105tecznej Piosenki Obcoj\u0119zycznej<\/a><\/h2><p style=\"font-weight: 400; text-align: justify;\">Ju\u017c po raz dziewi\u0105ty mamy zaszczyt zaprosi\u0107 Pa\u0144stwa do wzi\u0119cia udzia\u0142u<br \/>\nw Gminnym Konkursie \u015awi\u0105tecznej Piosenki Obcoj\u0119zycznej, kt\u00f3ry zostanie rozstrzygni\u0119ty 17 grudnia 2021 r. o godzinie 9:00&nbsp;w sali widowiskowej tuchowskiego Domu Kultury. W sytuacji ewentualnych ogranicze\u0144, zwi\u0105zanych z pandemi\u0105, konkurs zostanie przeprowadzony online o czym poinformujemy&nbsp;&nbsp;telefonicznie....<a href='https:\/\/sp.tuchow.pl\/index.php\/2021\/12\/01\/ix-gminny-konkurs-swiatecznej-piosenki-obcojezycznej\/' class='pfpReadMore'>Read More &raquo;<\/a><div class='clear'><\/div><hr><\/div><div class='pfpItem entry-content'><h2 class='entry-title'><a href='https:\/\/sp.tuchow.pl\/index.php\/2021\/11\/30\/muzyczny-kalendarz-adwentowy-2\/'>Muzyczny Kalendarz Adwentowy<\/a><\/h2><p>Najwy\u017cszy czas zacz\u0105\u0107 odliczanie do \u015awi\u0105t Bo\u017cego Narodzenia. Zapraszam wszystkich uczni\u00f3w klas 1-3 do zabawy, kt\u00f3ra wprowadzi nas w \u015bwi\u0105teczny klimat i umili oczekiwanie na ten wspania\u0142y czas.<\/p>\n<p>Codziennie kliknij w jedn\u0105 cyfr\u0119 i wys\u0142uchaj przygotowan\u0105 na ten dzie\u0144 piosenk\u0119 \u015bwi\u0105teczn\u0105 w j\u0119zyku angielskim.<\/p>\n<p>Aneta Rzeszutko<\/p>\n<p>link do zabawy: http:\/\/view.genial.ly\/61897dc82ebb790d716c1bf0\/interactive-content-christmas-advent-calendar<\/p>\n<div class=\"fb-post\" data-href=\"http:\/\/www.facebook.com\/sptuchow\/photos\/a.1798034137132769\/3142049992731170\/\" data-width=\"552\"...<a href='https:\/\/sp.tuchow.pl\/index.php\/2021\/11\/30\/muzyczny-kalendarz-adwentowy-2\/' class='pfpReadMore'>Read More &raquo;<\/a><div class='clear'><\/div><hr><\/div><div class='pfpItem entry-content'><h2 class='entry-title'><a href='https:\/\/sp.tuchow.pl\/index.php\/2021\/11\/29\/zarzadzenia-dyrektora-szkoly\/'>Zarz\u0105dzenia Dyrektora szko\u0142y<\/a><\/h2><p>Poni\u017cej przedstawiamy Zarz\u0105dzenia Dyrektora szko\u0142y w sprawie organizacji pracy szko\u0142y.<\/p>\n<p><a href=\"https:\/\/sp.tuchow.pl\/pobierz\/zarzadzenie%2016.pdf\">Zarz\u0105dzenie nr 16\/2021\/2022<\/a><\/p>\n<p><a href=\"https:\/\/sp.tuchow.pl\/pobierz\/zarzadzenie%2017.pdf\">Zarz\u0105dzenie nr 17\/2021\/2022<\/a><\/p>\n...<a href='https:\/\/sp.tuchow.pl\/index.php\/2021\/11\/29\/zarzadzenia-dyrektora-szkoly\/' class='pfpReadMore'>Read More &raquo;<\/a><div class='clear'><\/div><hr><\/div><div class='pfpItem entry-content'><h2 class='entry-title'><a href='https:\/\/sp.tuchow.pl\/index.php\/2021\/11\/29\/just-felt-good-poczulismy-sie-dobrze-w-naszym-pierwszym-doswiadczeniu-z-projektem-ponadnarodowa-mobilnosc-uczniow\/'>JUST FELT GOOD\u2026 poczuli\u015bmy si\u0119 dobrze w naszym pierwszym do\u015bwiadczeniu z projektem Ponadnarodowa Mobilno\u015b\u0107 Uczni\u00f3w<\/a><\/h2><p style=\"text-align: justify;\">W Szkole Podstawowej im. Stanis\u0142awa Staszica w Tuchowie zako\u0144czy\u0142 si\u0119 projekt pod nazw\u0105 \u201cPonadnarodowa Mobilno\u015b\u0107 Uczni\u00f3w\u201d, wsp\u00f3\u0142finansowany z Europejskiego Funduszu Spo\u0142ecznego w Programie Operacyjnym Wiedza Edukacja Rozw\u00f3j. Projekt zak\u0142ada\u0142 rozwijanie kompetencji kluczowych przez&nbsp; wsp\u00f3\u0142prac\u0119 mi\u0119dzynarodow\u0105 podczas mobilno\u015bci do kraju europejskiego &#8211; my wsp\u00f3\u0142pracowali\u015bmy ze szko\u0142\u0105 Agrupamento de Escolas...<a href='https:\/\/sp.tuchow.pl\/index.php\/2021\/11\/29\/just-felt-good-poczulismy-sie-dobrze-w-naszym-pierwszym-doswiadczeniu-z-projektem-ponadnarodowa-mobilnosc-uczniow\/' class='pfpReadMore'>Read More &raquo;<\/a><div class='clear'><\/div><hr><\/div><div class='pfpItem entry-content'><h2 class='entry-title'><a href='https:\/\/sp.tuchow.pl\/index.php\/2021\/11\/26\/andrzejki-swietlicy-szkolnej\/'>Andrzejki \u015bwietlicy szkolnej\u2026<\/a><\/h2><p style=\"text-align: justify;\">29 listopada, czyli wigilia dnia \u015awi\u0119tego Andrzeja, to zgodnie z polskim zwyczajem czas wr\u00f3\u017cb ANDRZEJKOWYCH, do kt\u00f3rych niegdy\u015b podchodzono niezwykle powa\u017cnie. Mia\u0142y one m.in. przepowiedzie\u0107 los przysz\u0142ej m\u0119\u017catki \u2013 kiedy wyjdzie za m\u0105\u017c, kogo po\u015blubi, gdzie spotka swojego wybranka.<\/p>\n<p style=\"text-align: justify;\">Jednak w dzisiejszych czasach Andrzejki to przede wszystkim...<a href='https:\/\/sp.tuchow.pl\/index.php\/2021\/11\/26\/andrzejki-swietlicy-szkolnej\/' class='pfpReadMore'>Read More &raquo;<\/a><div class='clear'><\/div><hr><\/div><div class='pfpItem entry-content'><h2 class='entry-title'><a href='https:\/\/sp.tuchow.pl\/index.php\/2021\/11\/26\/gminny-konkurs-wiedzy-o-tuchowie-szlakiem-po-tuchowie-i-okolicach\/'>Gminny Konkurs Wiedzy o Tuchowie \u201eSzlakiem po Tuchowie i okolicach\u201d<\/a><\/h2><p>24 listopada 2021 roku w Domu Kultury w Tuchowie odby\u0142 si\u0119&nbsp; Gminny Konkurs Wiedzy o Tuchowie \u201eSzlakiem po Tuchowie i okolicach\u201d. Edycja II zosta\u0142a po\u015bwi\u0119cona czasom \u015bredniowiecznym. Celem konkursu by\u0142o propagowanie w\u015br\u00f3d m\u0142odzie\u017cy zainteresowania dziejami Tuchowa oraz okolic, rozwijanie poczucia patriotyzmu lokalnego. Konkurs podzielony by\u0142 na dwie cz\u0119\u015bci. Uczestnicy przygotowali...<a href='https:\/\/sp.tuchow.pl\/index.php\/2021\/11\/26\/gminny-konkurs-wiedzy-o-tuchowie-szlakiem-po-tuchowie-i-okolicach\/' class='pfpReadMore'>Read More &raquo;<\/a><div class='clear'><\/div><hr><\/div><div class='pfpItem entry-content'><h2 class='entry-title'><a href='https:\/\/sp.tuchow.pl\/index.php\/2021\/11\/23\/konkurs-rodzinna-szopka-bozonarodzeniowa\/'>Konkurs \u201eRodzinna szopka bo\u017conarodzeniowa\u201d<\/a><\/h2><p>\u201eRodzinna szopka bo\u017conarodzeniowa\u201d to konkurs&nbsp; dla uczni\u00f3w klas 1-3 Szko\u0142y Podstawowej w Tuchowie oraz ich&nbsp; rodzin. Konkurs rozpoczyna si\u0119 26. 11.2021 roku i potrwa do 20.12.2021 roku.<\/p>\n<p>Wi\u0119cej szczeg\u00f3\u0142\u00f3w w regulaminie konkursu:<\/p>\n<p><a href=\"http:\/\/\/szkola.galas.net.pl\/pliki\/konkursy\/REGULAMIN%20szopka%20bozonarodzeniowa.pdf\">REGULAMIN KONKURSU \u201eRODZINNA SZOPKA BO\u017bONARODZENIOWA\u201d<\/a><\/p>\n<div class=\"fb-post\" data-href=\"http:\/\/www.facebook.com\/sptuchow\/photos\/a.1798034137132769\/3137197183216451\/\" data-width=\"552\" style=\"background-color: #fff; display: inline-block;\"><\/div>\n...<a href='https:\/\/sp.tuchow.pl\/index.php\/2021\/11\/23\/konkurs-rodzinna-szopka-bozonarodzeniowa\/' class='pfpReadMore'>Read More &raquo;<\/a><div class='clear'><\/div><hr><\/div><div class='pfpItem entry-content'><h2 class='entry-title'><a href='https:\/\/sp.tuchow.pl\/index.php\/2021\/11\/22\/ix-edycja-ogolnopolskiego-dyktanda-niepodleglosciowego-po-polsku-o-historii\/'>IX edycja Og\u00f3lnopolskiego Dyktanda Niepodleg\u0142o\u015bciowego \u201e Po polsku o historii\u201d<\/a><\/h2><p style=\"text-align: justify;\">29 wrze\u015bnia w Szkole Podstawowej im. St. Staszica w Tuchowie&nbsp; odby\u0142y si\u0119 eliminacje do IX Og\u00f3lnopolskiego Dyktanda Niepodleg\u0142o\u015bciowego \u201e Po polsku o historii\u201d. Uczniowie naszej szko\u0142y po raz czwarty napisali dyktando o wa\u017cnych wydarzeniach w historii naszej Ojczyzny. Etap szkolny dotyczy\u0142 powsta\u0144 \u015bl\u0105skich. Celem konkursu by\u0142o zaanga\u017cowanie m\u0142odzie\u017cy...<a href='https:\/\/sp.tuchow.pl\/index.php\/2021\/11\/22\/ix-edycja-ogolnopolskiego-dyktanda-niepodleglosciowego-po-polsku-o-historii\/' class='pfpReadMore'>Read More &raquo;<\/a><div class='clear'><\/div><hr><\/div><div class='pfpItem entry-content'><h2 class='entry-title'><a href='https:\/\/sp.tuchow.pl\/index.php\/2021\/11\/21\/happening-niepodleglosciowy\/'>Happening Niepodleg\u0142o\u015bciowy<\/a><\/h2><p style=\"text-align: justify;\">Jak co roku uczniowie i nauczyciele&nbsp; Szko\u0142y Podstawowej w Tuchowie organizuj\u0105 Happening Niepodleg\u0142o\u015bciowy. W tym roku mia\u0142 on miejsce 10 listopada na tuchowskim rynku. Uczniowie klasy 6a wraz z nauczycielkami, zapraszali przechodni\u00f3w na III Niepodleg\u0142o\u015bciow\u0105 Noc w Muzeum, rozdawali ulotki, gazety niepodleg\u0142o\u015bciowe, kotyliony oraz cz\u0119stowali cukierkami. Mieszka\u0144cy naszego...<a href='https:\/\/sp.tuchow.pl\/index.php\/2021\/11\/21\/happening-niepodleglosciowy\/' class='pfpReadMore'>Read More &raquo;<\/a><div class='clear'><\/div><hr><\/div><div class='pfpItem entry-content'><h2 class='entry-title'><a href='https:\/\/sp.tuchow.pl\/index.php\/2021\/11\/21\/iii-niepodleglosciowa-noc-w-muzeum-okiem-szkoly-podstawowej-w-tuchowie\/'>III Niepodleg\u0142o\u015bciowa Noc w Muzeum\u00a0\u201eokiem\u201d Szko\u0142y Podstawowej w Tuchowie<\/a><\/h2><p style=\"text-align: justify;\">W pi\u0119kny wiecz\u00f3r 10 listopada 2021 r. w Muzeum Miejskim w Tuchowie odby\u0142a si\u0119 \u201eIII Niepodleg\u0142o\u015bciowa Noc w Muzeum\u201d, powinna ona by\u0107 czwart\u0105 lecz ze wzgl\u0119d\u00f3w na obostrzenia pandemiczne w zesz\u0142ym roku si\u0119 nie odby\u0142a. Teraz si\u0119 uda\u0142o, z czego jeste\u015bmy bardzo zadowoleni. Ten listopadowy wiecz\u00f3r by\u0142 bardzo...<a href='https:\/\/sp.tuchow.pl\/index.php\/2021\/11\/21\/iii-niepodleglosciowa-noc-w-muzeum-okiem-szkoly-podstawowej-w-tuchowie\/' class='pfpReadMore'>Read More &raquo;<\/a><div class='clear'><\/div><hr><\/div><div class='pfpItem entry-content'><h2 class='entry-title'><a href='https:\/\/sp.tuchow.pl\/index.php\/2021\/11\/21\/lekcja-patriotyczna-w-dworku-paderewskiego\/'>Lekcja patriotyczna w Dworku Paderewskiego<\/a><\/h2><p style=\"text-align: justify;\">Jak co roku w Dworku Paderewskiego w K\u0105\u015bnej Dolnej odbywa si\u0119 Festiwal Viva Polonia! Ku pokrzepieniu serc, podczas kt\u00f3rego uczniowie szk\u00f3\u0142 mog\u0105 uczestniczy\u0107 w lekcjach patriotycznych. Co roku ch\u0119tni uczniowie wyje\u017cd\u017caj\u0105 na spotkanie z histori\u0105 u Paderewskiego wielkiego Polaka, polityka, pianisty i kompozytora, kt\u00f3ry przez kr\u00f3tki okres swojego...<a href='https:\/\/sp.tuchow.pl\/index.php\/2021\/11\/21\/lekcja-patriotyczna-w-dworku-paderewskiego\/' class='pfpReadMore'>Read More &raquo;<\/a><div class='clear'><\/div><hr><\/div><div class='pfpItem entry-content'><h2 class='entry-title'><a href='https:\/\/sp.tuchow.pl\/index.php\/2021\/11\/21\/bohateron-wlacz-historie-3\/'>BohaterON \u2013 w\u0142\u0105cz histori\u0119!<\/a><\/h2><p><span style=\"font-weight: 400;\">Po raz kolejny wzi\u0119li\u015bmy udzia\u0142 w og\u00f3lnopolskiej kampanii <\/span><b>BohaterON \u2013 w\u0142\u0105cz histori\u0119!<\/b><span style=\"font-weight: 400;\">&nbsp;Ma ona na celu upami\u0119tnienie i uhonorowanie uczestnik\u00f3w Powstania Warszawskiego oraz zwr\u00f3cenie uwagi na histori\u0119 Polski XX wieku.&nbsp; Akcja, kt\u00f3ra trwa od 2016 roku kszta\u0142tuje postawy patriotyczne \u2013 szacunek do przesz\u0142o\u015bci, wra\u017cliwo\u015b\u0107 i zaanga\u017cowanie spo\u0142eczne...<a href='https:\/\/sp.tuchow.pl\/index.php\/2021\/11\/21\/bohateron-wlacz-historie-3\/' class='pfpReadMore'>Read More &raquo;<\/a><div class='clear'><\/div><hr><\/div><div class='pfpItem entry-content'><h2 class='entry-title'><a href='https:\/\/sp.tuchow.pl\/index.php\/2021\/11\/21\/akcja-charytatywna-pt-tuchowskie-mikolaje-chorym-dzieciom\/'>Akcja charytatywna pt. \u201dTuchowskie Miko\u0142aje chorym Dzieciom\u201d<\/a><\/h2><p>&nbsp;W naszej szkole w dniach 2-10 listopada trwa\u0142a akcja charytatywna pt. \u201dTuchowskie Miko\u0142aje chorym Dzieciom\u201d. M\u0142odzie\u017c klas 7a, 7c oraz 8d pod kierunkiem wychowawc\u00f3w przygotowa\u0142a plakaty informacyjne zach\u0119caj\u0105ce spo\u0142eczno\u015b\u0107 szkoln\u0105 do wzi\u0119cia udzia\u0142u w akcji.&nbsp; Jej celem by\u0142o sprawienie rado\u015bci ma\u0142ym pacjentom Uniwersyteckiego Dzieci\u0119cego Szpitala w Krakowie.<\/p>\n<p>Akcja przesz\u0142a nasze oczekiwania!...<a href='https:\/\/sp.tuchow.pl\/index.php\/2021\/11\/21\/akcja-charytatywna-pt-tuchowskie-mikolaje-chorym-dzieciom\/' class='pfpReadMore'>Read More &raquo;<\/a><div class='clear'><\/div><hr><\/div><div class='pfpItem entry-content'><h2 class='entry-title'><a href='https:\/\/sp.tuchow.pl\/index.php\/2021\/11\/20\/103-lata-wolnosci\/'>103 lata wolno\u015bci!<\/a><\/h2><p style=\"text-align: justify;\">W tym roku przypada 103 rocznica odzyskania przez Polsk\u0119 Niepodleg\u0142o\u015bci, kt\u00f3ra zosta\u0142a godnie uczczona przez uczni\u00f3w i nauczycieli Szko\u0142y Podstawowej w Tuchowie. W\u0142\u0105czyli\u015bmy si\u0119 w ministerialne projekty Szko\u0142a do hymnu oraz Szko\u0142a pami\u0119ta. W klasach wybrzmia\u0142 Mazurek D\u0105browskiego a pami\u0119\u0107 okazali\u015bmy przodkom sprz\u0105taj\u0105c cmentarze wojenne, wsp\u00f3\u0142organizuj\u0105c III Niepodleg\u0142o\u015bciow\u0105...<a href='https:\/\/sp.tuchow.pl\/index.php\/2021\/11\/20\/103-lata-wolnosci\/' class='pfpReadMore'>Read More &raquo;<\/a><div class='clear'><\/div><hr><\/div><div class='pfpItem entry-content'><h2 class='entry-title'><a href='https:\/\/sp.tuchow.pl\/index.php\/2021\/11\/19\/ii-edycja-akcji-charytatywnej-i-ty-mozesz-zostac-sw-mikolajem\/'>II edycja akcji charytatywnej \"I Ty mo\u017cesz zosta\u0107 \u015bw. Miko\u0142ajem\"<\/a><\/h2><div style=\"text-align: justify;\">Przed nami II edycja akcji charytatywnej &#8222;I Ty mo\u017cesz zosta\u0107 \u015bw. Miko\u0142ajem&#8221;, w kt\u00f3rej obdarowujemy dzieciaki ze Stowarzyszenia &#8222;Wszystkie Dzieci Nasze S\u0105&#8221; z Olszyn.<\/div>\n<div style=\"text-align: justify;\">&nbsp;<\/div>\n<div style=\"text-align: justify;\">Jednak w tym roku z malutk\u0105 zmian\u0105 &#8211; zamiast s\u0142odyczy, prosimy Was, drodzy uczniowie, rodzice i nauczyciele, w imieniu Michalinki, podopiecznej...<a href='https:\/\/sp.tuchow.pl\/index.php\/2021\/11\/19\/ii-edycja-akcji-charytatywnej-i-ty-mozesz-zostac-sw-mikolajem\/' class='pfpReadMore'>Read More &raquo;<\/a><div class='clear'><\/div><hr><\/div><div class='pfpItem entry-content'><h2 class='entry-title'><a href='https:\/\/sp.tuchow.pl\/index.php\/2021\/11\/17\/szkola-pamieta-3\/'>\u201eSzko\u0142a pami\u0119ta\u201d<\/a><\/h2><p style=\"text-align: justify;\">Uczniowie klas si\u00f3dmych i \u00f3smych podczas lekcji historii i wiedzy o spo\u0142ecze\u0144stwie wzi\u0119li udzia\u0142 w akcji Ministerstwa Edukacji i Nauki \u201eSzko\u0142a pami\u0119ta\u201d. Przy wsp\u00f3lnych, bezimiennych mogi\u0142ach poleg\u0142ych \u017co\u0142nierzy porozmawiali\u015bmy o odpowiedzialno\u015bci m\u0142odego pokolenia za piel\u0119gnowanie pami\u0119ci o przesz\u0142o\u015bci. Pod Pomnikiem Ofiar II Wojny \u015awiatowej na ulicy Ignacego Daszy\u0144skiego...<a href='https:\/\/sp.tuchow.pl\/index.php\/2021\/11\/17\/szkola-pamieta-3\/' class='pfpReadMore'>Read More &raquo;<\/a><div class='clear'><\/div><hr><\/div><div class='pfpItem entry-content'><h2 class='entry-title'><a href='https:\/\/sp.tuchow.pl\/index.php\/2021\/11\/16\/weekend-z-ksiazka-i-owocem-projekt-czytelniczy-promujacy-zdrowa-przekaske\/'>Weekend z ksi\u0105\u017ck\u0105 i owocem- projekt czytelniczy \u00a0promuj\u0105cy zdrow\u0105 przek\u0105sk\u0119.<\/a><\/h2><p><strong>Weekend z ksi\u0105\u017ck\u0105 i owocem- projekt czytelniczy &nbsp;promuj\u0105cy zdrow\u0105 przek\u0105sk\u0119.&nbsp;<\/strong><\/p>\n<p><strong>Klasa 1b, wychowawca pani El\u017cbieta Fryzowska.<\/strong><\/p>\n<p style=\"text-align: justify;\"><strong>&nbsp;<\/strong>Klasa 1b przez ca\u0142y miesi\u0105c pa\u017adziernik, czyli 31 dni sp\u0119dza\u0142a wieczory&nbsp;z rodzin\u0105 czytaj\u0105c ksi\u0105\u017cki i jedz\u0105c owoce i warzywa. Dzieci malowa\u0142y na drzewach owoce, kt\u00f3re zjada\u0142y a rodzice wpisywali na specjalnie przygotowan\u0105 kart\u0119 ile...<a href='https:\/\/sp.tuchow.pl\/index.php\/2021\/11\/16\/weekend-z-ksiazka-i-owocem-projekt-czytelniczy-promujacy-zdrowa-przekaske\/' class='pfpReadMore'>Read More &raquo;<\/a><div class='clear'><\/div><hr><\/div><div class='pfpItem entry-content'><h2 class='entry-title'><a href='https:\/\/sp.tuchow.pl\/index.php\/2021\/11\/15\/projekt-czytelniczy-z-jezyka-angielskiego-reading-is-magic\/'>PROJEKT CZYTELNICZY Z J\u0118ZYKA ANGIELSKIEGO \u201eREADING IS MAGIC\u201d<\/a><\/h2><p>Adresaci: Uczniowie klas 2 szko\u0142y podstawowej w Tuchowie<\/p>\n<p style=\"text-align: justify;\">Projekt polega na wprowadzeniu dzieci w \u015bwiat ksi\u0105\u017cek w j\u0119zyku angielskim. Podczas zaj\u0119\u0107 czytane b\u0119d\u0105 ksi\u0105\u017ceczki z serii Pearson English Kids Readers. Po przeczytaniu ksi\u0105\u017ceczki i ods\u0142uchaniu nagrania w wersji MP3, ch\u0119tni uczniowie b\u0119d\u0105 rozwi\u0105zywa\u0107 test z zadaniami na rozumienie przeczytanego...<a href='https:\/\/sp.tuchow.pl\/index.php\/2021\/11\/15\/projekt-czytelniczy-z-jezyka-angielskiego-reading-is-magic\/' class='pfpReadMore'>Read More &raquo;<\/a><div class='clear'><\/div><hr><\/div><div class='pfpItem entry-content'><h2 class='entry-title'><a href='https:\/\/sp.tuchow.pl\/index.php\/2021\/11\/12\/jeszcze-jeden-listopad\/'>\u201eJeszcze jeden Listopad\u2026\u201d<\/a><\/h2><p>W tym roku przypad\u0142a 103 rocznica odzyskania niepodleg\u0142o\u015bci. Refleksja na temat wydarze\u0144 prowadz\u0105cych do tego pami\u0119tnego dnia jest szczeg\u00f3lnie \u017cywa na naszych terenach. To w\u0142a\u015bnie tutaj, w okolicach \u0141owcz\u00f3wka, toczy\u0142y si\u0119 ci\u0119\u017ckie walki na pocz\u0105tku I wojny. W tych dniach, kiedy czcimy pami\u0119\u0107 poleg\u0142ych i cieszymy si\u0119 z \u017cycia w...<a href='https:\/\/sp.tuchow.pl\/index.php\/2021\/11\/12\/jeszcze-jeden-listopad\/' class='pfpReadMore'>Read More &raquo;<\/a><div class='clear'><\/div><hr><\/div><div class='pfpItem entry-content'><h2 class='entry-title'><a href='https:\/\/sp.tuchow.pl\/index.php\/2021\/11\/11\/festiwal-viva-polonia-w-kasnej-dolnej\/'>Festiwal Viva Polonia w K\u0105\u015bnej Dolnej<\/a><\/h2><p><span data-offset-key=\"a7v8b-0-0\">9.11.2021 r. klasa 6a uczestniczy\u0142a w przedstawieniu &#8222;Kardyna\u0142 Wyszy\u0144ski&#8221; w ramach <\/span><span data-offset-key=\"a7v8b-1-0\">Festiwalu<\/span><span data-offset-key=\"a7v8b-2-0\"> VivaPolonia ! Ku pokrzepieniu serc w K\u0105\u015bnej Dolnej.<\/span><\/p>\n<div class=\"fb-post\" data-href=\"http:\/\/www.facebook.com\/sptuchow\/photos\/pcb.3128054420797394\/3128054240797412\/\" data-width=\"552\" style=\"background-color: #fff; display: inline-block;\"><\/div>\n...<a href='https:\/\/sp.tuchow.pl\/index.php\/2021\/11\/11\/festiwal-viva-polonia-w-kasnej-dolnej\/' class='pfpReadMore'>Read More &raquo;<\/a><div class='clear'><\/div><hr><\/div><div class='pfpItem entry-content'><h2 class='entry-title'><a href='https:\/\/sp.tuchow.pl\/index.php\/2021\/11\/11\/slubujemy\/'>\u015alubujemy\u2026<\/a><\/h2><p>\u015alubujemy\u2026<\/p>\n<p style=\"text-align: justify;\">Co? Uroczysto\u015b\u0107 \u015blubowania i pasowania na ucznia szko\u0142y.<\/p>\n<p style=\"text-align: justify;\">Kiedy? 29 pa\u017adziernika 2021r.<\/p>\n<p style=\"text-align: justify;\">Gdzie? W Szkole Podstawowej im. Stanis\u0142awa Staszica w Tuchowie.<\/p>\n<p style=\"text-align: justify;\">Kto? Pierwszoklasi\u015bci.<\/p>\n<p style=\"text-align: justify;\">Jak? W Kredkolandii rozpocz\u0119\u0142y si\u0119 egzaminy, kt\u00f3rym towarzyszy\u0142y wielkie emocje. Dzieci z zaanga\u017cowaniem \u015bpiewa\u0142y piosenki, recytowa\u0142y i ta\u0144czy\u0142y. Nawet czarownice musia\u0142y...<a href='https:\/\/sp.tuchow.pl\/index.php\/2021\/11\/11\/slubujemy\/' class='pfpReadMore'>Read More &raquo;<\/a><div class='clear'><\/div><hr><\/div><div class='pfpItem entry-content'><h2 class='entry-title'><a href='https:\/\/sp.tuchow.pl\/index.php\/2021\/11\/07\/iii-niepodleglosciowa-noc-w-muzeum\/'>III Niepodleg\u0142o\u015bciowa Noc w Muzeum<\/a><\/h2><div class=\"o9v6fnle cxmmr5t8 oygrvhab hcukyx3x c1et5uql\" style=\"text-align: justify;\">Uczniowie oraz nauczyciele Szko\u0142y Podstawowej w Tuchowie oraz pracownicy Muzeum Miejskiego w Tuchowie zapraszaj\u0105 w najbli\u017csz\u0105 \u015brod\u0119, 10 listopada 2021 r. do udzia\u0142u w &#8222;III Niepodleg\u0142o\u015bciowej Nocy w Muzeum&#8221;.<\/div>\n<div class=\"o9v6fnle cxmmr5t8 oygrvhab hcukyx3x c1et5uql\" style=\"text-align: justify;\">Drzwi Muzeum Miejskiego w Tuchowie przy ul. Chopina,...<a href='https:\/\/sp.tuchow.pl\/index.php\/2021\/11\/07\/iii-niepodleglosciowa-noc-w-muzeum\/' class='pfpReadMore'>Read More &raquo;<\/a><div class='clear'><\/div><hr><\/div><div class='pfpItem entry-content'><h2 class='entry-title'><a href='https:\/\/sp.tuchow.pl\/index.php\/2021\/11\/07\/xxii-zlot-niepodleglosciowy-lowczowek-2021\/'>XXII Zlot Niepodleg\u0142o\u015bciowy \"\u0141owcz\u00f3wek 2021\"<\/a><\/h2><div class=\"\" data-block=\"true\" data-editor=\"484d7\" data-offset-key=\"82cq2-0-0\">\n<div class=\"_1mf _1mj\" data-offset-key=\"82cq2-0-0\">Grupa uczni\u00f3w z naszej szko\u0142y oraz opiekunowie uczestniczyli w XXII Zlocie Niepodleg\u0142o\u015bciowym w \u0141owcz\u00f3wku. Tegoroczny Zlot Niepodleg\u0142o\u015bciowy w \u0141owcz\u00f3wku obchodzony by\u0142, by upami\u0119tni\u0107 103. rocznic\u0119 odzyskania przez Polsk\u0119 niepodleg\u0142o\u015bci oraz 107. rocznic\u0119 Bitwy pod \u0141owcz\u00f3wkiem.<\/div>\n<\/div>\n<div data-offset-key=\"82cq2-0-0\">\n<div class=\"fb-post\" data-href=\"http:\/\/www.facebook.com\/sptuchow\/photos\/pcb.3125327477736755\/3125326181070218\/\" data-width=\"552\" style=\"background-color: #fff; display: inline-block;\"><\/div>\n<\/div>\n...<a href='https:\/\/sp.tuchow.pl\/index.php\/2021\/11\/07\/xxii-zlot-niepodleglosciowy-lowczowek-2021\/' class='pfpReadMore'>Read More &raquo;<\/a><div class='clear'><\/div><hr><\/div><div class='pfpItem entry-content'><h2 class='entry-title'><a href='https:\/\/sp.tuchow.pl\/index.php\/2021\/11\/07\/organizacja-pracy-szkoly-10-listopada-sroda\/'>Organizacja pracy szko\u0142y 10 listopada (\u015broda)<\/a><\/h2><p style=\"text-align: justify;\">10 listopada 2021 roku (\u015broda) w naszej szkole b\u0119dziemy obchodzi\u0107 \u015awi\u0119to Odzyskania Niepodleg\u0142o\u015bci. W tym dniu nie ma zaj\u0119\u0107 dydaktycznych.<br \/>\nDo szko\u0142y przychodzimy godzin\u0119 przed akademi\u0105 i w swoich salach razem z wychowawcami i wychowawcami wspomagaj\u0105cymi \u015bpiewamy pie\u015bni patriotyczne oraz omawiamy wydarzenie historyczne.<\/p>\n<p>Wszyscy w strojach galowych wychodzimy do...<a href='https:\/\/sp.tuchow.pl\/index.php\/2021\/11\/07\/organizacja-pracy-szkoly-10-listopada-sroda\/' class='pfpReadMore'>Read More &raquo;<\/a><div class='clear'><\/div><hr><\/div><div class='pfpItem entry-content'><h2 class='entry-title'><a href='https:\/\/sp.tuchow.pl\/index.php\/2021\/11\/03\/pomoz-niesc-pomoc-wszystkim-zwierzetom\/'>Pom\u00f3\u017c nie\u015b\u0107 pomoc wszystkim zwierz\u0119tom<\/a><\/h2><p>Jak co roku Szko\u0142a Podstawowa w Tuchowie organizuje akcj\u0119 &#8222;Pomoc dla bezdomnych zwierz\u0105t &#8222;. Do 3 grudnia przynosimy do szko\u0142y niepotrzebne, u\u017cywane koce, ko\u0142dry, grube zas\u0142ony czy karm\u0119. Dzi\u0119kujemy za poprzednie lata i zapraszamy do udzia\u0142u w akcji r\u00f3wnie\u017c w tym roku.<\/p>\n<div class=\"fb-post\" data-href=\"http:\/\/www.facebook.com\/sptuchow\/photos\/a.1798034137132769\/3122218208047682\/\" data-width=\"552\" style=\"background-color: #fff; display: inline-block;\"><\/div>\n...<a href='https:\/\/sp.tuchow.pl\/index.php\/2021\/11\/03\/pomoz-niesc-pomoc-wszystkim-zwierzetom\/' class='pfpReadMore'>Read More &raquo;<\/a><div class='clear'><\/div><hr><\/div><div class='pfpItem entry-content'><h2 class='entry-title'><a href='https:\/\/sp.tuchow.pl\/index.php\/2021\/10\/29\/sprzet-komputerowy-dla-dzieci-z-rodzin-bylych-pracownikow-pgr\/'>Sprz\u0119t komputerowy dla dzieci z rodzin by\u0142ych pracownik\u00f3w PGR<\/a><\/h2><p dir=\"ltr\">Dyrektor Szko\u0142y Podstawowej im. Stanis\u0142awa Staszica w Tuchowie informuje, \u017ce istnieje mo\u017cliwo\u015b\u0107 pozyskania dofinansowania na zakup sprz\u0119tu komputerowego wraz z niezb\u0119dnym oprogramowaniem oraz mysz\u0105, klawiatur\u0105 i \u0142adowark\u0105 \u2013 do wy\u0142\u0105cznego u\u017cytku dla dziecka z rodzin by\u0142ych PGR-\u00f3w.<\/p>\n<p dir=\"ltr\">Warunkiem udzia\u0142u w programie jest, aby cz\u0142onek rodziny (krewni w linii prostej,...<a href='https:\/\/sp.tuchow.pl\/index.php\/2021\/10\/29\/sprzet-komputerowy-dla-dzieci-z-rodzin-bylych-pracownikow-pgr\/' class='pfpReadMore'>Read More &raquo;<\/a><div class='clear'><\/div><hr><\/div><div class='pfpItem entry-content'><h2 class='entry-title'><a href='https:\/\/sp.tuchow.pl\/index.php\/2021\/10\/29\/szkolapamieta\/'>#SzkolaPami\u0119ta<\/a><\/h2><p style=\"text-align: justify;\">Drugie wyj\u015bcie na akcj\u0119 #SzkolaPami\u0119ta, czyli sprz\u0105tanie Tuchowskich cmentarzy wojskowych i Starego Cmentarza w Tuchowie 29.10.2021 r.<br \/>\nBy\u0142a to nie tylko lekcja historii, ale i dobrego wychowania, wsp\u00f3\u0142pracy w grupie, wzajemnej pomocy i nauka pracy fizycznej. Liczymy, \u017ce m\u0142odzie\u017c wykorzysta te umiej\u0119tno\u015bci w domu. Dzi\u0119kujemy uczniom klasy 8b...<a href='https:\/\/sp.tuchow.pl\/index.php\/2021\/10\/29\/szkolapamieta\/' class='pfpReadMore'>Read More &raquo;<\/a><div class='clear'><\/div><hr><\/div><div class='pfpItem entry-content'><h2 class='entry-title'><a href='https:\/\/sp.tuchow.pl\/index.php\/2021\/10\/28\/zaproszenie-do-akcji-tuchowskie-mikolaje-chorym-dzieciom\/'>Zaproszenie do akcji \u201eTuchowskie Miko\u0142aje chorym Dzieciom\u201d<\/a><\/h2><p style=\"text-align: justify;\">W roku szkolnym 2021\/2022 uczniowie klasy 7a, 7c oraz 8d bior\u0105 udzia\u0142 w programie Uniwersytetu Dzieci pt. \u201eJa w spo\u0142ecze\u0144stwie. Jak mog\u0119 zmieni\u0107 \u015bwiat?\u201d Za\u0142o\u017ceniem programu jest uwra\u017cliwienie uczni\u00f3w na potrzeby drugiego cz\u0142owieka oraz zaanga\u017cowanie m\u0142odzie\u017cy w \u017cycie spo\u0142eczne. W ramach akcji m\u0142odzie\u017c przygotowa\u0142a plakaty informacyjne pod has\u0142ami<strong>:...<a href='https:\/\/sp.tuchow.pl\/index.php\/2021\/10\/28\/zaproszenie-do-akcji-tuchowskie-mikolaje-chorym-dzieciom\/' class='pfpReadMore'>Read More &raquo;<\/a><div class='clear'><\/div><hr><\/div><div class='pfpItem entry-content'><h2 class='entry-title'><a href='https:\/\/sp.tuchow.pl\/index.php\/2021\/10\/28\/tacy-jak-my-historia-zydow-w-okupowanym-tuchowie-1939-1945\/'>\"Tacy jak my. Historia \u017byd\u00f3w w okupowanym Tuchowie 1939-1945\"<\/a><\/h2><p style=\"text-align: justify;\">27 pa\u017adziernika uczniowie klas \u00f3smych wzi\u0119li udzia\u0142 w grze terenowej pt. \u201eTacy jak my. Historia \u017byd\u00f3w w okupowanym Tuchowie 1939-1945\u201d. O godzinie 9.00 czteroosobowe dru\u017cyny, pod opiek\u0105 nauczycieli rozpocz\u0119\u0142y rywalizacj\u0119 od wykonania pierwszego zadania, kt\u00f3re zwi\u0105zane by\u0142o z pomnikiem bohaterstwa tuchowskich harcerzy. Uczniowie mieli w&nbsp;sumie do rozwi\u0105zania 13...<a href='https:\/\/sp.tuchow.pl\/index.php\/2021\/10\/28\/tacy-jak-my-historia-zydow-w-okupowanym-tuchowie-1939-1945\/' class='pfpReadMore'>Read More &raquo;<\/a><div class='clear'><\/div><hr><\/div><div class='pfpItem entry-content'><h2 class='entry-title'><a href='https:\/\/sp.tuchow.pl\/index.php\/2021\/10\/24\/pamietamy-o-naszych-przodkach-2\/'>PAMI\u0118TAMY O NASZYCH PRZODKACH<\/a><\/h2><p style=\"text-align: justify;\">Jak co roku m\u0142odzie\u017c&nbsp;&nbsp; klas &nbsp;\u00f3smych naszej szko\u0142y sprz\u0105ta\u0142a cmentarze wojenne oraz Stary Cmentarz w Tuchowie. 22 pa\u017adziernika uczniowie klasy 8a, d udali si\u0119 zaopatrzeni w grabie, r\u0119kawice, worki&nbsp; na ulic\u0119 Le\u015bn\u0105 oraz Widok, aby uporz\u0105dkowa\u0107 groby \u017co\u0142nierzy oraz Stary Cmentarz. Pracowali\u015bmy pe\u0142n\u0105 par\u0105: grabili\u015bmy opadni\u0119te li\u015bcie, skoszon\u0105...<a href='https:\/\/sp.tuchow.pl\/index.php\/2021\/10\/24\/pamietamy-o-naszych-przodkach-2\/' class='pfpReadMore'>Read More &raquo;<\/a><div class='clear'><\/div><hr><\/div><div class='pfpItem entry-content'><h2 class='entry-title'><a href='https:\/\/sp.tuchow.pl\/index.php\/2021\/10\/24\/6a-aktywnie-w-pieninach\/'>6a aktywnie w Pieninach!<\/a><\/h2><p style=\"text-align: justify;\">W poniedzia\u0142ek 18 pa\u017adziernika 2021 roku klasa 6a z wychowawczyniami wybra\u0142a si\u0119 na wycieczk\u0119 w Pieniny. Niebieski busik z przesympatycznym panem kierowc\u0105 zawi\u00f3z\u0142 nas bezpiecznie najpierw do uroczej Niedzicy. Tam odbyli\u015bmy rejs statkiem po Jeziorze Czorsty\u0144skim. Orze\u017awiaj\u0105ca bryza obudzi\u0142a wszystkich zaspanych, pi\u0119kne widoki zapiera\u0142y dech w piersiach a...<a href='https:\/\/sp.tuchow.pl\/index.php\/2021\/10\/24\/6a-aktywnie-w-pieninach\/' class='pfpReadMore'>Read More &raquo;<\/a><div class='clear'><\/div><hr><\/div><div class='pfpItem entry-content'><h2 class='entry-title'><a href='https:\/\/sp.tuchow.pl\/index.php\/2021\/10\/24\/melaniusz-skarb-tuchowa\/'>\u201eMelaniusz skarb TUchowa\u201d<\/a><\/h2><p>Uczniowie klasy 8b i kl. 8c ze Szko\u0142y Podstawowej im. Stanis\u0142awa Staszica w Tuchowie przez m-c pracowali nad rymowankami, kt\u00f3re by\u0142y tre\u015bci\u0105 questu. Dnia 15 pa\u017adziernika 2021 roku wzi\u0119li te\u017c udzia\u0142 w konferencji podsumowuj\u0105cej projekt YOUTH DECIDE.<\/p>\n<p>Quest to edukacyjna gra terenowa, kt\u00f3ra \u0142\u0105czy w sobie elementy zabawy i nauki, poszukiwa\u0144...<a href='https:\/\/sp.tuchow.pl\/index.php\/2021\/10\/24\/melaniusz-skarb-tuchowa\/' class='pfpReadMore'>Read More &raquo;<\/a><div class='clear'><\/div><hr><\/div><div class='pfpItem entry-content'><h2 class='entry-title'><a href='https:\/\/sp.tuchow.pl\/index.php\/2021\/10\/17\/konkursie-wiedzy-szlakiem-po-tuchowie-i-okolicach-edycja-ii-sredniowiecze\/'>KONKURS WIEDZY \u201eSzlakiem po Tuchowie i okolicach\u201d Edycja II. \u015aredniowiecze<\/a><\/h2><p>Szko\u0142a Podstawowa im. Stanis\u0142awa Staszica Tuchowie oraz&nbsp;Dom Kultury w Tuchowie zapraszaj\u0105 do udzia\u0142u w Gminnym KONKURSIE WIEDZY \u201eSzlakiem po Tuchowie i okolicach\u201d Edycja II. \u015aredniowiecze.<\/p>\n<p><a href=\"https:\/\/sp.tuchow.pl\/pobierz\/Gminny%20Konkurs%20Wiedzy%20o%20Tuchowie.pdf\">Regulamin Gminnego Konkursu Wiedzy o Tuchowie<\/a><\/p>\n...<a href='https:\/\/sp.tuchow.pl\/index.php\/2021\/10\/17\/konkursie-wiedzy-szlakiem-po-tuchowie-i-okolicach-edycja-ii-sredniowiecze\/' class='pfpReadMore'>Read More &raquo;<\/a><div class='clear'><\/div><hr><\/div><div class='pfpItem entry-content'><h2 class='entry-title'><a href='https:\/\/sp.tuchow.pl\/index.php\/2021\/10\/13\/dzien-komisji-edukacji-narodowej-3\/'>Dzie\u0144 Komisji Edukacji Narodowej<\/a><\/h2><p>14 pa\u017adziernika 2021 r.(czwartek) w naszej szkole b\u0119dziemy \u015bwi\u0119towa\u0107 Dzie\u0144 KEN. W tym dniu nie ma zaj\u0119\u0107 dydaktycznych.<\/p>\n<p>Uczniowie naszej szko\u0142y pod opiek\u0105 wychowawc\u00f3w i wychowawc\u00f3w wspomagaj\u0105cych bior\u0105 udzia\u0142 w uroczystej akademii w hali MOSiR&nbsp; wg harmonogramu:<br \/>\n\u2022&nbsp; &nbsp; &nbsp; &nbsp;Klasy: I \u2013 III&nbsp; &nbsp;o godz. 9:00 .<br \/>\n\u2022&nbsp; &nbsp; &nbsp;...<a href='https:\/\/sp.tuchow.pl\/index.php\/2021\/10\/13\/dzien-komisji-edukacji-narodowej-3\/' class='pfpReadMore'>Read More &raquo;<\/a><div class='clear'><\/div><hr><\/div><div class='pfpItem entry-content'><h2 class='entry-title'><a href='https:\/\/sp.tuchow.pl\/index.php\/2021\/10\/10\/wyjazd-do-miejsca-pamieci-i-muzeum-auschwitz-birkenau\/'>Wyjazd do Miejsca Pami\u0119ci i Muzeum Auschwitz-Birkenau<\/a><\/h2><p>23 wrze\u015bnia odby\u0142 si\u0119 wyjazd do Miejsca Pami\u0119ci i Muzeum Auschwitz-Birkenau. Uczniowie wzi\u0119li udzia\u0142 w \u017cywej lekcji historii. &nbsp;M\u0142odzie\u017c pozna\u0142a histori\u0119 za\u0142o\u017cenia obozu , Holokaustu, zobaczy\u0142a baraki, krematoria oraz miejsca rozstrzeliwa\u0144 wi\u0119\u017ani\u00f3w. Histori\u0119 ofiar nazistowskiej polityki opowiada\u0142y stosy osobistych rzeczy wi\u0119\u017ani\u00f3w. Przewodnicy w ciekawy spos\u00f3b przedstawili &nbsp;histori\u0119 o bezwzgl\u0119dnym traktowaniu...<a href='https:\/\/sp.tuchow.pl\/index.php\/2021\/10\/10\/wyjazd-do-miejsca-pamieci-i-muzeum-auschwitz-birkenau\/' class='pfpReadMore'>Read More &raquo;<\/a><div class='clear'><\/div><hr><\/div><div class='pfpItem entry-content'><h2 class='entry-title'><a href='https:\/\/sp.tuchow.pl\/index.php\/2021\/10\/10\/poznaj-tajemnice-tuchowa-2\/'>Poznaj tajemnice Tuchowa<\/a><\/h2><p>Gdzie znajduje si\u0119 Skwer Benedykty\u0144ski? Czyja figura stoi obok ratusza? Kim by\u0142 gwarek? Na te pytania uczniowie klas V-VI pr\u00f3bowali znale\u017a\u0107 odpowiedzi podczas gry miejskiej \u201ePoznaj tajemnice Tuchowa\u201d. Gr\u0119 zorganizowano 29 wrze\u015bnia od spotkania w czytelni i wyja\u015bnienia zasad zabawy. Nast\u0119pnie uczniowie pod opiek\u0105 trzech nauczycieli udali si\u0119 na rynek...<a href='https:\/\/sp.tuchow.pl\/index.php\/2021\/10\/10\/poznaj-tajemnice-tuchowa-2\/' class='pfpReadMore'>Read More &raquo;<\/a><div class='clear'><\/div><hr><\/div><div class='pfpItem entry-content'><h2 class='entry-title'><a href='https:\/\/sp.tuchow.pl\/index.php\/2021\/10\/08\/home-sweet-home\/'>\"Home sweet home\"<\/a><\/h2><div class=\"kvgmc6g5 cxmmr5t8 oygrvhab hcukyx3x c1et5uql ii04i59q\">\n<div dir=\"auto\" style=\"text-align: justify;\">Dzie\u0144 12 pobytu uczni\u00f3w w Portugalii podczas projektu &#8222;Ponadnarodowa Mobilno\u015b\u0107 Uczni\u00f3w\u201d 2020-1-PMU-3208<\/div>\n<\/div>\n<div class=\"o9v6fnle cxmmr5t8 oygrvhab hcukyx3x c1et5uql ii04i59q\">\n<div dir=\"auto\" style=\"text-align: justify;\">\n<p><span style=\"font-weight: 400;\">Po ostatniej, bardzo kr\u00f3tkiej nocy w Portugalii wstali\u015bmy skoro \u015bwit (niekt\u00f3rzy z nas o 3!), \u017ceby uda\u0107 si\u0119 w...<a href='https:\/\/sp.tuchow.pl\/index.php\/2021\/10\/08\/home-sweet-home\/' class='pfpReadMore'>Read More &raquo;<\/a><div class='clear'><\/div><hr><\/div><div class='pfpItem entry-content'><h2 class='entry-title'><a href='https:\/\/sp.tuchow.pl\/index.php\/2021\/10\/07\/time-to-say-goodbye\/'>\u201cTime to say goodbye\u201d<\/a><\/h2><p style=\"text-align: justify;\"><span style=\"font-weight: 400;\">Dzie\u0144 11 pobytu uczni\u00f3w w Portugalii podczas projektu &#8222;Ponadnarodowa Mobilno\u015b\u0107 Uczni\u00f3w\u201d<\/span><\/p>\n<p><span style=\"font-weight: 400;\">Dzisiaj nadszed\u0142 nasz ostatni dzie\u0144 w szkole w Barcelos. Wstali\u015bmy wcze\u015bnie rano, zjedli\u015bmy \u015bniadanie i wyruszyli\u015bmy. Razem z naszymi portugalskimi kolegami udali\u015bmy si\u0119 na zaj\u0119cia zwi\u0105zane z naszym projektem. By\u0142y mi\u0119dzy innymi: prezentacje talerza...<a href='https:\/\/sp.tuchow.pl\/index.php\/2021\/10\/07\/time-to-say-goodbye\/' class='pfpReadMore'>Read More &raquo;<\/a><div class='clear'><\/div><hr><\/div><div class='pfpItem entry-content'><h2 class='entry-title'><a href='https:\/\/sp.tuchow.pl\/index.php\/2021\/10\/07\/konkurs-matematyczny\/'>Konkurs matematyczny<\/a><\/h2><p>1 pa\u017adziernika 2021 by\u0142 \u015bwiatowym dniem tabliczki mno\u017cenia. Z tej okazji nauczyciele matematyki przeprowadzili konkurs w klasach 4 -8. Zadanie polega\u0142o na bezb\u0142\u0119dnym rozwi\u0105zaniu jak najwi\u0119kszej ilo\u015bci dzia\u0142a\u0144 w ci\u0105gu 3 min.<br \/>\nNajlepszym uczniom b\u0119dzie nadamy tytu\u0142 &#8222;Mistrza tabliczki mno\u017cenia&#8221;.<\/p>\n<p>Wyniki konkursu:<br \/>\nW konkursie bra\u0142o udzia\u0142 242 uczni\u00f3w.<br \/>\n<strong>MISTRZEM TABLICZKI MNO\u017bENIA...<a href='https:\/\/sp.tuchow.pl\/index.php\/2021\/10\/07\/konkurs-matematyczny\/' class='pfpReadMore'>Read More &raquo;<\/a><div class='clear'><\/div><hr><\/div><div class='pfpItem entry-content'><h2 class='entry-title'><a href='https:\/\/sp.tuchow.pl\/index.php\/2021\/10\/06\/caminho-de-santiago\/'>\u201cCaminho de Santiago\u201d<\/a><\/h2><div style=\"text-align: justify;\">Dzie\u0144 10 pobytu uczni\u00f3w w Portugalii podczas projektu &#8222;Ponadnarodowa Mobilno\u015b\u0107 Uczni\u00f3w\u201d<\/div>\n<div>\n<div class=\"\" dir=\"auto\">\n<div id=\"jsc_c_ib\" class=\"ecm0bbzt hv4rvrfc ihqw7lf3 dati1w0a\" data-ad-comet-preview=\"message\" data-ad-preview=\"message\">\n<div class=\"j83agx80 cbu4d94t ew0dbk1b irj2b8pg\">\n<div class=\"qzhwtbm6 knvmm38d\">\n<div class=\"o9v6fnle cxmmr5t8 oygrvhab hcukyx3x c1et5uql ii04i59q\" style=\"text-align: justify;\">\n<div dir=\"auto\">\n<p><span style=\"font-weight: 400;\">Dzisiejszy dzie\u0144 by\u0142 bardzo intensywny dla wszystkich z nas. Wcze\u015bnie rano po...<a href='https:\/\/sp.tuchow.pl\/index.php\/2021\/10\/06\/caminho-de-santiago\/' class='pfpReadMore'>Read More &raquo;<\/a><div class='clear'><\/div><hr><\/div><div class='pfpItem entry-content'><h2 class='entry-title'><a href='https:\/\/sp.tuchow.pl\/index.php\/2021\/10\/05\/viva-portugal-dia-da-republica\/'>\u201cViva Portugal - Dia da Republica<\/a><\/h2><div class=\"kvgmc6g5 cxmmr5t8 oygrvhab hcukyx3x c1et5uql ii04i59q\">\n<div dir=\"auto\" style=\"text-align: justify;\">Dzie\u0144 9 pobytu uczni\u00f3w w Portugalii podczas projektu &#8222;Ponadnarodowa Mobilno\u015b\u0107 Uczni\u00f3w\u201d<\/div>\n<\/div>\n<div class=\"o9v6fnle cxmmr5t8 oygrvhab hcukyx3x c1et5uql ii04i59q\" style=\"text-align: justify;\">\n<div dir=\"auto\"><span style=\"font-weight: 400;\">Dzisiejszy dzie\u0144 zacz\u0105\u0142 si\u0119 troszeczk\u0119 bardziej leniwie ni\u017c te, kt\u00f3re do tej pory prze\u017cyli\u015bmy w Portugalii. Mogli\u015bmy pospa\u0107 troch\u0119 d\u0142u\u017cej...<a href='https:\/\/sp.tuchow.pl\/index.php\/2021\/10\/05\/viva-portugal-dia-da-republica\/' class='pfpReadMore'>Read More &raquo;<\/a><div class='clear'><\/div><hr><\/div><div class='pfpItem entry-content'><h2 class='entry-title'><a href='https:\/\/sp.tuchow.pl\/index.php\/2021\/10\/05\/keep-calm-sit-back-and-relax\/'>\u201cKeep calm, sit back and relax\u201d<\/a><\/h2><div class=\"kvgmc6g5 cxmmr5t8 oygrvhab hcukyx3x c1et5uql ii04i59q\">\n<div dir=\"auto\">Poniedzia\u0142ek &#8211; Dzie\u0144 8 pobytu uczni\u00f3w w Portugalii podczas projektu &#8222;Ponadnarodowa Mobilno\u015b\u0107 Uczni\u00f3w&#8221;<\/div>\n<div dir=\"auto\" style=\"text-align: justify;\"><span style=\"font-weight: 400;\">Dzisiaj po dwugodzinnej drodze autokarem zwiedzali\u015bmy miejscowo\u015b\u0107 <\/span><span style=\"font-weight: 400;\">Peso da R\u00e9gua w <\/span><span style=\"font-weight: 400;\">dolinie rzeki Douro<\/span><span style=\"font-weight: 400;\">,<\/span> <span style=\"font-weight: 400;\">rejonie s\u0142yn\u0105cym<\/span><span style=\"font-weight: 400;\">...<a href='https:\/\/sp.tuchow.pl\/index.php\/2021\/10\/05\/keep-calm-sit-back-and-relax\/' class='pfpReadMore'>Read More &raquo;<\/a><div class='clear'><\/div><hr><\/div><div class='pfpItem entry-content'><h2 class='entry-title'><a href='https:\/\/sp.tuchow.pl\/index.php\/2021\/10\/03\/dont-worry-be-healthy\/'>Don\u2019t worry be healthy\u2026<\/a><\/h2><div class=\"kvgmc6g5 cxmmr5t8 oygrvhab hcukyx3x c1et5uql ii04i59q\">\n<div dir=\"auto\" style=\"text-align: justify;\">Dzie\u0144 7 pobytu uczni\u00f3w w Portugalii podczas projektu &#8222;Ponadnarodowa Mobilno\u015b\u0107 Uczni\u00f3w&#8221;<\/div>\n<\/div>\n<div class=\"o9v6fnle cxmmr5t8 oygrvhab hcukyx3x c1et5uql ii04i59q\" style=\"text-align: justify;\">\n<div dir=\"auto\">\n<p><span style=\"font-weight: 400;\">Dzisiejszy dzie\u0144 rozpocz\u0119li\u015bmy od po\u017cywnego \u015bniadania. Nast\u0119pnie spacerkiem udali\u015bmy si\u0119 do miejscowego ko\u015bcio\u0142a, gdzie wys\u0142uchali\u015bmy mszy w j\u0119zyku portugalskim. Po...<a href='https:\/\/sp.tuchow.pl\/index.php\/2021\/10\/03\/dont-worry-be-healthy\/' class='pfpReadMore'>Read More &raquo;<\/a><div class='clear'><\/div><hr><\/div><div class='pfpItem entry-content'><h2 class='entry-title'><a href='https:\/\/sp.tuchow.pl\/index.php\/2021\/10\/02\/crossing-all-borders-przekraczamy-granice\/'>\u201cCrossing (all) borders - przekraczamy granice\u201d<\/a><\/h2><div class=\"kvgmc6g5 cxmmr5t8 oygrvhab hcukyx3x c1et5uql ii04i59q\">\n<div dir=\"auto\" style=\"text-align: justify;\">Dzie\u0144 6 pobytu uczni\u00f3w w Portugalii podczas projektu &#8222;Ponadnarodowa Mobilno\u015b\u0107 Uczni\u00f3w&#8221;.<\/div>\n<\/div>\n<div class=\"o9v6fnle cxmmr5t8 oygrvhab hcukyx3x c1et5uql ii04i59q\">\n<div dir=\"auto\" style=\"text-align: justify;\"><span style=\"font-weight: 400;\">Po \u015bniadaniu pojechali\u015bmy autokarem na wycieczk\u0119 do miasta Valen\u00e7a do Minho, kt\u00f3re le\u017cy tu\u017c przy granicy pa\u0144stwa. Oko\u0142o 10:00 dotarli\u015bmy...<a href='https:\/\/sp.tuchow.pl\/index.php\/2021\/10\/02\/crossing-all-borders-przekraczamy-granice\/' class='pfpReadMore'>Read More &raquo;<\/a><div class='clear'><\/div><hr><\/div><div class='pfpItem entry-content'><h2 class='entry-title'><a href='https:\/\/sp.tuchow.pl\/index.php\/2021\/10\/01\/dzien-5-pobytu-uczniow-w-portugalii-podczas-projektu-ponadnarodowa-mobilnosc-uczniow\/'>Dzie\u0144 5 pobytu uczni\u00f3w w Portugalii podczas projektu \"Ponadnarodowa Mobilno\u015b\u0107 Uczni\u00f3w\".<\/a><\/h2><div class=\"kvgmc6g5 cxmmr5t8 oygrvhab hcukyx3x c1et5uql ii04i59q\">\n<div dir=\"auto\" style=\"text-align: justify;\">\n<p><span style=\"font-weight: 400;\">Wstali\u015bmy rano. Ubrali\u015bmy si\u0119, spakowali\u015bmy i zeszli\u015bmy na \u015bniadanie. Podczas \u015bniadania wszcz\u0119li\u015bmy bardzo powa\u017cn\u0105 dyskusj\u0119 o zdrowym od\u017cywianiu si\u0119.&nbsp;<\/span><\/p>\n<p><span style=\"font-weight: 400;\">Po posi\u0142ku, wsiedli\u015bmy do busa i rozpocz\u0119li\u015bmy wycieczk\u0119 do Bragi.&nbsp;<\/span><\/p>\n<p><span style=\"font-weight: 400;\">&nbsp;&nbsp;&nbsp;W Bradze by\u0142o bardzo ciekawie. Zobaczyli\u015bmy stare kamienne...<a href='https:\/\/sp.tuchow.pl\/index.php\/2021\/10\/01\/dzien-5-pobytu-uczniow-w-portugalii-podczas-projektu-ponadnarodowa-mobilnosc-uczniow\/' class='pfpReadMore'>Read More &raquo;<\/a><div class='clear'><\/div><hr><\/div><div class='pfpItem entry-content'><h2 class='entry-title'><a href='https:\/\/sp.tuchow.pl\/index.php\/2021\/10\/01\/saude-na-zdrowie\/'>Saud\u00e9 - Na zdrowie!<\/a><\/h2><p><span style=\"font-weight: 400;\">Dzie\u0144 4 pobytu uczni\u00f3w w Portugalii podczas projektu &#8222;Ponadnarodowa Mobilno\u015b\u0107 Uczni\u00f3w&#8221;.&nbsp;<\/span><\/p>\n<p style=\"text-align: justify;\"><span style=\"font-weight: 400;\">Dzisiejszy dzie\u0144 zacz\u0119li\u015bmy od wyjazdu na targ w Barcelos. Naszym zadaniem by\u0142o sfotografowanie produkt\u00f3w, kt\u00f3rych nie znajdziemy w Polsce oraz zadanie j\u0119zykowe: zapami\u0119tanie nazw nowych produkt\u00f3w oraz pytanie mieszka\u0144c\u00f3w o najlepsze ich zdaniem tradycyjne...<a href='https:\/\/sp.tuchow.pl\/index.php\/2021\/10\/01\/saude-na-zdrowie\/' class='pfpReadMore'>Read More &raquo;<\/a><div class='clear'><\/div><hr><\/div><div class='pfpItem entry-content'><h2 class='entry-title'><a href='https:\/\/sp.tuchow.pl\/index.php\/2021\/09\/30\/cidade-das-pontes-wizyta-w-porto-miescie-mostow\/'>Cidade das Pontes - wizyta w Porto, mie\u015bcie most\u00f3w.<\/a><\/h2><div class=\"kvgmc6g5 cxmmr5t8 oygrvhab hcukyx3x c1et5uql ii04i59q\">\n<div dir=\"auto\" style=\"text-align: justify;\">\n<p><span style=\"font-weight: 400;\">Tak up\u0142yn\u0105\u0142 poranek, popo\u0142udnie i wiecz\u00f3r &#8211; Dzie\u0144 2<\/span><\/p>\n<p><span style=\"font-weight: 400;\">Powitanie z Oceanem Atlantyckim na pla\u017cy w Esposende to pierwszy punkt naszego dzisiejszego dnia. Pomimo s\u0142onecznej pogody, na k\u0105piel w wodach Atlantyku by\u0142o zbyt zimno, wi\u0119c czas sp\u0119dzali\u015bmy aktywnie...<a href='https:\/\/sp.tuchow.pl\/index.php\/2021\/09\/30\/cidade-das-pontes-wizyta-w-porto-miescie-mostow\/' class='pfpReadMore'>Read More &raquo;<\/a><div class='clear'><\/div><hr><\/div><div class='pfpItem entry-content'><h2 class='entry-title'><a href='https:\/\/sp.tuchow.pl\/index.php\/2021\/09\/28\/tak-uplynal-poranek-popoludnie-i-wieczor-dzien-2\/'>Tak up\u0142yn\u0105\u0142 poranek, popo\u0142udnie i wiecz\u00f3r - Dzie\u0144 2<\/a><\/h2><div class=\"kvgmc6g5 cxmmr5t8 oygrvhab hcukyx3x c1et5uql ii04i59q\">\n<div dir=\"auto\" style=\"text-align: justify;\">\n<p><span style=\"font-weight: 400;\">Dzisiaj nadszed\u0142 czas na oficjalne rozpocz\u0119cie wsp\u00f3\u0142pracy w szkole partnerskiej Agrupamento de Escolas de Barcelos. Jednak pierwszym punktem naszego dzisiejszego dnia by\u0142o powitanie z Oceanem Atlantyckim na pla\u017cy w Esposende. <\/span><span style=\"font-weight: 400;\">Pomimo s\u0142onecznej pogody, na k\u0105piel w wodach...<a href='https:\/\/sp.tuchow.pl\/index.php\/2021\/09\/28\/tak-uplynal-poranek-popoludnie-i-wieczor-dzien-2\/' class='pfpReadMore'>Read More &raquo;<\/a><div class='clear'><\/div><hr><\/div><div class='pfpItem entry-content'><h2 class='entry-title'><a href='https:\/\/sp.tuchow.pl\/index.php\/2021\/09\/28\/bem-venidos\/'>Bem venidos !<\/a><\/h2><div dir=\"auto\">&nbsp;<\/div>\n<div dir=\"auto\" style=\"text-align: justify;\">Rozpoczynamy nasz pobyt w Barcelos w ramach projektu &#8222;Ponadnarodowa Mobilno\u015b\u0107 Uczni\u00f3w&#8221; wsp\u00f3\u0142finansowanego ze \u015brodk\u00f3w Europejskiego Funduszu Spo\u0142ecznego. Po niemal ca\u0142ym dniu podr\u00f3\u017cy, dotarli\u015bmy do miejsca zakwaterowania i zapoznali\u015bmy si\u0119 z okolic\u0105, gdzie mieli\u015bmy okazj\u0119 \u0107wiczy\u0107 umiej\u0119tno\u015bci j\u0119zykowe w j\u0119zyku angielskim i portugalskim.<\/div>\n<div dir=\"auto\">&nbsp;<\/div>\n<div dir=\"auto\">\n<div class=\"fb-post\" data-href=\"http:\/\/www.facebook.com\/sptuchow\/photos\/pcb.3094955690773934\/3094955417440628\"...<a href='https:\/\/sp.tuchow.pl\/index.php\/2021\/09\/28\/bem-venidos\/' class='pfpReadMore'>Read More &raquo;<\/a><div class='clear'><\/div><hr><\/div><div class='pfpItem entry-content'><h2 class='entry-title'><a href='https:\/\/sp.tuchow.pl\/index.php\/2021\/09\/23\/czesc-hello-ola-ponadnarodowa-mobilnosc-uczniow-przygotowania-do-podrozy\/'>Cze\u015b\u0107! Hello! Ol\u00e1!  Ponadnarodowa Mobilno\u015b\u0107 Uczni\u00f3w - przygotowania do podr\u00f3\u017cy\u2026<\/a><\/h2><p style=\"text-align: justify;\"><span style=\"font-weight: 400;\">Dobiega ko\u0144ca etap przygotowa\u0144 do mobilno\u015bci dla grupy 14 uczni\u00f3w ze Szko\u0142y Podstawowej im. Stanis\u0142awa Staszica w Tuchowie, kt\u00f3rzy zostali zakwalifikowani do udzia\u0142u w przedsi\u0119wzi\u0119ciu \u201cPoczuj si\u0119 dobrze &#8211; zadbaj o zdrowe cia\u0142o i umys\u0142\u201d w ramach projektu Ponadnarodowa Mobilno\u015b\u0107 Uczni\u00f3w. Projekt jest wsp\u00f3\u0142finansowany z Europejskiego...<a href='https:\/\/sp.tuchow.pl\/index.php\/2021\/09\/23\/czesc-hello-ola-ponadnarodowa-mobilnosc-uczniow-przygotowania-do-podrozy\/' class='pfpReadMore'>Read More &raquo;<\/a><div class='clear'><\/div><hr><\/div><div class='pfpItem entry-content'><h2 class='entry-title'><a href='https:\/\/sp.tuchow.pl\/index.php\/2021\/09\/15\/spotkanie-z-pisarzem\/'>Spotkanie z pisarzem<\/a><\/h2><p style=\"text-align: justify;\">Ksi\u0105\u017cki autorstwa Grzegorza Kasdepke ciesz\u0105 si\u0119 du\u017c\u0105 popularno\u015bci\u0105 w\u015br\u00f3d dzieci, dlatego te\u017c z niecierpliwo\u015bci\u0105 oczekiwano na jego przyjazd. W trakcie spotkania pan Grzegorz opowiada\u0142 o napisanych przez siebie ksi\u0105\u017ckach, cz\u0119sto czytaj\u0105c ich fragmenty. Z olbrzymim poczuciem humoru opowiada\u0142 r\u00f3wnie\u017c o swoim dzieci\u0144stwie i podw\u00f3rkowej bandzie do kt\u00f3rej nale\u017ca\u0142...<a href='https:\/\/sp.tuchow.pl\/index.php\/2021\/09\/15\/spotkanie-z-pisarzem\/' class='pfpReadMore'>Read More &raquo;<\/a><div class='clear'><\/div><hr><\/div><div class='pfpItem entry-content'><h2 class='entry-title'><a href='https:\/\/sp.tuchow.pl\/index.php\/2021\/09\/15\/fotorelacja-warsztaty-zalasowa-wioska-indianska-14-09-2021r-klasa-3b\/'>Fotorelacja: \"Warsztaty  Zalasowa \"Wioska India\u0144ska\" 14.09.2021r. Klasa 3b\"<\/a><\/h2><div class=\"fb-post\" data-href=\"http:\/\/www.facebook.com\/sptuchow\/photos\/pcb.3085301781739325\/3085299645072872\/\" data-width=\"552\" style=\"background-color: #fff; display: inline-block;\"><\/div>\n...<a href='https:\/\/sp.tuchow.pl\/index.php\/2021\/09\/15\/fotorelacja-warsztaty-zalasowa-wioska-indianska-14-09-2021r-klasa-3b\/' class='pfpReadMore'>Read More &raquo;<\/a><div class='clear'><\/div><hr><\/div><div class='pfpItem entry-content'><h2 class='entry-title'><a href='https:\/\/sp.tuchow.pl\/index.php\/2021\/09\/13\/moralnosc-pani-dulskiej-w-tuchowie\/'>\u201eMoralno\u015b\u0107 pani Dulskiej\u201d w Tuchowie<\/a><\/h2><p style=\"text-align: justify;\">Na tuchowskim rynku przed Ratuszem m\u0142odzie\u017c z Towarzystwa Mi\u0142o\u015bnik\u00f3w Tuchowa oraz dzieci ze Szko\u0142y Podstawowej im. Stanis\u0142awa Staszica w Tuchowie zmierzy\u0142y si\u0119 z g\u0142o\u015bnym, publicznym czytaniem nie\u0142atwej sztuki Gabrieli Zapolskiej. Komedia ta pi\u0119tnuje w ostry spos\u00f3b znienawidzone przez Zapolsk\u0105 \u201eko\u0142tu\u0144stwo\u201d. Z ka\u017cdej sytuacji, ka\u017cdego s\u0142owa, z ka\u017cdej postaci...<a href='https:\/\/sp.tuchow.pl\/index.php\/2021\/09\/13\/moralnosc-pani-dulskiej-w-tuchowie\/' class='pfpReadMore'>Read More &raquo;<\/a><div class='clear'><\/div><hr><\/div><div class='pfpItem entry-content'><h2 class='entry-title'><a href='https:\/\/sp.tuchow.pl\/index.php\/2021\/09\/13\/komunikat-mein-w-sprawie-udzialu-uczniow-zaszczepionych-w-stacjonarnych-zajeciach-edukacyjnych\/'>Komunikat MEiN w sprawie udzia\u0142u uczni\u00f3w zaszczepionych w stacjonarnych zaj\u0119ciach edukacyjnych<\/a><\/h2><p style=\"text-align: justify;\">Od 7 czerwca rodzice mog\u0105 zapisywa\u0107 na szczepienia przeciw&nbsp;<span class=\"caps\">COVID<\/span>-19 dzieci w wieku 12\u201315 lat. Na Internetowym Koncie Pacjenta dziecka znajdziesz jego&nbsp;e-skierowanie<\/p>\n<p style=\"text-align: justify;\"><a href=\"http:\/\/pacjent.gov.pl\/aktualnosc\/najlepsze-zyczenia-wszystkim-mamom\">Dowiedz si\u0119 wi\u0119cej o dost\u0119pie do Internetowego Konta Pacjenta Twojego&nbsp;dziecka<\/a><\/p>\n<p style=\"text-align: justify;\">Na szczepienia dziecko w wieku 12\u201315 lat&nbsp;mo\u017cna&nbsp;zarejestrowa\u0107:<\/p>\n<ul style=\"text-align: justify;\">\n<li>kontaktuj\u0105c si\u0119 z wybranym punktem...<a href='https:\/\/sp.tuchow.pl\/index.php\/2021\/09\/13\/komunikat-mein-w-sprawie-udzialu-uczniow-zaszczepionych-w-stacjonarnych-zajeciach-edukacyjnych\/' class='pfpReadMore'>Read More &raquo;<\/a><div class='clear'><\/div><hr><\/div><div class='pfpItem entry-content'><h2 class='entry-title'><a href='https:\/\/sp.tuchow.pl\/index.php\/2021\/09\/09\/ix-edycja-dyktanda-niepodleglosciowego-po-polsku-o-historii\/'>IX \u00a0edycja Dyktanda Niepodleg\u0142o\u015bciowego \u201ePo polsku o historii\u201d<\/a><\/h2><p>Zapraszamy uczni\u00f3w klas V-VIII do wzi\u0119cia udzia\u0142u w&nbsp;<strong><em>IX &nbsp;edycji&nbsp; Dyktanda Niepodleg\u0142o\u015bciowego \u201ePo polsku o historii\u201d<\/em><\/strong><\/p>\n<p style=\"text-align: justify;\">W naszej szkole po raz czwarty uczniowie napisz\u0105 dyktando o wa\u017cnych wydarzeniach w historii naszej Ojczyzny. Tegoroczne dyktando dotyczy\u0107 b\u0119dzie powsta\u0144 \u015bl\u0105skich. Celem konkursu jest zaanga\u017cowanie m\u0142odzie\u017cy w piel\u0119gnowanie narodowej tradycji i historii, w...<a href='https:\/\/sp.tuchow.pl\/index.php\/2021\/09\/09\/ix-edycja-dyktanda-niepodleglosciowego-po-polsku-o-historii\/' class='pfpReadMore'>Read More &raquo;<\/a><div class='clear'><\/div><hr><\/div><div class='pfpItem entry-content'><h2 class='entry-title'><a href='https:\/\/sp.tuchow.pl\/index.php\/2021\/09\/01\/dowoz-uczniow-do-szkoly-w-roku-szkolnym-20212022\/'>Dow\u00f3z uczni\u00f3w do szko\u0142y w roku szkolnym 2021\/2022<\/a><\/h2><div><strong>Rano<\/strong><\/div>\n<div>Wo\u0142owa 7:15<\/div>\n<div>Kielanowice 7:35<\/div>\n<div>&nbsp;<\/div>\n<div><strong>Po po\u0142udniu<\/strong><\/div>\n<div>Wo\u0142owa 13:30<\/div>\n<div>Kielanowice 14:25<\/div>\n...<a href='https:\/\/sp.tuchow.pl\/index.php\/2021\/09\/01\/dowoz-uczniow-do-szkoly-w-roku-szkolnym-20212022\/' class='pfpReadMore'>Read More &raquo;<\/a><div class='clear'><\/div><hr><\/div><div class='pfpItem entry-content'><h2 class='entry-title'><a href='https:\/\/sp.tuchow.pl\/index.php\/2021\/08\/31\/harmonogram-rozpoczecia-roku-szkolnego-20212022\/'>Harmonogram rozpocz\u0119cia roku szkolnego 2021\/2022<\/a><\/h2><p style=\"text-align: justify;\">Uroczyste rozpocz\u0119cie roku szkolnego 2021\/2022 w formie tradycyjnej odb\u0119dzie si\u0119&nbsp;<strong>1 wrze\u015bnia 2021<\/strong>&nbsp;r. o godzinie&nbsp;<strong>10<sup>15<\/sup><\/strong>&nbsp;w hali MOSiR&nbsp;<strong>tylko dla rodzic\u00f3w i uczni\u00f3w klas pierwszych,&nbsp;<\/strong>z zachowaniem re\u017cimu sanitarnego.<\/p>\n<p>Uczniowie tych klas razem z rodzicami wchodz\u0105 do hali wej\u015bciem g\u0142\u00f3wnym. Po uroczystym apelu udaj\u0105 si\u0119 wraz z wychowawcami do sal:<\/p>\n<table width=\"404\">\n<tbody>\n<tr>\n<td width=\"64\">klasa<\/td>\n<td width=\"113\">sala<\/td>\n<td...<a href='https:\/\/sp.tuchow.pl\/index.php\/2021\/08\/31\/harmonogram-rozpoczecia-roku-szkolnego-20212022\/' class='pfpReadMore'>Read More &raquo;<\/a><div class='clear'><\/div><hr><\/div><div class='pfpItem entry-content'><h2 class='entry-title'><a href='https:\/\/sp.tuchow.pl\/index.php\/2021\/08\/31\/narodowe-czytanie-2021\/'>Narodowe Czytanie 2021<\/a><\/h2><div>\n<h2 id=\"narodowe-czytanie-2021\" class=\"title\"><em>Moralno\u015b\u0107 pani Dulskiej&nbsp;<\/em>Gabrieli Zapolskiej lektur\u0105 jubileuszowej, dziesi\u0105tej ods\u0142ony Narodowego Czytania.<\/h2>\n<\/div>\n<div class=\"description\">\n<p><strong>W Naszej gminie tegoroczne Narodowe Czytanie odb\u0119dzie si\u0119 na Rynku w Tuchowie, w sobot\u0119 04 wrze\u015bnia 2021 roku w godzinach od 09.00 &#8211; 12.00<\/strong><\/p>\n<\/div>\n...<a href='https:\/\/sp.tuchow.pl\/index.php\/2021\/08\/31\/narodowe-czytanie-2021\/' class='pfpReadMore'>Read More &raquo;<\/a><div class='clear'><\/div><hr><\/div><div class='pfpItem entry-content'><h2 class='entry-title'><a href='https:\/\/sp.tuchow.pl\/index.php\/2021\/08\/27\/rozpoczecie-roku-szkolnego-20212022\/'>Rozpocz\u0119cie roku szkolnego 2021\/2022<\/a><\/h2><p style=\"font-weight: 400;\">Msza \u015awi\u0119ta na rozpocz\u0119cie roku szkolnego 2021\/2022 dla uczni\u00f3w Szko\u0142y Podstawowej im. Stanis\u0142awa Staszica w Tuchowie odb\u0119dzie si\u0119&nbsp;<strong>1 wrze\u015bnia 2021<\/strong>&nbsp;r. (\u015broda) o godzinie&nbsp;<strong>9:00<\/strong>&nbsp;w ko\u015bciele \u015aw. Jakuba w Tuchowie.&nbsp;<\/p>\n<p style=\"font-weight: 400;\">Uczniowie do ko\u015bcio\u0142a udaj\u0105 si\u0119 pod opiek\u0105 rodzic\u00f3w.<\/p>\n<p style=\"font-weight: 400;\">Msza b\u0119dzie r\u00f3wnie\u017c transmitowana na stronie:<a href=\"http:\/\/www.tuchow.diecezja.tarnow.pl\/na-zywo\/\" data-saferedirecturl=\"http:\/\/www.google.com\/url?q=http:\/\/www.tuchow.diecezja.tarnow.pl\/na-zywo\/&amp;source=gmail&amp;ust=1630308356980000&amp;usg=AFQjCNGJm5qp8EKwq72WH0NesqIvIW5AHQ\">&nbsp;http:\/\/www.tuchow.diecezja.tarnow.pl\/na-zywo\/<\/a><\/p>\n<p style=\"font-weight: 400;\">Uroczyste...<a href='https:\/\/sp.tuchow.pl\/index.php\/2021\/08\/27\/rozpoczecie-roku-szkolnego-20212022\/' class='pfpReadMore'>Read More &raquo;<\/a><div class='clear'><\/div><hr><\/div><div class='pfpItem entry-content'><h2 class='entry-title'><a href='https:\/\/sp.tuchow.pl\/index.php\/2021\/07\/08\/odbior-kart-rowerowych\/'>Odbi\u00f3r kart rowerowych<\/a><\/h2><p>Informujemy, \u017ce karty rowerowe s\u0105 gotowe do odbioru w sekretariacie szko\u0142y.<\/p>\n<p>Karty rowerowe zosta\u0142y wydane dla tych os\u00f3b, kt\u00f3re dostarczy\u0142y wszystkie niezb\u0119dne dokumenty, tj. arkusz zalicze\u0144 ucznia oraz zdj\u0119cie o wymiarach 45 mm x 35 mm.<\/p>\n...<a href='https:\/\/sp.tuchow.pl\/index.php\/2021\/07\/08\/odbior-kart-rowerowych\/' class='pfpReadMore'>Read More &raquo;<\/a><div class='clear'><\/div><hr><\/div><div class='pfpItem entry-content'><h2 class='entry-title'><a href='https:\/\/sp.tuchow.pl\/index.php\/2021\/07\/06\/przygotowania-do-mobilnosci-w-projekcie-ponadnarodowa-mobilnosc-uczniow-trwaja\/'>Przygotowania do mobilno\u015bci w projekcie \"Ponadnarodowa Mobilno\u015b\u0107 Uczni\u00f3w\" trwaj\u0105...<\/a><\/h2><p style=\"text-align: justify;\">Od 2 do 4 lipca br. dwoje nauczycieli naszej szko\u0142y uczestniczy\u0142o w kr\u00f3tkiej wizycie przygotowawczej do mobilno\u015bci w projekcie &#8222;Ponadnarodowa Mobilno\u015b\u0107 Uczni\u00f3w&#8221; wsp\u00f3\u0142finansowanego z Europejskiego Funduszu Spo\u0142ecznego. Spotkali\u015bmy si\u0119 z koordynatorem projekt\u00f3w europejskich we wsp\u00f3\u0142pracuj\u0105cej z nami szkole, panem Fernando Carvalho oraz wicedyrektorem szko\u0142y, panem Augusto Vilas Boas....<a href='https:\/\/sp.tuchow.pl\/index.php\/2021\/07\/06\/przygotowania-do-mobilnosci-w-projekcie-ponadnarodowa-mobilnosc-uczniow-trwaja\/' class='pfpReadMore'>Read More &raquo;<\/a><div class='clear'><\/div><hr><\/div><div class='pfpItem entry-content'><h2 class='entry-title'><a href='https:\/\/sp.tuchow.pl\/index.php\/2021\/06\/29\/odbior-zaswiadczen-zawierajacych-szczegolowe-wyniki-egzaminu-osmoklasisty\/'>Odbi\u00f3r za\u015bwiadcze\u0144 zawieraj\u0105cych szczeg\u00f3\u0142owe wyniki egzaminu \u00f3smoklasisty<\/a><\/h2><p><span style=\"font-weight: 400;\">Dyrektor Szko\u0142y Podstawowej im. Stanis\u0142awa Staszica w Tuchowie informuje, i\u017c odbi\u00f3r za\u015bwiadcze\u0144 zawieraj\u0105cych szczeg\u00f3\u0142owe wyniki egzaminu \u00f3smoklasisty b\u0119dzie mo\u017cliwy <strong>09 lipca 2021 r. \/pi\u0105tek\/<\/strong>.<\/span><\/p>\n<p><span style=\"font-weight: 400;\">Harmonogram odbioru za\u015bwiadcze\u0144:<\/span><\/p>\n<p><span style=\"text-decoration: underline;\"><span style=\"font-weight: 400;\">Klasa 8A \u2013 w godzinach od 9.00 do 10.00<\/span><\/span><\/p>\n<p><span style=\"text-decoration: underline;\"><span style=\"font-weight: 400;\">Klasa 8B \u2013 w godzinach...<a href='https:\/\/sp.tuchow.pl\/index.php\/2021\/06\/29\/odbior-zaswiadczen-zawierajacych-szczegolowe-wyniki-egzaminu-osmoklasisty\/' class='pfpReadMore'>Read More &raquo;<\/a><div class='clear'><\/div><hr><\/div><div class='pfpItem entry-content'><h2 class='entry-title'><a href='https:\/\/sp.tuchow.pl\/index.php\/2021\/06\/28\/projekt-na-basniowej-gorze-2\/'>Projekt \u201eNa Ba\u015bniowej G\u00f3rze\u201d<\/a><\/h2><p>W II okresie bie\u017c\u0105cego roku szkolnego zaprosi\u0142y\u015bmy uczni\u00f3w do udzia\u0142u w projekcie edukacyjnym \u201eNa Ba\u015bniowej G\u00f3rze\u201d. By\u0142 on adresowany do uczni\u00f3w klas czwartych naszej szko\u0142y, a udzia\u0142 w nim by\u0142 dobrowolny.<\/p>\n<p>W ramach projektu uczniowie od lutego do maja mieli mo\u017cliwo\u015b\u0107 wykonywania r\u00f3\u017cnorodnych, dodatkowych zada\u0144. Tematem przewodnim by\u0142y ba\u015bnie \u2013 te,...<a href='https:\/\/sp.tuchow.pl\/index.php\/2021\/06\/28\/projekt-na-basniowej-gorze-2\/' class='pfpReadMore'>Read More &raquo;<\/a><div class='clear'><\/div><hr><\/div><div class='pfpItem entry-content'><h2 class='entry-title'><a href='https:\/\/sp.tuchow.pl\/index.php\/2021\/06\/24\/zakonczenie-roku-szkolnego-20202021\/'>Zako\u0144czenie roku szkolnego 2020\/2021<\/a><\/h2><p><span style=\"font-weight: 400;\">Msza \u015awi\u0119ta na zako\u0144czenie roku szkolnego 2020\/2021 odb\u0119dzie si\u0119 <\/span><b>24 czerwca 2021<\/b><span style=\"font-weight: 400;\"> r. (czwartek) o godzinie <\/span><b>15:<\/b><b>30<\/b><span style=\"font-weight: 400;\"> w ko\u015bciele \u015aw. Jakuba w Tuchowie.&nbsp; Msza b\u0119dzie r\u00f3wnie\u017c transmitowana na stronie:<\/span><a href=\"http:\/\/www.tuchow.diecezja.tarnow.pl\/na-zywo\/\"> <span style=\"font-weight: 400;\">http:\/\/www.tuchow.diecezja.tarnow.pl\/na-zywo\/<\/span><\/a><\/p>\n<p><span style=\"font-weight: 400;\">Zako\u0144czenie roku szkolnego 2020\/2021 w formie tradycyjnej odb\u0119dzie si\u0119 <\/span><b>25...<a href='https:\/\/sp.tuchow.pl\/index.php\/2021\/06\/24\/zakonczenie-roku-szkolnego-20202021\/' class='pfpReadMore'>Read More &raquo;<\/a><div class='clear'><\/div><hr><\/div><div class='pfpItem entry-content'><h2 class='entry-title'><a href='https:\/\/sp.tuchow.pl\/index.php\/2021\/06\/24\/wyniki-zabawy-pt-w-poszukiwaniu-skarbu-szkoly-podstawowej-w-tuchowie\/'>Wyniki zabawy pt. \u201eW poszukiwaniu skarbu Szko\u0142y Podstawowej w Tuchowie\u201d<\/a><\/h2><p class=\"Standard\">Z okazji \u015awi\u0119ta Patrona Szko\u0142y, zosta\u0142a przygotowana gra \u201eescape room\u201d. Fabu\u0142a gry dotyczy\u0142a skrzyni, znalezionej w naszej szkole podczas prac remontowych. Niestety, nikt nie by\u0142 w stanie jej otworzy\u0107. Zadaniem uczni\u00f3w by\u0142o zdoby\u0107 szyfr. Aby tego dokona\u0107, uczniowie musieli pod\u0105\u017ca\u0107 za wskaz\u00f3wkami i rozwi\u0105zywa\u0107 zadania dotycz\u0105ce naszej szko\u0142y i...<a href='https:\/\/sp.tuchow.pl\/index.php\/2021\/06\/24\/wyniki-zabawy-pt-w-poszukiwaniu-skarbu-szkoly-podstawowej-w-tuchowie\/' class='pfpReadMore'>Read More &raquo;<\/a><div class='clear'><\/div><hr><\/div><div class='pfpItem entry-content'><h2 class='entry-title'><a href='https:\/\/sp.tuchow.pl\/index.php\/2021\/06\/24\/skecz-grupy-artystyczno-teatralnej\/'>Skecz grupy artystyczno-teatralnej<\/a><\/h2><p>Grupa artystyczno-teatralna zaprasza wszystkich do obejrzenia kr\u00f3tkiego skeczu o szkole przygotowanego na zako\u0144czenie roku szkolnego 2020\/2021. Chcemy Pa\u0144stwu umili\u0107 ostatnie chwile przed wakacjami.<\/p>\n<div class=\"fb-video\" data-allowfullscreen=\"true\" data-href=\"http:\/\/www.facebook.com\/sptuchow\/videos\/818968292088716\" style=\"background-color: #fff; display: inline-block;\"><\/div>\n...<a href='https:\/\/sp.tuchow.pl\/index.php\/2021\/06\/24\/skecz-grupy-artystyczno-teatralnej\/' class='pfpReadMore'>Read More &raquo;<\/a><div class='clear'><\/div><hr><\/div><div class='pfpItem entry-content'><h2 class='entry-title'><a href='https:\/\/sp.tuchow.pl\/index.php\/2021\/06\/23\/stypendium-burmistrza-tuchowa-3\/'>Stypendium Burmistrza Tuchowa<\/a><\/h2><p>Uczniowie szk\u00f3\u0142 podstawowych ucz\u0119szczaj\u0105cy do klas IV-VIII mog\u0105 ubiega\u0107 si\u0119 o \u201eStypendium Burmistrza Tuchowa\u201d w ramach \u201eProgramu wspierania edukacji uzdolnionych dzieci i m\u0142odzie\u017cy z terenu gminy Tuch\u00f3w\u201d. Wnioski o przyznanie stypendium nale\u017cy sk\u0142ada\u0107 w Gminnej Administracji O\u015bwiaty w Tuchowie&nbsp; ul. Jana Paw\u0142a II &nbsp;4,&nbsp; pok\u00f3j 211.<\/p>\n<p>Do wniosku nale\u017cy do\u0142\u0105czy\u0107 ksero...<a href='https:\/\/sp.tuchow.pl\/index.php\/2021\/06\/23\/stypendium-burmistrza-tuchowa-3\/' class='pfpReadMore'>Read More &raquo;<\/a><div class='clear'><\/div><hr><\/div><div class='pfpItem entry-content'><h2 class='entry-title'><a href='https:\/\/sp.tuchow.pl\/index.php\/2021\/06\/23\/stanislaw-staszic-patron-szkoly-podstawowej-w-tuchowie\/'>Stanis\u0142aw Staszic \u2013 patron Szko\u0142y Podstawowej w Tuchowie<\/a><\/h2><p class=\"Standard\">Prezentacj\u0119 z okazji \u015awi\u0119ta Patrona Szko\u0142y przygotowali uczniowie klas 4:<\/p>\n<p class=\"Standard\">Szymon \u017bo\u0142\u0105d\u017a kl.4a, Mateusz Walocha kl. 4a, Antoni Stanis\u0142awczyk kl. 4a, Szymon Wantuch kl. 4a, Adrianna Kowalska kl. 4a, Amelia Szablowska kl.4a, Nadia Sajdak kl.4a, Liliana Mikos kl.4a, Izabela Osiniak kl. 4b, Krystian Lachowicz kl. 4b, Hubert Krawczyk kl....<a href='https:\/\/sp.tuchow.pl\/index.php\/2021\/06\/23\/stanislaw-staszic-patron-szkoly-podstawowej-w-tuchowie\/' class='pfpReadMore'>Read More &raquo;<\/a><div class='clear'><\/div><hr><\/div><div class='pfpItem entry-content'><h2 class='entry-title'><a href='https:\/\/sp.tuchow.pl\/index.php\/2021\/06\/23\/wyniki-konkursu-kangur-matematyczny-2021\/'>Wyniki Konkursu \u201eKangur Matematyczny 2021\u201d<\/a><\/h2><p>Za nami XXX edycja Mi\u0119dzynarodowego Konkursu Kangur Matematyczny.<\/p>\n<p>Wzi\u0119\u0142o w nim udzia\u0142 20 Uczni\u00f3w Naszej Szko\u0142y, kt\u00f3rzy rozwi\u0105zywali zadania w czterech kategoriach:<\/p>\n<p>\u201e\u017baczek\u201d \u2013 klasy II<\/p>\n<p>\u201eMaluch\u201d \u2013 klasy III&nbsp;&nbsp;&nbsp;&nbsp;&nbsp;&nbsp;&nbsp;&nbsp;&nbsp;&nbsp;&nbsp;&nbsp;&nbsp;&nbsp;&nbsp;&nbsp;&nbsp;&nbsp;&nbsp;&nbsp;<\/p>\n<p>\u201eBenjamin\u201d \u2013 klasy VI&nbsp;&nbsp;&nbsp;&nbsp;&nbsp;&nbsp;&nbsp;&nbsp;&nbsp;&nbsp;&nbsp;&nbsp;&nbsp;&nbsp;&nbsp;&nbsp;&nbsp;&nbsp;<\/p>\n<p>\u201eKadet\u201d \u2013 klasy VII i VIII&nbsp;&nbsp;&nbsp;&nbsp;&nbsp;&nbsp;&nbsp;&nbsp;&nbsp;&nbsp;&nbsp;&nbsp;&nbsp;&nbsp;&nbsp;&nbsp;&nbsp;&nbsp;<\/p>\n<p>Ka\u017cdy uczestnik Konkursu otrzyma\u0142&nbsp; uk\u0142adank\u0119 przestrzenn\u0105 w formie breloczka.&nbsp;&nbsp;&nbsp;&nbsp;&nbsp;&nbsp;<\/p>\n<p>Znamy ju\u017c wyniki!!<\/p>\n<p>Wyr\u00f3\u017cnienie otrzymali:<\/p>\n<p><strong>Wiktor Kwa\u015bny<\/strong> z klasy II...<a href='https:\/\/sp.tuchow.pl\/index.php\/2021\/06\/23\/wyniki-konkursu-kangur-matematyczny-2021\/' class='pfpReadMore'>Read More &raquo;<\/a><div class='clear'><\/div><hr><\/div><div class='pfpItem entry-content'><h2 class='entry-title'><a href='https:\/\/sp.tuchow.pl\/index.php\/2021\/06\/22\/sukcesy-recytatorskie\/'>Sukcesy recytatorskie!<\/a><\/h2><p>Jak to bardzo cieszy, \u017ce w dobie rozwijaj\u0105cej si\u0119 silnie technologii informacyjnej a&nbsp; przede wszystkim po d\u0142ugim okresie izolacji spowodowanej pandemi\u0105 dwie uczennice naszej szko\u0142y zdoby\u0142y wspania\u0142e miejsca w trudnym konkursie recytatorskim. Interpretacja cudzych s\u0142\u00f3w nie jest \u0142atw\u0105 spraw\u0105. Ka\u017cdy musi mie\u0107 w sobie to \u201eco\u015b\u201d, kt\u00f3re zachwyci w danej...<a href='https:\/\/sp.tuchow.pl\/index.php\/2021\/06\/22\/sukcesy-recytatorskie\/' class='pfpReadMore'>Read More &raquo;<\/a><div class='clear'><\/div><hr><\/div><div class='pfpItem entry-content'><h2 class='entry-title'><a href='https:\/\/sp.tuchow.pl\/index.php\/2021\/06\/22\/w-poszukiwaniu-skarbu-w-szkole-podstawowej-w-tuchowie\/'>W poszukiwaniu skarbu w Szkole Podstawowej w Tuchowie<\/a><\/h2><p>23 czerwca b\u0119dziemy obchodzi\u0107 \u015awi\u0119to Patrona Szko\u0142y, ale ju\u017c dzi\u015b zapraszamy do zabawy i zagrania w innowacyjn\u0105 gr\u0119 \u201eescape room\u201d o naszej szkole i patronie. Dla najlepszych i wytrwa\u0142ych graczy przewidziane dyplomy i upominki. Szczeg\u00f3\u0142y na ko\u0144cu gry \ud83d\ude42<\/p>\n<p style=\"text-align: right;\">Mi\u0142ej zabawy!<br \/>\n<em>Aneta Rzeszutko<\/em><br \/>\nLink do gry:<\/p>\n<p><iframe class=\"wp-embedded-content\" sandbox=\"allow-scripts\" security=\"restricted\"...<a href='https:\/\/sp.tuchow.pl\/index.php\/2021\/06\/22\/w-poszukiwaniu-skarbu-w-szkole-podstawowej-w-tuchowie\/' class='pfpReadMore'>Read More &raquo;<\/a><div class='clear'><\/div><hr><\/div><div class='pfpItem entry-content'><h2 class='entry-title'><a href='https:\/\/sp.tuchow.pl\/index.php\/2021\/06\/20\/czytanie-ksiazek-to-najpiekniejsza-zabawa-jaka-sobie-ludzkosc-wymyslila-w-szymborska\/'>\u201eCzytanie ksi\u0105\u017cek to najpi\u0119kniejsza zabawa, jak\u0105 sobie ludzko\u015b\u0107 wymy\u015bli\u0142a\u201d \u2013\u00a0W. Szymborska<\/a><\/h2><p style=\"text-align: justify;\">Uczniowie klasy 2a wykonuj\u0105c zadania III Modu\u0142u, uko\u0144czyli realizacj\u0119 II edycji mi\u0119dzynarodowego projektu czytelniczego \u201eCzytam z klas\u0105\u201d. Otrzymali Certyfikat uko\u0144czenia projektu oraz dyplomy.<\/p>\n<p style=\"text-align: justify;\">W ostatnim etapie projektu dzi\u0119ki lekturze \u201eAfryka Kazika\u201d \u0141ukasza Wierzbickiego, wraz z g\u0142\u00f3wnym bohaterem, podr\u00f3\u017cnikiem Kazimierzem Nowakiem, odbyli\u015bmy niesamowicie ciekaw\u0105 podr\u00f3\u017c po kontynencie afryka\u0144skim....<a href='https:\/\/sp.tuchow.pl\/index.php\/2021\/06\/20\/czytanie-ksiazek-to-najpiekniejsza-zabawa-jaka-sobie-ludzkosc-wymyslila-w-szymborska\/' class='pfpReadMore'>Read More &raquo;<\/a><div class='clear'><\/div><hr><\/div><div class='pfpItem entry-content'><h2 class='entry-title'><a href='https:\/\/sp.tuchow.pl\/index.php\/2021\/06\/20\/dzien-sportu\/'>Dzie\u0144 Sportu<\/a><\/h2><p><b>21 czerwca 2021 <\/b><span style=\"font-weight: 400;\">r. jest w naszej szkole <\/span><b>Dniem Sportu<\/b><span style=\"font-weight: 400;\">. Uczniowie uczestnicz\u0105 w grach i zabawach wg harmonogramu przekazanego przez wychowawc\u00f3w.<\/span><\/p>\n<p><span style=\"font-weight: 400;\">Dow\u00f3z w tym dniu:<\/span><span style=\"font-weight: 400;\"><br \/>\n<\/span><span style=\"font-weight: 400;\">I grupa:&nbsp; 7.30 przyw\u00f3z, 10:40 odw\u00f3z&nbsp;<\/span><\/p>\n<p><span style=\"font-weight: 400;\">II grupa: 10:40 przyw\u00f3z, 13.40 odw\u00f3z<\/span><\/p>\n...<a href='https:\/\/sp.tuchow.pl\/index.php\/2021\/06\/20\/dzien-sportu\/' class='pfpReadMore'>Read More &raquo;<\/a><div class='clear'><\/div><hr><\/div><div class='pfpItem entry-content'><h2 class='entry-title'><a href='https:\/\/sp.tuchow.pl\/index.php\/2021\/06\/19\/wycieczka-klasy-2d-do-rodzinnego-parku-rozrywki-dudek-w-burzynie\/'>Wycieczka klasy 2d do Rodzinnego Parku Rozrywki ,,DUDEK\u201d w Burzynie<\/a><\/h2><p><span class=\"size\"><span class=\"colour\"><span class=\"font\">11 czerwca uczniowie klasy 2d wzi\u0119li udzia\u0142 w wycieczce do Parku linowego &#8222;Dudek&#8221; w Burzynie. Po kr\u00f3tkim szkoleniu uczniowie przeszli tras\u0119 pr\u00f3bn\u0105, po kt\u00f3rej nast\u0105pi\u0142o przej\u015bcie na dalsze atrakcje. Ka\u017cdy znalaz\u0142 co\u015b dla siebie. Rado\u015bci, u\u015bmiech\u00f3w i zabaw nie by\u0142o ko\u0144ca!<\/span><\/span><\/span><\/p>\n<div class=\"fb-post\" data-href=\"http:\/\/www.facebook.com\/sptuchow\/photos\/a.3021352611467576\/3021352244800946\" data-width=\"552\" style=\"background-color: #fff; display:...<a href='https:\/\/sp.tuchow.pl\/index.php\/2021\/06\/19\/wycieczka-klasy-2d-do-rodzinnego-parku-rozrywki-dudek-w-burzynie\/' class='pfpReadMore'>Read More &raquo;<\/a><div class='clear'><\/div><hr><\/div><div class='pfpItem entry-content'><h2 class='entry-title'><a href='https:\/\/sp.tuchow.pl\/index.php\/2021\/06\/18\/rekrutacja-do-projektu-ponadnarodowa-mobilnosc-uczniow-zakonczona\/'>Rekrutacja do projektu Ponadnarodowa Mobilno\u015b\u0107 Uczni\u00f3w zako\u0144czona<\/a><\/h2><div dir=\"ltr\">\n<p dir=\"ltr\" style=\"text-align: justify;\">Dzisiaj, po uwzgl\u0119dnieniu procedury odwo\u0142awczej, oficjalnie zako\u0144czy\u0142 si\u0119 proces rekrutacji do przedsi\u0119wzi\u0119cia &#8222;Poczuj si\u0119 dobrze &#8211; zadbaj o zdrowe cia\u0142o i umys\u0142&#8221; w ramach projektu Ponadnarodowa Mobilno\u015b\u0107 Uczni\u00f3w, wsp\u00f3\u0142finansowanego z Europejskiego Funduszu Spo\u0142ecznego. Przedstawiamy ostateczn\u0105 list\u0119 zakwalifikowanych uczestnik\u00f3w, z kt\u00f3rymi w najbli\u017cszym tygodniu przyst\u0105pimy do pierwszej...<a href='https:\/\/sp.tuchow.pl\/index.php\/2021\/06\/18\/rekrutacja-do-projektu-ponadnarodowa-mobilnosc-uczniow-zakonczona\/' class='pfpReadMore'>Read More &raquo;<\/a><div class='clear'><\/div><hr><\/div><div class='pfpItem entry-content'><h2 class='entry-title'><a href='https:\/\/sp.tuchow.pl\/index.php\/2021\/06\/16\/harmonogram-zwrotu-i-wypozyczania-podrecznikow\/'>Harmonogram zwrotu i wypo\u017cyczania podr\u0119cznik\u00f3w<\/a><\/h2><p>&nbsp;<\/p>\n<p><strong>&nbsp;<\/strong><\/p>\n<table style=\"width: 770.465px;\">\n<tbody>\n<tr>\n<td style=\"width: 62px; text-align: center;\" rowspan=\"2\"><strong>&nbsp;<\/strong><\/p>\n<p><strong>klasy<\/strong><\/td>\n<td style=\"width: 362px; text-align: center;\" colspan=\"4\"><strong>ZWROT<\/strong><\/td>\n<td style=\"width: 287.465px; text-align: center;\" colspan=\"3\"><strong>WYPO\u017bYCZENIE<\/strong><\/td>\n<\/tr>\n<tr>\n<td style=\"width: 81px; text-align: center;\"><strong>data<\/strong><\/td>\n<td style=\"width: 71px; text-align: center;\"><strong>godz.<\/strong><\/td>\n<td style=\"width: 79px; text-align: center;\"><strong>miejsce<\/strong><\/td>\n<td style=\"width: 131px; text-align: center;\"><strong>osoba<\/strong><\/p>\n<p><strong>odpowiedzialna<\/strong><\/td>\n<td style=\"width: 92px; text-align: center;\"><strong>data<\/strong><\/td>\n<td style=\"width: 107px; text-align: center;\"><strong>godz.<\/strong><\/td>\n<td style=\"width: 88.4648px; text-align: center;\"><strong>miejsce<\/strong><\/td>\n<\/tr>\n<tr>\n<td style=\"width: 62px; text-align: center;\"><strong>I<\/strong><\/td>\n<td...<a href='https:\/\/sp.tuchow.pl\/index.php\/2021\/06\/16\/harmonogram-zwrotu-i-wypozyczania-podrecznikow\/' class='pfpReadMore'>Read More &raquo;<\/a><div class='clear'><\/div><hr><\/div><div class='pfpItem entry-content'><h2 class='entry-title'><a href='https:\/\/sp.tuchow.pl\/index.php\/2021\/06\/15\/wyniki-rekrutacji-uczniow-do-projektu-ponadnarodowa-mobilnosc-uczniow\/'>Wyniki rekrutacji uczni\u00f3w do projektu Ponadnarodowa Mobilno\u015b\u0107 Uczni\u00f3w<\/a><\/h2><p>Og\u0142aszamy wyniki rekrutacji uczni\u00f3w do przedsi\u0119wzi\u0119cia &#8222;Poczuj si\u0119 dobrze &#8211; zadbaj o zdrowe cia\u0142o i umys\u0142&#8221; w ramach projektu Ponadnarodowa Mobilno\u015b\u0107 Uczni\u00f3w, wsp\u00f3\u0142finansowanego ze Europejskiego Funduszu Spo\u0142ecznego. Uczestnicy s\u0105 ju\u017c wybrani, wi\u0119c wkr\u00f3tce mo\u017cemy zacz\u0105\u0107 kolejny etap dzia\u0142a\u0144 &#8211; zaj\u0119cia przygotowuj\u0105ce do mobilno\u015bci.<\/p>\n<p><a href=\"https:\/\/sp.tuchow.pl\/pobierz\/power\/Lista%20rankingowa%20zakwalifikowanych%20uczestnikow.pdf\">Lista rankingowa zakwalifikowanych uczestnik\u00f3w<\/a><\/p>\n...<a href='https:\/\/sp.tuchow.pl\/index.php\/2021\/06\/15\/wyniki-rekrutacji-uczniow-do-projektu-ponadnarodowa-mobilnosc-uczniow\/' class='pfpReadMore'>Read More &raquo;<\/a><div class='clear'><\/div><hr><\/div><div class='pfpItem entry-content'><h2 class='entry-title'><a href='https:\/\/sp.tuchow.pl\/index.php\/2021\/06\/11\/prosba-o-fanty-na-loterie\/'>Pro\u015bba o fanty na loteri\u0119<\/a><\/h2><p style=\"text-align: justify;\"><span style=\"font-weight: 400;\">Rada Rodzic\u00f3w, Dyrektor, Nauczyciele i Uczniowie Szko\u0142y Podstawowej im. Stanis\u0142awa Staszica w Tuchowie zwracaj\u0105 si\u0119 z pro\u015bb\u0105&nbsp;<\/span><span style=\"font-weight: 400;\">o przekazanie fant\u00f3w na loteri\u0119 fantow\u0105, kt\u00f3ra odb\u0119dzie si\u0119 w Tuchowie dniach 1 &#8211; 9 lipca br. podczas Wielkiego Odpustu Tuchowskiego.<\/span><\/p>\n<p style=\"text-align: justify;\"><span style=\"font-weight: 400;\">&nbsp;Doch\u00f3d z loterii b\u0119dzie...<a href='https:\/\/sp.tuchow.pl\/index.php\/2021\/06\/11\/prosba-o-fanty-na-loterie\/' class='pfpReadMore'>Read More &raquo;<\/a><div class='clear'><\/div><hr><\/div><div class='pfpItem entry-content'><h2 class='entry-title'><a href='https:\/\/sp.tuchow.pl\/index.php\/2021\/06\/08\/rekrutacja-opiekunow-mobilnosci\/'>Rekrutacja opiekun\u00f3w mobilno\u015bci<\/a><\/h2><p>Informujemy, \u017ce w wyniku rekrutacji do projektu <strong>Ponadnarodowa mobilno\u015b\u0107 uczni\u00f3w<\/strong> w ramach<strong> Programu Operacyjnego Wiedza Edukacja Rozw\u00f3j<\/strong>, wsp\u00f3\u0142finansowanego ze \u015brodk\u00f3w <strong>Europejskiego Funduszu Spo\u0142ecznego<\/strong> wy\u0142oniono opiekun\u00f3w mobilno\u015bci.&nbsp;<\/p>\n<p>W zak\u0142adce <strong>REKRUTACJA&nbsp;<\/strong>zamieszczony zosta\u0142 szczeg\u00f3\u0142owy wykaz zakwalifikowanych nauczycieli oraz lista rezerwowa.<\/p>\n<p>&nbsp;<\/p>\n...<a href='https:\/\/sp.tuchow.pl\/index.php\/2021\/06\/08\/rekrutacja-opiekunow-mobilnosci\/' class='pfpReadMore'>Read More &raquo;<\/a><div class='clear'><\/div><hr><\/div><div class='pfpItem entry-content'><h2 class='entry-title'><a href='https:\/\/sp.tuchow.pl\/index.php\/2021\/06\/08\/a-moje-wiersze-w-przestrzen-poplyna\/'>\u201eA moje wiersze w przestrze\u0144 pop\u0142yn\u0105...\u201d<\/a><\/h2><p style=\"text-align: justify;\"><strong>28 maja 2021 roku w Szkole Podstawowej w Tarnowcu odby\u0142o si\u0119 uroczyste podsumowanie XXIV edycji Gminnego Konkursu Recytatorskiego Poezji J\u00f3zefy Frysztakowej i Gminnego Konkursu Plastycznego \u2013 Poezja J\u00f3zefy Frysztakowej. <\/strong><\/p>\n<p style=\"text-align: justify;\">W tym roku przypada 100. rocznica urodzin J\u00f3zefy Frysztakowej \u2013 poetki, malarki i nauczycielki.<\/p>\n<p style=\"text-align: justify;\">Organizatorami Konkursu...<a href='https:\/\/sp.tuchow.pl\/index.php\/2021\/06\/08\/a-moje-wiersze-w-przestrzen-poplyna\/' class='pfpReadMore'>Read More &raquo;<\/a><div class='clear'><\/div><hr><\/div><div class='pfpItem entry-content'><h2 class='entry-title'><a href='https:\/\/sp.tuchow.pl\/index.php\/2021\/06\/06\/informacja-dla-uczestnikow-wycieczki-turystyczno-krajoznawczej-do-sztutowa\/'>Informacja dla uczestnik\u00f3w wycieczki turystyczno \u2013 krajoznawczej do Sztutowa<\/a><\/h2><p>Msza \u015bwi\u0119ta w intencji uczestnik\u00f3w wycieczki turystyczno-krajoznawczej do Sztutowa zostanie odprawiona w poniedzia\u0142ek (07 czerwca) o godzinie 17 na dziedzi\u0144cu sanktuaryjnym Bazyliki Mniejszej w Tuchowie.<\/p>\n...<a href='https:\/\/sp.tuchow.pl\/index.php\/2021\/06\/06\/informacja-dla-uczestnikow-wycieczki-turystyczno-krajoznawczej-do-sztutowa\/' class='pfpReadMore'>Read More &raquo;<\/a><div class='clear'><\/div><hr><\/div><div class='pfpItem entry-content'><h2 class='entry-title'><a href='https:\/\/sp.tuchow.pl\/index.php\/2021\/06\/02\/startujemy-z-rekrutacja-do-projektu-ponadnarodowa-mobilnosc-uczniow\/'>Startujemy z rekrutacj\u0105 do projektu Ponadnarodowa mobilno\u015b\u0107 uczni\u00f3w<\/a><\/h2><p><span style=\"font-weight: 400;\">Mo\u017cemy ju\u017c og\u0142osi\u0107, \u017ce 07 czerwca rozpocznie si\u0119 proces rekrutacji do projektu Ponadnarodowa mobilno\u015b\u0107 uczni\u00f3w w ramach Programu Operacyjnego Wiedza Edukacja Rozw\u00f3j, wsp\u00f3\u0142finansowanego ze \u015brodk\u00f3w Europejskiego Funduszu Spo\u0142ecznego.&nbsp;<\/span><\/p>\n<p><span style=\"font-weight: 400;\">W zak\u0142adce <strong>REKRUTACJA&nbsp;<\/strong><\/span><span style=\"font-weight: 400;\">zamieszczony zosta\u0142 szczeg\u00f3\u0142owy harmonogram rekrutacji oraz Karta zg\u0142oszenia ucznia wraz z za\u0142\u0105cznikami, kt\u00f3r\u0105 nale\u017cy wydrukowa\u0107,...<a href='https:\/\/sp.tuchow.pl\/index.php\/2021\/06\/02\/startujemy-z-rekrutacja-do-projektu-ponadnarodowa-mobilnosc-uczniow\/' class='pfpReadMore'>Read More &raquo;<\/a><div class='clear'><\/div><hr><\/div><div class='pfpItem entry-content'><h2 class='entry-title'><a href='https:\/\/sp.tuchow.pl\/index.php\/2021\/05\/30\/zdalny-piknik-szkolny-2021\/'>ZDALNY PIKNIK SZKOLNY 2021<\/a><\/h2><p style=\"text-align: justify;\">Tradycj\u0105 naszej szko\u0142y jest Szkolny Piknik, kt\u00f3ry by\u0142 ju\u017c organizowany 5 razy tradycyjnie w plenerze z wszelakimi wspania\u0142ymi niespodziankami i ciekawymi dzia\u0142aniami nauczycieli i przyjaci\u00f3\u0142 naszej szko\u0142y. Opr\u00f3cz tego ju\u017c po raz drugi zmuszeni byli\u015bmy kontynuowa\u0107 t\u0119 ciekaw\u0105 form\u0119 promocji naszej szko\u0142y oraz sp\u0119dzania wolnego czasu w spos\u00f3b...<a href='https:\/\/sp.tuchow.pl\/index.php\/2021\/05\/30\/zdalny-piknik-szkolny-2021\/' class='pfpReadMore'>Read More &raquo;<\/a><div class='clear'><\/div><hr><\/div><div class='pfpItem entry-content'><h2 class='entry-title'><a href='https:\/\/sp.tuchow.pl\/index.php\/2021\/05\/30\/z-majowa-wizyta-na-cmentarzach-wojskowych-oraz-starym-cmentarzu-w-tuchowie\/'>Z majow\u0105 wizyt\u0105 na cmentarzach wojskowych oraz Starym Cmentarzu w Tuchowie\u2026<\/a><\/h2><p style=\"text-align: justify;\">Maj, miesi\u0105c zieleni, bujnej trawy i kwitnienia kwiat\u00f3w, krzew\u00f3w i drzew. Miesi\u0105c, kt\u00f3ry w \u017caden spos\u00f3b nie kojarzy si\u0119 z pami\u0119ci\u0105 \u017co\u0142nierzy, czy wizyt\u0105 na cmentarzu\u2026 a jednak. W ch\u0142odny pi\u0105tkowy ranek 28 maja 2021 roku grupa ch\u0119tnych uczni\u00f3w ze Szko\u0142y Podstawowej im. Stanis\u0142awa Staszica postanowi\u0142a&nbsp;&nbsp; posprz\u0105ta\u0107 miejsca...<a href='https:\/\/sp.tuchow.pl\/index.php\/2021\/05\/30\/z-majowa-wizyta-na-cmentarzach-wojskowych-oraz-starym-cmentarzu-w-tuchowie\/' class='pfpReadMore'>Read More &raquo;<\/a><div class='clear'><\/div><hr><\/div><div class='pfpItem entry-content'><h2 class='entry-title'><a href='https:\/\/sp.tuchow.pl\/index.php\/2021\/05\/28\/powrot-do-szkoly\/'>Powr\u00f3t do szko\u0142y<\/a><\/h2><p>Zgodnie z decyzjami rz\u0105dowymi odno\u015bnie funkcjonowania szk\u00f3\u0142, od 31 maja 2021 r. wszyscy uczniowie naszej szko\u0142y b\u0119d\u0105 pracowa\u0107 stacjonarnie, w szkole, wed\u0142ug aktualnego planu zaj\u0119\u0107.<\/p>\n<div>\n<p dir=\"ltr\">Obowi\u0105zywa\u0107 b\u0119dzie Wewn\u0119trzna Procedura Bezpiecze\u0144stwa Dotycz\u0105ca Zapobiegania i Przeciwdzia\u0142ania COVID-19&nbsp; z dnia 01 wrze\u015bnia 2020 r.&nbsp;<\/p>\n<p dir=\"ltr\">\u015awietlica dla zapisanych uczni\u00f3w b\u0119dzie czynna od 6.30 do...<a href='https:\/\/sp.tuchow.pl\/index.php\/2021\/05\/28\/powrot-do-szkoly\/' class='pfpReadMore'>Read More &raquo;<\/a><div class='clear'><\/div><hr><\/div><div class='pfpItem entry-content'><h2 class='entry-title'><a href='https:\/\/sp.tuchow.pl\/index.php\/2021\/05\/21\/czy-warto-czytac-krzyzakow-i-nie-tylko-o-sukcesie-uczniow-szkoly-podstawowej-im-stanislawa-staszica-w-tuchowie\/'>Czy warto czyta\u0107 ,,Krzy\u017cak\u00f3w\u2019\u2019 i nie tylko?\u00a0O sukcesie uczni\u00f3w Szko\u0142y Podstawowej im. Stanis\u0142awa Staszica w Tuchowie<\/a><\/h2><p><strong>Za nami ju\u017c III edycja MA\u0141OPOLSKIEGO KONKURSU CZYTELNICZEGO&nbsp;<\/strong><strong><em>Czytam, znam, rozumiem <\/em><\/strong><strong>dla uczni\u00f3w klas VII i VIII szk\u00f3\u0142 podstawowych w roku szkolnym 2020\/2021.<\/strong><\/p>\n<p><strong>&nbsp;<\/strong><\/p>\n<p style=\"text-align: justify;\">Konkurs jest organizowany przez Towarzystwo Literackie im. Adama Mickiewicza Oddzia\u0142 w&nbsp;Tarnowie oraz instytucje wsp\u00f3\u0142pracuj\u0105ce: III Liceum Og\u00f3lnokszta\u0142c\u0105ce im. Adama Mickiewicza w&nbsp;Tarnowie, Zak\u0142ad Filologii Polskiej Pa\u0144stwowej Wy\u017cszej Szko\u0142y...<a href='https:\/\/sp.tuchow.pl\/index.php\/2021\/05\/21\/czy-warto-czytac-krzyzakow-i-nie-tylko-o-sukcesie-uczniow-szkoly-podstawowej-im-stanislawa-staszica-w-tuchowie\/' class='pfpReadMore'>Read More &raquo;<\/a><div class='clear'><\/div><hr><\/div><div class='pfpItem entry-content'><h2 class='entry-title'><a href='https:\/\/sp.tuchow.pl\/index.php\/2021\/05\/20\/opowiesci-wierszem-pisane\/'>\u201eOpowie\u015bci wierszem pisane\u2026\u201d<\/a><\/h2><p>18 &nbsp;maja w naszej szkole odby\u0142 si\u0119 Szkolny Konkursu Recytatorski dla uczni\u00f3w klas 1-3.&nbsp;&nbsp;&nbsp;&nbsp;&nbsp;&nbsp;&nbsp;&nbsp;&nbsp;&nbsp;&nbsp;&nbsp;&nbsp;&nbsp;&nbsp;&nbsp;&nbsp;&nbsp;&nbsp;&nbsp;&nbsp;&nbsp;&nbsp;&nbsp;&nbsp;&nbsp;&nbsp;&nbsp;&nbsp;&nbsp;&nbsp;&nbsp;&nbsp;&nbsp;&nbsp;&nbsp;&nbsp;&nbsp;&nbsp;<\/p>\n<p>Uczestnicy zaprezentowali swoje umiej\u0119tno\u015bci recytatorskie, nad kt\u00f3rymi pilnie pracowali w ostatnim czasie. Wyb\u00f3r zwyci\u0119zc\u00f3w by\u0142 nie\u0142atwy, poniewa\u017c wszyscy prezentowali wysoki poziom.<\/p>\n<p>Zmagania z trudn\u0105 sztuk\u0105 recytacji ocenia\u0142o trzyosobowe jury.<\/p>\n<p><strong>Wy\u0142onieni zostali nast\u0119puj\u0105cy laureaci:<\/strong><\/p>\n<p><strong>I miejsce \u2013 Oliwia Dudek \u2013 klasa...<a href='https:\/\/sp.tuchow.pl\/index.php\/2021\/05\/20\/opowiesci-wierszem-pisane\/' class='pfpReadMore'>Read More &raquo;<\/a><div class='clear'><\/div><hr><\/div><div class='pfpItem entry-content'><h2 class='entry-title'><a href='https:\/\/sp.tuchow.pl\/index.php\/2021\/05\/19\/udzial-w-miedzynarodowym-projekcie-z-jezyka-angielskiego\/'>Udzia\u0142 w mi\u0119dzynarodowym projekcie z j\u0119zyka angielskiego<\/a><\/h2><p>Uczniowie klasy 4b po raz pierwszy wzi\u0119li udzia\u0142 w mi\u0119dzynarodowym projekcie Pearson &amp; BBC Live Classes. Projekt polega\u0142 na wsp\u00f3lnym, aktywnym uczestnictwie dzieci z r\u00f3\u017cnych kraj\u00f3w w lekcji j\u0119zyka angielskiego online. Wsp\u00f3lnie z naszymi uczniami, uczy\u0142y si\u0119 dzieci z Australii, Nowej Zelandii, Turcji, Japonii i Rosji. Uczestnicy rozwi\u0105zywali zadania na...<a href='https:\/\/sp.tuchow.pl\/index.php\/2021\/05\/19\/udzial-w-miedzynarodowym-projekcie-z-jezyka-angielskiego\/' class='pfpReadMore'>Read More &raquo;<\/a><div class='clear'><\/div><hr><\/div><div class='pfpItem entry-content'><h2 class='entry-title'><a href='https:\/\/sp.tuchow.pl\/index.php\/2021\/05\/19\/mamy-projekt-po-wer\/'>Mamy projekt PO WER<\/a><\/h2><img decoding=\"async\" src=\"https:\/\/sp.tuchow.pl\/wp-content\/uploads\/2021\/05\/logo-ma\u0142e-150x62.jpg\" \/><p style=\"text-align: justify;\">Jest nam niezmiernie mi\u0142o poinformowa\u0107, \u017ce wniosek naszej szko\u0142y do udzia\u0142u w projekcie \u201cPonadnarodowa mobilno\u015b\u0107 uczni\u00f3w\u201d wsp\u00f3\u0142finansowanego z Europejskiego Funduszu Spo\u0142ecznego w ramach Programu Operacyjnego Wiedza Edukacja Rozw\u00f3j zosta\u0142 zaakceptowany do realizacji. Dzi\u0119ki temu, przedsi\u0119wzi\u0119cie naszej szko\u0142y 2020-1-PMU-3208 \u201cPoczuj si\u0119 dobrze &#8211; zadbaj o zdrowe cia\u0142o i umys\u0142\u201d...<a href='https:\/\/sp.tuchow.pl\/index.php\/2021\/05\/19\/mamy-projekt-po-wer\/' class='pfpReadMore'>Read More &raquo;<\/a><div class='clear'><\/div><hr><\/div><div class='pfpItem entry-content'><h2 class='entry-title'><a href='https:\/\/sp.tuchow.pl\/index.php\/2021\/05\/18\/podsumowanie-akcji-kartka-na-dzien-dziecka\/'>Podsumowanie akcji \u201eKartka na Dzie\u0144 Dziecka\u201d<\/a><\/h2><p class=\"Standard\" style=\"line-height: 150%; text-align: justify;\">Nasza szko\u0142a przy\u0142\u0105czy\u0142a si\u0119 do akcji Fundacji DKMS \u201eKartka na Dzie\u0144 Dziecka\u201d. Do dzieci z oddzia\u0142\u00f3w onkologicznych trafi 195 kartek wykonanych w\u0142asnor\u0119cznie przez naszych uczni\u00f3w. Wszystkie kartki by\u0142y wyj\u0105tkowe, dzieci w\u0142o\u017cy\u0142y wiele pracy i serca w ich wykonanie, a niekt\u00f3rzy przynosili po kilka lub nawet...<a href='https:\/\/sp.tuchow.pl\/index.php\/2021\/05\/18\/podsumowanie-akcji-kartka-na-dzien-dziecka\/' class='pfpReadMore'>Read More &raquo;<\/a><div class='clear'><\/div><hr><\/div><div class='pfpItem entry-content'><h2 class='entry-title'><a href='https:\/\/sp.tuchow.pl\/index.php\/2021\/05\/18\/podziekowania-od-leosia\/'>Podzi\u0119kowania od Leosia<\/a><\/h2><p>Serdecznie dzi\u0119kujemy wszystkim uczniom, rodzicom oraz nauczycielom za w\u0142\u0105czenie si\u0119 w pomoc Leonkowi. Dzi\u0119ki licytacjom s\u0142odyczy uda\u0142o si\u0119 zebra\u0107 kwot\u0119 3.615 z\u0142<\/p>\n<div class=\"fb-post\" data-href=\"http:\/\/www.facebook.com\/sptuchow\/photos\/a.1798034137132769\/2996945200574984\/\" data-width=\"552\" style=\"background-color: #fff; display: inline-block;\"><\/div>\n...<a href='https:\/\/sp.tuchow.pl\/index.php\/2021\/05\/18\/podziekowania-od-leosia\/' class='pfpReadMore'>Read More &raquo;<\/a><div class='clear'><\/div><hr><\/div><div class='pfpItem entry-content'><h2 class='entry-title'><a href='https:\/\/sp.tuchow.pl\/index.php\/2021\/05\/13\/podsumowanie-projektu-czytelniczego-reading-is-magic\/'>PODSUMOWANIE PROJEKTU CZYTELNICZEGO \u201eREADING IS MAGIC\u201d<\/a><\/h2><p style=\"text-align: justify;\">Wszyscy uczniowie klas drugich uczestniczyli w projekcie czytelniczym \u201eReading is magic\u201d, kt\u00f3ry mia\u0142 na celu zach\u0119ci\u0107 dzieci do czytania w j\u0119zyku angielskim oraz zwi\u0119kszy\u0107 motywacj\u0119 do nauki j\u0119zyka.<\/p>\n<p style=\"text-align: justify;\">Ch\u0119tni uczniowie wzi\u0119li dodatkowo udzia\u0142 w konkursie, kt\u00f3ry polega\u0142 na rozwi\u0105zaniu 4 test\u00f3w sprawdzaj\u0105cych s\u0142ownictwo i zrozumienie przeczytanych ksi\u0105\u017cek.<\/p>\n<p...<a href='https:\/\/sp.tuchow.pl\/index.php\/2021\/05\/13\/podsumowanie-projektu-czytelniczego-reading-is-magic\/' class='pfpReadMore'>Read More &raquo;<\/a><div class='clear'><\/div><hr><\/div><div class='pfpItem entry-content'><h2 class='entry-title'><a href='https:\/\/sp.tuchow.pl\/index.php\/2021\/05\/12\/praca-szkoly-od-17-maja-2021-r\/'>Praca szko\u0142y od 17 maja 2021 r.<\/a><\/h2><p id=\"gmail-docs-internal-guid-f12b8707-7fff-7957-7f23-0f925d6ee72e\" dir=\"ltr\" style=\"text-align: justify;\">Zgodnie z Rozporz\u0105dzeniem MEiN z dnia 29 kwietnia 2021 r., od 17 &#8211; 30 maja 2021 r. klasy IV &#8211; VIII&nbsp; b\u0119d\u0105 pracowa\u0107 w formie mieszanej (hybrydowej), a klasy I &#8211; III w formie stacjonarnej. Harmonogram powrotu do szk\u00f3\u0142 zak\u0142ada, \u017ce od 31 maja 2021 r....<a href='https:\/\/sp.tuchow.pl\/index.php\/2021\/05\/12\/praca-szkoly-od-17-maja-2021-r\/' class='pfpReadMore'>Read More &raquo;<\/a><div class='clear'><\/div><hr><\/div><div class='pfpItem entry-content'><h2 class='entry-title'><a href='https:\/\/sp.tuchow.pl\/index.php\/2021\/05\/10\/konkurs-wiwat-maj-230-rocznica-uchwalenia-konstytucji-3-maja-rozstrzygniety\/'>Konkurs \u201eWiwat MAJ! 230. ROCZNICA UCHWALENIA KONSTYTUCJI 3 MAJA\u201d rozstrzygni\u0119ty!!<\/a><\/h2><p>Na szkolny konkurs historyczno-plastyczny \u201eWiwat MAJ! 230. ROCZNICA UCHWALENIA KONSTYTUCJI 3 MAJA\u201d zosta\u0142o zg\u0142oszonych 20 prac. Jury wybra\u0142o sze\u015b\u0107 prac, kt\u00f3re zosta\u0142y nagrodzone.<\/p>\n<p><strong>Klasy IV-VI<\/strong><\/p>\n<p>I miejsce \u2013 Szymon Wantuch z klasy 4 a<\/p>\n<p>II miejsce \u2013 Anna Sterkowiec z klasy 6 d<\/p>\n<p>Wyr\u00f3\u017cnienie \u2013 Jolanta Kwiek z klasy 5 a<\/p>\n<p><strong>Klasy VII-VIII<\/strong><\/p>\n<p>I miejsce \u2013...<a href='https:\/\/sp.tuchow.pl\/index.php\/2021\/05\/10\/konkurs-wiwat-maj-230-rocznica-uchwalenia-konstytucji-3-maja-rozstrzygniety\/' class='pfpReadMore'>Read More &raquo;<\/a><div class='clear'><\/div><hr><\/div><div class='pfpItem entry-content'><h2 class='entry-title'><a href='https:\/\/sp.tuchow.pl\/index.php\/2021\/05\/10\/kartka-na-dzien-dziecka\/'>\u201eKartka na Dzie\u0144 Dziecka\u201d<\/a><\/h2><p style=\"text-align: justify;\">Zbli\u017ca si\u0119 Dzie\u0144 Dziecka &#8211; \u015bwi\u0119to wszystkich dzieci, w tym tak\u017ce ma\u0142ych pacjent\u00f3w przebywaj\u0105cych na co dzie\u0144 w szpitalach i klinikach. Chc\u0105c umili\u0107 im ten dzie\u0144, Fundacja DKMS zorganizowa\u0142a akcj\u0119 w\u0142asnor\u0119cznego przygotowania kartki lub laurki z \u017cyczeniami dla ma\u0142ych pacjent\u00f3w z 7 oddzia\u0142\u00f3w hematoonkologicznych w Polsce. Trafi\u0105 one...<a href='https:\/\/sp.tuchow.pl\/index.php\/2021\/05\/10\/kartka-na-dzien-dziecka\/' class='pfpReadMore'>Read More &raquo;<\/a><div class='clear'><\/div><hr><\/div><div class='pfpItem entry-content'><h2 class='entry-title'><a href='https:\/\/sp.tuchow.pl\/index.php\/2021\/05\/10\/szkola-podstawowa-im-stanislawa-staszica-w-tuchowie-geniallna-szkola\/'>Szko\u0142a Podstawowa im. Stanis\u0142awa Staszica w Tuchowie genialln\u0105 szko\u0142\u0105!<\/a><\/h2><p class=\"Standard\"><span style=\"font-family: 'Arial\\, sans-serif'; color: black;\">Z przyjemno\u015bci\u0105 informujemy, \u017ce Szko\u0142a Podstawowa im. Stanis\u0142awa Staszica w Tuchowie znalaz\u0142a si\u0119 na og\u00f3lnopolskiej mapie innowacyjnych plac\u00f3wek, kt\u00f3re wykorzystuj\u0105 nowoczesne technologie do swoich dzia\u0142a\u0144 edukacyjnych oraz promocyjnych.<\/span><\/p>\n<p class=\"Standard\"><span style=\"font-family: 'Arial\\, sans-serif'; color: black;\">Link do mapy: <a href=\"http:\/\/www.google.com\/maps\/d\/u\/0\/viewer?mid=13UN9vQ9MdRCpxhk8g1srGadZSlZ8q2c7&amp;ll=52.126993357280035%2C19.890606000000027&amp;z=6\"><span style=\"color: #1155cc; text-decoration: none; text-underline: none;\">Geniallne...<a href='https:\/\/sp.tuchow.pl\/index.php\/2021\/05\/10\/szkola-podstawowa-im-stanislawa-staszica-w-tuchowie-geniallna-szkola\/' class='pfpReadMore'>Read More &raquo;<\/a><div class='clear'><\/div><hr><\/div><div class='pfpItem entry-content'><h2 class='entry-title'><a href='https:\/\/sp.tuchow.pl\/index.php\/2021\/05\/10\/ii-modul-zrealizowany\/'>II modu\u0142 zrealizowany!<\/a><\/h2><div style=\"text-align: justify;\"><span class=\"highlight\"><span class=\"colour\"><span class=\"font\"><span class=\"size\">Klasa 2d zako\u0144czy\u0142a realizacj\u0119 II modu\u0142u mi\u0119dzynarodowego projektu ,,CZYTAM Z KLAS\u0104 lekturki spod chmurki&#8221;. Tym razem do czytania wybrali\u015bmy przepi\u0119kn\u0105 ba\u015b\u0144 Hansa Christiana Andersena pt. ,,Kr\u00f3lowa \u015bniegu&#8221;. Z zapa\u0142em czytali\u015bmy opowie\u015b\u0107, nast\u0119pnie uzupe\u0142nili\u015bmy Lekturniki i wykonali\u015bmy portret Kr\u00f3lowej \u015bniegu. Z wielk\u0105 rado\u015bci\u0105 zamienili\u015bmy nasz\u0105...<a href='https:\/\/sp.tuchow.pl\/index.php\/2021\/05\/10\/ii-modul-zrealizowany\/' class='pfpReadMore'>Read More &raquo;<\/a><div class='clear'><\/div><hr><\/div><div class='pfpItem entry-content'><h2 class='entry-title'><a href='https:\/\/sp.tuchow.pl\/index.php\/2021\/05\/10\/podsumowanie-dnia-ziemi\/'>Podsumowanie Dnia Ziemi<\/a><\/h2><p style=\"text-align: justify;\">22 kwietnia po raz 51 obchodzony by\u0142 Dzie\u0144 Ziemi, po raz drugi w formie online. Dzi\u0119kujemy uczniom, kt\u00f3rzy przys\u0142ali zdj\u0119cia &#8222;Naszej Ma\u0142ej Ojczyzny&#8221;. Nasz kawa\u0142ek Ziemi jest przepi\u0119kny, cieszymy si\u0119, \u017ce w swoich pracach r\u00f3wnie\u017c zwr\u00f3cili\u015bcie uwag\u0119 na niew\u0142a\u015bciwe zachowanie wzgl\u0119dem \u015brodowiska naturalnego.<\/p>\n<p style=\"text-align: justify;\">Zapraszamy do obejrzenia zdj\u0119\u0107<\/p>\n<div...<a href='https:\/\/sp.tuchow.pl\/index.php\/2021\/05\/10\/podsumowanie-dnia-ziemi\/' class='pfpReadMore'>Read More &raquo;<\/a><div class='clear'><\/div><hr><\/div><div class='pfpItem entry-content'><h2 class='entry-title'><a href='https:\/\/sp.tuchow.pl\/index.php\/2021\/05\/07\/podziekowania\/'>Podzi\u0119kowania<\/a><\/h2><p>Podzi\u0119kowania za otwarto\u015b\u0107 serca i wra\u017cliwo\u015b\u0107 na potrzeby najubo\u017cszych dla mieszka\u0144c\u00f3w Tuchowa oraz spo\u0142eczno\u015bci Szko\u0142y Podstawowej im. St. Staszica za udzia\u0142 w akcji \u201ePodziel si\u0119 \u015bwi\u0119tami\u201d.<\/p>\n<div class=\"fb-post\" data-href=\"http:\/\/www.facebook.com\/sptuchow\/photos\/pcb.2988686341400870\/2988686228067548\/\" data-width=\"552\" style=\"background-color: #fff; display: inline-block;\"><\/div>\n...<a href='https:\/\/sp.tuchow.pl\/index.php\/2021\/05\/07\/podziekowania\/' class='pfpReadMore'>Read More &raquo;<\/a><div class='clear'><\/div><hr><\/div><div class='pfpItem entry-content'><h2 class='entry-title'><a href='https:\/\/sp.tuchow.pl\/index.php\/2021\/05\/06\/podsumowanie-kwietniowych-prac-uczniow-klas-iv-w-projekcie-na-basniowej-gorze\/'>Podsumowanie kwietniowych prac uczni\u00f3w klas IV w projekcie \u201eNa Ba\u015bniowej G\u00f3rze\u201d.<\/a><\/h2><p>Zadania zaproponowane przez organizator\u00f3w na kwiecie\u0144 i najciekawsze prace nades\u0142ane przez uczni\u00f3w.<\/p>\n<p><strong><br \/>\nKwiecie\u0144:<br \/>\n1.&nbsp;<u>J\u0118ZYK POLSKI<\/u>:<\/strong>&nbsp;stw\u00f3rz rebus na temat kt\u00f3rejkolwiek ba\u015bni. Pami\u0119taj, \u017ceby zachowa\u0107 zasady rebusowe \u2013 czyli musz\u0105 by\u0107 obrazki, kt\u00f3re stworz\u0105 nam has\u0142o rebusowe. Zr\u00f3b 2 zdj\u0119cia \u2013 jedno z podpisem, drugie z Tob\u0105 oraz tytu\u0142em ba\u015bni. Prze\u015blij obydwa...<a href='https:\/\/sp.tuchow.pl\/index.php\/2021\/05\/06\/podsumowanie-kwietniowych-prac-uczniow-klas-iv-w-projekcie-na-basniowej-gorze\/' class='pfpReadMore'>Read More &raquo;<\/a><div class='clear'><\/div><hr><\/div><div class='pfpItem entry-content'><h2 class='entry-title'><a href='https:\/\/sp.tuchow.pl\/index.php\/2021\/05\/05\/na-basniowej-gorze-zadania-na-maj\/'>\u201eNa ba\u015bniowej g\u00f3rze\u201d - zadania na maj<\/a><\/h2><p><strong>Przedstawiamy kolejne zadania z projektu \u201eNa ba\u015bniowej g\u00f3rze\u201d. Pami\u0119tajcie, \u017ceby zadania wysy\u0142a\u0107 na adres <\/strong><a href=\"mailto:nabasniowejgorze@gmail.com\">nabasniowejgorze@gmail.com<\/a><strong> oraz, \u017ceby je podpisa\u0107 zgodnie z regulaminem czyli:<\/strong><\/p>\n<p><strong><u>PRZEDMIOT, KLASA, IMI\u0118 I NAZWISKO DZIECKA, MIESI\u0104C i NUMER ZADANIA.<\/u><\/strong><\/p>\n<ul>\n<li style=\"text-align: justify;\"><strong>Maj:<br \/>\n1. <u>J\u0118ZYK POLSKI<\/u>:<\/strong> Spotkanie bohater\u00f3w r\u00f3\u017cnych ba\u015bni. Przygotuj spotkanie dw\u00f3ch lub wi\u0119cej bohater\u00f3w r\u00f3\u017cnych ba\u015bni....<a href='https:\/\/sp.tuchow.pl\/index.php\/2021\/05\/05\/na-basniowej-gorze-zadania-na-maj\/' class='pfpReadMore'>Read More &raquo;<\/a><div class='clear'><\/div><hr><\/div><div class='pfpItem entry-content'><h2 class='entry-title'><a href='https:\/\/sp.tuchow.pl\/index.php\/2021\/05\/03\/podsumowanie-akcji-zonkile\/'>Podsumowanie akcji \u201e\u017bonkile\u201d<\/a><\/h2><p style=\"text-align: justify;\">Nasza szko\u0142a po raz pierwszy wzi\u0119\u0142a udzia\u0142 w zorganizowanej przez Muzeum Historii \u017byd\u00f3w Polskich POLIN akcji \u201e\u017bonkile\u201d. Muzeum przygotowa\u0142o cykl film\u00f3w edukacyjnych oraz s\u0142uchowisko dla trzech grup wiekowych: klas I-III, IV-VI oraz VII-VIII.&nbsp; My\u015bl\u0105 przewodni\u0105 akcji \u201e\u017bonkile\u201d w klasach I-III by\u0142o has\u0142o \u201eJak dba\u0107 o pami\u0119\u0107?\u201d. Na stornie...<a href='https:\/\/sp.tuchow.pl\/index.php\/2021\/05\/03\/podsumowanie-akcji-zonkile\/' class='pfpReadMore'>Read More &raquo;<\/a><div class='clear'><\/div><hr><\/div><div class='pfpItem entry-content'><h2 class='entry-title'><a href='https:\/\/sp.tuchow.pl\/index.php\/2021\/04\/30\/zdalny-piknik-szkolny\/'>ZDALNY PIKNIK SZKOLNY<\/a><\/h2><h2 style=\"text-align: center;\">ZDALNY PIKNIK SZKOLNY<\/h2>\n<h2 style=\"text-align: center;\">\u201eW zdrowym ciele, zdrowy duch\u201d<\/h2>\n<div class=\"fb-post\" data-href=\"http:\/\/www.facebook.com\/sptuchow\/photos\/a.1798034137132769\/2983926565210181\/\" data-width=\"552\" style=\"background-color: #fff; display: inline-block;\"><\/div>\n...<a href='https:\/\/sp.tuchow.pl\/index.php\/2021\/04\/30\/zdalny-piknik-szkolny\/' class='pfpReadMore'>Read More &raquo;<\/a><div class='clear'><\/div><hr><\/div><div class='pfpItem entry-content'><h2 class='entry-title'><a href='https:\/\/sp.tuchow.pl\/index.php\/2021\/04\/30\/witaj-majowa-jutrzenko\/'>WITAJ\u00a0MAJOWA JUTRZENKO\u2026<\/a><\/h2><p style=\"text-align: center;\"><strong>WITAJ&nbsp; MAJOWA&nbsp; JUTRZENKO\u2026<\/strong><\/p>\n<p style=\"text-align: center;\"><strong>&nbsp; &nbsp; &nbsp; &nbsp; &nbsp; &nbsp; &nbsp; &nbsp; &nbsp; &nbsp; &nbsp; &nbsp; &nbsp; &nbsp; &nbsp; &nbsp; &nbsp; &nbsp; &nbsp; &nbsp; &nbsp; &nbsp; &nbsp; &nbsp; &nbsp; &nbsp; &nbsp; &nbsp; &nbsp; &nbsp; &nbsp; &nbsp;&nbsp;<\/strong><em>Anna Stanuch-Madej<\/em>&nbsp;&nbsp;&nbsp;&nbsp;&nbsp;&nbsp;&nbsp;&nbsp;&nbsp;&nbsp;&nbsp;&nbsp;&nbsp;&nbsp;&nbsp;&nbsp;&nbsp;&nbsp;&nbsp;&nbsp;<\/p>\n<p>&nbsp;<\/p>\n<p>Obchodzimy w tym roku 230 rocznic\u0119 Uchwalenia Konstytucji 3 Maja.<\/p>\n<p>W tych niezwyk\u0142ych...<a href='https:\/\/sp.tuchow.pl\/index.php\/2021\/04\/30\/witaj-majowa-jutrzenko\/' class='pfpReadMore'>Read More &raquo;<\/a><div class='clear'><\/div><hr><\/div><div class='pfpItem entry-content'><h2 class='entry-title'><a href='https:\/\/sp.tuchow.pl\/index.php\/2021\/04\/29\/praca-szkoly-od-04-maja-2021r\/'>Praca szko\u0142y od 04 maja 2021r.<\/a><\/h2><p dir=\"ltr\">Zgodnie z ostatnimi decyzjami rz\u0105dowymi odno\u015bnie funkcjonowania szk\u00f3\u0142,&nbsp; klasy IV &#8211; VIII nadal pozostaj\u0105 w trybie pracy zdalnej, a od 4 maja 2021 r. wszystkie klasy I &#8211; III b\u0119d\u0105 pracowa\u0107 w formie stacjonarnej.<\/p>\n<p dir=\"ltr\">Od 04 maja 2021 r. b\u0119d\u0105 obowi\u0105zywa\u0107 WEWN\u0118TRZNE PROCEDURY BEZPIECZE\u0143STWA DOTYCZ\u0104CE ZAPOBIEGANIA I PRZECIWDZIA\u0141ANIA <a...<a href='https:\/\/sp.tuchow.pl\/index.php\/2021\/04\/29\/praca-szkoly-od-04-maja-2021r\/' class='pfpReadMore'>Read More &raquo;<\/a><div class='clear'><\/div><hr><\/div><div class='pfpItem entry-content'><h2 class='entry-title'><a href='https:\/\/sp.tuchow.pl\/index.php\/2021\/04\/28\/wyniki-konkursu-wielka-brytania-w-moich-oczach\/'>Wyniki konkursu \u201eWielka Brytania w moich oczach\u201d<\/a><\/h2><p>23 kwietnia obchodzili\u015bmy \u015awiatowy Dzie\u0144 J\u0119zyka Angielskiego. Z tej okazji zosta\u0142 zorganizowany konkurs \u201eWielka Brytania w moich oczach\u201d. Nades\u0142ano 63 prace konkursowe. Decyzja o wyborze tych naj\u0142adniejszych by\u0142a niezwykle trudna.<\/p>\n<p>Po d\u0142ugich obradach, jury wy\u0142oni\u0142o nast\u0119puj\u0105cych zwyci\u0119zc\u00f3w:<\/p>\n<p><strong>Klasy 1-3:<\/strong><\/p>\n<p><strong>1 miejsce: Alicja P\u0142achno kl. 1a, Micha\u0142 Mazur kl. 1b<\/strong><\/p>\n<p>2 miejsce: Patryk Bie\u0144 kl....<a href='https:\/\/sp.tuchow.pl\/index.php\/2021\/04\/28\/wyniki-konkursu-wielka-brytania-w-moich-oczach\/' class='pfpReadMore'>Read More &raquo;<\/a><div class='clear'><\/div><hr><\/div><div class='pfpItem entry-content'><h2 class='entry-title'><a href='https:\/\/sp.tuchow.pl\/index.php\/2021\/04\/26\/zonkile\/'>\u017bonkile<\/a><\/h2><p>Pierwszy tydzie\u0144 akcji \u201e\u017bonkile\u201d za nami. Prezentujemy prace uczni\u00f3w, kt\u00f3re zosta\u0142y przes\u0142ane w ubieg\u0142ym tygodniu. Pami\u0119tajcie, \u017ce akcja trwa nadal i czekamy na Wasze prace do 30 kwietnia&nbsp;<\/p>\n<div class=\"fb-post\" data-href=\"http:\/\/www.facebook.com\/sptuchow\/photos\/a.2981257765477061\/2981257525477085\" data-width=\"552\" style=\"background-color: #fff; display: inline-block;\"><\/div>\n<div class=\"fb-post\" data-href=\"http:\/\/www.facebook.com\/sptuchow\/photos\/a.2981265878809583\/2981265088809662\" data-width=\"552\" style=\"background-color: #fff; display: inline-block;\"><\/div>\n<div id=\"gtx-trans\" style=\"position: absolute; left: 701px; top: 192px;\">&nbsp;<\/div>\n...<a href='https:\/\/sp.tuchow.pl\/index.php\/2021\/04\/26\/zonkile\/' class='pfpReadMore'>Read More &raquo;<\/a><div class='clear'><\/div><hr><\/div><div class='pfpItem entry-content'><h2 class='entry-title'><a href='https:\/\/sp.tuchow.pl\/index.php\/2021\/04\/22\/praca-szkoly-od-26-kwietnia-2021-r\/'>Praca szko\u0142y od 26 kwietnia 2021 r.<\/a><\/h2><p dir=\"ltr\"><strong>Zgodnie z ostatnimi decyzjami rz\u0105dowymi odno\u015bnie funkcjonowania szk\u00f3\u0142,&nbsp; klasy IV &#8211; VIII pozostaj\u0105 w trybie pracy zdalnej, a od 26 kwietnia 2021 r. klasy I &#8211; III b\u0119d\u0105 pracowa\u0107 w formie mieszanej (hybrydowej).<\/strong><\/p>\n<p dir=\"ltr\">Klasy I &#8211; III b\u0119d\u0105 uczestniczy\u0107 w zaj\u0119ciach stacjonarnych w szkole co drugi dzie\u0144 wed\u0142ug obowi\u0105zuj\u0105cego...<a href='https:\/\/sp.tuchow.pl\/index.php\/2021\/04\/22\/praca-szkoly-od-26-kwietnia-2021-r\/' class='pfpReadMore'>Read More &raquo;<\/a><div class='clear'><\/div><hr><\/div><div class='pfpItem entry-content'><h2 class='entry-title'><a href='https:\/\/sp.tuchow.pl\/index.php\/2021\/04\/22\/publikacja-sprawozdania-finansowego-bilansu-za-2020-rok\/'>Publikacja sprawozdania finansowego- BILANSU za 2020 rok<\/a><\/h2><p>Zgodnie z \u00a7 34 ust. 9 Rozporz\u0105dzenia Ministra Rozwoju i Finans\u00f3w z dnia 13 wrze\u015bnia&nbsp; 2017 r. w sprawie rachunkowo\u015bci oraz plan\u00f3w kont dla bud\u017cetu pa\u0144stwa, bud\u017cet\u00f3w jednostek samorz\u0105du terytorialnego, jednostek bud\u017cetowych, samorz\u0105dowych zak\u0142ad\u00f3w bud\u017cetowych, pa\u0144stwowych funduszy celowych oraz pa\u0144stwowych jednostek bud\u017cetowych maj\u0105cych siedzib\u0119 poza granicami Rzeczypospolitej Polskiej, sprawozdanie finansowe-...<a href='https:\/\/sp.tuchow.pl\/index.php\/2021\/04\/22\/publikacja-sprawozdania-finansowego-bilansu-za-2020-rok\/' class='pfpReadMore'>Read More &raquo;<\/a><div class='clear'><\/div><hr><\/div><div class='pfpItem entry-content'><h2 class='entry-title'><a href='https:\/\/sp.tuchow.pl\/index.php\/2021\/04\/21\/swiatowy-dzien-ksiazki-i-praw-autorskich\/'>\u015awiatowy Dzie\u0144 Ksi\u0105\u017cki i Praw Autorskich<\/a><\/h2><p><strong>\u015awiatowy Dzie\u0144 Ksi\u0105\u017cki i Praw Autorskich<\/strong><\/p>\n<div class=\"fb-post\" data-href=\"http:\/\/www.facebook.com\/sptuchow\/photos\/a.1798034137132769\/2977260959210075\/\" data-width=\"552\" style=\"background-color: #fff; display: inline-block;\"><\/div>\n...<a href='https:\/\/sp.tuchow.pl\/index.php\/2021\/04\/21\/swiatowy-dzien-ksiazki-i-praw-autorskich\/' class='pfpReadMore'>Read More &raquo;<\/a><div class='clear'><\/div><hr><\/div><div class='pfpItem entry-content'><h2 class='entry-title'><a href='https:\/\/sp.tuchow.pl\/index.php\/2021\/04\/21\/wazne-informacje-dla-rodzicow-dotyczace-rekrutacji-do-klas-i-szkoly-podstawowej-im-stanislawa-staszica-w-tuchowie\/'>WA\u017bNE INFORMACJE DLA RODZIC\u00d3W DOTYCZ\u0104CE REKRUTACJI DO KLAS I SZKO\u0141Y PODSTAWOWEJ IM. STANIS\u0141AWA STASZICA W TUCHOWIE<\/a><\/h2><p>&nbsp;<\/p>\n<p><strong>WA\u017bNE INFORMACJE DLA RODZIC\u00d3W DOTYCZ\u0104CE REKRUTACJI DO KLAS I SZKO\u0141Y PODSTAWOWEJ IM. STANIS\u0141AWA STASZICA W TUCHOWIE<\/strong><\/p>\n<ol>\n<li>Zgodnie z Art. 133. 1. ustawy z dnia 14 grudnia 2016 r. <em>Prawo o\u015bwiatowe <\/em><em>(Dz. U. z 2020 r. poz. 910 i 1378 oraz z 2021 r. poz. 4 i 619)<\/em> do klasy I publicznej...<a href='https:\/\/sp.tuchow.pl\/index.php\/2021\/04\/21\/wazne-informacje-dla-rodzicow-dotyczace-rekrutacji-do-klas-i-szkoly-podstawowej-im-stanislawa-staszica-w-tuchowie\/' class='pfpReadMore'>Read More &raquo;<\/a><div class='clear'><\/div><hr><\/div><div class='pfpItem entry-content'><h2 class='entry-title'><a href='https:\/\/sp.tuchow.pl\/index.php\/2021\/04\/19\/akcja-zonkile\/'>Akcja \"\u017bonkile\"<\/a><\/h2><div><b>Dzi\u015b w naszej szkole rozpocz\u0119li\u015bmy akcj\u0119&nbsp; &#8222;\u017bonkile&#8221;. Zapraszamy uczni\u00f3w do obejrzenia film\u00f3w przygotowanych przez Muzeum \u017byd\u00f3w Polskich POLIN&nbsp;<\/b><\/div>\n<div><b>&nbsp;<\/b><\/div>\n<div><b>Klasy I-III<\/b><\/div>\n<div><b>&nbsp;<\/b><\/div>\n<div><b>S\u0142uchowisko Zofii Staneckiej &#8222;Pami\u0119\u0107 drobinek&#8221;<\/b><\/div>\n<div><b>&nbsp;<\/b><\/div>\n<div><a href=\"http:\/\/www.youtube.com\/watch?v=p1g_6k9XBew\">http:\/\/www.youtube.com\/watch?v=p1g_6k9XBew<\/a><\/div>\n<div><b>&nbsp;<\/b><\/div>\n<div><b><a href=\"http:\/\/polin.pl\/system\/files\/attachments\/Pami%C4%99%C4%87%20drobinek%2C%20Zofia%20Stanecka.pdf\">http:\/\/polin.pl\/system\/files\/attachments\/Pami%C4%99%C4%87%20drobinek%2C%20Zofia%20Stanecka.pdf<\/a><\/b><\/div>\n<div><b>&nbsp;<\/b><\/div>\n<div><b>Klasy IV -VI&nbsp;<\/b><\/div>\n<div><b><br \/>\n<a title=\"http:\/\/www.youtube.com\/watch?v=ZZ6AlJFCnP4\" href=\"http:\/\/www.youtube.com\/watch?v=ZZ6AlJFCnP4\">http:\/\/www.youtube.com\/watch?v=ZZ6AlJFCnP4<\/a><\/p>\n<p>Klasy VII- VIII<\/p>\n<p><a title=\"http:\/\/www.youtube.com\/watch?v=IJFLY34wQ3o\" href=\"http:\/\/www.youtube.com\/watch?v=IJFLY34wQ3o\">http:\/\/www.youtube.com\/watch?v=IJFLY34wQ3o<\/a><\/b><\/div>\n<div class=\"fb-post\" data-href=\"http:\/\/www.facebook.com\/sptuchow\/photos\/pcb.2970730536529784\/2970730426529795\/\" data-width=\"552\" style=\"background-color: #fff; display: inline-block;\"><\/div>\n...<a href='https:\/\/sp.tuchow.pl\/index.php\/2021\/04\/19\/akcja-zonkile\/' class='pfpReadMore'>Read More &raquo;<\/a><div class='clear'><\/div><hr><\/div><div class='pfpItem entry-content'><h2 class='entry-title'><a href='https:\/\/sp.tuchow.pl\/index.php\/2021\/04\/19\/wielka-brytania-w-moich-oczach\/'>Wielka Brytania w moich oczach<\/a><\/h2><p style=\"text-align: center;\"><strong>Regulamin Konkursu<\/strong><\/p>\n<p style=\"text-align: center;\"><strong>&#8222;Wielka Brytania w moich oczach&#8221;<\/strong><\/p>\n<p><u>Organizator:<\/u><\/p>\n<p>Szko\u0142a Podstawowa im. Stanis\u0142awa Staszica w Tuchowie.<\/p>\n<p><u>Cele konkursu:<\/u><\/p>\n<p>\u2013 Wzbudzanie zainteresowania nauk\u0105 j\u0119zyka angielskiego i krajami angloj\u0119zycznymi<\/p>\n<p>\u2013&nbsp; Rozwijanie kreatywno\u015bci, umiej\u0119tno\u015bci selekcjonowania i wykorzystywania informacji<\/p>\n<p><u>Udzia\u0142 w konkursie:<\/u><\/p>\n<p>\u2013 Konkurs adresowany jest do uczni\u00f3w klas 1-8<\/p>\n<p>&#8211; Konkurs b\u0119dzie przeprowadzony w 2 kategoriach wiekowych:<\/p>\n<ul>\n<li>klasy 1-3,<\/li>\n<li>klasy 4-8<\/li>\n<\/ul>\n<p>&#8211;...<a href='https:\/\/sp.tuchow.pl\/index.php\/2021\/04\/19\/wielka-brytania-w-moich-oczach\/' class='pfpReadMore'>Read More &raquo;<\/a><div class='clear'><\/div><hr><\/div><div class='pfpItem entry-content'><h2 class='entry-title'><a href='https:\/\/sp.tuchow.pl\/index.php\/2021\/04\/17\/swietuj-dzien-ziemi\/'>\u015awi\u0119tuj DZIE\u0143 ZIEMI<\/a><\/h2><p style=\"text-align: justify;\">22 kwietnia jest Dniem Ziemi nazywanym tak\u017ce Mi\u0119dzynarodowym Dniem Ziemi. Jest to coroczne wydarzenie obchodzone w celu promowania ochrony \u015brodowiska, poszerzania \u015bwiadomo\u015bci ekologicznej i inspirowania do \u017cycia w zgodzie z natur\u0105. Wa\u017cnym jest budowanie wsp\u00f3lnej odpowiedzialno\u015bci oraz u\u015bwiadamianie ludziom zagro\u017ce\u0144 zwi\u0105zanych z rozwojem gospodarki. To tak\u017ce sposobno\u015b\u0107 do...<a href='https:\/\/sp.tuchow.pl\/index.php\/2021\/04\/17\/swietuj-dzien-ziemi\/' class='pfpReadMore'>Read More &raquo;<\/a><div class='clear'><\/div><hr><\/div><div class='pfpItem entry-content'><h2 class='entry-title'><a href='https:\/\/sp.tuchow.pl\/index.php\/2021\/04\/16\/podsumowanie-nadeslanych-prac-uczniow-klas-iv-w-projekcie-na-basniowej-gorze-za-miesiac-marzec\/'>Podsumowanie nades\u0142anych prac uczni\u00f3w klas IV w projekcie \u201eNa Ba\u015bniowej G\u00f3rze\u201d za miesi\u0105c marzec<\/a><\/h2><p><strong>&nbsp;<\/strong>Zadania zaproponowane przez organizator\u00f3w na marzec i najciekawsze prace nades\u0142ane przez uczni\u00f3w.<\/p>\n<ol>\n<li><strong><br \/>\n<\/strong> <strong><u>J\u0118ZYK POLSKI\/ANGIELSKI<\/u>: z dost\u0119pnych w domu materia\u0142\u00f3w przygotuj str\u00f3j wybranej postaci z ba\u015bni lub makiet\u0119 zamku. Wa\u017cne, by\u015b niczego nie kupowa\u0142. Mo\u017cna wykorzysta\u0107 ubrania, papier, tektury, folie i wszystko, na co Ci wyobra\u017ania pozwoli. Nast\u0119pnie zr\u00f3b zdj\u0119cie...<a href='https:\/\/sp.tuchow.pl\/index.php\/2021\/04\/16\/podsumowanie-nadeslanych-prac-uczniow-klas-iv-w-projekcie-na-basniowej-gorze-za-miesiac-marzec\/' class='pfpReadMore'>Read More &raquo;<\/a><div class='clear'><\/div><hr><\/div><div class='pfpItem entry-content'><h2 class='entry-title'><a href='https:\/\/sp.tuchow.pl\/index.php\/2021\/04\/15\/przyroda-z-klasa-czy-wiesz-jak-zyje-jez-projekt-fundacji-uniwersytetu-dzieci-zrealizowany\/'>,,Przyroda z klas\u0105. Czy wiesz jak \u017cyje je\u017c?\". Projekt Fundacji Uniwersytetu Dzieci ZREALIZOWANY.<\/a><\/h2><div style=\"text-align: justify;\"><span class=\"highlight\"><span class=\"colour\"><span class=\"font\"><span class=\"size\">W roku szkolnym 2020\/21 klasa 2 d wzi\u0119\u0142a udzia\u0142 w projekcie ,,Przyroda z klas\u0105. Czy wiesz jak \u017cyje je\u017c?&#8221; Uniwersytetu Dzieci. Mieli\u015bmy do zrealizowania 8 scenariuszy lekcji. W ramach zaj\u0119\u0107 uczyli\u015bmy si\u0119 efektywnie pracowa\u0107 w grupie. Zadania te, mia\u0142y na celu zintegrowa\u0107 klas\u0119 i...<a href='https:\/\/sp.tuchow.pl\/index.php\/2021\/04\/15\/przyroda-z-klasa-czy-wiesz-jak-zyje-jez-projekt-fundacji-uniwersytetu-dzieci-zrealizowany\/' class='pfpReadMore'>Read More &raquo;<\/a><div class='clear'><\/div><hr><\/div><div class='pfpItem entry-content'><h2 class='entry-title'><a href='https:\/\/sp.tuchow.pl\/index.php\/2021\/04\/12\/zaproszenie-do-akcji-zonkile\/'>Zaproszenie do akcji \u201e\u017bonkile\u201d<\/a><\/h2><img decoding=\"async\" src=\"https:\/\/sp.tuchow.pl\/wp-content\/uploads\/2021\/04\/Baner-150x150.jpg\" \/><p style=\"text-align: justify;\">19 kwietnia 1943 roku wybuch\u0142o powstanie w getcie warszawskim. By\u0142o ono najwi\u0119kszym zbrojnym zrywem \u017byd\u00f3w podczas II wojny \u015bwiatowej. Walczyli oni o \u017cycie albo o godn\u0105 \u015bmier\u0107. Symbolem powstania jest <span style=\"color: #ffcc00;\">\u017b\u00d3\u0141TY \u017bONKIL<\/span> \u2013 symbol zbiorowej pami\u0119ci oraz&nbsp; akcji organizowanej przez Muzeum Historii \u017byd\u00f3w Polskich POLIN. Akcji...<a href='https:\/\/sp.tuchow.pl\/index.php\/2021\/04\/12\/zaproszenie-do-akcji-zonkile\/' class='pfpReadMore'>Read More &raquo;<\/a><div class='clear'><\/div><hr><\/div><div class='pfpItem entry-content'><h2 class='entry-title'><a href='https:\/\/sp.tuchow.pl\/index.php\/2021\/04\/11\/dla-osmoklasistow-oferty-szkol-ponadpodstawowych\/'>Dla \u00f3smoklasist\u00f3w -> oferty szk\u00f3\u0142 ponadpodstawowych<\/a><\/h2><pre>LO Tuch\u00f3w\r\n<a href=\"http:\/\/www.lo-tuchow.pl\/index.php\/rekrutacja\" target=\"_blank\" rel=\"noopener\">http:\/\/www.lo-tuchow.pl\/index.php\/rekrutacja<\/a>\r\n\r\nCKZiU Tuchow\r\n<a href=\"http:\/\/ckziu.tuchow.pl\/\" target=\"_blank\" rel=\"noopener\">http:\/\/ckziu.tuchow.pl\/<\/a>\r\n\r\nZSOiZ Gromnik:\r\n<a href=\"http:\/\/zsoiz.gromnik.pl\/\" target=\"_blank\" rel=\"noopener\">http:\/\/zsoiz.gromnik.pl\/<\/a>#\r\n\r\nZSO ( Szczepanik)\r\n\r\n<a href=\"http:\/\/www.youtube.com\/watch?v=nRFo-DdwNDU&amp;feature=youtu.be\" target=\"_blank\" rel=\"noopener\">http:\/\/www.youtube.com\/watch?v=nRFo-DdwNDU&amp;feature=youtu.be<\/a>\r\n<a href=\"http:\/\/dniotwarteszkolyszczepanika.blogspot.com\/\" target=\"_blank\" rel=\"noopener\">http:\/\/dniotwarteszkolyszczepanika.blogspot.com\/<\/a>\r\n<a href=\"http:\/\/zso.tarnow.pl\/index.php\/rekrutacja\/oferta-2018-2019\" target=\"_blank\" rel=\"noopener\">http:\/\/zso.tarnow.pl\/index.php\/rekrutacja\/oferta-2018-2019<\/a>\r\n\r\nXVI LO\r\n<a href=\"http:\/\/youtube.com\/playlist?list=PLOKmUBUTW1VAYgg2DnF1TYN4d-HV1E5xM\" target=\"_blank\" rel=\"noopener\">http:\/\/youtube.com\/playlist?list=PLOKmUBUTW1VAYgg2DnF1TYN4d-HV1E5xM<\/a>\r\n<a href=\"http:\/\/www.facebook.com\/16lotarnow\/\" target=\"_blank\" rel=\"noopener\">http:\/\/www.facebook.com\/16lotarnow\/<\/a>\r\n<a href=\"http:\/\/www.instagram.com\/xvilotarnow\/\" target=\"_blank\" rel=\"noopener\">http:\/\/www.instagram.com\/xvilotarnow\/<\/a>\r\n<a href=\"http:\/\/www.16lo.tarman.pl\/\" target=\"_blank\" rel=\"noopener\">http:\/\/www.16lo.tarman.pl\/<\/a>\r\n\r\nZSEG\r\n<a href=\"http:\/\/www.zseg.tarnow.pl\/\" target=\"_blank\" rel=\"noopener\">http:\/\/www.zseg.tarnow.pl\/<\/a>\r\n<a href=\"http:\/\/sites.google.com\/view\/zsegwtarnowie\/strona-g%C5%82%C3%B3wna?fbclid=IwAR1Cqma8MyR1KiWIJ_jwO-IsPtppiBAOKLOGRLTp8Pa4tJ2q6q6EyPpULKQ\" target=\"_blank\" rel=\"noopener\">http:\/\/sites.google.com\/view\/zsegwtarnowie\/strona-g%C5%82%C3%B3wna?fbclid=IwAR1Cqma8MyR1KiWIJ_jwO-IsPtppiBAOKLOGRLTp8Pa4tJ2q6q6EyPpULKQ<\/a>\r\n\r\nZST\r\n<a href=\"http:\/\/zst-tarnow.pl\/\" target=\"_blank\" rel=\"noopener\">http:\/\/zst-tarnow.pl\/<\/a>\r\n<a href=\"http:\/\/www.zst-tarnow.pl\/category\/informator-osmoklasisty\/\" target=\"_blank\" rel=\"noopener\">http:\/\/www.zst-tarnow.pl\/category\/informator-osmoklasisty\/<\/a>\r\n\r\nZSP Ryglice\r\n<a...<a href='https:\/\/sp.tuchow.pl\/index.php\/2021\/04\/11\/dla-osmoklasistow-oferty-szkol-ponadpodstawowych\/' class='pfpReadMore'>Read More &raquo;<\/a><div class='clear'><\/div><hr><\/div><div class='pfpItem entry-content'><h2 class='entry-title'><a href='https:\/\/sp.tuchow.pl\/index.php\/2021\/04\/07\/na-basniowej-gorze-konkurs\/'>\u201eNa ba\u015bniowej g\u00f3rze\u201d - konkurs<\/a><\/h2><p><strong>Przedstawiamy kolejne zadania z projektu \u201eNa ba\u015bniowej g\u00f3rze\u201d. Pami\u0119tajcie, \u017ceby zadania wysy\u0142a\u0107 na adres <\/strong><a href=\"mailto:nabasniowejgorze@gmail.com\">nabasniowejgorze@gmail.com<\/a><strong> oraz, \u017ceby je podpisa\u0107 zgodnie z regulaminem czyli: <\/strong><\/p>\n<p><strong><u>PRZEDMIOT, KLASA, IMI\u0118 I NAZWISKO DZIECKA, MIESI\u0104C i NUMER ZADANIA.<\/u><\/strong><\/p>\n<p><strong>Kwiecie\u0144: <\/strong><strong><br \/>\n1. <u>J\u0118ZYK POLSKI<\/u>:<\/strong> stw\u00f3rz rebus na temat kt\u00f3rejkolwiek ba\u015bni. Pami\u0119taj, \u017ceby zachowa\u0107 zasady rebusowe \u2013...<a href='https:\/\/sp.tuchow.pl\/index.php\/2021\/04\/07\/na-basniowej-gorze-konkurs\/' class='pfpReadMore'>Read More &raquo;<\/a><div class='clear'><\/div><hr><\/div><div class='pfpItem entry-content'><h2 class='entry-title'><a href='https:\/\/sp.tuchow.pl\/index.php\/2021\/04\/07\/podziel-sie-swietami-dary-dla-seniorow-z-gminy-tuchow\/'>Podziel si\u0119 \u015awi\u0119tami- dary dla SENIOR\u00d3W z Gminy Tuch\u00f3w<\/a><\/h2><p style=\"text-align: justify;\">\u015awi\u0119ta to czas rado\u015bci, czas sp\u0119dzony w gronie rodzinnym, czas suto zastawionego sto\u0142u. Niestety nie wszyscy mog\u0105 si\u0119 cieszy\u0107 tym okresem ze wzgl\u0119du na r\u00f3\u017cne problemy. A zw\u0142aszcza nie mog\u0105 si\u0119 cieszy\u0107 \u015bwi\u0105tecznymi smako\u0142ykami i tradycyjnymi daniami \u015bwi\u0105tecznymi. W naszej gminie mieszka ok 18000 os\u00f3b i prosz\u0119 uwierzy\u0107...<a href='https:\/\/sp.tuchow.pl\/index.php\/2021\/04\/07\/podziel-sie-swietami-dary-dla-seniorow-z-gminy-tuchow\/' class='pfpReadMore'>Read More &raquo;<\/a><div class='clear'><\/div><hr><\/div><div class='pfpItem entry-content'><h2 class='entry-title'><a href='https:\/\/sp.tuchow.pl\/index.php\/2021\/04\/06\/szkolny-konkurs-historyczno-plastyczny-wiwat-maj-230-rocznica-uchwalenia-konstytucji-3-maja\/'>Szkolny konkurs historyczno \u2013 plastyczny\u00a0\"Wiwat Maj! 230. rocznica uchwalenia Konstytucji 3 Maja\"<\/a><\/h2><p>Zapraszamy uczni\u00f3w klas IV-VIII do konkursu zwi\u0105zanego z uchwaleniem Konstytucji 3 maja 1791 roku.<\/p>\n<p><strong>Cele konkursu:<\/strong><\/p>\n<ul>\n<li>zainteresowanie uczni\u00f3w histori\u0105 XVIII- wiecznej Polski,<\/li>\n<li>kszta\u0142cenie postaw patriotycznych,<\/li>\n<li>upowszechnianie wiedzy o wa\u017cnych wydarzeniach w historii naszego kraju, szczeg\u00f3lnie o uchwaleniu Konstytucji 3 maja oraz Sejmie Wielkim,<\/li>\n<li>rozw\u00f3j kreatywno\u015bci, umiej\u0119tno\u015bci selekcjonowania i wykorzystywania zdobytej wiedzy.<\/li>\n<\/ul>\n<p><strong>Adresaci konkursu<\/strong><\/p>\n<p>Konkurs przeznaczony jest dla...<a href='https:\/\/sp.tuchow.pl\/index.php\/2021\/04\/06\/szkolny-konkurs-historyczno-plastyczny-wiwat-maj-230-rocznica-uchwalenia-konstytucji-3-maja\/' class='pfpReadMore'>Read More &raquo;<\/a><div class='clear'><\/div><hr><\/div><div class='pfpItem entry-content'><h2 class='entry-title'><a href='https:\/\/sp.tuchow.pl\/index.php\/2021\/04\/02\/wielkanoc-2021\/'>Wielkanoc 2021<\/a><\/h2><h3 style=\"text-align: center;\">Niech \u015awi\u0119ta Zmartwychwstania Pa\u0144skiego<br \/>\nprzynios\u0105 pok\u00f3j i wiar\u0119<br \/>\noraz dadz\u0105 si\u0142\u0119 w pokonywaniu trudno\u015bci<br \/>\ni pozwol\u0105 z ufno\u015bci\u0105 patrze\u0107 w przysz\u0142o\u015b\u0107.<\/h3>\n<h3 style=\"text-align: center;\">\u017byczymy zdrowych, rodzinnych,<br \/>\npe\u0142nych rado\u015bci i nadziei<br \/>\n\u015awi\u0105t Wielkanocnych<\/h3>\n<h3 style=\"text-align: center;\">sk\u0142ada<br \/>\n<em>dyrekcja i pracownicy<\/em><br \/>\n<em>Szko\u0142y Podstawowej im. St. Staszica w Tuchowie<\/em><\/h3>\n<div class=\"fb-post\" data-href=\"http:\/\/www.facebook.com\/sptuchow\/photos\/a.1798034137132769\/2962772063992298\/\" data-width=\"552\" style=\"background-color: #fff;...<a href='https:\/\/sp.tuchow.pl\/index.php\/2021\/04\/02\/wielkanoc-2021\/' class='pfpReadMore'>Read More &raquo;<\/a><div class='clear'><\/div><hr><\/div><div class='pfpItem entry-content'><h2 class='entry-title'><a href='https:\/\/sp.tuchow.pl\/index.php\/2021\/04\/02\/mlodziezowa-droga-krzyzowa-2\/'>To nie gwo\u017adzie Ci\u0119 przebi\u0142y lecz m\u00f3j grzech\u2026   M\u0142odzie\u017cowa Droga Krzy\u017cowa<\/a><\/h2><div class=\"\" data-block=\"true\" data-editor=\"es90\" data-offset-key=\"a43pa-0-0\">\n<div data-offset-key=\"a43pa-0-0\">\n<p>&nbsp;<\/p>\n<p style=\"text-align: justify;\">&nbsp;&nbsp;&nbsp;&nbsp;&nbsp;&nbsp;&nbsp;&nbsp; Droga Krzy\u017cowa to nabo\u017ce\u0144stwo wielkopostne o charakterze adoracyjnym, polegaj\u0105ce na symbolicznym odtworzeniu drogi&nbsp;<a href=\"http:\/\/pl.wikipedia.org\/wiki\/Jezus_Chrystus\">Jezusa Chrystusa<\/a>&nbsp;na \u015bmier\u0107 i z\u0142o\u017cenia go do grobu. To r\u00f3wnie\u017c rozwa\u017cania samej m\u0119ki Pa\u0144skiej. Tradycja odprawiania Drogi Krzy\u017cowej powsta\u0142a w&nbsp;<a href=\"http:\/\/pl.wikipedia.org\/wiki\/Jerozolima\">Jerozolimie<\/a>. Ludzie wierz\u0105cy pragn\u0105 zrozumie\u0107 sens po\u015bwi\u0119cenia Syna Bo\u017cego...<a href='https:\/\/sp.tuchow.pl\/index.php\/2021\/04\/02\/mlodziezowa-droga-krzyzowa-2\/' class='pfpReadMore'>Read More &raquo;<\/a><div class='clear'><\/div><hr><\/div><div class='pfpItem entry-content'><h2 class='entry-title'><a href='https:\/\/sp.tuchow.pl\/index.php\/2021\/03\/31\/konkurs-esa-dla-ose\/'>KONKURS \u201eESA dla OSE\u201d<\/a><\/h2><p><b>Edukacyjna Sie\u0107 Antysmogowa i Og\u00f3lnopolska Sie\u0107 Edukacyjna&nbsp;<\/b>og\u0142osi\u0142y&nbsp;<strong>konkurs dla wszystkich szk\u00f3\u0142, kt\u00f3re uczestnicz\u0105 w dw\u00f3ch projektach NASK \u2013 Edukacyjna Sie\u0107 Antysmogowa i Og\u00f3lnopolska Sie\u0107 Edukacyjna!<\/strong><\/p>\n<div class=\"fb-post\" data-href=\"http:\/\/www.facebook.com\/sptuchow\/photos\/a.1798034137132769\/2961797520756419\/\" data-width=\"552\" style=\"background-color: #fff; display: inline-block;\"><\/div>\n<p>Konkurs \u201eESA dla OSE\u201d trwa&nbsp;<strong>od 29 marca do 18 kwietnia 2021 r.<\/strong><\/p>\n<p>Zadaniem uczestnik\u00f3w jest przygotowanie&nbsp;<strong>kreatywnej pracy na temat smogu: plastycznej...<a href='https:\/\/sp.tuchow.pl\/index.php\/2021\/03\/31\/konkurs-esa-dla-ose\/' class='pfpReadMore'>Read More &raquo;<\/a><div class='clear'><\/div><hr><\/div><div class='pfpItem entry-content'><h2 class='entry-title'><a href='https:\/\/sp.tuchow.pl\/index.php\/2021\/03\/29\/swieta-wielkanocne-coraz-blizej\/'>\u015awi\u0119ta Wielkanocne coraz bli\u017cej...<\/a><\/h2><p>\u015awietlica szkolna i opiekun Samorz\u0105du Uczniowskiego zapraszaj\u0105 na prezentacj\u0119 zwi\u0105zana ze \u015awi\u0119tami Wielkanocnymi oraz zach\u0119caj\u0105 do zabaw wielkanocnych online.<\/p>\n<p><iframe class=\"wp-embedded-content\" sandbox=\"allow-scripts\" security=\"restricted\" title=\"Wielkanoc\u015awietlica\" frameborder='0' width='1200' height='675' src='https:\/\/view.genially.com\/604e66c6ed96700d20b35891#?secret=uRBatr8gg1' data-secret='uRBatr8gg1' scrolling='yes'><\/iframe><\/p>\n<p><iframe class=\"wp-embedded-content\" sandbox=\"allow-scripts\" security=\"restricted\" title=\"Wielkanocne Zabawy\" frameborder='0' width='1200' height='675' src='https:\/\/view.genially.com\/60561baa696ad40d92914f8a#?secret=uJt6FTcdCY' data-secret='uJt6FTcdCY' scrolling='yes'><\/iframe><\/p>\n<p>&nbsp;<\/p>\n...<a href='https:\/\/sp.tuchow.pl\/index.php\/2021\/03\/29\/swieta-wielkanocne-coraz-blizej\/' class='pfpReadMore'>Read More &raquo;<\/a><div class='clear'><\/div><hr><\/div><div class='pfpItem entry-content'><h2 class='entry-title'><a href='https:\/\/sp.tuchow.pl\/index.php\/2021\/03\/29\/badz-niebieski-swiatowy-dzien-swiadomosci-autyzmu\/'>B\u0105d\u017a niebieski!!! \u015awiatowy Dzie\u0144 \u015awiadomo\u015bci Autyzmu<\/a><\/h2><p><iframe class=\"wp-embedded-content\" sandbox=\"allow-scripts\" security=\"restricted\" title=\"\u015aDzAutyzmu\" frameborder='0' width='1200' height='675' src='https:\/\/view.genially.com\/6050f551349f720d6b8b0e42#?secret=uhI66bkBWb' data-secret='uhI66bkBWb' scrolling='yes'><\/iframe><\/p>\n<div class=\"fb-video\" data-allowfullscreen=\"true\" data-href=\"http:\/\/www.facebook.com\/sptuchow\/videos\/874976643063914\" style=\"background-color: #fff; display: inline-block;\"><\/div>\n...<a href='https:\/\/sp.tuchow.pl\/index.php\/2021\/03\/29\/badz-niebieski-swiatowy-dzien-swiadomosci-autyzmu\/' class='pfpReadMore'>Read More &raquo;<\/a><div class='clear'><\/div><hr><\/div><div class='pfpItem entry-content'><h2 class='entry-title'><a href='https:\/\/sp.tuchow.pl\/index.php\/2021\/03\/25\/ze-szkolnej-lawki-na-uniwersytet\/'>Ze szkolnej \u0142awki na uniwersytet...<\/a><\/h2><p style=\"text-align: justify;\">&nbsp;&nbsp;&nbsp;&nbsp;&nbsp;&nbsp;&nbsp;&nbsp;&nbsp;&nbsp;&nbsp; W tym roku szkolnym, w ramach innowacji pedagogicznej, klasy 6a i 6c mia\u0142y okazj\u0119 uczestniczy\u0107 w lekcjach jako studenci uniwersytetu. Otrzymali nawet Indeksy Ucznia. Klasy uczestniczy\u0142y bowiem z projekcie Uniwersytetu Dzieci pod tytu\u0142em \u201eLekcje z emocjami. Jak dba\u0107 o sw\u00f3j nastr\u00f3j?\u201d. Projekt sk\u0142ada\u0142 si\u0119 z o\u015bmiu lekcji...<a href='https:\/\/sp.tuchow.pl\/index.php\/2021\/03\/25\/ze-szkolnej-lawki-na-uniwersytet\/' class='pfpReadMore'>Read More &raquo;<\/a><div class='clear'><\/div><hr><\/div><div class='pfpItem entry-content'><h2 class='entry-title'><a href='https:\/\/sp.tuchow.pl\/index.php\/2021\/03\/25\/wyniki-szkolnego-konkursu-ortograficznego-dla-klas-ii-iii\/'>Wyniki \u201eSzkolnego Konkursu Ortograficznego dla klas II-III\u201d<\/a><\/h2><p>W ubieg\u0142ym tygodniu uczniowie klas II i III naszej szko\u0142y mieli mo\u017cliwo\u015b\u0107 sprawdzenia swojej wiedzy i umiej\u0119tno\u015bci z zakresu ortografii, uczestnicz\u0105c w \u201eSzkolnym Konkursie Ortograficznym dla klas II-III\u201d<\/p>\n<p>Komisja konkursowa wy\u0142oni\u0142a nast\u0119puj\u0105cych laureat\u00f3w:<\/p>\n<p><strong>&#8211; I miejsce &#8211; Emilia Kras &#8211; kl. III \u201ec\u201d<\/strong><\/p>\n<p>&#8211; II miejsce &#8211; Kinga Janu\u015b &#8211; kl. III \u201eb\u201d<\/p>\n<p>&#8211;...<a href='https:\/\/sp.tuchow.pl\/index.php\/2021\/03\/25\/wyniki-szkolnego-konkursu-ortograficznego-dla-klas-ii-iii\/' class='pfpReadMore'>Read More &raquo;<\/a><div class='clear'><\/div><hr><\/div><div class='pfpItem entry-content'><h2 class='entry-title'><a href='https:\/\/sp.tuchow.pl\/index.php\/2021\/03\/24\/informacja-dotyczaca-rekrutacji-kandydatow-do-klas-i\/'>Informacja dotycz\u0105ca rekrutacji kandydat\u00f3w do klasy I sportowej<\/a><\/h2><div class=\"\" data-block=\"true\" data-editor=\"bmr92\" data-offset-key=\"4gvhh-0-0\">\n<div class=\"_1mf _1mj\" data-offset-key=\"4gvhh-0-0\">&nbsp;<\/div>\n<\/div>\n<div class=\"\" data-block=\"true\" data-editor=\"bmr92\" data-offset-key=\"9modb-0-0\">\n<div class=\"_1mf _1mj\" data-offset-key=\"9modb-0-0\"><span data-offset-key=\"9modb-0-0\">Spotkanie informacyjne z rodzicami w sprawie rekrutacji kandydat\u00f3w do klasy I sportowej o profilu og\u00f3lnorozwojowym zosta\u0142o odwo\u0142ane.<\/span><\/div>\n<\/div>\n<div class=\"\" data-block=\"true\" data-editor=\"bmr92\" data-offset-key=\"9rtli-0-0\">\n<div class=\"_1mf _1mj\" data-offset-key=\"9rtli-0-0\"><span data-offset-key=\"9rtli-0-0\">&nbsp;<\/span><\/div>\n<\/div>\n<div class=\"\" data-block=\"true\" data-editor=\"bmr92\" data-offset-key=\"2t1jh-0-0\">\n<div class=\"_1mf _1mj\" data-offset-key=\"2t1jh-0-0\"><span data-offset-key=\"2t1jh-0-0\">O nowym terminie...<a href='https:\/\/sp.tuchow.pl\/index.php\/2021\/03\/24\/informacja-dotyczaca-rekrutacji-kandydatow-do-klas-i\/' class='pfpReadMore'>Read More &raquo;<\/a><div class='clear'><\/div><hr><\/div><div class='pfpItem entry-content'><h2 class='entry-title'><a href='https:\/\/sp.tuchow.pl\/index.php\/2021\/03\/21\/wiosna-buch-ksiazka-w-ruch\/'>Wiosna buch! Ksi\u0105\u017cka w ruch!<\/a><\/h2><p style=\"text-align: justify;\">&nbsp;&nbsp;&nbsp;&nbsp;&nbsp;&nbsp;&nbsp;&nbsp;&nbsp;&nbsp;&nbsp; W marcu 2021 roku biblioteka szkolna wraz z pedagogiem przeprowadzi\u0142a zabaw\u0119 dla wszystkich uczni\u00f3w klas I-III, kt\u00f3rzy tylko chcieli podj\u0105\u0107 wyzwania. Od 1 do 19 marca dzieci wypo\u017cyczaj\u0105c ksi\u0105\u017ck\u0119 losowa\u0142y r\u00f3wnie\u017c zadanie do wykonania. Nast\u0119pnie otrzymywa\u0142y karteczk\u0119 LOS, kt\u00f3ry musia\u0142y przynie\u015b\u0107 do biblioteki i wrzuci\u0107 do specjalnej...<a href='https:\/\/sp.tuchow.pl\/index.php\/2021\/03\/21\/wiosna-buch-ksiazka-w-ruch\/' class='pfpReadMore'>Read More &raquo;<\/a><div class='clear'><\/div><hr><\/div><div class='pfpItem entry-content'><h2 class='entry-title'><a href='https:\/\/sp.tuchow.pl\/index.php\/2021\/03\/19\/mlodziezowa-droga-krzyzowa\/'>M\u0142odzie\u017cowa Droga Krzy\u017cowa<\/a><\/h2><p><strong>Szko\u0142a Podstawowa w Tuchowie oraz Zesp\u00f3\u0142 Pokolenia<\/strong><strong>&nbsp;zapraszaj\u0105 na Drog\u0119 Krzy\u017cow\u0105, kt\u00f3ra odb\u0119dzie si\u0119 w&nbsp;<\/strong><strong>Bazylice Mniejszej w Tuchowie&nbsp;<\/strong><strong>26 marca 2021 r. <\/strong><strong>&nbsp;(pi\u0105tek) po wieczornej Mszy \u015awi\u0119tej.<\/strong><\/p>\n<div class=\"fb-post\" data-href=\"http:\/\/www.facebook.com\/sptuchow\/photos\/a.1798034137132769\/2953016381634533\/\" data-width=\"552\" style=\"background-color: #fff; display: inline-block;\"><\/div>\n...<a href='https:\/\/sp.tuchow.pl\/index.php\/2021\/03\/19\/mlodziezowa-droga-krzyzowa\/' class='pfpReadMore'>Read More &raquo;<\/a><div class='clear'><\/div><hr><\/div><div class='pfpItem entry-content'><h2 class='entry-title'><a href='https:\/\/sp.tuchow.pl\/index.php\/2021\/03\/18\/nowe-zmiany-obowiazujace-od-22-marca-do-11-kwietnia\/'>Nowe zmiany obowi\u0105zuj\u0105ce od 22 marca do 11 kwietnia<\/a><\/h2><div>Zgodnie z decyzj\u0105 Ministra Edukacji i Nauki z dnia 18 marca 2021 r. uczniowie wszystkich klas szk\u00f3\u0142 podstawowych w ca\u0142ym kraju b\u0119d\u0105 realizowali nauk\u0119 w trybie zdalnym od 22 marca do 11 kwietnia.<\/div>\n<div>Jednocze\u015bnie informujemy, \u017ce rodzice uczni\u00f3w klas 1 &#8211; 3 otrzymali stosowne wyja\u015bnienia (poprzez modu\u0142 wiadomo\u015bci w e-dzienniku) od...<a href='https:\/\/sp.tuchow.pl\/index.php\/2021\/03\/18\/nowe-zmiany-obowiazujace-od-22-marca-do-11-kwietnia\/' class='pfpReadMore'>Read More &raquo;<\/a><div class='clear'><\/div><hr><\/div><div class='pfpItem entry-content'><h2 class='entry-title'><a href='https:\/\/sp.tuchow.pl\/index.php\/2021\/03\/18\/iii-gminny-konkurs-piosenki-angielskiej-everybody-can-sing\/'>III Gminny Konkurs Piosenki Angielskiej \u201eEverybody can sing\u201d<\/a><\/h2><p style=\"text-align: justify;\">Szko\u0142a Podstawowa im. Stanis\u0142awa Staszica w Tuchowie zorganizowa\u0142a III Gminny Konkurs Piosenki Angielskiej \u201eEverybody can sing\u201d. Etap gminny poprzedzony by\u0142 eliminacjami do konkursu. Do etapu gminnego zg\u0142oszono 21 uczestnik\u00f3w z 7 szk\u00f3\u0142, kt\u00f3rzy nades\u0142ali video ze swoim wykonaniem.<\/p>\n<p style=\"text-align: justify;\">Wyst\u0119py ocenia\u0142o niezale\u017cne jury w sk\u0142adzie: pani Anna Mortek...<a href='https:\/\/sp.tuchow.pl\/index.php\/2021\/03\/18\/iii-gminny-konkurs-piosenki-angielskiej-everybody-can-sing\/' class='pfpReadMore'>Read More &raquo;<\/a><div class='clear'><\/div><hr><\/div><div class='pfpItem entry-content'><h2 class='entry-title'><a href='https:\/\/sp.tuchow.pl\/index.php\/2021\/03\/18\/rozstrzygniecie-konkursu-stop-smog\/'>Rozstrzygni\u0119cie\u00a0konkursu\u00a0STOP\u00a0SMOG!\u00a0<\/a><\/h2><p style=\"text-align: justify;\"><span data-contrast=\"auto\">R<\/span><span data-contrast=\"auto\">ozstrzygni\u0119cie<\/span><span data-contrast=\"auto\">&nbsp;<\/span><span data-contrast=\"auto\">konkursu<\/span><span data-contrast=\"auto\">&nbsp;STOP&nbsp;<\/span><span data-contrast=\"auto\">SMOG!<\/span><span data-contrast=\"auto\">&nbsp;<\/span><span data-contrast=\"auto\">mia\u0142o<\/span><span data-contrast=\"auto\">&nbsp;<\/span><span data-contrast=\"auto\">nast\u0105pi\u0107<\/span><span data-contrast=\"auto\">&nbsp;w&nbsp;<\/span><span data-contrast=\"auto\">pierwszym<\/span><span data-contrast=\"auto\">&nbsp;<\/span><span data-contrast=\"auto\">dniu<\/span><span data-contrast=\"auto\">&nbsp;<\/span><span data-contrast=\"auto\">wiosny<\/span><span data-contrast=\"auto\">, ale&nbsp;<\/span><span data-contrast=\"auto\">ze<\/span><span data-contrast=\"auto\">&nbsp;<\/span><span data-contrast=\"auto\">wzgl<\/span><span data-contrast=\"auto\">\u0119du<\/span><span data-contrast=\"auto\">&nbsp;<\/span><span data-contrast=\"auto\">na<\/span><span data-contrast=\"auto\">&nbsp;<\/span><span data-contrast=\"auto\">nowe<\/span><span data-contrast=\"auto\">&nbsp;<\/span><span data-contrast=\"auto\">obostrzenia<\/span><span data-contrast=\"auto\">&nbsp;przyspieszam<\/span><span data-contrast=\"auto\">y<\/span><span data-contrast=\"auto\">.<\/span><span data-contrast=\"auto\">&nbsp;<\/span><span data-ccp-props=\"{&quot;201341983&quot;:0,&quot;335551550&quot;:6,&quot;335551620&quot;:6,&quot;335559731&quot;:720,&quot;335559739&quot;:160,&quot;335559740&quot;:360}\">&nbsp;<\/span><\/p>\n<p style=\"text-align: justify;\"><span data-contrast=\"auto\">Celami<\/span><span data-contrast=\"auto\">&nbsp;<\/span><span data-contrast=\"auto\">konkursu<\/span><span data-contrast=\"auto\">&nbsp;<\/span><span data-contrast=\"auto\">by\u0142y<\/span><span data-contrast=\"auto\">&nbsp;<\/span><span data-contrast=\"auto\">zach\u0119canie<\/span><span data-contrast=\"auto\">&nbsp;<\/span><span data-contrast=\"auto\">dzieci<\/span><span data-contrast=\"auto\">&nbsp;<\/span><span data-contrast=\"auto\">i<\/span><span data-contrast=\"auto\">&nbsp;<\/span><span...<a href='https:\/\/sp.tuchow.pl\/index.php\/2021\/03\/18\/rozstrzygniecie-konkursu-stop-smog\/' class='pfpReadMore'>Read More &raquo;<\/a><div class='clear'><\/div><hr><\/div><div class='pfpItem entry-content'><h2 class='entry-title'><a href='https:\/\/sp.tuchow.pl\/index.php\/2021\/03\/17\/obchody-dnia-sw-patryka-w-szkole-podstawowej-w-tuchowie\/'>OBCHODY DNIA \u015aW. PATRYKA W SZKOLE PODSTAWOWEJ W TUCHOWIE<\/a><\/h2><p style=\"text-align: justify;\">17 marca obchodzony jest Dzie\u0144 \u015awi\u0119tego Patryka, patrona Irlandii. W tym dniu uczniowie klas 1-3 poszerzyli swoj\u0105 wiedz\u0119 na temat Irlandii, obejrzeli prezentacj\u0119 o \u015bw. Patryku, mieli okazj\u0119 pos\u0142ucha\u0107 muzyki irlandzkiej, jak r\u00f3wnie\u017c pozna\u0107 najwa\u017cniejsze symbole tego \u015bwi\u0119ta w dw\u00f3ch j\u0119zykach: polskim i angielskim.<\/p>\n<p style=\"text-align: justify;\">Jedn\u0105 z tradycji...<a href='https:\/\/sp.tuchow.pl\/index.php\/2021\/03\/17\/obchody-dnia-sw-patryka-w-szkole-podstawowej-w-tuchowie\/' class='pfpReadMore'>Read More &raquo;<\/a><div class='clear'><\/div><hr><\/div><div class='pfpItem entry-content'><h2 class='entry-title'><a href='https:\/\/sp.tuchow.pl\/index.php\/2021\/03\/16\/pamietajcie-sluzyc-mlodym-znaczy-sluzyc-kosciolowi-sw-jan-pawel-ii\/'>\u201cPami\u0119tajcie: s\u0142u\u017cy\u0107 m\u0142odym znaczy s\u0142u\u017cy\u0107 Ko\u015bcio\u0142owi\u201d! \u2013 \u015bw. Jan Pawe\u0142 II<\/a><\/h2><p>Mi\u0142o nam poinformowa\u0107, \u017ce dw\u00f3ch katechet\u00f3w naszej szko\u0142y &#8211; ks. Alfons G\u00f3rowski oraz o. Pawe\u0142 Zyskowski zostali nominowani w radiu RDN w Plebiscycie \u201cM\u00f3j Katecheta \u2013 s\u0142ucha, rozumie, towarzyszy&#8221;. Celem inicjatywy jest docenienie katechet\u00f3w \u2013 os\u00f3b \u015bwieckich, ksi\u0119\u017cy oraz si\u00f3str i braci zakonnych \u2013 pracuj\u0105cych w przedszkolach, szko\u0142ach podstawowych oraz...<a href='https:\/\/sp.tuchow.pl\/index.php\/2021\/03\/16\/pamietajcie-sluzyc-mlodym-znaczy-sluzyc-kosciolowi-sw-jan-pawel-ii\/' class='pfpReadMore'>Read More &raquo;<\/a><div class='clear'><\/div><hr><\/div><div class='pfpItem entry-content'><h2 class='entry-title'><a href='https:\/\/sp.tuchow.pl\/index.php\/2021\/03\/16\/anna-styrkowiec-laureatka-konkursu-wiedzy-o-sw-klemensie-hofbauerze\/'>Anna Styrkowiec laureatk\u0105 Konkursu wiedzy o \u015bw. Klemensie Hofbauerze<\/a><\/h2><p>12 marca 2021 r. w Warszawie odby\u0142 sie\u0328 fina\u0142 Konkursu wiedzy o S\u0301w. Klemensie Hofbauerze przeprowadzony przez m.in Ministerstwo Edukacji i&nbsp; Nauki. Ws\u0301ro\u0301d o\u0301semki finalisto\u0301w znalaz\u0142a sie\u0328 Anna Styrkowiec &#8211; uczennica naszej szko\u0142y. Ania wygra\u0142a etap szkolny, kto\u0301ry polega\u0142 na utworzeniu pracy plastycznej. Konkurs fina\u0142owy polega\u0142 na wykazaniu sie\u0328 wiedza\u0328...<a href='https:\/\/sp.tuchow.pl\/index.php\/2021\/03\/16\/anna-styrkowiec-laureatka-konkursu-wiedzy-o-sw-klemensie-hofbauerze\/' class='pfpReadMore'>Read More &raquo;<\/a><div class='clear'><\/div><hr><\/div><div class='pfpItem entry-content'><h2 class='entry-title'><a href='https:\/\/sp.tuchow.pl\/index.php\/2021\/03\/15\/podziel-sie-swietami\/'>Podziel si\u0119 \u015awi\u0119tami<\/a><\/h2><div class=\"fb-post\" data-href=\"http:\/\/www.facebook.com\/sptuchow\/photos\/a.1798034137132769\/2949881108614727\/\" data-width=\"552\" style=\"background-color: #fff; display: inline-block;\"><\/div>\n...<a href='https:\/\/sp.tuchow.pl\/index.php\/2021\/03\/15\/podziel-sie-swietami\/' class='pfpReadMore'>Read More &raquo;<\/a><div class='clear'><\/div><hr><\/div><div class='pfpItem entry-content'><h2 class='entry-title'><a href='https:\/\/sp.tuchow.pl\/index.php\/2021\/03\/12\/informacja-w-sprawie-wynikow-konkursu-stop-smog\/'>Informacja w sprawie wynik\u00f3w konkursu STOP SMOG<\/a><\/h2><p>Wyniki konkursu STOP SMOG zostan\u0105 og\u0142oszone 22 marca 2021, na rozpocz\u0119cie wiosny. Prosimy o cierpliwo\u015b\u0107 \ud83d\ude42<\/p>\n...<a href='https:\/\/sp.tuchow.pl\/index.php\/2021\/03\/12\/informacja-w-sprawie-wynikow-konkursu-stop-smog\/' class='pfpReadMore'>Read More &raquo;<\/a><div class='clear'><\/div><hr><\/div><div class='pfpItem entry-content'><h2 class='entry-title'><a href='https:\/\/sp.tuchow.pl\/index.php\/2021\/03\/11\/wyniki-szkolnego-etapu-iii-gminnego-konkursu-piosenki-angielskiej-everybody-can-sing\/'>Wyniki szkolnego etapu III Gminnego Konkursu Piosenki Angielskiej \u201eEverybody can sing\u201d<\/a><\/h2><p class=\"Standard\" style=\"text-align: justify; text-justify: inter-ideograph; line-height: 150%;\"><strong>Klasy 1-4:<\/strong><\/p>\n<p class=\"Standard\" style=\"text-align: justify; text-justify: inter-ideograph; line-height: 150%;\">1 miejsce: Antoni Stanis\u0142awczyk kl. 4a<\/p>\n<p class=\"Standard\" style=\"text-align: justify; text-justify: inter-ideograph; line-height: 150%;\">2 miejsce: Agata Skruch kl. 2a<\/p>\n<p class=\"Standard\" style=\"text-align: justify; text-justify: inter-ideograph; line-height: 150%;\">3 miejsce: Wiktoria Stawicka kl. 1a<\/p>\n<p class=\"Standard\" style=\"text-align: justify; text-justify: inter-ideograph;...<a href='https:\/\/sp.tuchow.pl\/index.php\/2021\/03\/11\/wyniki-szkolnego-etapu-iii-gminnego-konkursu-piosenki-angielskiej-everybody-can-sing\/' class='pfpReadMore'>Read More &raquo;<\/a><div class='clear'><\/div><hr><\/div><div class='pfpItem entry-content'><h2 class='entry-title'><a href='https:\/\/sp.tuchow.pl\/index.php\/2021\/03\/10\/legenda-zamknieta-w-pudelku-zajecia-otwarte-w-klasie-1c\/'>\u201eLegenda zamkni\u0119ta w pude\u0142ku\u201d - \u00a0zaj\u0119cia otwarte w klasie 1c<\/a><\/h2><p style=\"text-align: justify;\">Uczniowie klasy 1c dowiedzieli si\u0119 podczas zaj\u0119\u0107 otwartych, kt\u00f3re przeprowadzi\u0142a Pani Agnieszka, jak\u0105 ma moc i co oznacza s\u0142owo kamishibai, Na zaj\u0119ciach obecna by\u0142a Pani wicedyrektor Wanda Siwek, Pani Barbara Potok, Pani Katarzyna Wojtanowska z uczniem klasy IV Karolem, Pani Patrycja Bajorek i Pani Magdalena Olszewska.<\/p>\n<p style=\"text-align: justify;\">\u201ePapierowy...<a href='https:\/\/sp.tuchow.pl\/index.php\/2021\/03\/10\/legenda-zamknieta-w-pudelku-zajecia-otwarte-w-klasie-1c\/' class='pfpReadMore'>Read More &raquo;<\/a><div class='clear'><\/div><hr><\/div><div class='pfpItem entry-content'><h2 class='entry-title'><a href='https:\/\/sp.tuchow.pl\/index.php\/2021\/03\/10\/rekrutacja-do-szkol-ponadpodstawowych\/'>REKRUTACJA DO SZK\u00d3\u0141 PONADPODSTAWOWYCH<\/a><\/h2><h3><strong>Rekrutacja do szk\u00f3\u0142 pon<\/strong><strong>adpodstawowych w Tarnowie na rok szkolny 2021\/2022<\/strong><\/h3>\n<h5><a href=\"http:\/\/tarnow.pl\/Dla-mieszkancow\/Edukacja\/Rekrutacje-do-przedszkoli-i-szkol\/Rekrutacja-do-szkol-ponadpodstawowych?fbclid=IwAR1-wfKyNMxsIjrgh_XkOZZ9_dxTG3iHfwNecD07I2xzLLq4b5-fxMh4XcU\">http:\/\/tarnow.pl\/Dla-mieszkancow\/Edukacja\/Rekrutacje-do-przedszkoli-i-szkol\/Rekrutacja-do-szkol-ponadpodstawowych?fbclid=IwAR1-wfKyNMxsIjrgh_XkOZZ9_dxTG3iHfwNecD07I2xzLLq4b5-fxMh4XcU<\/a><\/h5>\n<h3>&nbsp;<\/h3>\n<h3><strong>Liceum Og\u00f3lnokszta\u0142c\u0105ce im. Miko\u0142aja Kopernika &nbsp;w Tuchowie&nbsp;<\/strong><\/h3>\n<p><strong>DRODZY ABSOLWENCI SZK\u00d3\u0141 PODSTAWOWYCH!&nbsp;<\/strong>Liceum Og\u00f3lnokszta\u0142c\u0105ce im. Miko\u0142aja Kopernika w Tuchowie w<strong>&nbsp;roku szkolnym 2021\/2022&nbsp;<\/strong>proponuje Wam nast\u0119puj\u0105ce profile kszta\u0142cenia:<\/p>\n<p><a href=\"http:\/\/www.lo-tuchow.pl\/index.php\/rekrutacja?fbclid=IwAR1IGGxanjiTwpJfg9-i_-TQbFrSIKVhRpZZPasheT4_CLGddpJ89UNXbGY\">http:\/\/www.lo-tuchow.pl\/index.php\/rekrutacja?fbclid=IwAR1IGGxanjiTwpJfg9-i_-TQbFrSIKVhRpZZPasheT4_CLGddpJ89UNXbGY<\/a><\/p>\n<h3>Centrum Kszta\u0142cenia Ustawicznego i Zawodowego w Tuchowie<\/h3>\n<p><a href=\"http:\/\/ckziu.tuchow.pl\/2021\/03\/08\/oferta-edukacyjna-na-rok-szkolny-20212022\/\">http:\/\/ckziu.tuchow.pl\/2021\/03\/08\/oferta-edukacyjna-na-rok-szkolny-20212022\/<\/a><\/p>\n<p>&nbsp;<\/p>\n...<a href='https:\/\/sp.tuchow.pl\/index.php\/2021\/03\/10\/rekrutacja-do-szkol-ponadpodstawowych\/' class='pfpReadMore'>Read More &raquo;<\/a><div class='clear'><\/div><hr><\/div><div class='pfpItem entry-content'><h2 class='entry-title'><a href='https:\/\/sp.tuchow.pl\/index.php\/2021\/03\/08\/zyczenia-od-samorzadu-uczniowskiego-z-okazji-dnia-kobiet\/'>\u017byczenia od Samorz\u0105du Uczniowskiego z okazji Dnia Kobiet<\/a><\/h2><div style=\"width: 800px;\" class=\"wp-video\"><!--[if lt IE 9]><script>document.createElement('video');<\/script><![endif]-->\n<video class=\"wp-video-shortcode\" id=\"video-47-1\" width=\"800\" height=\"450\" preload=\"metadata\" controls=\"controls\"><source type=\"video\/mp4\" src=\"https:\/\/sp.tuchow.pl\/wp-content\/uploads\/2021\/03\/Dzie\u0144Kobiet-Biteable.mp4?_=1\" \/><a href=\"https:\/\/sp.tuchow.pl\/wp-content\/uploads\/2021\/03\/Dzie\u0144Kobiet-Biteable.mp4\">https:\/\/sp.tuchow.pl\/wp-content\/uploads\/2021\/03\/Dzie\u0144Kobiet-Biteable.mp4<\/a><\/video><\/div>\n...<a href='https:\/\/sp.tuchow.pl\/index.php\/2021\/03\/08\/zyczenia-od-samorzadu-uczniowskiego-z-okazji-dnia-kobiet\/' class='pfpReadMore'>Read More &raquo;<\/a><div class='clear'><\/div><hr><\/div><div class='pfpItem entry-content'><h2 class='entry-title'><a href='https:\/\/sp.tuchow.pl\/index.php\/2021\/03\/07\/projekt-na-basniowej-gorze\/'>Projekt \u201eNa Ba\u015bniowej G\u00f3rze\u201d<\/a><\/h2><p style=\"text-align: justify;\">W bie\u017c\u0105cym roku szkolnym uczniowie klas czwartych naszej szko\u0142y mog\u0105 wzi\u0105\u0107 udzia\u0142 w projekcie pt. \u201eNa Ba\u015bniowej G\u00f3rze\u201d. W jego ramach dzieci wykonuj\u0105 r\u00f3\u017cnorodne zadania tematycznie zwi\u0105zane z popularnymi i mniej znanymi ba\u015bniami.<\/p>\n<p style=\"text-align: justify;\">A oto zadania zaproponowane przez organizator\u00f3w na luty i najciekawsze prace nades\u0142ane przez uczni\u00f3w.<\/p>\n<p>&nbsp;<\/p>\n<p><strong><u>J\u0118ZYK...<a href='https:\/\/sp.tuchow.pl\/index.php\/2021\/03\/07\/projekt-na-basniowej-gorze\/' class='pfpReadMore'>Read More &raquo;<\/a><div class='clear'><\/div><hr><\/div><div class='pfpItem entry-content'><h2 class='entry-title'><a href='https:\/\/sp.tuchow.pl\/index.php\/2021\/03\/07\/krolewskie-rymowanki-odbior-nagrod\/'>\"Kr\u00f3lewskie rymowanki\" - odbi\u00f3r nagr\u00f3d<\/a><\/h2><p><b>Wszystkich uczestnik\u00f3w klas IV-VIII Historycznego Konkursu Szkolnego &#8222;Kr\u00f3lewskie rymowanki&#8221; zapraszamy po odbi\u00f3r nagr\u00f3d i upomink\u00f3w do biblioteki szkolnej.&nbsp;<\/b><\/p>\n...<a href='https:\/\/sp.tuchow.pl\/index.php\/2021\/03\/07\/krolewskie-rymowanki-odbior-nagrod\/' class='pfpReadMore'>Read More &raquo;<\/a><div class='clear'><\/div><hr><\/div><div class='pfpItem entry-content'><h2 class='entry-title'><a href='https:\/\/sp.tuchow.pl\/index.php\/2021\/03\/04\/iii-wirtualny-rajd-tropem-wilczym\/'>III Wirtualny Rajd Tropem Wilczym<\/a><\/h2><p style=\"text-align: justify;\">4 marca nasza szko\u0142a wzi\u0119\u0142a udzia\u0142 w Wirtualnym III Rajdzie Tropem Wilczym zorganizowanym przez Szko\u0142\u0119 Podstawow\u0105 im. Kardyna\u0142a Stefana Wyszy\u0144skiego w Siedliskach. Reprezentacja naszej szko\u0142y w sk\u0142adzie: Julia Pi\u0105tek z klasy VII c, Damian Wiejacki oraz Mateusz Wilga z klasy VI c przyst\u0105pi\u0142a do konkursu na temat \u017bo\u0142nierzy...<a href='https:\/\/sp.tuchow.pl\/index.php\/2021\/03\/04\/iii-wirtualny-rajd-tropem-wilczym\/' class='pfpReadMore'>Read More &raquo;<\/a><div class='clear'><\/div><hr><\/div><div class='pfpItem entry-content'><h2 class='entry-title'><a href='https:\/\/sp.tuchow.pl\/index.php\/2021\/03\/03\/swiatowy-dzien-swiadomosci-autyzmu-badz-niebieski\/'>\u015awiatowy Dzie\u0144 \u015awiadomo\u015bci Autyzmu \u201eB\u0105d\u017a niebieski\u201d<\/a><\/h2><p style=\"text-align: justify;\">Niekt\u00f3rzy ludzie z autyzmem wiod\u0105 \u017cycie w ciszy, zamkni\u0119ci w sobie, inni szalej\u0105, bo rzeczywisto\u015b\u0107 ich przyt\u0142acza. Niekt\u00f3rzy z nich nigdy nie naucz\u0105 si\u0119 poprawnie dzi\u0119kowa\u0107. S\u0105 jednak tacy, kt\u00f3rym ten zwrot tak lekko przechodzi przez usta, \u017ce sprawiaj\u0105 wra\u017cenie, jakby rozumieli, co im si\u0119 w\u0142a\u015bnie wymskn\u0119\u0142o. Niekt\u00f3rzy...<a href='https:\/\/sp.tuchow.pl\/index.php\/2021\/03\/03\/swiatowy-dzien-swiadomosci-autyzmu-badz-niebieski\/' class='pfpReadMore'>Read More &raquo;<\/a><div class='clear'><\/div><hr><\/div><div class='pfpItem entry-content'><h2 class='entry-title'><a href='https:\/\/sp.tuchow.pl\/index.php\/2021\/03\/03\/sukces-w-konkursie-na-projekt-znaczka-pocztowego-o-zolnierzach-wykletych\/'>Sukces w konkursie na projekt znaczka pocztowego o \u017bo\u0142nierzach Wykl\u0119tych<\/a><\/h2><p style=\"text-align: justify;\">Uczniowie naszej szko\u0142y wzi\u0119li udzia\u0142 w konkursie plastycznym zorganizowanym przez Szko\u0142\u0119 Podstawow\u0105 im. Kardyna\u0142a Stefana Wyszy\u0144skiego w Siedliskach. Temat konkursu zwi\u0105zany by\u0142 z obchodami Narodowego Dnia Pami\u0119ci \u017bo\u0142nierzy Wykl\u0119tych, kt\u00f3ry obchodzili\u015bmy 1 marca. Zadaniem uczestnik\u00f3w konkursu by\u0142o wykonanie znaczka pocztowego o \u017bo\u0142nierzach Wykl\u0119tych. Nasza szko\u0142a zg\u0142osi\u0142a ponad 20...<a href='https:\/\/sp.tuchow.pl\/index.php\/2021\/03\/03\/sukces-w-konkursie-na-projekt-znaczka-pocztowego-o-zolnierzach-wykletych\/' class='pfpReadMore'>Read More &raquo;<\/a><div class='clear'><\/div><hr><\/div><div class='pfpItem entry-content'><h2 class='entry-title'><a href='https:\/\/sp.tuchow.pl\/index.php\/2021\/03\/02\/bohateron-wlacz-historie-2\/'>BohaterOn-w\u0142\u0105cz histori\u0119<\/a><\/h2><p style=\"text-align: justify;\">Nasza szko\u0142a po raz kolejny wzi\u0119\u0142a udzia\u0142 w akcji \u201eBohaterOn-w\u0142\u0105cz histori\u0119\u201d. Akcja trwa\u0142a do 31 pa\u017adziernika, dzi\u015b otrzymali\u015bmy dyplom uczestnictwa i podzi\u0119kowania J Dla nas satysfakcj\u0105 jest rado\u015b\u0107, jak\u0105 sprawi\u0142y dzieci Powsta\u0144com Warszawskim, \u015bl\u0105c podzi\u0119kowania, \u201edobre s\u0142owo\u201d, serca, u\u015bmiechy i moc pozdrowie\u0144. Akcja, w kt\u00f3rej uczestniczy co roku...<a href='https:\/\/sp.tuchow.pl\/index.php\/2021\/03\/02\/bohateron-wlacz-historie-2\/' class='pfpReadMore'>Read More &raquo;<\/a><div class='clear'><\/div><hr><\/div><div class='pfpItem entry-content'><h2 class='entry-title'><a href='https:\/\/sp.tuchow.pl\/index.php\/2021\/03\/02\/konkurs-dla-uczniow-klas-1-3-na-najciekawszy-stroj-z-okazji-dnia-sw-patryka\/'>KONKURS DLA UCZNI\u00d3W KLAS 1-3 NA NAJCIEKAWSZY STR\u00d3J Z OKAZJI\u00a0 DNIA \u015aW. PATRYKA<\/a><\/h2><p>REGULAMIN KONKURSU<\/p>\n<p>Cel konkursu: poznawanie kultury kraj\u00f3w angloj\u0119zycznych.<\/p>\n<p>Termin konkursu: 17.03.2021<\/p>\n<p>Uczestnicy: uczniowie klas 1-3 szko\u0142y podstawowej w Tuchowie<\/p>\n<p>Opis konkursu: Jedn\u0105 z najbardziej znanych tradycji obchod\u00f3w dnia \u015bw. Patryka jest noszenie w tym dniu ubra\u0144 w kolorze zielonym, dlatego zapraszamy wszystkich uczni\u00f3w klas 1-3 do udzia\u0142u w konkursie na najciekawsze przebranie, warunek jest...<a href='https:\/\/sp.tuchow.pl\/index.php\/2021\/03\/02\/konkurs-dla-uczniow-klas-1-3-na-najciekawszy-stroj-z-okazji-dnia-sw-patryka\/' class='pfpReadMore'>Read More &raquo;<\/a><div class='clear'><\/div><hr><\/div><div class='pfpItem entry-content'><h2 class='entry-title'><a href='https:\/\/sp.tuchow.pl\/index.php\/2021\/03\/01\/doradztwo-zawodowe-w-ramach-projektu-spinka\/'>Doradztwo zawodowe w ramach projektu  -  \u201eSPINKA\u201d<\/a><\/h2><div><strong>DORADZTWO ZAWODOWE W RAMACH PROJEKTU SPINKA<\/strong><\/div>\n<div>Przypominamy, \u017ce zaj\u0119cia w ramach projektu Modernizacja Kszta\u0142cenia Zawodowego w Ma\u0142opolsce II zosta\u0142y zako\u0144czone w zesz\u0142ym roku szkolnym. Jednak zapraszamy na konsultacje indywidualne w szkole b\u0105d\u017a przez Messenger po wcze\u015bniejszym uzgodnieniu terminu.&nbsp;&nbsp;<\/div>\n<p>&nbsp;<\/p>\n...<a href='https:\/\/sp.tuchow.pl\/index.php\/2021\/03\/01\/doradztwo-zawodowe-w-ramach-projektu-spinka\/' class='pfpReadMore'>Read More &raquo;<\/a><div class='clear'><\/div><hr><\/div><div class='pfpItem entry-content'><h2 class='entry-title'><a href='https:\/\/sp.tuchow.pl\/index.php\/2021\/02\/19\/rekrutacja-do-klas-i-szkoly-podstawowej-im-stanislawa-staszica-w-tuchowie-rok-szkolny-20212022\/'>Rekrutacja do klas I Szko\u0142y Podstawowej im. Stanis\u0142awa Staszica w Tuchowie\u00a0rok szkolny 2021\/2022<\/a><\/h2><p>Dyrektor Szko\u0142y Podstawowej im. Stanis\u0142awa Staszica w Tuchowie informuje, \u017ce zapisy do klasy pierwszej przyjmowane b\u0119d\u0105 <strong>od 01 marca 2021 r. do 31 marca 2021 r.<\/strong><\/p>\n<p>Zg\u0142oszenia dla uczni\u00f3w z obwodu szko\u0142y (tj. Tuch\u00f3w, Meszna Opacka)&nbsp; oraz wnioski dla kandydat\u00f3w spoza obwodu nale\u017cy pobra\u0107 w sekretariacie szko\u0142y&nbsp;&nbsp;lub&nbsp;ze&nbsp;strony internetowej i&nbsp;z\u0142o\u017cy\u0107 w sekretariacie...<a href='https:\/\/sp.tuchow.pl\/index.php\/2021\/02\/19\/rekrutacja-do-klas-i-szkoly-podstawowej-im-stanislawa-staszica-w-tuchowie-rok-szkolny-20212022\/' class='pfpReadMore'>Read More &raquo;<\/a><div class='clear'><\/div><hr><\/div><div class='pfpItem entry-content'><h2 class='entry-title'><a href='https:\/\/sp.tuchow.pl\/index.php\/2021\/02\/14\/walentynki-z-ksiazka\/'>Walentynki z ksi\u0105\u017ck\u0105<\/a><\/h2><p>Bardzo nas cieszy, \u017ce podoba\u0142a Wam si\u0119 akcja przygotowana przez bibliotek\u0119 szkoln\u0105 i pedagoga a jednocze\u015bnie opiekuna samorz\u0105du szkolnego. W tym dniu pi\u0119knie ubrani na czerwono odwiedzili i po\u017cyczyli sobie ksi\u0105\u017cki prawie wszyscy uczniowie klas I- III ! W bibliotece czeka\u0142a na czytelnik\u00f3w niespodzianka, ka\u017cdy kto wypo\u017cyczy\u0142 ksi\u0105\u017ck\u0119 m\u00f3g\u0142 pocz\u0119stowa\u0107...<a href='https:\/\/sp.tuchow.pl\/index.php\/2021\/02\/14\/walentynki-z-ksiazka\/' class='pfpReadMore'>Read More &raquo;<\/a><div class='clear'><\/div><hr><\/div><div class='pfpItem entry-content'><h2 class='entry-title'><a href='https:\/\/sp.tuchow.pl\/index.php\/2021\/02\/10\/konkurs-stop-smog\/'>Konkurs Stop SMOG<\/a><\/h2><img decoding=\"async\" src=\"https:\/\/sp.tuchow.pl\/wp-content\/uploads\/2021\/02\/Baner-150x150.jpg\" \/><p class=\"Standard\">Zapraszamy wszystkich uczni\u00f3w naszej szko\u0142y, kt\u00f3rzy maj\u0105 tw\u00f3rcze pomys\u0142y na zagadnienia ekologiczne do wzi\u0119cia udzia\u0142u w konkursie Stop SMOG. Konkurs jest podzielony na kategorie wiekowe. Uczniowie klas I-III maj\u0105 za zadanie przygotowa\u0107 plakat ilustruj\u0105cy ich pomys\u0142 na walk\u0119 ze SMOG-iem. Na uczni\u00f3w klas starszych czekaj\u0105 zadania literackie. Klasy IV-VI...<a href='https:\/\/sp.tuchow.pl\/index.php\/2021\/02\/10\/konkurs-stop-smog\/' class='pfpReadMore'>Read More &raquo;<\/a><div class='clear'><\/div><hr><\/div><div class='pfpItem entry-content'><h2 class='entry-title'><a href='https:\/\/sp.tuchow.pl\/index.php\/2021\/02\/09\/na-basniowej-gorze\/'>\u201eNa Ba\u015bniowej G\u00f3rze\u201d<\/a><\/h2><img decoding=\"async\" src=\"https:\/\/sp.tuchow.pl\/wp-content\/uploads\/2021\/02\/na-basniowej-g\u00f3rze-150x150.png\" \/><p style=\"text-align: justify;\">[huge_it_slider id=&#8221;1&#8243;]Zapraszamy do udzia\u0142u w projekcie edukacyjnym \u201eNa Ba\u015bniowej G\u00f3rze\u201d. Jest on adresowany do <strong>uczni\u00f3w klas czwartych<\/strong> naszej szko\u0142y, a udzia\u0142 w nim jest <strong>DOBROWOLNY<\/strong>.<br \/>\nW ramach projektu uczniowie b\u0119d\u0105 otrzymywa\u0107 dodatkowe zadania do wykonania. <strong>Tematem przewodnim s\u0105 ba\u015bnie \u2013 te, poznawane w szkole, jak r\u00f3wnie\u017c te, z...<a href='https:\/\/sp.tuchow.pl\/index.php\/2021\/02\/09\/na-basniowej-gorze\/' class='pfpReadMore'>Read More &raquo;<\/a><div class='clear'><\/div><hr><\/div><div class='pfpItem entry-content'><h2 class='entry-title'><a href='https:\/\/sp.tuchow.pl\/index.php\/2021\/02\/09\/dzien-bezpiecznego-internetu\/'>Dzie\u0144 Bezpiecznego Internetu<\/a><\/h2><p class=\"Standard\">9. lutego obchodzony jest Dzie\u0144 Bezpiecznego Internetu. Z tej okazji zach\u0119camy do obejrzenia kr\u00f3tkiej prezentacji:<\/p>\n<p><iframe class=\"wp-embedded-content\" sandbox=\"allow-scripts\" security=\"restricted\" title=\"bezpieczny internet\" frameborder='0' width='1200' height='675' src='https:\/\/view.genially.com\/601ef909a14d110d147e15c7#?secret=ygURTE8uDO' data-secret='ygURTE8uDO' scrolling='yes'><\/iframe><\/p>\n...<a href='https:\/\/sp.tuchow.pl\/index.php\/2021\/02\/09\/dzien-bezpiecznego-internetu\/' class='pfpReadMore'>Read More &raquo;<\/a><div class='clear'><\/div><hr><\/div><div class='pfpItem entry-content'><h2 class='entry-title'><a href='https:\/\/sp.tuchow.pl\/index.php\/2021\/02\/05\/wielka-liga-czytelnikow-dla-uczniow-klas-ii-i-iii-rozstrzygnieta\/'>Wielka Liga Czytelnik\u00f3w  dla uczni\u00f3w klas II i III rozstrzygni\u0119ta!!!<\/a><\/h2><p>29 stycznia 2021 r. ostatnia grupa uczni\u00f3w przyst\u0105pi\u0142a do testu ze znajomo\u015bci ksi\u0105\u017cki Justyny Bednarek \u201eNowe przygody dziesi\u0119ciu skarpetek (jeszcze bardziej niesamowite)<\/p>\n<p><strong>Wyniki konkursu:<\/strong><\/p>\n<p><span style=\"text-decoration: underline;\">Kategoria wiekowa \u2013 uczniowie klas drugich<\/span><\/p>\n<p><strong>Mistrz Czytelnictwa&nbsp; &nbsp; &nbsp; &nbsp; &nbsp; &nbsp; &nbsp; &nbsp; &nbsp;Laura Sajdak&nbsp; &nbsp; &nbsp; &nbsp; &nbsp;kl. 2 d<\/strong><\/p>\n<p>I Wicemistrz Czytelnictwa&nbsp;&nbsp;&nbsp;&nbsp;&nbsp;&nbsp;&nbsp;&nbsp;&nbsp; Adam Czuba&nbsp;...<a href='https:\/\/sp.tuchow.pl\/index.php\/2021\/02\/05\/wielka-liga-czytelnikow-dla-uczniow-klas-ii-i-iii-rozstrzygnieta\/' class='pfpReadMore'>Read More &raquo;<\/a><div class='clear'><\/div><hr><\/div><div class='pfpItem entry-content'><h2 class='entry-title'><a href='https:\/\/sp.tuchow.pl\/index.php\/2021\/01\/30\/nowy-plan-lekcji\/'>NOWY plan lekcji<\/a><\/h2><p>Informujemy, \u017ce od 01 lutego \/poniedzia\u0142ek\/&nbsp; rozpoczynamy II okres. W zwi\u0105zku z tym, od tego dnia, b\u0119dzie obowi\u0105zywa\u0142 nowy plan zaj\u0119\u0107 \u2013 zosta\u0142 on zamieszczony w zak\u0142adce <a href=\"https:\/\/sp.tuchow.pl\/plan\/\">PLAN LEKCJI<\/a>.<\/p>\n...<a href='https:\/\/sp.tuchow.pl\/index.php\/2021\/01\/30\/nowy-plan-lekcji\/' class='pfpReadMore'>Read More &raquo;<\/a><div class='clear'><\/div><hr><\/div><div class='pfpItem entry-content'><h2 class='entry-title'><a href='https:\/\/sp.tuchow.pl\/index.php\/2021\/01\/28\/eliminacje-do-iii-gminnego-konkursu-piosenki-angielskiej-everybody-can-sing-dla-uczniow-szkoly-podstawowej-w-tuchowie\/'>Eliminacje do III Gminnego Konkursu Piosenki Angielskiej \u201eEverybody can sing\u201d dla uczni\u00f3w\u00a0Szko\u0142y Podstawowej w Tuchowie<\/a><\/h2><p align=\"justify\">&nbsp;<\/p>\n<p style=\"text-align: justify;\" align=\"justify\">Aby wzi\u0105\u0107 udzia\u0142&nbsp;w konkursie,&nbsp;nale\u017cy&nbsp;przes\u0142a\u0107&nbsp;video nagranie&nbsp;wybranej&nbsp;piosenki&nbsp;w j\u0119zyku angielskim&nbsp;za pomoc\u0105 edziennika&nbsp;do organizator\u00f3w konkursu: uczniowie klas 1-4 do p. Anety Rzeszutko, uczniowie klas 5-8 do p. Katarzyny Stelmach.<\/p>\n<p style=\"text-align: justify;\" align=\"justify\">Ostateczny termin przesy\u0142ania nagra\u0144:&nbsp;8.03.2021. Wyniki eliminacji zostan\u0105 og\u0142oszone 12.03.2021, 3 najlepszych solist\u00f3w,&nbsp;wybranych przez jury,&nbsp;przechodzi do&nbsp;etapu&nbsp;GMINNEGO.<\/p>\n<p style=\"text-align: justify;\" align=\"justify\">Rozstrzygni\u0119cie etapu...<a href='https:\/\/sp.tuchow.pl\/index.php\/2021\/01\/28\/eliminacje-do-iii-gminnego-konkursu-piosenki-angielskiej-everybody-can-sing-dla-uczniow-szkoly-podstawowej-w-tuchowie\/' class='pfpReadMore'>Read More &raquo;<\/a><div class='clear'><\/div><hr><\/div><div class='pfpItem entry-content'><h2 class='entry-title'><a href='https:\/\/sp.tuchow.pl\/index.php\/2021\/01\/26\/pan-tadeusz-w-klasie-osmej-i-nie-tylko\/'>,,Pan Tadeusz\u2019\u2019 w klasie \u00f3smej i nie tylko<\/a><\/h2><p><strong>&nbsp;&nbsp;&nbsp;&nbsp;&nbsp;&nbsp;&nbsp;&nbsp;&nbsp;&nbsp;&nbsp; Jedn\u0105 z lektur obowi\u0105zkowych na egzaminie \u00f3smoklasisty jest dzie\u0142o Adama Mickiewicza ,,Pan Tadeusz\u2019\u2019. Ksi\u0105\u017cka nie jest ch\u0119tnie czytana przez uczni\u00f3w, bo jest obszerna, napisana wierszem\u2026 <\/strong><\/p>\n<p><strong>Podczas nauczania zdalnego uczniowie klasy \u00f3smej podj\u0119li trud napisania zadanych prac. <\/strong><\/p>\n<p><strong>Jak zawsze, zach\u0119cam do lektury wybranych zada\u0144. <\/strong><\/p>\n<p>&nbsp;<\/p>\n<p>Temat 1: ,,Pan Tadeusz\u2019\u2019 jako dzie\u0142o...<a href='https:\/\/sp.tuchow.pl\/index.php\/2021\/01\/26\/pan-tadeusz-w-klasie-osmej-i-nie-tylko\/' class='pfpReadMore'>Read More &raquo;<\/a><div class='clear'><\/div><hr><\/div><div class='pfpItem entry-content'><h2 class='entry-title'><a href='https:\/\/sp.tuchow.pl\/index.php\/2021\/01\/26\/wyniki-konkursy-szkolnego-moja-budowla-ze-sniegu\/'>Wyniki konkursu szkolnego \"Moja budowla ze \u015bniegu\"<\/a><\/h2><p>&nbsp;&nbsp;&nbsp;&nbsp;&nbsp;&nbsp;&nbsp;&nbsp;&nbsp;&nbsp;&nbsp; Bardzo nas cieszy liczny udzia\u0142 w konkursie szkolnym \u201eMoja budowla ze \u015bniegu\u201d. Naszym celem by\u0142o dostarczenie Wam dawki \u015bwie\u017cego powietrza, chwili dobrej zabawy, relaksu i kreatywno\u015bci. W\u0142a\u015bnie za t\u0119 kreatywno\u015b\u0107 chcemy pochwali\u0107 zwyci\u0119zc\u00f3w. Wszystkim dzi\u0119kujemy za udzia\u0142 w zabawie, za przes\u0142anie zdj\u0119\u0107 i troszk\u0119 wysi\u0142ku.<\/p>\n<p>&nbsp;&nbsp;&nbsp;&nbsp;&nbsp;&nbsp;&nbsp;&nbsp;&nbsp;&nbsp;&nbsp; Przypominamy, \u017ce zdj\u0119cia, kt\u00f3re...<a href='https:\/\/sp.tuchow.pl\/index.php\/2021\/01\/26\/wyniki-konkursy-szkolnego-moja-budowla-ze-sniegu\/' class='pfpReadMore'>Read More &raquo;<\/a><div class='clear'><\/div><hr><\/div><div class='pfpItem entry-content'><h2 class='entry-title'><a href='https:\/\/sp.tuchow.pl\/index.php\/2021\/01\/24\/zdjecia-nadeslane-do-konkursu-konkurs-moja-budowla-ze-sniegu\/'>Zdj\u0119cia nades\u0142ane do konkursu KONKURS \u201eMoja budowla ze \u015bniegu\u201d<\/a><\/h2><p>Zdj\u0119cia nades\u0142ane do konkursu KONKURS \u201eMoja budowla ze \u015bniegu\u201d<\/p>\n<p>&nbsp;<\/p>\n<div class=\"fb-post\" data-href=\"http:\/\/www.facebook.com\/sptuchow\/photos\/a.2913668655569306\/2913665218902983\" data-width=\"552\" style=\"background-color: #fff; display: inline-block;\"><\/div>\n...<a href='https:\/\/sp.tuchow.pl\/index.php\/2021\/01\/24\/zdjecia-nadeslane-do-konkursu-konkurs-moja-budowla-ze-sniegu\/' class='pfpReadMore'>Read More &raquo;<\/a><div class='clear'><\/div><hr><\/div><div class='pfpItem entry-content'><h2 class='entry-title'><a href='https:\/\/sp.tuchow.pl\/index.php\/2021\/01\/22\/egzamin-osmoklasisty-nowe-wymagania\/'>EGZAMIN \u00d3SMOKLASISTY - nowe wymagania<\/a><\/h2><img decoding=\"async\" src=\"https:\/\/sp.tuchow.pl\/wp-content\/uploads\/2021\/01\/Zmiany-w-egz-\u00f3smo-baner2-150x150.jpg\" \/><p>W 2021 r. egzaminy \u00f3smoklasisty b\u0119dzie przeprowadzony wyj\u0105tkowo na podstawie wymaga\u0144 egzaminacyjnych zawartych w do\u0142\u0105czonych do rozporz\u0105dzenia za\u0142\u0105cznikach, a nie jak w ubieg\u0142ych latach na podstawie wymaga\u0144 okre\u015blonych w podstawie programowej kszta\u0142cenia og\u00f3lnego.<\/p>\n<h3>Egzamin \u00f3smoklasisty w 2021 r.<\/h3>\n<h4>J\u0119zyk polski<\/h4>\n<ul>\n<li>Przeprowadzany na podstawie&nbsp;<strong>wymaga\u0144 egzaminacyjnych<\/strong>, zawieraj\u0105cych ograniczony zakres wymaga\u0144 podstawy programowej, w tym skr\u00f3con\u0105...<a href='https:\/\/sp.tuchow.pl\/index.php\/2021\/01\/22\/egzamin-osmoklasisty-nowe-wymagania\/' class='pfpReadMore'>Read More &raquo;<\/a><div class='clear'><\/div><hr><\/div><div class='pfpItem entry-content'><h2 class='entry-title'><a href='https:\/\/sp.tuchow.pl\/index.php\/2021\/01\/20\/konkurs-moja-budowla-ze-sniegu\/'>AKTUALIZACJA!!! Zmiana terminu nadsy\u0142ania prac do konkursu \u201eMoja budowla ze \u015bniegu\u201d<\/a><\/h2><blockquote><p><span style=\"color: #ff0000;\">&gt;&gt;AKTUALIZACJA REGULAMIU&lt;&lt;&lt;<\/span><\/p><\/blockquote>\n<p><span style=\"color: #ff0000;\">W zwi\u0105zku z pro\u015bbami p\u0142yn\u0105cymi od uczni\u00f3w oraz rodzic\u00f3w zainteresowanych konkursem informujemy, i\u017c Organizator wprowadzi\u0142 zmiany do regulaminu konkursu.<\/span><br \/>\n<span style=\"color: #ff0000;\"> Zmiany dotycz\u0105 terminu nadsy\u0142ania fotografii. Na zdj\u0119cia czekamy do niedzieli 24 stycznia (godz. 20)<\/span><\/p>\n<p><span style=\"color: #ff0000;\">Zapraszamy serdecznie do udzia\u0142u w konkursie.<\/span><\/p>\n<p>Zach\u0119camy uczni\u00f3w naszej...<a href='https:\/\/sp.tuchow.pl\/index.php\/2021\/01\/20\/konkurs-moja-budowla-ze-sniegu\/' class='pfpReadMore'>Read More &raquo;<\/a><div class='clear'><\/div><hr><\/div><div class='pfpItem entry-content'><h2 class='entry-title'><a href='https:\/\/sp.tuchow.pl\/index.php\/2021\/01\/20\/czytam-z-klasa-lekturki-spod-chmurki-w-klasie-2-d\/'>,,Czytam z klas\u0105 - Lekturki spod chmurki\" w klasie 2 d<\/a><\/h2><p style=\"text-align: justify;\"><span class=\"highlight\"><span class=\"colour\"><span class=\"font\"><span class=\"size\">22 grudnia 2020r. uczniowie klasy 2d zako\u0144czyli realizacj\u0119 I Modu\u0142u mi\u0119dzynarodowego projektu edukacyjnego \u201eCzytam z klas\u0105 \u2013 Lekturki spod chmurki\u201d- edycja II EKOlogiczna.<\/span><\/span><\/span><\/span><\/p>\n<p style=\"text-align: justify;\"><span class=\"highlight\"><span class=\"colour\"><span class=\"font\"><span class=\"size\">23 wrze\u015bnia 2020r. dzieci z du\u017cym zaanga\u017cowaniem przyst\u0105pi\u0142y do realizacji zada\u0144. Przygotowa\u0142y lekturniki, chmurk\u0119 Tosi\u0119 oraz...<a href='https:\/\/sp.tuchow.pl\/index.php\/2021\/01\/20\/czytam-z-klasa-lekturki-spod-chmurki-w-klasie-2-d\/' class='pfpReadMore'>Read More &raquo;<\/a><div class='clear'><\/div><hr><\/div><div class='pfpItem entry-content'><h2 class='entry-title'><a href='https:\/\/sp.tuchow.pl\/index.php\/2021\/01\/17\/klasa-2a-uczestnikiem-miedzynarodowego-projektu-edukacyjnego-czytam-z-klasa\/'>Klasa 2a uczestnikiem Mi\u0119dzynarodowego Projektu  Edukacyjnego \u201eCzytam z klas\u0105\u201d.<\/a><\/h2><p style=\"text-align: justify;\">Uczniowie klasy 2a zako\u0144czyli realizacj\u0119 I MODU\u0141U projektu edukacyjnego, wspieraj\u0105cego rozw\u00f3j czytelnictwa w\u015br\u00f3d uczni\u00f3w klas I-III. Jest to ju\u017c druga edycja \u2013 EKOlogiczna.<\/p>\n<p style=\"text-align: justify;\">Wykonali\u015bmy wszystkie zadania zawarte w regulaminie, cz\u0119\u015b\u0107 w czasie nauki stacjonarnej, cz\u0119\u015b\u0107 w czasie nauki zdalnej. Uczniowie zapoznali si\u0119 z tre\u015bci\u0105 lektury &#8222;Drzewo do...<a href='https:\/\/sp.tuchow.pl\/index.php\/2021\/01\/17\/klasa-2a-uczestnikiem-miedzynarodowego-projektu-edukacyjnego-czytam-z-klasa\/' class='pfpReadMore'>Read More &raquo;<\/a><div class='clear'><\/div><hr><\/div><div class='pfpItem entry-content'><h2 class='entry-title'><a href='https:\/\/sp.tuchow.pl\/index.php\/2021\/01\/15\/powrot-uczniow-do-nauki-po-feriach\/'>Powr\u00f3t uczni\u00f3w do nauki po feriach<\/a><\/h2><p dir=\"ltr\" style=\"text-align: justify;\">Zgodnie z ostatnimi decyzjami Ministra Edukacji i Nauki, od poniedzia\u0142ku, 18 stycznia br. <strong>uczniowie klas I-III<\/strong> szk\u00f3\u0142 podstawowych <strong>wracaj\u0105 do nauki stacjonarnej<\/strong> w \u015bcis\u0142ym re\u017cimie sanitarnym.&nbsp;&nbsp;<\/p>\n<p dir=\"ltr\" style=\"text-align: justify;\">Od 18 do 31 stycznia 2021 r. <strong>uczniowie klas IV-VIII<\/strong> pozostaj\u0105<strong> w trybie pracy zdalnej<\/strong>, na zasadach obowi\u0105zuj\u0105cych dotychczas.&nbsp;<\/p>\n<p...<a href='https:\/\/sp.tuchow.pl\/index.php\/2021\/01\/15\/powrot-uczniow-do-nauki-po-feriach\/' class='pfpReadMore'>Read More &raquo;<\/a><div class='clear'><\/div><hr><\/div><div class='pfpItem entry-content'><h2 class='entry-title'><a href='https:\/\/sp.tuchow.pl\/index.php\/2020\/12\/28\/wyniki-viii-gminny-konkurs-swiatecznej-piosenki-obcojezycznej-tuchow-2020\/'>WYNIKI!! VIII Gminny Konkurs \u015awi\u0105tecznej Piosenki Obcoj\u0119zycznej Tuch\u00f3w 2020<\/a><\/h2><img decoding=\"async\" src=\"https:\/\/sp.tuchow.pl\/wp-content\/uploads\/2020\/12\/Baner2-150x150.jpg\" \/><div><strong>Klasy 1-3<\/strong><\/div>\n<div><strong>I miejsce: Kornelia W\u00f3jcik &#8211; Piotrkowice<\/strong><\/div>\n<div>II miejsce: Izabela Damian &#8211; Lubaszowa<\/div>\n<div>III miejsce: Kinga Janu\u015b &#8211; Tuch\u00f3w<\/div>\n<div>&nbsp; &nbsp; &nbsp; &nbsp; &nbsp; &nbsp; &nbsp; &nbsp; &nbsp;Kamil Knapik &#8211; Tuch\u00f3w<\/div>\n<div>&nbsp;<\/div>\n<div>Wyr\u00f3\u017cnienie: Julia Sajdak &#8211; Tuch\u00f3w<\/div>\n<div>&nbsp;<\/div>\n<div><strong>Klasy 4-6<\/strong><\/div>\n<div><strong>I miejsce : Jakub Baran &#8211; Lubaszowa<\/strong><\/div>\n<div>II miejsce: Gabriela Wi\u0119cek &#8211; Piotrkowice<\/div>\n<div>III miejsce: Amelia Witkowska &#8211; Lubaszowa<\/div>\n<div>&nbsp; &nbsp;...<a href='https:\/\/sp.tuchow.pl\/index.php\/2020\/12\/28\/wyniki-viii-gminny-konkurs-swiatecznej-piosenki-obcojezycznej-tuchow-2020\/' class='pfpReadMore'>Read More &raquo;<\/a><div class='clear'><\/div><hr><\/div><div class='pfpItem entry-content'><h2 class='entry-title'><a href='https:\/\/sp.tuchow.pl\/index.php\/2020\/12\/21\/swiateczna-historia-jaselka-oraz-zyczenia-swiateczne-i-noworoczne-dla-calej-spolecznosci-szkolnej\/'>\u015awi\u0105teczna Historia - Jase\u0142ka oraz \u017byczenia \u015awi\u0105teczne i Noworoczne dla ca\u0142ej spo\u0142eczno\u015bci szkolnej<\/a><\/h2><p>Jase\u0142ka oraz \u017byczenia \u015awi\u0105teczne i Noworoczne dla ca\u0142ej spo\u0142eczno\u015bci szkolnej od Dyrektora szko\u0142y, ks. proboszcza, a tak\u017ce Przewodnicz\u0105cej Samorz\u0105du Uczniowskiego.<\/p>\n<p>&nbsp;<\/p>\n<div class=\"fb-video\" data-allowfullscreen=\"true\" data-href=\"http:\/\/www.facebook.com\/sptuchow\/videos\/301904041253049\" style=\"background-color: #fff; display: inline-block;\"><\/div>\n...<a href='https:\/\/sp.tuchow.pl\/index.php\/2020\/12\/21\/swiateczna-historia-jaselka-oraz-zyczenia-swiateczne-i-noworoczne-dla-calej-spolecznosci-szkolnej\/' class='pfpReadMore'>Read More &raquo;<\/a><div class='clear'><\/div><hr><\/div><div class='pfpItem entry-content'><h2 class='entry-title'><a href='https:\/\/sp.tuchow.pl\/index.php\/2020\/12\/21\/zyczenia-swiateczne-i-noworoczne-dla-calej-spolecznosci-szkolnej\/'>\u017byczenia \u015awi\u0105teczne i Noworoczne od uczni\u00f3w i wychowawcy klasy 4b oraz opiekun\u00f3w \u015bwietlicy<\/a><\/h2><p>&nbsp;<\/p>\n<div class=\"fb-post\" data-href=\"http:\/\/www.facebook.com\/sptuchow\/photos\/a.1798034137132769\/2886445798291592\/\" data-width=\"552\" style=\"background-color: #fff; display: inline-block;\"><\/div>\n<div class=\"fb-post\" data-href=\"http:\/\/www.facebook.com\/sptuchow\/photos\/a.1798034137132769\/2886432871626218\/\" data-width=\"552\" style=\"background-color: #fff; display: inline-block;\"><\/div>\n...<a href='https:\/\/sp.tuchow.pl\/index.php\/2020\/12\/21\/zyczenia-swiateczne-i-noworoczne-dla-calej-spolecznosci-szkolnej\/' class='pfpReadMore'>Read More &raquo;<\/a><div class='clear'><\/div><hr><\/div><div class='pfpItem entry-content'><h2 class='entry-title'><a href='https:\/\/sp.tuchow.pl\/index.php\/2020\/12\/17\/coraz-blizej-swieta\/'>Coraz bli\u017cej \u015awi\u0119ta\u2026<\/a><\/h2><p class=\"Standard\">Zapraszamy do obejrzenia prezentacji o tradycjach \u015awi\u0105t Bo\u017cego Narodzenia.<\/p>\n<div class=\"fb-post\" data-href=\"http:\/\/www.facebook.com\/sptuchow\/photos\/a.1798034137132769\/2882525255350313\/\" data-width=\"552\" style=\"background-color: #fff; display: inline-block;\"><\/div>\n<p>&nbsp;<\/p>\n...<a href='https:\/\/sp.tuchow.pl\/index.php\/2020\/12\/17\/coraz-blizej-swieta\/' class='pfpReadMore'>Read More &raquo;<\/a><div class='clear'><\/div><hr><\/div><div class='pfpItem entry-content'><h2 class='entry-title'><a href='https:\/\/sp.tuchow.pl\/index.php\/2020\/12\/15\/miejsce-gdzie-rodzi-sie-magia-nadzieja-i-milosc-w-tajemniczym-ogrodzie-klasy-5-a\/'>,,Miejsce, gdzie rodzi si\u0119 magia, nadzieja i mi\u0142o\u015b\u0107''. W ,,Tajemniczym ogrodzie\u2019\u2019 klasy 5 a<\/a><\/h2><p style=\"text-align: right;\">Motto:<\/p>\n<p style=\"text-align: right;\"><em>,,W \u015bwiecie musi by\u0107 mn\u00f3stwo czar\u00f3w, tylko ludzie<\/em><\/p>\n<p style=\"text-align: right;\"><em>nie wiedz\u0105, jak one wygl\u0105daj\u0105 i jak je czyni\u0107.<\/em><\/p>\n<p style=\"text-align: right;\"><em>Mo\u017ce trzeba zacz\u0105\u0107 od tego, by uwierzy\u0107, \u017ce stanie si\u0119<\/em><\/p>\n<p style=\"text-align: right;\"><em>co\u015b dobrego i wierzy\u0107 w to, dop\u00f3ki si\u0119 naprawd\u0119 nie stanie\u2019\u2019.<\/em><\/p>\n<p>&nbsp;<\/p>\n<p style=\"text-align: justify;\">Gdy za oknem zrobi\u0142o...<a href='https:\/\/sp.tuchow.pl\/index.php\/2020\/12\/15\/miejsce-gdzie-rodzi-sie-magia-nadzieja-i-milosc-w-tajemniczym-ogrodzie-klasy-5-a\/' class='pfpReadMore'>Read More &raquo;<\/a><div class='clear'><\/div><hr><\/div><div class='pfpItem entry-content'><h2 class='entry-title'><a href='https:\/\/sp.tuchow.pl\/index.php\/2020\/12\/10\/rozstrzygniecie-swietlicowego-konkursu-selfie-z-misiem\/'>Rozstrzygni\u0119cie \u015bwietlicowego konkursu \u201eSelfie z misiem\u201d<\/a><\/h2><p>Mi\u0142o nam poinformowa\u0107 o rozstrzygni\u0119ciu &nbsp;konkursu &nbsp;z okazji \u015awiatowego Dnia Pluszowego Misia przypadaj\u0105cego na 25 listopada. W konkursie wzi\u0119\u0142o udzia\u0142 25 uczni\u00f3w z klas I \u2013 III.&nbsp;<\/p>\n<p>Niezale\u017cne jury przyzna\u0142o nast\u0119puj\u0105ce miejsca:<\/p>\n<p><strong>I miejsce ex eaquo:<\/strong><\/p>\n<p>Alicja P\u0142achno, 1a<\/p>\n<p>Julia P\u0142achno, 1b<\/p>\n<p>&nbsp;<\/p>\n<p><strong>II miejsce ex eaquo:<\/strong><\/p>\n<p>Wojciech Igielski, kl.3c<\/p>\n<p>Szymon Habry\u0142o, kl. 1a<\/p>\n<p>&nbsp;<\/p>\n<p><strong>III miejsce ex eaquo:<\/strong><\/p>\n<p>Ernest Krzy\u017canowski,...<a href='https:\/\/sp.tuchow.pl\/index.php\/2020\/12\/10\/rozstrzygniecie-swietlicowego-konkursu-selfie-z-misiem\/' class='pfpReadMore'>Read More &raquo;<\/a><div class='clear'><\/div><hr><\/div><div class='pfpItem entry-content'><h2 class='entry-title'><a href='https:\/\/sp.tuchow.pl\/index.php\/2020\/12\/05\/9417\/'>Niespodzianka od \u015aw. Miko\u0142aja<\/a><\/h2><div class=\"\" data-block=\"true\" data-editor=\"aq51a\" data-offset-key=\"97vnp-0-0\">\n<div class=\"_1mf _1mj\" data-offset-key=\"97vnp-0-0\"><span data-offset-key=\"97vnp-0-0\">Je\u017celi chcesz zobaczy\u0107 niespodziank\u0119 od \u015aw. Miko\u0142aja kliknij w poni\u017cszy link-udanej zabawy!!!<\/span><\/div>\n<\/div>\n<div class=\"\" data-block=\"true\" data-editor=\"aq51a\" data-offset-key=\"4p8ps-0-0\">\n<div class=\"_1mf _1mj\" data-offset-key=\"4p8ps-0-0\"><span data-offset-key=\"4p8ps-0-0\">&nbsp;<\/span><\/div>\n<\/div>\n<div class=\"\" data-block=\"true\" data-editor=\"aq51a\" data-offset-key=\"4cmof-0-0\">\n<div class=\"_1mf _1mj\" data-offset-key=\"4cmof-0-0\">\n<div class=\"fb-post\" data-href=\"http:\/\/www.facebook.com\/sptuchow\/photos\/a.1798034137132769\/2872490543020451\/\" data-width=\"552\" style=\"background-color: #fff; display: inline-block;\"><\/div>\n<\/div>\n<\/div>\n...<a href='https:\/\/sp.tuchow.pl\/index.php\/2020\/12\/05\/9417\/' class='pfpReadMore'>Read More &raquo;<\/a><div class='clear'><\/div><hr><\/div><div class='pfpItem entry-content'><h2 class='entry-title'><a href='https:\/\/sp.tuchow.pl\/index.php\/2020\/12\/05\/miedzynarodowy-dzien-osob-z-niepelnosprawnosciami\/'>Mi\u0119dzynarodowy Dzie\u0144 Os\u00f3b z Niepe\u0142nosprawno\u015bciami<\/a><\/h2><p><a href=\"http:\/\/biteable.com\/watch\/mdzon-2738754?fbclid=IwAR2SUaTtGHs8934SmfeCoIE0cXw2LA4tyCs5UmAoULP62Jp91dG-QY0rZ4Q\">http:\/\/biteable.com\/watch\/mdzon-2738754?fbclid=IwAR2SUaTtGHs8934SmfeCoIE0cXw2LA4tyCs5UmAoULP62Jp91dG-QY0rZ4Q<\/a><\/p>\n<div class=\"fb-post\" data-href=\"http:\/\/www.facebook.com\/sptuchow\/photos\/a.1794858947450288\/2872376093031896\/\" data-width=\"552\" style=\"background-color: #fff; display: inline-block;\"><\/div>\n...<a href='https:\/\/sp.tuchow.pl\/index.php\/2020\/12\/05\/miedzynarodowy-dzien-osob-z-niepelnosprawnosciami\/' class='pfpReadMore'>Read More &raquo;<\/a><div class='clear'><\/div><hr><\/div><div class='pfpItem entry-content'><h2 class='entry-title'><a href='https:\/\/sp.tuchow.pl\/index.php\/2020\/12\/03\/muzyczny-kalendarz-adwentowy\/'>Muzyczny Kalendarz Adwentowy<\/a><\/h2><p class=\"Standard\" style=\"text-align: justify;\">Najwy\u017cszy czas zacz\u0105\u0107 odliczanie do \u015awi\u0105t Bo\u017cego Narodzenia. Zapraszam wszystkich do zabawy, kt\u00f3ra wprowadzi nas w \u015bwi\u0105teczny klimat i umili oczekiwanie na ten wspania\u0142y czas.<\/p>\n<p class=\"Standard\" style=\"text-align: justify;\">Codziennie kliknij w odpowiedni\u0105 dat\u0119 i wys\u0142uchaj przygotowan\u0105 na ten dzie\u0144 piosenk\u0119 \u015bwi\u0105teczn\u0105 w j\u0119zyku angielskim. Znajd\u0105 si\u0119 tutaj piosenki...<a href='https:\/\/sp.tuchow.pl\/index.php\/2020\/12\/03\/muzyczny-kalendarz-adwentowy\/' class='pfpReadMore'>Read More &raquo;<\/a><div class='clear'><\/div><hr><\/div><div class='pfpItem entry-content'><h2 class='entry-title'><a href='https:\/\/sp.tuchow.pl\/index.php\/2020\/11\/27\/konkurs-dla-uczniow-klas-drugich\/'>Konkurs dla uczni\u00f3w klas drugich<\/a><\/h2><p>Zach\u0119camy uczni\u00f3w klas 2 Szko\u0142y Podstawowej w Tuchowie do wzi\u0119cia udzia\u0142u w projekcie czytelniczym z j\u0119zyka angielskiego \u201eReading is magic.\u201d Celem projektu jest wzbogacenie zakresu s\u0142ownictwa, zwi\u0119kszenie motywacji do nauki j\u0119zyka angielskiego, poznanie literatury obcoj\u0119zycznej, rado\u015b\u0107 z samodzielnego czytania w j\u0119zyku angielskim, rozwijanie umiej\u0119tno\u015bci s\u0142uchania i czytania ze zrozumieniem.<\/p>\n<p>Wi\u0119cej informacji...<a href='https:\/\/sp.tuchow.pl\/index.php\/2020\/11\/27\/konkurs-dla-uczniow-klas-drugich\/' class='pfpReadMore'>Read More &raquo;<\/a><div class='clear'><\/div><hr><\/div><div class='pfpItem entry-content'><h2 class='entry-title'><a href='https:\/\/sp.tuchow.pl\/index.php\/2020\/11\/26\/wyniki-szkolnego-konkursu-z-rozancem-swietym-w-dloni\/'>Wyniki Szkolnego Konkursu \u201eZ R\u00f3\u017ca\u0144cem \u015awi\u0119tym w d\u0142oni\u201d<\/a><\/h2><p>Og\u0142oszony w pa\u017adzierniku konkurs na wykonanie r\u00f3\u017ca\u0144ca zosta\u0142 rozstrzygni\u0119ty. W konkursie wzi\u0119\u0142o udzia\u0142 ponad 90 uczni\u00f3w klas I \u2013 IV . W ka\u017cdej kategorii wiekowej Zostali wy\u0142onieni zwyci\u0119scy trzech pierwszych miejsc. Ze wzgl\u0119du na wielo\u015b\u0107 i r\u00f3\u017cnorodno\u015b\u0107 prac, pi\u0119kne wykonanie i&nbsp; pomys\u0142owo\u015b\u0107, zosta\u0142o przyznanych tak\u017ce wiele wyr\u00f3\u017cnie\u0144.<\/p>\n<p>Komisja konkursowa w sk\u0142adzie:<\/p>\n<p>Patrycja...<a href='https:\/\/sp.tuchow.pl\/index.php\/2020\/11\/26\/wyniki-szkolnego-konkursu-z-rozancem-swietym-w-dloni\/' class='pfpReadMore'>Read More &raquo;<\/a><div class='clear'><\/div><hr><\/div><div class='pfpItem entry-content'><h2 class='entry-title'><a href='https:\/\/sp.tuchow.pl\/index.php\/2020\/11\/25\/9399\/'>WIRTUALNE ANDRZEJKI<\/a><\/h2><div dir=\"ltr\">\n<div dir=\"ltr\">\n<div dir=\"ltr\">\n<p>\u015awietlica Szkolna i Samorz\u0105d Uczniowski zapraszaj\u0105 wszystkich uczni\u00f3w na WIRTUALNE ANDRZEJKI!<\/p>\n<div>Je\u015bli chcesz pozna\u0107 co czeka Ci\u0119 w przysz\u0142o\u015bci i dowiedzie\u0107 si\u0119 co nieco o andrzejkowych tradycjach KLIKNIJ W LINK:<\/div>\n<\/div>\n<\/div>\n<\/div>\n<div dir=\"ltr\">\n<div dir=\"ltr\">\n<div dir=\"ltr\">\n<div>\n<div><a href=\"http:\/\/view.genial.ly\/5fb65fcfc48a490d2894b6f3\/presentation-andrzejki-online?fbclid=IwAR0Cwli9A3E7UuN73_aKc4QlNEemb_MaNv4nHE9y7Hy8s_dgTjuv_5gZ_nY\">http:\/\/view.genial.ly\/5fb65fcfc48a490d2894b6f3\/presentation-andrzejki-online?fbclid=IwAR0Cwli9A3E7UuN73_aKc4QlNEemb_MaNv4nHE9y7Hy8s_dgTjuv_5gZ_nY<\/a><\/div>\n<\/div>\n<\/div>\n<\/div>\n<\/div>\n<div>&nbsp;<\/div>\n<div>&nbsp;<\/div>\n<div>\n<div class=\"fb-post\" data-href=\"http:\/\/www.facebook.com\/sptuchow\/photos\/a.1798034137132769\/2863154983954007\/\" data-width=\"552\" style=\"background-color: #fff; display: inline-block;\"><\/div>\n<\/div>\n...<a href='https:\/\/sp.tuchow.pl\/index.php\/2020\/11\/25\/9399\/' class='pfpReadMore'>Read More &raquo;<\/a><div class='clear'><\/div><hr><\/div><div class='pfpItem entry-content'><h2 class='entry-title'><a href='https:\/\/sp.tuchow.pl\/index.php\/2020\/11\/24\/viii-gminny-konkurs-swiatecznej-piosenki-obcojezycznej-online\/'>VIII Gminny Konkurs \u015awi\u0105tecznej Piosenki Obcoj\u0119zycznej online<\/a><\/h2><p>Zach\u0119camy do wzi\u0119cia udzia\u0142u w&nbsp;<strong>VIII Gminnym Konkursie \u015awi\u0105tecznej Piosenki Obcoj\u0119zycznej online&nbsp;<\/strong>organizowanego przez&nbsp;Szko\u0142\u0119 Podstawow\u0105 w Tuchowie.<\/p>\n<div class=\"fb-post\" data-href=\"http:\/\/www.facebook.com\/sptuchow\/photos\/a.1798034137132769\/2862495174019988\/\" data-width=\"552\" style=\"background-color: #fff; display: inline-block;\"><\/div>\n<p><a href=\"https:\/\/sp.tuchow.pl\/pobierz\/REGULAMIN.pdf\">Regulamin konkursu<\/a><\/p>\n<p><a href=\"https:\/\/sp.tuchow.pl\/pobierz\/KARTA%20ZGLOSZENIA%202020.pdf\">Karta zg\u0142oszenia uczestnika<\/a><\/p>\n<p><a href=\"https:\/\/sp.tuchow.pl\/pobierz\/ZGODA%20NA%20PRZETWARZANIE%20DANYCH%20OSOBOWYCH.pdf\">Zgodna na przetwarzanie danych osobowych<\/a><\/p>\n<p><a href=\"https:\/\/sp.tuchow.pl\/pobierz\/Zgoda%20rodzica%20GKSPO%20online%202020.pdf\">Zgodna rodzica<\/a><\/p>\n...<a href='https:\/\/sp.tuchow.pl\/index.php\/2020\/11\/24\/viii-gminny-konkurs-swiatecznej-piosenki-obcojezycznej-online\/' class='pfpReadMore'>Read More &raquo;<\/a><div class='clear'><\/div><hr><\/div><div class='pfpItem entry-content'><h2 class='entry-title'><a href='https:\/\/sp.tuchow.pl\/index.php\/2020\/11\/23\/zapraszamy-do-udzialu-w-akcji-eko-zwierzaki\/'>Zapraszamy do udzia\u0142u w akcji Eko-Zwierzaki<\/a><\/h2><p dir=\"ltr\">Opr\u00f3cz trwaj\u0105cej do 15 grudnia zbi\u00f3rki u\u017cywanych koc\u00f3w, ko\u0142der oraz karmy dla bezdomnych zwierz\u0105t, zach\u0119camy do wsparcia potrzebuj\u0105cych zwierzak\u00f3w r\u00f3wnie\u017c w innej formie. \u017beby pom\u00f3c, nale\u017cy zbiera\u0107 puste pojemniki po tuszu do drukarek atramentowych. W szkole pojawi\u0105 si\u0119 specjalne pude\u0142ka z logo akcji Eko-Zwierzaki, do kt\u00f3rych, po powrocie do...<a href='https:\/\/sp.tuchow.pl\/index.php\/2020\/11\/23\/zapraszamy-do-udzialu-w-akcji-eko-zwierzaki\/' class='pfpReadMore'>Read More &raquo;<\/a><div class='clear'><\/div><hr><\/div><div class='pfpItem entry-content'><h2 class='entry-title'><a href='https:\/\/sp.tuchow.pl\/index.php\/2020\/11\/23\/konkurs-fotograficznyselfie-z-pluszowym-misiem\/'>KONKURS FOTOGRAFICZNY\u201eSELFIE Z PLUSZOWYM MISIEM\u201d<\/a><\/h2><p style=\"font-weight: 400;\">25 listopada obchodzimy Mi\u0119dzynarodowy Dzie\u0144 Pluszowego Misia. Ka\u017cdy z nas mia\u0142 pewnie lub nadal ma ulubionego misia, kt\u00f3ry by\u0142 z nami na dobre i na z\u0142e . Misia od mamy, taty lub cioci&nbsp;J<\/p>\n<p style=\"font-weight: 400;\">W zwi\u0105zku z sytuacj\u0105 epidemiologiczn\u0105 w ca\u0142ym kraju zach\u0119camy Was do udzia\u0142u w konkursie,...<a href='https:\/\/sp.tuchow.pl\/index.php\/2020\/11\/23\/konkurs-fotograficznyselfie-z-pluszowym-misiem\/' class='pfpReadMore'>Read More &raquo;<\/a><div class='clear'><\/div><hr><\/div><div class='pfpItem entry-content'><h2 class='entry-title'><a href='https:\/\/sp.tuchow.pl\/index.php\/2020\/11\/22\/wyniki-szkolnego-konkursu-historycznego-krolewskie-rymowanki-dla-klas-iv-viii\/'>Wyniki Szkolnego Konkursu Historycznego \u201eKr\u00f3lewskie rymowanki\u201d dla klas IV \u2013 VIII<\/a><\/h2><p style=\"text-align: justify;\">Prze ca\u0142y pa\u017adziernik uczniowie klas IV \u2013VIII uk\u0142adali rymowanki o wybranym w\u0142adcy Polski.&nbsp; W tej kategorii wiekowej popularno\u015bci\u0105 cieszyli si\u0119 Piastowie \u2013 Mieszko I, Boles\u0142aw Chrobry oraz Kazimierz Wielki. Rymowanki u\u0142o\u017cy\u0142o 34 uczni\u00f3w. Komisja konkursowa oceni\u0142a prace pod k\u0105tem zastosowanych rym\u00f3w, zgodno\u015bci zawartych w tek\u015bcie fakt\u00f3w <a class=\"antispy\"...<a href='https:\/\/sp.tuchow.pl\/index.php\/2020\/11\/22\/wyniki-szkolnego-konkursu-historycznego-krolewskie-rymowanki-dla-klas-iv-viii\/' class='pfpReadMore'>Read More &raquo;<\/a><div class='clear'><\/div><hr><\/div><div class='pfpItem entry-content'><h2 class='entry-title'><a href='https:\/\/sp.tuchow.pl\/index.php\/2020\/11\/20\/regulamin-wypozyczania-sprzetu-komputerowego-znajdujacego-sie-na-wyposazeniu-szkoly-podstawowej-im-stanislawa-staszica-w-tuchowie\/'>Regulamin wypo\u017cyczania sprz\u0119tu komputerowego znajduj\u0105cego si\u0119 na wyposa\u017ceniu Szko\u0142y Podstawowej im. Stanis\u0142awa Staszica w Tuchowie<\/a><\/h2><p>W dziale<\/p>\n<blockquote class=\"wp-embedded-content\" data-secret=\"vQ1C9cfwIB\"><p><a href=\"https:\/\/sp.tuchow.pl\/index.php\/dokumentacja\/\">Dokumentacja<\/a><\/p><\/blockquote>\n<p><iframe loading=\"lazy\" class=\"wp-embedded-content\" sandbox=\"allow-scripts\" security=\"restricted\" style=\"position: absolute; visibility: hidden;\" title=\"&#8222;Dokumentacja&#8221; &#8212; Szko\u0142a Podstawowa w Tuchowie\" src=\"https:\/\/sp.tuchow.pl\/index.php\/dokumentacja\/embed\/#?secret=6WJJLfWlfj#?secret=vQ1C9cfwIB\" data-secret=\"vQ1C9cfwIB\" width=\"600\" height=\"338\" frameborder=\"0\" marginwidth=\"0\" marginheight=\"0\" scrolling=\"no\"><\/iframe><\/p>\n<p><strong>&nbsp;<\/strong>zosta\u0142 zamieszczony &#8222;Regulamin wypo\u017cyczania sprz\u0119tu komputerowego znajduj\u0105cego si\u0119 na wyposa\u017ceniu Szko\u0142y Podstawowej im. Stanis\u0142awa Staszica w Tuchowie&#8221;.&nbsp;<\/p>\n<p>&nbsp;<\/p>\n...<a href='https:\/\/sp.tuchow.pl\/index.php\/2020\/11\/20\/regulamin-wypozyczania-sprzetu-komputerowego-znajdujacego-sie-na-wyposazeniu-szkoly-podstawowej-im-stanislawa-staszica-w-tuchowie\/' class='pfpReadMore'>Read More &raquo;<\/a><div class='clear'><\/div><hr><\/div><div class='pfpItem entry-content'><h2 class='entry-title'><a href='https:\/\/sp.tuchow.pl\/index.php\/2020\/11\/15\/zuzanna-kras-zdobyla-ii-miejsce-w-finale-grand-prix-krakowa-w-biegach-przelajowych-2020\/'>Zuzanna Kras zdoby\u0142a II miejsce w finale Grand Prix Krakowa w biegach prze\u0142ajowych 2020<\/a><\/h2><p>Zuzanna Kras \u2013 uczennica klasy 8c, zdoby\u0142a <strong>II miejsce w finale Grand Prix Krakowa w biegach prze\u0142ajowych 2020<\/strong> &#8211; cykl czterech bieg\u00f3w trwaj\u0105cych od marca do listopada. Zuzanna zdoby\u0142a 75 punkt\u00f3w, a do pierwszego miejsca zabrak\u0142o jej tylko 3 punkt\u00f3w.<\/p>\n<p>Dzisiaj r\u00f3wnie\u017c wywalczy\u0142a <strong>III miejsce w Mistrzostwach Wojew\u00f3dztwa Ma\u0142opolskiego w Biegach...<a href='https:\/\/sp.tuchow.pl\/index.php\/2020\/11\/15\/zuzanna-kras-zdobyla-ii-miejsce-w-finale-grand-prix-krakowa-w-biegach-przelajowych-2020\/' class='pfpReadMore'>Read More &raquo;<\/a><div class='clear'><\/div><hr><\/div><div class='pfpItem entry-content'><h2 class='entry-title'><a href='https:\/\/sp.tuchow.pl\/index.php\/2020\/11\/14\/wyniki-szkolnego-konkursu-historycznego-krolewskie-rymowanki-klasy-i-iii\/'>Wyniki Szkolnego Konkursu Historycznego \u201eKr\u00f3lewskie rymowanki\u201d. Klasy I-III<\/a><\/h2><p style=\"text-align: justify;\">Og\u0142oszony w pa\u017adzierniku konkurs \u201eKr\u00f3lewskie rymowanki\u201d dobieg\u0142 ko\u0144ca. Konkurs by\u0142 fina\u0142em projektu edukacyjnego \u201eKazimierzowskie w\u0119dr\u00f3wki\u201d. Przeznaczono go dla trzech grup wiekowych: klasy I-III, IV-VI oraz VII \u2013 VIII.<\/p>\n<p style=\"text-align: justify;\">Dzieci z klas&nbsp; I \u2013 III mia\u0142y za zadanie wykona\u0107 portret wybranego w\u0142adcy Polski technik\u0105 kola\u017cu. Na konkurs zg\u0142oszono...<a href='https:\/\/sp.tuchow.pl\/index.php\/2020\/11\/14\/wyniki-szkolnego-konkursu-historycznego-krolewskie-rymowanki-klasy-i-iii\/' class='pfpReadMore'>Read More &raquo;<\/a><div class='clear'><\/div><hr><\/div><div class='pfpItem entry-content'><h2 class='entry-title'><a href='https:\/\/sp.tuchow.pl\/index.php\/2020\/11\/13\/pomoc-dla-bezdomnych-zwierzat-2\/'>POMOC DLA BEZDOMNYCH ZWIERZ\u0104T<\/a><\/h2><p>POMOC DLA BEZDOMNYCH ZWIERZ\u0104T zbi\u00f3rka koc\u00f3w, ko\u0142der, karmy<\/p>\n<p style=\"text-align: justify;\">Szko\u0142a Podstawowa w Tuchowie zwraca si\u0119 z pro\u015bb\u0105 o pomoc dla bezdomnych zwierz\u0105t. Wraz z Towarzystwem Opieki nad Zwierz\u0119tami oddzia\u0142 w Tarnowie organizujemy zbi\u00f3rk\u0119 u\u017cywanych koc\u00f3w, ko\u0142der oraz karmy. Od poniedzia\u0142ku 16 listopada 2020 r. przed szko\u0142\u0105 wystawione b\u0119dzie pud\u0142o w...<a href='https:\/\/sp.tuchow.pl\/index.php\/2020\/11\/13\/pomoc-dla-bezdomnych-zwierzat-2\/' class='pfpReadMore'>Read More &raquo;<\/a><div class='clear'><\/div><hr><\/div><div class='pfpItem entry-content'><h2 class='entry-title'><a href='https:\/\/sp.tuchow.pl\/index.php\/2020\/11\/10\/9360\/'>\"Pytasz si\u0119, synu, gdzie jest i jaka?\" 102 rocznica odzyskania przez Polsk\u0119 niepodleg\u0142o\u015bci<\/a><\/h2><p style=\"text-align: right;\"><em>\u201ePytasz si\u0119, synu, gdzie jest i jaka?<\/em><br \/>\n<em> W niewymierzonej krainie le\u017cy.<\/em><br \/>\n<em> Jest w ka\u017cdym wiernym sercu Polaka,<\/em><br \/>\n<em> Co o ni\u0105 walczy\u0142, cierpia\u0142 i wierzy\u0142\u201d<\/em><\/p>\n<p style=\"text-align: right;\">Antoni S\u0142onimski<\/p>\n<p style=\"text-align: justify;\">Listopad to czas zadumy, wspomnie\u0144 i refleksji na trudne tematy: odej\u015bcia, \u015bmierci i t\u0119sknoty. Dla nas &#8211;...<a href='https:\/\/sp.tuchow.pl\/index.php\/2020\/11\/10\/9360\/' class='pfpReadMore'>Read More &raquo;<\/a><div class='clear'><\/div><hr><\/div><div class='pfpItem entry-content'><h2 class='entry-title'><a href='https:\/\/sp.tuchow.pl\/index.php\/2020\/11\/03\/zarzadzenie-dyrektora-szkoly-podstawowej-im-stanislawa-staszica-w-tuchowie-w-sprawie-wprowadzenie-modelu-ksztalcenia-mieszanego-hybrydowego-w-edukacji-wczesnoszkolnej\/'>Zarz\u0105dzenie Dyrektora Szko\u0142y Podstawowej im. Stanis\u0142awa Staszica w Tuchowie w sprawie: wprowadzenie modelu kszta\u0142cenia mieszanego (hybrydowego) w edukacji wczesnoszkolnej<\/a><\/h2><p>Zarz\u0105dzenie Dyrektora Szko\u0142y Podstawowej im. Stanis\u0142awa Staszica w Tuchowie w sprawie: wprowadzenie modelu kszta\u0142cenia mieszanego (hybrydowego) w edukacji wczesnoszkolnej (<strong>dla uczni\u00f3w klasy 1b<\/strong>).<\/p>\n<p><a href=\"https:\/\/sp.tuchow.pl\/pobierz\/zarzadzenie%20dyrektor%201b.pdf\">Pobierz Zarz\u0105dzenie Dyrektora<\/a><\/p>\n...<a href='https:\/\/sp.tuchow.pl\/index.php\/2020\/11\/03\/zarzadzenie-dyrektora-szkoly-podstawowej-im-stanislawa-staszica-w-tuchowie-w-sprawie-wprowadzenie-modelu-ksztalcenia-mieszanego-hybrydowego-w-edukacji-wczesnoszkolnej\/' class='pfpReadMore'>Read More &raquo;<\/a><div class='clear'><\/div><hr><\/div><div class='pfpItem entry-content'><h2 class='entry-title'><a href='https:\/\/sp.tuchow.pl\/index.php\/2020\/10\/29\/2-listopada-dzien-wolny-od-zajec-dydaktycznych\/'>2 listopada - dzie\u0144 wolny od zaj\u0119\u0107 dydaktycznych<\/a><\/h2><p>Informujemy, \u017ce zgodnie z&nbsp;Zarz\u0105dzeniem Dyrektora Szko\u0142y Podstawowej im. St. Staszica w Tuchowie (w sprawie organizacji roku szkolnego), 2 listopada jest dniem wolnym od zaj\u0119\u0107 dydaktycznych.<\/p>\n...<a href='https:\/\/sp.tuchow.pl\/index.php\/2020\/10\/29\/2-listopada-dzien-wolny-od-zajec-dydaktycznych\/' class='pfpReadMore'>Read More &raquo;<\/a><div class='clear'><\/div><hr><\/div><div class='pfpItem entry-content'><h2 class='entry-title'><a href='https:\/\/sp.tuchow.pl\/index.php\/2020\/10\/27\/pamietamy-o-naszych-przodkach\/'>PAMI\u0118TAMY O NASZYCH PRZODKACH<\/a><\/h2><p style=\"font-weight: 400; text-align: justify;\">Jak co roku m\u0142odzie\u017c&nbsp;&nbsp;najstarszych klas naszej szko\u0142y sprz\u0105ta\u0142a cmentarze wojenne oraz Stary Cmentarz w Tuchowie. 23 pa\u017adziernika uczniowie klasy 8c, a w\u015br\u00f3d nich cz\u0142onkowie nowo wybranej M\u0142odzie\u017cowej Rady Gminy, udali si\u0119 zaopatrzeni w grabie, r\u0119kawice, worki i ch\u0119\u0107 do pracy na ulic\u0119 Le\u015bn\u0105 oraz Widok, aby...<a href='https:\/\/sp.tuchow.pl\/index.php\/2020\/10\/27\/pamietamy-o-naszych-przodkach\/' class='pfpReadMore'>Read More &raquo;<\/a><div class='clear'><\/div><hr><\/div><div class='pfpItem entry-content'><h2 class='entry-title'><a href='https:\/\/sp.tuchow.pl\/index.php\/2020\/10\/26\/akcja-szkola-pamieta\/'>Akcja Szko\u0142a Pami\u0119ta<\/a><\/h2><p>Jak co roku w czasie zbli\u017caj\u0105cego si\u0119 \u015awi\u0119ta Zmar\u0142ych Ministerstwo Edukacji Narodowej zach\u0119ca uczni\u00f3w do podj\u0119cia dzia\u0142a\u0144 zwi\u0105zanych z upami\u0119tnieniem historii ma\u0142ych ojczyzn, lokalnych bohater\u00f3w, wa\u017cnych rocznic. Celem akcji jest zwr\u00f3cenie uwagi m\u0142odych ludzi na potrzeb\u0119 piel\u0119gnowania pami\u0119ci o bohaterach naszej wolno\u015bci, szczeg\u00f3lnie tych, kt\u00f3rzy s\u0105 zwi\u0105zani z histori\u0105 danego...<a href='https:\/\/sp.tuchow.pl\/index.php\/2020\/10\/26\/akcja-szkola-pamieta\/' class='pfpReadMore'>Read More &raquo;<\/a><div class='clear'><\/div><hr><\/div><div class='pfpItem entry-content'><h2 class='entry-title'><a href='https:\/\/sp.tuchow.pl\/index.php\/2020\/10\/26\/krolewskie-rymowanki-informacja-dotyczaca-konkursu\/'>\u201eKr\u00f3lewskie rymowanki\u201d  - informacja dotycz\u0105ca konkursu<\/a><\/h2><p style=\"text-align: justify;\">Ze wzgl\u0119du na przej\u015bcie&nbsp;klas IV \u2013 VIII w tryb zdalnego nauczania prosimy, aby prace na konkurs \u201eKr\u00f3lewskie rymowanki\u201d przesy\u0142a\u0107 na adres <a href=\"mailto:szkolnerymy2020@gmail.com\">szkolnerymy2020@gmail.com<\/a><\/p>\n<p style=\"text-align: justify;\">Przypominamy r\u00f3wnie\u017c, \u017ce ch\u0119tni uczniowie z klas I \u2013 III wykonuj\u0105 wy\u0142\u0105cznie portret wybranego w\u0142adcy Polski technik\u0105 kola\u017cu. Prace plastyczne prosz\u0119 z\u0142o\u017cy\u0107 do wychowawcy,...<a href='https:\/\/sp.tuchow.pl\/index.php\/2020\/10\/26\/krolewskie-rymowanki-informacja-dotyczaca-konkursu\/' class='pfpReadMore'>Read More &raquo;<\/a><div class='clear'><\/div><hr><\/div><div class='pfpItem entry-content'><h2 class='entry-title'><a href='https:\/\/sp.tuchow.pl\/index.php\/2020\/10\/23\/komunikat-dyrektora-szkoly-zawieszenie-zajec-stacjonarnych-dla-klas-4-8\/'>KOMUNIKAT DYREKTORA SZKO\u0141Y\u00a0ZAWIESZENIE ZAJ\u0118\u0106 STACJONARNYCH DLA KLAS 4 - 8<\/a><\/h2><p>Decyzj\u0105 Prezesa Rady Ministr\u00f3w, w okresie od 24 pa\u017adziernika do 8 listopada zostaj\u0105&nbsp;<strong> zawieszone zaj\u0119cia stacjonarne dla klas 4 &#8211; 8.<\/strong> Zaj\u0119cia dla tych klas b\u0119d\u0105 odbywa\u0142y si\u0119 w formie pracy zdalnej wed\u0142ug obowi\u0105zuj\u0105cego dotychczas planu zaj\u0119\u0107. Informacje od nauczycieli dotycz\u0105ce formy zaj\u0119\u0107 b\u0119d\u0105 zamieszczone w zak\u0142adce Zadania Domowe w...<a href='https:\/\/sp.tuchow.pl\/index.php\/2020\/10\/23\/komunikat-dyrektora-szkoly-zawieszenie-zajec-stacjonarnych-dla-klas-4-8\/' class='pfpReadMore'>Read More &raquo;<\/a><div class='clear'><\/div><hr><\/div><div class='pfpItem entry-content'><h2 class='entry-title'><a href='https:\/\/sp.tuchow.pl\/index.php\/2020\/10\/22\/ii-gminny-konkurs-wiedzy-o-tuchowie-szlakiem-po-tuchowie-i-okolicach-zostaje-odwolany\/'>II Gminny Konkurs Wiedzy o Tuchowie \"Szlakiem po Tuchowie i okolicach\" zostaje odwo\u0142any<\/a><\/h2><p>Z przyczyn od nas niezale\u017cnych <strong>II Gminny Konkurs Wiedzy o Tuchowie &#8222;Szlakiem po Tuchowie i okolicach&#8221; zostaje odwo\u0142any<\/strong>. <span style=\"text-decoration: underline;\">Konkurs odb\u0119dzie si\u0119 w innym terminie.<\/span><\/p>\n<p style=\"text-align: right;\">Koordynator konkursu<\/p>\n<p style=\"text-align: right;\"><em>Beata Gut &#8211; Lisak<\/em><\/p>\n...<a href='https:\/\/sp.tuchow.pl\/index.php\/2020\/10\/22\/ii-gminny-konkurs-wiedzy-o-tuchowie-szlakiem-po-tuchowie-i-okolicach-zostaje-odwolany\/' class='pfpReadMore'>Read More &raquo;<\/a><div class='clear'><\/div><hr><\/div><div class='pfpItem entry-content'><h2 class='entry-title'><a href='https:\/\/sp.tuchow.pl\/index.php\/2020\/10\/21\/zarzadzenie-dyrektora-szkoly-podstawowej-im-stanislawa-staszica-w-tuchowie-w-sprawie-wprowadzenie-modelu-ksztalcenia-mieszanego-hybrydowego\/'>Zarz\u0105dzenie Dyrektora Szko\u0142y Podstawowej im. Stanis\u0142awa Staszica w Tuchowie w sprawie: wprowadzenie modelu kszta\u0142cenia mieszanego (hybrydowego)<\/a><\/h2><img decoding=\"async\" src=\"https:\/\/sp.tuchow.pl\/wp-content\/uploads\/2020\/10\/zarzadzenie-dyrektor-150x150.jpg\" \/><p>Zarz\u0105dzenie Dyrektora Szko\u0142y Podstawowej im. Stanis\u0142awa Staszica w Tuchowie w sprawie: wprowadzenie modelu kszta\u0142cenia mieszanego (hybrydowego)<\/p>\n<p><a href=\"http:\/\/\/szkola.galas.net.pl\/pobierz\/zarzadzenie%20dyrektor.pdf\">Pobierz Zarz\u0105dzenie Dyrektora<\/a><\/p>\nngg_shortcode_1_placeholder\n<p>&nbsp;<\/p>\n<p>&nbsp;<\/p>\n...<a href='https:\/\/sp.tuchow.pl\/index.php\/2020\/10\/21\/zarzadzenie-dyrektora-szkoly-podstawowej-im-stanislawa-staszica-w-tuchowie-w-sprawie-wprowadzenie-modelu-ksztalcenia-mieszanego-hybrydowego\/' class='pfpReadMore'>Read More &raquo;<\/a><div class='clear'><\/div><hr><\/div><div class='pfpItem entry-content'><h2 class='entry-title'><a href='https:\/\/sp.tuchow.pl\/index.php\/2020\/10\/17\/projekt-edukacyjny-kazimierzowskie-wedrowki-w-klasach-i-iii\/'>Projekt edukacyjny \u201eKazimierzowskie w\u0119dr\u00f3wki\u201d w klasach I \u2013 III<\/a><\/h2><p style=\"text-align: justify;\">W pa\u017adzierniku klasy I \u2013 III odwiedzi\u0142 tajemniczy go\u015b\u0107. By\u0142 nim kr\u00f3l Kazimierz Wielki. Nie przez przypadek odwiedzi\u0142 dzieci w tuchowskiej szkole. Powodem wizyty by\u0142 zbli\u017caj\u0105cy si\u0119 jubileusz 680-lecia nadania przez kr\u00f3la praw miejskich dla Tuchowa. Kazimierz Wielki w pi\u0119knej epokowej szacie opowiedzia\u0142 uczniom kilka ciekawostek dotycz\u0105cych swojego...<a href='https:\/\/sp.tuchow.pl\/index.php\/2020\/10\/17\/projekt-edukacyjny-kazimierzowskie-wedrowki-w-klasach-i-iii\/' class='pfpReadMore'>Read More &raquo;<\/a><div class='clear'><\/div><hr><\/div><div class='pfpItem entry-content'><h2 class='entry-title'><a href='https:\/\/sp.tuchow.pl\/index.php\/2020\/10\/17\/informacja-odnosnie-wynikow-szkolnego-konkursu-w-rozancem-swietym-w-dloni\/'>INFORMACJA ODNO\u015aNIE WYNIK\u00d3W SZKOLNEGO KONKURSU \"Z R\u00d3\u017bA\u0143CEM \u015aWI\u0118TYM W D\u0141ONI\"<\/a><\/h2><p style=\"text-align: justify;\">Drodzy Rodzice i Uczniowie.<br \/>\nZ racji du\u017cej liczby r\u00f3\u017ca\u0144c\u00f3w, kt\u00f3re wp\u0142yn\u0119\u0142y na szkolny konkurs &#8211; z czego bardzo si\u0119 cieszymy \ud83d\ude42 &#8211; termin og\u0142oszenia wynik\u00f3w zosta\u0142<br \/>\nprzesuni\u0119ty na 22 pa\u017adziernika 2020r. (czwartek ) &#8211; wspomnienie \u015bw. Jana Paw\u0142a II.<br \/>\nDzi\u0119kujemy za liczny udzia\u0142 w konkursie \ud83d\ude42<\/p>\n<p style=\"text-align: right;\"><em>s....<a href='https:\/\/sp.tuchow.pl\/index.php\/2020\/10\/17\/informacja-odnosnie-wynikow-szkolnego-konkursu-w-rozancem-swietym-w-dloni\/' class='pfpReadMore'>Read More &raquo;<\/a><div class='clear'><\/div><hr><\/div><div class='pfpItem entry-content'><h2 class='entry-title'><a href='https:\/\/sp.tuchow.pl\/index.php\/2020\/10\/14\/550-lat-oswiaty-w-tuchowie-ma-swoja-pieczec\/'>550-lat O\u015bwiaty w Tuchowie ma swoj\u0105 piecz\u0119\u0107!<\/a><\/h2><p style=\"text-align: justify;\">Z ogromn\u0105 przyjemno\u015bci\u0105 chcemy zaprezentowa\u0107 zwyci\u0119sk\u0105 prac\u0119 w Gminnym Konkursie na Piecz\u0119\u0107 550 lat O\u015bwiaty w Tuchowie. Wyniki konkursu by\u0142y ju\u017c podawane po rozstrzygni\u0119ciu przez jury, a teraz, zgodnie z zapisem w Regulaminie Konkursu, po korekcie przygotowanej przez Roberta Karwata, piecz\u0119\u0107 otrzyma\u0142a tak\u0105 oto form\u0119. Z okazji nadchodz\u0105cego...<a href='https:\/\/sp.tuchow.pl\/index.php\/2020\/10\/14\/550-lat-oswiaty-w-tuchowie-ma-swoja-pieczec\/' class='pfpReadMore'>Read More &raquo;<\/a><div class='clear'><\/div><hr><\/div><div class='pfpItem entry-content'><h2 class='entry-title'><a href='https:\/\/sp.tuchow.pl\/index.php\/2020\/10\/12\/dzien-komisji-edukacji-narodowej-2\/'>Dzie\u0144 Komisji Edukacji Narodowej<\/a><\/h2><p>14 pa\u017adziernika 2020 r. (\u015broda) w naszej szkole b\u0119dziemy \u015bwi\u0119towa\u0107 Dzie\u0144 KEN. W tym dniu nie ma zaj\u0119\u0107 dydaktycznych.<br \/>\nUczniowie naszej szko\u0142y pod opiek\u0105 wychowawc\u00f3w i wychowawc\u00f3w wspomagaj\u0105cych bior\u0105 udzia\u0142 w uroczystej akademii w formie audycji radiowej wg harmonogramu:<br \/>\n\u2022 Klasy I \u2013 VIII (bez II a, II c, III...<a href='https:\/\/sp.tuchow.pl\/index.php\/2020\/10\/12\/dzien-komisji-edukacji-narodowej-2\/' class='pfpReadMore'>Read More &raquo;<\/a><div class='clear'><\/div><hr><\/div><div class='pfpItem entry-content'><h2 class='entry-title'><a href='https:\/\/sp.tuchow.pl\/index.php\/2020\/10\/06\/szkolny-konkurs-historyczny-dla-klas-i-viii-krolewskie-rymowanki\/'>Szkolny konkurs historyczny dla klas I - VIII KR\u00d3LEWSKIE RYMOWANKI<\/a><\/h2><p>Wybierz ciekawego Twoim zdaniem w\u0142adc\u0119 Polski I u\u0142\u00f3\u017c kr\u00f3tk\u0105 rymowank\u0119 na jego temat. Kto wie, mo\u017ce w\u0142a\u015bnie Twoja rymowanka pomo\u017ce kolegom uczy\u0107 si\u0119 historii \ud83d\ude42 Zapraszamy!<\/p>\n<p>Wi\u0119cej szczeg\u00f3\u0142\u00f3w na plakacie.<\/p>\n<div class=\"fb-post\" data-href=\"http:\/\/www.facebook.com\/sptuchow\/photos\/a.1798034137132769\/2815135782089261\/\" data-width=\"552\" style=\"background-color: #fff; display: inline-block;\"><\/div>\n...<a href='https:\/\/sp.tuchow.pl\/index.php\/2020\/10\/06\/szkolny-konkurs-historyczny-dla-klas-i-viii-krolewskie-rymowanki\/' class='pfpReadMore'>Read More &raquo;<\/a><div class='clear'><\/div><hr><\/div><div class='pfpItem entry-content'><h2 class='entry-title'><a href='https:\/\/sp.tuchow.pl\/index.php\/2020\/10\/06\/zywe-obrazy-na-lekcji-historii\/'>\u017bywe obrazy na lekcji historii<\/a><\/h2><p>Na lekcjach historii uczniowie klas sz\u00f3stych zapoznali si\u0119 z tw\u00f3rczo\u015bci\u0105 czo\u0142owych postaci renesansu \u2013 Leonarda da Vinci oraz Micha\u0142a Anio\u0142a. Dzie\u0142a \u201eMona Lisa\u201d oraz \u201eDama z gronostajem\u201d Leonarda da Vinci sta\u0142y si\u0119 inspiracj\u0105 dla uczennic, kt\u00f3re podj\u0119\u0142y si\u0119 <a class=\"antispy\" href=\"\thttp:\/\/radomia.org.pl\/\t\" rel=\"dofollow\">\twyzwania stworzenia w\u0142asnej interpretacji\t<\/a> tych obraz\u00f3w.<\/p>\n<p>Wsp\u00f3\u0142czesne damy na\u015bladuj\u0105c epokowe...<a href='https:\/\/sp.tuchow.pl\/index.php\/2020\/10\/06\/zywe-obrazy-na-lekcji-historii\/' class='pfpReadMore'>Read More &raquo;<\/a><div class='clear'><\/div><hr><\/div><div class='pfpItem entry-content'><h2 class='entry-title'><a href='https:\/\/sp.tuchow.pl\/index.php\/2020\/10\/05\/konkurs-do-twarzy-mi-z-ksiazka\/'>Konkurs \"Do twarzy mi z ksi\u0105\u017ck\u0105\"<\/a><\/h2><p>Zach\u0119camy uczni\u00f3w klas IV do VIII do wzi\u0119cia udzia\u0142u w konkursie pt: &#8222;<strong>Do twarzy mi z ksi\u0105\u017ck\u0105&#8221;.&nbsp;<\/strong>Poni\u017cej zamieszczamy regulamin konkursu wraz z kart\u0105 zg\u0142oszeniow\u0105.&nbsp;<\/p>\n<p><a href=\"http:\/\/\/szkola.galas.net.pl\/pobierz\/Regulamin%20konkursu%20Do%20twarzy%20mi%20z%20ksiazka.pdf\">Regulamin konkursu i karta zg\u0142oszeniowa<\/a><\/p>\n...<a href='https:\/\/sp.tuchow.pl\/index.php\/2020\/10\/05\/konkurs-do-twarzy-mi-z-ksiazka\/' class='pfpReadMore'>Read More &raquo;<\/a><div class='clear'><\/div><hr><\/div><div class='pfpItem entry-content'><h2 class='entry-title'><a href='https:\/\/sp.tuchow.pl\/index.php\/2020\/09\/30\/wielka-liga-czytelnikow-reaktywacja\/'>Wielka\u00a0 Liga \u00a0Czytelnik\u00f3w \u2013 Reaktywacja<\/a><\/h2><p>Zgodnie z zapowiedzi\u0105 sprzed wakacji eliminacje szkolne Wielkiej Ligi Czytelnik\u00f3w odb\u0119d\u0105 si\u0119 za miesi\u0105c, w pierwszym tygodniu listopada w czytelni biblioteki szkolnej.<\/p>\n<p>Eliminacje szkolne to test z wybranej lektury:<\/p>\n<p style=\"text-align: justify;\">Uczniowie klas 1 \u2013 4 (obecnie klas 2 \u2013 5) pisz\u0105 test ze znajomo\u015bci ksi\u0105\u017ckiv<strong>\u201eNowe przygody dziesi\u0119ciu skarpetek\u201d &nbsp; Justyny Bednarek<\/strong><\/p>\n<p...<a href='https:\/\/sp.tuchow.pl\/index.php\/2020\/09\/30\/wielka-liga-czytelnikow-reaktywacja\/' class='pfpReadMore'>Read More &raquo;<\/a><div class='clear'><\/div><hr><\/div><div class='pfpItem entry-content'><h2 class='entry-title'><a href='https:\/\/sp.tuchow.pl\/index.php\/2020\/09\/30\/szkolny-konkurs-plastyczny-z-rozancem-swietym-w-dloni-dla-uczniow-klas-i-iv\/'>SZKOLNY KONKURS PLASTYCZNY \u201eZ R\u00d3\u017bA\u0143CEM \u015aWI\u0118TYM W D\u0141ONI\u2026\u201d dla uczni\u00f3w klas I - IV<\/a><\/h2><p><strong>SZKOLNY KONKURS PLASTYCZNY \u201eZ R\u00d3\u017bA\u0143CEM \u015aWI\u0118TYM W D\u0141ONI\u2026\u201d<\/strong><br \/>\nPrzeznaczony dla uczni\u00f3w klas I &#8211; IV Szko\u0142y Podstawowej im. Stanis\u0142awa Staszica w Tuchowie<\/p>\n<p>Miesi\u0105c pa\u017adziernik jest szczeg\u00f3lnym czasem, w kt\u00f3rym codziennie odmawiamy R\u00f3\u017caniec.<br \/>\nW tym roku, obchodz\u0105c 100 \u2013 lecie urodzin \u015aw. Jana Paw\u0142a II \u2013 Papie\u017ca, kt\u00f3ry szczeg\u00f3lnie ukocha\u0142 modlitw\u0119 r\u00f3\u017ca\u0144cow\u0105,...<a href='https:\/\/sp.tuchow.pl\/index.php\/2020\/09\/30\/szkolny-konkurs-plastyczny-z-rozancem-swietym-w-dloni-dla-uczniow-klas-i-iv\/' class='pfpReadMore'>Read More &raquo;<\/a><div class='clear'><\/div><hr><\/div><div class='pfpItem entry-content'><h2 class='entry-title'><a href='https:\/\/sp.tuchow.pl\/index.php\/2020\/09\/30\/regulamin-szatni-i-szafek-uczniowskich\/'>Regulamin szatni i szafek uczniowskich<\/a><\/h2><p>W dziale DOKUMENTACJA zosta\u0142 zamieszczony&nbsp;<em>Regulamin szatni i szafek uczniowskich.&nbsp;<\/em> Prosimy o zapoznanie si\u0119 ze wspomnianym dokumentem.<\/p>\n<p><strong><a href=\"https:\/\/sp.tuchow.pl\/pso\/Regulamin%20szatnia.pdf\">Regulamin szatni i uczniowskich szafek<\/a><\/strong><\/p>\n...<a href='https:\/\/sp.tuchow.pl\/index.php\/2020\/09\/30\/regulamin-szatni-i-szafek-uczniowskich\/' class='pfpReadMore'>Read More &raquo;<\/a><div class='clear'><\/div><hr><\/div><div class='pfpItem entry-content'><h2 class='entry-title'><a href='https:\/\/sp.tuchow.pl\/index.php\/2020\/09\/22\/bohateron\/'>BohaterON<\/a><\/h2><p style=\"text-align: justify;\">Uczniowie klasy 3b ju\u017c kolejny raz \u201ew\u0142\u0105czyli histori\u0119\u201d i \u201epo\u0142\u0105czyli pokolenia\u201d \u2013 upami\u0119tnili i uhonorowali bohater\u00f3w Powstania Warszawskiego.<\/p>\n<p style=\"text-align: justify;\">Wykonali dwie kartki \u2013 laurki z \u017cyczeniami i pozdrowieniami dla powsta\u0144c\u00f3w.<\/p>\n<p style=\"text-align: justify;\">Ka\u017cdy z 3b wie, \u017ce<strong>: <\/strong><\/p>\n<p style=\"text-align: center;\"><strong>\u201eDobro, kt\u00f3re dzi\u015b masz dla chorych, samotnych ludzi,<\/strong><\/p>\n<p style=\"text-align: center;\"><strong>pr\u0119dzej,...<a href='https:\/\/sp.tuchow.pl\/index.php\/2020\/09\/22\/bohateron\/' class='pfpReadMore'>Read More &raquo;<\/a><div class='clear'><\/div><hr><\/div><div class='pfpItem entry-content'><h2 class='entry-title'><a href='https:\/\/sp.tuchow.pl\/index.php\/2020\/09\/22\/konkurs-wiedzy-szlakiem-po-tuchowie-i-okolicach\/'>Konkurs wiedzy \"Szlakiem po Tuchowie i okolicach\"<\/a><\/h2><p style=\"text-align: justify;\">SZKO\u0141A PODSTAWOWA im. Stanis\u0142awa Staszica w Tuchowie,&nbsp;DOM KULTURY w Tuchowie&nbsp;zapraszaj\u0105 do udzia\u0142u&nbsp;w&nbsp;KONKURSIE WIEDZY&nbsp;\u201eSzlakiem po Tuchowie i okolicach\u201d Edycja II. \u015aredniowiecze.<\/p>\n<p>Wi\u0119cej informacji w regulaminie:<\/p>\n<p><a href=\"https:\/\/sp.tuchow.pl\/pobierz\/Ko.pdf\">Regulamin konkursu<\/a><\/p>\n...<a href='https:\/\/sp.tuchow.pl\/index.php\/2020\/09\/22\/konkurs-wiedzy-szlakiem-po-tuchowie-i-okolicach\/' class='pfpReadMore'>Read More &raquo;<\/a><div class='clear'><\/div><hr><\/div><div class='pfpItem entry-content'><h2 class='entry-title'><a href='https:\/\/sp.tuchow.pl\/index.php\/2020\/09\/21\/dyktando-niepodleglosciowe-2\/'>Dyktando Niepodleg\u0142o\u015bciowe<\/a><\/h2><p>Zapraszamy uczni\u00f3w klas V-VIII do wzi\u0119cia udzia\u0142u w <em><strong>VIII edycji Dyktanda Niepodleg\u0142o\u015bciowego \u201ePo polsku o historii\u201d<\/strong><\/em><br \/>\nW naszej szkole po raz trzeci uczniowie napisz\u0105 dyktando o wyj\u0105tkowych wydarzeniach w historii naszej Ojczyzny. Celem konkursu jest zaanga\u017cowanie m\u0142odzie\u017cy w piel\u0119gnowanie <a class=\"antispy\" href=\"\thttp:\/\/globau.pl\/\t\" rel=\"dofollow\">\tnarodowej tradycji i historii\t<\/a>, w tym kultury j\u0119zyka...<a href='https:\/\/sp.tuchow.pl\/index.php\/2020\/09\/21\/dyktando-niepodleglosciowe-2\/' class='pfpReadMore'>Read More &raquo;<\/a><div class='clear'><\/div><hr><\/div><div class='pfpItem entry-content'><h2 class='entry-title'><a href='https:\/\/sp.tuchow.pl\/index.php\/2020\/09\/10\/ubezpieczenie-edu-plus-ogolne-warunki-ubezpieczenia\/'>Ubezpieczenie EDU PLUS Og\u00f3lne Warunki Ubezpieczenia<\/a><\/h2><p>Poni\u017cej prezentujemy dokument zawieraj\u0105cy informacje o produkcie ubezpieczeniowym<\/p>\n<h3><a href=\"https:\/\/sp.tuchow.pl\/pobierz\/owu.pdf\">Ubezpieczenie EDU PLUS Og\u00f3lne Warunki Ubezpieczenia<\/a><\/h3>\n...<a href='https:\/\/sp.tuchow.pl\/index.php\/2020\/09\/10\/ubezpieczenie-edu-plus-ogolne-warunki-ubezpieczenia\/' class='pfpReadMore'>Read More &raquo;<\/a><div class='clear'><\/div><hr><\/div><div class='pfpItem entry-content'><h2 class='entry-title'><a href='https:\/\/sp.tuchow.pl\/index.php\/2020\/08\/31\/bezpieczny-powrot-do-szkoly-procedury-covid-19\/'>Bezpieczny powr\u00f3t do szko\u0142y. Procedury COVID-19<\/a><\/h2><header class=\"entry-header\">\n<h1 class=\"entry-title\"><span style=\"font-size: 16px;\">Od 01 wrze\u015bnia 2020 r. na terenie Szko\u0142y Podstawowej im. Stanis\u0142awa Staszica b\u0119d\u0105 obowi\u0105zywa\u0142y procedury bezpiecze\u0144stwa dotycz\u0105ce zapobiegania i przeciwdzia\u0142ania COVID-19.<\/span><\/h1>\n<\/header>\n<div class=\"entry-content clearfix\">\n<p><a href=\"https:\/\/sp.tuchow.pl\/pobierz\/Procedury%20COVID.pdf\">Wewn\u0119trzna procedura bezpiecze\u0144stwa<\/a><\/p>\n<\/div>\n...<a href='https:\/\/sp.tuchow.pl\/index.php\/2020\/08\/31\/bezpieczny-powrot-do-szkoly-procedury-covid-19\/' class='pfpReadMore'>Read More &raquo;<\/a><div class='clear'><\/div><hr><\/div><div class='pfpItem entry-content'><h2 class='entry-title'><a href='https:\/\/sp.tuchow.pl\/index.php\/2020\/08\/27\/rozpoczecie-roku-szkolnego-20202021\/'>Rozpocz\u0119cie roku szkolnego 2020\/2021<\/a><\/h2><p>1 wrze\u015bnia 2020 r. uczniowie naszej szko\u0142y rozpoczn\u0105 rok szkolny zgodnie z harmonogramem:<\/p>\n<ul>\n<li><strong><u>Wej\u015bcie do szko\u0142y od ul. Jana Paw\u0142a II<\/u><\/strong><\/li>\n<\/ul>\n<table>\n<tbody>\n<tr>\n<td style=\"text-align: center;\" width=\"205\">klasa<\/td>\n<td style=\"text-align: center;\" width=\"205\">godzina wej\u015bcia do budynku szko\u0142y<\/td>\n<td style=\"text-align: center;\" width=\"205\">sala<\/td>\n<\/tr>\n<tr>\n<td style=\"text-align: center;\" width=\"205\">2a<\/td>\n<td style=\"text-align: center;\" width=\"205\">11<sup>30<\/sup><\/td>\n<td style=\"text-align: center;\" width=\"205\">34<\/td>\n<\/tr>\n<tr>\n<td style=\"text-align: center;\" width=\"205\">2b<\/td>\n<td style=\"text-align: center;\" width=\"205\">10<sup>00<\/sup><\/td>\n<td style=\"text-align: center;\"...<a href='https:\/\/sp.tuchow.pl\/index.php\/2020\/08\/27\/rozpoczecie-roku-szkolnego-20202021\/' class='pfpReadMore'>Read More &raquo;<\/a><div class='clear'><\/div><hr><\/div><div class='pfpItem entry-content'><h2 class='entry-title'><a href='https:\/\/sp.tuchow.pl\/index.php\/2020\/07\/30\/odbior-zaswiadczen-o-wynikach-egzaminu-osmoklasisty\/'>Odbi\u00f3r za\u015bwiadcze\u0144 o wynikach egzaminu \u00f3smoklasisty<\/a><\/h2><p>Dyrektor Szko\u0142y Podstawowej im. Stanis\u0142awa Staszica w Tuchowie informuje, i\u017c odbi\u00f3r za\u015bwiadcze\u0144 zawieraj\u0105cych szczeg\u00f3\u0142owe wyniki egzaminu \u00f3smoklasisty b\u0119dzie mo\u017cliwy 31 lipca 2020 r. \/pi\u0105tek\/.<\/p>\n<p>Harmonogram odbioru za\u015bwiadcze\u0144:<\/p>\n<p>Klasa 8A \u2013 w&nbsp;godzinach od&nbsp;9.00 do&nbsp;10.00<\/p>\n<p>Klasa 8B \u2013 w&nbsp;godzinach od&nbsp;10.15 do&nbsp;11.15<\/p>\n<p>Klasa 8C \u2013 w godzinach od 11.30 do 12.30<\/p>\n<p>Je\u015bli odbi\u00f3r za\u015bwiadcze\u0144 nie b\u0119dzie mo\u017cliwy w\/w...<a href='https:\/\/sp.tuchow.pl\/index.php\/2020\/07\/30\/odbior-zaswiadczen-o-wynikach-egzaminu-osmoklasisty\/' class='pfpReadMore'>Read More &raquo;<\/a><div class='clear'><\/div><hr><\/div><div class='pfpItem entry-content'><h2 class='entry-title'><a href='https:\/\/sp.tuchow.pl\/index.php\/2020\/07\/29\/informacja-dotyczaca-odbioru-oryginalow-i-kopii-zaswiadczen-o-wynikach-egzaminu-osmoklasisty\/'>Informacja dotycz\u0105ca odbioru orygina\u0142\u00f3w i kopii za\u015bwiadcze\u0144 o wynikach egzaminu \u00f3smoklasisty.<\/a><\/h2><p style=\"text-align: justify;\">Szanowni Rodzice i Uczniowie klas \u00f3smych,<\/p>\n<p style=\"text-align: justify;\">informujemy, \u017ce 30 lipca 2020 r. od godz. 8.00-12.00 w sekretariacie szko\u0142y b\u0119d\u0105 do odbioru has\u0142a dost\u0119pu do Zintegrowanego Interfejsu U\u017cytkownika (ZIU) http:\/\/wyniki.edu.pl, gdzie opublikowane zostan\u0105 indywidualne wyniki egzamin\u00f3w \u00f3smoklasisty.<\/p>\n<p style=\"text-align: justify;\">Logowanie do systemu b\u0119dzie mo\u017cliwe od 31 lipca br. od...<a href='https:\/\/sp.tuchow.pl\/index.php\/2020\/07\/29\/informacja-dotyczaca-odbioru-oryginalow-i-kopii-zaswiadczen-o-wynikach-egzaminu-osmoklasisty\/' class='pfpReadMore'>Read More &raquo;<\/a><div class='clear'><\/div><hr><\/div><div class='pfpItem entry-content'><h2 class='entry-title'><a href='https:\/\/sp.tuchow.pl\/index.php\/2020\/07\/29\/informacja-dla-rodzicow-dzieci-przyjetych-do-klasy-i-w-roku-szkolnym-20202021\/'>Informacja dla rodzic\u00f3w dzieci przyj\u0119tych do klasy I w roku szkolnym 2020\/2021<\/a><\/h2><p style=\"text-align: justify;\"><strong>Rodzice dzieci<\/strong> \u2013 przyj\u0119tych do klasy I w roku szkolnym 2020\/2021, kt\u00f3rzy sk\u0142adali wnioski&nbsp;w wersji elektronicznej zobowi\u0105zani s\u0105 dostarczy\u0107 do sekretariatu szko\u0142y <strong>orygina\u0142y dokument\u00f3w wraz ze zdj\u0119ciem dziecka o wymiarach 30&#215;42 mm w terminie od 03 do 21 sierpnia 2020 r. w godzinach 8<sup>00<\/sup>-12<sup>00<\/sup><\/strong><\/p>\n...<a href='https:\/\/sp.tuchow.pl\/index.php\/2020\/07\/29\/informacja-dla-rodzicow-dzieci-przyjetych-do-klasy-i-w-roku-szkolnym-20202021\/' class='pfpReadMore'>Read More &raquo;<\/a><div class='clear'><\/div><hr><\/div><div class='pfpItem entry-content'><h2 class='entry-title'><a href='https:\/\/sp.tuchow.pl\/index.php\/2020\/07\/29\/informacja-dotyczaca-stolowki-szkolnej\/'>INFORMACJA dotycz\u0105ca sto\u0142\u00f3wki szkolnej<\/a><\/h2><p><strong>DYREKTOR SZKO\u0141Y PODSTAWOWEJ IM.&nbsp;<\/strong><strong>STANIS\u0141AWA STASZICA W TUCHOWIE INFORMUJE, \u017bE&nbsp;<\/strong><strong><em>KART\u0118 ZG\u0141OSZENIA DZIECKA DO STO\u0141\u00d3WKI SZKOLNEJ NALE\u017bY Z\u0141O\u017bY\u0106&nbsp;<\/em><\/strong><strong>W TERMINIE OD 10.08.2020 r. DO 26.08.2020 r.&nbsp;<\/strong><strong>U PANI INTENDENTKI W GODZ. OD 8<sup>00<\/sup> DO 12<sup>00<\/sup>.<\/strong><\/p>\n<p><a href=\"https:\/\/sp.tuchow.pl\/pliki\/rekrutacja\/zgloszenie%20stolowka.pdf\">Karta zg\u0142oszenia dziecka do sto\u0142\u00f3wki szkolnej<\/a><\/p>\n<p><a href=\"https:\/\/sp.tuchow.pl\/pliki\/rekrutacja\/zgloszenie%20swietlica.pdf\">Karta zg\u0142oszenia dziecka do \u015bwietlicy szkolnej<\/a><\/p>\n...<a href='https:\/\/sp.tuchow.pl\/index.php\/2020\/07\/29\/informacja-dotyczaca-stolowki-szkolnej\/' class='pfpReadMore'>Read More &raquo;<\/a><div class='clear'><\/div><hr><\/div><div class='pfpItem entry-content'><h2 class='entry-title'><a href='https:\/\/sp.tuchow.pl\/index.php\/2020\/07\/07\/550-lat-oswiaty-w-tuchowie-rozstrzygniecie-konkursu\/'>550 lat O\u015bwiaty w Tuchowie \u2013 wyniki konkursu<\/a><\/h2><p style=\"text-align: justify;\">6 lipca 2020 r. rozstrzygni\u0119to Gminny Konkurs na Piecz\u0119\u0107 &#8222;550 lat O\u015bwiaty w Tuchowie&#8221; zorganizowany przez nauczycieli Szko\u0142y Podstawowej w Tuchowie.<\/p>\n<p style=\"text-align: justify;\">W konkursie wzi\u0119\u0142o udzia\u0142 22 uczni\u00f3w przedszkoli, szk\u00f3\u0142 podstawowych i \u015brednich Gminy Tuch\u00f3w. Niezale\u017cne jury przyzna\u0142o <strong>I miejsce Karolowi Kiero\u0144skiemu ze Szko\u0142y Podstawowej w Tuchowie<\/strong>, a...<a href='https:\/\/sp.tuchow.pl\/index.php\/2020\/07\/07\/550-lat-oswiaty-w-tuchowie-rozstrzygniecie-konkursu\/' class='pfpReadMore'>Read More &raquo;<\/a><div class='clear'><\/div><hr><\/div><div class='pfpItem entry-content'><h2 class='entry-title'><a href='https:\/\/sp.tuchow.pl\/index.php\/2020\/07\/06\/i-miejsce-karola-szczerby-z-klasy-3b-w-wojewodzkim-konkursie-ortograficznym-kaktus\/'>I miejsce Karola Szczerby z klasy 3b w Wojew\u00f3dzkim Konkursie Ortograficznym \"Kaktus\"<\/a><\/h2><p style=\"text-align: justify;\">Karol Szczerba z klasy 3b (ju\u017c 4b&nbsp;<span class=\"_5mfr\"><span class=\"_6qdm\">?<\/span><\/span>) zosta\u0142 laureatem I miejsca Wojew\u00f3dzkiego Konkursu Ortograficznego \u201eKaktus\u201d zorganizowanego przez Szko\u0142\u0119 Podstawow\u0105 z Oddzia\u0142em Dwuj\u0119zycznym im. Piotra Micha\u0142owskiego w Krakowie pod patronatem: Wojewody Ma\u0142opolskiego, Marsza\u0142ka Wojew\u00f3dztwa Ma\u0142opolskiego, Prezydenta Miasta Krakowa, Ma\u0142opolskiego Kuratora O\u015bwiaty, Rektora Uniwersytetu Pedagogicznego oraz Towarzystwa Mi\u0142o\u015bnik\u00f3w...<a href='https:\/\/sp.tuchow.pl\/index.php\/2020\/07\/06\/i-miejsce-karola-szczerby-z-klasy-3b-w-wojewodzkim-konkursie-ortograficznym-kaktus\/' class='pfpReadMore'>Read More &raquo;<\/a><div class='clear'><\/div><hr><\/div><div class='pfpItem entry-content'><h2 class='entry-title'><a href='https:\/\/sp.tuchow.pl\/index.php\/2020\/06\/29\/stypendium-burmistrza-tuchowa-2\/'>Stypendium Burmistrza Tuchowa<\/a><\/h2><p>&nbsp;<\/p>\n<p>Uczniowie szk\u00f3\u0142 podstawowych (z wy\u0142\u0105czeniem klas I-III) mog\u0105 ubiega\u0107 si\u0119 o stypendium Burmistrza Tuchowa w ramach \u201e<em>Programu wspierania edukacji uzdolnionych dzieci i m\u0142odzie\u017cy z terenu gminy Tuch\u00f3w<\/em>\u201d.<\/p>\n<p><strong>Wnioski o przyznanie stypendium mo\u017cna sk\u0142ada\u0107 w sekretariacie Gminnej Administracji O\u015bwiaty ul. Jana Paw\u0142a II 4, w terminie do 10 lipca 2020 r.<\/strong><\/p>\n<p style=\"text-align:...<a href='https:\/\/sp.tuchow.pl\/index.php\/2020\/06\/29\/stypendium-burmistrza-tuchowa-2\/' class='pfpReadMore'>Read More &raquo;<\/a><div class='clear'><\/div><hr><\/div><div class='pfpItem entry-content'><h2 class='entry-title'><a href='https:\/\/sp.tuchow.pl\/index.php\/2020\/06\/26\/rozdanie-swiadectw\/'>Rozdanie \u015bwiadectw<\/a><\/h2><p style=\"text-align: justify;\">Dyrektor Szko\u0142y Podstawowej im. St. Staszica w Tuchowie informuje, \u017ce <strong>\u015bwiadectwa szkolne dla uczni\u00f3w<\/strong> <strong>klas I \u2013 VII<\/strong> b\u0119d\u0105 rozdawane przez wychowawc\u00f3w w dniu, w kt\u00f3rym dzieci b\u0119d\u0105 oddawa\u0142y podr\u0119czniki szkolne.<\/p>\n<p style=\"text-align: justify;\">Uczniowie, kt\u00f3rzy ju\u017c oddali podr\u0119czniki szkolne, zostali poinformowani przez wychowawc\u00f3w za po\u015brednictwem wiadomo\u015bci w e-dzienniku o...<a href='https:\/\/sp.tuchow.pl\/index.php\/2020\/06\/26\/rozdanie-swiadectw\/' class='pfpReadMore'>Read More &raquo;<\/a><div class='clear'><\/div><hr><\/div><div class='pfpItem entry-content'><h2 class='entry-title'><a href='https:\/\/sp.tuchow.pl\/index.php\/2020\/06\/22\/zakonczenie-roku-szkolnego-20192020\/'>Zako\u0144czenie roku szkolnego 2019\/2020<\/a><\/h2><p>Zako\u0144czenie roku szkolnego 2019\/2020 w formie tradycyjnej odb\u0119dzie si\u0119 26 czerwca 2020 r. o godzinie 10<sup>00 <\/sup>&nbsp;w hali MOSiR <strong><u>tylko dla uczni\u00f3w klas \u00f3smych <\/u><\/strong>z zachowaniem re\u017cimu sanitarnego.<\/p>\n<p>Wej\u015bcie do szko\u0142y b\u0119dzie wg harmonogramu:<\/p>\n<table>\n<tbody>\n<tr>\n<td colspan=\"3\" width=\"307\"><strong>Wej\u015bcie g\u0142\u00f3wne <\/strong>(od boiska)<\/td>\n<td colspan=\"3\" width=\"307\"><strong>Wej\u015bcie boczne <\/strong>(od hali)<\/td>\n<\/tr>\n<tr>\n<td width=\"102\">godzina<\/td>\n<td width=\"84\">klasa<\/td>\n<td width=\"120\">nr w dzienniku<\/td>\n<td width=\"102\">godzina<\/td>\n<td width=\"80\">klasa<\/td>\n<td...<a href='https:\/\/sp.tuchow.pl\/index.php\/2020\/06\/22\/zakonczenie-roku-szkolnego-20192020\/' class='pfpReadMore'>Read More &raquo;<\/a><div class='clear'><\/div><hr><\/div><div class='pfpItem entry-content'><h2 class='entry-title'><a href='https:\/\/sp.tuchow.pl\/index.php\/2020\/06\/22\/czlowieka-mozna-zniszczyc-ale-nie-pokonac-czyli-wypracowania-uczniow-klasy-siodmej\/'>,,\u2026Cz\u0142owieka mo\u017cna zniszczy\u0107, ale nie pokona\u0107\u2019\u2019, czyli wypracowania uczni\u00f3w\u00a0klasy si\u00f3dmej<\/a><\/h2><p style=\"text-align: justify;\"><strong>Po raz ostatni w tym roku szkolnym zapraszam do lektury wypracowa\u0144 uczniowskich. Powsta\u0142y, kiedy dzieci uczy\u0142y si\u0119 w domach podczas trwaj\u0105cej epidemii koronawirusa. Mo\u017ce to by\u0142y tylko rozprawki, przem\u00f3wienia, opowiadania, sprawozdania\u2026 Ma\u0142o medialne, bo bez obrazk\u00f3w. Jednak s\u0105 \u015bwiadectwem pracy uczni\u00f3w, ich pomys\u0142owo\u015bci, staranno\u015bci i przygotowania do kolejnego...<a href='https:\/\/sp.tuchow.pl\/index.php\/2020\/06\/22\/czlowieka-mozna-zniszczyc-ale-nie-pokonac-czyli-wypracowania-uczniow-klasy-siodmej\/' class='pfpReadMore'>Read More &raquo;<\/a><div class='clear'><\/div><hr><\/div><div class='pfpItem entry-content'><h2 class='entry-title'><a href='https:\/\/sp.tuchow.pl\/index.php\/2020\/06\/22\/miedzynarodowy-konkurs-kangur-matematyczny\/'>Mi\u0119dzynarodowy Konkurs \u201eKangur Matematyczny\u201d<\/a><\/h2><p style=\"text-align: justify;\"><strong>Mi\u0119dzynarodowy Konkurs \u201eKangur Matematyczny\u201d<\/strong> organizowany jest pod patronatem Rady Europy, a w 1994 roku zosta\u0142 wpisany do kalendarza imprez Organizacji Narod\u00f3w Zjednoczonych do Spraw O\u015bwiaty, Nauki i Kultury (UNESCO).<br \/>\nInicjatorem konkursu jest Stowarzyszenie \u201eKangourou Sans Fronti\u00e8res\u201d z siedzib\u0105 w Pary\u017cu. Konkurs przeprowadzany jest jeden raz w roku jednocze\u015bnie...<a href='https:\/\/sp.tuchow.pl\/index.php\/2020\/06\/22\/miedzynarodowy-konkurs-kangur-matematyczny\/' class='pfpReadMore'>Read More &raquo;<\/a><div class='clear'><\/div><hr><\/div><div class='pfpItem entry-content'><h2 class='entry-title'><a href='https:\/\/sp.tuchow.pl\/index.php\/2020\/06\/21\/klasa-ia-w-swiecie-wierszy-final-ogolnopolskiego-projektu-czytam-z-klasa\/'>Klasa Ia w \u015bwiecie wierszy. Fina\u0142 og\u00f3lnopolskiego projektu\u00a0 \u201eCzytam z klas\u0105\u201d<\/a><\/h2><p style=\"text-align: justify;\">Projekt czytelniczy realizowany by\u0142 w ci\u0105gu ca\u0142ego roku szkolnego, r\u00f3wnie\u017c w czasie nauki zdalnej. Sk\u0142ada\u0142 si\u0119 z trzech modu\u0142\u00f3w. W ostatnim, III Module uczniowie poznawali wiersze &nbsp;J. Brzechwy i J. Tuwima. Ka\u017cdy wybra\u0142 dowolny wiersz, kt\u00f3ry zaprezentowa\u0142 kolegom i kole\u017cankom na spotkaniach online. Realizuj\u0105c pozosta\u0142e zadania, uczniowie wykonali...<a href='https:\/\/sp.tuchow.pl\/index.php\/2020\/06\/21\/klasa-ia-w-swiecie-wierszy-final-ogolnopolskiego-projektu-czytam-z-klasa\/' class='pfpReadMore'>Read More &raquo;<\/a><div class='clear'><\/div><hr><\/div><div class='pfpItem entry-content'><h2 class='entry-title'><a href='https:\/\/sp.tuchow.pl\/index.php\/2020\/06\/19\/czytam-z-klasa-pokaz-mocy-klasy-1c\/'>\"Czytam z klas\u0105\" - pokaz mody klasy 1c<\/a><\/h2><p>Pokaz mody ba\u015bniowej w wykonaniu uczni\u00f3w klasy 1 c, w ramach projektu edukacyjnego Czytam z klas\u0105.<\/p>\n<p><a href=\"http:\/\/youtu.be\/QdzUoa8a6rc\">http:\/\/youtu.be\/QdzUoa8a6rc<\/a><\/p>\n...<a href='https:\/\/sp.tuchow.pl\/index.php\/2020\/06\/19\/czytam-z-klasa-pokaz-mocy-klasy-1c\/' class='pfpReadMore'>Read More &raquo;<\/a><div class='clear'><\/div><hr><\/div><div class='pfpItem entry-content'><h2 class='entry-title'><a href='https:\/\/sp.tuchow.pl\/index.php\/2020\/06\/16\/550-lat-oswiaty-w-tuchowie-informacja-dotyczaca-konkursu\/'>550 lat O\u015bwiaty w Tuchowie \u2013 INFORMACJA dotycz\u0105ca konkursu<\/a><\/h2><p>Uwaga, \u017ce wzgl\u0119du na sytuacj\u0119 epidemiczn\u0105 jaka obecnie panuje w Tuchowie, rozstrzygni\u0119cie Gminnego konkursu na piecz\u0119\u0107 <strong>&#8222;550 lat O\u015bwiaty w Tuchowie&#8221;<\/strong> zostaje przeniesione na <strong>lipiec 2020 r.<\/strong><\/p>\n<p>Szczeg\u00f3\u0142owe terminy b\u0119d\u0105 podane w najbli\u017cszym czasie na stronie internetowej szko\u0142y oraz Urz\u0119du Miejskiego w Tuchowie. Prosimy o cierpliwo\u015b\u0107.<\/p>\n<p style=\"text-align: right;\"><em>Organizatorzy<\/em><\/p>\n...<a href='https:\/\/sp.tuchow.pl\/index.php\/2020\/06\/16\/550-lat-oswiaty-w-tuchowie-informacja-dotyczaca-konkursu\/' class='pfpReadMore'>Read More &raquo;<\/a><div class='clear'><\/div><hr><\/div><div class='pfpItem entry-content'><h2 class='entry-title'><a href='https:\/\/sp.tuchow.pl\/index.php\/2020\/06\/15\/informacja-dotyczaca-egzaminow-osmoklasisty\/'>Informacja dotycz\u0105ca egzamin\u00f3w \u00f3smoklasisty<\/a><\/h2><p>Na podstawie pisma otrzymanego dzi\u015b, tj. 15 czerwca 2020 r., od organu prowadz\u0105cego informujemy, \u017ce zamkni\u0119te pozostaj\u0105 wszystkie jednostki o\u015bwiatowe w terminie<strong> od 05 do 19 czerwca 2020 r.<\/strong><\/p>\n<p>Mimo zamkni\u0119cia wszystkich jednostek o\u015bwiatowych, egzaminy dla uczni\u00f3w \u00f3smych klas odbywaj\u0105 si\u0119 bez zmian w dniach 16 \u2013 18 czerwca 2020 roku,...<a href='https:\/\/sp.tuchow.pl\/index.php\/2020\/06\/15\/informacja-dotyczaca-egzaminow-osmoklasisty\/' class='pfpReadMore'>Read More &raquo;<\/a><div class='clear'><\/div><hr><\/div><div class='pfpItem entry-content'><h2 class='entry-title'><a href='https:\/\/sp.tuchow.pl\/index.php\/2020\/06\/05\/informacja-3\/'>Informacja - AKTUALIZACJA<\/a><\/h2><p><strong><span style=\"color: #ff0000;\">AKTUALIZACJA<\/span><\/strong><\/p>\n<p><span style=\"color: #ff0000;\">Na podstawie pisma otrzymanego dzi\u015b, tj. 15 czerwca 2020 r., od organu prowadz\u0105cego informujemy, \u017ce zamkni\u0119te pozostaj\u0105 wszystkie jednostki o\u015bwiatowe w terminie <strong>od 05 do 19 czerwca 2020 r.<\/strong><\/span><\/p>\n<p>Mimo zamkni\u0119cia wszystkich jednostek o\u015bwiatowych, egzaminy dla uczni\u00f3w \u00f3smych klas odbywaj\u0105 si\u0119 bez zmian w dniach 16 \u2013...<a href='https:\/\/sp.tuchow.pl\/index.php\/2020\/06\/05\/informacja-3\/' class='pfpReadMore'>Read More &raquo;<\/a><div class='clear'><\/div><hr><\/div><div class='pfpItem entry-content'><h2 class='entry-title'><a href='https:\/\/sp.tuchow.pl\/index.php\/2020\/06\/03\/zdalny-piknik-szkolny-2020\/'>Zdalny Piknik Szkolny 2020<\/a><\/h2><p style=\"text-align: justify;\">Rok 2020 jest wyj\u0105tkowy, gdy\u017c \u015bwi\u0119tujemy 680 rocznic\u0119 lokacji naszego miasta, Tuchowa.<br \/>\n16 maja mieli\u015bmy wsp\u00f3lnie \u015bwi\u0119towa\u0107 podczas Pikniku Szkolnego lecz pandemia zniweczy\u0142a nasze plany. My jednak si\u0119 nie poddali\u015bmy i zaprosili\u015bmy Was do udzia\u0142u w Zdalnym Pikniku Szkolnym, w kt\u00f3rym wzi\u0119li\u015bcie licznie udzia\u0142. Dzi\u0119kujemy Wam za to...<a href='https:\/\/sp.tuchow.pl\/index.php\/2020\/06\/03\/zdalny-piknik-szkolny-2020\/' class='pfpReadMore'>Read More &raquo;<\/a><div class='clear'><\/div><hr><\/div><div class='pfpItem entry-content'><h2 class='entry-title'><a href='https:\/\/sp.tuchow.pl\/index.php\/2020\/05\/30\/dodatkowe-dni-wolne-od-zajec-dydaktycznych\/'>Dodatkowe dni wolne od zaj\u0119\u0107 dydaktycznych<\/a><\/h2><p>Zgodnie z Zarz\u0105dzeniem Dyrektora Szko\u0142y&nbsp;Podstawowej w Tuchowie <strong>dodatkowymi dniami wolnymi od zaj\u0119\u0107 dydaktycznych<\/strong> s\u0105:<\/p>\n<ul>\n<li><strong>12 czerwca 2020<\/strong>&nbsp;(pi\u0105tek)<\/li>\n<li><strong>16 czerwca 2020&nbsp;<\/strong>(wtorek) \u2013 egzamin \u00f3smoklasisty<\/li>\n<li><strong>17 czerwca 2020<\/strong>&nbsp;(\u015broda) \u2013 egzamin \u00f3smoklasisty&nbsp;<\/li>\n<li><strong>18 czerwca 2020<\/strong>&nbsp;(czwartek) \u2013 egzamin \u00f3smoklasisty&nbsp;<\/li>\n<\/ul>\n<p><strong>W tych dniach nie b\u0119d\u0105 realizowane zaj\u0119cia dydaktyczne &#8211; w tym zaj\u0119cia zdalne.<\/strong><\/p>\n...<a href='https:\/\/sp.tuchow.pl\/index.php\/2020\/05\/30\/dodatkowe-dni-wolne-od-zajec-dydaktycznych\/' class='pfpReadMore'>Read More &raquo;<\/a><div class='clear'><\/div><hr><\/div><div class='pfpItem entry-content'><h2 class='entry-title'><a href='https:\/\/sp.tuchow.pl\/index.php\/2020\/05\/28\/550-lat-oswiaty-w-tuchowie-gminny-konkurs\/'>550 lat O\u015bwiaty w Tuchowie - gminny konkurs<\/a><\/h2><div class=\"fb-post\" data-href=\"http:\/\/www.facebook.com\/sptuchow\/photos\/rpp.1791633114439538\/2692692674333573\/?type=3&#038;theater\" data-width=\"552\" style=\"background-color: #fff; display: inline-block;\"><\/div>\n<h2 style=\"text-align: center;\"><strong><em>Z A P R O S Z E N I E <\/em><\/strong><\/h2>\n<h4 style=\"text-align: center;\"><em>&nbsp;<\/em>do wzi\u0119cia udzia\u0142u<\/h4>\n<h3 style=\"text-align: center;\"><em>w gminnym konkursie na piecz\u0119\u0107<br \/>\n\u201e550 lat O\u015bwiaty w Tuchowie\u201d<\/em><\/h3>\n<p style=\"text-align: center;\"><em>&nbsp;<\/em>organizowanego przez Szko\u0142\u0119 Podstawow\u0105<br \/>\nim. Stanis\u0142awa Staszica w Tuchowie<\/p>\n<p style=\"text-align: center;\">pod patronatem Burmistrza...<a href='https:\/\/sp.tuchow.pl\/index.php\/2020\/05\/28\/550-lat-oswiaty-w-tuchowie-gminny-konkurs\/' class='pfpReadMore'>Read More &raquo;<\/a><div class='clear'><\/div><hr><\/div><div class='pfpItem entry-content'><h2 class='entry-title'><a href='https:\/\/sp.tuchow.pl\/index.php\/2020\/05\/25\/podsumowanie-akcji-100-obrazow-sw-jana-pawla-ii-na-jego-setne-urodziny\/'>Podsumowanie akcji \"100 obraz\u00f3w \u015bw. Jana Paw\u0142a II na Jego setne urodziny\"<\/a><\/h2><p style=\"text-align: justify;\">Kochani! Jeste\u015bcie niesamowici! W akcj\u0119 &#8222;100 obraz\u00f3w \u015bw. Jana Paw\u0142a II na Jego setne urodziny&#8221;, zorganizowan\u0105 dla uczczenia naszego \u015awi\u0119tego Rodaka, w\u0142\u0105czy\u0142o si\u0119 ponad stu!!! odwa\u017cnych, kt\u00f3rzy najpierw si\u0119gn\u0119li po s\u0142owa Jana Paw\u0142a II, a nast\u0119pnie wykonali Jego obraz.<br \/>\nWasze prace w \u0142\u0105cznej liczbie 115!!!, kt\u00f3re wykonali\u015bcie r\u00f3\u017cnymi...<a href='https:\/\/sp.tuchow.pl\/index.php\/2020\/05\/25\/podsumowanie-akcji-100-obrazow-sw-jana-pawla-ii-na-jego-setne-urodziny\/' class='pfpReadMore'>Read More &raquo;<\/a><div class='clear'><\/div><hr><\/div><div class='pfpItem entry-content'><h2 class='entry-title'><a href='https:\/\/sp.tuchow.pl\/index.php\/2020\/05\/18\/zarzadzenie-dyrektora-w-sprawie-procedur-bezpieczenstwa-na-terenie-szkoly\/'>Zarz\u0105dzenie Dyrektora w sprawie procedur bezpiecze\u0144stwa na terenie szko\u0142y<\/a><\/h2><p>W dziale <strong>DOKUMENTACJA<\/strong> zosta\u0142a dodana zak\u0142adka <strong>PROCEDURY COVID-19<\/strong>, w kt\u00f3rej umieszczono Zarz\u0105dzenie Dyrektora szko\u0142y oraz <strong>procedury bezpiecze\u0144stwa w okresie pandemii COVID-19 na terenie Szko\u0142y Podstawowej im. Stanis\u0142awa Staszica w Tuchowie.<\/strong><\/p>\n<blockquote class=\"wp-embedded-content\" data-secret=\"6bGM07Gc1U\"><p><a href=\"https:\/\/sp.tuchow.pl\/index.php\/procedury-covid-19\/\">Procedury COVID-19<\/a><\/p><\/blockquote>\n<p><iframe loading=\"lazy\" class=\"wp-embedded-content\" sandbox=\"allow-scripts\" security=\"restricted\" style=\"position: absolute; visibility: hidden;\" title=\"&#8222;Procedury COVID-19&#8221; &#8212; Szko\u0142a Podstawowa w Tuchowie\" src=\"https:\/\/sp.tuchow.pl\/index.php\/procedury-covid-19\/embed\/#?secret=1cDRuCwUP9#?secret=6bGM07Gc1U\"...<a href='https:\/\/sp.tuchow.pl\/index.php\/2020\/05\/18\/zarzadzenie-dyrektora-w-sprawie-procedur-bezpieczenstwa-na-terenie-szkoly\/' class='pfpReadMore'>Read More &raquo;<\/a><div class='clear'><\/div><hr><\/div><div class='pfpItem entry-content'><h2 class='entry-title'><a href='https:\/\/sp.tuchow.pl\/index.php\/2020\/05\/18\/o-zdrowiu-w-cieniu-lipy\/'>O zdrowiu w cieniu lipy<\/a><\/h2><p>Ostatnio na lekcjach j\u0119zyka polskiego w klasie VI b zaw\u0119drowali\u015bmy do czas\u00f3w renesansu i poznali\u015bmy ,,Fraszki\u2019\u2019 Jana Kochanowskiego. Odbyli\u015bmy te\u017c wirtualn\u0105 podr\u00f3\u017c do Muzeum tego\u017c wybitego poety w Czarnolesie.<\/p>\n<p>Jednym z zada\u0144 by\u0142o napisanie wypowiedzi argumentacyjnej: Kt\u00f3re z podanych przys\u0142\u00f3w najlepiej oddaje sens pierwszych czterech wers\u00f3w fraszki ,,Na zdrowie\u2019\u2019.<\/p>\n<p>Drugie polecenie \u2013...<a href='https:\/\/sp.tuchow.pl\/index.php\/2020\/05\/18\/o-zdrowiu-w-cieniu-lipy\/' class='pfpReadMore'>Read More &raquo;<\/a><div class='clear'><\/div><hr><\/div><div class='pfpItem entry-content'><h2 class='entry-title'><a href='https:\/\/sp.tuchow.pl\/index.php\/2020\/05\/17\/100-obrazow-sw-jana-pawla-ii-na-jego-setne-urodziny-2\/'>100 OBRAZ\u00d3W \u015aW. JANA PAW\u0141A II NA JEGO SETNE URODZINY<\/a><\/h2><div class=\"fb-post\" data-href=\"http:\/\/www.facebook.com\/sptuchow\/photos\/rpp.1791633114439538\/2683767541892753\/?type=3&#038;theater\" data-width=\"552\" style=\"background-color: #fff; display: inline-block;\"><\/div>\n...<a href='https:\/\/sp.tuchow.pl\/index.php\/2020\/05\/17\/100-obrazow-sw-jana-pawla-ii-na-jego-setne-urodziny-2\/' class='pfpReadMore'>Read More &raquo;<\/a><div class='clear'><\/div><hr><\/div><div class='pfpItem entry-content'><h2 class='entry-title'><a href='https:\/\/sp.tuchow.pl\/index.php\/2020\/05\/15\/piknik-zdalny-2020\/'>Piknik zdalny 2020<\/a><\/h2><p>Szanowni Pa\u0144stwo,<br \/>\n16 maja, w najbli\u017csz\u0105 sobot\u0119 mia\u0142 odby\u0107 si\u0119 Piknik Szkolny. Mia\u0142 on by\u0107 wyj\u0105tkowy bo po\u015bwi\u0119cony 680 rocznicy lokacji Tuchowa i 550 rocznicy O\u015bwiaty w Tuchowie. Niestety nie mo\u017cemy spotka\u0107 si\u0119 razem w tuchowskim amfiteatrze, ale ka\u017cdy z nas mo\u017ce sp\u0119dzi\u0107 ten czas piknikowo.<br \/>\nJe\u015bli dzieci chc\u0105 wzi\u0105\u0107...<a href='https:\/\/sp.tuchow.pl\/index.php\/2020\/05\/15\/piknik-zdalny-2020\/' class='pfpReadMore'>Read More &raquo;<\/a><div class='clear'><\/div><hr><\/div><div class='pfpItem entry-content'><h2 class='entry-title'><a href='https:\/\/sp.tuchow.pl\/index.php\/2020\/05\/14\/ii-gminny-konkurs-piosenki-angielskiej-everybody-can-sing-2\/'>II Gminny Konkurs Piosenki Angielskiej \u201eEverybody can sing\u201d<\/a><\/h2><img decoding=\"async\" src=\"https:\/\/sp.tuchow.pl\/wp-content\/uploads\/2020\/05\/P3040012-150x150.jpg\" \/><p style=\"text-align: justify;\">Szko\u0142a Podstawowa im. Stanis\u0142awa Staszica w Tuchowie zorganizowa\u0142a II Gminny Konkurs Piosenki Angielskiej \u201eEverybody can sing\u201d, tym razem, z powodu zamkni\u0119cia szk\u00f3\u0142, w zmienionej formie.&nbsp; Etap gminny poprzedzony by\u0142 eliminacjami do konkursu. Do etapu gminnego przesz\u0142o 23 uczestnik\u00f3w z 8 szk\u00f3\u0142, kt\u00f3rzy nades\u0142ali video ze swoim wykonaniem. Poziom...<a href='https:\/\/sp.tuchow.pl\/index.php\/2020\/05\/14\/ii-gminny-konkurs-piosenki-angielskiej-everybody-can-sing-2\/' class='pfpReadMore'>Read More &raquo;<\/a><div class='clear'><\/div><hr><\/div><div class='pfpItem entry-content'><h2 class='entry-title'><a href='https:\/\/sp.tuchow.pl\/index.php\/2020\/05\/08\/100-obrazow-sw-jana-pawla-ii-na-jego-setne-urodziny\/'>\"100 OBRAZ\u00d3W \u015aW. JANA PAW\u0141A II NA JEGO SETNE URODZINY\u201d<\/a><\/h2><p style=\"text-align: justify;\">18 maja 1920 r. w Wadowicach przyszed\u0142 na \u015bwiat ma\u0142y, pi\u0119kny ch\u0142opiec, kt\u00f3ry na chrzcie otrzyma\u0142 imi\u0119 Karol. Gdy by\u0142 dzieckiem bliscy wo\u0142ali na niego \u201eLolek\u201d, ale gdy dor\u00f3s\u0142 i zosta\u0142 ksi\u0119dzem m\u0142odzie\u017c nazywa\u0142a go \u201eWujkiem\u201d. Wszyscy jednak zapami\u0119tali\u015bmy go jako Papie\u017ca z Polski &#8211; Jana Paw\u0142a II.<br...<a href='https:\/\/sp.tuchow.pl\/index.php\/2020\/05\/08\/100-obrazow-sw-jana-pawla-ii-na-jego-setne-urodziny\/' class='pfpReadMore'>Read More &raquo;<\/a><div class='clear'><\/div><hr><\/div><div class='pfpItem entry-content'><h2 class='entry-title'><a href='https:\/\/sp.tuchow.pl\/index.php\/2020\/05\/08\/wyniki-szkolnego-etapu-konkursu-piosenki-angielskiej-everybody-can-sing\/'>Wyniki szkolnego etapu Konkursu Piosenki Angielskiej \u201eEverybody can sing\u201d<\/a><\/h2><p>\u015apiewa\u0107 mo\u017cna zawsze i wsz\u0119dzie, dlatego, mimo zamkni\u0119cia szk\u00f3\u0142, zorganizowali\u015bmy kolejny ju\u017c Konkurs Piosenki Angielskiej \u201eEverybody can sing\u201d, tym razem, w zmienionej formie.<\/p>\n<p>Jury w sk\u0142adzie: p.Wies\u0142aw Cie\u015bla \u2013 przewodnicz\u0105cy jury, p. Katarzyna Stelmach i Aneta Rzeszutko wys\u0142ucha\u0142o wszystkich nades\u0142anych nagra\u0144 i wy\u0142oni\u0142o po 3 zwyci\u0119zc\u00f3w z ka\u017cdej grupy wiekowej.<\/p>\n<p>&nbsp;<\/p>\n<p><u>Laureaci klas...<a href='https:\/\/sp.tuchow.pl\/index.php\/2020\/05\/08\/wyniki-szkolnego-etapu-konkursu-piosenki-angielskiej-everybody-can-sing\/' class='pfpReadMore'>Read More &raquo;<\/a><div class='clear'><\/div><hr><\/div><div class='pfpItem entry-content'><h2 class='entry-title'><a href='https:\/\/sp.tuchow.pl\/index.php\/2020\/05\/08\/szanowni-rodzice-drodzy-uczniowie-uczestnicy-wielkiej-ligi-czytelnikow\/'>Szanowni rodzice! Drodzy uczniowie, uczestnicy Wielkiej Ligi Czytelnik\u00f3w!<\/a><\/h2><p style=\"text-align: justify;\">Informujemy, \u017ce zako\u0144czenie etapu szkolno \u2013 bibliotecznego Ligi w naszej szkole odb\u0119dzie si\u0119 po powrocie uczni\u00f3w do szko\u0142y. Uczestnicy Ligi otrzymaj\u0105 czas na powt\u00f3rzenie znajomo\u015bci lektury. Wy\u0142onimy zwyci\u0119zc\u00f3w w 4 kategoriach: klasy I, klasy II, klasy III \u2013 IV oraz klasy V \u2013 VII.&nbsp; Wszyscy uczestnicy Wielkiej Ligi...<a href='https:\/\/sp.tuchow.pl\/index.php\/2020\/05\/08\/szanowni-rodzice-drodzy-uczniowie-uczestnicy-wielkiej-ligi-czytelnikow\/' class='pfpReadMore'>Read More &raquo;<\/a><div class='clear'><\/div><hr><\/div><div class='pfpItem entry-content'><h2 class='entry-title'><a href='https:\/\/sp.tuchow.pl\/index.php\/2020\/05\/07\/wspaniali-ziemianie-dziekujemy\/'>Wspaniali Ziemianie! Dzi\u0119kujemy!!!<\/a><\/h2><img loading=\"lazy\" decoding=\"async\" class=\"img\" src=\"http:\/\/o.iplsc.com\/p\" alt=\"\" width=\"16\" height=\"16\" data-inpl-src=\"http:\/\/static.xx.fbcdn.net\/images\/emoji.php\/v9\/t4c\/1\/16\/1f642.png\"><p style=\"text-align: justify;\">Wasze prace na uczczenie Dnia Ziemi s\u0105 bardzo pi\u0119kne! W spos\u00f3b ciekawy I pomys\u0142owy przedstawiali\u015bcie sposoby ratowania naszej \u015blicznej planety. Widzimy, \u017ce jeste\u015bcie \u015bwiadomymi mieszka\u0144cami Ziemi, umiecie w codziennym \u017cyciu dba\u0107 o jej \u201czdrowie\u201d, <a class=\"antispy\" href=\"\thttp:\/\/healthytime.pl\t\" rel=\"dofollow\">\tznacie sposoby oszcz\u0119dzania\t<\/a> wody I pr\u0105du, rozumiecie co to jest recykling...<a href='https:\/\/sp.tuchow.pl\/index.php\/2020\/05\/07\/wspaniali-ziemianie-dziekujemy\/' class='pfpReadMore'>Read More &raquo;<\/a><div class='clear'><\/div><hr><\/div><div class='pfpItem entry-content'><h2 class='entry-title'><a href='https:\/\/sp.tuchow.pl\/index.php\/2020\/05\/07\/9106\/'><\/a><\/h2><p>W tym rok szkolnym przed zbli\u017caj\u0105c\u0105 si\u0119 229 rocznic\u0105 uchwalenia Konstytucji 3 Maja zaproponowali\u015bmy uczniom naszej szko\u0142y \u201ewachlarz\u201d wielu aktywno\u015bci patriotycznych. Nie mogli\u015bmy \u015bwi\u0119towa\u0107 wsp\u00f3lnie, jednak dzieci i m\u0142odzie\u017c w domach podejmowali wiele ciekawych patriotycznych inicjatyw.<\/p>\n<p>Nie spos\u00f3b zliczy\u0107 pi\u0119knych i oryginalnych plakat\u00f3w, prezentacji, zdj\u0119\u0107, film\u00f3w, kt\u00f3re uczniowie wysy\u0142ali do nas...<a href='https:\/\/sp.tuchow.pl\/index.php\/2020\/05\/07\/9106\/' class='pfpReadMore'>Read More &raquo;<\/a><div class='clear'><\/div><hr><\/div><div class='pfpItem entry-content'><h2 class='entry-title'><a href='https:\/\/sp.tuchow.pl\/index.php\/2020\/05\/07\/publikacja-sprawozdania-finansowego-bilansu-za-2019-rok\/'>Publikacja sprawozdania finansowego - BILANSU za 2019 rok<\/a><\/h2><p style=\"text-align: justify;\">Zgodnie z \u00a7 34 ust. 9 Rozporz\u0105dzenia Ministra Rozwoju i Finans\u00f3w z dnia 13 wrze\u015bnia&nbsp; 2017 r. w sprawie rachunkowo\u015bci oraz plan\u00f3w kont dla bud\u017cetu pa\u0144stwa, bud\u017cet\u00f3w jednostek samorz\u0105du terytorialnego, jednostek bud\u017cetowych, samorz\u0105dowych zak\u0142ad\u00f3w bud\u017cetowych, pa\u0144stwowych funduszy celowych oraz pa\u0144stwowych jednostek bud\u017cetowych maj\u0105cych siedzib\u0119 poza granicami Rzeczypospolitej Polskiej,...<a href='https:\/\/sp.tuchow.pl\/index.php\/2020\/05\/07\/publikacja-sprawozdania-finansowego-bilansu-za-2019-rok\/' class='pfpReadMore'>Read More &raquo;<\/a><div class='clear'><\/div><hr><\/div><div class='pfpItem entry-content'><h2 class='entry-title'><a href='https:\/\/sp.tuchow.pl\/index.php\/2020\/05\/05\/rymowanki-o-koronawirusie\/'>Rymowanki o koronawirusie<\/a><\/h2><p>&nbsp;<\/p>\n<p style=\"text-align: right;\"><em>\u201e Dawniej Korona to atrybut kr\u00f3l\u00f3w .<\/em><\/p>\n<p style=\"text-align: right;\"><em>Dzisiaj niefajny ogonek jej ur\u00f3s\u0142.<\/em><\/p>\n<p style=\"text-align: right;\"><em>Koronawirus, covid-19<\/em><\/p>\n<p style=\"text-align: right;\"><em>Jak\u017ce okropnie brzmi to i strasznie. (..<\/em>.)\u201d<\/p>\n<p><strong>&nbsp;<\/strong><\/p>\n<p style=\"text-align: justify;\">&nbsp;&nbsp;&nbsp;&nbsp;&nbsp;&nbsp;&nbsp;&nbsp;&nbsp;&nbsp;&nbsp; W tej zabawie z bibliotek\u0105 wzi\u0119\u0142o udzia\u0142 11 uczni\u00f3w. Wszystkim Wam serdecznie dzi\u0119kujemy i zapewniamy, \u017ce wasza praca b\u0119dzie nagrodzona nie tylko...<a href='https:\/\/sp.tuchow.pl\/index.php\/2020\/05\/05\/rymowanki-o-koronawirusie\/' class='pfpReadMore'>Read More &raquo;<\/a><div class='clear'><\/div><hr><\/div><div class='pfpItem entry-content'><h2 class='entry-title'><a href='https:\/\/sp.tuchow.pl\/index.php\/2020\/05\/05\/nabor-do-szkoly-muzycznej-i-st-w-tuchowie\/'>Nab\u00f3r do Szko\u0142y Muzycznej I st. w Tuchowie<\/a><\/h2><img decoding=\"async\" src=\"https:\/\/sp.tuchow.pl\/wp-content\/uploads\/2020\/05\/rekrutacja-SM-2020-2021-1-e1588672912649-150x150.jpg\" \/><p>Dyrektor Szko\u0142y Muzycznej I st. w Tuchowie og\u0142asza nab\u00f3r na rok szkolny 2020 \/ 2021.&nbsp;<\/p>\nngg_shortcode_3_placeholder\n<p>&nbsp;<\/p>\n<p>&nbsp;<\/p>\n<p>Wi\u0119cej informacji&nbsp;<\/p>\n<blockquote class=\"wp-embedded-content\" data-secret=\"DvhYUJtMxL\"><p><a href=\"http:\/\/www.sm.tuchow.pl\/nauka\/rekrutacja\/\">Rekrutacja<\/a><\/p><\/blockquote>\n<p><iframe loading=\"lazy\" class=\"wp-embedded-content\" sandbox=\"allow-scripts\" security=\"restricted\" style=\"position: absolute; clip: rect(1px, 1px, 1px, 1px);\" src=\"http:\/\/www.sm.tuchow.pl\/nauka\/rekrutacja\/embed\/#?secret=DvhYUJtMxL\" data-secret=\"DvhYUJtMxL\" width=\"600\" height=\"338\" title=\"&#8222;Rekrutacja&#8221; &#8212; Szko\u0142a Muzyczna I st. w Tuchowie\" frameborder=\"0\" marginwidth=\"0\" marginheight=\"0\" scrolling=\"no\"><\/iframe><\/p>\n...<a href='https:\/\/sp.tuchow.pl\/index.php\/2020\/05\/05\/nabor-do-szkoly-muzycznej-i-st-w-tuchowie\/' class='pfpReadMore'>Read More &raquo;<\/a><div class='clear'><\/div><hr><\/div><div class='pfpItem entry-content'><h2 class='entry-title'><a href='https:\/\/sp.tuchow.pl\/index.php\/2020\/05\/05\/ogolnopolski-projekt-czytelniczy-klasa-i-a\/'>Og\u00f3lnopolski Projekt Czytelniczy - klasa I a<\/a><\/h2><p style=\"text-align: justify;\">Uczniowie klasy I a zako\u0144czyli&nbsp; II Modu\u0142 og\u00f3lnopolskiego projektu edukacyjnego \u201eCzytam z klas\u0105 \u2013 Lekturki&nbsp; spod chmurki\u201d.<\/p>\n<p style=\"text-align: justify;\">Spo\u015br\u00f3d proponowanych lektur w tym module, wybrali\u015bmy ksi\u0105\u017ck\u0119&nbsp; \u201eO psie, kt\u00f3ry je\u017adzi\u0142 kolej\u0105\u201d Romana Pisarskiego. W ramach tego etapu&nbsp; uczniowie wykonali cztery wymagane zadania.&nbsp; &nbsp;<\/p>\n<p style=\"text-align: justify;\">Obecnie, na zaj\u0119ciach online...<a href='https:\/\/sp.tuchow.pl\/index.php\/2020\/05\/05\/ogolnopolski-projekt-czytelniczy-klasa-i-a\/' class='pfpReadMore'>Read More &raquo;<\/a><div class='clear'><\/div><hr><\/div><div class='pfpItem entry-content'><h2 class='entry-title'><a href='https:\/\/sp.tuchow.pl\/index.php\/2020\/05\/02\/gdy-zablysnal-3-maja\/'>Gdy zab\u0142ysn\u0105\u0142 3 Maja...<\/a><\/h2><div class=\"\" data-block=\"true\" data-editor=\"cts0t\" data-offset-key=\"3hnh1-0-0\">\n<div class=\"_1mf _1mj\" data-offset-key=\"3hnh1-0-0\"><span data-offset-key=\"3hnh1-0-0\">&#8222;Gdy zab\u0142ysn\u0105\u0142 3 maj&#8221; <\/span><\/div>\n<\/div>\n<div class=\"\" data-block=\"true\" data-editor=\"cts0t\" data-offset-key=\"a0s6s-0-0\">\n<div class=\"_1mf _1mj\" style=\"text-align: center;\" data-offset-key=\"a0s6s-0-0\"><span data-offset-key=\"a0s6s-0-0\">&nbsp;<\/span><\/div>\n<\/div>\n<div class=\"\" style=\"text-align: center;\" data-block=\"true\" data-editor=\"cts0t\" data-offset-key=\"47ssu-0-0\">\n<div class=\"_1mf _1mj\" data-offset-key=\"47ssu-0-0\"><span data-offset-key=\"47ssu-0-0\">Gdy zab\u0142ysn\u0105\u0142 3 maj<\/span><\/div>\n<\/div>\n<div class=\"\" style=\"text-align: center;\" data-block=\"true\" data-editor=\"cts0t\" data-offset-key=\"eh0h2-0-0\">\n<div class=\"_1mf _1mj\" data-offset-key=\"eh0h2-0-0\"><span data-offset-key=\"eh0h2-0-0\">w blaskach Polska wsta\u0142a.<\/span><\/div>\n<\/div>\n<div class=\"\"...<a href='https:\/\/sp.tuchow.pl\/index.php\/2020\/05\/02\/gdy-zablysnal-3-maja\/' class='pfpReadMore'>Read More &raquo;<\/a><div class='clear'><\/div><hr><\/div><div class='pfpItem entry-content'><h2 class='entry-title'><a href='https:\/\/sp.tuchow.pl\/index.php\/2020\/04\/29\/jestescie-wspaniali\/'>Jeste\u015bcie wspaniali!<\/a><\/h2><p style=\"text-align: justify;\">Odzew w\u015br\u00f3d uczni\u00f3w na has\u0142o majowych akcji patriotycznych przer\u00f3s\u0142 nasze oczekiwania J Jeszcze przed obchodami uczniowie zabrali si\u0119 ostro do pracy!<\/p>\n<p style=\"text-align: justify;\">Prace, kt\u00f3re przysy\u0142acie s\u0105 pi\u0119kne, wiersze mocno nastrojowe!&nbsp; Pojawiaj\u0105 si\u0119 te\u017c wielkie historyczne postacie&nbsp; \u2013&nbsp; sam Jan Matejko, kt\u00f3ry 100 lat po uchwaleniu Konstytucji namalowa\u0142 obraz...<a href='https:\/\/sp.tuchow.pl\/index.php\/2020\/04\/29\/jestescie-wspaniali\/' class='pfpReadMore'>Read More &raquo;<\/a><div class='clear'><\/div><hr><\/div><div class='pfpItem entry-content'><h2 class='entry-title'><a href='https:\/\/sp.tuchow.pl\/index.php\/2020\/04\/25\/swieto-flagi-i-229-rocznica-uchwalenia-konstytucji-3-maja\/'>\u015awi\u0119to Flagi i 229. rocznica uchwalenia Konstytucji 3 maja<\/a><\/h2><p style=\"text-align: justify;\">W tym roku inaczej ni\u017c zwykle b\u0119dziemy obchodzi\u0107&nbsp; \u015awi\u0119to Flagi i Narodowe \u015awi\u0119to Konstytucji. Nie za\u015bpiewamy wsp\u00f3lnie \u201eMajowej Jutrzenki\u201d, nie we\u017amiemy udzia\u0142u w uroczystej akademii co roku organizowanej&nbsp; w naszej szkole.<\/p>\n<p style=\"text-align: justify;\">Poka\u017cmy jednak,&nbsp; \u017ce pami\u0119tamy i potrafimy uczci\u0107 to \u015bwi\u0119to, nawet w tych trudnych, niecodziennych czasach!<\/p>\n<p style=\"text-align:...<a href='https:\/\/sp.tuchow.pl\/index.php\/2020\/04\/25\/swieto-flagi-i-229-rocznica-uchwalenia-konstytucji-3-maja\/' class='pfpReadMore'>Read More &raquo;<\/a><div class='clear'><\/div><hr><\/div><div class='pfpItem entry-content'><h2 class='entry-title'><a href='https:\/\/sp.tuchow.pl\/index.php\/2020\/04\/22\/biblioteka-szkolna-poleca-warto-wiedziec\/'>Biblioteka szkolna poleca! Warto wiedzie\u0107:)<\/a><\/h2><p><strong>Chocia\u017c biblioteki s\u0105 zamkni\u0119te&#8230; czytajcie! A w sobot\u0119 polecamy<\/strong><\/p>\n<p><strong>Sobota 25.04 \u2013 Ewa Karwan-Jastrz\u0119bska<\/strong><\/p>\n<p><strong>facebook.com\/e.k.jastrzebska\/<\/strong><\/p>\n<p style=\"text-align: justify;\"><strong>Zapraszam dzieci i doros\u0142ych na Dobranock\u0119 Literack\u0105 w Ulu, w kt\u00f3rym roi si\u0119 od s\u0142\u00f3w. Dorzuc\u0119 wi\u0119c kilka swoich, w tym r\u00f3wnie\u017c rymowanych i poprosz\u0119 Was o wiersze w komentarzach. Tematem rym\u00f3w b\u0119dzie kot w kwarantannie....<a href='https:\/\/sp.tuchow.pl\/index.php\/2020\/04\/22\/biblioteka-szkolna-poleca-warto-wiedziec\/' class='pfpReadMore'>Read More &raquo;<\/a><div class='clear'><\/div><hr><\/div><div class='pfpItem entry-content'><h2 class='entry-title'><a href='https:\/\/sp.tuchow.pl\/index.php\/2020\/04\/19\/serdecznie-zapraszamy-na-konkurs-piosenki-angielskiej\/'>Serdecznie zapraszamy na KONKURS PIOSENKI ANGIELSKIEJ<\/a><\/h2><p style=\"text-align: justify;\">W zwi\u0105zku z zamkni\u0119ciem szk\u00f3\u0142, nie uda\u0142o nam si\u0119 zorganizowa\u0107 szkolnego konkursu piosenki angielskiej. Dlatego, postanowili\u015bmy, \u017ce mimo przeciwno\u015bci, zorganizujemy go zdalnie. Je\u015bli chcesz wzi\u0105\u0107 udzia\u0142 w konkursie, prze\u015blij filmik z nagraniem swojej piosenki za pomoc\u0105 OneDrive (za\u0142\u0105cznik edziennik) do organizator\u00f3w konkursu: uczniowie klas 1-4 do p. Anety...<a href='https:\/\/sp.tuchow.pl\/index.php\/2020\/04\/19\/serdecznie-zapraszamy-na-konkurs-piosenki-angielskiej\/' class='pfpReadMore'>Read More &raquo;<\/a><div class='clear'><\/div><hr><\/div><div class='pfpItem entry-content'><h2 class='entry-title'><a href='https:\/\/sp.tuchow.pl\/index.php\/2020\/04\/17\/informacja-dotyczaca-rekrutacji-do-klasy-i-2\/'>INFORMACJA dotycz\u0105ca rekrutacji do klasy I<\/a><\/h2><p style=\"text-align: justify;\">Dyrektor Szko\u0142y Podstawowej im. Stanis\u0142awa Staszica w Tuchowie informuje, \u017ce wszystkie dzieci &#8211; kt\u00f3rych rodzice z\u0142o\u017cyli wniosek lub zg\u0142oszenie, zosta\u0142y zakwalifikowane do klasy pierwszej na rok szkolny 2020\/2021.<\/p>\n<p style=\"text-align: justify;\">Przypominamy, \u017ce zgodnie z harmonogramem rekrutacji rodzice s\u0105 zobowi\u0105zani w terminie do 20 kwietnia 2020 r. z\u0142o\u017cy\u0107 o\u015bwiadczenie woli...<a href='https:\/\/sp.tuchow.pl\/index.php\/2020\/04\/17\/informacja-dotyczaca-rekrutacji-do-klasy-i-2\/' class='pfpReadMore'>Read More &raquo;<\/a><div class='clear'><\/div><hr><\/div><div class='pfpItem entry-content'><h2 class='entry-title'><a href='https:\/\/sp.tuchow.pl\/index.php\/2020\/04\/17\/jak-zrobic-maseczke-ochronna-biblioteka-i-swietlica-szkolna-zaprasza-do-zabawy\/'>Jak zrobi\u0107 maseczk\u0119 ochronn\u0105? Biblioteka i \u015bwietlica szkolna zaprasza do zabawy<\/a><\/h2><p>&nbsp;&nbsp;&nbsp;&nbsp;&nbsp;&nbsp;&nbsp;&nbsp; Mo\u017ce kto\u015b lubi sk\u0142ada\u0107 origami? A mo\u017ce kto\u015b jest troszk\u0119 leniwy i woli co\u015b \u0142atwiejszego? Oto dwie propozycje samodzielnego wykonania maseczek ochronnych.<\/p>\n<p><strong>Trudniejszy spos<\/strong><strong>\u00f3<\/strong><strong>b<\/strong><\/p>\n<p><strong><a href=\"http:\/\/noizz.pl\/design\/maseczka-origami-zaprojektowana-przez-polke-kazdy-moze-zrobic-ja-w-domu\/jy4nljm\">http:\/\/noizz.pl\/design\/maseczka-origami-zaprojektowana-przez-polke-kazdy-moze-zrobic-ja-w-domu\/jy4nljm<\/a><\/strong><\/p>\n<p>Potrzebne b\u0119d\u0105:<\/p>\n<ul>\n<li>r\u0119cznik papierowy (2 listki)<\/li>\n<li>2 gumki recepturki ( mo\u017cesz znale\u017a\u0107 je na \u015bwie\u017cych warzywach zakupionych w markecie: rzodkiewka, p\u0119czek szczypiorku, pietruszki, itp.)<\/li>\n<li>zszywacz lub klej.<\/li>\n<\/ul>\n<p><strong>\u0141atwy spos\u00f3b<\/strong><\/p>\n<p><strong><a href=\"http:\/\/www.wykop.pl\/link\/5388117\/jak-zrobic-maseczke-z-recznika-papierowego\/\">http:\/\/www.wykop.pl\/link\/5388117\/jak-zrobic-maseczke-z-recznika-papierowego\/<\/a>...<a href='https:\/\/sp.tuchow.pl\/index.php\/2020\/04\/17\/jak-zrobic-maseczke-ochronna-biblioteka-i-swietlica-szkolna-zaprasza-do-zabawy\/' class='pfpReadMore'>Read More &raquo;<\/a><div class='clear'><\/div><hr><\/div><div class='pfpItem entry-content'><h2 class='entry-title'><a href='https:\/\/sp.tuchow.pl\/index.php\/2020\/04\/17\/konkurs-plastyczny-plakat-z-okazji-swieta-ziemi\/'>Konkurs plastyczny. Plakat z okazji \u015awi\u0119ta Ziemi.\u00a0<\/a><\/h2><div>\n<div style=\"text-align: justify;\">22 kwietnia setki milion\u00f3w ludzi na ca\u0142ym \u015bwiecie b\u0119dzie \u015bwi\u0119towa\u0107 Dzie\u0144 Ziemi. Idea troski o niebiesk\u0105 planet\u0119 \u0142\u0105czy ludzi niezale\u017cnie od narodowo\u015bci, wyznania, zawodu, wieku. \u015awi\u0119to to jest wspania\u0142\u0105 okazj\u0105, by nag\u0142o\u015bni\u0107 globalne problemy ziemi i domaga\u0107 si\u0119 odpowiednich dzia\u0142a\u0144.&nbsp;<\/div>\n<div>&nbsp;<\/div>\n<div style=\"text-align: justify;\">\u015awietlica nasza zach\u0119ca wszystkich uczni\u00f3w <a class=\"antispy\"...<a href='https:\/\/sp.tuchow.pl\/index.php\/2020\/04\/17\/konkurs-plastyczny-plakat-z-okazji-swieta-ziemi\/' class='pfpReadMore'>Read More &raquo;<\/a><div class='clear'><\/div><hr><\/div><div class='pfpItem entry-content'><h2 class='entry-title'><a href='https:\/\/sp.tuchow.pl\/index.php\/2020\/04\/11\/modernizacja-doradztwa-zawodowego\/'>Modernizacja Doradztwa Zawodowego<\/a><\/h2><p><strong>Projekt&nbsp; Modernizacja Doradztwa Zawodowego<\/strong><\/p>\n<p><a href=\"http:\/\/www.malopolska.pl\/ksztalcenie-i-doradztwo-zawodowe\">http:\/\/www.malopolska.pl\/ksztalcenie-i-doradztwo-zawodowe<\/a><\/p>\n<p><em>Festiwale zawod\u00f3w<\/em><\/p>\n<p><a href=\"http:\/\/www.malopolska.pl\/ksztalcenie-i-doradztwo-zawodowe\/festiwal-zawodow\/festiwal-zawodow-2019\">http:\/\/www.malopolska.pl\/ksztalcenie-i-doradztwo-zawodowe\/festiwal-zawodow\/festiwal-zawodow-2019<\/a><\/p>\n<p><a href=\"http:\/\/www.malopolska.pl\/ksztalcenie-i-doradztwo-zawodowe\/festiwal-zawodow\/festiwal-zawodow-2018\">http:\/\/www.malopolska.pl\/ksztalcenie-i-doradztwo-zawodowe\/festiwal-zawodow\/festiwal-zawodow-2018<\/a><\/p>\n<p><a href=\"http:\/\/www.malopolska.pl\/ksztalcenie-i-doradztwo-zawodowe\/festiwal-zawodow\/festiwal-zawodow-2017\">http:\/\/www.malopolska.pl\/ksztalcenie-i-doradztwo-zawodowe\/festiwal-zawodow\/festiwal-zawodow-2017<\/a><\/p>\n...<a href='https:\/\/sp.tuchow.pl\/index.php\/2020\/04\/11\/modernizacja-doradztwa-zawodowego\/' class='pfpReadMore'>Read More &raquo;<\/a><div class='clear'><\/div><hr><\/div><div class='pfpItem entry-content'><h2 class='entry-title'><a href='https:\/\/sp.tuchow.pl\/index.php\/2020\/04\/10\/ksztalcenie-na-odleglosc-w-szkolach-i-placowkach-przedluzone-do-26-kwietnia-br\/'>Kszta\u0142cenie na odleg\u0142o\u015b\u0107 w szko\u0142ach i plac\u00f3wkach przed\u0142u\u017cone do 26 kwietnia br.<\/a><\/h2><img decoding=\"async\" src=\"https:\/\/sp.tuchow.pl\/wp-content\/uploads\/2020\/04\/729x308-do-26-kwietnia-150x150.jpg\" \/><p>Do 26 kwietnia br. przed\u0142u\u017cona zosta\u0142a przerwa w nauczaniu stacjonarnym w jednostkach systemu o\u015bwiaty \u2013 to przepis uj\u0119ty w podpisanym 9 kwietnia br. rozporz\u0105dzeniu Ministra Edukacji Narodowej.<\/p>\n<p><a href=\"http:\/\/www.gov.pl\/web\/edukacja\/ksztalcenie-na-odleglosc-przedluzone-do-26-kwietnia\">http:\/\/www.gov.pl\/web\/edukacja\/ksztalcenie-na-odleglosc-przedluzone-do-26-kwietnia<\/a><\/p>\n...<a href='https:\/\/sp.tuchow.pl\/index.php\/2020\/04\/10\/ksztalcenie-na-odleglosc-w-szkolach-i-placowkach-przedluzone-do-26-kwietnia-br\/' class='pfpReadMore'>Read More &raquo;<\/a><div class='clear'><\/div><hr><\/div><div class='pfpItem entry-content'><h2 class='entry-title'><a href='https:\/\/sp.tuchow.pl\/index.php\/2020\/04\/10\/idzie-sobie-pan-jezus-czyli-wielkanoc-w-wierszu-jana-lechonia\/'>,,Idzie sobie Pan Jezus\u2026, czyli Wielkanoc w wierszu Jana Lechonia<\/a><\/h2><p>&nbsp;&nbsp;&nbsp;&nbsp;&nbsp;&nbsp;&nbsp;&nbsp;&nbsp;&nbsp;&nbsp; Na ostatniej lekcji w klasie 6 b, przed wiosenn\u0105 przerw\u0105 \u015bwi\u0105teczn\u0105, omawiali\u015bmy wiersz ,,Wielkanoc\u2019\u2019.<\/p>\n<p>Dzieci uzasadnia\u0142y w wypowiedzi argumentacyjnej, czy Wielkanoc jest \u015bwi\u0119tem radosnym.<\/p>\n<p>Wykonywa\u0142y r\u00f3wnie\u017c ilustracj\u0119 do wybranej strofy wiersza.<\/p>\n<p>Jako \u017ce nadchodzi czas \u015bwi\u0105teczny, dzielimy si\u0119 owocami naszej pracy\u2026<\/p>\n<p style=\"text-align: center;\">***<\/p>\n<p><strong>Czy Wielkanoc jest \u015bwi\u0119tem radosnym?<\/strong><\/p>\n<p>&nbsp;<\/p>\n<p style=\"text-align: justify;\">Wielkanoc obchodzimy na pami\u0105tk\u0119...<a href='https:\/\/sp.tuchow.pl\/index.php\/2020\/04\/10\/idzie-sobie-pan-jezus-czyli-wielkanoc-w-wierszu-jana-lechonia\/' class='pfpReadMore'>Read More &raquo;<\/a><div class='clear'><\/div><hr><\/div><div class='pfpItem entry-content'><h2 class='entry-title'><a href='https:\/\/sp.tuchow.pl\/index.php\/2020\/04\/09\/zyczenia\/'>Wielkanoc 2020<\/a><\/h2><p>Szanowni Rodzice Drodzy Uczniowie, Pracownicy szk\u00f3\u0142 i Gminnej Administracji O\u015bwiaty w Tuchowie<\/p>\n<p>Niech Zmartwychwstanie Pana Jezusa nape\u0142ni nasze serca pokojem, wiar\u0105 i nadziej\u0105. Niech da si\u0142\u0119 w pokonywaniu trudno\u015bci i pozwoli z ufno\u015bci\u0105 patrze\u0107 w przysz\u0142o\u015b\u0107. Wchodzimy w najwi\u0119ksze tajemnice chrze\u015bcija\u0144stwa i naszego \u017cycia.<\/p>\n<p>Przy tej okazji pragniemy wszystkim przekaza\u0107 serdeczne \u017cyczenia;<\/p>\n<p>Pokoju-...<a href='https:\/\/sp.tuchow.pl\/index.php\/2020\/04\/09\/zyczenia\/' class='pfpReadMore'>Read More &raquo;<\/a><div class='clear'><\/div><hr><\/div><div class='pfpItem entry-content'><h2 class='entry-title'><a href='https:\/\/sp.tuchow.pl\/index.php\/2020\/04\/09\/e-dziennik-z-usluga-office-365\/'>E-dziennik z us\u0142ug\u0105 Office 365<\/a><\/h2><p style=\"text-align: justify;\">Informujemy, \u017ce&nbsp; Vulcan&nbsp; uruchomi\u0142 integracje dziennika UONET+ z us\u0142ug\u0105 Office 365 w celu udost\u0119pnienia szko\u0142om narz\u0119dzia do nauki zdalnej.<\/p>\n<p style=\"text-align: justify;\">\n<strong>Office 365 dla Edukacji \u2013 plan Office 365 A1&nbsp;<\/strong>to bezp\u0142atne i sprawdzone rozwi\u0105zanie do zdalnego nauczania, kt\u00f3re umo\u017cliwia m.in. zorganizowanie zdalnej pracy klasy i szko\u0142y. Integracja dziennika VULCAN...<a href='https:\/\/sp.tuchow.pl\/index.php\/2020\/04\/09\/e-dziennik-z-usluga-office-365\/' class='pfpReadMore'>Read More &raquo;<\/a><div class='clear'><\/div><hr><\/div><div class='pfpItem entry-content'><h2 class='entry-title'><a href='https:\/\/sp.tuchow.pl\/index.php\/2020\/04\/06\/biblioteka-szkolna-zaprasza-chetnych-uczniow-klas-iv-i-v-oraz-wszystkich-chetnych-z-innych-klas-do-zabawy\/'>Biblioteka szkolna zaprasza CH\u0118TNYCH uczni\u00f3w klas IV i V oraz wszystkich ch\u0119tnych z\u00a0 innych klas\u00a0 do zabawy<\/a><\/h2><p style=\"text-align: justify;\">&nbsp;&nbsp;&nbsp;&nbsp;&nbsp;&nbsp;&nbsp;&nbsp; Chc\u0119 Was zaprosi\u0107 do zabawy, kt\u00f3ra polega na przeczytaniu ksi\u0105\u017ceczki <em>Mam t\u0119 moc <\/em>wys\u0142anej Wam przez wychowawc\u00f3w i przygotowaniu na jej podstawie przedstawienia pacynkowego <em>Jak zapobiega\u0107 rozprzestrzenianiu si\u0119 wirus\u00f3w.<\/em> Wasze zadania to:<\/p>\n<ol style=\"text-align: justify;\">\n<li>Napisanie dialog\u00f3w do przedstawienia.<\/li>\n<li>Wykonanie pacynek ( mo\u017ce z plasteliny, kartonu, skarpetek, patyczk\u00f3w do szasz\u0142yk\u00f3w)<\/li>\n<li>Przygotowanie...<a href='https:\/\/sp.tuchow.pl\/index.php\/2020\/04\/06\/biblioteka-szkolna-zaprasza-chetnych-uczniow-klas-iv-i-v-oraz-wszystkich-chetnych-z-innych-klas-do-zabawy\/' class='pfpReadMore'>Read More &raquo;<\/a><div class='clear'><\/div><hr><\/div><div class='pfpItem entry-content'><h2 class='entry-title'><a href='https:\/\/sp.tuchow.pl\/index.php\/2020\/04\/06\/biblioteka-szkolna-zaprasza-chetnych-uczniow-klas-iii-oraz-wszystkich-chetnych-z-innych-klas-do-zabawy\/'>Biblioteka szkolna zaprasza CH\u0118TNYCH uczni\u00f3w klas III\u00a0oraz wszystkich ch\u0119tnych z\u00a0 innych klas\u00a0 do zabawy<\/a><\/h2><p style=\"text-align: justify;\">&nbsp;&nbsp;&nbsp;&nbsp;&nbsp;&nbsp;&nbsp;&nbsp;&nbsp;&nbsp;&nbsp; Wszyscy ch\u0119tni uczniowie a szczeg\u00f3lnie trzecioklasi\u015bci zapraszam Was do zabawy w rymowanki. Prosz\u0119, aby\u015bcie przeczytali ksi\u0105\u017ceczk\u0119 <em>Mam t\u0119 moc,<\/em> przes\u0142an\u0105 Wam przez wychowawc\u00f3w i u\u0142o\u017cyli rymowank\u0119 o koronawirusie. \u015amieszny wierszyk od 4 do 8 linijek prosz\u0119 przesy\u0142a\u0107 na adres <a href=\"mailto:kachakrupa@interia.pl\">kachakrupa@interia.pl<\/a> do 17. 04. 2020. Wasze prace...<a href='https:\/\/sp.tuchow.pl\/index.php\/2020\/04\/06\/biblioteka-szkolna-zaprasza-chetnych-uczniow-klas-iii-oraz-wszystkich-chetnych-z-innych-klas-do-zabawy\/' class='pfpReadMore'>Read More &raquo;<\/a><div class='clear'><\/div><hr><\/div><div class='pfpItem entry-content'><h2 class='entry-title'><a href='https:\/\/sp.tuchow.pl\/index.php\/2020\/04\/06\/biblioteka-szkolna-zaprasza-chetnych-uczniow-klas-i-ii-do-zabawy\/'>Biblioteka szkolna zaprasza CH\u0118TNYCH uczni\u00f3w klas I \u2013 II\u00a0 do zabawy<\/a><\/h2><p>&nbsp;&nbsp;&nbsp;&nbsp;&nbsp;&nbsp;&nbsp;&nbsp; Uczniowie klas I i II Szko\u0142y Podstawowej im. Stanis\u0142awa Staszica, zwracam si\u0119 do was z propozycj\u0105 udzia\u0142u w kr\u00f3tkiej zabawie. Polega ona na przeczytaniu ksi\u0105\u017ceczki <strong><em>Mam t\u0119 moc <\/em><\/strong>o korona wirusie, kt\u00f3r\u0105 przes\u0142ali Wam wasi wychowawcy i wykonaniu pracy plastycznej. Praca mo\u017ce by\u0107 wykonana dowoln\u0105 technik\u0105. Tematy s\u0105 dwa,...<a href='https:\/\/sp.tuchow.pl\/index.php\/2020\/04\/06\/biblioteka-szkolna-zaprasza-chetnych-uczniow-klas-i-ii-do-zabawy\/' class='pfpReadMore'>Read More &raquo;<\/a><div class='clear'><\/div><hr><\/div><div class='pfpItem entry-content'><h2 class='entry-title'><a href='https:\/\/sp.tuchow.pl\/index.php\/2020\/04\/03\/konkurs-ortograficzny-dla-klas-ii-i-iii\/'>\u201eKonkurs ortograficzny dla klas II i III\u201d<\/a><\/h2><p><strong>W marcu w naszej szkole odby\u0142 si\u0119 Szkolny Konkurs Ortograficzny dla klas II i III. <\/strong><\/p>\n<p>W konkursie wzi\u0119\u0142o udzia\u0142 po dw\u00f3ch reprezentant\u00f3w z ka\u017cdej klasy, kt\u00f3rzy wy\u0142onieni zostali w eliminacjach klasowych.<\/p>\n<p>&nbsp;Uczestnicy zmierzyli si\u0119 z wyj\u0105tkowo trudnym dyktandem i wykazali du\u017c\u0105 znajomo\u015bci\u0105 zasad ortograficznych<strong>.&nbsp; <\/strong><\/p>\n<p><strong><u>Wyniki konkursu:<\/u><\/strong><\/p>\n<p><strong>I&nbsp; miejsce \u2013 Karol&nbsp; Szczerba &#8211;...<a href='https:\/\/sp.tuchow.pl\/index.php\/2020\/04\/03\/konkurs-ortograficzny-dla-klas-ii-i-iii\/' class='pfpReadMore'>Read More &raquo;<\/a><div class='clear'><\/div><hr><\/div><div class='pfpItem entry-content'><h2 class='entry-title'><a href='https:\/\/sp.tuchow.pl\/index.php\/2020\/04\/02\/piszemy-legende-o-czarodziejce-z-buszu-australijskiego-lekcja-w-klasie-szostej-b-zdalne-nauczanie\/'>Piszemy legend\u0119 o czarodziejce z buszu australijskiego. Lekcja w klasie sz\u00f3stej b (zdalne nauczanie)<\/a><\/h2><p>Podczas omawiania lektury ,,Tomek w krainie kangur\u00f3w\u2019\u2019 przyszed\u0142 mi do g\u0142owy pomys\u0142, aby dzieci napisa\u0142y legend\u0119 o czarodziejce z buszu australijskiego.<\/p>\n<p>Zapraszam do lektury wybranych ( i poprawionych) prac:<\/p>\n<p>&nbsp;<\/p>\n<p style=\"text-align: justify;\"><strong>Wolny ptak<\/strong><\/p>\n<p style=\"text-align: justify;\">Dawno, dawno temu, jak g\u0142osi legenda, gdy w Australii pierwotni mieszka\u0144cy ulegali czarowi buszu, \u017cy\u0142a pewna czarodziejka Buszmenka....<a href='https:\/\/sp.tuchow.pl\/index.php\/2020\/04\/02\/piszemy-legende-o-czarodziejce-z-buszu-australijskiego-lekcja-w-klasie-szostej-b-zdalne-nauczanie\/' class='pfpReadMore'>Read More &raquo;<\/a><div class='clear'><\/div><hr><\/div><div class='pfpItem entry-content'><h2 class='entry-title'><a href='https:\/\/sp.tuchow.pl\/index.php\/2020\/03\/25\/zdalne-nauczanie-wyjasnienie\/'>Zdalne nauczanie - wyja\u015bnienie<\/a><\/h2><p style=\"text-align: justify;\">Zdalne nauczanie jest now\u0105 sytuacj\u0105, dla nas wszystkich.<\/p>\n<p style=\"text-align: justify;\">Prosimy o cierpliwo\u015b\u0107 i wyrozumia\u0142o\u015b\u0107 dla: rodzic\u00f3w, uczni\u00f3w, nauczycieli.<\/p>\n<p style=\"text-align: justify;\">Obecne sposoby nauki zdalnej s\u0105 w fazie pr\u00f3b. Musimy przetestowa\u0107 ro\u017cne mo\u017cliwo\u015bci tak, aby dotrze\u0107 do wszystkich uczni\u00f3w.<\/p>\n<p style=\"text-align: justify;\">Je\u017celi Pa\u0144stwo macie problemy z \u0142\u0105czno\u015bci\u0105 internetow\u0105 i nie da...<a href='https:\/\/sp.tuchow.pl\/index.php\/2020\/03\/25\/zdalne-nauczanie-wyjasnienie\/' class='pfpReadMore'>Read More &raquo;<\/a><div class='clear'><\/div><hr><\/div><div class='pfpItem entry-content'><h2 class='entry-title'><a href='https:\/\/sp.tuchow.pl\/index.php\/2020\/03\/24\/zdalne-nauczanie\/'>Zdalne nauczanie<\/a><\/h2><p style=\"text-align: justify;\">Od 25 marca 2020 r. przywr\u00f3cony zostaje plan zaj\u0119\u0107, kt\u00f3ry realizowa\u0142y Pa\u0144stwa dzieci do tej pory w szkole. O formie zaj\u0119\u0107 w klasach <strong>I-III b\u0119d\u0105 informowani rodzice za pomoc\u0105 wiadomo\u015bci w e- dzienniku <\/strong>&nbsp;przez nauczycieli i wychowawc\u00f3w, natomiast uczniowie <strong>klas 4-8 zostan\u0105 poinformowani wcze\u015bniej przez nauczyciela wpisem w...<a href='https:\/\/sp.tuchow.pl\/index.php\/2020\/03\/24\/zdalne-nauczanie\/' class='pfpReadMore'>Read More &raquo;<\/a><div class='clear'><\/div><hr><\/div><div class='pfpItem entry-content'><h2 class='entry-title'><a href='https:\/\/sp.tuchow.pl\/index.php\/2020\/03\/24\/tatry-basniowe-i-legendarne-czyli-o-sukcesie-literackim-naszych-uczniow\/'>Tatry ba\u015bniowe i legendarne, czyli o sukcesie literackim naszych uczni\u00f3w<\/a><\/h2><p style=\"text-align: right;\"><em>\u201eUjrza\u0142a Maryna w nizinie Staw G\u0105sienicowy.<\/em><\/p>\n<p style=\"text-align: right;\"><em>Wiatr ko\u0142ysa\u0142 ponuro\u015b\u0107 jego w\u00f3d w\u015br\u00f3d mgie\u0142, w pomroce\u2026\u201d<\/em><\/p>\n<p style=\"text-align: right;\">(Kazimierz Przerwa &#8211; Tetmajer)<\/p>\n<p><strong>W roku szkolnym 2019\/2020 odby\u0142a si\u0119 XV edycja Ma\u0142opolskiego Konkursu Literackiego ,,Na tatrza\u0144skim szlaku\u2019\u2019, w kt\u00f3rym uczniowie Szko\u0142y Podstawowej im. Stanis\u0142awa Staszica od pocz\u0105tku bior\u0105 udzia\u0142. Nie inaczej...<a href='https:\/\/sp.tuchow.pl\/index.php\/2020\/03\/24\/tatry-basniowe-i-legendarne-czyli-o-sukcesie-literackim-naszych-uczniow\/' class='pfpReadMore'>Read More &raquo;<\/a><div class='clear'><\/div><hr><\/div><div class='pfpItem entry-content'><h2 class='entry-title'><a href='https:\/\/sp.tuchow.pl\/index.php\/2020\/03\/24\/czy-dobrze-czytam-znam-rozumiem-pana-tadeusza-adama-mickiewicza\/'>Czy dobrze Czytam, znam, rozumiem ,,Pana Tadeusza\u2019\u2019 Adama Mickiewicza?<\/a><\/h2><p style=\"text-align: justify;\"><strong>5 marca 2020 roku w Tarnowie odby\u0142 si\u0119 fina\u0142 Ma\u0142opolskiego Konkursu Czytelniczego <em>Czytam, znam, rozumiem <\/em>dla uczni\u00f3w klas VII i VIII szk\u00f3\u0142 podstawowych \u2013 II edycja. <\/strong><\/p>\n<p style=\"text-align: justify;\">Z rado\u015bci\u0105 informujemy, i\u017c dwie uczennice Szko\u0142y Podstawowej im. Stanis\u0142awa Staszica w Tuchowie zdoby\u0142y tytu\u0142 finalisty. S\u0105 to <strong>Julia Kielawa...<a href='https:\/\/sp.tuchow.pl\/index.php\/2020\/03\/24\/czy-dobrze-czytam-znam-rozumiem-pana-tadeusza-adama-mickiewicza\/' class='pfpReadMore'>Read More &raquo;<\/a><div class='clear'><\/div><hr><\/div><div class='pfpItem entry-content'><h2 class='entry-title'><a href='https:\/\/sp.tuchow.pl\/index.php\/2020\/03\/24\/twardy-orzech-do-zgryzienia-czyli-o-konkursie-gramatycznym\/'>Twardy orzech do zgryzienia, czyli o konkursie gramatycznym<\/a><\/h2><p style=\"text-align: justify;\"><strong>21 lutego 2020 roku w Szkole Podstawowej Nr 113 im. Leopolda W\u0119grzynowicza w Krakowie odby\u0142 si\u0119 Mi\u0119dzyszkolny Konkurs Wiedzy z Gramatyki J\u0119zyka Polskiego <\/strong>dla uczni\u00f3w z wojew\u00f3dztwa ma\u0142opolskiego<strong>. <\/strong>Szko\u0142\u0119 Podstawow\u0105 im. Stanis\u0142awa Staszica w Tuchowie w etapie wojew\u00f3dzkim reprezentowali nast\u0119puj\u0105cy uczniowie:<\/p>\n<p style=\"text-align: justify;\"><strong>W kategorii klas IV-VI: Jakub Madejski,...<a href='https:\/\/sp.tuchow.pl\/index.php\/2020\/03\/24\/twardy-orzech-do-zgryzienia-czyli-o-konkursie-gramatycznym\/' class='pfpReadMore'>Read More &raquo;<\/a><div class='clear'><\/div><hr><\/div><div class='pfpItem entry-content'><h2 class='entry-title'><a href='https:\/\/sp.tuchow.pl\/index.php\/2020\/03\/22\/ksztalcenie-na-odleglosc-nowe-regulacje-prawne\/'>Kszta\u0142cenie na odleg\u0142o\u015b\u0107 \u2013 nowe regulacje prawne<\/a><\/h2><p style=\"text-align: justify;\">Ministerstwo Edukacji Narodowej zmieni\u0142o przepisy, dzi\u0119ki kt\u00f3rym mo\u017cliwe jest prowadzenie kszta\u0142cenia na odleg\u0142o\u015b\u0107 w okresie czasowego ograniczenia funkcjonowania szk\u00f3\u0142 i plac\u00f3wek o\u015bwiatowych w zwi\u0105zku z zapobieganiem, przeciwdzia\u0142aniem i zwalczaniem COVID- 19. Okre\u015blono zasady prowadzenia nauczania na odleg\u0142o\u015b\u0107 i stworzono mo\u017cliwo\u015b\u0107 oceniania i klasyfikowania uczni\u00f3w. Nowe przepisy b\u0119d\u0105 obowi\u0105zywa\u0142y...<a href='https:\/\/sp.tuchow.pl\/index.php\/2020\/03\/22\/ksztalcenie-na-odleglosc-nowe-regulacje-prawne\/' class='pfpReadMore'>Read More &raquo;<\/a><div class='clear'><\/div><hr><\/div><div class='pfpItem entry-content'><h2 class='entry-title'><a href='https:\/\/sp.tuchow.pl\/index.php\/2020\/03\/21\/wojewodzki-konkurs-ortograficzny-kaktus2020\/'>Wojew\u00f3dzki Konkurs Ortograficzny \u201e Kaktus\u201d2020<\/a><\/h2><p style=\"text-align: justify;\">3 marca w Szkole Podstawowej im. Piotra&nbsp; Micha\u0142owskiego w Krakowie odby\u0142 si\u0119 fina\u0142 Wojew\u00f3dzkiego Konkursu Ortograficznego dla trzecioklasist\u00f3w. Do konkursu po pierwszym etapie odbywaj\u0105cym si\u0119 w szko\u0142ach podstawowych zakwalifikowa\u0142o si\u0119 pi\u0119\u0107dziesi\u0119cioro dzieci z wojew\u00f3dztwa ma\u0142opolskiego.<\/p>\n<p style=\"text-align: justify;\">Celem konkursu jest przede wszystkim zach\u0119cenie dzieci do poznawania regu\u0142 ortograficznych i...<a href='https:\/\/sp.tuchow.pl\/index.php\/2020\/03\/21\/wojewodzki-konkurs-ortograficzny-kaktus2020\/' class='pfpReadMore'>Read More &raquo;<\/a><div class='clear'><\/div><hr><\/div><div class='pfpItem entry-content'><h2 class='entry-title'><a href='https:\/\/sp.tuchow.pl\/index.php\/2020\/03\/21\/pamieci-zolnierzy-wykletych-niezlomnych-3\/'>Pami\u0119ci \u017bo\u0142nierzy Wykl\u0119tych- Niez\u0142omnych<\/a><\/h2><p style=\"text-align: justify;\">1 III obchodzili\u015bmy Narodowy Dzie\u0144 Pami\u0119ci \u017bo\u0142nierzy Wykl\u0119tych. To wa\u017cne \u015bwi\u0119to, bowiem czcimy tych \u017co\u0142nierzy, kt\u00f3rzy po zako\u0144czeniu II wojny \u015bwiatowej, nie pogodzili si\u0119 z zale\u017cno\u015bci\u0105 Polski od Zwi\u0105zku Radzieckiego i brakiem wolno\u015bci. Rz\u0105dz\u0105cy Polsk\u0105 komuni\u015bci, nazywali ich bandytami i robili wszystko, by Polacy tak o nich my\u015bleli....<a href='https:\/\/sp.tuchow.pl\/index.php\/2020\/03\/21\/pamieci-zolnierzy-wykletych-niezlomnych-3\/' class='pfpReadMore'>Read More &raquo;<\/a><div class='clear'><\/div><hr><\/div><div class='pfpItem entry-content'><h2 class='entry-title'><a href='https:\/\/sp.tuchow.pl\/index.php\/2020\/03\/17\/szycie-maseczek\/'>Szycie maseczek<\/a><\/h2><p>Szanowni Pa\u0144stwo,<\/p>\n<p>Burmistrz Tuchowa w porozumieniu z Centrum Zdrowia Tuch\u00f3w poszukuje os\u00f3b ch\u0119tnych do szycia maseczek ochronnych.<\/p>\n<p>Materia\u0142y zostan\u0105 dostarczone do Pa\u0144stwa w bezpieczny spos\u00f3b i odebrane po uszyciu.<\/p>\n<p>Wsp\u00f3lnie pomy\u015blmy o bezpiecze\u0144stwie pracownik\u00f3w s\u0142u\u017cby zdrowia, pomocy spo\u0142ecznej, stra\u017cak\u00f3w, kt\u00f3rzy nara\u017caj\u0105 swoje \u017cycie w walce z wirusem.<\/p>\n<p>&nbsp;<\/p>\n<p>Osoby ch\u0119tne do pomocy prosimy o informacj\u0119...<a href='https:\/\/sp.tuchow.pl\/index.php\/2020\/03\/17\/szycie-maseczek\/' class='pfpReadMore'>Read More &raquo;<\/a><div class='clear'><\/div><hr><\/div><div class='pfpItem entry-content'><h2 class='entry-title'><a href='https:\/\/sp.tuchow.pl\/index.php\/2020\/03\/17\/9012\/'><\/a><\/h2><img decoding=\"async\" src=\"https:\/\/sp.tuchow.pl\/wp-content\/uploads\/2020\/03\/Informacja-o-zamkni\u0119ciu-szko\u0142y2-150x150.jpg\" \/><p>Informacja<\/p>\n...<a href='https:\/\/sp.tuchow.pl\/index.php\/2020\/03\/17\/9012\/' class='pfpReadMore'>Read More &raquo;<\/a><div class='clear'><\/div><hr><\/div><div class='pfpItem entry-content'><h2 class='entry-title'><a href='https:\/\/sp.tuchow.pl\/index.php\/2020\/03\/16\/informacja-dotyczaca-rekrutacji-do-klasy-i\/'>Informacja dotycz\u0105ca rekrutacji do klasy I<\/a><\/h2><p>Informacja dotycz\u0105ca rekrutacji do klasy I udzielana jest telefonicznie pod numerem 14&nbsp;652 52 20.<\/p>\n<blockquote class=\"wp-embedded-content\" data-secret=\"5FOhGxD33C\"><p><a href=\"https:\/\/sp.tuchow.pl\/index.php\/dla-rodzicow\/rekrutacja-20172018\/\">Rekrutacja 2018\/2019<\/a><\/p><\/blockquote>\n<p><iframe loading=\"lazy\" class=\"wp-embedded-content\" sandbox=\"allow-scripts\" security=\"restricted\" style=\"position: absolute; clip: rect(1px, 1px, 1px, 1px);\" src=\"https:\/\/sp.tuchow.pl\/index.php\/dla-rodzicow\/rekrutacja-20172018\/embed\/#?secret=5FOhGxD33C\" data-secret=\"5FOhGxD33C\" width=\"600\" height=\"338\" title=\"&#8222;Rekrutacja 2018\/2019&#8221; &#8212; Szko\u0142a Podstawowa w Tuchowie\" frameborder=\"0\" marginwidth=\"0\" marginheight=\"0\" scrolling=\"no\"><\/iframe><\/p>\n<p><strong>Jednocze\u015bnie informujemy, \u017ce od 16 marca (poniedzia\u0142ek)...<a href='https:\/\/sp.tuchow.pl\/index.php\/2020\/03\/16\/informacja-dotyczaca-rekrutacji-do-klasy-i\/' class='pfpReadMore'>Read More &raquo;<\/a><div class='clear'><\/div><hr><\/div><div class='pfpItem entry-content'><h2 class='entry-title'><a href='https:\/\/sp.tuchow.pl\/index.php\/2020\/03\/16\/nauka-zdalna-podczas-zawieszenia-zajec-w-szkolach\/'>Nauka zdalna podczas zawieszenia zaj\u0119\u0107 w szko\u0142ach<\/a><\/h2><img decoding=\"async\" src=\"https:\/\/sp.tuchow.pl\/wp-content\/uploads\/2020\/03\/nauka-zdalna-150x150.jpg\" \/><p>Epodreczniki.pl, podr\u0119cznik internetowy \u201eW\u0142\u0105cz Polsk\u0119\u201d, portale edukacyjne Instytutu Pami\u0119ci Narodowej, Telewizji Polskiej, Polskiego Radia czy Biblioteka Cyfrowa O\u015brodka Rozwoju Edukacji to strony, kt\u00f3re mog\u0105 by\u0107 wykorzystywane do zdalnej pracy z uczniami w okresie zawieszenia zaj\u0119\u0107 dydaktyczno-wychowawczych.&nbsp;<\/p>\n<p><a href=\"http:\/\/www.gov.pl\/web\/edukacja\/nauka-zdalna\">Nauka zdalna &#8211; strona MEN<\/a><\/p>\n...<a href='https:\/\/sp.tuchow.pl\/index.php\/2020\/03\/16\/nauka-zdalna-podczas-zawieszenia-zajec-w-szkolach\/' class='pfpReadMore'>Read More &raquo;<\/a><div class='clear'><\/div><hr><\/div><div class='pfpItem entry-content'><h2 class='entry-title'><a href='https:\/\/sp.tuchow.pl\/index.php\/2020\/03\/16\/pasma-edukacyjne-tvp-tvp-abc-i-tvp-kultura-propozycje-dla-uczniow\/'>Pasma edukacyjne TVP, TVP ABC i TVP Kultura \u2013 propozycje dla uczni\u00f3w<\/a><\/h2><h3>Pasmo edukacyjne w TVP ABC<\/h3>\n<div>\n<p style=\"text-align: justify;\">Ju\u017c od ubieg\u0142ego tygodnia kana\u0142&nbsp;TVP ABC w godzinach 8:00-13:00 emituje codzienne, edukacyjne pasmo dla dzieci w wieku przedszkolnym i szkolnym. Programy te nie s\u0105 przerywane reklamami. W\u015br\u00f3d wielu propozycji jest m.in. codzienny program \u201eAl-chemik\u201d, kt\u00f3ry w przyst\u0119pny spos\u00f3b wyja\u015bnia zjawiska chemiczne i fizyczne oraz...<a href='https:\/\/sp.tuchow.pl\/index.php\/2020\/03\/16\/pasma-edukacyjne-tvp-tvp-abc-i-tvp-kultura-propozycje-dla-uczniow\/' class='pfpReadMore'>Read More &raquo;<\/a><div class='clear'><\/div><hr><\/div><div class='pfpItem entry-content'><h2 class='entry-title'><a href='https:\/\/sp.tuchow.pl\/index.php\/2020\/03\/11\/8987\/'>Zawieszenie zaj\u0119\u0107 dydaktyczno-wychowawczych<\/a><\/h2><p style=\"text-align: justify;\">Zgodnie z decyzj\u0105 Ministra Edukacji Narodowej z dnia 11 marca 2020 r.<br \/>\nOd dnia 12.03.2020 r ( czwartek) zawieszamy zaj\u0119cia dydaktyczno-wychowawcze do 25 marca 2020 r.<br \/>\nW tych dniach sto\u0142\u00f3wka szkolna b\u0119dzie nieczynna.<br \/>\nDowozu nie ma.<\/p>\n<p>W dniach 12 i 13.03.2020 r (tj czwartek, pi\u0105tek) Szko\u0142a Podstawowa im. Stanis\u0142awa...<a href='https:\/\/sp.tuchow.pl\/index.php\/2020\/03\/11\/8987\/' class='pfpReadMore'>Read More &raquo;<\/a><div class='clear'><\/div><hr><\/div><div class='pfpItem entry-content'><h2 class='entry-title'><a href='https:\/\/sp.tuchow.pl\/index.php\/2020\/03\/11\/o-czym-nalezy-wiedziec-zawieszenie-zajec-w-szkolach-przedszkolach-placowkach-oswiatowych-pytania-i-odpowiedzi\/'>O czym nale\u017cy wiedzie\u0107? Zawieszenie zaj\u0119\u0107 w szko\u0142ach, przedszkolach, plac\u00f3wkach o\u015bwiatowych \u2013 pytania i odpowiedzi<\/a><\/h2><p><strong>Przedstawiamy odpowiedzi na najcz\u0119\u015bciej pojawiaj\u0105ce si\u0119 pytania dotycz\u0105ce zawieszenia zaj\u0119\u0107 w szko\u0142ach, przedszkolach i plac\u00f3wkach o\u015bwiatowych, a tak\u017ce kwestie dotycz\u0105ce zasi\u0142ku, pracy zdalnej oraz zaj\u0119\u0107 na uczelniach wy\u017cszych.<\/strong><\/p>\n<p>&nbsp;<\/p>\n<p><a href=\"http:\/\/www.gov.pl\/web\/edukacja\/o-czym-nalezy-wiedziec-zawieszenie-zajec-w-szkolach-przedszkolach-placowkach-oswiatowych--pytania-i-odpowiedzi\">O czym nale\u017cy wiedzie\u0107? Zawieszenie zaj\u0119\u0107 w szko\u0142ach, przedszkolach, plac\u00f3wkach o\u015bwiatowych \u2013 pytania i odpowiedzi<\/a><\/p>\n...<a href='https:\/\/sp.tuchow.pl\/index.php\/2020\/03\/11\/o-czym-nalezy-wiedziec-zawieszenie-zajec-w-szkolach-przedszkolach-placowkach-oswiatowych-pytania-i-odpowiedzi\/' class='pfpReadMore'>Read More &raquo;<\/a><div class='clear'><\/div><hr><\/div><div class='pfpItem entry-content'><h2 class='entry-title'><a href='https:\/\/sp.tuchow.pl\/index.php\/2020\/03\/11\/doradztwo-zawodowe-w-ramach-projektu-spinka-4\/'>Doradztwo zawodowe w ramach projektu  -  \u201eSPINKA\u201d<\/a><\/h2><div>Od 1 wrze\u015bnia 2017 roku w naszej szkole dzia\u0142a Szkolny Punkt Informacji i Kariery, utworzony w ramach projektu Modernizacja Kszta\u0142cenia Zawodowego w Ma\u0142opolsce II, finansowany z funduszy unijnych.<\/div>\n<div>W ramach projektu prowadzone s\u0105 zaj\u0119cia indywidualne oraz warsztaty grupowe. Warunkiem uczestnictwa jest dostarczenie formularza zg\u0142oszenia.<\/div>\n<div>Zapraszamy do zapoznania si\u0119 z Regulaminem rekrutacji i...<a href='https:\/\/sp.tuchow.pl\/index.php\/2020\/03\/11\/doradztwo-zawodowe-w-ramach-projektu-spinka-4\/' class='pfpReadMore'>Read More &raquo;<\/a><div class='clear'><\/div><hr><\/div><div class='pfpItem entry-content'><h2 class='entry-title'><a href='https:\/\/sp.tuchow.pl\/index.php\/2020\/03\/04\/obchody-dnia-sw-patryka-konkurs-dla-klas-1-3\/'>OBCHODY DNIA \u015aW. PATRYKA \u2013 KONKURS DLA KLAS 1-3<\/a><\/h2><div class=\"fb-post\" data-href=\"http:\/\/www.facebook.com\/sptuchow\/photos\/a.1798034137132769\/2617461851856656\/?type=3&#038;theater\" data-width=\"552\" style=\"background-color: #fff; display: inline-block;\"><\/div>\n...<a href='https:\/\/sp.tuchow.pl\/index.php\/2020\/03\/04\/obchody-dnia-sw-patryka-konkurs-dla-klas-1-3\/' class='pfpReadMore'>Read More &raquo;<\/a><div class='clear'><\/div><hr><\/div><div class='pfpItem entry-content'><h2 class='entry-title'><a href='https:\/\/sp.tuchow.pl\/index.php\/2020\/03\/04\/zalecenia-glownego-inspektora-sanitarnego-i-ministra-zdrowia\/'>Zalecenia G\u0142\u00f3wnego Inspektora Sanitarnego i Ministra Zdrowia<\/a><\/h2><p>Co musisz wiedzie\u0107 o koronawirusie ? <a href=\"http:\/\/www.gov.pl\/web\/zdrowie\/co-musisz-wiedziec-o-koronawirusie\">Zalecenia G\u0142\u00f3wnego Inspektora Sanitarnego i Ministra Zdrowia<\/a><\/p>\n<p>Wa\u017cne telefony :&nbsp;<strong>666 035 666<\/strong>, <strong>602 430 042<\/strong> to ca\u0142odobowe telefony dy\u017curne Pa\u0144stwowej Stacji Sanitarno-Epidemiologicznej w Tarnowie.<\/p>\n<p style=\"text-align: justify;\">Stacja ma swoj\u0105 siedzib\u0119 przy ul. Mo\u015bcickiego 10.<\/p>\n<p style=\"text-align: justify;\">W godzinach pracy plac\u00f3wki dzia\u0142aj\u0105 r\u00f3wnie\u017c telefony: <strong>+14 621 70...<a href='https:\/\/sp.tuchow.pl\/index.php\/2020\/03\/04\/zalecenia-glownego-inspektora-sanitarnego-i-ministra-zdrowia\/' class='pfpReadMore'>Read More &raquo;<\/a><div class='clear'><\/div><hr><\/div><div class='pfpItem entry-content'><h2 class='entry-title'><a href='https:\/\/sp.tuchow.pl\/index.php\/2020\/03\/02\/a-na-ganku-po-poludniu-ciocia-roza-przy-lichtarzu-marzy-w-polsnie-o-plazy-nad-morzem-baltyckim-czyli-o-szkolnym-konkursie-ortograficznym\/'>A na ganku po po\u0142udniu ciocia R\u00f3\u017ca przy lichtarzu marzy w p\u00f3\u0142\u015bnie o pla\u017cy nad Morzem Ba\u0142tyckim, czyli\u00a0o Szkolnym Konkursie Ortograficznym<\/a><\/h2><p style=\"text-align: justify;\">25 lutego 2020 roku odby\u0142 si\u0119 Szkolny Konkurs Ortograficzny dla klas IV \u2013 VI. Wzi\u0119\u0142o w nim udzia\u0142 14 uczni\u00f3w, wy\u0142onionych w eliminacjach klasowych.<\/p>\n<p style=\"text-align: justify;\">Dzieci z u\u015bmiechem zasiad\u0142y w \u0142awkach. Nast\u0119pnie przej\u0119te, z uwag\u0105, zapisywa\u0142y kolejne zdania dyktanda ze s\u0142uchu. Nie\u0142atwego tekstu, o czym \u015bwiadcz\u0105 b\u0142\u0119dy pope\u0142nione...<a href='https:\/\/sp.tuchow.pl\/index.php\/2020\/03\/02\/a-na-ganku-po-poludniu-ciocia-roza-przy-lichtarzu-marzy-w-polsnie-o-plazy-nad-morzem-baltyckim-czyli-o-szkolnym-konkursie-ortograficznym\/' class='pfpReadMore'>Read More &raquo;<\/a><div class='clear'><\/div><hr><\/div><div class='pfpItem entry-content'><h2 class='entry-title'><a href='https:\/\/sp.tuchow.pl\/index.php\/2020\/02\/28\/rekomendacja-ministra-edukacji-narodowej-ws-koronowirusa\/'>Rekomendacja Ministra Edukacji Narodowej ws. koronowirusa.<\/a><\/h2><h4 style=\"text-align: justify;\">Rekomendacje Ministra Edukacji Narodowej w zakresie profilaktyki zdrowotnej w zwi\u0105zku z pojawiaj\u0105cymi si\u0119, w niekt\u00f3rych krajach europejskich, przypadkami zachorowa\u0144 na koronawirusa.<\/h4>\nngg_shortcode_4_placeholder\n...<a href='https:\/\/sp.tuchow.pl\/index.php\/2020\/02\/28\/rekomendacja-ministra-edukacji-narodowej-ws-koronowirusa\/' class='pfpReadMore'>Read More &raquo;<\/a><div class='clear'><\/div><hr><\/div><div class='pfpItem entry-content'><h2 class='entry-title'><a href='https:\/\/sp.tuchow.pl\/index.php\/2020\/02\/28\/harmonogram-pracy-dla-klas-vii-viii-w-czasie-rekolekcji-wielkopostnych\/'>Harmonogram pracy dla klas VII - VIII w czasie Rekolekcji Wielkopostnych.<\/a><\/h2><p>W dniach 02 \u2013 04 marca 2020 r. uczniowie naszej szko\u0142y bior\u0105 udzia\u0142 w Rekolekcjach Wielkopostnych wg harmonogramu:<\/p>\n<p><strong>&nbsp;<\/strong><\/p>\n<p style=\"text-align: center;\"><strong>02 marca 2020 r. (poniedzia\u0142ek) <\/strong><\/p>\n<p><strong>klasy VII \u2013 VIII \u2013 parafia NNMP<\/strong><\/p>\n<p><strong>8<sup>00<\/sup> \u2013 9<sup>35<\/sup><\/strong> Lekcje wg planu<\/p>\n<p><strong>9<sup>40<\/sup><\/strong> \u2013 Przej\u015bcie ze szko\u0142y do klasztoru.<\/p>\n<p><strong>10<sup>00<\/sup>\u2013 12<sup>00<\/sup><\/strong> \u2013 Nabo\u017ce\u0144stwo w ko\u015bciele.<\/p>\n<p><strong>12<sup>00<\/sup><\/strong> \u2013 Powr\u00f3t do...<a href='https:\/\/sp.tuchow.pl\/index.php\/2020\/02\/28\/harmonogram-pracy-dla-klas-vii-viii-w-czasie-rekolekcji-wielkopostnych\/' class='pfpReadMore'>Read More &raquo;<\/a><div class='clear'><\/div><hr><\/div><div class='pfpItem entry-content'><h2 class='entry-title'><a href='https:\/\/sp.tuchow.pl\/index.php\/2020\/02\/28\/harmonogram-pracy-dla-klas-i-vi-w-czasie-rekolekcji-wielkopostnych\/'>Harmonogram pracy dla klas I - VI w czasie Rekolekcji Wielkopostnych.<\/a><\/h2><p>W dniach 02 \u2013 04 marca 2020 r. uczniowie naszej szko\u0142y bior\u0105 udzia\u0142 w Rekolekcjach Wielkopostnych wg harmonogramu:<\/p>\n<p style=\"text-align: center;\"><strong>&nbsp;<\/strong><strong>02 marca 2020 r. (poniedzia\u0142ek)<\/strong><\/p>\n<p><strong>&nbsp;<\/strong><strong>klasy I \u2013 III \u2013&nbsp; Parafia \u015bw. Jakuba<\/strong><\/p>\n<p><strong>8<sup>00<\/sup><\/strong> \u2013 Spotkanie z nauczycielami.<\/p>\n<p><strong>8<sup>30<\/sup><\/strong>\u2013 Wyj\u015bcie ze szko\u0142y do ko\u015bcio\u0142a.<\/p>\n<p><strong>10<sup>30<\/sup><\/strong> \u2013 Przej\u015bcie z ko\u015bcio\u0142a do Domu Kultury.<\/p>\n<p><strong>12<sup>15<\/sup><\/strong> \u2013 Przej\u015bcie z...<a href='https:\/\/sp.tuchow.pl\/index.php\/2020\/02\/28\/harmonogram-pracy-dla-klas-i-vi-w-czasie-rekolekcji-wielkopostnych\/' class='pfpReadMore'>Read More &raquo;<\/a><div class='clear'><\/div><hr><\/div><div class='pfpItem entry-content'><h2 class='entry-title'><a href='https:\/\/sp.tuchow.pl\/index.php\/2020\/02\/27\/rekrutacja-do-klasy-pierwszej-sp-w-tuchowie-w-roku-szkolnym-20202021\/'>Rekrutacja do klasy pierwszej SP w Tuchowie w roku szkolnym 2020\/2021<\/a><\/h2><blockquote class=\"wp-embedded-content\" data-secret=\"5FOhGxD33C\"><p><a href=\"https:\/\/sp.tuchow.pl\/index.php\/dla-rodzicow\/rekrutacja-20172018\/\">Rekrutacja 2018\/2019<\/a><\/p><\/blockquote>\n<p><iframe loading=\"lazy\" class=\"wp-embedded-content\" sandbox=\"allow-scripts\" security=\"restricted\" style=\"position: absolute; clip: rect(1px, 1px, 1px, 1px);\" src=\"https:\/\/sp.tuchow.pl\/index.php\/dla-rodzicow\/rekrutacja-20172018\/embed\/#?secret=5FOhGxD33C\" data-secret=\"5FOhGxD33C\" width=\"600\" height=\"338\" title=\"&#8222;Rekrutacja 2018\/2019&#8221; &#8212; Szko\u0142a Podstawowa w Tuchowie\" frameborder=\"0\" marginwidth=\"0\" marginheight=\"0\" scrolling=\"no\"><\/iframe><\/p>\n...<a href='https:\/\/sp.tuchow.pl\/index.php\/2020\/02\/27\/rekrutacja-do-klasy-pierwszej-sp-w-tuchowie-w-roku-szkolnym-20202021\/' class='pfpReadMore'>Read More &raquo;<\/a><div class='clear'><\/div><hr><\/div><div class='pfpItem entry-content'><h2 class='entry-title'><a href='https:\/\/sp.tuchow.pl\/index.php\/2020\/02\/27\/podaruj-misia-zbiorka-pluszakow-dla-dzieci-ze-szpitala-w-tarnowie-2\/'>Podaruj misia \u2013 zbi\u00f3rka pluszak\u00f3w dla dzieci ze szpitala w Tarnowie<\/a><\/h2><p style=\"text-align: justify;\">25.02.2020 zako\u0144czy\u0142a si\u0119 akcja \u201ePodaruj misia dla szpitala\u201d.<\/p>\n<p style=\"text-align: justify;\">Nasza szko\u0142a po raz kolejny w\u0142\u0105czy\u0142a si\u0119 w akcj\u0119 charytatywn\u0105. Rodzice i dzieci z klas 1-3 zn\u00f3w pokazali swoje wielkie serce i uda\u0142o si\u0119 uzbiera\u0107 27 nowych i pi\u0119knych misi\u00f3w dla Szpitala im. \u015aw. \u0141ukasza <a class=\"antispy\" href=\"http:\/\/tiger-tarnow.pl\/\" rel=\"dofollow\">w...<a href='https:\/\/sp.tuchow.pl\/index.php\/2020\/02\/27\/podaruj-misia-zbiorka-pluszakow-dla-dzieci-ze-szpitala-w-tarnowie-2\/' class='pfpReadMore'>Read More &raquo;<\/a><div class='clear'><\/div><hr><\/div><div class='pfpItem entry-content'><h2 class='entry-title'><a href='https:\/\/sp.tuchow.pl\/index.php\/2020\/02\/25\/czytamy-poezja-po-to-aby-sie-wzruszyc-zachwycic-wzbogacic-swa-wiedze-i-osobowosc-k-karwat-iv-szkolny-konkurs-recytatorski-im-kazimierza-karwata\/'>Czytamy poezj\u0105 po to, \u201e(\u2026) \u2013aby si\u0119 wzruszy\u0107, zachwyci\u0107, wzbogaci\u0107 sw\u0105 wiedz\u0119 i osobowo\u015b\u0107.\u201d K. Karwat IV szkolny konkurs recytatorski im. Kazimierza Karwata<\/a><\/h2><p>Uczni\u00f3w klas 6-8 serdecznie zapraszamy do udzia\u0142u w IV konkursie recytatorskim im. Kazimierza Karwata. Poni\u017cej zamieszczony zosta\u0142 regulamin w\/w konkursu.<\/p>\n<p>&nbsp;<\/p>\n<p>&nbsp;<\/p>\n<p><strong>REGULAMIN IV SZKOLNEGO KONKURSU RECYTATORSKIEGO<\/strong><br \/>\n<strong>im. Kazimierza Karwata<\/strong><\/p>\n<p>Organizatorem konkursu jest Szko\u0142a Podstawowa w Tuchowie<\/p>\n<p>koordynatorzy: Katarzyna Krupa i Anna Stanuch-Madej<br \/>\nCzytamy poezj\u0105 po to, \u201e(\u2026) \u2013aby si\u0119 wzruszy\u0107, zachwyci\u0107, wzbogaci\u0107 sw\u0105 wiedz\u0119...<a href='https:\/\/sp.tuchow.pl\/index.php\/2020\/02\/25\/czytamy-poezja-po-to-aby-sie-wzruszyc-zachwycic-wzbogacic-swa-wiedze-i-osobowosc-k-karwat-iv-szkolny-konkurs-recytatorski-im-kazimierza-karwata\/' class='pfpReadMore'>Read More &raquo;<\/a><div class='clear'><\/div><hr><\/div><div class='pfpItem entry-content'><h2 class='entry-title'><a href='https:\/\/sp.tuchow.pl\/index.php\/2020\/02\/18\/podaruj-misia-zbiorka-pluszakow-dla-dzieci-ze-szpitala-w-tarnowie\/'>\u201ePodaruj misia \u2013 zbi\u00f3rka pluszak\u00f3w dla dzieci ze szpitala w Tarnowie\u201d<\/a><\/h2><div class=\"fb-post\" data-href=\"http:\/\/www.facebook.com\/sptuchow\/photos\/a.1798034137132769\/2604415186494656\/?type=3&#038;av=1791633114439538&#038;eav=AfZ6Ot9p8MRd50Vw9P-3UJMVTbsoMiQStzuwJEv_29gz34N8mxEruyhzKMPdRPuPimCQduv8coTDDg98-70VdFWv&#038;theater\" data-width=\"552\" style=\"background-color: #fff; display: inline-block;\"><\/div>\n...<a href='https:\/\/sp.tuchow.pl\/index.php\/2020\/02\/18\/podaruj-misia-zbiorka-pluszakow-dla-dzieci-ze-szpitala-w-tarnowie\/' class='pfpReadMore'>Read More &raquo;<\/a><div class='clear'><\/div><hr><\/div><div class='pfpItem entry-content'><h2 class='entry-title'><a href='https:\/\/sp.tuchow.pl\/index.php\/2020\/02\/12\/plesc-androny-czyli-konkurs-wiedzy-z-gramatyki-jezyka-polskiego\/'>Ple\u015b\u0107 androny, czyli Konkurs Wiedzy z Gramatyki J\u0119zyka Polskiego<\/a><\/h2><p>11 lutego 2020 odby\u0142 si\u0119 Szkolny Konkurs Wiedzy z Gramatyki J\u0119zyka Polskiego dla uczni\u00f3w klas IV-VIII.<\/p>\n<p>W klasach IV-VI uczniowie mogli zdoby\u0107 37 p, w klasach VII- VIII \u2013 59 p.<\/p>\n<p>Uczestnikom konkursu najwi\u0119ksze trudno\u015bci sprawi\u0142y zwi\u0105zki frazeologiczne, np. \u0142adowa\u0107 akumulatory, co\u015b mi\u0119dzy bajki w\u0142o\u017cy\u0107, ple\u015b\u0107 androny, hiobowe wie\u015bci. R\u00f3wnie\u017c \u0142\u0105czenie kolor\u00f3w...<a href='https:\/\/sp.tuchow.pl\/index.php\/2020\/02\/12\/plesc-androny-czyli-konkurs-wiedzy-z-gramatyki-jezyka-polskiego\/' class='pfpReadMore'>Read More &raquo;<\/a><div class='clear'><\/div><hr><\/div><div class='pfpItem entry-content'><h2 class='entry-title'><a href='https:\/\/sp.tuchow.pl\/index.php\/2020\/02\/10\/rekrutacja-do-przedszkoli-oddzialow-przedszkolnych-i-klas-pierwszych-publicznych-szkol-podstawowych-20202021\/'>Rekrutacja do przedszkoli, oddzia\u0142\u00f3w przedszkolnych i klas pierwszych publicznych szk\u00f3\u0142 podstawowych 2020\/2021<\/a><\/h2><p><b>Urz\u0105d Miejski w Tuchowie informuje o harmonogramie czynno\u015bci w post\u0119powaniu rekrutacyjnym oraz post\u0119powaniu uzupe\u0142niaj\u0105cym na rok szkolny 2020\/2021 do publicznych przedszkoli, oddzia\u0142\u00f3w przedszkolnych w publicznych szko\u0142ach podstawowych&nbsp; oraz do klas pierwszych szk\u00f3\u0142 podstawowych, dla kt\u00f3rych Gmina Tuch\u00f3w jest organem prowadz\u0105cym.<\/b><\/p>\n<p>Kliknij, aby pobra\u0107 harmonogram dla&nbsp;<a class=\"antispy\" href=\"\thttp:\/\/krzakala.pl\/\t\" rel=\"dofollow\">\tprzeprowadzenia post\u0119powania\t<\/a> rekrutacyjnego i...<a href='https:\/\/sp.tuchow.pl\/index.php\/2020\/02\/10\/rekrutacja-do-przedszkoli-oddzialow-przedszkolnych-i-klas-pierwszych-publicznych-szkol-podstawowych-20202021\/' class='pfpReadMore'>Read More &raquo;<\/a><div class='clear'><\/div><hr><\/div><div class='pfpItem entry-content'><h2 class='entry-title'><a href='https:\/\/sp.tuchow.pl\/index.php\/2020\/02\/10\/8940\/'>Program wspierania edukacji uzdolnionych dzieci i m\u0142odzie\u017cy z terenu gminy Tuch\u00f3w<\/a><\/h2><p style=\"text-align: justify;\">Poni\u017cej przedstawiamy Uchwa\u0142y Rady Miejskiej w Tuchowie w sprawie przyj\u0119cia &#8222;Programu wspierania edukacji uzdolnionych dzieci i m\u0142odzie\u017cy z terenu gminy<br \/>\nTuch\u00f3w&#8221;. oraz w sprawie&nbsp;okre\u015blenia szczeg\u00f3\u0142owych warunk\u00f3w udzielania pomocy dzieciom i m\u0142odzie\u017cy, form i zakresu tej pomocy oraz trybu post\u0119powania w ramach \u201eProgramu wspierania edukacji uzdolnionych dzieci i m\u0142odzie\u017cy...<a href='https:\/\/sp.tuchow.pl\/index.php\/2020\/02\/10\/8940\/' class='pfpReadMore'>Read More &raquo;<\/a><div class='clear'><\/div><hr><\/div><div class='pfpItem entry-content'><h2 class='entry-title'><a href='https:\/\/sp.tuchow.pl\/index.php\/2020\/02\/07\/warsztaty-ekologiczne-w-klasie-i-a-i-ii-b\/'>\u201eWarsztaty ekologiczne w klasie I a i II b\u201d<\/a><\/h2><p style=\"text-align: justify;\">Uczniowie klasy <strong>I a i II b<\/strong> w pierwszym okresie nauki wzi\u0119li udzia\u0142 w konkursie ekologiczno-plastycznym <strong>\u201eGmina Tuch\u00f3w \u2013 tu si\u0119 oddycha\u201d,&nbsp; <\/strong>zorganizowanym przez Urz\u0105d Miasta w Tuchowie.<\/p>\n<p style=\"text-align: justify;\">W nagrod\u0119, tu\u017c przed feriami, zosta\u0142y przeprowadzone przez ekodoradc\u0119 warsztaty ekologiczne. W czasie spotkania, dzieci w spos\u00f3b praktyczny uczy\u0142y...<a href='https:\/\/sp.tuchow.pl\/index.php\/2020\/02\/07\/warsztaty-ekologiczne-w-klasie-i-a-i-ii-b\/' class='pfpReadMore'>Read More &raquo;<\/a><div class='clear'><\/div><hr><\/div><div class='pfpItem entry-content'><h2 class='entry-title'><a href='https:\/\/sp.tuchow.pl\/index.php\/2020\/02\/05\/szkolny-klub-gier-planszowych-wkrec-sie-dzialaj-graj\/'>Szkolny Klub Gier Planszowych Wkr\u0119\u0107 si\u0119! Dzia\u0142aj! Graj!<\/a><\/h2><div class=\"fb-post\" data-href=\"http:\/\/www.facebook.com\/sptuchow\/photos\/a.1798034137132769\/2593599160909592\/?type=3&#038;av=1791633114439538&#038;eav=AfYyo6xdkF1GQ2ekNhxBIHjCRKatexm9OcB1IxD0yrFyZEdmwPjYVy8FCC8qubrBjeXWsEleXea50b0xBjxdQE7I&#038;theater\" data-width=\"552\" style=\"background-color: #fff; display: inline-block;\"><\/div>\n...<a href='https:\/\/sp.tuchow.pl\/index.php\/2020\/02\/05\/szkolny-klub-gier-planszowych-wkrec-sie-dzialaj-graj\/' class='pfpReadMore'>Read More &raquo;<\/a><div class='clear'><\/div><hr><\/div><div class='pfpItem entry-content'><h2 class='entry-title'><a href='https:\/\/sp.tuchow.pl\/index.php\/2020\/02\/05\/szlakiem-po-tuchowie-i-okolicach-edycja-ii-sredniowiecze\/'>\u201eSzlakiem po Tuchowie i okolicach\u201d Edycja II. \u015aredniowiecze<\/a><\/h2><p><strong>SZKO\u0141A PODSTAWOWA im. Stanis\u0142awa Staszica&nbsp;<\/strong><strong>DOM KULTURY w Tuchowie&nbsp;<\/strong><strong>zapraszaj\u0105 do udzia\u0142u&nbsp;<\/strong><strong>w&nbsp;<\/strong><strong>KONKURSIE WIEDZY&nbsp;<\/strong><strong>\u201eSzlakiem po Tuchowie i okolicach\u201d Edycja II. \u015aredniowiecze<\/strong><\/p>\n<div class=\"fb-post\" data-href=\"http:\/\/www.facebook.com\/sptuchow\/photos\/a.2593596247576550\/2593596270909881\/?type=3&#038;theater\" data-width=\"552\" style=\"background-color: #fff; display: inline-block;\"><\/div>\n<p>&nbsp;<\/p>\n...<a href='https:\/\/sp.tuchow.pl\/index.php\/2020\/02\/05\/szlakiem-po-tuchowie-i-okolicach-edycja-ii-sredniowiecze\/' class='pfpReadMore'>Read More &raquo;<\/a><div class='clear'><\/div><hr><\/div><div class='pfpItem entry-content'><h2 class='entry-title'><a href='https:\/\/sp.tuchow.pl\/index.php\/2020\/02\/05\/konkursy-polonistyczne-w-naszej-szkole\/'>Konkursy polonistyczne w naszej szkole<\/a><\/h2><p>Konkursy polonistyczne w naszej szkole<\/p>\n<ul>\n<li>Do dnia 14 lutego zosta\u0142 wyd\u0142u\u017cony termin wys\u0142ania prac na <strong>KONKURS LITERACKI<\/strong><strong> \u201eNA TATRZA\u0143SKIM SZLAKU\u201d<\/strong> <strong>XV EDYCJA 2019\/2020 &#8211;&nbsp; Tatry ba\u015bniowe i legendarne<\/strong><strong>.<\/strong><\/li>\n<\/ul>\n<p><strong>&nbsp;<\/strong><\/p>\n<p><strong>Z regulaminu konkursu:<\/strong><\/p>\n<p><em>\u201eUjrza\u0142a Maryna w nizinie Staw G\u0105sienicowy.<\/em><\/p>\n<p><em>Wiatr ko\u0142ysa\u0142 ponuro\u015b\u0107 jego w\u00f3d w\u015br\u00f3d mgie\u0142, w pomroce\u2026\u201d<\/em><\/p>\n<p>(Kazimierz Przerwa &#8211; Tetmajer)<\/p>\n<p><em>&nbsp;<\/em><\/p>\n<ol>\n<li><strong> <a class=\"antispy\" href=\"\thttp:\/\/www.recenzent.com.pl\/\t\" rel=\"dofollow\">\tOrganizator\t<\/a><\/strong><\/li>\n<\/ol>\n<ul>\n<li>Szko\u0142a Podstawowa&nbsp;...<a href='https:\/\/sp.tuchow.pl\/index.php\/2020\/02\/05\/konkursy-polonistyczne-w-naszej-szkole\/' class='pfpReadMore'>Read More &raquo;<\/a><div class='clear'><\/div><hr><\/div><div class='pfpItem entry-content'><h2 class='entry-title'><a href='https:\/\/sp.tuchow.pl\/index.php\/2020\/02\/05\/po-raz-osmy-w-magicznym-swiecie-wierszy-ks-jana-twardowskiego\/'>Po raz \u00f3smy ,,W magicznym \u015bwiecie wierszy ks. Jana Twardowskiego\u2019\u2019<\/a><\/h2><p><strong>22 stycznia 2020 roku odby\u0142 si\u0119 VIII Szkolny Konkurs Recytatorsko- Plastyczny <\/strong><\/p>\n<p><strong>,,W magicznym \u015bwiecie wierszy ks. Jana Twardowskiego\u2019\u2019. 1 czerwca w tym roku minie 105. rocznica urodzin poety.<\/strong><\/p>\n<p><strong>&nbsp;<\/strong><\/p>\n<p>W&nbsp; jury konkursu recytatorskiego zasiedli po raz pierwszy:<\/p>\n<p>&#8211; mgr J\u00f3zef Wzorek \u2013 dyrektor naszej szko\u0142y,<\/p>\n<p>&#8211; mgr Anna Stanuch- Madej \u2013 nauczyciel j\u0119zyka polskiego,<\/p>\n<p>&#8211;...<a href='https:\/\/sp.tuchow.pl\/index.php\/2020\/02\/05\/po-raz-osmy-w-magicznym-swiecie-wierszy-ks-jana-twardowskiego\/' class='pfpReadMore'>Read More &raquo;<\/a><div class='clear'><\/div><hr><\/div><div class='pfpItem entry-content'><h2 class='entry-title'><a href='https:\/\/sp.tuchow.pl\/index.php\/2020\/01\/28\/zabawa-karnawalowa-dla-nadziei-25-stycznia-2020-r\/'>Zabawa karnawa\u0142owa dla \u201eNadziei\u201d- 25 stycznia 2020 r.<\/a><\/h2><p style=\"text-align: justify;\">Niepe\u0142nosprawno\u015b\u0107 jest tajemnic\u0105 mi\u0142o\u015bci Boga: wynika z tego, \u017ce B\u00f3g nie daje po r\u00f3wno, bo chce aby\u015bmy byli sobie potrzebni\u201d<\/p>\n<p style=\"text-align: justify;\">&nbsp;<\/p>\n<p style=\"text-align: justify;\">25.01.2020 roku w Szkole Podstawowej im. St. Staszica w Tuchowie odby\u0142o si\u0119&nbsp; kolejne ju\u017c dwudzieste spotkanie integracyjne Stowarzyszenia Rodzic\u00f3w&nbsp; i Przyjaci\u00f3\u0142 Os\u00f3b Niepe\u0142nosprawnych \u201e Nadzieja\u201d....<a href='https:\/\/sp.tuchow.pl\/index.php\/2020\/01\/28\/zabawa-karnawalowa-dla-nadziei-25-stycznia-2020-r\/' class='pfpReadMore'>Read More &raquo;<\/a><div class='clear'><\/div><hr><\/div><div class='pfpItem entry-content'><h2 class='entry-title'><a href='https:\/\/sp.tuchow.pl\/index.php\/2020\/01\/24\/szkolny-konkurs-wiedzy-o-wielkiej-brytanii\/'>Szkolny Konkurs Wiedzy o Wielkiej Brytanii<\/a><\/h2><p>W dniu 23.01.2020r. odby\u0142 si\u0119 2 etap Szkolnego Konkursu Wiedzy o Wielkiej Brytanii.<\/p>\n<p>W 1 etapie konkursu uczniowie mieli za zadanie wykona\u0107 album o wybranym przez siebie pa\u0144stwie Wielkiej Brytanii, zamieszczaj\u0105c w nim najwa\u017cniejsze informacje, ciekawostki i atrakcje turystyczne. 2 etap to test wyboru w j\u0119zyku angielskim dotycz\u0105cy kraj\u00f3w Wielkiej Brytanii....<a href='https:\/\/sp.tuchow.pl\/index.php\/2020\/01\/24\/szkolny-konkurs-wiedzy-o-wielkiej-brytanii\/' class='pfpReadMore'>Read More &raquo;<\/a><div class='clear'><\/div><hr><\/div><div class='pfpItem entry-content'><h2 class='entry-title'><a href='https:\/\/sp.tuchow.pl\/index.php\/2020\/01\/22\/zebrania-dla-rodzicow\/'>Zebrania dla rodzic\u00f3w<\/a><\/h2><h4>Rodzic\u00f3w naszych uczni\u00f3w serdecznie zapraszamy&nbsp;na zebrania z wychowawcami podsumowuj\u0105ce I okres. Odb\u0119d\u0105 si\u0119 one 23 stycznia (czwartek), o godz. 17.00.<\/h4>\n...<a href='https:\/\/sp.tuchow.pl\/index.php\/2020\/01\/22\/zebrania-dla-rodzicow\/' class='pfpReadMore'>Read More &raquo;<\/a><div class='clear'><\/div><hr><\/div><div class='pfpItem entry-content'><h2 class='entry-title'><a href='https:\/\/sp.tuchow.pl\/index.php\/2020\/01\/22\/akademia-bezpiecznego-puchatka-w-klasie-1-c\/'>Akademia Bezpiecznego Puchatka w klasie 1 c<\/a><\/h2><p style=\"text-align: justify;\">Przekazywanie dzieciom wiedzy o zasadach bezpiecze\u0144stwa wymaga pewnej elastyczno\u015bci i dostosowania j\u0119zyka do ich wieku. To, co dla nas doros\u0142ych wydaje si\u0119 oczywiste, mo\u017ce okaza\u0107 si\u0119 dla dzieci zawi\u0142e i skomplikowane, zw\u0142aszcza, \u017ce s\u0105 one na pocz\u0105tku swojej drogi edukacyjnej. Dzieci w pierwszej klasie nie potrafi\u0105 jeszcze dok\u0142adnie...<a href='https:\/\/sp.tuchow.pl\/index.php\/2020\/01\/22\/akademia-bezpiecznego-puchatka-w-klasie-1-c\/' class='pfpReadMore'>Read More &raquo;<\/a><div class='clear'><\/div><hr><\/div><div class='pfpItem entry-content'><h2 class='entry-title'><a href='https:\/\/sp.tuchow.pl\/index.php\/2020\/01\/21\/ii-gminny-konkurs-piosenki-angielskiej-everybody-can-sing\/'>II GMINNY KONKURS PIOSENKI ANGIELSKIEJ \u201eEVERYBODY CAN SING\u201d<\/a><\/h2><div class=\"fb-post\" data-href=\"http:\/\/www.facebook.com\/sptuchow\/photos\/a.1798034137132769\/2580961465506695\/?type=3&#038;av=1791633114439538&#038;eav=AfZcoRpzSQy_t4aAURePTgcrXkP1CnqCrLHiPl-JohKr2A24XfEsRPjdQEP9wFaYAIvhV1bdlqnJfJzxA2iJI1tT&#038;theater\" data-width=\"552\" style=\"background-color: #fff; display: inline-block;\"><\/div>\n...<a href='https:\/\/sp.tuchow.pl\/index.php\/2020\/01\/21\/ii-gminny-konkurs-piosenki-angielskiej-everybody-can-sing\/' class='pfpReadMore'>Read More &raquo;<\/a><div class='clear'><\/div><hr><\/div><div class='pfpItem entry-content'><h2 class='entry-title'><a href='https:\/\/sp.tuchow.pl\/index.php\/2020\/01\/17\/nowy-plan-zajec\/'>Nowy plan zaj\u0119\u0107<\/a><\/h2><p>Informujemy, \u017ce od 20 stycznia \/poniedzia\u0142ek\/&nbsp; rozpoczynamy II okres. W zwi\u0105zku z tym, od tego dnia, b\u0119dzie obowi\u0105zywa\u0142 nowy plan zaj\u0119\u0107 &#8211; zosta\u0142 on zamieszczony w zak\u0142adce PLAN LEKCJI.<\/p>\n...<a href='https:\/\/sp.tuchow.pl\/index.php\/2020\/01\/17\/nowy-plan-zajec\/' class='pfpReadMore'>Read More &raquo;<\/a><div class='clear'><\/div><hr><\/div><div class='pfpItem entry-content'><h2 class='entry-title'><a href='https:\/\/sp.tuchow.pl\/index.php\/2020\/01\/12\/nasze-uczennice-marysia-i-karolina-na-24-regionalnym-konkursie-koled-i-pastoralek-w-zabnie\/'>Nasze uczennice\u00a0 Marysia i Karolina na 24.Regionalnym Konkursie Kol\u0119d i Pastora\u0142ek w \u017babnie.<\/a><\/h2><p style=\"text-align: justify;\">W dniach 7,8 i 9 stycznia 2020 r. w Gminnym Centrum Kultury w \u017babnie, odby\u0142 si\u0119 24.Regionalny Konkurs Kol\u0119d i Pastora\u0142ek. Bra\u0142o w nim udzia\u0142 118 dzieci w wieku od 4 do 15 lat&nbsp; z wojew\u00f3dztwa ma\u0142opolskiego. Konkurs podzielony by\u0142 na kategorie wiekowe. W kategorii klas 1-3 bra\u0142o...<a href='https:\/\/sp.tuchow.pl\/index.php\/2020\/01\/12\/nasze-uczennice-marysia-i-karolina-na-24-regionalnym-konkursie-koled-i-pastoralek-w-zabnie\/' class='pfpReadMore'>Read More &raquo;<\/a><div class='clear'><\/div><hr><\/div><div class='pfpItem entry-content'><h2 class='entry-title'><a href='https:\/\/sp.tuchow.pl\/index.php\/2020\/01\/08\/dotacja-od-ministerstwa-sportu-i-turystyki-na-upowszechnienie-sportow-zimowych\/'>Dotacja z Ministerstwa Sportu i Turystyki na upowszechnienie sport\u00f3w zimowych.<\/a><\/h2><img decoding=\"async\" src=\"https:\/\/sp.tuchow.pl\/wp-content\/uploads\/2020\/01\/narty-150x150.jpg\" \/>ngg_shortcode_5_placeholder\n...<a href='https:\/\/sp.tuchow.pl\/index.php\/2020\/01\/08\/dotacja-od-ministerstwa-sportu-i-turystyki-na-upowszechnienie-sportow-zimowych\/' class='pfpReadMore'>Read More &raquo;<\/a><div class='clear'><\/div><hr><\/div><div class='pfpItem entry-content'><h2 class='entry-title'><a href='https:\/\/sp.tuchow.pl\/index.php\/2020\/01\/08\/viii-szkolny-konkurs-recytatorski-poswiecony-tworczosci-ksiedza-jana-twardowskiego-w-105-rocznice-smierci-poety\/'>VIII SZKOLNY KONKURS RECYTATORSKI  PO\u015aWI\u0118CONY TW\u00d3RCZO\u015aCI KSI\u0118DZA JANA TWARDOWSKIEGO w 105. rocznic\u0119 urodzin poety<\/a><\/h2><p><strong>VIII SZKOLNY KONKURS RECYTATORSKI<\/strong><strong>&nbsp;PO\u015aWI\u0118CONY TW\u00d3RCZO\u015aCI&nbsp;<\/strong><strong>KSI\u0118DZA JANA TWARDOWSKIEGO&nbsp;<\/strong><strong>w 105. rocznic\u0119 urodzin poety<\/strong><\/p>\n<p><strong>&nbsp;<\/strong><\/p>\n<p><strong>I. Organizator:<\/strong> mgr Renata G\u0105sior ( nauczyciel j\u0119zyka polskiego )<\/p>\n<p><strong>II. Cele konkursu<\/strong>:<\/p>\n<p>&#8211; Popularyzacja w\u015br\u00f3d uczni\u00f3w klas III &#8211; VI utwor\u00f3w ksi\u0119dza Jana Twardowskiego<\/p>\n<p>-Odwo\u0142ywanie si\u0119 do nieprzemijaj\u0105cych warto\u015bci poezji ksi\u0119dza Jana Twardowskiego w duchu szacunku wzgl\u0119dem siebie nawzajem oraz \u015bwiata przyrody<\/p>\n<p>&#8211;...<a href='https:\/\/sp.tuchow.pl\/index.php\/2020\/01\/08\/viii-szkolny-konkurs-recytatorski-poswiecony-tworczosci-ksiedza-jana-twardowskiego-w-105-rocznice-smierci-poety\/' class='pfpReadMore'>Read More &raquo;<\/a><div class='clear'><\/div><hr><\/div><div class='pfpItem entry-content'><h2 class='entry-title'><a href='https:\/\/sp.tuchow.pl\/index.php\/2020\/01\/06\/8881\/'>\u201eZima, trudny czas dla zwierz\u0105t\u201d<\/a><\/h2><p style=\"text-align: justify;\">W grudniu uczniowie klasy I a uczyli si\u0119 o zwyczajach i zachowaniu zwierz\u0105t w czasie zimy. By lepiej zrozumie\u0107, jak o tej porze roku wygl\u0105da ich \u017cycie w lesie, pierwszoklasi\u015bci zaprosili specjalnego go\u015bcia. Le\u015bniczy przybli\u017cy\u0142 uczniom w jaki spos\u00f3b zwierz\u0119ta przygotowuj\u0105 si\u0119 do zimy, co robi\u0105, aby przetrwa\u0107...<a href='https:\/\/sp.tuchow.pl\/index.php\/2020\/01\/06\/8881\/' class='pfpReadMore'>Read More &raquo;<\/a><div class='clear'><\/div><hr><\/div><div class='pfpItem entry-content'><h2 class='entry-title'><a href='https:\/\/sp.tuchow.pl\/index.php\/2019\/12\/20\/hej-zebys-ty-jezusku-tam-lu-nos-sie-narodzil-daleko-lod-betlejem-po-gorach-bys-se-chodzil-goralskie-jaselka-w-sp-w-tuchowie\/'>\u201eHej, zeby\u015b Ty Jezusku, tam \u0142u nos si\u0119 narodzi\u0142. Daleko \u0142od Betlejem, po g\u00f3rach by\u015b se chodzi\u0142.\u201d \u2013 g\u00f3ralskie jase\u0142ka w SP w Tuchowie.<\/a><\/h2><p>&nbsp;<\/p>\n<p style=\"text-align: justify;\">Czas oczekiwania na Bo\u017ce Narodzenie nale\u017cy do najpi\u0119kniejszych w roku. Ze \u015awi\u0119tami Bo\u017cego Narodzenia wi\u0105\u017ce si\u0119 wiele pi\u0119knych tradycji i zwyczaj\u00f3w. Jednym z nich jest odgrywanie inscenizacji o Bo\u017cym Narodzeniu zwanych Jase\u0142kami. W \u015bwi\u0105teczn\u0105 <a class=\"antispy\" href=\"\thttp:\/\/mnq-planet.pl\/\t\" rel=\"dofollow\">\tatmosfer\u0119 wprowadzili\t<\/a> nas uczniowie klas Ia i IIa pod opiek\u0105 p....<a href='https:\/\/sp.tuchow.pl\/index.php\/2019\/12\/20\/hej-zebys-ty-jezusku-tam-lu-nos-sie-narodzil-daleko-lod-betlejem-po-gorach-bys-se-chodzil-goralskie-jaselka-w-sp-w-tuchowie\/' class='pfpReadMore'>Read More &raquo;<\/a><div class='clear'><\/div><hr><\/div><div class='pfpItem entry-content'><h2 class='entry-title'><a href='https:\/\/sp.tuchow.pl\/index.php\/2019\/12\/19\/harmonogram-pracy-w-dniu-20-grudnia-2019-r\/'>Harmonogram pracy 20 grudnia 2019 r. (pi\u0105tek).<\/a><\/h2><div id=\"txtFiledTrescWiadomosci-innerCt\" class=\"\" role=\"presentation\"><strong>klasy I \u2013 II (za wyj\u0105tkiem klas 1a i 2a)<\/strong><br \/>\n8:30 \u2013 9:30 Wigilie klasowe z wychowawcami i wychowawcami wspomagaj\u0105cymi na korytarzu III pi\u0119tra, a o godz. 9:30 Jase\u0142ka w hali sportowej MOSiR.<strong>klasy IV &#8211; V<\/strong><br \/>\n8:30 \u2013 9:30 Wigilie klasowe z wychowawcami i wychowawcami wspomagaj\u0105cymi na...<a href='https:\/\/sp.tuchow.pl\/index.php\/2019\/12\/19\/harmonogram-pracy-w-dniu-20-grudnia-2019-r\/' class='pfpReadMore'>Read More &raquo;<\/a><div class='clear'><\/div><hr><\/div><div class='pfpItem entry-content'><h2 class='entry-title'><a href='https:\/\/sp.tuchow.pl\/index.php\/2019\/12\/19\/wycieczka-klasy-viii-b-do-muzeum-armii-krajowej-w-krakowie\/'>Wycieczka klasy VIII b do Muzeum Armii Krajowej w Krakowie.<\/a><\/h2><p style=\"text-align: justify;\">13 grudnia klasa 8b uda\u0142a si\u0119 na wycieczk\u0119 do Krakowa, pod opiek\u0105 Pani Bernadety Baran i ksi\u0119dza Marka Wojaka. Celem&nbsp; naszej wycieczki by\u0142o Muzeum Armii Krajowej oraz Sanktuarium Bo\u017cego Mi\u0142osierdzia w \u0141agiewnikach. Nasz\u0105 wycieczk\u0119 rozpocz\u0119li\u015bmy od zwiedzenia Muzeum AK, kt\u00f3re mie\u015bci si\u0119 w zabytkowym budynku, kt\u00f3ry powsta\u0142 tu\u017c...<a href='https:\/\/sp.tuchow.pl\/index.php\/2019\/12\/19\/wycieczka-klasy-viii-b-do-muzeum-armii-krajowej-w-krakowie\/' class='pfpReadMore'>Read More &raquo;<\/a><div class='clear'><\/div><hr><\/div><div class='pfpItem entry-content'><h2 class='entry-title'><a href='https:\/\/sp.tuchow.pl\/index.php\/2019\/12\/19\/iv-gminny-konkurs-swiatecznej-piosenki-obcojezycznej-2\/'>IV GMINNY KONKURS \u015aWI\u0104TECZNEJ PIOSENKI OBCOJ\u0118ZYCZNEJ<\/a><\/h2><p>16 grudnia 2019r. w naszej szkole odby\u0142 si\u0119 ju\u017c VII Konkurs \u015awi\u0105tecznej Piosenki Obcoj\u0119zycznej, kt\u00f3ry jednoczenie mia\u0142 wy\u0142oni\u0107 reprezentant\u00f3w naszej szko\u0142y<br \/>\ndo etapu gminnego. Konkurs by\u0142 przeprowadzony w trzech kategoriach: klasy I \u2013 III, klasy IV \u2013 VI i klasy VII \u2013 VIII.<\/p>\n<p>Wyst\u0119puj\u0105cy byli oceniani przez jury w nast\u0119puj\u0105cym sk\u0142adzie:...<a href='https:\/\/sp.tuchow.pl\/index.php\/2019\/12\/19\/iv-gminny-konkurs-swiatecznej-piosenki-obcojezycznej-2\/' class='pfpReadMore'>Read More &raquo;<\/a><div class='clear'><\/div><hr><\/div><div class='pfpItem entry-content'><h2 class='entry-title'><a href='https:\/\/sp.tuchow.pl\/index.php\/2019\/12\/17\/czytelnicza-przygoda-klasy-i-a\/'>Czytelnicza przygoda klasy I a<\/a><\/h2><p style=\"text-align: justify;\">Uczniowie klasy I a zako\u0144czyli&nbsp; I Modu\u0142 og\u00f3lnopolskiego projektu edukacyjnego \u201eCzytam z klas\u0105 \u2013 Lekturki&nbsp; spod chmurki\u201d.<\/p>\n<p style=\"text-align: justify;\">Spo\u015br\u00f3d proponowanych lektur wybrali\u015bmy&nbsp; \u201eNiesamowite przygody dziesi\u0119ciu skarpetek\u201d Justyny&nbsp; Bednarek. &nbsp;W ramach tego etapu&nbsp; uczniowie wykonali cztery wymagane zadania. &nbsp;<\/p>\n<p style=\"text-align: justify;\">Za\u0142o\u017cyli&nbsp; oraz uzupe\u0142nili&nbsp; \u201eLekturniki\u201d,&nbsp; wykonali tematyczne zak\u0142adki do ksi\u0105\u017cek,...<a href='https:\/\/sp.tuchow.pl\/index.php\/2019\/12\/17\/czytelnicza-przygoda-klasy-i-a\/' class='pfpReadMore'>Read More &raquo;<\/a><div class='clear'><\/div><hr><\/div><div class='pfpItem entry-content'><h2 class='entry-title'><a href='https:\/\/sp.tuchow.pl\/index.php\/2019\/12\/12\/pomoc-dla-bezdomnych-zwierzat\/'>\"Pomoc dla bezdomnych zwierz\u0105t\"<\/a><\/h2><div class=\"\" data-block=\"true\" data-editor=\"9qljj\" data-offset-key=\"fgove-0-0\">\n<div class=\"_1mf _1mj\" data-offset-key=\"fgove-0-0\">Dzi\u0119kuj\u0119 wszystkim ludziom o wielkim sercu, kt\u00f3rym los zwierz\u0105t nie jest oboj\u0119tny i tak licznie w\u0142\u0105czyli si\u0119 w Nasz\u0105 akcj\u0119.<\/div>\n<\/div>\n<div class=\"\" data-block=\"true\" data-editor=\"9qljj\" data-offset-key=\"6j97r-0-0\">\n<div class=\"_1mf _1mj\" data-offset-key=\"6j97r-0-0\"><span data-offset-key=\"6j97r-0-0\">Zebrane produkty zosta\u0142y przekazane do dom\u00f3w tymczasowych oraz do schroniska.<\/span><\/div>\n<\/div>\n<div class=\"\" data-block=\"true\" data-editor=\"9qljj\" data-offset-key=\"a0cr9-0-0\">\n<div class=\"_1mf _1mj\"...<a href='https:\/\/sp.tuchow.pl\/index.php\/2019\/12\/12\/pomoc-dla-bezdomnych-zwierzat\/' class='pfpReadMore'>Read More &raquo;<\/a><div class='clear'><\/div><hr><\/div><div class='pfpItem entry-content'><h2 class='entry-title'><a href='https:\/\/sp.tuchow.pl\/index.php\/2019\/12\/10\/podziekowanie-za-dar-serca\/'>Podzi\u0119kowanie za dar serca<\/a><\/h2><p style=\"text-align: justify;\">5 grudnia w Szkole Podstawowej w Olszynach odby\u0142o si\u0119 miko\u0142ajkowe spotkanie z podopiecznymi stowarzyszenia \u201eWszystkie Dzieci Nasza S\u0105\u201d podczas , kt\u00f3rego naszej szkole zosta\u0142 przyznany z\u0142oty medal oraz dyplom podzi\u0119kowania za okazany dar serca i zorganizowanie akcji \u201eI Ty mo\u017cesz zosta\u0107 \u015awi\u0119tym Miko\u0142ajem\u201d.&nbsp;<\/p>\n<p style=\"text-align: justify;\">Spotkanie rozpocz\u0105\u0142 wyst\u0119p artystyczny...<a href='https:\/\/sp.tuchow.pl\/index.php\/2019\/12\/10\/podziekowanie-za-dar-serca\/' class='pfpReadMore'>Read More &raquo;<\/a><div class='clear'><\/div><hr><\/div><div class='pfpItem entry-content'><h2 class='entry-title'><a href='https:\/\/sp.tuchow.pl\/index.php\/2019\/12\/05\/i-mikolajkowy-turniej-gier-planszowych-za-nami\/'>I Miko\u0142ajkowy Turniej Gier Planszowych za nami!<\/a><\/h2><p>Emocje by\u0142y ogromne, zabawa wspania\u0142a! Uczestnicy \u2013 uczniowie naszej szko\u0142y z klas I \u2013IV zmierzyli si\u0119 graj\u0105c w dziesi\u0119\u0107 r\u00f3\u017cnych gier.<\/p>\n<p>Zwyci\u0119stwo wywalczyli:<\/p>\n<p><strong>I miejsce &#8211; Wiktor Kwa\u015bny z klasy I d<\/strong><\/p>\n<p>II miejsce &#8211; Adrian \u0141\u0105tka z klasy&nbsp; IV b<\/p>\n<p>III miejsce \u2013 Igor Szel\u0105g z klasy II b<\/p>\n<p>Wszystkim uczestnikom dzi\u0119kujemy za zabaw\u0119!...<a href='https:\/\/sp.tuchow.pl\/index.php\/2019\/12\/05\/i-mikolajkowy-turniej-gier-planszowych-za-nami\/' class='pfpReadMore'>Read More &raquo;<\/a><div class='clear'><\/div><hr><\/div><div class='pfpItem entry-content'><h2 class='entry-title'><a href='https:\/\/sp.tuchow.pl\/index.php\/2019\/12\/05\/szkolny-konkurs-historyczny-piastowie-bez-tajemnic-2\/'>Szkolny Konkurs Historyczny \u201ePiastowie bez tajemnic\u201d.<\/a><\/h2><p>26 listopada w czytelni naszej szko\u0142y odby\u0142 si\u0119 Szkolny Konkurs Historyczny \u201ePiastowie bez tajemnic\u201d. W konkursie wzi\u0119\u0142o udzia\u0142 15 uczni\u00f3w z klas IV \u2013 VI. Uczestnicy konkursu mieli za zadanie rozwi\u0105za\u0107 test przygotowany na podstawie fragment\u00f3w ksi\u0105\u017cki Paw\u0142a Waku\u0142y \u201eJagie\u0142\u0142o pod prysznicem\u201d oraz \u201ePocztu kr\u00f3l\u00f3w i ksi\u0105\u017c\u0105t Polski\u201d.<\/p>\n<p>W rozwi\u0105zaniu testu...<a href='https:\/\/sp.tuchow.pl\/index.php\/2019\/12\/05\/szkolny-konkurs-historyczny-piastowie-bez-tajemnic-2\/' class='pfpReadMore'>Read More &raquo;<\/a><div class='clear'><\/div><hr><\/div><div class='pfpItem entry-content'><h2 class='entry-title'><a href='https:\/\/sp.tuchow.pl\/index.php\/2019\/12\/04\/konsultacje-dla-rodzicow-2\/'>Konsultacje dla rodzic\u00f3w<\/a><\/h2><div class=\"page-header\">\n<h4>Rodzic\u00f3w naszych uczni\u00f3w serdecznie zapraszamy&nbsp;na konsultacje z wychowawcami i nauczycielami, kt\u00f3re odb\u0119d\u0105 si\u0119&nbsp;05 grudnia (czwartek), w godz. 17.00 &#8211; 18.00.<\/h4>\n<\/div>\n...<a href='https:\/\/sp.tuchow.pl\/index.php\/2019\/12\/04\/konsultacje-dla-rodzicow-2\/' class='pfpReadMore'>Read More &raquo;<\/a><div class='clear'><\/div><hr><\/div><div class='pfpItem entry-content'><h2 class='entry-title'><a href='https:\/\/sp.tuchow.pl\/index.php\/2019\/12\/03\/eliminacje-xiii-ogolnopolskiego-konkursu-poezji-religijnej\/'>ELIMINACJE XIII OG\u00d3LNOPOLSKIEGO KONKURSU POEZJI RELIGIJNEJ<\/a><\/h2><p style=\"text-align: justify;\">2.12.2019 r. w <a class=\"antispy\" href=\"\thttp:\/\/4io.pl\/\t\" rel=\"dofollow\">\tPa\u0142acu M\u0142odzie\u017cy w Tarnowie\t<\/a> odby\u0142y SI\u0118 REJONOWE ELIMINACJE XIII OG\u00d3LNOPOLSKIEGO KONKURSU POEZJI RELIGIJNEJ &#8222;PIER\u015aCIE\u0143 \u015aWI\u0118TEJ KINGI&#8221; W konkursie wzi\u0119\u0142y udzia\u0142 trzy uczennice naszej szko\u0142y: Julia Baran, Karolina Wi\u0119cek oraz Kornelia Wojtanowska z klasy 1b. W eliminacjach klas 1-3 bra\u0142o udzia\u0142 40 uczestnik\u00f3w....<a href='https:\/\/sp.tuchow.pl\/index.php\/2019\/12\/03\/eliminacje-xiii-ogolnopolskiego-konkursu-poezji-religijnej\/' class='pfpReadMore'>Read More &raquo;<\/a><div class='clear'><\/div><hr><\/div><div class='pfpItem entry-content'><h2 class='entry-title'><a href='https:\/\/sp.tuchow.pl\/index.php\/2019\/12\/03\/klasy-1d-i-3c-w-fabryce-bombek-choinkowych\/'>Klasy 1d i 3c w fabryce bombek choinkowych.<\/a><\/h2><p style=\"text-align: right;\"><em>\u201eWisz\u0105 bombki na choince ca\u0142e kolorowe.<br \/>\nMa\u0142e pieski, ma\u0142e kotki, gwiazdki purpurowe.\u201d <\/em><\/p>\n<p style=\"text-align: justify;\">\nW zwi\u0105zku ze zbli\u017caj\u0105cymi si\u0119 \u015awi\u0119tami Bo\u017cego Narodzenia dnia 29 listopada 2019 r. uczniowie klasy 1d i 3c wraz z opiekunami wybrali si\u0119 do fabryki bombek <strong>\u201eSzklana Gwiazda\u201d<\/strong> w Brzesku. Na w\u0142asne oczy mogli...<a href='https:\/\/sp.tuchow.pl\/index.php\/2019\/12\/03\/klasy-1d-i-3c-w-fabryce-bombek-choinkowych\/' class='pfpReadMore'>Read More &raquo;<\/a><div class='clear'><\/div><hr><\/div><div class='pfpItem entry-content'><h2 class='entry-title'><a href='https:\/\/sp.tuchow.pl\/index.php\/2019\/12\/02\/podsumowanie-akcji-charytatywnej-i-ty-mozesz-zostac-swietym-mikolajem\/'>Podsumowanie akcji charytatywnej \u201eI Ty mo\u017cesz zosta\u0107 \u015awi\u0119tym Miko\u0142ajem\u201d<\/a><\/h2><p style=\"text-align: justify;\">Akcja charytatywna \u201eI Ty mo\u017cesz zosta\u0107 \u015awi\u0119tym Miko\u0142ajem\u201d dobieg\u0142a ko\u0144ca.<\/p>\n<p style=\"text-align: justify;\">Dzi\u0119ki hojno\u015bci uczni\u00f3w klas I \u2013 III oraz ich rodzic\u00f3w uda\u0142o nam si\u0119 zebra\u0107 a\u017c 55 kilogram\u00f3w s\u0142odyczy.<\/p>\n<p style=\"text-align: justify;\">Dzi\u0119kujemy Wszystkim, kt\u00f3rzy w\u0142\u0105czyli si\u0119 w akcj\u0119. Dzi\u0119ki Wam na buziach wielu podopiecznych stowarzyszenia pojawi si\u0119 u\u015bmiech, bo...<a href='https:\/\/sp.tuchow.pl\/index.php\/2019\/12\/02\/podsumowanie-akcji-charytatywnej-i-ty-mozesz-zostac-swietym-mikolajem\/' class='pfpReadMore'>Read More &raquo;<\/a><div class='clear'><\/div><hr><\/div><div class='pfpItem entry-content'><h2 class='entry-title'><a href='https:\/\/sp.tuchow.pl\/index.php\/2019\/11\/28\/vii-gminny-konkurs-swiatecznej-piosenki-obcojezycznej\/'>VII Gminny Konkurs \u015awi\u0105tecznej Piosenki Obcoj\u0119zycznej<\/a><\/h2><p>18 grudnia 2019 r. w Domu Kultury w Tuchowie odb\u0119dzie si\u0119&nbsp;VII Gminny Konkurs \u015awi\u0105tecznej Piosenki Obcoj\u0119zycznej organizowany przez SP w Tuchowie.&nbsp;<\/p>\n<div class=\"fb-post\" data-href=\"http:\/\/www.facebook.com\/sptuchow\/photos\/a.1798034137132769\/2527240254212150\/?type=3&#038;av=1791633114439538&#038;eav=AfbqaUTv3jr3c-DT0epmHPbjUMJK6abvj2OGn6QZZ4e6seCBc-7WmV35GWyuQxzn_VyJybD3qWuju-VNEQrw11Pr&#038;theater\" data-width=\"552\" style=\"background-color: #fff; display: inline-block;\"><\/div>\n...<a href='https:\/\/sp.tuchow.pl\/index.php\/2019\/11\/28\/vii-gminny-konkurs-swiatecznej-piosenki-obcojezycznej\/' class='pfpReadMore'>Read More &raquo;<\/a><div class='clear'><\/div><hr><\/div><div class='pfpItem entry-content'><h2 class='entry-title'><a href='https:\/\/sp.tuchow.pl\/index.php\/2019\/11\/28\/eko-challenge-klasy-1-c\/'>Eko Challenge Klasy 1 c<\/a><\/h2><p style=\"text-align: justify;\">Klasa 1 c postanowi\u0142a wzi\u0105\u0107 udzia\u0142 w konkursie fundacji Komputronik pt: <strong>\u201ePoka\u017ccie, jak Wasza szko\u0142a mo\u017ce by\u0107 eko!\u201d<\/strong> promuj\u0105cym proekologiczne postawy. Nagrali\u015bmy kr\u00f3tki filmik z nasz\u0105 wersj\u0105 odpowiedzi na konkursowe pytanie.<\/p>\n<p style=\"text-align: justify;\">Dzi\u0119kujemy Pani Ma\u0142gorzacie Michalik ze stowarzyszenia Powietrze Tuch\u00f3w za pomoc w realizacji filmiku, oraz zaj\u0119cia edukacyjne...<a href='https:\/\/sp.tuchow.pl\/index.php\/2019\/11\/28\/eko-challenge-klasy-1-c\/' class='pfpReadMore'>Read More &raquo;<\/a><div class='clear'><\/div><hr><\/div><div class='pfpItem entry-content'><h2 class='entry-title'><a href='https:\/\/sp.tuchow.pl\/index.php\/2019\/11\/28\/kazdy-z-nas-ma-w-sobie-cos-z-dziecka\/'>Ka\u017cdy z nas ma w sobie co\u015b z dziecka\u2026<\/a><\/h2><p style=\"text-align: justify;\">Uczniowie klas VII i VIII Szko\u0142y Podstawowej im. Stanis\u0142awa Staszica 18 listopada mieli okazj\u0119 obejrze\u0107 musical Ma\u0142y Ksi\u0105\u017c\u0119 w Teatrze Ludowym w Krakowie.<\/p>\n<p style=\"text-align: justify;\">Dzie\u0142o niezwyk\u0142e, w kt\u00f3rym ka\u017cdy &#8211; doros\u0142y i dziecko &#8211; odnajd\u0105 co\u015b dla siebie. Historia ch\u0142opca odwiedzaj\u0105cego kolejne planety i odkrywaj\u0105cego siebie samego, niezmiennie...<a href='https:\/\/sp.tuchow.pl\/index.php\/2019\/11\/28\/kazdy-z-nas-ma-w-sobie-cos-z-dziecka\/' class='pfpReadMore'>Read More &raquo;<\/a><div class='clear'><\/div><hr><\/div><div class='pfpItem entry-content'><h2 class='entry-title'><a href='https:\/\/sp.tuchow.pl\/index.php\/2019\/11\/21\/kiermasz-swiateczny-2\/'>Kiermasz \u015bwi\u0105teczny.<\/a><\/h2><p><strong><em>&nbsp;&nbsp;&nbsp;&nbsp;&nbsp;&nbsp;&nbsp; \u015awi\u0119ta Bo\u017cego Narodzenia to wyj\u0105tkowy czas. To moment, kiedy mo\u017cemy si\u0119 zatrzyma\u0107 i odda\u0107 g\u0142\u0119bokiej refleksji. To czas \u017cycze\u0144, mi\u0142o\u015bci i rado\u015bci, kt\u00f3r\u0105 dzielimy si\u0119 z bliskimi.<\/em><\/strong><\/p>\n<p style=\"text-align: justify;\">&nbsp;&nbsp;&nbsp;&nbsp;&nbsp; &nbsp;&nbsp;&nbsp;&nbsp;&nbsp;&nbsp;Tradycyjnie przed \u015awi\u0119tami Bo\u017cego Narodzenia w naszej szkole&nbsp;<strong>18 i 19 grudnia 2019 r<\/strong>. odb\u0119dzie si\u0119 po raz kolejny kiermasz \u015bwi\u0105teczny,...<a href='https:\/\/sp.tuchow.pl\/index.php\/2019\/11\/21\/kiermasz-swiateczny-2\/' class='pfpReadMore'>Read More &raquo;<\/a><div class='clear'><\/div><hr><\/div><div class='pfpItem entry-content'><h2 class='entry-title'><a href='https:\/\/sp.tuchow.pl\/index.php\/2019\/11\/19\/podsumowanie-akcji-charytatywnej-zostan-aniolem-dla-dziecka-z-oddzialu-onkologicznego\/'>Podsumowanie akcji charytatywnej \u201eZosta\u0144 Anio\u0142em dla dziecka z oddzia\u0142u onkologicznego\u201d.<\/a><\/h2><p style=\"text-align: justify;\">Akcja \u201e<strong>Zosta\u0144 Anio\u0142em dla dziecka z oddzia\u0142u onkologicznego\u201d<\/strong> dobieg\u0142a ko\u0144ca. Trzecie pi\u0119tro naszej szko\u0142y zebra\u0142o 182 mi\u0119ciutkich, nowiutkich, cudownych zabawek gotowych do przytulania. Wszystkie pluszaki zosta\u0142y zapakowane w kartony i worki, a do jednej paczki zosta\u0142 do\u0142\u0105czony list o nast\u0119puj\u0105cej tre\u015bci:<\/p>\n<p>\u2026\u2026\u2026\u2026\u2026\u2026\u2026\u2026\u2026\u2026\u2026\u2026\u2026\u2026\u2026\u2026\u2026\u2026\u2026\u2026\u2026\u2026\u2026\u2026\u2026\u2026\u2026\u2026\u2026\u2026\u2026\u2026\u2026\u2026\u2026\u2026\u2026\u2026\u2026\u2026\u2026<\/p>\n<p style=\"text-align: right;\"><em>Tuch\u00f3w, 19.11.2019<\/em><\/p>\n<p>&nbsp;<\/p>\n<p style=\"text-align: center;\"><strong><em>SZANOWNI RODZICE I...<a href='https:\/\/sp.tuchow.pl\/index.php\/2019\/11\/19\/podsumowanie-akcji-charytatywnej-zostan-aniolem-dla-dziecka-z-oddzialu-onkologicznego\/' class='pfpReadMore'>Read More &raquo;<\/a><div class='clear'><\/div><hr><\/div><div class='pfpItem entry-content'><h2 class='entry-title'><a href='https:\/\/sp.tuchow.pl\/index.php\/2019\/11\/19\/i-mikolajkowy-turniej-gier-planszowych\/'>I Miko\u0142ajkowy Turniej Gier Planszowych<\/a><\/h2><img loading=\"lazy\" decoding=\"async\" class=\" wp-image-8714 aligncenter\" src=\"https:\/\/sp.tuchow.pl\/wp-content\/uploads\/2019\/11\/TURNIEJ-GIER-PLANSZOWYCH-212x300.jpg\" alt=\"\" width=\"478\" height=\"678\"><p><b>Zapraszamy do udzia\u0142u w I Miko\u0142ajkowym Turnieju Gier Planszowych dla uczni\u00f3w klas I-IV, kt\u00f3ry odb\u0119dzie si\u0119 05 grudnia 2019 r.<\/b><\/p>\n<p><\/p>\n<h4><strong><a href=\"https:\/\/sp.tuchow.pl\/pliki\/konkursy\/karta_zgloszenia_gryplanszowe.pdf\" target=\"_blank\" rel=\"noopener\">Karta zg\u0142oszenia<\/a><\/strong><\/h4>\n<h4><a href=\"https:\/\/sp.tuchow.pl\/pliki\/konkursy\/regulamin_i_tur_gry_pl.pdf\" target=\"_blank\" rel=\"noopener\">R<strong>egulamin I Turnieju Gier Planszowych<\/strong><\/a><\/h4>\n<h4><strong><a href=\"https:\/\/sp.tuchow.pl\/pliki\/konkursy\/klauzula_info.pdf\" target=\"_blank\" rel=\"noopener\">Klauzula informacyjna<\/a><\/strong><\/h4>\n...<a href='https:\/\/sp.tuchow.pl\/index.php\/2019\/11\/19\/i-mikolajkowy-turniej-gier-planszowych\/' class='pfpReadMore'>Read More &raquo;<\/a><div class='clear'><\/div><hr><\/div><div class='pfpItem entry-content'><h2 class='entry-title'><a href='https:\/\/sp.tuchow.pl\/index.php\/2019\/11\/19\/pismo-rady-rodzicow-sp-w-tuchowie\/'>Pismo Rady Rodzic\u00f3w SP w Tuchowie<\/a><\/h2><img decoding=\"async\" src=\"https:\/\/sp.tuchow.pl\/wp-content\/uploads\/2019\/11\/Rada-1-150x150.jpg\" \/><div class=\"fb-post\" data-href=\"http:\/\/www.facebook.com\/sptuchow\/photos\/rpp.1791633114439538\/2517508061852036\/?type=3&#038;theater\" data-width=\"552\" style=\"background-color: #fff; display: inline-block;\"><\/div>\n...<a href='https:\/\/sp.tuchow.pl\/index.php\/2019\/11\/19\/pismo-rady-rodzicow-sp-w-tuchowie\/' class='pfpReadMore'>Read More &raquo;<\/a><div class='clear'><\/div><hr><\/div><div class='pfpItem entry-content'><h2 class='entry-title'><a href='https:\/\/sp.tuchow.pl\/index.php\/2019\/11\/14\/xxi-zlot-niepodleglosciowy-lowczowek-2019\/'>XXI Zlot Niepodleg\u0142o\u015bciowy \u201e\u0141owcz\u00f3wek 2019\u201d<\/a><\/h2><p style=\"text-align: justify;\">Mimo deszczu i ch\u0142odu w niedziel\u0119 10 listopada 2019 roku uczniowie Szko\u0142y Podstawowej im. Stanis\u0142awa Staszica w Tuchowie wraz z dyrektorem J\u00f3zefem Wzorkiem, nauczycielami Renat\u0105 G\u0105sior, Bernadet\u0105 Baran oraz Mart\u0105 Mazurkiewicz wzi\u0119li udzia\u0142 w Powiatowych Obchodach \u015awi\u0119ta Niepodleg\u0142o\u015bci w \u0141owcz\u00f3wku.<\/p>\n<p style=\"text-align: justify;\">Tegoroczny XXI Zlot Niepodleg\u0142o\u015bciowy powi\u0105zany by\u0142 ze...<a href='https:\/\/sp.tuchow.pl\/index.php\/2019\/11\/14\/xxi-zlot-niepodleglosciowy-lowczowek-2019\/' class='pfpReadMore'>Read More &raquo;<\/a><div class='clear'><\/div><hr><\/div><div class='pfpItem entry-content'><h2 class='entry-title'><a href='https:\/\/sp.tuchow.pl\/index.php\/2019\/11\/12\/ii-happening-patriotyczny\/'>II Happening patriotyczny<\/a><\/h2><p style=\"text-align: justify;\">8.11.2019 roku uczniowie Szko\u0142y Podstawowej im. Stanis\u0142awa Staszica w Tuchowie po raz drugi uczcili \u015awi\u0119to Niepodleg\u0142o\u015bci wychodz\u0105c do mieszka\u0144c\u00f3w Tuchowa. Przy akompaniamencie pie\u015bni patriotycznych rozdawali\u015bmy przechodniom kokardki z barwami narodowymi, balony dla dzieci, cukierki. Wspaniali gazeciarze z czas\u00f3w powojennych rozdawali specjalnie przygotowane gazety: Wiadomo\u015bci Tuchowskie oraz Gazet\u0119 Niepodleg\u0142o\u015bciow\u0105....<a href='https:\/\/sp.tuchow.pl\/index.php\/2019\/11\/12\/ii-happening-patriotyczny\/' class='pfpReadMore'>Read More &raquo;<\/a><div class='clear'><\/div><hr><\/div><div class='pfpItem entry-content'><h2 class='entry-title'><a href='https:\/\/sp.tuchow.pl\/index.php\/2019\/11\/12\/moniuszko-polskosc-jak-z-nut-4a-i-b-z-wizyta-w-kasnej\/'>Moniuszko. Polsko\u015b\u0107 jak z nut. 4a i b z wizyt\u0105 w K\u0105\u015bnej<\/a><\/h2><p style=\"text-align: justify;\">7 listopada w Sali Koncertowej Centrum Paderewskiego w K\u0105\u015bnej Dolnej ko\u0142o teatralne dzia\u0142aj\u0105ce przy ZSOiZ w Gromniku wystawi\u0142o czterokrotnie sztuk\u0119 pt. \u201eMoniuszko. Polsko\u015b\u0107 jak z nut\u201d dla blisko 1500 widz\u00f3w.<\/p>\n<p style=\"text-align: justify;\">Spektakl przygotowano w ramach festiwalu Viva Polonia! Ku pokrzepieniu serc. Nasi uczniowie mieli przyjemno\u015b\u0107 obejrze\u0107 doskona\u0142e przedstawienie,...<a href='https:\/\/sp.tuchow.pl\/index.php\/2019\/11\/12\/moniuszko-polskosc-jak-z-nut-4a-i-b-z-wizyta-w-kasnej\/' class='pfpReadMore'>Read More &raquo;<\/a><div class='clear'><\/div><hr><\/div><div class='pfpItem entry-content'><h2 class='entry-title'><a href='https:\/\/sp.tuchow.pl\/index.php\/2019\/11\/11\/fotorelacja-z-ii-nocy-w-muzeum\/'>Fotorelacja z II Nocy w Muzeum<\/a><\/h2><div class=\"fb-post\" data-href=\"http:\/\/www.facebook.com\/sptuchow\/photos\/a.2510944632508379\/2510944759175033\/?type=3&#038;theater\" data-width=\"552\" style=\"background-color: #fff; display: inline-block;\"><\/div>\n...<a href='https:\/\/sp.tuchow.pl\/index.php\/2019\/11\/11\/fotorelacja-z-ii-nocy-w-muzeum\/' class='pfpReadMore'>Read More &raquo;<\/a><div class='clear'><\/div><hr><\/div><div class='pfpItem entry-content'><h2 class='entry-title'><a href='https:\/\/sp.tuchow.pl\/index.php\/2019\/11\/08\/rozstrzygniecie-konkursu-sniadaniowka-pelna-zdrowka\/'>Rozstrzygni\u0119cie konkursu \"\u015aniadani\u00f3wka Pe\u0142na Zdr\u00f3wka\".<\/a><\/h2><p>Mi\u0142o nam poinformowa\u0107 o rozstrzygni\u0119ciu konkursu dla klas I-III \u201e\u015aniadani\u00f3wka Pe\u0142na Zdr\u00f3wka\u201d!<\/p>\n<p>W konkursie wzi\u0119\u0142o udzia\u0142 42 uczni\u00f3w, kt\u00f3rzy przygotowali na dzi\u015b smakowite, kolorowe, a przede wszystkim zdrowe przek\u0105ski. Z po\u015br\u00f3d tylu \u015bniadani\u00f3wek jury mia\u0142o nie lada zadanie wybra\u0107 t\u0105 najzdrowsz\u0105. Pani dietetyk&nbsp;<a class=\"profileLink\" href=\"http:\/\/www.facebook.com\/joannasalwa\/?__tn__=K-R&amp;eid=ARCHwJnN2FabXFnh_GxoA52suuKUDit_BY2Py7BxM6dJTv03hXKTjlhgNOrzqamGjJx0weCkfgIb72zF&amp;fref=mentions&amp;__xts__%5B0%5D=68.ARCLAP8u8IfU5veS25u540fZvyTZCmgCgLX6RLH7vo1bBsSnscrlLSTrcvTmyoecx-x7n5FtGDb2X5Eqy_OrR07G3R5Fvjsg4nTJvkgMaRsOAugvwKRQA6d4cfyP5QcUet24D7U9nOCQI5AWYOIWu1eNaIMKaVJtocAhvd1h8-QYY_L1oRArBjWzolk8O7B1YHf9Rzmv41U2AecmIcqK_zHhoImtH0CnJbHkfcmmTR6ENGW-w78hnRUAvCKqjSAnzSupcs7Hj8HTXOpRwqm0tcyqKG4kpNP2abIUTZSxhLzdYd-0c1Oa_mWvTVFIgAjcHZVgN67DnqC4VdoQ5Wvr7Hg4XwXi\" data-hovercard=\"\/ajax\/hovercard\/page.php?id=1731305710228495&amp;extragetparams=%7B%22__tn__%22%3A%22%2CdK-R-R%22%2C%22eid%22%3A%22ARCHwJnN2FabXFnh_GxoA52suuKUDit_BY2Py7BxM6dJTv03hXKTjlhgNOrzqamGjJx0weCkfgIb72zF%22%2C%22fref%22%3A%22mentions%22%7D\" data-hovercard-prefer-more-content-show=\"1\">Joanna Salwa &#8211; praktycznie o...<a href='https:\/\/sp.tuchow.pl\/index.php\/2019\/11\/08\/rozstrzygniecie-konkursu-sniadaniowka-pelna-zdrowka\/' class='pfpReadMore'>Read More &raquo;<\/a><div class='clear'><\/div><hr><\/div><div class='pfpItem entry-content'><h2 class='entry-title'><a href='https:\/\/sp.tuchow.pl\/index.php\/2019\/11\/06\/jestesmy-czytelnikami\/'>\u201eJeste\u015bmy czytelnikami!\u201d<\/a><\/h2><p style=\"text-align: justify;\">Nied\u0142ugo po uroczystym pasowaniu na uczni\u00f3w, &nbsp;dzieci z klasy I a z\u0142o\u017cy\u0142y kolejne \u015blubowanie, do\u0142\u0105czaj\u0105c do grona czytelnik\u00f3w szkolnej biblioteki. Podczas pierwszej wizyty w bibliotece wzi\u0119li udzia\u0142 w przygotowanej dla nich lekcji, zapoznali si\u0119 z regulaminem i prac\u0105 biblioteki oraz wypo\u017cyczyli swoje pierwsze lektury. Na pami\u0105tk\u0119 tego wydarzenia,...<a href='https:\/\/sp.tuchow.pl\/index.php\/2019\/11\/06\/jestesmy-czytelnikami\/' class='pfpReadMore'>Read More &raquo;<\/a><div class='clear'><\/div><hr><\/div><div class='pfpItem entry-content'><h2 class='entry-title'><a href='https:\/\/sp.tuchow.pl\/index.php\/2019\/11\/05\/ii-niepodleglosciowa-noc-w-muzeum\/'>II Niepodleg\u0142o\u015bciowa Noc w Muzeum.<\/a><\/h2><p><strong>Organizatorzy zapraszaj\u0105 w pi\u0105tek 08.11.19 r. od g.18-21. Muzeum Miejskie w Tuchowie &#8211; piwnice Soko\u0142a i piwnice Domu Kultury.<\/strong><\/p>\n<p>&nbsp;<\/p>\n<div class=\"fb-post\" data-href=\"http:\/\/www.facebook.com\/sptuchow\/photos\/a.1798034137132769\/2505318323071010\/?type=3&#038;av=1791633114439538&#038;eav=Afa3UUcpJPK3CTYI2BvSfkcYXH6DGuyxYn-kNCTWRB8B-7OAsw2ItNa74fb-V9E1Y4cThsBUL9KBVcj28p0x-aiM&#038;theater\" data-width=\"552\" style=\"background-color: #fff; display: inline-block;\"><\/div>\n...<a href='https:\/\/sp.tuchow.pl\/index.php\/2019\/11\/05\/ii-niepodleglosciowa-noc-w-muzeum\/' class='pfpReadMore'>Read More &raquo;<\/a><div class='clear'><\/div><hr><\/div><div class='pfpItem entry-content'><h2 class='entry-title'><a href='https:\/\/sp.tuchow.pl\/index.php\/2019\/11\/05\/mowcie-komu-czego-braknie-czyli-mickiewiczowskie-dziady-w-rytmie-rapu\/'>\u201eM\u00f3wcie, komu czego braknie\u2026\u201d, czyli Mickiewiczowskie \u201eDziady\u201d w rytmie rapu.<\/a><\/h2><p style=\"text-align: justify;\">29 pa\u017adziernika 2019 r. uczniowie klas VII obejrzeli inscenizacj\u0119 \u201eDziad\u00f3w cz. II\u201d w wykonaniu Teatru Wsp\u00f3\u0142czesnego w Krakowie. Dramat ten, odwo\u0142uj\u0105c si\u0119 do konwencji horroru przekazuje g\u0142\u0119boko humanistyczne tre\u015bci \u2013 daje odpowied\u017a na pytania: Jak \u017cy\u0107? Co znaczy by\u0107 cz\u0142owiekiem? Los duch\u00f3w, pokutuj\u0105cych za grzechy, u\u015bwiadamia, \u017ce pe\u0142ne...<a href='https:\/\/sp.tuchow.pl\/index.php\/2019\/11\/05\/mowcie-komu-czego-braknie-czyli-mickiewiczowskie-dziady-w-rytmie-rapu\/' class='pfpReadMore'>Read More &raquo;<\/a><div class='clear'><\/div><hr><\/div><div class='pfpItem entry-content'><h2 class='entry-title'><a href='https:\/\/sp.tuchow.pl\/index.php\/2019\/11\/05\/eko-akcja-nasz-pierwszy-eko-biznes-butelki-zbieramy-i-zarabiamy\/'>EKO AKCJA! NASZ PIERWSZY EKO BIZNES! BUTELKI ZBIERAMY i ZARABIAMY!<\/a><\/h2><p>Drodzy Rodzice!<br \/>\nSerdecznie zapraszamy do w\u0142\u0105czenia si\u0119 we wsp\u00f3ln\u0105 akcj\u0119 dzieci i samorz\u0105du<\/p>\n<p><strong>NASZ PIERWSZY EKO BIZNES! BUTELKI ZBIERAMY i ZARABIAMY!<\/strong><\/p>\n<p style=\"text-align: justify;\">Akcja ma na celu zbi\u00f3rk\u0119 butelek plastikowych<strong> typu PET<\/strong>. Butelki te zostan\u0105 wywiezione przez gmin\u0119 do firmy recyklingowej, a otrzymane \u015brodki finansowe zostan\u0105 przeznaczone na zakup sprz\u0119tu sportowego i<br...<a href='https:\/\/sp.tuchow.pl\/index.php\/2019\/11\/05\/eko-akcja-nasz-pierwszy-eko-biznes-butelki-zbieramy-i-zarabiamy\/' class='pfpReadMore'>Read More &raquo;<\/a><div class='clear'><\/div><hr><\/div><div class='pfpItem entry-content'><h2 class='entry-title'><a href='https:\/\/sp.tuchow.pl\/index.php\/2019\/11\/04\/zostan-aniolem-dla-dziecka-z-oddzialu-onkologicznego\/'>\u201eZosta\u0144 anio\u0142em dla dziecka z oddzia\u0142u onkologicznego\u201d<\/a><\/h2><p><strong>Drodzy Rodzice dzieci z klas 1 \u2013 3.<\/strong><\/p>\n<p style=\"text-align: justify;\">Zwracamy si\u0119 do pa\u0144stwa z wielk\u0105 pro\u015bb\u0105 o w\u0142\u0105czenie si\u0119 w miar\u0119 mo\u017cliwo\u015bci w akcj\u0119 charytatywn\u0105 \u201eZosta\u0144 anio\u0142em dla dziecka z oddzia\u0142u onkologicznego\u201d og\u0142oszon\u0105 przez fundacj\u0119 \u201eGdy liczy si\u0119 czas\u201d z Dzieci\u0119cego Szpitala Onkologicznego w Lublinie. Akcja zdoby\u0142a uznanie i poparcie...<a href='https:\/\/sp.tuchow.pl\/index.php\/2019\/11\/04\/zostan-aniolem-dla-dziecka-z-oddzialu-onkologicznego\/' class='pfpReadMore'>Read More &raquo;<\/a><div class='clear'><\/div><hr><\/div><div class='pfpItem entry-content'><h2 class='entry-title'><a href='https:\/\/sp.tuchow.pl\/index.php\/2019\/11\/04\/zapraszamy-do-udzialu-w-akcji-charytatywnej\/'>ZAPRASZAMY DO UDZIA\u0141U W AKCJI CHARYTATYWNEJ<\/a><\/h2><p style=\"text-align: justify;\">05. 11. 2019 r. w naszej szkole rusza akcja charytatywna &#8222;<strong>I Ty mo\u017cesz zosta\u0107 \u015awi\u0119tym Miko\u0142ajem&#8221;<\/strong>. Akcja ma na celu zebranie s\u0142odyczy: lizak\u00f3w, ciastek, cukierk\u00f3w itp. i przekazanie ich stowarzyszeniu Wszystkie dzieci nasze s\u0105 z Olszyn dzia\u0142aj\u0105cego na rzecz dzieci i os\u00f3b niepe\u0142nosprawnych mieszkaj\u0105cych na terenie gminy Rzepiennik...<a href='https:\/\/sp.tuchow.pl\/index.php\/2019\/11\/04\/zapraszamy-do-udzialu-w-akcji-charytatywnej\/' class='pfpReadMore'>Read More &raquo;<\/a><div class='clear'><\/div><hr><\/div><div class='pfpItem entry-content'><h2 class='entry-title'><a href='https:\/\/sp.tuchow.pl\/index.php\/2019\/10\/30\/konkurs-w-ramach-projektu-trzymaj-forme\/'>KONKURS w ramach projektu \u201eTrzymaj form\u0119!\u201d<\/a><\/h2><img decoding=\"async\" src=\"https:\/\/sp.tuchow.pl\/wp-content\/uploads\/2019\/10\/\u015aNIADANI\u00d3WKA-12mini-150x150.jpg\" \/><div class=\"fb-post\" data-href=\"http:\/\/www.facebook.com\/sptuchow\/photos\/a.1798034137132769\/2499363346999841\/?type=3&#038;av=1791633114439538&#038;eav=AfZ18zPjCpcHb4OG7zLASxTyTJHNLKRza3o5xBsOYk7tCqv25Hmk9e3bOZi7y9eLBeR-pspz7ygKJuxDAc4zY689&#038;theater\" data-width=\"552\" style=\"background-color: #fff; display: inline-block;\"><\/div>\n<p>&nbsp;<\/p>\n<p>&nbsp;<\/p>\n...<a href='https:\/\/sp.tuchow.pl\/index.php\/2019\/10\/30\/konkurs-w-ramach-projektu-trzymaj-forme\/' class='pfpReadMore'>Read More &raquo;<\/a><div class='clear'><\/div><hr><\/div><div class='pfpItem entry-content'><h2 class='entry-title'><a href='https:\/\/sp.tuchow.pl\/index.php\/2019\/10\/29\/nasza-swietlica-szkolna-bierze-udzial-w-rywalizacji-o-bezpieczna-sale-gier\/'>Nasza \u015bwietlica szkolna bierze udzia\u0142 w rywalizacji o bezpieczn\u0105 sal\u0119 gier!<\/a><\/h2><p>Szanowni Pa\u0144stwo!<\/p>\n<p>Nasza \u015bwietlica szkolna bierze udzia\u0142 w rywalizacji o bezpieczn\u0105 sal\u0119 gier! Mamy nadziej\u0119, \u017ce uczestnictwo w Konkursie Si\u0119 gra si\u0119 ma\u2026 Bezpieczny Playroom! b\u0119dzie po\u017cyteczn\u0105 edukacj\u0105 i fantastyczn\u0105 zabaw\u0105!<\/p>\n<p>Naszym zadaniem jest zach\u0119ci\u0107 wszystkich rodzic\u00f3w, znajomych i przyjaci\u00f3\u0142 do g\u0142osowania na Nasz\u0105 \u015bwietlic\u0119, a ka\u017cdy g\u0142os z paragonem za zakup...<a href='https:\/\/sp.tuchow.pl\/index.php\/2019\/10\/29\/nasza-swietlica-szkolna-bierze-udzial-w-rywalizacji-o-bezpieczna-sale-gier\/' class='pfpReadMore'>Read More &raquo;<\/a><div class='clear'><\/div><hr><\/div><div class='pfpItem entry-content'><h2 class='entry-title'><a href='https:\/\/sp.tuchow.pl\/index.php\/2019\/10\/29\/uczniowie-naszej-szkoly-na-targach-ksiazki-w-krakowie\/'>Uczniowie naszej szko\u0142y na Targach Ksi\u0105\u017cki w Krakowie.<\/a><\/h2><p>25 pa\u017adziernika uczniowie naszej szko\u0142y pojechali na Targi Ksi\u0105\u017cki do Krakowa.<\/p>\n<div class=\"fb-post\" data-href=\"http:\/\/www.facebook.com\/sptuchow\/photos\/a.2498633817072794\/2498634170406092\/?type=3&#038;theater\" data-width=\"552\" style=\"background-color: #fff; display: inline-block;\"><\/div>\n...<a href='https:\/\/sp.tuchow.pl\/index.php\/2019\/10\/29\/uczniowie-naszej-szkoly-na-targach-ksiazki-w-krakowie\/' class='pfpReadMore'>Read More &raquo;<\/a><div class='clear'><\/div><hr><\/div><div class='pfpItem entry-content'><h2 class='entry-title'><a href='https:\/\/sp.tuchow.pl\/index.php\/2019\/10\/29\/program-centrum-edukacji-obywatelskiej-historionauci-realizowany-w-naszej-szkole\/'>Program Centrum Edukacji Obywatelskiej Historionauci realizowany w naszej szkole.<\/a><\/h2><p style=\"text-align: justify;\">Od wrze\u015bnia w naszej szkole realizowany by\u0142 program Centrum Edukacji Obywatelskiej Historionauci. Sze\u015bciu uczni\u00f3w klas pi\u0105tych mia\u0142o za zadanie poszuka\u0107 \u015blad\u00f3w przesz\u0142o\u015bci w wybranym muzeum regionalnym. W ramach naszych dzia\u0142a\u0144, podczas wizyty w Muzeum Miejskim w Tuchowie poznawali\u015bmy histori\u0119 lokaln\u0105 za pomoc\u0105 wybranego eksponatu muzealnego.Zadaniem m\u0142odzie\u017cy by\u0142o opowiedzenie,...<a href='https:\/\/sp.tuchow.pl\/index.php\/2019\/10\/29\/program-centrum-edukacji-obywatelskiej-historionauci-realizowany-w-naszej-szkole\/' class='pfpReadMore'>Read More &raquo;<\/a><div class='clear'><\/div><hr><\/div><div class='pfpItem entry-content'><h2 class='entry-title'><a href='https:\/\/sp.tuchow.pl\/index.php\/2019\/10\/29\/szkola-pamieta-2\/'>Szko\u0142a pami\u0119ta<\/a><\/h2><p>Wizyta uczni\u00f3w naszej szko\u0142y na cmentarzach wojennych. Akcja Szko\u0142a pami\u0119ta.<\/p>\n<div class=\"fb-post\" data-href=\"http:\/\/www.facebook.com\/sptuchow\/photos\/a.2498623583740484\/2498624413740401\/?type=3&#038;theater\" data-width=\"552\" style=\"background-color: #fff; display: inline-block;\"><\/div>\n...<a href='https:\/\/sp.tuchow.pl\/index.php\/2019\/10\/29\/szkola-pamieta-2\/' class='pfpReadMore'>Read More &raquo;<\/a><div class='clear'><\/div><hr><\/div><div class='pfpItem entry-content'><h2 class='entry-title'><a href='https:\/\/sp.tuchow.pl\/index.php\/2019\/10\/28\/pomagamy-bezdomnym-zwierzetom-przetrwac-zime\/'>Pomagamy bezdomnym zwierz\u0119tom przetrwa\u0107 zim\u0119<\/a><\/h2><p style=\"text-align: justify;\">Zapraszamy do wzi\u0119cia udzia\u0142u w akcji &#8222;Pomagamy bezdomnym zwierz\u0119tom przetrwa\u0107 zim\u0119&#8221; organizowanej przez Towarzystwo Opieki nad Zwierz\u0119tami. Do 21 listopada mo\u017cna przynosi\u0107 koce, ko\u0142dry, r\u0119czniki czy karm\u0119. Rzeczy te zbierane s\u0105 w sali nr 6 od poniedzia\u0142ku do czwartku.<\/p>\n...<a href='https:\/\/sp.tuchow.pl\/index.php\/2019\/10\/28\/pomagamy-bezdomnym-zwierzetom-przetrwac-zime\/' class='pfpReadMore'>Read More &raquo;<\/a><div class='clear'><\/div><hr><\/div><div class='pfpItem entry-content'><h2 class='entry-title'><a href='https:\/\/sp.tuchow.pl\/index.php\/2019\/10\/28\/slubowanie-klas-pierwszych\/'>\u201e\u015alubowanie klas pierwszych\u201d<\/a><\/h2><p style=\"text-align: justify;\"><strong>24 pa\u017adziernika &nbsp;odby\u0142o si\u0119 \u015blubowanie klas pierwszych Szko\u0142y Podstawowej im. Stanis\u0142awa Staszica w Tuchowie. &nbsp;&nbsp;&nbsp;&nbsp;&nbsp;&nbsp;&nbsp;&nbsp;&nbsp;&nbsp;&nbsp;&nbsp;&nbsp;&nbsp;&nbsp;&nbsp;&nbsp;&nbsp;&nbsp;&nbsp;&nbsp;&nbsp;&nbsp;&nbsp;&nbsp;&nbsp;&nbsp;&nbsp;&nbsp;&nbsp;&nbsp;&nbsp;&nbsp;&nbsp;&nbsp;&nbsp;&nbsp;&nbsp;&nbsp;&nbsp;&nbsp;&nbsp;&nbsp;&nbsp;&nbsp;&nbsp;&nbsp;&nbsp;&nbsp;&nbsp;&nbsp;&nbsp;&nbsp;&nbsp;&nbsp;&nbsp;&nbsp;&nbsp;&nbsp;&nbsp;&nbsp;&nbsp;&nbsp;&nbsp;&nbsp;&nbsp;&nbsp;&nbsp;&nbsp;&nbsp;&nbsp;&nbsp;&nbsp;&nbsp;&nbsp;&nbsp;&nbsp;&nbsp;&nbsp;&nbsp;&nbsp;&nbsp;&nbsp;&nbsp;&nbsp;&nbsp;&nbsp;&nbsp;&nbsp;&nbsp;&nbsp;&nbsp;&nbsp;&nbsp;&nbsp;&nbsp;&nbsp;&nbsp;&nbsp;&nbsp;&nbsp;&nbsp;&nbsp;&nbsp;&nbsp;&nbsp;&nbsp;&nbsp;&nbsp;&nbsp;&nbsp;&nbsp;&nbsp;&nbsp;&nbsp;&nbsp;&nbsp;&nbsp;&nbsp;&nbsp;&nbsp;&nbsp;&nbsp;&nbsp;&nbsp;&nbsp;&nbsp;&nbsp;&nbsp;&nbsp;&nbsp;&nbsp;&nbsp;&nbsp;&nbsp;&nbsp;&nbsp;<\/strong><\/p>\n<p style=\"text-align: justify;\">W uroczysto\u015bci tej wzi\u0119\u0142o udzia\u0142 cztery klasy pierwsze wraz z wychowawczyniami, dyrekcja szko\u0142y oraz licznie zgromadzeni rodzice i go\u015bcie.<\/p>\n<p style=\"text-align: justify;\">Przygotowania do uroczysto\u015bci trwa\u0142y od pocz\u0105tku roku szkolnego. Wychowawczynie klas pierwszych zapoznawa\u0142y...<a href='https:\/\/sp.tuchow.pl\/index.php\/2019\/10\/28\/slubowanie-klas-pierwszych\/' class='pfpReadMore'>Read More &raquo;<\/a><div class='clear'><\/div><hr><\/div><div class='pfpItem entry-content'><h2 class='entry-title'><a href='https:\/\/sp.tuchow.pl\/index.php\/2019\/10\/28\/zachecamy-do-udzialu-w-konkursie\/'>Zach\u0119camy do udzia\u0142u w konkursie!!<\/a><\/h2><div class=\"fb-post\" data-href=\"http:\/\/www.facebook.com\/sptuchow\/photos\/pcb.2497767833826059\/2497767720492737\/?type=3&#038;av=1791633114439538&#038;eav=AfZzfpE6RejneXOI0jv7RfAWD20TrRfVjdytgMVVTH-sT3b4RQ1SKhH3NqbYZrSW5T758FVRxJjWjO44Zb9Vy-EA&#038;theater\" data-width=\"552\" style=\"background-color: #fff; display: inline-block;\"><\/div>\n...<a href='https:\/\/sp.tuchow.pl\/index.php\/2019\/10\/28\/zachecamy-do-udzialu-w-konkursie\/' class='pfpReadMore'>Read More &raquo;<\/a><div class='clear'><\/div><hr><\/div><div class='pfpItem entry-content'><h2 class='entry-title'><a href='https:\/\/sp.tuchow.pl\/index.php\/2019\/10\/28\/kamienie-na-szaniec-czyli-o-braterstwie-i-sluzbie-rudego-alka-i-zoski\/'>,,Kamienie na szaniec\u2019\u2019, czyli o braterstwie\u00a0i s\u0142u\u017cbie Rudego, Alka i Zo\u015bki<\/a><\/h2><p style=\"text-align: justify;\"><strong>23 pa\u017adziernika 2019 roku uczniowie klas si\u00f3dmych obejrzeli przedstawienie ,,Kamienie na szaniec\u2019\u2019 w wykonaniu Kieleckiego Teatru Lektur.<\/strong><\/p>\n<p style=\"text-align: justify;\">Przyznam, \u017ce przed wyjazdem do Tarnowa mia\u0142am du\u017ce obawy co do adaptacji na scenie powie\u015bci Aleksandra Kami\u0144skiego. Moje w\u0105tpliwo\u015bci zosta\u0142y rozwiane po obejrzeniu przejmuj\u0105cego spektaklu.<\/p>\n<p style=\"text-align: justify;\">Oparta na faktach opowie\u015b\u0107...<a href='https:\/\/sp.tuchow.pl\/index.php\/2019\/10\/28\/kamienie-na-szaniec-czyli-o-braterstwie-i-sluzbie-rudego-alka-i-zoski\/' class='pfpReadMore'>Read More &raquo;<\/a><div class='clear'><\/div><hr><\/div><div class='pfpItem entry-content'><h2 class='entry-title'><a href='https:\/\/sp.tuchow.pl\/index.php\/2019\/10\/26\/wez-nie-pytaj-wez-sie-przytul-wez-tu-ze-mna-wez-tu-badz\/'>\u201eWe\u017a nie pytaj. We\u017a si\u0119 przytul. We\u017a tu ze mn\u0105. We\u017a tu b\u0105d\u017a\u2026\u201d<\/a><\/h2><p style=\"text-align: justify;\">Uczniowie klasy 2b i 2c wybrali si\u0119 na jesienny spacer. Tras\u0119 wytyczy\u0142y pobliskie drzewa.<\/p>\n<p style=\"text-align: justify;\">Drzewa: wysokie, niskie, grube, cienkie, li\u015bciaste, iglaste, bohaterowie tego dnia. Dlaczego drzewa? Bo w pa\u017adzierniku by\u0142o \u015awi\u0119to Drzewa, bo temat realizowany na lekcjach, bo \u0142agodz\u0105 efekt cieplarniany, bo podczas proces\u00f3w \u017cyciowych poch\u0142aniaj\u0105 z...<a href='https:\/\/sp.tuchow.pl\/index.php\/2019\/10\/26\/wez-nie-pytaj-wez-sie-przytul-wez-tu-ze-mna-wez-tu-badz\/' class='pfpReadMore'>Read More &raquo;<\/a><div class='clear'><\/div><hr><\/div><div class='pfpItem entry-content'><h2 class='entry-title'><a href='https:\/\/sp.tuchow.pl\/index.php\/2019\/10\/24\/szkola-pamieta\/'>Szko\u0142a pami\u0119ta.<\/a><\/h2><img decoding=\"async\" src=\"https:\/\/sp.tuchow.pl\/wp-content\/uploads\/2019\/10\/szko\u0142a-pami\u0119ta-logo-150x134.jpg\" \/><p style=\"text-align: justify;\">Szko\u0142a Podstawowa w Tuchowie bierze udzia\u0142 w akcji Ministerstwa Edukacji Narodowej pt. \u201eSzko\u0142a pami\u0119ta\u201d. W ramach akcji uczniowie i nauczyciele podejmuj\u0105 szereg inicjatyw zwi\u0105zanych z upami\u0119tnieniem bohater\u00f3w, miejsc i wydarze\u0144 zwi\u0105zanych z nasz\u0105 lokaln\u0105 i og\u00f3lnonarodow\u0105 histori\u0105.&nbsp; M\u0142odzie\u017c&nbsp; na lekcjach wykonuje pi\u0119kne lampiony, kt\u00f3re ju\u017c wkr\u00f3tce zap\u0142on\u0105 na...<a href='https:\/\/sp.tuchow.pl\/index.php\/2019\/10\/24\/szkola-pamieta\/' class='pfpReadMore'>Read More &raquo;<\/a><div class='clear'><\/div><hr><\/div><div class='pfpItem entry-content'><h2 class='entry-title'><a href='https:\/\/sp.tuchow.pl\/index.php\/2019\/10\/20\/sprzatanie-cmentarzy\/'>Sprz\u0105tanie cmentarzy.<\/a><\/h2><p style=\"text-align: justify;\">W pi\u0105tek 18 pa\u017adziernika odby\u0142o si\u0119 tradycyjne sprz\u0105tanie cmentarzy wojennych oraz starego cmentarza. W akcji wzi\u0119\u0142a udzia\u0142 m\u0142odzie\u017c ze Szko\u0142y Podstawowej im. St. Staszica w Tuchowie oraz cz\u0142onkowie Towarzystwa Mi\u0142o\u015bnik\u00f3w Tuchowa.<\/p>\n<p style=\"text-align: justify;\">Akcja sprz\u0105tania cmentarzy jest prowadzona od kilku lat. M\u0142odzie\u017c ch\u0119tnie uczestniczy w tym wydarzeniu, piel\u0119gnuj\u0105c pami\u0119\u0107...<a href='https:\/\/sp.tuchow.pl\/index.php\/2019\/10\/20\/sprzatanie-cmentarzy\/' class='pfpReadMore'>Read More &raquo;<\/a><div class='clear'><\/div><hr><\/div><div class='pfpItem entry-content'><h2 class='entry-title'><a href='https:\/\/sp.tuchow.pl\/index.php\/2019\/10\/18\/informacja-2\/'>Informacja<\/a><\/h2><div id=\"txtFiledTrescWiadomosci-innerCt\" class=\"\" style=\"text-align: justify;\" role=\"presentation\">Informujemy, \u017ce w dniu 18 pa\u017adziernika 2019 r. w naszej szkole odby\u0142a si\u0119 ewakuacja z powodu rozpylenia gazu w toalecie. Na miejscu by\u0142a stra\u017c po\u017carna, pogotowie i policja. Po przeprowadzeniu stosownych bada\u0144, o godz. 9:50 obiekt obj\u0119ty dzia\u0142aniem ratowniczym zosta\u0142 przekazany do u\u017cytku i uczniowie...<a href='https:\/\/sp.tuchow.pl\/index.php\/2019\/10\/18\/informacja-2\/' class='pfpReadMore'>Read More &raquo;<\/a><div class='clear'><\/div><hr><\/div><div class='pfpItem entry-content'><h2 class='entry-title'><a href='https:\/\/sp.tuchow.pl\/index.php\/2019\/10\/15\/wielki-sukces-janka-szarego-z-6b\/'>Wielki sukces Janka Szarego z 6B<\/a><\/h2><p style=\"text-align: justify;\"><strong>XII Turniej Sztuki Recytatorskiej- eliminacje powiatowe dla powiatu tarnowskiego<\/strong><\/p>\n<p style=\"text-align: justify;\">Konkurs, kt\u00f3rego organizatorami s\u0105: Miejsko-Gminna Biblioteka Publiczna w \u017babnie, Miejski O\u015brodek Kultury w Brzesku, D\u0105browski Dom Kultury oraz Ma\u0142opolskie Centrum Kultury \u201eSok\u00f3\u0142\u201d w Nowym S\u0105czu, ma na celu wy\u0142onienie najlepszych recytator\u00f3w oraz wykonawc\u00f3w poezji \u015bpiewanej z tych powiat\u00f3w....<a href='https:\/\/sp.tuchow.pl\/index.php\/2019\/10\/15\/wielki-sukces-janka-szarego-z-6b\/' class='pfpReadMore'>Read More &raquo;<\/a><div class='clear'><\/div><hr><\/div><div class='pfpItem entry-content'><h2 class='entry-title'><a href='https:\/\/sp.tuchow.pl\/index.php\/2019\/10\/15\/dzien-aptekarza-w-klasie-2b\/'>DZIE\u0143 APTEKARZA W KLASIE 2B<\/a><\/h2><p style=\"text-align: justify;\">We wrze\u015bniu uczniowie klasy 2b rozpocz\u0119li realizacj\u0119 tematyki zwi\u0105zanej z doradztwem zawodowym.<\/p>\n<p style=\"text-align: justify;\">Celem orientacji zawodowej w klasach 1-3 szko\u0142y podstawowej jest wst\u0119pne zapoznanie uczni\u00f3w z r\u00f3\u017cnorodno\u015bci\u0105 zawod\u00f3w na rynku pracy, rozwijanie pozytywnej i proaktywnej postawy wobec pracy i edukacji sprzyjaj\u0105cych poznawaniu i rozwijaniu zainteresowa\u0144 oraz pasji.<\/p>\n<p style=\"text-align:...<a href='https:\/\/sp.tuchow.pl\/index.php\/2019\/10\/15\/dzien-aptekarza-w-klasie-2b\/' class='pfpReadMore'>Read More &raquo;<\/a><div class='clear'><\/div><hr><\/div><div class='pfpItem entry-content'><h2 class='entry-title'><a href='https:\/\/sp.tuchow.pl\/index.php\/2019\/10\/15\/szkolny-konkurs-historyczny-piastowie-bez-tajemnic\/'>Szkolny konkurs historyczny \"Piastowie bez tajemnic\"<\/a><\/h2><div class=\"fb-post\" data-href=\"http:\/\/www.facebook.com\/sptuchow\/photos\/a.1798034137132769\/2484715381797971\/?type=3&#038;av=1791633114439538&#038;eav=AfYfxLABzBM6MVa4OuRbCpd6V2b_fS6EGqN7qMDxB9Jh-uCtQYFMoBhn-tvN3jhxw-EG5HeQsu-CYiscixmSME0P&#038;theater\" data-width=\"552\" style=\"background-color: #fff; display: inline-block;\"><\/div>\n...<a href='https:\/\/sp.tuchow.pl\/index.php\/2019\/10\/15\/szkolny-konkurs-historyczny-piastowie-bez-tajemnic\/' class='pfpReadMore'>Read More &raquo;<\/a><div class='clear'><\/div><hr><\/div><div class='pfpItem entry-content'><h2 class='entry-title'><a href='https:\/\/sp.tuchow.pl\/index.php\/2019\/10\/14\/kurs-pierwszej-pomocy-dla-uczniow-klas-i-iii\/'>KURS PIERWSZEJ POMOCY DLA UCZNI\u00d3W KLAS I-III<\/a><\/h2><div class=\"fb-post\" data-href=\"http:\/\/www.facebook.com\/sptuchow\/photos\/a.1798034137132769\/2483632278572948\/?type=3&#038;av=1791633114439538&#038;eav=Afa-rhkW_NMWFkOpXGQAtlzIvR2mn8DG7w29YdhXR8sD428LdOs8VS4mzk9F2rovfLXyl1Rzt-CXnIuqWAIIzgh4&#038;theater\" data-width=\"552\" style=\"background-color: #fff; display: inline-block;\"><\/div>\n...<a href='https:\/\/sp.tuchow.pl\/index.php\/2019\/10\/14\/kurs-pierwszej-pomocy-dla-uczniow-klas-i-iii\/' class='pfpReadMore'>Read More &raquo;<\/a><div class='clear'><\/div><hr><\/div><div class='pfpItem entry-content'><h2 class='entry-title'><a href='https:\/\/sp.tuchow.pl\/index.php\/2019\/10\/09\/harmonogram-pracy-w-dniu-14-pazdziernika-dzien-edukacji-narodowej\/'>Harmonogram pracy w dniu 14 pa\u017adziernika (Dzie\u0144 Edukacji Narodowej).<\/a><\/h2><p style=\"font-weight: 400; text-align: justify;\"><strong>14 pa\u017adziernika<\/strong>&nbsp;<strong>2019 r<\/strong>. (poniedzia\u0142ek) w naszej szkole b\u0119dziemy \u015bwi\u0119towa\u0107 Dzie\u0144 KEN. W tym dniu nie ma zaj\u0119\u0107 dydaktycznych.<\/p>\n<p style=\"font-weight: 400; text-align: justify;\">Uczniowie naszej szko\u0142y pod opiek\u0105 wychowawc\u00f3w i nauczycieli bior\u0105 udzia\u0142 w uroczystej akademii w Hali MOSiR&nbsp;&nbsp;wg harmonogramu:<\/p>\n<ul>\n<li style=\"font-weight: 400;\">Klasy&nbsp;<strong>I &#8211; V&nbsp;<\/strong>o godz.&nbsp;<strong>10<sup>00<\/sup><\/strong>;<\/li>\n<li style=\"font-weight: 400;\">Klasy&nbsp;<strong>VI \u2013...<a href='https:\/\/sp.tuchow.pl\/index.php\/2019\/10\/09\/harmonogram-pracy-w-dniu-14-pazdziernika-dzien-edukacji-narodowej\/' class='pfpReadMore'>Read More &raquo;<\/a><div class='clear'><\/div><hr><\/div><div class='pfpItem entry-content'><h2 class='entry-title'><a href='https:\/\/sp.tuchow.pl\/index.php\/2019\/10\/08\/%f0%9f%8d%81wyniki-rodzinnego-konkursu-najciekawsza-dynia%f0%9f%8d%81\/'>?WYNIKI RODZINNEGO KONKURSU \u201eNAJCIEKAWSZA DYNIA\u201d?<\/a><\/h2><p style=\"text-align: justify;\">Przez ca\u0142y tydzie\u0144 trzecie pi\u0119tro Szko\u0142y Podstawowej zape\u0142nia\u0142o si\u0119 coraz to pi\u0119kniejszymi pracami.<br \/>\nUczniowie klas 1-3 wraz z rodzicami wykazali si\u0119 bogat\u0105 wyobra\u017ani\u0105 i niezwyk\u0142ym rozmachem. W wykonanie dy\u0144 zaanga\u017cowanych by\u0142o nieraz kilka pokole\u0144 pomocnik\u00f3w!<br \/>\nPonad 70 cudownych prac konkursowych stanowi\u0142o nie lada wyzwanie dla oceniaj\u0105cych. Jury w...<a href='https:\/\/sp.tuchow.pl\/index.php\/2019\/10\/08\/%f0%9f%8d%81wyniki-rodzinnego-konkursu-najciekawsza-dynia%f0%9f%8d%81\/' class='pfpReadMore'>Read More &raquo;<\/a><div class='clear'><\/div><hr><\/div><div class='pfpItem entry-content'><h2 class='entry-title'><a href='https:\/\/sp.tuchow.pl\/index.php\/2019\/10\/08\/plastyczna-lekcja-patriotyzmu\/'>Plastyczna lekcja patriotyzmu<\/a><\/h2><p style=\"text-align: justify;\">Uczniowie klas VII podczas \u201eplastycznej lekcji patriotyzmu\u201d wykonywali pi\u0119kne kartki dla bohater\u00f3w Powstania Warszawskiego. Opr\u00f3cz pozdrowie\u0144, m\u0142odzie\u017c podzi\u0119kowa\u0142a bohaterom za po\u015bwiecenie, trud i odwag\u0119 w walce o Ojczyzn\u0119.<\/p>\n<p style=\"text-align: justify;\">Warto pami\u0119ta\u0107 o tych, kt\u00f3rzy po\u015bwi\u0119cili m\u0142odo\u015b\u0107, by walczy\u0107 o woln\u0105 Polsk\u0119. Ci ludzie wci\u0105\u017c s\u0105 w\u015br\u00f3d nas\u2026\u2026<\/p>\n<p style=\"text-align:...<a href='https:\/\/sp.tuchow.pl\/index.php\/2019\/10\/08\/plastyczna-lekcja-patriotyzmu\/' class='pfpReadMore'>Read More &raquo;<\/a><div class='clear'><\/div><hr><\/div><div class='pfpItem entry-content'><h2 class='entry-title'><a href='https:\/\/sp.tuchow.pl\/index.php\/2019\/10\/04\/aktualizacja-planu-zajec-3\/'>AKTUALIZACJA planu zaj\u0119\u0107<\/a><\/h2><p><strong>W dziale Plan lekcji zosta\u0142 zamieszczony zaktualizowany plan zaj\u0119\u0107, kt\u00f3ry b\u0119dzie obowi\u0105zywa\u0142 od 07 pa\u017adziernika 2019 r.&nbsp;<\/strong><\/p>\n...<a href='https:\/\/sp.tuchow.pl\/index.php\/2019\/10\/04\/aktualizacja-planu-zajec-3\/' class='pfpReadMore'>Read More &raquo;<\/a><div class='clear'><\/div><hr><\/div><div class='pfpItem entry-content'><h2 class='entry-title'><a href='https:\/\/sp.tuchow.pl\/index.php\/2019\/10\/04\/klasa-7b-w-zamku-w-wisniczu\/'>Klasa 7b w Zamku w Wi\u015bniczu<\/a><\/h2><p style=\"text-align: justify;\">W \u015brod\u0119 25.09.2019r uczniowie klasy 7b pojechali do zamku w Wi\u015bniczu i parku trampolin w Tarnowie. Na pocz\u0105tku wycieczki poznali histori\u0119 kr\u00f3l\u00f3w Polski, po czym ch\u0142opcy nauczyli si\u0119 w\u0142ada\u0107 szabl\u0105, a dziewcz\u0119ta mog\u0142y si\u0119 przebra\u0107 w starodawne stroje. Nast\u0119pnie uczniowie poszli zwiedzi\u0107 sal\u0119 tortur. Dzieci zobaczy\u0142y tak\u017ce wystrza\u0142...<a href='https:\/\/sp.tuchow.pl\/index.php\/2019\/10\/04\/klasa-7b-w-zamku-w-wisniczu\/' class='pfpReadMore'>Read More &raquo;<\/a><div class='clear'><\/div><hr><\/div><div class='pfpItem entry-content'><h2 class='entry-title'><a href='https:\/\/sp.tuchow.pl\/index.php\/2019\/10\/04\/klasa-7b-w-muzeum-tuchowskim\/'>Klasa 7b w Muzeum Tuchowskim<\/a><\/h2><p style=\"text-align: justify;\">27 wrze\u015bnia na lekcji wychowawczej pani Bernadeta Baran zabra\u0142a nasz\u0105 klas\u0119 do Tuchowskiego muzeum znajduj\u0105cego si\u0119 w wyremontowanym budynku Soko\u0142a. Na miejscu czeka\u0142 na nas pan Ryszard Wrona, kt\u00f3ry mia\u0142 nas<br \/>\noprowadzi\u0107 i opowiedzie\u0107 o eksponatach, kt\u00f3re si\u0119 tam znajduj\u0105. Wielkie zaciekawienie wzbudzi\u0142a ko\u015b\u0107 mamuta wydobyta z rzeki...<a href='https:\/\/sp.tuchow.pl\/index.php\/2019\/10\/04\/klasa-7b-w-muzeum-tuchowskim\/' class='pfpReadMore'>Read More &raquo;<\/a><div class='clear'><\/div><hr><\/div><div class='pfpItem entry-content'><h2 class='entry-title'><a href='https:\/\/sp.tuchow.pl\/index.php\/2019\/09\/29\/wycieczka-klas-via-i-vib-do-krakowa\/'>Wycieczka klas VIa i VIb do Krakowa<\/a><\/h2><p style=\"text-align: justify;\">W pi\u0105tek 27 wrze\u015bnia uczniowie klas VI a, b, oraz d pojechali na wycieczk\u0119 do Krakowa. Zwiedzili Muzeum Archeologiczne, gdzie wzi\u0119li udzia\u0142 w warsztatach pt. \u201eEgipski design\u201d. Obejrzeli ciekaw\u0105 ekspozycj\u0119 prezentuj\u0105c\u0105 egipskie sarkofagi oraz mumie. Poznali histori\u0119 poch\u00f3wk\u00f3w \u2013 procesu mumifikacji, dowiedzieli si\u0119 dlaczego mumifikacji poddawano r\u00f3wnie\u017c zwierz\u0119ta....<a href='https:\/\/sp.tuchow.pl\/index.php\/2019\/09\/29\/wycieczka-klas-via-i-vib-do-krakowa\/' class='pfpReadMore'>Read More &raquo;<\/a><div class='clear'><\/div><hr><\/div><div class='pfpItem entry-content'><h2 class='entry-title'><a href='https:\/\/sp.tuchow.pl\/index.php\/2019\/09\/29\/bezpieczni-na-drodze\/'>\u201eBezpieczni na drodze\u201d<\/a><\/h2><p style=\"text-align: justify;\">Uczniowie klasy I a uczestniczyli w cyklu spotka\u0144 dotycz\u0105cych bezpiecze\u0144stwa na drodze. Najpierw wys\u0142uchali prelekcji policjanta, nast\u0119pnie go\u015bcili m.in. zast\u0119pc\u0119 burmistrza Tuchowa, kt\u00f3ry wr\u0119czy\u0142 im kamizelki odblaskowe, a w pi\u0105tek wzi\u0119li udzia\u0142 w akcji \u201eBezpieczna droga z Mr\u00f3wk\u0105\u201d.<\/p>\n<p style=\"text-align: right;\">Jadwiga Mo\u017adzierz<\/p>\n<div class=\"fb-post\" data-href=\"http:\/\/www.facebook.com\/sptuchow\/photos\/a.2470994726503370\/2470994793170030\/?type=3&#038;theater\" data-width=\"552\" style=\"background-color: #fff; display: inline-block;\"><\/div>\n...<a href='https:\/\/sp.tuchow.pl\/index.php\/2019\/09\/29\/bezpieczni-na-drodze\/' class='pfpReadMore'>Read More &raquo;<\/a><div class='clear'><\/div><hr><\/div><div class='pfpItem entry-content'><h2 class='entry-title'><a href='https:\/\/sp.tuchow.pl\/index.php\/2019\/09\/27\/poznaj-tajemnice-tuchowa\/'>\u201ePoznaj tajemnice Tuchowa\u201d<\/a><\/h2><p style=\"text-align: justify;\">We wrze\u015bniu uczniowie klas V \u2013 VII wzi\u0119li udzia\u0142 w historycznej grze terenowej pt. \u201ePoznaj tajemnice Tuchowa\u201d. Gra zosta\u0142a zorganizowana w ramach projektu edukacyjnego realizowanego w roku szkolnym 2019\/2020 \u201eTuch\u00f3w- powr\u00f3t do korzeni. Jubileusz 680 \u2013 lecia nadania praw miejskich dla Tuchowa\u201d.<\/p>\n<p style=\"text-align: justify;\">Ka\u017cda klasa wytypowa\u0142a pi\u0119cioosobow\u0105 dru\u017cyn\u0119....<a href='https:\/\/sp.tuchow.pl\/index.php\/2019\/09\/27\/poznaj-tajemnice-tuchowa\/' class='pfpReadMore'>Read More &raquo;<\/a><div class='clear'><\/div><hr><\/div><div class='pfpItem entry-content'><h2 class='entry-title'><a href='https:\/\/sp.tuchow.pl\/index.php\/2019\/09\/23\/wycieczka-klas-piatych-do-trzcinicy-oraz-jasla\/'>Wycieczka klas pi\u0105tych do Trzcinicy oraz Jas\u0142a.<\/a><\/h2><p style=\"text-align: justify;\">18 wrze\u015bnia odby\u0142a si\u0119 wycieczka klas pi\u0105tych do Trzcinicy oraz Jas\u0142a. Podczas wyjazdu dzieci odwiedzi\u0142y skansen archeologiczny Karpacka Troja w&nbsp;Trzcinicy. Uczniowie zwiedzili ciekaw\u0105 ekspozycj\u0119 muzealn\u0105, rekonstrukcj\u0119 chat otoma\u0144skich i&nbsp;wczesno\u015bredniowiecznych oraz sam teren grodziska. Wzi\u0119li r\u00f3wnie\u017c udzia\u0142 w warsztatach \u0142uczniczych oraz w quizie, podczas kt\u00f3rego mogli sprawdzi\u0107 swoj\u0105 wiedz\u0119...<a href='https:\/\/sp.tuchow.pl\/index.php\/2019\/09\/23\/wycieczka-klas-piatych-do-trzcinicy-oraz-jasla\/' class='pfpReadMore'>Read More &raquo;<\/a><div class='clear'><\/div><hr><\/div><div class='pfpItem entry-content'><h2 class='entry-title'><a href='https:\/\/sp.tuchow.pl\/index.php\/2019\/09\/18\/zebrania-z-rodzicami-2\/'>Zebrania z rodzicami<\/a><\/h2><p>Zebrania z rodzicami odb\u0119d\u0105 si\u0119&nbsp; 19 wrze\u015bnia \/czwartek\/ zgodnie z harmonogramem:<\/p>\n<ul>\n<li>17:00 spotkanie z Dyrektorem i policjantem w hali MOSiR, nast\u0119pnie&nbsp;spotkanie z wychowawc\u0105 oddzia\u0142u w sali,<\/li>\n<li>18:30 zebranie przedstawicieli Rady Rodzic\u00f3w szko\u0142y.<\/li>\n<\/ul>\n<p>&nbsp;<\/p>\n...<a href='https:\/\/sp.tuchow.pl\/index.php\/2019\/09\/18\/zebrania-z-rodzicami-2\/' class='pfpReadMore'>Read More &raquo;<\/a><div class='clear'><\/div><hr><\/div><div class='pfpItem entry-content'><h2 class='entry-title'><a href='https:\/\/sp.tuchow.pl\/index.php\/2019\/09\/18\/lekcja-historii-o-zolnierzach-wykletych\/'>Lekcja historii o \u017bo\u0142nierzach Wykl\u0119tych<\/a><\/h2><p style=\"text-align: justify;\">13.09.2019r. go\u015bcili\u015bmy w naszej szkole redaktora naczelnego kwartalnika&nbsp; ,,Wykl\u0119ci\u201d Pana Kajetana Rajskiego. Dla naszej m\u0142odzie\u017cy by\u0142a to wyj\u0105tkowa lekcja historii, kt\u00f3rej celem by\u0142o upowszechnienie wiedzy na temat najnowszej historii Polski, a szczeg\u00f3lnie zwi\u0105zanej z podziemiem antykomunistycznym po II wojnie \u015bwiatowej. W 80. rocznic\u0119 wybuchu II wojny \u015bwiatowej prelegent...<a href='https:\/\/sp.tuchow.pl\/index.php\/2019\/09\/18\/lekcja-historii-o-zolnierzach-wykletych\/' class='pfpReadMore'>Read More &raquo;<\/a><div class='clear'><\/div><hr><\/div><div class='pfpItem entry-content'><h2 class='entry-title'><a href='https:\/\/sp.tuchow.pl\/index.php\/2019\/09\/18\/bohateron-wlacz-historie\/'>BohaterON \u2013 w\u0142\u0105cz histori\u0119!<\/a><\/h2><p style=\"text-align: justify;\">To projekt maj\u0105cy na celu upami\u0119tnienie i uhonorowanie uczestnik\u00f3w Powstania Warszawskiego. W klasie 2b uda\u0142o nam si\u0119 w\u0142\u0105czy\u0107 histori\u0119 i pokaza\u0107, \u017ce pami\u0119tamy i \u0142\u0105czymy pokolenia. My ju\u017c wys\u0142ali\u015bmy kartk\u0119 do Powsta\u0144ca. Mo\u017cesz zrobi\u0107 to i Ty. To takie proste. Masz czas do 2 pa\u017adziernika. Poka\u017c, \u017ce pami\u0119tasz....<a href='https:\/\/sp.tuchow.pl\/index.php\/2019\/09\/18\/bohateron-wlacz-historie\/' class='pfpReadMore'>Read More &raquo;<\/a><div class='clear'><\/div><hr><\/div><div class='pfpItem entry-content'><h2 class='entry-title'><a href='https:\/\/sp.tuchow.pl\/index.php\/2019\/09\/11\/szalone-chwile-w-rodzinnym-parku-rozrywki-dudek\/'>Szalone chwile w Rodzinnym Parku Rozrywki \u201eDudek\u201d<\/a><\/h2><p style=\"text-align: justify;\">W s\u0142oneczny poranek po obfitych nocnych opadach deszczu, podj\u0119li\u015bmy decyzj\u0119 o wyruszeniu na zaplanowan\u0105 wcze\u015bniej wycieczk\u0119 z klasami 4a i 4b do Burzyna do Rodzinnego Parku Rozrywki \u201eDudek\u201d. Poniewa\u017c s\u0142o\u0144ce mocno \u015bwieci\u0142o a obs\u0142uga parku wyczy\u015bci\u0142a kolejne przeszkody na trasach, mogli\u015bmy rozpocz\u0105\u0107 bezpieczne przemierzanie trasy w parku linowym....<a href='https:\/\/sp.tuchow.pl\/index.php\/2019\/09\/11\/szalone-chwile-w-rodzinnym-parku-rozrywki-dudek\/' class='pfpReadMore'>Read More &raquo;<\/a><div class='clear'><\/div><hr><\/div><div class='pfpItem entry-content'><h2 class='entry-title'><a href='https:\/\/sp.tuchow.pl\/index.php\/2019\/09\/10\/vii-edycja-dyktanda-niepodleglosciowego-po-polsku-o-historii\/'>VII edycja Dyktanda Niepodleg\u0142o\u015bciowego \u201ePo polsku o historii\u201d<\/a><\/h2><div class=\"fb-post\" data-href=\"http:\/\/www.facebook.com\/sptuchow\/photos\/a.1798034137132769\/2454812138121629\/?type=3&#038;av=1791633114439538&#038;eav=AfZPwuEasr4cx5yA8pJ4Kx7IfWTq1FwB1C-MFJcsYPN_ZA1wO42FvFz8edoUlWpcDw4KCO608sdTYwJR9AWQO6hT&#038;theater\" data-width=\"552\" style=\"background-color: #fff; display: inline-block;\"><\/div>\n...<a href='https:\/\/sp.tuchow.pl\/index.php\/2019\/09\/10\/vii-edycja-dyktanda-niepodleglosciowego-po-polsku-o-historii\/' class='pfpReadMore'>Read More &raquo;<\/a><div class='clear'><\/div><hr><\/div><div class='pfpItem entry-content'><h2 class='entry-title'><a href='https:\/\/sp.tuchow.pl\/index.php\/2019\/09\/04\/kalendarz-swiat-nietypowych\/'>Kalendarz \u015awi\u0105t Nietypowych.<\/a><\/h2><p>Zapraszamy uczni\u00f3w klas IV \u2013 VIII do wzi\u0119cia udzia\u0142u w ca\u0142orocznej akcji Kalendarza \u015awi\u0105t Nietypowych. O zasadach akcji mo\u017cna przeczyta\u0107 na plakacie wywieszonym na parterze obok czytelni.<\/p>\n<div class=\"fb-post\" data-href=\"http:\/\/www.facebook.com\/sptuchow\/photos\/a.2449969968605846\/2449970011939175\/?type=3&#038;theater\" data-width=\"552\" style=\"background-color: #fff; display: inline-block;\"><\/div>\n...<a href='https:\/\/sp.tuchow.pl\/index.php\/2019\/09\/04\/kalendarz-swiat-nietypowych\/' class='pfpReadMore'>Read More &raquo;<\/a><div class='clear'><\/div><hr><\/div><div class='pfpItem entry-content'><h2 class='entry-title'><a href='https:\/\/sp.tuchow.pl\/index.php\/2019\/09\/04\/szkolny-klub-gier-planszowych-2\/'>Szkolny Klub Gier Planszowych.<\/a><\/h2><p>Szkolny Klub Gier Planszowych \u201eWkr\u0119\u0107 si\u0119! Dzia\u0142aj! Graj!\u201d serdecznie zaprasza uczni\u00f3w klas IV \u2013 VI do spotka\u0144 \u201eprzy stoliku\u201d. Informacje na plakacie.<\/p>\n<div class=\"fb-post\" data-href=\"http:\/\/www.facebook.com\/sptuchow\/photos\/a.2449970715272438\/2449970745272435\/?type=3&#038;theater\" data-width=\"552\" style=\"background-color: #fff; display: inline-block;\"><\/div>\n...<a href='https:\/\/sp.tuchow.pl\/index.php\/2019\/09\/04\/szkolny-klub-gier-planszowych-2\/' class='pfpReadMore'>Read More &raquo;<\/a><div class='clear'><\/div><hr><\/div><div class='pfpItem entry-content'><h2 class='entry-title'><a href='https:\/\/sp.tuchow.pl\/index.php\/2019\/09\/02\/wycieczka-do-grecji\/'>Wycieczka do Grecji.<\/a><\/h2><p>W maju 2020 r. planowana jest 10-dniowa wycieczka krajoznawczo-turystyczna do Grecji. Koszt wyjazdu 1260 z\u0142. (istnieje mo\u017cliwo\u015b\u0107 zorganizowania dodatkowo p\u0142atnych wycieczek fakultatywnych : Meteory ok. 30\u20ac, Rejs na wysp\u0119 Skiathos ok. 40\u20ac).<\/p>\n<p><strong>Liczba miejsc jest ograniczona.<\/strong><\/p>\n<p>Organizatorem wycieczki jest Biuro Turystyczne \u201eYoung Traveler\u201d &nbsp;Organizator Wypoczynku Dzieci i M\u0142odzie\u017cy.<\/p>\n<p><strong>Szczeg\u00f3\u0142owe informacje i zapisy u...<a href='https:\/\/sp.tuchow.pl\/index.php\/2019\/09\/02\/wycieczka-do-grecji\/' class='pfpReadMore'>Read More &raquo;<\/a><div class='clear'><\/div><hr><\/div><div class='pfpItem entry-content'><h2 class='entry-title'><a href='https:\/\/sp.tuchow.pl\/index.php\/2019\/08\/25\/uroczyste-rozpoczecie-roku-szkolnego-20192020\/'>Uroczyste rozpocz\u0119cie roku szkolnego 2019\/2020.<\/a><\/h2><p><strong>2&nbsp;wrze\u015bnia 2019 r. (poniedzia\u0142ek) odb\u0119dzie si\u0119 uroczyste rozpocz\u0119cie&nbsp;roku szkolnego 2019\/2020.&nbsp;<\/strong><\/p>\n<ul>\n<li>Uczniowie klas I \u2013 V przychodz\u0105 do ko\u015bcio\u0142a \u015bw. Jakuba na Msz\u0119 \u015bw. na godz. 9:30, a potem pod opiek\u0105 wychowawc\u00f3w i nauczycieli udaj\u0105 si\u0119 do hali MOSiR;<\/li>\n<li>Uczniowie klas VI \u2013 VIII przychodz\u0105 do Bazyliki Mniejszej NNMP&nbsp;na Msz\u0119 \u015bw. na godz....<a href='https:\/\/sp.tuchow.pl\/index.php\/2019\/08\/25\/uroczyste-rozpoczecie-roku-szkolnego-20192020\/' class='pfpReadMore'>Read More &raquo;<\/a><div class='clear'><\/div><hr><\/div><div class='pfpItem entry-content'><h2 class='entry-title'><a href='https:\/\/sp.tuchow.pl\/index.php\/2019\/08\/20\/pomoc-materialna-dla-uczniow-w-roku-szkolnym-20192020\/'>Pomoc materialna dla uczni\u00f3w w roku szkolnym 2019\/2020<\/a><\/h2><blockquote class=\"wp-embedded-content\" data-secret=\"C0ivgcxTjL\"><p><a href=\"http:\/\/www.tuchow.pl\/pomoc-materialna-dla-uczniow-na-rok-szkolny-2019-2020\/\">Pomoc materialna dla uczni\u00f3w w roku szkolnym 2019\/2020<\/a><\/p><\/blockquote>\n<p><iframe loading=\"lazy\" class=\"wp-embedded-content\" sandbox=\"allow-scripts\" security=\"restricted\" style=\"position: absolute; clip: rect(1px, 1px, 1px, 1px);\" src=\"http:\/\/www.tuchow.pl\/pomoc-materialna-dla-uczniow-na-rok-szkolny-2019-2020\/embed\/#?secret=C0ivgcxTjL\" data-secret=\"C0ivgcxTjL\" width=\"600\" height=\"338\" title=\"&#8222;Pomoc materialna dla uczni\u00f3w w roku szkolnym 2019\/2020&#8221; &#8212; Tuch\u00f3w - prawa miejskie od 1340 roku\" frameborder=\"0\" marginwidth=\"0\" marginheight=\"0\" scrolling=\"no\"><\/iframe><\/p>\n...<a href='https:\/\/sp.tuchow.pl\/index.php\/2019\/08\/20\/pomoc-materialna-dla-uczniow-w-roku-szkolnym-20192020\/' class='pfpReadMore'>Read More &raquo;<\/a><div class='clear'><\/div><hr><\/div><div class='pfpItem entry-content'><h2 class='entry-title'><a href='https:\/\/sp.tuchow.pl\/index.php\/2019\/08\/20\/stypendium-burmistrza-tuchowa\/'>Stypendium Burmistrza Tuchowa<\/a><\/h2><blockquote class=\"wp-embedded-content\" data-secret=\"cvoSpAJAYo\"><p><a href=\"http:\/\/www.tuchow.pl\/stypendium-burmistrza-tuchowa-2\/\">Stypendium Burmistrza Tuchowa<\/a><\/p><\/blockquote>\n<p><iframe loading=\"lazy\" class=\"wp-embedded-content\" sandbox=\"allow-scripts\" security=\"restricted\" style=\"position: absolute; clip: rect(1px, 1px, 1px, 1px);\" src=\"http:\/\/www.tuchow.pl\/stypendium-burmistrza-tuchowa-2\/embed\/#?secret=cvoSpAJAYo\" data-secret=\"cvoSpAJAYo\" width=\"600\" height=\"338\" title=\"&#8222;Stypendium Burmistrza Tuchowa&#8221; &#8212; Tuch\u00f3w - prawa miejskie od 1340 roku\" frameborder=\"0\" marginwidth=\"0\" marginheight=\"0\" scrolling=\"no\"><\/iframe><\/p>\n...<a href='https:\/\/sp.tuchow.pl\/index.php\/2019\/08\/20\/stypendium-burmistrza-tuchowa\/' class='pfpReadMore'>Read More &raquo;<\/a><div class='clear'><\/div><hr><\/div><div class='pfpItem entry-content'><h2 class='entry-title'><a href='https:\/\/sp.tuchow.pl\/index.php\/2019\/06\/17\/zakonczenie-roku-szkolnego\/'>Zako\u0144czenie roku szkolnego<\/a><\/h2><p><strong>19 czerwca 2019<\/strong> roku odb\u0119dzie si\u0119 uroczyste zako\u0144czenie roku szkolnego 2018\/2019.<\/p>\n<p><strong>Uczniowie gimnazjum i klas VII i VIII przychodz\u0105 do Bazyliki NNMP na Msz\u0119 \u015awi\u0119t\u0105 na godz. 8:00<\/strong>, a potem pod opiek\u0105 wychowawc\u00f3w i nauczycieli&nbsp; udaj\u0105 si\u0119 do&nbsp; hali MOSiR .<\/p>\n<p><strong>Uczniowie szko\u0142y podstawowej klasy I \u2013 VI przychodz\u0105 do ko\u015bcio\u0142a \u015aw....<a href='https:\/\/sp.tuchow.pl\/index.php\/2019\/06\/17\/zakonczenie-roku-szkolnego\/' class='pfpReadMore'>Read More &raquo;<\/a><div class='clear'><\/div><hr><\/div><div class='pfpItem entry-content'><h2 class='entry-title'><a href='https:\/\/sp.tuchow.pl\/index.php\/2019\/06\/17\/organizacja-pracy-w-dniach-17-i-18-czerwca-poniedzialek-wtorek\/'>Organizacja pracy w dniach 17 i 18 czerwca (poniedzia\u0142ek, wtorek).<\/a><\/h2><p style=\"text-align: justify;\"><strong>17 czerwca 2019 r. (poniedzia\u0142ek)<\/strong> jest \u015awi\u0119tem Patrona Szko\u0142y Podstawowej im. Stanis\u0142awa Staszica w Tuchowie.&nbsp; W tym dniu nie ma zaj\u0119\u0107 dydaktycznych.<\/p>\n<p style=\"text-align: justify;\">Uczniowie wraz z wychowawcami i wychowawcami wspomagaj\u0105cymi bior\u0105 udzia\u0142 w uroczystej akademii w hali MOSiR wg harmonogramu:<\/p>\n<p>o godz. 8:50&nbsp;&nbsp;&nbsp;&nbsp; uczniowie klas&nbsp; I \u2013 V,<\/p>\n<p>a godz....<a href='https:\/\/sp.tuchow.pl\/index.php\/2019\/06\/17\/organizacja-pracy-w-dniach-17-i-18-czerwca-poniedzialek-wtorek\/' class='pfpReadMore'>Read More &raquo;<\/a><div class='clear'><\/div><hr><\/div><div class='pfpItem entry-content'><h2 class='entry-title'><a href='https:\/\/sp.tuchow.pl\/index.php\/2019\/06\/17\/kornelia-kajmowicz-ze-szkoly-podstawowej-im-st-staszica-w-tuchowie-laureatka-malopolskiego-konkursu-plastycznego\/'>Kornelia Kajmowicz\u00a0ze Szko\u0142y Podstawowej im. St. Staszica w Tuchowie laureatk\u0105\u00a0ma\u0142opolskiego konkursu plastycznego.<\/a><\/h2><p style=\"text-align: justify;\"><strong>10 czerwca 2019 r. w Sali Miedzianej<\/strong> <strong>Muzeum Historycznego Miasta Krakowa odby\u0142a si\u0119 Fina\u0142owa Gala XV MA\u0141OPOLSKIEGO <em>KONKURSU<\/em>&nbsp; <\/strong><strong>plastycznego &nbsp;i&nbsp;literackiego<\/strong><\/p>\n<h3 style=\"text-align: justify;\">\u201eM\u00d3J SZCZ\u0118\u015aLIWY DZIE\u0143\u201d<\/h3>\n<p style=\"text-align: justify;\"><strong>W tym wydarzeniu uczestniczy\u0142a Kornelia Kajmowicz ze Szko\u0142y Podstawowej &nbsp;im. St. Staszica<\/strong><\/p>\n<p style=\"text-align: justify;\"><strong>&nbsp;w Tuchowie, kt\u00f3rej&nbsp; praca \u201eBrzydkie kacz\u0105tko\u201d<\/strong><strong> zaj\u0119\u0142a I miejsce &nbsp;&nbsp;<\/strong><\/p>\n<p...<a href='https:\/\/sp.tuchow.pl\/index.php\/2019\/06\/17\/kornelia-kajmowicz-ze-szkoly-podstawowej-im-st-staszica-w-tuchowie-laureatka-malopolskiego-konkursu-plastycznego\/' class='pfpReadMore'>Read More &raquo;<\/a><div class='clear'><\/div><hr><\/div><div class='pfpItem entry-content'><h2 class='entry-title'><a href='https:\/\/sp.tuchow.pl\/index.php\/2019\/06\/17\/matematyczne-sukcesy-uczniow-szkoly-podstawowej-w-tuchowie\/'>Matematyczne sukcesy\u00a0uczni\u00f3w Szko\u0142y Podstawowej w Tuchowie<\/a><\/h2><p align=\"JUSTIFY\"><b>Matematyczne sukcesy&nbsp;<\/b><b>uczni\u00f3w Szko\u0142y Podstawowej w Tuchowie&nbsp;<\/b><b>w roku szkolnym 2018\/2019<\/b><\/p>\n<p align=\"JUSTIFY\"><b>1. <\/b>Prawie siedemdziesi\u0119ciu uczni\u00f3w naszej szko\u0142y z klas II &#8211; VIII i III gimnazjum wzi\u0119\u0142o udzia\u0142 w&nbsp;<b><span style=\"font-size: medium;\">28 edycji Mi\u0119dzynarodowego Konkursu \u201eKangur Matematyczny\u201d<\/span><\/b>, kt\u00f3rego organizatorem na terenie Polski jest Towarzystwo Upowszechniania Wiedzy i Nauk Matematycznych z siedzib\u0105 w Toruniu....<a href='https:\/\/sp.tuchow.pl\/index.php\/2019\/06\/17\/matematyczne-sukcesy-uczniow-szkoly-podstawowej-w-tuchowie\/' class='pfpReadMore'>Read More &raquo;<\/a><div class='clear'><\/div><hr><\/div><div class='pfpItem entry-content'><h2 class='entry-title'><a href='https:\/\/sp.tuchow.pl\/index.php\/2019\/06\/17\/dzien-patrona-szkoly\/'>Dzie\u0144 Patrona Szko\u0142y<\/a><\/h2><p style=\"text-align: justify;\">17 czerwca \u015bwi\u0119towali\u015bmy Dzie\u0144 Patrona Szko\u0142y. W tym roku uroczysto\u015b\u0107 sk\u0142ada\u0142a si\u0119 z trzech cz\u0119\u015bci. W pierwszej cz\u0119\u015bci wys\u0142uchali\u015bmy, z towarzyszeniem sztandaru, wiersza po\u015bwi\u0119conego Stanis\u0142awowi Staszicowi w wykonaniu uczni\u00f3w klasy 4d. P\u00f3\u017aniej nast\u0105pi\u0142o uroczyste przekazanie pocztu sztandarowego przez uczni\u00f3w klas \u00f3smych uczniom klas sz\u00f3stych.<\/p>\n<p style=\"text-align: justify;\">&nbsp;&nbsp;&nbsp;&nbsp;&nbsp;&nbsp;&nbsp;&nbsp;&nbsp;&nbsp;&nbsp; W drugiej...<a href='https:\/\/sp.tuchow.pl\/index.php\/2019\/06\/17\/dzien-patrona-szkoly\/' class='pfpReadMore'>Read More &raquo;<\/a><div class='clear'><\/div><hr><\/div><div class='pfpItem entry-content'><h2 class='entry-title'><a href='https:\/\/sp.tuchow.pl\/index.php\/2019\/06\/17\/piknik-uczniow-i-rodzicow-klasy-3a-sp\/'>Piknik uczni\u00f3w i rodzic\u00f3w\u00a0 klasy 3a\u00a0 SP<\/a><\/h2><p style=\"text-align: justify;\">Trzeciego czerwca, klasa 3a SP ko\u0144cz\u0105c pierwszy etap nauczania, w wyj\u0105tkowy spos\u00f3b \u015bwi\u0119towa\u0142a Dzie\u0144 Matki oraz Dzie\u0144 Dziecka. &nbsp;&nbsp;&nbsp;&nbsp;&nbsp;&nbsp;&nbsp;&nbsp;&nbsp;&nbsp;&nbsp;&nbsp;&nbsp;&nbsp;&nbsp;&nbsp;&nbsp;&nbsp;&nbsp;&nbsp;&nbsp;&nbsp;&nbsp;&nbsp;&nbsp;&nbsp;&nbsp;&nbsp;&nbsp;&nbsp;&nbsp;&nbsp;&nbsp;&nbsp;&nbsp;&nbsp;&nbsp;&nbsp;&nbsp;&nbsp;&nbsp;&nbsp;&nbsp;&nbsp;&nbsp;&nbsp;&nbsp;&nbsp;&nbsp;&nbsp;&nbsp;&nbsp;&nbsp;&nbsp;&nbsp;&nbsp;&nbsp;&nbsp;&nbsp;&nbsp;&nbsp;&nbsp;&nbsp;&nbsp;&nbsp;&nbsp;&nbsp;&nbsp;&nbsp;&nbsp;&nbsp;<\/p>\n<p style=\"text-align: justify;\">Uczniowie wraz z rodzicami i wychowawczyni\u0105 wzi\u0119li udzia\u0142 w pikniku klasowym w Dolinie Bia\u0142ej. Dzieci i rodzice w mi\u0142ej atmosferze rywalizowali w r\u00f3\u017cnych konkurencjach, wykazuj\u0105c si\u0119 sprawno\u015bci\u0105 fizyczn\u0105....<a href='https:\/\/sp.tuchow.pl\/index.php\/2019\/06\/17\/piknik-uczniow-i-rodzicow-klasy-3a-sp\/' class='pfpReadMore'>Read More &raquo;<\/a><div class='clear'><\/div><hr><\/div><div class='pfpItem entry-content'><h2 class='entry-title'><a href='https:\/\/sp.tuchow.pl\/index.php\/2019\/06\/17\/po-raz-kolejny-jestesmy-najlepsi-w-konkursie-wiedzy-o-krajach-dach\/'>PO RAZ KOLEJNY JESTE\u015aMY NAJLEPSI W KONKURSIE WIEDZY O KRAJACH DACH<\/a><\/h2><p style=\"text-align: justify;\">A\u017c 3 spo\u015br\u00f3d pi\u0119ciu g\u0142\u00f3wnych nagr\u00f3d w <strong><em>Konkursie Wiedzy o Krajach DACH (Deutschland, \u00d6sterreich, Schweiz)<\/em><\/strong>, kt\u00f3ry mia\u0142 miejsce 4 czerwca w CKZiU w Tuchowie, &nbsp;trafi\u0142y w r\u0119ce uczni\u00f3w naszej szko\u0142y.<\/p>\n<p style=\"text-align: justify;\">Konkurs corocznie gromadzi uczni\u00f3w szk\u00f3\u0142 z regionu (Siedliska, Zab\u0142\u0119dza), a jego tematem s\u0105 kraje niemieckiego obszaru j\u0119zykowego...<a href='https:\/\/sp.tuchow.pl\/index.php\/2019\/06\/17\/po-raz-kolejny-jestesmy-najlepsi-w-konkursie-wiedzy-o-krajach-dach\/' class='pfpReadMore'>Read More &raquo;<\/a><div class='clear'><\/div><hr><\/div><div class='pfpItem entry-content'><h2 class='entry-title'><a href='https:\/\/sp.tuchow.pl\/index.php\/2019\/06\/11\/zarzadzenie-dyrektora-sp-w-tuchowie\/'>Zarz\u0105dzenie Dyrektora SP w Tuchowie<\/a><\/h2><p style=\"text-align: justify;\">Na podstawie art. 68 ust. 1 pkt 1 ustawy z 14 grudnia 2016 r. Prawo o\u015bwiatowe (Dz.U. z 2017 r. poz. 59) zarz\u0105dza si\u0119, co nast\u0119puje:<\/p>\n<p>\u00a7 1<\/p>\n<p>W dniach 12, 13 oraz 14 czerwca 2019 r. z powodu upa\u0142\u00f3w zaj\u0119cia lekcyjne pocz\u0105wszy od lekcji 1 b\u0119d\u0105 trwa\u0107 30 minut...<a href='https:\/\/sp.tuchow.pl\/index.php\/2019\/06\/11\/zarzadzenie-dyrektora-sp-w-tuchowie\/' class='pfpReadMore'>Read More &raquo;<\/a><div class='clear'><\/div><hr><\/div><div class='pfpItem entry-content'><h2 class='entry-title'><a href='https:\/\/sp.tuchow.pl\/index.php\/2019\/06\/10\/ochota-na-czytanie-po-niemiecku-czyli-ogolnopolski-konkurs-instytutu-goethego-dla-uczniow-szkol-podstawowych-i-ponadpodstawowych-rozstrzygniety\/'>\u201eOchota na czytanie\u201d po niemiecku czyli og\u00f3lnopolski konkurs Instytutu Goethego dla uczni\u00f3w szk\u00f3\u0142 podstawowych i ponadpodstawowych rozstrzygni\u0119ty!<\/a><\/h2><p style=\"text-align: justify;\">Ju\u017c od stycznia br. trwa\u0142 konkurs zorganizowany&nbsp; przez Instytut Goethego w Krakowie pt. \u201eLeselust\u201d, kt\u00f3rego celem by\u0142o rozpowszechnianie czytelnictwa w\u015br\u00f3d m\u0142odzie\u017cy.<\/p>\n<p style=\"text-align: justify;\">W konkursie mogli bra\u0107 udzia\u0142 uczniowie szk\u00f3\u0142 podstawowych i ponadpodstawowych, a zadaniem w nim by\u0142o przeczytanie kr\u00f3tkiej ksi\u0105\u017cki w j\u0119zyku niemieckim, a nast\u0119pnie napisanie recenzji, kt\u00f3ra...<a href='https:\/\/sp.tuchow.pl\/index.php\/2019\/06\/10\/ochota-na-czytanie-po-niemiecku-czyli-ogolnopolski-konkurs-instytutu-goethego-dla-uczniow-szkol-podstawowych-i-ponadpodstawowych-rozstrzygniety\/' class='pfpReadMore'>Read More &raquo;<\/a><div class='clear'><\/div><hr><\/div><div class='pfpItem entry-content'><h2 class='entry-title'><a href='https:\/\/sp.tuchow.pl\/index.php\/2019\/06\/04\/sukces-w-regionalnym-konkursie-jezyka-angielskiego-w-ryglicach\/'>SUKCES W REGIONALNYM KONKURSIE J\u0118ZYKA ANGIELSKIEGO W RYGLICACH<\/a><\/h2><p class=\"Standard\" style=\"text-align: justify;\">30 maja 2019 r. odby\u0142 si\u0119 V Regionalny Konkurs J\u0119zyka Angielskiego, kt\u00f3rego organizatorem by\u0142a Szko\u0142a Podstawowa im. Kardyna\u0142a Stefana Wyszy\u0144skiego w Ryglicach.<\/p>\n<p class=\"Standard\" style=\"text-align: justify;\">Uczniowie sprawdzali swoje umiej\u0119tno\u015bci pisz\u0105c 60-minutowy test znajomo\u015bci j\u0119zyka, a nast\u0119pnie przedstawiaj\u0105c swoje wizje na temat tego, co mogliby zrobi\u0107 dla swojego rejonu...<a href='https:\/\/sp.tuchow.pl\/index.php\/2019\/06\/04\/sukces-w-regionalnym-konkursie-jezyka-angielskiego-w-ryglicach\/' class='pfpReadMore'>Read More &raquo;<\/a><div class='clear'><\/div><hr><\/div><div class='pfpItem entry-content'><h2 class='entry-title'><a href='https:\/\/sp.tuchow.pl\/index.php\/2019\/06\/04\/my-czytamy\/'>My czytamy!!!<\/a><\/h2><p style=\"text-align: justify;\">31 maja 2019 roku uczniowie Szko\u0142y Podstawowej im. Stanis\u0142awa Staszica w Tuchowie przy\u0142\u0105czyli si\u0119 do <strong>Og\u00f3lnopolskiej Akcji Masowego Czytania \u201e JAK NIE CZYTAM, JAK CZYTAM\u201d.<\/strong> W tym roku postanowili\u015bmy przyj\u0105\u0107 inn\u0105 form\u0119 akcji ni\u017c dotychczas, aby pokaza\u0107, \u017ce jeste\u015bmy zainteresowani literatur\u0105. Podj\u0119li\u015bmy decyzj\u0119, \u017ce odwiedzimy dwie powa\u017cne instytucje,...<a href='https:\/\/sp.tuchow.pl\/index.php\/2019\/06\/04\/my-czytamy\/' class='pfpReadMore'>Read More &raquo;<\/a><div class='clear'><\/div><hr><\/div><div class='pfpItem entry-content'><h2 class='entry-title'><a href='https:\/\/sp.tuchow.pl\/index.php\/2019\/06\/04\/niezwykla-lekcja-jezyka-angielskiego\/'>Niezwyk\u0142a lekcja j\u0119zyka angielskiego<\/a><\/h2><p style=\"text-align: justify;\">31 maja w Domu Kultury w Tuchowie odby\u0142a si\u0119 niecodzienna lekcja j\u0119zyka angielskiego dla uczni\u00f3w klas 1 \u2013 3. Uczniowie klasy 4d szko\u0142y podstawowej w Tuchowie wystawili przedstawienie pt: \u201eLittle Red Riding Hood\u201d, czyli Czerwony Kapturek po angielsku.<\/p>\n<p>W przedstawieniu wyst\u0105pili:<\/p>\n<p>&#8211; Czerwony Kapturek \u2013 Anna Styrkowiec<\/p>\n<p>&#8211; Mama \u2013 Marta...<a href='https:\/\/sp.tuchow.pl\/index.php\/2019\/06\/04\/niezwykla-lekcja-jezyka-angielskiego\/' class='pfpReadMore'>Read More &raquo;<\/a><div class='clear'><\/div><hr><\/div><div class='pfpItem entry-content'><h2 class='entry-title'><a href='https:\/\/sp.tuchow.pl\/index.php\/2019\/06\/02\/nie-rzucim-ziemi-skad-nasz-rod-czyli-wycieczka-klas-szostych-do-bobrki-i-zarnowca\/'>,,Nie rzucim ziemi, sk\u0105d nasz r\u00f3d\u2026\u2019\u2019, czyli wycieczka klas sz\u00f3stych do B\u00f3brki i \u017barnowca<\/a><\/h2><p style=\"text-align: justify;\"><strong>Dnia 28 maja 2019 roku uczniowie klas sz\u00f3stych Szko\u0142y Podstawowej w Tuchowie wyjechali na wycieczk\u0119 do B\u00f3brki i \u017barnowca. <\/strong>Organizatorami wyjazdu by\u0142y wychowawczynie: Renata G\u0105sior, Bernadeta Baran i Magdalena Ho\u0144do. Opiek\u0119 duchow\u0105 sprawowa\u0142a siostra Krystyna Piwowar.<\/p>\n<p style=\"text-align: justify;\">Czy wycieczka podoba\u0142a si\u0119 uczniom? Oddajmy im g\u0142os:<\/p>\n<p style=\"text-align: justify;\">,,Dnia 28...<a href='https:\/\/sp.tuchow.pl\/index.php\/2019\/06\/02\/nie-rzucim-ziemi-skad-nasz-rod-czyli-wycieczka-klas-szostych-do-bobrki-i-zarnowca\/' class='pfpReadMore'>Read More &raquo;<\/a><div class='clear'><\/div><hr><\/div><div class='pfpItem entry-content'><h2 class='entry-title'><a href='https:\/\/sp.tuchow.pl\/index.php\/2019\/05\/31\/30-konkurs-mitologiczny\/'>30 KONKURS MITOLOGICZNY<\/a><\/h2><p style=\"text-align: justify;\">29 maja uczniowie klas pi\u0105tych wzi\u0119li udzia\u0142 w konkursie mitologicznym organizowanym w naszej szkole przez pani\u0105 Renat\u0119 Szel\u0105g ju\u017c po raz trzydziesty! Uczestnicy konkursu opr\u00f3cz wiedzy z zakresu mitologii greckiej, historii staro\u017cytnej Grecji, a tak\u017ce architektury musieli wykaza\u0107 si\u0119 talentem aktorskim, prezentuj\u0105c posta\u0107, w jak\u0105 si\u0119 wcielili. Hera,...<a href='https:\/\/sp.tuchow.pl\/index.php\/2019\/05\/31\/30-konkurs-mitologiczny\/' class='pfpReadMore'>Read More &raquo;<\/a><div class='clear'><\/div><hr><\/div><div class='pfpItem entry-content'><h2 class='entry-title'><a href='https:\/\/sp.tuchow.pl\/index.php\/2019\/05\/28\/wycieczka-klasy-3a-szkoly-podstawowej\/'>Wycieczka klasy 3a Szko\u0142y Podstawowej<\/a><\/h2><p style=\"text-align: justify;\">Uczniowie klasy 3a odwiedzili innowacyjny park rozrywki GOkidz&nbsp; w Krakowie. Podczas wycieczki dzieci mia\u0142y okazj\u0119 bawi\u0107 si\u0119 rozwijaj\u0105c przy tym sprawno\u015b\u0107 ruchow\u0105, korzystaj\u0105c z r\u00f3\u017cnorodnych atrakcji, jakie oferuje park. \u0106wiczy\u0142y mi\u0119dzy innymi szybko\u015b\u0107, zwinno\u015b\u0107, trenowa\u0142y wspinaczk\u0119, mierzy\u0142y si\u0119 z wieloma wyzwaniami. Zabawa odbywa\u0142a si\u0119 pod opiek\u0105 animator\u00f3w z...<a href='https:\/\/sp.tuchow.pl\/index.php\/2019\/05\/28\/wycieczka-klasy-3a-szkoly-podstawowej\/' class='pfpReadMore'>Read More &raquo;<\/a><div class='clear'><\/div><hr><\/div><div class='pfpItem entry-content'><h2 class='entry-title'><a href='https:\/\/sp.tuchow.pl\/index.php\/2019\/05\/26\/sukces-w-xiii-wojewodzkim-konkursie-wiedzy-w-kregu-mitow-i-kultury-antycznej\/'>Sukces w XIII Wojew\u00f3dzkim Konkursie Wiedzy \u201eW kr\u0119gu mit\u00f3w i kultury antycznej\u201d.<\/a><\/h2><p style=\"text-align: justify;\">27 marca 2019 r odby\u0142 si\u0119 XIII Wojew\u00f3dzki Konkurs Wiedzy&nbsp; \u201eW kr\u0119gu mit\u00f3w i kultury antycznej\u201d.&nbsp; Organizatorem konkursu by\u0142o Staromiejskie Centrum Kultury M\u0142odzie\u017cy w Krakowie. Mi\u0142o nam poinformowa\u0107, \u017ce uczennica klasy VIII b Julita Wiejacka otrzyma\u0142a wyr\u00f3\u017cnienie w konkursie.<\/p>\n<p style=\"text-align: right;\">Gratulujemy!<\/p>\n<div class=\"fb-post\" data-href=\"http:\/\/www.facebook.com\/sptuchow\/photos\/a.1798034137132769\/2377302195872624\/?type=3&#038;theater\" data-width=\"552\" style=\"background-color: #fff; display: inline-block;\"><\/div>\n...<a href='https:\/\/sp.tuchow.pl\/index.php\/2019\/05\/26\/sukces-w-xiii-wojewodzkim-konkursie-wiedzy-w-kregu-mitow-i-kultury-antycznej\/' class='pfpReadMore'>Read More &raquo;<\/a><div class='clear'><\/div><hr><\/div><div class='pfpItem entry-content'><h2 class='entry-title'><a href='https:\/\/sp.tuchow.pl\/index.php\/2019\/05\/26\/obchody-dnia-mamy-i-taty-w-domu-kultury\/'>Obchody Dnia Mamy i Taty w Domu Kultury<\/a><\/h2><p style=\"text-align: justify;\">23.05.2019 r. uczniowie kl. 1c i 3b zaprezentowali rodzicom i zaproszonym go\u015bciom spektakl oparty na motywach ba\u015bni H.Ch. Andersena ,,Calineczka\u201d, kt\u00f3ry zosta\u0142 wystawiony w Domu Kultury w Tuchowie. M\u0142odzi aktorzy z wielkim zaanga\u017cowaniem odegrali swoje role. Ca\u0142o\u015b\u0107 przedstawienia przeplata\u0142y piosenki, taniec kwiat\u00f3w i znakomita gra aktorska dzieci. Wyst\u0119p...<a href='https:\/\/sp.tuchow.pl\/index.php\/2019\/05\/26\/obchody-dnia-mamy-i-taty-w-domu-kultury\/' class='pfpReadMore'>Read More &raquo;<\/a><div class='clear'><\/div><hr><\/div><div class='pfpItem entry-content'><h2 class='entry-title'><a href='https:\/\/sp.tuchow.pl\/index.php\/2019\/05\/23\/v-piknik-szkolny\/'>V Piknik Szkolny<\/a><\/h2><p style=\"text-align: justify;\">18 maja 2019 odby\u0142 si\u0119 V Piknik Szkolny zorganizowany przez Szko\u0142\u0119 Podstawow\u0105 imienia Stanis\u0142awa Staszica w Tuchowie. W roku 100 rocznicy odzyskania niepodleg\u0142o\u015bci przez Polsk\u0119, V Szkolny Piknik odby\u0142 si\u0119 pod has\u0142em \u201eOD STARO\u017bYTNO\u015aCI DO NIEPODLEG\u0141O\u015aCI\u201d. Uczniowie wraz z nauczycielami przebrali si\u0119 za postacie historyczne. Mo\u017cna by\u0142o przenie\u015b\u0107...<a href='https:\/\/sp.tuchow.pl\/index.php\/2019\/05\/23\/v-piknik-szkolny\/' class='pfpReadMore'>Read More &raquo;<\/a><div class='clear'><\/div><hr><\/div><div class='pfpItem entry-content'><h2 class='entry-title'><a href='https:\/\/sp.tuchow.pl\/index.php\/2019\/05\/22\/uczniowie-klasy-3a-w-lo-w-tuchowie\/'>Uczniowie klasy 3a w LO w Tuchowie<\/a><\/h2><p style=\"text-align: justify;\">W ubieg\u0142ym tygodniu uczniowie klasy 3a Szko\u0142y Podstawowej udali si\u0119 do Liceum Og\u00f3lnokszta\u0142c\u0105cego im. Miko\u0142aja Kopernika w Tuchowie, aby wzi\u0105\u0107 udzia\u0142 w zaj\u0119ciach w Obserwatorium Astronomicznym, przeprowadzonych przez Pani\u0105 mgr Agnieszk\u0119 Szklanny. Lekcja astronomii by\u0142a bardzo interesuj\u0105ca, utrwali\u0142a oraz poszerzy\u0142a wiedz\u0119 uczni\u00f3w jak\u0105 zdobyli w klasie trzeciej.<\/p>\n<p style=\"text-align:...<a href='https:\/\/sp.tuchow.pl\/index.php\/2019\/05\/22\/uczniowie-klasy-3a-w-lo-w-tuchowie\/' class='pfpReadMore'>Read More &raquo;<\/a><div class='clear'><\/div><hr><\/div><div class='pfpItem entry-content'><h2 class='entry-title'><a href='https:\/\/sp.tuchow.pl\/index.php\/2019\/05\/22\/wycieczka-klas-vii-a-i-vii-c\/'>Wycieczka klas VII a i VII c<\/a><\/h2><p style=\"text-align: justify;\">W pi\u0105tek 16 maja klasy 7a i 7c wraz z wychowawczyniami pojecha\u0142y na wycieczk\u0119 do Muzeum Lizak\u00f3w w Ja\u015ble oraz Centrum Dziedzictwa Szk\u0142a w Kro\u015bnie. Wyjazd zaplanowany by\u0142 na godzin\u0119 9:15, lecz ostatecznie opu\u015bcili\u015bmy teren zbi\u00f3rki oko\u0142o godziny 9:30.&nbsp;<\/p>\n<p style=\"text-align: justify;\">Najpierw w planach by\u0142o Muzeum Lizak\u00f3w. Gdy dojechali\u015bmy...<a href='https:\/\/sp.tuchow.pl\/index.php\/2019\/05\/22\/wycieczka-klas-vii-a-i-vii-c\/' class='pfpReadMore'>Read More &raquo;<\/a><div class='clear'><\/div><hr><\/div><div class='pfpItem entry-content'><h2 class='entry-title'><a href='https:\/\/sp.tuchow.pl\/index.php\/2019\/05\/08\/zapraszamy-na-v-piknik-szkolny\/'>Zapraszamy na V Piknik Szkolny<\/a><\/h2><div class=\"fb-post\" data-href=\"http:\/\/www.facebook.com\/photo.php?fbid=10157154479825040&#038;set=a.10155722478520040&#038;type=3&#038;theater\" data-width=\"552\" style=\"background-color: #fff; display: inline-block;\"><\/div>\n...<a href='https:\/\/sp.tuchow.pl\/index.php\/2019\/05\/08\/zapraszamy-na-v-piknik-szkolny\/' class='pfpReadMore'>Read More &raquo;<\/a><div class='clear'><\/div><hr><\/div><div class='pfpItem entry-content'><h2 class='entry-title'><a href='https:\/\/sp.tuchow.pl\/index.php\/2019\/05\/08\/sukces-grupy-teatralnej-fabula\/'>Sukces grupy teatralnej \u201eFabu\u0142a\u201d<\/a><\/h2><p style=\"text-align: justify;\">W tuchowski domu Kultury od lat dzia\u0142a grupa teatralna prowadzona przez Andrzeja Jagod\u0119. Wielu m\u0142odych ludzi mia\u0142o okazj\u0119 zaprezentowa\u0107 si\u0119 w r\u00f3\u017cnych przedstawieniach re\u017cyserowanych przez opiekuna. W tym roku 12 maja w niedzielny wczesny wiecz\u00f3r mieszka\u0144cy Tuchowa i okolic mieli mo\u017cliwo\u015b\u0107 obejrze\u0107 sztuk\u0119 \u201e<em>Do ko\u0144ca \u015bwiata\u201d<\/em> Jerzego Sulimy-...<a href='https:\/\/sp.tuchow.pl\/index.php\/2019\/05\/08\/sukces-grupy-teatralnej-fabula\/' class='pfpReadMore'>Read More &raquo;<\/a><div class='clear'><\/div><hr><\/div><div class='pfpItem entry-content'><h2 class='entry-title'><a href='https:\/\/sp.tuchow.pl\/index.php\/2019\/05\/08\/szkolny-konkurs-filmowy-mlodzi-patrioci-xxi-wieku\/'>Szkolny Konkurs Filmowy \"M\u0142odzi Patrioci XXI wieku\".<\/a><\/h2><p>W Szkolnym&nbsp; Konkursie Filmowym \u201eM\u0142odzi Patrioci XXI wieku\u201d. wzi\u0119\u0142o udzia\u0142<strong>&nbsp;<\/strong><strong>21 uczni\u00f3w. <\/strong>Ich zadaniem by\u0142o wykonanie kr\u00f3tkiego filmu, kt\u00f3ry mia\u0142 ukaza\u0107 jak m\u0142odzi ludzie wyra\u017caj\u0105 sw\u00f3j patriotyzm w codziennych sytuacjach.<\/p>\n<p><u>Wyniki konkursu:<\/u><\/p>\n<p><strong>I miejsce<\/strong> \u2013Aleksandra Iwaniec, Julita Wiejacka Laura Bajorek, Gabriela Sta\u0144czyk, Karolina Starzyk (pomoc Damian Wiejacki klasa IV c) \u2013 klasa VIII...<a href='https:\/\/sp.tuchow.pl\/index.php\/2019\/05\/08\/szkolny-konkurs-filmowy-mlodzi-patrioci-xxi-wieku\/' class='pfpReadMore'>Read More &raquo;<\/a><div class='clear'><\/div><hr><\/div><div class='pfpItem entry-content'><h2 class='entry-title'><a href='https:\/\/sp.tuchow.pl\/index.php\/2019\/05\/08\/uczennice-z-tuchowa-po-raz-kolejny-zdominowaly-powiatowy-konkurs-przyslow-niemieckich-skrzyszowie\/'>Uczennice z Tuchowa po raz kolejny zdominowa\u0142y  Powiatowy Konkurs Przys\u0142\u00f3w Niemieckich  Skrzyszowie!<\/a><\/h2><p>W dniu 8 maja 2019 odby\u0142 si\u0119 w Skrzyszowie XI Powiatowy Konkurs Przys\u0142\u00f3w Niemieckich \u201eSprichwort \u2013 Wahrwort\u201d.<\/p>\n<p style=\"text-align: justify;\">Do konkursu przyst\u0105pi\u0142o 25 uczni\u00f3w z 12 szk\u00f3\u0142 naszego powiatu. Uczniowie zmierzyli si\u0119 z trudnym testem, kt\u00f3ry obejmowa\u0142 znajomo\u015b\u0107 75 przys\u0142\u00f3w w j\u0119zyku niemieckim i ich polskich odpowiednik\u00f3w. Du\u017cym utrudnieniem by\u0142a wymagana...<a href='https:\/\/sp.tuchow.pl\/index.php\/2019\/05\/08\/uczennice-z-tuchowa-po-raz-kolejny-zdominowaly-powiatowy-konkurs-przyslow-niemieckich-skrzyszowie\/' class='pfpReadMore'>Read More &raquo;<\/a><div class='clear'><\/div><hr><\/div><div class='pfpItem entry-content'><h2 class='entry-title'><a href='https:\/\/sp.tuchow.pl\/index.php\/2019\/05\/08\/wycieczka-do-krynicy-zdroju\/'>WYCIECZKA DO KRYNICY ZDROJU<\/a><\/h2><p style=\"text-align: justify;\">Dnia 25.04.2019 pojechali\u015bmy na wycieczk\u0119 klasow\u0105 do Krynicy Zdroju, Muszyny i Nowego S\u0105cza. Wsp\u00f3lnie z nami w wycieczce uczestniczy\u0142a klasa 5D oraz kilka os\u00f3b z klasy 6 i 3 gimnazjum.<\/p>\n<p style=\"text-align: justify;\">Z Tuchowa wyjechali\u015bmy o godzinie 7:30, podr\u00f3\u017c trwa\u0142a p\u00f3\u0142torej godziny. Towarzyszy\u0142 nam przewodnik- pan Piotr Firlej, kt\u00f3ry...<a href='https:\/\/sp.tuchow.pl\/index.php\/2019\/05\/08\/wycieczka-do-krynicy-zdroju\/' class='pfpReadMore'>Read More &raquo;<\/a><div class='clear'><\/div><hr><\/div><div class='pfpItem entry-content'><h2 class='entry-title'><a href='https:\/\/sp.tuchow.pl\/index.php\/2019\/05\/06\/sukces-naszych-uczniow-w-ogolnopolskiej-olimpiadzie-wiedzy-o-janie-pawle-ii-2019\/'>Sukces naszych uczni\u00f3w w Og\u00f3lnopolskiej Olimpiadzie Wiedzy o Janie Pawle II 2019<\/a><\/h2><p style=\"text-align: justify;\">W dniu 25 marca 2019 r. w polskich szko\u0142ach zosta\u0142a przeprowadzona Og\u00f3lnopolska Olimpiada wiedzy o \u015bw. Janie Pawle II \u2013 OLIMPUS. Celem olimpiady by\u0142o pog\u0142\u0119bianie wiedzy o \u017cyciu i pos\u0142udze papieskiej Jana Paw\u0142a II w\u015br\u00f3d dzieci i m\u0142odzie\u017cy szkolnej. &nbsp;Olimpiada ta by\u0142a ponadprogramowym sprawdzianem wiedzy o Wielkim Polaku.<\/p>\n<p...<a href='https:\/\/sp.tuchow.pl\/index.php\/2019\/05\/06\/sukces-naszych-uczniow-w-ogolnopolskiej-olimpiadzie-wiedzy-o-janie-pawle-ii-2019\/' class='pfpReadMore'>Read More &raquo;<\/a><div class='clear'><\/div><hr><\/div><div class='pfpItem entry-content'><h2 class='entry-title'><a href='https:\/\/sp.tuchow.pl\/index.php\/2019\/05\/06\/witaj-maj-3-maj\/'>Witaj maj, 3 maj\u2026<\/a><\/h2><p style=\"text-align: justify;\">Majowa jutrzenka zawita\u0142a w tym roku do naszej szko\u0142y wyj\u0105tkowo wcze\u015bnie. 26 kwietnia uczniowie pod opiek\u0105 nauczycieli udali si\u0119 do Domu Kultury na akademi\u0119 z okazji \u015awi\u0119ta 3 Maja. Przywita\u0142y ich d\u017awi\u0119ki poloneza \u201cPo\u017cegnanie ojczyzny\u201d Ogi\u0144skiego, zagranego pi\u0119knie na fortepianie. Narratorzy przedstawili histori\u0119 i tw\u00f3rc\u00f3w Konstytucji 3 Maja...<a href='https:\/\/sp.tuchow.pl\/index.php\/2019\/05\/06\/witaj-maj-3-maj\/' class='pfpReadMore'>Read More &raquo;<\/a><div class='clear'><\/div><hr><\/div><div class='pfpItem entry-content'><h2 class='entry-title'><a href='https:\/\/sp.tuchow.pl\/index.php\/2019\/05\/02\/doradztwo-zawodowe-w-ramach-projektu-spinka-3\/'>Doradztwo zawodowe w ramach projektu  -  \u201eSPINKA\u201d<\/a><\/h2><div>Od 1 wrze\u015bnia 2017 roku w naszej szkole dzia\u0142a Szkolny Punkt Informacji i Kariery, utworzony w ramach projektu Modernizacja Kszta\u0142cenia Zawodowego w Ma\u0142opolsce II, finansowany z funduszy unijnych.<\/div>\n<div>W ramach projektu prowadzone s\u0105 zaj\u0119cia indywidualne oraz warsztaty grupowe. Warunkiem uczestnictwa jest dostarczenie formularza zg\u0142oszenia.<\/div>\n<div>Zapraszamy do zapoznania si\u0119 z Regulaminem rekrutacji i...<a href='https:\/\/sp.tuchow.pl\/index.php\/2019\/05\/02\/doradztwo-zawodowe-w-ramach-projektu-spinka-3\/' class='pfpReadMore'>Read More &raquo;<\/a><div class='clear'><\/div><hr><\/div><div class='pfpItem entry-content'><h2 class='entry-title'><a href='https:\/\/sp.tuchow.pl\/index.php\/2019\/04\/29\/zmagania-z-poezja-wyniki-gminnego-konkursu-recytatorskiego-przyjaciele-dzieci-wierszem-do-nich-pisza\/'>Zmagania z poezj\u0105\u2026 Wyniki Gminnego Konkursu Recytatorskiego\u00a0\u201ePrzyjaciele dzieci wierszem do nich pisz\u0105\u201d<\/a><\/h2><p style=\"text-align: justify;\">W czwartkowy ciep\u0142y dzie\u0144 25 kwietnia 2019 roku dzieci z gminy Tuch\u00f3w walczy\u0142y w Gminnym Konkursie Recytatorskim \u201ePrzyjaciele dzieci wierszem do nich pisz\u0105\u201d. Po eliminacjach szkolnych nasz\u0105 szko\u0142\u0119 prezentowali: z klas I-III Alicja Mikos oraz Hubert Madejski, z klas IV- VI Jan Szary i Patrycja Szczepa\u0144ska.&nbsp;Mieli\u015bmy okazj\u0119 wys\u0142ucha\u0107...<a href='https:\/\/sp.tuchow.pl\/index.php\/2019\/04\/29\/zmagania-z-poezja-wyniki-gminnego-konkursu-recytatorskiego-przyjaciele-dzieci-wierszem-do-nich-pisza\/' class='pfpReadMore'>Read More &raquo;<\/a><div class='clear'><\/div><hr><\/div><div class='pfpItem entry-content'><h2 class='entry-title'><a href='https:\/\/sp.tuchow.pl\/index.php\/2019\/04\/29\/wycieczka-do-jasla-klasy-1b-i-1c\/'>WYCIECZKA DO JAS\u0141A KLASY 1B I 1C<\/a><\/h2><p>25 kwietnia dzieci z klasy 1b i 1c pojecha\u0142y na wycieczk\u0119 do Jas\u0142a.<\/p>\n<p style=\"text-align: justify;\">Pierwszym punktem wycieczki by\u0142o zwiedzanie Muzeum Lizaka i udzia\u0142 w warsztatach tworzenia lizak\u00f3w.<\/p>\n<p style=\"text-align: justify;\">Uczestnicy poznawali r\u00f3\u017cne smaki cukr\u00f3w, w\u0105chali zapachy, ogl\u0105dali maszyny produkuj\u0105ce karmelki. Nast\u0119pnie ka\u017cdy poczu\u0142 si\u0119 jak dziecko i wzi\u0105\u0142 udzia\u0142 w warsztatach...<a href='https:\/\/sp.tuchow.pl\/index.php\/2019\/04\/29\/wycieczka-do-jasla-klasy-1b-i-1c\/' class='pfpReadMore'>Read More &raquo;<\/a><div class='clear'><\/div><hr><\/div><div class='pfpItem entry-content'><h2 class='entry-title'><a href='https:\/\/sp.tuchow.pl\/index.php\/2019\/04\/25\/publikacja-sprawozdania-finansowego-bilansu-za-2018-rok\/'>Publikacja sprawozdania finansowego- BILANSU za 2018 rok<\/a><\/h2><p style=\"text-align: justify;\">Zgodnie z \u00a7 34 ust. 9 Rozporz\u0105dzenia Ministra Rozwoju i Finans\u00f3w z dnia 13 wrze\u015bnia&nbsp; 2017 r. w sprawie rachunkowo\u015bci oraz plan\u00f3w kont dla bud\u017cetu pa\u0144stwa, bud\u017cet\u00f3w jednostek samorz\u0105du terytorialnego, jednostek bud\u017cetowych, samorz\u0105dowych zak\u0142ad\u00f3w bud\u017cetowych, pa\u0144stwowych funduszy celowych oraz pa\u0144stwowych jednostek bud\u017cetowych maj\u0105cych siedzib\u0119 poza granicami Rzeczypospolitej Polskiej,...<a href='https:\/\/sp.tuchow.pl\/index.php\/2019\/04\/25\/publikacja-sprawozdania-finansowego-bilansu-za-2018-rok\/' class='pfpReadMore'>Read More &raquo;<\/a><div class='clear'><\/div><hr><\/div><div class='pfpItem entry-content'><h2 class='entry-title'><a href='https:\/\/sp.tuchow.pl\/index.php\/2019\/04\/16\/zyje-sie-tylko-chwile-a-czas-jest-przezroczysta-perla-wypelniona-oddechem\/'>\u201e\u017byje si\u0119 tylko chwil\u0119, a czas jest przezroczyst\u0105 per\u0142\u0105 wype\u0142nion\u0105 oddechem\u201d<\/a><\/h2><p style=\"text-align: justify;\">&nbsp; &nbsp;14 kwietnia 2019 r. &nbsp;w Niedziel\u0119 Palmow\u0105 uczniowie, rodzice oraz nauczyciele Szko\u0142y Podstawowej im. Stanis\u0142awa Staszica w Tuchowie zaprosili mieszka\u0144c\u00f3w naszego miasta na \u201eWieczornic\u0119 Wielkopostn\u0105\u201d.&nbsp;<\/p>\n<p style=\"text-align: justify;\">Ten przed\u015bwi\u0105teczny wiecz\u00f3r da\u0142 s\u0142uchaczom sposobno\u015b\u0107, aby w po\u015bpiechu codzienno\u015bci zastanowi\u0107 si\u0119 nad istot\u0105 \u017cycia i \u015bmierci, by w poetyckich strofach...<a href='https:\/\/sp.tuchow.pl\/index.php\/2019\/04\/16\/zyje-sie-tylko-chwile-a-czas-jest-przezroczysta-perla-wypelniona-oddechem\/' class='pfpReadMore'>Read More &raquo;<\/a><div class='clear'><\/div><hr><\/div><div class='pfpItem entry-content'><h2 class='entry-title'><a href='https:\/\/sp.tuchow.pl\/index.php\/2019\/04\/16\/radosc-i-smutek-dnia-czyli-o-wiosennym-wyjezdzie-do-zakopanego\/'>,,Rado\u015b\u0107 i smutek dnia \u2026\u2019\u2019, czyli o wiosennym wyje\u017adzie do Zakopanego<\/a><\/h2><p style=\"text-align: right;\"><em>S\u0142onko ga\u015bnie, dzie\u0144 si\u0119 mroczy<\/em><\/p>\n<p style=\"text-align: right;\"><em>I szczyt g\u00f3ry ju\u017c czarniejszy,<\/em><\/p>\n<p style=\"text-align: right;\"><em>A cz\u0142ek jako\u015b swobodniejszy,<\/em><\/p>\n<p style=\"text-align: right;\"><em>Ale razem i smutniejszy.<\/em><\/p>\n<p style=\"text-align: right;\"><em>Lecz weso\u0142y i ochoczy<\/em><\/p>\n<p style=\"text-align: right;\"><em>Niech nam b\u0119dzie dzie\u0144 dzisiejszy!<\/em><\/p>\n<p style=\"text-align: right;\">(\u201eHalka\u201d Stanis\u0142awa Moniuszki)<\/p>\n<p>&nbsp;<\/p>\n<p style=\"text-align: justify;\"><strong>2 kwietnia 2019 r. w siedzibie Centrum Edukacji Przyrodniczej Tatrza\u0144skiego Parku...<a href='https:\/\/sp.tuchow.pl\/index.php\/2019\/04\/16\/radosc-i-smutek-dnia-czyli-o-wiosennym-wyjezdzie-do-zakopanego\/' class='pfpReadMore'>Read More &raquo;<\/a><div class='clear'><\/div><hr><\/div><div class='pfpItem entry-content'><h2 class='entry-title'><a href='https:\/\/sp.tuchow.pl\/index.php\/2019\/04\/14\/w-kwietniu-odbyl-sie-szkolny-konkurs-recytatorski-dla-klas-i-iii\/'>W kwietniu odby\u0142 si\u0119 \u201eSzkolny Konkurs Recytatorski dla klas I-III\u201d<\/a><\/h2><p><strong><u>Celem konkursu by\u0142o<\/u><\/strong><strong> :<\/strong><\/p>\n<ul>\n<li>Kszta\u0142towanie kultury \u017cywego s\u0142owa oraz rozwijanie recytatorskich uzdolnie\u0144 dzieci.<\/li>\n<li>Wszyscy uczestnicy barwnie zaprezentowali znane i lubiane wiersze dla dzieci.<\/li>\n<\/ul>\n<p><u>&nbsp;<strong>Ocenie podlega\u0142y :<\/strong><\/u><\/p>\n<p>-dob\u00f3r repertuaru,<\/p>\n<p>&#8211; znajomo\u015b\u0107 tekstu,<\/p>\n<p>&#8211; dykcja,<\/p>\n<p>&nbsp;-interpretacja utworu,<\/p>\n<p>&nbsp;-og\u00f3lny wyraz artystyczny.<\/p>\n<p><strong><u>Jury wy\u0142oni\u0142o nast\u0119puj\u0105cych zwyci\u0119zc\u00f3w<\/u><\/strong><strong> :<\/strong><\/p>\n<p>I miejsce \u2013 Hubert Madejski &#8211; klasa 2a<\/p>\n<p>II miejsce \u2013 &nbsp;Alicja Mikos &#8211;&nbsp; klasa 3b<\/p>\n<p>III miejsce&nbsp; \u2013...<a href='https:\/\/sp.tuchow.pl\/index.php\/2019\/04\/14\/w-kwietniu-odbyl-sie-szkolny-konkurs-recytatorski-dla-klas-i-iii\/' class='pfpReadMore'>Read More &raquo;<\/a><div class='clear'><\/div><hr><\/div><div class='pfpItem entry-content'><h2 class='entry-title'><a href='https:\/\/sp.tuchow.pl\/index.php\/2019\/04\/10\/wieczornica-wielkopostna\/'>Wieczornica Wielkopostna<\/a><\/h2><p>Uczniowie, rodzice oraz nauczyciele Szko\u0142y Podstawowej w Tuchowie zapraszaj\u0105 na WIECZORNIC\u0118 WIELKOPOSTN\u0104.<\/p>\n<p>&nbsp;<\/p>\n<div class=\"fb-post\" data-href=\"http:\/\/www.facebook.com\/sptuchow\/photos\/a.1798034137132769\/2346774068925437\/?type=3&#038;theater\" data-width=\"552\" style=\"background-color: #fff; display: inline-block;\"><\/div>\n...<a href='https:\/\/sp.tuchow.pl\/index.php\/2019\/04\/10\/wieczornica-wielkopostna\/' class='pfpReadMore'>Read More &raquo;<\/a><div class='clear'><\/div><hr><\/div><div class='pfpItem entry-content'><h2 class='entry-title'><a href='https:\/\/sp.tuchow.pl\/index.php\/2019\/04\/04\/komunikat-dyrektora-szkoly-podstawowej-w-tuchowie\/'>KOMUNIKAT Dyrektora Szko\u0142y Podstawowej w Tuchowie.<\/a><\/h2><p style=\"text-align: justify;\"><span style=\"font-family: 'Times New Roman', serif;\"><span style=\"font-size: large;\">Dyrektor Szko\u0142y Podstawowej im. St. Staszica w Tuchowie informuje, \u017ce od dnia 8 kwietnia 2019 r. w szkole rozpoczyna si\u0119 strajk nauczycieli. <\/span><\/span><\/p>\n<p style=\"text-align: justify;\"><span style=\"font-family: 'Times New Roman', serif;\"><span style=\"font-size: large;\">Dyrektor szko\u0142y <span style=\"color: #222222;\">zapewnia w dniach strajku opiek\u0119 uczniom...<a href='https:\/\/sp.tuchow.pl\/index.php\/2019\/04\/04\/komunikat-dyrektora-szkoly-podstawowej-w-tuchowie\/' class='pfpReadMore'>Read More &raquo;<\/a><div class='clear'><\/div><hr><\/div><div class='pfpItem entry-content'><h2 class='entry-title'><a href='https:\/\/sp.tuchow.pl\/index.php\/2019\/04\/04\/harmonogram-dowozow-w-dniach-egzaminow-gimnazjalnych-i-osmoklasistow\/'>Harmonogram dowoz\u00f3w w dniach egzamin\u00f3w gimnazjalnych i \u00f3smoklasist\u00f3w.<\/a><\/h2><p>W dniach <strong>10, 11&nbsp; i 12 kwietnia 2019 <\/strong>&nbsp;roku uczniowie klas <strong>III-ich <\/strong>Gimnazjum pisz\u0105 egzaminy ko\u0144cowe.<\/p>\n<p>W tych&nbsp; dniach&nbsp; uczniowie Ci przychodz\u0105 do szko\u0142y na godzin\u0119<strong> 8<sup>00<\/sup><\/strong> w galowym&nbsp; stroju i udaj\u0105 si\u0119 do wyznaczonych sal.<\/p>\n<p>&nbsp;<\/p>\n<p><strong>Harmonogram dowozu:<\/strong><\/p>\n<table width=\"671\">\n<tbody>\n<tr>\n<td rowspan=\"2\" width=\"95\">dzie\u0144<\/td>\n<td colspan=\"3\" width=\"283\">dow\u00f3z<\/td>\n<td colspan=\"3\" width=\"293\">odw\u00f3z<\/td>\n<\/tr>\n<tr>\n<td width=\"96\">Wo\u0142owa<\/td>\n<td width=\"96\">Kielanowice<\/td>\n<td width=\"91\">D\u0105br\u00f3wka Tuchowska<\/td>\n<td width=\"101\">Wo\u0142owa<\/td>\n<td width=\"96\">Kielanowice<\/td>\n<td width=\"96\">D\u0105br\u00f3wka...<a href='https:\/\/sp.tuchow.pl\/index.php\/2019\/04\/04\/harmonogram-dowozow-w-dniach-egzaminow-gimnazjalnych-i-osmoklasistow\/' class='pfpReadMore'>Read More &raquo;<\/a><div class='clear'><\/div><hr><\/div><div class='pfpItem entry-content'><h2 class='entry-title'><a href='https:\/\/sp.tuchow.pl\/index.php\/2019\/04\/03\/i-gminny-konkurs-wiedzy-o-tuchowie-szlakiem-po-tuchowie-i-okolicach\/'>I Gminny Konkurs Wiedzy o Tuchowie \u201eSzlakiem po Tuchowie i okolicach\u201d<\/a><\/h2><p style=\"text-align: justify;\">4 kwietnia 2019 roku w Domu Kultury w Tuchowie odby\u0142 si\u0119 I Gminny Konkurs Wiedzy o Tuchowie \u201eSzlakiem po Tuchowie i okolicach\u201d. Edycja I zosta\u0142a po\u015bwi\u0119cona czasom legendarnym. Bardzo si\u0119 cieszymy, \u017ce na nasze zaproszenie odpowiedzia\u0142o sze\u015b\u0107 szk\u00f3\u0142. Uczestnicy wykonali pi\u0119kne prace plastyczne. W zespo\u0142ach trzyosobowych odpowiadali na...<a href='https:\/\/sp.tuchow.pl\/index.php\/2019\/04\/03\/i-gminny-konkurs-wiedzy-o-tuchowie-szlakiem-po-tuchowie-i-okolicach\/' class='pfpReadMore'>Read More &raquo;<\/a><div class='clear'><\/div><hr><\/div><div class='pfpItem entry-content'><h2 class='entry-title'><a href='https:\/\/sp.tuchow.pl\/index.php\/2019\/04\/02\/fotorelacja-ze-szkolnego-etapu-konkursu-recytatorskiego-przyjaciele-dzieci-wierszem-do-nich-pisza\/'>Fotorelacja ze Szkolnego etapu konkursu recytatorskiego Przyjaciele dzieci wierszem do nich pisz\u0105<\/a><\/h2><div class=\"fb-post\" data-href=\"http:\/\/www.facebook.com\/sptuchow\/photos\/a.2343281042608073\/2343281805941330\/?type=3&#038;theater\" data-width=\"552\" style=\"background-color: #fff; display: inline-block;\"><\/div>\n...<a href='https:\/\/sp.tuchow.pl\/index.php\/2019\/04\/02\/fotorelacja-ze-szkolnego-etapu-konkursu-recytatorskiego-przyjaciele-dzieci-wierszem-do-nich-pisza\/' class='pfpReadMore'>Read More &raquo;<\/a><div class='clear'><\/div><hr><\/div><div class='pfpItem entry-content'><h2 class='entry-title'><a href='https:\/\/sp.tuchow.pl\/index.php\/2019\/04\/01\/fotorelacja-z-wycieczki-klasy-iv-d-do-krakowa\/'>Fotorelacja z wycieczki klasy IV d do Krakowa<\/a><\/h2><div class=\"fb-post\" data-href=\"http:\/\/www.facebook.com\/sptuchow\/photos\/a.2343278229275021\/2343278445941666\/?type=3&#038;theater\" data-width=\"552\" style=\"background-color: #fff; display: inline-block;\"><\/div>\n...<a href='https:\/\/sp.tuchow.pl\/index.php\/2019\/04\/01\/fotorelacja-z-wycieczki-klasy-iv-d-do-krakowa\/' class='pfpReadMore'>Read More &raquo;<\/a><div class='clear'><\/div><hr><\/div><div class='pfpItem entry-content'><h2 class='entry-title'><a href='https:\/\/sp.tuchow.pl\/index.php\/2019\/03\/30\/gimnazjalna-droga-krzyzowa-3\/'>Droga Krzy\u017cowa tuchowskich gimnazjalist\u00f3w w Bazylice Mniejszej w Tuchowie<\/a><\/h2><p style=\"text-align: justify;\">29 marca 2019 roku uczniowie tuchowskiej Szko\u0142y Podstawowej&nbsp; przygotowali i przedstawili inscenizowan\u0105 Drog\u0119 Krzy\u017cow\u0105. Wystawiono j\u0105 ju\u017c po raz si\u00f3dmy a rozpoczyna\u0142a si\u0119 s\u0142owami Hymnu do mi\u0142o\u015bci \u201eGdybym m\u00f3wi\u0142 j\u0119zykami ludzi i anio\u0142\u00f3w a mi\u0142o\u015bci bym nie mia\u0142, sta\u0142bym si\u0119 jak mied\u017a brz\u0119cz\u0105ca\u2026\u201d gdy\u017c mi\u0142o\u015b\u0107 by\u0142a motywem przewodnim...<a href='https:\/\/sp.tuchow.pl\/index.php\/2019\/03\/30\/gimnazjalna-droga-krzyzowa-3\/' class='pfpReadMore'>Read More &raquo;<\/a><div class='clear'><\/div><hr><\/div><div class='pfpItem entry-content'><h2 class='entry-title'><a href='https:\/\/sp.tuchow.pl\/index.php\/2019\/03\/30\/wycieczka-klas-czwartych-do-krakowa\/'>Wycieczka klas czwartych do Krakowa<\/a><\/h2><p style=\"text-align: justify;\">25.03.2019 r. klasy czwarta \u201eb\u201d oraz czwarta \u201ec\u201d wyjecha\u0142y na wycieczk\u0119&nbsp;do&nbsp;Krakowa. Aby po\u0142\u0105czy\u0107 przyjemne z po\u017cytecznym wybrali\u015bmy dwa miejsca, kt\u00f3re odwiedzili\u015bmy \u2013 Muzeum Uniwersytetu Jagiello\u0144skiego Collegium Maius oraz&nbsp;Centrum Nauki i Zabawy Klockoland.<\/p>\n<p style=\"text-align: justify;\">W Collegium Maius, najstarszym budynku uniwersyteckim w Polsce uczniowie wzi\u0119li udzia\u0142 w lekcji po\u015bwi\u0119conej roli...<a href='https:\/\/sp.tuchow.pl\/index.php\/2019\/03\/30\/wycieczka-klas-czwartych-do-krakowa\/' class='pfpReadMore'>Read More &raquo;<\/a><div class='clear'><\/div><hr><\/div><div class='pfpItem entry-content'><h2 class='entry-title'><a href='https:\/\/sp.tuchow.pl\/index.php\/2019\/03\/26\/uczniowie-ze-staszica-mistrzami-ortografii\/'>Uczniowie ze Staszica mistrzami ortografii!<\/a><\/h2><p style=\"text-align: justify;\">Mi\u0142o mi poinformowa\u0107, \u017ce 25 marca 2019 roku uczniowie Szko\u0142y Podstawowej im. Stanis\u0142awa Staszica w Tuchowie wzi\u0119li udzia\u0142 w Gminnym Konkursie Ortograficznym i zdobyli w ka\u017cdej z trzech kategorii tytu\u0142 Mistrza Ortografii.<\/p>\n<p style=\"text-align: justify;\">W kategorii klasy I-III <strong>Mistrzem Ortografii zosta\u0142 Karol Szczerba z klasy 2<\/strong> B. Drugie miejsce...<a href='https:\/\/sp.tuchow.pl\/index.php\/2019\/03\/26\/uczniowie-ze-staszica-mistrzami-ortografii\/' class='pfpReadMore'>Read More &raquo;<\/a><div class='clear'><\/div><hr><\/div><div class='pfpItem entry-content'><h2 class='entry-title'><a href='https:\/\/sp.tuchow.pl\/index.php\/2019\/03\/22\/wyniki-iii-szkolnego-konkursu-recytatorskiego-im-kazimierza-karwata\/'>Wyniki III Szkolnego Konkursu Recytatorskiego im. Kazimierza Karwata<\/a><\/h2><p>Zacne Jury tegorocznego III Szkolnego Konkursu Recytatorskiego im. Kazimierza Karwata w sk\u0142adzie: Mi\u0142os\u0142awa Strzelczyk, El\u017cbieta Mo\u017adzierz oraz Anna Argasi\u0144ska po przes\u0142uchaniu 12 uczestnik\u00f3w konkursu wy\u0142oni\u0142o zwyci\u0119zc\u00f3w.<\/p>\n<p>Przyznano dwa wyr\u00f3\u017cnienia<strong>: Weronika Bandyk klasa 3c gim.&nbsp; oraz Ewa Zo\u0144 klasa 7b<\/strong><\/p>\n<p>A tak\u017ce:<\/p>\n<p><strong>&nbsp;I miejsce Kinga Barna\u015b klasa 6c<\/strong><\/p>\n<p><strong>II miejsce Jowita Grzebie\u0144 klasa 3a gim.<\/strong><\/p>\n<p><strong>III...<a href='https:\/\/sp.tuchow.pl\/index.php\/2019\/03\/22\/wyniki-iii-szkolnego-konkursu-recytatorskiego-im-kazimierza-karwata\/' class='pfpReadMore'>Read More &raquo;<\/a><div class='clear'><\/div><hr><\/div><div class='pfpItem entry-content'><h2 class='entry-title'><a href='https:\/\/sp.tuchow.pl\/index.php\/2019\/03\/20\/szkolny-konkurs-recytatorki-przyjaciele-dzieci-wierszem-do-nich-pisza\/'>SZKOLNY KONKURS RECYTATORKI \u201ePRZYJACIELE DZIECI WIERSZEM DO NICH PISZ\u0104\u201d<\/a><\/h2><p style=\"text-align: center;\"><strong>SZKOLNY KONKURS RECYTATORKI<br \/>\n\u201ePRZYJACIELE DZIECI WIERSZEM DO NICH PISZ\u0104\u201d<\/strong><\/p>\n<p style=\"text-align: left;\"><strong>I. Cele konkursu:<\/strong><\/p>\n<p>&#8211;&nbsp; upowszechnianie sztuki recytatorskiej w\u015br\u00f3d uczni\u00f3w;<\/p>\n<p>&#8211; popularyzacja poezji w\u015br\u00f3d uczni\u00f3w klas IV-VI;<\/p>\n<p>&#8211; zach\u0119canie dzieci do przezwyci\u0119\u017cania w\u0142asnej nie\u015bmia\u0142o\u015bci poprzez wyst\u0119py przed publiczno\u015bci\u0105;<\/p>\n<p>&#8211; uczenie rywalizacji w przyjemnej atmosferze.<\/p>\n<p><strong>II. Zasady uczestnictwa:<\/strong><\/p>\n<p>&#8211; konkurs przeznaczony jest dla uczni\u00f3w klas IV-...<a href='https:\/\/sp.tuchow.pl\/index.php\/2019\/03\/20\/szkolny-konkurs-recytatorki-przyjaciele-dzieci-wierszem-do-nich-pisza\/' class='pfpReadMore'>Read More &raquo;<\/a><div class='clear'><\/div><hr><\/div><div class='pfpItem entry-content'><h2 class='entry-title'><a href='https:\/\/sp.tuchow.pl\/index.php\/2019\/03\/19\/gimnazjalna-droga-krzyzowa-2\/'>Gimnazjalna Droga Krzy\u017cowa<\/a><\/h2><div class=\"fb-post\" data-href=\"http:\/\/www.facebook.com\/sptuchow\/photos\/a.1798034137132769\/2332674457002065\/?type=3&#038;theater\" data-width=\"552\" style=\"background-color: #fff; display: inline-block;\"><\/div>\n...<a href='https:\/\/sp.tuchow.pl\/index.php\/2019\/03\/19\/gimnazjalna-droga-krzyzowa-2\/' class='pfpReadMore'>Read More &raquo;<\/a><div class='clear'><\/div><hr><\/div><div class='pfpItem entry-content'><h2 class='entry-title'><a href='https:\/\/sp.tuchow.pl\/index.php\/2019\/03\/19\/iii-szkolny-konkurs-recytatorski-im-kazimierza-karwata\/'>III Szkolny Konkurs Recytatorski im. Kazimierza Karwata<\/a><\/h2><div class=\"fb-post\" data-href=\"http:\/\/www.facebook.com\/sptuchow\/photos\/a.1798034137132769\/2332671453669032\/?type=3&#038;theater\" data-width=\"552\" style=\"background-color: #fff; display: inline-block;\"><\/div>\n...<a href='https:\/\/sp.tuchow.pl\/index.php\/2019\/03\/19\/iii-szkolny-konkurs-recytatorski-im-kazimierza-karwata\/' class='pfpReadMore'>Read More &raquo;<\/a><div class='clear'><\/div><hr><\/div><div class='pfpItem entry-content'><h2 class='entry-title'><a href='https:\/\/sp.tuchow.pl\/index.php\/2019\/03\/19\/rodzina-bogiem-silna-staje-sie-sila-czlowieka-i-calego-narodu-pod-takim-haslem-odbyla-sie-tegoroczna-szesnasta-edycja-konkursu\/'>\u201eRodzina Bogiem silna staje si\u0119 si\u0142\u0105 cz\u0142owieka  i ca\u0142ego narodu\u201d \u2013 pod takim has\u0142em odby\u0142a si\u0119 tegoroczna, szesnasta edycja konkursu.<\/a><\/h2><p style=\"text-align: justify;\"><strong>14 marca w Woli Rad\u0142owskiej rozstrzygni\u0119ty zosta\u0142 konkurs &#8222;B\u0142ogos\u0142awiona Karolino \u015bwie\u0107 nam przyk\u0142adem&#8221;.<\/strong><\/p>\n<p style=\"text-align: justify;\"><u>\u201eRodzina Bogiem silna staje si\u0119 si\u0142\u0105 cz\u0142owieka&nbsp; i ca\u0142ego narodu\u201d<\/u> \u2013 pod takim has\u0142em odby\u0142a si\u0119 tegoroczna, szesnasta edycja konkursu.<\/p>\n<p style=\"text-align: justify;\">Na konkurs nap\u0142yn\u0119\u0142o \u0142\u0105cznie 596 prac \u2013 w tym 412 plastycznych i 184...<a href='https:\/\/sp.tuchow.pl\/index.php\/2019\/03\/19\/rodzina-bogiem-silna-staje-sie-sila-czlowieka-i-calego-narodu-pod-takim-haslem-odbyla-sie-tegoroczna-szesnasta-edycja-konkursu\/' class='pfpReadMore'>Read More &raquo;<\/a><div class='clear'><\/div><hr><\/div><div class='pfpItem entry-content'><h2 class='entry-title'><a href='https:\/\/sp.tuchow.pl\/index.php\/2019\/03\/18\/biblijny-konkurs-tematyczny-z-dobra-nowina-przez-zycie\/'>Biblijny Konkurs Tematyczny - Z Dobr\u0105 Nowin\u0105 przez \u017cycie<\/a><\/h2><p style=\"text-align: justify;\">Mi\u0142o nam zakomunikowa\u0107 o kolejnym sukcesie <strong>Jakuba R\u00f3\u017cyckiego, ucznia klasy VII B<\/strong>. Jakub zosta\u0142 finalist\u0105 konkursu biblijnego <strong><em>&#8222;Z Dobr\u0105 Nowin\u0105 przez \u017cycie&#8221;<\/em>.<\/strong> Przeszed\u0142 z powodzeniem ju\u017c dwa etapy kwalifikacji i zosta\u0142 jednym z 153 uczni\u00f3w dopuszczonych do fina\u0142u wojew\u00f3dzkiego. Warunkiem kwalifikacji by\u0142o uzyskanie min. 80% poprawno\u015bci w etapie...<a href='https:\/\/sp.tuchow.pl\/index.php\/2019\/03\/18\/biblijny-konkurs-tematyczny-z-dobra-nowina-przez-zycie\/' class='pfpReadMore'>Read More &raquo;<\/a><div class='clear'><\/div><hr><\/div><div class='pfpItem entry-content'><h2 class='entry-title'><a href='https:\/\/sp.tuchow.pl\/index.php\/2019\/03\/16\/turniej-szachowy-o-puchar-dyrektora-szkoly-podstawowej-w-tuchowie\/'>TURNIEJ SZACHOWY O PUCHAR DYREKTORA SZKO\u0141Y PODSTAWOWEJ W TUCHOWIE<\/a><\/h2><p style=\"text-align: justify;\">21.03.2019 r. (czwartek) odb\u0119dzie si\u0119 Turniej Szachowy o Puchar Dyrektora Szko\u0142y Podstawowej w Tuchowie.&nbsp;Rozpocz\u0119cie gry o godzinie 10.00 w sali nr 24. Rozgrywki odb\u0119d\u0105 si\u0119 w ka\u017cdej kategorii wiekowej. Zapraszamy wszystkich ch\u0119tnych ,,starszych i m\u0142odszych!\u201d Osoby zainteresowane proszone s\u0105 o zapisy u Pani Anny Janto\u0144 w hali MOSiR.<\/p>\n...<a href='https:\/\/sp.tuchow.pl\/index.php\/2019\/03\/16\/turniej-szachowy-o-puchar-dyrektora-szkoly-podstawowej-w-tuchowie\/' class='pfpReadMore'>Read More &raquo;<\/a><div class='clear'><\/div><hr><\/div><div class='pfpItem entry-content'><h2 class='entry-title'><a href='https:\/\/sp.tuchow.pl\/index.php\/2019\/03\/11\/inaczej-ciekawiej-z-usmiechem-na-twarzy-kalendarz-swiat-nietypowych-w-klasie-1b\/'>Inaczej, ciekawiej z u\u015bmiechem na twarzy Kalendarz \u015bwi\u0105t nietypowych w klasie 1b.<\/a><\/h2><p style=\"text-align: justify;\">Po feriach zimowych do klasy 1b zosta\u0142 wprowadzony kalendarz obchod\u00f3w \u015bwi\u0105t nietypowych, kt\u00f3ry pozwala na uatrakcyjnienie pracy z dzie\u0107mi, sprzyja wszechstronnemu rozwojowi uczni\u00f3w, pozwala tw\u00f3rczo i kreatywnie dzia\u0142a\u0107.<\/p>\n<p style=\"text-align: justify;\">Pierwszego dnia lutego przy wej\u015bciu do sali lekcyjnej nr 37 pojawi\u0142y si\u0119 kartki z kalendarza ze \u015bwi\u0119tami nietypowymi na...<a href='https:\/\/sp.tuchow.pl\/index.php\/2019\/03\/11\/inaczej-ciekawiej-z-usmiechem-na-twarzy-kalendarz-swiat-nietypowych-w-klasie-1b\/' class='pfpReadMore'>Read More &raquo;<\/a><div class='clear'><\/div><hr><\/div><div class='pfpItem entry-content'><h2 class='entry-title'><a href='https:\/\/sp.tuchow.pl\/index.php\/2019\/03\/10\/jedna-jaskolka-nie-czyni-wiosny-czyli-o-konkursie-gramatycznym\/'>Jedna jask\u00f3\u0142ka nie czyni wiosny, czyli o konkursie gramatycznym.<\/a><\/h2><p style=\"text-align: justify;\"><strong>21 lutego przypada Mi\u0119dzynarodowy Dzie\u0144 J\u0119zyka Ojczystego. Zosta\u0142 on ustanowiony przez UNESCO w 1999 r. dla upami\u0119tnienia wydarze\u0144 maj\u0105cych miejsce w 1952 r. w miejscowo\u015bci Dhaka, obecnej stolicy Bangladeszu. <\/strong><\/p>\n<p style=\"text-align: justify;\">Zgin\u0119\u0142o wtedy 5 student\u00f3w, kt\u00f3rzy domagali si\u0119 nadania j\u0119zykowi bengalskiemu statusu urz\u0119dowego. Dzie\u0144 ten ma na celu...<a href='https:\/\/sp.tuchow.pl\/index.php\/2019\/03\/10\/jedna-jaskolka-nie-czyni-wiosny-czyli-o-konkursie-gramatycznym\/' class='pfpReadMore'>Read More &raquo;<\/a><div class='clear'><\/div><hr><\/div><div class='pfpItem entry-content'><h2 class='entry-title'><a href='https:\/\/sp.tuchow.pl\/index.php\/2019\/03\/10\/wielka-liga-czytelnikow-uczniowie-klasy-iii-a-sp-na-podium-w-etapie-powiatowym\/'>\u201eWielka Liga Czytelnik\u00f3w\u201d- uczniowie klasy III a SP na podium w etapie powiatowym.<\/a><\/h2><p style=\"text-align: justify;\"><span style=\"color: #ff0000;\">Mi\u0142o nam poinformowa\u0107 o imponuj\u0105cym osi\u0105gni\u0119ciu uczni\u00f3w klasy III a<\/span>.<\/p>\n<p style=\"text-align: justify;\"><span style=\"color: #008000;\"><strong>Antoni R\u00f3\u017cycki, Borys R\u00f3\u017cycki<\/strong>, <strong>Oliwia Bodzioch<\/strong>, reprezentowali nasz\u0105 szko\u0142\u0119 w powiatowym etapie IV Og\u00f3lnopolskiego&nbsp; Konkursu&nbsp; Czytelniczego \u201eWielka Liga Czytelnik\u00f3w&#8221; i zdobyli <strong><u>II miejsce w powiecie tarnowskim.<\/u><\/strong><\/span><\/p>\n<p style=\"text-align: justify;\">Uczniom gratulujemy zdobycia tak wysokiego miejsca,...<a href='https:\/\/sp.tuchow.pl\/index.php\/2019\/03\/10\/wielka-liga-czytelnikow-uczniowie-klasy-iii-a-sp-na-podium-w-etapie-powiatowym\/' class='pfpReadMore'>Read More &raquo;<\/a><div class='clear'><\/div><hr><\/div><div class='pfpItem entry-content'><h2 class='entry-title'><a href='https:\/\/sp.tuchow.pl\/index.php\/2019\/03\/10\/szkolny-konkurs-ortograficzny-dla-klas-ii-i-iii-szkoly-podstawowej-2\/'>Szkolny Konkurs Ortograficzny dla klas II\u00a0 i\u00a0 III\u00a0 Szko\u0142y Podstawowej.<\/a><\/h2><p style=\"text-align: justify;\">W pi\u0105tek 8 marca w naszej szkole odby\u0142 si\u0119 Szkolny Konkurs Ortograficzny dla klas II i III. W konkursie wzi\u0119\u0142o udzia\u0142 dziesi\u0119ciu uczestnik\u00f3w, po dw\u00f3ch reprezentant\u00f3w z ka\u017cdej klasy, kt\u00f3rzy wy\u0142onieni zostali w eliminacjach klasowych.<\/p>\n<p style=\"text-align: justify;\">&nbsp;Uczestnicy zmierzyli si\u0119 z wyj\u0105tkowo trudnym dyktandem i wykazali du\u017c\u0105 znajomo\u015bci\u0105 zasad...<a href='https:\/\/sp.tuchow.pl\/index.php\/2019\/03\/10\/szkolny-konkurs-ortograficzny-dla-klas-ii-i-iii-szkoly-podstawowej-2\/' class='pfpReadMore'>Read More &raquo;<\/a><div class='clear'><\/div><hr><\/div><div class='pfpItem entry-content'><h2 class='entry-title'><a href='https:\/\/sp.tuchow.pl\/index.php\/2019\/03\/09\/wyjazd-na-narty-do-laskowej-odwolany\/'>Wyjazd na narty do Laskowej ODWO\u0141ANY<\/a><\/h2><p>Jutrzejszy (niedziela, 10 marca) wyjazd na narty zostaje odwo\u0142any z powodu zamkni\u0119cia stacji narciarskiej Laskowa.<\/p>\n...<a href='https:\/\/sp.tuchow.pl\/index.php\/2019\/03\/09\/wyjazd-na-narty-do-laskowej-odwolany\/' class='pfpReadMore'>Read More &raquo;<\/a><div class='clear'><\/div><hr><\/div><div class='pfpItem entry-content'><h2 class='entry-title'><a href='https:\/\/sp.tuchow.pl\/index.php\/2019\/03\/08\/rekolekcje-wielkopostne-harmonogram\/'>REKOLEKCJE WIELKOPOSTNE - harmonogram<\/a><\/h2><p style=\"text-align: justify;\">W dniach 11 \u201313 marca 2019 r. uczniowie naszej szko\u0142y bior\u0105 udzia\u0142 w Rekolekcjach Wielkopostnych wg harmonogramu:<\/p>\n<p><strong>KLASY I-III<\/strong><\/p>\n<p>&nbsp;&nbsp;&nbsp;&nbsp;&nbsp; <strong>11 marca 2019 r. (poniedzia\u0142ek) klasy I \u2013 III \u2013&nbsp; Parafia w. Jakuba<\/strong><\/p>\n<p>8:00 \u2013 Spotkanie z wychowawcami. (sprawdzenie obecno\u015bci, pogadanka na temat bezpiecze\u0144stwa i zachowania si\u0119 podczas rekolekcji).<\/p>\n<p>8:30 \u2013 10:25...<a href='https:\/\/sp.tuchow.pl\/index.php\/2019\/03\/08\/rekolekcje-wielkopostne-harmonogram\/' class='pfpReadMore'>Read More &raquo;<\/a><div class='clear'><\/div><hr><\/div><div class='pfpItem entry-content'><h2 class='entry-title'><a href='https:\/\/sp.tuchow.pl\/index.php\/2019\/03\/08\/nabor-klasy-pierwszej-sportowej-o-profilu-ogolnorozwojowym-w-roku-szkolnym-20192020\/'>Nab\u00f3r do KLASY PIERWSZEJ sportowej o profilu og\u00f3lnorozwojowym w roku szkolnym 2019\/2020<\/a><\/h2><p style=\"text-align: justify;\">Dyrektor Szko\u0142y Podstawowej im. St. Staszica w Tuchowie og\u0142asza nab\u00f3r uczni\u00f3w (ur. 2012 r. i m\u0142odszych) do KLASY PIERWSZEJ sportowej o profilu og\u00f3lnorozwojowym w roku szkolnym 2019\/2020<\/p>\n<p>&nbsp;<\/p>\n<div class=\"fb-video\" data-allowfullscreen=\"true\" data-href=\"http:\/\/www.facebook.com\/sptuchow\/videos\/571845079985414\/\" style=\"background-color: #fff; display: inline-block;\"><\/div>\n...<a href='https:\/\/sp.tuchow.pl\/index.php\/2019\/03\/08\/nabor-klasy-pierwszej-sportowej-o-profilu-ogolnorozwojowym-w-roku-szkolnym-20192020\/' class='pfpReadMore'>Read More &raquo;<\/a><div class='clear'><\/div><hr><\/div><div class='pfpItem entry-content'><h2 class='entry-title'><a href='https:\/\/sp.tuchow.pl\/index.php\/2019\/03\/06\/pamieci-zolnierzy-wykletych\/'>Pami\u0119ci \u017bo\u0142nierzy Wykl\u0119tych<\/a><\/h2><p style=\"text-align: justify;\">4 marca uczniowie naszej szko\u0142y pod opiek\u0105 Bernadety Baran i Ryszarda Wrony wzi\u0119li udzia\u0142 w Pieszym Rajdzie Tropem Wilczym Pami\u0119ci \u017bo\u0142nierzy Wykl\u0119tych. Na zaproszenie organizatora tj. Szko\u0142y Podstawowej im. Kardyna\u0142a Stefana Wyszy\u0144skiego w Siedliskach odpowiedzia\u0142o du\u017co grup z okolicznych szk\u00f3\u0142. Punktem zbiorczym by\u0142 cmentarz nr 158 na Garbku...<a href='https:\/\/sp.tuchow.pl\/index.php\/2019\/03\/06\/pamieci-zolnierzy-wykletych\/' class='pfpReadMore'>Read More &raquo;<\/a><div class='clear'><\/div><hr><\/div><div class='pfpItem entry-content'><h2 class='entry-title'><a href='https:\/\/sp.tuchow.pl\/index.php\/2019\/03\/05\/i-gminny-konkurs-piosenki-angielskiej-everybody-can-sing\/'>I Gminny Konkurs Piosenki Angielskiej \u201eEverybody can sing\u201d<\/a><\/h2><p style=\"text-align: justify;\">4 marca 2019 r. w Domu Kultury w Tuchowie odby\u0142 si\u0119 <strong>I Gminny Konkurs Piosenki Angielskiej<\/strong> <em>\u201eEverybody can sing\u201d,<\/em> zorganizowany przez nauczycieli j\u0119zyka angielskiego ze Szko\u0142y Podstawowej im. Stanis\u0142awa Staszica w Tuchowie.<\/p>\n<p style=\"text-align: justify;\">Do konkursu zg\u0142oszono 25 utwor\u00f3w. Piosenki prezentowali uczniowie z 7 szk\u00f3\u0142 naszej gminy. Poziom by\u0142...<a href='https:\/\/sp.tuchow.pl\/index.php\/2019\/03\/05\/i-gminny-konkurs-piosenki-angielskiej-everybody-can-sing\/' class='pfpReadMore'>Read More &raquo;<\/a><div class='clear'><\/div><hr><\/div><div class='pfpItem entry-content'><h2 class='entry-title'><a href='https:\/\/sp.tuchow.pl\/index.php\/2019\/02\/28\/rekrutacja-do-klas-i-szkoly-podstawowej-im-stanislawa-staszica-w-tuchowie-rok-szkolny-20192020\/'>Rekrutacja do klas I Szko\u0142y Podstawowej im. Stanis\u0142awa Staszica  w Tuchowie  rok szkolny 2019\/2020<\/a><\/h2><p style=\"text-align: justify;\">Dyrektor Szko\u0142y Podstawowej im. Stanis\u0142awa Staszica w Tuchowie informuje, \u017ce zapisy do klasy pierwszej przyjmowane b\u0119d\u0105 <strong>od 01 marca 2019 r. do 29 marca 2019 r.<\/strong><\/p>\n<p style=\"text-align: justify;\">Zg\u0142oszenia dla uczni\u00f3w z obwodu szko\u0142y (tj. Tuch\u00f3w, Meszna Opacka)&nbsp; oraz wnioski dla kandydat\u00f3w spoza obwodu nale\u017cy pobra\u0107 w sekretariacie szko\u0142y&nbsp;&nbsp;lub&nbsp;ze&nbsp;strony...<a href='https:\/\/sp.tuchow.pl\/index.php\/2019\/02\/28\/rekrutacja-do-klas-i-szkoly-podstawowej-im-stanislawa-staszica-w-tuchowie-rok-szkolny-20192020\/' class='pfpReadMore'>Read More &raquo;<\/a><div class='clear'><\/div><hr><\/div><div class='pfpItem entry-content'><h2 class='entry-title'><a href='https:\/\/sp.tuchow.pl\/index.php\/2019\/02\/28\/we-wnetrzu-u-wawelskiego-wzgorza-podobno-mieszkal-potezny-smok-czyli-o-szkolnym-konkursie-ortograficznym\/'>We wn\u0119trzu u wawelskiego wzg\u00f3rza podobno mieszka\u0142 pot\u0119\u017cny smok, czyli o Szkolnym Konkursie Ortograficznym<\/a><\/h2><p style=\"text-align: justify;\">28 lutego 2019 roku odby\u0142 si\u0119 Szkolny Konkurs Ortograficzny dla klas IV \u2013 VI. Wzi\u0119\u0142o w nim udzia\u0142 12 uczni\u00f3w, wy\u0142onionych w eliminacjach klasowych.<\/p>\n<p style=\"text-align: justify;\">Znawcy ortografii pisali dyktando ze s\u0142uchu. Pomys\u0142 na tegoroczne dyktando znalaz\u0142am w \u0107wiczeniach ,,J\u0119zyk polski 6. Ortografia\u2019\u2019.<\/p>\n<p style=\"text-align: justify;\">Oto fragment: <em>Gdy nie z\u0142o\u017cono...<a href='https:\/\/sp.tuchow.pl\/index.php\/2019\/02\/28\/we-wnetrzu-u-wawelskiego-wzgorza-podobno-mieszkal-potezny-smok-czyli-o-szkolnym-konkursie-ortograficznym\/' class='pfpReadMore'>Read More &raquo;<\/a><div class='clear'><\/div><hr><\/div><div class='pfpItem entry-content'><h2 class='entry-title'><a href='https:\/\/sp.tuchow.pl\/index.php\/2019\/02\/28\/wielka-podroz-z-mapa\/'>Wielka podr\u00f3\u017c z map\u0105.<\/a><\/h2><p style=\"text-align: justify;\">Uczniowie klas 1 \u2013 3 wyruszyli z wydawnictwem WSiP w wielk\u0105 podr\u00f3\u017c po Polsce.<\/p>\n<p style=\"text-align: justify;\">Od lutego wszystkie klasy bior\u0105 udzia\u0142 w akcji WIELKA MAPA POLSKI, kt\u00f3rej celem jest og\u00f3lnopolska wymiana poczt\u00f3wkowa pomi\u0119dzy klasami 1 \u2013 3 w ca\u0142ej Polsce.<\/p>\n<p style=\"text-align: justify;\">Dzieci rozpocz\u0119\u0142y przygod\u0119 z map\u0105, na kt\u00f3rej...<a href='https:\/\/sp.tuchow.pl\/index.php\/2019\/02\/28\/wielka-podroz-z-mapa\/' class='pfpReadMore'>Read More &raquo;<\/a><div class='clear'><\/div><hr><\/div><div class='pfpItem entry-content'><h2 class='entry-title'><a href='https:\/\/sp.tuchow.pl\/index.php\/2019\/02\/27\/warsztaty-ekologiczne-z-zakresu-ochrony-srodowiska\/'>Warsztaty ekologiczne z zakresu ochrony \u015brodowiska.<\/a><\/h2><p style=\"text-align: justify;\">W dniu 15 lutego 2019 roku w Tuchowie w Domu Kultury odby\u0142y si\u0119 warsztaty ekologiczne z zakresu ochrony \u015brodowiska i przeciwdzia\u0142ania niekorzystnym zmianom klimatu dla uczni\u00f3w szko\u0142y&nbsp; podstawowej. Wzi\u0119\u0142y z nich udzia\u0142 klasa II a i II c wraz z wychowawcami.&nbsp;<\/p>\n<p style=\"text-align: justify;\">Zaj\u0119cia po\u015bwiecone by\u0142y nast\u0119puj\u0105cym zagadnieniom:<\/p>\n<p style=\"text-align:...<a href='https:\/\/sp.tuchow.pl\/index.php\/2019\/02\/27\/warsztaty-ekologiczne-z-zakresu-ochrony-srodowiska\/' class='pfpReadMore'>Read More &raquo;<\/a><div class='clear'><\/div><hr><\/div><div class='pfpItem entry-content'><h2 class='entry-title'><a href='https:\/\/sp.tuchow.pl\/index.php\/2019\/02\/26\/eliminacje-do-i-gminnego-konkursu-piosenki-angielskiej-everybody-can-sing\/'>Eliminacje do I Gminnego Konkursu Piosenki Angielskiej \u201eEverybody can sing\u201d<\/a><\/h2><p style=\"text-align: justify;\">26.02.2019 odby\u0142y si\u0119 szkolne eliminacje do I Gminnego Konkursu Piosenki Angielskiej \u201eEverybody can sing\u201d.<\/p>\n<p style=\"text-align: justify;\">Jury, w sk\u0142adzie: p. Katarzyna Stelmach i p. Wies\u0142aw Cie\u015bla, wys\u0142ucha\u0142o 24 utwor\u00f3w. Po obradach, jury wy\u0142oni\u0142o po 2 zwyci\u0119zc\u00f3w z ka\u017cdej grupy wiekowej.<\/p>\n<p style=\"text-align: justify;\">Na etapie gminnym, kt\u00f3ry odb\u0119dzie si\u0119 4.03.2019,&nbsp; nasz\u0105...<a href='https:\/\/sp.tuchow.pl\/index.php\/2019\/02\/26\/eliminacje-do-i-gminnego-konkursu-piosenki-angielskiej-everybody-can-sing\/' class='pfpReadMore'>Read More &raquo;<\/a><div class='clear'><\/div><hr><\/div><div class='pfpItem entry-content'><h2 class='entry-title'><a href='https:\/\/sp.tuchow.pl\/index.php\/2019\/02\/25\/spotkanie-o-smogu-i-spot-promocyjny\/'>Spotkanie o SMOGU i spot promocyjny.<\/a><\/h2><p><strong>ZAPRASZAMY NA SPOTKANIE o SMOGU, kt\u00f3re odb\u0119dzie si\u0119&nbsp;<\/strong><strong>27 lutego \/\u015broda\/ o g. 17:00, Dom Kultury w Tuchowie, przy&nbsp; ul. Chopina 10&nbsp; Sala Widowiskowa.<\/strong><\/p>\n<div class=\"jetpack-video-wrapper\"><iframe loading=\"lazy\" title=\"ESA SPOT \u2013 tak chc\u0119 \u017cy\u0107\" width=\"800\" height=\"450\" src=\"https:\/\/www.youtube.com\/embed\/OiVSEMYlG0w?feature=oembed\" frameborder=\"0\" allow=\"accelerometer; autoplay; clipboard-write; encrypted-media; gyroscope; picture-in-picture; web-share\" referrerpolicy=\"strict-origin-when-cross-origin\" allowfullscreen><\/iframe><\/div>\n...<a href='https:\/\/sp.tuchow.pl\/index.php\/2019\/02\/25\/spotkanie-o-smogu-i-spot-promocyjny\/' class='pfpReadMore'>Read More &raquo;<\/a><div class='clear'><\/div><hr><\/div><div class='pfpItem entry-content'><h2 class='entry-title'><a href='https:\/\/sp.tuchow.pl\/index.php\/2019\/02\/25\/konkurs-filmowy-mlodzi-patrioci-xxi-wieku-czesc-ii\/'>Konkurs filmowy: \u201eM\u0142odzi Patrioci XXI wieku. Cz\u0119\u015b\u0107 II\u201d.<\/a><\/h2><p style=\"text-align: justify;\">W zwi\u0105zku niedawno obchodzon\u0105 setn\u0105 rocznic\u0105 odzyskania przez Polsk\u0119 niepodleg\u0142o\u015bci, zach\u0119camy uczni\u00f3w <strong>klas IV \u2013 VIII oraz gimnazjum<\/strong> do wzi\u0119cia udzia\u0142u w konkursie filmowym pt.&nbsp;<strong>\u201eM\u0142odzi Patrioci XXI wieku.&nbsp;<\/strong><strong>Cz\u0119\u015b\u0107 II\u201d.<\/strong><\/p>\n<div class=\"fb-post\" data-href=\"http:\/\/www.facebook.com\/sptuchow\/photos\/a.2319829804953197\/2319829828286528\/?type=3&#038;theater\" data-width=\"552\" style=\"background-color: #fff; display: inline-block;\"><\/div>\n...<a href='https:\/\/sp.tuchow.pl\/index.php\/2019\/02\/25\/konkurs-filmowy-mlodzi-patrioci-xxi-wieku-czesc-ii\/' class='pfpReadMore'>Read More &raquo;<\/a><div class='clear'><\/div><hr><\/div><div class='pfpItem entry-content'><h2 class='entry-title'><a href='https:\/\/sp.tuchow.pl\/index.php\/2019\/02\/25\/konkursie-wiedzy-szlakiem-po-tuchowie-i-okolicach-edycja-i-czasy-legendarne\/'>KONKURSIE WIEDZY  \u201eSzlakiem po Tuchowie i okolicach\u201d  Edycja I. Czasy legendarne<\/a><\/h2><p style=\"text-align: justify;\"><strong>SZKO\u0141A PODSTAWOWA im. Stanis\u0142awa Staszica i&nbsp;<\/strong><strong>DOM KULTURY w Tuchowie&nbsp;<\/strong><strong>zapraszaj\u0105 do udzia\u0142u&nbsp;<\/strong><strong>w&nbsp;<\/strong><strong>KONKURSIE WIEDZY&nbsp;<\/strong><strong>\u201eSzlakiem po Tuchowie i okolicach\u201d&nbsp;<\/strong><strong>Edycja I. Czasy legendarne<\/strong><\/p>\n<div class=\"fb-post\" data-href=\"http:\/\/www.facebook.com\/sptuchow\/photos\/a.2319827631620081\/2319827641620080\/?type=3&#038;theater\" data-width=\"552\" style=\"background-color: #fff; display: inline-block;\"><\/div>\n...<a href='https:\/\/sp.tuchow.pl\/index.php\/2019\/02\/25\/konkursie-wiedzy-szlakiem-po-tuchowie-i-okolicach-edycja-i-czasy-legendarne\/' class='pfpReadMore'>Read More &raquo;<\/a><div class='clear'><\/div><hr><\/div><div class='pfpItem entry-content'><h2 class='entry-title'><a href='https:\/\/sp.tuchow.pl\/index.php\/2019\/02\/25\/wyniki-szkolnego-etapu-konkursu-wiedzy-o-tuchowie-szlakiem-po-tuchowie-i-okolicach\/'>Wyniki szkolnego etapu Konkursu Wiedzy o Tuchowie \u201eSzlakiem po Tuchowie i okolicach\u201d.<\/a><\/h2><p style=\"text-align: justify;\">21 lutego 2019 roku odby\u0142 si\u0119 szkolny etap Konkursu Wiedzy o Tuchowie \u201eSzlakiem po Tuchowie i okolicach\u201d. Pi\u0119tnastu uczni\u00f3w klas czwartych oraz pi\u0105tych przyst\u0105pi\u0142o do testu, kt\u00f3ry dotyczy\u0142 najbardziej znanych legend pa\u0144stwa polskiego. Mi\u0142o nam poinformowa\u0107, \u017ce do kolejnego etapu zakwalifikowali si\u0119:<\/p>\n<p>Mateusz Wilga ucze\u0144 klasy IV c \u2013...<a href='https:\/\/sp.tuchow.pl\/index.php\/2019\/02\/25\/wyniki-szkolnego-etapu-konkursu-wiedzy-o-tuchowie-szlakiem-po-tuchowie-i-okolicach\/' class='pfpReadMore'>Read More &raquo;<\/a><div class='clear'><\/div><hr><\/div><div class='pfpItem entry-content'><h2 class='entry-title'><a href='https:\/\/sp.tuchow.pl\/index.php\/2019\/02\/18\/zapraszamy-na-spotkanie-o-smogu\/'>ZAPRASZAMY NA SPOTKANIE o SMOGU<\/a><\/h2><div class=\"fb-post\" data-href=\"http:\/\/www.facebook.com\/sptuchow\/photos\/a.1798034137132769\/2315452482057596\/?type=3&#038;theater\" data-width=\"552\" style=\"background-color: #fff; display: inline-block;\"><\/div>\n...<a href='https:\/\/sp.tuchow.pl\/index.php\/2019\/02\/18\/zapraszamy-na-spotkanie-o-smogu\/' class='pfpReadMore'>Read More &raquo;<\/a><div class='clear'><\/div><hr><\/div><div class='pfpItem entry-content'><h2 class='entry-title'><a href='https:\/\/sp.tuchow.pl\/index.php\/2019\/02\/17\/dobro-zawsze-wraca-do-czlowieka-spotkanie-podopiecznych-stowarzyszenia-nadzieja-w-szkole-podstawowej-im-stanislawa-staszica-w-tuchowie\/'>Dobro zawsze wraca do cz\u0142owieka\u2026 spotkanie podopiecznych Stowarzyszenia \u201eNadzieja\u201d w Szkole Podstawowej im. Stanis\u0142awa Staszica w Tuchowie.<\/a><\/h2><p style=\"text-align: justify;\">Szko\u0142a Podstawowa im. Stanis\u0142awa Staszica w Tuchowie wsp\u00f3\u0142pracuje ze Stowarzyszeniem Rodzic\u00f3w i Przyjaci\u00f3\u0142 Os\u00f3b Niepe\u0142nosprawnych \u201eNadzieja\u201d w Tuchowie. Pierwsze spotkanie organizacyjne rozpoczynaj\u0105ce wsp\u00f3\u0142prac\u0119 odby\u0142o si\u0119 w szkole 07.02.2000 roku. Nieformalnie pomagali\u015bmy sobie od 1997 roku. Spotykamy si\u0119 na karnawa\u0142owych balach integracyjnych, pocz\u0105tkowo jeszcze spotkaniach ze \u015awi\u0119tym Miko\u0142ajem, przygotowujemy...<a href='https:\/\/sp.tuchow.pl\/index.php\/2019\/02\/17\/dobro-zawsze-wraca-do-czlowieka-spotkanie-podopiecznych-stowarzyszenia-nadzieja-w-szkole-podstawowej-im-stanislawa-staszica-w-tuchowie\/' class='pfpReadMore'>Read More &raquo;<\/a><div class='clear'><\/div><hr><\/div><div class='pfpItem entry-content'><h2 class='entry-title'><a href='https:\/\/sp.tuchow.pl\/index.php\/2019\/02\/17\/wyniki-konkursu-dzien-bezpiecznego-internetu\/'>Wyniki konkursu \"DZIE\u0143 BEZPIECZNEGO INTERNETU\"<\/a><\/h2><p style=\"text-align: justify;\">W Szkole Podstawowej im. St. Staszica w Tuchowie zosta\u0142 zorganizowany szkolny konkurs plastyczny pod has\u0142em: Dzie\u0144 Bezpiecznego Internetu. Do konkursu zg\u0142oszono 18 prac plastycznych z klas 4-6.<\/p>\n<p style=\"text-align: justify;\">Rozstrzygni\u0119cie konkursu nast\u0105pi\u0142o 14 lutego 2019. W sk\u0142ad komisji wchodzi\u0142y: p. Aneta Dynak, p. Beata Gut-Lisak, p. Alicja Szpak. Komisja...<a href='https:\/\/sp.tuchow.pl\/index.php\/2019\/02\/17\/wyniki-konkursu-dzien-bezpiecznego-internetu\/' class='pfpReadMore'>Read More &raquo;<\/a><div class='clear'><\/div><hr><\/div><div class='pfpItem entry-content'><h2 class='entry-title'><a href='https:\/\/sp.tuchow.pl\/index.php\/2019\/02\/05\/wielka-liga-czytelnikow\/'>Wielka Liga Czytelnik\u00f3w<\/a><\/h2><p>W bie\u017c\u0105cym roku szkolnym nasza szko\u0142a po raz pierwszy przyst\u0105pi\u0142a do IV Og\u00f3lnopolskiego Konkursu \u201eWielka Liga Czytelnik\u00f3w\u201d.&nbsp; Konkurs skierowany jest do <strong>uczni\u00f3w klas 1-8 oraz ich rodzic\u00f3w<\/strong><strong>. <\/strong>Ma on na celu zach\u0119cenie m\u0142odego pokolenia do czytania ksi\u0105\u017cek przez wsp\u00f3lne czytanie dzieci wraz z rodzicami. Celem konkursu jest r\u00f3wnie\u017c wy\u0142onienie najlepszych...<a href='https:\/\/sp.tuchow.pl\/index.php\/2019\/02\/05\/wielka-liga-czytelnikow\/' class='pfpReadMore'>Read More &raquo;<\/a><div class='clear'><\/div><hr><\/div><div class='pfpItem entry-content'><h2 class='entry-title'><a href='https:\/\/sp.tuchow.pl\/index.php\/2019\/02\/04\/iv-ogolnopolski-konkurs-czytelniczy-wielka-liga-czytelnikow\/'>IV Og\u00f3lnopolski Konkurs Czytelniczy \"Wielka Liga Czytelnik\u00f3w\"<\/a><\/h2><p style=\"text-align: justify;\">W Og\u00f3lnopolskim&nbsp; Konkursie Czytelniczym &#8222;Wielka Liga Czytelnik\u00f3w&#8221;, kt\u00f3rego etap szkolno-biblioteczny&nbsp; trwa\u0142 od pocz\u0105tku grudnia do ko\u0144ca stycznia,&nbsp; w kategorii wiekowej klas I- IV, &nbsp;wzi\u0119\u0142o udzia\u0142 <strong>26 uczni\u00f3w.<\/strong><\/p>\n<p style=\"text-align: justify;\">Ich zadaniem by\u0142o przeczytanie sze\u015bciu ksi\u0105\u017cek i rozwi\u0105zanie do ka\u017cdej z nich szczeg\u00f3\u0142owego testu.<\/p>\n<p style=\"text-align: justify;\">Warunkiem zaliczenia, by\u0142o uzyskanie minimum...<a href='https:\/\/sp.tuchow.pl\/index.php\/2019\/02\/04\/iv-ogolnopolski-konkurs-czytelniczy-wielka-liga-czytelnikow\/' class='pfpReadMore'>Read More &raquo;<\/a><div class='clear'><\/div><hr><\/div><div class='pfpItem entry-content'><h2 class='entry-title'><a href='https:\/\/sp.tuchow.pl\/index.php\/2019\/02\/03\/wyniki-konkursow-ogolnopolskich-z-jezyka-angielskiego\/'>Wyniki konkurs\u00f3w og\u00f3lnopolskich z j\u0119zyka angielskiego<\/a><\/h2><p style=\"text-align: justify;\">Dnia 10.01.2019 odby\u0142y si\u0119 w naszej szkole 2 konkursy og\u00f3lnopolskie zorganizowane przez Centrum Edukacji Ego Partum: Konkurs \u201eUpside Down\u201d dla uczniow klas 4 oraz \u201eSounds like English\u201d dla uczni\u00f3w klas 7.<\/p>\n<p>Mi\u0142o nam poinformowa\u0107, \u017ce najlepsze wyniki uzyskali:<\/p>\n<p>Klasa 4:<\/p>\n<p><strong>Emilia Micha\u0142ek, klasa 4d<\/strong> \u2013 laureatka <strong>3 miejsca<\/strong> w skali kraju...<a href='https:\/\/sp.tuchow.pl\/index.php\/2019\/02\/03\/wyniki-konkursow-ogolnopolskich-z-jezyka-angielskiego\/' class='pfpReadMore'>Read More &raquo;<\/a><div class='clear'><\/div><hr><\/div><div class='pfpItem entry-content'><h2 class='entry-title'><a href='https:\/\/sp.tuchow.pl\/index.php\/2019\/01\/28\/konkursy-historyczne\/'>Konkursy historyczne<\/a><\/h2><p>Zapraszamy do udzia\u0142u w konkursach historycznych:<\/p>\n<p><strong>I. &#8222;Szlakiem po Tuchowie i okolicach&#8221;<\/strong><\/p>\n<div class=\"fb-post\" data-href=\"http:\/\/www.facebook.com\/sptuchow\/photos\/a.2301453743457470\/2301453780124133\/?type=3&#038;theater\" data-width=\"552\" style=\"background-color: #fff; display: inline-block;\"><\/div>\n<p><strong>II. \u201eEpizody z najnowszej historii Polski w komiksie\u201d.<\/strong><\/p>\n<p>Zapraszamy uczni\u00f3w klas V \u2013 VIII oraz gimnazjum do udzia\u0142u w og\u00f3lnopolskim konkursie organizowanym przez <strong>Instytut Pami\u0119ci Narodowej <\/strong><\/p>\n<ol>\n<li><strong>Cele konkursu: <\/strong><\/li>\n<\/ol>\n<ul>\n<li>Zainteresowanie uczni\u00f3w histori\u0105 Polski z lat:...<a href='https:\/\/sp.tuchow.pl\/index.php\/2019\/01\/28\/konkursy-historyczne\/' class='pfpReadMore'>Read More &raquo;<\/a><div class='clear'><\/div><hr><\/div><div class='pfpItem entry-content'><h2 class='entry-title'><a href='https:\/\/sp.tuchow.pl\/index.php\/2019\/01\/28\/szkolny-klub-gier-planszowych\/'>Szkolny Klub Gier Planszowych<\/a><\/h2><div class=\"fb-post\" data-href=\"http:\/\/www.facebook.com\/sptuchow\/photos\/a.1798034137132769\/2301450833457761\/?type=3&#038;theater\" data-width=\"552\" style=\"background-color: #fff; display: inline-block;\"><\/div>\n...<a href='https:\/\/sp.tuchow.pl\/index.php\/2019\/01\/28\/szkolny-klub-gier-planszowych\/' class='pfpReadMore'>Read More &raquo;<\/a><div class='clear'><\/div><hr><\/div><div class='pfpItem entry-content'><h2 class='entry-title'><a href='https:\/\/sp.tuchow.pl\/index.php\/2019\/01\/21\/recytujemy-i-malujemy-wiersze-ks-jana-twardowskiego-po-raz-siodmy\/'>Recytujemy i malujemy wiersze ks. Jana Twardowskiego po raz si\u00f3dmy<\/a><\/h2><p style=\"text-align: right;\"><em>Nie lubi\u0119 wierszy pi\u0119knych<\/em><\/p>\n<p style=\"text-align: right;\"><em>niech budz\u0105 ludzkie sumienie<\/em><\/p>\n<p style=\"text-align: right;\"><em>(ks. Jan Twardowski <\/em><\/p>\n<p style=\"text-align: right;\"><em>fragment Pi\u0119kne)<\/em><\/p>\n<p>&nbsp;<\/p>\n<p><strong>W dniu 9 stycznia 2019 r. odby\u0142 si\u0119 VII Szkolny Konkurs Recytatorski ,,W magicznym \u015bwiecie wierszy ksi\u0119dza Jana Twardowskiego\u2019\u2019.<\/strong><\/p>\n<p>Szacowne jury konkursu stanowili:<\/p>\n<p>ks. Alfons G\u00f3rowski \u2013 proboszcz Parafii pw. \u015awi\u0119tego Jakuba Aposto\u0142a w...<a href='https:\/\/sp.tuchow.pl\/index.php\/2019\/01\/21\/recytujemy-i-malujemy-wiersze-ks-jana-twardowskiego-po-raz-siodmy\/' class='pfpReadMore'>Read More &raquo;<\/a><div class='clear'><\/div><hr><\/div><div class='pfpItem entry-content'><h2 class='entry-title'><a href='https:\/\/sp.tuchow.pl\/index.php\/2019\/01\/21\/wyniki-konkursu-biblia-i-przypowiesci-biblijne\/'>Wyniki konkursu \u201eBiblia i przypowie\u015bci biblijne\u201d<\/a><\/h2><p style=\"text-align: justify;\">Otrzymali\u015bmy wyniki Konkursu <strong>\u201eBiblia i przypowie\u015bci biblijne\u201d<\/strong>, organizowanego przez Og\u00f3lnopolskie Konkursy Przedmiotowe \u201eEDI\u201d. &nbsp;<\/p>\n<p style=\"text-align: justify;\">Mi\u0142o nam poinformowa\u0107, \u017ce w\u015br\u00f3d laureat\u00f3w konkursu w kategorii Poziom 1 &#8211; dla edukacji wczesnoszkolnej (kl. I-III), <strong>Amelia Szablowska uczennica Szko\u0142y Podstawowej w Tuchowie z kl. IIA w skali kraju zaj\u0119\u0142a 2 miejsce...<a href='https:\/\/sp.tuchow.pl\/index.php\/2019\/01\/21\/wyniki-konkursu-biblia-i-przypowiesci-biblijne\/' class='pfpReadMore'>Read More &raquo;<\/a><div class='clear'><\/div><hr><\/div><div class='pfpItem entry-content'><h2 class='entry-title'><a href='https:\/\/sp.tuchow.pl\/index.php\/2019\/01\/09\/wizyta-w-muzeum-armii-krajowej-w-krakowie\/'>Wizyta w Muzeum Armii Krajowej w Krakowie<\/a><\/h2><p style=\"text-align: justify;\"><strong>9 stycznia 2019 roku uczniowie klasy VIII c wraz z opiekunami wzi\u0119li udzia\u0142 w wycieczce do Muzeum Armii Krajowej im. gen. Emila Fieldorfa \u201eNila\u201d w Krakowie. &nbsp;M\u0142odzie\u017c mia\u0142a okazje uczestniczy\u0107 w warsztatach po\u0142\u0105czonych z gr\u0105 terenow\u0105 pt. \u201eZosta\u0144 asem wywiadu\u201d. <\/strong><\/p>\n<p style=\"text-align: justify;\">Podczas dwugodzinnych zaj\u0119\u0107 uczniowie poznawali tajniki...<a href='https:\/\/sp.tuchow.pl\/index.php\/2019\/01\/09\/wizyta-w-muzeum-armii-krajowej-w-krakowie\/' class='pfpReadMore'>Read More &raquo;<\/a><div class='clear'><\/div><hr><\/div><div class='pfpItem entry-content'><h2 class='entry-title'><a href='https:\/\/sp.tuchow.pl\/index.php\/2019\/01\/07\/wyjazdy-na-narty-dotacja-z-msit\/'>Wyjazdy na narty - dotacja z MSiT<\/a><\/h2><p style=\"text-align: justify;\">Mi\u0142o nam poinformowa\u0107, \u017ce Szko\u0142a Podstawowa im. St. Staszica w Tuchowie otrzyma\u0142a dotacj\u0119 z Ministerstwa Sportu i Turystyki na upowszechnianie sport\u00f3w zimowych.&nbsp;<\/p>\n<p style=\"text-align: justify;\">Projekt obejmuje nauk\u0119 i doskonalenie jazdy na nartach &#8211; kierowany jest&nbsp;dla oko\u0142o 70 uczni\u00f3w naszej szko\u0142y. B\u0119dzie on realizowany na stoku \u201eJuras\u00f3wka\u201d w Siemiechowie.<\/p>\n<p style=\"text-align:...<a href='https:\/\/sp.tuchow.pl\/index.php\/2019\/01\/07\/wyjazdy-na-narty-dotacja-z-msit\/' class='pfpReadMore'>Read More &raquo;<\/a><div class='clear'><\/div><hr><\/div><div class='pfpItem entry-content'><h2 class='entry-title'><a href='https:\/\/sp.tuchow.pl\/index.php\/2019\/01\/06\/zagrajmy-w-ferie\/'>Zagrajmy w ferie<\/a><\/h2><div class=\"fb-post\" data-href=\"http:\/\/www.facebook.com\/sptuchow\/photos\/a.1798034137132769\/2287480914854753\/?type=3&#038;theater\" data-width=\"552\" style=\"background-color: #fff; display: inline-block;\"><\/div>\n...<a href='https:\/\/sp.tuchow.pl\/index.php\/2019\/01\/06\/zagrajmy-w-ferie\/' class='pfpReadMore'>Read More &raquo;<\/a><div class='clear'><\/div><hr><\/div><div class='pfpItem entry-content'><h2 class='entry-title'><a href='https:\/\/sp.tuchow.pl\/index.php\/2019\/01\/06\/malopolski-konkurs-biblijny\/'>Ma\u0142opolski Konkurs Biblijny<\/a><\/h2><p><strong>19 XI. 2018 r. w naszej Szkole odby\u0142 si\u0119 Ma\u0142opolski Konkurs Biblijny<\/strong><\/p>\n<p style=\"text-align: justify;\">Do etapu rejonowego zakwalifikowano 3 uczni\u00f3w ze Szko\u0142y Podstawowej im. Stanis\u0142awa Staszica w Tuchowie<strong>&nbsp;<\/strong><strong>Barna\u015b Kinga,&nbsp;<\/strong><strong>Lisiak Karolina,&nbsp;<\/strong><strong>R\u00f3\u017cycki Jakub.<\/strong><\/p>\n<p><strong>Gratulujemy i \u017cyczymy dalszych sukces\u00f3w!<\/strong><\/p>\n<p><strong>Uczni\u00f3w przygotowali: Ks. Marek Wojak i s. Krystyna Piwowar<\/strong><\/p>\n...<a href='https:\/\/sp.tuchow.pl\/index.php\/2019\/01\/06\/malopolski-konkurs-biblijny\/' class='pfpReadMore'>Read More &raquo;<\/a><div class='clear'><\/div><hr><\/div><div class='pfpItem entry-content'><h2 class='entry-title'><a href='https:\/\/sp.tuchow.pl\/index.php\/2019\/01\/04\/ii-tuchowski-orszak-trzech-kroli\/'>II Tuchowski Orszak Trzech Kr\u00f3li<\/a><\/h2><p>W imieniu organizator\u00f3w serdecznie zapraszamy uczni\u00f3w wraz z rodzicami do wzi\u0119cia udzia\u0142u w orszaku w niedziel\u0119 6 stycznia 2019 r.<\/p>\n<blockquote class=\"wp-embedded-content\" data-secret=\"zaMqEWx98V\"><p><a href=\"http:\/\/www.tuchow.pl\/juz-6-stycznia-ii-tuchowski-orszak-trzech-kroli\/\">Ju\u017c 6 stycznia II Tuchowski Orszak Trzech Kr\u00f3li<\/a><\/p><\/blockquote>\n<p><iframe loading=\"lazy\" class=\"wp-embedded-content\" sandbox=\"allow-scripts\" security=\"restricted\" style=\"position: absolute; clip: rect(1px, 1px, 1px, 1px);\" src=\"http:\/\/www.tuchow.pl\/juz-6-stycznia-ii-tuchowski-orszak-trzech-kroli\/embed\/#?secret=zaMqEWx98V\" data-secret=\"zaMqEWx98V\" width=\"600\" height=\"338\" title=\"&#8222;Ju\u017c 6 stycznia II Tuchowski...<a href='https:\/\/sp.tuchow.pl\/index.php\/2019\/01\/04\/ii-tuchowski-orszak-trzech-kroli\/' class='pfpReadMore'>Read More &raquo;<\/a><div class='clear'><\/div><hr><\/div><div class='pfpItem entry-content'><h2 class='entry-title'><a href='https:\/\/sp.tuchow.pl\/index.php\/2018\/12\/22\/happening-bozonarodzeniowy\/'>HAPPENING BO\u017bONARODZENIOWY<\/a><\/h2><p style=\"text-align: justify;\">22 grudnia 2018 roku w przed\u015bwi\u0105teczn\u0105 sobot\u0119 uczniowie oraz nauczyciele naszej szko\u0142y na tuchowskim rynku i nie tylko, spotkali si\u0119 z mieszka\u0144cami miasta. Przebrani w stroje anio\u0142\u00f3w, pasterzy, diab\u0142\u00f3w i miko\u0142aj\u00f3w sk\u0142adali\u015bmy \u017cyczenia \u015bwi\u0105teczne przechodniom i pracownikom okolicznych sklep\u00f3w. Nasza obecno\u015b\u0107 wywo\u0142ywa\u0142a u\u015bmiech na twarzach, wszyscy ch\u0119tnie cz\u0119stowali...<a href='https:\/\/sp.tuchow.pl\/index.php\/2018\/12\/22\/happening-bozonarodzeniowy\/' class='pfpReadMore'>Read More &raquo;<\/a><div class='clear'><\/div><hr><\/div><div class='pfpItem entry-content'><h2 class='entry-title'><a href='https:\/\/sp.tuchow.pl\/index.php\/2018\/12\/22\/uczniowie-klasy-ivc-wzieli-udzial-w-wycieczce-do-krakowa\/'>Uczniowie klasy IVc wzi\u0119li udzia\u0142 w wycieczce do Krakowa<\/a><\/h2><p>19 grudnia uczniowie klasy IVc wzi\u0119li udzia\u0142 w wycieczce do Krakowa. W Muzeum Bursztynu dowiedzieli\u015bmy si\u0119 jak powstaje bursztyn.&nbsp; G\u0142\u00f3wnym celem naszej wycieczki by\u0142 Wawel. Podczas lekcji muzealnej poznali\u015bmy wiele ciekawych legend zwi\u0105zanych z Krakowem. Mieli\u015bmy okazj\u0119 zobaczy\u0107 pi\u0119kne arrasy. Du\u017ce wra\u017cenie zrobi\u0142a na nas Sala Poselska zwana r\u00f3wnie\u017c Sal\u0105...<a href='https:\/\/sp.tuchow.pl\/index.php\/2018\/12\/22\/uczniowie-klasy-ivc-wzieli-udzial-w-wycieczce-do-krakowa\/' class='pfpReadMore'>Read More &raquo;<\/a><div class='clear'><\/div><hr><\/div><div class='pfpItem entry-content'><h2 class='entry-title'><a href='https:\/\/sp.tuchow.pl\/index.php\/2018\/12\/22\/swieta-noc-czyli-powitanie-bozego-dzieciatka-w-szkole-podstawowej-w-tuchowie\/'>\u201e\u015awi\u0119ta noc\u201d- czyli powitanie Bo\u017cego Dzieci\u0105tka w Szkole Podstawowej w Tuchowie.<\/a><\/h2><p>&nbsp;<\/p>\n<p style=\"text-align: justify;\">&nbsp; &nbsp; &nbsp;Jak co roku pod koniec grudnia wszystkim udziela si\u0119 niezwyk\u0142y nastr\u00f3j. Ostatni dzie\u0144 przed przerw\u0105 \u015bwi\u0105teczn\u0105 uczniowie naszej szko\u0142y przygotowali przedstawienie jase\u0142kowe. Uczniowie klasy 7c i 4c wzi\u0119li udzia\u0142 w inscenizacji \u201e\u015awi\u0119ta noc\u201d, ukazuj\u0105cej w\u0119dr\u00f3wk\u0119 \u015bwi\u0119tej rodziny, spotkanie z pasterzami, pok\u0142on trzech kr\u00f3l\u00f3w. Nowo\u015bci\u0105 by\u0142 przygotowany...<a href='https:\/\/sp.tuchow.pl\/index.php\/2018\/12\/22\/swieta-noc-czyli-powitanie-bozego-dzieciatka-w-szkole-podstawowej-w-tuchowie\/' class='pfpReadMore'>Read More &raquo;<\/a><div class='clear'><\/div><hr><\/div><div class='pfpItem entry-content'><h2 class='entry-title'><a href='https:\/\/sp.tuchow.pl\/index.php\/2018\/12\/22\/wspolne-koledowanie-z-mieszkancami-domu-pogodnej-jesieni-w-tuchowie\/'>Wsp\u00f3lne kol\u0119dowanie z mieszka\u0144cami Domu Pogodnej Jesieni w Tuchowie.<\/a><\/h2><p style=\"text-align: justify;\">20.12.2018 uczniowie klasy 4d wybrali si\u0119 wraz z wychowawczyniami do Domu Pogodnej Jesieni w Tuchowie, aby wsp\u00f3lnie za\u015bpiewa\u0107 kol\u0119dy z okazji zbli\u017caj\u0105cych si\u0119 \u015awi\u0105t Bo\u017cego Narodzenia. Uczniowie z\u0142o\u017cyli pensjonariuszom serdeczne \u017cyczenia oraz wr\u0119czyli w\u0142asnor\u0119cznie wykonane kartki \u015bwi\u0105teczne. Zostali\u015bmy bardzo mile przyj\u0119ci, pensjonariusze nie kryli wzruszenia, \u017ce mogli wraz...<a href='https:\/\/sp.tuchow.pl\/index.php\/2018\/12\/22\/wspolne-koledowanie-z-mieszkancami-domu-pogodnej-jesieni-w-tuchowie\/' class='pfpReadMore'>Read More &raquo;<\/a><div class='clear'><\/div><hr><\/div><div class='pfpItem entry-content'><h2 class='entry-title'><a href='https:\/\/sp.tuchow.pl\/index.php\/2018\/12\/21\/organizacja-pracy-szkoly-21-grudnia-piatek\/'>Organizacja pracy szko\u0142y 21 grudnia \/pi\u0105tek\/.<\/a><\/h2><p style=\"text-align: justify;\">21 grudnia 2018 r.(pi\u0105tek) jest ostatnim dniem nauki przed \u015bwi\u0119tami. W tym dniu nie ma lekcji. Zaj\u0119cia odbywaj\u0105 si\u0119 wg nast\u0119puj\u0105cego harmonogramu:&nbsp; &nbsp; &nbsp; &nbsp; &nbsp; &nbsp; &nbsp; &nbsp; &nbsp; &nbsp; &nbsp; &nbsp; &nbsp; &nbsp; &nbsp; &nbsp; &nbsp; &nbsp; &nbsp; &nbsp; &nbsp; &nbsp; &nbsp; &nbsp; &nbsp; &nbsp; &nbsp;...<a href='https:\/\/sp.tuchow.pl\/index.php\/2018\/12\/21\/organizacja-pracy-szkoly-21-grudnia-piatek\/' class='pfpReadMore'>Read More &raquo;<\/a><div class='clear'><\/div><hr><\/div><div class='pfpItem entry-content'><h2 class='entry-title'><a href='https:\/\/sp.tuchow.pl\/index.php\/2018\/12\/20\/koncert-koled-i-pastoralek\/'>\u201eKoncert Kol\u0119d i Pastora\u0142ek\u201d<\/a><\/h2><p style=\"text-align: justify;\">W czwartek 20 grudnia, w Domu Kultury odby\u0142 si\u0119 \u201eKoncert Kol\u0119d i Pastora\u0142ek\u201d, na kt\u00f3ry zaproszono mieszka\u0144c\u00f3w Tuchowa. &nbsp;W koncercie wzi\u0119li udzia\u0142 uczniowie klas I-III oraz&nbsp; go\u015bcinnie, ich starsze kole\u017canki i koledzy, kt\u00f3rzy zaprezentowali swoje umiej\u0119tno\u015bci, graj\u0105c na instrumentach polskie kol\u0119dy. Najm\u0142odsi za\u015bpiewali natomiast pi\u0119kne pastora\u0142ki, wprowadzaj\u0105c wszystkich...<a href='https:\/\/sp.tuchow.pl\/index.php\/2018\/12\/20\/koncert-koled-i-pastoralek\/' class='pfpReadMore'>Read More &raquo;<\/a><div class='clear'><\/div><hr><\/div><div class='pfpItem entry-content'><h2 class='entry-title'><a href='https:\/\/sp.tuchow.pl\/index.php\/2018\/12\/20\/podsumowanie-kiermaszu-swiatecznego\/'>Podsumowanie kiermaszu \u015bwi\u0105tecznego<\/a><\/h2><p style=\"text-align: justify;\">Jak zwykle co roku, w grudniowy poranek rozpocz\u0105\u0142 si\u0119 dwudniowy kiermasz bo\u017conarodzeniowy. Mo\u017cna by\u0142o zakupi\u0107 kartki \u015bwi\u0105teczne, ozdoby, bombki, pierniki, r\u0119kodzie\u0142a, stroiki, smako\u0142yki itp. Zainteresowanie i zaanga\u017cowanie by\u0142o wielkie, a \u015bwiadczy o tym zebrana kwota <strong>4&nbsp;638,,10 z\u0142<\/strong>. Cz\u0119\u015b\u0107 pieni\u0119dzy w wysoko\u015bci&nbsp; <strong>480 z\u0142<\/strong> zosta\u0142o przeznaczone na zabaw\u0119 choinkow\u0105...<a href='https:\/\/sp.tuchow.pl\/index.php\/2018\/12\/20\/podsumowanie-kiermaszu-swiatecznego\/' class='pfpReadMore'>Read More &raquo;<\/a><div class='clear'><\/div><hr><\/div><div class='pfpItem entry-content'><h2 class='entry-title'><a href='https:\/\/sp.tuchow.pl\/index.php\/2018\/12\/20\/iii-a-sp-z-wizyta-w-domu-pogodnej-jesieni\/'>III a SP z wizyt\u0105 w Domu Pogodnej Jesieni<\/a><\/h2><p style=\"text-align: justify;\">18 grudnia uczniowie klasy III a SP udali si\u0119 do Domu Pogodnej Jesieni&nbsp; w Tuchowie, prowadzonego przez Zgromadzenie Si\u00f3str \u015bw. J\u00f3zefa, aby spotka\u0107 si\u0119 z jego mieszka\u0144cami. W spotkaniu brali udzia\u0142 przedstawiciele klasy. Z okazji nadchodz\u0105cych \u015awi\u0105t Bo\u017cego Narodzenia z\u0142o\u017cyli oni pensjonariuszom serdeczne \u017cyczenia, zaprezentowali wiersze o tematyce...<a href='https:\/\/sp.tuchow.pl\/index.php\/2018\/12\/20\/iii-a-sp-z-wizyta-w-domu-pogodnej-jesieni\/' class='pfpReadMore'>Read More &raquo;<\/a><div class='clear'><\/div><hr><\/div><div class='pfpItem entry-content'><h2 class='entry-title'><a href='https:\/\/sp.tuchow.pl\/index.php\/2018\/12\/19\/profilaktyka-prozdrowotna-nowotwory-piersi\/'>Profilaktyka prozdrowotna - nowotwory piersi.<\/a><\/h2><p style=\"text-align: justify;\">W \u015brod\u0119 19 grudnia uczennice klas 3 gimnazjum oraz klas 8 spotka\u0142y si\u0119 z po\u0142o\u017cna Pani\u0105 Ma\u0142gorzata Czop, kt\u00f3ra przygotowa\u0142a dla nich wyk\u0142ad oraz warsztaty. Spotkanie to mia\u0142o na celu u\u015bwiadomienie m\u0142odym kobietom, jak wa\u017cne jest badanie samych siebie. Mamy nadziej\u0119, \u017ce przekazana wiedza pomo\u017ce dba\u0107 m\u0142odym kobietom...<a href='https:\/\/sp.tuchow.pl\/index.php\/2018\/12\/19\/profilaktyka-prozdrowotna-nowotwory-piersi\/' class='pfpReadMore'>Read More &raquo;<\/a><div class='clear'><\/div><hr><\/div><div class='pfpItem entry-content'><h2 class='entry-title'><a href='https:\/\/sp.tuchow.pl\/index.php\/2018\/12\/19\/vii-powiatowy-konkurs-koled-i-pastoralek-niemieckojezycznych-w-gromniku\/'>VII Powiatowy Konkurs Kol\u0119d i Pastora\u0142ek Niemieckoj\u0119zycznych w Gromniku<\/a><\/h2><p style=\"text-align: justify;\">11 grudnia 2018 r. odby\u0142 si\u0119 w Gromniku VII Powiatowy Konkurs Kol\u0119d i Pastora\u0142ek Niemieckoj\u0119zycznych.<\/p>\n<p style=\"text-align: justify;\">Nasz\u0105 Szko\u0142\u0119 godnie reprezentowa\u0142o troje uczni\u00f3w, w tym dwoje solist\u00f3w. Byli to uczniowie z klasy VII c Wiktoria \u0141\u0105tka oraz z klasy VII b Jakub R\u00f3\u017cycki z akompaniamentem skrzypiec kole\u017canki Agaty Janusz.<\/p>\n<p...<a href='https:\/\/sp.tuchow.pl\/index.php\/2018\/12\/19\/vii-powiatowy-konkurs-koled-i-pastoralek-niemieckojezycznych-w-gromniku\/' class='pfpReadMore'>Read More &raquo;<\/a><div class='clear'><\/div><hr><\/div><div class='pfpItem entry-content'><h2 class='entry-title'><a href='https:\/\/sp.tuchow.pl\/index.php\/2018\/12\/17\/vi-szkolny-konkurs-swiatecznej-piosenki-obcojezycznej-2\/'>VI SZKOLNY KONKURS \u015aWI\u0104TECZNEJ PIOSENKI OBCOJ\u0118ZYCZNEJ<\/a><\/h2><p style=\"text-align: justify;\">Konkurs \u015awi\u0105tecznej Piosenki Obcoj\u0119zycznej w naszej szkole to ju\u017c tradycja. W tym roku odby\u0142 si\u0119 on 11 grudnia. Uczestnicy \u015bpiewali piosenki&nbsp; w j\u0119zyku angielskim oraz hiszpa\u0144skim. Wszyscy uczniowie przygotowali si\u0119 do wyst\u0119pu najlepiej jak potrafili, wi\u0119c jury musia\u0142o podj\u0105\u0107 bardzo trudn\u0105 decyzj\u0119. Oceniano uczestnik\u00f3w w trzech kategoriach: klasy...<a href='https:\/\/sp.tuchow.pl\/index.php\/2018\/12\/17\/vi-szkolny-konkurs-swiatecznej-piosenki-obcojezycznej-2\/' class='pfpReadMore'>Read More &raquo;<\/a><div class='clear'><\/div><hr><\/div><div class='pfpItem entry-content'><h2 class='entry-title'><a href='https:\/\/sp.tuchow.pl\/index.php\/2018\/12\/16\/rozegraj-weekend-2\/'>Rozegraj weekend<\/a><\/h2><p style=\"text-align: justify;\">15 grudnia w czytelni Biblioteki Publicznej w Tuchowie \u201erozegrali\u015bmy weekend\u201d. Przy stolikach, podczas zabawy sprawdzali\u015bmy swoj\u0105 wiedz\u0119, \u0107wiczyli\u015bmy umiej\u0119tno\u015bci logicznego rozumowania, planowania&nbsp; oraz koncentracj\u0119.&nbsp; Kilkugodzinne spotkanie by\u0142o ciekawym pomys\u0142em na sp\u0119dzenie wolnego czasu. Nasza szko\u0142a wraz z Bibliotek\u0105 Publiczn\u0105 zapewni\u0142y uczestnikom szeroki wyb\u00f3r gier planszowych takich jak: \u201eOsadnicy...<a href='https:\/\/sp.tuchow.pl\/index.php\/2018\/12\/16\/rozegraj-weekend-2\/' class='pfpReadMore'>Read More &raquo;<\/a><div class='clear'><\/div><hr><\/div><div class='pfpItem entry-content'><h2 class='entry-title'><a href='https:\/\/sp.tuchow.pl\/index.php\/2018\/12\/16\/vi-gminny-konkurs-swiatecznej-piosenki-obcojezycznej-2\/'>VI GMINNY KONKURS \u015aWI\u0104TECZNEJ PIOSENKI OBCOJ\u0118ZYCZNEJ<\/a><\/h2><p style=\"text-align: justify;\">14 grudnia 2018 roku odby\u0142 si\u0119 VI Gminny Konkurs \u015awi\u0105tecznej Piosenki Obcoj\u0119zycznej organizowany przez nauczycieli j\u0119zyka angielskiego ze Szko\u0142y Podstawowej im. Stanis\u0142awa Staszica &nbsp;w Tuchowie, kt\u00f3ry mia\u0142 miejsce w tuchowskim Domu Kultury. Do udzia\u0142u w konkursie zg\u0142osi\u0142o si\u0119 47 uczestnik\u00f3w ( w tym soli\u015bci i zespo\u0142y ) z...<a href='https:\/\/sp.tuchow.pl\/index.php\/2018\/12\/16\/vi-gminny-konkurs-swiatecznej-piosenki-obcojezycznej-2\/' class='pfpReadMore'>Read More &raquo;<\/a><div class='clear'><\/div><hr><\/div><div class='pfpItem entry-content'><h2 class='entry-title'><a href='https:\/\/sp.tuchow.pl\/index.php\/2018\/12\/12\/spojrzmy-jak-wygladaja-przygotowania-do-swiat-u-sasiadow-czyli-szkolna-wycieczka-na-jarmark-bozonarodzeniowy-do-niemiec\/'>Sp\u00f3jrzmy jak wygl\u0105daj\u0105 przygotowania do \u015bwi\u0105t u s\u0105siad\u00f3w\u00a0czyli\u00a0szkolna wycieczka na Jarmark Bo\u017conarodzeniowy do Niemiec.<\/a><\/h2><p style=\"text-align: justify;\">W dniach 7- 8 grudnia 2018 trzydziestu uczni\u00f3w naszej szko\u0142y pojecha\u0142o na wycieczk\u0119 do Drezna, Mi\u015bni i Budziszyna na bardzo popularny w Niemczech Jarmark Bo\u017conarodzeniowy.<\/p>\n<p style=\"text-align: justify;\">Drezno, zwane per\u0142\u0105 baroku, jest miastem, w kt\u00f3rym odbywa si\u0119 najstarszy taki jarmark w Niemczech. Jego symbolami s\u0105 jod\u0142a i najwi\u0119ksza na...<a href='https:\/\/sp.tuchow.pl\/index.php\/2018\/12\/12\/spojrzmy-jak-wygladaja-przygotowania-do-swiat-u-sasiadow-czyli-szkolna-wycieczka-na-jarmark-bozonarodzeniowy-do-niemiec\/' class='pfpReadMore'>Read More &raquo;<\/a><div class='clear'><\/div><hr><\/div><div class='pfpItem entry-content'><h2 class='entry-title'><a href='https:\/\/sp.tuchow.pl\/index.php\/2018\/12\/11\/kartka-dla-kombatanta\/'>Kartka dla kombatanta<\/a><\/h2><p style=\"text-align: justify;\">&nbsp;&nbsp;&nbsp;&nbsp;&nbsp;&nbsp;&nbsp;&nbsp;&nbsp; Z okazji zbli\u017caj\u0105cych si\u0119 \u015awi\u0105t Bo\u017cego Narodzenia sk\u0142adamy wszystkim kombatantom wyrazy uznania za patriotyczn\u0105 postaw\u0119 i bohaterstwo, jakim kierowali si\u0119 w swoim \u017cyciu, a w dowodem wdzi\u0119czno\u015bci s\u0105 wykonane w\u0142asnor\u0119cznie kartki \u015bwi\u0105teczne przez uczni\u00f3w klasy 1 c SP z Tuchowa.<\/p>\n<p style=\"text-align: right;\">&nbsp;&nbsp;&nbsp;&nbsp;&nbsp;&nbsp;&nbsp;&nbsp;&nbsp;&nbsp;&nbsp;&nbsp;&nbsp;&nbsp;&nbsp;&nbsp;&nbsp;&nbsp;&nbsp;&nbsp;&nbsp;&nbsp;&nbsp;&nbsp;&nbsp;&nbsp;&nbsp;&nbsp;&nbsp;&nbsp;&nbsp;&nbsp;&nbsp;&nbsp;&nbsp;&nbsp;&nbsp;&nbsp;&nbsp;&nbsp;&nbsp;&nbsp;&nbsp;&nbsp;&nbsp;&nbsp;&nbsp;&nbsp;&nbsp;&nbsp;&nbsp;&nbsp;&nbsp;&nbsp;&nbsp;&nbsp;&nbsp;&nbsp;&nbsp;&nbsp;&nbsp;&nbsp;&nbsp;&nbsp;&nbsp;&nbsp;&nbsp;&nbsp;&nbsp;&nbsp;&nbsp;&nbsp;&nbsp;&nbsp;&nbsp; Ewa Kawa<\/p>\n<p>&nbsp;&nbsp;&nbsp;&nbsp;&nbsp;&nbsp;&nbsp;&nbsp;&nbsp;&nbsp;&nbsp;&nbsp;&nbsp;&nbsp;&nbsp;&nbsp;&nbsp;&nbsp;&nbsp;&nbsp;&nbsp;&nbsp;&nbsp;&nbsp;&nbsp;&nbsp;&nbsp;&nbsp;&nbsp;&nbsp;&nbsp;&nbsp;&nbsp;&nbsp;&nbsp;&nbsp;&nbsp;&nbsp;&nbsp;&nbsp;&nbsp;&nbsp;&nbsp;&nbsp;&nbsp;&nbsp;&nbsp;&nbsp;&nbsp;&nbsp;&nbsp;&nbsp;&nbsp;&nbsp;&nbsp;&nbsp;&nbsp;&nbsp;&nbsp;&nbsp;&nbsp;&nbsp;&nbsp;&nbsp;&nbsp;&nbsp;&nbsp;&nbsp;&nbsp;&nbsp;&nbsp;&nbsp;&nbsp;&nbsp;&nbsp;&nbsp;&nbsp;&nbsp;&nbsp;&nbsp;&nbsp;&nbsp;&nbsp;&nbsp;&nbsp;&nbsp;&nbsp;&nbsp;&nbsp;&nbsp;&nbsp;&nbsp;&nbsp;&nbsp;&nbsp;&nbsp;&nbsp;&nbsp;&nbsp;&nbsp; &nbsp;&nbsp;&nbsp;&nbsp;&nbsp;&nbsp;&nbsp;&nbsp;&nbsp;&nbsp;&nbsp;&nbsp;&nbsp;&nbsp;&nbsp;&nbsp;&nbsp;&nbsp;&nbsp;&nbsp;&nbsp;&nbsp;&nbsp;&nbsp;&nbsp;&nbsp;&nbsp;&nbsp;&nbsp;&nbsp;&nbsp;<\/p>\n<p>&nbsp;<\/p>\n<p style=\"text-align: center;\"><em><strong>Niech...<a href='https:\/\/sp.tuchow.pl\/index.php\/2018\/12\/11\/kartka-dla-kombatanta\/' class='pfpReadMore'>Read More &raquo;<\/a><div class='clear'><\/div><hr><\/div><div class='pfpItem entry-content'><h2 class='entry-title'><a href='https:\/\/sp.tuchow.pl\/index.php\/2018\/12\/03\/rozegraj-weekend\/'>\"Rozegraj weekend\"<\/a><\/h2><div class=\"fb-post\" data-href=\"http:\/\/www.facebook.com\/sptuchow\/photos\/a.1798034137132769\/2264736550462523\/?type=3&#038;theater\" data-width=\"552\" style=\"background-color: #fff; display: inline-block;\"><\/div>\n...<a href='https:\/\/sp.tuchow.pl\/index.php\/2018\/12\/03\/rozegraj-weekend\/' class='pfpReadMore'>Read More &raquo;<\/a><div class='clear'><\/div><hr><\/div><div class='pfpItem entry-content'><h2 class='entry-title'><a href='https:\/\/sp.tuchow.pl\/index.php\/2018\/12\/03\/historia-opowiedziana-na-plotnie\/'>\u201eHistoria opowiedziana na p\u0142\u00f3tnie.\"<\/a><\/h2><p style=\"text-align: justify;\">Jan Matejko urodzi\u0142 si\u0119 w 1838 roku w Krakowie, w domu przy ulicy Floria\u0144skiej. By\u0142 jednym z najwybitniejszych polskich malarzy historycznych. Od najm\u0142odszych lat rozwija\u0142 swoje zdolno\u015bci artystyczne &#8211; uwielbia\u0142 rysunki i malowanie. Szczeg\u00f3lnie by\u0142 zafascynowany histori\u0105 Polski. Czasy, w kt\u00f3rych tworzy\u0142 Jan Matejko, by\u0142y trudne do Polak\u00f3w...<a href='https:\/\/sp.tuchow.pl\/index.php\/2018\/12\/03\/historia-opowiedziana-na-plotnie\/' class='pfpReadMore'>Read More &raquo;<\/a><div class='clear'><\/div><hr><\/div><div class='pfpItem entry-content'><h2 class='entry-title'><a href='https:\/\/sp.tuchow.pl\/index.php\/2018\/12\/03\/kreatywni-z-klasy-1b\/'>\"Kreatywni z klasy 1b\"<\/a><\/h2><p style=\"text-align: justify;\">\u201eKreatywni z 1b\u201d dopiero niedawno rozpocz\u0119li swoj\u0105 szkolna przygod\u0119, a ju\u017c wzi\u0119li udzia\u0142 w og\u00f3lnopolskim konkursie plastycznym \u201eUbierzmy choink\u0119 dla \u015bw. Jana Paw\u0142a II\u201d. Celem konkursu by\u0142o stworzenie \u015bwi\u0105tecznej ozdoby \u2013 zawieszki na choink\u0119 oraz wzbudzenie zainteresowania osob\u0105 i pontyfikatem Ojca \u015awi\u0119tego&nbsp;Jana Paw\u0142a II.<\/p>\n<p style=\"text-align: justify;\">Organizatorami konkursu jest...<a href='https:\/\/sp.tuchow.pl\/index.php\/2018\/12\/03\/kreatywni-z-klasy-1b\/' class='pfpReadMore'>Read More &raquo;<\/a><div class='clear'><\/div><hr><\/div><div class='pfpItem entry-content'><h2 class='entry-title'><a href='https:\/\/sp.tuchow.pl\/index.php\/2018\/12\/03\/8264\/'>\"Ubierzmy choink\u0119 dla Jana Paw\u0142a II\".<\/a><\/h2><p style=\"text-align: justify;\">Uczniowie klasy III a SP przyst\u0105pili do konkursu plastycznego zatytu\u0142owanego <strong>&#8222;Ubierzmy choink\u0119 dla Jana Paw\u0142a II&#8221;,<\/strong> organizowanego przez&nbsp; Instytut Dialogu Mi\u0119dzykulturowego im. Jana Paw\u0142a II &nbsp;&nbsp;w Krakowie oraz Sanktuarium \u015bw. Jana Paw\u0142a II w Krakowie. To trzecia edycja konkursu, kt\u00f3ry z roku na rok cieszy si\u0119 coraz wi\u0119ksz\u0105...<a href='https:\/\/sp.tuchow.pl\/index.php\/2018\/12\/03\/8264\/' class='pfpReadMore'>Read More &raquo;<\/a><div class='clear'><\/div><hr><\/div><div class='pfpItem entry-content'><h2 class='entry-title'><a href='https:\/\/sp.tuchow.pl\/index.php\/2018\/11\/30\/zabawa-andrzejkowa-klas-edukacji-wczesnoszkolnej\/'>Zabawa andrzejkowa klas edukacji wczesnoszkolnej<\/a><\/h2><p style=\"text-align: justify;\">Ju\u017c tradycyjnie uczniowie edukacji wczesnoszkolnej bawili si\u0119 na zabawie andrzejkowej. Radosne pl\u0105sy i ta\u0144ce by\u0142y tym razem animowane przez gimnazjalistki Aleksandr\u0119 Bajgrowicz i Natali\u0119 Wzorek. Uczennice zagrzewa\u0142y wszystkich do wsp\u00f3lnej zabawy, podczas kt\u00f3rej nie zabrak\u0142o przeboj\u00f3w dzieci\u0119cych jak i popularnych. Podczas przerw dzieci mog\u0142y sprawdzi\u0107 co je czeka...<a href='https:\/\/sp.tuchow.pl\/index.php\/2018\/11\/30\/zabawa-andrzejkowa-klas-edukacji-wczesnoszkolnej\/' class='pfpReadMore'>Read More &raquo;<\/a><div class='clear'><\/div><hr><\/div><div class='pfpItem entry-content'><h2 class='entry-title'><a href='https:\/\/sp.tuchow.pl\/index.php\/2018\/11\/28\/akademia-mr-kleks\/'>\u201eAkademia Mr Kleks\"<\/a><\/h2><p style=\"text-align: justify;\">28 listopada uczniowie klas czwartych i pi\u0105tych wraz z nauczycielami odwiedzili Teatr im. Ludwika Solskiego w Tarnowie. Obejrzeli\u015bmy spektakl muzyczny, przygotowany na podstawie lektury szkolnej. \u201eAkademia Mr Kleks\u201d przypad\u0142a do gustu m\u0142odym odbiorcom, kt\u00f3rzy mieli okazj\u0119 zobaczy\u0107 uwsp\u00f3\u0142cze\u015bnion\u0105 adaptacj\u0119 ksi\u0105\u017cki Jana Brzechwy. Nie zabrak\u0142o tak\u017ce efektownych moment\u00f3w takich...<a href='https:\/\/sp.tuchow.pl\/index.php\/2018\/11\/28\/akademia-mr-kleks\/' class='pfpReadMore'>Read More &raquo;<\/a><div class='clear'><\/div><hr><\/div><div class='pfpItem entry-content'><h2 class='entry-title'><a href='https:\/\/sp.tuchow.pl\/index.php\/2018\/11\/27\/informacja-dyrektora-szkoly\/'>Informacja Dyrektora Szko\u0142y.<\/a><\/h2><p style=\"text-align: justify;\">Dyrektor Szko\u0142y Podstawowej im Stanis\u0142awa Staszica w Tuchowie informuje.<\/p>\n<p style=\"text-align: justify;\">W dniu 27.11.2018 r. oko\u0142o godziny 7.00 zosta\u0142a stwierdzona awaria urz\u0105dzenia sprz\u0105taj\u0105cego (Szorowarka), w wyniku kt\u00f3rej pojawi\u0142y si\u0119 wyczuwalne opary. Wo\u017any szko\u0142y otworzy\u0142 klapy oddymiaj\u0105ce i przeprowadzi\u0142 wietrzenie i poinformowa\u0142 o zaistnia\u0142ej sytuacji Dyrektora Szko\u0142y. Uczniowie wraz z...<a href='https:\/\/sp.tuchow.pl\/index.php\/2018\/11\/27\/informacja-dyrektora-szkoly\/' class='pfpReadMore'>Read More &raquo;<\/a><div class='clear'><\/div><hr><\/div><div class='pfpItem entry-content'><h2 class='entry-title'><a href='https:\/\/sp.tuchow.pl\/index.php\/2018\/11\/23\/final-akcji-paczka-na-gwiazdke\/'>Fina\u0142 akcji \"Paczka na Gwiazdk\u0119\".<\/a><\/h2><p style=\"text-align: justify;\">W dniu dzisiejszym w naszej szkole dobieg\u0142a ko\u0144ca akcja \u201ePaczka na Gwiazdk\u0119\u201d, w ramach kt\u00f3rej uczniowie przynosili podarunki takie jak: koce, kocyki, gry, ksi\u0105\u017cki, malowanki, kredki, maskotki, itp., kt\u00f3rymi obdarowane zostan\u0105 dzieci z oddzia\u0142k\u00f3w onkologicznych w szpitalach w Krakowie, Zabrzu, Katowicach, Rzeszowie i Warszawie. Rozmiar akcji przer\u00f3s\u0142 nasze...<a href='https:\/\/sp.tuchow.pl\/index.php\/2018\/11\/23\/final-akcji-paczka-na-gwiazdke\/' class='pfpReadMore'>Read More &raquo;<\/a><div class='clear'><\/div><hr><\/div><div class='pfpItem entry-content'><h2 class='entry-title'><a href='https:\/\/sp.tuchow.pl\/index.php\/2018\/11\/21\/bezpieczniki-taurona-wlacz-dla-dobra-dziecka\/'>\u201eBezpieczniki TAURONA. W\u0142\u0105cz dla dobra dziecka\u201d<\/a><\/h2><p>Klasa III a SP przyst\u0105pi\u0142a do realizacji programu edukacyjnego <strong>\u201eBezpieczniki TAURONA. W\u0142\u0105cz dla dobra dziecka\u201d<\/strong> prowadzonego przez sp\u00f3\u0142k\u0119 TAURON Dystrybucja i polecanego przez Kuratoria O\u015bwiaty. Jego celem jest edukacja dzieci i m\u0142odzie\u017cy w zakresie bezpiecznego i racjonalnego korzystania z energii elektrycznej, urz\u0105dze\u0144 ni\u0105 zasilanych, a tak\u017ce bezpiecznego zachowania w pobli\u017cu...<a href='https:\/\/sp.tuchow.pl\/index.php\/2018\/11\/21\/bezpieczniki-taurona-wlacz-dla-dobra-dziecka\/' class='pfpReadMore'>Read More &raquo;<\/a><div class='clear'><\/div><hr><\/div><div class='pfpItem entry-content'><h2 class='entry-title'><a href='https:\/\/sp.tuchow.pl\/index.php\/2018\/11\/20\/mistrzynie-wojewodztwa\/'>Z\u0141OTY MEDAL NA MISTRZOSTWACH WOJEW\u00d3DZTWA DZIEWCZ\u0104T Z SP TUCH\u00d3W<\/a><\/h2><p>20 listopada 2018 roku , rozegrany zosta\u0142 Fina\u0142 Wojew\u00f3dzki Igrzysk M\u0142odzie\u017cy w Halowej Pi\u0142ce No\u017cnej. Do rywalizacji sportowej przyst\u0105pi\u0142y dru\u017cyny dziewcz\u0105t z 5 rejon\u00f3w:<br \/>\nRejon Wielicki \u2013 SP Skawina<br \/>\nRejon Chrzan\u00f3w \u2013 SP Brze\u017anica<span class=\"text_exposed_show\"><br \/>\nRejon Nowy Targ \u2013 SP Trzeme\u015bnia<br \/>\nRejon Limanowa \u2013 SP Ptaszkowa<br \/>\nRejon Tarn\u00f3w \u2013 SP...<a href='https:\/\/sp.tuchow.pl\/index.php\/2018\/11\/20\/mistrzynie-wojewodztwa\/' class='pfpReadMore'>Read More &raquo;<\/a><div class='clear'><\/div><hr><\/div><div class='pfpItem entry-content'><h2 class='entry-title'><a href='https:\/\/sp.tuchow.pl\/index.php\/2018\/11\/18\/vi-szkolny-konkurs-swiatecznej-piosenki-obcojezycznej\/'>VI SZKOLNY KONKURS \u015aWI\u0104TECZNEJ PIOSENKI OBCOJ\u0118ZYCZNEJ<\/a><\/h2><div class=\"fb-post\" data-href=\"http:\/\/www.facebook.com\/sptuchow\/photos\/a.1798034137132769\/2254698991466279\/?type=3&#038;theater\" data-width=\"552\" style=\"background-color: #fff; display: inline-block;\"><\/div>\n...<a href='https:\/\/sp.tuchow.pl\/index.php\/2018\/11\/18\/vi-szkolny-konkurs-swiatecznej-piosenki-obcojezycznej\/' class='pfpReadMore'>Read More &raquo;<\/a><div class='clear'><\/div><hr><\/div><div class='pfpItem entry-content'><h2 class='entry-title'><a href='https:\/\/sp.tuchow.pl\/index.php\/2018\/11\/18\/vi-gminny-konkurs-swiatecznej-piosenki-obcojezycznej\/'>VI GMINNY KONKURS \u015aWI\u0104TECZNEJ PIOSENKI OBCOJ\u0118ZYCZNEJ<\/a><\/h2><div class=\"fb-post\" data-href=\"http:\/\/www.facebook.com\/sptuchow\/photos\/a.1798034137132769\/2254697808133064\/?type=3&#038;theater\" data-width=\"552\" style=\"background-color: #fff; display: inline-block;\"><\/div>\n...<a href='https:\/\/sp.tuchow.pl\/index.php\/2018\/11\/18\/vi-gminny-konkurs-swiatecznej-piosenki-obcojezycznej\/' class='pfpReadMore'>Read More &raquo;<\/a><div class='clear'><\/div><hr><\/div><div class='pfpItem entry-content'><h2 class='entry-title'><a href='https:\/\/sp.tuchow.pl\/index.php\/2018\/11\/15\/100-lecie-odzyskania-niepodleglosci\/'>100-lecie odzyskania niepodleg\u0142o\u015bci<\/a><\/h2><p style=\"text-align: justify;\">Dla uczczenia obchod\u00f3w 100-lecia odzyskania niepodleg\u0142o\u015bci uczniowie naszej szko\u0142y przygotowali program artystyczny, kt\u00f3ry przypomnia\u0142 dzieje ojczyzny.&nbsp; Opr\u00f3cz wierszy patriotycznych zobaczyli\u015bmy scenk\u0119 prezentuj\u0105c\u0105 podzia\u0142 teren\u00f3w Polski przez trzech zaborc\u00f3w, wys\u0142uchali\u015bmy listu Pi\u0142sudskiego do legionist\u00f3w zagrzewaj\u0105cy ich do walki o wolno\u015b\u0107 Polski. Akademia odby\u0142a si\u0119<br \/>\n12 listopada w Domu Kultury...<a href='https:\/\/sp.tuchow.pl\/index.php\/2018\/11\/15\/100-lecie-odzyskania-niepodleglosci\/' class='pfpReadMore'>Read More &raquo;<\/a><div class='clear'><\/div><hr><\/div><div class='pfpItem entry-content'><h2 class='entry-title'><a href='https:\/\/sp.tuchow.pl\/index.php\/2018\/11\/14\/niepodleglosciowa-noc-w-muzeum\/'>NIEPODLEG\u0141O\u015aCIOWA NOC W MUZEUM<\/a><\/h2><p style=\"text-align: justify;\">11 listopada 2018 roku Tuchowskie Muzeum Miejskie o\u017cy\u0142o. Sta\u0142o si\u0119 tak dzi\u0119ki uczniom i nauczycielom naszej szko\u0142y. Od godziny 17 do 22 trwa\u0142a \u201eNoc w Muzeum\u201d podczas kt\u00f3rej mo\u017cna by\u0142o poczu\u0107 atmosfer\u0119 lat minionych. Zwiedzaj\u0105cy z ogromnym zainteresowaniem ogl\u0105dali zgromadzone pami\u0105tki, zadawali liczne pytania i z zaciekawieniem przygl\u0105dali...<a href='https:\/\/sp.tuchow.pl\/index.php\/2018\/11\/14\/niepodleglosciowa-noc-w-muzeum\/' class='pfpReadMore'>Read More &raquo;<\/a><div class='clear'><\/div><hr><\/div><div class='pfpItem entry-content'><h2 class='entry-title'><a href='https:\/\/sp.tuchow.pl\/index.php\/2018\/11\/14\/happening-patriotyczny-2\/'>HAPPENING PATRIOTYCZNY<\/a><\/h2><p style=\"text-align: justify;\">&nbsp;&nbsp;&nbsp;&nbsp;&nbsp;&nbsp;&nbsp;&nbsp; Z okazji 100 rocznicy odzyskania przez Polsk\u0119 niepodleg\u0142o\u015bci&nbsp; uczniowie oraz nauczyciele naszej szko\u0142y zorganizowali Happening Patriotyczny. 9 listopada 2018 roku wyszli\u015bmy na tuchowski rynek, aby wraz z mieszka\u0144cami Tuchowa \u015bwi\u0119towa\u0107. Dla odwiedzaj\u0105cych nas go\u015bci przygotowali\u015bmy liczne atrakcje m.in. podzi\u0119kowania i \u017cyczenia dla Polski, \u0142a\u0144cuch niepodleg\u0142o\u015bci, pami\u0105tkowe kartki...<a href='https:\/\/sp.tuchow.pl\/index.php\/2018\/11\/14\/happening-patriotyczny-2\/' class='pfpReadMore'>Read More &raquo;<\/a><div class='clear'><\/div><hr><\/div><div class='pfpItem entry-content'><h2 class='entry-title'><a href='https:\/\/sp.tuchow.pl\/index.php\/2018\/11\/14\/herosi-niepodleglej\/'>\u201eHEROSI NIEPODLEG\u0141EJ\u201d<\/a><\/h2><p style=\"text-align: justify;\">8 listopada 2018 roku w ramach obchod\u00f3w 100-lecia Niepodleg\u0142o\u015bci Polski uczniowie klasy 3A gimnazjum oraz 8B Szko\u0142y Podstawowej w Tuchowie udali si\u0119 do Dworku&nbsp; Ignacego Jana Paderewskiego w K\u0105\u015bnej Dolnej na przedstawienie \u201eHerosi Niepodleg\u0142ej\u201d. B\u0119d\u0105c w tak zacnym miejscu nie odm\u00f3wili\u015bmy sobie zwiedzenia Dworu, w kt\u00f3rym eksponowane s\u0105...<a href='https:\/\/sp.tuchow.pl\/index.php\/2018\/11\/14\/herosi-niepodleglej\/' class='pfpReadMore'>Read More &raquo;<\/a><div class='clear'><\/div><hr><\/div><div class='pfpItem entry-content'><h2 class='entry-title'><a href='https:\/\/sp.tuchow.pl\/index.php\/2018\/11\/14\/chwala-bohaterom-walczacym-o-nasza-wolnosc\/'>CHWA\u0141A BOHATEROM WALCZ\u0104CYM O NASZ\u0104 WOLNO\u015a\u0106<\/a><\/h2><p style=\"text-align: justify;\">&nbsp;&nbsp;&nbsp;&nbsp;&nbsp;&nbsp;&nbsp; Zada\u0142am pytanie w klasie 3A gimnazjum, czy my, wsp\u00f3\u0142cze\u015bni, mo\u017cemy odwdzi\u0119czy\u0107 si\u0119 przodkom walcz\u0105cym o nasz\u0105 wolno\u015b\u0107, wolno\u015b\u0107 Polski? Zastanawiali\u015bmy si\u0119 chwil\u0119 i doszli\u015bmy do wniosku, \u017ce to nie takie proste, ale chyba dali\u015bmy rad\u0119. Postanowili\u015bmy posprz\u0105ta\u0107 miejsca ich pami\u0119ci w naszym mie\u015bcie. Cmentarze przy ulicy Le\u015bnej...<a href='https:\/\/sp.tuchow.pl\/index.php\/2018\/11\/14\/chwala-bohaterom-walczacym-o-nasza-wolnosc\/' class='pfpReadMore'>Read More &raquo;<\/a><div class='clear'><\/div><hr><\/div><div class='pfpItem entry-content'><h2 class='entry-title'><a href='https:\/\/sp.tuchow.pl\/index.php\/2018\/11\/13\/pochod-swietych-w-tuchowie\/'>\u201ePoch\u00f3d \u015awi\u0119tych\u201d w Tuchowie<\/a><\/h2><p><strong>&#8222;\u015awi\u0119ci nie przemijaj\u0105. \u015awi\u0119ci \u017cyj\u0105 \u015bwi\u0119tymi i&nbsp;pragn\u0105 \u015bwi\u0119to\u015bci&#8221;.<\/strong><\/p>\n<p style=\"text-align: justify;\">S\u0142owa \u015bwi\u0119tego Jana Paw\u0142a II&nbsp;s\u0105&nbsp;wci\u0105\u017c aktualne, a&nbsp;dzisiaj potrzeba ludzi odwa\u017cnych&nbsp;wiar\u0105. Takimi s\u0105 dzieci ze Szko\u0142y Podstawowej i z Przedszkoli w Tuchowie, kt\u00f3re przebra\u0142y si\u0119 za Polskich \u015bwi\u0119tych i b\u0142ogos\u0142awionych, za&nbsp; postacie, kt\u00f3re u\u015bwietni\u0142y swym \u017cyciem histori\u0119 Polski i Ko\u015bcio\u0142a Katolickiego. Aby...<a href='https:\/\/sp.tuchow.pl\/index.php\/2018\/11\/13\/pochod-swietych-w-tuchowie\/' class='pfpReadMore'>Read More &raquo;<\/a><div class='clear'><\/div><hr><\/div><div class='pfpItem entry-content'><h2 class='entry-title'><a href='https:\/\/sp.tuchow.pl\/index.php\/2018\/11\/13\/wyniki-konkursu-czytelniczego-plastyczno-literackiego-zachecam-do-przeczytania-tej-ksiazki\/'>WYNIKI Konkursu czytelniczego: plastyczno- literackiego \"Zach\u0119cam do przeczytania tej ksi\u0105\u017cki!<\/a><\/h2><p>&nbsp;<\/p>\n<p>WYNIKI Konkursu czytelniczego: plastyczno- literackiego<\/p>\n<p><strong><em>Zach\u0119cam do przeczytania tej ksi\u0105\u017cki!<\/em><\/strong><\/p>\n<p>klasy 3 SP oraz klasy 4-6 SP<\/p>\n<p><strong>Miejsce I &nbsp;&nbsp;&nbsp;&nbsp;&nbsp;&nbsp;&nbsp;&nbsp;&nbsp; RADOS\u0141AW KAMIE\u0143 5B<\/strong><\/p>\n<p><strong>Miejsce II &nbsp;&nbsp;&nbsp;&nbsp;&nbsp;&nbsp;&nbsp; KAROL CHWISTEK 3A<\/strong><\/p>\n<p><strong>MIEJSCE III : &nbsp;&nbsp;&nbsp;&nbsp;&nbsp; NELLY GIERA\u0141T 4 C<\/strong><\/p>\n<p><strong>&nbsp; &nbsp; &nbsp; &nbsp; &nbsp; &nbsp; &nbsp; &nbsp; &nbsp; &nbsp; &nbsp; &nbsp; &nbsp; &nbsp; ALEKSANDER JOD\u0141O\u015a 5A<\/strong><\/p>\n<p>WYR\u00d3\u017bNIENIA: &nbsp; DAMIAN...<a href='https:\/\/sp.tuchow.pl\/index.php\/2018\/11\/13\/wyniki-konkursu-czytelniczego-plastyczno-literackiego-zachecam-do-przeczytania-tej-ksiazki\/' class='pfpReadMore'>Read More &raquo;<\/a><div class='clear'><\/div><hr><\/div><div class='pfpItem entry-content'><h2 class='entry-title'><a href='https:\/\/sp.tuchow.pl\/index.php\/2018\/11\/12\/materialy-edukacyjne-dla-szkoly-od-ipn\/'>Materia\u0142y edukacyjne dla szko\u0142y od IPN<\/a><\/h2><p style=\"text-align: justify;\">Dzi\u0119ki wsparciu <strong>Instytutu Pami\u0119ci Narodowej w Krakowie<\/strong> oraz <strong>Muzeum Powstania Warszawskiego<\/strong> nasza szko\u0142a otrzyma\u0142a wiele ciekawych materia\u0142\u00f3w edukacyjnych. Poszerzyli\u015bmy tym samym baz\u0119 materia\u0142ow\u0105 o \u201eTeki edukacyjne IPN \u201eZbrodnia katy\u0144ska\u201d oraz \u201ePolacy ratuj\u0105cy \u017byd\u00f3w podczas II wojny \u015bwiatowej\u201d, kilkana\u015bcie broszur \u201ePowstania Warszawskiego\u201d, \u201eIreny Sendlerowej\u201d, gr\u0119 \u201eZnaj znak\u201d oraz puzzle...<a href='https:\/\/sp.tuchow.pl\/index.php\/2018\/11\/12\/materialy-edukacyjne-dla-szkoly-od-ipn\/' class='pfpReadMore'>Read More &raquo;<\/a><div class='clear'><\/div><hr><\/div><div class='pfpItem entry-content'><h2 class='entry-title'><a href='https:\/\/sp.tuchow.pl\/index.php\/2018\/11\/12\/lekcje-patriotyzmu\/'>Lekcje patriotyzmu<\/a><\/h2><p style=\"text-align: justify;\">Przygotowuj\u0105c si\u0119 do obchod\u00f3w 100-lecia odzyskania przez Polsk\u0119 niepodleg\u0142o\u015bci na lekcjach wychowawczych, historii oraz plastyki odby\u0142y si\u0119 niecodzienne lekcje patriotyzmu. Uczniowie klas IV \u2013 VIII oraz III gimnazjum przybrali bia\u0142o \u2013 czerwone barwy\u2026.<\/p>\n<div class=\"fb-post\" data-href=\"http:\/\/www.facebook.com\/sptuchow\/photos\/a.2250750155194496\/2250751815194330\/?type=3&#038;theater\" data-width=\"552\" style=\"background-color: #fff; display: inline-block;\"><\/div>\n...<a href='https:\/\/sp.tuchow.pl\/index.php\/2018\/11\/12\/lekcje-patriotyzmu\/' class='pfpReadMore'>Read More &raquo;<\/a><div class='clear'><\/div><hr><\/div><div class='pfpItem entry-content'><h2 class='entry-title'><a href='https:\/\/sp.tuchow.pl\/index.php\/2018\/11\/10\/xx-zlot-niepodleglosciowy-lowczowek-2018\/'>XX Zlot Niepodleg\u0142o\u015bciowy \u0141owcz\u00f3wek 2018<\/a><\/h2><p style=\"text-align: justify;\"><strong>4 listopada 2018 roku mia\u0142 miejsce XX Jubileuszowy Zlot&nbsp; Niepodleg\u0142o\u015bciowy po\u0142\u0105czony z fina\u0142em powiatowych&nbsp; obchod<\/strong><strong>\u00f3w 100. rocznicy odzyskania przez Polsk\u0119 niepodleg\u0142o\u015bci. Go\u015bciem honorowym by\u0142 Prezydent Rzeczypospolitej Polskiej Andrzej Duda, kt\u00f3ry tak\u017ce obj\u0105\u0142 Patronat Narodowy nad XX Zlotem Niepodleg\u0142o\u015bciowym w \u0141owcz\u00f3wku.<\/strong><\/p>\n<p style=\"text-align: justify;\">Prezydent Andrzej&nbsp; Duda przyby\u0142 do \u0141owcz\u00f3wka z...<a href='https:\/\/sp.tuchow.pl\/index.php\/2018\/11\/10\/xx-zlot-niepodleglosciowy-lowczowek-2018\/' class='pfpReadMore'>Read More &raquo;<\/a><div class='clear'><\/div><hr><\/div><div class='pfpItem entry-content'><h2 class='entry-title'><a href='https:\/\/sp.tuchow.pl\/index.php\/2018\/11\/10\/turniej-klasowy-kocham-cie-polsko\/'>Turniej klasowy ,,Kocham Ci\u0119 Polsko'<\/a><\/h2><p style=\"text-align: justify;\">&nbsp;&nbsp;&nbsp; W \u015brod\u0119 -7 listopada- na lekcji j\u0119zyka polskiego w klasie 4 c odby\u0142 si\u0119 turniej klasowy ,,Kocham Ci\u0119 Polsko&#8221;. W turnieju wzi\u0119\u0142y udzia\u0142 dwie dru\u017cyny: ch\u0142opc\u00f3w i dziewczyn. W ka\u017cdej z dru\u017cyn by\u0142o po 6 os\u00f3b, kt\u00f3re rywalizowa\u0142y w konkurencjach wymagaj\u0105cych znajomo\u015bci kultury, historii i geografii Polski.<\/p>\n<p...<a href='https:\/\/sp.tuchow.pl\/index.php\/2018\/11\/10\/turniej-klasowy-kocham-cie-polsko\/' class='pfpReadMore'>Read More &raquo;<\/a><div class='clear'><\/div><hr><\/div><div class='pfpItem entry-content'><h2 class='entry-title'><a href='https:\/\/sp.tuchow.pl\/index.php\/2018\/11\/09\/rozwijamy-przyjazn-polsko-francuska\/'>Rozwijamy przyja\u017a\u0144 polsko-francusk\u0105<\/a><\/h2><p style=\"text-align: justify; background: white;\"><span style=\"font-size: 10.5pt; font-family: 'Arial',sans-serif; color: black;\">Od 3 do 9 listopada kilkoro uczni\u00f3w oraz nauczycieli naszej szko\u0142y bra\u0142o udzia\u0142 w wydarzeniu &#8222;Polskie Dwa Tygodnie&#8221;, zorganizowanym przez stowarzyszenia AASF i Loire-Vistule. Odbywa\u0142o si\u0119 ono w partnerskim mie\u015bcie Tuchowa &#8211; miasteczku Saint Jean de Braye we Francji. Uroczysto\u015bci...<a href='https:\/\/sp.tuchow.pl\/index.php\/2018\/11\/09\/rozwijamy-przyjazn-polsko-francuska\/' class='pfpReadMore'>Read More &raquo;<\/a><div class='clear'><\/div><hr><\/div><div class='pfpItem entry-content'><h2 class='entry-title'><a href='https:\/\/sp.tuchow.pl\/index.php\/2018\/11\/09\/happening-patriotyczny\/'>Happening Patriotyczny<\/a><\/h2><div class=\"\" data-block=\"true\" data-editor=\"7eb8v\" data-offset-key=\"8ca62-0-0\">\n<div class=\"_1mf _1mj\" data-offset-key=\"8ca62-0-0\">\n<p style=\"text-align: justify;\">9 listopada, na p\u0142ycie rynku w Tuchowie, odby\u0142 si\u0119 Happening Patriotyczny upami\u0119tniaj\u0105cy 100-lecie odzyskania niepodleg\u0142o\u015bci.<\/p>\n<p style=\"text-align: justify;\">\u015awi\u0119tuj\u0105c Niepodleg\u0142\u0105 bili\u015bmy rekord. O godzinie 11.11 przedszkolaki z Publicznego Przedszkola w Tuchowie, z przedszkola Zgromadzenia Si\u00f3str S\u0142u\u017cebniczek oraz dzieci z Przedszkola Si\u00f3str J\u00f3zefitek, mieszka\u0144cy...<a href='https:\/\/sp.tuchow.pl\/index.php\/2018\/11\/09\/happening-patriotyczny\/' class='pfpReadMore'>Read More &raquo;<\/a><div class='clear'><\/div><hr><\/div><div class='pfpItem entry-content'><h2 class='entry-title'><a href='https:\/\/sp.tuchow.pl\/index.php\/2018\/11\/08\/slubowanie-i-pasowanie-na-ucznia-klasy-pierwszej\/'>\u015alubowanie i pasowanie na ucznia klasy pierwszej.<\/a><\/h2><p style=\"text-align: justify;\">25 pa\u017adziernika 2018 roku mia\u0142a miejsce w naszej spo\u0142eczno\u015bci szkolnej niezwyk\u0142a uroczysto\u015b\u0107, w niezwyk\u0142ym roku, kt\u00f3ry prze\u017cywany jest jeden jedyny raz w \u017cyciu. W\u0142a\u015bnie tego dnia zosta\u0142y po\u0142\u0105czone dwa wa\u017cne wydarzenia: \u015blubowanie i pasowanie na ucznia klasy pierwszej z obchodami setnej rocznicy odzyskania niepodleg\u0142o\u015bci przez nasz kraj.<\/p>\n<p style=\"text-align:...<a href='https:\/\/sp.tuchow.pl\/index.php\/2018\/11\/08\/slubowanie-i-pasowanie-na-ucznia-klasy-pierwszej\/' class='pfpReadMore'>Read More &raquo;<\/a><div class='clear'><\/div><hr><\/div><div class='pfpItem entry-content'><h2 class='entry-title'><a href='https:\/\/sp.tuchow.pl\/index.php\/2018\/11\/07\/wyniki-postepowania-pn-dostawa-gazu-ziemnego-do-szkoly-podstawowej-im-stanislawa-staszica-w-tuchowie-ul-jana-pawla-ii-6-33-170-tuchow\/'>Wyniki post\u0119powania pn. \u201eDostawa gazu ziemnego do Szko\u0142y Podstawowej im. Stanis\u0142awa Staszica w Tuchowie, ul. Jana Paw\u0142a II 6, 33-170 Tuch\u00f3w\u201d<\/a><\/h2><p style=\"text-align: justify;\">Dyrektor Szko\u0142y Podstawowej im. Stanis\u0142awa Staszica w Tuchowie dzi\u0119kuje za udzia\u0142 w post\u0119powaniu w trybie zapytania ofertowego pn. &#8222;Dostawa gazu ziemnego do Szko\u0142y Podstawowej im. Stanis\u0142awa Staszica w Tuchowie, ul. Jana Paw\u0142a II 6, 33-170 Tuch\u00f3w&#8221; wyniki post\u0119powania zosta\u0142y umieszczone poni\u017cej.<\/p>\n<p><a href=\"https:\/\/sp.tuchow.pl\/pliki\/zamowienia_publiczne\/gaz\/Ogloszenie_wyniki_gaz.pdf\">Wyniki post\u0119powania<\/a><\/p>\n...<a href='https:\/\/sp.tuchow.pl\/index.php\/2018\/11\/07\/wyniki-postepowania-pn-dostawa-gazu-ziemnego-do-szkoly-podstawowej-im-stanislawa-staszica-w-tuchowie-ul-jana-pawla-ii-6-33-170-tuchow\/' class='pfpReadMore'>Read More &raquo;<\/a><div class='clear'><\/div><hr><\/div><div class='pfpItem entry-content'><h2 class='entry-title'><a href='https:\/\/sp.tuchow.pl\/index.php\/2018\/11\/06\/wyniki-postepowania-pn-dostawa-energii-elektrycznej-na-potrzeby-obiektow-szkoly-podstawowej-im-stanislawa-staszica-w-tuchowie-ul-jana-pawla-ii-6-33-170-tuchow\/'>Wyniki post\u0119powania pn. \"Dostawa energii elektrycznej na potrzeby obiekt\u00f3w Szko\u0142y Podstawowej im. Stanis\u0142awa Staszica w Tuchowie, ul. Jana Paw\u0142a II 6, 33-170 Tuch\u00f3w\"<\/a><\/h2><p style=\"text-align: justify;\">Dyrektor Szko\u0142y Podstawowej im. Stanis\u0142awa Staszica w Tuchowie dzi\u0119kuje za udzia\u0142 w post\u0119powaniu w trybie zapytania ofertowego pn. &#8222;Dostawa energii elektrycznej na potrzeby obiekt\u00f3w Szko\u0142y Podstawowej im. Stanis\u0142awa Staszica w Tuchowie, ul. Jana Paw\u0142a II 6, 33-170 Tuch\u00f3w&#8221; wyniki post\u0119powania zosta\u0142y umieszczone poni\u017cej.<\/p>\n<p>&nbsp;<\/p>\n<p><a href=\"https:\/\/sp.tuchow.pl\/pliki\/zamowienia_publiczne\/energia\/Ogloszenie_wyniki_prad.pdf\">Wyniki post\u0119powania<\/a><\/p>\n...<a href='https:\/\/sp.tuchow.pl\/index.php\/2018\/11\/06\/wyniki-postepowania-pn-dostawa-energii-elektrycznej-na-potrzeby-obiektow-szkoly-podstawowej-im-stanislawa-staszica-w-tuchowie-ul-jana-pawla-ii-6-33-170-tuchow\/' class='pfpReadMore'>Read More &raquo;<\/a><div class='clear'><\/div><hr><\/div><div class='pfpItem entry-content'><h2 class='entry-title'><a href='https:\/\/sp.tuchow.pl\/index.php\/2018\/11\/05\/polska-moja-ojczyzna\/'>Polska \u2013 moja Ojczyzna<\/a><\/h2><p style=\"text-align: justify;\"><strong>Pewnego dnia w klasie sz\u00f3stej b na lekcji j\u0119zyka polskiego omawia\u0142am z uczniami wiersz Czes\u0142awa Mi\u0142osza ,,Ojciec obja\u015bnia\u2019\u2019. Lektura tekstu sta\u0142a si\u0119 inspiracj\u0105 dla dzieci, kt\u00f3re napisa\u0142y swoje wiersze. S\u0105 one prezentem na stulecie odzyskania niepodleg\u0142o\u015bci przez Polsk\u0119. <\/strong><\/p>\n<p style=\"text-align: justify;\"><strong>&nbsp;<\/strong><\/p>\n<p style=\"text-align: center;\">***<\/p>\n<p style=\"text-align: justify;\">&nbsp;To nie Londyn, to...<a href='https:\/\/sp.tuchow.pl\/index.php\/2018\/11\/05\/polska-moja-ojczyzna\/' class='pfpReadMore'>Read More &raquo;<\/a><div class='clear'><\/div><hr><\/div><div class='pfpItem entry-content'><h2 class='entry-title'><a href='https:\/\/sp.tuchow.pl\/index.php\/2018\/11\/05\/konkurs-fotograficzny-rozstrzygniety\/'>Konkurs fotograficzny rozstrzygni\u0119ty!!!<\/a><\/h2><p><strong>Pi\u0119kne, wzruszaj\u0105ce zdj\u0119cia!<\/strong><\/p>\n<p><strong>Ogromne zaanga\u017cowanie uczni\u00f3w\u2026.<\/strong><\/p>\n<p><strong>M\u0142odzi patrioci XXI wieku ze Szko\u0142y&nbsp;<\/strong><strong>Podstawowej w Tuchowie!<\/strong><\/p>\n<p>&nbsp;<\/p>\n<p><strong>Wyniki konkursu:<\/strong><\/p>\n<p><strong>I miejsce: &nbsp;Lena Zg\u00f3rska&nbsp; i Julia Ciszek klasa IV c<\/strong><\/p>\n<p><strong>II miejsce: Julia Szablowska klasa VII b<\/strong><strong>&nbsp; &nbsp; &nbsp; &nbsp; &nbsp; &nbsp; &nbsp; &nbsp; &nbsp; &nbsp; &nbsp; &nbsp; &nbsp; &nbsp; &nbsp;&nbsp;<\/strong><\/p>\n<p><strong>III miejsce: Jan Szary klasa V b,&nbsp;<\/strong><strong>Jakub Hudyka klasa...<a href='https:\/\/sp.tuchow.pl\/index.php\/2018\/11\/05\/konkurs-fotograficzny-rozstrzygniety\/' class='pfpReadMore'>Read More &raquo;<\/a><div class='clear'><\/div><hr><\/div><div class='pfpItem entry-content'><h2 class='entry-title'><a href='https:\/\/sp.tuchow.pl\/index.php\/2018\/11\/04\/sala-zabaw-kulkolandia-w-tuchowie\/'>SALA ZABAW \u2013 KULKOLANDIA W TUCHOWIE<\/a><\/h2><p>Ostatniego dnia pa\u017adziernika klasa 1b uda\u0142a si\u0119 do sali zabaw &#8211; Kulkolandii.<\/p>\n<p>Ka\u017cde dziecko znalaz\u0142o co\u015b dla siebie. W \u201eMa\u0142pim Gaju,\u201d w dwupoziomowej kondygnacji, we wn\u0119trzu kt\u00f3rej znajduj\u0105 si\u0119 tunele z przer\u00f3\u017cnymi przeszkodami oraz basen z tysi\u0105cami kolorowych pi\u0142eczek, do kt\u00f3rego mo\u017cna zjecha\u0107 jedn\u0105 z dw\u00f3ch zje\u017cd\u017calni, niekt\u00f3rym zabrak\u0142o tchu. Zje\u017cd\u017calnie,...<a href='https:\/\/sp.tuchow.pl\/index.php\/2018\/11\/04\/sala-zabaw-kulkolandia-w-tuchowie\/' class='pfpReadMore'>Read More &raquo;<\/a><div class='clear'><\/div><hr><\/div><div class='pfpItem entry-content'><h2 class='entry-title'><a href='https:\/\/sp.tuchow.pl\/index.php\/2018\/10\/31\/wycieczka-klas-viii-ych-do-warszawy\/'>Wycieczka klas VIII-ych do Warszawy<\/a><\/h2><p style=\"text-align: justify;\">29 pa\u017adziernika 2018 roku uczniowie klas VIII wzi\u0119li udzia\u0142 w jednodniowej wycieczce do Warszawy.<\/p>\n<p style=\"text-align: justify;\">Aktywne zwiedzanie stolicy rozpocz\u0119li\u015bmy od Muzeum Powstania Warszawskiego. Na pocz\u0105tku naszej wizyty wzi\u0119li\u015bmy udzia\u0142 w Mszy \u015bwi\u0119tej odprawionej przez ks. Paw\u0142a oraz ks. Marka w intencji wszystkich walcz\u0105cych o woln\u0105 Ojczyzn\u0119. Lekcja muzealna,...<a href='https:\/\/sp.tuchow.pl\/index.php\/2018\/10\/31\/wycieczka-klas-viii-ych-do-warszawy\/' class='pfpReadMore'>Read More &raquo;<\/a><div class='clear'><\/div><hr><\/div><div class='pfpItem entry-content'><h2 class='entry-title'><a href='https:\/\/sp.tuchow.pl\/index.php\/2018\/10\/31\/spektakl-afryka-kazika\/'>Spektakl\u00a0 \u201eAfryka Kazika\u201d<\/a><\/h2><p style=\"text-align: justify;\">30 pa\u017adziernika klasy 3a i 3b uczestniczy\u0142y w spektaklu teatralnym pt: \u201eAfryka Kazika\u201d w wykonaniu aktor\u00f3w Teatru Wsp\u00f3\u0142czesnego w Krakowie. Dla wszystkich dzieci by\u0142o to du\u017ce prze\u017cycie. G\u0142\u00f3wny bohater Kazik, zabra\u0142 ich na wycieczk\u0119 po Afryce, w czasie kt\u00f3rej mogli pozna\u0107 afryka\u0144ski kontynent, jego mieszka\u0144c\u00f3w i kultur\u0119. Przygodom...<a href='https:\/\/sp.tuchow.pl\/index.php\/2018\/10\/31\/spektakl-afryka-kazika\/' class='pfpReadMore'>Read More &raquo;<\/a><div class='clear'><\/div><hr><\/div><div class='pfpItem entry-content'><h2 class='entry-title'><a href='https:\/\/sp.tuchow.pl\/index.php\/2018\/10\/29\/wielki-final-poszukiwan\/'>Wielki Fina\u0142 \u201ePoszukiwa\u0144\u201d<\/a><\/h2><p style=\"text-align: justify;\">Bardzo si\u0119 ciesz\u0119 z sukces\u00f3w uczni\u00f3w Szko\u0142y Podstawowej im. Stanis\u0142awa Staszica w Tuchowie, kt\u00f3rzy 25 pa\u017adziernika 2018 roku wzi\u0119li udzia\u0142 w Finale Mi\u0119dzypowiatowym Turnieju Sztuki Recytatorskiej \u201ePoszukiwania\u201d2018. Z pi\u0119ciu uczni\u00f3w: Aleksander Szel\u0105g, Jakub Madejski, Kinga Barna\u015b, Maksymilian Janik i Izabela Zaj\u0105c troje zosta\u0142o nagrodzonych.&nbsp; Wszyscy cierpliwie pracowali nad...<a href='https:\/\/sp.tuchow.pl\/index.php\/2018\/10\/29\/wielki-final-poszukiwan\/' class='pfpReadMore'>Read More &raquo;<\/a><div class='clear'><\/div><hr><\/div><div class='pfpItem entry-content'><h2 class='entry-title'><a href='https:\/\/sp.tuchow.pl\/index.php\/2018\/10\/25\/zaproszenie-do-zlozenia-oferty-dostawa-energii-elektrycznej\/'>Zaproszenie do z\u0142o\u017cenia oferty \u2013 dostawa energii elektrycznej<\/a><\/h2><p style=\"text-align: justify;\"><strong><span style=\"font-size: large;\">Dyrektor Szko\u0142y Podstawowej im. Stanis\u0142awa Staszica w Tuchowie zaprasza do z\u0142o\u017cenia oferty w trybie zapytania o cen\u0119 pn<\/span>.&nbsp;<i>\u201e<\/i><\/strong><i>Dostawa energii elektrycznej na potrzeby obiekt\u00f3w Szko\u0142y Podstawowej im. Stanis\u0142awa Staszica w Tuchowie, ul. Jana Paw\u0142a II 6, 33-170 Tuch\u00f3w&#8221;.<br \/>\n<\/i><br \/>\nOfert\u0119 nale\u017cy z\u0142o\u017cy\u0107 do dnia 05 listopada 2018...<a href='https:\/\/sp.tuchow.pl\/index.php\/2018\/10\/25\/zaproszenie-do-zlozenia-oferty-dostawa-energii-elektrycznej\/' class='pfpReadMore'>Read More &raquo;<\/a><div class='clear'><\/div><hr><\/div><div class='pfpItem entry-content'><h2 class='entry-title'><a href='https:\/\/sp.tuchow.pl\/index.php\/2018\/10\/25\/zaproszenie-do-zlozenia-oferty-dostawa-gazu-ziemnego\/'>Zaproszenie do z\u0142o\u017cenia oferty - dostawa gazu ziemnego<\/a><\/h2><p style=\"text-align: justify;\"><strong>Dyrektor Szko\u0142y Podstawowej im. Stanis\u0142awa Staszica w Tuchowie zaprasza do z\u0142o\u017cenia oferty w trybie zapytania o cen\u0119 pn.&nbsp;<i>\u201e<\/i><\/strong><i>Dostawa gazu ziemnego do Szko\u0142y Podstawowej im. Stanis\u0142awa Staszica w Tuchowie, ul. Jana Paw\u0142a II 6, 33-170 Tuch\u00f3w&#8221;.<br \/>\n<\/i><br \/>\nOfert\u0119 nale\u017cy z\u0142o\u017cy\u0107 do dnia 06 listopada 2018 r. do godz. 13:30...<a href='https:\/\/sp.tuchow.pl\/index.php\/2018\/10\/25\/zaproszenie-do-zlozenia-oferty-dostawa-gazu-ziemnego\/' class='pfpReadMore'>Read More &raquo;<\/a><div class='clear'><\/div><hr><\/div><div class='pfpItem entry-content'><h2 class='entry-title'><a href='https:\/\/sp.tuchow.pl\/index.php\/2018\/10\/25\/stypendia-burmistrza-tuchowa\/'>Stypendia Burmistrza Tuchowa<\/a><\/h2><p style=\"text-align: justify;\"><b>Stypendia Burmistrza Tuchowa, w ramach \u201eProgramu wspierania edukacji uzdolnionych dzieci i m\u0142odzie\u017cy z terenu gminy Tuch\u00f3w\u201d otrzyma\u0142o 49 uczni\u00f3w ze szk\u00f3\u0142 podstawowych i gimnazj\u00f3w za wysokie wyniki w nauce oraz szczeg\u00f3lne osi\u0105gni\u0119cia naukowe, artystyczne i sportowe uzyskane w roku szkolnym 2017\/2018.<\/b><\/p>\n<p style=\"text-align: justify;\"><strong>Stypendyst\u00f3w wraz z rodzicami serdecznie zapraszamy...<a href='https:\/\/sp.tuchow.pl\/index.php\/2018\/10\/25\/stypendia-burmistrza-tuchowa\/' class='pfpReadMore'>Read More &raquo;<\/a><div class='clear'><\/div><hr><\/div><div class='pfpItem entry-content'><h2 class='entry-title'><a href='https:\/\/sp.tuchow.pl\/index.php\/2018\/10\/25\/dzien-edukacji-narodowej-w-sp-w-tuchowie\/'>Dzie\u0144 Edukacji Narodowej w SP w Tuchowie<\/a><\/h2><p style=\"text-align: justify;\">Dnia 15.10.2018 r. w Szkole Podstawowej im. Stanis\u0142awa Staszica w Tuchowie odby\u0142a si\u0119 akademia z okazji Dnia Edukacji Narodowej. Uczniowie klas 3a i&nbsp; 3b pod kierunkiem p. Jadwigi Mo\u017adzierz i Marty Chru\u015bciel-Zo\u0144 przygotowali inscenizacj\u0119 pt. &#8221; W&nbsp; nauczycielu mam przyjaciela&#8221;. Inspiracj\u0105 przedstawienia by\u0142a konferencja&nbsp; podsumowuj\u0105ca rok szkolny. M\u0142odzi...<a href='https:\/\/sp.tuchow.pl\/index.php\/2018\/10\/25\/dzien-edukacji-narodowej-w-sp-w-tuchowie\/' class='pfpReadMore'>Read More &raquo;<\/a><div class='clear'><\/div><hr><\/div><div class='pfpItem entry-content'><h2 class='entry-title'><a href='https:\/\/sp.tuchow.pl\/index.php\/2018\/10\/25\/dzien-glosnego-czytania\/'>Dzie\u0144 G\u0142o\u015bnego Czytania<\/a><\/h2><p style=\"text-align: justify;\">Uwaga, uwaga, rzecz to nies\u0142ychana! W Szkole Podstawowej im. S. Staszica w Tuchowie 19.10.2018r. o godz. 9.00 odby\u0142 si\u0119 Dzie\u0144 G\u0142o\u015bnego Czytania. Gromada S\u0142odziak\u00f3w &#8211; le\u015bnych rozrabiak\u00f3w, dyrekcja, pani bibliotekarka, dzieci z klasy 1b, 1c i 3b z wychowawcami i tajemniczy go\u015b\u0107 \u2013 pan le\u015bniczy, odkrywali razem lasu...<a href='https:\/\/sp.tuchow.pl\/index.php\/2018\/10\/25\/dzien-glosnego-czytania\/' class='pfpReadMore'>Read More &raquo;<\/a><div class='clear'><\/div><hr><\/div><div class='pfpItem entry-content'><h2 class='entry-title'><a href='https:\/\/sp.tuchow.pl\/index.php\/2018\/10\/17\/wycieczka-klas-vii-i-iii-gimnazjum-po-krakowskich-muzeach\/'>Wycieczka klas VII i III gimnazjum po krakowskich muzeach<\/a><\/h2><p style=\"text-align: justify;\">Pod koniec wrze\u015bnia i na pocz\u0105tku pa\u017adziernika uczniowie klas VII oraz III gimnazjum uczestniczyli w wycieczcie po krakowskich muzeach. By\u0142 to pierwszy etap projektu edukacyjnego pt. \u201eHistoria opowiedziana na p\u0142\u00f3tnie\u201d. \u017bycie i tw\u00f3rczo\u015b\u0107 Jana Matejki w 125 rocznic\u0119 \u015bmierci artysty.<\/p>\n<p style=\"text-align: justify;\">Odwiedzili\u015bmy miejsca zwi\u0105zane z \u017cyciem i dzia\u0142alno\u015bci\u0105...<a href='https:\/\/sp.tuchow.pl\/index.php\/2018\/10\/17\/wycieczka-klas-vii-i-iii-gimnazjum-po-krakowskich-muzeach\/' class='pfpReadMore'>Read More &raquo;<\/a><div class='clear'><\/div><hr><\/div><div class='pfpItem entry-content'><h2 class='entry-title'><a href='https:\/\/sp.tuchow.pl\/index.php\/2018\/10\/11\/maksymilian-janiknowy-talent-sztuki-recytatorskiej-turniej-sztuki-recytatorskiej-poszukiwania-eliminacje-powiatowe-za-nami\/'>Maksymilian Janik\u2026nowy talent sztuki recytatorskiej! Turniej Sztuki Recytatorskiej POSZUKIWANIA eliminacje powiatowe za nami\u2026<\/a><\/h2><p style=\"text-align: justify;\"><strong>Odkryciem tego roku okaza\u0142 si\u0119 ucze\u0144 klasy 3 gimnazjalnej Maksymilian Janik oraz ucze\u0144 klasy 5 SP Aleksander Szel\u0105g.<\/strong> Obaj ch\u0142opcy po raz pierwszy wzi\u0119li udzia\u0142 w konkursie poezji. Maks zauroczy\u0142 jury wywa\u017con\u0105 recytacj\u0105 fragmentu prozy Piotra Adamczyka <em>Wyrzut sumienia w sklepie warzywnym <\/em>oraz wiersza Mariana Za\u0142uckiego <em>Rozw\u00f3d po...<a href='https:\/\/sp.tuchow.pl\/index.php\/2018\/10\/11\/maksymilian-janiknowy-talent-sztuki-recytatorskiej-turniej-sztuki-recytatorskiej-poszukiwania-eliminacje-powiatowe-za-nami\/' class='pfpReadMore'>Read More &raquo;<\/a><div class='clear'><\/div><hr><\/div><div class='pfpItem entry-content'><h2 class='entry-title'><a href='https:\/\/sp.tuchow.pl\/index.php\/2018\/10\/08\/organizacja-pracy-szkoly-w-dniu-15-pazdziernika-poniedzialek\/'>Organizacja pracy szko\u0142y w dniu 15 pa\u017adziernika \/poniedzia\u0142ek\/<\/a><\/h2><p style=\"text-align: justify;\">15 pa\u017adziernika 2018 r. (poniedzia\u0142ek) w naszej szkole b\u0119dziemy \u015bwi\u0119towa\u0107 Dzie\u0144 KEN. W tym dniu nie ma zaj\u0119\u0107 dydaktycznych.<br \/>\nUczniowie naszej szko\u0142y pod opiek\u0105 wychowawc\u00f3w i nauczycieli bior\u0105 udzia\u0142 w uroczystej akademii w Domu Kultury wg harmonogramu:<br \/>\n\u2022 Klasy I &#8211; III o godz. 8:30 ,<br \/>\n\u2022 Klasy...<a href='https:\/\/sp.tuchow.pl\/index.php\/2018\/10\/08\/organizacja-pracy-szkoly-w-dniu-15-pazdziernika-poniedzialek\/' class='pfpReadMore'>Read More &raquo;<\/a><div class='clear'><\/div><hr><\/div><div class='pfpItem entry-content'><h2 class='entry-title'><a href='https:\/\/sp.tuchow.pl\/index.php\/2018\/10\/02\/nasza-szkola-po-raz-kolejny-wlaczyla-sie-w-akcje-bohateron\/'>Nasza szko\u0142a po raz kolejny w\u0142\u0105czy\u0142a si\u0119 w akcj\u0119 BohaterOn<\/a><\/h2><p>Nasza szko\u0142a po raz kolejny w\u0142\u0105czy\u0142a si\u0119 w akcj\u0119 BohaterOn, polegaj\u0105c\u0105 na pisaniu kartek pocztowych do uczestnik\u00f3w Powstania Warszawskiego. Uczniowie w napisanych przez nich poczt\u00f3wkach dzi\u0119kowali Powsta\u0144com za woln\u0105 Polsk\u0119 i wyra\u017cali sw\u00f3j podziw dla ich postawy w tamtych czasach.<\/p>\n<div class=\"fb-post\" data-href=\"http:\/\/www.facebook.com\/sptuchow\/photos\/a.2227197224216456\/2227197310883114\/?type=3&#038;theater\" data-width=\"552\" style=\"background-color: #fff; display: inline-block;\"><\/div>\n...<a href='https:\/\/sp.tuchow.pl\/index.php\/2018\/10\/02\/nasza-szkola-po-raz-kolejny-wlaczyla-sie-w-akcje-bohateron\/' class='pfpReadMore'>Read More &raquo;<\/a><div class='clear'><\/div><hr><\/div><div class='pfpItem entry-content'><h2 class='entry-title'><a href='https:\/\/sp.tuchow.pl\/index.php\/2018\/10\/01\/konkurs-wiedzy-o-parkach-krajobrazowych-wojewodztwa-malopolskiego\/'>Konkurs Wiedzy o Parkach Krajobrazowych Wojew\u00f3dztwa Ma\u0142opolskiego.<\/a><\/h2><p>Zach\u0119camy uczni\u00f3w do udzia\u0142u w Konkursie Wiedzy o Parkach Krajobrazowych Wojew\u00f3dztwa Ma\u0142opolskiego. Wi\u0119cej szczeg\u00f3\u0142\u00f3w u nauczycieli biologii i przyrody oraz na stronie&nbsp;<a href=\"http:\/\/l.facebook.com\/l.php?u=http%3A%2F%2Fwww.zpkwm.pl%2F&amp;h=AT0NC2koDQLoTHq6TELi_p0txeAsWh59TFsM2AX_Sq45Thdz2RLa7Ysyi4lT_UysXx1PyxjlsyF2vv5I6Si324bRQRhduJqet1OCx1sXuM1cETcQ-llMpO0Okyj_1zvz8urjeA\" target=\"_blank\" rel=\"nofollow noopener\" data-lynx-mode=\"asynclazy\">www.zpkwm.pl<\/a>&nbsp;<\/p>\n<div class=\"fb-post\" data-href=\"http:\/\/www.facebook.com\/sptuchow\/photos\/a.1798034137132769\/2226230424313136\/?type=3&#038;theater\" data-width=\"552\" style=\"background-color: #fff; display: inline-block;\"><\/div>\n...<a href='https:\/\/sp.tuchow.pl\/index.php\/2018\/10\/01\/konkurs-wiedzy-o-parkach-krajobrazowych-wojewodztwa-malopolskiego\/' class='pfpReadMore'>Read More &raquo;<\/a><div class='clear'><\/div><hr><\/div><div class='pfpItem entry-content'><h2 class='entry-title'><a href='https:\/\/sp.tuchow.pl\/index.php\/2018\/09\/30\/wycieczka-klas-czwartych-do-ogrodzienca\/'>Wycieczka klas czwartych do Ogrodzie\u0144ca<\/a><\/h2><p style=\"text-align: justify;\">25 wrze\u015bnia 2018 roku uczniowie klas czwartych wraz z wychowawcami uczestniczyli w ca\u0142odniowej wycieczce do Ogrodzie\u0144ca.<\/p>\n<p style=\"text-align: justify;\">W Parku Miniatur pani przewodnik zaprezentowa\u0142a dzieciom wspania\u0142e miniaturowe zamki, tworz\u0105ce \u015bredniowieczny Szlak Orlich Gniazd. Uczniowie mieli okazj\u0119 podziwia\u0107 zamek na Pieskowej Skale, zamek w B\u0119dzinie, a wszystkie te budowle wkomponowa\u0142y...<a href='https:\/\/sp.tuchow.pl\/index.php\/2018\/09\/30\/wycieczka-klas-czwartych-do-ogrodzienca\/' class='pfpReadMore'>Read More &raquo;<\/a><div class='clear'><\/div><hr><\/div><div class='pfpItem entry-content'><h2 class='entry-title'><a href='https:\/\/sp.tuchow.pl\/index.php\/2018\/09\/26\/zarzadzenie-dyrektora-szkoly-podstawowej-im-stanislawa-staszica-w-tuchowie-w-sprawie-organizacji-roku-szkolnego\/'>Zarz\u0105dzenie Dyrektora Szko\u0142y Podstawowej im. Stanis\u0142awa Staszica  w Tuchowie w sprawie organizacji roku szkolnego.<\/a><\/h2><p style=\"text-align: center;\"><strong>Zarz\u0105dzenie nr 5\/2018\/2019<br \/>\nz dnia 13 wrze\u015bnia 2018 r.<br \/>\nDyrektora Szko\u0142y Podstawowej im. Stanis\u0142awa Staszica<\/strong><\/p>\n<p style=\"text-align: center;\"><strong>w Tuchowie <\/strong><\/p>\n<p style=\"text-align: center;\"><strong>w sprawie organizacji roku szkolnego.<\/strong><\/p>\n<p>&nbsp;<\/p>\n<p style=\"text-align: justify;\">ROZPORZ\u0104DZENIE MINISTRA EDUKACJI NARODOWEJ z dnia 11 sierpnia 2017 r. w&nbsp;sprawie organizacji roku szkolnego (Dz. U. poz. 1603)<\/p>\n<p style=\"text-align: center;\"><strong>&nbsp;\u00a7 1<\/strong><\/p>\n<p>&nbsp;<\/p>\n<p style=\"text-align:...<a href='https:\/\/sp.tuchow.pl\/index.php\/2018\/09\/26\/zarzadzenie-dyrektora-szkoly-podstawowej-im-stanislawa-staszica-w-tuchowie-w-sprawie-organizacji-roku-szkolnego\/' class='pfpReadMore'>Read More &raquo;<\/a><div class='clear'><\/div><hr><\/div><div class='pfpItem entry-content'><h2 class='entry-title'><a href='https:\/\/sp.tuchow.pl\/index.php\/2018\/09\/24\/konkurs-fotograficzny-pt-mlodzi-patrioci-xxi-wieku-czesc-i\/'>Konkurs fotograficzny pt: \u201eM\u0142odzi patrioci XXI wieku. Cz\u0119\u015b\u0107  I\u201d.<\/a><\/h2><img decoding=\"async\" src=\"https:\/\/sp.tuchow.pl\/wp-content\/uploads\/2018\/09\/100-lat-niepodleglosci-150x150.jpg\" \/><p style=\"text-align: justify;\">Wsp\u00f3\u0142czesny patriotyzm ukazywany jest na wiele sposob\u00f3w. W XXI wieku to wiele wspania\u0142ych inicjatyw i postaw m\u0142odych ludzi\u2026..<\/p>\n<p style=\"text-align: justify;\">W zwi\u0105zku z setn\u0105 rocznic\u0105 odzyskania przez Polsk\u0119 niepodleg\u0142o\u015bci zach\u0119camy uczni\u00f3w&nbsp;<strong>klas IV \u2013 VIII oraz gimnazjum <\/strong>do wzi\u0119cia udzia\u0142u w konkursie fotograficznym pt.&nbsp;<strong>\u201eM\u0142odzi patrioci XXI wieku.&nbsp;<\/strong><strong style=\"line-height: inherit;\">Cz\u0119\u015b\u0107&nbsp; I\u201d.<\/strong><\/p>\n<p>Wi\u0119cej...<a href='https:\/\/sp.tuchow.pl\/index.php\/2018\/09\/24\/konkurs-fotograficzny-pt-mlodzi-patrioci-xxi-wieku-czesc-i\/' class='pfpReadMore'>Read More &raquo;<\/a><div class='clear'><\/div><hr><\/div><div class='pfpItem entry-content'><h2 class='entry-title'><a href='https:\/\/sp.tuchow.pl\/index.php\/2018\/09\/24\/dyktando-niepodleglosciowe\/'>Dyktando Niepodleg\u0142o\u015bciowe<\/a><\/h2><img decoding=\"async\" src=\"https:\/\/sp.tuchow.pl\/wp-content\/uploads\/2018\/09\/Dyktando-Niepodleglosciowe-1-150x150.jpg\" \/><p><strong>Serdecznie zapraszamy uczni\u00f3w klas VI \u2013 VIII oraz III gimnazjum do wzi\u0119cia udzia\u0142u w&nbsp;<\/strong><strong>VI edycji Dyktanda Niepodleg\u0142o\u015bciowego&nbsp;\u201ePo polsku o historii\u201d<\/strong><\/p>\n<p>Wi\u0119cej szczeg\u00f3\u0142\u00f3w na plakacie.<\/p>\nngg_shortcode_8_placeholder\n...<a href='https:\/\/sp.tuchow.pl\/index.php\/2018\/09\/24\/dyktando-niepodleglosciowe\/' class='pfpReadMore'>Read More &raquo;<\/a><div class='clear'><\/div><hr><\/div><div class='pfpItem entry-content'><h2 class='entry-title'><a href='https:\/\/sp.tuchow.pl\/index.php\/2018\/09\/17\/polscy-bohaterowie-walczacy-w-bitwie-o-anglie\/'>Polscy bohaterowie walcz\u0105cy w bitwie o Angli\u0119<\/a><\/h2><p style=\"text-align: justify;\"><strong>Prze\u017cywamy wyj\u0105tkowy rok: 100 &#8211; lecie odzyskania przez Polsk\u0119 niepodleg\u0142o\u015bci. Jest to znakomita okazja, by szczeg<\/strong><strong>\u00f3lnie zwr\u00f3ci\u0107 uwag\u0119 na kszta\u0142towanie postaw patriotycznych u dzieci i m\u0142odzie\u017cy, zainteresowa\u0107 ich pi\u0119kn\u0105 histori\u0105 naszej Ojczyzny, ukaza\u0107 bohater\u00f3w narodowych, cz\u0119sto zapominanych.<\/strong><\/p>\n<p style=\"text-align: justify;\">Film \u201eDywizjon 303\u201d, kt\u00f3ry mo\u017cna obejrze\u0107 w kinach, opowiada w\u0142a\u015bnie...<a href='https:\/\/sp.tuchow.pl\/index.php\/2018\/09\/17\/polscy-bohaterowie-walczacy-w-bitwie-o-anglie\/' class='pfpReadMore'>Read More &raquo;<\/a><div class='clear'><\/div><hr><\/div><div class='pfpItem entry-content'><h2 class='entry-title'><a href='https:\/\/sp.tuchow.pl\/index.php\/2018\/09\/14\/aktualizacja-planu-zajec-2\/'>AKTUALIZACJA planu zaj\u0119\u0107<\/a><\/h2><p><strong>W dziale <em>&#8222;Plan lekcji&#8221;<\/em> zosta\u0142 zamieszczony zaktualizowany plan zaj\u0119\u0107, kt\u00f3ry b\u0119dzie obowi\u0105zywa\u0142 od poniedzia\u0142ku 17 wrze\u015bnia.<\/strong><\/p>\n<p>Prosimy o zapoznanie si\u0119 ze zmianami.<\/p>\n...<a href='https:\/\/sp.tuchow.pl\/index.php\/2018\/09\/14\/aktualizacja-planu-zajec-2\/' class='pfpReadMore'>Read More &raquo;<\/a><div class='clear'><\/div><hr><\/div><div class='pfpItem entry-content'><h2 class='entry-title'><a href='https:\/\/sp.tuchow.pl\/index.php\/2018\/09\/04\/piekna-jest-nasza-mowa-i-piesni-i-piosenki-czyli-uroczyste-rozpoczecie-nowego-roku-szkolnego-20182019-w-stulecie-odzyskania-niepodleglosci\/'>,,Pi\u0119kna jest nasza mowa i pie\u015bni, i piosenki\u2019\u2019, czyli uroczyste rozpocz\u0119cie  nowego roku szkolnego 2018\/2019 w stulecie odzyskania niepodleg\u0142o\u015bci<\/a><\/h2><p style=\"text-align: justify;\">\u2026 Sko\u0144czy\u0142y si\u0119 wakacje i letnie pytania: ,,czemu rankiem jest rosa na \u0142\u0105ce, czemu sowa tylko noc\u0105 lata, o czym trzeba zawsze w lecie pami\u0119ta\u0107?\u2019\u2019.<\/p>\n<p style=\"text-align: justify;\">Nowy rok szkolny przybrani od\u015bwi\u0119tnie uczniowie klas I-VIII, nauczyciele i rodzice rozpocz\u0119li Msz\u0105 \u015bw. w ko\u015bciele \u015bw. Jakuba Aposto\u0142a.<\/p>\n<p style=\"text-align: justify;\">W roku...<a href='https:\/\/sp.tuchow.pl\/index.php\/2018\/09\/04\/piekna-jest-nasza-mowa-i-piesni-i-piosenki-czyli-uroczyste-rozpoczecie-nowego-roku-szkolnego-20182019-w-stulecie-odzyskania-niepodleglosci\/' class='pfpReadMore'>Read More &raquo;<\/a><div class='clear'><\/div><hr><\/div><div class='pfpItem entry-content'><h2 class='entry-title'><a href='https:\/\/sp.tuchow.pl\/index.php\/2018\/08\/27\/rozpoczecie-roku-szkolnego-2017-2018\/'>Rozpocz\u0119cie roku szkolnego 2018 \/2019.<\/a><\/h2><p><strong>3&nbsp;wrze\u015bnia 2018 r. odb\u0119dzie si\u0119 uroczyste rozpocz\u0119cie&nbsp;roku szkolnego 2018\/2019.&nbsp;<\/strong><\/p>\n<ul>\n<li>Uczniowie klas 1 &#8211; 8 szko\u0142y podstawowej przychodz\u0105 do ko\u015bcio\u0142a \u015bw. Jakuba na Msz\u0119 \u015bw. na godz. 9:30, a potem pod opiek\u0105 wychowawc\u00f3w i nauczycieli udaj\u0105 si\u0119 do hali MOSiR;<\/li>\n<li>Uczniowie oddzia\u0142\u00f3w gimnazjalnych przychodz\u0105 do Bazyliki Mniejszej NNMP&nbsp;na Msz\u0119 \u015bw. na godz. 8:00,...<a href='https:\/\/sp.tuchow.pl\/index.php\/2018\/08\/27\/rozpoczecie-roku-szkolnego-2017-2018\/' class='pfpReadMore'>Read More &raquo;<\/a><div class='clear'><\/div><hr><\/div><div class='pfpItem entry-content'><h2 class='entry-title'><a href='https:\/\/sp.tuchow.pl\/index.php\/2018\/08\/18\/doradztwo-zawodowe-w-ramach-projektu-spinka-2\/'>Doradztwo zawodowe w ramach projektu  -  \u201eSPINKA\u201d<\/a><\/h2><div>Od 1 wrze\u015bnia 2017 roku w naszej szkole dzia\u0142a Szkolny Punkt Informacji i Kariery, utworzony w ramach projektu Modernizacja Kszta\u0142cenia Zawodowego w Ma\u0142opolsce II, finansowany z funduszy unijnych.<\/div>\n<div>W ramach projektu prowadzone s\u0105 zaj\u0119cia indywidualne oraz warsztaty grupowe. Warunkiem uczestnictwa jest dostarczenie formularza zg\u0142oszenia.<\/div>\n<div>Zapraszamy do zapoznania si\u0119 z Regulaminem rekrutacji i...<a href='https:\/\/sp.tuchow.pl\/index.php\/2018\/08\/18\/doradztwo-zawodowe-w-ramach-projektu-spinka-2\/' class='pfpReadMore'>Read More &raquo;<\/a><div class='clear'><\/div><hr><\/div><div class='pfpItem entry-content'><h2 class='entry-title'><a href='https:\/\/sp.tuchow.pl\/index.php\/2018\/07\/10\/ziemio-ojczysta-czyli-kolejne-niezwykle-spotkanie-w-krakowie\/'>,,Ziemio Ojczysta\u2019\u2019, czyli kolejne niezwyk\u0142e spotkanie w Krakowie<\/a><\/h2><p style=\"text-align: right;\"><em>&#8222;Ziemio Ojczysta, b\u0142yszcz\u0105ca ros\u0105 o poranku, pachn\u0105ca skoszon\u0105 traw\u0105<\/em><\/p>\n<p style=\"text-align: right;\"><em>w po\u0142udniowym s\u0142o\u0144cu, szeleszcz\u0105ca sitowiem o zmierzchu, zdobywana<\/em><\/p>\n<p style=\"text-align: right;\"><em>w trudzie i znoju, zniewolona i odrodzona, opiewana w poematach\u2026 Jak Ci\u0119<\/em><\/p>\n<p style=\"text-align: right;\"><em>na nowo opisa\u0107?<\/em><em>,, <\/em><\/p>\n<p style=\"text-align: justify;\">&nbsp;&nbsp;&nbsp;&nbsp;&nbsp;&nbsp;&nbsp;&nbsp;&nbsp;&nbsp;&nbsp; <strong>W dniu 20 czerwca 2018 r. w Muzeum Historycznym Miasta...<a href='https:\/\/sp.tuchow.pl\/index.php\/2018\/07\/10\/ziemio-ojczysta-czyli-kolejne-niezwykle-spotkanie-w-krakowie\/' class='pfpReadMore'>Read More &raquo;<\/a><div class='clear'><\/div><hr><\/div><div class='pfpItem entry-content'><h2 class='entry-title'><a href='https:\/\/sp.tuchow.pl\/index.php\/2018\/06\/29\/o-morza-potedze-wiecznej-czyli-o-zielonej-szkole-w-jaroslawcu\/'>,,O morza pot\u0119dze wiecznej\u2019\u2019, czyli o zielonej szkole w Jaros\u0142awcu<\/a><\/h2><p style=\"text-align: justify;\"><strong>W roku szkolnym 2017\/2018 zielona szko\u0142a zosta\u0142a zorganizowana w dniach od 1 do 12 czerwca 2018 r. w Jaros\u0142awcu przez pp. dyrektor Wand\u0119 Siwek i Alicj\u0119 P\u0142achno. Na zielon\u0105 szko\u0142\u0119 wyjecha\u0142o 152 uczni\u00f3w Szko\u0142y Podstawowej w Tuchowie<\/strong>.<\/p>\n<p style=\"text-align: justify;\">&nbsp;<\/p>\n<p style=\"text-align: justify;\">Opiek\u0119 sprawowa\u0142o 12 nauczycieli: Bernadeta Baran, Aneta Dynak,...<a href='https:\/\/sp.tuchow.pl\/index.php\/2018\/06\/29\/o-morza-potedze-wiecznej-czyli-o-zielonej-szkole-w-jaroslawcu\/' class='pfpReadMore'>Read More &raquo;<\/a><div class='clear'><\/div><hr><\/div><div class='pfpItem entry-content'><h2 class='entry-title'><a href='https:\/\/sp.tuchow.pl\/index.php\/2018\/06\/23\/aleksandra-pasik-laureatem-i-tarnowskiego-konkursu-chemicznego\/'>Aleksandra Pasik laureatem I Tarnowskiego Konkursu Chemicznego<\/a><\/h2><p style=\"text-align: justify;\">Tu\u017c przed wakacjami rozstrzygni\u0119to pierwsz\u0105 edycj\u0119 Tarnowskiego Konkursu Chemicznego organizowanego przez Pa\u0144stwow\u0105 Wy\u017csz\u0105 Szko\u0142\u0119 Zawodow\u0105 w Tarnowie. Mi\u0142o nam poinformowa\u0107, \u017ce <strong>Aleksandra Pasik<\/strong>, uczennica Szko\u0142y Podstawowej im. St. Staszica w Tuchowie (oddzia\u0142y gimnazjalne) zaj\u0119\u0142a w tym konkursie <strong>II miejsce, otrzymuj\u0105c tytu\u0142 laureata<\/strong>.<\/p>\n<p style=\"text-align: justify;\">Konkurs sk\u0142ada\u0142 si\u0119 z dw\u00f3ch...<a href='https:\/\/sp.tuchow.pl\/index.php\/2018\/06\/23\/aleksandra-pasik-laureatem-i-tarnowskiego-konkursu-chemicznego\/' class='pfpReadMore'>Read More &raquo;<\/a><div class='clear'><\/div><hr><\/div><div class='pfpItem entry-content'><h2 class='entry-title'><a href='https:\/\/sp.tuchow.pl\/index.php\/2018\/06\/17\/uroczyste-zakonczenie-roku-szkolnego-20172018\/'>Uroczyste zako\u0144czenie roku szkolnego 2017\/2018.<\/a><\/h2><p><strong>22 czerwca 2018<\/strong> <strong>roku<\/strong> <strong>(pi\u0105tek)&nbsp;<\/strong>odb\u0119dzie si\u0119 <strong>uroczyste zako\u0144czenie roku szkolnego 2017\/2018<\/strong>.<\/p>\n<p>Uczniowie gimnazjum przychodz\u0105 do Bazyliki NNMP na Msz\u0119 \u015bwi\u0119t\u0105 na godz. <strong>8<sup>00<span style=\"font-size: 13.3333px;\">&nbsp;<\/span><\/sup><\/strong>, a potem pod opiek\u0105 wychowawc\u00f3w i nauczycieli&nbsp; udaj\u0105 si\u0119 do&nbsp; hali MOSiR .<\/p>\n<p>Uczniowie szko\u0142y podstawowej przychodz\u0105 do ko\u015bcio\u0142a \u015aw. Jakuba na godzin\u0119 <strong>10<sup>00<\/sup><\/strong>, a potem pod...<a href='https:\/\/sp.tuchow.pl\/index.php\/2018\/06\/17\/uroczyste-zakonczenie-roku-szkolnego-20172018\/' class='pfpReadMore'>Read More &raquo;<\/a><div class='clear'><\/div><hr><\/div><div class='pfpItem entry-content'><h2 class='entry-title'><a href='https:\/\/sp.tuchow.pl\/index.php\/2018\/06\/14\/harmonogram-pracy-szkoly-w-dniu-21-czerwca-czwartek\/'>Organizacja pracy szko\u0142y w dniach 19, 20 i 21 czerwca \/wtorek, \u015broda, czwartek\/.<\/a><\/h2><div class=\"\" data-block=\"true\" data-editor=\"5jlvs\" data-offset-key=\"4b0ua-0-0\">&nbsp;<\/div>\n<div class=\"\" data-block=\"true\" data-editor=\"5jlvs\" data-offset-key=\"ihl7-0-0\">\n<p><strong>19 czerwca 2018 r. (wtorek)<\/strong> jest <strong>\u015awi\u0119tem Patrona <\/strong>Szko\u0142y Podstawowej im. Stanis\u0142awa Staszica w Tuchowie. <strong>&nbsp;<\/strong><\/p>\n<p>Uczniowie klas I \u2013 VII&nbsp; przychodz\u0105 na uroczyst\u0105 akademi\u0119 pod opiek\u0105 nauczycieli do hali MOSiR na godz. <strong>8<sup>00<\/sup>&nbsp;.<\/strong><\/p>\n<p>Po zako\u0144czonej akademii uczniowie udaj\u0105 si\u0119 na swoje lekcje wg...<a href='https:\/\/sp.tuchow.pl\/index.php\/2018\/06\/14\/harmonogram-pracy-szkoly-w-dniu-21-czerwca-czwartek\/' class='pfpReadMore'>Read More &raquo;<\/a><div class='clear'><\/div><hr><\/div><div class='pfpItem entry-content'><h2 class='entry-title'><a href='https:\/\/sp.tuchow.pl\/index.php\/2018\/05\/30\/dowozy-w-dniu-1-06-2018-r-12-06-2018r-w-szkole-podstawowej-im-stanislawa-staszica-w-tuchowie\/'>Dowozy w dniu 1 .06. 2018 r. \u2013 12.06.2018r. w Szkole Podstawowej im. Stanis\u0142awa Staszica w Tuchowie<\/a><\/h2><table width=\"933\">\n<tbody>\n<tr>\n<td width=\"292\"><strong>data<\/strong><\/td>\n<td width=\"292\"><strong>miejsce<\/strong><\/td>\n<td width=\"175\"><strong>Godzina przywozu<\/strong><\/td>\n<td width=\"175\"><strong>Godzina odwozu<\/strong><\/td>\n<\/tr>\n<tr>\n<td rowspan=\"3\" width=\"292\"><strong>1.06.2018r. <\/strong><\/p>\n<p>pi\u0105tek<\/td>\n<td width=\"292\">Wo\u0142owa<\/td>\n<td width=\"175\"><strong>7:20<\/strong><\/td>\n<td width=\"175\"><strong>13:30<\/strong><\/td>\n<\/tr>\n<tr>\n<td width=\"292\">Kielanowice<\/td>\n<td width=\"175\"><strong>7:25<\/strong><\/td>\n<td width=\"175\"><strong>13:30<\/strong><\/td>\n<\/tr>\n<tr>\n<td width=\"292\">D\u0105br\u00f3wka Tuchowska<\/td>\n<td width=\"175\"><strong>8:45<\/strong><\/td>\n<td width=\"175\"><strong>13:30<\/strong><\/td>\n<\/tr>\n<tr>\n<td rowspan=\"3\" width=\"292\"><strong>4.06.2018r. <\/strong><\/p>\n<p>poniedzia\u0142ek<\/td>\n<td width=\"292\">Wo\u0142owa<\/td>\n<td width=\"175\"><strong>7:20<\/strong><\/td>\n<td width=\"175\"><strong>13:35<\/strong><\/td>\n<\/tr>\n<tr>\n<td width=\"292\">Kielanowice<\/td>\n<td width=\"175\"><strong>7:35<\/strong><\/td>\n<td width=\"175\"><strong>14:25<\/strong><\/td>\n<\/tr>\n<tr>\n<td width=\"292\">D\u0105br\u00f3wka Tuchowska<\/td>\n<td width=\"175\"><strong>8:45<\/strong><\/td>\n<td width=\"175\"><strong>14:40<\/strong><\/td>\n<\/tr>\n<tr>\n<td rowspan=\"3\" width=\"292\"><strong>5.06.2018r. <\/strong><\/p>\n<p>wtorek<\/td>\n<td width=\"292\">Wo\u0142owa<\/td>\n<td width=\"175\"><strong>7:10<\/strong><\/td>\n<td width=\"175\"><strong>13:35<\/strong><\/td>\n<\/tr>\n<tr>\n<td width=\"292\">Kielanowice<\/td>\n<td width=\"175\"><strong>7:25<\/strong><\/td>\n<td width=\"175\"><strong>14:25<\/strong><\/td>\n<\/tr>\n<tr>\n<td width=\"292\">D\u0105br\u00f3wka Tuchowska<\/td>\n<td width=\"175\"><strong>7:45<\/strong><\/td>\n<td width=\"175\"><strong>12:30<\/strong><\/td>\n<\/tr>\n<tr>\n<td rowspan=\"3\" width=\"292\"><strong>6.06.2018r.<\/strong><\/p>\n<p>\u015broda<\/td>\n<td width=\"292\">Wo\u0142owa<\/td>\n<td...<a href='https:\/\/sp.tuchow.pl\/index.php\/2018\/05\/30\/dowozy-w-dniu-1-06-2018-r-12-06-2018r-w-szkole-podstawowej-im-stanislawa-staszica-w-tuchowie\/' class='pfpReadMore'>Read More &raquo;<\/a><div class='clear'><\/div><hr><\/div><div class='pfpItem entry-content'><h2 class='entry-title'><a href='https:\/\/sp.tuchow.pl\/index.php\/2018\/05\/29\/8053\/'>\u201eLiteracki karnawa\u0142\u201d w \u015brodku maja<\/a><\/h2><p><b>W sobot\u0119 19 maja mieli\u015bmy okazj\u0119 uczestniczy\u0107 w IV Pikniku Szkolnym zorganizowanym przez Szko\u0142\u0119 Podstawow\u0105 imienia Stanis\u0142awa Staszica w Tuchowie. Pod has\u0142em \u201eLiterackiego karnawa\u0142u\u201d kry\u0142y si\u0119 nie tylko \u015bwietna zabawa, perfekcyjna organizacja, ale tak\u017ce maskarada i pr\u00f3ba pobicia rekordu Guinnessa!<\/b><\/p>\n<p style=\"text-align: justify;\">Ciesz\u0105ce si\u0119 niezwyk\u0142\u0105 popularno\u015bci\u0105 wydarzenie, jakim jest Piknik Szkolny,...<a href='https:\/\/sp.tuchow.pl\/index.php\/2018\/05\/29\/8053\/' class='pfpReadMore'>Read More &raquo;<\/a><div class='clear'><\/div><hr><\/div><div class='pfpItem entry-content'><h2 class='entry-title'><a href='https:\/\/sp.tuchow.pl\/index.php\/2018\/05\/25\/informacja-dotyczaca-rodo\/'>Informacja dotycz\u0105ca RODO<\/a><\/h2><p style=\"text-align: justify;\">Z dniem 25 maja 2018 r. wesz\u0142o w \u017cycie Rozporz\u0105dzenie Parlamentu Europejskiego i Rady (UE) 2016\/679 z dnia 27 kwietnia 2016 r. w sprawie ochrony os\u00f3b fizycznych w zwi\u0105zku z przetwarzaniem danych osobowych i w sprawie swobodnego przep\u0142ywu takich danych oraz uchylenia dyrektywy 95\/46\/WE (og\u00f3lne rozporz\u0105dzenie o ochronie...<a href='https:\/\/sp.tuchow.pl\/index.php\/2018\/05\/25\/informacja-dotyczaca-rodo\/' class='pfpReadMore'>Read More &raquo;<\/a><div class='clear'><\/div><hr><\/div><div class='pfpItem entry-content'><h2 class='entry-title'><a href='https:\/\/sp.tuchow.pl\/index.php\/2018\/05\/24\/fotorelacja-z-wycieczki-do-krakowa-kl-3c-i-3d-sp-ogrod-doswiadczen\/'>Fotorelacja z wycieczki do Krakowa kl 3c i 3d SP-,,Ogr\u00f3d do\u015bwiadcze\u0144\"<\/a><\/h2><div class=\"fb-post\" data-href=\"http:\/\/www.facebook.com\/sptuchow\/photos\/a.2118573111745535.1073741905.1791633114439538\/2118574661745380\/?type=3&#038;theater\" data-width=\"552\" style=\"background-color: #fff; display: inline-block;\"><\/div>\n...<a href='https:\/\/sp.tuchow.pl\/index.php\/2018\/05\/24\/fotorelacja-z-wycieczki-do-krakowa-kl-3c-i-3d-sp-ogrod-doswiadczen\/' class='pfpReadMore'>Read More &raquo;<\/a><div class='clear'><\/div><hr><\/div><div class='pfpItem entry-content'><h2 class='entry-title'><a href='https:\/\/sp.tuchow.pl\/index.php\/2018\/05\/22\/jak-nie-czytam-jak-czytam-2018-w-szkole-podstawowej-w-tuchowie\/'>Jak nie czytam, jak czytam\u2026.2018 w Szkole Podstawowej w Tuchowie<\/a><\/h2><p style=\"text-align: justify;\"><strong>Podczas IV PIKNIKU pod has\u0142em KARNAWA\u0141 LITERACKI uczniowie, nauczyciele, rodzice i mieszka\u0144cy Tuchowa wzi\u0119li udzia\u0142 w Og\u00f3lnopolskiej Akcji Masowego Czytania organizowanej przez Redakcj\u0119 Biblioteki w Szkole, kt\u00f3rej m. in. celem jest ustalenie rekordu w masowym czytaniu jednego dnia o tej samej godzinie w ca\u0142ej Polsce.<\/strong><\/p>\n<p style=\"text-align: justify;\">W czasie...<a href='https:\/\/sp.tuchow.pl\/index.php\/2018\/05\/22\/jak-nie-czytam-jak-czytam-2018-w-szkole-podstawowej-w-tuchowie\/' class='pfpReadMore'>Read More &raquo;<\/a><div class='clear'><\/div><hr><\/div><div class='pfpItem entry-content'><h2 class='entry-title'><a href='https:\/\/sp.tuchow.pl\/index.php\/2018\/05\/22\/widowisko-historyczne-pt-123-czyli-jak-polacy-wolnosc-utracili-i-po-123-latach-ja-odzyskali\/'>Widowisko historyczne pt. 123, czyli jak Polacy wolno\u015b\u0107 utracili  i po 123 latach j\u0105 odzyskali.<\/a><\/h2><p style=\"text-align: justify;\"><strong>Historia Polski od 1772 do 1918 roku przez Konstytucj\u0119 3 maja, Powstanie Ko\u015bciuszkowskie, Legiony Polskie i powstanie hymnu polskiego, okres napoleo\u0144ski, Powstanie Listopadowe i Powstanie Styczniowe oraz Zwi\u0105zek Strzelecki \u2026 przedstawiona w opowie\u015bci Ducha Sta\u0144czyka b\u0142azna ostatnich Jagiellon\u00f3w oraz bogini\u0119 sprawiedliwo\u015bci Temid\u0119, kt\u00f3ra jest uosobieniem sprawiedliwo\u015bci dziejowej.<\/strong><\/p>\n<p style=\"text-align:...<a href='https:\/\/sp.tuchow.pl\/index.php\/2018\/05\/22\/widowisko-historyczne-pt-123-czyli-jak-polacy-wolnosc-utracili-i-po-123-latach-ja-odzyskali\/' class='pfpReadMore'>Read More &raquo;<\/a><div class='clear'><\/div><hr><\/div><div class='pfpItem entry-content'><h2 class='entry-title'><a href='https:\/\/sp.tuchow.pl\/index.php\/2018\/05\/20\/siostry-znokautowaly-innych-uczestnikow\/'>Siostry znokautowa\u0142y innych uczestnik\u00f3w<\/a><\/h2><p style=\"text-align: justify;\">Nasze uczennice, siostry <strong>Weronika i Klaudia Bandyk<\/strong>, odnios\u0142y spektakularne zwyci\u0119stwo w <strong><em>IV Mi\u0119dzygimnazjalnym Konkursie Wiedzy o Krajach Niemieckoj\u0119zycznych<\/em><\/strong>, kt\u00f3ry odby\u0142 si\u0119 we wtorek 15 maja 2018 w Centrum Kszta\u0142cenia Ustawicznego i Zawodowego w Tuchowie.<\/p>\n<p style=\"text-align: justify;\">W tym roku konkurs dotyczy\u0142 Republiki Federalnej Niemiec, a wymagana by\u0142a znajomo\u015b\u0107 historii,...<a href='https:\/\/sp.tuchow.pl\/index.php\/2018\/05\/20\/siostry-znokautowaly-innych-uczestnikow\/' class='pfpReadMore'>Read More &raquo;<\/a><div class='clear'><\/div><hr><\/div><div class='pfpItem entry-content'><h2 class='entry-title'><a href='https:\/\/sp.tuchow.pl\/index.php\/2018\/05\/16\/wycieczka-klas-czwartych-do-bobrki-i-zarnowca\/'>Wycieczka klas czwartych do B\u00f3brki i \u017barnowca<\/a><\/h2><p style=\"text-align: justify;\">Dnia 26.04. 2018 r klasa IV b&nbsp; i IV d pod opiek\u0105 nauczycieli: L. Bie\u0144, A. Dynak i M. Knapik uczestniczy\u0142y w wycieczce do B\u00f3brki i \u017barnowca. Celem wycieczki by\u0142o zwiedzanie Muzeum Przemys\u0142u Naftowego i Gazowniczego &nbsp;&nbsp;&nbsp;im. Ignacego \u0141ukasiewicza w B\u00f3brce. Na miejscu powita\u0142 nas pan przewodnik, kt\u00f3ry...<a href='https:\/\/sp.tuchow.pl\/index.php\/2018\/05\/16\/wycieczka-klas-czwartych-do-bobrki-i-zarnowca\/' class='pfpReadMore'>Read More &raquo;<\/a><div class='clear'><\/div><hr><\/div><div class='pfpItem entry-content'><h2 class='entry-title'><a href='https:\/\/sp.tuchow.pl\/index.php\/2018\/05\/16\/ziemio-ojczysta-sukces-literacki-julii-i-aleksandry\/'>,,Ziemio Ojczysta\u2019\u2019. Sukces literacki Julii i Aleksandry.<\/a><\/h2><p style=\"text-align: justify;\">9 maja 2018 roku okaza\u0142 si\u0119 niezwyk\u0142ym dniem dla uczennic Szko\u0142y Podstawowej im. Stanis\u0142awa Staszica w Tuchowie.<\/p>\n<p style=\"text-align: justify;\">Zosta\u0142y og\u0142oszone wyniki <strong>XIV Ma\u0142opolskiego Konkursu Literackiego ,,Ziemio Ojczysta\u2019\u2019 zorganizowanego przez Szko\u0142\u0119 Podstawow\u0105 nr 101 im. Hansa Christiana Andersena w Krakowie pod Patronatem Narodowym Prezydenta Rzeczypospolitej Polskiej Andrzeja Dudy w...<a href='https:\/\/sp.tuchow.pl\/index.php\/2018\/05\/16\/ziemio-ojczysta-sukces-literacki-julii-i-aleksandry\/' class='pfpReadMore'>Read More &raquo;<\/a><div class='clear'><\/div><hr><\/div><div class='pfpItem entry-content'><h2 class='entry-title'><a href='https:\/\/sp.tuchow.pl\/index.php\/2018\/05\/05\/iv-piknik-szkolny-literacki-karnawal\/'>IV PIKNIK SZKOLNY - \"Literacki karnawa\u0142\"<\/a><\/h2><img decoding=\"async\" src=\"https:\/\/sp.tuchow.pl\/wp-content\/uploads\/2018\/05\/piknik-szkolny-2018-1-150x150.jpg\" \/><p><\/p>\n...<a href='https:\/\/sp.tuchow.pl\/index.php\/2018\/05\/05\/iv-piknik-szkolny-literacki-karnawal\/' class='pfpReadMore'>Read More &raquo;<\/a><div class='clear'><\/div><hr><\/div><div class='pfpItem entry-content'><h2 class='entry-title'><a href='https:\/\/sp.tuchow.pl\/index.php\/2018\/05\/04\/informacja-o-testach-sprawnosciowych-do-klasy-i-sportowej-o-profilu-ogolnorozwojowym\/'>Informacja o testach sprawno\u015bciowych do klasy I sportowej o profilu og\u00f3lnorozwojowym<\/a><\/h2><p>Dyrektor Szko\u0142y Podstawowej im. Stanis\u0142awa Staszica w Tuchowie informuje, \u017ce <strong>testy sprawno\u015bciowe do klasy I sportowej o profilu og\u00f3lnorozwojowym<\/strong> odb\u0119d\u0105 si\u0119 <strong>07 maja 2018 r. o godz. 15<sup>30 <\/sup>w hali MOSiR<\/strong> przy ul. Jana Paw\u0142a II 6.<\/p>\n<p>Prosimy o zabranie ze sob\u0105 stroju i obuwia sportowego.<\/p>\n...<a href='https:\/\/sp.tuchow.pl\/index.php\/2018\/05\/04\/informacja-o-testach-sprawnosciowych-do-klasy-i-sportowej-o-profilu-ogolnorozwojowym\/' class='pfpReadMore'>Read More &raquo;<\/a><div class='clear'><\/div><hr><\/div><div class='pfpItem entry-content'><h2 class='entry-title'><a href='https:\/\/sp.tuchow.pl\/index.php\/2018\/05\/04\/szkolny-konkurs-piesni-patriotycznej\/'>Szkolny konkurs  pie\u015bni patriotycznej<\/a><\/h2><p style=\"text-align: justify;\">Z okazji 100 rocznicy odzyskania przez Polsk\u0119 niepodleg\u0142o\u015bci oraz w ramach udzia\u0142u naszej szko\u0142y w Og\u00f3lnopolskim Konkursie ,,Szko\u0142a m\u0142odych patriot\u00f3w\u201d, 24 kwietnia 2018 r. zorganizowany zosta\u0142 Og\u00f3lnoszkolny Konkurs Pie\u015bni Patriotycznej. Celem konkursu by\u0142o krzewienie w\u015br\u00f3d dzieci i m\u0142odzie\u017cy postaw patriotycznych oraz zainteresowanie pie\u015bniami , g\u0142\u00f3wnie wsp\u00f3\u0142czesnymi, o tematyce...<a href='https:\/\/sp.tuchow.pl\/index.php\/2018\/05\/04\/szkolny-konkurs-piesni-patriotycznej\/' class='pfpReadMore'>Read More &raquo;<\/a><div class='clear'><\/div><hr><\/div><div class='pfpItem entry-content'><h2 class='entry-title'><a href='https:\/\/sp.tuchow.pl\/index.php\/2018\/05\/04\/szkolny-konkurs-historyczny-rozstrzygniety\/'>Szkolny konkurs historyczny rozstrzygni\u0119ty<\/a><\/h2><p style=\"text-align: justify;\">W roku 100 rocznicy odzyskania niepodleg\u0142o\u015bci przez Polsk\u0119 odby\u0142 si\u0119 w naszej szkole konkurs pt. ,,Polskie drogi do Niepodleg\u0142ej\u201d. Historycy- pasjonaci z klas VI, VII, II gim. i III gim mieli do rozwi\u0105zania nie\u0142atwy test z wiedzy historycznej. Test obejmowa\u0142 tematyk\u0119 zwi\u0105zan\u0105 z walk\u0105 Polak\u00f3w o woln\u0105 Polsk\u0119....<a href='https:\/\/sp.tuchow.pl\/index.php\/2018\/05\/04\/szkolny-konkurs-historyczny-rozstrzygniety\/' class='pfpReadMore'>Read More &raquo;<\/a><div class='clear'><\/div><hr><\/div><div class='pfpItem entry-content'><h2 class='entry-title'><a href='https:\/\/sp.tuchow.pl\/index.php\/2018\/05\/04\/uplynal-wiek-zloty-czyli-z-mitologia-za-pan-brat\/'>Up\u0142yn\u0105\u0142 wiek z\u0142oty, czyli ,,Z mitologi\u0105 za pan brat\u2019\u2019<\/a><\/h2><p style=\"text-align: justify;\"><strong>13 kwietnia 2018 roku odby\u0142 si\u0119 dla uczni\u00f3w klas pi\u0105tych po raz 24. konkurs czytelniczy ,,Z mitologi\u0105 za pan brat\u2019\u2019. Nie\u0142atwe i wymagaj\u0105ce wysi\u0142ku umys\u0142owego zadania konkursowe przygotowa\u0142a i konkurs prowadzi\u0142a pani Renata Szel\u0105g \u2013 nauczyciel bibliotekarz. W jury zasiedli: pp. Renata G\u0105sior i Katarzyna Krupa oraz nauczyciele...<a href='https:\/\/sp.tuchow.pl\/index.php\/2018\/05\/04\/uplynal-wiek-zloty-czyli-z-mitologia-za-pan-brat\/' class='pfpReadMore'>Read More &raquo;<\/a><div class='clear'><\/div><hr><\/div><div class='pfpItem entry-content'><h2 class='entry-title'><a href='https:\/\/sp.tuchow.pl\/index.php\/2018\/05\/04\/nie-tracic-gruntu-pod-nogami-czyli-o-konkursie-gramatycznym\/'>Nie traci\u0107 gruntu pod nogami, czyli o konkursie gramatycznym<\/a><\/h2><p style=\"text-align: justify;\"><strong>18 kwietnia 2018 roku w Szkole Podstawowej Nr 113 im. Leopolda W\u0119grzynowicza w Krakowie odby\u0142 si\u0119 Mi\u0119dzyszkolny Konkurs Wiedzy z Gramatyki J\u0119zyka Polskiego <\/strong>dla uczni\u00f3w z wojew\u00f3dztwa ma\u0142opolskiego<strong>. <\/strong>W konkursie wzi\u0119\u0142o udzia\u0142 55 uczni\u00f3w z klas V-VII.<\/p>\n<p style=\"text-align: justify;\">Nasz\u0105 szko\u0142\u0119 w etapie wojew\u00f3dzkim reprezentowali nast\u0119puj\u0105cy uczniowie:<\/p>\n<p style=\"text-align: justify;\"><strong>W...<a href='https:\/\/sp.tuchow.pl\/index.php\/2018\/05\/04\/nie-tracic-gruntu-pod-nogami-czyli-o-konkursie-gramatycznym\/' class='pfpReadMore'>Read More &raquo;<\/a><div class='clear'><\/div><hr><\/div><div class='pfpItem entry-content'><h2 class='entry-title'><a href='https:\/\/sp.tuchow.pl\/index.php\/2018\/04\/27\/obchody-227-rocznicy-uchwalenia-konstytucji-3-maja\/'>Obchody 227 rocznicy uchwalenia Konstytucji 3 Maja.<\/a><\/h2><p style=\"text-align: justify;\">24 kwietnia uczniowie naszej szko\u0142y uczestniczyli w uroczystych akademiach upami\u0119tniaj\u0105cych 227 rocznic\u0119 uchwalenia Konstytucji 3 Maja.<\/p>\n<p style=\"text-align: justify;\">Uczniowie klasy 6b pod opiek\u0105 nauczycieli: Doroty Surmacz, Beaty Ryby, Marty Mazurkiewicz oraz Urszuli Jackowicz przedstawili wydarzenia z maja 1791 w teleexpresowym tempie. Bohaterowie historyczni we wsp\u00f3\u0142czesnym programie telewizyjnym opowiedzieli o...<a href='https:\/\/sp.tuchow.pl\/index.php\/2018\/04\/27\/obchody-227-rocznicy-uchwalenia-konstytucji-3-maja\/' class='pfpReadMore'>Read More &raquo;<\/a><div class='clear'><\/div><hr><\/div><div class='pfpItem entry-content'><h2 class='entry-title'><a href='https:\/\/sp.tuchow.pl\/index.php\/2018\/04\/27\/wycieczka-klas-siodmych-w-gory-swietokrzyskie\/'>Wycieczka klas si\u00f3dmych w G\u00f3ry \u015awi\u0119tokrzyskie<\/a><\/h2><p style=\"text-align: justify;\">25 kwietnia uczniowie klas si\u00f3dmych wyruszyli na wycieczk\u0119. Wczesna pobudka (wyjazd o 6.30) nie zepsu\u0142a im humoru.<\/p>\n<p style=\"text-align: justify;\">Zdobycie \u015awi\u0119tego Krzy\u017ca nie przynios\u0142o uczniom satysfakcji \u2013 to ledwie 594m n.p.m. Na szczycie&nbsp; podziwiali\u015bmy z platformy widokowej go\u0142oborza, zwiedzili\u015bmy muzeum \u015awi\u0119tokrzyskiego Parku Narodowego oraz nawiedzili\u015bmy sanktuarium Relikwii Drzewa Krzy\u017ca...<a href='https:\/\/sp.tuchow.pl\/index.php\/2018\/04\/27\/wycieczka-klas-siodmych-w-gory-swietokrzyskie\/' class='pfpReadMore'>Read More &raquo;<\/a><div class='clear'><\/div><hr><\/div><div class='pfpItem entry-content'><h2 class='entry-title'><a href='https:\/\/sp.tuchow.pl\/index.php\/2018\/04\/26\/harmonogram-pracy-szkoly-w-dniach-18-20-kwietnia-sroda-czwartek-piatek-egzaminy-gimnazjalne\/'>Harmonogram pracy szko\u0142y w dniach 30 kwietnia (poniedzia\u0142ek), 02 maja (\u015broda) i 04 maja (pi\u0105tek).<\/a><\/h2><div class=\"\" data-block=\"true\" data-editor=\"5jlvs\" data-offset-key=\"4b0ua-0-0\">\n<div class=\"_1mf _1mj\" style=\"text-align: justify;\" data-offset-key=\"4b0ua-0-0\"><span data-offset-key=\"4b0ua-0-0\">Dyrektor Szko\u0142y Podstawowej im. St. Staszica w Tuchowie informuje, \u017ce 30 kwietnia (poniedzia\u0142ek), 02 maja (\u015broda) i 04 maja (pi\u0105tek) s\u0105 dniami&nbsp;<\/span><strong>wolnymi od zaj\u0119\u0107 dydaktycznych&nbsp;<\/strong><strong>dla uczni\u00f3w szko\u0142y podstawowej.<\/strong><\/div>\n<\/div>\n<div class=\"\" style=\"text-align: justify;\" data-block=\"true\" data-editor=\"5jlvs\" data-offset-key=\"b0bdq-0-0\">\n<div class=\"_1mf _1mj\" data-offset-key=\"b0bdq-0-0\"><span data-offset-key=\"b0bdq-0-0\">&nbsp;<\/span><\/div>\n<div data-offset-key=\"b0bdq-0-0\">Prosimy o...<a href='https:\/\/sp.tuchow.pl\/index.php\/2018\/04\/26\/harmonogram-pracy-szkoly-w-dniach-18-20-kwietnia-sroda-czwartek-piatek-egzaminy-gimnazjalne\/' class='pfpReadMore'>Read More &raquo;<\/a><div class='clear'><\/div><hr><\/div><div class='pfpItem entry-content'><h2 class='entry-title'><a href='https:\/\/sp.tuchow.pl\/index.php\/2018\/04\/26\/kazdy-jest-dzisiaj-zwyciezcafinal-konkursu-recytatorskiego-drogi-do-wolnosci\/'>\u201eKa\u017cdy jest dzisiaj zwyci\u0119zc\u0105!\u201d\u2026Fina\u0142 konkursu recytatorskiego Drogi do wolno\u015bci!<\/a><\/h2><p style=\"text-align: justify;\">W Domu Kultury 25.04.2018r. &nbsp;odby\u0142 si\u0119 Gminny Konkurs Poezji Patriotycznej Drogi do wolno\u015bci. Nasz\u0105 szko\u0142\u0119 reprezentowa\u0142o 6 uczni\u00f3w trzech w kategorii klasy IV-VI i 3 w kategorii klasy VII i gimnazjum. Wszyscy w tym dniu byli skupieni i spi\u0119ci. Poezja patriotyczna jest trudna, melodyjna, nie \u0142atwo j\u0105 odpowiednio...<a href='https:\/\/sp.tuchow.pl\/index.php\/2018\/04\/26\/kazdy-jest-dzisiaj-zwyciezcafinal-konkursu-recytatorskiego-drogi-do-wolnosci\/' class='pfpReadMore'>Read More &raquo;<\/a><div class='clear'><\/div><hr><\/div><div class='pfpItem entry-content'><h2 class='entry-title'><a href='https:\/\/sp.tuchow.pl\/index.php\/2018\/04\/12\/drogi-do-wolnosci\/'>Drogi do wolno\u015bci\u2026<\/a><\/h2><p style=\"text-align: justify;\">W czwartek 12.04.2018, godz. 8.00 w czytelni biblioteki szkolnej przeprowadzone zosta\u0142y szkolne eliminacje do konkursu recytatorskiego poezji patriotycznej <em>Drogi do wolno\u015bci<\/em> dla uczni\u00f3w klas IV-VI. W konkursie udzia\u0142 wzi\u0119\u0142o dziewi\u0119ciu recytator\u00f3w:<\/p>\n<ol>\n<li>Ronja Karwat 4d<\/li>\n<li>Kinga Barna\u015b 5c<\/li>\n<li>Iza Srebro 5b<\/li>\n<li>Julia Kielawa 5b<\/li>\n<li>Kinga Fijor 6a<\/li>\n<li>Zuzanna \u0141ukasik 6a<\/li>\n<li>Oliwia Madejczyk 6b<\/li>\n<li>Filip W\u0142odarz 6b<\/li>\n<li>Wiktoria \u0141\u0105tka...<a href='https:\/\/sp.tuchow.pl\/index.php\/2018\/04\/12\/drogi-do-wolnosci\/' class='pfpReadMore'>Read More &raquo;<\/a><div class='clear'><\/div><hr><\/div><div class='pfpItem entry-content'><h2 class='entry-title'><a href='https:\/\/sp.tuchow.pl\/index.php\/2018\/04\/11\/obowiazkowe-projekty-edukacyjne-po-raz-ostatni\/'>Obowi\u0105zkowe projekty edukacyjne po raz ostatni\u2026<\/a><\/h2><p style=\"text-align: justify;\">9 kwietnia uczniowie gimnazjalnych klas II po raz ostatni publicznie prezentowali w naszej szkole projekty edukacyjne. Taki obowi\u0105zek na\u0142o\u017cy\u0142a na nich reforma programowa z 2009 r., a w&nbsp; zwi\u0105zku z kolejn\u0105 reform\u0105 &#8211; wdra\u017can\u0105 od 2017 r. i likwiduj\u0105c\u0105 gimnazja &#8211; tego typu zadania odchodz\u0105 w przesz\u0142o\u015b\u0107.<\/p>\n<p style=\"text-align:...<a href='https:\/\/sp.tuchow.pl\/index.php\/2018\/04\/11\/obowiazkowe-projekty-edukacyjne-po-raz-ostatni\/' class='pfpReadMore'>Read More &raquo;<\/a><div class='clear'><\/div><hr><\/div><div class='pfpItem entry-content'><h2 class='entry-title'><a href='https:\/\/sp.tuchow.pl\/index.php\/2018\/04\/11\/z-pamietnika-pewnego-swierszczyka\/'>\u201eZ pami\u0119tnika pewnego \u015bwierszczyka\u201d<\/a><\/h2><p style=\"text-align: justify;\">Chc\u0105c zach\u0119ci\u0107 dzieci do pisania samodzielnych tekst\u00f3w, stworzy\u0142am w mojej klasie \u201ePami\u0119tnik Bajetana Hopsa\u201d \u2013 pluszowego \u015bwierszcza, kt\u00f3ry od trzech lat zago\u015bci\u0142 w mojej klasie i w sercach dzieci. \u015awierszczyk \u2013 wirtuoz przytulania, waga \u015bwierszczykowa, oczy \u2013 czarne, znaki szczeg\u00f3lne \u2013 ba\u015bnioczu\u0142o\u015b\u0107. Posta\u0107, kt\u00f3ra uczy systematyczno\u015bci, rozbudza wra\u017cliwo\u015b\u0107,...<a href='https:\/\/sp.tuchow.pl\/index.php\/2018\/04\/11\/z-pamietnika-pewnego-swierszczyka\/' class='pfpReadMore'>Read More &raquo;<\/a><div class='clear'><\/div><hr><\/div><div class='pfpItem entry-content'><h2 class='entry-title'><a href='https:\/\/sp.tuchow.pl\/index.php\/2018\/04\/08\/zachowuj-sie-tak-abys-nie-przeszkadzal-innym-czyli-o-uczniach-ktorzy-lubia-nauke-o-jezyku\/'>Zachowuj si\u0119 tak, aby\u015b nie przeszkadza\u0142 innym, czyli o uczniach, kt\u00f3rzy lubi\u0105 nauk\u0119 o j\u0119zyku<\/a><\/h2><p style=\"text-align: justify;\"><strong>6 kwietnia 2018 roku w Szkole Podstawowej im. Stanis\u0142awa Staszica w Tuchowie odby\u0142 si\u0119 Szkolny Konkurs Wiedzy z Gramatyki J\u0119zyka Polskiego. <\/strong>W konkursie wzi\u0119\u0142o udzia\u0142 13 uczni\u00f3w z klas V-VII.<\/p>\n<p style=\"text-align: justify;\">Uczniowie mieli nie\u0142atwe zadania, z kt\u00f3rymi poradzili sobie nader \u0142atwo. Uzyskali od 24 do 30 pkt. Troje...<a href='https:\/\/sp.tuchow.pl\/index.php\/2018\/04\/08\/zachowuj-sie-tak-abys-nie-przeszkadzal-innym-czyli-o-uczniach-ktorzy-lubia-nauke-o-jezyku\/' class='pfpReadMore'>Read More &raquo;<\/a><div class='clear'><\/div><hr><\/div><div class='pfpItem entry-content'><h2 class='entry-title'><a href='https:\/\/sp.tuchow.pl\/index.php\/2018\/04\/08\/gdybysmy-uwazniej-patrzyli-czyli-o-kwietniowym-wyjezdzie-do-zakopanego\/'>,,Gdyby\u015bmy uwa\u017cniej patrzyli\u2026\u2019\u2019, czyli o kwietniowym wyje\u017adzie do Zakopanego<\/a><\/h2><p style=\"text-align: right;\"><em>Na g\u00f3rach jakie\u015b dziej\u0105 si\u0119 dziwy, przedziwy! <\/em><\/p>\n<p style=\"text-align: right;\"><em>W sk\u0142\u0119bionych chmur ba\u0142wanach s\u0142o\u0144ce si\u0119 tumani\u2026 <\/em><\/p>\n<p style=\"text-align: right;\">(Leopold Staff)<\/p>\n<p style=\"text-align: justify;\">&nbsp;&nbsp;&nbsp;&nbsp;&nbsp;&nbsp;&nbsp;&nbsp;&nbsp;&nbsp;&nbsp;&nbsp;&nbsp;&nbsp;&nbsp; <strong>5 kwietnia 2018 r. w siedzibie Centrum Edukacji Przyrodniczej Tatrza\u0144skiego Parku Narodowego w Zakopanem odby\u0142o si\u0119 uroczyste podsumowanie XIII edycji Ma\u0142opolskiego Konkursu Literackiego ,,Na tatrza\u0144skim szlaku\u2019\u2019.<\/strong>...<a href='https:\/\/sp.tuchow.pl\/index.php\/2018\/04\/08\/gdybysmy-uwazniej-patrzyli-czyli-o-kwietniowym-wyjezdzie-do-zakopanego\/' class='pfpReadMore'>Read More &raquo;<\/a><div class='clear'><\/div><hr><\/div><div class='pfpItem entry-content'><h2 class='entry-title'><a href='https:\/\/sp.tuchow.pl\/index.php\/2018\/04\/05\/sukcesy-mlodych-fizykow\/'>Sukcesy \"M\u0142odych fizyk\u00f3w\"<\/a><\/h2><p>26 marca w auli Wydzia\u0142u Elektrotechniki, Elektroniki, Informatyki i Automatyki Politechniki \u0141\u00f3dzkiej odby\u0142 si\u0119 fina\u0142 og\u00f3lnopolskiego interdyscyplinarnego konkursu pod nazw\u0105: VI&nbsp;Do\u015bwiadczalny Konkurs Fizyczny \u201e<em>Pi\u0119kne do\u015bwiadczenie, fascynuj\u0105ce wyja\u015bnienie\u201d<\/em>. Mi\u0142o nam poinformowa\u0107, \u017ce dru\u017cyna ze Szko\u0142y Podstawowej im. St. Staszica w Tuchowie &#8211; pod nazw\u0105 <strong>CienkySquad (Dawid Pieprzycki \u2013 kapitan i Patryk...<a href='https:\/\/sp.tuchow.pl\/index.php\/2018\/04\/05\/sukcesy-mlodych-fizykow\/' class='pfpReadMore'>Read More &raquo;<\/a><div class='clear'><\/div><hr><\/div><div class='pfpItem entry-content'><h2 class='entry-title'><a href='https:\/\/sp.tuchow.pl\/index.php\/2018\/04\/05\/moze-czy-morze-czyli-o-zasadach-poprawnej-pisowni\/'>Mo\u017ce czy morze, czyli o zasadach poprawnej pisowni<\/a><\/h2><p>26 marca 2018 roku uczniowie klas IV-VI uczestniczyli w programie artystycznym <em>\u201eOrtografia polska. Zbi\u00f3r podstawowych zasad poprawnej pisowni\u201d.,<\/em><em>&nbsp;<\/em>przygotowanym przez znakomitych aktor\u00f3w Agencji Artystycznej PRO-ART-KRAK z Krakowa.<\/p>\n<p style=\"text-align: justify;\">W spos\u00f3b zajmuj\u0105cy i z du\u017c\u0105 dawk\u0105 humoru krakowscy arty\u015bci: Wojciech Habela i Jacek Lecznar przedstawili zasady polskiej ortografii. Na pocz\u0105tku dowiedzieli\u015bmy si\u0119,...<a href='https:\/\/sp.tuchow.pl\/index.php\/2018\/04\/05\/moze-czy-morze-czyli-o-zasadach-poprawnej-pisowni\/' class='pfpReadMore'>Read More &raquo;<\/a><div class='clear'><\/div><hr><\/div><div class='pfpItem entry-content'><h2 class='entry-title'><a href='https:\/\/sp.tuchow.pl\/index.php\/2018\/03\/27\/ii-szkolny-konkurs-recytatorski-im-kazimierza-karwata-2\/'>II Szkolny Konkurs Recytatorski im. Kazimierza Karwata<\/a><\/h2><p style=\"text-align: justify;\">26.03.2018 roku w czytelni biblioteki szkolnej odby\u0142 si\u0119 po raz drugi konkurs poezji Kazimierza Karwata i laureat\u00f3w konkursu literackiego Liberum Arbitrium. Konkurs by\u0142 przeznaczony dla gimnazjalist\u00f3w oraz uczni\u00f3w klas 6 i 7 Szko\u0142y Podstawowej. W zmaganiach poetyckich wzi\u0119\u0142o udzia\u0142 12 recytator\u00f3w. Decyzj\u0105 jury, w sk\u0142ad kt\u00f3rego wchodzili: Mi\u0142os\u0142awa...<a href='https:\/\/sp.tuchow.pl\/index.php\/2018\/03\/27\/ii-szkolny-konkurs-recytatorski-im-kazimierza-karwata-2\/' class='pfpReadMore'>Read More &raquo;<\/a><div class='clear'><\/div><hr><\/div><div class='pfpItem entry-content'><h2 class='entry-title'><a href='https:\/\/sp.tuchow.pl\/index.php\/2018\/03\/27\/uczniowie-szkoly-podstawowej-w-tuchowie-na-festiwalu-zawodow-w-krakowie\/'>UCZNIOWIE SZKO\u0141Y PODSTAWOWEJ W TUCHOWIE NA \u201eFESTIWALU ZAWOD\u00d3W\u201d W KRAKOWIE<\/a><\/h2><p style=\"text-align: justify;\">24 marca 2018 roku uczniowie Szko\u0142y Podstawowej w Tuchowie, a dok\u0142adniej uczniowie trzecich klas gimnazjum, bior\u0105cy udzia\u0142 w projekcie \u201eModernizacja kszta\u0142cenia zawodowego w Ma\u0142opolsce II\u201d, wyruszyli do Krakowa aby szuka\u0107 idealnego dla siebie zawodu. Urz\u0105d Marsza\u0142kowski ju\u017c po raz kolejny organizuje Festiwal Zawod\u00f3w na kt\u00f3ry zapraszani s\u0105 uczniowie&nbsp;...<a href='https:\/\/sp.tuchow.pl\/index.php\/2018\/03\/27\/uczniowie-szkoly-podstawowej-w-tuchowie-na-festiwalu-zawodow-w-krakowie\/' class='pfpReadMore'>Read More &raquo;<\/a><div class='clear'><\/div><hr><\/div><div class='pfpItem entry-content'><h2 class='entry-title'><a href='https:\/\/sp.tuchow.pl\/index.php\/2018\/03\/27\/mistrz-ortografii-ziemi-tuchowskiej\/'>Mistrz Ortografii Ziemi Tuchowskiej<\/a><\/h2><p style=\"text-align: justify;\">23 marca w Szkole Podstawowej im. Batalionu AK \u201eBarbara\u201d odby\u0142 si\u0119 XVII Gminny Konkurs Ortograficzny, w kt\u00f3rym nasi uczniowie odnie\u015bli znacz\u0105ce sukcesy.<\/p>\n<p style=\"text-align: justify;\"><strong>Damian Wiejacki<\/strong>&nbsp;z klasy III c Szko\u0142y Podstawowej oraz&nbsp;<strong>Weronika Por\u0119ba<\/strong>&nbsp;z klasy III c Publicznego Gimnazjum zdobyli tytu\u0142&nbsp;<strong>Mistrza Ortografii Ziemi Tuchowskiej,<\/strong>&nbsp;a&nbsp;<strong>Wiktoria Sta\u0144czyk<\/strong>&nbsp;z klasy V a wywalczy\u0142a II...<a href='https:\/\/sp.tuchow.pl\/index.php\/2018\/03\/27\/mistrz-ortografii-ziemi-tuchowskiej\/' class='pfpReadMore'>Read More &raquo;<\/a><div class='clear'><\/div><hr><\/div><div class='pfpItem entry-content'><h2 class='entry-title'><a href='https:\/\/sp.tuchow.pl\/index.php\/2018\/03\/26\/iii-turniej-szachowy-o-puchar-dyrektora-szkoly-podstawowej-w-im-stanislawa-staszica-w-tuchowie\/'>III TURNIEJ  SZACHOWY  O PUCHAR  DYREKTORA SZKO\u0141Y PODSTAWOWEJ W IM. STANIS\u0141AWA  STASZICA W TUCHOWIE<\/a><\/h2><p style=\"text-align: justify;\">21 marca zosta\u0142 rozegrany III turniej szachowy o Puchar Dyrektora Szko\u0142y Podstawowej w Tuchowie. W turnieju wzi\u0119\u0142o udzia\u0142 42 uczni\u00f3w w trzech kategoriach wiekowych.<\/p>\n<p style=\"text-align: justify;\">Klasyfikacje generaln\u0105 wygra\u0142a Weronika Por\u0119ba z gimnazjum, zdobywaj\u0105c puchar i z\u0142oty medal. Tak wi\u0119c <strong>Weronika<\/strong> zosta\u0142a <strong>mistrzem szko\u0142y na rok 2018<\/strong>. Srebrny medal...<a href='https:\/\/sp.tuchow.pl\/index.php\/2018\/03\/26\/iii-turniej-szachowy-o-puchar-dyrektora-szkoly-podstawowej-w-im-stanislawa-staszica-w-tuchowie\/' class='pfpReadMore'>Read More &raquo;<\/a><div class='clear'><\/div><hr><\/div><div class='pfpItem entry-content'><h2 class='entry-title'><a href='https:\/\/sp.tuchow.pl\/index.php\/2018\/03\/25\/wedrowka-zycie-jest-czlowieka-czyli-vi-gimnazjalna-droga-krzyzowa\/'>\u201eW\u0119dr\u00f3wk\u0105, \u017cycie jest cz\u0142owieka\u201d czyli VI GIMNAZJALNA DROGA KRZY\u017bOWA<\/a><\/h2><img decoding=\"async\" src=\"https:\/\/sp.tuchow.pl\/wp-content\/uploads\/2018\/03\/Dr-Krzyz-2018-150x150.jpg\" \/><p style=\"text-align: justify;\">23 marca 2018 roku w Bazylice Mniejszej w Tuchowie ju\u017c po raz sz\u00f3sty odby\u0142a si\u0119 inscenizowana Gimnazjalna Droga Krzy\u017cowa. W tym roku pokazywa\u0142a ona w\u0119dr\u00f3wk\u0119 cz\u0142owieka przez \u017cycie. Przed o\u0142tarzem ustawiono du\u017cy krzy\u017c oraz 13 mniejszych, kt\u00f3re symbolizowa\u0142y stacje Drogi Krzy\u017cowej. Przez ko\u015bci\u00f3\u0142 w\u0119drowa\u0142 cz\u0142owiek z walizk\u0105 \u017cyciowych...<a href='https:\/\/sp.tuchow.pl\/index.php\/2018\/03\/25\/wedrowka-zycie-jest-czlowieka-czyli-vi-gimnazjalna-droga-krzyzowa\/' class='pfpReadMore'>Read More &raquo;<\/a><div class='clear'><\/div><hr><\/div><div class='pfpItem entry-content'><h2 class='entry-title'><a href='https:\/\/sp.tuchow.pl\/index.php\/2018\/03\/22\/wyniki-konkursow-organizowanych-dla-uczniow-z-klas-edukacji-wczesnoszkolnej\/'>Wyniki konkurs\u00f3w organizowanych dla uczni\u00f3w z klas edukacji wczesnoszkolnej<\/a><\/h2><p style=\"text-align: justify;\">23 III 2018 r. o godzinie 9.00 w Szkole Podstawowej im. Batalionu AK \u201eBarbara\u201d w Lubaszowej odby\u0142 si\u0119<\/p>\n<p style=\"text-align: justify;\">XVII GMINNY KONKURS ORTOGRAFICZNY o tytu\u0142: \u201eMISTRZA ORTOGRAFII ZIEMI TUCHOWSKIEJ\u201d dla uczni\u00f3w szk\u00f3\u0142 podstawowych, gimnazjalnych i&nbsp; ponadgimnazjalnych&nbsp;HONOROWYM PATRONEM by\u0142&nbsp;BURMISTRZ GMINY TUCH\u00d3W mgr in\u017c. Adam Drogo\u015b<\/p>\n<p style=\"text-align: justify;\"><strong><em>&nbsp;<\/em><\/strong>Z ogromn\u0105 przyjemno\u015bci\u0105...<a href='https:\/\/sp.tuchow.pl\/index.php\/2018\/03\/22\/wyniki-konkursow-organizowanych-dla-uczniow-z-klas-edukacji-wczesnoszkolnej\/' class='pfpReadMore'>Read More &raquo;<\/a><div class='clear'><\/div><hr><\/div><div class='pfpItem entry-content'><h2 class='entry-title'><a href='https:\/\/sp.tuchow.pl\/index.php\/2018\/03\/22\/pierwsza-pomoc-w-szkole-podstawowej-w-tuchowie\/'>Pierwsza pomoc w Szkole Podstawowej w Tuchowie<\/a><\/h2><div class=\"fb-post\" data-href=\"http:\/\/www.facebook.com\/sptuchow\/photos\/a.1798034137132769.1073741829.1791633114439538\/2086748298261350\/?type=3&#038;theater\" data-width=\"552\" style=\"background-color: #fff; display: inline-block;\"><\/div>\n...<a href='https:\/\/sp.tuchow.pl\/index.php\/2018\/03\/22\/pierwsza-pomoc-w-szkole-podstawowej-w-tuchowie\/' class='pfpReadMore'>Read More &raquo;<\/a><div class='clear'><\/div><hr><\/div><div class='pfpItem entry-content'><h2 class='entry-title'><a href='https:\/\/sp.tuchow.pl\/index.php\/2018\/03\/19\/zebrania-z-rodzicami-3\/'>Zebrania z rodzicami<\/a><\/h2><p>Dyrektor Szko\u0142y Podstawowej im. St. Staszica w Tuchowie zaprasza wszystkich rodzic\u00f3w uczni\u00f3w naszej szko\u0142y na spotkanie z Pani\u0105&nbsp;psycholog Katarzyn\u0105 Kudyb\u0105, kt\u00f3re odb\u0119dzie si\u0119 w<strong> hali MOSiR w dniu 21.03.2018 r. (\u015broda) o godzinie 17.00.<\/strong><\/p>\n<p>Temat: Nowe media<br \/>\n&#8211; cyberprzemoc,&nbsp;<br \/>\n&#8211; substancje psychoaktywne,<br \/>\n&#8211; profilaktyka niew\u0142a\u015bciwych zachowa\u0144 w sieci.<\/p>\n<p>Po spotkaniu odb\u0119d\u0105 si\u0119...<a href='https:\/\/sp.tuchow.pl\/index.php\/2018\/03\/19\/zebrania-z-rodzicami-3\/' class='pfpReadMore'>Read More &raquo;<\/a><div class='clear'><\/div><hr><\/div><div class='pfpItem entry-content'><h2 class='entry-title'><a href='https:\/\/sp.tuchow.pl\/index.php\/2018\/03\/19\/ii-szkolny-konkurs-recytatorski-im-kazimierza-karwata\/'>II Szkolny Konkurs Recytatorski im. Kazimierza Karwata<\/a><\/h2><img decoding=\"async\" src=\"https:\/\/sp.tuchow.pl\/wp-content\/uploads\/2018\/03\/Karwat-K-150x150.jpg\" \/><p style=\"text-align: justify;\">Z przyjemno\u015bci\u0105 informujemy, \u017ce dnia 26.03.2018 roku o godz. 12.30 w czytelni biblioteki w Szkole Podstawowej im. Stanis\u0142awa Staszica odb\u0119dzie si\u0119 po raz drugi konkurs recytatorski po\u015bwi\u0119cony tym razem tw\u00f3rczo\u015bci poetyckiej naszego nauczyciela Kazimierza Karwata. W konkursie zaprezentowane b\u0119d\u0105 r\u00f3wnie\u017c utwory innych poet\u00f3w, kt\u00f3rzy zostali laureatami konkursu literackiego...<a href='https:\/\/sp.tuchow.pl\/index.php\/2018\/03\/19\/ii-szkolny-konkurs-recytatorski-im-kazimierza-karwata\/' class='pfpReadMore'>Read More &raquo;<\/a><div class='clear'><\/div><hr><\/div><div class='pfpItem entry-content'><h2 class='entry-title'><a href='https:\/\/sp.tuchow.pl\/index.php\/2018\/03\/18\/najmlodszy-partyzant-armii-krajowej-na-wilenszczyznie-spotkanie-z-kpt-jerzym-widejko-ps-jureczek-w-szkole-podstawowej-im-stanislawa-staszica-w-tuchowie\/'>Najm\u0142odszy partyzant Armii Krajowej na Wile\u0144szczy\u017anie Spotkanie z kpt. Jerzym Widejko ps.  \u201eJureczek\u201d  w Szkole Podstawowej im. Stanis\u0142awa Staszica w Tuchowie<\/a><\/h2><ol start=\"100\">\n<li><strong> rocznica odzyskania przez Polsk\u0119 niepodleg\u0142o\u015bci jest znakomit\u0105 okazj\u0105, by szczeg\u00f3lnie zwr\u00f3ci\u0107 uwag\u0119 na kszta\u0142towanie u dzieci i m\u0142odzie\u017cy postaw patriotycznych i obywatelskich. <\/strong><\/li>\n<\/ol>\n<p style=\"text-align: justify;\">16 marca 2018 r. m\u0142odzie\u017c naszej szko\u0142y wzi\u0119\u0142a udzia\u0142 w niezwyk\u0142ym spotkaniu z \u017cywym \u015bwiadkiem historii. Naszym Go\u015bciem by\u0142 kpt. Jerzy Widejko ps. \u201eJureczek\u201d....<a href='https:\/\/sp.tuchow.pl\/index.php\/2018\/03\/18\/najmlodszy-partyzant-armii-krajowej-na-wilenszczyznie-spotkanie-z-kpt-jerzym-widejko-ps-jureczek-w-szkole-podstawowej-im-stanislawa-staszica-w-tuchowie\/' class='pfpReadMore'>Read More &raquo;<\/a><div class='clear'><\/div><hr><\/div><div class='pfpItem entry-content'><h2 class='entry-title'><a href='https:\/\/sp.tuchow.pl\/index.php\/2018\/03\/15\/rekrutacja-do-klas-pierwszych-szkoly-podstawowej-w-tuchowie\/'>Rekrutacja do klas pierwszych Szko\u0142y Podstawowej w Tuchowie<\/a><\/h2><img decoding=\"async\" src=\"https:\/\/sp.tuchow.pl\/wp-content\/uploads\/2018\/03\/Plakat-szkola-rekruatacja-150x150.jpg\" \/><p align=\"center\"><b>Rekrutacja do klas I Szko\u0142y Podstawowej im. Stanis\u0142awa Staszica w Tuchowie&nbsp;<\/b><\/p>\n<p align=\"center\"><strong>rok szkolny 2018\/2019<\/strong><\/p>\n<h1 align=\"center\"><strong>OG\u0141OSZENIE<\/strong><\/h1>\n<p>Dyrektor Szko\u0142y Podstawowej im. Stanis\u0142awa Staszica w Tuchowie informuje, \u017ce zapisy do klasy pierwszej przyjmowane b\u0119d\u0105 od 26 marca 2018 r. do 27 kwietnia 2018 r.<\/p>\n<p>Zg\u0142oszenia dla uczni\u00f3w z obwodu szko\u0142y oraz wnioski dla kandydat\u00f3w...<a href='https:\/\/sp.tuchow.pl\/index.php\/2018\/03\/15\/rekrutacja-do-klas-pierwszych-szkoly-podstawowej-w-tuchowie\/' class='pfpReadMore'>Read More &raquo;<\/a><div class='clear'><\/div><hr><\/div><div class='pfpItem entry-content'><h2 class='entry-title'><a href='https:\/\/sp.tuchow.pl\/index.php\/2018\/03\/15\/7929\/'>Spotkanie autorskie pt. \u201eJak nasi Dziadkowie \u201eSok\u00f3\u0142\u201d budowali i w nim gospodarowali w latach 1898-1948\u201d.<\/a><\/h2><p style=\"text-align: justify;\">Uczniowie klas drugich gimnazjum wzi\u0119li udzia\u0142 w&nbsp;<strong>spotkaniu autorskim pt. \u201eJak nasi Dziadkowie \u201eSok\u00f3\u0142\u201d budowali i w nim gospodarowali w latach 1898-1948\u201d. <\/strong><\/p>\n<p style=\"text-align: justify;\">Spotkanie prowadzi\u0142 Jan Dusza \u2013 prezes Towarzystwa Gimnastycznego \u201eSok\u00f3\u0142 \u2013 \u015awiat Pracy\u201d Oddzia\u0142 w Tuchowie, kt\u00f3ry po powitaniu zgromadzonych go\u015bci przekaza\u0142 g\u0142os autorowi ksi\u0105\u017cki Aleksandrowi...<a href='https:\/\/sp.tuchow.pl\/index.php\/2018\/03\/15\/7929\/' class='pfpReadMore'>Read More &raquo;<\/a><div class='clear'><\/div><hr><\/div><div class='pfpItem entry-content'><h2 class='entry-title'><a href='https:\/\/sp.tuchow.pl\/index.php\/2018\/03\/12\/gimnazjalna-droga-krzyzowa\/'>Gimnazjalna Droga Krzy\u017cowa<\/a><\/h2><img decoding=\"async\" src=\"https:\/\/sp.tuchow.pl\/wp-content\/uploads\/2018\/03\/GIMNAZJALNA-DROGA-KRZYZOWA-A-150x150.jpg\" \/><p><\/p>\n...<a href='https:\/\/sp.tuchow.pl\/index.php\/2018\/03\/12\/gimnazjalna-droga-krzyzowa\/' class='pfpReadMore'>Read More &raquo;<\/a><div class='clear'><\/div><hr><\/div><div class='pfpItem entry-content'><h2 class='entry-title'><a href='https:\/\/sp.tuchow.pl\/index.php\/2018\/03\/12\/sprawozdanie-z-szkolnego-konkursu-ortograficznego-w-oddzialach-edukacji-wczesnoszkolnej\/'>Sprawozdanie z Szkolnego Konkursu Ortograficznego w oddzia\u0142ach edukacji wczesnoszkolnej.<\/a><\/h2><p>8 marca 2018 r. w naszej szkole o godz. 10.35 w Sali 34 odby\u0142 si\u0119 Konkurs Ortograficzny. Jego celem by\u0142o wy\u0142onienie spo\u015br\u00f3d uczni\u00f3w klas drugich i trzecich Mistrza Ortografii. Uczniowie pisali dyktando oraz test ortograficzny. <strong>Najlepszymi okazali si\u0119:<\/strong><\/p>\n<p><strong>Pi\u0105tek Zuzanna z klasy III b<\/strong><\/p>\n<p><strong>Giera\u0142t Nelly z klasy III c<\/strong><\/p>\n<p><strong>Wiejacki Damian z...<a href='https:\/\/sp.tuchow.pl\/index.php\/2018\/03\/12\/sprawozdanie-z-szkolnego-konkursu-ortograficznego-w-oddzialach-edukacji-wczesnoszkolnej\/' class='pfpReadMore'>Read More &raquo;<\/a><div class='clear'><\/div><hr><\/div><div class='pfpItem entry-content'><h2 class='entry-title'><a href='https:\/\/sp.tuchow.pl\/index.php\/2018\/03\/09\/hultaj-namowil-raz-chuligana-czyli-o-szkolnym-konkursie-ortograficznym\/'>Hultaj nam\u00f3wi\u0142 raz chuligana, czyli o Szkolnym Konkursie Ortograficznym<\/a><\/h2><p style=\"text-align: justify;\">8 marca 2018 roku odby\u0142 si\u0119 Szkolny Konkurs Ortograficzny dla klas IV \u2013 VI.<\/p>\n<p style=\"text-align: justify;\">Wzi\u0119\u0142o w nim udzia\u0142 26 uczni\u00f3w, wy\u0142onionych w eliminacjach klasowych.<\/p>\n<p style=\"text-align: justify;\">Znawcy ortografii pisali dyktando ze s\u0142uchu. Pomys\u0142\u00f3w szukam w mojej ulubionej ksi\u0105\u017cce Witolda Gawdzika ,,Ortografia i gramatyka na weso\u0142o\u2019\u2019.<\/p>\n<p style=\"text-align: justify;\">Oto fragment:...<a href='https:\/\/sp.tuchow.pl\/index.php\/2018\/03\/09\/hultaj-namowil-raz-chuligana-czyli-o-szkolnym-konkursie-ortograficznym\/' class='pfpReadMore'>Read More &raquo;<\/a><div class='clear'><\/div><hr><\/div><div class='pfpItem entry-content'><h2 class='entry-title'><a href='https:\/\/sp.tuchow.pl\/index.php\/2018\/03\/01\/rekolekcje-wielkopostne-2\/'>Rekolekcje Wielkopostne<\/a><\/h2><p>W dniach 5 \u2013 7 marca 2018 r. uczniowie naszej szko\u0142y bior\u0105 udzia\u0142 w Rekolekcjach Wielkopostnych.<\/p>\n<p><strong><span style=\"color: #ff0000;\">W tych dniach \u015bwietlica szkolna dzia\u0142a od 6:30 &#8211; 16:30.<\/span><\/strong><\/p>\n<p><span style=\"color: #000000;\"> Harmonogram rekolekcji<\/span>:<\/p>\n<p><strong>5 marca 2018 r. (poniedzia\u0142ek)<\/strong> <strong>klasy I \u2013 III \u2013&nbsp; Parafia w. Jakuba<\/strong><\/p>\n<p><strong>9<sup>00<\/sup><\/strong> \u2013 Spotkanie z wychowawcami. (sprawdzenie obecno\u015bci, pogadanka...<a href='https:\/\/sp.tuchow.pl\/index.php\/2018\/03\/01\/rekolekcje-wielkopostne-2\/' class='pfpReadMore'>Read More &raquo;<\/a><div class='clear'><\/div><hr><\/div><div class='pfpItem entry-content'><h2 class='entry-title'><a href='https:\/\/sp.tuchow.pl\/index.php\/2018\/03\/01\/finalisci-konkursow-matematycznych\/'>Finali\u015bci konkurs\u00f3w matematycznych<\/a><\/h2><p style=\"text-align: justify;\" align=\"left\">Za nami etap rejonowy <strong>II Mi\u0119dzypowiatowego Konkursu Matematycznego<\/strong> dla uczni\u00f3w klas czwartych, pi\u0105tych i sz\u00f3stych szk\u00f3\u0142 podstawowych w roku szkolnym 2017\/2018. Mi\u0142o nam poinformowa\u0107, \u017ce do fina\u0142u zakwalifikowa\u0142 si\u0119 ucze\u0144 klasy IVc &#8211;&nbsp;<strong>Igor \u0141\u0105tka.<\/strong><br \/>\nUcze\u0144 ten b\u0119dzie reprezentowa\u0142 szko\u0142\u0119 w finale, kt\u00f3ry odb\u0119dzie si\u0119 13 marca 2018...<a href='https:\/\/sp.tuchow.pl\/index.php\/2018\/03\/01\/finalisci-konkursow-matematycznych\/' class='pfpReadMore'>Read More &raquo;<\/a><div class='clear'><\/div><hr><\/div><div class='pfpItem entry-content'><h2 class='entry-title'><a href='https:\/\/sp.tuchow.pl\/index.php\/2018\/02\/08\/spotkanie-z-podroznikiem\/'>Spotkanie z podr\u00f3\u017cnikiem<\/a><\/h2><p>8 lutego uczniowie naszej szko\u0142y po raz kolejny spotkali si\u0119 z Podr\u00f3\u017cnikiem z firmy \u201eTrzask\u201d. Tym razem poznawali\u015bmy brazylijsk\u0105 cz\u0119\u015b\u0107 Amazonii.<\/p>\n<p>Dzi\u0119ki prelekcji poznali\u015bmy Manaus, najwi\u0119ksze miasto w amazo\u0144skiej selwie (selvas), docenili\u015bmy prac\u0119 portowych tragarzy, zobaczyli\u015bmy wn\u0119trze Teatro Amazonas \u2013 opery wybudowanej na wz\u00f3r mediola\u0144skiej La Scali oraz poznali\u015bmy histori\u0119 wynalezienia...<a href='https:\/\/sp.tuchow.pl\/index.php\/2018\/02\/08\/spotkanie-z-podroznikiem\/' class='pfpReadMore'>Read More &raquo;<\/a><div class='clear'><\/div><hr><\/div><div class='pfpItem entry-content'><h2 class='entry-title'><a href='https:\/\/sp.tuchow.pl\/index.php\/2018\/02\/03\/zs-plan-zajec-dla-sp-i-gim\/'>NOWY Plan zaj\u0119\u0107<\/a><\/h2><p><strong>W dziale PLAN LEKCJI zosta\u0142 umieszczony plan zaj\u0119\u0107, kt\u00f3ry b\u0119dzie obowi\u0105zywa\u0142 od 5 lutego 2018 r.<\/strong><\/p>\n<p><strong>Jednocze\u015bnie informujemy, \u017ce w najbli\u017cszych dniach mo\u017ce doj\u015b\u0107 do korekty planu zaj\u0119\u0107.<\/strong><\/p>\n...<a href='https:\/\/sp.tuchow.pl\/index.php\/2018\/02\/03\/zs-plan-zajec-dla-sp-i-gim\/' class='pfpReadMore'>Read More &raquo;<\/a><div class='clear'><\/div><hr><\/div><div class='pfpItem entry-content'><h2 class='entry-title'><a href='https:\/\/sp.tuchow.pl\/index.php\/2018\/01\/31\/swiat-niepelnosprawnych-chorych-jest-doswiadczeniem-ze-zycie-jest-duza-wartoscia-swiat-kazdego-z-nich-jest-inny-lecz-zawsze-pelen-marzen\/'>\u015awiat niepe\u0142nosprawnych, chorych jest do\u015bwiadczeniem, \u017ce \u017cycie jest du\u017c\u0105 warto\u015bci\u0105. \u015awiat ka\u017cdego z nich jest inny lecz zawsze pe\u0142en marze\u0144.<\/a><\/h2><p style=\"text-align: justify;\">Tradycj\u0105 naszej szko\u0142y sta\u0142y si\u0119 organizowane co roku spotkania ze Stowarzyszeniem Rodzic\u00f3w i Przyjaci\u00f3\u0142 Os\u00f3b Niepe\u0142nosprawnych \u201eNadzieja\u201d w Tuchowie. Pierwsze spotkanie organizacyjne rozpoczynaj\u0105ce wsp\u00f3\u0142prac\u0119 odby\u0142o si\u0119 07.02.2000 roku. Coroczne spotkania: zabawy choinkowe, spotkania z Miko\u0142ajem odbywa\u0142y si\u0119 pod r\u00f3\u017cnymi has\u0142ami, np.: \u201e<em>Ten ma du\u017c\u0105 rado\u015b\u0107, kto co\u015b dostaje,...<a href='https:\/\/sp.tuchow.pl\/index.php\/2018\/01\/31\/swiat-niepelnosprawnych-chorych-jest-doswiadczeniem-ze-zycie-jest-duza-wartoscia-swiat-kazdego-z-nich-jest-inny-lecz-zawsze-pelen-marzen\/' class='pfpReadMore'>Read More &raquo;<\/a><div class='clear'><\/div><hr><\/div><div class='pfpItem entry-content'><h2 class='entry-title'><a href='https:\/\/sp.tuchow.pl\/index.php\/2018\/01\/29\/konsultacje-dla-rodzicow\/'>Zebrania dla rodzic\u00f3w<\/a><\/h2><div class=\"\" data-block=\"true\" data-editor=\"33r87\" data-offset-key=\"70td0-0-0\">\n<div class=\"_1mf _1mj\" data-offset-key=\"70td0-0-0\"><span style=\"line-height: inherit;\">Serdecznie zapraszamy wszystkich rodzic\u00f3w naszych uczni\u00f3w na <strong>zebrania podsumowuj\u0105ce I okres nauki<\/strong>, kt\u00f3re odb\u0119d\u0105 si\u0119 zgodnie z harmonogramem:<\/span><\/div>\n<div data-offset-key=\"70td0-0-0\">&nbsp;<\/div>\n<\/div>\n<div class=\"\" data-block=\"true\" data-editor=\"33r87\" data-offset-key=\"6c4f1-0-0\">\n<div class=\"_1mf _1mj\" data-offset-key=\"6c4f1-0-0\"><span data-offset-key=\"6c4f1-0-0\">&#8211; 31 stycznia \/\u015broda\/ &#8211; klasy 1-3<\/span><\/div>\n<\/div>\n<div class=\"\" data-block=\"true\" data-editor=\"33r87\" data-offset-key=\"3u44a-0-0\">\n<div class=\"_1mf _1mj\" data-offset-key=\"3u44a-0-0\"><span data-offset-key=\"3u44a-0-0\">&#8211;...<a href='https:\/\/sp.tuchow.pl\/index.php\/2018\/01\/29\/konsultacje-dla-rodzicow\/' class='pfpReadMore'>Read More &raquo;<\/a><div class='clear'><\/div><hr><\/div><div class='pfpItem entry-content'><h2 class='entry-title'><a href='https:\/\/sp.tuchow.pl\/index.php\/2018\/01\/29\/gwiazdkowa-rozmowa-fotorelacja-z-przedstawienia\/'>Gwiazdkowa rozmowa przedstawienie uczni\u00f3w Szko\u0142y Podstawowej im. St. Staszica w Tuchowie.<\/a><\/h2><p style=\"text-align: justify;\">Trupa Kol\u0119duj\u0105ca \u201ePowsinoga\u201d mia\u0142a zaszczyt go\u015bci\u0107 w Domu Pogodnej Jesieni u Si\u00f3str J\u00f3zefitek w Tuchowie dnia 23.01.2018 roku i zaprezentowa\u0107 podopiecznym sztuk\u0119, co si\u0119 nazywa \u201eGwiazdkowa rozmowa\u201d. Pomys\u0142odawc\u0105 wizyt w DPJ jest pedagog Beata Kielawa. Je\u017celi chodzi o tre\u015b\u0107 sztuki jest ona ca\u0142kowicie niekonwencjonalnymi jase\u0142kami. Bior\u0105 w niej...<a href='https:\/\/sp.tuchow.pl\/index.php\/2018\/01\/29\/gwiazdkowa-rozmowa-fotorelacja-z-przedstawienia\/' class='pfpReadMore'>Read More &raquo;<\/a><div class='clear'><\/div><hr><\/div><div class='pfpItem entry-content'><h2 class='entry-title'><a href='https:\/\/sp.tuchow.pl\/index.php\/2018\/01\/28\/wyjazd-do-teatru-im-ludwika-solskiego\/'>Wyjazd do Teatru im. Ludwika Solskiego.<\/a><\/h2><p style=\"text-align: justify;\">Uczniowie klas czwartych &#8211; zasileni przez szeregi kilkunastu uczni\u00f3w klasy V b, po raz kolejny wzi\u0119li udzia\u0142 w wyje\u017adzie do tarnowskiego teatru, tym razem obejrzeli spektakl pt. \u201ePinokio\u201d (w grudniu uczniowie wybrali si\u0119 na \u201eLato Mumink\u00f3w\u201d). Wsp\u00f3\u0142czesna adaptacja niegdysiejszej szkolnej lektury Carlo Collodiego, pe\u0142na scen anga\u017cuj\u0105cych uczni\u00f3w i...<a href='https:\/\/sp.tuchow.pl\/index.php\/2018\/01\/28\/wyjazd-do-teatru-im-ludwika-solskiego\/' class='pfpReadMore'>Read More &raquo;<\/a><div class='clear'><\/div><hr><\/div><div class='pfpItem entry-content'><h2 class='entry-title'><a href='https:\/\/sp.tuchow.pl\/index.php\/2018\/01\/28\/laureaci-ogolnopolskich-konkursow-historycznych\/'>LAUREACI OG\u00d3LNOPOLSKICH KONKURS\u00d3W HISTORYCZNYCH<\/a><\/h2><p style=\"text-align: justify;\"><strong>W listopadzie 2017 roku odby\u0142y si\u0119 dwa Og\u00f3lnopolskie Konkursy Historyczne, w kt\u00f3rych wzi\u0119li udzia\u0142 uczniowie klas sz\u00f3stych Szko\u0142y Podstawowej im. Stanis\u0142awa Staszica w Tuchowie.<\/strong><\/p>\n<p style=\"text-align: justify;\">Pierwszy z nich to,, Historia polskich symboli narodowych, herby, hymny, chor\u0105gwie, flagi\u2026.\u201d, w kt\u00f3rym uczniowie musieli wykaza\u0107 si\u0119 znajomo\u015bci\u0105 historii polskich symboli narodowych,...<a href='https:\/\/sp.tuchow.pl\/index.php\/2018\/01\/28\/laureaci-ogolnopolskich-konkursow-historycznych\/' class='pfpReadMore'>Read More &raquo;<\/a><div class='clear'><\/div><hr><\/div><div class='pfpItem entry-content'><h2 class='entry-title'><a href='https:\/\/sp.tuchow.pl\/index.php\/2018\/01\/24\/uczniowie-szkoly-podstawowej-z-gwiazdkowa-rozmowa-w-domu-pogodnej-jesieni-u-siostr-jozefitek\/'>Uczniowie szko\u0142y podstawowej  z  \u201eGwiazdkow\u0105 rozmow\u0105\u201d w Domu Pogodnej Jesieni u Si\u00f3str J\u00f3zefitek<\/a><\/h2><p style=\"text-align: justify;\"><strong>Trupa Kol\u0119duj\u0105ca \u201ePowsinoga\u201d mia\u0142a zaszczyt go\u015bci\u0107 w Domu Pogodnej Jesieni u Si\u00f3str J\u00f3zefitek w Tuchowie i zaprezentowa\u0107 podopiecznym sztuk\u0119, co si\u0119 nazywa \u201eGwiazdkowa rozmowa\u201d.<\/strong><\/p>\n<p style=\"text-align: justify;\">Je\u017celi chodzi o tre\u015b\u0107 sztuki jest ona ca\u0142kowicie niekonwencjonalnymi jase\u0142kami. Bior\u0105 w niej udzia\u0142 trzy koty, mysz i pies oraz dwoje dzieci. Wed\u0142ug...<a href='https:\/\/sp.tuchow.pl\/index.php\/2018\/01\/24\/uczniowie-szkoly-podstawowej-z-gwiazdkowa-rozmowa-w-domu-pogodnej-jesieni-u-siostr-jozefitek\/' class='pfpReadMore'>Read More &raquo;<\/a><div class='clear'><\/div><hr><\/div><div class='pfpItem entry-content'><h2 class='entry-title'><a href='https:\/\/sp.tuchow.pl\/index.php\/2018\/01\/23\/sprawozdanie-ze-szkolnego-konkursu-poezji-patriotycznej-myslac-ojczyzna-szkola-podstawowa-im-stanislawa-staszica-w-tuchowie\/'>Sprawozdanie ze szkolnego Konkursu Poezji Patriotycznej  My\u015bl\u0105c Ojczyzna\u2026 Szko\u0142a Podstawowa im. Stanis\u0142awa Staszica w Tuchowie<\/a><\/h2><p style=\"text-align: justify;\">Rok 2018 jest rokiem upami\u0119tniaj\u0105cym 100. rocznic\u0119 odzyskania &nbsp;przez Polsk\u0119 niepodleg\u0142o\u015bci. Jest to znakomita okazja, by zwr\u00f3ci\u0107 uwag\u0119 na kszta\u0142towanie postaw patriotycznych i obywatelskich w kontek\u015bcie historii pa\u0144stwa i narodu polskiego. W ramach zada\u0144 zaplanowanych w Og\u00f3lnopolskim Konkursie pod nazw\u0105 \u201dSzko\u0142a m\u0142odych patriot\u00f3w VI edycja\u201d, w kt\u00f3rym nasza...<a href='https:\/\/sp.tuchow.pl\/index.php\/2018\/01\/23\/sprawozdanie-ze-szkolnego-konkursu-poezji-patriotycznej-myslac-ojczyzna-szkola-podstawowa-im-stanislawa-staszica-w-tuchowie\/' class='pfpReadMore'>Read More &raquo;<\/a><div class='clear'><\/div><hr><\/div><div class='pfpItem entry-content'><h2 class='entry-title'><a href='https:\/\/sp.tuchow.pl\/index.php\/2018\/01\/23\/recytujemy-i-malujemy-wiersze-ks-jana-twardowskiego-po-raz-szosty\/'>Recytujemy i malujemy wiersze ks. Jana Twardowskiego po raz sz\u00f3sty<\/a><\/h2><p style=\"text-align: right;\"><em>Boga naj\u0142atwiej znajdziesz nie pisz\u0105c o Bogu<\/em><\/p>\n<p style=\"text-align: right;\"><em>(ks. Jan Twardowski <\/em><\/p>\n<p style=\"text-align: right;\"><em>fragment&nbsp; Nie tylko o czaplach)<\/em><\/p>\n<p>&nbsp;<\/p>\n<p><strong>W dniu 17 stycznia 2018 r. odby\u0142 si\u0119 VI Szkolny Konkurs Recytatorski ,,W magicznym \u015bwiecie wierszy ksi\u0119dza Jana Twardowskiego\u2019\u2019.<\/strong><\/p>\n<p>Szacowne jury konkursu stanowili:<\/p>\n<p>mgr Wanda Siwek \u2013 wicedyrektor szko\u0142y,<\/p>\n<p>Krystyna Piwowar \u2013 katecheta,<\/p>\n<p>mgr Katarzyna...<a href='https:\/\/sp.tuchow.pl\/index.php\/2018\/01\/23\/recytujemy-i-malujemy-wiersze-ks-jana-twardowskiego-po-raz-szosty\/' class='pfpReadMore'>Read More &raquo;<\/a><div class='clear'><\/div><hr><\/div><div class='pfpItem entry-content'><h2 class='entry-title'><a href='https:\/\/sp.tuchow.pl\/index.php\/2018\/01\/16\/sukces-uczniow-szkoly-podstawowej-przedmiotowego-konkursu-edi-biblia-i-przypowiesci-biblijne\/'>Sukces uczni\u00f3w Szko\u0142y Podstawowej Przedmiotowego Konkursu \u201eEDI \u2013 Biblia i Przypowie\u015bci Biblijne\u201d<\/a><\/h2><p style=\"text-align: justify;\"><strong>Mi\u0142o nam poinformowa\u0107, \u017ce uczniowie Szko\u0142y Podstawowej w Tuchowie osi\u0105gn\u0119li wielkie sukcesy w Og\u00f3lnopolskim Konkursie Biblia i Przypowie\u015bci Biblijne \u2013 EDI 2017.<\/strong><\/p>\n<p style=\"text-align: justify;\"><em>Konkurs sk\u0142ada\u0142 si\u0119 z dw\u00f3ch etap\u00f3w: szkolny i&nbsp; og\u00f3lnopolski. Ch\u0119tni uczniowie z kl. IV \u2013 VI czytali&nbsp; podane fragmenty z Pisma \u015awi\u0119tego szczeg\u00f3lnie Ewangeli\u0119 \u015bw....<a href='https:\/\/sp.tuchow.pl\/index.php\/2018\/01\/16\/sukces-uczniow-szkoly-podstawowej-przedmiotowego-konkursu-edi-biblia-i-przypowiesci-biblijne\/' class='pfpReadMore'>Read More &raquo;<\/a><div class='clear'><\/div><hr><\/div><div class='pfpItem entry-content'><h2 class='entry-title'><a href='https:\/\/sp.tuchow.pl\/index.php\/2018\/01\/11\/stolowka\/'>Sto\u0142\u00f3wka<\/a><\/h2><p style=\"text-align: justify;\"><strong>W zwi\u0105zku z zapowiadan\u0105 przerw\u0105 w dostawie energii elektrycznej w dniu 12 stycznia \/pi\u0105tek\/ sto\u0142\u00f3wka szkolna b\u0119dzie nieczynna.<\/strong><\/p>\n...<a href='https:\/\/sp.tuchow.pl\/index.php\/2018\/01\/11\/stolowka\/' class='pfpReadMore'>Read More &raquo;<\/a><div class='clear'><\/div><hr><\/div><div class='pfpItem entry-content'><h2 class='entry-title'><a href='https:\/\/sp.tuchow.pl\/index.php\/2018\/01\/10\/szkolne-kolo-caritas-z-wizyta-w-dsj-w-tuchowie\/'>Szkolne Ko\u0142o Caritas z wizyt\u0105 w DSJ w Tuchowie<\/a><\/h2><p>\u015awi\u0119ta Bo\u017cego Narodzenia to czas, gdy spotykamy si\u0119 z rodzin\u0105 i sp\u0119dzamy z bliskimi wiele chwil. Niestety, na \u015bwiecie s\u0105 ludzie, kt\u00f3rych nikt nie odwiedza. By zapobiec poczuciu samotno\u015bci u tych os\u00f3b, Szkolne Ko\u0142o Caritas zorganizowa\u0142o akcj\u0119 i 24 grudnia 2017 r. przedstawiciele udali si\u0119 do Domu Pogodnej Jesieni prowadzonego...<a href='https:\/\/sp.tuchow.pl\/index.php\/2018\/01\/10\/szkolne-kolo-caritas-z-wizyta-w-dsj-w-tuchowie\/' class='pfpReadMore'>Read More &raquo;<\/a><div class='clear'><\/div><hr><\/div><div class='pfpItem entry-content'><h2 class='entry-title'><a href='https:\/\/sp.tuchow.pl\/index.php\/2018\/01\/04\/nasza-szkola-w-vi-edycji-szkola-mlodych-patriotow\/'>Nasza Szko\u0142a w VI edycji  \u201dSzko\u0142a m\u0142odych patriot\u00f3w\u201d<\/a><\/h2><p style=\"text-align: justify;\">Rok 2018 jest rokiem upami\u0119tniaj\u0105cym 100. rocznic\u0119 odzyskania &nbsp;przez Polsk\u0119 niepodleg\u0142o\u015bci. Jest to znakomita okazja, by zwr\u00f3ci\u0107 uwag\u0119 na kszta\u0142towanie postaw patriotycznych i obywatelskich w kontek\u015bcie historii pa\u0144stwa i narodu polskiego. Taki jest w\u0142a\u015bnie cel&nbsp; udzia\u0142u naszej szko\u0142y w Og\u00f3lnopolskim Konkursie pod nazw\u0105 \u201dSzko\u0142a m\u0142odych patriot\u00f3w VI edycja\u201d....<a href='https:\/\/sp.tuchow.pl\/index.php\/2018\/01\/04\/nasza-szkola-w-vi-edycji-szkola-mlodych-patriotow\/' class='pfpReadMore'>Read More &raquo;<\/a><div class='clear'><\/div><hr><\/div><div class='pfpItem entry-content'><h2 class='entry-title'><a href='https:\/\/sp.tuchow.pl\/index.php\/2018\/01\/01\/v-gminny-konkurs-swiatecznej-piosenki-obcojezycznej\/'>V GMINNY KONKURS \u015aWI\u0104TECZNEJ PIOSENKI OBCOJ\u0118ZYCZNEJ<\/a><\/h2><p style=\"text-align: justify;\"><strong>21 grudnia 2017 roku w tuchowskim Domu Kultury odby\u0142 si\u0119 V Gminny Konkurs &nbsp;\u015awi\u0105tecznej Piosenki Obcoj\u0119zycznej organizowany przez nauczycieli j\u0119zyka angielskiego ze Szko\u0142y Podstawowej w Tuchowie.<\/strong><\/p>\n<p style=\"text-align: justify;\">W konkursie wzi\u0119\u0142o udzia\u0142 31 uczestnik\u00f3w z 9 szk\u00f3\u0142 naszej gminy. &nbsp;Dzi\u0119kujemy wszystkim uczestnikom spo\u015br\u00f3d kt\u00f3rych jury w sk\u0142adzie p. Michalina...<a href='https:\/\/sp.tuchow.pl\/index.php\/2018\/01\/01\/v-gminny-konkurs-swiatecznej-piosenki-obcojezycznej\/' class='pfpReadMore'>Read More &raquo;<\/a><div class='clear'><\/div><hr><\/div><div class='pfpItem entry-content'><h2 class='entry-title'><a href='https:\/\/sp.tuchow.pl\/index.php\/2017\/12\/21\/organizacja-pracy-w-dniu-22-grudnia-piatek\/'>Organizacja pracy w dniu 22 grudnia \/pi\u0105tek\/<\/a><\/h2><p><strong>22 grudnia 2017 r.(pi\u0105tek) jest ostatnim dniem nauki przed \u015bwi\u0119tami.<\/strong><\/p>\n<p>W tym dniu nie ma lekcji. Zaj\u0119cia odbywaj\u0105 si\u0119 wg nast\u0119puj\u0105cego harmonogramu:<\/p>\n<p><strong>Szko\u0142a Podstawowa \u2013 klasy I \u2013 V<\/strong><br \/>\n8:00 &#8211; 10:00 Wigilie klasowe z wychowawcami i wychowawcami wspomagaj\u0105cymi, a o godz. 10:00 Jase\u0142ka w hali sportowej MOSiR.<\/p>\n<p><strong>Klasy VI \u2013 VII SP...<a href='https:\/\/sp.tuchow.pl\/index.php\/2017\/12\/21\/organizacja-pracy-w-dniu-22-grudnia-piatek\/' class='pfpReadMore'>Read More &raquo;<\/a><div class='clear'><\/div><hr><\/div><div class='pfpItem entry-content'><h2 class='entry-title'><a href='https:\/\/sp.tuchow.pl\/index.php\/2017\/12\/21\/dziekujemy\/'>DZI\u0118KUJEMY\u2026<\/a><\/h2><p style=\"text-align: justify;\">Organizatorzy <strong>Dnia Dawcy Szpiku Kostnego<\/strong>, kt\u00f3ry odby\u0142 si\u0119 20 grudnia 2017 roku w Szkole Podstawowej im. Stanis\u0142awa Staszica dzi\u0119kuj\u0105 <strong>49<\/strong> osobom, kt\u00f3re podj\u0119\u0142y wa\u017cn\u0105 decyzj\u0119 o rejestracji na potencjalnego dawc\u0119 dla os\u00f3b chorych na raka krwi. Rejestracja odbywa\u0142a si\u0119 od godziny 7.00 do 18.00. Szanowni Pa\u0144stwo prosimy o...<a href='https:\/\/sp.tuchow.pl\/index.php\/2017\/12\/21\/dziekujemy\/' class='pfpReadMore'>Read More &raquo;<\/a><div class='clear'><\/div><hr><\/div><div class='pfpItem entry-content'><h2 class='entry-title'><a href='https:\/\/sp.tuchow.pl\/index.php\/2017\/12\/21\/kiermasz-bozonarodzeniowy-2\/'>Kiermasz bo\u017conarodzeniowy<\/a><\/h2><p style=\"text-align: justify;\">\u015awi\u0119ta to magiczny czas, kiedy ludzkie serca szczeg\u00f3lnie otwieraj\u0105 si\u0119 na potrzeby innych i dlatego w dniach 19 i 20 grudnia 2017 roku w naszej szkole zosta\u0142 zorganizowany kiermasz bo\u017conarodzeniowy. Jak co roku do sprzeda\u017cy zosta\u0142y wystawione wytwory pracy dzieci, nauczycieli i rodzic\u00f3w. Mo\u017cna by\u0142o kupi\u0107 w\u0142asnor\u0119cznie wykonane...<a href='https:\/\/sp.tuchow.pl\/index.php\/2017\/12\/21\/kiermasz-bozonarodzeniowy-2\/' class='pfpReadMore'>Read More &raquo;<\/a><div class='clear'><\/div><hr><\/div><div class='pfpItem entry-content'><h2 class='entry-title'><a href='https:\/\/sp.tuchow.pl\/index.php\/2017\/12\/17\/iv-szkolny-konkurs-recytatorski-poswiecony-tworczosci-ksiedza-jana-twardowskiego\/'>VI SZKOLNY KONKURS RECYTATORSKI  PO\u015aWI\u0118CONY TW\u00d3RCZO\u015aCI KSI\u0118DZA JANA TWARDOWSKIEGO<\/a><\/h2><img decoding=\"async\" src=\"https:\/\/sp.tuchow.pl\/wp-content\/uploads\/2016\/03\/twardowski-jan-portret-el_6332046-150x150.jpg\" \/><p><strong>VI SZKOLNY KONKURS RECYTATORSKI PO\u015aWI\u0118CONY TW\u00d3RCZO\u015aCI KSI\u0118DZA JANA TWARDOWSKIEGO<\/strong><\/p>\n<p>I. Organizator: mgr Renata G\u0105sior<\/p>\n<p><strong>II. Cele konkursu<\/strong>:<\/p>\n<p>&#8211; Popularyzacja w\u015br\u00f3d uczni\u00f3w klas III &#8211; VI utwor\u00f3w ksi\u0119dza Jana Twardowskiego<\/p>\n<p>&nbsp;&#8211; Odwo\u0142ywanie si\u0119 do nieprzemijaj\u0105cych warto\u015bci poezji ksi\u0119dza Jana Twardowskiego w duchu szacunku wzgl\u0119dem siebie nawzajem oraz \u015bwiata przyrody<\/p>\n<p>&#8211; Upowszechnienie sztuki recytatorskiej w\u015br\u00f3d uczni\u00f3w<\/p>\n<p>&#8211; Prezentacja...<a href='https:\/\/sp.tuchow.pl\/index.php\/2017\/12\/17\/iv-szkolny-konkurs-recytatorski-poswiecony-tworczosci-ksiedza-jana-twardowskiego\/' class='pfpReadMore'>Read More &raquo;<\/a><div class='clear'><\/div><hr><\/div><div class='pfpItem entry-content'><h2 class='entry-title'><a href='https:\/\/sp.tuchow.pl\/index.php\/2017\/12\/14\/sukces-naszej-uczennicy\/'>Sukces naszej uczennicy!<\/a><\/h2><p style=\"text-align: justify;\">Jak wiadomo uczenie si\u0119 czego\u015b na pami\u0119\u0107, a do tego w j\u0119zyku obcym,&nbsp; nie nale\u017cy do ulubionych zaj\u0119\u0107 uczni\u00f3w.<\/p>\n<p style=\"text-align: justify;\">Nie dotyczy to jednak <strong>Patrycji Barna\u015b<\/strong>, uczennicy klasy 3a gimnazjum, kt\u00f3ra w konkursach recytatorskich bierze udzia\u0142 ch\u0119tnie i robi to rzeczywi\u015bcie bardzo dobrze. Dowodem na to jest <strong><em>IX...<a href='https:\/\/sp.tuchow.pl\/index.php\/2017\/12\/14\/sukces-naszej-uczennicy\/' class='pfpReadMore'>Read More &raquo;<\/a><div class='clear'><\/div><hr><\/div><div class='pfpItem entry-content'><h2 class='entry-title'><a href='https:\/\/sp.tuchow.pl\/index.php\/2017\/12\/14\/malopolski-konkurs-jezyka-niemieckiego\/'>Ma\u0142opolski Konkurs J\u0119zyka Niemieckiego<\/a><\/h2><p style=\"text-align: justify;\">17 listopada 2017 przeprowadzony zosta\u0142 w naszej szkole pierwszy etap Ma\u0142opolskiego Konkursu J\u0119zyka Niemieckiego do kt\u00f3rego zg\u0142osi\u0142o si\u0119 7 uczni\u00f3w z klas gimnazjalnych. Wszyscy napisali test na ponad 50% punkt\u00f3w mo\u017cliwych do zdobycia, a dwie uczennice <strong><em>Karolina Soko\u0142owska z klasy 3a i Agnieszka Wo\u0142kowicz z klasy 3c<\/em><\/strong> zakwalifikowa\u0142y...<a href='https:\/\/sp.tuchow.pl\/index.php\/2017\/12\/14\/malopolski-konkurs-jezyka-niemieckiego\/' class='pfpReadMore'>Read More &raquo;<\/a><div class='clear'><\/div><hr><\/div><div class='pfpItem entry-content'><h2 class='entry-title'><a href='https:\/\/sp.tuchow.pl\/index.php\/2017\/12\/12\/o-takich-swietach-czyli-o-konkursie-polskiej-poezji-religijnej\/'>,,O takich \u015bwi\u0119tach\u2019\u2019, czyli o Konkursie Polskiej Poezji Religijnej<\/a><\/h2><p style=\"text-align: justify;\"><strong>5 grudnia 2017 r. w tarnowskim Pa\u0142acu M\u0142odzie\u017cy odby\u0142y si\u0119 eliminacje rejonowe XXI Og\u00f3lnopolskiego Konkursu Polskiej Poezji Religijnej ,,Pier\u015bcie\u0144 \u015awi\u0119tej Kingi\u2019\u2019. <\/strong><\/p>\n<p style=\"text-align: justify;\">Szko\u0142\u0119 Podstawow\u0105 im. Stanis\u0142awa Staszica w Tuchowie reprezentowa\u0142y uczennice klas pi\u0105tych: Julia Kielawa, Izabela Srebro i Kinga Barna\u015b.<\/p>\n<p style=\"text-align: justify;\">&nbsp;&nbsp;&nbsp;&nbsp;&nbsp;&nbsp;&nbsp;&nbsp;&nbsp;&nbsp;&nbsp; Konkurs adresowany by\u0142 do uczni\u00f3w...<a href='https:\/\/sp.tuchow.pl\/index.php\/2017\/12\/12\/o-takich-swietach-czyli-o-konkursie-polskiej-poezji-religijnej\/' class='pfpReadMore'>Read More &raquo;<\/a><div class='clear'><\/div><hr><\/div><div class='pfpItem entry-content'><h2 class='entry-title'><a href='https:\/\/sp.tuchow.pl\/index.php\/2017\/12\/11\/dzien-dawcy-szpiku-dla-kazdego-pacjenta-potrzebujacego-przeszczepienia\/'>Dzie\u0144 Dawcy Szpiku dla ka\u017cdego pacjenta potrzebuj\u0105cego przeszczepienia<\/a><\/h2><p style=\"text-align: justify;\"><strong>20 <\/strong><strong>grudnia 2017 r. w Szkole Podstawowej w <\/strong><strong>Tuchowie<\/strong><strong> odb\u0119dzie si\u0119 akcja rejestracji potencjalnych dawc\u00f3w kom\u00f3rek macierzystych krwi lub szpiku dla ka\u017cdego pacjenta, kt\u00f3ry zostanie zakwalifikowany do przeszczepienia. Akcj\u0119 organizuj\u0105 lokalni wolontariusze, wierz\u0105c w s\u0142uszno\u015b\u0107 idei dawstwa szpiku, kt\u00f3ra mo\u017ce uratowa\u0107 \u017cycie niejednemu cz\u0142owiekowi. <\/strong><\/p>\n<p style=\"text-align: justify;\">&nbsp;<\/p>\n<p style=\"text-align:...<a href='https:\/\/sp.tuchow.pl\/index.php\/2017\/12\/11\/dzien-dawcy-szpiku-dla-kazdego-pacjenta-potrzebujacego-przeszczepienia\/' class='pfpReadMore'>Read More &raquo;<\/a><div class='clear'><\/div><hr><\/div><div class='pfpItem entry-content'><h2 class='entry-title'><a href='https:\/\/sp.tuchow.pl\/index.php\/2017\/12\/01\/kiermasz-bozonarodzeniowy\/'>Kiermasz bo\u017conarodzeniowy<\/a><\/h2><p style=\"text-align: justify;\">W dniach&nbsp;<b>20 i 21 grudnia 2017 r<\/b>.( tj. \u015broda i czwartek) w naszej szkole, jak co roku odb\u0119dzie si\u0119 kiermasz bo\u017conarodzeniowy ,z kt\u00f3rego zyski zostan\u0105 przeznaczone dla&nbsp;<b>Stowarzyszenia Nadzieja<\/b>. Zach\u0119camy rodzic\u00f3w, dzieci i m\u0142odzie\u017c do w\u0142\u0105czenia si\u0119 w akcj\u0119 .Prosimy o wykonanie ozd\u00f3b \u015bwi\u0105tecznych (bombek,&nbsp; stroik\u00f3w, choinek, miko\u0142ajk\u00f3w, kartek...<a href='https:\/\/sp.tuchow.pl\/index.php\/2017\/12\/01\/kiermasz-bozonarodzeniowy\/' class='pfpReadMore'>Read More &raquo;<\/a><div class='clear'><\/div><hr><\/div><div class='pfpItem entry-content'><h2 class='entry-title'><a href='https:\/\/sp.tuchow.pl\/index.php\/2017\/11\/30\/andrzejki-klas-1-3\/'>ANDRZEJKI KLAS 1-3<\/a><\/h2><p style=\"text-align: justify;\">30 listopada 2017 r. zosta\u0142a zorganizowana przez nauczycieli edukacji wczesnoszkolnej zabawa andrzejkowa. Dzieci przygotowa\u0142y w klasach stanowiska z wr\u00f3\u017cbami. Uczniowie przebrali si\u0119 za wr\u00f3\u017cki, czarodziej\u00f3w i inne postaci bajkowe. Przy stanowiskach mo\u017cna by\u0142o sprawdzi\u0107, kto pierwszy zmieni sw\u00f3j stan cywilny, sw\u00f3j przysz\u0142y zaw\u00f3d oraz pozna\u0107 &nbsp;imi\u0119 swojego wybranka....<a href='https:\/\/sp.tuchow.pl\/index.php\/2017\/11\/30\/andrzejki-klas-1-3\/' class='pfpReadMore'>Read More &raquo;<\/a><div class='clear'><\/div><hr><\/div><div class='pfpItem entry-content'><h2 class='entry-title'><a href='https:\/\/sp.tuchow.pl\/index.php\/2017\/11\/28\/fotograf-w-szkole\/'>Fotograf w szkole<\/a><\/h2><p>Przypominamy, \u017ce w dniu 30 listopada \/czwartek\/ b\u0119d\u0105 robione zdj\u0119cia klasowe oraz zdj\u0119cia pami\u0105tkowe i u\u017cytkowe.<\/p>\n...<a href='https:\/\/sp.tuchow.pl\/index.php\/2017\/11\/28\/fotograf-w-szkole\/' class='pfpReadMore'>Read More &raquo;<\/a><div class='clear'><\/div><hr><\/div><div class='pfpItem entry-content'><h2 class='entry-title'><a href='https:\/\/sp.tuchow.pl\/index.php\/2017\/11\/11\/projekt-gimnazjalny-wplyw-zonglerki-na-rozwoj-mozgu\/'>11 listopada w Szkole Podstawowej w Tuchowie<\/a><\/h2><p style=\"text-align: justify;\">10 listopada br. w Szkole Podstawowej im. S. Staszica w Tuchowie \u015bwi\u0119towali\u015bmy 99 rocznic\u0119 odzyskania przez Polsk\u0119 niepodleg\u0142o\u015bci. Spotkanie rozpocz\u0105\u0142 kr\u00f3tki monta\u017c s\u0142owno-muzyczny przeplatany pie\u015bniami patriotycznymi. Sk\u0142ada\u0142y si\u0119 na niego najpi\u0119kniejsze wiersze polskich poet\u00f3w nawi\u0105zuj\u0105ce do dziej\u00f3w naszego kraju oraz kr\u00f3tka scenka obrazuj\u0105ca rozbiory Polski. Drug\u0105 cz\u0119\u015b\u0107 stanowi\u0142y...<a href='https:\/\/sp.tuchow.pl\/index.php\/2017\/11\/11\/projekt-gimnazjalny-wplyw-zonglerki-na-rozwoj-mozgu\/' class='pfpReadMore'>Read More &raquo;<\/a><div class='clear'><\/div><hr><\/div><div class='pfpItem entry-content'><h2 class='entry-title'><a href='https:\/\/sp.tuchow.pl\/index.php\/2017\/11\/11\/konkurs-jesli-czytam-to-moge-wszystko\/'>Konkurs \"Je\u015bli czytam, to mog\u0119 wszystko\"<\/a><\/h2><p><span style=\"color: #ff0000;\"><strong>KONKURS<\/strong><\/span><\/p>\n<p><span style=\"color: #008000;\"><strong>\u201eJe\u015bli&nbsp; czytam, to mog\u0119 wszystko.\u201d<\/strong><\/span><\/p>\n<p>&nbsp;<\/p>\n<p>Biblioteka szkolna og\u0142asza konkurs na <strong>ciekawe zdj\u0119cie ksi\u0105\u017cki ukazuj\u0105ce <span style=\"color: #ff0000;\">si\u0142\u0119 wyobra\u017ani.<\/span><\/strong> Wymiary zdj\u0119cia 13\/18, ka\u017cda osoba mo\u017ce odda\u0107 jedn\u0105 prac\u0119. Prace nale\u017cy przynosi\u0107 do biblioteki szkolnej do ko\u0144ca listopada. Og\u0142oszenie wynik\u00f3w nast\u0105pi 11 grudnia 2017 roku. Zdj\u0119cia b\u0119d\u0105 oceniane w...<a href='https:\/\/sp.tuchow.pl\/index.php\/2017\/11\/11\/konkurs-jesli-czytam-to-moge-wszystko\/' class='pfpReadMore'>Read More &raquo;<\/a><div class='clear'><\/div><hr><\/div><div class='pfpItem entry-content'><h2 class='entry-title'><a href='https:\/\/sp.tuchow.pl\/index.php\/2017\/11\/06\/projekt-bohater-on-w-holdzie-bohaterom\/'>Projekt ,, Bohater On\u201d \u2013 w ho\u0142dzie bohaterom.<\/a><\/h2><p style=\"text-align: justify;\">W pa\u017adzierniku uczniowie klas sz\u00f3stych i si\u00f3dmych Szko\u0142y Podstawowej &nbsp;im. Stanis\u0142awa Staszica w Tuchowie wzi\u0119li udzia\u0142 w projekcie <strong>,,Bohater On- w\u0142\u0105cz histori\u0119\u2019<\/strong>\u2019 , kt\u00f3rego celem by\u0142o uhonorowanie \u017cyj\u0105cych powsta\u0144c\u00f3w warszawskich. Organizatorami projektu by\u0142y fundacje Sensoria i Rosa.<\/p>\n<p style=\"text-align: justify;\">Mia\u0142 on na celu skupi\u0107 si\u0119 przede wszystkim na ludziach...<a href='https:\/\/sp.tuchow.pl\/index.php\/2017\/11\/06\/projekt-bohater-on-w-holdzie-bohaterom\/' class='pfpReadMore'>Read More &raquo;<\/a><div class='clear'><\/div><hr><\/div><div class='pfpItem entry-content'><h2 class='entry-title'><a href='https:\/\/sp.tuchow.pl\/index.php\/2017\/11\/06\/moj-najlepszy-przyjaciel-konkurs-plastyczny\/'>\"M\u00f3j najlepszy przyjaciel\" - konkurs plastyczny<\/a><\/h2><p><strong>&#8222;M\u00f3j najlepszy przyjaciel&#8221; to tytu\u0142 konkursu plastycznego, kt\u00f3ry odby\u0142 si\u0119 w \u015bwietlicy szkolnej w pa\u017adzierniku.<\/strong><\/p>\n<p>Pomys\u0142odawczyni\u0105 konkursu by\u0142a pani mgr Beata Wantuch. Celem konkursu by\u0142o rozwijanie uzdolnie\u0144 plastycznych u dzieci. Uczestnicy wykonali swoje prace technik\u0105 dowoln\u0105. Komisja wy\u0142oni\u0142a zwyci\u0119zc\u00f3w. S\u0105 to:<\/p>\n<p>Adwent Miko\u0142aj, Chrzan Wiktoria, Kurczak Aleksandra, \u0141\u0105tka Honorata, Misztal Krystian, Osika...<a href='https:\/\/sp.tuchow.pl\/index.php\/2017\/11\/06\/moj-najlepszy-przyjaciel-konkurs-plastyczny\/' class='pfpReadMore'>Read More &raquo;<\/a><div class='clear'><\/div><hr><\/div><div class='pfpItem entry-content'><h2 class='entry-title'><a href='https:\/\/sp.tuchow.pl\/index.php\/2017\/11\/05\/xix-zlot-niepodleglosciowy-lowczowek-2017\/'>XIX Zlot Niepodleg\u0142o\u015bciowy ,,\u0141owcz\u00f3wek 2017\u2019\u2019<\/a><\/h2><p style=\"text-align: right;\"><em>,,Ale nie depczcie przesz\u0142o\u015bci o\u0142tarzy,<\/em><\/p>\n<p style=\"text-align: right;\"><em>Cho\u0107 macie sami doskonalsze wznie\u015b\u0107;<\/em><\/p>\n<p style=\"text-align: right;\"><em>Na nich si\u0119 jeszcze \u015bwi\u0119ty ogie\u0144 \u017carzy,<\/em><\/p>\n<p style=\"text-align: right;\"><em>I mi\u0142o\u015b\u0107 ludzka stoi tam na stra\u017cy,<\/em><\/p>\n<p style=\"text-align: right;\"><em>I wy winni\u015bcie im cze\u015b\u0107\u2019\u2019.<\/em><\/p>\n<p style=\"text-align: right;\">\/Adam Asnyk ,,Do m\u0142odych\u2019\/<\/p>\n<p>&nbsp;<\/p>\n<p><strong>5 listopada 2017 roku delegacje klas Szko\u0142y Podstawowej im. Stanis\u0142awa Staszica...<a href='https:\/\/sp.tuchow.pl\/index.php\/2017\/11\/05\/xix-zlot-niepodleglosciowy-lowczowek-2017\/' class='pfpReadMore'>Read More &raquo;<\/a><div class='clear'><\/div><hr><\/div><div class='pfpItem entry-content'><h2 class='entry-title'><a href='https:\/\/sp.tuchow.pl\/index.php\/2017\/10\/27\/walczyla-slowem-oliwia-madejczyk-i-miejsce-w-miedzypowiatowym-turnieju-sztuki-recytatorskiej-poszukiwania-2017\/'>Walczy\u0142a s\u0142owem\u2026 Oliwia Madejczyk I miejsce w Mi\u0119dzypowiatowym Turnieju Sztuki Recytatorskiej  \u201ePoszukiwania\u201d 2017!<\/a><\/h2><p><strong>Walczy\u0142a s\u0142owem\u2026&nbsp;<\/strong><strong>Oliwia Madejczyk I miejsce&nbsp;<\/strong><strong>w Mi\u0119dzypowiatowym Turnieju Sztuki Recytatorskiej&nbsp;<\/strong><strong>\u201ePoszukiwania\u201d 2017!<\/strong><\/p>\n<p style=\"text-align: justify;\">&nbsp;&nbsp;&nbsp;&nbsp;&nbsp;&nbsp;&nbsp;&nbsp;&nbsp;&nbsp;&nbsp; Bardzo mi przyjemnie poinformowa\u0107, \u017ce uczennica klasy 6 b Szko\u0142y Podstawowej im. Stanis\u0142awa Staszica w Tuchowie <strong>Oliwia Madejczyk zdoby\u0142a I miejsce w X Mi\u0119dzypowiatowym Turnieju Sztuki Recytatorskiej \u201ePoszukiwania\u201d 2017.<\/strong> Turniej ten organizowany jest przez Miejsko-Gminn\u0105 Bibliotek\u0119 Publiczn\u0105 w...<a href='https:\/\/sp.tuchow.pl\/index.php\/2017\/10\/27\/walczyla-slowem-oliwia-madejczyk-i-miejsce-w-miedzypowiatowym-turnieju-sztuki-recytatorskiej-poszukiwania-2017\/' class='pfpReadMore'>Read More &raquo;<\/a><div class='clear'><\/div><hr><\/div><div class='pfpItem entry-content'><h2 class='entry-title'><a href='https:\/\/sp.tuchow.pl\/index.php\/2017\/10\/23\/wycieczka-do-ojcowa-klas-gimnazjum-2b-i-2d\/'>Wycieczka do Ojcowa klas gimnazjum 2b i 2d<\/a><\/h2><p style=\"text-align: justify;\">18 pa\u017adziernika w pi\u0119kn\u0105, s\u0142oneczn\u0105 \u015brod\u0119 klasy II b i II d gimnazjum wraz z opiekunami (D. Cich, M. Lekarczyk, ks. M. Wojakiem oraz A. Szel\u0105g) wyruszy\u0142y do Ojcowa. Po trzech godzinach jazdy Ojc\u00f3w powita\u0142 wycieczkowicz\u00f3w pi\u0119knym, jesiennym krajobrazem \u2013 na drzewach kolorowe li\u015bcie, a mi\u0119dzy nimi biel...<a href='https:\/\/sp.tuchow.pl\/index.php\/2017\/10\/23\/wycieczka-do-ojcowa-klas-gimnazjum-2b-i-2d\/' class='pfpReadMore'>Read More &raquo;<\/a><div class='clear'><\/div><hr><\/div><div class='pfpItem entry-content'><h2 class='entry-title'><a href='https:\/\/sp.tuchow.pl\/index.php\/2017\/10\/20\/swieto-patrona-ubije-chama-glowszczyzne-zaplace-ale-ubije\/'>\u015awi\u0119to Patrona: \u201eUbije chama\u2026 g\u0142\u00f3wszczyzn\u0119 zap\u0142ac\u0119, ale ubij\u0119!\u201d<\/a><\/h2><p style=\"text-align: justify;\">19 pa\u017adziernika 2017 roku w Domu Kultury uczniowie klas gimnazjalnych z Tuchowa obejrzeli przedstawienie <em>Kr\u00f3l ch\u0142op\u00f3w<\/em>.<\/p>\n<p style=\"text-align: justify;\">Niew\u0105tpliw\u0105 gwiazd\u0105 tegorocznego przedstawienia przygotowywanego co roku na \u015bwi\u0119to patrona gimnazjum okaza\u0142 si\u0119 ucze\u0144 klasy 3 b &#8211; <strong>Adam Gurgul<\/strong>. Adam wcieli\u0142 si\u0119 w rol\u0119 Paszko Bo\u0144czy przeciwnika kr\u00f3la Kazimierz Wielkiego....<a href='https:\/\/sp.tuchow.pl\/index.php\/2017\/10\/20\/swieto-patrona-ubije-chama-glowszczyzne-zaplace-ale-ubije\/' class='pfpReadMore'>Read More &raquo;<\/a><div class='clear'><\/div><hr><\/div><div class='pfpItem entry-content'><h2 class='entry-title'><a href='https:\/\/sp.tuchow.pl\/index.php\/2017\/10\/16\/teatr-cieni\/'>Teatr cieni<\/a><\/h2><p style=\"text-align: center;\"><strong>Teatr cieni<\/strong><\/p>\n<p style=\"text-align: center;\">na gali wr\u0119czenia nagr\u00f3d i wyr\u00f3\u017cnie\u0144<\/p>\n<p style=\"text-align: center;\">o statuetk\u0119 Sowy Tuch\u00f3wki<\/p>\n<p style=\"text-align: center;\">w VII Konkursie Literackim na <em>Bajk\u0119 miodem pokrzepion\u0105<\/em><\/p>\n<p>&nbsp;<\/p>\n<p>Dnia 15 pa\u017adziernika (niedziela) 2017 roku w Domu Kultury w Tuchowie uczniowie naszej szko\u0142y przedstawili bajk\u0119 pt. Tuchowianka-&nbsp; laureata III miejsca w VII Konkursie Literackim o...<a href='https:\/\/sp.tuchow.pl\/index.php\/2017\/10\/16\/teatr-cieni\/' class='pfpReadMore'>Read More &raquo;<\/a><div class='clear'><\/div><hr><\/div><div class='pfpItem entry-content'><h2 class='entry-title'><a href='https:\/\/sp.tuchow.pl\/index.php\/2017\/10\/11\/uczniowie-szkoly-podstawowej-w-domu-pogodnej-jesieni-w-tuchowie\/'>Uczniowie Szko\u0142y Podstawowej w Domu Pogodnej Jesieni w Tuchowie<\/a><\/h2><p style=\"text-align: justify;\">W dniu 11 pa\u017adziernika uczniowie naszej szko\u0142y wzi\u0119li udzia\u0142 w Dniu Otwartych Drzwi w Domu Zakonnym Si\u00f3str \u015bw. J\u00f3zefa w Tuchowie. Podczas pobytu dowiedzieli si\u0119 o dzia\u0142aj\u0105cym tam Domu Pogodnej Jesieni, kt\u00f3ry niesie pomoc osobom przewlekle chorym, osobom b\u0119d\u0105cym w terminalnym stanie choroby.<\/p>\n<p style=\"text-align: justify;\">Siostry zach\u0119ca\u0142y do w\u0142\u0105czenia...<a href='https:\/\/sp.tuchow.pl\/index.php\/2017\/10\/11\/uczniowie-szkoly-podstawowej-w-domu-pogodnej-jesieni-w-tuchowie\/' class='pfpReadMore'>Read More &raquo;<\/a><div class='clear'><\/div><hr><\/div><div class='pfpItem entry-content'><h2 class='entry-title'><a href='https:\/\/sp.tuchow.pl\/index.php\/2017\/10\/11\/cudze-chwalicie-swego-nie-znacie-sami-nie-wiecie-co-posiadacie\/'>\u201eCudze chwalicie, swego nie znacie, sami nie wiecie, co posiadacie\u201d<\/a><\/h2><p style=\"text-align: justify;\">W s\u0142oneczny wrze\u015bniowy poranek klasa 3d SP wyruszy\u0142a na piesz\u0105 w\u0119dr\u00f3wk\u0119 SZLAKIEM NIETOPERZA w Ci\u0119\u017ckowicach. Przej\u015bcie przez Skamienia\u0142e Miasto odby\u0142o si\u0119 z przewodnikiem \u2013 animatorem i podkowcem. \u201ePrzewodnik \u2013 animator to osoba specjalizuj\u0105ca si\u0119 w zaanga\u017cowanym oprowadzaniu turyst\u00f3w, wydobywaj\u0105ca z grupy potencja\u0142, zainteresowanie, pasj\u0119, pobudzaj\u0105ca do dzia\u0142ania, uwalniaj\u0105ca...<a href='https:\/\/sp.tuchow.pl\/index.php\/2017\/10\/11\/cudze-chwalicie-swego-nie-znacie-sami-nie-wiecie-co-posiadacie\/' class='pfpReadMore'>Read More &raquo;<\/a><div class='clear'><\/div><hr><\/div><div class='pfpItem entry-content'><h2 class='entry-title'><a href='https:\/\/sp.tuchow.pl\/index.php\/2017\/10\/11\/wywalczone-slowem-poszukiwania-2017\/'>Wywalczone s\u0142owem\u2026 \u201dPoszukiwania 2017\u201d<\/a><\/h2><p style=\"text-align: justify;\">Dnia 10 pa\u017adziernika (wtorek) w Miejsko-Gminnej Bibliotece Publicznej w \u017babnie odby\u0142y si\u0119 eliminacje powiatowe <strong>X Mi\u0119dzypowiatowego Turnieju Sztuki Recytatorskiej \u201ePOSZUKIWANIA\u201d 2017,<\/strong> w kt\u00f3rych wzi\u0119li udzia\u0142 recytatorzy i wykonawcy poezji \u015bpiewanej z powiatu tarnowskiego.<\/p>\n<p style=\"text-align: justify;\">Mi\u0142o mi poinformowa\u0107, \u017ce w kategorii szko\u0142y podstawowe (klasy IV \u2013 VI) na 34...<a href='https:\/\/sp.tuchow.pl\/index.php\/2017\/10\/11\/wywalczone-slowem-poszukiwania-2017\/' class='pfpReadMore'>Read More &raquo;<\/a><div class='clear'><\/div><hr><\/div><div class='pfpItem entry-content'><h2 class='entry-title'><a href='https:\/\/sp.tuchow.pl\/index.php\/2017\/10\/09\/organizacja-pracy-w-dniu-13-pazdziernika-2017r\/'>Organizacja pracy w dniu 13 pa\u017adziernika 2017r.<\/a><\/h2><p style=\"text-align: justify;\">Dnia <strong>13 pa\u017adziernika<\/strong> <strong>2017 r<\/strong>.(pi\u0105tek) w naszej szkole b\u0119dziemy \u015bwi\u0119towa\u0107 Dzie\u0144 KEN. W tym dniu nie ma zaj\u0119\u0107 dydaktycznych.<\/p>\n<p style=\"text-align: justify;\">&nbsp;Uczniowie naszej szko\u0142y pod opiek\u0105 wychowawc\u00f3w i nauczycieli bior\u0105 udzia\u0142 w uroczystej akademii w hali MOSiR wg harmonogramu:<\/p>\n<ul>\n<li>Klasy <strong>I &#8211; VI <\/strong>o godz. <strong><u>9<sup>30<\/sup><\/u><\/strong> ,<\/li>\n<li>Klasy <strong>VII i oddzia\u0142y...<a href='https:\/\/sp.tuchow.pl\/index.php\/2017\/10\/09\/organizacja-pracy-w-dniu-13-pazdziernika-2017r\/' class='pfpReadMore'>Read More &raquo;<\/a><div class='clear'><\/div><hr><\/div><div class='pfpItem entry-content'><h2 class='entry-title'><a href='https:\/\/sp.tuchow.pl\/index.php\/2017\/10\/08\/gimnazjalisci-na-xxvii-galicyjskiej-jesieni-literackiej\/'>GIMNAZJALI\u015aCI NA XXVII GALICYJSKIEJ JESIENI LITERACKIEJ<\/a><\/h2><p style=\"text-align: justify;\">6 pa\u017adziernika gimnazjali\u015bci z klasy 3a i 3c wraz z nauczycielkami-Bernadet\u0105 Baran i Ann\u0105 Stanuch-Madej uczestniczyli w kulturalnym wydarzeniu, jakim by\u0142a tuchowska edycja XXVII Galicyjskie Jesieni Literackiej. W naszym mie\u015bcie impreza ta odby\u0142a si\u0119 po raz pi\u0105ty. Organizatorami byli pisarz i poeta-Andrzej Grabowski&nbsp; oraz Dom Kultury w Tuchowie....<a href='https:\/\/sp.tuchow.pl\/index.php\/2017\/10\/08\/gimnazjalisci-na-xxvii-galicyjskiej-jesieni-literackiej\/' class='pfpReadMore'>Read More &raquo;<\/a><div class='clear'><\/div><hr><\/div><div class='pfpItem entry-content'><h2 class='entry-title'><a href='https:\/\/sp.tuchow.pl\/index.php\/2017\/09\/29\/pozegnanie-anetki\/'>Po\u017cegnanie Anetki<\/a><\/h2><p style=\"text-align: center;\">Z wielk\u0105 przykro\u015bci\u0105 informujemy, \u017ce dnia 27.09.2017 r.<\/p>\n<p style=\"text-align: center;\">zmar\u0142a uczennica naszej szko\u0142y<\/p>\n<p style=\"text-align: center;\"><strong>\u015bp. Aneta Wojtanowska<\/strong><\/p>\n<p style=\"text-align: center;\">Ceremonia pogrzebowa odb\u0119dzie 30 wrze\u015bnia (sobota) o godz. 10:30 r\u00f3\u017caniec,<\/p>\n<p style=\"text-align: center;\">a o 11:00 Msza \u015bw. w Bazylice Mniejszej NNMP w Tuchowie.<\/p>\n<p style=\"text-align: center;\">Wyrazy g\u0142\u0119bokiego wsp\u00f3\u0142czucia sk\u0142adamy rodzinie i bliskim.<\/p>\n...<a href='https:\/\/sp.tuchow.pl\/index.php\/2017\/09\/29\/pozegnanie-anetki\/' class='pfpReadMore'>Read More &raquo;<\/a><div class='clear'><\/div><hr><\/div><div class='pfpItem entry-content'><h2 class='entry-title'><a href='https:\/\/sp.tuchow.pl\/index.php\/2017\/09\/19\/wyjazdy-z-projektu-juz-plywam\/'>Wyjazdy z projektu \"Ju\u017c p\u0142ywam\"<\/a><\/h2><div class=\"entry-content clearfix\">\n<p><strong>Projekt \u201eJu\u017c p\u0142ywam\u201d&nbsp;jest realizowany &nbsp;od 19.09.2017 r. do 21.11.2017 r.<\/strong><\/p>\n<p><strong>Wyjazdy o godz. 17:00 z parkingu przy hali MOSiR, powr\u00f3t ok. godz. 21:00.<\/strong><\/p>\n<\/div>\n...<a href='https:\/\/sp.tuchow.pl\/index.php\/2017\/09\/19\/wyjazdy-z-projektu-juz-plywam\/' class='pfpReadMore'>Read More &raquo;<\/a><div class='clear'><\/div><hr><\/div><div class='pfpItem entry-content'><h2 class='entry-title'><a href='https:\/\/sp.tuchow.pl\/index.php\/2017\/09\/01\/informacja-w-sprawie-projektu-dostosowania-sieci-szkol-podstawowych-i-gimnazjow-do-nowego-ustroju-szkolnego\/'>Informacja w sprawie projektu dostosowania sieci szk\u00f3\u0142 podstawowych i gimnazj\u00f3w do nowego ustroju szkolnego<\/a><\/h2><p>Zgodnie z uchwa\u0142\u0105 UCHWA\u0141\u0104 NR XXXV\/231\/2017 RADY MIEJSKIEJ W TUCHOWIE z dnia 25 stycznia 2017 r. w sprawie projektu dostosowania sieci szk\u00f3\u0142 podstawowych i gimnazj\u00f3w do nowego ustroju szkolnego informujemy, \u017ce<\/p>\n<p>Zesp\u00f3\u0142 Szk\u00f3\u0142 w Tuchowie z siedzib\u0105 w Tuchowie przekszta\u0142ca si\u0119 w o\u015bmioletni\u0105 szko\u0142\u0119 podstawow\u0105 na nast\u0119puj\u0105cych warunkach:<br \/>\n1) Szko\u0142a Podstawowa...<a href='https:\/\/sp.tuchow.pl\/index.php\/2017\/09\/01\/informacja-w-sprawie-projektu-dostosowania-sieci-szkol-podstawowych-i-gimnazjow-do-nowego-ustroju-szkolnego\/' class='pfpReadMore'>Read More &raquo;<\/a><div class='clear'><\/div><hr><\/div><div class='pfpItem entry-content'><h2 class='entry-title'><a href='https:\/\/sp.tuchow.pl\/index.php\/2017\/08\/20\/doradztwo-zawodowe-w-ramach-projektu-spinka-5\/'>Doradztwo zawodowe w ramach projektu  -  \u201eSPINKA\u201d<\/a><\/h2><div>\n<p>Od 01.09.2017 r. w naszej szkole zostaje utworzony Szkolny Punkt Informacji i Kariery, tzw. SPInKa, w ramach kt\u00f3rego b\u0119d\u0105 prowadzone zaj\u0119cia z doradztwa edukacyjno \u2013 zawodowego. B\u0119d\u0105 to zar\u00f3wno warsztaty, jak r\u00f3wnie\u017c indywidualne poradnictwo dla uczni\u00f3w z klasy drugiej i trzeciej gimnazjum. Zaj\u0119cia te prowadzi\u0107 b\u0119dzie pani Justyna Jaworska-Lipka. Warunkiem...<a href='https:\/\/sp.tuchow.pl\/index.php\/2017\/08\/20\/doradztwo-zawodowe-w-ramach-projektu-spinka-5\/' class='pfpReadMore'>Read More &raquo;<\/a><div class='clear'><\/div><hr><\/div><div class='pfpItem entry-content'><h2 class='entry-title'><a href='https:\/\/sp.tuchow.pl\/index.php\/2017\/06\/24\/swieto-patrona-szkoly-szkola-podstawowa-im-ksiedza-stanislawa-staszica\/'>\u015awi\u0119to Patrona Szko\u0142y \u2013 Szko\u0142a Podstawowa im. Ksi\u0119dza Stanis\u0142awa Staszica<\/a><\/h2><p style=\"text-align: justify;\"><strong>Dzie\u0144 w kt\u00f3rym obchodzimy \u015awi\u0119to Patrona ksi\u0119dza Stanis\u0142awa Staszica to wa\u017cne wydarzenie w \u017cyciu naszej szko\u0142y.&nbsp;<\/strong><\/p>\n<p style=\"text-align: justify;\">Tegoroczne obchody Dnia Patrona mia\u0142y szczeg\u00f3lny charakter. Uczniowie klas czwartych wraz z wychowawczyniami przygotowali wspania\u0142\u0105 lekcj\u0119 historii, podczas kt\u00f3rej przedstawili najwa\u017cniejsze fakty z \u017cycia Stanis\u0142awa Staszica. Uczniowie prezentowali rekwizyty, kt\u00f3re zwi\u0105zane...<a href='https:\/\/sp.tuchow.pl\/index.php\/2017\/06\/24\/swieto-patrona-szkoly-szkola-podstawowa-im-ksiedza-stanislawa-staszica\/' class='pfpReadMore'>Read More &raquo;<\/a><div class='clear'><\/div><hr><\/div><div class='pfpItem entry-content'><h2 class='entry-title'><a href='https:\/\/sp.tuchow.pl\/index.php\/2017\/06\/22\/zakonczenie-roku-szkolnego-20162017\/'>Zako\u0144czenie roku szkolnego 2016\/2017<\/a><\/h2><p><strong>Dnia 23 czerwca 2017 r. odb\u0119dzie si\u0119 uroczyste zako\u0144czenie roku szkolnego 2016\/2017.&nbsp;<\/strong><\/p>\n<ul>\n<li>Uczniowie szko\u0142y podstawowej przychodz\u0105 do ko\u015bcio\u0142a \u015bw. Jakuba na Msz\u0119 \u015bw. na godz. 10:00, a potem pod opiek\u0105 wychowawc\u00f3w i nauczycieli udaj\u0105 si\u0119 do hali MOSiR;<\/li>\n<li>Uczniowie gimnazjum przychodz\u0105 do Bazyliki Mniejszej NNMP&nbsp;na Msz\u0119 \u015bw. na godz. 8:00, a potem...<a href='https:\/\/sp.tuchow.pl\/index.php\/2017\/06\/22\/zakonczenie-roku-szkolnego-20162017\/' class='pfpReadMore'>Read More &raquo;<\/a><div class='clear'><\/div><hr><\/div><div class='pfpItem entry-content'><h2 class='entry-title'><a href='https:\/\/sp.tuchow.pl\/index.php\/2017\/06\/21\/7660\/'>Samorz\u0105d Uczniowski w Zespole Szk\u00f3\u0142 w Tuchowie<\/a><\/h2><div class=\"\" data-block=\"true\" data-editor=\"dbla2\" data-offset-key=\"cht1k-0-0\">\n<p style=\"text-align: justify;\"><strong>W II okresie br. Samorz\u0105dy Uczniowskie Szko\u0142y Podstawowej i Publicznego Gimnazjum kontynuowa\u0142y dzia\u0142ania rozpocz\u0119te w poprzednich miesi\u0105cach.<\/strong> Tradycyjnie poczet sztandarowy reprezentowa\u0142 szko\u0142\u0119 podczas wa\u017cnych uroczysto\u015bci gminnych, miejskich i szkolnych. Uczniowie ch\u0119tnie anga\u017cowali si\u0119 te\u017c w akcje charytatywne, np. \u201eZ\u0142ot\u00f3wka na budow\u0119 hospicjum Via Spei\u201d....<a href='https:\/\/sp.tuchow.pl\/index.php\/2017\/06\/21\/7660\/' class='pfpReadMore'>Read More &raquo;<\/a><div class='clear'><\/div><hr><\/div><div class='pfpItem entry-content'><h2 class='entry-title'><a href='https:\/\/sp.tuchow.pl\/index.php\/2017\/06\/20\/niezwykly-list-od-bohaterki-powstania-warszawskiego\/'>Niezwyk\u0142y list od Bohaterki Powstania Warszawskiego<\/a><\/h2><p>Klasa 3 d otrzyma\u0142a dzisiaj list od nieznanego nam nadawcy z Wroc\u0142awia. Zaskoczeni zacz\u0119li\u015bmy czyta\u0107 jego tre\u015b\u0107, wzruszaj\u0105c si\u0119 z ka\u017cdym kolejnym przeczytanym wersem. Oto jego tre\u015b\u0107:<\/p>\n<p><em>Kochani Uczniowie klasy III d.<\/em><\/p>\n<p><em>Dzi\u0119kuj\u0119 za pami\u0119\u0107 o Powsta\u0144cach Warszawskich. <\/em><\/p>\n<p><em>Sprawili\u015bcie ogromn\u0105 rado\u015b\u0107 Wasz\u0105 wsp\u00f3ln\u0105 prac\u0105 i tym, \u017ce zobaczy\u0142am Wasze u\u015bmiechni\u0119te buzie. <\/em><\/p>\n<p><em>\u017bycz\u0119,...<a href='https:\/\/sp.tuchow.pl\/index.php\/2017\/06\/20\/niezwykly-list-od-bohaterki-powstania-warszawskiego\/' class='pfpReadMore'>Read More &raquo;<\/a><div class='clear'><\/div><hr><\/div><div class='pfpItem entry-content'><h2 class='entry-title'><a href='https:\/\/sp.tuchow.pl\/index.php\/2017\/06\/20\/final-projektu-pod-haslem-historia-zatrzymana-w-kadrze\/'>Fina\u0142 projektu pod has\u0142em \u201eHistoria zatrzymana w kadrze\u2026\u201d<\/a><\/h2><p style=\"text-align: justify;\"><strong>8 czerwca br. w Domu Kultury w Tuchowie odby\u0142 si\u0119 uroczysty fina\u0142 projektu edukacyjnego pod has\u0142em \u201eHistoria zatrzymana w kadrze\u2026\u201d realizowanego przez Fundacj\u0119 Wspierania Edukacji i Kultury \u201eSynergia\u201d, a wsp\u00f3\u0142finansowanego ze \u015brodk\u00f3w Ministra Rodziny, Pracy i Polityki Spo\u0142ecznej w ramach Programu Fundusz Inicjatyw Obywatelskich.<\/strong><\/p>\n<p style=\"text-align: justify;\">Go\u015b\u0107mi specjalnymi uroczysto\u015bci...<a href='https:\/\/sp.tuchow.pl\/index.php\/2017\/06\/20\/final-projektu-pod-haslem-historia-zatrzymana-w-kadrze\/' class='pfpReadMore'>Read More &raquo;<\/a><div class='clear'><\/div><hr><\/div><div class='pfpItem entry-content'><h2 class='entry-title'><a href='https:\/\/sp.tuchow.pl\/index.php\/2017\/06\/20\/sprawozdanie-z-wycieczki-zorganizowanej-w-ramach-projektu-historia-zatrzymana-w-kadrze\/'>Sprawozdanie z wycieczki zorganizowanej w ramach projektu \u201eHistoria zatrzymana w kadrze...\u201d<\/a><\/h2><p style=\"text-align: justify;\"><strong>W bie\u017c\u0105cym roku szkolnym kilkunastu uczni\u00f3w klas V a i V c Szko\u0142y Podstawowej im. S. Staszica w Tuchowie wraz ze swoimi&nbsp; r\u00f3wie\u015bnikami z dziewi\u0119ciu innych szk\u00f3\u0142 gminy Tuch\u00f3w brali udzia\u0142 w projekcie edukacyjnym pod has\u0142em \u201eHistoria zatrzymana w kadrze..\u201d, organizowanym przez Fundacj\u0119 Wspierania Edukacji i Kultury \u201eSynergia\u201d...<a href='https:\/\/sp.tuchow.pl\/index.php\/2017\/06\/20\/sprawozdanie-z-wycieczki-zorganizowanej-w-ramach-projektu-historia-zatrzymana-w-kadrze\/' class='pfpReadMore'>Read More &raquo;<\/a><div class='clear'><\/div><hr><\/div><div class='pfpItem entry-content'><h2 class='entry-title'><a href='https:\/\/sp.tuchow.pl\/index.php\/2017\/06\/20\/wycieczka-do-osady-slowianskiej-w-stobiernej\/'>Wycieczka do Osady S\u0142owia\u0144skiej w Stobiernej<\/a><\/h2><p style=\"text-align: justify;\"><strong>W \u015brod\u0119 trzydziestego pierwszego maja odby\u0142a si\u0119 wycieczka szkolna klasy V a i c do Stobiernej.<\/strong><\/p>\n<p style=\"text-align: justify;\">&nbsp;&nbsp;&nbsp;&nbsp;&nbsp;&nbsp;&nbsp;&nbsp;&nbsp;&nbsp;&nbsp; Zgromadzili\u015bmy si\u0119 przed szko\u0142\u0105 pi\u0119tna\u015bcie po \u00f3smej, a o \u00f3smej trzydzie\u015bci po sprawdzeniu obecno\u015bci wyjechali\u015bmy autobusem. Opiek\u0119 nad nasz\u0105 grup\u0105 sprawowa\u0142a pani Katarzyna Skrzyniarz i pani Alicja Szpak. Dzie\u0144 zapowiada\u0142...<a href='https:\/\/sp.tuchow.pl\/index.php\/2017\/06\/20\/wycieczka-do-osady-slowianskiej-w-stobiernej\/' class='pfpReadMore'>Read More &raquo;<\/a><div class='clear'><\/div><hr><\/div><div class='pfpItem entry-content'><h2 class='entry-title'><a href='https:\/\/sp.tuchow.pl\/index.php\/2017\/06\/20\/swieto-patrona-szkoly-podstawowej\/'>\u015awi\u0119to Patrona Szko\u0142y Podstawowej<\/a><\/h2><p>Uroczysto\u015b\u0107 przygotowana przez uczni\u00f3w klas czwartych wraz z wychowawcami po\u0142\u0105czona z wr\u0119czeniem nagr\u00f3d i dyplom\u00f3w za szczeg\u00f3lne osi\u0105gni\u0119cia w nauce i sporcie.<\/p>\n<div class=\"fb-post\" data-href=\"http:\/\/www.facebook.com\/zstuchow\/photos\/ms.c.eJxFVNuRRTEI6mgnvrX~;xnYO3pBfBhHRRMbzVKaoaYeePwEQNZEpY3GBKTDaf0AaGF2Xkao9E6oE8oARLHHdEr2AHIiW3C4NH3kORWtFCcS2DXYxAdBGp40SH5boDkeg5GNIJZ0GNFgSNetDKZrIQ5qiBxpTnGU1hl3E0TaLw0E0huPrwOkTVV~_NO20pAvK8AZXUxyi2LcllBEtkGUYAXYRdqhDQyeu02hdgSazGAyrQ5dzEKreEqZdvpo~;RtaKcZUMuf223i1HDsH0Plhg256~;EYmdROj3r1Ak0SvTNostgiSPkqheyQVSpYb2MNy2O3~_Uy5iAPJWMEXd7BdH2vwYfPo3f7yu2PJhgqFBUATtEzAKwpimXbCWrAmPKJteHozIvGUKK8jy6clImwBBEmX3anLYNtG8efeoExhKx~_Q268OR8uqncNxjW07cEIgcAlZ9RjrI9Dp7YR0pivj6QxX9HzfGzq~;B3a1wdvrHu72GGEOMtoWp9N3fsfHhYMOA~-~-.bps.a.1946073478995500.1073741855.1791633114439538\/1946076612328520\/?type=3&#038;theater\" data-width=\"552\" style=\"background-color: #fff; display: inline-block;\"><\/div>\n...<a href='https:\/\/sp.tuchow.pl\/index.php\/2017\/06\/20\/swieto-patrona-szkoly-podstawowej\/' class='pfpReadMore'>Read More &raquo;<\/a><div class='clear'><\/div><hr><\/div><div class='pfpItem entry-content'><h2 class='entry-title'><a href='https:\/\/sp.tuchow.pl\/index.php\/2017\/06\/18\/reklama-historii-jako-przedmiotu-w-szkole\/'>Reklama \"Historii\" jako przedmiotu w szkole.<\/a><\/h2><p>W roku szkolnym 2016\/2017 uczniowie klas 3 b oraz 2 c Publicznego Gimnazjum im. Kazimierza Wielkiego w Tuchowie sumiennie pracowali nad sporz\u0105dzeniem w\u0142asnych interpretacji reklam historii jako przedmiotu w szkole, ale nie tylko.<\/p>\n<p>W efektach ich pracy znale\u017a\u0107 mo\u017cna spor\u0105 dawk\u0119 humoru, wiedzy oraz przede wszystkim kreatywno\u015bci. Bujn\u0105 wyobra\u017ani\u0119 naszych gimnazjalist\u00f3w...<a href='https:\/\/sp.tuchow.pl\/index.php\/2017\/06\/18\/reklama-historii-jako-przedmiotu-w-szkole\/' class='pfpReadMore'>Read More &raquo;<\/a><div class='clear'><\/div><hr><\/div><div class='pfpItem entry-content'><h2 class='entry-title'><a href='https:\/\/sp.tuchow.pl\/index.php\/2017\/06\/18\/przez-porazke-do-sukcesu-czyli-wyjatkowe-spotkanie-w-krakowie\/'>,,Przez pora\u017ck\u0119 do sukcesu\u2019\u2019, czyli wyj\u0105tkowe spotkanie w Krakowie<\/a><\/h2><p style=\"text-align: right;\">,,Ka\u017cda pora\u017cka jest szans\u0105, \u017ceby spr\u00f3bowa\u0107 jeszcze raz, tylko m\u0105drzej\u2019\u2019<\/p>\n<p style=\"text-align: right;\"><em>(Henry Ford)<\/em><\/p>\n<p style=\"text-align: justify;\">&nbsp;&nbsp;&nbsp;&nbsp;&nbsp;&nbsp;&nbsp;&nbsp;&nbsp;&nbsp;&nbsp; <strong>W dniu 12 czerwca 2017 r. w Muzeum Historycznym Miasta Krakowa, w Sali Miedzianej odby\u0142o si\u0119 uroczyste podsumowanie XIII Ma\u0142opolskiego Konkursu Literackiego ,,Przez pora\u017ck\u0119 do sukcesu\u2019\u2019.<\/strong><\/p>\n<p style=\"text-align: justify;\"><strong>&nbsp;<\/strong><\/p>\n<p style=\"text-align: justify;\">&nbsp;&nbsp;&nbsp;&nbsp;&nbsp;&nbsp;&nbsp; Konkurs Literacki odby\u0142...<a href='https:\/\/sp.tuchow.pl\/index.php\/2017\/06\/18\/przez-porazke-do-sukcesu-czyli-wyjatkowe-spotkanie-w-krakowie\/' class='pfpReadMore'>Read More &raquo;<\/a><div class='clear'><\/div><hr><\/div><div class='pfpItem entry-content'><h2 class='entry-title'><a href='https:\/\/sp.tuchow.pl\/index.php\/2017\/06\/14\/karolina-wojtanowska-laureatem-malopolskiego-konkursu-biologicznego\/'>Karolina Wojtanowska \u2013 laureatem Ma\u0142opolskiego Konkursu Biologicznego<\/a><\/h2><p style=\"text-align: justify;\"><strong>Uczennica Publicznego Gimnazjum im. Kazimierza Wielkiego w Tuchowie, <em>Karolina Wojtanowska<\/em> z klasy 3a uzyska\u0142a tytu\u0142 laureata Ma\u0142opolskiego Konkursu Biologicznego dla uczni\u00f3w gimnazj\u00f3w &nbsp;w roku szkolnym 2016\/2017<\/strong>.<\/p>\n<p style=\"text-align: justify;\">Tegorocznym tematem olimpiady biologicznej by\u0142o &nbsp; ,,Zdrowie cz\u0142owieka w aspekcie terapii genowej\u201d. St\u0105d te\u017c w zakresie literatury znalaz\u0142y si\u0119 takie pozycje...<a href='https:\/\/sp.tuchow.pl\/index.php\/2017\/06\/14\/karolina-wojtanowska-laureatem-malopolskiego-konkursu-biologicznego\/' class='pfpReadMore'>Read More &raquo;<\/a><div class='clear'><\/div><hr><\/div><div class='pfpItem entry-content'><h2 class='entry-title'><a href='https:\/\/sp.tuchow.pl\/index.php\/2017\/06\/14\/wyroznienie-dla-5-osobowego-zespolu-ze-szkoly-podstawowej-w-tuchowie\/'>Wyr\u00f3\u017cnienie dla 5 osobowego Zespo\u0142u ze Szko\u0142y Podstawowej  w Tuchowie<\/a><\/h2><p style=\"text-align: justify;\">Organizatorzy <strong>X edycji Regionalnego konkursu po\u015bwi\u0119conego warto\u015bciom g\u0142oszonym przez \u015bwi\u0119tego Jana Paw\u0142a II pn. &#8222;B\u0105d\u017a Wielkim&#8221; <\/strong>informuj\u0105, \u017ce rozstrzygni\u0119to II etap konkursu.<\/p>\n<p style=\"text-align: justify;\">Zadaniem zespo\u0142\u00f3w zakwalifikowanych do II etapu by\u0142o zaprojektowanie i wykonanie widok\u00f3wki.&nbsp; Wszystkie prace by\u0142y inspirowane jedn\u0105 z wybranych przez uczestnik\u00f3w my\u015bli\/ przes\u0142a\u0144 Jana Paw\u0142a II...<a href='https:\/\/sp.tuchow.pl\/index.php\/2017\/06\/14\/wyroznienie-dla-5-osobowego-zespolu-ze-szkoly-podstawowej-w-tuchowie\/' class='pfpReadMore'>Read More &raquo;<\/a><div class='clear'><\/div><hr><\/div><div class='pfpItem entry-content'><h2 class='entry-title'><a href='https:\/\/sp.tuchow.pl\/index.php\/2017\/06\/02\/przez-porazke-do-sukcesu-czyli-o-sukcesie-literackim-naszych-uczniow\/'>,,Przez pora\u017ck\u0119 do sukcesu\u2019\u2019, czyli o sukcesie literackim naszych uczni\u00f3w<\/a><\/h2><p style=\"text-align: justify;\">Mi\u0142o mi donie\u015b\u0107, i\u017c 18 maja 2017 roku okaza\u0142 si\u0119 bardzo szcz\u0119\u015bliwym dniem dla uczni\u00f3w Zespo\u0142u Szk\u00f3\u0142 w Tuchowie.<\/p>\n<p style=\"text-align: justify;\">Zosta\u0142y og\u0142oszone wyniki XIII Ma\u0142opolskiego Konkursu Literackiego ,,Przez pora\u017cke do sukcesu\u2019\u2019 zorganizowanego przez Szko\u0142\u0119 Podstawow\u0105 nr 101 im. Hansa Christiana Andersena w Krakowie pod patronatem Konsula Honorowego Kr\u00f3lestwa...<a href='https:\/\/sp.tuchow.pl\/index.php\/2017\/06\/02\/przez-porazke-do-sukcesu-czyli-o-sukcesie-literackim-naszych-uczniow\/' class='pfpReadMore'>Read More &raquo;<\/a><div class='clear'><\/div><hr><\/div><div class='pfpItem entry-content'><h2 class='entry-title'><a href='https:\/\/sp.tuchow.pl\/index.php\/2017\/06\/02\/ksiezyc-raz-odwiedzil-staw-czyli-o-konkursie-dla-uczniow-klas-iv\/'>Ksi\u0119\u017cyc raz odwiedzi\u0142 staw,\u00a0czyli o konkursie dla uczni\u00f3w klas IV<\/a><\/h2><p style=\"text-align: justify;\">&nbsp;<\/p>\n<p><strong>30 maja 2017 r. odby\u0142 si\u0119 po raz \u00f3smy konkurs czytelniczy dla uczni\u00f3w klas czwartych, oparty na znajomo\u015bci lektury ,,Akademia pana Kleksa\u2019\u2019, jak r\u00f3wnie\u017c znajomo\u015bci ba\u015bni wybranych autor\u00f3w i wierszy Jana Brzechwy.<\/strong><\/p>\n<p style=\"text-align: justify;\">Dru\u017cyn\u0119 ka\u017cdej klasy reprezentowali: pan Kleks, Ada\u015b Niezg\u00f3dka, szpak Mateusz, dziewczynka z zapa\u0142kami i pan...<a href='https:\/\/sp.tuchow.pl\/index.php\/2017\/06\/02\/ksiezyc-raz-odwiedzil-staw-czyli-o-konkursie-dla-uczniow-klas-iv\/' class='pfpReadMore'>Read More &raquo;<\/a><div class='clear'><\/div><hr><\/div><div class='pfpItem entry-content'><h2 class='entry-title'><a href='https:\/\/sp.tuchow.pl\/index.php\/2017\/06\/02\/fotorelacja-z-projektow-gimnazjalny-klas-2\/'>Fotorelacja z Projekt\u00f3w Gimnazjalny klas 2<\/a><\/h2><p>Zapraszamy do obejrzenia fotorelacji z fina\u0142u Projekt\u00f3w Gimnazjalnych.<\/p>\n<p><a href=\"http:\/\/www.facebook.com\/media\/set\/?set=a.1935956056673909.1073741848.1791633114439538&#038;type=1&#038;l=96f91c2f6e\">http:\/\/www.facebook.com\/media\/set\/?set=a.1935956056673909.1073741848.1791633114439538&amp;type=1&amp;l=96f91c2f6e<\/a><\/p>\n...<a href='https:\/\/sp.tuchow.pl\/index.php\/2017\/06\/02\/fotorelacja-z-projektow-gimnazjalny-klas-2\/' class='pfpReadMore'>Read More &raquo;<\/a><div class='clear'><\/div><hr><\/div><div class='pfpItem entry-content'><h2 class='entry-title'><a href='https:\/\/sp.tuchow.pl\/index.php\/2017\/06\/02\/z-mitologia-za-pan-brat-projekt-edukacyjny-dla-uczniow-klas-piatych\/'>\u201eZ mitologi\u0105 za pan brat\u201d \u2013 projekt edukacyjny dla uczni\u00f3w klas pi\u0105tych<\/a><\/h2><p style=\"text-align: justify;\">W bie\u017c\u0105cym roku szkolnym uczniowie klas V Szko\u0142y Podstawowej im. S. Staszica w Tuchowie realizowali projekt mitologiczny pod has\u0142em \u201eZ mitologi\u0105 za pan brat\u201d.<\/p>\n<p style=\"text-align: justify;\">Pierwszym zadaniem ka\u017cdego ucznia by\u0142o zaprezentowanie wybranego boga greckiego. W tym celu uczniowie przygotowywali stroje, atrybuty, a nast\u0119pnie przebrani prezentowali na forum klasy...<a href='https:\/\/sp.tuchow.pl\/index.php\/2017\/06\/02\/z-mitologia-za-pan-brat-projekt-edukacyjny-dla-uczniow-klas-piatych\/' class='pfpReadMore'>Read More &raquo;<\/a><div class='clear'><\/div><hr><\/div><div class='pfpItem entry-content'><h2 class='entry-title'><a href='https:\/\/sp.tuchow.pl\/index.php\/2017\/05\/31\/wycieczka-do-muzeum-naftownictwa-w-bobrce\/'>Wycieczka do Muzeum Naftownictwa w B\u00f3brce<\/a><\/h2><p>Dnia 25.05.2017 r. uczniowie klasy 6b, 5b i 5c Zespo\u0142u Szk\u00f3\u0142 w Tuchowie wzi\u0119li udzia\u0142 wycieczce do Muzeum Naftownictwa w B\u00f3brce i odbyli rejs po Jeziorze Soli\u0144skim. Opiek\u0119 sprawowali mgr Anna Wabno \u2013 Rzepka, mgr Anna G\u00f3rska, mgr Stanis\u0142aw Maniak i siostra Krystyna Piwowar. Uczniowie ogl\u0105dali urz\u0105dzenia do wydobywania nafty,...<a href='https:\/\/sp.tuchow.pl\/index.php\/2017\/05\/31\/wycieczka-do-muzeum-naftownictwa-w-bobrce\/' class='pfpReadMore'>Read More &raquo;<\/a><div class='clear'><\/div><hr><\/div><div class='pfpItem entry-content'><h2 class='entry-title'><a href='https:\/\/sp.tuchow.pl\/index.php\/2017\/05\/31\/7597\/'>Laureaci  Og\u00f3lnopolskich Konkurs\u00f3w Historycznych<\/a><\/h2><p style=\"text-align: justify;\">W kwietniu 2017 r. odby\u0142y si\u0119 dwa Og\u00f3lnopolskie Konkursy Historyczne:&nbsp;,, Pocz\u0105tki pa\u0144stwa polskiego\u2019\u2019 i ,, Panda\u201d.<\/p>\n<p style=\"text-align: justify;\">Celem tych konkurs\u00f3w by\u0142o poszerzenie wiedzy o pocz\u0105tkach chrze\u015bcija\u0144stwa i pocz\u0105tkach pa\u0144stwa polskiego oraz propagowanie zainteresowania histori\u0105 w\u015br\u00f3d m\u0142odzie\u017cy szkolnej.<\/p>\n<p style=\"text-align: justify;\">W konkursie o pocz\u0105tkach pa\u0144stwa polskiego udzia\u0142 wzi\u0119li uczniowie klas...<a href='https:\/\/sp.tuchow.pl\/index.php\/2017\/05\/31\/7597\/' class='pfpReadMore'>Read More &raquo;<\/a><div class='clear'><\/div><hr><\/div><div class='pfpItem entry-content'><h2 class='entry-title'><a href='https:\/\/sp.tuchow.pl\/index.php\/2017\/05\/29\/wojciech-mazurkiewicz-laureatem-xi-miedzypowiatowego-konkursu-geograficznego\/'>WOJCIECH MAZURKIEWICZ LAUREATEM XI MIEDZYPOWIATOWEGO KONKURSU GEOGRAFICZNEGO<\/a><\/h2><p>Dnia 26 maja 2017 r odby\u0142 si\u0119 III etap \u2013 fina\u0142owy XI Miedzypowiatowego&nbsp; Konkursu Geograficznego&nbsp; pod has\u0142em&nbsp; ,,Azja \u2013 kontynent kontrast\u00f3w przyrodniczych\u201d. &nbsp;Wojtek zaj\u0105\u0142 III miejsce. Bra\u0142 udzia\u0142 we wszystkich poprzednich edycjach konkursu w kt\u00f3rych by\u0142 wyr\u00f3\u017cniany.<\/p>\n<p>Gratulujemy i \u017cyczymy dalszych sukces\u00f3w&nbsp;&nbsp;<\/p>\n<p>Ucznia do konkursu przygotowa\u0142a Maria Knapik<\/p>\n...<a href='https:\/\/sp.tuchow.pl\/index.php\/2017\/05\/29\/wojciech-mazurkiewicz-laureatem-xi-miedzypowiatowego-konkursu-geograficznego\/' class='pfpReadMore'>Read More &raquo;<\/a><div class='clear'><\/div><hr><\/div><div class='pfpItem entry-content'><h2 class='entry-title'><a href='https:\/\/sp.tuchow.pl\/index.php\/2017\/05\/28\/podsumowanie-projektu-edukacyjno-spolecznego-wiem-czuje-rozumiem\/'>PODSUMOWANIE PROJEKTU EDUKACYJNO \u2013 SPO\u0141ECZNEGO \u201eWIEM, CZUJ\u0118, POMAGAM\u201d<\/a><\/h2><p style=\"text-align: justify;\"><strong>Przez ostanie miesi\u0105ce \u201epodr\u00f3\u017cowali\u015bmy\u201d z klas\u0105 3 d po r\u00f3\u017cnych krajach \u015bwiata, zwi\u0119kszaj\u0105c \u015bwiadomo\u015b\u0107 istnienia zjawisk i wsp\u00f3\u0142zale\u017cno\u015bci \u0142\u0105cz\u0105cych ludzi na ca\u0142ym \u015bwiecie.<\/strong><\/p>\n<p style=\"text-align: justify;\">Jak wiemy wsp\u00f3\u0142czesny \u015bwiat jest na wyci\u0105gni\u0119cie r\u0119ki. Dzi\u015b ani odleg\u0142o\u015b\u0107, ani odmienno\u015b\u0107 kulturowa nie stanowi\u0105 bariery nie do pokonania. Dlatego \u0142atwiej dostrzec problemy...<a href='https:\/\/sp.tuchow.pl\/index.php\/2017\/05\/28\/podsumowanie-projektu-edukacyjno-spolecznego-wiem-czuje-rozumiem\/' class='pfpReadMore'>Read More &raquo;<\/a><div class='clear'><\/div><hr><\/div><div class='pfpItem entry-content'><h2 class='entry-title'><a href='https:\/\/sp.tuchow.pl\/index.php\/2017\/05\/28\/iii-piknik-szkolny-we-wspomnieniach-dzieci-i-mlodziezy\/'>III Piknik Szkolny we wspomnieniach dzieci i m\u0142odzie\u017cy<\/a><\/h2><p>,,Happening. \u017bywio\u0142 przepe\u0142niony ogromem rado\u015bci, pozytywnej energii \u2013 tak mo\u017cna okre\u015bli\u0107 poch\u00f3d gimnazjalist\u00f3w, kt\u00f3ry przemaszerowa\u0142 ulicami naszego miasta podczas III Pikniku Szkolnego. W oczy rzuca\u0142y si\u0119 ludowe stroje z r\u00f3\u017cnych stron \u015bwiata. Wszyscy byli roze\u015bmiani, ch\u0119tni do zabawy i \u015bpiewu. S\u0142o\u0144ce z rado\u015bci\u0105 przygl\u0105da\u0142o si\u0119 naszym u\u015bmiechni\u0119tym twarzom, gdy\u017c mocno...<a href='https:\/\/sp.tuchow.pl\/index.php\/2017\/05\/28\/iii-piknik-szkolny-we-wspomnieniach-dzieci-i-mlodziezy\/' class='pfpReadMore'>Read More &raquo;<\/a><div class='clear'><\/div><hr><\/div><div class='pfpItem entry-content'><h2 class='entry-title'><a href='https:\/\/sp.tuchow.pl\/index.php\/2017\/05\/28\/kto-na-kim-sie-mscilkonkurs-czytelniczy-z-zemsty\/'>Kto na kim si\u0119 m\u015bci\u0142\u2026konkurs czytelniczy z \u201eZemsty\u201d<\/a><\/h2><p style=\"text-align: justify;\"><strong>To by\u0142o ciekawe wydarzenie dla wszystkich uczni\u00f3w klas pierwszych Publicznego Gimnazjum im. Kazimierza Wielkiego w Tuchowie.<\/strong><\/p>\n<p style=\"text-align: justify;\">24 maja 2017 roku Anna Szel\u0105g nie pozostawi\u0142a zn\u0119kanym ca\u0142oroczn\u0105 nauk\u0105 gimnazjalistom ani odrobinki nadziei na leniuchowanie podczas konkursu mi\u0119dzyklasowego. Konkurs mia\u0142 form\u0119 projektu, poniewa\u017c uczniowie wcze\u015bniej wiedzieli, \u017ce musz\u0105 przygotowa\u0107...<a href='https:\/\/sp.tuchow.pl\/index.php\/2017\/05\/28\/kto-na-kim-sie-mscilkonkurs-czytelniczy-z-zemsty\/' class='pfpReadMore'>Read More &raquo;<\/a><div class='clear'><\/div><hr><\/div><div class='pfpItem entry-content'><h2 class='entry-title'><a href='https:\/\/sp.tuchow.pl\/index.php\/2017\/05\/27\/iv-turniej-pilki-siatkowej-o-puchar-lidera\/'>IV Turniej Pi\u0142ki Siatkowej o Puchar Lidera<\/a><\/h2><div>\n<div>Uczniowski Klub Sportowy Lider Tuch\u00f3w zaprasza wszystkich sympatyk\u00f3w siatk\u00f3wki na IV Turniej Pi\u0142ki Siatkowej o Puchar Lidera.<\/div>\n<p>28 maja 2017 r. ( niedziela). godz 10:00. hala CKZiU w Tuchowie ul. Reymonta 19.<\/p><\/div>\n<p>Wst\u0119p wolny!<\/p>\n<div class=\"fb-post\" data-href=\"http:\/\/www.facebook.com\/zstuchow\/photos\/a.1798034137132769.1073741829.1791633114439538\/1933006696968845\/?type=3&#038;theater\" data-width=\"552\" style=\"background-color: #fff; display: inline-block;\"><\/div>\n<p>&nbsp;<\/p>\n...<a href='https:\/\/sp.tuchow.pl\/index.php\/2017\/05\/27\/iv-turniej-pilki-siatkowej-o-puchar-lidera\/' class='pfpReadMore'>Read More &raquo;<\/a><div class='clear'><\/div><hr><\/div><div class='pfpItem entry-content'><h2 class='entry-title'><a href='https:\/\/sp.tuchow.pl\/index.php\/2017\/05\/24\/bajkowy-swiat-w-bielsku-bialej\/'>Bajkowy \u015bwiat w Bielsku - Bia\u0142ej<\/a><\/h2><p style=\"text-align: justify;\"><strong>17 maja 2017 roku po raz pierwszy w historii naszej szko\u0142y uczniowie klas czwartych pojechali na wycieczk\u0119 do Studia Film\u00f3w Rysunkowych w Bielsku &#8211; Bia\u0142ej. <\/strong>To tutaj powsta\u0142y s\u0142ynne filmy rysunkowe: ,,Bolek i Lolek\u2019\u2019, ,,Reksio\u2019\u2019 czy ,,Lis Leon\u2019\u2019.<\/p>\n<p style=\"text-align: justify;\">61 czwartoklasist\u00f3w stawi\u0142o si\u0119 punktualnie przed godz. 6.00 w...<a href='https:\/\/sp.tuchow.pl\/index.php\/2017\/05\/24\/bajkowy-swiat-w-bielsku-bialej\/' class='pfpReadMore'>Read More &raquo;<\/a><div class='clear'><\/div><hr><\/div><div class='pfpItem entry-content'><h2 class='entry-title'><a href='https:\/\/sp.tuchow.pl\/index.php\/2017\/05\/23\/za-nami-iii-piknik-szkolny-zespolu-szkol-w-tuchowie\/'>Za nami\u2026  III PIKNIK SZKOLNY  Zespo\u0142u Szk\u00f3\u0142 w Tuchowie<\/a><\/h2><p style=\"text-align: justify;\">Tegoroczny Piknik Szkolny odby\u0142 si\u0119 20 maja&nbsp; pod has\u0142em <strong>Znane i nieznane kraje \u015bwiata<\/strong>. Ambitny plan dzia\u0142ania opracowa\u0142y jak &#8211; co roku &#8211; te same m\u00f3zgi. Przedsi\u0119wzi\u0119cie tego rodzaju cieszy si\u0119 ogromnym zainteresowaniem lokalnej spo\u0142eczno\u015bci. Integruje, uczy wsp\u00f3\u0142dzia\u0142ania, \u0142\u0105czy pokolenia, zmusza do podejmowania nowych wyzwa\u0144, na kt\u00f3re normalnie...<a href='https:\/\/sp.tuchow.pl\/index.php\/2017\/05\/23\/za-nami-iii-piknik-szkolny-zespolu-szkol-w-tuchowie\/' class='pfpReadMore'>Read More &raquo;<\/a><div class='clear'><\/div><hr><\/div><div class='pfpItem entry-content'><h2 class='entry-title'><a href='https:\/\/sp.tuchow.pl\/index.php\/2017\/05\/22\/projekty-edukacyjne-klas-ii-gimnazjum-zaprezentowane\/'>Projekty edukacyjne klas II gimnazjum zaprezentowane!<\/a><\/h2><p style=\"text-align: justify;\"><strong>Promujemy i wspieramy rozw\u00f3j czytelnictwa<\/strong> to temat og\u00f3lny tegorocznych projekt\u00f3w edukacyjnych uczni\u00f3w klas II Publicznego Gimnazjum im. Kazimierza Wielkiego w Tuchowie. Prace nad projektami rozpocz\u0119\u0142y si\u0119 w lutym i mia\u0142y sw\u00f3j fina\u0142 18 maja 2017roku. Przed rodzicami, nauczycielami, wychowawcami oraz kolegami m\u0142odzie\u017c prezentowa\u0142a swoj\u0105 prac\u0119. Projekty mia\u0142y na...<a href='https:\/\/sp.tuchow.pl\/index.php\/2017\/05\/22\/projekty-edukacyjne-klas-ii-gimnazjum-zaprezentowane\/' class='pfpReadMore'>Read More &raquo;<\/a><div class='clear'><\/div><hr><\/div><div class='pfpItem entry-content'><h2 class='entry-title'><a href='https:\/\/sp.tuchow.pl\/index.php\/2017\/05\/22\/najjasniejszy-pan-franciszek-jozef-i-w-tuchowie\/'>Najja\u015bniejszy Pan Franciszek J\u00f3zef I  w Tuchowie.....<\/a><\/h2><p>13 maja 2017 r. do Tuchowa zawitali niecodzienni go\u015bcie. Byli to: Jego Cesarska i Kr\u00f3lewska Wysoko\u015b\u0107 <strong>Franciszek J\u00f3zef I <\/strong>oraz <strong>El\u017cbieta Amelia Eugenia <\/strong>cesarzowa Austrii i kr\u00f3lowa Wegier. Cesarsko \u2013 Kr\u00f3lewskiej parze towarzyszyli: <strong>Alfred de Montenuovo<\/strong> &#8211; wielki marsza\u0142ek dworu oraz feldmarsza\u0142ek &#8211; <strong>Joseph Wenzel Radetzky<\/strong>. W towarzystwie Burmistrza Tuchowa...<a href='https:\/\/sp.tuchow.pl\/index.php\/2017\/05\/22\/najjasniejszy-pan-franciszek-jozef-i-w-tuchowie\/' class='pfpReadMore'>Read More &raquo;<\/a><div class='clear'><\/div><hr><\/div><div class='pfpItem entry-content'><h2 class='entry-title'><a href='https:\/\/sp.tuchow.pl\/index.php\/2017\/05\/17\/zapraszamy-na-iii-piknik-szkolny\/'>Zapraszamy na III Piknik Szkolny<\/a><\/h2><p><strong>Zapraszamy na III Piknik Szkolny. Poni\u017cej zosta\u0142 zamieszczony Regulamin Pikniku Szkolnego.<\/strong><\/p>\n<p>ngg_shortcode_16_placeholder<a href=\"http:\/\/zs.tuchow.pl\/pliki\/REGULAMIN%20PIKNIKU%20SZKOLNEGO.pdf\">REGULAMIN PIKNIKU SZKOLNEGO<\/a><\/p>\n...<a href='https:\/\/sp.tuchow.pl\/index.php\/2017\/05\/17\/zapraszamy-na-iii-piknik-szkolny\/' class='pfpReadMore'>Read More &raquo;<\/a><div class='clear'><\/div><hr><\/div><div class='pfpItem entry-content'><h2 class='entry-title'><a href='https:\/\/sp.tuchow.pl\/index.php\/2017\/05\/16\/6-maja-2017r-grupa-powietrze-tuchow-przekazala-informacje-o-wynikach-konkursu-plastycznego-skutki-smogu-w-gminie-tuchow\/'>Sukcesy ma\u0142ych artyst\u00f3w z klas 1-3.<\/a><\/h2><p><strong>WYNIKI POG\u00d3RZA\u0143SKIEGO FESTIWALU PIOSENKI O KORON\u0118 \u201eJEJ WYSOKO\u015aCI BRZANKI\u201d<\/strong><\/p>\n<p>27 kwietnia 2017 r.w sali widowiskowej Domu Kultury w Tuchowie odby\u0142 si\u0119 Pog\u00f3rza\u0144ski Festiwal Piosenki o Koron\u0119 \u201eJej Wysoko\u015bci Brzanki\u201d.<\/p>\n<p>Jury po wys\u0142uchaniu 36 wyst\u0119p\u00f3w postanowi\u0142o przyzna\u0107 nast\u0119puj\u0105ce miejsca:<\/p>\n<p><strong>W kategorii uczni\u00f3w klas I-III:<\/strong><\/p>\n<p><strong>I miejsce<\/strong><strong> &#8211; <\/strong><strong>Wiktoria Baran z klasy 2d<\/strong><\/p>\n<p>ze Szko\u0142y Podstawowej w...<a href='https:\/\/sp.tuchow.pl\/index.php\/2017\/05\/16\/6-maja-2017r-grupa-powietrze-tuchow-przekazala-informacje-o-wynikach-konkursu-plastycznego-skutki-smogu-w-gminie-tuchow\/' class='pfpReadMore'>Read More &raquo;<\/a><div class='clear'><\/div><hr><\/div><div class='pfpItem entry-content'><h2 class='entry-title'><a href='https:\/\/sp.tuchow.pl\/index.php\/2017\/05\/10\/katyn\/'>KATY\u0143\u2026<\/a><\/h2><p style=\"text-align: justify;\">12 maja 2017 roku m\u0142odzie\u017c z CKZiU oraz Publicznego Gimnazjum im. Kazimierza Wielkiego w Tuchowie pod kierunkiem nauczycielek Lilianny Lipki i Justyny Jaworskiej-Lipki, przy wsp\u00f3\u0142pracy Paulina Kloch przedstawi\u0142a program o zbrodni katy\u0144skiej. Spokojny, stonowany, przedstawiaj\u0105cy fakty, pokazuj\u0105cy kadry z filmu o Katyniu, fragmenty autentycznych list\u00f3w, wzruszaj\u0105cy i wymowny...<a href='https:\/\/sp.tuchow.pl\/index.php\/2017\/05\/10\/katyn\/' class='pfpReadMore'>Read More &raquo;<\/a><div class='clear'><\/div><hr><\/div><div class='pfpItem entry-content'><h2 class='entry-title'><a href='https:\/\/sp.tuchow.pl\/index.php\/2017\/05\/10\/zebrania-i-konsultacje-z-rodzicami\/'>Zebrania i konsultacje z rodzicami<\/a><\/h2><p><strong>Serdecznie zapraszamy rodzic\u00f3w na zebrania i konsultacje z nauczycielami, kt\u00f3re odb\u0119d\u0105 si\u0119 zgodnie z harmonogramem:<\/strong><\/p>\n<p>&#8211; klasy 1 i 3 SP &#8211; zebrania w dniu 10 maja \/\u015broda\/ od godz. 17,<\/p>\n<p>&#8211; klasy 4-6 i GIM &#8211; konsultacje z nauczycielami w dniu 11 maja \/czwartek\/ w godz. 17-18.<\/p>\n<p>Zebrania dla rodzic\u00f3w uczni\u00f3w klas...<a href='https:\/\/sp.tuchow.pl\/index.php\/2017\/05\/10\/zebrania-i-konsultacje-z-rodzicami\/' class='pfpReadMore'>Read More &raquo;<\/a><div class='clear'><\/div><hr><\/div><div class='pfpItem entry-content'><h2 class='entry-title'><a href='https:\/\/sp.tuchow.pl\/index.php\/2017\/05\/08\/akademia-upamietniajaca-rocznice-uchwalenia-konstytucji-3-maja\/'>Akademia upami\u0119tniaj\u0105ca rocznic\u0119 uchwalenia Konstytucji 3 Maja.<\/a><\/h2><p><strong>4 maja 2017 r. w Domu Kultury w Tuchowie odby\u0142a si\u0119 uroczysta akademia upami\u0119tniaj\u0105ca rocznic\u0119 uchwalenia Konstytucji 3 Maja. <\/strong><\/p>\n<p style=\"text-align: justify;\">Uczniowie klas 3 C, 3 D, 2B Gimnazjum oraz klasy 6 b przygotowali przedstawienie pod kierunkiem mgr Anny G\u00f3rskiej oraz mgr Anny Stanuch- Madej i mgr Wies\u0142awa Cie\u015bli. Widzowie...<a href='https:\/\/sp.tuchow.pl\/index.php\/2017\/05\/08\/akademia-upamietniajaca-rocznice-uchwalenia-konstytucji-3-maja\/' class='pfpReadMore'>Read More &raquo;<\/a><div class='clear'><\/div><hr><\/div><div class='pfpItem entry-content'><h2 class='entry-title'><a href='https:\/\/sp.tuchow.pl\/index.php\/2017\/05\/07\/ze-sztuka-na-ty-lekcja-w-pracowni-pana-lubosza-karwata\/'>Ze sztuk\u0105 na Ty - lekcja w pracowni pana Lubosza Karwata<\/a><\/h2><p style=\"text-align: justify;\"><strong>Przez kilka ostatnich lekcji, uczniowie klasy 3 d \u201eodwiedzali\u201d miejsca w sztuk\u0119 bogate.<\/strong><\/p>\n<p style=\"text-align: justify;\">Poznawali dzie\u0142a polskich mistrz\u00f3w, bogat\u0105 sztuk\u0119 malowania i rysowania. Dzi\u0119ki uprzejmo\u015bci pana Lubosza Karwata, empirycznie przekonali si\u0119, \u017ce sztuk\u0119 tworzy si\u0119 nie tylko p\u0119dzlem. W pracowni pana Karwata uczniowie odkrywali tajemnice drewnianych rze\u017ab, stosowania...<a href='https:\/\/sp.tuchow.pl\/index.php\/2017\/05\/07\/ze-sztuka-na-ty-lekcja-w-pracowni-pana-lubosza-karwata\/' class='pfpReadMore'>Read More &raquo;<\/a><div class='clear'><\/div><hr><\/div><div class='pfpItem entry-content'><h2 class='entry-title'><a href='https:\/\/sp.tuchow.pl\/index.php\/2017\/04\/27\/nie-trzeba-w-lesie-klac-czyli-o-zasadach-dobrego-zachowania\/'>,,Nie trzeba w lesie kl\u0105\u0107\u2019\u2019, czyli o zasadach dobrego zachowania<\/a><\/h2><p style=\"text-align: justify;\"><strong>25 kwietnia 2017 roku uczniowie klas IV- VI uczestniczyli w programie artystycznym <em>\u201eDzi\u0119kuj\u0119, przepraszam i prosz\u0119, czyli zasady dobrego zachowania\u201d,<\/em><em>&nbsp;<\/em>przygotowanym przez znakomitych aktor\u00f3w Agencji Artystycznej PRO-ART-KRAK z Krakowa.<\/strong><\/p>\n<p style=\"text-align: justify;\">Jak zawsze z du\u017cym poczuciem humoru i w spos\u00f3b zajmuj\u0105cy krakowscy arty\u015bci: Wojciech Habela i Jacek Lecznar przedstawili sw\u00f3j...<a href='https:\/\/sp.tuchow.pl\/index.php\/2017\/04\/27\/nie-trzeba-w-lesie-klac-czyli-o-zasadach-dobrego-zachowania\/' class='pfpReadMore'>Read More &raquo;<\/a><div class='clear'><\/div><hr><\/div><div class='pfpItem entry-content'><h2 class='entry-title'><a href='https:\/\/sp.tuchow.pl\/index.php\/2017\/04\/27\/popoludnie-z-eurypidesemnie-byles-zaluj\/'>Popo\u0142udnie z Eurypidesem\u2026nie by\u0142e\u015b? \u017ba\u0142uj!<\/a><\/h2><p style=\"text-align: justify;\">Niedzielne popo\u0142udnie 23 kwietnia 2017 roku godzina 18.00 sala widowiskowa Domu Kultury w Tuchowie\u2026 nie ca\u0142kiem pe\u0142na\u2026 a szkoda. Grupa teatralna <strong>Fabu\u0142a<\/strong> pod opiek\u0105 i kierunkiem oraz re\u017cyseri\u0105 Andrzeja Jagody zaprezentowa\u0142a sztuk\u0119 <strong>Ifigenia w Aulidzie<\/strong> wed\u0142ug Eurypidesa.U zarania wojny troja\u0144skiej grecka flota utkn\u0119\u0142a w ma\u0142ym porcie w Beocji,...<a href='https:\/\/sp.tuchow.pl\/index.php\/2017\/04\/27\/popoludnie-z-eurypidesemnie-byles-zaluj\/' class='pfpReadMore'>Read More &raquo;<\/a><div class='clear'><\/div><hr><\/div><div class='pfpItem entry-content'><h2 class='entry-title'><a href='https:\/\/sp.tuchow.pl\/index.php\/2017\/04\/18\/wiosenna-wycieczka-do-zimowego-zakopanego-czyli-o-zetknieciu-z-potega-tatr\/'>Wiosenna wycieczka do zimowego Zakopanego, czyli o zetkni\u0119ciu z pot\u0119g\u0105 Tatr<\/a><\/h2><p><em>Cz\u0142owiekiem g\u00f3r nie jest ten, kt\u00f3ry umie i lubi chodzi\u0107 po g\u00f3rach, ale ten, kt\u00f3ry g\u00f3rami potrafi \u017cy\u0107 w dolinach. Gdy cz\u0142owiek czuje si\u0119 jak karze\u0142 wobec ogromu g\u00f3r i gdy poznaj\u0105c samego siebie, swoje wn\u0119trze, swoje mo\u017cliwo\u015bci, swoj\u0105 niewystarczalno\u015b\u0107, zdobywa krok za krokiem jedn\u0105 z najcenniejszych cech ludzkich &#8211;...<a href='https:\/\/sp.tuchow.pl\/index.php\/2017\/04\/18\/wiosenna-wycieczka-do-zimowego-zakopanego-czyli-o-zetknieciu-z-potega-tatr\/' class='pfpReadMore'>Read More &raquo;<\/a><div class='clear'><\/div><hr><\/div><div class='pfpItem entry-content'><h2 class='entry-title'><a href='https:\/\/sp.tuchow.pl\/index.php\/2017\/04\/18\/nasz-mikolajek-czyli-piekna-i-bestia-wystrzegajmy-sie-sadzic-po-pozorach\/'>,,Nasz Miko\u0142ajek\u2019\u2019, czyli ,,Pi\u0119kna i Bestia\u2019\u2019 Wystrzegajmy si\u0119 s\u0105dzi\u0107 po pozorach!<\/a><\/h2><p>,,W dniu 24 marca 2017 roku klasy czwarte Szko\u0142y Podstawowej w Tuchowie wyjecha\u0142y do Tarnowa na spektakl ,,Nasz Miko\u0142ajek\u2019\u2019. Gdy dotarli\u015bmy na miejsce, okaza\u0142o si\u0119, \u017ce nast\u0105pi\u0142a zamiana repertuaru i ogl\u0105dali\u015bmy dobrze nam znan\u0105 ba\u015b\u0144 ,,Pi\u0119kna i Bestia\u2019\u2019 w wykonaniu aktor\u00f3w Narodowego Teatru Edukacji z Wroc\u0142awia. Ich mistrzowska gra nie...<a href='https:\/\/sp.tuchow.pl\/index.php\/2017\/04\/18\/nasz-mikolajek-czyli-piekna-i-bestia-wystrzegajmy-sie-sadzic-po-pozorach\/' class='pfpReadMore'>Read More &raquo;<\/a><div class='clear'><\/div><hr><\/div><div class='pfpItem entry-content'><h2 class='entry-title'><a href='https:\/\/sp.tuchow.pl\/index.php\/2017\/04\/18\/przyjaciele-dzieci-wierszem-do-nich-pisza-czyli-o-sukcesie-oliwii-i-filipa-i-nie-tylko\/'>,,Przyjaciele dzieci wierszem do nich pisz\u0105\u2019\u2019, czyli o sukcesie Oliwii i Filipa i nie tylko \u2026<\/a><\/h2><p>16 marca 2017 r. odby\u0142 si\u0119 Gminny Konkurs Recytatorski ,,Przyjaciele dzieci wierszem do nich pisz\u0105\u2019\u2019. Szko\u0142\u0119 Podstawow\u0105 im. Stanis\u0142awa Staszica w Tuchowie &nbsp; reprezentowa\u0142o dwoje uczni\u00f3w wy\u0142onionych w szkolnym konkursie. I jak si\u0119 okaza\u0142o \u2013 s\u0142usznie.<\/p>\n<p><strong>Oliwia Madejczyk z kl. V b zaj\u0119\u0142a I miejsce, natomiast jej kolega z klasy Filip...<a href='https:\/\/sp.tuchow.pl\/index.php\/2017\/04\/18\/przyjaciele-dzieci-wierszem-do-nich-pisza-czyli-o-sukcesie-oliwii-i-filipa-i-nie-tylko\/' class='pfpReadMore'>Read More &raquo;<\/a><div class='clear'><\/div><hr><\/div><div class='pfpItem entry-content'><h2 class='entry-title'><a href='https:\/\/sp.tuchow.pl\/index.php\/2017\/04\/12\/7392\/'>\u015awi\u0119ta Wielkiej Nocy<\/a><\/h2><p><strong><span style=\"font-size: medium;\"><span style=\"font-size: large;\"><span style=\"font-family: 'Book Antiqua', serif;\">Z okazji ju\u017c tak bliskich \u015awi\u0105t Wielkiej Nocy \u017cyczymy dyrekcji,&nbsp;pedagogom, pracownikom administracji i obs\u0142ugi&nbsp;oraz uczniom, aby ten wyj\u0105tkowy czas przyni\u00f3s\u0142 Wam przede wszystkim szcz\u0119\u015bcie.<\/span><\/span><\/span><\/strong><\/p>\n<p><span style=\"font-family: 'Book Antiqua', serif;\"><span style=\"font-size: large;\">Aby nie \u017cal by\u0142o po\u015bwi\u0119ci\u0107 chwil\u0119 na b\u0142ogi odpoczynek w rodzinnym gronie, w\u015br\u00f3d...<a href='https:\/\/sp.tuchow.pl\/index.php\/2017\/04\/12\/7392\/' class='pfpReadMore'>Read More &raquo;<\/a><div class='clear'><\/div><hr><\/div><div class='pfpItem entry-content'><h2 class='entry-title'><a href='https:\/\/sp.tuchow.pl\/index.php\/2017\/04\/11\/harmonogram-pracy-zespolu-szkol-w-tuchowie-w-dniach-19-21-kwietnia-2017-r\/'>Harmonogram pracy Zespo\u0142u Szk\u00f3\u0142 w Tuchowie w dniach 19-21 kwietnia 2017 r.<\/a><\/h2><p><span style=\"color: #000000;\"><strong>W dniach 19, 20 i 21 kwietnia 2017 roku klasy III Gimnazjum pisz\u0105 egzaminy zewn\u0119trzne.<\/strong><\/span><\/p>\n<p><span style=\"color: #000000;\">W tych dniach <strong>uczniowie klas III<\/strong> przychodz\u0105 do szko\u0142y na godzin\u0119 8:00 w galowym stroju i udaj\u0105 si\u0119 do wyznaczonych sal.<\/span><\/p>\n<p><span style=\"color: #000000;\">Harmonogram dowozu:<\/span><\/p>\n<table width=\"100%\">\n<tbody>\n<tr>\n<td rowspan=\"2\" width=\"20%\"><span style=\"color: #000000;\">dzie\u0144<\/span><\/td>\n<td colspan=\"2\" width=\"40%\"><span style=\"color:...<a href='https:\/\/sp.tuchow.pl\/index.php\/2017\/04\/11\/harmonogram-pracy-zespolu-szkol-w-tuchowie-w-dniach-19-21-kwietnia-2017-r\/' class='pfpReadMore'>Read More &raquo;<\/a><div class='clear'><\/div><hr><\/div><div class='pfpItem entry-content'><h2 class='entry-title'><a href='https:\/\/sp.tuchow.pl\/index.php\/2017\/04\/10\/zloty-medal-dla-uczennic-zs-w-tuchowie-w-kategorii-cheer-hip-hop-junior\/'>Z\u0141OTY MEDAL dla uczennic ZS w Tuchowie w kategorii CHEER HIP-HOP JUNIOR<\/a><\/h2><p>W dniach od 31 marca do 2 kwietnia odby\u0142y si\u0119 <strong>,, XX Jubileuszowe Mistrzostwa Polski Cheerleaders- \u0141och\u00f3w 2017\u2019\u2019<\/strong>. Przez 3 dni rywalizowa\u0142o ze sob\u0105 1615 zawodnik\u00f3w w trzech dywizjach: pom dance, cheer dance oraz cheer.<br \/>\n&nbsp;W Mistrzostwach Polski wzi\u0119\u0142y udzia\u0142 uczennice Zespo\u0142u Szk\u00f3\u0142 w Tuchowie :<br \/>\n<strong>Emilia W\u00f3jcik, Olga Baran<\/strong>...<a href='https:\/\/sp.tuchow.pl\/index.php\/2017\/04\/10\/zloty-medal-dla-uczennic-zs-w-tuchowie-w-kategorii-cheer-hip-hop-junior\/' class='pfpReadMore'>Read More &raquo;<\/a><div class='clear'><\/div><hr><\/div><div class='pfpItem entry-content'><h2 class='entry-title'><a href='https:\/\/sp.tuchow.pl\/index.php\/2017\/04\/10\/sukces-anny-was-w-wojewodzkich-eliminacjach-ogolnopolskiego-turnieju-wiedzy-pozarniczej\/'>Sukces Anny W\u0105s w wojew\u00f3dzkich eliminacjach Og\u00f3lnopolskiego Turnieju Wiedzy Po\u017carniczej<\/a><\/h2><p>Bardzo szcz\u0119\u015bliwy dla OSP Tuch\u00f3w&nbsp;jest Kampus Wielicki, w kt\u00f3rym drugi rok z kolei eliminacje wojew\u00f3dzkie Og\u00f3lnopolskiego Turnieju Wiedzy Po\u017carniczej \u201eM\u0142odzie\u017c Zapobiega Po\u017carom\u201d w grupie 2 (gimnazjum) wygrywa nasza druhna&nbsp;<strong>ANNA W\u0104S (uczennica 3 klasy gimnazjum w Tuchowie).&nbsp;<\/strong>Dzi\u0119ki swojej postawie Ania, podobnie jak w ubieg\u0142ym roku, b\u0119dzie reprezentowa\u0142a wojew\u00f3dztwo ma\u0142opolskie jako jedna...<a href='https:\/\/sp.tuchow.pl\/index.php\/2017\/04\/10\/sukces-anny-was-w-wojewodzkich-eliminacjach-ogolnopolskiego-turnieju-wiedzy-pozarniczej\/' class='pfpReadMore'>Read More &raquo;<\/a><div class='clear'><\/div><hr><\/div><div class='pfpItem entry-content'><h2 class='entry-title'><a href='https:\/\/sp.tuchow.pl\/index.php\/2017\/04\/09\/droga-krzyzowa-tuchowskich-gimnazjalistow-w-bazylice-mniejszej-w-tuchowie\/'>Droga Krzy\u017cowa tuchowskich gimnazjalist\u00f3w w Bazylice Mniejszej w Tuchowie<\/a><\/h2><p style=\"text-align: justify;\"><strong>7 kwietnia 2017 roku uczniowie tuchowskiego Gimnazjum &nbsp;przygotowali i przedstawili inscenizowan\u0105 Drog\u0119 Krzy\u017cow\u0105. Wystawiono j\u0105 ju\u017c po raz pi\u0105ty. Ka\u017cdego roku scenariusz jest inny. W tym roku postacie z poszczeg\u00f3lnych stacji przynosi\u0142y pod krzy\u017c symboliczne dary takie jak: krzy\u017ce, chust\u0119 z odbiciem twarzy Jezusa, mis\u0119 Pi\u0142ata, dzban wody,...<a href='https:\/\/sp.tuchow.pl\/index.php\/2017\/04\/09\/droga-krzyzowa-tuchowskich-gimnazjalistow-w-bazylice-mniejszej-w-tuchowie\/' class='pfpReadMore'>Read More &raquo;<\/a><div class='clear'><\/div><hr><\/div><div class='pfpItem entry-content'><h2 class='entry-title'><a href='https:\/\/sp.tuchow.pl\/index.php\/2017\/04\/09\/jak-sie-chce-to-sie-moze-lukasz-z-3-a-gimnazjum-recytatorem\/'>Jak si\u0119 chce, to si\u0119 mo\u017ce! \u0141ukasz z 3 A gimnazjum recytatorem!<\/a><\/h2><p style=\"text-align: justify;\"><strong>&nbsp;&nbsp;&nbsp;&nbsp;&nbsp;&nbsp;&nbsp;&nbsp;&nbsp;&nbsp;&nbsp; Centrum Kszta\u0142cenia Zawodowego i Ustawicznego w Tuchowie 5 kwietnia 2017 roku zorganizowa\u0142o powiatowy konkurs recytatorski poezji satyrycznej, humorystycznej i \u017cartobliwej. W tym roku po raz pierwszy zaproszono do udzia\u0142u uczni\u00f3w gimnazjum.<\/strong><\/p>\n<p style=\"text-align: justify;\">Z naszej szko\u0142y niew\u0105tpliwym odkryciem okaza\u0142 si\u0119 ucze\u0144 klasy 3 a \u0141ukasz Pietrucha, kt\u00f3ry zdoby\u0142...<a href='https:\/\/sp.tuchow.pl\/index.php\/2017\/04\/09\/jak-sie-chce-to-sie-moze-lukasz-z-3-a-gimnazjum-recytatorem\/' class='pfpReadMore'>Read More &raquo;<\/a><div class='clear'><\/div><hr><\/div><div class='pfpItem entry-content'><h2 class='entry-title'><a href='https:\/\/sp.tuchow.pl\/index.php\/2017\/04\/04\/podaj-lape-uczniowie-pomagaja-bezdomnym-zwierzakom\/'>\u201ePodaj \u0142ap\u0119!\u201d \u2013 uczniowie pomagaj\u0105 bezdomnym zwierzakom<\/a><\/h2><p style=\"text-align: justify;\">Gdyby\u015bmy tylko wszyscy wzi\u0119li sobie do serca s\u0142owa Antoniego de Saint-Exup\u00e9ry: \u201ePozostajesz na zawsze odpowiedzialny za to, co oswoi\u0142e\u015b\u201d, miliony bezdomnych zwierz\u0105t nie przechodzi\u0142yby codziennej gehenny \u2013 g\u0142odu, pragnienia, braku schronienia, ludzkiej agresji. Szacuje si\u0119, \u017ce na ca\u0142ym \u015bwiecie mo\u017ce ich by\u0107 od 600 milion\u00f3w do nawet miliarda...<a href='https:\/\/sp.tuchow.pl\/index.php\/2017\/04\/04\/podaj-lape-uczniowie-pomagaja-bezdomnym-zwierzakom\/' class='pfpReadMore'>Read More &raquo;<\/a><div class='clear'><\/div><hr><\/div><div class='pfpItem entry-content'><h2 class='entry-title'><a href='https:\/\/sp.tuchow.pl\/index.php\/2017\/04\/02\/iv-turniej-finalowy-pals-w-tuchowie\/'>IV TURNIEJ FINA\u0141OWY PALS W TUCHOWIE<\/a><\/h2><p><strong>UKS Lider Tuch\u00f3w zaprasza na Turniej Fina\u0142owy IV edycji rozgrywek Pog\u00f3rza\u0144skiej Amatorskiej Ligi Siatk\u00f3wki Kobiet, kt\u00f3ry odb\u0119dzie si\u0119 5 kwietnia 2017 r. o godz. 16 00 w hali sportowej CKZiU w Tuchowie ul. Reymonta 19<\/strong><\/p>\n<p style=\"text-align: justify;\">\nTurniej jest zwie\u0144czeniem blisko 5 miesi\u0119cznych rozgrywek organizowanych przez TKKF w Ci\u0119\u017ckowicach,w kt\u00f3rych rozegrano...<a href='https:\/\/sp.tuchow.pl\/index.php\/2017\/04\/02\/iv-turniej-finalowy-pals-w-tuchowie\/' class='pfpReadMore'>Read More &raquo;<\/a><div class='clear'><\/div><hr><\/div><div class='pfpItem entry-content'><h2 class='entry-title'><a href='https:\/\/sp.tuchow.pl\/index.php\/2017\/03\/31\/informacja-strajk-szkolny\/'>Gimnazjalna Droga Krzy\u017cowa<\/a><\/h2><p><strong>Zapraszamy na gimnazjaln\u0105 Drog\u0119 Krzy\u017cow\u0105.<\/strong><\/p>\n<div class=\"fb-post\" data-href=\"http:\/\/www.facebook.com\/zstuchow\/photos\/a.1798034137132769.1073741829.1791633114439538\/1903750563227792\/?type=3\" data-width=\"552\" style=\"background-color: #fff; display: inline-block;\"><\/div>\n...<a href='https:\/\/sp.tuchow.pl\/index.php\/2017\/03\/31\/informacja-strajk-szkolny\/' class='pfpReadMore'>Read More &raquo;<\/a><div class='clear'><\/div><hr><\/div><div class='pfpItem entry-content'><h2 class='entry-title'><a href='https:\/\/sp.tuchow.pl\/index.php\/2017\/03\/29\/i-szkolny-konkurs-recytatorski-im-kazimierza-karwata-rozstrzygniety\/'>I Szkolny Konkurs Recytatorski  im. Kazimierza Karwata - rozstrzygni\u0119ty<\/a><\/h2><p><em>\u201eNon omnis moriar\u2026\u201d &nbsp; &nbsp;<\/em> &nbsp; &nbsp; &nbsp; &nbsp; &nbsp; &nbsp; &nbsp; &nbsp; &nbsp; &nbsp; &nbsp; &nbsp; &nbsp; &nbsp; &nbsp; &nbsp; &nbsp; &nbsp; &nbsp; &nbsp; &nbsp; &nbsp; &nbsp; &nbsp; &nbsp; &nbsp;Anna Stanuch- Madej&nbsp;<\/p>\n<p>&nbsp; &nbsp; &nbsp; &nbsp; &nbsp; &nbsp; &nbsp; &nbsp; &nbsp; &nbsp; &nbsp; &nbsp; &nbsp; &nbsp; &nbsp; &nbsp; &nbsp; &nbsp;...<a href='https:\/\/sp.tuchow.pl\/index.php\/2017\/03\/29\/i-szkolny-konkurs-recytatorski-im-kazimierza-karwata-rozstrzygniety\/' class='pfpReadMore'>Read More &raquo;<\/a><div class='clear'><\/div><hr><\/div><div class='pfpItem entry-content'><h2 class='entry-title'><a href='https:\/\/sp.tuchow.pl\/index.php\/2017\/03\/27\/kazdy-moze-zostac-swietym-relacja-filmowa\/'>Ka\u017cdy mo\u017ce zosta\u0107 \u015bwi\u0119tym - relacja filmowa.<\/a><\/h2><p><strong>Poch\u00f3d \u015awi\u0119tych &#8211; Ka\u017cdy mo\u017ce \u015bwi\u0119tym by\u0107.<\/strong><\/p>\n<div class=\"jetpack-video-wrapper\"><iframe loading=\"lazy\" title=\"Poch\u00f3d \u015awi\u0119tych - Ka\u017cdy mo\u017ce \u015bwi\u0119tym by\u0107 - ZS Tuch\u00f3w\" width=\"800\" height=\"450\" src=\"https:\/\/www.youtube.com\/embed\/O2D9xfKbN4w?feature=oembed\" frameborder=\"0\" allow=\"accelerometer; autoplay; clipboard-write; encrypted-media; gyroscope; picture-in-picture; web-share\" referrerpolicy=\"strict-origin-when-cross-origin\" allowfullscreen><\/iframe><\/div>\n...<a href='https:\/\/sp.tuchow.pl\/index.php\/2017\/03\/27\/kazdy-moze-zostac-swietym-relacja-filmowa\/' class='pfpReadMore'>Read More &raquo;<\/a><div class='clear'><\/div><hr><\/div><div class='pfpItem entry-content'><h2 class='entry-title'><a href='https:\/\/sp.tuchow.pl\/index.php\/2017\/03\/22\/szkolny-mam-talent\/'>Szkolny ,,Mam Talent\"<\/a><\/h2><p><span style=\"font-family: 'Book Antiqua', serif;\">Szkolny ,,Mam Talent&#8221;<\/span><\/p>\n<p>20 marca 2017 r. (tj. poniedzia\u0142ek) spo\u0142eczno\u015b\u0107 Zespo\u0142u Szk\u00f3\u0142 w Tuchowie w do\u015b\u0107 oryginalny, ale za to bardzo przyjemny i weso\u0142y, by nie powiedzie\u0107 huczny spos\u00f3b \u015bwi\u0119towa\u0142a pocz\u0105tek wiosny. Samorz\u0105d Uczniowski zorganizowa\u0142<u> <\/u>w tym dniu bowiem szkoln\u0105 edycj\u0119 dobrze znanego telewizyjnego programu ,,Mam Talent&#8221;.<\/p>\n<p>Ca\u0142o\u015b\u0107...<a href='https:\/\/sp.tuchow.pl\/index.php\/2017\/03\/22\/szkolny-mam-talent\/' class='pfpReadMore'>Read More &raquo;<\/a><div class='clear'><\/div><hr><\/div><div class='pfpItem entry-content'><h2 class='entry-title'><a href='https:\/\/sp.tuchow.pl\/index.php\/2017\/03\/22\/sukces-anny-was-na-eliminacjach-powiatowych-ogolnopolskiego-turnieju-wiedzy-pozarniczej\/'>Sukces Anny W\u0105s na eliminacjach powiatowych Og\u00f3lnopolskiego Turnieju Wiedzy Po\u017carniczej<\/a><\/h2><p><b>W pi\u0105tek 17 marca br. obiekty Jednostki Ratowniczo Ga\u015bniczej nr 2 w Tarnowie sta\u0142y si\u0119 miejscem zmaga\u0144 finalist\u00f3w eliminacji powiatowych Og\u00f3lnopolskiego Turnieju Wiedzy Po\u017carniczej \u201eM\u0142odzie\u017c Zapobiega Po\u017carom\u201d. W tegorocznych eliminacjach na tym szczeblu nasz\u0105 jednostk\u0119 reprezentowali: Anna W\u0105s (gimnazjum) i Mateusz W\u0105s (szko\u0142a ponadgimnazjalna).<\/b><\/p>\n<p>Tradycyjnie eliminacje sk\u0142ada\u0142y si\u0119 z dw\u00f3ch etap\u00f3w,...<a href='https:\/\/sp.tuchow.pl\/index.php\/2017\/03\/22\/sukces-anny-was-na-eliminacjach-powiatowych-ogolnopolskiego-turnieju-wiedzy-pozarniczej\/' class='pfpReadMore'>Read More &raquo;<\/a><div class='clear'><\/div><hr><\/div><div class='pfpItem entry-content'><h2 class='entry-title'><a href='https:\/\/sp.tuchow.pl\/index.php\/2017\/03\/21\/konkurs-fotograficzny-przylapani-z-ksiazka\/'>Konkurs fotograficzny \u201ePRZY\u0141APANI Z KSI\u0104\u017bK\u0104\u201d<\/a><\/h2><p>Konkurs fotograficzny \u201ePRZY\u0141APANI Z KSI\u0104\u017bK\u0104\u201d&nbsp;&nbsp;&nbsp;&nbsp;<\/p>\n<p>Zach\u0119canie dzieci do czytania ksi\u0105\u017cek oraz promowanie czytelnictwa to jeden z najwa\u017cniejszych cel\u00f3w, jakie stawia przed sob\u0105 szko\u0142a. Cel ten jest dla mnie szczeg\u00f3lnie wa\u017cny, dlatego w naszej klasie stosuj\u0119 mi\u0119dzy innymi: wie\u017c\u0119 czytelnicz\u0105, testy szybkiego czytania, oraz zeszyty czytelnicze \u201ePo\u017ceraczy ksi\u0105\u017cek\u201d, kt\u00f3re dzieci wykonywa\u0142y po...<a href='https:\/\/sp.tuchow.pl\/index.php\/2017\/03\/21\/konkurs-fotograficzny-przylapani-z-ksiazka\/' class='pfpReadMore'>Read More &raquo;<\/a><div class='clear'><\/div><hr><\/div><div class='pfpItem entry-content'><h2 class='entry-title'><a href='https:\/\/sp.tuchow.pl\/index.php\/2017\/03\/20\/samorzad-uczniowski-w-zespole-szkol-w-tuchowie\/'>Samorz\u0105d Uczniowski w Zespole Szk\u00f3\u0142 w Tuchowie<\/a><\/h2><p><strong>Samorz\u0105d Uczniowski jest jednym z organ\u00f3w szko\u0142y i co roku zaczyna sw\u0105 dzia\u0142alno\u015b\u0107 od wybor\u00f3w przewodnicz\u0105cego.<\/strong><\/p>\n<p style=\"text-align: justify;\">W Zespole Szk\u00f3\u0142 w Tuchowie s\u0105 one poprzedzone powa\u017cn\u0105 kampani\u0105 wyborcz\u0105, w trakcie kt\u00f3rej kandydaci zapoznaj\u0105 wyborc\u00f3w ze swoim programem, propozycjami zmian w \u017cyciu szkolnym, odbywaj\u0105 si\u0119 te\u017c debaty, na kt\u00f3rych przedstawiciele klas...<a href='https:\/\/sp.tuchow.pl\/index.php\/2017\/03\/20\/samorzad-uczniowski-w-zespole-szkol-w-tuchowie\/' class='pfpReadMore'>Read More &raquo;<\/a><div class='clear'><\/div><hr><\/div><div class='pfpItem entry-content'><h2 class='entry-title'><a href='https:\/\/sp.tuchow.pl\/index.php\/2017\/03\/16\/rekrutacja-do-klasy-i-sp\/'>REKRUTACJA DO KLASY I SP<\/a><\/h2><p><strong>Informujemy, \u017ce w dziale Rodzice \/ Rekrutacja 2017 \/ 2018 zosta\u0142y zamieszczone dokumenty potrzebne do zapisania dziecka do klasy pierwszej szko\u0142y podstawowej.<\/strong><\/p>\n<blockquote data-secret=\"Yhsjy5ww2j\" class=\"wp-embedded-content\"><p><a href=\"http:\/\/zs.tuchow.pl\/index.php\/dla-rodzicow\/rekrutacja-20172018\/\">Rekrutacja 2017\/2018<\/a><\/p><\/blockquote>\n<p><iframe loading=\"lazy\" class=\"wp-embedded-content\" sandbox=\"allow-scripts\" security=\"restricted\" style=\"position: absolute; clip: rect(1px, 1px, 1px, 1px);\" src=\"http:\/\/zs.tuchow.pl\/index.php\/dla-rodzicow\/rekrutacja-20172018\/embed\/#?secret=Yhsjy5ww2j\" data-secret=\"Yhsjy5ww2j\" width=\"600\" height=\"338\" title=\"&#8222;Rekrutacja 2017\/2018&#8221; &#8212; \" frameborder=\"0\" marginwidth=\"0\" marginheight=\"0\" scrolling=\"no\"><\/iframe><\/p>\n...<a href='https:\/\/sp.tuchow.pl\/index.php\/2017\/03\/16\/rekrutacja-do-klasy-i-sp\/' class='pfpReadMore'>Read More &raquo;<\/a><div class='clear'><\/div><hr><\/div><div class='pfpItem entry-content'><h2 class='entry-title'><a href='https:\/\/sp.tuchow.pl\/index.php\/2017\/03\/16\/nie-bojcie-sie-isc-droga-swietosci\/'>\u201eNie b\u00f3jcie si\u0119 i\u015b\u0107 drog\u0105 \u015bwi\u0119to\u015bci...\"<\/a><\/h2><p style=\"text-align: center;\"><strong>\u201eNie b\u00f3jcie si\u0119 i\u015b\u0107 drog\u0105 \u015bwi\u0119to\u015bci;<\/strong><\/p>\n<p style=\"text-align: center;\"><strong>nie b\u00f3jcie si\u0119 codziennie m\u00f3wi\u0107 do Chrystusa: pragn\u0119 stawa\u0107 si\u0119 \u015bwi\u0119tym, czyli takim, jakim Ty, Panie, chcesz, abym si\u0119 sta\u0142;<\/strong><\/p>\n<p style=\"text-align: center;\"><strong>nie b\u00f3jcie si\u0119 codziennie i\u015b\u0107 za Chrystusem drog\u0105 przykaza\u0144 i Ewangelii, drog\u0105 wiary, kt\u00f3ra dzia\u0142a przez mi\u0142o\u015b\u0107;<\/strong><\/p>\n<p style=\"text-align: center;\"><strong>nie b\u00f3jcie...<a href='https:\/\/sp.tuchow.pl\/index.php\/2017\/03\/16\/nie-bojcie-sie-isc-droga-swietosci\/' class='pfpReadMore'>Read More &raquo;<\/a><div class='clear'><\/div><hr><\/div><div class='pfpItem entry-content'><h2 class='entry-title'><a href='https:\/\/sp.tuchow.pl\/index.php\/2017\/03\/15\/projekt-juz-plywam\/'>Projekt \"JU\u017b P\u0141YWAM\"<\/a><\/h2><p><strong>Projekt &#8222;JU\u017b P\u0141YWAM&#8221;<\/strong><\/p>\n<p><a href=\"http:\/\/zs.tuchow.pl\/pliki\/Juz-plywam-2017.PDF\">Zarz\u0105dzenie Burmistrza Tuchowa w sprawie realizacji projektu &#8222;JU\u017b P\u0141YWAM&#8221;<\/a><\/p>\n...<a href='https:\/\/sp.tuchow.pl\/index.php\/2017\/03\/15\/projekt-juz-plywam\/' class='pfpReadMore'>Read More &raquo;<\/a><div class='clear'><\/div><hr><\/div><div class='pfpItem entry-content'><h2 class='entry-title'><a href='https:\/\/sp.tuchow.pl\/index.php\/2017\/03\/14\/przyjaciele-dzieci-wierszem-do-nich-pisza\/'>Przyjaciele dzieci wierszem do nich pisz\u0105<\/a><\/h2><p>1 marca 2017 r. odby\u0142 si\u0119 <strong>Szkolny Konkurs Recytatorski ,,Przyjaciele dzieci wierszem do nich pisz\u0105\u2019\u2019.<\/strong> Wzi\u0119\u0142o w nim udzia\u0142 15 uczni\u00f3w z klas IV-VI. Recytator\u00f3w ocenia\u0142o jury: wicedyrektor szko\u0142y mgr Wanda Siwek i mgr Katarzyna Krupa.<\/p>\n<p><strong>I miejsce zdobyli uczniowie klasy V b: Oliwia Madejczyk <\/strong>za recytacj\u0119 wiersza ,,Gwa\u0142tu, rety, co...<a href='https:\/\/sp.tuchow.pl\/index.php\/2017\/03\/14\/przyjaciele-dzieci-wierszem-do-nich-pisza\/' class='pfpReadMore'>Read More &raquo;<\/a><div class='clear'><\/div><hr><\/div><div class='pfpItem entry-content'><h2 class='entry-title'><a href='https:\/\/sp.tuchow.pl\/index.php\/2017\/03\/14\/pan-ambrozy-z-rozga-krotka-na-hultajska-horde-czyha-czyli-o-szkolnym-konkursie-ortograficznym\/'>Pan Ambro\u017cy z r\u00f3zg\u0105 kr\u00f3tk\u0105 na hultajsk\u0105 hord\u0119 czyha, czyli  o Szkolnym Konkursie Ortograficznym<\/a><\/h2><p><strong>2 marca 2017 roku odby\u0142 si\u0119 Szkolny Konkurs Ortograficzny dla klas IV \u2013 VI.<\/strong><\/p>\n<p>Wzi\u0119\u0142o w nim udzia\u0142 19 uczni\u00f3w, wy\u0142onionych w eliminacjach klasowych.<\/p>\n<p>Znawcy ortografii pisali dyktando ze s\u0142uchu.<\/p>\n<p>&nbsp;&nbsp;&nbsp;&nbsp;&nbsp;&nbsp;&nbsp;&nbsp;&nbsp;&nbsp;&nbsp; Oto wyniki: <strong>I miejsce \u2013 Julita Wiejacka z kl. VI a, kt\u00f3ra napisa\u0142a dyktando bezb\u0142\u0119dnie!!! II miejsce \u2013 Aleksandra Walocha z kl....<a href='https:\/\/sp.tuchow.pl\/index.php\/2017\/03\/14\/pan-ambrozy-z-rozga-krotka-na-hultajska-horde-czyha-czyli-o-szkolnym-konkursie-ortograficznym\/' class='pfpReadMore'>Read More &raquo;<\/a><div class='clear'><\/div><hr><\/div><div class='pfpItem entry-content'><h2 class='entry-title'><a href='https:\/\/sp.tuchow.pl\/index.php\/2017\/03\/14\/6964\/'>Szkolny Konkurs Recytatorski dla uczni\u00f3w klas I-III<\/a><\/h2><p><strong>Szkolny Konkurs Recytatorski dla uczni\u00f3w klas I-III<\/strong><\/p>\n<p>Jury w sk\u0142adzie :<br \/>\nmgr Katarzyna Krupa<span class=\"text_exposed_show\"><br \/>\nmgr Renata G\u0105sior<br \/>\npo wys\u0142uchaniu 18 wykonawc\u00f3w postanowi\u0142o przyzna\u0107 nastepuj\u0105ce miejsca.<\/span><\/p>\n<div class=\"text_exposed_show\">\n<p><strong>I miejsce Jan Szary z klasy III b<\/strong><br \/>\n<strong>II miejsce Julia Ciszek z klasy II c<\/strong><br \/>\n<strong>III miejsce Miko\u0142aj Karpiel z klasy III b oraz...<a href='https:\/\/sp.tuchow.pl\/index.php\/2017\/03\/14\/6964\/' class='pfpReadMore'>Read More &raquo;<\/a><div class='clear'><\/div><hr><\/div><div class='pfpItem entry-content'><h2 class='entry-title'><a href='https:\/\/sp.tuchow.pl\/index.php\/2017\/03\/14\/szkolny-konkurs-ortograficzny-dla-klas-ii-i-iii-szkoly-podstawowej\/'>Szkolny Konkurs Ortograficzny dla klas II  i  III  Szko\u0142y Podstawowej<\/a><\/h2><p><strong>W czwartek 9 marca odby\u0142 si\u0119 Szkolny Konkurs Ortograficzny dla klas II i III. &nbsp;W konkursie wzi\u0119\u0142o udzia\u0142 czternastu uczni\u00f3w, po dw\u00f3ch reprezentant\u00f3w z trzech drugich i czterech trzecich klas, kt\u00f3rzy wy\u0142onieni zostali w eliminacjach klasowych. <\/strong><\/p>\n<p><strong>&nbsp;Uczestnicy zmierzyli si\u0119 z wyj\u0105tkowo trudnym dyktandem i wykazali du\u017c\u0105 znajomo\u015bci\u0105 zasad ortograficznych.&nbsp; <\/strong><\/p>\n<p><strong><u>Wyniki...<a href='https:\/\/sp.tuchow.pl\/index.php\/2017\/03\/14\/szkolny-konkurs-ortograficzny-dla-klas-ii-i-iii-szkoly-podstawowej\/' class='pfpReadMore'>Read More &raquo;<\/a><div class='clear'><\/div><hr><\/div><div class='pfpItem entry-content'><h2 class='entry-title'><a href='https:\/\/sp.tuchow.pl\/index.php\/2017\/02\/27\/zebrania-z-rodzicami\/'>Konsultacje z rodzicami<\/a><\/h2><p><strong>Konsultacje z rodzicami\u00a0odb\u0119d\u0105 si\u0119 zgodnie z harmonogramem:<\/strong><\/p>\n<ul>\n<li><strong>klasy I &#8211; III SP \u015broda \/1 marca\/ godz. 17:00<\/strong><\/li>\n<li><strong>klasy IV &#8211; VI SP i klasy GIMNAZJUM czwartek\u00a0\/2 marca\/ godz. 17:00.<\/strong><\/li>\n<\/ul>\n<p><strong>Rodzic\u00f3w serdecznie zapraszamy!!<\/strong><\/p>\n...<a href='https:\/\/sp.tuchow.pl\/index.php\/2017\/02\/27\/zebrania-z-rodzicami\/' class='pfpReadMore'>Read More &raquo;<\/a><div class='clear'><\/div><hr><\/div><div class='pfpItem entry-content'><h2 class='entry-title'><a href='https:\/\/sp.tuchow.pl\/index.php\/2017\/02\/27\/rekolekcje-wielkopostne\/'>Rekolekcje Wielkopostne<\/a><\/h2><p>W dniach <strong>6, 7, 8 marca 2017 <\/strong>r. uczniowie naszej szko\u0142y bior\u0105 udzia\u0142 w Rekolekcjach Wielkopostnych. W tych dniach uczniowie uczestnicz\u0105 w zaj\u0119ciach wg zmienionego planu, kt\u00f3ry znajduje si\u0119 w e-dzienniku i wychodz\u0105 do ko\u015bcio\u0142\u00f3w pod opiek\u0105 nauczycieli wg harmonogramu:<\/p>\n<p><strong>Ko\u015bci\u00f3\u0142 \u015bw. Jakuba Ap.<\/strong><\/p>\n<p>Klasy I \u2013 III SP na 4 i...<a href='https:\/\/sp.tuchow.pl\/index.php\/2017\/02\/27\/rekolekcje-wielkopostne\/' class='pfpReadMore'>Read More &raquo;<\/a><div class='clear'><\/div><hr><\/div><div class='pfpItem entry-content'><h2 class='entry-title'><a href='https:\/\/sp.tuchow.pl\/index.php\/2017\/02\/27\/rozstrzygnieto-i-etap-konkursu-pn-badz-wielkim\/'>Rozstrzygni\u0119to I etap konkursu pn. \u201eB\u0105d\u017a Wielkim\u201d<\/a><\/h2><p><strong>W kategorii \u201eszko\u0142y podstawowe\u201d do II etapu \u00a0<\/strong><strong>X Regionalnego konkursu po\u015bwi\u0119conego warto\u015bciom g\u0142oszonym przez \u015bw. Jana Paw\u0142a II pn. \u201eB\u0105d\u017a Wielkim\u201d zosta\u0142y zakwalifikowane nast\u0119puj\u0105ce osoby: <\/strong><\/p>\n<ol>\n<li>Karolina Lisiak \u2013 IVc<\/li>\n<li>Ewa Zo\u0144 \u2013 Vb<\/li>\n<li>Wiktoria G\u0105sior \u2013 VIB<\/li>\n<li>Krzysztof Skrzyniarz \u2013 VIb<\/li>\n<li>Zuzanna Patyk \u2013 IV c<\/li>\n<\/ol>\n<p><strong>Wszystkim laureatom I etapu serdecznie gratulujemy. Zespo\u0142owi zakwalifikowanemu do...<a href='https:\/\/sp.tuchow.pl\/index.php\/2017\/02\/27\/rozstrzygnieto-i-etap-konkursu-pn-badz-wielkim\/' class='pfpReadMore'>Read More &raquo;<\/a><div class='clear'><\/div><hr><\/div><div class='pfpItem entry-content'><h2 class='entry-title'><a href='https:\/\/sp.tuchow.pl\/index.php\/2017\/02\/26\/deutsch-hat-was-co-nam-sie-podoba-albo-nie-podoba-w-jezyku-niemieckim\/'>\u201eDeutsch hat was\u201d \u2013  Co nam si\u0119 podoba albo nie podoba w j\u0119zyku niemieckim?<\/a><\/h2><img loading=\"lazy\" decoding=\"async\" class=\"alignnone size-medium wp-image-6827\" src=\"http:\/\/zs.tuchow.pl\/wp-content\/uploads\/2017\/02\/img_7688-300x225.jpg\" alt=\"\" width=\"300\" height=\"225\" \/><p>W ubieg\u0142ym semestrze czterech uczni\u00f3w klas trzecich naszego gimnazjum wzi\u0119\u0142o udzia\u0142 w konkursie zorganizowanym przez\u00a0 Instytut Goethego w Krakowie pt. \u201eDeutsch hat was\u201d ( Niemiecki ma w sobie \u201eco\u015b\u201d ). Wymaganiem tego konkursu o zasi\u0119gu po\u0142udniowopolskim by\u0142o nakr\u0119cenie kr\u00f3tkiego filmiku (max 3 min), kt\u00f3ry mia\u0142 pokaza\u0107, co uczni\u00f3w zaciekawi\u0142o albo...<a href='https:\/\/sp.tuchow.pl\/index.php\/2017\/02\/26\/deutsch-hat-was-co-nam-sie-podoba-albo-nie-podoba-w-jezyku-niemieckim\/' class='pfpReadMore'>Read More &raquo;<\/a><div class='clear'><\/div><hr><\/div><div class='pfpItem entry-content'><h2 class='entry-title'><a href='https:\/\/sp.tuchow.pl\/index.php\/2017\/02\/19\/zimowe-igrzyska-2017\/'>ZIMOWE  IGRZYSKA  2017<\/a><\/h2><p><strong>W dniu 16.02. 2017 r. na stoku Juras\u00f3wki odby\u0142y si\u0119 Zimowe Igrzyska M\u0142odzie\u017cy Szkolnej w Slalomie Gigancie, dla uczni\u00f3w szk\u00f3\u0142 podstawowych Gminy Tuch\u00f3w.<\/strong><\/p>\n<p>W zawodach wzi\u0119\u0142o udzia\u0142 55 uczni\u00f3w z 8 szk\u00f3\u0142.<\/p>\n<p>Najlepsz\u0105 zawodniczk\u0105 w kategorii dziewcz\u0105t kl.IV i m\u0142odsze okaza\u0142a si\u0119 Izabela Srebro z Tuchowa (czas przejazdu 14,6), wyprzedzaj\u0105c Patrycj\u0119 Pisk\u0119...<a href='https:\/\/sp.tuchow.pl\/index.php\/2017\/02\/19\/zimowe-igrzyska-2017\/' class='pfpReadMore'>Read More &raquo;<\/a><div class='clear'><\/div><hr><\/div><div class='pfpItem entry-content'><h2 class='entry-title'><a href='https:\/\/sp.tuchow.pl\/index.php\/2017\/02\/19\/informacja-o-konkursie-recytatorskim-dla-uczniow-gimnazjum-w-tuchowie\/'>Informacja o konkursie recytatorskim dla uczni\u00f3w gimnazjum w Tuchowie.<\/a><\/h2><p>Zapraszamy na <strong>I Konkurs Recytatorski im. Kazimierza Karwata<\/strong> dla uczni\u00f3w Publicznego Gimnazjum im. Kazimierza Wielkiego w Tuchowie. Uczestnik powinien wype\u0142ni\u0107 kart\u0119 zg\u0142oszenia dost\u0119pn\u0105 w bibliotece szkolnej. Wyrecytowa\u0107 dwa wiersze, jeden poety wsp\u00f3\u0142czesnego, drugi \u2013jednego z laureat\u00f3w konkursu Liberum Arbitrium. Zg\u0142oszenia przyjmuje koordynator Anna Stanuch-Madej lub Katarzyna Krupa do dnia 23...<a href='https:\/\/sp.tuchow.pl\/index.php\/2017\/02\/19\/informacja-o-konkursie-recytatorskim-dla-uczniow-gimnazjum-w-tuchowie\/' class='pfpReadMore'>Read More &raquo;<\/a><div class='clear'><\/div><hr><\/div><div class='pfpItem entry-content'><h2 class='entry-title'><a href='https:\/\/sp.tuchow.pl\/index.php\/2017\/01\/21\/wyniki-konkursu-biblijnego\/'>Wyniki konkursu biblijnego<\/a><\/h2><p><strong>10 stycznia 2017 r. Og\u00f3lnopolskie Konkursy Przedmiotowe EDI og\u0142osi\u0142o wyniki konkursu biblijnego.<\/strong> Nasz\u0105 szkol\u0119 <strong>reprezentowa\u0142o 6 uczni\u00f3w.<\/strong> Przyst\u0119puj\u0105c do rywalizacji dzieci mia\u0142y za zadanie wykaza\u0107 si\u0119 ponadprogramowymi wiadomo\u015bciami z zakresu wiedzy na temat Biblii, zawartych w niej wa\u017cniejszych wydarze\u0144 oraz umiej\u0119tno\u015bci interpretacji tekst\u00f3w biblijnych.<\/p>\n<p>Og\u00f3\u0142em w konkursie wzi\u0119\u0142o udzia\u0142\u00a0 692uczestnik\u00f3w z...<a href='https:\/\/sp.tuchow.pl\/index.php\/2017\/01\/21\/wyniki-konkursu-biblijnego\/' class='pfpReadMore'>Read More &raquo;<\/a><div class='clear'><\/div><hr><\/div><div class='pfpItem entry-content'><h2 class='entry-title'><a href='https:\/\/sp.tuchow.pl\/index.php\/2017\/01\/19\/uczniowski-klub-sportowy-lider-tuchow-zaprasza-na-vii-miedzygminny-turniej-pilki-siatkowej-dziewczat\/'>Poezja ksi\u0119dza Jana Twardowskiego po raz pi\u0105ty<\/a><\/h2><img decoding=\"async\" src=\"https:\/\/sp.tuchow.pl\/wp-content\/uploads\/2017\/01\/dwojki2017-01-20-150x150.jpg\" \/><p>W dniu 25 stycznia 2017 r. odby\u0142 si\u0119 V Szkolny Konkurs Recytatorski ,,W magicznym \u015bwiecie wierszy ksi\u0119dza Jana Twardowskiego\u2019\u2019. Talenty i pi\u0119kne recytacje ocenia\u0142o jury: s. Krystyna Piwowar, Anna Jurek i Katarzyna Krupa. A oto wyniki:<\/p>\n<p>KLASY III \u2013IV<\/p>\n<p>&nbsp;<\/p>\n<table width=\"720\">\n<tbody>\n<tr>\n<td width=\"36\">l.p<\/td>\n<td width=\"240\">Nazwisko i imi\u0119<\/td>\n<td width=\"72\">Klasa<\/td>\n<td width=\"240\">Tytu\u0142 wiersza<\/td>\n<td width=\"132\">Miejsce<\/td>\n<\/tr>\n<tr>\n<td width=\"36\">1.<\/td>\n<td width=\"240\"><strong>Szary Jan<\/strong><\/td>\n<td...<a href='https:\/\/sp.tuchow.pl\/index.php\/2017\/01\/19\/uczniowski-klub-sportowy-lider-tuchow-zaprasza-na-vii-miedzygminny-turniej-pilki-siatkowej-dziewczat\/' class='pfpReadMore'>Read More &raquo;<\/a><div class='clear'><\/div><hr><\/div><div class='pfpItem entry-content'><h2 class='entry-title'><a href='https:\/\/sp.tuchow.pl\/index.php\/2017\/01\/16\/bal-dla-podopiecznych-stowarzyszenia-nadzieja\/'>Bal dla podopiecznych Stowarzyszenia Nadzieja<\/a><\/h2><img decoding=\"async\" src=\"https:\/\/sp.tuchow.pl\/wp-content\/uploads\/2017\/01\/Nadzieja-150x150.jpg\" \/><p style=\"text-align: justify;\"><strong>To ju\u017c kilkana\u015bcie lat sta\u0142ej przyja\u017ani i wsp\u00f3\u0142pracy naszej szko\u0142y z podopiecznymi Stowarzyszenia Rodzic\u00f3w i Przyjaci\u00f3\u0142 Os\u00f3b Niepe\u0142nosprawnych ,,Nadzieja\u2019\u2019.<\/strong><\/p>\n<p style=\"text-align: justify;\">Tradycj\u0105 naszej szko\u0142y sta\u0142o si\u0119 organizowanie od 2000 roku spotkania naszych uczni\u00f3w z cz\u0142onkami stowarzyszenia. S\u0105 nim zabawy choinkowe, a wcze\u015bniej organizowane u nas w szkole spotkania z...<a href='https:\/\/sp.tuchow.pl\/index.php\/2017\/01\/16\/bal-dla-podopiecznych-stowarzyszenia-nadzieja\/' class='pfpReadMore'>Read More &raquo;<\/a><div class='clear'><\/div><hr><\/div><div class='pfpItem entry-content'><h2 class='entry-title'><a href='https:\/\/sp.tuchow.pl\/index.php\/2017\/01\/12\/sprawozdanie-z-kiermaszu-bozonarodzeniowego\/'>Sprawozdanie z kiermaszu bo\u017conarodzeniowego<\/a><\/h2><p>&nbsp;<\/p>\n<p><strong>20 i 21 grudnia 2016r. na trzecim pi\u0119trze naszej szko\u0142y odby\u0142 si\u0119 kiermasz bo\u017conarodzeniowy.<\/strong><\/p>\n<p style=\"text-align: justify;\">Up\u0142yn\u0105\u0142 on w mi\u0142ej \u015bwi\u0105tecznej atmosferze. Cieszy\u0142 si\u0119 du\u017cym powodzeniem. Dzi\u0119ki hojno\u015bci darczy\u0144c\u00f3w na przygotowanych sto\u0142ach pojawi\u0142y si\u0119 \u015bwi\u0105teczne stroiki, pierniczki, ciasteczka, ozdoby choinkowe, kartki \u015bwi\u0105teczne itp. Uzbierana kwota 3 343,38 z\u0142 zosta\u0142a przeznaczona dla...<a href='https:\/\/sp.tuchow.pl\/index.php\/2017\/01\/12\/sprawozdanie-z-kiermaszu-bozonarodzeniowego\/' class='pfpReadMore'>Read More &raquo;<\/a><div class='clear'><\/div><hr><\/div><div class='pfpItem entry-content'><h2 class='entry-title'><a href='https:\/\/sp.tuchow.pl\/index.php\/2017\/01\/04\/wyniki-konkursu-plastycznego-pod-haslem-najpiekniejsza-kartka-swiateczna\/'>WYNIKI KONKURSU PLASTYCZNEGO  pod has\u0142em  \u201e NAJPI\u0118KNIEJSZA KARTKA \u015aWI\u0104TECZNA\u201d<\/a><\/h2><p><strong>WYNIKI KONKURSU PLASTYCZNEGO<\/strong><\/p>\n<p><strong>pod has\u0142em<\/strong><\/p>\n<p><strong>\u201e NAJPI\u0118KNIEJSZA KARTKA \u015aWI\u0104TECZNA\u201d<\/strong><\/p>\n<p>Oceny prac konkursowych dokona\u0142a komisja konkursowa w sk\u0142adzie:<\/p>\n<p>mgr Katarzyna Skrzyniarz<\/p>\n<p>mgr in\u017c. \u00a0Agata Kijowska<\/p>\n<p>mgr Stanis\u0142aw Maniak<\/p>\n<p>&nbsp;<\/p>\n<p>Prace oceniono uwzgl\u0119dniaj\u0105c nast\u0119puj\u0105ce kryteria :<\/p>\n<p>&#8211; poprawno\u015b\u0107 merytoryczn\u0105<\/p>\n<p>&#8211; technik\u0119 wykonanej pracy<\/p>\n<p>&#8211; oryginalno\u015b\u0107<\/p>\n<p>&#8211; pomys\u0142owo\u015b\u0107<\/p>\n<p>&#8211; estetyk\u0119<\/p>\n<p>&nbsp;<\/p>\n<p><strong><u>Wyniki konkursu<\/u><\/strong><\/p>\n<p>&nbsp;<\/p>\n<p><strong>I miejsce &#8211; Martyna Mikrut \/SP\/<\/strong><\/p>\n<p><strong>I miejsce &#8211; Weronika Bandyk \/Gimnazjum\/<\/strong><\/p>\n<p><strong>\u00a0<\/strong><\/p>\n<p><strong>II miejsce &#8211; Patryk W\u0105s \/SP\/...<a href='https:\/\/sp.tuchow.pl\/index.php\/2017\/01\/04\/wyniki-konkursu-plastycznego-pod-haslem-najpiekniejsza-kartka-swiateczna\/' class='pfpReadMore'>Read More &raquo;<\/a><div class='clear'><\/div><hr><\/div><div class='pfpItem entry-content'><h2 class='entry-title'><a href='https:\/\/sp.tuchow.pl\/index.php\/2016\/12\/23\/zyczenia-z-okazji-swiat-bozego-narodzenia\/'>\u017byczenia z okazji \u015awi\u0105t Bo\u017cego Narodzenia<\/a><\/h2><img decoding=\"async\" src=\"https:\/\/sp.tuchow.pl\/wp-content\/uploads\/2016\/12\/choinkalogo-150x150.jpg\" \/><p>\u017byczenia z okazji \u015awi\u0105t Bo\u017cego Narodzenia<\/p>\n<p>[Not a valid template]<\/p>\n...<a href='https:\/\/sp.tuchow.pl\/index.php\/2016\/12\/23\/zyczenia-z-okazji-swiat-bozego-narodzenia\/' class='pfpReadMore'>Read More &raquo;<\/a><div class='clear'><\/div><hr><\/div><div class='pfpItem entry-content'><h2 class='entry-title'><a href='https:\/\/sp.tuchow.pl\/index.php\/2016\/12\/23\/jestze-dla-nas-przebaczenie-jaselka-z-humorem-w-zespole-szkol-w-tuchowie\/'>\u201eJest\u017ce dla nas Przebaczenie?...\u201d  Jase\u0142ka z humorem w Zespole Szk\u00f3\u0142 w Tuchowie<\/a><\/h2><p style=\"text-align: justify;\"><strong>To ju\u017c tradycja ka\u017cdej szko\u0142y, \u017ce w ostatnim dniu przed przerw\u0105 \u015bwi\u0105teczn\u0105 przygotowywane s\u0105 jase\u0142ka dla uczni\u00f3w, rodzic\u00f3w, nauczycieli, pracownik\u00f3w szko\u0142y oraz zaproszonych go\u015bci. <\/strong><\/p>\n<p style=\"text-align: justify;\">W czwartek 22 grudnia 2016 roku pokazane zosta\u0142o przedstawienie bo\u017conarodzeniowe uczni\u00f3w Zespo\u0142u Szk\u00f3\u0142 w Tuchowie. Przygotowa\u0142y je Renata G\u0105sior oraz Dorota Surmacz...<a href='https:\/\/sp.tuchow.pl\/index.php\/2016\/12\/23\/jestze-dla-nas-przebaczenie-jaselka-z-humorem-w-zespole-szkol-w-tuchowie\/' class='pfpReadMore'>Read More &raquo;<\/a><div class='clear'><\/div><hr><\/div><div class='pfpItem entry-content'><h2 class='entry-title'><a href='https:\/\/sp.tuchow.pl\/index.php\/2016\/12\/20\/koncert-charytatywny-dla-adasia-skrzypka\/'>Koncert charytatywny dla Adasia Skrzypka<\/a><\/h2><p><b>W poniedzia\u0142ek 19 grudnia w Zespole Szk\u00f3\u0142 w Tuchowie odby\u0142 si\u0119 koncert charytatywny \u201e\u015awi\u0105teczne nutki dla Adasia\u201d.<\/b><\/p>\n<p><strong>Ada\u015b Skrzypek<\/strong> urodzi\u0142 si\u0119 20 grudnia 2015 r., wi\u0119c jutro b\u0119dzie obchodzi\u0142 pierwsze urodziny, na co nikt nie dawa\u0142 mu najmniejszych szans.<br \/>\nDzi\u0119ki heroicznej walce rodzic\u00f3w, lekarzy i licznej armii ludzi o dobrym sercu...<a href='https:\/\/sp.tuchow.pl\/index.php\/2016\/12\/20\/koncert-charytatywny-dla-adasia-skrzypka\/' class='pfpReadMore'>Read More &raquo;<\/a><div class='clear'><\/div><hr><\/div><div class='pfpItem entry-content'><h2 class='entry-title'><a href='https:\/\/sp.tuchow.pl\/index.php\/2016\/12\/20\/kiermasz-swiateczny\/'>Kiermasz \u015awi\u0105teczny<\/a><\/h2><p><strong><em>Kiermasz \u015bwi\u0105teczny<\/em><em>&nbsp;na III pi\u0119trze Szko\u0142y Podstawowej<\/em><\/strong><\/p>\n<p>&nbsp;<\/p>\n<p><strong>Zapraszamy!!!<\/strong><\/p>\n<p><em>Doch\u00f3d z kiermaszu przekazany zostanie Stowarzyszeniu \u201eNadzieja\u201d<\/em><\/p>\n<p>&nbsp;<\/p>\nngg_shortcode_34_placeholder\n...<a href='https:\/\/sp.tuchow.pl\/index.php\/2016\/12\/20\/kiermasz-swiateczny\/' class='pfpReadMore'>Read More &raquo;<\/a><div class='clear'><\/div><hr><\/div><div class='pfpItem entry-content'><h2 class='entry-title'><a href='https:\/\/sp.tuchow.pl\/index.php\/2016\/12\/20\/iv-gminny-konkurs-swiatecznej-piosenki-obcojezycznej\/'>IV GMINNY KONKURS \u015aWI\u0104TECZNEJ PIOSENKI OBCOJ\u0118ZYCZNEJ<\/a><\/h2><p style=\"text-align: justify;\" align=\"LEFT\"><strong><span style=\"font-size: large;\">Czas \u015bwi\u0105t Bo\u017cego Narodzenia to moment kiedy wszyscy zapominamy o troskach dnia codziennego. To czas rado\u015bci, spotka\u0144 z rodzin\u0105 i przyjaci\u00f3\u0142mi, to moment kt\u00f3ry pozwala nam przenie\u015b\u0107 si\u0119 w magiczny, \u015bwi\u0105teczny \u015bwiat. <\/span><\/strong><\/p>\n<p style=\"text-align: justify;\" align=\"LEFT\"><span style=\"font-size: large;\">My\u015bl ta ci\u0105gle towarzyszy, nauczycielkom j\u0119zyka angielskiego z...<a href='https:\/\/sp.tuchow.pl\/index.php\/2016\/12\/20\/iv-gminny-konkurs-swiatecznej-piosenki-obcojezycznej\/' class='pfpReadMore'>Read More &raquo;<\/a><div class='clear'><\/div><hr><\/div><div class='pfpItem entry-content'><h2 class='entry-title'><a href='https:\/\/sp.tuchow.pl\/index.php\/2016\/12\/20\/sp-wycieczka-2c-i-2b-do-kopalni-soli-w-wieliczce\/'>SP -> Wycieczka 2c i 2b do Kopalni Soli w Wieliczce<\/a><\/h2><p><strong>,,\u015aLADAMI PRACY G\u00d3RNIKA\u201d<\/strong><\/p>\n<p style=\"text-align: justify;\"><strong>12 grudnia z wype\u0142nionymi plecakami i u\u015bmiechem na twarzy klasy 2 c i b wybra\u0142y si\u0119 na ca\u0142odniow\u0105 wycieczk\u0119 do Kopalni Soli ,,Bochnia\u201d. &nbsp;<\/strong><\/p>\n<p style=\"text-align: justify;\">Pobyt w podziemiach przeni\u00f3s\u0142 zwiedzaj\u0105cych w odleg\u0142e stulecie. Trasa rozpocz\u0119\u0142a si\u0119 od zjazdu wind\u0105 200 metr\u00f3w pod ziemi\u0119. Tam na dzieci...<a href='https:\/\/sp.tuchow.pl\/index.php\/2016\/12\/20\/sp-wycieczka-2c-i-2b-do-kopalni-soli-w-wieliczce\/' class='pfpReadMore'>Read More &raquo;<\/a><div class='clear'><\/div><hr><\/div><div class='pfpItem entry-content'><h2 class='entry-title'><a href='https:\/\/sp.tuchow.pl\/index.php\/2016\/12\/15\/iv-szkolny-konkurs-swiatecznej-piosenki-obcojezycznej\/'>IV Szkolny Konkurs \u015awi\u0105tecznej Piosenki Obcoj\u0119zycznej<\/a><\/h2><p>Ju\u017c po raz czwarty w naszej szkole odby\u0142 si\u0119 Szkolny Konkurs \u015awi\u0105tecznej Piosenki Obcoj\u0119zycznej. Do konkursu zg\u0142osi\u0142o si\u0119 24 uczestnik\u00f3w (soli\u015bci i zespo\u0142y), kt\u00f3rzy oceniani byli w trzech kategoriach: klasy I-III, klasy IV-VI oraz gimnazjum. Wi\u0119kszo\u015b\u0107 wybranych utwor\u00f3w za\u015bpiewano w j\u0119zyku angielskim, jednak dwie uczestniczki wybra\u0142y j\u0119zyk niemiecki a jedna...<a href='https:\/\/sp.tuchow.pl\/index.php\/2016\/12\/15\/iv-szkolny-konkurs-swiatecznej-piosenki-obcojezycznej\/' class='pfpReadMore'>Read More &raquo;<\/a><div class='clear'><\/div><hr><\/div><div class='pfpItem entry-content'><h2 class='entry-title'><a href='https:\/\/sp.tuchow.pl\/index.php\/2016\/12\/13\/koncert-charytatywny-swiateczne-nutki-dla-adasia\/'>Koncert charytatywny \"\u015awi\u0105teczne nutki dla Adasia\"<\/a><\/h2><p><strong>Serdecznie zapraszamy do wzi\u0119cia udzia\u0142u w koncercie charytatywnym &#8222;\u015awi\u0105teczne nutki dla Adasia&#8221;<\/strong><\/p>\n<p><strong><\/strong>Wi\u0119cej szczeg\u00f3\u0142\u00f3w na plakacie.<\/p>\n<p>[Not a valid template]<\/p>\n...<a href='https:\/\/sp.tuchow.pl\/index.php\/2016\/12\/13\/koncert-charytatywny-swiateczne-nutki-dla-adasia\/' class='pfpReadMore'>Read More &raquo;<\/a><div class='clear'><\/div><hr><\/div><div class='pfpItem entry-content'><h2 class='entry-title'><a href='https:\/\/sp.tuchow.pl\/index.php\/2016\/12\/10\/przedstawienie-prawa-dziecka\/'>10 grudnia \u2013  Mi\u0119dzynarodowy Dzie\u0144 Ochrony Praw Dziecka<\/a><\/h2><p style=\"text-align: justify;\">\u201e<em>M\u0142ody cz\u0142owieku! To nie zabawa \u2013 masz prawo wiedzie\u0107, jakie masz prawa. Na samym wst\u0119pie uwierz z ochot\u0105, \u017ce jeste\u015b m\u0142od\u0105, ludzk\u0105 istot\u0105. Nikt nie ma prawa bi\u0107 Ci\u0119, wyzywa\u0107, szturcha\u0107, obra\u017ca\u0107 lub Ci ubli\u017ca\u0107, mo\u017cesz si\u0119 uczy\u0107 i bez w\u0105tpienia rozwija\u0107 talent i uzdolnienia \u201d.<\/em><\/p>\n<p style=\"text-align: justify;\">Dzieci...<a href='https:\/\/sp.tuchow.pl\/index.php\/2016\/12\/10\/przedstawienie-prawa-dziecka\/' class='pfpReadMore'>Read More &raquo;<\/a><div class='clear'><\/div><hr><\/div><div class='pfpItem entry-content'><h2 class='entry-title'><a href='https:\/\/sp.tuchow.pl\/index.php\/2016\/12\/06\/sp-dzien-mikolajowej-czapki\/'>SP -> \"Dzie\u0144 Miko\u0142ajowej Czapki\"<\/a><\/h2><p>&#8222;Dzie\u0144 Miko\u0142ajowej Czapki&#8221;<\/p>\nngg_shortcode_38_placeholder\n...<a href='https:\/\/sp.tuchow.pl\/index.php\/2016\/12\/06\/sp-dzien-mikolajowej-czapki\/' class='pfpReadMore'>Read More &raquo;<\/a><div class='clear'><\/div><hr><\/div><div class='pfpItem entry-content'><h2 class='entry-title'><a href='https:\/\/sp.tuchow.pl\/index.php\/2016\/12\/06\/sp-wizyta-swietego-mikolaja-w-klasach-1-3-sp\/'>SP -> Wizyta \u015awi\u0119tego Miko\u0142aja w klasach 1-3 SP<\/a><\/h2><img decoding=\"async\" src=\"https:\/\/sp.tuchow.pl\/wp-content\/uploads\/2016\/12\/Mikolaj2016-150x150.jpg\" \/><p style=\"text-align: justify;\"><strong>Wizyta \u015awi\u0119tego Miko\u0142aja w naszej szkole, to jeden z najbardziej oczekiwanych przez dzieci dni w roku. Ju\u017c od samego rana uczniowie edukacji wczesnoszkolnej nas\u0142uchiwali d\u017awi\u0119ku dzwonka \u015awi\u0119tego.<\/strong><\/p>\n<p style=\"text-align: justify;\">Jak co roku w asy\u015bcie swoich pomocnik\u00f3w przyby\u0142 na trzecie pi\u0119tro Szko\u0142y Podstawowej oczekiwany go\u015b\u0107. Na buziach dzieci pojawi\u0142 si\u0119...<a href='https:\/\/sp.tuchow.pl\/index.php\/2016\/12\/06\/sp-wizyta-swietego-mikolaja-w-klasach-1-3-sp\/' class='pfpReadMore'>Read More &raquo;<\/a><div class='clear'><\/div><hr><\/div><div class='pfpItem entry-content'><h2 class='entry-title'><a href='https:\/\/sp.tuchow.pl\/index.php\/2016\/12\/05\/zs-kiermasz-swiateczny\/'>ZS -> Kiermasz \u015awi\u0105teczny<\/a><\/h2><img loading=\"lazy\" decoding=\"async\" class=\"alignnone size-medium wp-image-6093\" src=\"http:\/\/zs.tuchow.pl\/wp-content\/uploads\/2016\/12\/Kiermasz-grudzien-2016-300x232.jpg\" alt=\"Kiermasz grudzien 2016\" width=\"300\" height=\"232\" \/><p><\/p>\n...<a href='https:\/\/sp.tuchow.pl\/index.php\/2016\/12\/05\/zs-kiermasz-swiateczny\/' class='pfpReadMore'>Read More &raquo;<\/a><div class='clear'><\/div><hr><\/div><div class='pfpItem entry-content'><h2 class='entry-title'><a href='https:\/\/sp.tuchow.pl\/index.php\/2016\/12\/05\/depositio-beanorum-czyli-jak-uczniow-klas-czwartych-do-grona-braci-zakowskiej-szkoly-podstawowej-przeslawne-imie-stanislawa-z-pily-staszica-noszacej-w-2016-roku-przyjeto\/'>Depositio beanorum, czyli jak uczni\u00f3w klas czwartych do grona braci \u017cakowskiej Szko\u0142y Podstawowej przes\u0142awne imi\u0119 Stanis\u0142awa z Pi\u0142y Staszica nosz\u0105cej w 2016 roku przyj\u0119to.<\/a><\/h2><p style=\"text-align: justify;\"><strong>24 listopada 2016 roku w Szkole Podstawowej w Tuchowie odby\u0142y si\u0119 po raz trzynasty otrz\u0119siny uczni\u00f3w klas czwartych. Od samego pocz\u0105tku przygotowuje je pani Renata Szel\u0105g, a pomaga samorz\u0105d szkolny. Jak ten dzie\u0144 zapami\u0119ta\u0142y dzieci? <\/strong><\/p>\n<p style=\"text-align: justify;\">Oto ich relacje:<\/p>\n<p style=\"text-align: justify;\">&nbsp;&nbsp;&nbsp;&nbsp;&nbsp;&nbsp;&nbsp;&nbsp;&nbsp;&nbsp;&nbsp; ,,Otrz\u0119siny, czyli beania to ceremonia urz\u0105dzana...<a href='https:\/\/sp.tuchow.pl\/index.php\/2016\/12\/05\/depositio-beanorum-czyli-jak-uczniow-klas-czwartych-do-grona-braci-zakowskiej-szkoly-podstawowej-przeslawne-imie-stanislawa-z-pily-staszica-noszacej-w-2016-roku-przyjeto\/' class='pfpReadMore'>Read More &raquo;<\/a><div class='clear'><\/div><hr><\/div><div class='pfpItem entry-content'><h2 class='entry-title'><a href='https:\/\/sp.tuchow.pl\/index.php\/2016\/12\/05\/gim-wyniki-17-akcji-polacy-rodakom-gimnazjum\/'>GIM -> WYNIKI 17. AKCJI ,,POLACY \u2013 RODAKOM\" \u2013 GIMNAZJUM<\/a><\/h2><p align=\"CENTER\"><span style=\"font-family: 'Book Antiqua', serif;\"><span style=\"font-size: xx-large;\"><b>WYNIKI 17. AKCJI ,,POLACY \u2013 RODAKOM&#8221; \u2013 GIMNAZJUM<\/b><\/span><\/span><\/p>\n<table style=\"width: 45.7952%;\" border=\"1\" cellspacing=\"0\" cellpadding=\"4\">\n<colgroup>\n<col width=\"128*\" \/>\n<col width=\"128*\" \/> <\/colgroup>\n<tbody>\n<tr style=\"height: 92.4757px;\">\n<td style=\"width: 21%; height: 92.4757px;\">\n<p align=\"CENTER\"><span style=\"font-family: 'Book Antiqua', serif;\"><span style=\"font-size: x-large;\"><b>ZEBRANE PRODUKTY<\/b><\/span><\/span><\/p>\n<\/td>\n<td style=\"width: 23.882%; height: 92.4757px;\" valign=\"TOP\">\n<p align=\"CENTER\"><span style=\"font-family: 'Book Antiqua', serif;\"><span style=\"font-size:...<a href='https:\/\/sp.tuchow.pl\/index.php\/2016\/12\/05\/gim-wyniki-17-akcji-polacy-rodakom-gimnazjum\/' class='pfpReadMore'>Read More &raquo;<\/a><div class='clear'><\/div><hr><\/div><div class='pfpItem entry-content'><h2 class='entry-title'><a href='https:\/\/sp.tuchow.pl\/index.php\/2016\/12\/05\/gim-wyniki-akcji-paczka-na-gwiazdke-dla-dzieci-z-onkologii-z-prokocimia-gimnazjum\/'>GIM -> WYNIKI AKCJI ,,PACZKA NA GWIAZDK\u0118 DLA DZIECI  Z ONKOLOGII Z PROKOCIMIA\" - GIMNAZJUM<\/a><\/h2><p>Przez ostatni miesi\u0105c uczniowie SP i GIM zbierali drobne upominki dla dzieci i m\u0142odzie\u017cy z oddzia\u0142u onkologii z Krakowa-Prokocimia. O to co uda\u0142o si\u0119 im zebra\u0107:<\/p>\n<table style=\"width: 51.8741%;\" border=\"1\" cellspacing=\"0\" cellpadding=\"4\">\n<colgroup>\n<col width=\"144*\" \/>\n<col width=\"112*\" \/> <\/colgroup>\n<tbody>\n<tr valign=\"TOP\">\n<td style=\"width: 28%;\">\n<p align=\"CENTER\"><span style=\"font-family: 'Book Antiqua', serif;\"><span style=\"font-size: large;\"><b>ZEBRANE PRZEDMIOTY<\/b><\/span><\/span><\/p>\n<\/td>\n<td style=\"width: 22.9724%;\">\n<p align=\"CENTER\"><span...<a href='https:\/\/sp.tuchow.pl\/index.php\/2016\/12\/05\/gim-wyniki-akcji-paczka-na-gwiazdke-dla-dzieci-z-onkologii-z-prokocimia-gimnazjum\/' class='pfpReadMore'>Read More &raquo;<\/a><div class='clear'><\/div><hr><\/div><div class='pfpItem entry-content'><h2 class='entry-title'><a href='https:\/\/sp.tuchow.pl\/index.php\/2016\/12\/01\/sp-ogolnopolski-konkurs-przypowiesci-biblijnych-edi\/'>SP -> Og\u00f3lnopolski Konkurs Przypowie\u015bci Biblijnych \u2013 EDI<\/a><\/h2><p>29 listopada 6 uczni\u00f3w z naszej szko\u0142y wzi\u0119\u0142o udzia\u0142 w Og\u00f3lnopolskim Konkursie Przypowie\u015bci Biblijne \u2013 EDI, kt\u00f3rego celem jest pog\u0142\u0119bienie wiedzy biblijnej i znajomo\u015bci Pisma \u015awi\u0119tego w\u015br\u00f3d m\u0142odzie\u017cy szkolnej.<\/p>\n<p>W konkursie udzia\u0142 wzi\u0119li:<\/p>\n<div>kl. IA -Antoni R\u00f3\u017cycki<\/div>\n<div>kl. IV B &#8211; Szymon Koncewicz<\/div>\n<div>Kl. VB &#8211; R\u00f3\u017cycki Jakub<\/div>\n<div>kl. VB &#8211; \u017bo\u0142\u0105d\u017a Jagoda<\/div>\n<div>kl. VIC &#8211;...<a href='https:\/\/sp.tuchow.pl\/index.php\/2016\/12\/01\/sp-ogolnopolski-konkurs-przypowiesci-biblijnych-edi\/' class='pfpReadMore'>Read More &raquo;<\/a><div class='clear'><\/div><hr><\/div><div class='pfpItem entry-content'><h2 class='entry-title'><a href='https:\/\/sp.tuchow.pl\/index.php\/2016\/11\/22\/zs-samorzad-uczniowski-sp-i-gim-zapraszaja-na-dyskoteke-andrzejkowa\/'>ZS -> Samorz\u0105d Uczniowski SP i GIM zapraszaj\u0105 na DYSKOTEK\u0118 ANDRZEJKOW\u0104<\/a><\/h2><img decoding=\"async\" src=\"https:\/\/sp.tuchow.pl\/wp-content\/uploads\/2016\/11\/Andrzejki-150x150.jpg\" \/><p><strong>Samorz\u0105d Uczniowski SP i GIM zapraszaj\u0105 na\u00a0DYSKOTEK\u0118 ANDRZEJKOW\u0104, kt\u00f3ra odb\u0119dzie si\u0119 23 listopada \/\u015broda\/ w hali MOSiR wg harmonogramu<\/strong>:<\/p>\n<ul>\n<li>uczniowie 4-6 od godz. 15 do 17;<\/li>\n<li>uczniowie gimnazjum od godz. 17 &#8211; 19.<\/li>\n<\/ul>\n<p><strong>Zapraszamy !!!<\/strong><\/p>\n<p><\/p>\n...<a href='https:\/\/sp.tuchow.pl\/index.php\/2016\/11\/22\/zs-samorzad-uczniowski-sp-i-gim-zapraszaja-na-dyskoteke-andrzejkowa\/' class='pfpReadMore'>Read More &raquo;<\/a><div class='clear'><\/div><hr><\/div><div class='pfpItem entry-content'><h2 class='entry-title'><a href='https:\/\/sp.tuchow.pl\/index.php\/2016\/11\/21\/gim-otrzesiny-klas-pierwszych\/'>GIM -> Otrz\u0119siny klas pierwszych<\/a><\/h2><p style=\"text-align: justify;\"><strong>7 listopada 2016 roku odby\u0142y si\u0119 otrz\u0119siny klas pierwszych gimnazjum. <\/strong><\/p>\n<p style=\"text-align: justify;\">Uroczysto\u015b\u0107 trwa\u0142a od 9:40 do 12:20. Prowadzi\u0142y j\u0105: Natalia Baran (przewodnicz\u0105ca samorz\u0105du uczniowskiego gimnazjum) i Ma\u0142gorzata Igielska (zast\u0119pca). W jury zasiedli: pan dyrektor J\u00f3zef Wzorek, nauczyciel muzyk &#8211; pan Wies\u0142aw Cie\u015bla, nauczyciel plastyki &#8211; pan Stanis\u0142aw...<a href='https:\/\/sp.tuchow.pl\/index.php\/2016\/11\/21\/gim-otrzesiny-klas-pierwszych\/' class='pfpReadMore'>Read More &raquo;<\/a><div class='clear'><\/div><hr><\/div><div class='pfpItem entry-content'><h2 class='entry-title'><a href='https:\/\/sp.tuchow.pl\/index.php\/2016\/11\/17\/gim-harmonogram-pracy-szkoly-podczas-probnych-egzaminow-gimnazjalnych-w-dniach-23-25-listopada-2016-r\/'>GIM -> Harmonogram pracy szko\u0142y podczas pr\u00f3bnych egzamin\u00f3w gimnazjalnych w dniach 23-25 listopada 2016 r.<\/a><\/h2><pre><strong>W dniach <u>23,24,25 listopada 2016 r.<\/u> (\u015broda, czwartek, pi\u0105tek) klasy III Gimnazjum pisz\u0105 pr\u00f3bne egzamin gimnazjalny.<\/strong>\r\n\r\nKlasy przyst\u0119puj\u0105 do test\u00f3w w nast\u0119puj\u0105cym porz\u0105dku :\r\n\r\n<strong><u>23 listopada<\/u><\/strong> \u00a0\u00a0\u00a0\u00a0\u00a0\u00a0\u00a0\u00a0\u00a0\u00a0\u00a0 \r\n12<sup>30<\/sup> \u2013 13<sup>30 <\/sup>z zakresu historii i wiedzy o spo\u0142ecze\u0144stwie\r\n13<sup>40<\/sup> \u2013 15<sup>10<\/sup> z zakresu j\u0119z. polskiego\r\n\r\n<strong><u>24 listopada<\/u><\/strong> \u00a0\u00a0\u00a0\u00a0\u00a0\u00a0\u00a0\u00a0\u00a0\u00a0\u00a0 \r\n12<sup>30<\/sup> \u2013 13<sup>30 <\/sup>cz\u0119\u015b\u0107 przyrodnicza\r\n13<sup>40<\/sup> \u2013 15<sup>10<\/sup>...<a href='https:\/\/sp.tuchow.pl\/index.php\/2016\/11\/17\/gim-harmonogram-pracy-szkoly-podczas-probnych-egzaminow-gimnazjalnych-w-dniach-23-25-listopada-2016-r\/' class='pfpReadMore'>Read More &raquo;<\/a><div class='clear'><\/div><hr><\/div><div class='pfpItem entry-content'><h2 class='entry-title'><a href='https:\/\/sp.tuchow.pl\/index.php\/2016\/11\/17\/gim-dziewczyny-z-publicznego-gimnazjum-w-tuchowie-mistrzyniami-malopolski\/'>GIM -> DZIEWCZYNY Z PUBLICZNEGO GIMNAZJUM W TUCHOWIE MISTRZYNIAMI MA\u0141OPOLSKI!<\/a><\/h2><img decoding=\"async\" src=\"https:\/\/sp.tuchow.pl\/wp-content\/uploads\/2016\/11\/zlotka-150x150.jpg\" \/><p>Ma\u0142o kto wie, ale dzisiaj nasza m\u0142odzie\u017c z Gimnazjum Publicznego w Tuchowie wywalczy\u0142a mistrzostwo ma\u0142opolski w gimnazjadzie szkolnej!! Dziewczyny w finale wojew\u00f3dzkim pokona\u0142y r\u00f3wie\u015bniczki z\u00a0Krakowa 5:1, Naprawy 4:0, Wieliczki 3:0 i zremisowa\u0142y z Nowym S\u0105czem 4:4!!<\/p>\n<div class=\"text_exposed_show\">\n<p>Dru\u017cyna:<\/p>\n<p>Karolina Karwat (k), Julia Odroniec, Klaudia \u0141\u0105tka, Beata Bartkiewicz, Anna W\u0105s, Patrycja Barna\u015b, Izabela...<a href='https:\/\/sp.tuchow.pl\/index.php\/2016\/11\/17\/gim-dziewczyny-z-publicznego-gimnazjum-w-tuchowie-mistrzyniami-malopolski\/' class='pfpReadMore'>Read More &raquo;<\/a><div class='clear'><\/div><hr><\/div><div class='pfpItem entry-content'><h2 class='entry-title'><a href='https:\/\/sp.tuchow.pl\/index.php\/2016\/11\/14\/zs-uroczyste-obchody-swieta-niepodleglosci-w-zespole-szkol-w-tuchowie\/'>ZS -> Uroczyste obchody \u015awi\u0119ta Niepodleg\u0142o\u015bci w Zespole Szk\u00f3\u0142 w Tuchowie.<\/a><\/h2><p style=\"text-align: justify;\"><strong>10 listopada 2016 r. Dyrekcja, uczniowie i nauczyciele Zespo\u0142u Szk\u00f3\u0142 w Tuchowie brali udzia\u0142 w\u00a0 uroczystej akademii z okazji 98 \u2013 mej rocznicy odzyskania \u00a0niepodleg\u0142o\u015bci przez Polsk\u0119.<\/strong><\/p>\n<p style=\"text-align: justify;\">W Domu Kultury odby\u0142y si\u0119 akademie dla klas I-VI Szko\u0142y Podstawowej oraz dla klas I \u2013III Gimnazjum.<\/p>\n<p style=\"text-align: justify;\">Program historyczny...<a href='https:\/\/sp.tuchow.pl\/index.php\/2016\/11\/14\/zs-uroczyste-obchody-swieta-niepodleglosci-w-zespole-szkol-w-tuchowie\/' class='pfpReadMore'>Read More &raquo;<\/a><div class='clear'><\/div><hr><\/div><div class='pfpItem entry-content'><h2 class='entry-title'><a href='https:\/\/sp.tuchow.pl\/index.php\/2016\/11\/14\/zs-koncert-szanty-duo\/'>ZS -> Koncert \"Szanty duo\"<\/a><\/h2><p><strong>15 listopada 2016 roku (wtorek) uczniowie naszej szko\u0142y wezm\u0105 udzia\u0142 w koncercie \u201eSzanty duo\u201d.\u00a0<\/strong><\/p>\n<p>Klasy wychodz\u0105 do hali MOSiR pod opiek\u0105 nauczycieli wg nast\u0119puj\u0105cego harmonogramu:<\/p>\n<p>&#8211; 9:40 \u2013 10:25 szko\u0142a podstawowa klasy 6 i gimnazjum 1-3<\/p>\n<p>&#8211; 10:30 \u2013 11:20 szko\u0142a podstawowa klasy 1-5<\/p>\n<p>&nbsp;<\/p>\n...<a href='https:\/\/sp.tuchow.pl\/index.php\/2016\/11\/14\/zs-koncert-szanty-duo\/' class='pfpReadMore'>Read More &raquo;<\/a><div class='clear'><\/div><hr><\/div><div class='pfpItem entry-content'><h2 class='entry-title'><a href='https:\/\/sp.tuchow.pl\/index.php\/2016\/11\/13\/sp-bajkowe-kukielki-swietuja-w-niedzwiadzie-dolnej\/'>SP -> Bajkowe Kukie\u0142ki \u015awi\u0119tuj\u0105 w Nied\u017awiadzie Dolnej<\/a><\/h2><img decoding=\"async\" src=\"https:\/\/sp.tuchow.pl\/wp-content\/uploads\/2016\/11\/kukuelki-150x150.jpg\" \/><p style=\"text-align: justify;\"><strong>Uczniowie klas I \u2013 III Szko\u0142y Podstawowej w Tuchowie wzi\u0119li udzia\u0142 w Og\u00f3lnopolskim Konkursie Plastycznym pod has\u0142em \u201eBajkowe kukie\u0142ki\u201d pod honorowym patronatem Podkarpackiego Kuratora O\u015bwiaty i Burmistrza Ropczyc, organizowanym przez Szko\u0142\u0119 Podstawow\u0105 im. Ba\u015bni Polskiej w Nied\u017awiadzie Dolnej z okazji przypadaj\u0105cego 5 listopada Dnia Postaci z Bajek.<\/strong><\/p>\n<p style=\"text-align:...<a href='https:\/\/sp.tuchow.pl\/index.php\/2016\/11\/13\/sp-bajkowe-kukielki-swietuja-w-niedzwiadzie-dolnej\/' class='pfpReadMore'>Read More &raquo;<\/a><div class='clear'><\/div><hr><\/div><div class='pfpItem entry-content'><h2 class='entry-title'><a href='https:\/\/sp.tuchow.pl\/index.php\/2016\/11\/09\/xviii-zlot-niepodleglosciowy-lowczowek-2016\/'>XVIII Zlot Niepodleg\u0142o\u015bciowy \u0141owcz\u00f3wek 2016<\/a><\/h2><p><span style=\"font-family: 'Book Antiqua', serif;\"><span style=\"font-size: medium;\">W niedziel\u0119 6 listopada 2016 r. uczniowie naszej szko\u0142y pod opiek\u0105 nauczycieli brali udzia\u0142 w XVIII ju\u017c Zlocie Niepodleg\u0142o\u015bciowym ,,\u0141owcz\u00f3wek 2016&#8243;, kt\u00f3ry by\u0142 jednocze\u015bnie 102. rocznic\u0105 stoczonej tam bitwy.<\/p>\n<p>Gimnazjali\u015bci oraz sz\u00f3stoklasi\u015bci zebrali si\u0119 o godz. 10:00 pod szko\u0142\u0105, by nast\u0119pnie razem z dyrekcj\u0105 oraz...<a href='https:\/\/sp.tuchow.pl\/index.php\/2016\/11\/09\/xviii-zlot-niepodleglosciowy-lowczowek-2016\/' class='pfpReadMore'>Read More &raquo;<\/a><div class='clear'><\/div><hr><\/div><div class='pfpItem entry-content'><h2 class='entry-title'><a href='https:\/\/sp.tuchow.pl\/index.php\/2016\/11\/07\/sp-historyczny-spacer-po-tuchowie-klasy-v-a\/'>SP -> Historyczny spacer po Tuchowie klasy V a<\/a><\/h2><img decoding=\"async\" src=\"https:\/\/sp.tuchow.pl\/wp-content\/uploads\/2016\/11\/Tuch-w6-150x150.jpg\" \/><div><strong>W czwartek 20 pa\u017adziernika po pierwszej lekcji wybrali\u015bmy si\u0119 na wycieczk\u0119 po Tuchowie. Opiekowa\u0142y si\u0119 nami panie Katarzyna Skrzyniarz oraz pani Renata Szel\u0105g.<\/strong><br \/>\nPogoda nas nie rozpieszcza\u0142a, za to humory dopisywa\u0142y. Pani Szel\u0105g w paru zdaniach nakre\u015bli\u0142a nam histori\u0119 naszego miasta oraz jego po\u0142o\u017cenie. Po tym wst\u0119pie wyruszyli\u015bmy spod szko\u0142y...<a href='https:\/\/sp.tuchow.pl\/index.php\/2016\/11\/07\/sp-historyczny-spacer-po-tuchowie-klasy-v-a\/' class='pfpReadMore'>Read More &raquo;<\/a><div class='clear'><\/div><hr><\/div><div class='pfpItem entry-content'><h2 class='entry-title'><a href='https:\/\/sp.tuchow.pl\/index.php\/2016\/11\/04\/film-ze-slubowania-i-pasowania-na-ucznia-klas-pierwszych-sp\/'>FILM ze \u015blubowania i pasowania na ucznia klas pierwszych SP<\/a><\/h2><div class=\"\" data-block=\"true\" data-editor=\"ee31f\" data-offset-key=\"1hlnp-0-0\">\n<div class=\"_1mf _1mj\" data-offset-key=\"1hlnp-0-0\"><strong><span data-offset-key=\"1hlnp-0-0\"><span data-text=\"true\">Dzi\u0119ki uprzejmo\u015bci Pana Wiktora Sajdaka zamieszczamy film ze \u015blubowania klas pierwszych SP.<\/span><\/span><\/strong><\/div>\n<\/div>\n<div class=\"\" data-block=\"true\" data-editor=\"ee31f\" data-offset-key=\"ff5mr-0-0\">\n<div class=\"_1mf _1mj\" data-offset-key=\"ff5mr-0-0\"><span data-offset-key=\"ff5mr-0-0\">\u00a0<\/span><\/div>\n<\/div>\n<div class=\"\" data-block=\"true\" data-editor=\"ee31f\" data-offset-key=\"8phgq-0-0\">\n<div class=\"_1mf _1mj\" data-offset-key=\"8phgq-0-0\"><span data-offset-key=\"8phgq-0-0\"><span data-text=\"true\">Film mo\u017cna pobra\u0107 za pomoc\u0105 http:\/\/downtube.pl<\/span><\/span><\/div>\n<div class=\"_1mf _1mj\" data-offset-key=\"8phgq-0-0\"><\/div>\n<\/div>\n<div class=\"\" data-block=\"true\" data-editor=\"ee31f\" data-offset-key=\"kril-0-0\">\n<div...<a href='https:\/\/sp.tuchow.pl\/index.php\/2016\/11\/04\/film-ze-slubowania-i-pasowania-na-ucznia-klas-pierwszych-sp\/' class='pfpReadMore'>Read More &raquo;<\/a><div class='clear'><\/div><hr><\/div><div class='pfpItem entry-content'><h2 class='entry-title'><a href='https:\/\/sp.tuchow.pl\/index.php\/2016\/11\/03\/sp-slubowanie-klas-1a-i-1b-szkoly-podstawowej-im-stanislawa-staszica-w-tuchowie\/'>SP -> \u015alubowanie klas 1a i 1b Szko\u0142y Podstawowej im. Stanis\u0142awa Staszica w Tuchowie<\/a><\/h2><p><strong>27 pa\u017adziernika 2016 r. w naszej szkole to bardzo wa\u017cna data dla uczni\u00f3w klasy 1a i 1b. W tym dniu odby\u0142a si\u0119 uroczysto\u015b\u0107 \u015blubowania i pasowania dzieci na uczni\u00f3w Szko\u0142y Podstawowej im. Stanis\u0142awa Staszica w Tuchowie.<\/strong><\/p>\n<p>Prowadz\u0105ca powita\u0142a zaproszonych go\u015bci, dyrekcj\u0119 szko\u0142y i nauczycieli, a szczeg\u00f3lnie gor\u0105co przywita\u0142a bohater\u00f3w uroczysto\u015bci \u2013...<a href='https:\/\/sp.tuchow.pl\/index.php\/2016\/11\/03\/sp-slubowanie-klas-1a-i-1b-szkoly-podstawowej-im-stanislawa-staszica-w-tuchowie\/' class='pfpReadMore'>Read More &raquo;<\/a><div class='clear'><\/div><hr><\/div><div class='pfpItem entry-content'><h2 class='entry-title'><a href='https:\/\/sp.tuchow.pl\/index.php\/2016\/10\/30\/zs-organizacja-pracy-w-dniu-31-10-2016-r\/'>ZS -> Organizacja pracy w dniu 31-10-2016 r.<\/a><\/h2><p>Dyrektor ZS w Tuchowie informuje, \u017ce dzie\u0144 31-10-2016 r. \/poniedzia\u0142ek\/ jest dniem wolnym od zaj\u0119\u0107 dydaktycznych.<\/p>\n<p>W tym dniu \u015bwietlica szkolna dzia\u0142a od godz. 6:30 &#8211; 16:30, sto\u0142\u00f3wka i sklepik szkolny b\u0119d\u0105 nieczynne.<\/p>\n...<a href='https:\/\/sp.tuchow.pl\/index.php\/2016\/10\/30\/zs-organizacja-pracy-w-dniu-31-10-2016-r\/' class='pfpReadMore'>Read More &raquo;<\/a><div class='clear'><\/div><hr><\/div><div class='pfpItem entry-content'><h2 class='entry-title'><a href='https:\/\/sp.tuchow.pl\/index.php\/2016\/10\/23\/gim-final-miedzypowiatowego-turnieju-sztuki-recytatorskiej-oraz-poezji-spiewanej-poszukiwania-2016\/'>GIM -> Fina\u0142 Mi\u0119dzypowiatowego Turnieju Sztuki Recytatorskiej oraz poezji \u015bpiewanej \u201ePoszukiwania\u201d 2016<\/a><\/h2><p style=\"text-align: justify;\"><strong>Uczniowie Zespo\u0142u Szk\u00f3l w Tuchowie wzi\u0119li udzia\u0142 w turnieju recytatorskim w \u017babnie w czwartek 20 pa\u017adziernika 2016 roku. <\/strong><\/p>\n<p style=\"text-align: justify;\">Pojechali tam laureaci eliminacji powiatowych: Filip W\u0142odarz ze Szko\u0142y Podstawowej im. Stanis\u0142awa Staszica ucze\u0144 klasy 5 B, Izabela Zaj\u0105c z klasy 1 A oraz Lidia Nowak z klasy...<a href='https:\/\/sp.tuchow.pl\/index.php\/2016\/10\/23\/gim-final-miedzypowiatowego-turnieju-sztuki-recytatorskiej-oraz-poezji-spiewanej-poszukiwania-2016\/' class='pfpReadMore'>Read More &raquo;<\/a><div class='clear'><\/div><hr><\/div><div class='pfpItem entry-content'><h2 class='entry-title'><a href='https:\/\/sp.tuchow.pl\/index.php\/2016\/10\/23\/gim-cwilin-zdobyty\/'>GIM -> \u0106wilin zdobyty!<\/a><\/h2><p style=\"text-align: justify;\"><strong>Dnia 17.10.2016 r. klasa IIc\u00a0 wraz z opiekunami: p.Ann\u0105 Stanuch-Madej, p. Dorot\u0105 Cichoraz ks. Markiem Wojakiem uczestniczy\u0142a w wycieczce do Limanowej po\u0142o\u017conej w Beskidzie Wyspowym.<\/strong><\/p>\n<p style=\"text-align: justify;\">Pierwszym punktem ca\u0142odziennej wyprawy by\u0142o zdobycie \u0106wilina- szczytu znajduj\u0105cego si\u0119 w pobli\u017cu Limanowej. Od samego pocz\u0105tku ochoczo ruszyli\u015bmy w drog\u0119. Pomimo zm\u0119czenia...<a href='https:\/\/sp.tuchow.pl\/index.php\/2016\/10\/23\/gim-cwilin-zdobyty\/' class='pfpReadMore'>Read More &raquo;<\/a><div class='clear'><\/div><hr><\/div><div class='pfpItem entry-content'><h2 class='entry-title'><a href='https:\/\/sp.tuchow.pl\/index.php\/2016\/10\/23\/sp-wycieczka-do-gospodarstwa-pasiecznego-sadecki-bartnik\/'>SP -> Wycieczka do Gospodarstwa Pasiecznego \u201eS\u0105decki Bartnik\u201d<\/a><\/h2><p>W pa\u017adziernikowy, ch\u0142odny pi\u0105tek, przesta\u0142 panowa\u0107 lekcji porz\u0105dek.<\/p>\n<p>Bo oto klasa 3 b i d na wycieczk\u0119 jecha\u0107 dzi\u015b chce.<\/p>\n<p>Wi\u0119c w autobus szybko wsiada, do Bartnika S\u0105deckiego si\u0119 zapowiada.<\/p>\n<p>A na miejscu? Oj Kochani\u2026 grom atrakcji \u2013 zobaczcie sami:<\/p>\n<p>Od zwiedzania zaczynamy, skansen i muzeum ogl\u0105damy.<\/p>\n<p>Kolekcje barci, uli, wystawy \u2013 przewodnik wyjawia nam...<a href='https:\/\/sp.tuchow.pl\/index.php\/2016\/10\/23\/sp-wycieczka-do-gospodarstwa-pasiecznego-sadecki-bartnik\/' class='pfpReadMore'>Read More &raquo;<\/a><div class='clear'><\/div><hr><\/div><div class='pfpItem entry-content'><h2 class='entry-title'><a href='https:\/\/sp.tuchow.pl\/index.php\/2016\/10\/20\/rekord-guinnessa-w-zespole-szkol-w-tuchowie\/'>Rekord Guinnessa w Zespole Szk\u00f3\u0142 w Tuchowie<\/a><\/h2><p><strong>17 pa\u017adziernika uczniowie Zespo\u0142u Szk\u00f3\u0142 w Tuchowie wraz z koordynatorami programu \u201eRatujemy i uczymy ratowa\u0107\u201d<\/strong> wzi\u0119\u0142o udzia\u0142 w akcji bicia rekordu Guinnessa w jednoczesnej resuscytacji kr\u0105\u017ceniowo-oddechowej prowadzonej przez jak najwi\u0119ksz\u0105 liczb\u0119 os\u00f3b!<\/p>\n<p>Do akcji bicia rekordu przy\u0142\u0105czyli si\u0119 r\u00f3wnie\u017c ratownicy medyczni tuchowskiego pogotowia ratunkowego.<\/p>\n<p>&nbsp;<\/p>\n<p>&nbsp;<\/p>\nngg_shortcode_44_placeholder\n...<a href='https:\/\/sp.tuchow.pl\/index.php\/2016\/10\/20\/rekord-guinnessa-w-zespole-szkol-w-tuchowie\/' class='pfpReadMore'>Read More &raquo;<\/a><div class='clear'><\/div><hr><\/div><div class='pfpItem entry-content'><h2 class='entry-title'><a href='https:\/\/sp.tuchow.pl\/index.php\/2016\/10\/20\/rejon-i-grupa-wschodnia-z-udzialem-uks-lider-mosir-tuchow\/'>Rejon I grupa wschodnia z udzia\u0142em UKS LIDER MOSIR Tuch\u00f3w<\/a><\/h2><img decoding=\"async\" src=\"https:\/\/sp.tuchow.pl\/wp-content\/uploads\/2016\/10\/uks-lider-150x150.jpg\" \/><div>\n<div><strong>TURNIEJE KWALIFIKACYJNE CZAS ZACZ\u0104\u0106<\/strong><\/div>\n<p><strong>Rejon I grupa wschodnia z udzia\u0142em UKS LIDER MOSIR Tuch\u00f3w<\/strong><\/div>\n<p>Zespo\u0142y<br \/>\n1. EKSTRIM Gorlice<br \/>\n2 UKS LIDER MOSiR Tuch\u00f3w<br \/>\n3. UKS Jedynka Tarn\u00f3w A<span class=\"gmail-m_3500117948569116272gmail-text_exposed_show\"><br \/>\n4. MKS Ryglice<br \/>\n5. SANDECJA Nowy S\u0105cz<br \/>\n6. Stowarzyszenie z Przysz\u0142o\u015bci\u0105 Gromnik<br \/>\n7. PODKARPACIE Bobowa<br \/>\n8. POPRAD Stary S\u0105cz<br \/>\n9. POPRAD Stary S\u0105cz...<a href='https:\/\/sp.tuchow.pl\/index.php\/2016\/10\/20\/rejon-i-grupa-wschodnia-z-udzialem-uks-lider-mosir-tuchow\/' class='pfpReadMore'>Read More &raquo;<\/a><div class='clear'><\/div><hr><\/div><div class='pfpItem entry-content'><h2 class='entry-title'><a href='https:\/\/sp.tuchow.pl\/index.php\/2016\/10\/19\/gim-i-miejsce-w-polfinale-powiatowym-chlopcow-w-halowej-pilce-noznej\/'>GIM -> I miejsce w p\u00f3\u0142finale powiatowym ch\u0142opc\u00f3w w halowej pi\u0142ce no\u017cnej !<\/a><\/h2><p><strong>19 pa\u017adziernika w hali Tuchowskiego MOSiRU odby\u0142 si\u0119 p\u00f3\u0142fina\u0142 powiatowy ch\u0142opc\u00f3w<\/strong>. Do turnieju zg\u0142osi\u0142o si\u0119 6 zespo\u0142\u00f3w, podzielonych na dwie grupy , w kt\u00f3rych rozegrano mecze &#8222;ka\u017cdy z ka\u017cdym&#8221;. Ch\u0142opcy z Tuchowa trafili do tzw. &#8222;grupy \u015bmierci&#8221; z Gromnikiem i Szynwa\u0142dem. Ostatecznie po remisie z Gromnikiem 1:1 i wygranej z...<a href='https:\/\/sp.tuchow.pl\/index.php\/2016\/10\/19\/gim-i-miejsce-w-polfinale-powiatowym-chlopcow-w-halowej-pilce-noznej\/' class='pfpReadMore'>Read More &raquo;<\/a><div class='clear'><\/div><hr><\/div><div class='pfpItem entry-content'><h2 class='entry-title'><a href='https:\/\/sp.tuchow.pl\/index.php\/2016\/10\/19\/gim-i-miejsce-dziewczat-z-gimnazjum-w-polfinale-powiatowym-w-halowej-pilce-noznej\/'>GIM -> I miejsce dziewcz\u0105t z gimnazjum w p\u00f3\u0142finale powiatowym w halowej pi\u0142ce no\u017cnej!<\/a><\/h2><img decoding=\"async\" src=\"https:\/\/sp.tuchow.pl\/wp-content\/uploads\/2016\/10\/14690846_1814892008780315_1138400408708512952_n-150x150.jpg\" \/><p><strong>Dnia 18 pa\u017adziernika (wtorek) w hali MOSiR w Tuchowie odby\u0142y si\u0119 p\u00f3\u0142fina\u0142y powiatowe w halowej pi\u0142ce no\u017cnej dziewcz\u0105t &#8211; gimnazjum. <\/strong><\/p>\n<p>W turnieju wzi\u0119\u0142o udzia\u0142 sze\u015b\u0107 dru\u017cyn :<br \/>\n&#8211; Tuch\u00f3w<br \/>\n&#8211; Rzuchowa<span class=\"text_exposed_show\"><br \/>\n&#8211; Jastrz\u0119bia<br \/>\n&#8211; Ryglice<br \/>\n&#8211; Zakliczyn<br \/>\n&#8211; Siemiech\u00f3w<br \/>\nGrupa A :<br \/>\n* Siemiech\u00f3w<br \/>\n* Zakliczyn<br \/>\n* Rzuchowa<\/span><\/p>\n<div class=\"text_exposed_show\">\n<p>Grupa...<a href='https:\/\/sp.tuchow.pl\/index.php\/2016\/10\/19\/gim-i-miejsce-dziewczat-z-gimnazjum-w-polfinale-powiatowym-w-halowej-pilce-noznej\/' class='pfpReadMore'>Read More &raquo;<\/a><div class='clear'><\/div><hr><\/div><div class='pfpItem entry-content'><h2 class='entry-title'><a href='https:\/\/sp.tuchow.pl\/index.php\/2016\/10\/17\/dzien-komisji-edukacji-narodowej\/'>Dzie\u0144 Komisji Edukacji Narodowej<\/a><\/h2><p style=\"text-align: justify;\"><em>\u201eNa pocz\u0105tku B\u00f3g stworzy\u0142 niebo i ziemi\u0119&#8230;a na ko\u0144cu cz\u0142owieka. Nied\u0142ugo po opuszczeniu raju Adam i Ewa zostali szcz\u0119\u015bliwymi rodzicami. Jednak co\u015b zacz\u0119\u0142o psu\u0107 si\u0119 w ich codzienno\u015b\u0107\u2026 B\u00f3g widz\u0105c, \u017ce jego stworzenie nie tylko nie jest zbyt dobre, ale wygl\u0105da na mocno niedopracowane, postanowi\u0142 dokona\u0107 koniecznej korekty....<a href='https:\/\/sp.tuchow.pl\/index.php\/2016\/10\/17\/dzien-komisji-edukacji-narodowej\/' class='pfpReadMore'>Read More &raquo;<\/a><div class='clear'><\/div><hr><\/div><div class='pfpItem entry-content'><h2 class='entry-title'><a href='https:\/\/sp.tuchow.pl\/index.php\/2016\/10\/15\/gim-dzien-patrona-publicznego-gimnazjum-im-kazimierza-wielkiego\/'>GIM -> Dzie\u0144 Patrona Publicznego Gimnazjum im. Kazimierza Wielkiego<\/a><\/h2><p>Jak zawsze w pa\u017adzierniku, od roku 2010, kiedy to naszemu gimnazjum nadano imi\u0119 kr\u00f3la Kazimierza III Wielkiego oraz sztandar, obchodzimy \u015awi\u0119to Patrona po\u0142\u0105czone ze \u015blubowaniem uczni\u00f3w klas pierwszych. Ju\u017c po raz si\u00f3dmy baka\u0142arze i wszelka dziatwa zgromadzona na widowni wraz ze swymi rodzicielami uczestniczy w warto\u015bciowej lekcji historii. W cz\u0119\u015bci...<a href='https:\/\/sp.tuchow.pl\/index.php\/2016\/10\/15\/gim-dzien-patrona-publicznego-gimnazjum-im-kazimierza-wielkiego\/' class='pfpReadMore'>Read More &raquo;<\/a><div class='clear'><\/div><hr><\/div><div class='pfpItem entry-content'><h2 class='entry-title'><a href='https:\/\/sp.tuchow.pl\/index.php\/2016\/10\/12\/zs-jedziemy-na-final-ix-miedzypowiatowego-turnieju-sztuki-recytatorskiej-poszukiwania\/'>ZS -> Jedziemy na FINA\u0141  IX Mi\u0119dzypowiatowego Turnieju Sztuki Recytatorskiej \u201ePOSZUKIWANIA\u201d !!!<\/a><\/h2><p>Mi\u0119dzypowiatowy Turniej Sztuki Recytatorskiej \u201ePOSZUKIWANIA\u201d to konkurs recytatorski przeprowadzany ju\u017c po raz dziewi\u0105ty w trzech powiatach: brzeskim, d\u0105browskim i tarnowskim. Jego organizatorem jest Miejsko-Gminna Biblioteka Publiczna w \u017babnie, Miejski O\u015brodek Kultury w Brzesku, D\u0105browski Dom Kultury oraz Ma\u0142opolskie Centrum Kultury \u201eSok\u00f3\u0142\u201d w Nowym S\u0105czu.<\/p>\n<p>Konkurs ma na celu wy\u0142onienie najlepszych recytator\u00f3w...<a href='https:\/\/sp.tuchow.pl\/index.php\/2016\/10\/12\/zs-jedziemy-na-final-ix-miedzypowiatowego-turnieju-sztuki-recytatorskiej-poszukiwania\/' class='pfpReadMore'>Read More &raquo;<\/a><div class='clear'><\/div><hr><\/div><div class='pfpItem entry-content'><h2 class='entry-title'><a href='https:\/\/sp.tuchow.pl\/index.php\/2016\/10\/12\/sp-w-lesie-tez-mozna-sie-uczyc\/'>SP -> W lesie te\u017c mo\u017cna si\u0119 uczy\u0107!<\/a><\/h2><p><strong>29 wrze\u015bnia 2016 roku klasa 5b uda\u0142a si\u0119 do Tuchowskiego Lasu na lekcje w terenie.&nbsp; <\/strong><\/p>\n<p><strong>A oto relacje uczni\u00f3w:<\/strong><\/p>\n<p>W czwartek 29 wrze\u015bnia wybrali\u015bmy si\u0119 z ca\u0142\u0105 klas\u0105 5b na lekcje terenowe do naszego pi\u0119knego Tuchowskiego Lasu. Szli\u015bmy tam razem z nasz\u0105 pani\u0105 wychowawczyni\u0105 Dorot\u0105 Surmacz i&nbsp;z&nbsp;panem Stanis\u0142awem Maniakiem, w lesie...<a href='https:\/\/sp.tuchow.pl\/index.php\/2016\/10\/12\/sp-w-lesie-tez-mozna-sie-uczyc\/' class='pfpReadMore'>Read More &raquo;<\/a><div class='clear'><\/div><hr><\/div><div class='pfpItem entry-content'><h2 class='entry-title'><a href='https:\/\/sp.tuchow.pl\/index.php\/2016\/10\/10\/zs-ogolne-warunki-ubezpieczenia\/'>ZS -> Og\u00f3lne warunki ubezpieczenia<\/a><\/h2><p>W dziele Dla Rodzic\u00f3w\/Informacje<strong>\u00a0<\/strong>zosta\u0142 zamieszczony dokument z <strong>Og\u00f3lnymi Warunkami Ubezpieczenia<\/strong> dzieci i m\u0142odzie\u017cy ze szko\u0142y podstawowej i gimnazjum.<\/p>\n...<a href='https:\/\/sp.tuchow.pl\/index.php\/2016\/10\/10\/zs-ogolne-warunki-ubezpieczenia\/' class='pfpReadMore'>Read More &raquo;<\/a><div class='clear'><\/div><hr><\/div><div class='pfpItem entry-content'><h2 class='entry-title'><a href='https:\/\/sp.tuchow.pl\/index.php\/2016\/10\/08\/zs-dzien-edukacji-narodowej\/'>ZS -> Dzie\u0144 Edukacji Narodowej<\/a><\/h2><p><strong>Dnia 14 pa\u017adziernika 2016 r. (pi\u0105tek) w naszej szkole b\u0119dziemy \u015bwi\u0119towa\u0107 Dzie\u0144 KEN. <\/strong><\/p>\n<p>Uczniowie naszej szko\u0142y pod opiek\u0105 wychowawc\u00f3w i nauczycieli bior\u0105 udzia\u0142 w uroczystej akademii w Domu Kultury wg harmonogramu:<\/p>\n<ul>\n<li><strong>Klasy I &#8211; III<\/strong> o godz. 8:30,<\/li>\n<li><strong>Klasy IV \u2013 V<\/strong>I o godz. 9:30,<\/li>\n<li><strong>Klasy gimnazjalne<\/strong> o godz. 10:30.<\/li>\n<\/ul>\n<p>Po akademii uczniowie wracaj\u0105...<a href='https:\/\/sp.tuchow.pl\/index.php\/2016\/10\/08\/zs-dzien-edukacji-narodowej\/' class='pfpReadMore'>Read More &raquo;<\/a><div class='clear'><\/div><hr><\/div><div class='pfpItem entry-content'><h2 class='entry-title'><a href='https:\/\/sp.tuchow.pl\/index.php\/2016\/10\/08\/gim-dzien-patrona-gimnazjum\/'>GIM -> Dzie\u0144 Patrona Gimnazjum<\/a><\/h2><p>Dnia <strong>13 pa\u017adziernika 2016 r. (czwartek )<\/strong> Publiczne Gimnazjum im. Kazimierza Wielkiego obchodzi \u015awi\u0119to Patrona Szko\u0142y.<\/p>\n<p><strong>W tym dniu uczniowie gimnazjum przychodz\u0105 na lekcje w strojach galowych.<\/strong><\/p>\n<p>O wyznaczonych godzinach udaj\u0105 si\u0119 do Domu Kultury na uroczyst\u0105 akademi\u0119 i \u015blubowanie klas pierwszych:<\/p>\n<ul>\n<li><strong>Godz. 9:40 &#8211; 11:20 (tj. 3 i 4 lekcja)\u00a0<\/strong>&#8211; oddzia\u0142y: 1a,...<a href='https:\/\/sp.tuchow.pl\/index.php\/2016\/10\/08\/gim-dzien-patrona-gimnazjum\/' class='pfpReadMore'>Read More &raquo;<\/a><div class='clear'><\/div><hr><\/div><div class='pfpItem entry-content'><h2 class='entry-title'><a href='https:\/\/sp.tuchow.pl\/index.php\/2016\/09\/29\/sp-wybory-przewodniczacego-samorzadu-uczniowskiego\/'>SP -> Wybory przewodnicz\u0105cego Samorz\u0105du Uczniowskiego<\/a><\/h2><p>29 wrze\u015bnia br. w Zespole Szk\u00f3\u0142 w Tuchowie odby\u0142y si\u0119 wybory przewodnicz\u0105cych Samorz\u0105du Uczniowskiego.<\/p>\n<p>W Szkole Podstawowej im. S. Staszica uprawnionych do g\u0142osowania by\u0142o 203 uczni\u00f3w, obecnych tego dnia by\u0142o 192, z czego wa\u017cnych g\u0142os\u00f3w odda\u0142o 148 uczni\u00f3w.<\/p>\n<p><strong>Now\u0105 przewodnicz\u0105c\u0105 Samorz\u0105du Uczniowskiego Szko\u0142y Podstawowej im. S. Staszica w Tuchowie zosta\u0142a Martyna Mikrut...<a href='https:\/\/sp.tuchow.pl\/index.php\/2016\/09\/29\/sp-wybory-przewodniczacego-samorzadu-uczniowskiego\/' class='pfpReadMore'>Read More &raquo;<\/a><div class='clear'><\/div><hr><\/div><div class='pfpItem entry-content'><h2 class='entry-title'><a href='https:\/\/sp.tuchow.pl\/index.php\/2016\/09\/29\/informacja\/'>INFORMACJA<\/a><\/h2><p><strong>W dniu 29 wrze\u015bnia 2016 r. \/czwartek\/ ze wzgl\u0119du na brak wody STO\u0141\u00d3WKA B\u0118DZIE NIECZYNNA.<\/strong><\/p>\n...<a href='https:\/\/sp.tuchow.pl\/index.php\/2016\/09\/29\/informacja\/' class='pfpReadMore'>Read More &raquo;<\/a><div class='clear'><\/div><hr><\/div><div class='pfpItem entry-content'><h2 class='entry-title'><a href='https:\/\/sp.tuchow.pl\/index.php\/2016\/09\/24\/aktualizacja-planu-zajec\/'>AKTUALIZACJA planu zaj\u0119\u0107<\/a><\/h2><p><strong>Informujemy, \u017ce od poniedzia\u0142ku 27\u00a0wrze\u015bnia obowi\u0105zuje zaktualizowany plan zaj\u0119\u0107, kt\u00f3ry zosta\u0142 zamieszczony w dziale PLAN LEKCJI.<\/strong><\/p>\n<p>Prosimy o zapoznanie si\u0119 z nim.<\/p>\n<p><strong>Jednocze\u015bnie Dyrektor przypomina wychowawcom poszczeg\u00f3lnych oddzia\u0142\u00f3w o zaktualizowaniu planu zaj\u0119\u0107 w eDziennku.<\/strong><\/p>\n...<a href='https:\/\/sp.tuchow.pl\/index.php\/2016\/09\/24\/aktualizacja-planu-zajec\/' class='pfpReadMore'>Read More &raquo;<\/a><div class='clear'><\/div><hr><\/div><div class='pfpItem entry-content'><h2 class='entry-title'><a href='https:\/\/sp.tuchow.pl\/index.php\/2016\/09\/24\/zs-zebranie-rady-rodzicow-przy-zespole-szkol-w-tuchowie\/'>ZS -> Zebranie Rady Rodzic\u00f3w przy Zespole Szk\u00f3\u0142 w Tuchowie<\/a><\/h2><p><strong>Zebranie \u00a0Rady Rodzic\u00f3w (jeden przedstawiciel z klasowej Rady Rodzic\u00f3w) \u00a0przy Zespole Szk\u00f3\u0142 w Tuchowie odb\u0119dzie si\u0119 27 wrze\u015bnia \/wtorek\/ o godz. 17 w budynku ZS w Tuchowie.<\/strong><\/p>\n...<a href='https:\/\/sp.tuchow.pl\/index.php\/2016\/09\/24\/zs-zebranie-rady-rodzicow-przy-zespole-szkol-w-tuchowie\/' class='pfpReadMore'>Read More &raquo;<\/a><div class='clear'><\/div><hr><\/div><div class='pfpItem entry-content'><h2 class='entry-title'><a href='https:\/\/sp.tuchow.pl\/index.php\/2016\/09\/19\/gim-wrzesniowe-szalenstwa-edukacyjne-uczniow-zs-w-tuchowie\/'>GIM -> Wrze\u015bniowe szale\u0144stwa edukacyjne uczni\u00f3w ZS w Tuchowie<\/a><\/h2><p>Dnia 7 wrze\u015bnia grupa 38 uczni\u00f3w oraz 4 opiekun\u00f3w wyruszy\u0142a na 2-dniowy podb\u00f3j Wroc\u0142awia. Wszyscy z wielk\u0105 ekscytacj\u0105 czekali na moment rozpocz\u0119cia eksploracji stolicy Dolnego \u015al\u0105ska. Pierwszy dzie\u0144 wyprawy opiera\u0142 si\u0119 na zwiedzaniu miejsc z r\u00f3\u017cnych kontynent\u00f3w. I tak oto ca\u0142a przygoda zacz\u0119\u0142a si\u0119 odwiedzania Afrykarium, czyli wkroczyli\u015bmy na Czarny...<a href='https:\/\/sp.tuchow.pl\/index.php\/2016\/09\/19\/gim-wrzesniowe-szalenstwa-edukacyjne-uczniow-zs-w-tuchowie\/' class='pfpReadMore'>Read More &raquo;<\/a><div class='clear'><\/div><hr><\/div><div class='pfpItem entry-content'><h2 class='entry-title'><a href='https:\/\/sp.tuchow.pl\/index.php\/2016\/09\/10\/sp-bohateron-wlacz-historie\/'>SP-> \u201eBohaterON \u2013 w\u0142\u0105cz histori\u0119!\u201d<\/a><\/h2><img decoding=\"async\" src=\"https:\/\/sp.tuchow.pl\/wp-content\/uploads\/2016\/09\/BohaterOn-150x150.jpg\" \/><p style=\"text-align: justify;\">Klasa 3 d wzi\u0119\u0142a udzia\u0142 w projekcie edukacyjnym&nbsp; \u201eBohaterON \u2013 w\u0142\u0105cz histori\u0119!\u201d maj\u0105cym na celu upami\u0119tnienie i uhonorowanie uczestnik\u00f3w Powstania Warszawskiego &#8211; bohater\u00f3w, kt\u00f3rzy z&nbsp;mi\u0142o\u015bci do wolno\u015bci i ojczyzny nierzadko po\u015bwi\u0119cali tak wiele.<\/p>\n<p style=\"text-align: justify;\">Projekt ten nie tylko da\u0142 trzecioklasistom szans\u0119 na podzi\u0119kowanie powsta\u0144com, ale i mo\u017cliwo\u015b\u0107 poszerzenia...<a href='https:\/\/sp.tuchow.pl\/index.php\/2016\/09\/10\/sp-bohateron-wlacz-historie\/' class='pfpReadMore'>Read More &raquo;<\/a><div class='clear'><\/div><hr><\/div><div class='pfpItem entry-content'><h2 class='entry-title'><a href='https:\/\/sp.tuchow.pl\/index.php\/2016\/08\/31\/gim-final-powiatowy-ps-niedomice-2016\/'>GIM -> Final Powiatowy PS Niedomice 2016<\/a><\/h2>ngg_shortcode_52_placeholder\n...<a href='https:\/\/sp.tuchow.pl\/index.php\/2016\/08\/31\/gim-final-powiatowy-ps-niedomice-2016\/' class='pfpReadMore'>Read More &raquo;<\/a><div class='clear'><\/div><hr><\/div><div class='pfpItem entry-content'><h2 class='entry-title'><a href='https:\/\/sp.tuchow.pl\/index.php\/2016\/08\/29\/zs-rozpoczecie-roku-szkolnego-20162017-dla-uczniow-sp-i-gim\/'>ZS -> Rozpocz\u0119cie roku szkolnego 2016\/2017 dla uczni\u00f3w SP i GIM<\/a><\/h2><p><strong>Uroczyste rozpocz\u0119cie roku szkolnego 2016\/2017 odb\u0119dzie si\u0119 w dniu 01 wrze\u015bnia 2016 roku (czwartek).<\/strong><\/p>\n<p><strong>Msza \u015bwi\u0119ta dla uczni\u00f3w gimnazjum zostanie odprawiona w Bazylice Mniejszej NNMP o 8:00,\u00a0\u00a0natomiast msza \u015bwi\u0119ta dla uczni\u00f3w szko\u0142y podstawowej zostanie odprawiona w parafii pw. \u015aw. Jakuba Starszego Aposto\u0142a o godz. 10:00. <\/strong><br \/>\n<strong>Nast\u0119pnie pod opiek\u0105 wychowawc\u00f3w uczniowie...<a href='https:\/\/sp.tuchow.pl\/index.php\/2016\/08\/29\/zs-rozpoczecie-roku-szkolnego-20162017-dla-uczniow-sp-i-gim\/' class='pfpReadMore'>Read More &raquo;<\/a><div class='clear'><\/div><hr><\/div><div class='pfpItem entry-content'><h2 class='entry-title'><a href='https:\/\/sp.tuchow.pl\/index.php\/2016\/08\/26\/zapisy-do-stolowki-szkolnej\/'>Zapisy do sto\u0142\u00f3wki szkolnej<\/a><\/h2><h3 style=\"text-align: justify;\"><strong>Dyrektor Zespo\u0142u Szk\u00f3\u0142 w Tuchowie informuje, \u017ce karty zg\u0142osze\u0144 do sto\u0142\u00f3wki szkolnej b\u0119d\u0105 przyjmowane do 30.08.2016 r. \/wtorek\/.<\/strong><\/h3>\n<h3 style=\"text-align: justify;\">Zapisy i przyjmowanie kart zg\u0142osze\u0144 prowadzi pani intendentka szko\u0142y<br \/>\nod poniedzia\u0142ku do pi\u0105tku w godzinach od 7<sup>30 <\/sup>do 15<sup>00<\/sup>.<\/h3>\n...<a href='https:\/\/sp.tuchow.pl\/index.php\/2016\/08\/26\/zapisy-do-stolowki-szkolnej\/' class='pfpReadMore'>Read More &raquo;<\/a><div class='clear'><\/div><hr><\/div><div class='pfpItem entry-content'><h2 class='entry-title'><a href='https:\/\/sp.tuchow.pl\/index.php\/2016\/08\/18\/karta-zgloszenia-dziecka-do-stolowki-i-swietlicy-szkolnej-w-zespole-szkol-w-tuchowie\/'>KARTA ZG\u0141OSZENIA DZIECKA DO STO\u0141\u00d3WKI I \u015aWIETLICY SZKOLNEJ W ZESPOLE SZK\u00d3\u0141  W TUCHOWIE<\/a><\/h2><p><a href=\"http:\/\/zs.tuchow.pl\/wp-content\/uploads\/2016\/08\/karta-swietlica.pdf\">Karta zg\u0142oszenia dziecka do \u015bwietlicy szkolnej<\/a><\/p>\n<p><a href=\"http:\/\/zs.tuchow.pl\/wp-content\/uploads\/2016\/08\/karta-stolowka.pdf\">Karta zg\u0142oszenia dziecka do sto\u0142\u00f3wki szkolnej<\/a><\/p>\n...<a href='https:\/\/sp.tuchow.pl\/index.php\/2016\/08\/18\/karta-zgloszenia-dziecka-do-stolowki-i-swietlicy-szkolnej-w-zespole-szkol-w-tuchowie\/' class='pfpReadMore'>Read More &raquo;<\/a><div class='clear'><\/div><hr><\/div><div class='pfpItem entry-content'><h2 class='entry-title'><a href='https:\/\/sp.tuchow.pl\/index.php\/2016\/06\/29\/zs-spis-podrecznikow-dla-uczniow-sp-i-gim\/'>ZS -> Spis podr\u0119cznik\u00f3w dla uczni\u00f3w SP i GIM<\/a><\/h2><p><b><span style=\"color: #ff0000; font-size: medium;\">Bezp\u0142atny<\/span> dost\u0119p do podr\u0119cznik\u00f3w, materia\u0142\u00f3w edukacyjnych oraz materia\u0142\u00f3w \u0107wiczeniowych, przeznaczonych do obowi\u0105zkowych zaj\u0119\u0107 edukacyjnych z zakresu kszta\u0142cenia og\u00f3lnego przys\u0142uguje w roku szkolnym 2016\/2017 uczniom<br \/>\n<span style=\"color: #ff0000; font-family: Century Gothic, sans-serif; font-size: medium;\">klas I &#8211; V szk\u00f3\u0142 podstawowych oraz I i II gimnazjum.<\/span><\/b><\/p>\n<p><a href=\"http:\/\/zs.tuchow.pl\/index.php\/dla-uczniow\/spis-podrecznikow\/\"><strong>WI\u0118CEJ INFORMACJI<\/strong><\/a><\/p>\n...<a href='https:\/\/sp.tuchow.pl\/index.php\/2016\/06\/29\/zs-spis-podrecznikow-dla-uczniow-sp-i-gim\/' class='pfpReadMore'>Read More &raquo;<\/a><div class='clear'><\/div><hr><\/div><div class='pfpItem entry-content'><h2 class='entry-title'><a href='https:\/\/sp.tuchow.pl\/index.php\/2016\/06\/29\/sp-teatrzyk-kukielkowy-w-klasie-v-a\/'>SP -> Teatrzyk kukie\u0142kowy w klasie V a<\/a><\/h2><p style=\"text-align: justify;\"><strong>Pod koniec roku szkolnego uczniowie klasy V a poznawali na lekcjach j\u0119zyka polskiego bajki Ignacego Krasickiego, a nast\u0119pnie w grupach przygotowywali mini spektakl kukie\u0142kowy na podstawie wybranej bajki. <\/strong><\/p>\n<p style=\"text-align: justify;\">Niekt\u00f3re grupy w\u0142o\u017cy\u0142y wiele trudu w samodzielne przygotowanie kukie\u0142ek z r\u00f3\u017cnych dost\u0119pnych materia\u0142\u00f3w. I tak bajk\u0119 pt. \u201eWilczki\u201d...<a href='https:\/\/sp.tuchow.pl\/index.php\/2016\/06\/29\/sp-teatrzyk-kukielkowy-w-klasie-v-a\/' class='pfpReadMore'>Read More &raquo;<\/a><div class='clear'><\/div><hr><\/div><div class='pfpItem entry-content'><h2 class='entry-title'><a href='https:\/\/sp.tuchow.pl\/index.php\/2016\/06\/28\/zs-fotorelacja-z-pobytu-na-zielonej-szkole-pogorzelica-2016\/'>ZS -> Zielona Szko\u0142a - Pogorzelica 2016<\/a><\/h2><p style=\"text-align: justify;\"><strong>Spora grupa uczni\u00f3w naszej szko\u0142y bardzo atrakcyjnie sp\u0119dzi\u0142a 10 dni czerwca bie\u017c\u0105cego roku szkolnego. Na Zielon\u0105 szko\u0142\u0119 do Pogorzelicy wyjecha\u0142y 2 autokary: w jednym uczniowie szko\u0142y podstawowej, a w drugim gimnazjali\u015bci.<\/strong><\/p>\n<p style=\"text-align: justify;\">Pogorzelica to urocza miejscowo\u015b\u0107, po\u0142o\u017cona w\u015br\u00f3d sosnowych las\u00f3w nad Ba\u0142tykiem, niedaleko Ko\u0142obrzegu.<\/p>\n<p style=\"text-align: justify;\">Nasz o\u015brodek \u201eDziejba...<a href='https:\/\/sp.tuchow.pl\/index.php\/2016\/06\/28\/zs-fotorelacja-z-pobytu-na-zielonej-szkole-pogorzelica-2016\/' class='pfpReadMore'>Read More &raquo;<\/a><div class='clear'><\/div><hr><\/div><div class='pfpItem entry-content'><h2 class='entry-title'><a href='https:\/\/sp.tuchow.pl\/index.php\/2016\/06\/26\/sp-dzien-patrona-szkoly-podstawowej\/'>SP -> \u015awi\u0119to Patrona Szko\u0142y Podstawowej im. Stanis\u0142awa Staszica  w Tuchowie<\/a><\/h2><p style=\"text-align: justify;\"><strong>23 czerwca br. Szko\u0142a Podstawowa im. S. Staszica w Tuchowie obchodzi\u0142a \u015awi\u0119to Patrona. Od wielu lat dzie\u0144 ten jest okazj\u0105 do zaprezentowania r\u00f3\u017cnorodnych dokona\u0144 naszych uczni\u00f3w. W tym roku wydarzeniu patronowa\u0142o has\u0142o \u201e\u015awi\u0119to Szko\u0142y \u2013 \u015awi\u0119to Ksi\u0105\u017cki\u201d, a prezentacje stanowi\u0142y podsumowanie dzia\u0142a\u0144 zwi\u0105zanych z realizacj\u0105 Rz\u0105dowego Programu \u201eKsi\u0105\u017cki...<a href='https:\/\/sp.tuchow.pl\/index.php\/2016\/06\/26\/sp-dzien-patrona-szkoly-podstawowej\/' class='pfpReadMore'>Read More &raquo;<\/a><div class='clear'><\/div><hr><\/div><div class='pfpItem entry-content'><h2 class='entry-title'><a href='https:\/\/sp.tuchow.pl\/index.php\/2016\/06\/26\/sp-dzien-matki\/'>SP -> Dzie\u0144 Matki w klasach IV a i IV c<\/a><\/h2><p style=\"text-align: justify;\"><strong>2 czerwca 2016r. odby\u0142a si\u0119 w klasach IV a i IV c uroczysto\u015b\u0107 dla naszych mam, kt\u00f3re przygotowa\u0142y Panie Katarzyna Skrzyniarz i Alicja Szpak. Na potrzeby tej niezwykle wa\u017cnej dla nas uroczysto\u015bci ka\u017cdy ucze\u0144 przygotowywa\u0142 si\u0119 do prezentacji umiej\u0119tno\u015bci, jakie nabyli\u015bmy w tym roku. <\/strong><\/p>\n<p style=\"text-align: justify;\">Oczywi\u015bcie nie...<a href='https:\/\/sp.tuchow.pl\/index.php\/2016\/06\/26\/sp-dzien-matki\/' class='pfpReadMore'>Read More &raquo;<\/a><div class='clear'><\/div><hr><\/div><div class='pfpItem entry-content'><h2 class='entry-title'><a href='https:\/\/sp.tuchow.pl\/index.php\/2016\/06\/23\/gim-lista-osob-przyjetych-do-oddzialu-sportowego-gimnazjum-20162017\/'>GIM -> Lista os\u00f3b przyj\u0119tych do oddzia\u0142u sportowego gimnazjum 2016\/2017<\/a><\/h2><p><strong>Lista os\u00f3b przyj\u0119tych do klasy sportowej gimnazjum 2016\/2017<\/strong><\/p>\n<ol>\n<li>Banach Jakub<\/li>\n<li>Bandyk Weronika<\/li>\n<li>Dunaj Domnik<\/li>\n<li>Galus Justyna<\/li>\n<li>Grzebie\u0144 Jowita<\/li>\n<li>Jagie\u0142\u0142o Aleksandra<\/li>\n<li>Janas Bart\u0142omiej<\/li>\n<li>Kamykowska Wiktoria<\/li>\n<li>Karwat Bogusz<\/li>\n<li>Koczwara Mateusz<\/li>\n<li>Kulig Jakub<\/li>\n<li>Kurczab Joanna<\/li>\n<li>Mirek Dawid<\/li>\n<li>Nalepka Natalia<\/li>\n<li>Potok Hubert<\/li>\n<li>R\u0105pa\u0142a Szczepan<\/li>\n<li>Sajdak Filip<\/li>\n<li>Smalarz Dawid<\/li>\n<li>Sta\u0144czyk Martyna<\/li>\n<li>Starzyk Hubert<\/li>\n<li>Stefan Igor<\/li>\n<li>Wojtanowska Gabriela<\/li>\n<li>Wzorek Natalia<\/li>\n<li>Zaj\u0105c Izabela<\/li>\n<\/ol>\n<p>&nbsp;<\/p>\n<p>Prosz\u0119 dostarczy\u0107 do <strong>30 czerwca<\/strong> <strong>2016r.<\/strong> o\u015bwiadczenie rodzic\u00f3w &#8211; <strong>za\u0142\u0105cznik nr 1<\/strong> Regulaminu rekrutacji do klasy I sportowej o...<a href='https:\/\/sp.tuchow.pl\/index.php\/2016\/06\/23\/gim-lista-osob-przyjetych-do-oddzialu-sportowego-gimnazjum-20162017\/' class='pfpReadMore'>Read More &raquo;<\/a><div class='clear'><\/div><hr><\/div><div class='pfpItem entry-content'><h2 class='entry-title'><a href='https:\/\/sp.tuchow.pl\/index.php\/2016\/06\/22\/sp-zakonczenie-roku-szkolnego-20152016\/'>SP -> Zako\u0144czenie roku szkolnego 2015\/2016<\/a><\/h2><p><strong>Dnia 24 czerwca 2016 roku odb\u0119dzie si\u0119 uroczyste zako\u0144czenie roku szkolnego 2015\/2016. <\/strong><\/p>\n<p>Uczniowie szko\u0142y podstawowej przychodz\u0105 do ko\u015bcio\u0142a \u015bw. Jakuba na Msz\u0119 \u015bwi\u0119t\u0105 na godz. 10:00, a potem pod opiek\u0105 wychowawc\u00f3w i nauczycieli udaj\u0105 si\u0119 do hali MOSiR .<\/p>\n<p><strong>Dowozu nie ma. \u015awietlica w tym dniu jest nieczynna. Sto\u0142\u00f3wka nie wydaje...<a href='https:\/\/sp.tuchow.pl\/index.php\/2016\/06\/22\/sp-zakonczenie-roku-szkolnego-20152016\/' class='pfpReadMore'>Read More &raquo;<\/a><div class='clear'><\/div><hr><\/div><div class='pfpItem entry-content'><h2 class='entry-title'><a href='https:\/\/sp.tuchow.pl\/index.php\/2016\/06\/22\/gim-zakonczenie-roku-szkolnego-20152016\/'>GIM -> Zako\u0144czenie roku szkolnego 2015\/2016<\/a><\/h2><p><strong>Dnia 24 czerwca 2015 roku odb\u0119dzie si\u0119 uroczyste zako\u0144czenie roku szkolnego 2015\/2016. <\/strong><\/p>\n<p>Uczniowie gimnazjum przychodz\u0105 do Bazyliki NNMP na Msz\u0119 \u015bwi\u0119t\u0105 na godz. 8:00, a potem pod opiek\u0105 wychowawc\u00f3w i nauczycieli udaj\u0105 si\u0119 do hali MOSiR .<\/p>\n<p><strong>Dowozu nie ma. \u015awietlica w tym dniu jest nieczynna. Sto\u0142\u00f3wka nie wydaje obiad\u00f3w.<\/strong><\/p>\n...<a href='https:\/\/sp.tuchow.pl\/index.php\/2016\/06\/22\/gim-zakonczenie-roku-szkolnego-20152016\/' class='pfpReadMore'>Read More &raquo;<\/a><div class='clear'><\/div><hr><\/div><div class='pfpItem entry-content'><h2 class='entry-title'><a href='https:\/\/sp.tuchow.pl\/index.php\/2016\/06\/22\/gim-dzien-sportu-uczniow-gimnazjum\/'>GIM -> Dzie\u0144 sportu uczni\u00f3w gimnazjum<\/a><\/h2><img decoding=\"async\" src=\"https:\/\/sp.tuchow.pl\/wp-content\/uploads\/2016\/06\/sport-150x149.jpg\" \/><p>W&nbsp;dniu 22&nbsp;czerwca 2016 r. w&nbsp;naszej szkole odby\u0142 si\u0119 Dzie\u0144 Sportu Szkolnego dla uczni\u00f3w gimnazjum. W&nbsp;programie imprezy znalaz\u0142y si\u0119 konkurencje sportowe dla poszczeg\u00f3lnych klas sk\u0142adaj\u0105ce si\u0119 &nbsp;z:<\/p>\n<ul>\n<li>przeci\u0105gania liny &#8211; zespo\u0142y mieszane &#8211; 5 ch\u0142opc\u00f3w i 5 dziewcz\u0105t;<\/li>\n<li>sztafety mieszanej &#8211; 3 ch\u0142opc\u00f3w i 3 dziewcz\u0105t;<\/li>\n<li>rozgrywek w pi\u0142k\u0119 siatkow\u0105 &#8211;&nbsp;3 ch\u0142opc\u00f3w i 3...<a href='https:\/\/sp.tuchow.pl\/index.php\/2016\/06\/22\/gim-dzien-sportu-uczniow-gimnazjum\/' class='pfpReadMore'>Read More &raquo;<\/a><div class='clear'><\/div><hr><\/div><div class='pfpItem entry-content'><h2 class='entry-title'><a href='https:\/\/sp.tuchow.pl\/index.php\/2016\/06\/19\/sp-swieto-patrona-szkoly-podstawowej\/'>SP -> \u015awi\u0119to Patrona Szko\u0142y Podstawowej<\/a><\/h2><p><strong>23 czerwca 2016 r. (czwartek) jest \u015awi\u0119tem Patrona Szko\u0142y Podstawowej im. Stanis\u0142awa Staszica w Tuchowie. <\/strong><\/p>\n<p>W Domu Kultury odb\u0119dzie si\u0119 uroczysta akademia. Uczniowie klas I \u2013 III SP przychodz\u0105 do szko\u0142y na godz. 8:00 i wychodz\u0105 na akademi\u0119 pod opiek\u0105 swojego wychowawcy. Po akademii wracaj\u0105 do szko\u0142y i ucz\u0105 si\u0119...<a href='https:\/\/sp.tuchow.pl\/index.php\/2016\/06\/19\/sp-swieto-patrona-szkoly-podstawowej\/' class='pfpReadMore'>Read More &raquo;<\/a><div class='clear'><\/div><hr><\/div><div class='pfpItem entry-content'><h2 class='entry-title'><a href='https:\/\/sp.tuchow.pl\/index.php\/2016\/06\/19\/dzien-sportu-dla-uczniow-sp-i-gim\/'>Dzie\u0144 sportu dla uczni\u00f3w SP i GIM<\/a><\/h2><p><strong>W dniu 22 \u00a0czerwca 2016 r. (\u015broda) w klasach IV &#8211; VI szko\u0142y podstawowej w klasach I \u2013III gimnazjum odb\u0119dzie si\u0119 Dzie\u0144 Sportu. <\/strong><\/p>\n<p>Wszyscy uczniowie przychodz\u0105 do szko\u0142y wg swojego planu, potem udaj\u0105 si\u0119 do hali MOSiR pod opiek\u0105 wychowawc\u00f3w i wychowawc\u00f3w wspomagaj\u0105cych wg harmonogramu.<\/p>\n<p><strong>8:00 \u2013 10:30 \u2013 Szko\u0142a Podstawowa<\/strong><\/p>\n<p><strong>11:00...<a href='https:\/\/sp.tuchow.pl\/index.php\/2016\/06\/19\/dzien-sportu-dla-uczniow-sp-i-gim\/' class='pfpReadMore'>Read More &raquo;<\/a><div class='clear'><\/div><hr><\/div><div class='pfpItem entry-content'><h2 class='entry-title'><a href='https:\/\/sp.tuchow.pl\/index.php\/2016\/06\/19\/gim-czytanie-to-jej-pasjapisanie-tez\/'>GIM -> Czytanie to jej pasja\u2026pisanie te\u017c!<\/a><\/h2><p>Po raz kolejny <strong>Adrianna Gogola<\/strong> zwyci\u0119\u017cy\u0142a w konkursie literackim. Jej praca jest niezwykle oryginalna i pomys\u0142owa. Doceni\u0142o to juryIII Konkursu pt. &#8222;Schwytaj Bia\u0142ego Kruka&#8221; zorganizowanego przez Wydawnictwo \u201eAmbaje\u201d oraz Bibliotek\u0119 Pedagogiczn\u0105 w Tarnowie.<\/p>\n<p>Przedmiotem konkursu by\u0142o znalezienie i opisanie ma\u0142o znanej, lecz interesuj\u0105cej ksi\u0105\u017cki polskiego lub zagranicznego autora. Oceniany by\u0142 stopie\u0144...<a href='https:\/\/sp.tuchow.pl\/index.php\/2016\/06\/19\/gim-czytanie-to-jej-pasjapisanie-tez\/' class='pfpReadMore'>Read More &raquo;<\/a><div class='clear'><\/div><hr><\/div><div class='pfpItem entry-content'><h2 class='entry-title'><a href='https:\/\/sp.tuchow.pl\/index.php\/2016\/06\/19\/sp-wycieczka-klasy-vib\/'>SP -> Wycieczka klasy VIb<\/a><\/h2><p>22 kwietnia b.r. my, klasa 6B wraz z opiekunkami: Pani\u0105 Zofi\u0105 Wi\u015bniowsk\u0105, Siostr\u0105 Urszul\u0105 oraz Pani\u0105 Joann\u0105 Szczepa\u0144sk\u0105 odwiedzili\u015bmy <strong>Centrum Dziedzictwa &nbsp;Szk\u0142a w Kro\u015bnie.<\/strong><\/p>\n<p>O 10:00 przekroczyli\u015bmy pr\u00f3g muzeum, a na samym pocz\u0105tku przywita\u0142o nas malowid\u0142o 3D namalowane na kafelkach pod\u0142ogi oraz niezwyk\u0142e akwarium, w kt\u00f3rym ro\u015bliny wykonane by\u0142y z kolorowego...<a href='https:\/\/sp.tuchow.pl\/index.php\/2016\/06\/19\/sp-wycieczka-klasy-vib\/' class='pfpReadMore'>Read More &raquo;<\/a><div class='clear'><\/div><hr><\/div><div class='pfpItem entry-content'><h2 class='entry-title'><a href='https:\/\/sp.tuchow.pl\/index.php\/2016\/06\/19\/gim-czlowiek-sie-zmienia-jednak-jego-przeszlosc-nigdy-wizyta-w-auschwitz-birkenau\/'>GIM -> \u2018\u2019Cz\u0142owiek si\u0119 zmienia, jednak jego przesz\u0142o\u015b\u0107 nigdy\u2019\u2019- wizyta w Auschwitz-Birkenau<\/a><\/h2><p style=\"text-align: right;\"><em>\u201eTo si\u0119 jednak wydarzy\u0142o, a zatem znowu mo\u017ce si\u0119 wydarzy\u0107 &#8211; <\/em><\/p>\n<p style=\"text-align: right;\"><em>oto sedno tego, co mamy do powiedzenia\u201d <\/em><\/p>\n<p style=\"text-align: right;\">Primo Levi<\/p>\n<p style=\"text-align: justify;\"><em>\u2018\u2019Cz\u0142owiek si\u0119 zmienia, jednak jego przesz\u0142o\u015b\u0107 nigdy\u2019\u2019-<\/em>\u00a0wizyta w Auschwitz-Birkenau<\/p>\n<p style=\"text-align: justify;\">17 maja 2016 roku gimnazjalne klasy trzecie mia\u0142y okazj\u0119 odwiedzi\u0107 ob\u00f3z koncentracyjny i...<a href='https:\/\/sp.tuchow.pl\/index.php\/2016\/06\/19\/gim-czlowiek-sie-zmienia-jednak-jego-przeszlosc-nigdy-wizyta-w-auschwitz-birkenau\/' class='pfpReadMore'>Read More &raquo;<\/a><div class='clear'><\/div><hr><\/div><div class='pfpItem entry-content'><h2 class='entry-title'><a href='https:\/\/sp.tuchow.pl\/index.php\/2016\/06\/19\/gim-zwyciestwo-liderek-na-zakonczenie-sezonu\/'>GIM -> Zwyci\u0119stwo Liderek na zako\u0144czenie sezonu<\/a><\/h2><p>Siatkarskie emocje towarzyszy\u0142y 5 czerwca 2016 r. kibicom i sympatykom pi\u0142ki siatkowej kobiet w Tuchowie. W hali sportowej Zespo\u0142u Szk\u00f3\u0142 Ponadgimnazjalnych odby\u0142 si\u0119 <strong>III Turniej Pi\u0142ki Siatkowej o Puchar Lidera<\/strong>. Oficjalnego otwarcia zawod\u00f3w dokonali: <strong> Burmistrz Tuchowa \u2014 <\/strong> <strong>Adam Drogo\u015b<\/strong> , kt\u00f3ry \u017cyczy\u0142 zawodniczkom du\u017co emocji oraz sukces\u00f3w sportowych,...<a href='https:\/\/sp.tuchow.pl\/index.php\/2016\/06\/19\/gim-zwyciestwo-liderek-na-zakonczenie-sezonu\/' class='pfpReadMore'>Read More &raquo;<\/a><div class='clear'><\/div><hr><\/div><div class='pfpItem entry-content'><h2 class='entry-title'><a href='https:\/\/sp.tuchow.pl\/index.php\/2016\/06\/19\/sp-kolejne-spotkanie-z-wcale-nie-tak-mrozna-antarktyda\/'>SP -> Kolejne spotkanie z wcale nie tak mro\u017an\u0105 Antarktyd\u0105<\/a><\/h2><p>13 czerwca klasa 2c uczestniczy\u0142a w lekcji online \u201eAntarktyda vs. Arktyka, czyli 10 plotek o polarnej rzeczywisto\u015bci,\u201d prowadzonej przez pani\u0105 Dagmar\u0119 Bo\u017cek-Andryszczak , pracownika polskiej stacji im. H. Arctowskiego na Antarktydzie.<\/p>\n<p>Lekcja ta by\u0142a fascynuj\u0105c\u0105 przygod\u0105. W szczeg\u00f3lno\u015bci, gdy dzieci uzmys\u0142owi\u0142y sobie, \u017ce w klasie by\u0142a godzina 11:00, a na Antarktydzie...<a href='https:\/\/sp.tuchow.pl\/index.php\/2016\/06\/19\/sp-kolejne-spotkanie-z-wcale-nie-tak-mrozna-antarktyda\/' class='pfpReadMore'>Read More &raquo;<\/a><div class='clear'><\/div><hr><\/div><div class='pfpItem entry-content'><h2 class='entry-title'><a href='https:\/\/sp.tuchow.pl\/index.php\/2016\/06\/19\/jak-nie-czytam-jak-czytam\/'>JAK NIE CZYTAM, JAK CZYTAM!<\/a><\/h2><p>Organizatorem Og\u00f3lnopolskiej Akcji Masowego Czytania by\u0142 miesi\u0119cznik \u201e<strong>Biblioteka w Szkole\u201d<\/strong>. Uczniowie Zespo\u0142u Szk\u00f3\u0142 w Tuchowie wraz z nauczycielami postanowili pokaza\u0107 w lokalnym \u015brodowisku, \u017ce mo\u017cna czyta\u0107 wsz\u0119dzie i wzi\u0119li udzia\u0142 w przedsi\u0119wzi\u0119ciu. Jak podkre\u015blaj\u0105 eksperci jedyna nadzieja na wzrost czytelnictwa le\u017cy w dorastaj\u0105cym pokoleniu, a wa\u017cn\u0105 rol\u0119 w jego aktywizacji...<a href='https:\/\/sp.tuchow.pl\/index.php\/2016\/06\/19\/jak-nie-czytam-jak-czytam\/' class='pfpReadMore'>Read More &raquo;<\/a><div class='clear'><\/div><hr><\/div><div class='pfpItem entry-content'><h2 class='entry-title'><a href='https:\/\/sp.tuchow.pl\/index.php\/2016\/06\/19\/sp-pogorzanski-festiwal-piosenki-o-korone-jej-wysokosci-brzanki\/'>SP -> Pog\u00f3rza\u0144ski Festiwal Piosenki o Koron\u0119 \u201eJej Wysoko\u015bci Brzanki\u201d<\/a><\/h2><p>4 czerwca 2016 r. w amfiteatrze miejskim w Tuchowie odby\u0142 si\u0119 Pog\u00f3rza\u0144ski Festiwal Piosenki o Koron\u0119 \u201eJej Wysoko\u015bci Brzanki\u201d. Mi\u0142o nam poinformowa\u0107, \u017ce uczniowie naszej szko\u0142y zostali wysoko ocenieni przez Jury, zajmuj\u0105c nast\u0119puj\u0105ce miejsca:<\/p>\n<p><strong><u>KAT. Soli\u015bci (kl. I-III)<\/u><\/strong><\/p>\n<p><strong>I miejsce Aleksandra Walocha SP Tuch\u00f3w \u2013 z klasy III b<\/strong><strong><br \/>\nII miejsce Wiktoria...<a href='https:\/\/sp.tuchow.pl\/index.php\/2016\/06\/19\/sp-pogorzanski-festiwal-piosenki-o-korone-jej-wysokosci-brzanki\/' class='pfpReadMore'>Read More &raquo;<\/a><div class='clear'><\/div><hr><\/div><div class='pfpItem entry-content'><h2 class='entry-title'><a href='https:\/\/sp.tuchow.pl\/index.php\/2016\/06\/14\/sp-co-kto-moze-wymyslic-czyli-niezwykle-spotkanie-w-krakowie\/'>SP -> ,,Co kto mo\u017ce wymy\u015bli\u0107\u2019\u2019, czyli niezwyk\u0142e spotkanie w Krakowie<\/a><\/h2><p style=\"text-align: right;\">,,Kiedy bajka si\u0119 sko\u0144czy, b\u0119dziemy wiedzieli wi\u0119cej, ni\u017c wiemy teraz\u2026\u2019\u2019<br \/>\n(Hans Christian Andersen)<\/p>\n<p><strong>W dniu 3 czerwca 2016 r. w Muzeum Historycznym Miasta Krakowa, w Sali Fontany odby\u0142o si\u0119 uroczyste podsumowanie XII Ma\u0142opolskiego Konkursu Literackiego ,,Co kto mo\u017ce wymy\u015bli\u0107?\u2019\u2019<\/strong><\/p>\n<p style=\"text-align: justify;\">\u00a0 \u00a0 \u00a0 \u00a0Konkurs Literacki odby\u0142 si\u0119 pod patronatem:...<a href='https:\/\/sp.tuchow.pl\/index.php\/2016\/06\/14\/sp-co-kto-moze-wymyslic-czyli-niezwykle-spotkanie-w-krakowie\/' class='pfpReadMore'>Read More &raquo;<\/a><div class='clear'><\/div><hr><\/div><div class='pfpItem entry-content'><h2 class='entry-title'><a href='https:\/\/sp.tuchow.pl\/index.php\/2016\/06\/14\/sp-final-projektu-tesco-dla-szkol-przyszlosc-na-talerzu\/'>SP -> Fina\u0142 projektu \u201eTesco dla szk\u00f3\u0142. Przysz\u0142o\u015b\u0107 na talerzu.\u201d<\/a><\/h2><p style=\"text-align: justify;\"><strong>15 kwietnia 2016 roku klasa 2 c zako\u0144czy\u0142a realizacj\u0119 projektu \u201eTesco dla szk\u00f3\u0142. Przysz\u0142o\u015b\u0107 na talerzu.\u201d Projekt ten realizowa\u0142a podczas regularnych lekcji od pa\u017adziernika 2015 roku. Ca\u0142y projekt sk\u0142ada\u0142 si\u0119 z dw\u00f3ch \u015bcie\u017cek:<\/strong><\/p>\n<p style=\"text-align: justify;\">&#8211; \u015bcie\u017cki podstawowej, kt\u00f3rej fina\u0142em by\u0142o nakr\u0119cenie reklamy spo\u0142eczno\u015bciowej,&nbsp; oraz<\/p>\n<p style=\"text-align: justify;\">&#8211;&nbsp;&nbsp; \u015bcie\u017cki rozszerzonej,...<a href='https:\/\/sp.tuchow.pl\/index.php\/2016\/06\/14\/sp-final-projektu-tesco-dla-szkol-przyszlosc-na-talerzu\/' class='pfpReadMore'>Read More &raquo;<\/a><div class='clear'><\/div><hr><\/div><div class='pfpItem entry-content'><h2 class='entry-title'><a href='https:\/\/sp.tuchow.pl\/index.php\/2016\/06\/10\/proba\/'>GIM -> Mat & Fiz is fun<\/a><\/h2><img decoding=\"async\" src=\"https:\/\/sp.tuchow.pl\/wp-content\/uploads\/2016\/06\/1-150x150.jpg\" \/><p><strong>1 czerwca 2016 r. w budynku Zespo\u0142u Szk\u00f3\u0142 w Tuchowie zosta\u0142a zorganizowana pierwsza edycja konkursu <em>\u201dMat &amp; Fiz is fun\u201d<\/em> dla uczni\u00f3w gimnazjum z gminy Tuch\u00f3w.<\/strong><\/p>\n<p>Organizatorzy zdecydowali o wyborze przedmiot\u00f3w: matematyka i fizyka z wykorzystaniem j\u0119zyka obcego (niemieckiego lub angielskiego), poniewa\u017c jednym z podstawowych kierunk\u00f3w realizacji polityki o\u015bwiatowej pa\u0144stwa w...<a href='https:\/\/sp.tuchow.pl\/index.php\/2016\/06\/10\/proba\/' class='pfpReadMore'>Read More &raquo;<\/a><div class='clear'><\/div><hr><\/div><div class='pfpItem entry-content'><h2 class='entry-title'><a href='https:\/\/sp.tuchow.pl\/index.php\/2016\/06\/03\/sp-wycieczka-do-zoo-w-krakowie\/'>SP -> Wycieczka do ZOO w Krakowie!<\/a><\/h2><img decoding=\"async\" src=\"https:\/\/sp.tuchow.pl\/wp-content\/uploads\/2016\/06\/zoo-150x150.jpg\" \/><p style=\"text-align: justify;\"><strong><span style=\"font-family: Cambria, serif;\"><span style=\"font-size: medium;\">31 maja 2016 roku uczniowie klasy 2 c i 2 d uczestniczyli we wspania\u0142ej wycieczce do Ogrodu Zoologicznego w Krakowie. Celem wycieczki by\u0142a obserwacja i czerpanie pozytywnych wra\u017ce\u0144 w kontakcie z przyrod\u0105, zainteresowanie dzieci r\u00f3\u017cnorodno\u015bci\u0105 gatunk\u00f3w \u015bwiata zwierz\u0105t, oraz kszta\u0142towanie ich \u015bwiadomo\u015bci ekologicznej....<a href='https:\/\/sp.tuchow.pl\/index.php\/2016\/06\/03\/sp-wycieczka-do-zoo-w-krakowie\/' class='pfpReadMore'>Read More &raquo;<\/a><div class='clear'><\/div><hr><\/div><div class='pfpItem entry-content'><h2 class='entry-title'><a href='https:\/\/sp.tuchow.pl\/index.php\/2016\/06\/03\/sp-dzien-sportu-klas-1-3-sp\/'>SP -> Dzie\u0144 sportu klas 1-3 SP<\/a><\/h2>ngg_shortcode_67_placeholder\n...<a href='https:\/\/sp.tuchow.pl\/index.php\/2016\/06\/03\/sp-dzien-sportu-klas-1-3-sp\/' class='pfpReadMore'>Read More &raquo;<\/a><div class='clear'><\/div><hr><\/div><div class='pfpItem entry-content'><h2 class='entry-title'><a href='https:\/\/sp.tuchow.pl\/index.php\/2016\/06\/03\/sp-frazeologizmy-czyli-wyrazenia-ktore-pokazuja-jezyk\/'>SP -> Frazeologizmy, czyli wyra\u017cenia, kt\u00f3re pokazuj\u0105 j\u0119zyk<\/a><\/h2>ngg_shortcode_68_placeholder\n...<a href='https:\/\/sp.tuchow.pl\/index.php\/2016\/06\/03\/sp-frazeologizmy-czyli-wyrazenia-ktore-pokazuja-jezyk\/' class='pfpReadMore'>Read More &raquo;<\/a><div class='clear'><\/div><hr><\/div><div class='pfpItem entry-content'><h2 class='entry-title'><a href='https:\/\/sp.tuchow.pl\/index.php\/2016\/06\/03\/sp-ksiazki-naszych-marzen-seria-dzialan-projektowych-w-klasach-czwartych\/'>SP- > \u201eKsi\u0105\u017cki naszych marze\u0144\u201d- seria dzia\u0142a\u0144 projektowych w klasach czwartych<\/a><\/h2><p><span style=\"font-family: 'Times New Roman', serif;\"><span style=\"font-size: medium;\">W bie\u017c\u0105cym roku szkolnym uczniowie klas IV Szko\u0142y Podstawowej im. S. Staszica w Tuchowie uczestniczyli w trzech projektach interdyscyplinarnych \u0142\u0105cz\u0105cych znajomo\u015b\u0107 lektur, wiedz\u0119 o j\u0119zyku oraz rozwijaj\u0105cych umiej\u0119tno\u015bci artystyczne i spo\u0142eczne. Pierwszy nosi\u0142 tytu\u0142 \u201eBa\u015bniowy teatr\u201d, drugi \u2013 \u201eFrazeologizmy, czyli wyra\u017cenia, kt\u00f3re pokazuj\u0105...<a href='https:\/\/sp.tuchow.pl\/index.php\/2016\/06\/03\/sp-ksiazki-naszych-marzen-seria-dzialan-projektowych-w-klasach-czwartych\/' class='pfpReadMore'>Read More &raquo;<\/a><div class='clear'><\/div><hr><\/div><div class='pfpItem entry-content'><h2 class='entry-title'><a href='https:\/\/sp.tuchow.pl\/index.php\/2016\/06\/03\/sp-basniowy-teatr\/'>SP -> Ba\u015bniowy teatr<\/a><\/h2>ngg_shortcode_71_placeholder\n...<a href='https:\/\/sp.tuchow.pl\/index.php\/2016\/06\/03\/sp-basniowy-teatr\/' class='pfpReadMore'>Read More &raquo;<\/a><div class='clear'><\/div><hr><\/div><div class='pfpItem entry-content'><h2 class='entry-title'><a href='https:\/\/sp.tuchow.pl\/index.php\/2016\/06\/02\/sp-wycieczka-klas-czwartych-do-krakowa-i-tynca\/'>SP -> Wycieczka klas czwartych do Krakowa i Ty\u0144ca<\/a><\/h2><p><strong>W maju klasy IV wyjecha\u0142y dwoma autobusami na wycieczk\u0119 do Krakowa i Ty\u0144ca. Program by\u0142 taki sam, jedynie zmienia\u0142a si\u0119 kolejno\u015b\u0107 zwiedzania. Oto relacje kilku uczni\u00f3w.<\/strong><\/p>\n<p>18 maja o godz.6:30 wyjechali\u015bmy z klas\u0105 na wycieczk\u0119. Na pocz\u0105tku byli\u015bmy w Krakowie w Ogrodzie Do\u015bwiadcze\u0144, gdzie podoba\u0142o mi si\u0119, ale pogoda nam nie...<a href='https:\/\/sp.tuchow.pl\/index.php\/2016\/06\/02\/sp-wycieczka-klas-czwartych-do-krakowa-i-tynca\/' class='pfpReadMore'>Read More &raquo;<\/a><div class='clear'><\/div><hr><\/div><div class='pfpItem entry-content'><h2 class='entry-title'><a href='https:\/\/sp.tuchow.pl\/index.php\/2016\/06\/02\/sp-pierwsza-pomoc-to-dziecinnie-proste-ostatnia-odslona\/'>SP -> \u201ePierwsza pomoc \u2013 to dziecinnie proste\u201d \u2013 ostatnia ods\u0142ona<\/a><\/h2><p align=\"JUSTIFY\"><strong><span style=\"font-family: 'Times New Roman', serif;\"><span style=\"font-size: large;\">Jak ju\u017c wiecie wczoraj odby\u0142 si\u0119 fina\u0142 konkursu Ratujemy i Uczymy Ratowa\u0107, w kt\u00f3rym uczniowie klas III wywalczyli V miejsce!!! <\/span><\/span><\/strong><\/p>\n<p align=\"JUSTIFY\"><span style=\"font-family: 'Times New Roman', serif;\"><span style=\"font-size: large;\">Rywalizacja polega\u0142a na wsp\u00f3\u0142zawodnictwie pi\u0119cioosobowych Reprezentacji Ratowniczych w konkurencjach \u0142\u0105cz\u0105cych w sobie zaj\u0119cia ruchowe...<a href='https:\/\/sp.tuchow.pl\/index.php\/2016\/06\/02\/sp-pierwsza-pomoc-to-dziecinnie-proste-ostatnia-odslona\/' class='pfpReadMore'>Read More &raquo;<\/a><div class='clear'><\/div><hr><\/div><div class='pfpItem entry-content'><h2 class='entry-title'><a href='https:\/\/sp.tuchow.pl\/index.php\/2016\/06\/02\/sp-iii-miejsce-dla-klasy-2c-w-ogolnopolskim-konkursie-zrob-niedzwiedziom-przysluge-edukacja-dla-rownowazonego-rozwoju-w-szkolach-podstawowych\/'>SP -> III miejsce dla klasy 2c  w og\u00f3lnopolskim konkursie \u201eZr\u00f3b nied\u017awiedziom przys\u0142ug\u0119. Edukacja dla r\u00f3wnowa\u017conego rozwoju w szko\u0142ach podstawowych.\u201d<\/a><\/h2><p style=\"text-align: justify;\"><strong>Konkurs w ramach projektu<a href=\"http:\/\/www.scenariuszelekcji.edu.pl\/programy\/zrownowazony-rozwoj\">\u00a0\u201eZr\u00f3b nied\u017awiedziom przys\u0142ug\u0119. Edukacja dla zr\u00f3wnowa\u017conego rozwoju w szko\u0142ach podstawowych\u201d<\/a>\u00a0by\u0142 przeznaczony dla uczni\u00f3w szk\u00f3\u0142 podstawowych i trwa\u0142 od 1 lutego do 1 czerwca br. Jego tematyka dotyczy\u0142a kwestii ochrony \u015brodowiska i koegzystencji ludzi i zwierz\u0105t we wsp\u00f3lnej przestrzeni.<\/strong><\/p>\n<p style=\"text-align: justify;\">\u00a0G\u0142\u00f3wne zadanie polega\u0142o na stworzeniu...<a href='https:\/\/sp.tuchow.pl\/index.php\/2016\/06\/02\/sp-iii-miejsce-dla-klasy-2c-w-ogolnopolskim-konkursie-zrob-niedzwiedziom-przysluge-edukacja-dla-rownowazonego-rozwoju-w-szkolach-podstawowych\/' class='pfpReadMore'>Read More &raquo;<\/a><div class='clear'><\/div><hr><\/div><div class='pfpItem entry-content'><h2 class='entry-title'><a href='https:\/\/sp.tuchow.pl\/index.php\/2016\/06\/01\/sp-sukces-naszych-uczniow-w-finale-programu-pomagamy-i-uczmy-ratowac\/'>SP -> SUKCES naszych uczni\u00f3w w finale programu Ratujemy i Uczymy Ratowa\u0107<\/a><\/h2><p>Mi\u0142o nam poinformowa\u0107, \u017ce dru\u017cyna ze szko\u0142y podstawowej wywalczy\u0142a w finale&nbsp;<strong>V miejsce w Polsce w akcji: &#8222;Pomagamy i uczmy ratowa\u0107&#8221;<\/strong>.<\/p>\n<p><strong>GRATULUJEMY<\/strong> uczniom oraz ich opiekunom &#8211; p. Barbarze Potok i p. Renacie Prz\u0119czek.<\/p>\nngg_shortcode_73_placeholder\n...<a href='https:\/\/sp.tuchow.pl\/index.php\/2016\/06\/01\/sp-sukces-naszych-uczniow-w-finale-programu-pomagamy-i-uczmy-ratowac\/' class='pfpReadMore'>Read More &raquo;<\/a><div class='clear'><\/div><hr><\/div><div class='pfpItem entry-content'><h2 class='entry-title'><a href='https:\/\/sp.tuchow.pl\/index.php\/2016\/05\/27\/sp-konkurs-piosenki-dzieciecej-dla-klas-i-iii-sp\/'>SP -> KONKURS PIOSENKI DZIECI\u0118CEJ DLA KLAS  I-III  SP<\/a><\/h2><p>W maju odby\u0142 si\u0119 <strong>\u201eKONKURS PIOSENKI DZIECI\u0118CEJ DLA KLAS&nbsp; I-III&nbsp; SP\u201d. <\/strong>Klasy reprezentowali soli\u015bci i zespo\u0142y. Celem konkursu by\u0142o: wspieranie uzdolnionych wokalnie uczni\u00f3w i umo\u017cliwienie prezentacji ich umiej\u0119tno\u015bci wokalnych oraz dorobku artystycznego, propagowanie kultury muzycznej w\u015br\u00f3d dzieci, tw\u00f3rcza wymiana do\u015bwiadcze\u0144 muzycznych, promocja m\u0142odych wykonawc\u00f3w bior\u0105cych udzia\u0142 w konkursie, popularyzacja piosenek,...<a href='https:\/\/sp.tuchow.pl\/index.php\/2016\/05\/27\/sp-konkurs-piosenki-dzieciecej-dla-klas-i-iii-sp\/' class='pfpReadMore'>Read More &raquo;<\/a><div class='clear'><\/div><hr><\/div><div class='pfpItem entry-content'><h2 class='entry-title'><a href='https:\/\/sp.tuchow.pl\/index.php\/2016\/05\/25\/organizacja-pracy-w-dniu-27-maja-2016-r-piatek\/'>SP -> WYNIKI KONKURSU \u201eAnglia w moich oczach\u201d<\/a><\/h2><p><a name=\"_GoBack\"><\/a>Uczniowie klas 4 i 5 szko\u0142y podstawowej wzi\u0119li udzia\u0142 w szkolnym konkursie plastyczno-j\u0119zykowym <strong>\u201eAnglia w moich oczach\u201d<\/strong>. Bezkonkurencyjni okazali si\u0119 uczniowie z kl.4c, zajmuj\u0105c pierwsze 4 miejsca.<\/p>\n<p><strong>Miejsce 1: Jakub \u0141\u0105tka kl. 4c<\/strong><\/p>\n<p>Miejsce 1: Julia G\u00f3ral kl. 4c<\/p>\n<p>Miejsce 2: Aleksandra Hanak kl. 4c<\/p>\n<p>Miejsce 3: Wojciech Mokrzycki kl. 4c<\/p>\n<p>Wyr\u00f3\u017cnienie:<\/p>\n<p>Daria Ciemi\u0119ga kl.5b<\/p>\n<p>Wiktoria...<a href='https:\/\/sp.tuchow.pl\/index.php\/2016\/05\/25\/organizacja-pracy-w-dniu-27-maja-2016-r-piatek\/' class='pfpReadMore'>Read More &raquo;<\/a><div class='clear'><\/div><hr><\/div><div class='pfpItem entry-content'><h2 class='entry-title'><a href='https:\/\/sp.tuchow.pl\/index.php\/2016\/05\/25\/sp-madrosc-musisz-sam-z-siebie-wlasna-dobyc-praca-czyli-szczesliwi-uczniowie-klas-szostych\/'>SP -> M\u0105dro\u015b\u0107 musisz sam z siebie w\u0142asn\u0105 doby\u0107 prac\u0105, czyli  szcz\u0119\u015bliwi uczniowie klas sz\u00f3stych<\/a><\/h2><p style=\"text-align: justify;\">24 maja 2016 r. w Zespole Szk\u00f3\u0142 w Tuchowie uczniowie klas VI u\u015bmiechn\u0119li si\u0119 szeroko od ucha do ucha na wie\u015b\u0107 o wynikach sprawdzianu sz\u00f3stoklasisty.<\/p>\n<p style=\"text-align: justify;\">I cho\u0107 to ostatni, historyczny ju\u017c zapewne sprawdzian, uczniowie pokazali, na co ich sta\u0107 i jak mo\u017cna systematyczn\u0105 i wytrwa\u0142\u0105 prac\u0105 zapracowa\u0107...<a href='https:\/\/sp.tuchow.pl\/index.php\/2016\/05\/25\/sp-madrosc-musisz-sam-z-siebie-wlasna-dobyc-praca-czyli-szczesliwi-uczniowie-klas-szostych\/' class='pfpReadMore'>Read More &raquo;<\/a><div class='clear'><\/div><hr><\/div><div class='pfpItem entry-content'><h2 class='entry-title'><a href='https:\/\/sp.tuchow.pl\/index.php\/2016\/05\/24\/fotorelacja-z-ii-pikniku-szkolnego\/'>Fotorelacja z II Pikniku Szkolnego<\/a><\/h2><img decoding=\"async\" src=\"https:\/\/sp.tuchow.pl\/wp-content\/uploads\/2016\/05\/Fotorelacja-150x89.jpg\" \/><p><strong><span style=\"color: #000000;\">Zapraszamy do obejrzenia fotorelacji z II Pikniku Szkolnego.<\/span><\/strong><\/p>\nngg_shortcode_76_placeholder\n...<a href='https:\/\/sp.tuchow.pl\/index.php\/2016\/05\/24\/fotorelacja-z-ii-pikniku-szkolnego\/' class='pfpReadMore'>Read More &raquo;<\/a><div class='clear'><\/div><hr><\/div><div class='pfpItem entry-content'><h2 class='entry-title'><a href='https:\/\/sp.tuchow.pl\/index.php\/2016\/05\/24\/sp-rodzina-to-najwiekszy-dar-boga-dla-czlowieka-jest-czastka-utraconego-raju\/'>SP -> \u201eRODZINA  - TO NAJWI\u0118KSZY DAR BOGA DLA CZ\u0141OWIEKA - JEST CZ\u0104STK\u0104 UTRACONEGO RAJU\"<\/a><\/h2><img decoding=\"async\" src=\"https:\/\/sp.tuchow.pl\/wp-content\/uploads\/2016\/05\/Z-prochu-i-zebra-150x150.jpg\" \/><p>\u201eRODZINA&nbsp; &#8211; TO NAJWI\u0118KSZY DAR BOGA DLA CZ\u0141OWIEKA &#8211; JEST CZ\u0104STK\u0104 UTRACONEGO RAJU&#8221;<\/p>\n<p style=\"text-align: justify;\">&nbsp;&#8211; te wa\u017cne s\u0142owa &nbsp;zosta\u0142y wypowiedziane podczas Dnia Rodziny, \u015bwi\u0119ta, kt\u00f3re w naszej szkole&nbsp;obchodzili\u015bmy 19 maja 2016 roku. Z tej okazji uczniowie klas II d i i III a wyst\u0105pili w przedstawieniu pt. \u201eZ prochu i...<a href='https:\/\/sp.tuchow.pl\/index.php\/2016\/05\/24\/sp-rodzina-to-najwiekszy-dar-boga-dla-czlowieka-jest-czastka-utraconego-raju\/' class='pfpReadMore'>Read More &raquo;<\/a><div class='clear'><\/div><hr><\/div><div class='pfpItem entry-content'><h2 class='entry-title'><a href='https:\/\/sp.tuchow.pl\/index.php\/2016\/05\/23\/sp-rozstrzygniecie-ogolnopolskiego-konkursu-kartka-dla-ciebie-w-obliczu-choroby-wszystko-traci-znaczenie\/'>SP -> Rozstrzygni\u0119cie Og\u00f3lnopolskiego Konkursu:  \u201eKARTKA DLA CIEBIE \u2013 W OBLICZU CHOROBY WSZYSTKO TRACI ZNACZENIE\u201d<\/a><\/h2><p>W dniu 25 kwietnia 2016 roku nast\u0105pi\u0142o rozstrzygni\u0119cie, a 13 maja og\u0142oszenie wynik\u00f3w og\u00f3lnopolskiego konkursu:\u00a0<strong><em>\u201eKartka dla Ciebie\u201d,<\/em><\/strong> \u00a0kt\u00f3re odbywa\u0142o si\u0119 pod patronatem honorowym \u00a0Pani Edyty Wo\u017aniak &#8211; Dyrektor ZEASuw Piasecznie.<\/p>\n<p>Zainteresowanie przesz\u0142o naj\u015bmielsze oczekiwania organizator\u00f3w. Na konkurs nades\u0142anych zosta\u0142o wiele przepi\u0119knych i ciekawych prac, Komisja Konkursowa mia\u0142a wi\u0119c nie\u0142atwe zadanie. Oceniaj\u0105cy...<a href='https:\/\/sp.tuchow.pl\/index.php\/2016\/05\/23\/sp-rozstrzygniecie-ogolnopolskiego-konkursu-kartka-dla-ciebie-w-obliczu-choroby-wszystko-traci-znaczenie\/' class='pfpReadMore'>Read More &raquo;<\/a><div class='clear'><\/div><hr><\/div><div class='pfpItem entry-content'><h2 class='entry-title'><a href='https:\/\/sp.tuchow.pl\/index.php\/2016\/05\/23\/czytanie-czemu-nie\/'>Czytanie? Czemu nie!<\/a><\/h2><img decoding=\"async\" src=\"https:\/\/sp.tuchow.pl\/wp-content\/uploads\/2016\/05\/ksiazka-1-150x150.jpg\" \/><p style=\"text-align: justify;\"><strong>Dnia 10 czerwca 2016 r. odb\u0119dzie si\u0119 og\u00f3lnopolska akcja \u201eJak nie czytam, jak czytam.<\/strong>\u201d<\/p>\n<p style=\"text-align: justify;\">Uczniowie Zespo\u0142u Szk\u00f3\u0142 w Tuchowie wezm\u0105 w niej udzia\u0142 i z najwi\u0119ksz\u0105 ch\u0119ci\u0105 \u201eobal\u0105\u201d stereotyp powsta\u0142y w ostatnich latach &#8211; i\u017c m\u0142odzie\u017c nie czyta ksi\u0105\u017cek. Dlatego zapraszamy i ma\u0142ych i du\u017cych, i m\u0142odych...<a href='https:\/\/sp.tuchow.pl\/index.php\/2016\/05\/23\/czytanie-czemu-nie\/' class='pfpReadMore'>Read More &raquo;<\/a><div class='clear'><\/div><hr><\/div><div class='pfpItem entry-content'><h2 class='entry-title'><a href='https:\/\/sp.tuchow.pl\/index.php\/2016\/05\/22\/jak-nauka-i-zabawa-wyszly-poza-szkolne-mury-czyli-ii-piknik-szkolny\/'>Jak nauka i zabawa wysz\u0142y poza szkolne mury - czyli II Piknik Szkolny<\/a><\/h2><p style=\"text-align: justify;\">21 maja pogoda na szcz\u0119\u015bcie nie zawiod\u0142a, podobnie jak mieszka\u0144cy Tuchowa.\u00a0<span style=\"color: #000000;\">Od rana w pobli\u017cu Domu Kultury i amfiteatru pracownicy i uczniowie tuchowskiego Zespo\u0142u Szk\u00f3\u0142\u00a0<\/span><span style=\"color: #000000;\">oraz wiele \u017cyczliwych os\u00f3b pracowa\u0142o nad zainstalowaniem namiot\u00f3w, sprz\u0119tu nag\u0142a\u015bniaj\u0105cego i innych niezb\u0119dnych rzeczy potrzebnych do przeprowadzenia Pikniku Szkolnego.\u00a0<\/span><span style=\"color: #000000;\">A...<a href='https:\/\/sp.tuchow.pl\/index.php\/2016\/05\/22\/jak-nauka-i-zabawa-wyszly-poza-szkolne-mury-czyli-ii-piknik-szkolny\/' class='pfpReadMore'>Read More &raquo;<\/a><div class='clear'><\/div><hr><\/div><div class='pfpItem entry-content'><h2 class='entry-title'><a href='https:\/\/sp.tuchow.pl\/index.php\/2016\/05\/22\/piknikowo-zawodowo\/'>Piknikowo! Zawodowo!<\/a><\/h2><p style=\"text-align: justify;\"><strong>Festiwal zawod\u00f3w to has\u0142o, pod kt\u00f3rym odby\u0142 si\u0119 II Piknik Szkolny Zespo\u0142u Szk\u00f3\u0142 w Tuchowie. Pierwszy termin przewidziany by\u0142 na dzie\u0144 14 maja 2016 roku, jednak aura nie dopisa\u0142a, dlatego decyzj\u0105 organizator\u00f3w impreza zosta\u0142a przeniesiona na 21 maja 2016 roku. Efekt by\u0142 wspania\u0142y. Pogoda by\u0142a znakomita i chocia\u017c...<a href='https:\/\/sp.tuchow.pl\/index.php\/2016\/05\/22\/piknikowo-zawodowo\/' class='pfpReadMore'>Read More &raquo;<\/a><div class='clear'><\/div><hr><\/div><div class='pfpItem entry-content'><h2 class='entry-title'><a href='https:\/\/sp.tuchow.pl\/index.php\/2016\/05\/19\/szkola-podstawowa-w-finale-konkursu-ratujemy-i-uczymy-ratowac\/'>Szko\u0142a Podstawowa w finale konkursu \u201eRatujemy i uczymy ratowa\u0107\u201d!<\/a><\/h2><p><b>Znamy ju\u017c nazwy siedmiu szk\u00f3\u0142, kt\u00f3re przesz\u0142y do fina\u0142u V Og\u00f3lnopolskiego Konkursu \u201eRatujemy i uczymy ratowa\u0107\u201d. Udzia\u0142 w drugim etapie polega\u0142 na nagraniu filmu z nauki pierwszej pomocy. Instruktorami by\u0142y dzieci (uczniowie klas I-III), a kursantami mia\u0142a by\u0107 lokalna spo\u0142eczno\u015b\u0107 (np. w\u0142adze samorz\u0105dowe, rodzice, lokalna spo\u0142eczno\u015b\u0107).<\/b><\/p>\n<p>Na stronie <a href=\"http:\/\/www.facebook.com\/RatujemyIUczymyRatowac\" target=\"_blank\">www.facebook.com\/RatujemyIUczymyRatowac<\/a>...<a href='https:\/\/sp.tuchow.pl\/index.php\/2016\/05\/19\/szkola-podstawowa-w-finale-konkursu-ratujemy-i-uczymy-ratowac\/' class='pfpReadMore'>Read More &raquo;<\/a><div class='clear'><\/div><hr><\/div><div class='pfpItem entry-content'><h2 class='entry-title'><a href='https:\/\/sp.tuchow.pl\/index.php\/2016\/05\/19\/sp-gminny-konkurs-wiedzy-o-swietym-janie-pawle-ii\/'>SP -> GMINNY KONKURS Wiedzy o \u015awi\u0119tym Janie Pawle II<\/a><\/h2><p>Z przyjemno\u015bci\u0105 informujemy, \u017ce 18 maja 2016 r. w Szkole Podstawowej w Zab\u0142\u0119dzy odby\u0142 si\u0119 VII Gminny Konkurs Wiedzy o \u015awi\u0119tym Janie Pawle II.<\/p>\n<p>Konkurs by\u0142 adresowany do uczni\u00f3w klas I- III . Nasz\u0105 szko\u0142\u0119 reprezentowa\u0142a <strong>uczennica kl. III C &#8211; Zuzanna Patyk,<\/strong> <strong>kt\u00f3ra zaj\u0119\u0142a II miejsce. <\/strong><\/p>\n<p>Uczennic\u0119 <em>do konkursu przygotowywa\u0142a...<a href='https:\/\/sp.tuchow.pl\/index.php\/2016\/05\/19\/sp-gminny-konkurs-wiedzy-o-swietym-janie-pawle-ii\/' class='pfpReadMore'>Read More &raquo;<\/a><div class='clear'><\/div><hr><\/div><div class='pfpItem entry-content'><h2 class='entry-title'><a href='https:\/\/sp.tuchow.pl\/index.php\/2016\/05\/19\/ii-piknik-szkolny-sobota-21-maja-godz-1400-amfiteatr-w-tuchowie\/'>GIM -> Wycieczka po zdrowie klas 2 Gim<\/a><\/h2><p style=\"text-align: justify;\"><strong>W dniach 17-18 maja 2016 roku grupa gimnazjalist\u00f3w z klas 2c i 2d podj\u0119\u0142a kolejn\u0105 wypraw\u0119 w g\u00f3ry. Propozycja kierownika w\u0119dr\u00f3wek g\u00f3rskich ks. Marka Wojaka zosta\u0142a przyj\u0119ta z entuzjazmem. Wypakowane prowiantem plecaki, zabezpieczeni p\u0142aszczami przeciwdeszczowymi, a przede wszystkim optymistycznie nastawieni wyruszyli\u015bmy z Tuchowa poci\u0105giem do Rytra.<\/strong><\/p>\n<p style=\"text-align: justify;\">Doj\u015bcie...<a href='https:\/\/sp.tuchow.pl\/index.php\/2016\/05\/19\/ii-piknik-szkolny-sobota-21-maja-godz-1400-amfiteatr-w-tuchowie\/' class='pfpReadMore'>Read More &raquo;<\/a><div class='clear'><\/div><hr><\/div><div class='pfpItem entry-content'><h2 class='entry-title'><a href='https:\/\/sp.tuchow.pl\/index.php\/2016\/05\/19\/sp-fotorelacja-z-wycieczki-klas-5a-i-5b\/'>SP -> Wycieczka do Rabki  i Chab\u00f3wki \u2013 klas  V a i V c<\/a><\/h2><p><strong>Pi\u0105tek trzynastego maja sp\u0119dzili\u015bmy bardzo przyjemnie, poniewa\u017c \u2013 odk\u0142adaj\u0105c na bok wszelkie przes\u0105dy &#8211; na ten w\u0142a\u015bnie dzie\u0144 zaplanowali\u015bmy z naszymi wychowawcami i rodzicami, wycieczk\u0119 klasow\u0105 do Rabki i Chab\u00f3wki.<\/strong><\/p>\n<p>Pomimo wczesnej pobudki, ra\u017anie i dziarsko zjawili\u015bmy si\u0119 o godzinie 6:40 na przyszkolnym parkingu i czekali\u015bmy na przyjazd autokaru. Humory dopisywa\u0142y,...<a href='https:\/\/sp.tuchow.pl\/index.php\/2016\/05\/19\/sp-fotorelacja-z-wycieczki-klas-5a-i-5b\/' class='pfpReadMore'>Read More &raquo;<\/a><div class='clear'><\/div><hr><\/div><div class='pfpItem entry-content'><h2 class='entry-title'><a href='https:\/\/sp.tuchow.pl\/index.php\/2016\/05\/19\/sp-co-kto-moze-wymyslic-sukces-literacki-naszych-uczennic\/'>SP -> ,,Co kto mo\u017ce wymy\u015bli\u0107?\u2019\u2019. Sukces literacki naszych uczennic.<\/a><\/h2><p>&nbsp;<\/p>\n<p>13 maja 2016 roku okaza\u0142 si\u0119 bardzo szcz\u0119\u015bliwym dniem dla uczennic Zespo\u0142u Szk\u00f3\u0142 w Tuchowie.<\/p>\n<p>Zosta\u0142y og\u0142oszone wyniki XII Ma\u0142opolskiego Konkursu Literackiego ,,Co kto mo\u017ce wymy\u015bli\u0107?\u2019\u2019 zorganizowanego przez Szko\u0142\u0119 Podstawow\u0105 nr 101 im. Hansa Christiana Andersena w Krakowie pod patronatem Konsula Honorowego Kr\u00f3lestwa Danii Janusza Kahla, Prezydenta Miasta Krakowa Jacka Majchrowskiego,...<a href='https:\/\/sp.tuchow.pl\/index.php\/2016\/05\/19\/sp-co-kto-moze-wymyslic-sukces-literacki-naszych-uczennic\/' class='pfpReadMore'>Read More &raquo;<\/a><div class='clear'><\/div><hr><\/div><div class='pfpItem entry-content'><h2 class='entry-title'><a href='https:\/\/sp.tuchow.pl\/index.php\/2016\/05\/14\/ii-piknik-szkolny-przelozony-na-21-maja-2016-r-sobota\/'>II PIKNIK SZKOLNY PRZE\u0141O\u017bONY NA 21 maja 2016 r. \/sobota\/<\/a><\/h2><p>W zwi\u0105zku ze z\u0142ymi warunkami atmosferycznymi <strong>II Piknik Szkolny zosta\u0142 prze\u0142o\u017cony na 21 maja 2016 r. \/sobota\/.<\/strong><\/p>\n<p><em>Serdecznie zapraszamy do udzia\u0142u.<\/em><\/p>\n...<a href='https:\/\/sp.tuchow.pl\/index.php\/2016\/05\/14\/ii-piknik-szkolny-przelozony-na-21-maja-2016-r-sobota\/' class='pfpReadMore'>Read More &raquo;<\/a><div class='clear'><\/div><hr><\/div><div class='pfpItem entry-content'><h2 class='entry-title'><a href='https:\/\/sp.tuchow.pl\/index.php\/2016\/05\/13\/sport-dziewczeta-sp-tuchow-wicemistrzyniami-regionu-tarnowskiego-w-pilke-reczna\/'>SPORT -> DZIEWCZ\u0118TA SP TUCH\u00d3W WICEMISTRZYNIAMI REGIONU TARNOWSKIEGO W PI\u0141K\u0118 R\u0118CZN\u0104<\/a><\/h2><p><strong>Znakomicie zaprezentowa\u0142y si\u0119 dziewcz\u0119ta SP Tuch\u00f3w w fina\u0142owym turnieju o Mistrzostwo Regionu Tarnowskiego w pi\u0142k\u0119 r\u0119czn\u0105.<\/strong><\/p>\n<p>Po wygraniu dw\u00f3ch pierwszych mecz\u00f3w dosz\u0142o do decyduj\u0105cego starcia z SP nr 8 z Tarnowa. Do upragnionego triumfu w ca\u0142ych mistrzostwach wystarcza\u0142 remis. Niestety po niesamowicie zaci\u0119tym i wyr\u00f3wnanym widowisku to zesp\u00f3l z Tarnowa okaza\u0142...<a href='https:\/\/sp.tuchow.pl\/index.php\/2016\/05\/13\/sport-dziewczeta-sp-tuchow-wicemistrzyniami-regionu-tarnowskiego-w-pilke-reczna\/' class='pfpReadMore'>Read More &raquo;<\/a><div class='clear'><\/div><hr><\/div><div class='pfpItem entry-content'><h2 class='entry-title'><a href='https:\/\/sp.tuchow.pl\/index.php\/2016\/05\/09\/ratujemy-i-uczymy-ratowac\/'>Ratujemy i Uczymy Ratowa\u0107<\/a><\/h2><p><strong>Pom\u00f3\u017c szkole przej\u015b\u0107 do Fina\u0142u Konkursu &#8211; polub ten film <i class=\"_3kkw _4-k1\"><span class=\"accessible_elem\">\u2764<\/span><\/i>\u00a0\u00a0G\u0142osowanie trwa od 09.05 do 13.05.2016 (do godz. 12:00) \u231b<\/strong><\/p>\n<p><a href=\"http:\/\/www.facebook.com\/RatujemyIUczymyRatowac\/\" target=\"_blank\">G\u0142osuj na SP w Tuchowie<\/a><\/p>\n<p><video controls=\"controls\" width=\"300\" height=\"150\"><source src=\"http:\/\/www.facebook.com\/RatujemyIUczymyRatowac\/videos\/1029446083778017\" \/><\/video><\/p>\n...<a href='https:\/\/sp.tuchow.pl\/index.php\/2016\/05\/09\/ratujemy-i-uczymy-ratowac\/' class='pfpReadMore'>Read More &raquo;<\/a><div class='clear'><\/div><hr><\/div><div class='pfpItem entry-content'><h2 class='entry-title'><a href='https:\/\/sp.tuchow.pl\/index.php\/2016\/05\/08\/gim-sukces-jagody-madejczyk-uczennicy-klasy-iii-a-gimnazjum-w-konkursie-literackim\/'>GIM -> Sukces Jagody Madejczyk, uczennicy klasy III a Gimnazjum w konkursie literackim.<\/a><\/h2><p>21 kwietnia 2016 r. <strong>JAGODA MADEJCZYK<\/strong> z klasy III a go\u015bci\u0142a w murach Pa\u0144stwowej Wy\u017cszej Szko\u0142y Zawodowej w Tarnowie jako <strong>LAUREATKA TRZECIEJ NAGRODY<\/strong> w kategorii m\u0142odzie\u017cy gimnazjalnej\u00a0 konkursu literackiego <strong>LUDZIE, MIEJSCA, OPOWIE\u015aCI &#8211; PODR\u00d3\u017bE\u00a0 W CZASIE I PRZESTRZENI <\/strong>przeprowadzonego przez Zak\u0142ad Filologii Polskiej tej uczelni. Jagoda zosta\u0142a wyr\u00f3\u017cniona jako autorka...<a href='https:\/\/sp.tuchow.pl\/index.php\/2016\/05\/08\/gim-sukces-jagody-madejczyk-uczennicy-klasy-iii-a-gimnazjum-w-konkursie-literackim\/' class='pfpReadMore'>Read More &raquo;<\/a><div class='clear'><\/div><hr><\/div><div class='pfpItem entry-content'><h2 class='entry-title'><a href='https:\/\/sp.tuchow.pl\/index.php\/2016\/05\/07\/sp-projekt-zrob-niedzwiedziom-przysluge-edukacja-dla-z-rownowazonego-rozwoju-w-szkolach-podstawowych\/'>SP -> Projekt  \u201eZr\u00f3b nied\u017awiedziom przys\u0142ug\u0119. Edukacja dla z r\u00f3wnowa\u017conego rozwoju w szko\u0142ach podstawowych.\u201d<\/a><\/h2><p><strong>Klasa 2 c bierze udzia\u0142 w og\u00f3lnopolskim&nbsp; konkursie ekologicznym w ramach projektu \u201eZr\u00f3b nied\u017awiedziom przys\u0142ug\u0119. Edukacja dla zr\u00f3wnowa\u017conego rozwoju w szko\u0142ach podstawowych.\u201d&nbsp;<\/strong><\/p>\n<p>W ramach konkursu klasa realizowa\u0142a zaj\u0119cia&nbsp; p.t. \u201eJak \u017cy\u0107 w zgodzie ze zwierz\u0119tami?\u201d, kt\u00f3rych celem by\u0142o zwi\u0119kszenie \u015bwiadomo\u015bci ekologicznej w\u015br\u00f3d uczni\u00f3w oraz pobudzenie ich do dzia\u0142a\u0144 na rzecz ochrony...<a href='https:\/\/sp.tuchow.pl\/index.php\/2016\/05\/07\/sp-projekt-zrob-niedzwiedziom-przysluge-edukacja-dla-z-rownowazonego-rozwoju-w-szkolach-podstawowych\/' class='pfpReadMore'>Read More &raquo;<\/a><div class='clear'><\/div><hr><\/div><div class='pfpItem entry-content'><h2 class='entry-title'><a href='https:\/\/sp.tuchow.pl\/index.php\/2016\/05\/06\/gim-otwp-kolejny-etap-i-kolejny-sukces-anny-was\/'>GIM -> OTWP \u2013 KOLEJNY ETAP I KOLEJNY SUKCES ANNY W\u0104S<\/a><\/h2><img decoding=\"async\" src=\"https:\/\/sp.tuchow.pl\/wp-content\/uploads\/2016\/05\/anna_was_strazacki_konkurs4-150x150.jpg\" \/><p><strong>To ju\u017c czwarty etap Og\u00f3lnopolskiego Turnieju Wiedzy Po\u017carniczej, kt\u00f3ry sukcesem ko\u0144czy nasza druhna&nbsp;<em>Anna W\u0105s &#8211; <\/em>uczennica Publicznego Gimnazjum im. Kazimierza Wielkiego w Tuchowie. <\/strong><\/p>\n<p><strong>30 kwietnia br. w Wieliczce odby\u0142y&nbsp;si\u0119 eliminacje wojew\u00f3dzkie, podczas kt\u00f3rych wy\u0142oniono reprezentant\u00f3w Ma\u0142opolski na fina\u0142 centralny.<\/strong><span id=\"more-5321\"><\/span><\/p>\n<p>Eliminacje szczebla wojew\u00f3dzkiego przeprowadzono w tym roku w Kampusie Wielickim a...<a href='https:\/\/sp.tuchow.pl\/index.php\/2016\/05\/06\/gim-otwp-kolejny-etap-i-kolejny-sukces-anny-was\/' class='pfpReadMore'>Read More &raquo;<\/a><div class='clear'><\/div><hr><\/div><div class='pfpItem entry-content'><h2 class='entry-title'><a href='https:\/\/sp.tuchow.pl\/index.php\/2016\/05\/06\/sport-awans-do-finalu-wojewodzkiego-pilkarskiego-turnieju-coca-cola-cup-gimnazjalistek-z-tuchowa\/'>SPORT -> AWANS DO FINA\u0141U WOJEW\u00d3DZKIEGO  PI\u0141KARSKIEGO TURNIEJU COCA COLA CUP GIMNAZJALISTEK Z  TUCHOWA<\/a><\/h2><p><strong>W dniu 27 kwietnia&nbsp; na orliku w Tarnowie odby\u0142 si\u0119 Fina\u0142 Rejonowy turnieju pi\u0142karskiego Coca Cola Cup w kategorii Gimnazjum &#8211; dziewcz\u0119ta. <\/strong><\/p>\n<p>Rewelacyjnie spisa\u0142y si\u0119 w nim gimnazjalistki z Tuchowa&nbsp;&#8211; podopieczne pana \u0141ukasza Jurka, wygrywaj\u0105c dwa mecze z Tarnowem i Mikluszowicami. Remisem zako\u0144czy\u0142o si\u0119 spotkanie z Uj\u015bciem Gorlickim- tym samy...<a href='https:\/\/sp.tuchow.pl\/index.php\/2016\/05\/06\/sport-awans-do-finalu-wojewodzkiego-pilkarskiego-turnieju-coca-cola-cup-gimnazjalistek-z-tuchowa\/' class='pfpReadMore'>Read More &raquo;<\/a><div class='clear'><\/div><hr><\/div><div class='pfpItem entry-content'><h2 class='entry-title'><a href='https:\/\/sp.tuchow.pl\/index.php\/2016\/05\/04\/wiwat-maj-trzeci-maj\/'>Wiwat Maj \u2013 Trzeci Maj!<\/a><\/h2><img decoding=\"async\" src=\"https:\/\/sp.tuchow.pl\/wp-content\/uploads\/2016\/05\/3-maja-150x150.jpg\" \/><p><strong>3 maja 1791 kr\u00f3l Stanis\u0142aw August Poniatowski wraz z Marsza\u0142kiem Ma\u0142achowskim, Ignacym Potockim i innymi Sygnatariuszami zatwierdzili Ustaw\u0119 Rz\u0105dow\u0105 reguluj\u0105ca ustr\u00f3j prawny \u00f3wczesnej Rzeczpospolitej Obojga Narod\u00f3w. &nbsp;<\/strong><\/p>\n<p>Dnia 29 kwietnia 2016r. w Domu Kultury uczniowie Zespo\u0142u Szk\u00f3\u0142<br \/>\nw Tuchowie przedstawili kr\u00f3tko co dzia\u0142o si\u0119 w dniu 3 maja 1791r. przypominaj\u0105c m\u0142odzie\u017cy...<a href='https:\/\/sp.tuchow.pl\/index.php\/2016\/05\/04\/wiwat-maj-trzeci-maj\/' class='pfpReadMore'>Read More &raquo;<\/a><div class='clear'><\/div><hr><\/div><div class='pfpItem entry-content'><h2 class='entry-title'><a href='https:\/\/sp.tuchow.pl\/index.php\/2016\/05\/03\/sp-o-konkursie-historycznym-odkrywamy-sredniowiecze-w-inwaldzie\/'>SP -> O Konkursie Historycznym,, Odkrywamy \u015aredniowiecze\u201d w Inwa\u0142dzie.<\/a><\/h2><p><strong>21 kwietnia w Inwa\u0142dzie odby\u0142 si\u0119 etap ponadwojew\u00f3dzki\u00a0Konkursu Historycznego ,, Odkrywamy \u015aredniowiecze\u201d.<\/strong><\/p>\n<p>Nasz\u0105 szko\u0142\u0119 reprezentowa\u0142y dwie uczennice klasy VIb<\/p>\n<p>Beata Czochara i Emilia Grybo\u015b , kt\u00f3re w I etapie konkursu<\/p>\n<p>zaj\u0119\u0142y I miejsce i awansowa\u0142y do II etapu.<\/p>\n<p>W II etapie wzi\u0119\u0142o udzia\u0142 200 uczni\u00f3w klas IV \u2013 VI szk\u00f3\u0142<\/p>\n<p>podstawowych z wojew\u00f3dztwa ma\u0142opolskiego, \u015bl\u0105skiego<\/p>\n<p>i...<a href='https:\/\/sp.tuchow.pl\/index.php\/2016\/05\/03\/sp-o-konkursie-historycznym-odkrywamy-sredniowiecze-w-inwaldzie\/' class='pfpReadMore'>Read More &raquo;<\/a><div class='clear'><\/div><hr><\/div><div class='pfpItem entry-content'><h2 class='entry-title'><a href='https:\/\/sp.tuchow.pl\/index.php\/2016\/04\/29\/gim-adrianna-gogola-wyrozniona\/'>GIM -> Adrianna Gogola wyr\u00f3\u017cniona!<\/a><\/h2><p><strong>Uczennica Publicznego Gimnazjum im. Kazimierza Wielkiego w Tuchowie zosta\u0142a wyr\u00f3\u017cniona z III Og\u00f3lnopolskim Konkursie Prozatorskim Dla M\u0142odzie\u017cy im. Fiodora Dostojewskiego.<\/strong><\/p>\n<p>Praca Adrianny zosta\u0142a wydana w zbiorze pt. \u201eZbieracz czterolistnych koniczyn\u201d (wydawnictwo \u015bw. Macieja Aposto\u0142a ) w Lubi\u0144cu.<\/p>\n<p>Jak napisa\u0142 przewodnicz\u0105cy jury konkursu Grzegorz Kopiec \u201eJedno nie ulega w\u0105tpliwo\u015bci &#8211; w tych utworach...<a href='https:\/\/sp.tuchow.pl\/index.php\/2016\/04\/29\/gim-adrianna-gogola-wyrozniona\/' class='pfpReadMore'>Read More &raquo;<\/a><div class='clear'><\/div><hr><\/div><div class='pfpItem entry-content'><h2 class='entry-title'><a href='https:\/\/sp.tuchow.pl\/index.php\/2016\/04\/27\/sp-pierwsza-pomoc-to-dziecinnie-proste-czyli-o-kursie-pierwszej-pomocy-w-naszej-szkole\/'>SP -> \u201ePierwsza pomoc \u2013 to dziecinnie proste\u201d \u2013 czyli o kursie pierwszej pomocy w naszej szkole.<\/a><\/h2><p><strong>Witamy znowu \u2013 zacz\u0119li\u015bmy ju\u017c II etap konkursu.<\/strong><\/p>\n<p><strong>W poniedzia\u0142ek 25 kwietnia w naszej szkole odby\u0142 si\u0119 kurs udzielania pierwszej pomocy. Zaszczytnymi kursantami byli m.in.: burmistrz naszego miasta Adam Drogo\u015b, zast\u0119pca burmistrza Kazimierz Kurczab, przedstawiciele w\u0142adz samorz\u0105dowych, dyrektorzy naszej szko\u0142y, nauczyciele i rodzice. W role instruktor\u00f3w wcielili si\u0119 uczniowie klas trzecich.<\/strong><\/p>\n<p>Wykorzystuj\u0105c...<a href='https:\/\/sp.tuchow.pl\/index.php\/2016\/04\/27\/sp-pierwsza-pomoc-to-dziecinnie-proste-czyli-o-kursie-pierwszej-pomocy-w-naszej-szkole\/' class='pfpReadMore'>Read More &raquo;<\/a><div class='clear'><\/div><hr><\/div><div class='pfpItem entry-content'><h2 class='entry-title'><a href='https:\/\/sp.tuchow.pl\/index.php\/2016\/04\/27\/sp-powtorki-madrej-glowki\/'>SP -> Powt\u00f3rki m\u0105drej g\u0142\u00f3wki<\/a><\/h2><p><strong>Kt\u00f3ry ssak nie potrafi skaka\u0107? Kogo boi si\u0119 \u017cmija? Co mo\u017ce zje\u015b\u0107 g\u0142odna o\u015bmiornica? Na te i na inne trudne pytania&nbsp; odpowiedzie\u0107 musia\u0142y dzieciaki z klasy II d podczas klasowych rozgrywek, kt\u00f3re wy\u0142oni\u0107 mia\u0142y \u201eklasowego znawc\u0119 zwierz\u0105t\u201d. <\/strong><\/p>\n<p>Uczniowie rywalizowali dzielnie, walcz\u0105c z czasem i trudnymi zadaniami. W ogromie emocji&nbsp; ch\u0142opcy...<a href='https:\/\/sp.tuchow.pl\/index.php\/2016\/04\/27\/sp-powtorki-madrej-glowki\/' class='pfpReadMore'>Read More &raquo;<\/a><div class='clear'><\/div><hr><\/div><div class='pfpItem entry-content'><h2 class='entry-title'><a href='https:\/\/sp.tuchow.pl\/index.php\/2016\/04\/26\/gim-sukces-naszej-uczennicy\/'>GIM -> Sukces naszej uczennicy<\/a><\/h2><p>W dniu 25.04 (poniedzia\u0142ek) odby\u0142 si\u0119 w ZSP w Tuchowie <strong>II Mi\u0119dzygimnazjalny Konkurs Wiedzy &nbsp;&nbsp;&nbsp;o Austrii<\/strong>. Wzi\u0119\u0142o w nim udzia\u0142 10 uczni\u00f3w z naszego gimnazjum oraz uczniowie z 3 s\u0105siednich szk\u00f3\u0142 w Siedliskach, Burzynie i Karwodrzy.<\/p>\n<p>Po cz\u0119\u015bci pisemnej najwi\u0119ksz\u0105 liczb\u0119 punkt\u00f3w uzyska\u0142a <strong>Klaudia Bandyk z klasy 1c<\/strong>, a wraz ni\u0105...<a href='https:\/\/sp.tuchow.pl\/index.php\/2016\/04\/26\/gim-sukces-naszej-uczennicy\/' class='pfpReadMore'>Read More &raquo;<\/a><div class='clear'><\/div><hr><\/div><div class='pfpItem entry-content'><h2 class='entry-title'><a href='https:\/\/sp.tuchow.pl\/index.php\/2016\/04\/25\/pamieci-zolnierzy-wykletych-niezlomnych-2\/'>PAMI\u0118CI \u017bO\u0141NIERZY WYKL\u0118TYCH - NIEZ\u0141OMNYCH<\/a><\/h2><p style=\"text-align: right;\" align=\"LEFT\"><em> \u201eLepiej stoj\u0105c umiera\u0107,<\/em><\/p>\n<p style=\"text-align: right;\" align=\"LEFT\"><em> ni\u017c kl\u0119cz\u0105c na kolanach \u017cy\u0107&#8230;\u201d<\/em><\/p>\n<p align=\"LEFT\"><strong> \u017bo\u0142nierze Wykl\u0119ci-Niez\u0142omni. Opluwani, nieludzko katowani w ubeckich wi\u0119zieniach, skazani na zapomnienie. <\/strong><\/p>\n<p align=\"LEFT\">Zaplute kar\u0142y reakcji, zdrajcy ojczyzny \u2013 tak mi\u0119dzy innymi nazywano tych, kt\u00f3rzy wi\u0119cej ceni\u0105c sobie honor, wolno\u015b\u0107 i mi\u0142o\u015b\u0107 do Ojczyzny, postanowili...<a href='https:\/\/sp.tuchow.pl\/index.php\/2016\/04\/25\/pamieci-zolnierzy-wykletych-niezlomnych-2\/' class='pfpReadMore'>Read More &raquo;<\/a><div class='clear'><\/div><hr><\/div><div class='pfpItem entry-content'><h2 class='entry-title'><a href='https:\/\/sp.tuchow.pl\/index.php\/2016\/04\/25\/sport-dziewczeta-sp-mistrzyniami-powiatu\/'>SPORT -> DZIEWCZ\u0118TA SP MISTRZYNIAMI POWIATU!!!<\/a><\/h2><div>W rozgrywanym w Koszycach Wielkich<strong> powiatowym finale w pi\u0142k\u0119 r\u0119czn\u0105<\/strong>, dziewcz\u0119ta SP Tuch\u00f3w w bardzo dobrym stylu wywalczy\u0142y <strong>mistrzostwo powiatu<\/strong>. W pokonanym polu pozostawi\u0142y dru\u017cyny z Pog\u00f3rskiej Woli, Tarnowca oraz Bogoniowic. Pochwali\u0107 nale\u017cy bardzo dobr\u0105 obron\u0119 oraz \u015bwietn\u0105 wsp\u00f3\u0142prac\u0119 bramkarki z zawodniczkami biegaj\u0105cymi do kontrataku. Teraz przed dziewcz\u0119tami fina\u0142 rejonowy...<a href='https:\/\/sp.tuchow.pl\/index.php\/2016\/04\/25\/sport-dziewczeta-sp-mistrzyniami-powiatu\/' class='pfpReadMore'>Read More &raquo;<\/a><div class='clear'><\/div><hr><\/div><div class='pfpItem entry-content'><h2 class='entry-title'><a href='https:\/\/sp.tuchow.pl\/index.php\/2016\/04\/24\/sport-sztafety-i-i-ii-miejsce-w-powiecie\/'>SPORT -> Sztafety - I i II miejsce w powiecie<\/a><\/h2><p><strong>W rozegranych w Tarnowie sztafetowych biegach prze\u0142ajowych uczniowie naszej szko\u0142y wywalczyli mistrzostwo oraz wicemistrzostwo powiatu szk\u00f3\u0142 podstawowych. <\/strong><\/p>\n<p><strong>Ch\u0142opcy okazali si\u0119 bezkonkurencyjni, a dziewcz\u0119ta uleg\u0142y po bardzo wyr\u00f3wnanej walce SP z Wojnicza. <\/strong><\/p>\n<p><em>Gratulujemy i dzi\u0119kujemy za walk\u0119 do ko\u0144ca.<\/em><\/p>\n<p>Opracowa\u0142: Krzysztof Kita<\/p>\nngg_shortcode_88_placeholder\n...<a href='https:\/\/sp.tuchow.pl\/index.php\/2016\/04\/24\/sport-sztafety-i-i-ii-miejsce-w-powiecie\/' class='pfpReadMore'>Read More &raquo;<\/a><div class='clear'><\/div><hr><\/div><div class='pfpItem entry-content'><h2 class='entry-title'><a href='https:\/\/sp.tuchow.pl\/index.php\/2016\/04\/24\/sport-szachy-piate-miejsce-w-wojewodztwie\/'>SPORT -> Szachy - Pi\u0105te miejsce w wojew\u00f3dztwie!<\/a><\/h2><p><strong>Weronika Por\u0119ba zdoby\u0142a bardzo wysokie pi\u0105te miejsce w Wojew\u00f3dzkich Fina\u0142ach Szk\u00f3\u0142 Gimnazjalnych w szachach, przegrywaj\u0105c mi\u0119dzy innymi z mistrzyni\u0105 Polski w tej kategorii wiekowej.<\/strong><br \/>\nZ dobrej strony pokaza\u0142a si\u0119 r\u00f3wnie\u017c Nikola Mr\u00f3z, kt\u00f3ra wywalczy\u0142a 14 miejsce.<\/p>\n<p><em>Gratulujemy i \u017cyczymy powodzenia w przysz\u0142ym roku.<\/em><\/p>\n<p>Opracowa\u0142: Krzysztof Kita<\/p>\nngg_shortcode_89_placeholder\n...<a href='https:\/\/sp.tuchow.pl\/index.php\/2016\/04\/24\/sport-szachy-piate-miejsce-w-wojewodztwie\/' class='pfpReadMore'>Read More &raquo;<\/a><div class='clear'><\/div><hr><\/div><div class='pfpItem entry-content'><h2 class='entry-title'><a href='https:\/\/sp.tuchow.pl\/index.php\/2016\/04\/24\/sp-pierwsza-pomoc-to-dziecinnie-proste-czyli-o-konkursie-ciag-dalszy\/'>SP -> \u201ePierwsza pomoc to dziecinnie proste\u201d \u2013 czyli o konkursie ci\u0105g dalszy<\/a><\/h2><p><strong>I uda\u0142o si\u0119!!! Zostali\u015bmy zakwalifikowani do udzia\u0142u w II etapie konkursu &#8211; a rywalizacja by\u0142a ostra.<\/strong><\/p>\n<p>W I etapie wzi\u0119\u0142o udzia\u0142 150 szk\u00f3\u0142 z ca\u0142ej Polski, nadsy\u0142aj\u0105c swoje prace. Jurorzy wybrali 16 prac, w\u015br\u00f3d kt\u00f3rych znalaz\u0142a si\u0119 praca z naszej szko\u0142y.<\/p>\n<p>Przed nami zatem kolejne wyzwanie \u2013 II etap, kt\u00f3ry otworzy nam...<a href='https:\/\/sp.tuchow.pl\/index.php\/2016\/04\/24\/sp-pierwsza-pomoc-to-dziecinnie-proste-czyli-o-konkursie-ciag-dalszy\/' class='pfpReadMore'>Read More &raquo;<\/a><div class='clear'><\/div><hr><\/div><div class='pfpItem entry-content'><h2 class='entry-title'><a href='https:\/\/sp.tuchow.pl\/index.php\/2016\/04\/21\/sp-zwyciestwo-w-gminnym-konkursie-recytatorskim-przyjaciele-dzieci-wierszem-do-nich-pisza-2\/'>SP -> Zwyci\u0119stwo w Gminnym Konkursie Recytatorskim  \u201ePrzyjaciele dzieci wierszem do nich pisz\u0105\u201d<\/a><\/h2><p>Jak co roku w Domu Kultury w Tuchowie 14.04.2016 roku odby\u0142 si\u0119 Gminny Konkurs Recytatorski \u201ePrzyjaciele dzieci wierszem do nich pisz\u0105\u201d. Ze Szko\u0142y Podstawowej im. Stanis\u0142awa Staszica wzi\u0119\u0142o w nim udzia\u0142 4 uczni\u00f3w. <strong>W kategorii wiekowej I-III Julia Ciszek z klasy I\u00a0 otrzyma\u0142a wyr\u00f3\u017cnienie a Jakub Madejski z klasy II...<a href='https:\/\/sp.tuchow.pl\/index.php\/2016\/04\/21\/sp-zwyciestwo-w-gminnym-konkursie-recytatorskim-przyjaciele-dzieci-wierszem-do-nich-pisza-2\/' class='pfpReadMore'>Read More &raquo;<\/a><div class='clear'><\/div><hr><\/div><div class='pfpItem entry-content'><h2 class='entry-title'><a href='https:\/\/sp.tuchow.pl\/index.php\/2016\/04\/19\/sp-witajcie-na-olimpie\/'>SP -> Witajcie na Olimpie!<\/a><\/h2><img decoding=\"async\" src=\"https:\/\/sp.tuchow.pl\/wp-content\/uploads\/2016\/04\/mitologia2-150x150.jpg\" \/><p><strong>W Szkole Podstawowej im. Stanis\u0142awa Staszica ju\u017c po raz 27 odby\u0142 si\u0119 szkolny konkurs mitologiczny dla klas V. Do rywalizacji przyst\u0105pi\u0142y 6 osobowe dru\u017cyny, kt\u00f3re wspiera\u0142a widownia sk\u0142adaj\u0105ca si\u0119 z uczni\u00f3w klas V, nauczycieli oraz go\u015bci specjalnych z Francji. 14 kwietnia 2016 roku konkurs mitologiczny zwyci\u0119\u017cy\u0142a klasa Vb, miejsce II...<a href='https:\/\/sp.tuchow.pl\/index.php\/2016\/04\/19\/sp-witajcie-na-olimpie\/' class='pfpReadMore'>Read More &raquo;<\/a><div class='clear'><\/div><hr><\/div><div class='pfpItem entry-content'><h2 class='entry-title'><a href='https:\/\/sp.tuchow.pl\/index.php\/2016\/04\/19\/sp-rozstrzygniecie-miedzyklasowego-konkursu-ekologicznego\/'>SP -> Rozstrzygni\u0119cie mi\u0119dzyklasowego konkursu ekologicznego.<\/a><\/h2><p>Konkurs ekologiczny &nbsp;zaadresowany by\u0142 do uczni\u00f3w klas II oraz ich rodzic\u00f3w. Zadaniem konkursowym by\u0142o stworzenie wraz z rodzicami makiety ekologicznego domu. Konkurs trwa\u0142 od po\u0142owy lutego do ko\u0144ca marca. Zosta\u0142o zg\u0142oszonych 6 prac konkursowych. Wszystkie prace wykonali uczniowie z klasy&nbsp; 2 c.<\/p>\n<p>Po wnikliwym obejrzeniu prac, jury w sk\u0142adzie: Stanis\u0142aw Maniak,...<a href='https:\/\/sp.tuchow.pl\/index.php\/2016\/04\/19\/sp-rozstrzygniecie-miedzyklasowego-konkursu-ekologicznego\/' class='pfpReadMore'>Read More &raquo;<\/a><div class='clear'><\/div><hr><\/div><div class='pfpItem entry-content'><h2 class='entry-title'><a href='https:\/\/sp.tuchow.pl\/index.php\/2016\/04\/16\/pamieci-zolnierzy-wykletych-niezlomnych\/'>Pami\u0119ci \u017bo\u0142nierzy Wykl\u0119tych - Niez\u0142omnych<\/a><\/h2><p>Uczniowie Publicznego Gimnazjum im. Kazimierza Wielkiego w Tuchowie i Zespo\u0142u Szk\u00f3\u0142 Ponadgimnazjalnych im. Bohater\u00f3w Bitwy pod \u0141owcz\u00f3wkiem w Tuchowie serdecznie zapraszaj\u0105 mieszka\u0144c\u00f3w Tuchowa i okolic na monta\u017c s\u0142owno-muzyczny po\u015bwi\u0119cony <span style=\"text-decoration: underline;\">\u017bo\u0142nierzom Wykl\u0119tym-Niez\u0142omnym<\/span>.<\/p>\n<p><strong>Zostanie on zaprezentowany 21 kwietnia 2016 r. (czwartek) w tuchowskim Domu Kultury o godzinie 17:00.<\/strong><\/p>\n<p><span style=\"text-decoration: underline;\">Serdecznie zapraszamy.<\/span><\/p>\n...<a href='https:\/\/sp.tuchow.pl\/index.php\/2016\/04\/16\/pamieci-zolnierzy-wykletych-niezlomnych\/' class='pfpReadMore'>Read More &raquo;<\/a><div class='clear'><\/div><hr><\/div><div class='pfpItem entry-content'><h2 class='entry-title'><a href='https:\/\/sp.tuchow.pl\/index.php\/2016\/04\/16\/zs-harmonogram-pracy-szkoly-w-dniach-1819-i-20-kwietnia-poniedzialek-sroda\/'>ZS -> Harmonogram pracy szko\u0142y w dniach 18,19 i 20 kwietnia (poniedzia\u0142ek - \u015broda).<\/a><\/h2><p>W dniach <strong>18, 19 i 20\u00a0 kwietnia 2016<\/strong>\u00a0 roku klasy <strong>III Gimnazjum<\/strong> pisz\u0105\u00a0 <strong>egzaminy zewn\u0119trzne<\/strong>. W tych\u00a0 dniach\u00a0 uczniowie kl. III Gim. przychodz\u0105 do szko\u0142y na godzin\u0119<strong> 8<sup>00<\/sup><\/strong> w galowym\u00a0 stroju i udaj\u0105 si\u0119 do wyznaczonych sal.<\/p>\n<p><strong>\u00a0<\/strong><\/p>\n<p><strong>Harmonogram dowozu dla uczni\u00f3w kl. III gimnazjum:<\/strong><\/p>\n<table style=\"height: 280px;\" width=\"490\">\n<tbody>\n<tr>\n<td style=\"text-align: left;\" rowspan=\"2\" width=\"102\"><strong>dzie\u0144<\/strong><\/td>\n<td...<a href='https:\/\/sp.tuchow.pl\/index.php\/2016\/04\/16\/zs-harmonogram-pracy-szkoly-w-dniach-1819-i-20-kwietnia-poniedzialek-sroda\/' class='pfpReadMore'>Read More &raquo;<\/a><div class='clear'><\/div><hr><\/div><div class='pfpItem entry-content'><h2 class='entry-title'><a href='https:\/\/sp.tuchow.pl\/index.php\/2016\/04\/16\/sp-zwyciestwo-w-gminnym-konkursie-recytatorskim-przyjaciele-dzieci-wierszem-do-nich-pisza\/'>SP -> Zwyci\u0119stwo w Gminnym Konkursie Recytatorskim \u201ePrzyjaciele dzieci wierszem do nich pisz\u0105\u201d<\/a><\/h2><p>Jak co roku w Domu Kultury w Tuchowie 14.04.2016 roku odby\u0142 si\u0119 Gminny Konkurs Recytatorski \u201ePrzyjaciele dzieci wierszem do nich pisz\u0105\u201d. Ze Szko\u0142y Podstawowej im. Stanis\u0142awa Staszica wzi\u0119\u0142o w nim udzia\u0142 4 uczni\u00f3w. W kategorii wiekowej I-III Julia Ciszek z klasy I\u00a0 otrzyma\u0142a wyr\u00f3\u017cnienie a Jakub Madejski z klasy III...<a href='https:\/\/sp.tuchow.pl\/index.php\/2016\/04\/16\/sp-zwyciestwo-w-gminnym-konkursie-recytatorskim-przyjaciele-dzieci-wierszem-do-nich-pisza\/' class='pfpReadMore'>Read More &raquo;<\/a><div class='clear'><\/div><hr><\/div><div class='pfpItem entry-content'><h2 class='entry-title'><a href='https:\/\/sp.tuchow.pl\/index.php\/2016\/04\/16\/sp-pierwsza-pomoc-to-dziecinnie-proste\/'>SP -> \u201ePierwsza Pomoc \u2013 to dziecinnie proste!\u201d<\/a><\/h2><img decoding=\"async\" src=\"https:\/\/sp.tuchow.pl\/wp-content\/uploads\/2016\/04\/wosp-uczymy-ratowac-150x150.jpg\" \/><p><strong>\u201ePierwsza Pomoc \u2013 to dziecinnie proste!\u201d<\/strong><\/p>\n<p><em>My uczniowie klas drugich i trzecich szko\u0142y podstawowej postanowili\u015bmy to udowodni\u0107 i wzi\u0105\u0107 udzia\u0142 w V Og\u00f3lnopolskim Konkursie \u201eRatujemy i Uczymy Ratowa\u0107\u201d.<\/em><\/p>\n<p>Zadanie w I etapie konkursu to przygotowanie tablicy edukacyjnej na temat ratowania ludzkiego \u017cycia. Tutaj dzielnie spisa\u0142a si\u0119 uczennica klasy 3c Por\u0119ba Oliwia, wykorzystuj\u0105c...<a href='https:\/\/sp.tuchow.pl\/index.php\/2016\/04\/16\/sp-pierwsza-pomoc-to-dziecinnie-proste\/' class='pfpReadMore'>Read More &raquo;<\/a><div class='clear'><\/div><hr><\/div><div class='pfpItem entry-content'><h2 class='entry-title'><a href='https:\/\/sp.tuchow.pl\/index.php\/2016\/04\/13\/sp-lekcja-otwarta-dla-rodzicow\/'>SP -> Lekcja otwarta dla rodzic\u00f3w.<\/a><\/h2><p>6 kwietnia 2016 roku w klasie 2 c odby\u0142a si\u0119 lekcja otwarta dla rodzic\u00f3w. Ku mojemu zaskoczeniu i wielkiej rado\u015bci na zaj\u0119cia przybyli wszyscy rodzice. Uczniowie z ogromnym przej\u0119ciem czekali na te zaj\u0119cia, ju\u017c od dawna, gdy\u017c nie do ko\u0144ca dowierzali, \u017ce b\u0119d\u0105 mogli uczy\u0107 si\u0119 razem z rodzicami. Podczas...<a href='https:\/\/sp.tuchow.pl\/index.php\/2016\/04\/13\/sp-lekcja-otwarta-dla-rodzicow\/' class='pfpReadMore'>Read More &raquo;<\/a><div class='clear'><\/div><hr><\/div><div class='pfpItem entry-content'><h2 class='entry-title'><a href='https:\/\/sp.tuchow.pl\/index.php\/2016\/04\/13\/sp-tatrzanskie-zauroczenia-czyli-o-sukcesie-literackim-naszych-uczniow\/'>SP -> Tatrza\u0144skie zauroczenia, czyli o sukcesie literackim naszych uczni\u00f3w<\/a><\/h2><p style=\"text-align: right;\"><em>Graniami szed\u0142bym tak jak drzewiej &#8211;<\/em><em><br \/>\nOd Kie\u017cmarskiego po Rohacze &#8211;<br \/>\nW doliny patrze\u0107, stacza\u0107 boje<br \/>\nW halnego wichru dzikim wiewie,<br \/>\nS\u0142ucha\u0107, jak woda w \u015bcianach p\u0142acze&#8230;<br \/>\nO serce, serce! Tatry moje!<\/em><\/p>\n<p style=\"text-align: right;\"><strong>Mariusz Zaruski &#8222;Gdy przyjdzie pora&#8221;<\/strong><\/p>\n<p>&nbsp;<\/p>\n<p>7 kwietnia 2016 r. w Ku\u017anicach \u2013 Zakopanem, w siedzibie dyrekcji...<a href='https:\/\/sp.tuchow.pl\/index.php\/2016\/04\/13\/sp-tatrzanskie-zauroczenia-czyli-o-sukcesie-literackim-naszych-uczniow\/' class='pfpReadMore'>Read More &raquo;<\/a><div class='clear'><\/div><hr><\/div><div class='pfpItem entry-content'><h2 class='entry-title'><a href='https:\/\/sp.tuchow.pl\/index.php\/2016\/04\/08\/zs-aktualizacja-planu-zajec\/'>ZS \u2013 > AKTUALIZACJA planu zaj\u0119\u0107<\/a><\/h2><p><b>W dziale Plan lekcji zosta\u0142 zamieszczony zaktualizowany plan zaj\u0119\u0107, kt\u00f3ry b\u0119dzie obowi\u0105zywa\u0142 od 11\u00a0kwietnia\u00a02016 r.<\/b><\/p>\n<p>&nbsp;<\/p>\n...<a href='https:\/\/sp.tuchow.pl\/index.php\/2016\/04\/08\/zs-aktualizacja-planu-zajec\/' class='pfpReadMore'>Read More &raquo;<\/a><div class='clear'><\/div><hr><\/div><div class='pfpItem entry-content'><h2 class='entry-title'><a href='https:\/\/sp.tuchow.pl\/index.php\/2016\/04\/07\/sp-sukcesy-uczennic-ze-szkoly-podstawowej-ktore-uczeszczaja-do-szkoly-muzycznej-i-st-w-tuchowie\/'>SP -> Sukcesy uczennic  ze szko\u0142y podstawowej, kt\u00f3re ucz\u0119szczaj\u0105 do Szko\u0142y Muzycznej I st. w Tuchowie<\/a><\/h2><p><strong>Z rado\u015bci\u0105 informujemy, \u017ce uczennice Julia Grzenia i Karolina Starzyk\u00a0 na XI Og\u00f3lnopolskim Konkursie M\u0142odych Instrumentalist\u00f3w im. Stefanii Woytowicz w Ja\u015ble zdoby\u0142y dyplomy wyr\u00f3\u017cnienia.<\/strong><\/p>\n<p>&nbsp;<\/p>\n<p>&nbsp;<\/p>\n<p><strong>[Not a valid template]<\/strong><\/p>\n...<a href='https:\/\/sp.tuchow.pl\/index.php\/2016\/04\/07\/sp-sukcesy-uczennic-ze-szkoly-podstawowej-ktore-uczeszczaja-do-szkoly-muzycznej-i-st-w-tuchowie\/' class='pfpReadMore'>Read More &raquo;<\/a><div class='clear'><\/div><hr><\/div><div class='pfpItem entry-content'><h2 class='entry-title'><a href='https:\/\/sp.tuchow.pl\/index.php\/2016\/04\/06\/gim-kilka-slow-o-prezentacji-projektow-edukacyjnych-w-gimnazjum\/'>GIM -> Kilka s\u0142\u00f3w o prezentacji projekt\u00f3w edukacyjnych w Gimnazjum<\/a><\/h2><p><strong>5 kwietnia 2016 r. o godz. 16<sup>00 <\/sup>w naszym Gimnazjum odby\u0142a si\u0119 publiczna prezentacja obowi\u0105zkowych projekt\u00f3w edukacyjnych klas II. Wyst\u0105pi\u0142o 19 grup uczniowskich, kt\u00f3re w obecno\u015bci rodzic\u00f3w, dyrekcji szko\u0142y, nauczycieli-opiekun\u00f3w projekt\u00f3w oraz wychowawc\u00f3w przedstawi\u0142y rezultaty swej 3-miesi\u0119cznej pracy. Prezentacj\u0119 zaszczycili go\u015bcie specjalni: Burmistrz Tuchowa pan Adam Drogo\u015b &#8211; jako bohater...<a href='https:\/\/sp.tuchow.pl\/index.php\/2016\/04\/06\/gim-kilka-slow-o-prezentacji-projektow-edukacyjnych-w-gimnazjum\/' class='pfpReadMore'>Read More &raquo;<\/a><div class='clear'><\/div><hr><\/div><div class='pfpItem entry-content'><h2 class='entry-title'><a href='https:\/\/sp.tuchow.pl\/index.php\/2016\/04\/05\/sp-przeciwko-prochnicy-czyli-o-wspolpracy-zespolu-szkol-w-tuchowie-z-centrum-zdrowia-tuchow\/'>SP -> Przeciwko pr\u00f3chnicy! czyli o wsp\u00f3\u0142pracy Zespo\u0142u Szk\u00f3\u0142 w Tuchowie z Centrum Zdrowia Tuch\u00f3w.<\/a><\/h2><p><strong>Dnia 16 marca, w ramach Programu Walki z Pr\u00f3chnic\u0105 w gminie i mie\u015bcie Tuch\u00f3w,\u00a0 klasa 2 c odby\u0142a wizyt\u0119 w gabinecie stomatologicznym w Centrum Zdrowia Tuch\u00f3w.<\/strong><\/p>\n<p>Podczas wizyty\u00a0 pani lek. dent. Barbara Midura dokona\u0142a przegl\u0105du stanu uz\u0119bienia u ka\u017cdego ucznia oraz wykona\u0142a zabieg lakierowania\u00a0 z\u0119b\u00f3w, kt\u00f3rego celem jest \u00a0\u00a0wzmocnienie\u00a0 szkliwa. Jest...<a href='https:\/\/sp.tuchow.pl\/index.php\/2016\/04\/05\/sp-przeciwko-prochnicy-czyli-o-wspolpracy-zespolu-szkol-w-tuchowie-z-centrum-zdrowia-tuchow\/' class='pfpReadMore'>Read More &raquo;<\/a><div class='clear'><\/div><hr><\/div><div class='pfpItem entry-content'><h2 class='entry-title'><a href='https:\/\/sp.tuchow.pl\/index.php\/2016\/04\/04\/zs-organizacja-pracy-zespolu-szkol-w-dniu-5-kwietnia-2016-r-wtorek\/'>ZS -> Organizacja pracy Zespo\u0142u Szk\u00f3\u0142 w dniu 5 kwietnia 2016 r. (wtorek)<\/a><\/h2><p>Dyrektor Zespo\u0142u Szk\u00f3\u0142\u00a0informuje o organizacji pracy uczni\u00f3w 5\u00a0kwietnia 2016 r. (wtorek)<\/p>\n<p>5 kwietnia 2016 roku (wtorek) jest dniem wolnym od zaj\u0119\u0107 dydaktycznych dla uczni\u00f3w klas I \u2013 V Szko\u0142y Podstawowej oraz I i III Gimnazjum.<\/p>\n<p><b>W tym dniu uczniowie klas sz\u00f3stych przychodz\u0105 do szko\u0142y w stroju galowym na godzin\u0119 8:00 i przyst\u0119puj\u0105...<a href='https:\/\/sp.tuchow.pl\/index.php\/2016\/04\/04\/zs-organizacja-pracy-zespolu-szkol-w-dniu-5-kwietnia-2016-r-wtorek\/' class='pfpReadMore'>Read More &raquo;<\/a><div class='clear'><\/div><hr><\/div><div class='pfpItem entry-content'><h2 class='entry-title'><a href='https:\/\/sp.tuchow.pl\/index.php\/2016\/04\/03\/zs-swiateczny-kiermasz-ciast-i-ciasteczek\/'>ZS -> \u015aWI\u0104TECZNY  KIERMASZ CIAST  I  CIASTECZEK<\/a><\/h2><p align=\"JUSTIFY\"><span style=\"font-size: small;\"><span style=\"font-family: 'Comic Sans MS';\"><span style=\"color: #000000;\"><b>21 i 22 marca<\/b> odby\u0142 si\u0119 po raz kolejny w naszej szkole <b>\u201e\u015aWI\u0104TECZNY &nbsp;KIERMASZ CIAST &nbsp;I &nbsp;CIASTECZEK\u201d.<\/b> By\u0142a to akcja charytatywna z kt\u00f3rej ca\u0142kowity doch\u00f3d przeznaczony b\u0119dzie na rehabilitacj\u0119 uczennicy naszej szko\u0142y Anny Lig\u0119zy.<\/span><\/span><\/span><\/p>\n<p align=\"JUSTIFY\"><span style=\"font-size: small;\"><span style=\"font-family: 'Comic Sans MS';\"><span...<a href='https:\/\/sp.tuchow.pl\/index.php\/2016\/04\/03\/zs-swiateczny-kiermasz-ciast-i-ciasteczek\/' class='pfpReadMore'>Read More &raquo;<\/a><div class='clear'><\/div><hr><\/div><div class='pfpItem entry-content'><h2 class='entry-title'><a href='https:\/\/sp.tuchow.pl\/index.php\/2016\/04\/02\/sp-uczniowie-jako-zasoby-edukacyjne-czemu-nie-2\/'>SP -> Uczniowie jako zasoby edukacyjne? Czemu nie.<\/a><\/h2><p>Dnia 1 marca 2016 roku klasa 2 c zaprosi\u0142a&nbsp; m\u0142odszych koleg\u00f3w z klasy 1a na zaj\u0119cia otwarte, &nbsp;realizowane w ramach programu \u201eUniwersytet dzieci.\u201d &nbsp;Celem zaj\u0119\u0107 by\u0142o znalezienie odpowiedzi na pytanie: \u201eCzy ludzie mog\u0105 stopi\u0107 wszystkie lodowce?\u201d oraz umo\u017cliwianie uczniom korzystania z siebie nawzajem jako zasob\u00f3w edukacyjnych.<\/p>\n<p>Wprowadzeniem do tematyki &nbsp;zaj\u0119\u0107 by\u0142a...<a href='https:\/\/sp.tuchow.pl\/index.php\/2016\/04\/02\/sp-uczniowie-jako-zasoby-edukacyjne-czemu-nie-2\/' class='pfpReadMore'>Read More &raquo;<\/a><div class='clear'><\/div><hr><\/div><div class='pfpItem entry-content'><h2 class='entry-title'><a href='https:\/\/sp.tuchow.pl\/index.php\/2016\/04\/02\/gim-zapraszamy-rodzicow-na-publiczna-prezentacje-projektow-gimnazjalnych\/'>GIM -> Zapraszamy rodzic\u00f3w na publiczn\u0105 prezentacj\u0119 Projekt\u00f3w gimnazjalnych<\/a><\/h2><p><span style=\"color: #000000;\"><strong>Zaproszenie dla\u00a0<\/strong><\/span><span style=\"color: #000000;\"><strong>Rodzic\u00f3w uczni\u00f3w klas II gimnazjum\u00a0<\/strong><\/span><strong style=\"color: #000000; line-height: 1.5;\">na publiczn\u0105 prezentacj\u0119 projekt\u00f3w edukacyjnych<\/strong><\/p>\n<p><span style=\"color: #000000;\"><strong>\u00a0<\/strong><\/span><span style=\"color: #000000;\">Od stycznia do kwietnia 2016 r. uczniowie klas II gimnazjum realizowali &#8211; zgodnie z rozporz\u0105dzeniem Ministra Edukacji Narodowej z 2010 r. &#8211; obowi\u0105zkowe projekty edukacyjne. Jak co roku fina\u0142em...<a href='https:\/\/sp.tuchow.pl\/index.php\/2016\/04\/02\/gim-zapraszamy-rodzicow-na-publiczna-prezentacje-projektow-gimnazjalnych\/' class='pfpReadMore'>Read More &raquo;<\/a><div class='clear'><\/div><hr><\/div><div class='pfpItem entry-content'><h2 class='entry-title'><a href='https:\/\/sp.tuchow.pl\/index.php\/2016\/04\/02\/malopolski-projekt-nauki-plywania-juz-plywam\/'>MA\u0141OPOLSKI PROJEKT NAUKI P\u0141YWANIA \u201eJU\u017b P\u0141YWAM\u201d<\/a><\/h2><p><strong>Cele i rezultaty realizowanego projektu<\/strong><br \/>\nCelem realizowanego projektu jest nabycie podstawowych umiej\u0119tno\u015bci p\u0142ywackich, wzrost bezpiecze\u0144stwa m\u0142odych Ma\u0142opolan poprzez edukacj\u0119 w zakresie bezpiecznego korzystania<br \/>\nz r\u00f3\u017cnego rodzaju k\u0105pielisk, poprawa kondycji i podniesienie og\u00f3lnej sprawno\u015bci fizycznej uczni\u00f3w, profilaktyka wad postawy, profilaktyka chor\u00f3b kr\u0119gos\u0142up, zach\u0119cenie m\u0142odzie\u017cy do aktywnej formy sp\u0119dzania wolnego czasu na...<a href='https:\/\/sp.tuchow.pl\/index.php\/2016\/04\/02\/malopolski-projekt-nauki-plywania-juz-plywam\/' class='pfpReadMore'>Read More &raquo;<\/a><div class='clear'><\/div><hr><\/div><div class='pfpItem entry-content'><h2 class='entry-title'><a href='https:\/\/sp.tuchow.pl\/index.php\/2016\/03\/29\/sp-przyjaciele-dzieci-wierszem-do-nich-pisza\/'>SP -> Przyjaciele dzieci wierszem do nich pisz\u0105<\/a><\/h2><img decoding=\"async\" src=\"https:\/\/sp.tuchow.pl\/wp-content\/uploads\/2016\/03\/konkurs_recytatorski-1-150x150.png\" \/><p style=\"text-align: center;\"><b>7 marca 2016 r. odby\u0142 si\u0119 Szkolny Konkurs Recytatorski dla klas I-III ,,Przyjaciele dzieci wierszem do nich pisz\u0105\u2019\u2019. Wzi\u0119\u0142o w nim udzia\u0142 24 uczni\u00f3w. M\u0142odych artyst\u00f3w ocenia\u0142o jury: mgr Renata G\u0105sior i mgr Katarzyna Krupa.<\/b><\/p>\n<p>I miejsce zdoby\u0142 Jakub Madejski z klasy II b za recytacj\u0119 wiersza ,,Straszny sen\u2019\u2019...<a href='https:\/\/sp.tuchow.pl\/index.php\/2016\/03\/29\/sp-przyjaciele-dzieci-wierszem-do-nich-pisza\/' class='pfpReadMore'>Read More &raquo;<\/a><div class='clear'><\/div><hr><\/div><div class='pfpItem entry-content'><h2 class='entry-title'><a href='https:\/\/sp.tuchow.pl\/index.php\/2016\/03\/29\/organizacja-pracy-szkoly-w-dniach-24-25-i-29-marca-2016-r\/'>Organizacja pracy szko\u0142y w dniach 24, 25 i 29 marca 2016 r.<\/a><\/h2><p><b>Informujemy, \u017ce w dniach 24 (czwartek), 25 (pi\u0105tek) i 29 (wtorek) marca 2016 r. s\u0105 dniami wolnymi od zaj\u0119\u0107 dydaktycznych.<\/p>\n<p>\u015awietlica szkolna w tych dniach pracuje zgodnie z harmonogramem, to jest od godz.: 6:30 do 16:30.<\/b><\/p>\n<p><u>W tych dniach sto\u0142\u00f3wka oraz sklepik b\u0119d\u0105 nieczynne<\/u>.<\/p>\n...<a href='https:\/\/sp.tuchow.pl\/index.php\/2016\/03\/29\/organizacja-pracy-szkoly-w-dniach-24-25-i-29-marca-2016-r\/' class='pfpReadMore'>Read More &raquo;<\/a><div class='clear'><\/div><hr><\/div><div class='pfpItem entry-content'><h2 class='entry-title'><a href='https:\/\/sp.tuchow.pl\/index.php\/2016\/03\/18\/sp-uczniowie-jako-zasoby-edukacyjne-czemu-nie\/'>SP -> Uczniowie jako zasoby edukacyjne? Czemu nie.<\/a><\/h2><p>Dnia 1 marca 2016 roku klasa 2 c zaprosi\u0142a m\u0142odszych koleg\u00f3w z klasy 1a na zaj\u0119cia otwarte, realizowane w ramach programu \u201eUniwersytet dzieci.\u201d Celem zaj\u0119\u0107 by\u0142o znalezienie odpowiedzi na pytanie: \u201eCzy ludzie mog\u0105 stopi\u0107 wszystkie lodowce?\u201d oraz umo\u017cliwianie uczniom korzystania z siebie nawzajem jako zasob\u00f3w edukacyjnych.<\/p>\n<p>Wprowadzeniem do tematyki zaj\u0119\u0107 by\u0142a...<a href='https:\/\/sp.tuchow.pl\/index.php\/2016\/03\/18\/sp-uczniowie-jako-zasoby-edukacyjne-czemu-nie\/' class='pfpReadMore'>Read More &raquo;<\/a><div class='clear'><\/div><hr><\/div><div class='pfpItem entry-content'><h2 class='entry-title'><a href='https:\/\/sp.tuchow.pl\/index.php\/2016\/03\/18\/1234\/'>SP -> Informacja o zapisach do pierwszej klasy szko\u0142y podstawowej<\/a><\/h2><p>Dyrektor Zespo\u0142u Szk\u00f3\u0142 w Tuchowie informuj\u0119, \u017ce od 15 marca do 15 kwietnia 2016 r,. odbywaj\u0105 si\u0119 zapisy uczni\u00f3w do klasy pierwszej szko\u0142y podstawowej na rok szkolny 2016\/2017.<br \/>\nZgodnie z ustaw\u0105, od roku szkolnego 2016\/2017,obowi\u0105zkiem szkolnym b\u0119d\u0105 obj\u0119te dzieci od 7 roku \u017cycia. Dziecko 6-letnie ma prawo do rozpocz\u0119cia nauki...<a href='https:\/\/sp.tuchow.pl\/index.php\/2016\/03\/18\/1234\/' class='pfpReadMore'>Read More &raquo;<\/a><div class='clear'><\/div><hr><\/div><div class='pfpItem entry-content'><h2 class='entry-title'><a href='https:\/\/sp.tuchow.pl\/index.php\/2016\/03\/18\/123\/'>REKRUTACJA DO KLAS PIERWSZYCH W ZESPOLE SZK\u00d3\u0141 W TUCHOWIE W ROKU SZKOLNYM 2016\/2017<\/a><\/h2><p>W dziale REKRUTACJA zosta\u0142y zamieszczone dokumenty dt. zapis\u00f3w dzieci do szko\u0142y podstawowej i gimnazjum.<\/p>\n<p>Wi\u0119cej informacji oraz zapisy i przyjmowanie kart zg\u0142osze\u0144 prowadzi sekretariat szko\u0142y od poniedzia\u0142ku do pi\u0105tku w godzinach od 7:30 do 15:00.<\/p>\n...<a href='https:\/\/sp.tuchow.pl\/index.php\/2016\/03\/18\/123\/' class='pfpReadMore'>Read More &raquo;<\/a><div class='clear'><\/div><hr><\/div>\n","protected":false},"excerpt":{"rendered":"","protected":false},"author":4,"featured_media":0,"parent":0,"menu_order":0,"comment_status":"closed","ping_status":"closed","template":"","meta":{"advanced_seo_description":"","jetpack_seo_html_title":"","jetpack_seo_noindex":false,"ngg_post_thumbnail":0,"footnotes":""},"class_list":["post-47","page","type-page","status-publish","hentry"],"jetpack_sharing_enabled":true,"jetpack_shortlink":"https:\/\/wp.me\/PghmmV-L","jetpack_likes_enabled":true,"jetpack-related-posts":[],"_links":{"self":[{"href":"https:\/\/sp.tuchow.pl\/index.php\/wp-json\/wp\/v2\/pages\/47","targetHints":{"allow":["GET"]}}],"collection":[{"href":"https:\/\/sp.tuchow.pl\/index.php\/wp-json\/wp\/v2\/pages"}],"about":[{"href":"https:\/\/sp.tuchow.pl\/index.php\/wp-json\/wp\/v2\/types\/page"}],"author":[{"embeddable":true,"href":"https:\/\/sp.tuchow.pl\/index.php\/wp-json\/wp\/v2\/users\/4"}],"replies":[{"embeddable":true,"href":"https:\/\/sp.tuchow.pl\/index.php\/wp-json\/wp\/v2\/comments?post=47"}],"version-history":[{"count":2,"href":"https:\/\/sp.tuchow.pl\/index.php\/wp-json\/wp\/v2\/pages\/47\/revisions"}],"predecessor-version":[{"id":50,"href":"https:\/\/sp.tuchow.pl\/index.php\/wp-json\/wp\/v2\/pages\/47\/revisions\/50"}],"wp:attachment":[{"href":"https:\/\/sp.tuchow.pl\/index.php\/wp-json\/wp\/v2\/media?parent=47"}],"curies":[{"name":"wp","href":"https:\/\/api.w.org\/{rel}","templated":true}]}}