{"id":315,"date":"2016-03-20T17:26:18","date_gmt":"2016-03-20T16:26:18","guid":{"rendered":"http:\/\/zs.tuchow.pl\/?page_id=315"},"modified":"2016-03-20T17:31:52","modified_gmt":"2016-03-20T16:31:52","slug":"rekordy-szkoly","status":"publish","type":"page","link":"https:\/\/sp.tuchow.pl\/index.php\/przykladowa-strona\/rekordy-szkoly\/","title":{"rendered":"Rekordy szko\u0142y"},"content":{"rendered":"<table border=\"1\">\n<tbody>\n<tr>\n<td>\n<h2><span style=\"font-size: 10pt;\"><b>GIMNAZJALNE REKORDY SZKO\u0141Y CH\u0141OPC\u00d3W<\/b><\/span><\/h2>\n<\/td>\n<td>\n<h2><span style=\"font-size: 10pt;\"><b>GIMNAZJALNE REKORDY SZKO\u0141Y DZIEWCZ\u0104T<\/b><\/span><\/h2>\n<\/td>\n<\/tr>\n<tr>\n<td>\n<h2><span style=\"font-size: 10pt;\"><b>BIEG NA 60 m<\/b><\/span><span style=\"font-size: 10pt;\"><br \/>\n<\/span><span style=\"font-size: 10pt;\">1 miejsce Kurczab Artur 7,65s<br \/>\n2 miejsce Myjkowski Przemys\u0142aw 7,80s<br \/>\n3 miejsce Samelzon Filip 7,83s<br \/>\n<\/span><\/h2>\n<\/td>\n<td>\n<h2><span style=\"font-size: 10pt;\"><b>BIEG NA 60 m<\/b><br \/>\n<\/span><span style=\"font-size: 10pt;\">1 miejsce Aleksandra Mikos 7,90s<br \/>\n2 miejsce Grzenia Weronika 8,21s<br \/>\n3 miejsce Adamczyk Angelika 8,60s<\/span><\/h2>\n<\/td>\n<\/tr>\n<tr>\n<td>\n<h2><span style=\"font-size: 10pt;\"><b>Bieg na 1000 m<\/b><br \/>\n1 miejsce Luszowski Krzysztof 3,09s<br \/>\n2 miejsce Hudyka Kacper 3,22s<br \/>\n3 miejsce Zdu\u0144 Kamil 3,22s<\/span><\/h2>\n<\/td>\n<td>\n<h2><span style=\"font-size: 10pt;\"><b>Bieg na 600 m<\/b><br \/>\n<\/span><\/h2>\n<\/td>\n<\/tr>\n<tr>\n<td>\n<h2><span style=\"font-size: 10pt;\"><b>Pchni\u0119cie Kul\u0105<\/b><br \/>\n<\/span><span style=\"font-size: 10pt;\">1 miejsce Kras Mateusz 11,80m<br \/>\n2 miejsce \u0141\u0105tka Oliwer 11,60m<br \/>\n3 miejsce Myjkowski Przemys\u0142aw 11,20m<\/span><\/h2>\n<\/td>\n<td>\n<h2><span style=\"font-size: 10pt;\"><b>Pchni\u0119cie Kul\u0105<\/b><br \/>\n<\/span><span style=\"font-size: 10pt;\">1 miejsce Adamczyk Ewelina 10,00m<br \/>\n2 miejsce Korzeniowska Ma\u0142gorzata 10,00m<br \/>\n3 miejsce Por\u0119ba Dominika 9,50m<\/span><\/h2>\n<\/td>\n<\/tr>\n<tr>\n<td>\n<h2><span style=\"font-size: 10pt;\"><b>Skok w dal<\/b><br \/>\n<\/span><span style=\"font-size: 10pt;\">1 miejsce Osiniak Janusz 5,70m<br \/>\n2 miejsce R\u0105pa\u0142a Daniel 5,55m<br \/>\n3 miejsce Gut Karol 5,40m<\/span><\/h2>\n<\/td>\n<td>\n<h2><span style=\"font-size: 10pt;\"><b>Skok w dal<\/b><br \/>\n<\/span><span style=\"font-size: 10pt;\">1 miejsce Adamczyk Angelika 4,75m<br \/>\n2 miejsce \u0141\u0105tka Katarzyna 4,65m<br \/>\n3 miejsce Gut Klaudia 4,33<\/span><\/h2>\n<\/td>\n<\/tr>\n<tr>\n<td>\n<h2><span style=\"font-size: 10pt;\"><b>Rzut pi\u0142k\u0105 lekarsk\u0105 3 kg<\/b><br \/>\n<\/span><span style=\"font-size: 10pt;\">1 miejsce Cacan przemys\u0142aw 17,90 m<br \/>\n2 miejsce Osiniak Janusz 17,10m<br \/>\n3 miejsce Kras Mateusz 17,00m<\/span><\/h2>\n<\/td>\n<td>\n<h2><span style=\"font-size: 10pt;\"><b>Rzut pi\u0142k\u0105 lekarsk\u0105 3 kg<\/b><br \/>\n1 miejsce R\u00f3\u017cycka Aneta 12,60m<br \/>\n<\/span><span style=\"font-size: 10pt;\">2 miejsce Kloch Regina 11,00m<br \/>\n3 miejsce Wantuch Edyta 10,90m<br \/>\n<\/span><\/h2>\n<\/td>\n<\/tr>\n<tr>\n<td>\n<h2><span style=\"font-size: 10pt;\"><b>Skok w wzwy\u017c<\/b><br \/>\n1 miejsce P\u0142achno Filip 160cm<br \/>\n2 miejsce Sajdak Mateusz 155cm<br \/>\n3 miejsce Odroniec Patryk 155 cm<\/span><\/h2>\n<\/td>\n<td>\n<h2><span style=\"font-size: 10pt;\"><b>Skok w wzwy\u017c<\/b><br \/>\n<\/span><\/h2>\n<\/td>\n<\/tr>\n<tr>\n<td>\n<h2><span style=\"font-size: 10pt;\"><b>Skok w dal z miejsca<\/b><br \/>\n1 miejsce Mleczko Jakub 2,75m<br \/>\n2 miejsce Prusak S\u0142awomir 2,70m<br \/>\n3 miejsce Gut Karol 2,65m<br \/>\n<\/span><\/h2>\n<\/td>\n<td>\n<h2><span style=\"font-size: 10pt;\"><b>Skok w dal z miejsca<\/b><br \/>\n<\/span><span style=\"font-size: 10pt;\">1 miejsce Samelzon Marta 2,45m<br \/>\n2 miejsce \u0141\u0105tka Katarzyna 2,35<\/span><\/h2>\n<\/td>\n<\/tr>\n<\/tbody>\n<\/table>\n","protected":false},"excerpt":{"rendered":"<p>GIMNAZJALNE REKORDY SZKO\u0141Y CH\u0141OPC\u00d3W GIMNAZJALNE REKORDY SZKO\u0141Y DZIEWCZ\u0104T BIEG NA 60 m 1 miejsce Kurczab Artur 7,65s 2 miejsce Myjkowski<\/p>\n","protected":false},"author":4,"featured_media":0,"parent":2,"menu_order":0,"comment_status":"closed","ping_status":"closed","template":"","meta":{"advanced_seo_description":"","jetpack_seo_html_title":"","jetpack_seo_noindex":false,"ngg_post_thumbnail":0,"footnotes":""},"class_list":["post-315","page","type-page","status-publish","hentry"],"jetpack_sharing_enabled":true,"jetpack_shortlink":"https:\/\/wp.me\/PghmmV-55","jetpack_likes_enabled":true,"jetpack-related-posts":[],"_links":{"self":[{"href":"https:\/\/sp.tuchow.pl\/index.php\/wp-json\/wp\/v2\/pages\/315","targetHints":{"allow":["GET"]}}],"collection":[{"href":"https:\/\/sp.tuchow.pl\/index.php\/wp-json\/wp\/v2\/pages"}],"about":[{"href":"https:\/\/sp.tuchow.pl\/index.php\/wp-json\/wp\/v2\/types\/page"}],"author":[{"embeddable":true,"href":"https:\/\/sp.tuchow.pl\/index.php\/wp-json\/wp\/v2\/users\/4"}],"replies":[{"embeddable":true,"href":"https:\/\/sp.tuchow.pl\/index.php\/wp-json\/wp\/v2\/comments?post=315"}],"version-history":[{"count":7,"href":"https:\/\/sp.tuchow.pl\/index.php\/wp-json\/wp\/v2\/pages\/315\/revisions"}],"predecessor-version":[{"id":323,"href":"https:\/\/sp.tuchow.pl\/index.php\/wp-json\/wp\/v2\/pages\/315\/revisions\/323"}],"up":[{"embeddable":true,"href":"https:\/\/sp.tuchow.pl\/index.php\/wp-json\/wp\/v2\/pages\/2"}],"wp:attachment":[{"href":"https:\/\/sp.tuchow.pl\/index.php\/wp-json\/wp\/v2\/media?parent=315"}],"curies":[{"name":"wp","href":"https:\/\/api.w.org\/{rel}","templated":true}]}}