{"id":10835,"date":"2023-01-16T08:00:49","date_gmt":"2023-01-16T07:00:49","guid":{"rendered":"http:\/\/sp.tuchow.pl\/?page_id=10835"},"modified":"2023-11-17T06:08:45","modified_gmt":"2023-11-17T05:08:45","slug":"rekrutacja-erasmus","status":"publish","type":"page","link":"https:\/\/sp.tuchow.pl\/index.php\/rekrutacja-erasmus\/","title":{"rendered":"Rekrutacja Erasmus+"},"content":{"rendered":"<p><img loading=\"lazy\" decoding=\"async\" data-attachment-id=\"10816\" data-permalink=\"https:\/\/sp.tuchow.pl\/index.php\/2022\/12\/31\/przygode-z-erasmusem-czas-zaczac\/pl-wspolfinansowane-przez-unie-europejska_pantone-mniejsze\/\" data-orig-file=\"https:\/\/sp.tuchow.pl\/wp-content\/uploads\/2022\/12\/PL-Wsp\u00f3\u0142finansowane-przez-Uni\u0119-Europejsk\u0105_PANTONE-mniejsze.jpg\" data-orig-size=\"850,143\" data-comments-opened=\"0\" data-image-meta=\"{&quot;aperture&quot;:&quot;0&quot;,&quot;credit&quot;:&quot;&quot;,&quot;camera&quot;:&quot;&quot;,&quot;caption&quot;:&quot;&quot;,&quot;created_timestamp&quot;:&quot;1610464361&quot;,&quot;copyright&quot;:&quot;&quot;,&quot;focal_length&quot;:&quot;0&quot;,&quot;iso&quot;:&quot;0&quot;,&quot;shutter_speed&quot;:&quot;0&quot;,&quot;title&quot;:&quot;&quot;,&quot;orientation&quot;:&quot;0&quot;}\" data-image-title=\"PL Wsp\u00f3\u0142finansowane przez Uni\u0119 Europejsk\u0105_PANTONE mniejsze\" data-image-description=\"\" data-image-caption=\"\" data-medium-file=\"https:\/\/sp.tuchow.pl\/wp-content\/uploads\/2022\/12\/PL-Wsp\u00f3\u0142finansowane-przez-Uni\u0119-Europejsk\u0105_PANTONE-mniejsze-300x50.jpg\" data-large-file=\"https:\/\/sp.tuchow.pl\/wp-content\/uploads\/2022\/12\/PL-Wsp\u00f3\u0142finansowane-przez-Uni\u0119-Europejsk\u0105_PANTONE-mniejsze.jpg\" class=\"size-full wp-image-10816 aligncenter\" src=\"https:\/\/sp.tuchow.pl\/wp-content\/uploads\/2022\/12\/PL-Wsp\u00f3\u0142finansowane-przez-Uni\u0119-Europejsk\u0105_PANTONE-mniejsze.jpg\" alt=\"\" width=\"850\" height=\"143\" srcset=\"https:\/\/sp.tuchow.pl\/wp-content\/uploads\/2022\/12\/PL-Wsp\u00f3\u0142finansowane-przez-Uni\u0119-Europejsk\u0105_PANTONE-mniejsze.jpg 850w, https:\/\/sp.tuchow.pl\/wp-content\/uploads\/2022\/12\/PL-Wsp\u00f3\u0142finansowane-przez-Uni\u0119-Europejsk\u0105_PANTONE-mniejsze-300x50.jpg 300w, https:\/\/sp.tuchow.pl\/wp-content\/uploads\/2022\/12\/PL-Wsp\u00f3\u0142finansowane-przez-Uni\u0119-Europejsk\u0105_PANTONE-mniejsze-768x129.jpg 768w\" sizes=\"auto, (max-width: 850px) 100vw, 850px\" \/><\/p>\n<p><span style=\"color: #ff0000;\"><strong>*Aktualizacja 17.11.2023r.<\/strong><\/span><\/p>\n<p><strong><a href=\"https:\/\/sp.tuchow.pl\/pobierz\/erasmus\/Ost_naucz.pdf\">Ostateczna lista zakwalifikowanych opiekun\u00f3w grupowej mobilno\u015bci uczni\u00f3w w projekcie \u201eZielone \u015bwiat\u0142o dla uczenia w podr\u00f3\u017cy\u201d.<\/a><\/strong><\/p>\n<p><span style=\"color: #ff0000;\"><strong>*Aktualizacja 13.11.2023r.<\/strong><\/span><\/p>\n<p><strong><a href=\"https:\/\/sp.tuchow.pl\/pobierz\/erasmus\/Lista_rankingowa_nauczyciele.pdf\">Lista rankingowa zakwalifikowanych opiekun\u00f3w grupowej mobilno\u015bci uczni\u00f3w w projekcie \u201eZielone \u015bwiat\u0142o dla uczenia w podr\u00f3\u017cy\u201d<\/a><\/strong><\/p>\n<p><span style=\"color: #ff0000;\"><strong>*Aktualizacja 07.11.2023r.<\/strong><\/span><\/p>\n<p><strong><a href=\"https:\/\/sp.tuchow.pl\/pobierz\/erasmus\/aneks_do_terminarza.pdf\">Aneks do Szczeg\u00f3\u0142owego terminarza rekrutacji do projektu \u201eZielone \u015bwiat\u0142o dla uczenia w podr\u00f3\u017cy\u201d w programie Erasmus + <\/a><\/strong><\/p>\n<p><strong><a href=\"https:\/\/sp.tuchow.pl\/pobierz\/erasmus\/Aneks_do_regul.pdf\">Aneks do Regulaminu Rekrutacji uczestnik\u00f3w projektu \u201eZielone \u015bwiat\u0142o dla uczenia w podr\u00f3\u017cy\u201d w programie Erasmus + o numerze 2022-1-PL01-KA122-SCH-000071665 realizowanego w Szkole Podstawowej im. Stanis\u0142awa Staszica w Tuchowie<\/a><\/strong><\/p>\n<p><strong><a href=\"https:\/\/sp.tuchow.pl\/pobierz\/erasmus\/FORMULARZ_opiekun.pdf\">FORMULARZ ZG\u0141OSZENIOWY KANDYDATA NA OPIEKUNA GRUPOWEJ MOBILNO\u015aCI UCZNI\u00d3W W PROJEKCIE ERASMUS+ \u201eZIELONE \u015aWIAT\u0141O DLA UCZENIA W PODR\u00d3\u017bY\u201d<\/a><\/strong><\/p>\n<p>&nbsp;<\/p>\n<p><span style=\"color: #ff0000;\"><strong>*Aktualizacja 27.02.2023r.<\/strong><\/span><\/p>\n<p><strong><a href=\"https:\/\/sp.tuchow.pl\/pobierz\/erasmus\/OSTATECZNA%20LISTA%20%20RANKINGOWA%20UCZESTNIKOW.pdf\">OSTATECZNA LISTA RANKINGOWA ZAKWALIFIKOWANYCH UCZESTNIK\u00d3W GRUPOWEJ MOBILNO\u015aCI UCZNI\u00d3W W PROJEKCIE \u201eZIELONE \u015aWIAT\u0141O DLA UCZENIA W PODR\u00d3\u017bY\u201d W PROGRAMIE ERASMUS+<\/a><\/strong><\/p>\n<p><span style=\"color: #ff0000;\"><strong>*Aktualizacja 20.02.2023r.<\/strong><\/span><\/p>\n<p><strong><a href=\"https:\/\/sp.tuchow.pl\/pobierz\/erasmus\/uczniowie%20zakwalifikowani.pdf\">LISTA RANKINGOWA ZAKWALIFIKOWANYCH UCZESTNIK\u00d3W GRUPOWEJ MOBILNO\u015aCI UCZNI\u00d3W W PROJEKCIE \u201eZIELONE \u015aWIAT\u0141O DLA UCZENIA W PODR\u00d3\u017bY\u201d W PROGRAMIE ERASMUS+ oraz LISTA REZERWOWA UCZESTNIK\u00d3W<\/a><\/strong><\/p>\n<p><span style=\"color: #ff0000;\"><strong>*Aktualizacja 10.02.2023r.<\/strong><\/span><\/p>\n<p><a href=\"https:\/\/sp.tuchow.pl\/pobierz\/erasmus\/wyniki%201%20etap%20dz.pdf\">WYNIKI PIERWSZEGO ETAPU REKRUTACJI W PROJEKCIE \u201eZIELONE \u015aWIAT\u0141O DLA UCZENIA W PODR\u00d3\u017bY\u201d<\/a><\/p>\n<p><span style=\"color: #ff0000;\"><strong>*Aktualizacja 27.01.2023r.<\/strong><\/span><\/p>\n<p><a href=\"https:\/\/sp.tuchow.pl\/pobierz\/erasmus\/Ostateczna%20lista%20nauczyciele.pdf\">OSTATECZNA LISTA RANKINGOWA ZAKWALIFIKOWANYCH UCZESTNIK\u00d3W KURS\u00d3W I SZKOLE\u0143 REALIZOWANYCH W PROJEKCIE \u201eZIELONE \u015aWIAT\u0141O DLA UCZENIA W PODR\u00d3\u017bY\u201d O NUMERZE 2022-1-PL01-KA122-SCH-000071665 W PROGRAMIE ERASMUS +<\/a><\/p>\n<p><span style=\"color: #ff0000;\"><strong>*Aktualizacja 20.01.2023r.<\/strong><\/span><\/p>\n<p><span style=\"color: #ff0000;\"><strong><a href=\"https:\/\/sp.tuchow.pl\/pobierz\/erasmus\/lista%20kursy.pdf\">LISTA RANKINGOWA ZAKWALIFIKOWANYCH UCZESTNIK\u00d3W KURS\u00d3W I SZKOLE\u0143<\/a><\/strong><\/span><\/p>\n<p>&nbsp;<\/p>\n<p><strong><a href=\"https:\/\/sp.tuchow.pl\/pobierz\/erasmus\/Regulamin%20rekrutacji.pdf\">Regulamin Rekrutacji uczestnik\u00f3w projektu \u201eZielone \u015bwiat\u0142o dla uczenia w podr\u00f3\u017cy\u201d w programie Erasmus +<\/a><\/strong><\/p>\n<p><strong><a href=\"https:\/\/sp.tuchow.pl\/pobierz\/erasmus\/terminarz%20rekrutacji.pdf\">Szczeg\u00f3\u0142owy terminarz rekrutacji do projektu \u201eZielone \u015bwiat\u0142o dla uczenia w podr\u00f3\u017cy\u201d w programie Erasmus +<\/a><\/strong><\/p>\n<p><strong><a href=\"https:\/\/sp.tuchow.pl\/pobierz\/erasmus\/karta%20zgloszenia%20ucznia.pdf\">KARTA ZG\u0141OSZENIA UCZNIA &#8211; KANDYDATA NA UCZESTNIKA GRUPOWEJ MOBILNO\u015aCI UCZNI\u00d3W W PROJEKCIE \u201eZIELONE \u015aWIAT\u0141O DLA UCZENIA W PODR\u00d3\u017bY\u201d<\/a><\/strong><\/p>\n<p><strong><a href=\"https:\/\/sp.tuchow.pl\/pobierz\/erasmus\/karta%20zgloszenia%20kandydata.pdf\">FORMULARZ ZG\u0141OSZENIOWY KANDYDATA NA UCZESTNIKA KURS\u00d3W I SZKOLE\u0143 REALIZOWANYCH W PROJEKCIE \u201eZIELONE \u015aWIAT\u0141O DLA UCZENIA W PODR\u00d3\u017bY\u201d<\/a><\/strong><\/p>\n","protected":false},"excerpt":{"rendered":"<p>*Aktualizacja 17.11.2023r. Ostateczna lista zakwalifikowanych opiekun\u00f3w grupowej mobilno\u015bci uczni\u00f3w w projekcie \u201eZielone \u015bwiat\u0142o dla uczenia w podr\u00f3\u017cy\u201d. *Aktualizacja 13.11.2023r. Lista<\/p>\n","protected":false},"author":4,"featured_media":0,"parent":0,"menu_order":0,"comment_status":"closed","ping_status":"closed","template":"","meta":{"advanced_seo_description":"","jetpack_seo_html_title":"","jetpack_seo_noindex":false,"ngg_post_thumbnail":0,"footnotes":""},"class_list":["post-10835","page","type-page","status-publish","hentry"],"jetpack_sharing_enabled":true,"jetpack_shortlink":"https:\/\/wp.me\/PghmmV-2OL","jetpack_likes_enabled":true,"jetpack-related-posts":[],"_links":{"self":[{"href":"https:\/\/sp.tuchow.pl\/index.php\/wp-json\/wp\/v2\/pages\/10835","targetHints":{"allow":["GET"]}}],"collection":[{"href":"https:\/\/sp.tuchow.pl\/index.php\/wp-json\/wp\/v2\/pages"}],"about":[{"href":"https:\/\/sp.tuchow.pl\/index.php\/wp-json\/wp\/v2\/types\/page"}],"author":[{"embeddable":true,"href":"https:\/\/sp.tuchow.pl\/index.php\/wp-json\/wp\/v2\/users\/4"}],"replies":[{"embeddable":true,"href":"https:\/\/sp.tuchow.pl\/index.php\/wp-json\/wp\/v2\/comments?post=10835"}],"version-history":[{"count":13,"href":"https:\/\/sp.tuchow.pl\/index.php\/wp-json\/wp\/v2\/pages\/10835\/revisions"}],"predecessor-version":[{"id":11523,"href":"https:\/\/sp.tuchow.pl\/index.php\/wp-json\/wp\/v2\/pages\/10835\/revisions\/11523"}],"wp:attachment":[{"href":"https:\/\/sp.tuchow.pl\/index.php\/wp-json\/wp\/v2\/media?parent=10835"}],"curies":[{"name":"wp","href":"https:\/\/api.w.org\/{rel}","templated":true}]}}