{"id":10402,"date":"2022-04-26T21:15:35","date_gmt":"2022-04-26T19:15:35","guid":{"rendered":"http:\/\/sp.tuchow.pl\/?page_id=10402"},"modified":"2022-04-26T21:16:45","modified_gmt":"2022-04-26T19:16:45","slug":"partnerzy-2","status":"publish","type":"page","link":"https:\/\/sp.tuchow.pl\/index.php\/partnerzy-2\/","title":{"rendered":"Partnerzy"},"content":{"rendered":"<p><img loading=\"lazy\" decoding=\"async\" data-attachment-id=\"9788\" data-permalink=\"https:\/\/sp.tuchow.pl\/index.php\/power\/fe_power_poziom_pl\/\" data-orig-file=\"https:\/\/sp.tuchow.pl\/wp-content\/uploads\/2021\/05\/FE_POWER_poziom_pl-1_rgb.jpg\" data-orig-size=\"5883,756\" data-comments-opened=\"0\" data-image-meta=\"{&quot;aperture&quot;:&quot;0&quot;,&quot;credit&quot;:&quot;&quot;,&quot;camera&quot;:&quot;&quot;,&quot;caption&quot;:&quot;&quot;,&quot;created_timestamp&quot;:&quot;0&quot;,&quot;copyright&quot;:&quot;&quot;,&quot;focal_length&quot;:&quot;0&quot;,&quot;iso&quot;:&quot;0&quot;,&quot;shutter_speed&quot;:&quot;0&quot;,&quot;title&quot;:&quot;FE_POWER_poziom_pl&quot;,&quot;orientation&quot;:&quot;1&quot;}\" data-image-title=\"FE_POWER_poziom_pl\" data-image-description=\"\" data-image-caption=\"\" data-medium-file=\"https:\/\/sp.tuchow.pl\/wp-content\/uploads\/2021\/05\/FE_POWER_poziom_pl-1_rgb-300x39.jpg\" data-large-file=\"https:\/\/sp.tuchow.pl\/wp-content\/uploads\/2021\/05\/FE_POWER_poziom_pl-1_rgb-1024x132.jpg\" class=\"alignnone wp-image-9788 aligncenter\" src=\"http:\/\/i2.wp.com\/szkola.galas.net.pl\/wp-content\/uploads\/2021\/05\/FE_POWER_poziom_pl-1_rgb.jpg?resize=477%2C62\" sizes=\"auto, (max-width: 477px) 100vw, 477px\" srcset=\"http:\/\/i2.wp.com\/szkola.galas.net.pl\/wp-content\/uploads\/2021\/05\/FE_POWER_poziom_pl-1_rgb.jpg?resize=300%2C39&amp;ssl=1 300w, http:\/\/i2.wp.com\/szkola.galas.net.pl\/wp-content\/uploads\/2021\/05\/FE_POWER_poziom_pl-1_rgb.jpg?resize=768%2C99&amp;ssl=1 768w, http:\/\/i2.wp.com\/szkola.galas.net.pl\/wp-content\/uploads\/2021\/05\/FE_POWER_poziom_pl-1_rgb.jpg?resize=1024%2C132&amp;ssl=1 1024w, http:\/\/i2.wp.com\/szkola.galas.net.pl\/wp-content\/uploads\/2021\/05\/FE_POWER_poziom_pl-1_rgb.jpg?w=1600 1600w, http:\/\/i2.wp.com\/szkola.galas.net.pl\/wp-content\/uploads\/2021\/05\/FE_POWER_poziom_pl-1_rgb.jpg?w=2400 2400w\" alt=\"\" width=\"477\" height=\"61\" data-attachment-id=\"9788\" data-permalink=\"https:\/\/sp.tuchow.pl\/index.php\/power\/fe_power_poziom_pl\/\" data-orig-file=\"http:\/\/i2.wp.com\/szkola.galas.net.pl\/wp-content\/uploads\/2021\/05\/FE_POWER_poziom_pl-1_rgb.jpg?fit=5883%2C756&amp;ssl=1\" data-orig-size=\"5883,756\" data-comments-opened=\"0\" data-image-meta=\"{&quot;aperture&quot;:&quot;0&quot;,&quot;credit&quot;:&quot;&quot;,&quot;camera&quot;:&quot;&quot;,&quot;caption&quot;:&quot;&quot;,&quot;created_timestamp&quot;:&quot;0&quot;,&quot;copyright&quot;:&quot;&quot;,&quot;focal_length&quot;:&quot;0&quot;,&quot;iso&quot;:&quot;0&quot;,&quot;shutter_speed&quot;:&quot;0&quot;,&quot;title&quot;:&quot;FE_POWER_poziom_pl&quot;,&quot;orientation&quot;:&quot;1&quot;}\" data-image-title=\"FE_POWER_poziom_pl\" data-image-description=\"\" data-medium-file=\"http:\/\/i2.wp.com\/szkola.galas.net.pl\/wp-content\/uploads\/2021\/05\/FE_POWER_poziom_pl-1_rgb.jpg?fit=300%2C39&amp;ssl=1\" data-large-file=\"http:\/\/i2.wp.com\/szkola.galas.net.pl\/wp-content\/uploads\/2021\/05\/FE_POWER_poziom_pl-1_rgb.jpg?fit=800%2C103&amp;ssl=1\"><\/p>\n<h4>Instytucj\u0105 wysy\u0142aj\u0105c\u0105&nbsp;jest<\/h4>\n<h4><strong>Szko\u0142a Podstawowa im. Stanis\u0142awa Staszica w Tuchowie<\/strong>.&nbsp;<\/h4>\n<h4>&nbsp;<\/h4>\n<h4><strong>Instytucj\u0105 przyjmuj\u0105c\u0105 jest szko\u0142a<\/strong><\/h4>\n<h4><strong>Agrupamento de Escolas de Barcelos w Portugalii.<a href=\"http:\/\/aebarcelos.pt\/\">&nbsp;http:\/\/aebarcelos.pt\/<\/a><\/strong><\/h4>\n","protected":false},"excerpt":{"rendered":"<p>Instytucj\u0105 wysy\u0142aj\u0105c\u0105&nbsp;jest Szko\u0142a Podstawowa im. Stanis\u0142awa Staszica w Tuchowie.&nbsp; &nbsp; Instytucj\u0105 przyjmuj\u0105c\u0105 jest szko\u0142a Agrupamento de Escolas de Barcelos w<\/p>\n","protected":false},"author":4,"featured_media":0,"parent":0,"menu_order":0,"comment_status":"closed","ping_status":"closed","template":"","meta":{"advanced_seo_description":"","jetpack_seo_html_title":"","jetpack_seo_noindex":false,"ngg_post_thumbnail":0,"footnotes":""},"class_list":["post-10402","page","type-page","status-publish","hentry"],"jetpack_sharing_enabled":true,"jetpack_shortlink":"https:\/\/wp.me\/PghmmV-2HM","jetpack_likes_enabled":true,"jetpack-related-posts":[],"_links":{"self":[{"href":"https:\/\/sp.tuchow.pl\/index.php\/wp-json\/wp\/v2\/pages\/10402","targetHints":{"allow":["GET"]}}],"collection":[{"href":"https:\/\/sp.tuchow.pl\/index.php\/wp-json\/wp\/v2\/pages"}],"about":[{"href":"https:\/\/sp.tuchow.pl\/index.php\/wp-json\/wp\/v2\/types\/page"}],"author":[{"embeddable":true,"href":"https:\/\/sp.tuchow.pl\/index.php\/wp-json\/wp\/v2\/users\/4"}],"replies":[{"embeddable":true,"href":"https:\/\/sp.tuchow.pl\/index.php\/wp-json\/wp\/v2\/comments?post=10402"}],"version-history":[{"count":3,"href":"https:\/\/sp.tuchow.pl\/index.php\/wp-json\/wp\/v2\/pages\/10402\/revisions"}],"predecessor-version":[{"id":10407,"href":"https:\/\/sp.tuchow.pl\/index.php\/wp-json\/wp\/v2\/pages\/10402\/revisions\/10407"}],"wp:attachment":[{"href":"https:\/\/sp.tuchow.pl\/index.php\/wp-json\/wp\/v2\/media?parent=10402"}],"curies":[{"name":"wp","href":"https:\/\/api.w.org\/{rel}","templated":true}]}}