{"id":10376,"date":"2022-04-25T19:50:45","date_gmt":"2022-04-25T17:50:45","guid":{"rendered":"http:\/\/sp.tuchow.pl\/?page_id=10376"},"modified":"2022-04-26T19:43:32","modified_gmt":"2022-04-26T17:43:32","slug":"nabor-4-2022","status":"publish","type":"page","link":"https:\/\/sp.tuchow.pl\/index.php\/nabor-4-2022\/","title":{"rendered":"Nab\u00f3r IV 2022"},"content":{"rendered":"<p><img loading=\"lazy\" decoding=\"async\" data-attachment-id=\"9788\" data-permalink=\"https:\/\/sp.tuchow.pl\/index.php\/power\/fe_power_poziom_pl\/\" data-orig-file=\"https:\/\/sp.tuchow.pl\/wp-content\/uploads\/2021\/05\/FE_POWER_poziom_pl-1_rgb.jpg\" data-orig-size=\"5883,756\" data-comments-opened=\"0\" data-image-meta=\"{&quot;aperture&quot;:&quot;0&quot;,&quot;credit&quot;:&quot;&quot;,&quot;camera&quot;:&quot;&quot;,&quot;caption&quot;:&quot;&quot;,&quot;created_timestamp&quot;:&quot;0&quot;,&quot;copyright&quot;:&quot;&quot;,&quot;focal_length&quot;:&quot;0&quot;,&quot;iso&quot;:&quot;0&quot;,&quot;shutter_speed&quot;:&quot;0&quot;,&quot;title&quot;:&quot;FE_POWER_poziom_pl&quot;,&quot;orientation&quot;:&quot;1&quot;}\" data-image-title=\"FE_POWER_poziom_pl\" data-image-description=\"\" data-image-caption=\"\" data-medium-file=\"https:\/\/sp.tuchow.pl\/wp-content\/uploads\/2021\/05\/FE_POWER_poziom_pl-1_rgb-300x39.jpg\" data-large-file=\"https:\/\/sp.tuchow.pl\/wp-content\/uploads\/2021\/05\/FE_POWER_poziom_pl-1_rgb-1024x132.jpg\" class=\" wp-image-9788 aligncenter\" src=\"https:\/\/sp.tuchow.pl\/wp-content\/uploads\/2021\/05\/FE_POWER_poziom_pl-1_rgb-300x39.jpg\" alt=\"\" width=\"392\" height=\"51\" srcset=\"https:\/\/sp.tuchow.pl\/wp-content\/uploads\/2021\/05\/FE_POWER_poziom_pl-1_rgb-300x39.jpg 300w, https:\/\/sp.tuchow.pl\/wp-content\/uploads\/2021\/05\/FE_POWER_poziom_pl-1_rgb-768x99.jpg 768w, https:\/\/sp.tuchow.pl\/wp-content\/uploads\/2021\/05\/FE_POWER_poziom_pl-1_rgb-1024x132.jpg 1024w\" sizes=\"auto, (max-width: 392px) 100vw, 392px\" \/><\/p>\n<div class='pfpItem entry-content'><h2 class='entry-title'><a href='https:\/\/sp.tuchow.pl\/index.php\/2022\/11\/20\/za-nami-podroze-i-odkrycia-w-projekcie-ponadnarodowa-mobilnosc-uczniow\/'>Za nami podr\u00f3\u017ce i odkrycia w projekcie Ponadnarodowa Mobilno\u015b\u0107 Uczni\u00f3w<\/a><\/h2><img loading=\"lazy\" decoding=\"async\" class=\"aligncenter size-full\" src=\"http:\/\/scontent-vie1-1.xx.fbcdn.net\/v\/t39.30808-6\/316405506_576024581193977_2403063243589760609_n.jpg?_nc_cat=109&amp;ccb=1-7&amp;_nc_sid=730e14&amp;_nc_ohc=em8tB0Nsp1kAX__W6s6&amp;tn=7edCdB8DceaxOxAI&amp;_nc_ht=scontent-vie1-1.xx&amp;oh=00_AfCyVqhpPrB3ym5FkBWoacl-ALc4Go9dsLqL6Yt5UaQ2qg&amp;oe=637F5491\" width=\"2951\" height=\"1421\"><p style=\"text-align: justify;\"><span style=\"font-weight: 400;\">Szko\u0142a Podstawowa im. Stanis\u0142awa Staszica w Tuchowie zako\u0144czy\u0142a realizacj\u0119 przedsi\u0119wzi\u0119cia \u201cTravel &amp; discover &#8211; podr\u00f3\u017cuj i odkrywaj\u201d. <\/span><span style=\"font-weight: 400;\">To ju\u017c druga ods\u0142ona projektu Ponadnarodowa Mobilno\u015b\u0107 Uczni\u00f3w wsp\u00f3\u0142finansowanego z Europejskiego Funduszu Spo\u0142ecznego w Programie Operacyjnym Wiedza Edukacja Rozw\u00f3j, kt\u00f3ry realizowa\u0142a nasza szko\u0142a.&nbsp;<\/span><\/p>\n<p style=\"text-align: justify;\"><span style=\"font-weight: 400;\">G\u0142\u00f3wnym...<a href='https:\/\/sp.tuchow.pl\/index.php\/2022\/11\/20\/za-nami-podroze-i-odkrycia-w-projekcie-ponadnarodowa-mobilnosc-uczniow\/' class='pfpReadMore'>Read More &raquo;<\/a><div class='clear'><\/div><hr><\/div><div class='pfpItem entry-content'><h2 class='entry-title'><a href='https:\/\/sp.tuchow.pl\/index.php\/2022\/10\/07\/welcome-home\/'>Welcome home<\/a><\/h2><img loading=\"lazy\" decoding=\"async\" src=\"http:\/\/static.xx.fbcdn.net\/images\/emoji.php\/v9\/t5\/1\/16\/1f382.png\" alt=\"?\" width=\"16\" height=\"16\"><div class=\"xdj266r x11i5rnm xat24cr x1mh8g0r x1vvkbs x126k92a\">\n<div dir=\"auto\">&#8222;Welcome home&#8221;<\/div>\n<div dir=\"auto\" style=\"text-align: justify;\">Po 12 dniach mobilno\u015bci sp\u0119dzonych w portugalskim mie\u015bcie Barcelos, nadszed\u0142 czas na powr\u00f3t do Polski.<\/div>\n<div dir=\"auto\" style=\"text-align: justify;\">Zanim wyruszyli\u015bmy na lotnisko, uczcili\u015bmy jeszcze jednego z naszych portugalskich opiekun\u00f3w, pana Francisco, kt\u00f3ry dzi\u015b \u015bwi\u0119towa\u0142 urodziny<span class=\"x3nfvp2 x1j61x8r x1fcty0u xdj266r xhhsvwb...<a href='https:\/\/sp.tuchow.pl\/index.php\/2022\/10\/07\/welcome-home\/' class='pfpReadMore'>Read More &raquo;<\/a><div class='clear'><\/div><hr><\/div><div class='pfpItem entry-content'><h2 class='entry-title'><a href='https:\/\/sp.tuchow.pl\/index.php\/2022\/10\/06\/jedenasty-dzien-pobytu-w-portugalii\/'>Jedenasty dzie\u0144 pobytu w Portugalii<\/a><\/h2><div dir=\"auto\" style=\"text-align: justify;\">Jedenasty dzie\u0144 pobytu w Portugalii up\u0142yn\u0105\u0142 nam g\u0142\u00f3wnie na ko\u0144cowych pracach projektowych i na podsumowaniu naszych dzia\u0142a\u0144 w projekcie \u201cTravel &amp; discover &#8211; podr\u00f3\u017cuj i odkrywaj\u201d.<\/div>\n<div dir=\"auto\" style=\"text-align: justify;\">Po \u015bniadaniu rozwi\u0105zywali\u015bmy quiz sprawdzaj\u0105cy nasze skojarzenia z Portugali\u0105 oraz to, ile dowiedzieli\u015bmy si\u0119 na temat odkry\u0107 portugalskich odkrywc\u00f3w....<a href='https:\/\/sp.tuchow.pl\/index.php\/2022\/10\/06\/jedenasty-dzien-pobytu-w-portugalii\/' class='pfpReadMore'>Read More &raquo;<\/a><div class='clear'><\/div><hr><\/div><div class='pfpItem entry-content'><h2 class='entry-title'><a href='https:\/\/sp.tuchow.pl\/index.php\/2022\/10\/05\/dziesiaty-dzien-pobytu-w-portugalii\/'>Dziesi\u0105ty dzie\u0144 pobytu w Portugalii<\/a><\/h2><div dir=\"auto\">Dzisiaj min\u0105\u0142 10 dzie\u0144 pobytu w Portugalii. Po \u015bniadaniu ko\u0144czyli\u015bmy nasze projektowe zadania, mi\u0119dzy innymi prac\u0119 nad przewodnikiem po Portugalii &#8222;Discover Portugal&#8221; poczt\u00f3wk\u0119 z Portugalii, oraz map\u0119 &#8222;Must See map&#8221; z miejscami z Polski, kt\u00f3re polecamy do zwiedzenia. Po lunchu ko\u0144czyli\u015bmy zadania, a potem pojechali\u015bmy po raz ostatni na...<a href='https:\/\/sp.tuchow.pl\/index.php\/2022\/10\/05\/dziesiaty-dzien-pobytu-w-portugalii\/' class='pfpReadMore'>Read More &raquo;<\/a><div class='clear'><\/div><hr><\/div><div class='pfpItem entry-content'><h2 class='entry-title'><a href='https:\/\/sp.tuchow.pl\/index.php\/2022\/10\/04\/dziewiaty-dzien-naszego-wyjazdu-do-portugalii\/'>Dziewi\u0105ty dzie\u0144 naszego wyjazdu do Portugalii<\/a><\/h2><div class=\"xdj266r x11i5rnm xat24cr x1mh8g0r x1vvkbs x126k92a\">\n<div dir=\"auto\" style=\"text-align: justify;\">Dziewi\u0105ty dzie\u0144 naszego wyjazdu do Portugalii rozpocz\u0119li\u015bmy dobrym \u015bniadaniem, nast\u0119pnie poci\u0105giem wyruszyli\u015bmy w drog\u0119 do Porto.<\/div>\n<\/div>\n<div class=\"x11i5rnm xat24cr x1mh8g0r x1vvkbs xtlvy1s x126k92a\" style=\"text-align: justify;\">\n<div dir=\"auto\">Na pocz\u0105tku naszego pobytu w tym mie\u015bcie wybrali\u015bmy si\u0119 do muzeum ,,World of Discoveries&#8221;. Tam ogl\u0105dali\u015bmy r\u00f3\u017cne...<a href='https:\/\/sp.tuchow.pl\/index.php\/2022\/10\/04\/dziewiaty-dzien-naszego-wyjazdu-do-portugalii\/' class='pfpReadMore'>Read More &raquo;<\/a><div class='clear'><\/div><hr><\/div><div class='pfpItem entry-content'><h2 class='entry-title'><a href='https:\/\/sp.tuchow.pl\/index.php\/2022\/10\/03\/osmy-dzien-pobytu-w-portugalii\/'>\u00d3smy dzie\u0144 pobytu w Portugalii<\/a><\/h2><div dir=\"auto\" style=\"text-align: justify;\">Dzisiaj zako\u0144czyli\u015bmy sw\u00f3j \u00f3smy dzie\u0144 pobytu w Portugalii. Rano po \u015bniadaniu pojechali\u015bmy do szko\u0142y, w kt\u00f3rej prezentowali\u015bmy nasze prace i prezentacje oraz rozdali\u015bmy wcze\u015bniej przygotowane prezenty. Mimo bariery j\u0119zykowej, uczniowie bardzo uwa\u017cnie s\u0142uchali r\u00f3\u017cnych informacji na temat naszej szko\u0142y,Tuchowa i Polski. Potem sprawdzili\u015bmy portugalskich uczni\u00f3w z tych...<a href='https:\/\/sp.tuchow.pl\/index.php\/2022\/10\/03\/osmy-dzien-pobytu-w-portugalii\/' class='pfpReadMore'>Read More &raquo;<\/a><div class='clear'><\/div><hr><\/div><div class='pfpItem entry-content'><h2 class='entry-title'><a href='https:\/\/sp.tuchow.pl\/index.php\/2022\/10\/02\/siodmy-dzien-pobytu-w-portugalii\/'>Si\u00f3dmy dzie\u0144 pobytu w Portugalii<\/a><\/h2><div class=\"m8h3af8h l7ghb35v kjdc1dyq kmwttqpk gh25dzvf n3t5jt4f\">\n<div dir=\"auto\" style=\"text-align: justify;\">Si\u00f3dmy dzie\u0144 mobilno\u015bci zacz\u0119li\u015bmy jak zwykle od \u015bniadania &#8211; tym razem nie musieli\u015bmy wsta\u0107 tak wcze\u015bnie, jak w ostatnich dniach, poniewa\u017c nie mieli\u015bmy napi\u0119tego grafiku jak innymi dniami. Dzisiejszy dzie\u0144 przeznaczyli\u015bmy na aktywny wypoczynek i zwiedzanie kolejnych miejsc w Portugalii.<\/div>\n<\/div>\n<div class=\"l7ghb35v...<a href='https:\/\/sp.tuchow.pl\/index.php\/2022\/10\/02\/siodmy-dzien-pobytu-w-portugalii\/' class='pfpReadMore'>Read More &raquo;<\/a><div class='clear'><\/div><hr><\/div><div class='pfpItem entry-content'><h2 class='entry-title'><a href='https:\/\/sp.tuchow.pl\/index.php\/2022\/10\/01\/szosty-dzien-pobytu-w-portugalii\/'>Sz\u00f3sty dzie\u0144 pobytu w Portugalii<\/a><\/h2><div class=\"m8h3af8h l7ghb35v kjdc1dyq kmwttqpk gh25dzvf n3t5jt4f\">\n<div dir=\"auto\" style=\"text-align: justify;\">Sz\u00f3stego dnia wyjazdu po dobrym \u015bniadaniu wybrali\u015bmy si\u0119 na pla\u017c\u0119 w miejscowo\u015bci Moledo. Po spacerze w pi\u0119knych okoliczno\u015bciach przyrody, przywitali\u015bmy si\u0119 z oceanem, zrobili\u015bmy zdj\u0119cia, a potem zjedli\u015bmy smaczny lunch. Podczas posi\u0142ku, niekt\u00f3rzy z nas pr\u00f3bowali ma\u0142\u017cy, porozmawiali\u015bmy te\u017c z pani\u0105...<a href='https:\/\/sp.tuchow.pl\/index.php\/2022\/10\/01\/szosty-dzien-pobytu-w-portugalii\/' class='pfpReadMore'>Read More &raquo;<\/a><div class='clear'><\/div><hr><\/div><div class='pfpItem entry-content'><h2 class='entry-title'><a href='https:\/\/sp.tuchow.pl\/index.php\/2022\/09\/30\/10591\/'>Pi\u0105ty dzie\u0144 pobytu w  Portugalii<\/a><\/h2><div dir=\"auto\" style=\"text-align: justify;\">Pi\u0105tego dnia naszego pobytu w Portugalii rankiem przywita\u0142a nas s\u0142oneczna pogoda. Dzisiejszy dzie\u0144 zacz\u0119li\u015bmy od \u015bniadania, a nast\u0119pnie wybrali\u015bmy si\u0119 w podr\u00f3\u017c do Viana do Castelo. W tym mie\u015bcie poszli\u015bmy zobaczy\u0107 panoram\u0119 miasta i bazylik\u0119 Santa Luzia na wzg\u00f3rzu. Po ogl\u0105dni\u0119ciu panoramy i bazyliki, udali\u015bmy si\u0119 na...<a href='https:\/\/sp.tuchow.pl\/index.php\/2022\/09\/30\/10591\/' class='pfpReadMore'>Read More &raquo;<\/a><div class='clear'><\/div><hr><\/div><div class='pfpItem entry-content'><h2 class='entry-title'><a href='https:\/\/sp.tuchow.pl\/index.php\/2022\/09\/29\/czwarty-dzien-pobytu-w-portugalii\/'>Czwarty dzie\u0144 pobytu w Portugalii<\/a><\/h2><div class=\"m8h3af8h l7ghb35v kjdc1dyq kmwttqpk gh25dzvf n3t5jt4f\">\n<div dir=\"auto\" style=\"text-align: justify;\">Czwartego dnia pobytu w Portugalii, mimo deszczowego poranka udali\u015bmy si\u0119 do Ten\u00f5es, w kt\u00f3rym podziwiali\u015bmy \u015bwi\u0105tyni\u0119 Bom Jesus do Monte. Przy sanktuarium wykonali\u015bmy zdj\u0119cia. Kolejn\u0105 atrakcj\u0105 w Ten\u00f5es by\u0142o przej\u015bcie 700 schod\u00f3w podczas drogi powrotnej do autobusu.<\/div>\n<\/div>\n<div class=\"l7ghb35v kjdc1dyq kmwttqpk gh25dzvf...<a href='https:\/\/sp.tuchow.pl\/index.php\/2022\/09\/29\/czwarty-dzien-pobytu-w-portugalii\/' class='pfpReadMore'>Read More &raquo;<\/a><div class='clear'><\/div><hr><\/div><div class='pfpItem entry-content'><h2 class='entry-title'><a href='https:\/\/sp.tuchow.pl\/index.php\/2022\/09\/28\/wycieczka-do-port\/'>Wycieczka do Porto<\/a><\/h2><p style=\"text-align: justify;\">Za nami trzeci dzie\u0144 pobytu w Portugalii. Dzisiaj odwiedzili\u015bmy miasto Porto. Po przyje\u017adzie udali\u015bmy si\u0119 na rejs \u0142\u00f3dk\u0105 po rzece Douro. Dzi\u0119ki temu mogli\u015bmy podziwia\u0107 panoram\u0119 miasta. Po rejsie wykonali\u015bmy kilka zdj\u0119\u0107 i poszli\u015bmy do pobliskiej restauracji na obiad, kt\u00f3ry bardzo nam smakowa\u0142.<br \/>\nNast\u0119pnie udali\u015bmy si\u0119 na kr\u00f3tki...<a href='https:\/\/sp.tuchow.pl\/index.php\/2022\/09\/28\/wycieczka-do-port\/' class='pfpReadMore'>Read More &raquo;<\/a><div class='clear'><\/div><hr><\/div><div class='pfpItem entry-content'><h2 class='entry-title'><a href='https:\/\/sp.tuchow.pl\/index.php\/2022\/09\/27\/szkola-partnerska-i-miasto-barcelos\/'>Szko\u0142a partnerska i miasto Barcelos<\/a><\/h2><p style=\"text-align: justify;\">Za nami drugi dzie\u0144 pobytu w portugalskim mie\u015bcie Barcelos, a jednocze\u015bnie pierwszy dzie\u0144 zaj\u0119\u0107 merytorycznych przedsi\u0119wzi\u0119cia &#8222;Travel &amp; discover &#8211; podr\u00f3\u017cuj i odkrywaj&#8221; w ramach projektu Ponadnarodowa Mobilno\u015b\u0107 Uczni\u00f3w. Dzisiaj nasza grupa projektowa zapozna\u0142a si\u0119 ze szko\u0142\u0105 partnersk\u0105 Agrupamento de Escolas de Barcelos. Nasi uczniowie mieli te\u017c okazj\u0119...<a href='https:\/\/sp.tuchow.pl\/index.php\/2022\/09\/27\/szkola-partnerska-i-miasto-barcelos\/' class='pfpReadMore'>Read More &raquo;<\/a><div class='clear'><\/div><hr><\/div><div class='pfpItem entry-content'><h2 class='entry-title'><a href='https:\/\/sp.tuchow.pl\/index.php\/2022\/09\/26\/gotowi-do-lotu\/'>Gotowi do lotu<\/a><\/h2><img loading=\"lazy\" decoding=\"async\" class=\"aligncenter size-full\" src=\"http:\/\/scontent.fopo3-2.fna.fbcdn.net\/v\/t39.30808-6\/307751402_524976639632105_3448700409153243896_n.jpg?_nc_cat=100&amp;ccb=1-7&amp;_nc_sid=8bfeb9&amp;_nc_ohc=c4d-vWWtADcAX_ZXyd9&amp;_nc_ht=scontent.fopo3-2.fna&amp;oh=00_AT9AYAVKMtavvWSvf-cuWv_QmViWnVpAbPBHsdTBT45rxg&amp;oe=63393B54\" width=\"1499\" height=\"2048\"><p style=\"text-align: justify;\">W ramach projektu \u201ePonadnarodowa Mobilno\u015b\u0107 Uczni\u00f3w\u201d wsp\u00f3\u0142finansowanego ze \u015brodk\u00f3w Europejskiego Funduszu Spo\u0142ecznego rozpoczynamy nasz pobyt w Barcelos. Po ca\u0142ym dniu podr\u00f3\u017cy, dotarli\u015bmy do miejsca zakwaterowania oraz zapoznali\u015bmy si\u0119 z okolic\u0105, gdzie \u0107wiczyli\u015bmy umiej\u0119tno\u015bci komunikacji w j\u0119zyku angielskim i portugalskim.<\/p>\n<p><\/p>\n<p><a href=\"http:\/\/www.facebook.com\/photo\/?fbid=524976489632120&amp;set=pcb.524976596298776\">Fotorelacja<\/a><\/p>\n...<a href='https:\/\/sp.tuchow.pl\/index.php\/2022\/09\/26\/gotowi-do-lotu\/' class='pfpReadMore'>Read More &raquo;<\/a><div class='clear'><\/div><hr><\/div><div class='pfpItem entry-content'><h2 class='entry-title'><a href='https:\/\/sp.tuchow.pl\/index.php\/2022\/09\/25\/ponadnarodowa-mobilnosc-uczniow-przygotowania-do-podrozy\/'>Ponadnarodowa mobilno\u015b\u0107 uczni\u00f3w \u2013 przygotowania do podr\u00f3\u017cy<\/a><\/h2><p>Dzia\u0142ania przygotowuj\u0105ce, jak i ca\u0142y projekt jest wsp\u00f3\u0142finansowany z Europejskiego Funduszu Spo\u0142ecznego w Programie Operacyjnym Wiedza Edukacja Rozw\u00f3j.<\/p>\n<p style=\"text-align: justify;\">Zako\u0144czy\u0142 si\u0119 w\u0142a\u015bnie etap dzia\u0142a\u0144 przygotowuj\u0105cych w przedsi\u0119wzi\u0119ciu \u201cTravel &amp; discover &#8211; podr\u00f3\u017cuj i odkrywaj\u201d 2021-1-PMU-4421 w ramach projektu \u201ePonadnarodowa mobilno\u015b\u0107 uczni\u00f3w\u201d.<\/p>\n<p style=\"text-align: justify;\">Zaj\u0119cia przygotowawcze by\u0142y realizowane od po\u0142owy maja. Obejmowa\u0142y...<a href='https:\/\/sp.tuchow.pl\/index.php\/2022\/09\/25\/ponadnarodowa-mobilnosc-uczniow-przygotowania-do-podrozy\/' class='pfpReadMore'>Read More &raquo;<\/a><div class='clear'><\/div><hr><\/div><div class='pfpItem entry-content'><h2 class='entry-title'><a href='https:\/\/sp.tuchow.pl\/index.php\/2022\/08\/19\/travel-discover-podrozuj-i-odkrywaj-kolejne-dzialania-przygotowujace\/'>\"Travel & discover - podr\u00f3\u017cuj i odkrywaj\" \u2013 kolejne dzia\u0142ania przygotowuj\u0105ce<\/a><\/h2><p>Informujemy, \u017ce do rodzic\u00f3w uczestnik\u00f3w przedsi\u0119wzi\u0119cia &#8222;Travel &amp; discover &#8211; podr\u00f3\u017cuj i odkrywaj\u201d zosta\u0142a wys\u0142ana wiadomo\u015b\u0107 za pomoc\u0105 poczty elektronicznej e-dziennika dotycz\u0105ca harmonogramu przygotowa\u0144.<\/p>\n<p>Prosimy o zapoznanie si\u0119 z ni\u0105.<\/p>\n<p>&nbsp;<\/p>\n<p style=\"text-align: right;\">Pozdrawiamy,<\/p>\n<p style=\"text-align: right;\"><em>Zesp\u00f3\u0142 ds. realizacji projektu Ponadnarodowa mobilno\u015b\u0107 uczni\u00f3w<\/em><\/p>\n...<a href='https:\/\/sp.tuchow.pl\/index.php\/2022\/08\/19\/travel-discover-podrozuj-i-odkrywaj-kolejne-dzialania-przygotowujace\/' class='pfpReadMore'>Read More &raquo;<\/a><div class='clear'><\/div><hr><\/div><div class='pfpItem entry-content'><h2 class='entry-title'><a href='https:\/\/sp.tuchow.pl\/index.php\/2022\/08\/04\/z-wizyta-w-portugali-czyli-przygotowania-do-podrozy\/'>Z wizyt\u0105 w Portugali\u2026 czyli przygotowania do podr\u00f3\u017cy<\/a><\/h2><p style=\"text-align: justify;\">Przed wrze\u015bniow\u0105 mobilno\u015bci\u0105 z uczniami w ramach projektu \u201ePonadnarodowa Mobilno\u015b\u0107 Uczni\u00f3w\u201d wsp\u00f3\u0142finansowanym z Europejskiego Funduszu Spo\u0142ecznego, dwoje nauczycieli naszej szko\u0142y odby\u0142o kr\u00f3tk\u0105 wizyt\u0119 przygotowawcz\u0105 w Barcelos w instytucji partnerskiej &#8211; szkole Agrupamento de Escolas de Barcelos. Tam spotkali\u015bmy si\u0119 z panem Fernando Carvalho, kt\u00f3ry jest koordynatorem projekt\u00f3w europejskich...<a href='https:\/\/sp.tuchow.pl\/index.php\/2022\/08\/04\/z-wizyta-w-portugali-czyli-przygotowania-do-podrozy\/' class='pfpReadMore'>Read More &raquo;<\/a><div class='clear'><\/div><hr><\/div><div class='pfpItem entry-content'><h2 class='entry-title'><a href='https:\/\/sp.tuchow.pl\/index.php\/2022\/05\/13\/ostateczne-wyniki-rekrutacji-do-projektu-ponadnarodowa-mobilnosc-uczniow\/'>OSTATECZNE WYNIKI REKRUTACJI DO PROJEKTU PONADNARODOWA MOBILNO\u015a\u0106 UCZNI\u00d3W<\/a><\/h2><p style=\"text-align: justify;\">Po zako\u0144czonym etapie rekrutacji do przedsi\u0119wzi\u0119cia&nbsp;\u201eTravel &amp; Discover \u2013 podr\u00f3\u017cuj i odkrywaj\u201d,&nbsp;realizowanego w ramach projektu \u201ePonadnarodowa mobilno\u015b\u0107 uczni\u00f3w\u201d, wsp\u00f3\u0142finansowanego z Europejskiego Funduszu Spo\u0142ecznego, og\u0142aszamy Ostateczn\u0105 list\u0119 rankingow\u0105, zawieraj\u0105c\u0105 list\u0119 zakwalifikowanych uczestnik\u00f3w oraz list\u0119 rezerwow\u0105. Teraz uczestnik\u00f3w czeka kolejny etap &#8211; dzia\u0142ania przygotowuj\u0105ce, o kt\u00f3rych wkr\u00f3tce szczeg\u00f3\u0142owo poinformujemy.<\/p>\n<p><a href=\"https:\/\/sp.tuchow.pl\/pobierz\/power2\/Ostateczna%20lista%20rankingowa%20uczestnikow.pdf\">https:\/\/sp.tuchow.pl\/pobierz\/power2\/Ostateczna%20lista%20rankingowa%20uczestnikow.pdf<\/a><\/p>\n...<a href='https:\/\/sp.tuchow.pl\/index.php\/2022\/05\/13\/ostateczne-wyniki-rekrutacji-do-projektu-ponadnarodowa-mobilnosc-uczniow\/' class='pfpReadMore'>Read More &raquo;<\/a><div class='clear'><\/div><hr><\/div><div class='pfpItem entry-content'><h2 class='entry-title'><a href='https:\/\/sp.tuchow.pl\/index.php\/2022\/05\/10\/wyniki-rekrutacji-do-projektu-ponadnarodowa-mobilnosc-uczniow-nabor-iv\/'>WYNIKI REKRUTACJI DO PROJEKTU PONADNARODOWA MOBILNO\u015a\u0106 UCZNI\u00d3W Nab\u00f3r IV<\/a><\/h2><p><span style=\"font-weight: 400;\">Przedstawiamy <a href=\"https:\/\/sp.tuchow.pl\/pobierz\/power2\/Lista%20rankingowa%20uczestnikow.pdf\">List\u0119 zakwalifikowanych uczestnik\u00f3w<\/a><\/span><b>,<\/b><span style=\"font-weight: 400;\"> kt\u00f3rzy b\u0119d\u0105 realizowa\u0107 przedsi\u0119wzi\u0119cie \u201cTravel &amp; Discover &#8211; podr\u00f3\u017cuj i odkrywaj\u201d w projekcie \u201cPonadnarodowa mobilno\u015b\u0107 uczni\u00f3w\u201d, wsp\u00f3\u0142finansowane ze \u015brodk\u00f3w Europejskiego Funduszu Spo\u0142ecznego w Programie Operacyjnym Wiedza Edukacja Rozw\u00f3j.<\/span><\/p>\n<p><span style=\"font-weight: 400;\">Jak pokazuje punktacja przedstawiona na Li\u015bcie, poziom w rekrutacji by\u0142 bardzo wyr\u00f3wnany.<\/span><\/p>\n<p><span...<a href='https:\/\/sp.tuchow.pl\/index.php\/2022\/05\/10\/wyniki-rekrutacji-do-projektu-ponadnarodowa-mobilnosc-uczniow-nabor-iv\/' class='pfpReadMore'>Read More &raquo;<\/a><div class='clear'><\/div><hr><\/div><div class='pfpItem entry-content'><h2 class='entry-title'><a href='https:\/\/sp.tuchow.pl\/index.php\/2022\/05\/02\/rekrutacja-opiekunow-mobilnosci-2\/'>Rekrutacja opiekun\u00f3w mobilno\u015bci<\/a><\/h2><p style=\"text-align: justify;\">Informujemy, \u017ce w wyniku rekrutacji do projektu&nbsp;<strong>Ponadnarodowa mobilno\u015b\u0107 uczni\u00f3w<\/strong>&nbsp;w ramach<strong>&nbsp;Programu Operacyjnego Wiedza Edukacja Rozw\u00f3j<\/strong>, wsp\u00f3\u0142finansowanego ze \u015brodk\u00f3w&nbsp;<strong>Europejskiego Funduszu Spo\u0142ecznego<\/strong>&nbsp;wy\u0142oniono opiekun\u00f3w mobilno\u015bci.&nbsp;<\/p>\n<p style=\"text-align: justify;\">W zak\u0142adce&nbsp;<strong>REKRUTACJA Nab\u00f3r IV&nbsp;<\/strong>zamieszczony zosta\u0142 szczeg\u00f3\u0142owy wykaz zakwalifikowanych nauczycieli oraz lista rezerwowa.<\/p>\n...<a href='https:\/\/sp.tuchow.pl\/index.php\/2022\/05\/02\/rekrutacja-opiekunow-mobilnosci-2\/' class='pfpReadMore'>Read More &raquo;<\/a><div class='clear'><\/div><hr><\/div><div class='pfpItem entry-content'><h2 class='entry-title'><a href='https:\/\/sp.tuchow.pl\/index.php\/2022\/04\/27\/podroze-i-odkrycia-czas-zaczac\/'>Podr\u00f3\u017ce i odkrycia czas zacz\u0105\u0107\u2026<\/a><\/h2><p style=\"text-align: justify;\"><span style=\"font-weight: 400;\">Nasza szko\u0142a rozpoczyna dzisiaj realizacj\u0119 6-miesi\u0119cznego przedsi\u0119wzi\u0119cia \u201cTravel &amp; Discover &#8211; podr\u00f3\u017cuj i odkrywaj\u201d. To ju\u017c drugi raz, kiedy nasi uczniowie b\u0119d\u0105 mogli uczestniczy\u0107 w projekcie \u201cPonadnarodowa mobilno\u015b\u0107 uczni\u00f3w\u201d. Jego g\u0142\u00f3wnym za\u0142o\u017ceniem jest zagraniczny wyjazd do partnerskiej szko\u0142y, aby tam uczniowie we wsp\u00f3\u0142pracy z r\u00f3wie\u015bnikami zrealizowali...<a href='https:\/\/sp.tuchow.pl\/index.php\/2022\/04\/27\/podroze-i-odkrycia-czas-zaczac\/' class='pfpReadMore'>Read More &raquo;<\/a><div class='clear'><\/div><hr><\/div><div class='pfpItem entry-content'><h2 class='entry-title'><a href='https:\/\/sp.tuchow.pl\/index.php\/2022\/03\/28\/z-power-em-wracamy-do-portugalii\/'>Z POWER EM WRACAMY DO PORTUGALII\u00a0<\/a><\/h2><p style=\"text-align: justify;\"><span style=\"font-weight: 400;\">Z rado\u015bci\u0105 informujemy, \u017ce nasza szko\u0142a po raz drugi b\u0119dzie mog\u0142a wzi\u0105\u0107 udzia\u0142 w projekcie<strong> \u201cPonadnarodowa Mobilno\u015b\u0107 Uczni\u00f3w\u201d<\/strong>, wsp\u00f3\u0142finansowanym z Europejskiego Funduszu Spo\u0142ecznego w ramach Programu Operacyjnego Wiedza Edukacja Rozw\u00f3j. Wniosek naszej szko\u0142y,<\/span><span style=\"font-weight: 400;\"> kt\u00f3rego tytu\u0142 brzmi: <\/span><span style=\"font-weight: 400;\"><strong>\u201cTravel &amp; Discover &#8211; podr\u00f3\u017cuj i...<a href='https:\/\/sp.tuchow.pl\/index.php\/2022\/03\/28\/z-power-em-wracamy-do-portugalii\/' class='pfpReadMore'>Read More &raquo;<\/a><div class='clear'><\/div><hr><\/div>\n","protected":false},"excerpt":{"rendered":"","protected":false},"author":4,"featured_media":0,"parent":0,"menu_order":0,"comment_status":"closed","ping_status":"closed","template":"","meta":{"advanced_seo_description":"","jetpack_seo_html_title":"","jetpack_seo_noindex":false,"ngg_post_thumbnail":0,"footnotes":""},"class_list":["post-10376","page","type-page","status-publish","hentry"],"jetpack_sharing_enabled":true,"jetpack_shortlink":"https:\/\/wp.me\/PghmmV-2Hm","jetpack_likes_enabled":true,"jetpack-related-posts":[],"_links":{"self":[{"href":"https:\/\/sp.tuchow.pl\/index.php\/wp-json\/wp\/v2\/pages\/10376","targetHints":{"allow":["GET"]}}],"collection":[{"href":"https:\/\/sp.tuchow.pl\/index.php\/wp-json\/wp\/v2\/pages"}],"about":[{"href":"https:\/\/sp.tuchow.pl\/index.php\/wp-json\/wp\/v2\/types\/page"}],"author":[{"embeddable":true,"href":"https:\/\/sp.tuchow.pl\/index.php\/wp-json\/wp\/v2\/users\/4"}],"replies":[{"embeddable":true,"href":"https:\/\/sp.tuchow.pl\/index.php\/wp-json\/wp\/v2\/comments?post=10376"}],"version-history":[{"count":3,"href":"https:\/\/sp.tuchow.pl\/index.php\/wp-json\/wp\/v2\/pages\/10376\/revisions"}],"predecessor-version":[{"id":10400,"href":"https:\/\/sp.tuchow.pl\/index.php\/wp-json\/wp\/v2\/pages\/10376\/revisions\/10400"}],"wp:attachment":[{"href":"https:\/\/sp.tuchow.pl\/index.php\/wp-json\/wp\/v2\/media?parent=10376"}],"curies":[{"name":"wp","href":"https:\/\/api.w.org\/{rel}","templated":true}]}}