{"id":10374,"date":"2022-04-25T19:50:45","date_gmt":"2022-04-25T17:50:45","guid":{"rendered":"http:\/\/sp.tuchow.pl\/?page_id=10374"},"modified":"2022-04-26T19:38:38","modified_gmt":"2022-04-26T17:38:38","slug":"nabor-3-2021","status":"publish","type":"page","link":"https:\/\/sp.tuchow.pl\/index.php\/nabor-3-2021\/","title":{"rendered":"Nab\u00f3r III 2021"},"content":{"rendered":"<p><img loading=\"lazy\" decoding=\"async\" data-attachment-id=\"9788\" data-permalink=\"https:\/\/sp.tuchow.pl\/index.php\/power\/fe_power_poziom_pl\/\" data-orig-file=\"https:\/\/sp.tuchow.pl\/wp-content\/uploads\/2021\/05\/FE_POWER_poziom_pl-1_rgb.jpg\" data-orig-size=\"5883,756\" data-comments-opened=\"0\" data-image-meta=\"{&quot;aperture&quot;:&quot;0&quot;,&quot;credit&quot;:&quot;&quot;,&quot;camera&quot;:&quot;&quot;,&quot;caption&quot;:&quot;&quot;,&quot;created_timestamp&quot;:&quot;0&quot;,&quot;copyright&quot;:&quot;&quot;,&quot;focal_length&quot;:&quot;0&quot;,&quot;iso&quot;:&quot;0&quot;,&quot;shutter_speed&quot;:&quot;0&quot;,&quot;title&quot;:&quot;FE_POWER_poziom_pl&quot;,&quot;orientation&quot;:&quot;1&quot;}\" data-image-title=\"FE_POWER_poziom_pl\" data-image-description=\"\" data-image-caption=\"\" data-medium-file=\"https:\/\/sp.tuchow.pl\/wp-content\/uploads\/2021\/05\/FE_POWER_poziom_pl-1_rgb-300x39.jpg\" data-large-file=\"https:\/\/sp.tuchow.pl\/wp-content\/uploads\/2021\/05\/FE_POWER_poziom_pl-1_rgb-1024x132.jpg\" class=\" wp-image-9788 aligncenter\" src=\"https:\/\/sp.tuchow.pl\/wp-content\/uploads\/2021\/05\/FE_POWER_poziom_pl-1_rgb-300x39.jpg\" alt=\"\" width=\"392\" height=\"51\" srcset=\"https:\/\/sp.tuchow.pl\/wp-content\/uploads\/2021\/05\/FE_POWER_poziom_pl-1_rgb-300x39.jpg 300w, https:\/\/sp.tuchow.pl\/wp-content\/uploads\/2021\/05\/FE_POWER_poziom_pl-1_rgb-768x99.jpg 768w, https:\/\/sp.tuchow.pl\/wp-content\/uploads\/2021\/05\/FE_POWER_poziom_pl-1_rgb-1024x132.jpg 1024w\" sizes=\"auto, (max-width: 392px) 100vw, 392px\" \/><\/p>\n<div class='pfpItem entry-content'><h2 class='entry-title'><a href='https:\/\/sp.tuchow.pl\/index.php\/2021\/11\/29\/just-felt-good-poczulismy-sie-dobrze-w-naszym-pierwszym-doswiadczeniu-z-projektem-ponadnarodowa-mobilnosc-uczniow\/'>JUST FELT GOOD\u2026 poczuli\u015bmy si\u0119 dobrze w naszym pierwszym do\u015bwiadczeniu z projektem Ponadnarodowa Mobilno\u015b\u0107 Uczni\u00f3w<\/a><\/h2><p style=\"text-align: justify;\">W Szkole Podstawowej im. Stanis\u0142awa Staszica w Tuchowie zako\u0144czy\u0142 si\u0119 projekt pod nazw\u0105 \u201cPonadnarodowa Mobilno\u015b\u0107 Uczni\u00f3w\u201d, wsp\u00f3\u0142finansowany z Europejskiego Funduszu Spo\u0142ecznego w Programie Operacyjnym Wiedza Edukacja Rozw\u00f3j. Projekt zak\u0142ada\u0142 rozwijanie kompetencji kluczowych przez&nbsp; wsp\u00f3\u0142prac\u0119 mi\u0119dzynarodow\u0105 podczas mobilno\u015bci do kraju europejskiego &#8211; my wsp\u00f3\u0142pracowali\u015bmy ze szko\u0142\u0105 Agrupamento de Escolas...<a href='https:\/\/sp.tuchow.pl\/index.php\/2021\/11\/29\/just-felt-good-poczulismy-sie-dobrze-w-naszym-pierwszym-doswiadczeniu-z-projektem-ponadnarodowa-mobilnosc-uczniow\/' class='pfpReadMore'>Read More &raquo;<\/a><div class='clear'><\/div><hr><\/div><div class='pfpItem entry-content'><h2 class='entry-title'><a href='https:\/\/sp.tuchow.pl\/index.php\/2021\/10\/08\/home-sweet-home\/'>\"Home sweet home\"<\/a><\/h2><div class=\"kvgmc6g5 cxmmr5t8 oygrvhab hcukyx3x c1et5uql ii04i59q\">\n<div dir=\"auto\" style=\"text-align: justify;\">Dzie\u0144 12 pobytu uczni\u00f3w w Portugalii podczas projektu &#8222;Ponadnarodowa Mobilno\u015b\u0107 Uczni\u00f3w\u201d 2020-1-PMU-3208<\/div>\n<\/div>\n<div class=\"o9v6fnle cxmmr5t8 oygrvhab hcukyx3x c1et5uql ii04i59q\">\n<div dir=\"auto\" style=\"text-align: justify;\">\n<p><span style=\"font-weight: 400;\">Po ostatniej, bardzo kr\u00f3tkiej nocy w Portugalii wstali\u015bmy skoro \u015bwit (niekt\u00f3rzy z nas o 3!), \u017ceby uda\u0107 si\u0119 w...<a href='https:\/\/sp.tuchow.pl\/index.php\/2021\/10\/08\/home-sweet-home\/' class='pfpReadMore'>Read More &raquo;<\/a><div class='clear'><\/div><hr><\/div><div class='pfpItem entry-content'><h2 class='entry-title'><a href='https:\/\/sp.tuchow.pl\/index.php\/2021\/10\/07\/time-to-say-goodbye\/'>\u201cTime to say goodbye\u201d<\/a><\/h2><p style=\"text-align: justify;\"><span style=\"font-weight: 400;\">Dzie\u0144 11 pobytu uczni\u00f3w w Portugalii podczas projektu &#8222;Ponadnarodowa Mobilno\u015b\u0107 Uczni\u00f3w\u201d<\/span><\/p>\n<p><span style=\"font-weight: 400;\">Dzisiaj nadszed\u0142 nasz ostatni dzie\u0144 w szkole w Barcelos. Wstali\u015bmy wcze\u015bnie rano, zjedli\u015bmy \u015bniadanie i wyruszyli\u015bmy. Razem z naszymi portugalskimi kolegami udali\u015bmy si\u0119 na zaj\u0119cia zwi\u0105zane z naszym projektem. By\u0142y mi\u0119dzy innymi: prezentacje talerza...<a href='https:\/\/sp.tuchow.pl\/index.php\/2021\/10\/07\/time-to-say-goodbye\/' class='pfpReadMore'>Read More &raquo;<\/a><div class='clear'><\/div><hr><\/div><div class='pfpItem entry-content'><h2 class='entry-title'><a href='https:\/\/sp.tuchow.pl\/index.php\/2021\/10\/06\/caminho-de-santiago\/'>\u201cCaminho de Santiago\u201d<\/a><\/h2><div style=\"text-align: justify;\">Dzie\u0144 10 pobytu uczni\u00f3w w Portugalii podczas projektu &#8222;Ponadnarodowa Mobilno\u015b\u0107 Uczni\u00f3w\u201d<\/div>\n<div>\n<div class=\"\" dir=\"auto\">\n<div id=\"jsc_c_ib\" class=\"ecm0bbzt hv4rvrfc ihqw7lf3 dati1w0a\" data-ad-comet-preview=\"message\" data-ad-preview=\"message\">\n<div class=\"j83agx80 cbu4d94t ew0dbk1b irj2b8pg\">\n<div class=\"qzhwtbm6 knvmm38d\">\n<div class=\"o9v6fnle cxmmr5t8 oygrvhab hcukyx3x c1et5uql ii04i59q\" style=\"text-align: justify;\">\n<div dir=\"auto\">\n<p><span style=\"font-weight: 400;\">Dzisiejszy dzie\u0144 by\u0142 bardzo intensywny dla wszystkich z nas. Wcze\u015bnie rano po...<a href='https:\/\/sp.tuchow.pl\/index.php\/2021\/10\/06\/caminho-de-santiago\/' class='pfpReadMore'>Read More &raquo;<\/a><div class='clear'><\/div><hr><\/div><div class='pfpItem entry-content'><h2 class='entry-title'><a href='https:\/\/sp.tuchow.pl\/index.php\/2021\/10\/05\/viva-portugal-dia-da-republica\/'>\u201cViva Portugal - Dia da Republica<\/a><\/h2><div class=\"kvgmc6g5 cxmmr5t8 oygrvhab hcukyx3x c1et5uql ii04i59q\">\n<div dir=\"auto\" style=\"text-align: justify;\">Dzie\u0144 9 pobytu uczni\u00f3w w Portugalii podczas projektu &#8222;Ponadnarodowa Mobilno\u015b\u0107 Uczni\u00f3w\u201d<\/div>\n<\/div>\n<div class=\"o9v6fnle cxmmr5t8 oygrvhab hcukyx3x c1et5uql ii04i59q\" style=\"text-align: justify;\">\n<div dir=\"auto\"><span style=\"font-weight: 400;\">Dzisiejszy dzie\u0144 zacz\u0105\u0142 si\u0119 troszeczk\u0119 bardziej leniwie ni\u017c te, kt\u00f3re do tej pory prze\u017cyli\u015bmy w Portugalii. Mogli\u015bmy pospa\u0107 troch\u0119 d\u0142u\u017cej...<a href='https:\/\/sp.tuchow.pl\/index.php\/2021\/10\/05\/viva-portugal-dia-da-republica\/' class='pfpReadMore'>Read More &raquo;<\/a><div class='clear'><\/div><hr><\/div><div class='pfpItem entry-content'><h2 class='entry-title'><a href='https:\/\/sp.tuchow.pl\/index.php\/2021\/10\/05\/keep-calm-sit-back-and-relax\/'>\u201cKeep calm, sit back and relax\u201d<\/a><\/h2><div class=\"kvgmc6g5 cxmmr5t8 oygrvhab hcukyx3x c1et5uql ii04i59q\">\n<div dir=\"auto\">Poniedzia\u0142ek &#8211; Dzie\u0144 8 pobytu uczni\u00f3w w Portugalii podczas projektu &#8222;Ponadnarodowa Mobilno\u015b\u0107 Uczni\u00f3w&#8221;<\/div>\n<div dir=\"auto\" style=\"text-align: justify;\"><span style=\"font-weight: 400;\">Dzisiaj po dwugodzinnej drodze autokarem zwiedzali\u015bmy miejscowo\u015b\u0107 <\/span><span style=\"font-weight: 400;\">Peso da R\u00e9gua w <\/span><span style=\"font-weight: 400;\">dolinie rzeki Douro<\/span><span style=\"font-weight: 400;\">,<\/span> <span style=\"font-weight: 400;\">rejonie s\u0142yn\u0105cym<\/span><span style=\"font-weight: 400;\">...<a href='https:\/\/sp.tuchow.pl\/index.php\/2021\/10\/05\/keep-calm-sit-back-and-relax\/' class='pfpReadMore'>Read More &raquo;<\/a><div class='clear'><\/div><hr><\/div><div class='pfpItem entry-content'><h2 class='entry-title'><a href='https:\/\/sp.tuchow.pl\/index.php\/2021\/10\/03\/dont-worry-be-healthy\/'>Don\u2019t worry be healthy\u2026<\/a><\/h2><div class=\"kvgmc6g5 cxmmr5t8 oygrvhab hcukyx3x c1et5uql ii04i59q\">\n<div dir=\"auto\" style=\"text-align: justify;\">Dzie\u0144 7 pobytu uczni\u00f3w w Portugalii podczas projektu &#8222;Ponadnarodowa Mobilno\u015b\u0107 Uczni\u00f3w&#8221;<\/div>\n<\/div>\n<div class=\"o9v6fnle cxmmr5t8 oygrvhab hcukyx3x c1et5uql ii04i59q\" style=\"text-align: justify;\">\n<div dir=\"auto\">\n<p><span style=\"font-weight: 400;\">Dzisiejszy dzie\u0144 rozpocz\u0119li\u015bmy od po\u017cywnego \u015bniadania. Nast\u0119pnie spacerkiem udali\u015bmy si\u0119 do miejscowego ko\u015bcio\u0142a, gdzie wys\u0142uchali\u015bmy mszy w j\u0119zyku portugalskim. Po...<a href='https:\/\/sp.tuchow.pl\/index.php\/2021\/10\/03\/dont-worry-be-healthy\/' class='pfpReadMore'>Read More &raquo;<\/a><div class='clear'><\/div><hr><\/div><div class='pfpItem entry-content'><h2 class='entry-title'><a href='https:\/\/sp.tuchow.pl\/index.php\/2021\/10\/02\/crossing-all-borders-przekraczamy-granice\/'>\u201cCrossing (all) borders - przekraczamy granice\u201d<\/a><\/h2><div class=\"kvgmc6g5 cxmmr5t8 oygrvhab hcukyx3x c1et5uql ii04i59q\">\n<div dir=\"auto\" style=\"text-align: justify;\">Dzie\u0144 6 pobytu uczni\u00f3w w Portugalii podczas projektu &#8222;Ponadnarodowa Mobilno\u015b\u0107 Uczni\u00f3w&#8221;.<\/div>\n<\/div>\n<div class=\"o9v6fnle cxmmr5t8 oygrvhab hcukyx3x c1et5uql ii04i59q\">\n<div dir=\"auto\" style=\"text-align: justify;\"><span style=\"font-weight: 400;\">Po \u015bniadaniu pojechali\u015bmy autokarem na wycieczk\u0119 do miasta Valen\u00e7a do Minho, kt\u00f3re le\u017cy tu\u017c przy granicy pa\u0144stwa. Oko\u0142o 10:00 dotarli\u015bmy...<a href='https:\/\/sp.tuchow.pl\/index.php\/2021\/10\/02\/crossing-all-borders-przekraczamy-granice\/' class='pfpReadMore'>Read More &raquo;<\/a><div class='clear'><\/div><hr><\/div><div class='pfpItem entry-content'><h2 class='entry-title'><a href='https:\/\/sp.tuchow.pl\/index.php\/2021\/10\/01\/dzien-5-pobytu-uczniow-w-portugalii-podczas-projektu-ponadnarodowa-mobilnosc-uczniow\/'>Dzie\u0144 5 pobytu uczni\u00f3w w Portugalii podczas projektu \"Ponadnarodowa Mobilno\u015b\u0107 Uczni\u00f3w\".<\/a><\/h2><div class=\"kvgmc6g5 cxmmr5t8 oygrvhab hcukyx3x c1et5uql ii04i59q\">\n<div dir=\"auto\" style=\"text-align: justify;\">\n<p><span style=\"font-weight: 400;\">Wstali\u015bmy rano. Ubrali\u015bmy si\u0119, spakowali\u015bmy i zeszli\u015bmy na \u015bniadanie. Podczas \u015bniadania wszcz\u0119li\u015bmy bardzo powa\u017cn\u0105 dyskusj\u0119 o zdrowym od\u017cywianiu si\u0119.&nbsp;<\/span><\/p>\n<p><span style=\"font-weight: 400;\">Po posi\u0142ku, wsiedli\u015bmy do busa i rozpocz\u0119li\u015bmy wycieczk\u0119 do Bragi.&nbsp;<\/span><\/p>\n<p><span style=\"font-weight: 400;\">&nbsp;&nbsp;&nbsp;W Bradze by\u0142o bardzo ciekawie. Zobaczyli\u015bmy stare kamienne...<a href='https:\/\/sp.tuchow.pl\/index.php\/2021\/10\/01\/dzien-5-pobytu-uczniow-w-portugalii-podczas-projektu-ponadnarodowa-mobilnosc-uczniow\/' class='pfpReadMore'>Read More &raquo;<\/a><div class='clear'><\/div><hr><\/div><div class='pfpItem entry-content'><h2 class='entry-title'><a href='https:\/\/sp.tuchow.pl\/index.php\/2021\/10\/01\/saude-na-zdrowie\/'>Saud\u00e9 - Na zdrowie!<\/a><\/h2><p><span style=\"font-weight: 400;\">Dzie\u0144 4 pobytu uczni\u00f3w w Portugalii podczas projektu &#8222;Ponadnarodowa Mobilno\u015b\u0107 Uczni\u00f3w&#8221;.&nbsp;<\/span><\/p>\n<p style=\"text-align: justify;\"><span style=\"font-weight: 400;\">Dzisiejszy dzie\u0144 zacz\u0119li\u015bmy od wyjazdu na targ w Barcelos. Naszym zadaniem by\u0142o sfotografowanie produkt\u00f3w, kt\u00f3rych nie znajdziemy w Polsce oraz zadanie j\u0119zykowe: zapami\u0119tanie nazw nowych produkt\u00f3w oraz pytanie mieszka\u0144c\u00f3w o najlepsze ich zdaniem tradycyjne...<a href='https:\/\/sp.tuchow.pl\/index.php\/2021\/10\/01\/saude-na-zdrowie\/' class='pfpReadMore'>Read More &raquo;<\/a><div class='clear'><\/div><hr><\/div><div class='pfpItem entry-content'><h2 class='entry-title'><a href='https:\/\/sp.tuchow.pl\/index.php\/2021\/09\/30\/cidade-das-pontes-wizyta-w-porto-miescie-mostow\/'>Cidade das Pontes - wizyta w Porto, mie\u015bcie most\u00f3w.<\/a><\/h2><div class=\"kvgmc6g5 cxmmr5t8 oygrvhab hcukyx3x c1et5uql ii04i59q\">\n<div dir=\"auto\" style=\"text-align: justify;\">\n<p><span style=\"font-weight: 400;\">Tak up\u0142yn\u0105\u0142 poranek, popo\u0142udnie i wiecz\u00f3r &#8211; Dzie\u0144 2<\/span><\/p>\n<p><span style=\"font-weight: 400;\">Powitanie z Oceanem Atlantyckim na pla\u017cy w Esposende to pierwszy punkt naszego dzisiejszego dnia. Pomimo s\u0142onecznej pogody, na k\u0105piel w wodach Atlantyku by\u0142o zbyt zimno, wi\u0119c czas sp\u0119dzali\u015bmy aktywnie...<a href='https:\/\/sp.tuchow.pl\/index.php\/2021\/09\/30\/cidade-das-pontes-wizyta-w-porto-miescie-mostow\/' class='pfpReadMore'>Read More &raquo;<\/a><div class='clear'><\/div><hr><\/div><div class='pfpItem entry-content'><h2 class='entry-title'><a href='https:\/\/sp.tuchow.pl\/index.php\/2021\/09\/28\/tak-uplynal-poranek-popoludnie-i-wieczor-dzien-2\/'>Tak up\u0142yn\u0105\u0142 poranek, popo\u0142udnie i wiecz\u00f3r - Dzie\u0144 2<\/a><\/h2><div class=\"kvgmc6g5 cxmmr5t8 oygrvhab hcukyx3x c1et5uql ii04i59q\">\n<div dir=\"auto\" style=\"text-align: justify;\">\n<p><span style=\"font-weight: 400;\">Dzisiaj nadszed\u0142 czas na oficjalne rozpocz\u0119cie wsp\u00f3\u0142pracy w szkole partnerskiej Agrupamento de Escolas de Barcelos. Jednak pierwszym punktem naszego dzisiejszego dnia by\u0142o powitanie z Oceanem Atlantyckim na pla\u017cy w Esposende. <\/span><span style=\"font-weight: 400;\">Pomimo s\u0142onecznej pogody, na k\u0105piel w wodach...<a href='https:\/\/sp.tuchow.pl\/index.php\/2021\/09\/28\/tak-uplynal-poranek-popoludnie-i-wieczor-dzien-2\/' class='pfpReadMore'>Read More &raquo;<\/a><div class='clear'><\/div><hr><\/div><div class='pfpItem entry-content'><h2 class='entry-title'><a href='https:\/\/sp.tuchow.pl\/index.php\/2021\/09\/28\/bem-venidos\/'>Bem venidos !<\/a><\/h2><div dir=\"auto\">&nbsp;<\/div>\n<div dir=\"auto\" style=\"text-align: justify;\">Rozpoczynamy nasz pobyt w Barcelos w ramach projektu &#8222;Ponadnarodowa Mobilno\u015b\u0107 Uczni\u00f3w&#8221; wsp\u00f3\u0142finansowanego ze \u015brodk\u00f3w Europejskiego Funduszu Spo\u0142ecznego. Po niemal ca\u0142ym dniu podr\u00f3\u017cy, dotarli\u015bmy do miejsca zakwaterowania i zapoznali\u015bmy si\u0119 z okolic\u0105, gdzie mieli\u015bmy okazj\u0119 \u0107wiczy\u0107 umiej\u0119tno\u015bci j\u0119zykowe w j\u0119zyku angielskim i portugalskim.<\/div>\n<div dir=\"auto\">&nbsp;<\/div>\n<div dir=\"auto\">\n<div class=\"fb-post\" data-href=\"http:\/\/www.facebook.com\/sptuchow\/photos\/pcb.3094955690773934\/3094955417440628\"...<a href='https:\/\/sp.tuchow.pl\/index.php\/2021\/09\/28\/bem-venidos\/' class='pfpReadMore'>Read More &raquo;<\/a><div class='clear'><\/div><hr><\/div><div class='pfpItem entry-content'><h2 class='entry-title'><a href='https:\/\/sp.tuchow.pl\/index.php\/2021\/09\/23\/czesc-hello-ola-ponadnarodowa-mobilnosc-uczniow-przygotowania-do-podrozy\/'>Cze\u015b\u0107! Hello! Ol\u00e1!  Ponadnarodowa Mobilno\u015b\u0107 Uczni\u00f3w - przygotowania do podr\u00f3\u017cy\u2026<\/a><\/h2><p style=\"text-align: justify;\"><span style=\"font-weight: 400;\">Dobiega ko\u0144ca etap przygotowa\u0144 do mobilno\u015bci dla grupy 14 uczni\u00f3w ze Szko\u0142y Podstawowej im. Stanis\u0142awa Staszica w Tuchowie, kt\u00f3rzy zostali zakwalifikowani do udzia\u0142u w przedsi\u0119wzi\u0119ciu \u201cPoczuj si\u0119 dobrze &#8211; zadbaj o zdrowe cia\u0142o i umys\u0142\u201d w ramach projektu Ponadnarodowa Mobilno\u015b\u0107 Uczni\u00f3w. Projekt jest wsp\u00f3\u0142finansowany z Europejskiego...<a href='https:\/\/sp.tuchow.pl\/index.php\/2021\/09\/23\/czesc-hello-ola-ponadnarodowa-mobilnosc-uczniow-przygotowania-do-podrozy\/' class='pfpReadMore'>Read More &raquo;<\/a><div class='clear'><\/div><hr><\/div><div class='pfpItem entry-content'><h2 class='entry-title'><a href='https:\/\/sp.tuchow.pl\/index.php\/2021\/07\/06\/przygotowania-do-mobilnosci-w-projekcie-ponadnarodowa-mobilnosc-uczniow-trwaja\/'>Przygotowania do mobilno\u015bci w projekcie \"Ponadnarodowa Mobilno\u015b\u0107 Uczni\u00f3w\" trwaj\u0105...<\/a><\/h2><p style=\"text-align: justify;\">Od 2 do 4 lipca br. dwoje nauczycieli naszej szko\u0142y uczestniczy\u0142o w kr\u00f3tkiej wizycie przygotowawczej do mobilno\u015bci w projekcie &#8222;Ponadnarodowa Mobilno\u015b\u0107 Uczni\u00f3w&#8221; wsp\u00f3\u0142finansowanego z Europejskiego Funduszu Spo\u0142ecznego. Spotkali\u015bmy si\u0119 z koordynatorem projekt\u00f3w europejskich we wsp\u00f3\u0142pracuj\u0105cej z nami szkole, panem Fernando Carvalho oraz wicedyrektorem szko\u0142y, panem Augusto Vilas Boas....<a href='https:\/\/sp.tuchow.pl\/index.php\/2021\/07\/06\/przygotowania-do-mobilnosci-w-projekcie-ponadnarodowa-mobilnosc-uczniow-trwaja\/' class='pfpReadMore'>Read More &raquo;<\/a><div class='clear'><\/div><hr><\/div><div class='pfpItem entry-content'><h2 class='entry-title'><a href='https:\/\/sp.tuchow.pl\/index.php\/2021\/06\/18\/rekrutacja-do-projektu-ponadnarodowa-mobilnosc-uczniow-zakonczona\/'>Rekrutacja do projektu Ponadnarodowa Mobilno\u015b\u0107 Uczni\u00f3w zako\u0144czona<\/a><\/h2><div dir=\"ltr\">\n<p dir=\"ltr\" style=\"text-align: justify;\">Dzisiaj, po uwzgl\u0119dnieniu procedury odwo\u0142awczej, oficjalnie zako\u0144czy\u0142 si\u0119 proces rekrutacji do przedsi\u0119wzi\u0119cia &#8222;Poczuj si\u0119 dobrze &#8211; zadbaj o zdrowe cia\u0142o i umys\u0142&#8221; w ramach projektu Ponadnarodowa Mobilno\u015b\u0107 Uczni\u00f3w, wsp\u00f3\u0142finansowanego z Europejskiego Funduszu Spo\u0142ecznego. Przedstawiamy ostateczn\u0105 list\u0119 zakwalifikowanych uczestnik\u00f3w, z kt\u00f3rymi w najbli\u017cszym tygodniu przyst\u0105pimy do pierwszej...<a href='https:\/\/sp.tuchow.pl\/index.php\/2021\/06\/18\/rekrutacja-do-projektu-ponadnarodowa-mobilnosc-uczniow-zakonczona\/' class='pfpReadMore'>Read More &raquo;<\/a><div class='clear'><\/div><hr><\/div><div class='pfpItem entry-content'><h2 class='entry-title'><a href='https:\/\/sp.tuchow.pl\/index.php\/2021\/06\/15\/wyniki-rekrutacji-uczniow-do-projektu-ponadnarodowa-mobilnosc-uczniow\/'>Wyniki rekrutacji uczni\u00f3w do projektu Ponadnarodowa Mobilno\u015b\u0107 Uczni\u00f3w<\/a><\/h2><p>Og\u0142aszamy wyniki rekrutacji uczni\u00f3w do przedsi\u0119wzi\u0119cia &#8222;Poczuj si\u0119 dobrze &#8211; zadbaj o zdrowe cia\u0142o i umys\u0142&#8221; w ramach projektu Ponadnarodowa Mobilno\u015b\u0107 Uczni\u00f3w, wsp\u00f3\u0142finansowanego ze Europejskiego Funduszu Spo\u0142ecznego. Uczestnicy s\u0105 ju\u017c wybrani, wi\u0119c wkr\u00f3tce mo\u017cemy zacz\u0105\u0107 kolejny etap dzia\u0142a\u0144 &#8211; zaj\u0119cia przygotowuj\u0105ce do mobilno\u015bci.<\/p>\n<p><a href=\"https:\/\/sp.tuchow.pl\/pobierz\/power\/Lista%20rankingowa%20zakwalifikowanych%20uczestnikow.pdf\">Lista rankingowa zakwalifikowanych uczestnik\u00f3w<\/a><\/p>\n...<a href='https:\/\/sp.tuchow.pl\/index.php\/2021\/06\/15\/wyniki-rekrutacji-uczniow-do-projektu-ponadnarodowa-mobilnosc-uczniow\/' class='pfpReadMore'>Read More &raquo;<\/a><div class='clear'><\/div><hr><\/div><div class='pfpItem entry-content'><h2 class='entry-title'><a href='https:\/\/sp.tuchow.pl\/index.php\/2021\/06\/08\/rekrutacja-opiekunow-mobilnosci\/'>Rekrutacja opiekun\u00f3w mobilno\u015bci<\/a><\/h2><p>Informujemy, \u017ce w wyniku rekrutacji do projektu <strong>Ponadnarodowa mobilno\u015b\u0107 uczni\u00f3w<\/strong> w ramach<strong> Programu Operacyjnego Wiedza Edukacja Rozw\u00f3j<\/strong>, wsp\u00f3\u0142finansowanego ze \u015brodk\u00f3w <strong>Europejskiego Funduszu Spo\u0142ecznego<\/strong> wy\u0142oniono opiekun\u00f3w mobilno\u015bci.&nbsp;<\/p>\n<p>W zak\u0142adce <strong>REKRUTACJA&nbsp;<\/strong>zamieszczony zosta\u0142 szczeg\u00f3\u0142owy wykaz zakwalifikowanych nauczycieli oraz lista rezerwowa.<\/p>\n<p>&nbsp;<\/p>\n...<a href='https:\/\/sp.tuchow.pl\/index.php\/2021\/06\/08\/rekrutacja-opiekunow-mobilnosci\/' class='pfpReadMore'>Read More &raquo;<\/a><div class='clear'><\/div><hr><\/div><div class='pfpItem entry-content'><h2 class='entry-title'><a href='https:\/\/sp.tuchow.pl\/index.php\/2021\/06\/02\/startujemy-z-rekrutacja-do-projektu-ponadnarodowa-mobilnosc-uczniow\/'>Startujemy z rekrutacj\u0105 do projektu Ponadnarodowa mobilno\u015b\u0107 uczni\u00f3w<\/a><\/h2><p><span style=\"font-weight: 400;\">Mo\u017cemy ju\u017c og\u0142osi\u0107, \u017ce 07 czerwca rozpocznie si\u0119 proces rekrutacji do projektu Ponadnarodowa mobilno\u015b\u0107 uczni\u00f3w w ramach Programu Operacyjnego Wiedza Edukacja Rozw\u00f3j, wsp\u00f3\u0142finansowanego ze \u015brodk\u00f3w Europejskiego Funduszu Spo\u0142ecznego.&nbsp;<\/span><\/p>\n<p><span style=\"font-weight: 400;\">W zak\u0142adce <strong>REKRUTACJA&nbsp;<\/strong><\/span><span style=\"font-weight: 400;\">zamieszczony zosta\u0142 szczeg\u00f3\u0142owy harmonogram rekrutacji oraz Karta zg\u0142oszenia ucznia wraz z za\u0142\u0105cznikami, kt\u00f3r\u0105 nale\u017cy wydrukowa\u0107,...<a href='https:\/\/sp.tuchow.pl\/index.php\/2021\/06\/02\/startujemy-z-rekrutacja-do-projektu-ponadnarodowa-mobilnosc-uczniow\/' class='pfpReadMore'>Read More &raquo;<\/a><div class='clear'><\/div><hr><\/div><div class='pfpItem entry-content'><h2 class='entry-title'><a href='https:\/\/sp.tuchow.pl\/index.php\/2021\/05\/19\/mamy-projekt-po-wer\/'>Mamy projekt PO WER<\/a><\/h2><img decoding=\"async\" src=\"https:\/\/sp.tuchow.pl\/wp-content\/uploads\/2021\/05\/logo-ma\u0142e-150x62.jpg\" \/><p style=\"text-align: justify;\">Jest nam niezmiernie mi\u0142o poinformowa\u0107, \u017ce wniosek naszej szko\u0142y do udzia\u0142u w projekcie \u201cPonadnarodowa mobilno\u015b\u0107 uczni\u00f3w\u201d wsp\u00f3\u0142finansowanego z Europejskiego Funduszu Spo\u0142ecznego w ramach Programu Operacyjnego Wiedza Edukacja Rozw\u00f3j zosta\u0142 zaakceptowany do realizacji. Dzi\u0119ki temu, przedsi\u0119wzi\u0119cie naszej szko\u0142y 2020-1-PMU-3208 \u201cPoczuj si\u0119 dobrze &#8211; zadbaj o zdrowe cia\u0142o i umys\u0142\u201d...<a href='https:\/\/sp.tuchow.pl\/index.php\/2021\/05\/19\/mamy-projekt-po-wer\/' class='pfpReadMore'>Read More &raquo;<\/a><div class='clear'><\/div><hr><\/div>\n","protected":false},"excerpt":{"rendered":"","protected":false},"author":4,"featured_media":0,"parent":0,"menu_order":0,"comment_status":"closed","ping_status":"closed","template":"","meta":{"advanced_seo_description":"","jetpack_seo_html_title":"","jetpack_seo_noindex":false,"ngg_post_thumbnail":0,"footnotes":""},"class_list":["post-10374","page","type-page","status-publish","hentry"],"jetpack_sharing_enabled":true,"jetpack_shortlink":"https:\/\/wp.me\/PghmmV-2Hk","jetpack_likes_enabled":true,"jetpack-related-posts":[],"_links":{"self":[{"href":"https:\/\/sp.tuchow.pl\/index.php\/wp-json\/wp\/v2\/pages\/10374","targetHints":{"allow":["GET"]}}],"collection":[{"href":"https:\/\/sp.tuchow.pl\/index.php\/wp-json\/wp\/v2\/pages"}],"about":[{"href":"https:\/\/sp.tuchow.pl\/index.php\/wp-json\/wp\/v2\/types\/page"}],"author":[{"embeddable":true,"href":"https:\/\/sp.tuchow.pl\/index.php\/wp-json\/wp\/v2\/users\/4"}],"replies":[{"embeddable":true,"href":"https:\/\/sp.tuchow.pl\/index.php\/wp-json\/wp\/v2\/comments?post=10374"}],"version-history":[{"count":3,"href":"https:\/\/sp.tuchow.pl\/index.php\/wp-json\/wp\/v2\/pages\/10374\/revisions"}],"predecessor-version":[{"id":10396,"href":"https:\/\/sp.tuchow.pl\/index.php\/wp-json\/wp\/v2\/pages\/10374\/revisions\/10396"}],"wp:attachment":[{"href":"https:\/\/sp.tuchow.pl\/index.php\/wp-json\/wp\/v2\/media?parent=10374"}],"curies":[{"name":"wp","href":"https:\/\/api.w.org\/{rel}","templated":true}]}}